{"id":31332,"date":"2022-03-29T08:42:51","date_gmt":"2022-03-29T06:42:51","guid":{"rendered":"https:\/\/www.visitgastroh.com\/?page_id=31332"},"modified":"2022-05-24T08:33:22","modified_gmt":"2022-05-24T06:33:22","slug":"dormir","status":"publish","type":"page","link":"https:\/\/www.visitgastroh.com\/fr\/carte\/bearn\/dormir\/","title":{"rendered":"Dormir"},"content":{"rendered":"[vc_row type=&#8221;full_width_background&#8221; full_screen_row_position=&#8221;middle&#8221; column_margin=&#8221;default&#8221; equal_height=&#8221;yes&#8221; content_placement=&#8221;middle&#8221; column_direction=&#8221;default&#8221; column_direction_tablet=&#8221;default&#8221; column_direction_phone=&#8221;default&#8221; bg_image=&#8221;16971&#8243; bg_position=&#8221;center center&#8221; background_image_loading=&#8221;default&#8221; bg_repeat=&#8221;no-repeat&#8221; scene_position=&#8221;center&#8221; top_padding=&#8221;5%&#8221; bottom_padding=&#8221;5%&#8221; text_color=&#8221;light&#8221; text_align=&#8221;left&#8221; row_border_radius=&#8221;none&#8221; row_border_radius_applies=&#8221;bg&#8221; color_overlay=&#8221;#000000&#8243; overlay_strength=&#8221;0.5&#8243; gradient_direction=&#8221;left_to_right&#8221; shape_divider_position=&#8221;bottom&#8221; bg_image_animation=&#8221;none&#8221; shape_type=&#8221;&#8221;][vc_column column_padding=&#8221;no-extra-padding&#8221; column_padding_tablet=&#8221;inherit&#8221; column_padding_phone=&#8221;inherit&#8221; column_padding_position=&#8221;all&#8221; column_element_spacing=&#8221;default&#8221; background_color_opacity=&#8221;1&#8243; background_hover_color_opacity=&#8221;1&#8243; column_shadow=&#8221;none&#8221; column_border_radius=&#8221;none&#8221; column_link_target=&#8221;_self&#8221; gradient_direction=&#8221;left_to_right&#8221; overlay_strength=&#8221;0.3&#8243; width=&#8221;1\/1&#8243; tablet_width_inherit=&#8221;default&#8221; tablet_text_alignment=&#8221;default&#8221; phone_text_alignment=&#8221;default&#8221; bg_image_animation=&#8221;none&#8221; border_type=&#8221;simple&#8221; column_border_width=&#8221;none&#8221; column_border_style=&#8221;solid&#8221;][split_line_heading animation_type=&#8221;default&#8221;]\n<h1 style=\"font-size: 75px;\">O\u00f9 dormir !<\/h1>\n[\/split_line_heading][split_line_heading animation_type=&#8221;default&#8221;]\n<h3 style=\"font-size: 36px;\"><strong>B\u00c9ARN<\/strong><\/h3>\n[\/split_line_heading][image_with_animation image_url=&#8221;6392&#8243; animation=&#8221;Fade In&#8221; hover_animation=&#8221;none&#8221; alignment=&#8221;&#8221; border_radius=&#8221;none&#8221; box_shadow=&#8221;none&#8221; image_loading=&#8221;default&#8221; max_width=&#8221;100%&#8221; max_width_mobile=&#8221;default&#8221;][\/vc_column][\/vc_row][vc_row type=&#8221;in_container&#8221; full_screen_row_position=&#8221;middle&#8221; column_margin=&#8221;default&#8221; column_direction=&#8221;default&#8221; column_direction_tablet=&#8221;default&#8221; column_direction_phone=&#8221;default&#8221; scene_position=&#8221;center&#8221; text_color=&#8221;dark&#8221; text_align=&#8221;left&#8221; row_border_radius=&#8221;none&#8221; row_border_radius_applies=&#8221;bg&#8221; overlay_strength=&#8221;0.3&#8243; gradient_direction=&#8221;left_to_right&#8221; shape_divider_position=&#8221;bottom&#8221; bg_image_animation=&#8221;none&#8221;][vc_column column_padding=&#8221;no-extra-padding&#8221; column_padding_tablet=&#8221;inherit&#8221; column_padding_phone=&#8221;inherit&#8221; column_padding_position=&#8221;all&#8221; column_element_spacing=&#8221;default&#8221; background_color_opacity=&#8221;1&#8243; background_hover_color_opacity=&#8221;1&#8243; column_shadow=&#8221;none&#8221; column_border_radius=&#8221;none&#8221; column_link_target=&#8221;_self&#8221; gradient_direction=&#8221;left_to_right&#8221; overlay_strength=&#8221;0.3&#8243; width=&#8221;1\/1&#8243; tablet_width_inherit=&#8221;default&#8221; tablet_text_alignment=&#8221;default&#8221; phone_text_alignment=&#8221;default&#8221; bg_image_animation=&#8221;none&#8221; border_type=&#8221;simple&#8221; column_border_width=&#8221;none&#8221; column_border_style=&#8221;solid&#8221;][vc_column_text]<button id=\"menuaGorde\" title=\"Afficher \/ Masquer les filtres\"><i class=\"fa fa-filter\"><\/i><\/button><\/p>\n<p><script>\ndocument.getElementById(\"menuaGorde\").addEventListener(\"click\", menuaezkutatu)\nfunction menuaezkutatu() {\n  var zerrenda = document.getElementsByClassName(\"menu-izda\");\n  x = zerrenda[0];\n  if (x.style.display === \"none\") {\n    x.style.display = \"block\";\n  } else {\n    x.style.display = \"none\";\n  }\n}\n<\/script>[\/vc_column_text][\/vc_column][\/vc_row][vc_row type=&#8221;in_container&#8221; full_screen_row_position=&#8221;middle&#8221; column_margin=&#8221;default&#8221; column_direction=&#8221;default&#8221; column_direction_tablet=&#8221;default&#8221; column_direction_phone=&#8221;default&#8221; scene_position=&#8221;center&#8221; top_padding=&#8221;3%&#8221; bottom_padding=&#8221;5%&#8221; text_color=&#8221;dark&#8221; text_align=&#8221;left&#8221; row_border_radius=&#8221;none&#8221; row_border_radius_applies=&#8221;bg&#8221; overlay_strength=&#8221;0.3&#8243; gradient_direction=&#8221;left_to_right&#8221; shape_divider_position=&#8221;bottom&#8221; bg_image_animation=&#8221;none&#8221; shape_type=&#8221;&#8221;][vc_column column_padding=&#8221;no-extra-padding&#8221; column_padding_tablet=&#8221;inherit&#8221; column_padding_phone=&#8221;inherit&#8221; column_padding_position=&#8221;all&#8221; column_element_spacing=&#8221;default&#8221; background_color_opacity=&#8221;1&#8243; background_hover_color_opacity=&#8221;1&#8243; column_shadow=&#8221;none&#8221; column_border_radius=&#8221;none&#8221; column_link_target=&#8221;_self&#8221; el_class=&#8221;menu-izda&#8221; gradient_direction=&#8221;left_to_right&#8221; overlay_strength=&#8221;0.3&#8243; width=&#8221;1\/4&#8243; tablet_width_inherit=&#8221;default&#8221; tablet_text_alignment=&#8221;default&#8221; phone_text_alignment=&#8221;default&#8221; bg_image_animation=&#8221;none&#8221; border_type=&#8221;simple&#8221; column_border_width=&#8221;none&#8221; column_border_style=&#8221;solid&#8221;][vc_column_text]\n<h4>Choisissez une r\u00e9gion\u00a0:<\/h4>\n[\/vc_column_text][vc_column_text]<img loading=\"lazy\" decoding=\"async\" class=\"size-full wp-image-7132 alignleft\" src=\"https:\/\/www.visitgastroh.com\/wp-content\/uploads\/2022\/01\/mapa-destinos-euskadi-mini.png\" alt=\"\" width=\"45\" height=\"31\" \/><a style=\"color: #61a54d;\" href=\"https:\/\/www.visitgastroh.com\/fr\/carte\/euskadi\/\"><strong>EUSKADI<\/strong><\/a><\/p>\n<ul class=\"mapa-euskadi\">\n<li><a href=\"https:\/\/www.visitgastroh.com\/fr\/carte\/euskadi\/manger\/\">Manger<\/a><\/li>\n<li><a href=\"https:\/\/www.visitgastroh.com\/fr\/carte\/euskadi\/dormir\/\">Dormir<\/a><\/li>\n<li><a href=\"https:\/\/www.visitgastroh.com\/fr\/carte\/euskadi\/acheter\/\">Acheter<\/a><\/li>\n<li><a href=\"https:\/\/www.visitgastroh.com\/fr\/carte\/euskadi\/visiter\/\">Visiter<\/a><\/li>\n<\/ul>\n<p><img loading=\"lazy\" decoding=\"async\" class=\"size-full alignleft\" src=\"https:\/\/www.visitgastroh.com\/wp-content\/uploads\/2022\/01\/mapa-destinos-navarra-mini.png\" alt=\"\" width=\"45\" height=\"31\" \/><a style=\"color: #c5273b;\" href=\"https:\/\/www.visitgastroh.com\/fr\/carte\/navarre\/\"><strong>NAVARRE<\/strong><\/a><\/p>\n<ul class=\"mapa-navarra\">\n<li><a href=\"https:\/\/www.visitgastroh.com\/fr\/carte\/navarre\/manger\/\">Manger<\/a><\/li>\n<li><a href=\"https:\/\/www.visitgastroh.com\/fr\/carte\/navarre\/dormir\/\">Dormir<\/a><\/li>\n<li><a href=\"https:\/\/www.visitgastroh.com\/fr\/carte\/navarre\/acheter\/\">Acheter<\/a><\/li>\n<li><a href=\"https:\/\/www.visitgastroh.com\/fr\/carte\/navarre\/visiter\/\">Visiter<\/a><\/li>\n<\/ul>\n<p><img loading=\"lazy\" decoding=\"async\" class=\"size-full alignleft\" src=\"https:\/\/www.visitgastroh.com\/wp-content\/uploads\/2022\/01\/mapa-destinos-la-rioja-mini.png\" alt=\"\" width=\"45\" height=\"31\" \/><a style=\"color: #9f2653;\" href=\"https:\/\/www.visitgastroh.com\/fr\/carte\/la-rioja\/\"><strong>LA RIOJA<\/strong><\/a><\/p>\n<ul class=\"mapa-la-rioja\">\n<li><a href=\"https:\/\/www.visitgastroh.com\/fr\/carte\/la-rioja\/manger\/\">Manger<\/a><\/li>\n<li><a href=\"https:\/\/www.visitgastroh.com\/fr\/carte\/la-rioja\/dormir\/\">Dormir<\/a><\/li>\n<li><a href=\"https:\/\/www.visitgastroh.com\/fr\/carte\/la-rioja\/acheter\/\">Acheter<\/a><\/li>\n<li><a href=\"https:\/\/www.visitgastroh.com\/fr\/carte\/la-rioja\/visiter\/\">Visiter<\/a><\/li>\n<\/ul>\n<p><img loading=\"lazy\" decoding=\"async\" class=\"size-full alignleft\" src=\"https:\/\/www.visitgastroh.com\/wp-content\/uploads\/2022\/01\/mapa-destinos-pays-basque-mini.png\" alt=\"\" width=\"45\" height=\"31\" \/><a style=\"color: #8bc3e7;\" href=\"https:\/\/www.visitgastroh.com\/fr\/carte\/pays-basque\/\"><strong>PAYS BASQUE<\/strong><\/a><\/p>\n<ul class=\"mapa-pays-basque\">\n<li><a href=\"https:\/\/www.visitgastroh.com\/fr\/carte\/pays-basque\/manger\/\">Manger<\/a><\/li>\n<li><a href=\"https:\/\/www.visitgastroh.com\/fr\/carte\/pays-basque\/dormir\/\">Dormir<\/a><\/li>\n<li><a href=\"https:\/\/www.visitgastroh.com\/fr\/carte\/pays-basque\/acheter\/\">Acheter<\/a><\/li>\n<li><a href=\"https:\/\/www.visitgastroh.com\/fr\/carte\/pays-basque\/visiter\/\">Visiter<\/a><\/li>\n<\/ul>\n<p><img loading=\"lazy\" decoding=\"async\" class=\"size-full alignleft\" src=\"https:\/\/www.visitgastroh.com\/wp-content\/uploads\/2022\/01\/mapa-destinos-bearn-mini.png\" alt=\"\" width=\"45\" height=\"31\" \/><a style=\"color: #e7b32d;\" href=\"https:\/\/www.visitgastroh.com\/fr\/carte\/bearn\/\"><strong>B\u00c9ARN<\/strong><\/a><\/p>\n<ul class=\"mapa-bearn\">\n<li><a href=\"https:\/\/www.visitgastroh.com\/fr\/carte\/bearn\/manger\/\">Manger<\/a><\/li>\n<li><a href=\"https:\/\/www.visitgastroh.com\/fr\/carte\/bearn\/dormir\/\">Dormir<\/a><\/li>\n<li><a href=\"https:\/\/www.visitgastroh.com\/fr\/carte\/bearn\/acheter\/\">Acheter<\/a><\/li>\n<li><a href=\"https:\/\/www.visitgastroh.com\/fr\/carte\/bearn\/visiter\/\">Visiter<\/a><\/li>\n<\/ul>\n[\/vc_column_text][vc_column_text]        <form id=\"store_locator_embedded_search\" class=\"store_locator_embedded_search\" action=\"https:\/\/www.visitgastroh.com\/fr\/carte\/bearn\/dormir\/\" method=\"GET\">            <div id=\"store_locator_search_box\" class=\"store_locator store_locator_search_box store-locator-col-12 store-locator-col-sm-12\">                                            <div id=\"store_locator_filter\" class=\"store_locator_filter\">            <div id=\"store_locator_filter_content\" class=\"store-locator-row store_locator_filter_content\">                <div id=\"filter211\" class=\"store-locator-col-12 single_filter\"><h5 class=\"collapsible-visit filtroa-itxita\">Cat\u00e9gorie<\/h5><div class=\"filtroa\" style=\"display: none;\"><label class=\"single_filter_checkbox control control--checkbox\"><input  name=\"filter211[]\" type=\"checkbox\" class=\"store_locator_filter_checkbox\" value=\"212\">1 \u00c9toile<div class=\"control__indicator\"><\/div><\/label><label class=\"single_filter_checkbox control control--checkbox\"><input  name=\"filter211[]\" type=\"checkbox\" class=\"store_locator_filter_checkbox\" value=\"215\">2 cl\u00e9s<div class=\"control__indicator\"><\/div><\/label><label class=\"single_filter_checkbox control control--checkbox\"><input  name=\"filter211[]\" type=\"checkbox\" class=\"store_locator_filter_checkbox\" value=\"213\">2 \u00c9toiles<div class=\"control__indicator\"><\/div><\/label><label class=\"single_filter_checkbox control control--checkbox\"><input  name=\"filter211[]\" type=\"checkbox\" class=\"store_locator_filter_checkbox\" value=\"216\">3 cl\u00e9s<div class=\"control__indicator\"><\/div><\/label><label class=\"single_filter_checkbox control control--checkbox\"><input  name=\"filter211[]\" type=\"checkbox\" class=\"store_locator_filter_checkbox\" value=\"218\">3 \u00c9toiles<div class=\"control__indicator\"><\/div><\/label><label class=\"single_filter_checkbox control control--checkbox\"><input  name=\"filter211[]\" type=\"checkbox\" class=\"store_locator_filter_checkbox\" value=\"217\">4 cl\u00e9s<div class=\"control__indicator\"><\/div><\/label><label class=\"single_filter_checkbox control control--checkbox\"><input  name=\"filter211[]\" type=\"checkbox\" class=\"store_locator_filter_checkbox\" value=\"219\">4 \u00c9toiles<div class=\"control__indicator\"><\/div><\/label><label class=\"single_filter_checkbox control control--checkbox\"><input  name=\"filter211[]\" type=\"checkbox\" class=\"store_locator_filter_checkbox\" value=\"220\">5 \u00c9toiles<div class=\"control__indicator\"><\/div><\/label><\/div><\/div><div id=\"filter247\" class=\"store-locator-col-12 single_filter\"><h5 class=\"collapsible-visit filtroa-itxita\">Installations d'h\u00e9bergement<\/h5><div class=\"filtroa\" style=\"display: none;\"><label class=\"single_filter_checkbox control control--checkbox\"><input  name=\"filter247[]\" type=\"checkbox\" class=\"store_locator_filter_checkbox\" value=\"268\">Adapt\u00e9 aux personnes \u00e0 mobilit\u00e9 r\u00e9duite<div class=\"control__indicator\"><\/div><\/label><label class=\"single_filter_checkbox control control--checkbox\"><input  name=\"filter247[]\" type=\"checkbox\" class=\"store_locator_filter_checkbox\" value=\"251\">Air conditionn\u00e9<div class=\"control__indicator\"><\/div><\/label><label class=\"single_filter_checkbox control control--checkbox\"><input  name=\"filter247[]\" type=\"checkbox\" class=\"store_locator_filter_checkbox\" value=\"269\">Animaux de compagnie accept\u00e9s<div class=\"control__indicator\"><\/div><\/label><label class=\"single_filter_checkbox control control--checkbox\"><input  name=\"filter247[]\" type=\"checkbox\" class=\"store_locator_filter_checkbox\" value=\"270\">Borne de recharge pour v\u00e9hicules \u00e9lectriques<div class=\"control__indicator\"><\/div><\/label><label class=\"single_filter_checkbox control control--checkbox\"><input  name=\"filter247[]\" type=\"checkbox\" class=\"store_locator_filter_checkbox\" value=\"249\">Caf\u00e9-bar<div class=\"control__indicator\"><\/div><\/label><label class=\"single_filter_checkbox control control--checkbox\"><input  name=\"filter247[]\" type=\"checkbox\" class=\"store_locator_filter_checkbox\" value=\"271\">Parking<div class=\"control__indicator\"><\/div><\/label><label class=\"single_filter_checkbox control control--checkbox\"><input  name=\"filter247[]\" type=\"checkbox\" class=\"store_locator_filter_checkbox\" value=\"248\">Restaurant<div class=\"control__indicator\"><\/div><\/label><label class=\"single_filter_checkbox control control--checkbox\"><input  name=\"filter247[]\" type=\"checkbox\" class=\"store_locator_filter_checkbox\" value=\"272\">Service de location et\/ou abri de v\u00e9los<div class=\"control__indicator\"><\/div><\/label><label class=\"single_filter_checkbox control control--checkbox\"><input  name=\"filter247[]\" type=\"checkbox\" class=\"store_locator_filter_checkbox\" value=\"250\">Wifi gratuit<div class=\"control__indicator\"><\/div><\/label><\/div><\/div><div id=\"filter245\" class=\"store-locator-col-12 single_filter\"><h5 class=\"collapsible-visit filtroa-itxita\">Type d'h\u00e9bergement<\/h5><div class=\"filtroa\" style=\"display: none;\"><label class=\"single_filter_checkbox control control--checkbox\"><input  name=\"filter245[]\" type=\"checkbox\" class=\"store_locator_filter_checkbox\" value=\"306\">Appartement touristique<div class=\"control__indicator\"><\/div><\/label><label class=\"single_filter_checkbox control control--checkbox\"><input  name=\"filter245[]\" type=\"checkbox\" class=\"store_locator_filter_checkbox\" value=\"307\">Baln\u00e9aire \/ Thermal<div class=\"control__indicator\"><\/div><\/label><label class=\"single_filter_checkbox control control--checkbox\"><input  name=\"filter245[]\" type=\"checkbox\" class=\"store_locator_filter_checkbox\" value=\"308\">Camping<div class=\"control__indicator\"><\/div><\/label><label class=\"single_filter_checkbox control control--checkbox\"><input  name=\"filter245[]\" type=\"checkbox\" class=\"store_locator_filter_checkbox\" value=\"309\">G\u00eete rural<div class=\"control__indicator\"><\/div><\/label><label class=\"single_filter_checkbox control control--checkbox\"><input  name=\"filter245[]\" type=\"checkbox\" class=\"store_locator_filter_checkbox\" value=\"305\">H\u00e9bergements collectifs \/ Auberges de jeunesse<div class=\"control__indicator\"><\/div><\/label><label class=\"single_filter_checkbox control control--checkbox\"><input  name=\"filter245[]\" type=\"checkbox\" class=\"store_locator_filter_checkbox\" value=\"310\">H\u00f4tel<div class=\"control__indicator\"><\/div><\/label><label class=\"single_filter_checkbox control control--checkbox\"><input  name=\"filter245[]\" type=\"checkbox\" class=\"store_locator_filter_checkbox\" value=\"246\">Logement chez l\u2019habitant<div class=\"control__indicator\"><\/div><\/label><\/div><\/div>            <\/div>        <\/div>        <script>        var coll = document.getElementsByClassName(\"collapsible-visit\");        var i;        for (i = 0; i < coll.length; i++) {          coll[i].addEventListener(\"click\", function() {            this.classList.toggle(\"active\");            var content = this.nextElementSibling;            if (content.style.display === \"block\") {              content.style.display = \"none\";              this.classList.remove('filtroa-irekita');              this.classList.add(\"filtroa-itxita\");            } else {              content.style.display = \"block\";              this.classList.remove('filtroa-itxita');              this.classList.add(\"filtroa-irekita\");            }          });        }        <\/script>                                                        <div class=\"store-locator-row bilaketa-botoia\">                    <div class=\"store-locator-col-12 store-locator-col-sm-12\">                        <button id=\"store_locator_find_stores_button\" type=\"submit\" class=\"store_locator_find_stores_button btn button et_pb_button btn-primary btn-lg\">Rechercher                        <\/button>                    <\/div>                <\/div>            <\/div>        <\/form>        [\/vc_column_text][\/vc_column][vc_column column_padding=&#8221;no-extra-padding&#8221; column_padding_tablet=&#8221;inherit&#8221; column_padding_phone=&#8221;inherit&#8221; column_padding_position=&#8221;all&#8221; column_element_spacing=&#8221;default&#8221; background_color_opacity=&#8221;1&#8243; background_hover_color_opacity=&#8221;1&#8243; column_shadow=&#8221;none&#8221; column_border_radius=&#8221;none&#8221; column_link_target=&#8221;_self&#8221; gradient_direction=&#8221;left_to_right&#8221; overlay_strength=&#8221;0.3&#8243; width=&#8221;3\/4&#8243; tablet_width_inherit=&#8221;default&#8221; tablet_text_alignment=&#8221;default&#8221; phone_text_alignment=&#8221;default&#8221; bg_image_animation=&#8221;none&#8221; border_type=&#8221;simple&#8221; column_border_width=&#8221;none&#8221; column_border_style=&#8221;solid&#8221;][vc_column_text]<div class=\"wordpress-store-locator-list-container\"><h2 class=\"wordpress-store-locator-list-title\">B\u00c9ARN<\/h2><div class=\"wordpress-store-locator-list-content\"><p>Choisissez un \u00e9tablissement<\/p>\n<\/div><script src=\"https:\/\/unpkg.com\/@googlemaps\/markerclusterer\/dist\/index.min.js\"><\/script>\n<div class=\"store-locator-row\">\n    <div id=\"visitMap\" class=\"store-locator-col-12\"><\/div>\n<\/div>\n\n<script>\n    function initMapa() {\n      const myLatLng = { lat: 42.81687, lng: -1.64323 };\n      \/\/ const myLatLng = { lat: -25.363, lng: 131.044 };\n      const map = new google.maps.Map(document.getElementById(\"visitMap\"), {\n        zoom: 8,\n        mapTypeControl: false,\n        center: myLatLng,\n      });\n      const markers = [];marker0 = new google.maps.Marker({position: {lat: 43.3174862, lng: -0.354868},map,title: \"Appart\u2019h\u00f4tel Victoria Garden\",});\n    markers.push(marker0);\n    const infowindow0 = new google.maps.InfoWindow({\n        content: `<div id=\"store_locator_infowindow_35256\" class=\"store_locator_infowindow\"><div class=\"store-locator-col-sm-12 store_locator_details\"><h3 class=\"store_locator_name\"><a href=\"https:\/\/www.visitgastroh.com\/fr\/store\/apparthotel-victoria-garden\/\">Appart\u2019h\u00f4tel Victoria Garden<\/a><\/h3><p><a href=\"https:\/\/www.visitgastroh.com\/fr\/store\/apparthotel-victoria-garden\/\"><img loading=\"lazy\" decoding=\"async\" width=\"1536\" height=\"1023\" src=\"https:\/\/www.visitgastroh.com\/wp-content\/uploads\/2022\/04\/Photo-daccroche-1536x1023-1.jpg\" class=\"attachment-post-thumbnail size-post-thumbnail wp-post-image\" alt=\"\" srcset=\"https:\/\/www.visitgastroh.com\/wp-content\/uploads\/2022\/04\/Photo-daccroche-1536x1023-1.jpg 1536w, https:\/\/www.visitgastroh.com\/wp-content\/uploads\/2022\/04\/Photo-daccroche-1536x1023-1-300x200.jpg 300w, https:\/\/www.visitgastroh.com\/wp-content\/uploads\/2022\/04\/Photo-daccroche-1536x1023-1-1024x682.jpg 1024w, https:\/\/www.visitgastroh.com\/wp-content\/uploads\/2022\/04\/Photo-daccroche-1536x1023-1-768x512.jpg 768w, https:\/\/www.visitgastroh.com\/wp-content\/uploads\/2022\/04\/Photo-daccroche-1536x1023-1-900x600.jpg 900w\" sizes=\"auto, (max-width: 1536px) 100vw, 1536px\" \/><\/a><\/p><p class=\"store_locator_excerpt\">Appart\u2019h\u00f4tel Victoria Garden (Pau) Enti\u00e8rement r\u00e9nov\u00e9 fin 2018, l\u2019Appart\u2019H\u00f4tel Victoria Garden Pau *** met \u00e0 votre disposition des chambres et appartements accessibles, am\u00e9nag\u00e9s pour les personnes \u00e0 mobilit\u00e9 r\u00e9duite. Mais...<\/p><p class=\"store_locator_address\"><span class=\"store_locator_street\">5 Rue Ronsard<br\/><\/span> <span class=\"store_locator_zip\">64000<\/span> <span class=\"store_locator_city\">Pau<br\/><\/span> <span class=\"store_locator_region\">Pyr\u00e9n\u00e9es-Atlantiques<\/span> <\/p><p class=\"store_locator_contact\"><span class=\"store_locator_tel\">Tel.: <a href=\"tel:+33559144747\">+33559144747<\/a><br\/><\/span><span class=\"store_locator_email\">Email: <a href=\"mailto:vgpau.reception@victoriagarden.com\">vgpau.reception@victoriagarden.com<\/a><br\/><\/span><span class=\"store_locator_website\">Website: <a href=\"https:\/\/www.victoriagarden.com\/destination\/visiter-pau\/\">https:\/\/www.victoriagarden.com\/destination\/visiter-pau\/<\/a><br\/><\/span><\/p><\/div>`,\n      });\n\n    marker0.addListener(\"click\", () => {\n        infowindow0.open({\n          anchor: marker0,\n          map,\n          shouldFocus: false,\n        });\n    });marker1 = new google.maps.Marker({position: {lat: 43.5022897, lng: -0.8567347000000001},map,title: \"Auberge du Relais\",});\n    markers.push(marker1);\n    const infowindow1 = new google.maps.InfoWindow({\n        content: `<div id=\"store_locator_infowindow_36107\" class=\"store_locator_infowindow\"><div class=\"store-locator-col-sm-12 store_locator_details\"><h3 class=\"store_locator_name\"><a href=\"https:\/\/www.visitgastroh.com\/fr\/store\/auberge-du-relais\/\">Auberge du Relais<\/a><\/h3><p><a href=\"https:\/\/www.visitgastroh.com\/fr\/store\/auberge-du-relais\/\"><img loading=\"lazy\" decoding=\"async\" width=\"960\" height=\"700\" src=\"https:\/\/www.visitgastroh.com\/wp-content\/uploads\/2022\/04\/69542285_2488944007839296_4720710413161857024_n.jpg\" class=\"attachment-post-thumbnail size-post-thumbnail wp-post-image\" alt=\"\" srcset=\"https:\/\/www.visitgastroh.com\/wp-content\/uploads\/2022\/04\/69542285_2488944007839296_4720710413161857024_n.jpg 960w, https:\/\/www.visitgastroh.com\/wp-content\/uploads\/2022\/04\/69542285_2488944007839296_4720710413161857024_n-300x219.jpg 300w, https:\/\/www.visitgastroh.com\/wp-content\/uploads\/2022\/04\/69542285_2488944007839296_4720710413161857024_n-768x560.jpg 768w\" sizes=\"auto, (max-width: 960px) 100vw, 960px\" \/><\/a><\/p><p class=\"store_locator_excerpt\">Auberge du Relais (B\u00e9renx) Marie et Ga\u00ebl vous accueillent dans ce Relais de tourisme \u00e0 la table g\u00e9n\u00e9reuse et raffin\u00e9e, dans un beau site b\u00e9arnais se pr\u00eatant \u00e0 toutes sortes...<\/p><p class=\"store_locator_address\"><span class=\"store_locator_street\">460 Grande route<br\/><\/span> <span class=\"store_locator_zip\">64300<\/span> <span class=\"store_locator_city\">B\u00e9renx<br\/><\/span> <span class=\"store_locator_region\">Pyr\u00e9n\u00e9es-Atlantiques <\/span> <\/p><p class=\"store_locator_contact\"><span class=\"store_locator_tel\">Tel.: <a href=\"tel:+33559653056\">+33559653056<\/a><br\/><\/span><span class=\"store_locator_email\">Email: <a href=\"mailto:contact@auberge-du-relais.com\">contact@auberge-du-relais.com<\/a><br\/><\/span><span class=\"store_locator_mobile\">Mobile: <a href=\"tel:+33688210757\">+33688210757<\/a><br\/><\/span><span class=\"store_locator_website\">Website: <a href=\"https:\/\/auberge-du-relais.com\">https:\/\/auberge-du-relais.com<\/a><br\/><\/span><\/p><\/div>`,\n      });\n\n    marker1.addListener(\"click\", () => {\n        infowindow1.open({\n          anchor: marker1,\n          map,\n          shouldFocus: false,\n        });\n    });marker2 = new google.maps.Marker({position: {lat: 43.3571613, lng: -0.3791391},map,title: \"Carre Pau Airport H\u00f4tel\",});\n    markers.push(marker2);\n    const infowindow2 = new google.maps.InfoWindow({\n        content: `<div id=\"store_locator_infowindow_38743\" class=\"store_locator_infowindow\"><div class=\"store-locator-col-sm-12 store_locator_details\"><h3 class=\"store_locator_name\"><a href=\"https:\/\/www.visitgastroh.com\/fr\/store\/carre-pau-airport-hotel\/\">Carre Pau Airport H\u00f4tel<\/a><\/h3><p><a href=\"https:\/\/www.visitgastroh.com\/fr\/store\/carre-pau-airport-hotel\/\"><img loading=\"lazy\" decoding=\"async\" width=\"720\" height=\"960\" src=\"https:\/\/www.visitgastroh.com\/wp-content\/uploads\/2022\/04\/37014534_1012180942297405_5704864553716678656_n.jpg\" class=\"attachment-post-thumbnail size-post-thumbnail wp-post-image\" alt=\"\" srcset=\"https:\/\/www.visitgastroh.com\/wp-content\/uploads\/2022\/04\/37014534_1012180942297405_5704864553716678656_n.jpg 720w, https:\/\/www.visitgastroh.com\/wp-content\/uploads\/2022\/04\/37014534_1012180942297405_5704864553716678656_n-225x300.jpg 225w\" sizes=\"auto, (max-width: 720px) 100vw, 720px\" \/><\/a><\/p><p class=\"store_locator_excerpt\">Carre Pau Airport H\u00f4tel (Pau) L&#8217;atmosph\u00e8re spacieuse et chaleureuse du Carr\u00e9 Pau Airport H\u00f4tel*** et sa situation vous s\u00e9duiront ! Situ\u00e9 \u00e0 seulement 3 minutes de l&#8217;a\u00e9roport Pau Pyr\u00e9n\u00e9es et...<\/p><p class=\"store_locator_address\"><span class=\"store_locator_street\">2 route de montadon<br\/><\/span> <span class=\"store_locator_zip\">64121<\/span> <span class=\"store_locator_city\">Serres Castet<br\/><\/span> <span class=\"store_locator_region\">Pyr\u00e9n\u00e9es Atlantique<\/span> <\/p><p class=\"store_locator_contact\"><span class=\"store_locator_tel\">Tel.: <a href=\"tel:+33 (0)5 64 25 05 05\">+33 (0)5 64 25 05 05<\/a><br\/><\/span><span class=\"store_locator_email\">Email: <a href=\"mailto:pau@carrehotels.com\">pau@carrehotels.com<\/a><br\/><\/span><span class=\"store_locator_website\">Website: <a href=\"https:\/\/www.carrepau.com\/hotel\">https:\/\/www.carrepau.com\/hotel<\/a><br\/><\/span><\/p><\/div>`,\n      });\n\n    marker2.addListener(\"click\", () => {\n        infowindow2.open({\n          anchor: marker2,\n          map,\n          shouldFocus: false,\n        });\n    });marker3 = new google.maps.Marker({position: {lat: 43.2829315, lng: -0.4166786},map,title: \"Clos Mirabel\",});\n    markers.push(marker3);\n    const infowindow3 = new google.maps.InfoWindow({\n        content: `<div id=\"store_locator_infowindow_38593\" class=\"store_locator_infowindow\"><div class=\"store-locator-col-sm-12 store_locator_details\"><h3 class=\"store_locator_name\"><a href=\"https:\/\/www.visitgastroh.com\/fr\/store\/clos-mirabel\/\">Clos Mirabel<\/a><\/h3><p><a href=\"https:\/\/www.visitgastroh.com\/fr\/store\/clos-mirabel\/\"><img loading=\"lazy\" decoding=\"async\" width=\"900\" height=\"579\" src=\"https:\/\/www.visitgastroh.com\/wp-content\/uploads\/2022\/05\/415.jpg\" class=\"attachment-post-thumbnail size-post-thumbnail wp-post-image\" alt=\"\" srcset=\"https:\/\/www.visitgastroh.com\/wp-content\/uploads\/2022\/05\/415.jpg 900w, https:\/\/www.visitgastroh.com\/wp-content\/uploads\/2022\/05\/415-300x193.jpg 300w, https:\/\/www.visitgastroh.com\/wp-content\/uploads\/2022\/05\/415-768x494.jpg 768w\" sizes=\"auto, (max-width: 900px) 100vw, 900px\" \/><\/a><\/p><p class=\"store_locator_excerpt\">Clos Mirabel Juran\u00e7on Clos Mirabel est un magnifique domaine de 6 ha, entre mer et montagne. Son Manoir du XVIII\u00a0e si\u00e8cle est situ\u00e9 dans un parc priv\u00e9, au sommet des...<\/p><p class=\"store_locator_address\"><span class=\"store_locator_street\">276 av des Fr\u00e8res Barth\u00e9l\u00e9my<br\/><\/span> <span class=\"store_locator_zip\">info@closmirabel.com<\/span> <span class=\"store_locator_city\">jurancon<br\/><\/span> <span class=\"store_locator_region\">BEARN<\/span> <\/p><p class=\"store_locator_contact\"><span class=\"store_locator_tel\">Tel.: <a href=\"tel:+33 (0)679 590 491\">+33 (0)679 590 491<\/a><br\/><\/span><span class=\"store_locator_email\">Email: <a href=\"mailto:info@closmirabel.com\">info@closmirabel.com<\/a><br\/><\/span><span class=\"store_locator_website\">Website: <a href=\"https:\/\/clos-mirabel.com\/fr\">https:\/\/clos-mirabel.com\/fr<\/a><br\/><\/span><\/p><\/div>`,\n      });\n\n    marker3.addListener(\"click\", () => {\n        infowindow3.open({\n          anchor: marker3,\n          map,\n          shouldFocus: false,\n        });\n    });marker4 = new google.maps.Marker({position: {lat: 43.46490499999999, lng: -0.6178073},map,title: \"Domaine de la Carrere\",});\n    markers.push(marker4);\n    const infowindow4 = new google.maps.InfoWindow({\n        content: `<div id=\"store_locator_infowindow_40871\" class=\"store_locator_infowindow\"><div class=\"store-locator-col-sm-12 store_locator_details\"><h3 class=\"store_locator_name\"><a href=\"https:\/\/www.visitgastroh.com\/fr\/store\/domaine-de-la-carrere\/\">Domaine de la Carrere<\/a><\/h3><p><a href=\"https:\/\/www.visitgastroh.com\/fr\/store\/domaine-de-la-carrere\/\"><img loading=\"lazy\" decoding=\"async\" width=\"640\" height=\"480\" src=\"https:\/\/www.visitgastroh.com\/wp-content\/uploads\/2022\/05\/chambre-hote-compostelle.jpg\" class=\"attachment-post-thumbnail size-post-thumbnail wp-post-image\" alt=\"\" srcset=\"https:\/\/www.visitgastroh.com\/wp-content\/uploads\/2022\/05\/chambre-hote-compostelle.jpg 640w, https:\/\/www.visitgastroh.com\/wp-content\/uploads\/2022\/05\/chambre-hote-compostelle-300x225.jpg 300w\" sizes=\"auto, (max-width: 640px) 100vw, 640px\" \/><\/a><\/p><p class=\"store_locator_excerpt\">Domaine de la Carrere Arthez de B\u00e9arn Ce manoir du XV \u00e8me si\u00e8cle , d\u00e9nomm\u00e9 Domaine de la Carrere , construit sous Henri IV se situe au coeur du village...<\/p><p class=\"store_locator_address\"><span class=\"store_locator_street\">54 rue de la carrere<br\/><\/span> <span class=\"store_locator_zip\">64370<\/span> <span class=\"store_locator_city\">Arthez de B\u00e9arn<br\/><\/span> <span class=\"store_locator_region\">Pyr\u00e9n\u00e9es Atlantiques<\/span> <\/p><p class=\"store_locator_contact\"><span class=\"store_locator_tel\">Tel.: <a href=\"tel:33 5 59 67 78 07\">33 5 59 67 78 07<\/a><br\/><\/span><span class=\"store_locator_email\">Email: <a href=\"mailto:domainedelacarrere64@gmail.com\">domainedelacarrere64@gmail.com<\/a><br\/><\/span><span class=\"store_locator_mobile\">Mobile: <a href=\"tel:33 6 60 51 82 91\">33 6 60 51 82 91<\/a><br\/><\/span><span class=\"store_locator_website\">Website: <a href=\"http:\/\/domainedelacarrere64.com\">http:\/\/domainedelacarrere64.com<\/a><br\/><\/span><\/p><\/div>`,\n      });\n\n    marker4.addListener(\"click\", () => {\n        infowindow4.open({\n          anchor: marker4,\n          map,\n          shouldFocus: false,\n        });\n    });marker5 = new google.maps.Marker({position: {lat: 43.3616272, lng: -0.0533632},map,title: \"Domaine des deux clos\",});\n    markers.push(marker5);\n    const infowindow5 = new google.maps.InfoWindow({\n        content: `<div id=\"store_locator_infowindow_36814\" class=\"store_locator_infowindow\"><div class=\"store-locator-col-sm-12 store_locator_details\"><h3 class=\"store_locator_name\"><a href=\"https:\/\/www.visitgastroh.com\/fr\/store\/domaine-des-deux-clos\/\">Domaine des deux clos<\/a><\/h3><p><a href=\"https:\/\/www.visitgastroh.com\/fr\/store\/domaine-des-deux-clos\/\"><img loading=\"lazy\" decoding=\"async\" width=\"300\" height=\"225\" src=\"https:\/\/www.visitgastroh.com\/wp-content\/uploads\/2022\/04\/domaine-des-deux-clos-3-300x225-1.jpg\" class=\"attachment-post-thumbnail size-post-thumbnail wp-post-image\" alt=\"\" \/><\/a><\/p><p class=\"store_locator_excerpt\">Domaine des deux clos Pontiacq-Viellepinte &nbsp; Bienvenue au Domaine des deux clos, propri\u00e9t\u00e9 de charme situ\u00e9e au c\u0153ur de la campagne b\u00e9arnaise. Notre domaine est compos\u00e9e d&#8217;une majestueuse b\u00e2tisse datant...<\/p><p class=\"store_locator_address\"><span class=\"store_locator_street\">136 rue de l\\'\u00e9glise<br\/><\/span> <span class=\"store_locator_zip\">64460<\/span> <span class=\"store_locator_city\">Pau<br\/><\/span> <span class=\"store_locator_region\">Pyr\u00e9n\u00e9es-Atlantiques<\/span> <\/p><p class=\"store_locator_contact\"><span class=\"store_locator_tel\">Tel.: <a href=\"tel:+33 5 59 68 28 30\">+33 5 59 68 28 30<\/a><br\/><\/span><span class=\"store_locator_email\">Email: <a href=\"mailto:nathalie@domainedesdeuxclos.fr\">nathalie@domainedesdeuxclos.fr<\/a><br\/><\/span><span class=\"store_locator_mobile\">Mobile: <a href=\"tel:+33 6 14 36 31 76\">+33 6 14 36 31 76<\/a><br\/><\/span><span class=\"store_locator_website\">Website: <a href=\"https:\/\/www.domainedesdeuxclos.fr\/\">https:\/\/www.domainedesdeuxclos.fr\/<\/a><br\/><\/span><\/p><\/div>`,\n      });\n\n    marker5.addListener(\"click\", () => {\n        infowindow5.open({\n          anchor: marker5,\n          map,\n          shouldFocus: false,\n        });\n    });marker6 = new google.maps.Marker({position: {lat: 43.1133895, lng: -0.1960719},map,title: \"HOTEL LE VIEUX LOGIS\",});\n    markers.push(marker6);\n    const infowindow6 = new google.maps.InfoWindow({\n        content: `<div id=\"store_locator_infowindow_35018\" class=\"store_locator_infowindow\"><div class=\"store-locator-col-sm-12 store_locator_details\"><h3 class=\"store_locator_name\"><a href=\"https:\/\/www.visitgastroh.com\/fr\/store\/hotel-le-vieux-logis\/\">HOTEL LE VIEUX LOGIS<\/a><\/h3><p><a href=\"https:\/\/www.visitgastroh.com\/fr\/store\/hotel-le-vieux-logis\/\"><img loading=\"lazy\" decoding=\"async\" width=\"2223\" height=\"1667\" src=\"https:\/\/www.visitgastroh.com\/wp-content\/uploads\/2022\/04\/hotel-le-vieux-logis-facade-lestelle-betharram-899697.jpg\" class=\"attachment-post-thumbnail size-post-thumbnail wp-post-image\" alt=\"\" srcset=\"https:\/\/www.visitgastroh.com\/wp-content\/uploads\/2022\/04\/hotel-le-vieux-logis-facade-lestelle-betharram-899697.jpg 2223w, https:\/\/www.visitgastroh.com\/wp-content\/uploads\/2022\/04\/hotel-le-vieux-logis-facade-lestelle-betharram-899697-300x225.jpg 300w, https:\/\/www.visitgastroh.com\/wp-content\/uploads\/2022\/04\/hotel-le-vieux-logis-facade-lestelle-betharram-899697-1024x768.jpg 1024w, https:\/\/www.visitgastroh.com\/wp-content\/uploads\/2022\/04\/hotel-le-vieux-logis-facade-lestelle-betharram-899697-768x576.jpg 768w, https:\/\/www.visitgastroh.com\/wp-content\/uploads\/2022\/04\/hotel-le-vieux-logis-facade-lestelle-betharram-899697-1536x1152.jpg 1536w, https:\/\/www.visitgastroh.com\/wp-content\/uploads\/2022\/04\/hotel-le-vieux-logis-facade-lestelle-betharram-899697-2048x1536.jpg 2048w\" sizes=\"auto, (max-width: 2223px) 100vw, 2223px\" \/><\/a><\/p><p class=\"store_locator_excerpt\">H\u00f4tel Le Vieux Logis (LESTELLE-BETHARRAM) A deux pas de la\u00a0vall\u00e9e du Gave de Pau\u00a0et des\u00a0c\u00e9l\u00e8bres grottes de B\u00e9tharram, \u00e0 20 minutes de\u00a0Lourdes, l&#8217;h\u00f4tel Le Vieux Logis ravit tout autant les...<\/p><p class=\"store_locator_address\"><span class=\"store_locator_street\">ROUTE DES GROTTES<br\/><\/span> <span class=\"store_locator_zip\">64800<\/span> <span class=\"store_locator_city\">LESTELLE-BETHARRAM<br\/><\/span> <span class=\"store_locator_region\">Pyr\u00e9n\u00e9es-Atlantiques<\/span> <\/p><p class=\"store_locator_contact\"><span class=\"store_locator_tel\">Tel.: <a href=\"tel:+33 0559719487 \">+33 0559719487 <\/a><br\/><\/span><span class=\"store_locator_email\">Email: <a href=\"mailto:contact@hotel-levieuxlogis.com\">contact@hotel-levieuxlogis.com<\/a><br\/><\/span><span class=\"store_locator_website\">Website: <a href=\"https:\/\/www.hotel-levieuxlogis.com\/\">https:\/\/www.hotel-levieuxlogis.com\/<\/a><br\/><\/span><\/p><\/div>`,\n      });\n\n    marker6.addListener(\"click\", () => {\n        infowindow6.open({\n          anchor: marker6,\n          map,\n          shouldFocus: false,\n        });\n    });marker7 = new google.maps.Marker({position: {lat: 43.2972818, lng: -0.3594636},map,title: \"Hotel Parc Beaumont &amp; Spa Pau - MGallery\",});\n    markers.push(marker7);\n    const infowindow7 = new google.maps.InfoWindow({\n        content: `<div id=\"store_locator_infowindow_36888\" class=\"store_locator_infowindow\"><div class=\"store-locator-col-sm-12 store_locator_details\"><h3 class=\"store_locator_name\"><a href=\"https:\/\/www.visitgastroh.com\/fr\/store\/hotel-parc-beaumont-spa-pau-mgallery\/\">Hotel Parc Beaumont & Spa Pau - MGallery<\/a><\/h3><p><a href=\"https:\/\/www.visitgastroh.com\/fr\/store\/hotel-parc-beaumont-spa-pau-mgallery\/\"><img loading=\"lazy\" decoding=\"async\" width=\"2560\" height=\"1804\" src=\"https:\/\/www.visitgastroh.com\/wp-content\/uploads\/2022\/04\/suites-0237-D-2-R2-rec-scaled.jpg\" class=\"attachment-post-thumbnail size-post-thumbnail wp-post-image\" alt=\"\" srcset=\"https:\/\/www.visitgastroh.com\/wp-content\/uploads\/2022\/04\/suites-0237-D-2-R2-rec-scaled.jpg 2560w, https:\/\/www.visitgastroh.com\/wp-content\/uploads\/2022\/04\/suites-0237-D-2-R2-rec-300x211.jpg 300w, https:\/\/www.visitgastroh.com\/wp-content\/uploads\/2022\/04\/suites-0237-D-2-R2-rec-1024x722.jpg 1024w, https:\/\/www.visitgastroh.com\/wp-content\/uploads\/2022\/04\/suites-0237-D-2-R2-rec-768x541.jpg 768w, https:\/\/www.visitgastroh.com\/wp-content\/uploads\/2022\/04\/suites-0237-D-2-R2-rec-1536x1083.jpg 1536w, https:\/\/www.visitgastroh.com\/wp-content\/uploads\/2022\/04\/suites-0237-D-2-R2-rec-2048x1443.jpg 2048w\" sizes=\"auto, (max-width: 2560px) 100vw, 2560px\" \/><\/a><\/p><p class=\"store_locator_excerpt\">Hotel Parc Beaumont &amp; Spa Pau &#8211; MGallery (Pau) Vous recherchez un h\u00f4tel \u00e0 Pau ? L\u2019H\u00f4tel Parc Beaumont &amp; Spa, est situ\u00e9 en bordure du Parc Beaumont. Cet \u00e9tablissement...<\/p><p class=\"store_locator_address\"><span class=\"store_locator_street\">1 Avenue Edouard VII<br\/><\/span> <span class=\"store_locator_zip\">64000<\/span> <span class=\"store_locator_city\">Pau<br\/><\/span> <span class=\"store_locator_region\">Pyr\u00e9n\u00e9es-Atlantiques <\/span> <\/p><p class=\"store_locator_contact\"><span class=\"store_locator_tel\">Tel.: <a href=\"tel:+33 5 59 11 84 00 \">+33 5 59 11 84 00 <\/a><br\/><\/span><span class=\"store_locator_email\">Email: <a href=\"mailto:h8612@accor.com \">h8612@accor.com <\/a><br\/><\/span><span class=\"store_locator_website\">Website: <a href=\"https:\/\/www.hotel-parc-beaumont.com\/ \">https:\/\/www.hotel-parc-beaumont.com\/ <\/a><br\/><\/span><\/p><\/div>`,\n      });\n\n    marker7.addListener(\"click\", () => {\n        infowindow7.open({\n          anchor: marker7,\n          map,\n          shouldFocus: false,\n        });\n    });marker8 = new google.maps.Marker({position: {lat: 43.2504062, lng: -0.7055309},map,title: \"H\u00f4tel Restaurant Chez Germaine\",});\n    markers.push(marker8);\n    const infowindow8 = new google.maps.InfoWindow({\n        content: `<div id=\"store_locator_infowindow_35572\" class=\"store_locator_infowindow\"><div class=\"store-locator-col-sm-12 store_locator_details\"><h3 class=\"store_locator_name\"><a href=\"https:\/\/www.visitgastroh.com\/fr\/store\/hotel-restaurant-chez-germaine-2\/\">H\u00f4tel Restaurant Chez Germaine<\/a><\/h3><p><a href=\"https:\/\/www.visitgastroh.com\/fr\/store\/hotel-restaurant-chez-germaine-2\/\"><img loading=\"lazy\" decoding=\"async\" width=\"1536\" height=\"867\" src=\"https:\/\/www.visitgastroh.com\/wp-content\/uploads\/2022\/04\/facade-1536x867-1.jpg\" class=\"attachment-post-thumbnail size-post-thumbnail wp-post-image\" alt=\"\" srcset=\"https:\/\/www.visitgastroh.com\/wp-content\/uploads\/2022\/04\/facade-1536x867-1.jpg 1536w, https:\/\/www.visitgastroh.com\/wp-content\/uploads\/2022\/04\/facade-1536x867-1-300x169.jpg 300w, https:\/\/www.visitgastroh.com\/wp-content\/uploads\/2022\/04\/facade-1536x867-1-1024x578.jpg 1024w, https:\/\/www.visitgastroh.com\/wp-content\/uploads\/2022\/04\/facade-1536x867-1-768x434.jpg 768w\" sizes=\"auto, (max-width: 1536px) 100vw, 1536px\" \/><\/a><\/p><p class=\"store_locator_excerpt\">H\u00f4tel Restaurant Chez Germaine Geus d&#8217;Oloron L\u2019h\u00f4tel restaurant Chez Germaine, \u00e0 G\u00e9\u00fcs-d\u2019Oloron, est situ\u00e9 au c\u0153ur du village traditionnel b\u00e9arnais. A mi-chemin entre Oloron Sainte-Marie et Navarrenx, dans les Pyr\u00e9n\u00e9es...<\/p><p class=\"store_locator_address\"><span class=\"store_locator_street\">18 route de Josbaig<br\/><\/span> <span class=\"store_locator_zip\">64400<\/span> <span class=\"store_locator_city\">Geus d\\'oloron<br\/><\/span> <span class=\"store_locator_region\">Pyr\u00e9n\u00e9es-Atlantiques<\/span> <\/p><p class=\"store_locator_contact\"><span class=\"store_locator_tel\">Tel.: <a href=\"tel:+33559880065\">+33559880065<\/a><br\/><\/span><span class=\"store_locator_email\">Email: <a href=\"mailto:contact@chezgermaine.fr\">contact@chezgermaine.fr<\/a><br\/><\/span><span class=\"store_locator_website\">Website: <a href=\"https:\/\/www.hotel-restaurant-pyrenees.com\/\">https:\/\/www.hotel-restaurant-pyrenees.com\/<\/a><br\/><\/span><\/p><\/div>`,\n      });\n\n    marker8.addListener(\"click\", () => {\n        infowindow8.open({\n          anchor: marker8,\n          map,\n          shouldFocus: false,\n        });\n    });marker9 = new google.maps.Marker({position: {lat: 43.064911, lng: -0.424683},map,title: \"H\u00f4tel Restaurant L'Ayguelade\",});\n    markers.push(marker9);\n    const infowindow9 = new google.maps.InfoWindow({\n        content: `<div id=\"store_locator_infowindow_38794\" class=\"store_locator_infowindow\"><div class=\"store-locator-col-sm-12 store_locator_details\"><h3 class=\"store_locator_name\"><a href=\"https:\/\/www.visitgastroh.com\/fr\/store\/hotel-restaurant-layguelade\/\">H\u00f4tel Restaurant L\\'Ayguelade<\/a><\/h3><p><a href=\"https:\/\/www.visitgastroh.com\/fr\/store\/hotel-restaurant-layguelade\/\"><img loading=\"lazy\" decoding=\"async\" width=\"1440\" height=\"1440\" src=\"https:\/\/www.visitgastroh.com\/wp-content\/uploads\/2022\/05\/IMG_20200721_164432_677.jpg\" class=\"attachment-post-thumbnail size-post-thumbnail wp-post-image\" alt=\"\" srcset=\"https:\/\/www.visitgastroh.com\/wp-content\/uploads\/2022\/05\/IMG_20200721_164432_677.jpg 1440w, https:\/\/www.visitgastroh.com\/wp-content\/uploads\/2022\/05\/IMG_20200721_164432_677-300x300.jpg 300w, https:\/\/www.visitgastroh.com\/wp-content\/uploads\/2022\/05\/IMG_20200721_164432_677-1024x1024.jpg 1024w, https:\/\/www.visitgastroh.com\/wp-content\/uploads\/2022\/05\/IMG_20200721_164432_677-150x150.jpg 150w, https:\/\/www.visitgastroh.com\/wp-content\/uploads\/2022\/05\/IMG_20200721_164432_677-768x768.jpg 768w, https:\/\/www.visitgastroh.com\/wp-content\/uploads\/2022\/05\/IMG_20200721_164432_677-100x100.jpg 100w, https:\/\/www.visitgastroh.com\/wp-content\/uploads\/2022\/05\/IMG_20200721_164432_677-140x140.jpg 140w, https:\/\/www.visitgastroh.com\/wp-content\/uploads\/2022\/05\/IMG_20200721_164432_677-500x500.jpg 500w, https:\/\/www.visitgastroh.com\/wp-content\/uploads\/2022\/05\/IMG_20200721_164432_677-350x350.jpg 350w, https:\/\/www.visitgastroh.com\/wp-content\/uploads\/2022\/05\/IMG_20200721_164432_677-1000x1000.jpg 1000w, https:\/\/www.visitgastroh.com\/wp-content\/uploads\/2022\/05\/IMG_20200721_164432_677-800x800.jpg 800w\" sizes=\"auto, (max-width: 1440px) 100vw, 1440px\" \/><\/a><\/p><p class=\"store_locator_excerpt\">H\u00f4tel Restaurant L&#8217;Ayguelade (Bielle) La famille Lartigau vous accueille toute l\u2019ann\u00e9e \u00e0 Bielle, aux portes du parc national des Pyr\u00e9n\u00e9es, dans une atmosph\u00e8re chaleureuse et conviviale. Cuisine gourmande r\u00e9alis\u00e9e par...<\/p><p class=\"store_locator_address\"><span class=\"store_locator_street\">10 quartier l\\'ayguelade<br\/><\/span> <span class=\"store_locator_zip\">64260 <\/span> <span class=\"store_locator_city\">Bielle<br\/><\/span> <span class=\"store_locator_region\">Pyr\u00e9n\u00e9es-Atlantiques <\/span> <\/p><p class=\"store_locator_contact\"><span class=\"store_locator_tel\">Tel.: <a href=\"tel:+33(0)559826006\">+33(0)559826006<\/a><br\/><\/span><span class=\"store_locator_email\">Email: <a href=\"mailto:hotel.ayguelade@wanadoo.fr\">hotel.ayguelade@wanadoo.fr<\/a><br\/><\/span><span class=\"store_locator_mobile\">Mobile: <a href=\"tel:+33 618227085\">+33 618227085<\/a><br\/><\/span><span class=\"store_locator_website\">Website: <a href=\"https:\/\/www.hotel-ayguelade.com\/\">https:\/\/www.hotel-ayguelade.com\/<\/a><br\/><\/span><\/p><\/div>`,\n      });\n\n    marker9.addListener(\"click\", () => {\n        infowindow9.open({\n          anchor: marker9,\n          map,\n          shouldFocus: false,\n        });\n    });marker10 = new google.maps.Marker({position: {lat: 43.2983504, lng: -0.3676636},map,title: \"IBIS PAU CENTRE\",});\n    markers.push(marker10);\n    const infowindow10 = new google.maps.InfoWindow({\n        content: `<div id=\"store_locator_infowindow_34957\" class=\"store_locator_infowindow\"><div class=\"store-locator-col-sm-12 store_locator_details\"><h3 class=\"store_locator_name\"><a href=\"https:\/\/www.visitgastroh.com\/fr\/store\/ibis-pau-centre\/\">IBIS PAU CENTRE<\/a><\/h3><p><a href=\"https:\/\/www.visitgastroh.com\/fr\/store\/ibis-pau-centre\/\"><img loading=\"lazy\" decoding=\"async\" width=\"832\" height=\"441\" src=\"https:\/\/www.visitgastroh.com\/wp-content\/uploads\/2022\/04\/IBIS-PAU-CENTRE-LOBBY.jpg\" class=\"attachment-post-thumbnail size-post-thumbnail wp-post-image\" alt=\"\" srcset=\"https:\/\/www.visitgastroh.com\/wp-content\/uploads\/2022\/04\/IBIS-PAU-CENTRE-LOBBY.jpg 832w, https:\/\/www.visitgastroh.com\/wp-content\/uploads\/2022\/04\/IBIS-PAU-CENTRE-LOBBY-300x159.jpg 300w, https:\/\/www.visitgastroh.com\/wp-content\/uploads\/2022\/04\/IBIS-PAU-CENTRE-LOBBY-768x407.jpg 768w\" sizes=\"auto, (max-width: 832px) 100vw, 832px\" \/><\/a><\/p><p class=\"store_locator_excerpt\">Ibis Pau Centre (Pau) L&#8217;H\u00f4tel ibis Pau Centre vous accueille au coeur historique de la ville, \u00e0 proximit\u00e9 du ch\u00e2teau royal de Pau, du centre-ville palois dynamique et tout pr\u00e8s...<\/p><p class=\"store_locator_address\"><span class=\"store_locator_street\">26 RUE SAMONZET<br\/><\/span> <span class=\"store_locator_zip\">64000<\/span> <span class=\"store_locator_city\">Pau<br\/><\/span> <span class=\"store_locator_region\">Pyr\u00e9n\u00e9es-Atlantiques <\/span> <\/p><p class=\"store_locator_contact\"><span class=\"store_locator_tel\">Tel.: <a href=\"tel:+33559837183\">+33559837183<\/a><br\/><\/span><span class=\"store_locator_email\">Email: <a href=\"mailto:H1398@accor.com\">H1398@accor.com<\/a><br\/><\/span><span class=\"store_locator_website\">Website: <a href=\"https:\/\/all.accor.com\/hotel\/IBISPAUCENTRE\">https:\/\/all.accor.com\/hotel\/IBISPAUCENTRE<\/a><br\/><\/span><\/p><\/div>`,\n      });\n\n    marker10.addListener(\"click\", () => {\n        infowindow10.open({\n          anchor: marker10,\n          map,\n          shouldFocus: false,\n        });\n    });marker11 = new google.maps.Marker({position: {lat: 43.2769887, lng: -0.3885575},map,title: \"Le Castel du Pont d'Oly\",});\n    markers.push(marker11);\n    const infowindow11 = new google.maps.InfoWindow({\n        content: `<div id=\"store_locator_infowindow_37968\" class=\"store_locator_infowindow\"><div class=\"store-locator-col-sm-12 store_locator_details\"><h3 class=\"store_locator_name\"><a href=\"https:\/\/www.visitgastroh.com\/fr\/store\/le-castel-du-pont-doly\/\">Le Castel du Pont d\\'Oly<\/a><\/h3><p><a href=\"https:\/\/www.visitgastroh.com\/fr\/store\/le-castel-du-pont-doly\/\"><img loading=\"lazy\" decoding=\"async\" width=\"1020\" height=\"680\" src=\"https:\/\/www.visitgastroh.com\/wp-content\/uploads\/2022\/05\/Castel-du-Pont-dOly-Hotel-3-etoiles-et-restaurant-gastronomique-a-Jurancon-1.jpg\" class=\"attachment-post-thumbnail size-post-thumbnail wp-post-image\" alt=\"\" srcset=\"https:\/\/www.visitgastroh.com\/wp-content\/uploads\/2022\/05\/Castel-du-Pont-dOly-Hotel-3-etoiles-et-restaurant-gastronomique-a-Jurancon-1.jpg 1020w, https:\/\/www.visitgastroh.com\/wp-content\/uploads\/2022\/05\/Castel-du-Pont-dOly-Hotel-3-etoiles-et-restaurant-gastronomique-a-Jurancon-1-300x200.jpg 300w, https:\/\/www.visitgastroh.com\/wp-content\/uploads\/2022\/05\/Castel-du-Pont-dOly-Hotel-3-etoiles-et-restaurant-gastronomique-a-Jurancon-1-768x512.jpg 768w, https:\/\/www.visitgastroh.com\/wp-content\/uploads\/2022\/05\/Castel-du-Pont-dOly-Hotel-3-etoiles-et-restaurant-gastronomique-a-Jurancon-1-900x600.jpg 900w\" sizes=\"auto, (max-width: 1020px) 100vw, 1020px\" \/><\/a><\/p><p class=\"store_locator_excerpt\">Le Castel du Pont d&#8217;Oly (Juran\u00e7on) Il existe dans le\u00a0B\u00e9arn, un endroit rare et vrai o\u00f9 il fait bon manger et dormir\u2026\u00a0! C\u2019est \u00e0\u00a0Juran\u00e7on, aux portes de\u00a0Pau\u00a0et \u00e0 5 mn...<\/p><p class=\"store_locator_address\"><span class=\"store_locator_street\">2 avenue Rauski<br\/><\/span> <span class=\"store_locator_zip\">64110<\/span> <span class=\"store_locator_city\">Juran\u00e7on<br\/><\/span> <span class=\"store_locator_region\">Pyr\u00e9n\u00e9es-Atlantiques <\/span> <\/p><p class=\"store_locator_contact\"><span class=\"store_locator_tel\">Tel.: <a href=\"tel:+33 5 59 06 13 40\">+33 5 59 06 13 40<\/a><br\/><\/span><span class=\"store_locator_email\">Email: <a href=\"mailto:castel.oly@wanadoo.fr\">castel.oly@wanadoo.fr<\/a><br\/><\/span><span class=\"store_locator_website\">Website: <a href=\"https:\/\/www.hotel-restaurant-pau.com\/\">https:\/\/www.hotel-restaurant-pau.com\/<\/a><br\/><\/span><\/p><\/div>`,\n      });\n\n    marker11.addListener(\"click\", () => {\n        infowindow11.open({\n          anchor: marker11,\n          map,\n          shouldFocus: false,\n        });\n    });marker12 = new google.maps.Marker({position: {lat: 43.11284, lng: -0.7588659999999999},map,title: \"Location Ch\u00e2teau de Porthos\",});\n    markers.push(marker12);\n    const infowindow12 = new google.maps.InfoWindow({\n        content: `<div id=\"store_locator_infowindow_36150\" class=\"store_locator_infowindow\"><div class=\"store-locator-col-sm-12 store_locator_details\"><h3 class=\"store_locator_name\"><a href=\"https:\/\/www.visitgastroh.com\/fr\/store\/location-chateau-de-porthos\/\">Location Ch\u00e2teau de Porthos<\/a><\/h3><p><a href=\"https:\/\/www.visitgastroh.com\/fr\/store\/location-chateau-de-porthos\/\"><img loading=\"lazy\" decoding=\"async\" width=\"2000\" height=\"1129\" src=\"https:\/\/www.visitgastroh.com\/wp-content\/uploads\/2022\/04\/01-Le-Chateau-de-Porthos-Lannes-en-Baretous.jpg\" class=\"attachment-post-thumbnail size-post-thumbnail wp-post-image\" alt=\"\" srcset=\"https:\/\/www.visitgastroh.com\/wp-content\/uploads\/2022\/04\/01-Le-Chateau-de-Porthos-Lannes-en-Baretous.jpg 2000w, https:\/\/www.visitgastroh.com\/wp-content\/uploads\/2022\/04\/01-Le-Chateau-de-Porthos-Lannes-en-Baretous-300x169.jpg 300w, https:\/\/www.visitgastroh.com\/wp-content\/uploads\/2022\/04\/01-Le-Chateau-de-Porthos-Lannes-en-Baretous-1024x578.jpg 1024w, https:\/\/www.visitgastroh.com\/wp-content\/uploads\/2022\/04\/01-Le-Chateau-de-Porthos-Lannes-en-Baretous-768x434.jpg 768w, https:\/\/www.visitgastroh.com\/wp-content\/uploads\/2022\/04\/01-Le-Chateau-de-Porthos-Lannes-en-Baretous-1536x867.jpg 1536w\" sizes=\"auto, (max-width: 2000px) 100vw, 2000px\" \/><\/a><\/p><p class=\"store_locator_excerpt\">CHATEAU-DE- PORTHOS (Vall\u00e9e des mousquetaires) Arette, Aramitz, Lanne en baretous LOUER ET PRIVATISER\u00a0 Tout le domaine. Le ch\u00e2teau de porthos 5 \u00e9toiles. Capacit\u00e9 de 14 personnes, 6 chambres avec 6\u00a0...<\/p><p class=\"store_locator_address\"><span class=\"store_locator_street\">Impasse du chateau <br\/><\/span> <span class=\"store_locator_zip\">64570<\/span> <span class=\"store_locator_city\">Lanne en baretous <br\/><\/span> <span class=\"store_locator_region\">Pyr\u00e9n\u00e9es atlantiques <\/span> <\/p><p class=\"store_locator_contact\"><span class=\"store_locator_tel\">Tel.: <a href=\"tel:+33 623471879\">+33 623471879<\/a><br\/><\/span><span class=\"store_locator_email\">Email: <a href=\"mailto:chateaudeporthos@yahoo.com\">chateaudeporthos@yahoo.com<\/a><br\/><\/span><span class=\"store_locator_mobile\">Mobile: <a href=\"tel:+33 623471879\">+33 623471879<\/a><br\/><\/span><span class=\"store_locator_website\">Website: <a href=\"https:\/\/www.chateau-de-porthos.com\/\">https:\/\/www.chateau-de-porthos.com\/<\/a><br\/><\/span><\/p><\/div>`,\n      });\n\n    marker12.addListener(\"click\", () => {\n        infowindow12.open({\n          anchor: marker12,\n          map,\n          shouldFocus: false,\n        });\n    });    new markerClusterer.MarkerClusterer( {map, markers} );\n}\ndocument.addEventListener(\"DOMContentLoaded\", function(event) {\n    \/\/c\u00f3digo a ejecutar cuando el DOM est\u00e1 listo para recibir acciones\n    initMapa();\n});\n<\/script>\n<\/div>[\/vc_column_text][\/vc_column][\/vc_row]\n","protected":false},"excerpt":{"rendered":"<p>[vc_row type=&#8221;full_width_background&#8221; full_screen_row_position=&#8221;middle&#8221; column_margin=&#8221;default&#8221; equal_height=&#8221;yes&#8221; content_placement=&#8221;middle&#8221; column_direction=&#8221;default&#8221; column_direction_tablet=&#8221;default&#8221; column_direction_phone=&#8221;default&#8221; bg_image=&#8221;16971&#8243; bg_position=&#8221;center center&#8221; background_image_loading=&#8221;default&#8221; bg_repeat=&#8221;no-repeat&#8221; scene_position=&#8221;center&#8221; top_padding=&#8221;5%&#8221; bottom_padding=&#8221;5%&#8221; text_color=&#8221;light&#8221; text_align=&#8221;left&#8221; row_border_radius=&#8221;none&#8221; row_border_radius_applies=&#8221;bg&#8221; color_overlay=&#8221;#000000&#8243; overlay_strength=&#8221;0.5&#8243; gradient_direction=&#8221;left_to_right&#8221; shape_divider_position=&#8221;bottom&#8221; bg_image_animation=&#8221;none&#8221; shape_type=&#8221;&#8221;][vc_column column_padding=&#8221;no-extra-padding&#8221; column_padding_tablet=&#8221;inherit&#8221; column_padding_phone=&#8221;inherit&#8221;&#8230;<\/p>\n","protected":false},"author":1,"featured_media":0,"parent":31168,"menu_order":0,"comment_status":"closed","ping_status":"closed","template":"","meta":{"footnotes":""},"class_list":["post-31332","page","type-page","status-publish"],"_links":{"self":[{"href":"https:\/\/www.visitgastroh.com\/fr\/wp-json\/wp\/v2\/pages\/31332","targetHints":{"allow":["GET"]}}],"collection":[{"href":"https:\/\/www.visitgastroh.com\/fr\/wp-json\/wp\/v2\/pages"}],"about":[{"href":"https:\/\/www.visitgastroh.com\/fr\/wp-json\/wp\/v2\/types\/page"}],"author":[{"embeddable":true,"href":"https:\/\/www.visitgastroh.com\/fr\/wp-json\/wp\/v2\/users\/1"}],"replies":[{"embeddable":true,"href":"https:\/\/www.visitgastroh.com\/fr\/wp-json\/wp\/v2\/comments?post=31332"}],"version-history":[{"count":0,"href":"https:\/\/www.visitgastroh.com\/fr\/wp-json\/wp\/v2\/pages\/31332\/revisions"}],"up":[{"embeddable":true,"href":"https:\/\/www.visitgastroh.com\/fr\/wp-json\/wp\/v2\/pages\/31168"}],"wp:attachment":[{"href":"https:\/\/www.visitgastroh.com\/fr\/wp-json\/wp\/v2\/media?parent=31332"}],"curies":[{"name":"wp","href":"https:\/\/api.w.org\/{rel}","templated":true}]}}