{"id":31287,"date":"2022-03-29T08:29:00","date_gmt":"2022-03-29T06:29:00","guid":{"rendered":"https:\/\/www.visitgastroh.com\/?page_id=31287"},"modified":"2022-05-24T08:40:05","modified_gmt":"2022-05-24T06:40:05","slug":"manger","status":"publish","type":"page","link":"https:\/\/www.visitgastroh.com\/fr\/carte\/pays-basque\/manger\/","title":{"rendered":"Manger"},"content":{"rendered":"[vc_row type=&#8221;full_width_background&#8221; full_screen_row_position=&#8221;middle&#8221; column_margin=&#8221;default&#8221; equal_height=&#8221;yes&#8221; content_placement=&#8221;middle&#8221; column_direction=&#8221;default&#8221; column_direction_tablet=&#8221;default&#8221; column_direction_phone=&#8221;default&#8221; bg_image=&#8221;16971&#8243; bg_position=&#8221;center center&#8221; background_image_loading=&#8221;default&#8221; bg_repeat=&#8221;no-repeat&#8221; scene_position=&#8221;center&#8221; top_padding=&#8221;5%&#8221; bottom_padding=&#8221;5%&#8221; text_color=&#8221;light&#8221; text_align=&#8221;left&#8221; row_border_radius=&#8221;none&#8221; row_border_radius_applies=&#8221;bg&#8221; color_overlay=&#8221;#000000&#8243; overlay_strength=&#8221;0.5&#8243; gradient_direction=&#8221;left_to_right&#8221; shape_divider_position=&#8221;bottom&#8221; bg_image_animation=&#8221;none&#8221; shape_type=&#8221;&#8221;][vc_column column_padding=&#8221;no-extra-padding&#8221; column_padding_tablet=&#8221;inherit&#8221; column_padding_phone=&#8221;inherit&#8221; column_padding_position=&#8221;all&#8221; column_element_spacing=&#8221;default&#8221; background_color_opacity=&#8221;1&#8243; background_hover_color_opacity=&#8221;1&#8243; column_shadow=&#8221;none&#8221; column_border_radius=&#8221;none&#8221; column_link_target=&#8221;_self&#8221; gradient_direction=&#8221;left_to_right&#8221; overlay_strength=&#8221;0.3&#8243; width=&#8221;1\/1&#8243; tablet_width_inherit=&#8221;default&#8221; tablet_text_alignment=&#8221;default&#8221; phone_text_alignment=&#8221;default&#8221; bg_image_animation=&#8221;none&#8221; border_type=&#8221;simple&#8221; column_border_width=&#8221;none&#8221; column_border_style=&#8221;solid&#8221;][split_line_heading animation_type=&#8221;default&#8221;]\n<h1 style=\"font-size: 75px;\">O\u00f9 manger!<\/h1>\n[\/split_line_heading][split_line_heading animation_type=&#8221;default&#8221;]\n<h3 style=\"font-size: 36px;\"><strong>PAYS BASQUE<br \/>\n<\/strong><\/h3>\n[\/split_line_heading][image_with_animation image_url=&#8221;6396&#8243; animation=&#8221;Fade In&#8221; hover_animation=&#8221;none&#8221; alignment=&#8221;&#8221; border_radius=&#8221;none&#8221; box_shadow=&#8221;none&#8221; image_loading=&#8221;default&#8221; max_width=&#8221;100%&#8221; max_width_mobile=&#8221;default&#8221;][\/vc_column][\/vc_row][vc_row type=&#8221;in_container&#8221; full_screen_row_position=&#8221;middle&#8221; column_margin=&#8221;default&#8221; column_direction=&#8221;default&#8221; column_direction_tablet=&#8221;default&#8221; column_direction_phone=&#8221;default&#8221; scene_position=&#8221;center&#8221; text_color=&#8221;dark&#8221; text_align=&#8221;left&#8221; row_border_radius=&#8221;none&#8221; row_border_radius_applies=&#8221;bg&#8221; overlay_strength=&#8221;0.3&#8243; gradient_direction=&#8221;left_to_right&#8221; shape_divider_position=&#8221;bottom&#8221; bg_image_animation=&#8221;none&#8221;][vc_column column_padding=&#8221;no-extra-padding&#8221; column_padding_tablet=&#8221;inherit&#8221; column_padding_phone=&#8221;inherit&#8221; column_padding_position=&#8221;all&#8221; column_element_spacing=&#8221;default&#8221; background_color_opacity=&#8221;1&#8243; background_hover_color_opacity=&#8221;1&#8243; column_shadow=&#8221;none&#8221; column_border_radius=&#8221;none&#8221; column_link_target=&#8221;_self&#8221; gradient_direction=&#8221;left_to_right&#8221; overlay_strength=&#8221;0.3&#8243; width=&#8221;1\/1&#8243; tablet_width_inherit=&#8221;default&#8221; tablet_text_alignment=&#8221;default&#8221; phone_text_alignment=&#8221;default&#8221; bg_image_animation=&#8221;none&#8221; border_type=&#8221;simple&#8221; column_border_width=&#8221;none&#8221; column_border_style=&#8221;solid&#8221;][vc_column_text]<button id=\"menuaGorde\" title=\"Afficher \/ Masquer les filtres\"><i class=\"fa fa-filter\"><\/i><\/button><\/p>\n<p><script>\ndocument.getElementById(\"menuaGorde\").addEventListener(\"click\", menuaezkutatu)\nfunction menuaezkutatu() {\n  var zerrenda = document.getElementsByClassName(\"menu-izda\");\n  x = zerrenda[0];\n  if (x.style.display === \"none\") {\n    x.style.display = \"block\";\n  } else {\n    x.style.display = \"none\";\n  }\n}\n<\/script>[\/vc_column_text][\/vc_column][\/vc_row][vc_row type=&#8221;in_container&#8221; full_screen_row_position=&#8221;middle&#8221; column_margin=&#8221;default&#8221; column_direction=&#8221;default&#8221; column_direction_tablet=&#8221;default&#8221; column_direction_phone=&#8221;default&#8221; scene_position=&#8221;center&#8221; top_padding=&#8221;3%&#8221; bottom_padding=&#8221;5%&#8221; text_color=&#8221;dark&#8221; text_align=&#8221;left&#8221; row_border_radius=&#8221;none&#8221; row_border_radius_applies=&#8221;bg&#8221; overlay_strength=&#8221;0.3&#8243; gradient_direction=&#8221;left_to_right&#8221; shape_divider_position=&#8221;bottom&#8221; bg_image_animation=&#8221;none&#8221; shape_type=&#8221;&#8221;][vc_column column_padding=&#8221;no-extra-padding&#8221; column_padding_tablet=&#8221;inherit&#8221; column_padding_phone=&#8221;inherit&#8221; column_padding_position=&#8221;all&#8221; column_element_spacing=&#8221;default&#8221; background_color_opacity=&#8221;1&#8243; background_hover_color_opacity=&#8221;1&#8243; column_shadow=&#8221;none&#8221; column_border_radius=&#8221;none&#8221; column_link_target=&#8221;_self&#8221; el_class=&#8221;menu-izda&#8221; gradient_direction=&#8221;left_to_right&#8221; overlay_strength=&#8221;0.3&#8243; width=&#8221;1\/4&#8243; tablet_width_inherit=&#8221;default&#8221; tablet_text_alignment=&#8221;default&#8221; phone_text_alignment=&#8221;default&#8221; bg_image_animation=&#8221;none&#8221; border_type=&#8221;simple&#8221; column_border_width=&#8221;none&#8221; column_border_style=&#8221;solid&#8221;][vc_column_text]\n<h4>Choisissez une r\u00e9gion\u00a0:<\/h4>\n[\/vc_column_text][vc_column_text]<img loading=\"lazy\" decoding=\"async\" class=\"size-full wp-image-7132 alignleft\" src=\"https:\/\/www.visitgastroh.com\/wp-content\/uploads\/2022\/01\/mapa-destinos-euskadi-mini.png\" alt=\"\" width=\"45\" height=\"31\" \/><a style=\"color: #61a54d;\" href=\"https:\/\/www.visitgastroh.com\/fr\/carte\/euskadi\/\"><strong>EUSKADI<\/strong><\/a><\/p>\n<ul class=\"mapa-euskadi\">\n<li><a href=\"https:\/\/www.visitgastroh.com\/fr\/carte\/euskadi\/manger\/\">Manger<\/a><\/li>\n<li><a href=\"https:\/\/www.visitgastroh.com\/fr\/carte\/euskadi\/dormir\/\">Dormir<\/a><\/li>\n<li><a href=\"https:\/\/www.visitgastroh.com\/fr\/carte\/euskadi\/acheter\/\">Acheter<\/a><\/li>\n<li><a href=\"https:\/\/www.visitgastroh.com\/fr\/carte\/euskadi\/visiter\/\">Visiter<\/a><\/li>\n<\/ul>\n<p><img loading=\"lazy\" decoding=\"async\" class=\"size-full alignleft\" src=\"https:\/\/www.visitgastroh.com\/wp-content\/uploads\/2022\/01\/mapa-destinos-navarra-mini.png\" alt=\"\" width=\"45\" height=\"31\" \/><a style=\"color: #c5273b;\" href=\"https:\/\/www.visitgastroh.com\/fr\/carte\/navarre\/\"><strong>NAVARRE<\/strong><\/a><\/p>\n<ul class=\"mapa-navarra\">\n<li><a href=\"https:\/\/www.visitgastroh.com\/fr\/carte\/navarre\/manger\/\">Manger<\/a><\/li>\n<li><a href=\"https:\/\/www.visitgastroh.com\/fr\/carte\/navarre\/dormir\/\">Dormir<\/a><\/li>\n<li><a href=\"https:\/\/www.visitgastroh.com\/fr\/carte\/navarre\/acheter\/\">Acheter<\/a><\/li>\n<li><a href=\"https:\/\/www.visitgastroh.com\/fr\/carte\/navarre\/visiter\/\">Visiter<\/a><\/li>\n<\/ul>\n<p><img loading=\"lazy\" decoding=\"async\" class=\"size-full alignleft\" src=\"https:\/\/www.visitgastroh.com\/wp-content\/uploads\/2022\/01\/mapa-destinos-la-rioja-mini.png\" alt=\"\" width=\"45\" height=\"31\" \/><a style=\"color: #9f2653;\" href=\"https:\/\/www.visitgastroh.com\/fr\/carte\/la-rioja\/\"><strong>LA RIOJA<\/strong><\/a><\/p>\n<ul class=\"mapa-la-rioja\">\n<li><a href=\"https:\/\/www.visitgastroh.com\/fr\/carte\/la-rioja\/manger\/\">Manger<\/a><\/li>\n<li><a href=\"https:\/\/www.visitgastroh.com\/fr\/carte\/la-rioja\/dormir\/\">Dormir<\/a><\/li>\n<li><a href=\"https:\/\/www.visitgastroh.com\/fr\/carte\/la-rioja\/acheter\/\">Acheter<\/a><\/li>\n<li><a href=\"https:\/\/www.visitgastroh.com\/fr\/carte\/la-rioja\/visiter\/\">Visiter<\/a><\/li>\n<\/ul>\n<p><img loading=\"lazy\" decoding=\"async\" class=\"size-full alignleft\" src=\"https:\/\/www.visitgastroh.com\/wp-content\/uploads\/2022\/01\/mapa-destinos-pays-basque-mini.png\" alt=\"\" width=\"45\" height=\"31\" \/><a style=\"color: #8bc3e7;\" href=\"https:\/\/www.visitgastroh.com\/fr\/carte\/pays-basque\/\"><strong>PAYS BASQUE<\/strong><\/a><\/p>\n<ul class=\"mapa-pays-basque\">\n<li><a href=\"https:\/\/www.visitgastroh.com\/fr\/carte\/pays-basque\/manger\/\">Manger<\/a><\/li>\n<li><a href=\"https:\/\/www.visitgastroh.com\/fr\/carte\/pays-basque\/dormir\/\">Dormir<\/a><\/li>\n<li><a href=\"https:\/\/www.visitgastroh.com\/fr\/carte\/pays-basque\/acheter\/\">Acheter<\/a><\/li>\n<li><a href=\"https:\/\/www.visitgastroh.com\/fr\/carte\/pays-basque\/visiter\/\">Visiter<\/a><\/li>\n<\/ul>\n<p><img loading=\"lazy\" decoding=\"async\" class=\"size-full alignleft\" src=\"https:\/\/www.visitgastroh.com\/wp-content\/uploads\/2022\/01\/mapa-destinos-bearn-mini.png\" alt=\"\" width=\"45\" height=\"31\" \/><a style=\"color: #e7b32d;\" href=\"https:\/\/www.visitgastroh.com\/fr\/carte\/bearn\/\"><strong>B\u00c9ARN<\/strong><\/a><\/p>\n<ul class=\"mapa-bearn\">\n<li><a href=\"https:\/\/www.visitgastroh.com\/fr\/carte\/bearn\/manger\/\">Manger<\/a><\/li>\n<li><a href=\"https:\/\/www.visitgastroh.com\/fr\/carte\/bearn\/dormir\/\">Dormir<\/a><\/li>\n<li><a href=\"https:\/\/www.visitgastroh.com\/fr\/carte\/bearn\/acheter\/\">Acheter<\/a><\/li>\n<li><a href=\"https:\/\/www.visitgastroh.com\/fr\/carte\/bearn\/visiter\/\">Visiter<\/a><\/li>\n<\/ul>\n[\/vc_column_text][vc_column_text]        <form id=\"store_locator_embedded_search\" class=\"store_locator_embedded_search\" action=\"https:\/\/www.visitgastroh.com\/fr\/carte\/pays-basque\/manger\/\" method=\"GET\">            <div id=\"store_locator_search_box\" class=\"store_locator store_locator_search_box store-locator-col-12 store-locator-col-sm-12\">                                            <div id=\"store_locator_filter\" class=\"store_locator_filter\">            <div id=\"store_locator_filter_content\" class=\"store-locator-row store_locator_filter_content\">                <div id=\"filter281\" class=\"store-locator-col-12 single_filter\"><h5 class=\"collapsible-visit filtroa-itxita\">Distinctions<\/h5><div class=\"filtroa\" style=\"display: none;\"><label class=\"single_filter_checkbox control control--checkbox\"><input  name=\"filter281[]\" type=\"checkbox\" class=\"store_locator_filter_checkbox\" value=\"282\">1 \u00c9toile Michelin<div class=\"control__indicator\"><\/div><\/label><label class=\"single_filter_checkbox control control--checkbox\"><input  name=\"filter281[]\" type=\"checkbox\" class=\"store_locator_filter_checkbox\" value=\"285\">1 Soleil Repsol<div class=\"control__indicator\"><\/div><\/label><label class=\"single_filter_checkbox control control--checkbox\"><input  name=\"filter281[]\" type=\"checkbox\" class=\"store_locator_filter_checkbox\" value=\"283\">2 \u00c9toiles Michelin<div class=\"control__indicator\"><\/div><\/label><label class=\"single_filter_checkbox control control--checkbox\"><input  name=\"filter281[]\" type=\"checkbox\" class=\"store_locator_filter_checkbox\" value=\"286\">2 Soleils Repsol<div class=\"control__indicator\"><\/div><\/label><label class=\"single_filter_checkbox control control--checkbox\"><input  name=\"filter281[]\" type=\"checkbox\" class=\"store_locator_filter_checkbox\" value=\"284\">3 \u00c9toiles Michelin<div class=\"control__indicator\"><\/div><\/label><label class=\"single_filter_checkbox control control--checkbox\"><input  name=\"filter281[]\" type=\"checkbox\" class=\"store_locator_filter_checkbox\" value=\"287\">3 Soleils Repsol<div class=\"control__indicator\"><\/div><\/label><label class=\"single_filter_checkbox control control--checkbox\"><input  name=\"filter281[]\" type=\"checkbox\" class=\"store_locator_filter_checkbox\" value=\"288\">50 Best Restaurants<div class=\"control__indicator\"><\/div><\/label><label class=\"single_filter_checkbox control control--checkbox\"><input  name=\"filter281[]\" type=\"checkbox\" class=\"store_locator_filter_checkbox\" value=\"494\">Bib Gourmand<div class=\"control__indicator\"><\/div><\/label><label class=\"single_filter_checkbox control control--checkbox\"><input  name=\"filter281[]\" type=\"checkbox\" class=\"store_locator_filter_checkbox\" value=\"289\">Ma\u00eetre Restaurateur<div class=\"control__indicator\"><\/div><\/label><\/div><\/div><div id=\"filter225\" class=\"store-locator-col-12 single_filter\"><h5 class=\"collapsible-visit filtroa-itxita\">Installations<\/h5><div class=\"filtroa\" style=\"display: none;\"><label class=\"single_filter_checkbox control control--checkbox\"><input  name=\"filter225[]\" type=\"checkbox\" class=\"store_locator_filter_checkbox\" value=\"226\">Accesible<div class=\"control__indicator\"><\/div><\/label><label class=\"single_filter_checkbox control control--checkbox\"><input  name=\"filter225[]\" type=\"checkbox\" class=\"store_locator_filter_checkbox\" value=\"241\">Animaux de compagnie accept\u00e9s<div class=\"control__indicator\"><\/div><\/label><label class=\"single_filter_checkbox control control--checkbox\"><input  name=\"filter225[]\" type=\"checkbox\" class=\"store_locator_filter_checkbox\" value=\"227\">H\u00e9bergement<div class=\"control__indicator\"><\/div><\/label><label class=\"single_filter_checkbox control control--checkbox\"><input  name=\"filter225[]\" type=\"checkbox\" class=\"store_locator_filter_checkbox\" value=\"228\">Parking<div class=\"control__indicator\"><\/div><\/label><label class=\"single_filter_checkbox control control--checkbox\"><input  name=\"filter225[]\" type=\"checkbox\" class=\"store_locator_filter_checkbox\" value=\"242\">Terrasse<div class=\"control__indicator\"><\/div><\/label><\/div><\/div><div id=\"filter238\" class=\"store-locator-col-12 single_filter\"><h5 class=\"collapsible-visit filtroa-itxita\">Prix<\/h5><div class=\"filtroa\" style=\"display: none;\"><label class=\"single_filter_checkbox control control--checkbox\"><input  name=\"filter238[]\" type=\"checkbox\" class=\"store_locator_filter_checkbox\" value=\"273\">+80\u20ac<div class=\"control__indicator\"><\/div><\/label><label class=\"single_filter_checkbox control control--checkbox\"><input  name=\"filter238[]\" type=\"checkbox\" class=\"store_locator_filter_checkbox\" value=\"274\">20\u20ac - 40\u20ac<div class=\"control__indicator\"><\/div><\/label><label class=\"single_filter_checkbox control control--checkbox\"><input  name=\"filter238[]\" type=\"checkbox\" class=\"store_locator_filter_checkbox\" value=\"240\">40 \u20ac - 60 \u20ac<div class=\"control__indicator\"><\/div><\/label><label class=\"single_filter_checkbox control control--checkbox\"><input  name=\"filter238[]\" type=\"checkbox\" class=\"store_locator_filter_checkbox\" value=\"275\">60\u20ac - 80\u20ac<div class=\"control__indicator\"><\/div><\/label><\/div><\/div><div id=\"filter276\" class=\"store-locator-col-12 single_filter\"><h5 class=\"collapsible-visit filtroa-itxita\">Route \u00e0 laquelle appartient l\u2019entreprise (Manger)<\/h5><div class=\"filtroa\" style=\"display: none;\"><label class=\"single_filter_checkbox control control--checkbox\"><input  name=\"filter276[]\" type=\"checkbox\" class=\"store_locator_filter_checkbox\" value=\"497\">Destination D\u00e9signation d\u2019origine<div class=\"control__indicator\"><\/div><\/label><label class=\"single_filter_checkbox control control--checkbox\"><input  name=\"filter276[]\" type=\"checkbox\" class=\"store_locator_filter_checkbox\" value=\"277\">Destination fromage<div class=\"control__indicator\"><\/div><\/label><label class=\"single_filter_checkbox control control--checkbox\"><input  name=\"filter276[]\" type=\"checkbox\" class=\"store_locator_filter_checkbox\" value=\"278\">Destination vin<div class=\"control__indicator\"><\/div><\/label><label class=\"single_filter_checkbox control control--checkbox\"><input  name=\"filter276[]\" type=\"checkbox\" class=\"store_locator_filter_checkbox\" value=\"500\">Grand Roadtrip \/ Tour Gastroh<div class=\"control__indicator\"><\/div><\/label><label class=\"single_filter_checkbox control control--checkbox\"><input  name=\"filter276[]\" type=\"checkbox\" class=\"store_locator_filter_checkbox\" value=\"489\">Route \u00e9cogastronomique<div class=\"control__indicator\"><\/div><\/label><label class=\"single_filter_checkbox control control--checkbox\"><input  name=\"filter276[]\" type=\"checkbox\" class=\"store_locator_filter_checkbox\" value=\"279\">Route Haute Gastronomie<div class=\"control__indicator\"><\/div><\/label><label class=\"single_filter_checkbox control control--checkbox\"><input  name=\"filter276[]\" type=\"checkbox\" class=\"store_locator_filter_checkbox\" value=\"280\">Route Saveurs du Chemin de St Jacques de Compostelle<div class=\"control__indicator\"><\/div><\/label><\/div><\/div><div id=\"filter239\" class=\"store-locator-col-12 single_filter\"><h5 class=\"collapsible-visit filtroa-itxita\">Type de cuisine<\/h5><div class=\"filtroa\" style=\"display: none;\"><label class=\"single_filter_checkbox control control--checkbox\"><input  name=\"filter239[]\" type=\"checkbox\" class=\"store_locator_filter_checkbox\" value=\"291\">Cave<div class=\"control__indicator\"><\/div><\/label><label class=\"single_filter_checkbox control control--checkbox\"><input  name=\"filter239[]\" type=\"checkbox\" class=\"store_locator_filter_checkbox\" value=\"296\">Cidrerie<div class=\"control__indicator\"><\/div><\/label><label class=\"single_filter_checkbox control control--checkbox\"><input  name=\"filter239[]\" type=\"checkbox\" class=\"store_locator_filter_checkbox\" value=\"292\">Cuisine d\u2019auteur \/ du march\u00e9<div class=\"control__indicator\"><\/div><\/label><label class=\"single_filter_checkbox control control--checkbox\"><input  name=\"filter239[]\" type=\"checkbox\" class=\"store_locator_filter_checkbox\" value=\"293\">Cuisine traditionnelle<div class=\"control__indicator\"><\/div><\/label><label class=\"single_filter_checkbox control control--checkbox\"><input  name=\"filter239[]\" type=\"checkbox\" class=\"store_locator_filter_checkbox\" value=\"294\">Menu adapt\u00e9 \u00e0 des r\u00e9gimes sp\u00e9ciaux<div class=\"control__indicator\"><\/div><\/label><label class=\"single_filter_checkbox control control--checkbox\"><input  name=\"filter239[]\" type=\"checkbox\" class=\"store_locator_filter_checkbox\" value=\"243\">Pintxos<div class=\"control__indicator\"><\/div><\/label><label class=\"single_filter_checkbox control control--checkbox\"><input  name=\"filter239[]\" type=\"checkbox\" class=\"store_locator_filter_checkbox\" value=\"295\">Restaurant \u00e0 la ferme<div class=\"control__indicator\"><\/div><\/label><label class=\"single_filter_checkbox control control--checkbox\"><input  name=\"filter239[]\" type=\"checkbox\" class=\"store_locator_filter_checkbox\" value=\"290\">R\u00f4tisserie \/ Grill<div class=\"control__indicator\"><\/div><\/label><\/div><\/div>            <\/div>        <\/div>        <script>        var coll = document.getElementsByClassName(\"collapsible-visit\");        var i;        for (i = 0; i < coll.length; i++) {          coll[i].addEventListener(\"click\", function() {            this.classList.toggle(\"active\");            var content = this.nextElementSibling;            if (content.style.display === \"block\") {              content.style.display = \"none\";              this.classList.remove('filtroa-irekita');              this.classList.add(\"filtroa-itxita\");            } else {              content.style.display = \"block\";              this.classList.remove('filtroa-itxita');              this.classList.add(\"filtroa-irekita\");            }          });        }        <\/script>                                                        <div class=\"store-locator-row bilaketa-botoia\">                    <div class=\"store-locator-col-12 store-locator-col-sm-12\">                        <button id=\"store_locator_find_stores_button\" type=\"submit\" class=\"store_locator_find_stores_button btn button et_pb_button btn-primary btn-lg\">Rechercher                        <\/button>                    <\/div>                <\/div>            <\/div>        <\/form>        [\/vc_column_text][\/vc_column][vc_column column_padding=&#8221;no-extra-padding&#8221; column_padding_tablet=&#8221;inherit&#8221; column_padding_phone=&#8221;inherit&#8221; column_padding_position=&#8221;all&#8221; column_element_spacing=&#8221;default&#8221; background_color_opacity=&#8221;1&#8243; background_hover_color_opacity=&#8221;1&#8243; column_shadow=&#8221;none&#8221; column_border_radius=&#8221;none&#8221; column_link_target=&#8221;_self&#8221; gradient_direction=&#8221;left_to_right&#8221; overlay_strength=&#8221;0.3&#8243; width=&#8221;3\/4&#8243; tablet_width_inherit=&#8221;default&#8221; tablet_text_alignment=&#8221;default&#8221; phone_text_alignment=&#8221;default&#8221; bg_image_animation=&#8221;none&#8221; border_type=&#8221;simple&#8221; column_border_width=&#8221;none&#8221; column_border_style=&#8221;solid&#8221;][vc_column_text]<div class=\"wordpress-store-locator-list-container\"><h2 class=\"wordpress-store-locator-list-title\">PAYS BASQUE<\/h2><div class=\"wordpress-store-locator-list-content\"><p>Choisissez un \u00e9tablissement<\/p>\n<\/div><script src=\"https:\/\/unpkg.com\/@googlemaps\/markerclusterer\/dist\/index.min.js\"><\/script>\n<div class=\"store-locator-row\">\n    <div id=\"visitMap\" class=\"store-locator-col-12\"><\/div>\n<\/div>\n\n<script>\n    function initMapa() {\n      const myLatLng = { lat: 42.81687, lng: -1.64323 };\n      \/\/ const myLatLng = { lat: -25.363, lng: 131.044 };\n      const map = new google.maps.Map(document.getElementById(\"visitMap\"), {\n        zoom: 8,\n        mapTypeControl: false,\n        center: myLatLng,\n      });\n      const markers = [];marker0 = new google.maps.Marker({position: {lat: 43.4503739, lng: -1.576358},map,title: \"Ahispak Le Restaurant des Soeurs\u00a0\",});\n    markers.push(marker0);\n    const infowindow0 = new google.maps.InfoWindow({\n        content: `<div id=\"store_locator_infowindow_39782\" class=\"store_locator_infowindow\"><div class=\"store-locator-col-sm-12 store_locator_details\"><h3 class=\"store_locator_name\"><a href=\"https:\/\/www.visitgastroh.com\/fr\/store\/ahispak\/\">Ahispak Le Restaurant des Soeurs\u00a0<\/a><\/h3><p><a href=\"https:\/\/www.visitgastroh.com\/fr\/store\/ahispak\/\"><img loading=\"lazy\" decoding=\"async\" width=\"512\" height=\"384\" src=\"https:\/\/www.visitgastroh.com\/wp-content\/uploads\/2022\/05\/ahizpak-4.webp\" class=\"attachment-post-thumbnail size-post-thumbnail wp-post-image\" alt=\"\" srcset=\"https:\/\/www.visitgastroh.com\/wp-content\/uploads\/2022\/05\/ahizpak-4.webp 512w, https:\/\/www.visitgastroh.com\/wp-content\/uploads\/2022\/05\/ahizpak-4-300x225.webp 300w\" sizes=\"auto, (max-width: 512px) 100vw, 512px\" \/><\/a><\/p><p class=\"store_locator_excerpt\">Ahispak Le Restaurant des Soeurs (Bidart) \u00ab L&#8217;assiette comme espace de cr\u00e9ation, le go\u00fbt, une mati\u00e8re de satisfaction \u00bb L&#8217;\u00e9quipe du restaurant Ahizpak \u00e9labore des mets \u00e0 base de produits...<\/p><p class=\"store_locator_address\"><span class=\"store_locator_street\">Avenue de Biarritz<br\/><\/span> <span class=\"store_locator_zip\">64210<\/span> <span class=\"store_locator_city\">Bidart<br\/><\/span> <span class=\"store_locator_region\">Pyr\u00e9n\u00e9es-Atlantiques<\/span> <\/p><p class=\"store_locator_contact\"><span class=\"store_locator_tel\">Tel.: <a href=\"tel:+33 05 59 22 58 81\">+33 05 59 22 58 81<\/a><br\/><\/span><span class=\"store_locator_email\">Email: <a href=\"mailto:bistrot.ahizpak@gmail.com\">bistrot.ahizpak@gmail.com<\/a><br\/><\/span><span class=\"store_locator_website\">Website: <a href=\"https:\/\/www.bistrot-ahizpak.com\/\">https:\/\/www.bistrot-ahizpak.com\/<\/a><br\/><\/span><\/p><\/div>`,\n      });\n\n    marker0.addListener(\"click\", () => {\n        infowindow0.open({\n          anchor: marker0,\n          map,\n          shouldFocus: false,\n        });\n    });marker1 = new google.maps.Marker({position: {lat: 43.3310426, lng: -1.4665785},map,title: \"Argi-Eder\",});\n    markers.push(marker1);\n    const infowindow1 = new google.maps.InfoWindow({\n        content: `<div id=\"store_locator_infowindow_29670\" class=\"store_locator_infowindow\"><div class=\"store-locator-col-sm-12 store_locator_details\"><h3 class=\"store_locator_name\"><a href=\"https:\/\/www.visitgastroh.com\/fr\/store\/argi-eder-2\/\">Argi-Eder<\/a><\/h3><p><a href=\"https:\/\/www.visitgastroh.com\/fr\/store\/argi-eder-2\/\"><img loading=\"lazy\" decoding=\"async\" width=\"1536\" height=\"1024\" src=\"https:\/\/www.visitgastroh.com\/wp-content\/uploads\/2022\/03\/Facade-par-ELIOPHOT-1536x1024-1.jpg\" class=\"attachment-post-thumbnail size-post-thumbnail wp-post-image\" alt=\"\" srcset=\"https:\/\/www.visitgastroh.com\/wp-content\/uploads\/2022\/03\/Facade-par-ELIOPHOT-1536x1024-1.jpg 1536w, https:\/\/www.visitgastroh.com\/wp-content\/uploads\/2022\/03\/Facade-par-ELIOPHOT-1536x1024-1-300x200.jpg 300w, https:\/\/www.visitgastroh.com\/wp-content\/uploads\/2022\/03\/Facade-par-ELIOPHOT-1536x1024-1-1024x683.jpg 1024w, https:\/\/www.visitgastroh.com\/wp-content\/uploads\/2022\/03\/Facade-par-ELIOPHOT-1536x1024-1-768x512.jpg 768w, https:\/\/www.visitgastroh.com\/wp-content\/uploads\/2022\/03\/Facade-par-ELIOPHOT-1536x1024-1-900x600.jpg 900w\" sizes=\"auto, (max-width: 1536px) 100vw, 1536px\" \/><\/a><\/p><p class=\"store_locator_excerpt\">Argi-Eder (Ainhoa) Table Gourmande o\u00f9 qualit\u00e9 des produits rime avec authenticit\u00e9 et cr\u00e9ativit\u00e9, o\u00f9 culture rime avec plaisir. La famille DOTTAX vous re\u00e7oit dans sa maison depuis plus de 50...<\/p><p class=\"store_locator_address\"><span class=\"store_locator_street\">64, argiedereko bidea<br\/><\/span> <span class=\"store_locator_zip\">64250<\/span> <span class=\"store_locator_city\">Ainhoa<br\/><\/span> <span class=\"store_locator_region\">Pyr\u00e9n\u00e9es-Atlantiques <\/span> <\/p><p class=\"store_locator_contact\"><span class=\"store_locator_tel\">Tel.: <a href=\"tel:+33 559937200\">+33 559937200<\/a><br\/><\/span><span class=\"store_locator_email\">Email: <a href=\"mailto:contact@argi-eder.com\">contact@argi-eder.com<\/a><br\/><\/span><span class=\"store_locator_website\">Website: <a href=\"https:\/\/www.argi-eder.fr\">https:\/\/www.argi-eder.fr<\/a><br\/><\/span><\/p><\/div>`,\n      });\n\n    marker1.addListener(\"click\", () => {\n        infowindow1.open({\n          anchor: marker1,\n          map,\n          shouldFocus: false,\n        });\n    });marker2 = new google.maps.Marker({position: {lat: 43.2423405, lng: -1.2842569},map,title: \"ART'ZAIN Restaurant\",});\n    markers.push(marker2);\n    const infowindow2 = new google.maps.InfoWindow({\n        content: `<div id=\"store_locator_infowindow_26690\" class=\"store_locator_infowindow\"><div class=\"store-locator-col-sm-12 store_locator_details\"><h3 class=\"store_locator_name\"><a href=\"https:\/\/www.visitgastroh.com\/fr\/store\/artzain-restaurant\/\">ART\\'ZAIN Restaurant<\/a><\/h3><p><a href=\"https:\/\/www.visitgastroh.com\/fr\/store\/artzain-restaurant\/\"><img loading=\"lazy\" decoding=\"async\" width=\"1536\" height=\"1152\" src=\"https:\/\/www.visitgastroh.com\/wp-content\/uploads\/2022\/03\/IMG_0773-1536x1152-1.jpg\" class=\"attachment-post-thumbnail size-post-thumbnail wp-post-image\" alt=\"\" srcset=\"https:\/\/www.visitgastroh.com\/wp-content\/uploads\/2022\/03\/IMG_0773-1536x1152-1.jpg 1536w, https:\/\/www.visitgastroh.com\/wp-content\/uploads\/2022\/03\/IMG_0773-1536x1152-1-300x225.jpg 300w, https:\/\/www.visitgastroh.com\/wp-content\/uploads\/2022\/03\/IMG_0773-1536x1152-1-1024x768.jpg 1024w, https:\/\/www.visitgastroh.com\/wp-content\/uploads\/2022\/03\/IMG_0773-1536x1152-1-768x576.jpg 768w\" sizes=\"auto, (max-width: 1536px) 100vw, 1536px\" \/><\/a><\/p><p class=\"store_locator_excerpt\">ART&#8217;ZAIN IRISSARRY ART: la cuisine,\u00a0 l\u2019art de recevoir, de dresser une belle table, une belle assiette. ZAIN : gardien, OSPITALEA, juste \u00e0 c\u00f4t\u00e9 est notre gardien et nous prot\u00e8ge par...<\/p><p class=\"store_locator_address\"><span class=\"store_locator_street\">LE BOURG<br\/><\/span> <span class=\"store_locator_zip\">64780<\/span> <span class=\"store_locator_city\">Irissarry <br\/><\/span> <span class=\"store_locator_region\">Pyr\u00e9n\u00e9es-Atlantiques <\/span> <\/p><p class=\"store_locator_contact\"><span class=\"store_locator_tel\">Tel.: <a href=\"tel:+33 05 59 37 23 83\">+33 05 59 37 23 83<\/a><br\/><\/span><span class=\"store_locator_email\">Email: <a href=\"mailto:contact.art.zain@gmail.com\">contact.art.zain@gmail.com<\/a><br\/><\/span><span class=\"store_locator_mobile\">Mobile: <a href=\"tel:+33 06 17 48 27 90\">+33 06 17 48 27 90<\/a><br\/><\/span><span class=\"store_locator_website\">Website: <a href=\"http:\/\/www.restaurant-art-zain.fr\">http:\/\/www.restaurant-art-zain.fr<\/a><br\/><\/span><\/p><\/div>`,\n      });\n\n    marker2.addListener(\"click\", () => {\n        infowindow2.open({\n          anchor: marker2,\n          map,\n          shouldFocus: false,\n        });\n    });marker3 = new google.maps.Marker({position: {lat: 43.490853, lng: -1.471932},map,title: \"Auberge du Cheval blanc\",});\n    markers.push(marker3);\n    const infowindow3 = new google.maps.InfoWindow({\n        content: `<div id=\"store_locator_infowindow_39927\" class=\"store_locator_infowindow\"><div class=\"store-locator-col-sm-12 store_locator_details\"><h3 class=\"store_locator_name\"><a href=\"https:\/\/www.visitgastroh.com\/fr\/store\/auberge-du-cheval-blanc\/\">Auberge du Cheval blanc<\/a><\/h3><p><a href=\"https:\/\/www.visitgastroh.com\/fr\/store\/auberge-du-cheval-blanc\/\"><img loading=\"lazy\" decoding=\"async\" width=\"356\" height=\"475\" src=\"https:\/\/www.visitgastroh.com\/wp-content\/uploads\/2022\/05\/photo_3.jpg\" class=\"attachment-post-thumbnail size-post-thumbnail wp-post-image\" alt=\"\" srcset=\"https:\/\/www.visitgastroh.com\/wp-content\/uploads\/2022\/05\/photo_3.jpg 356w, https:\/\/www.visitgastroh.com\/wp-content\/uploads\/2022\/05\/photo_3-225x300.jpg 225w\" sizes=\"auto, (max-width: 356px) 100vw, 356px\" \/><\/a><\/p><p class=\"store_locator_excerpt\">Auberge du Cheval blanc (Bayonne) Des saveurs toujours renouvel\u00e9es, au gr\u00e9 des saisons, du march\u00e9 et de l\u2019inspiration du Chef. La carte du Cheval Blanc vous fait visiter le Pays...<\/p><p class=\"store_locator_address\"><span class=\"store_locator_street\">68 Rue Bourgneuf<br\/><\/span> <span class=\"store_locator_zip\">64100<\/span> <span class=\"store_locator_city\">Bayonne<br\/><\/span> <span class=\"store_locator_region\">Pyr\u00e9n\u00e9es-Atlantiques<\/span> <\/p><p class=\"store_locator_contact\"><span class=\"store_locator_tel\">Tel.: <a href=\"tel:+ 33 5 59 59 01 33\">+ 33 5 59 59 01 33<\/a><br\/><\/span><span class=\"store_locator_email\">Email: <a href=\"mailto:chevalblanc.bayonne@orange.fr\">chevalblanc.bayonne@orange.fr<\/a><br\/><\/span><span class=\"store_locator_website\">Website: <a href=\"http:\/\/www.cheval-blanc-bayonne.com\/\">http:\/\/www.cheval-blanc-bayonne.com\/<\/a><br\/><\/span><\/p><\/div>`,\n      });\n\n    marker3.addListener(\"click\", () => {\n        infowindow3.open({\n          anchor: marker3,\n          map,\n          shouldFocus: false,\n        });\n    });marker4 = new google.maps.Marker({position: {lat: 43.419504, lng: -1.605829},map,title: \"Briketenia\",});\n    markers.push(marker4);\n    const infowindow4 = new google.maps.InfoWindow({\n        content: `<div id=\"store_locator_infowindow_39009\" class=\"store_locator_infowindow\"><div class=\"store-locator-col-sm-12 store_locator_details\"><h3 class=\"store_locator_name\"><a href=\"https:\/\/www.visitgastroh.com\/fr\/store\/briketenia\/\">Briketenia<\/a><\/h3><p><a href=\"https:\/\/www.visitgastroh.com\/fr\/store\/briketenia\/\"><img loading=\"lazy\" decoding=\"async\" width=\"2200\" height=\"1467\" src=\"https:\/\/www.visitgastroh.com\/wp-content\/uploads\/2022\/05\/j5a7310_2800x1867.jpg\" class=\"attachment-post-thumbnail size-post-thumbnail wp-post-image\" alt=\"\" srcset=\"https:\/\/www.visitgastroh.com\/wp-content\/uploads\/2022\/05\/j5a7310_2800x1867.jpg 2200w, https:\/\/www.visitgastroh.com\/wp-content\/uploads\/2022\/05\/j5a7310_2800x1867-300x200.jpg 300w, https:\/\/www.visitgastroh.com\/wp-content\/uploads\/2022\/05\/j5a7310_2800x1867-1024x683.jpg 1024w, https:\/\/www.visitgastroh.com\/wp-content\/uploads\/2022\/05\/j5a7310_2800x1867-768x512.jpg 768w, https:\/\/www.visitgastroh.com\/wp-content\/uploads\/2022\/05\/j5a7310_2800x1867-1536x1024.jpg 1536w, https:\/\/www.visitgastroh.com\/wp-content\/uploads\/2022\/05\/j5a7310_2800x1867-2048x1366.jpg 2048w, https:\/\/www.visitgastroh.com\/wp-content\/uploads\/2022\/05\/j5a7310_2800x1867-900x600.jpg 900w\" sizes=\"auto, (max-width: 2200px) 100vw, 2200px\" \/><\/a><\/p><p class=\"store_locator_excerpt\">Briketenia (Gu\u00e9thary) Le restaurant et l\u2019h\u00f4tel Briketenia\u00a0vous accueillent \u00e0 Gu\u00e9thary,\u00a0au c\u0153ur du Pays basque,\u00a0entre\u00a0Saint-Jean-de-Luz et\u00a0Biarritz. Gu\u00e9thary, un ancien village de p\u00eacheurs devenu paradis des surfers ; un village berc\u00e9 par...<\/p><p class=\"store_locator_address\"><span class=\"store_locator_street\">Rue de l\\'Eglise <br\/><\/span> <span class=\"store_locator_zip\">64210<\/span> <span class=\"store_locator_city\">Gu\u00e9thary<br\/><\/span> <span class=\"store_locator_region\">Pyr\u00e9n\u00e9es-Atlantiques <\/span> <\/p><p class=\"store_locator_contact\"><span class=\"store_locator_tel\">Tel.: <a href=\"tel:+33 5 59 26 51 34\">+33 5 59 26 51 34<\/a><br\/><\/span><span class=\"store_locator_email\">Email: <a href=\"mailto:contact@briketenia.com\">contact@briketenia.com<\/a><br\/><\/span><span class=\"store_locator_website\">Website: <a href=\"https:\/\/www.briketenia.com\/fr\/\">https:\/\/www.briketenia.com\/fr\/<\/a><br\/><\/span><\/p><\/div>`,\n      });\n\n    marker4.addListener(\"click\", () => {\n        infowindow4.open({\n          anchor: marker4,\n          map,\n          shouldFocus: false,\n        });\n    });marker5 = new google.maps.Marker({position: {lat: 43.492197, lng: -1.47374},map,title: \"Bukit Bar cantine\",});\n    markers.push(marker5);\n    const infowindow5 = new google.maps.InfoWindow({\n        content: `<div id=\"store_locator_infowindow_29704\" class=\"store_locator_infowindow\"><div class=\"store-locator-col-sm-12 store_locator_details\"><h3 class=\"store_locator_name\"><a href=\"https:\/\/www.visitgastroh.com\/fr\/store\/bukit-bar-cantine\/\">Bukit Bar cantine<\/a><\/h3><p><a href=\"https:\/\/www.visitgastroh.com\/fr\/store\/bukit-bar-cantine\/\"><img loading=\"lazy\" decoding=\"async\" width=\"1080\" height=\"1337\" src=\"https:\/\/www.visitgastroh.com\/wp-content\/uploads\/2022\/03\/53964.jpeg\" class=\"attachment-post-thumbnail size-post-thumbnail wp-post-image\" alt=\"\" srcset=\"https:\/\/www.visitgastroh.com\/wp-content\/uploads\/2022\/03\/53964.jpeg 1080w, https:\/\/www.visitgastroh.com\/wp-content\/uploads\/2022\/03\/53964-242x300.jpeg 242w, https:\/\/www.visitgastroh.com\/wp-content\/uploads\/2022\/03\/53964-827x1024.jpeg 827w, https:\/\/www.visitgastroh.com\/wp-content\/uploads\/2022\/03\/53964-768x951.jpeg 768w\" sizes=\"auto, (max-width: 1080px) 100vw, 1080px\" \/><\/a><\/p><p class=\"store_locator_excerpt\">Bukit Bar cantine (Bayonne) Cantine proposant une cuisine du monde avec option v\u00e9g\u00e9tarienne et vegan. Jus frais et cuisine maison y sont propos\u00e9s. Le soir place aux cocktails et \u00e0...<\/p><p class=\"store_locator_address\"><span class=\"store_locator_street\">64 quai des corsaires<br\/><\/span> <span class=\"store_locator_zip\">64100<\/span> <span class=\"store_locator_city\">Bayonne <br\/><\/span> <span class=\"store_locator_region\">Pyr\u00e9n\u00e9es-Atlantiques <\/span> <\/p><p class=\"store_locator_contact\"><span class=\"store_locator_tel\">Tel.: <a href=\"tel:+33 5 59 56 32 45\">+33 5 59 56 32 45<\/a><br\/><\/span><span class=\"store_locator_email\">Email: <a href=\"mailto:info@bukit-bayonne.fr \">info@bukit-bayonne.fr <\/a><br\/><\/span><span class=\"store_locator_website\">Website: <a href=\"http:\/\/bukit-bayonne.fr \">http:\/\/bukit-bayonne.fr <\/a><br\/><\/span><\/p><\/div>`,\n      });\n\n    marker5.addListener(\"click\", () => {\n        infowindow5.open({\n          anchor: marker5,\n          map,\n          shouldFocus: false,\n        });\n    });marker6 = new google.maps.Marker({position: {lat: 43.3453077, lng: -1.6206634},map,title: \"CAFE PLAZAN OSTATUA\",});\n    markers.push(marker6);\n    const infowindow6 = new google.maps.InfoWindow({\n        content: `<div id=\"store_locator_infowindow_35228\" class=\"store_locator_infowindow\"><div class=\"store-locator-col-sm-12 store_locator_details\"><h3 class=\"store_locator_name\"><a href=\"https:\/\/www.visitgastroh.com\/fr\/store\/cafe-plazan-ostatua\/\">CAFE PLAZAN OSTATUA<\/a><\/h3><p><a href=\"https:\/\/www.visitgastroh.com\/fr\/store\/cafe-plazan-ostatua\/\"><img loading=\"lazy\" decoding=\"async\" width=\"1536\" height=\"1152\" src=\"https:\/\/www.visitgastroh.com\/wp-content\/uploads\/2022\/04\/0C9DF79C-C864-464F-A974-E64172EF19A5-1536x1152-1.jpeg\" class=\"attachment-post-thumbnail size-post-thumbnail wp-post-image\" alt=\"\" srcset=\"https:\/\/www.visitgastroh.com\/wp-content\/uploads\/2022\/04\/0C9DF79C-C864-464F-A974-E64172EF19A5-1536x1152-1.jpeg 1536w, https:\/\/www.visitgastroh.com\/wp-content\/uploads\/2022\/04\/0C9DF79C-C864-464F-A974-E64172EF19A5-1536x1152-1-300x225.jpeg 300w, https:\/\/www.visitgastroh.com\/wp-content\/uploads\/2022\/04\/0C9DF79C-C864-464F-A974-E64172EF19A5-1536x1152-1-1024x768.jpeg 1024w, https:\/\/www.visitgastroh.com\/wp-content\/uploads\/2022\/04\/0C9DF79C-C864-464F-A974-E64172EF19A5-1536x1152-1-768x576.jpeg 768w\" sizes=\"auto, (max-width: 1536px) 100vw, 1536px\" \/><\/a><\/p><p class=\"store_locator_excerpt\">CAF\u00c9 PLAZAN OSTATUA (Ascain)<\/p><p class=\"store_locator_address\"><span class=\"store_locator_street\">4 place berria<br\/><\/span> <span class=\"store_locator_zip\">64310<\/span> <span class=\"store_locator_city\">Ascain<br\/><\/span> <span class=\"store_locator_region\">Pyr\u00e9n\u00e9es-Atlantiques<\/span> <\/p><p class=\"store_locator_contact\"><span class=\"store_locator_tel\">Tel.: <a href=\"tel:+33559540080\">+33559540080<\/a><br\/><\/span><span class=\"store_locator_email\">Email: <a href=\"mailto:maider.plazan@gmail.com\">maider.plazan@gmail.com<\/a><br\/><\/span><span class=\"store_locator_mobile\">Mobile: <a href=\"tel:+33603848352\">+33603848352<\/a><br\/><\/span><span class=\"store_locator_website\">Website: <a href=\"http:\/\/cafeplazanostatua.eus\">http:\/\/cafeplazanostatua.eus<\/a><br\/><\/span><\/p><\/div>`,\n      });\n\n    marker6.addListener(\"click\", () => {\n        infowindow6.open({\n          anchor: marker6,\n          map,\n          shouldFocus: false,\n        });\n    });marker7 = new google.maps.Marker({position: {lat: 43.1623401, lng: -1.2386315},map,title: \"Caf\u00e9 Ttipia\",});\n    markers.push(marker7);\n    const infowindow7 = new google.maps.InfoWindow({\n        content: `<div id=\"store_locator_infowindow_26938\" class=\"store_locator_infowindow\"><div class=\"store-locator-col-sm-12 store_locator_details\"><h3 class=\"store_locator_name\"><a href=\"https:\/\/www.visitgastroh.com\/fr\/store\/cafe-ttipia\/\">Caf\u00e9 Ttipia<\/a><\/h3><p><a href=\"https:\/\/www.visitgastroh.com\/fr\/store\/cafe-ttipia\/\"><img loading=\"lazy\" decoding=\"async\" width=\"1367\" height=\"2048\" src=\"https:\/\/www.visitgastroh.com\/wp-content\/uploads\/2022\/03\/photo-1367x2048-1.jpg\" class=\"attachment-post-thumbnail size-post-thumbnail wp-post-image\" alt=\"\" srcset=\"https:\/\/www.visitgastroh.com\/wp-content\/uploads\/2022\/03\/photo-1367x2048-1.jpg 1367w, https:\/\/www.visitgastroh.com\/wp-content\/uploads\/2022\/03\/photo-1367x2048-1-200x300.jpg 200w, https:\/\/www.visitgastroh.com\/wp-content\/uploads\/2022\/03\/photo-1367x2048-1-684x1024.jpg 684w, https:\/\/www.visitgastroh.com\/wp-content\/uploads\/2022\/03\/photo-1367x2048-1-768x1151.jpg 768w, https:\/\/www.visitgastroh.com\/wp-content\/uploads\/2022\/03\/photo-1367x2048-1-1025x1536.jpg 1025w\" sizes=\"auto, (max-width: 1367px) 100vw, 1367px\" \/><\/a><\/p><p class=\"store_locator_excerpt\">Caf\u00e9 Ttipia (Saint Jean Pied de Port) Le Caf\u00e9 Ttipia, petit caf\u00e9 en basque, est situ\u00e9 au coeur d\u2019un des plus beaux village de France, Saint Jean Pied de Port....<\/p><p class=\"store_locator_address\"><span class=\"store_locator_street\">2 Place Floquet<br\/><\/span> <span class=\"store_locator_zip\">64220<\/span> <span class=\"store_locator_city\">SAINT JEAN PIED DE PORT<br\/><\/span> <span class=\"store_locator_region\">Pyr\u00e9n\u00e9es-Atlantiques<\/span> <\/p><p class=\"store_locator_contact\"><span class=\"store_locator_tel\">Tel.: <a href=\"tel:+33 5 53 37 11 96\">+33 5 53 37 11 96<\/a><br\/><\/span><span class=\"store_locator_website\">Website: <a href=\"https:\/\/cafettipia.com \">https:\/\/cafettipia.com <\/a><br\/><\/span><\/p><\/div>`,\n      });\n\n    marker7.addListener(\"click\", () => {\n        infowindow7.open({\n          anchor: marker7,\n          map,\n          shouldFocus: false,\n        });\n    });marker8 = new google.maps.Marker({position: {lat: 43.340759, lng: -1.44872},map,title: \"Choko Ona\",});\n    markers.push(marker8);\n    const infowindow8 = new google.maps.InfoWindow({\n        content: `<div id=\"store_locator_infowindow_39727\" class=\"store_locator_infowindow\"><div class=\"store-locator-col-sm-12 store_locator_details\"><h3 class=\"store_locator_name\"><a href=\"https:\/\/www.visitgastroh.com\/fr\/store\/choko-ona\/\">Choko Ona<\/a><\/h3><p><a href=\"https:\/\/www.visitgastroh.com\/fr\/store\/choko-ona\/\"><img loading=\"lazy\" decoding=\"async\" width=\"683\" height=\"1024\" src=\"https:\/\/www.visitgastroh.com\/wp-content\/uploads\/2022\/05\/choko-ona-clement-guillemot-flora-le-pape-espelette-restaurant-michelin-couple-683x1024-1.jpg\" class=\"attachment-post-thumbnail size-post-thumbnail wp-post-image\" alt=\"\" srcset=\"https:\/\/www.visitgastroh.com\/wp-content\/uploads\/2022\/05\/choko-ona-clement-guillemot-flora-le-pape-espelette-restaurant-michelin-couple-683x1024-1.jpg 683w, https:\/\/www.visitgastroh.com\/wp-content\/uploads\/2022\/05\/choko-ona-clement-guillemot-flora-le-pape-espelette-restaurant-michelin-couple-683x1024-1-200x300.jpg 200w\" sizes=\"auto, (max-width: 683px) 100vw, 683px\" \/><\/a><\/p><p class=\"store_locator_excerpt\">Choko Ona (Espelette) Au c\u0153ur de l\u2019incontournable village d\u2019Espelette, nous vous accueillons \u00e0 Choko Ona, \u00ab Le bon coin \u00bb en langue basque. Volets rouges sur fa\u00e7ade blanche pour notre...<\/p><p class=\"store_locator_address\"><span class=\"store_locator_street\">155 rue Xerrendako-Bidea<br\/><\/span> <span class=\"store_locator_zip\">64250<\/span> <span class=\"store_locator_city\">Espelette <br\/><\/span> <span class=\"store_locator_region\">Pyr\u00e9n\u00e9es-Atlantiques<\/span> <\/p><p class=\"store_locator_contact\"><span class=\"store_locator_tel\">Tel.: <a href=\"tel:+33 559157165\">+33 559157165<\/a><br\/><\/span><span class=\"store_locator_email\">Email: <a href=\"mailto:contact@choko-ona.fr\">contact@choko-ona.fr<\/a><br\/><\/span><span class=\"store_locator_website\">Website: <a href=\"https:\/\/choko-ona.fr\/\">https:\/\/choko-ona.fr\/<\/a><br\/><\/span><\/p><\/div>`,\n      });\n\n    marker8.addListener(\"click\", () => {\n        infowindow8.open({\n          anchor: marker8,\n          map,\n          shouldFocus: false,\n        });\n    });marker9 = new google.maps.Marker({position: {lat: 43.364105, lng: -1.637447},map,title: \"Cidrerie Txopinondo\",});\n    markers.push(marker9);\n    const infowindow9 = new google.maps.InfoWindow({\n        content: `<div id=\"store_locator_infowindow_26815\" class=\"store_locator_infowindow\"><div class=\"store-locator-col-sm-12 store_locator_details\"><h3 class=\"store_locator_name\"><a href=\"https:\/\/www.visitgastroh.com\/fr\/store\/cidrerie-txopinondo\/\">Cidrerie Txopinondo<\/a><\/h3><p><a href=\"https:\/\/www.visitgastroh.com\/fr\/store\/cidrerie-txopinondo\/\"><img loading=\"lazy\" decoding=\"async\" width=\"960\" height=\"640\" src=\"https:\/\/www.visitgastroh.com\/wp-content\/uploads\/2022\/03\/Txopin-sagarnoa.jpg\" class=\"attachment-post-thumbnail size-post-thumbnail wp-post-image\" alt=\"\" srcset=\"https:\/\/www.visitgastroh.com\/wp-content\/uploads\/2022\/03\/Txopin-sagarnoa.jpg 960w, https:\/\/www.visitgastroh.com\/wp-content\/uploads\/2022\/03\/Txopin-sagarnoa-300x200.jpg 300w, https:\/\/www.visitgastroh.com\/wp-content\/uploads\/2022\/03\/Txopin-sagarnoa-768x512.jpg 768w, https:\/\/www.visitgastroh.com\/wp-content\/uploads\/2022\/03\/Txopin-sagarnoa-900x600.jpg 900w\" sizes=\"auto, (max-width: 960px) 100vw, 960px\" \/><\/a><\/p><p class=\"store_locator_excerpt\">Cidrerie Txopinondo (Ascain) Venez d\u00e9couvrir Txopinondo l\u2019authentique cidrerie de producteur, son sagarno litt\u00e9ralement &#8220;vin de pomme&#8221;, la plus ancienne boisson du pays et tout le c\u00e9r\u00e9monial du Txotx ! D\u2019autres...<\/p><p class=\"store_locator_address\"><span class=\"store_locator_street\">Z.A Lanzelai , chemin de la cidrerie<br\/><\/span> <span class=\"store_locator_zip\">64310<\/span> <span class=\"store_locator_city\">Ascain<br\/><\/span> <span class=\"store_locator_region\">Pyr\u00e9n\u00e9es-Atlantiques <\/span> <\/p><p class=\"store_locator_contact\"><span class=\"store_locator_tel\">Tel.: <a href=\"tel:+33559546234\">+33559546234<\/a><br\/><\/span><span class=\"store_locator_email\">Email: <a href=\"mailto:txopinondo@wanadoo.fr\">txopinondo@wanadoo.fr<\/a><br\/><\/span><span class=\"store_locator_website\">Website: <a href=\"https:\/\/txopinondo.fr\/\">https:\/\/txopinondo.fr\/<\/a><br\/><\/span><\/p><\/div>`,\n      });\n\n    marker9.addListener(\"click\", () => {\n        infowindow9.open({\n          anchor: marker9,\n          map,\n          shouldFocus: false,\n        });\n    });marker10 = new google.maps.Marker({position: {lat: 43.4916823, lng: -1.4771932},map,title: \"Coffee Muxu\",});\n    markers.push(marker10);\n    const infowindow10 = new google.maps.InfoWindow({\n        content: `<div id=\"store_locator_infowindow_26708\" class=\"store_locator_infowindow\"><div class=\"store-locator-col-sm-12 store_locator_details\"><h3 class=\"store_locator_name\"><a href=\"https:\/\/www.visitgastroh.com\/fr\/store\/coffee-muxu\/\">Coffee Muxu<\/a><\/h3><p><a href=\"https:\/\/www.visitgastroh.com\/fr\/store\/coffee-muxu\/\"><img loading=\"lazy\" decoding=\"async\" width=\"1150\" height=\"1533\" src=\"https:\/\/www.visitgastroh.com\/wp-content\/uploads\/2022\/03\/EB98A66A-5B54-4486-AF08-E097B306D21C-1150x1533-1.jpeg\" class=\"attachment-post-thumbnail size-post-thumbnail wp-post-image\" alt=\"\" srcset=\"https:\/\/www.visitgastroh.com\/wp-content\/uploads\/2022\/03\/EB98A66A-5B54-4486-AF08-E097B306D21C-1150x1533-1.jpeg 1150w, https:\/\/www.visitgastroh.com\/wp-content\/uploads\/2022\/03\/EB98A66A-5B54-4486-AF08-E097B306D21C-1150x1533-1-225x300.jpeg 225w, https:\/\/www.visitgastroh.com\/wp-content\/uploads\/2022\/03\/EB98A66A-5B54-4486-AF08-E097B306D21C-1150x1533-1-768x1024.jpeg 768w\" sizes=\"auto, (max-width: 1150px) 100vw, 1150px\" \/><\/a><\/p><p class=\"store_locator_excerpt\">Coffee Muxu (Bayonne) Le Coffee Muxu est un lieu unique, savoureux &amp; authentique, qui s\u2019inspire de nombreux voyages \u00e0 travers le monde et puise sa source au c\u0153ur du Pays...<\/p><p class=\"store_locator_address\"><span class=\"store_locator_street\">3 rue des Gouverneurs <br\/><\/span> <span class=\"store_locator_zip\">64100<\/span> <span class=\"store_locator_city\">Bayonne<br\/><\/span> <span class=\"store_locator_region\">Pyr\u00e9n\u00e9es-Atlantiques<\/span> <\/p><p class=\"store_locator_contact\"><span class=\"store_locator_tel\">Tel.: <a href=\"tel:+33\">+33<\/a><br\/><\/span><span class=\"store_locator_email\">Email: <a href=\"mailto:coffeemuxu@gmail.com\">coffeemuxu@gmail.com<\/a><br\/><\/span><span class=\"store_locator_mobile\">Mobile: <a href=\"tel:+33\">+33<\/a><br\/><\/span><span class=\"store_locator_website\">Website: <a href=\"http:\/\/www.coffeemuxu.com\">http:\/\/www.coffeemuxu.com<\/a><br\/><\/span><\/p><\/div>`,\n      });\n\n    marker10.addListener(\"click\", () => {\n        infowindow10.open({\n          anchor: marker10,\n          map,\n          shouldFocus: false,\n        });\n    });marker11 = new google.maps.Marker({position: {lat: 43.180741, lng: -2.2717095},map,title: \"DA Taberna\",});\n    markers.push(marker11);\n    const infowindow11 = new google.maps.InfoWindow({\n        content: `<div id=\"store_locator_infowindow_38687\" class=\"store_locator_infowindow\"><div class=\"store-locator-col-sm-12 store_locator_details\"><h3 class=\"store_locator_name\"><a href=\"https:\/\/www.visitgastroh.com\/fr\/store\/da-taberna\/\">DA Taberna<\/a><\/h3><p><a href=\"https:\/\/www.visitgastroh.com\/fr\/store\/da-taberna\/\"><img loading=\"lazy\" decoding=\"async\" width=\"2560\" height=\"1707\" src=\"https:\/\/www.visitgastroh.com\/wp-content\/uploads\/2022\/02\/IMG_3565-2-scaled.jpeg\" class=\"attachment-post-thumbnail size-post-thumbnail wp-post-image\" alt=\"\" srcset=\"https:\/\/www.visitgastroh.com\/wp-content\/uploads\/2022\/02\/IMG_3565-2-scaled.jpeg 2560w, https:\/\/www.visitgastroh.com\/wp-content\/uploads\/2022\/02\/IMG_3565-2-300x200.jpeg 300w, https:\/\/www.visitgastroh.com\/wp-content\/uploads\/2022\/02\/IMG_3565-2-1024x683.jpeg 1024w, https:\/\/www.visitgastroh.com\/wp-content\/uploads\/2022\/02\/IMG_3565-2-768x512.jpeg 768w, https:\/\/www.visitgastroh.com\/wp-content\/uploads\/2022\/02\/IMG_3565-2-1536x1024.jpeg 1536w, https:\/\/www.visitgastroh.com\/wp-content\/uploads\/2022\/02\/IMG_3565-2-2048x1365.jpeg 2048w, https:\/\/www.visitgastroh.com\/wp-content\/uploads\/2022\/02\/IMG_3565-2-900x600.jpeg 900w\" sizes=\"auto, (max-width: 2560px) 100vw, 2560px\" \/><\/a><\/p><p class=\"store_locator_excerpt\">Da Taberna (Azpeitia) DA est n\u00e9 de la main de deux fr\u00e8res avec un seul objectif : ouvrir une nouvelle porte au monde gastronomique d&#8217;Azpeitia. Mais pourquoi DA ? Selon...<\/p><p class=\"store_locator_address\"><span class=\"store_locator_street\">Loiolako ignazio etorbidea, 10-12<br\/><\/span> <span class=\"store_locator_zip\">20730<\/span> <span class=\"store_locator_city\">azpeitia<br\/><\/span> <span class=\"store_locator_region\">Gipuzkoa<\/span> <\/p><p class=\"store_locator_contact\"><span class=\"store_locator_tel\">Tel.: <a href=\"tel:+34 943 81 68 43\">+34 943 81 68 43<\/a><br\/><\/span><span class=\"store_locator_email\">Email: <a href=\"mailto:kaixo@databerna.eus\">kaixo@databerna.eus<\/a><br\/><\/span><span class=\"store_locator_website\">Website: <a href=\"https:\/\/databerna.eus\">https:\/\/databerna.eus<\/a><br\/><\/span><\/p><\/div>`,\n      });\n\n    marker11.addListener(\"click\", () => {\n        infowindow11.open({\n          anchor: marker11,\n          map,\n          shouldFocus: false,\n        });\n    });marker12 = new google.maps.Marker({position: {lat: 43.385201, lng: -1.667465},map,title: \"Ekaitza\",});\n    markers.push(marker12);\n    const infowindow12 = new google.maps.InfoWindow({\n        content: `<div id=\"store_locator_infowindow_39752\" class=\"store_locator_infowindow\"><div class=\"store-locator-col-sm-12 store_locator_details\"><h3 class=\"store_locator_name\"><a href=\"https:\/\/www.visitgastroh.com\/fr\/store\/ekaitza\/\">Ekaitza<\/a><\/h3><p><a href=\"https:\/\/www.visitgastroh.com\/fr\/store\/ekaitza\/\"><img loading=\"lazy\" decoding=\"async\" width=\"667\" height=\"1000\" src=\"https:\/\/www.visitgastroh.com\/wp-content\/uploads\/2022\/05\/03_ekaitza_restaurant_ciboure.webp\" class=\"attachment-post-thumbnail size-post-thumbnail wp-post-image\" alt=\"\" srcset=\"https:\/\/www.visitgastroh.com\/wp-content\/uploads\/2022\/05\/03_ekaitza_restaurant_ciboure.webp 667w, https:\/\/www.visitgastroh.com\/wp-content\/uploads\/2022\/05\/03_ekaitza_restaurant_ciboure-200x300.webp 200w\" sizes=\"auto, (max-width: 667px) 100vw, 667px\" \/><\/a><\/p><p class=\"store_locator_excerpt\">Ekaitza (Ciboure) Le Pays basque conna\u00eet des temp\u00eates grandioses. Ce n\u2019est pas un hasard si le chef \u00e9toil\u00e9 a choisi Ekaitza (\u00ab la temp\u00eate \u00bb en Basque) pour nommer son...<\/p><p class=\"store_locator_address\"><span class=\"store_locator_street\">15 quai Maurice Ravel<br\/><\/span> <span class=\"store_locator_zip\">64500<\/span> <span class=\"store_locator_city\">Ciboure<br\/><\/span> <span class=\"store_locator_region\">Pyr\u00e9n\u00e9es-Atlantiques <\/span> <\/p><p class=\"store_locator_contact\"><span class=\"store_locator_tel\">Tel.: <a href=\"tel: +33 (0)5 59 51 29 51\"> +33 (0)5 59 51 29 51<\/a><br\/><\/span><span class=\"store_locator_email\">Email: <a href=\"mailto:contact@ekaitza.fr\">contact@ekaitza.fr<\/a><br\/><\/span><span class=\"store_locator_website\">Website: <a href=\"https:\/\/www.restaurant-ekaitza.fr\/\">https:\/\/www.restaurant-ekaitza.fr\/<\/a><br\/><\/span><\/p><\/div>`,\n      });\n\n    marker12.addListener(\"click\", () => {\n        infowindow12.open({\n          anchor: marker12,\n          map,\n          shouldFocus: false,\n        });\n    });marker13 = new google.maps.Marker({position: {lat: 43.4507847, lng: -1.5632084},map,title: \"Elements\",});\n    markers.push(marker13);\n    const infowindow13 = new google.maps.InfoWindow({\n        content: `<div id=\"store_locator_infowindow_40175\" class=\"store_locator_infowindow\"><div class=\"store-locator-col-sm-12 store_locator_details\"><h3 class=\"store_locator_name\"><a href=\"https:\/\/www.visitgastroh.com\/fr\/store\/elements\/\">Elements<\/a><\/h3><p><a href=\"https:\/\/www.visitgastroh.com\/fr\/store\/elements\/\"><img loading=\"lazy\" decoding=\"async\" width=\"550\" height=\"413\" src=\"https:\/\/www.visitgastroh.com\/wp-content\/uploads\/2022\/05\/salle.jpg\" class=\"attachment-post-thumbnail size-post-thumbnail wp-post-image\" alt=\"\" srcset=\"https:\/\/www.visitgastroh.com\/wp-content\/uploads\/2022\/05\/salle.jpg 550w, https:\/\/www.visitgastroh.com\/wp-content\/uploads\/2022\/05\/salle-300x225.jpg 300w\" sizes=\"auto, (max-width: 550px) 100vw, 550px\" \/><\/a><\/p><p class=\"store_locator_excerpt\">Elements (Bidart) L&#8217;ambiance est au rock et au punk (Iggy Pop, Sex Pistols, Eric Clapton) dans cette maison, et l&#8217;assiette\u00a0groove\u00a0tout autant : le jeune chef envoie des plats aussi intuitifs...<\/p><p class=\"store_locator_address\"><span class=\"store_locator_street\">1247 Av. de Bayonne<br\/><\/span> <span class=\"store_locator_zip\">64210<\/span> <span class=\"store_locator_city\">Bidart<br\/><\/span> <span class=\"store_locator_region\">Pyr\u00e9n\u00e9es-Atlantiques<\/span> <\/p><p class=\"store_locator_contact\"><span class=\"store_locator_tel\">Tel.: <a href=\"tel:+33 09 86 38 08 51\">+33 09 86 38 08 51<\/a><br\/><\/span><span class=\"store_locator_email\">Email: <a href=\"mailto:post@restaurant-elements.com\">post@restaurant-elements.com<\/a><br\/><\/span><span class=\"store_locator_website\">Website: <a href=\"http:\/\/www.restaurant-elements.com\/\">http:\/\/www.restaurant-elements.com\/<\/a><br\/><\/span><\/p><\/div>`,\n      });\n\n    marker13.addListener(\"click\", () => {\n        infowindow13.open({\n          anchor: marker13,\n          map,\n          shouldFocus: false,\n        });\n    });marker14 = new google.maps.Marker({position: {lat: 43.0864079, lng: -1.4294957},map,title: \"Ferme Auberge Auzkia\",});\n    markers.push(marker14);\n    const infowindow14 = new google.maps.InfoWindow({\n        content: `<div id=\"store_locator_infowindow_26656\" class=\"store_locator_infowindow\"><div class=\"store-locator-col-sm-12 store_locator_details\"><h3 class=\"store_locator_name\"><a href=\"https:\/\/www.visitgastroh.com\/fr\/store\/ferme-auberge-auzkia\/\">Ferme Auberge Auzkia<\/a><\/h3><p><a href=\"https:\/\/www.visitgastroh.com\/fr\/store\/ferme-auberge-auzkia\/\"><img loading=\"lazy\" decoding=\"async\" width=\"1000\" height=\"667\" src=\"https:\/\/www.visitgastroh.com\/wp-content\/uploads\/2022\/03\/assiete-de-axoa-300x200-1.png\" class=\"attachment-post-thumbnail size-post-thumbnail wp-post-image\" alt=\"\" srcset=\"https:\/\/www.visitgastroh.com\/wp-content\/uploads\/2022\/03\/assiete-de-axoa-300x200-1.png 1000w, https:\/\/www.visitgastroh.com\/wp-content\/uploads\/2022\/03\/assiete-de-axoa-300x200-1-300x200.png 300w, https:\/\/www.visitgastroh.com\/wp-content\/uploads\/2022\/03\/assiete-de-axoa-300x200-1-768x512.png 768w, https:\/\/www.visitgastroh.com\/wp-content\/uploads\/2022\/03\/assiete-de-axoa-300x200-1-900x600.png 900w\" sizes=\"auto, (max-width: 1000px) 100vw, 1000px\" \/><\/a><\/p><p class=\"store_locator_excerpt\">Ferme Auberge Auzkia (Aldudes) Peio install\u00e9 \u00e0 la ferme depuis 1981 et Nelia sa femme d\u2019origine Mexicaine sont heureux de vous accueillir dans leur exploitation familiale situ\u00e9e dans la magnifique...<\/p><p class=\"store_locator_address\"><span class=\"store_locator_street\">Maison Auzkia<br\/><\/span> <span class=\"store_locator_zip\">64430<\/span> <span class=\"store_locator_city\">Aldude<br\/><\/span> <span class=\"store_locator_region\">Pyr\u00e9n\u00e9es-Atlantiques <\/span> <\/p><p class=\"store_locator_contact\"><span class=\"store_locator_tel\">Tel.: <a href=\"tel:+33559375565\">+33559375565<\/a><br\/><\/span><span class=\"store_locator_email\">Email: <a href=\"mailto:contact@ferme-auzkia.com\">contact@ferme-auzkia.com<\/a><br\/><\/span><span class=\"store_locator_mobile\">Mobile: <a href=\"tel:+33685493823\">+33685493823<\/a><br\/><\/span><span class=\"store_locator_website\">Website: <a href=\"http:\/\/www.ferme-auzkia.com\/notre-table\/\">http:\/\/www.ferme-auzkia.com\/notre-table\/<\/a><br\/><\/span><\/p><\/div>`,\n      });\n\n    marker14.addListener(\"click\", () => {\n        infowindow14.open({\n          anchor: marker14,\n          map,\n          shouldFocus: false,\n        });\n    });marker15 = new google.maps.Marker({position: {lat: 43.2951, lng: -1.495719},map,title: \"Ferme Segida\",});\n    markers.push(marker15);\n    const infowindow15 = new google.maps.InfoWindow({\n        content: `<div id=\"store_locator_infowindow_26841\" class=\"store_locator_infowindow\"><div class=\"store-locator-col-sm-12 store_locator_details\"><h3 class=\"store_locator_name\"><a href=\"https:\/\/www.visitgastroh.com\/fr\/store\/ferme-segida\/\">Ferme Segida<\/a><\/h3><p><a href=\"https:\/\/www.visitgastroh.com\/fr\/store\/ferme-segida\/\"><img loading=\"lazy\" decoding=\"async\" width=\"1536\" height=\"2048\" src=\"https:\/\/www.visitgastroh.com\/wp-content\/uploads\/2022\/03\/Assiette-typique-Segida-1536x2048-1.jpg\" class=\"attachment-post-thumbnail size-post-thumbnail wp-post-image\" alt=\"\" srcset=\"https:\/\/www.visitgastroh.com\/wp-content\/uploads\/2022\/03\/Assiette-typique-Segida-1536x2048-1.jpg 1536w, https:\/\/www.visitgastroh.com\/wp-content\/uploads\/2022\/03\/Assiette-typique-Segida-1536x2048-1-225x300.jpg 225w, https:\/\/www.visitgastroh.com\/wp-content\/uploads\/2022\/03\/Assiette-typique-Segida-1536x2048-1-768x1024.jpg 768w, https:\/\/www.visitgastroh.com\/wp-content\/uploads\/2022\/03\/Assiette-typique-Segida-1536x2048-1-1152x1536.jpg 1152w\" sizes=\"auto, (max-width: 1536px) 100vw, 1536px\" \/><\/a><\/p><p class=\"store_locator_excerpt\">Ferme Segida (Ainhoa) Producteurs raisonn\u00e9s de Piment d&#8217;Espelette depuis 1998, de l\u00e9gumes de saison \u00e0 Ainhoa et \u00e9leveurs passionn\u00e9s de porc charcutiers en libert\u00e9, nous proposons dans notre Restaurant \u00e0...<\/p><p class=\"store_locator_address\"><span class=\"store_locator_street\">1461 Dantxarineko bidea Kontxoenea<br\/><\/span> <span class=\"store_locator_zip\">64250<\/span> <span class=\"store_locator_city\">Ainhoa <br\/><\/span> <span class=\"store_locator_region\">Pyr\u00e9n\u00e9es Atlantiques<\/span> <\/p><p class=\"store_locator_contact\"><span class=\"store_locator_tel\">Tel.: <a href=\"tel:+33559292785\">+33559292785<\/a><br\/><\/span><span class=\"store_locator_email\">Email: <a href=\"mailto:boutiksegida@gmail.com\">boutiksegida@gmail.com<\/a><br\/><\/span><span class=\"store_locator_mobile\">Mobile: <a href=\"tel:+33685699382\">+33685699382<\/a><br\/><\/span><span class=\"store_locator_website\">Website: <a href=\"https:\/\/www.segida.fr\">https:\/\/www.segida.fr<\/a><br\/><\/span><\/p><\/div>`,\n      });\n\n    marker15.addListener(\"click\", () => {\n        infowindow15.open({\n          anchor: marker15,\n          map,\n          shouldFocus: false,\n        });\n    });marker16 = new google.maps.Marker({position: {lat: 43.4422814, lng: -1.5328013},map,title: \"Gaztelur\",});\n    markers.push(marker16);\n    const infowindow16 = new google.maps.InfoWindow({\n        content: `<div id=\"store_locator_infowindow_40164\" class=\"store_locator_infowindow\"><div class=\"store-locator-col-sm-12 store_locator_details\"><h3 class=\"store_locator_name\"><a href=\"https:\/\/www.visitgastroh.com\/fr\/store\/gaztelur\/\">Gaztelur<\/a><\/h3><p><a href=\"https:\/\/www.visitgastroh.com\/fr\/store\/gaztelur\/\"><img loading=\"lazy\" decoding=\"async\" width=\"580\" height=\"487\" src=\"https:\/\/www.visitgastroh.com\/wp-content\/uploads\/2022\/05\/restaurant-gaztelur-arcangues-salle_20210528115732.jpg\" class=\"attachment-post-thumbnail size-post-thumbnail wp-post-image\" alt=\"\" srcset=\"https:\/\/www.visitgastroh.com\/wp-content\/uploads\/2022\/05\/restaurant-gaztelur-arcangues-salle_20210528115732.jpg 580w, https:\/\/www.visitgastroh.com\/wp-content\/uploads\/2022\/05\/restaurant-gaztelur-arcangues-salle_20210528115732-300x252.jpg 300w\" sizes=\"auto, (max-width: 580px) 100vw, 580px\" \/><\/a><\/p><p class=\"store_locator_excerpt\">Gaztelur (Arcangues) \u00c0 seulement 8 minutes du centre de\u00a0Biarritz, le domaine de\u00a0Gaztelur\u00a0\u00e0\u00a0Arcangues\u00a0b\u00e9n\u00e9ficie d\u2019un cadre unique.\u00a0Au milieu d\u2019un parc de 3 hectares, le domaine offre un environnement verdoyant, et magnifiquement fleuri,...<\/p><p class=\"store_locator_address\"><span class=\"store_locator_street\">Chem. de Gastelhur<br\/><\/span> <span class=\"store_locator_zip\">64200<\/span> <span class=\"store_locator_city\">Arcangues<br\/><\/span> <span class=\"store_locator_region\">Pyr\u00e9n\u00e9es-Atlantiques<\/span> <\/p><p class=\"store_locator_contact\"><span class=\"store_locator_tel\">Tel.: <a href=\"tel:+33 05 59 23 04 06\">+33 05 59 23 04 06<\/a><br\/><\/span><span class=\"store_locator_email\">Email: <a href=\"mailto:info@gaztelur.com\">info@gaztelur.com<\/a><br\/><\/span><span class=\"store_locator_website\">Website: <a href=\"https:\/\/gaztelur.com\/\">https:\/\/gaztelur.com\/<\/a><br\/><\/span><\/p><\/div>`,\n      });\n\n    marker16.addListener(\"click\", () => {\n        infowindow16.open({\n          anchor: marker16,\n          map,\n          shouldFocus: false,\n        });\n    });marker17 = new google.maps.Marker({position: {lat: 43.4233428, lng: -1.6087228},map,title: \"Getaria\",});\n    markers.push(marker17);\n    const infowindow17 = new google.maps.InfoWindow({\n        content: `<div id=\"store_locator_infowindow_40198\" class=\"store_locator_infowindow\"><div class=\"store-locator-col-sm-12 store_locator_details\"><h3 class=\"store_locator_name\"><a href=\"https:\/\/www.visitgastroh.com\/fr\/store\/getaria\/\">Getaria<\/a><\/h3><p><a href=\"https:\/\/www.visitgastroh.com\/fr\/store\/getaria\/\"><img loading=\"lazy\" decoding=\"async\" width=\"1000\" height=\"665\" src=\"https:\/\/www.visitgastroh.com\/wp-content\/uploads\/2022\/05\/restaurant_jardin-d9ee1.jpg\" class=\"attachment-post-thumbnail size-post-thumbnail wp-post-image\" alt=\"\" srcset=\"https:\/\/www.visitgastroh.com\/wp-content\/uploads\/2022\/05\/restaurant_jardin-d9ee1.jpg 1000w, https:\/\/www.visitgastroh.com\/wp-content\/uploads\/2022\/05\/restaurant_jardin-d9ee1-300x200.jpg 300w, https:\/\/www.visitgastroh.com\/wp-content\/uploads\/2022\/05\/restaurant_jardin-d9ee1-768x511.jpg 768w, https:\/\/www.visitgastroh.com\/wp-content\/uploads\/2022\/05\/restaurant_jardin-d9ee1-900x600.jpg 900w\" sizes=\"auto, (max-width: 1000px) 100vw, 1000px\" \/><\/a><\/p><p class=\"store_locator_excerpt\">Getaria (Gu\u00e9thary) Notre\u00a0jardin\u00a0cach\u00e9, v\u00e9ritable havre de paix, est le cadre id\u00e9al pour un d\u00eener d\u2019exception\u00a0: calme et romantisme \u00e0 deux pas de l\u2019agitation du littoral. Le chef\u00a0Claude Calvet et son...<\/p><p class=\"store_locator_address\"><span class=\"store_locator_street\">360 Av. du G\u00e9n\u00e9ral de Gaulle<br\/><\/span> <span class=\"store_locator_zip\">64210<\/span> <span class=\"store_locator_city\">Gu\u00e9thary<br\/><\/span> <span class=\"store_locator_region\">Pyr\u00e9n\u00e9es-Atlantiques<\/span> <\/p><p class=\"store_locator_contact\"><span class=\"store_locator_tel\">Tel.: <a href=\"tel:+33 05 59 51 24 11\">+33 05 59 51 24 11<\/a><br\/><\/span><span class=\"store_locator_email\">Email: <a href=\"mailto:getaria@hotmail.fr\">getaria@hotmail.fr<\/a><br\/><\/span><span class=\"store_locator_website\">Website: <a href=\"https:\/\/getaria.fr\/\">https:\/\/getaria.fr\/<\/a><br\/><\/span><\/p><\/div>`,\n      });\n\n    marker17.addListener(\"click\", () => {\n        infowindow17.open({\n          anchor: marker17,\n          map,\n          shouldFocus: false,\n        });\n    });marker18 = new google.maps.Marker({position: {lat: 43.4906629, lng: -1.4725696},map,title: \"Goxoki\",});\n    markers.push(marker18);\n    const infowindow18 = new google.maps.InfoWindow({\n        content: `<div id=\"store_locator_infowindow_26864\" class=\"store_locator_infowindow\"><div class=\"store-locator-col-sm-12 store_locator_details\"><h3 class=\"store_locator_name\"><a href=\"https:\/\/www.visitgastroh.com\/fr\/store\/goxoki\/\">Goxoki<\/a><\/h3><p><a href=\"https:\/\/www.visitgastroh.com\/fr\/store\/goxoki\/\"><img loading=\"lazy\" decoding=\"async\" width=\"240\" height=\"320\" src=\"https:\/\/www.visitgastroh.com\/wp-content\/uploads\/2022\/03\/Photo-GOXOKI-3.jpg\" class=\"attachment-post-thumbnail size-post-thumbnail wp-post-image\" alt=\"\" srcset=\"https:\/\/www.visitgastroh.com\/wp-content\/uploads\/2022\/03\/Photo-GOXOKI-3.jpg 240w, https:\/\/www.visitgastroh.com\/wp-content\/uploads\/2022\/03\/Photo-GOXOKI-3-225x300.jpg 225w\" sizes=\"auto, (max-width: 240px) 100vw, 240px\" \/><\/a><\/p><p class=\"store_locator_excerpt\">Goxoki (Bayonne ) Restaurant gastronomique familial. Le Goxoki c\u2019est l\u2019endroit chaleureux en basque. Un nom tout indiqu\u00e9 pour ce restaurant gastronomique familial du petit Bayonne. Sa cuisine fait part belle...<\/p><p class=\"store_locator_address\"><span class=\"store_locator_street\">24 rue Marengo<br\/><\/span> <span class=\"store_locator_zip\">64100<\/span> <span class=\"store_locator_city\">Bayonne <br\/><\/span> <span class=\"store_locator_region\">Pyr\u00e9n\u00e9es-Atlantiques <\/span> <\/p><p class=\"store_locator_contact\"><span class=\"store_locator_tel\">Tel.: <a href=\"tel:+33559594989\">+33559594989<\/a><br\/><\/span><span class=\"store_locator_email\">Email: <a href=\"mailto:hourcastagnou@gmail.com\">hourcastagnou@gmail.com<\/a><br\/><\/span><span class=\"store_locator_website\">Website: <a href=\"https:\/\/www.restaurant-goxoki.fr\/\">https:\/\/www.restaurant-goxoki.fr\/<\/a><br\/><\/span><\/p><\/div>`,\n      });\n\n    marker18.addListener(\"click\", () => {\n        infowindow18.open({\n          anchor: marker18,\n          map,\n          shouldFocus: false,\n        });\n    });marker19 = new google.maps.Marker({position: {lat: 43.312739, lng: -1.580979},map,title: \"H\u00f4tel Arraya\",});\n    markers.push(marker19);\n    const infowindow19 = new google.maps.InfoWindow({\n        content: `<div id=\"store_locator_infowindow_26680\" class=\"store_locator_infowindow\"><div class=\"store-locator-col-sm-12 store_locator_details\"><h3 class=\"store_locator_name\"><a href=\"https:\/\/www.visitgastroh.com\/fr\/store\/hotel-arraya\/\">H\u00f4tel Arraya<\/a><\/h3><p><a href=\"https:\/\/www.visitgastroh.com\/fr\/store\/hotel-arraya\/\"><img loading=\"lazy\" decoding=\"async\" width=\"1536\" height=\"1022\" src=\"https:\/\/www.visitgastroh.com\/wp-content\/uploads\/2022\/03\/DSC_4450-1536x1022-1.jpg\" class=\"attachment-post-thumbnail size-post-thumbnail wp-post-image\" alt=\"\" srcset=\"https:\/\/www.visitgastroh.com\/wp-content\/uploads\/2022\/03\/DSC_4450-1536x1022-1.jpg 1536w, https:\/\/www.visitgastroh.com\/wp-content\/uploads\/2022\/03\/DSC_4450-1536x1022-1-300x200.jpg 300w, https:\/\/www.visitgastroh.com\/wp-content\/uploads\/2022\/03\/DSC_4450-1536x1022-1-1024x681.jpg 1024w, https:\/\/www.visitgastroh.com\/wp-content\/uploads\/2022\/03\/DSC_4450-1536x1022-1-768x511.jpg 768w, https:\/\/www.visitgastroh.com\/wp-content\/uploads\/2022\/03\/DSC_4450-1536x1022-1-900x600.jpg 900w\" sizes=\"auto, (max-width: 1536px) 100vw, 1536px\" \/><\/a><\/p><p class=\"store_locator_excerpt\">H\u00f4tel Arraya (Sare) Dans un ancien relais de compostelle du 16\u00e8me si\u00e8cle, nous vous accueillons dans une ambiance familiale dans nos 15 chambres de charme et notre restaurant proposant une...<\/p><p class=\"store_locator_address\"><span class=\"store_locator_street\">Place du village<br\/><\/span> <span class=\"store_locator_zip\">64310<\/span> <span class=\"store_locator_city\">Sare<br\/><\/span> <span class=\"store_locator_region\">Pyr\u00e9n\u00e9es-Atlantiques<\/span> <\/p><p class=\"store_locator_contact\"><span class=\"store_locator_tel\">Tel.: <a href=\"tel:+33 559542046\">+33 559542046<\/a><br\/><\/span><span class=\"store_locator_email\">Email: <a href=\"mailto:hotel@arraya.com\">hotel@arraya.com<\/a><br\/><\/span><span class=\"store_locator_mobile\">Mobile: <a href=\"tel:+33 632675544\">+33 632675544<\/a><br\/><\/span><span class=\"store_locator_website\">Website: <a href=\"https:\/\/www.arraya.com\/\">https:\/\/www.arraya.com\/<\/a><br\/><\/span><\/p><\/div>`,\n      });\n\n    marker19.addListener(\"click\", () => {\n        infowindow19.open({\n          anchor: marker19,\n          map,\n          shouldFocus: false,\n        });\n    });marker20 = new google.maps.Marker({position: {lat: 43.4886048, lng: -1.4770879},map,title: \"H\u00f4tel des Basses Pyr\u00e9n\u00e9es\",});\n    markers.push(marker20);\n    const infowindow20 = new google.maps.InfoWindow({\n        content: `<div id=\"store_locator_infowindow_30199\" class=\"store_locator_infowindow\"><div class=\"store-locator-col-sm-12 store_locator_details\"><h3 class=\"store_locator_name\"><a href=\"https:\/\/www.visitgastroh.com\/fr\/store\/hotel-des-basses-pyrenees\/\">H\u00f4tel des Basses Pyr\u00e9n\u00e9es<\/a><\/h3><p><a href=\"https:\/\/www.visitgastroh.com\/fr\/store\/hotel-des-basses-pyrenees\/\"><img loading=\"lazy\" decoding=\"async\" width=\"1536\" height=\"1021\" src=\"https:\/\/www.visitgastroh.com\/wp-content\/uploads\/2022\/03\/basses-pyrenees-2019-022-scaled-e1616149643569-1536x1021-1.jpg\" class=\"attachment-post-thumbnail size-post-thumbnail wp-post-image\" alt=\"\" srcset=\"https:\/\/www.visitgastroh.com\/wp-content\/uploads\/2022\/03\/basses-pyrenees-2019-022-scaled-e1616149643569-1536x1021-1.jpg 1536w, https:\/\/www.visitgastroh.com\/wp-content\/uploads\/2022\/03\/basses-pyrenees-2019-022-scaled-e1616149643569-1536x1021-1-300x199.jpg 300w, https:\/\/www.visitgastroh.com\/wp-content\/uploads\/2022\/03\/basses-pyrenees-2019-022-scaled-e1616149643569-1536x1021-1-1024x681.jpg 1024w, https:\/\/www.visitgastroh.com\/wp-content\/uploads\/2022\/03\/basses-pyrenees-2019-022-scaled-e1616149643569-1536x1021-1-768x511.jpg 768w\" sizes=\"auto, (max-width: 1536px) 100vw, 1536px\" \/><\/a><\/p><p class=\"store_locator_excerpt\">H\u00f4tel des Basses Pyr\u00e9n\u00e9es (BAYONNE) HBP, Le restaurant des Basses Pyr\u00e9n\u00e9es Le restaurant de l&#8217;h\u00f4tel des Basses Pyr\u00e9n\u00e9es est une table gourmande o\u00f9 le chef S\u00e9bastien OUDILL et toute son...<\/p><p class=\"store_locator_address\"><span class=\"store_locator_street\">1 place des Victoires<br\/><\/span> <span class=\"store_locator_zip\">64100<\/span> <span class=\"store_locator_city\">Bayonne <br\/><\/span> <span class=\"store_locator_region\">Pyr\u00e9n\u00e9es-Atlantiques<\/span> <\/p><p class=\"store_locator_contact\"><span class=\"store_locator_tel\">Tel.: <a href=\"tel:+33(0)559257088\">+33(0)559257088<\/a><br\/><\/span><span class=\"store_locator_email\">Email: <a href=\"mailto:contact@hoteldesbassespyrenees.com\">contact@hoteldesbassespyrenees.com<\/a><br\/><\/span><span class=\"store_locator_website\">Website: <a href=\"https:\/\/www.hotel-bassespyrenees-bayonne.com\">https:\/\/www.hotel-bassespyrenees-bayonne.com<\/a><br\/><\/span><\/p><\/div>`,\n      });\n\n    marker20.addListener(\"click\", () => {\n        infowindow20.open({\n          anchor: marker20,\n          map,\n          shouldFocus: false,\n        });\n    });marker21 = new google.maps.Marker({position: {lat: 43.327408, lng: -1.032999},map,title: \"HOTEL RESTAURANT DU MIDI\",});\n    markers.push(marker21);\n    const infowindow21 = new google.maps.InfoWindow({\n        content: `<div id=\"store_locator_infowindow_26738\" class=\"store_locator_infowindow\"><div class=\"store-locator-col-sm-12 store_locator_details\"><h3 class=\"store_locator_name\"><a href=\"https:\/\/www.visitgastroh.com\/fr\/store\/hotel-restaurant-du-midi\/\">HOTEL RESTAURANT DU MIDI<\/a><\/h3><p><a href=\"https:\/\/www.visitgastroh.com\/fr\/store\/hotel-restaurant-du-midi\/\"><img loading=\"lazy\" decoding=\"async\" width=\"1536\" height=\"1024\" src=\"https:\/\/www.visitgastroh.com\/wp-content\/uploads\/2022\/03\/facade-hotel-2015-003-1536x1024-1.jpg\" class=\"attachment-post-thumbnail size-post-thumbnail wp-post-image\" alt=\"\" srcset=\"https:\/\/www.visitgastroh.com\/wp-content\/uploads\/2022\/03\/facade-hotel-2015-003-1536x1024-1.jpg 1536w, https:\/\/www.visitgastroh.com\/wp-content\/uploads\/2022\/03\/facade-hotel-2015-003-1536x1024-1-300x200.jpg 300w, https:\/\/www.visitgastroh.com\/wp-content\/uploads\/2022\/03\/facade-hotel-2015-003-1536x1024-1-1024x683.jpg 1024w, https:\/\/www.visitgastroh.com\/wp-content\/uploads\/2022\/03\/facade-hotel-2015-003-1536x1024-1-768x512.jpg 768w, https:\/\/www.visitgastroh.com\/wp-content\/uploads\/2022\/03\/facade-hotel-2015-003-1536x1024-1-900x600.jpg 900w\" sizes=\"auto, (max-width: 1536px) 100vw, 1536px\" \/><\/a><\/p><p class=\"store_locator_excerpt\">Hotel Restaurant Du Midi (Saint Palais) L&#8217; Hotel Restaurant du Midi vous accueille pour vous servir une cuisine de tradition \u00e0 partir de produits r\u00e9gionaux comme des ris d&#8217;agneaux aux...<\/p><p class=\"store_locator_address\"><span class=\"store_locator_street\">12 Place du foirail<br\/><\/span> <span class=\"store_locator_zip\">64120<\/span> <span class=\"store_locator_city\">Saint Palais<br\/><\/span> <span class=\"store_locator_region\">Pyr\u00e9n\u00e9es-Atlantiques<\/span> <\/p><p class=\"store_locator_contact\"><span class=\"store_locator_tel\">Tel.: <a href=\"tel:+33 0559657064\">+33 0559657064<\/a><br\/><\/span><span class=\"store_locator_email\">Email: <a href=\"mailto:HOTMIDI@SFR.FR\">HOTMIDI@SFR.FR<\/a><br\/><\/span><span class=\"store_locator_website\">Website: <a href=\"https:\/\/hotel-midi.jimdofree.com\/ \">https:\/\/hotel-midi.jimdofree.com\/ <\/a><br\/><\/span><\/p><\/div>`,\n      });\n\n    marker21.addListener(\"click\", () => {\n        infowindow21.open({\n          anchor: marker21,\n          map,\n          shouldFocus: false,\n        });\n    });marker22 = new google.maps.Marker({position: {lat: 43.3401325, lng: -1.4479622},map,title: \"HOTEL RESTAURANT EUZKADI\",});\n    markers.push(marker22);\n    const infowindow22 = new google.maps.InfoWindow({\n        content: `<div id=\"store_locator_infowindow_30145\" class=\"store_locator_infowindow\"><div class=\"store-locator-col-sm-12 store_locator_details\"><h3 class=\"store_locator_name\"><a href=\"https:\/\/www.visitgastroh.com\/fr\/store\/hotel-restaurant-euzkadi\/\">HOTEL RESTAURANT EUZKADI<\/a><\/h3><p><a href=\"https:\/\/www.visitgastroh.com\/fr\/store\/hotel-restaurant-euzkadi\/\"><img loading=\"lazy\" decoding=\"async\" width=\"628\" height=\"540\" src=\"https:\/\/www.visitgastroh.com\/wp-content\/uploads\/2022\/03\/facade-3-etoiles-2.jpg\" class=\"attachment-post-thumbnail size-post-thumbnail wp-post-image\" alt=\"\" srcset=\"https:\/\/www.visitgastroh.com\/wp-content\/uploads\/2022\/03\/facade-3-etoiles-2.jpg 628w, https:\/\/www.visitgastroh.com\/wp-content\/uploads\/2022\/03\/facade-3-etoiles-2-300x258.jpg 300w\" sizes=\"auto, (max-width: 628px) 100vw, 628px\" \/><\/a><\/p><p class=\"store_locator_excerpt\">HOTEL RESTAURANT EUZKADI (ESPELETTE) Depuis 1873, l&#8217;h\u00f4tel restaurant Euzkadi appartient \u00e0 la m\u00eame famille. D&#8217;une auberge r\u00e9put\u00e9e gr\u00e2ce aux grands march\u00e9s qui se tenaient tous les mercredis \u00e0 Espelette, l&#8217;h\u00f4tel...<\/p><p class=\"store_locator_address\"><span class=\"store_locator_street\">285 karrika nagusia<br\/><\/span> <span class=\"store_locator_zip\">64250<\/span> <span class=\"store_locator_city\">Espelette<br\/><\/span> <span class=\"store_locator_region\">Pyr\u00e9n\u00e9es-Atlantiques  <\/span> <\/p><p class=\"store_locator_contact\"><span class=\"store_locator_tel\">Tel.: <a href=\"tel:+33 5 59 93 91 88\">+33 5 59 93 91 88<\/a><br\/><\/span><span class=\"store_locator_email\">Email: <a href=\"mailto:contact@hotel-restaurant-euzkadi.com\">contact@hotel-restaurant-euzkadi.com<\/a><br\/><\/span><span class=\"store_locator_website\">Website: <a href=\"https:\/\/www.hotel-restaurant-euzkadi.com\/\">https:\/\/www.hotel-restaurant-euzkadi.com\/<\/a><br\/><\/span><\/p><\/div>`,\n      });\n\n    marker22.addListener(\"click\", () => {\n        infowindow22.open({\n          anchor: marker22,\n          map,\n          shouldFocus: false,\n        });\n    });marker23 = new google.maps.Marker({position: {lat: 43.4912181, lng: -1.5516622},map,title: \"Iqori\",});\n    markers.push(marker23);\n    const infowindow23 = new google.maps.InfoWindow({\n        content: `<div id=\"store_locator_infowindow_40121\" class=\"store_locator_infowindow\"><div class=\"store-locator-col-sm-12 store_locator_details\"><h3 class=\"store_locator_name\"><a href=\"https:\/\/www.visitgastroh.com\/fr\/store\/iqori\/\">Iqori<\/a><\/h3><p><a href=\"https:\/\/www.visitgastroh.com\/fr\/store\/iqori\/\"><img loading=\"lazy\" decoding=\"async\" width=\"600\" height=\"337\" src=\"https:\/\/www.visitgastroh.com\/wp-content\/uploads\/2022\/05\/iqory.webp\" class=\"attachment-post-thumbnail size-post-thumbnail wp-post-image\" alt=\"\" srcset=\"https:\/\/www.visitgastroh.com\/wp-content\/uploads\/2022\/05\/iqory.webp 600w, https:\/\/www.visitgastroh.com\/wp-content\/uploads\/2022\/05\/iqory-300x169.webp 300w\" sizes=\"auto, (max-width: 600px) 100vw, 600px\" \/><\/a><\/p><p class=\"store_locator_excerpt\">Iqori (Biarritz) Notre chef aime mettre en valeur les tr\u00e9sors du terroir avec une carte bistronomique de qualit\u00e9. Int\u00e9rieur \u00e0 l\u2019atmosph\u00e8re feutr\u00e9e ou terrasse avec vue sur le phare, le...<\/p><p class=\"store_locator_address\"><span class=\"store_locator_street\">52 avenue de l\\' imp\u00e9ratrice<br\/><\/span> <span class=\"store_locator_zip\">64200<\/span> <span class=\"store_locator_city\">Biarritz<br\/><\/span> <span class=\"store_locator_region\">Pyr\u00e9n\u00e9es-Atlantiques <\/span> <\/p><p class=\"store_locator_contact\"><span class=\"store_locator_tel\">Tel.: <a href=\"tel:+33559413309\">+33559413309<\/a><br\/><\/span><span class=\"store_locator_email\">Email: <a href=\"mailto:h2050-dm@accor.com\">h2050-dm@accor.com<\/a><br\/><\/span><span class=\"store_locator_website\">Website: <a href=\"https:\/\/restaurantsandbars.accor.com\/fr\/restaurant\/2050_R001\">https:\/\/restaurantsandbars.accor.com\/fr\/restaurant\/2050_R001<\/a><br\/><\/span><\/p><\/div>`,\n      });\n\n    marker23.addListener(\"click\", () => {\n        infowindow23.open({\n          anchor: marker23,\n          map,\n          shouldFocus: false,\n        });\n    });marker24 = new google.maps.Marker({position: {lat: 43.3320261, lng: -1.4115398},map,title: \"Ithurria\",});\n    markers.push(marker24);\n    const infowindow24 = new google.maps.InfoWindow({\n        content: `<div id=\"store_locator_infowindow_39768\" class=\"store_locator_infowindow\"><div class=\"store-locator-col-sm-12 store_locator_details\"><h3 class=\"store_locator_name\"><a href=\"https:\/\/www.visitgastroh.com\/fr\/store\/ithurria\/\">Ithurria<\/a><\/h3><p><a href=\"https:\/\/www.visitgastroh.com\/fr\/store\/ithurria\/\"><img loading=\"lazy\" decoding=\"async\" width=\"2000\" height=\"1333\" src=\"https:\/\/www.visitgastroh.com\/wp-content\/uploads\/2022\/05\/resto-8.jpg\" class=\"attachment-post-thumbnail size-post-thumbnail wp-post-image\" alt=\"\" srcset=\"https:\/\/www.visitgastroh.com\/wp-content\/uploads\/2022\/05\/resto-8.jpg 2000w, https:\/\/www.visitgastroh.com\/wp-content\/uploads\/2022\/05\/resto-8-300x200.jpg 300w, https:\/\/www.visitgastroh.com\/wp-content\/uploads\/2022\/05\/resto-8-1024x682.jpg 1024w, https:\/\/www.visitgastroh.com\/wp-content\/uploads\/2022\/05\/resto-8-768x512.jpg 768w, https:\/\/www.visitgastroh.com\/wp-content\/uploads\/2022\/05\/resto-8-1536x1024.jpg 1536w, https:\/\/www.visitgastroh.com\/wp-content\/uploads\/2022\/05\/resto-8-900x600.jpg 900w\" sizes=\"auto, (max-width: 2000px) 100vw, 2000px\" \/><\/a><\/p><p class=\"store_locator_excerpt\">Ithurria (Ainhoa) Avec des airs de jeunesse et de modernit\u00e9, la cuisine remarquablement ma\u00eetris\u00e9e de Xavier est fid\u00e8le \u00e0 la tradition maison : le march\u00e9 faisant loi, les produits sont...<\/p><p class=\"store_locator_address\"><span class=\"store_locator_street\">Place du Fronton<br\/><\/span> <span class=\"store_locator_zip\">64250<\/span> <span class=\"store_locator_city\">Ainhoa<br\/><\/span> <span class=\"store_locator_region\">Pyr\u00e9n\u00e9es-Atlantiques<\/span> <\/p><p class=\"store_locator_contact\"><span class=\"store_locator_tel\">Tel.: <a href=\"tel:+33 05 59 29 92 11\">+33 05 59 29 92 11<\/a><br\/><\/span><span class=\"store_locator_email\">Email: <a href=\"mailto:hotel@ithurria.com\">hotel@ithurria.com<\/a><br\/><\/span><span class=\"store_locator_website\">Website: <a href=\"https:\/\/www.ithurria.com\/fr\/\">https:\/\/www.ithurria.com\/fr\/<\/a><br\/><\/span><\/p><\/div>`,\n      });\n\n    marker24.addListener(\"click\", () => {\n        infowindow24.open({\n          anchor: marker24,\n          map,\n          shouldFocus: false,\n        });\n    });marker25 = new google.maps.Marker({position: {lat: 43.347989, lng: -1.6208872},map,title: \"Kinka Restaurant bar\",});\n    markers.push(marker25);\n    const infowindow25 = new google.maps.InfoWindow({\n        content: `<div id=\"store_locator_infowindow_27177\" class=\"store_locator_infowindow\"><div class=\"store-locator-col-sm-12 store_locator_details\"><h3 class=\"store_locator_name\"><a href=\"https:\/\/www.visitgastroh.com\/fr\/store\/kinka-restaurant-bar\/\">Kinka Restaurant bar<\/a><\/h3><p><a href=\"https:\/\/www.visitgastroh.com\/fr\/store\/kinka-restaurant-bar\/\"><img loading=\"lazy\" decoding=\"async\" width=\"550\" height=\"550\" src=\"https:\/\/www.visitgastroh.com\/wp-content\/uploads\/2022\/03\/tl-10.jpg\" class=\"attachment-post-thumbnail size-post-thumbnail wp-post-image\" alt=\"\" srcset=\"https:\/\/www.visitgastroh.com\/wp-content\/uploads\/2022\/03\/tl-10.jpg 550w, https:\/\/www.visitgastroh.com\/wp-content\/uploads\/2022\/03\/tl-10-300x300.jpg 300w, https:\/\/www.visitgastroh.com\/wp-content\/uploads\/2022\/03\/tl-10-150x150.jpg 150w, https:\/\/www.visitgastroh.com\/wp-content\/uploads\/2022\/03\/tl-10-100x100.jpg 100w, https:\/\/www.visitgastroh.com\/wp-content\/uploads\/2022\/03\/tl-10-140x140.jpg 140w, https:\/\/www.visitgastroh.com\/wp-content\/uploads\/2022\/03\/tl-10-500x500.jpg 500w, https:\/\/www.visitgastroh.com\/wp-content\/uploads\/2022\/03\/tl-10-350x350.jpg 350w\" sizes=\"auto, (max-width: 550px) 100vw, 550px\" \/><\/a><\/p><p class=\"store_locator_excerpt\">Kinka restaurant et bar (Saint P\u00e9e sur Nivelle) Restaurant gourmand au premier \u00e9tage du complexe sportif Kinka Sport et Gourmandise. Cuisine locale du march\u00e9. Grande terrasse ombrag\u00e9e plein sud avec...<\/p><p class=\"store_locator_address\"><span class=\"store_locator_street\">684, rue de Errota Berria<br\/><\/span> <span class=\"store_locator_zip\">64310<\/span> <span class=\"store_locator_city\">Saint P\u00e9e sur Nivelle<br\/><\/span> <span class=\"store_locator_region\">Pyr\u00e9n\u00e9es-Atlantiques <\/span> <\/p><p class=\"store_locator_contact\"><span class=\"store_locator_tel\">Tel.: <a href=\"tel:+33559236767\">+33559236767<\/a><br\/><\/span><span class=\"store_locator_email\">Email: <a href=\"mailto:restaurant@kinka.eus\">restaurant@kinka.eus<\/a><br\/><\/span><span class=\"store_locator_website\">Website: <a href=\"https:\/\/www.kinka.eus\/fr\/restaurant-2\/restaurant\">https:\/\/www.kinka.eus\/fr\/restaurant-2\/restaurant<\/a><br\/><\/span><\/p><\/div>`,\n      });\n\n    marker25.addListener(\"click\", () => {\n        infowindow25.open({\n          anchor: marker25,\n          map,\n          shouldFocus: false,\n        });\n    });marker26 = new google.maps.Marker({position: {lat: 43.4494507, lng: -1.5450388},map,title: \"L'Atelier\",});\n    markers.push(marker26);\n    const infowindow26 = new google.maps.InfoWindow({\n        content: `<div id=\"store_locator_infowindow_39011\" class=\"store_locator_infowindow\"><div class=\"store-locator-col-sm-12 store_locator_details\"><h3 class=\"store_locator_name\"><a href=\"https:\/\/www.visitgastroh.com\/fr\/store\/latelier\/\">L\\'Atelier<\/a><\/h3><p><a href=\"https:\/\/www.visitgastroh.com\/fr\/store\/latelier\/\"><img loading=\"lazy\" decoding=\"async\" width=\"1182\" height=\"788\" src=\"https:\/\/www.visitgastroh.com\/wp-content\/uploads\/2022\/05\/atelierab-hd-015-1182x788-1.jpg\" class=\"attachment-post-thumbnail size-post-thumbnail wp-post-image\" alt=\"\" srcset=\"https:\/\/www.visitgastroh.com\/wp-content\/uploads\/2022\/05\/atelierab-hd-015-1182x788-1.jpg 1182w, https:\/\/www.visitgastroh.com\/wp-content\/uploads\/2022\/05\/atelierab-hd-015-1182x788-1-300x200.jpg 300w, https:\/\/www.visitgastroh.com\/wp-content\/uploads\/2022\/05\/atelierab-hd-015-1182x788-1-1024x683.jpg 1024w, https:\/\/www.visitgastroh.com\/wp-content\/uploads\/2022\/05\/atelierab-hd-015-1182x788-1-768x512.jpg 768w, https:\/\/www.visitgastroh.com\/wp-content\/uploads\/2022\/05\/atelierab-hd-015-1182x788-1-900x600.jpg 900w\" sizes=\"auto, (max-width: 1182px) 100vw, 1182px\" \/><\/a><\/p><p class=\"store_locator_excerpt\">L&#8217;Atelier (Biarritz) Isabelle et Alexandre vous accueillent \u00e0 Biarritz au sein d\u2019une belle ferme basque du 18\u00e8me\u00a0si\u00e8cle, pour vous offrir un moment authentique et &#8220;comme \u00e0 la maison&#8221; au c\u0153ur...<\/p><p class=\"store_locator_address\"><span class=\"store_locator_street\">52 Rue Alan Seeger<br\/><\/span> <span class=\"store_locator_zip\">64200 <\/span> <span class=\"store_locator_city\">Biarritz<br\/><\/span> <span class=\"store_locator_region\">Pyr\u00e9n\u00e9es-Atlantiques <\/span> <\/p><p class=\"store_locator_contact\"><span class=\"store_locator_tel\">Tel.: <a href=\"tel:+33 5 59 41 10 11\">+33 5 59 41 10 11<\/a><br\/><\/span><span class=\"store_locator_email\">Email: <a href=\"mailto:restaurant@latelier-alexandrebousquet.com\">restaurant@latelier-alexandrebousquet.com<\/a><br\/><\/span><span class=\"store_locator_website\">Website: <a href=\"https:\/\/latelier-alexandrebousquet.com\/\">https:\/\/latelier-alexandrebousquet.com\/<\/a><br\/><\/span><\/p><\/div>`,\n      });\n\n    marker26.addListener(\"click\", () => {\n        infowindow26.open({\n          anchor: marker26,\n          map,\n          shouldFocus: false,\n        });\n    });marker27 = new google.maps.Marker({position: {lat: 43.3677301, lng: -1.5845674},map,title: \"L'Auberge Basque\",});\n    markers.push(marker27);\n    const infowindow27 = new google.maps.InfoWindow({\n        content: `<div id=\"store_locator_infowindow_39714\" class=\"store_locator_infowindow\"><div class=\"store-locator-col-sm-12 store_locator_details\"><h3 class=\"store_locator_name\"><a href=\"https:\/\/www.visitgastroh.com\/fr\/store\/lauberge-basque\/\">L\\'Auberge Basque<\/a><\/h3><p><a href=\"https:\/\/www.visitgastroh.com\/fr\/store\/lauberge-basque\/\"><img loading=\"lazy\" decoding=\"async\" width=\"740\" height=\"495\" src=\"https:\/\/www.visitgastroh.com\/wp-content\/uploads\/2022\/05\/auberge-basque-plat-gastronomique-restaurant-etoilejpg-740x495-1.jpg\" class=\"attachment-post-thumbnail size-post-thumbnail wp-post-image\" alt=\"\" srcset=\"https:\/\/www.visitgastroh.com\/wp-content\/uploads\/2022\/05\/auberge-basque-plat-gastronomique-restaurant-etoilejpg-740x495-1.jpg 740w, https:\/\/www.visitgastroh.com\/wp-content\/uploads\/2022\/05\/auberge-basque-plat-gastronomique-restaurant-etoilejpg-740x495-1-300x201.jpg 300w, https:\/\/www.visitgastroh.com\/wp-content\/uploads\/2022\/05\/auberge-basque-plat-gastronomique-restaurant-etoilejpg-740x495-1-400x269.jpg 400w\" sizes=\"auto, (max-width: 740px) 100vw, 740px\" \/><\/a><\/p><p class=\"store_locator_excerpt\">L&#8217;Auberge Basque (Saint-P\u00e9e-sur-Nivelle) Au c\u0153ur du Pays Basque, le chef C\u00e9dric B\u00e9chade et ses \u00e9quipes proposent une cuisine toujours en mouvement, et nourrie par un environnement riche de produits, d\u2019hommes...<\/p><p class=\"store_locator_address\"><span class=\"store_locator_street\">745 Vieille-Route-de-Saint-P\u00e9e<br\/><\/span> <span class=\"store_locator_zip\">64310<\/span> <span class=\"store_locator_city\">Saint-P\u00e9e-sur-Nivelle<br\/><\/span> <span class=\"store_locator_region\">Pyr\u00e9n\u00e9es-Atlantiques <\/span> <\/p><p class=\"store_locator_contact\"><span class=\"store_locator_tel\">Tel.: <a href=\"tel:+33 05 59 51 70 00\">+33 05 59 51 70 00<\/a><br\/><\/span><span class=\"store_locator_website\">Website: <a href=\"https:\/\/www.aubergebasque.com\/\">https:\/\/www.aubergebasque.com\/<\/a><br\/><\/span><\/p><\/div>`,\n      });\n\n    marker27.addListener(\"click\", () => {\n        infowindow27.open({\n          anchor: marker27,\n          map,\n          shouldFocus: false,\n        });\n    });marker28 = new google.maps.Marker({position: {lat: 43.4809524, lng: -1.5587599},map,title: \"L'Entre Deux\",});\n    markers.push(marker28);\n    const infowindow28 = new google.maps.InfoWindow({\n        content: `<div id=\"store_locator_infowindow_40133\" class=\"store_locator_infowindow\"><div class=\"store-locator-col-sm-12 store_locator_details\"><h3 class=\"store_locator_name\"><a href=\"https:\/\/www.visitgastroh.com\/fr\/store\/lentre-deux\/\">L\\'Entre Deux<\/a><\/h3><p><a href=\"https:\/\/www.visitgastroh.com\/fr\/store\/lentre-deux\/\"><img loading=\"lazy\" decoding=\"async\" width=\"550\" height=\"367\" src=\"https:\/\/www.visitgastroh.com\/wp-content\/uploads\/2022\/05\/l-entre-deux.jpg\" class=\"attachment-post-thumbnail size-post-thumbnail wp-post-image\" alt=\"\" srcset=\"https:\/\/www.visitgastroh.com\/wp-content\/uploads\/2022\/05\/l-entre-deux.jpg 550w, https:\/\/www.visitgastroh.com\/wp-content\/uploads\/2022\/05\/l-entre-deux-300x200.jpg 300w\" sizes=\"auto, (max-width: 550px) 100vw, 550px\" \/><\/a><\/p><p class=\"store_locator_excerpt\">L&#8217;Entre Deux (Biarritz) L&#8217;Entre Deux, c&#8217;est l&#8217;histoire de deux amis d&#8217;enfance aux destins professionnels diff\u00e9rents.\u00a0C&#8217;est la rencontre de deux caract\u00e8res affirm\u00e9s.\u00a0L&#8217;Entre Deux est un projet n\u00e9 de deux types de...<\/p><p class=\"store_locator_address\"><span class=\"store_locator_street\">5 Av. du Mar\u00e9chal Foch<br\/><\/span> <span class=\"store_locator_zip\">64200<\/span> <span class=\"store_locator_city\">Biarritz<br\/><\/span> <span class=\"store_locator_region\">Pyr\u00e9n\u00e9es-Atlantiques<\/span> <\/p><p class=\"store_locator_contact\"><span class=\"store_locator_tel\">Tel.: <a href=\"tel:+33 05 59 22 51 50\">+33 05 59 22 51 50<\/a><br\/><\/span><span class=\"store_locator_email\">Email: <a href=\"mailto:contact@lentredeuxbiarritz.com\">contact@lentredeuxbiarritz.com<\/a><br\/><\/span><span class=\"store_locator_website\">Website: <a href=\"http:\/\/www.lentredeuxbiarritz.com\/\">http:\/\/www.lentredeuxbiarritz.com\/<\/a><br\/><\/span><\/p><\/div>`,\n      });\n\n    marker28.addListener(\"click\", () => {\n        infowindow28.open({\n          anchor: marker28,\n          map,\n          shouldFocus: false,\n        });\n    });marker29 = new google.maps.Marker({position: {lat: 43.4864596, lng: -1.5504888},map,title: \"L'Impertinent\",});\n    markers.push(marker29);\n    const infowindow29 = new google.maps.InfoWindow({\n        content: `<div id=\"store_locator_infowindow_38825\" class=\"store_locator_infowindow\"><div class=\"store-locator-col-sm-12 store_locator_details\"><h3 class=\"store_locator_name\"><a href=\"https:\/\/www.visitgastroh.com\/fr\/store\/limpertinent\/\">L\\'Impertinent<\/a><\/h3><p><a href=\"https:\/\/www.visitgastroh.com\/fr\/store\/limpertinent\/\"><img loading=\"lazy\" decoding=\"async\" width=\"600\" height=\"500\" src=\"https:\/\/www.visitgastroh.com\/wp-content\/uploads\/2022\/05\/limpertinent-1.jpg\" class=\"attachment-post-thumbnail size-post-thumbnail wp-post-image\" alt=\"\" srcset=\"https:\/\/www.visitgastroh.com\/wp-content\/uploads\/2022\/05\/limpertinent-1.jpg 600w, https:\/\/www.visitgastroh.com\/wp-content\/uploads\/2022\/05\/limpertinent-1-300x250.jpg 300w\" sizes=\"auto, (max-width: 600px) 100vw, 600px\" \/><\/a><\/p><p class=\"store_locator_excerpt\">L&#8217;Impertinent (Biarritz) Les impertinents Sarah et Fabian Feldmann vous font partager la cuisine de fabian, r\u00e9alis\u00e9e avec des produits de qualit\u00e9 et de saison, en partenariat avec les producteurs locaux....<\/p><p class=\"store_locator_address\"><span class=\"store_locator_street\">5 rue d\\'Alsace<br\/><\/span> <span class=\"store_locator_zip\">64200<\/span> <span class=\"store_locator_city\">Biarritz<br\/><\/span> <span class=\"store_locator_region\">Pyr\u00e9n\u00e9es-Atlantiques<\/span> <\/p><p class=\"store_locator_contact\"><span class=\"store_locator_tel\">Tel.: <a href=\"tel:+33  05 59 51 03 67\">+33  05 59 51 03 67<\/a><br\/><\/span><span class=\"store_locator_email\">Email: <a href=\"mailto:contact@l-impertinent.fr\">contact@l-impertinent.fr<\/a><br\/><\/span><span class=\"store_locator_website\">Website: <a href=\"https:\/\/www.l-impertinent.fr\/\">https:\/\/www.l-impertinent.fr\/<\/a><br\/><\/span><\/p><\/div>`,\n      });\n\n    marker29.addListener(\"click\", () => {\n        infowindow29.open({\n          anchor: marker29,\n          map,\n          shouldFocus: false,\n        });\n    });marker30 = new google.maps.Marker({position: {lat: 43.489376, lng: -1.4732496},map,title: \"L'Inattendu\",});\n    markers.push(marker30);\n    const infowindow30 = new google.maps.InfoWindow({\n        content: `<div id=\"store_locator_infowindow_39948\" class=\"store_locator_infowindow\"><div class=\"store-locator-col-sm-12 store_locator_details\"><h3 class=\"store_locator_name\"><a href=\"https:\/\/www.visitgastroh.com\/fr\/store\/linattendu\/\">L\\'Inattendu<\/a><\/h3><p><a href=\"https:\/\/www.visitgastroh.com\/fr\/store\/linattendu\/\"><img loading=\"lazy\" decoding=\"async\" width=\"607\" height=\"341\" src=\"https:\/\/www.visitgastroh.com\/wp-content\/uploads\/2022\/05\/LInattendu_HD_006.webp\" class=\"attachment-post-thumbnail size-post-thumbnail wp-post-image\" alt=\"\" srcset=\"https:\/\/www.visitgastroh.com\/wp-content\/uploads\/2022\/05\/LInattendu_HD_006.webp 607w, https:\/\/www.visitgastroh.com\/wp-content\/uploads\/2022\/05\/LInattendu_HD_006-300x169.webp 300w\" sizes=\"auto, (max-width: 607px) 100vw, 607px\" \/><\/a><\/p><p class=\"store_locator_excerpt\">L&#8217;Inattendu (Bayonne) Au restaurant L&#8217;inattendu, la nature reprend ses droits, dans les produits d&#8217;abord, ils sont de saisons, bons, naturels et\u00a0 respect\u00e9s dans la mani\u00e8re de les travailler. Un mot...<\/p><p class=\"store_locator_address\"><span class=\"store_locator_street\"> 23 rue des cordeliers<br\/><\/span> <span class=\"store_locator_zip\">64100<\/span> <span class=\"store_locator_city\">Bayonne<br\/><\/span> <span class=\"store_locator_region\">Pyr\u00e9n\u00e9es-Atlantiques<\/span> <\/p><p class=\"store_locator_contact\"><span class=\"store_locator_tel\">Tel.: <a href=\"tel:+33 05 59 59 83 44\">+33 05 59 59 83 44<\/a><br\/><\/span><span class=\"store_locator_website\">Website: <a href=\"https:\/\/www.linattendubayonne.com\/\">https:\/\/www.linattendubayonne.com\/<\/a><br\/><\/span><\/p><\/div>`,\n      });\n\n    marker30.addListener(\"click\", () => {\n        infowindow30.open({\n          anchor: marker30,\n          map,\n          shouldFocus: false,\n        });\n    });marker31 = new google.maps.Marker({position: {lat: 43.3692436, lng: -1.692071},map,title: \"La Ferme Lizarraga\",});\n    markers.push(marker31);\n    const infowindow31 = new google.maps.InfoWindow({\n        content: `<div id=\"store_locator_infowindow_40290\" class=\"store_locator_infowindow\"><div class=\"store-locator-col-sm-12 store_locator_details\"><h3 class=\"store_locator_name\"><a href=\"https:\/\/www.visitgastroh.com\/fr\/store\/la-ferme-lizarraga\/\">La Ferme Lizarraga<\/a><\/h3><p><a href=\"https:\/\/www.visitgastroh.com\/fr\/store\/la-ferme-lizarraga\/\"><img loading=\"lazy\" decoding=\"async\" width=\"1000\" height=\"1000\" src=\"https:\/\/www.visitgastroh.com\/wp-content\/uploads\/2022\/05\/lizaza.jpg\" class=\"attachment-post-thumbnail size-post-thumbnail wp-post-image\" alt=\"\" srcset=\"https:\/\/www.visitgastroh.com\/wp-content\/uploads\/2022\/05\/lizaza.jpg 1000w, https:\/\/www.visitgastroh.com\/wp-content\/uploads\/2022\/05\/lizaza-300x300.jpg 300w, https:\/\/www.visitgastroh.com\/wp-content\/uploads\/2022\/05\/lizaza-150x150.jpg 150w, https:\/\/www.visitgastroh.com\/wp-content\/uploads\/2022\/05\/lizaza-768x768.jpg 768w, https:\/\/www.visitgastroh.com\/wp-content\/uploads\/2022\/05\/lizaza-100x100.jpg 100w, https:\/\/www.visitgastroh.com\/wp-content\/uploads\/2022\/05\/lizaza-140x140.jpg 140w, https:\/\/www.visitgastroh.com\/wp-content\/uploads\/2022\/05\/lizaza-500x500.jpg 500w, https:\/\/www.visitgastroh.com\/wp-content\/uploads\/2022\/05\/lizaza-350x350.jpg 350w, https:\/\/www.visitgastroh.com\/wp-content\/uploads\/2022\/05\/lizaza-800x800.jpg 800w\" sizes=\"auto, (max-width: 1000px) 100vw, 1000px\" \/><\/a><\/p><p class=\"store_locator_excerpt\">La Ferme Lizarraga (Urrugne) St\u00e9phane et V\u00e9ronique Poulin vous accueillent \u00e0 La Ferme Lizarraga, restaurant gastronomique situ\u00e9 \u00e0 Urrugne, \u00e0 proximit\u00e9 de Saint-Jean-de-Luz. Ambiance conviviale et douce atmosph\u00e8re dans cette...<\/p><p class=\"store_locator_address\"><span class=\"store_locator_street\">550 Chem. de Lissaraga<br\/><\/span> <span class=\"store_locator_zip\">64122 <\/span> <span class=\"store_locator_city\">Urrugne<br\/><\/span> <span class=\"store_locator_region\">Pyr\u00e9n\u00e9es-Atlantiques<\/span> <\/p><p class=\"store_locator_contact\"><span class=\"store_locator_tel\">Tel.: <a href=\"tel:+33 05 59 47 03 76\">+33 05 59 47 03 76<\/a><br\/><\/span><span class=\"store_locator_email\">Email: <a href=\"mailto:lafermelizarraga@hotmail.com\">lafermelizarraga@hotmail.com<\/a><br\/><\/span><span class=\"store_locator_website\">Website: <a href=\"https:\/\/www.saint-jean-de-luz-restaurant.com\/\">https:\/\/www.saint-jean-de-luz-restaurant.com\/<\/a><br\/><\/span><\/p><\/div>`,\n      });\n\n    marker31.addListener(\"click\", () => {\n        infowindow31.open({\n          anchor: marker31,\n          map,\n          shouldFocus: false,\n        });\n    });marker32 = new google.maps.Marker({position: {lat: 43.4906088, lng: -1.4738542},map,title: \"La Grange\",});\n    markers.push(marker32);\n    const infowindow32 = new google.maps.InfoWindow({\n        content: `<div id=\"store_locator_infowindow_39693\" class=\"store_locator_infowindow\"><div class=\"store-locator-col-sm-12 store_locator_details\"><h3 class=\"store_locator_name\"><a href=\"https:\/\/www.visitgastroh.com\/fr\/store\/la-grange\/\">La Grange<\/a><\/h3><p><a href=\"https:\/\/www.visitgastroh.com\/fr\/store\/la-grange\/\"><img loading=\"lazy\" decoding=\"async\" width=\"800\" height=\"300\" src=\"https:\/\/www.visitgastroh.com\/wp-content\/uploads\/2022\/05\/la-grange.jpg\" class=\"attachment-post-thumbnail size-post-thumbnail wp-post-image\" alt=\"\" srcset=\"https:\/\/www.visitgastroh.com\/wp-content\/uploads\/2022\/05\/la-grange.jpg 800w, https:\/\/www.visitgastroh.com\/wp-content\/uploads\/2022\/05\/la-grange-300x113.jpg 300w, https:\/\/www.visitgastroh.com\/wp-content\/uploads\/2022\/05\/la-grange-768x288.jpg 768w\" sizes=\"auto, (max-width: 800px) 100vw, 800px\" \/><\/a><\/p><p class=\"store_locator_excerpt\">La Grange (Bayonne) Au bord de la Nive le Restaurant Lagrange \u00e0 Bayonne vous accueille chaleureusement pour vous faire d\u00e9couvrir les sp\u00e9cialit\u00e9s basque et r\u00e9gionales. Depuis la terrasse chauff\u00e9e l&#8217;hiver...<\/p><p class=\"store_locator_address\"><span class=\"store_locator_street\">26 quai Galuperie, Bayonne<br\/><\/span> <span class=\"store_locator_zip\">64100<\/span> <span class=\"store_locator_city\">Bayonne <br\/><\/span> <span class=\"store_locator_region\">Pyr\u00e9n\u00e9es-Atlantiques <\/span> <\/p><p class=\"store_locator_contact\"><span class=\"store_locator_tel\">Tel.: <a href=\"tel:+33 5 59 46 17 84\">+33 5 59 46 17 84<\/a><br\/><\/span><span class=\"store_locator_website\">Website: <a href=\"https:\/\/www.lagrange-bayonne.fr\/\">https:\/\/www.lagrange-bayonne.fr\/<\/a><br\/><\/span><\/p><\/div>`,\n      });\n\n    marker32.addListener(\"click\", () => {\n        infowindow32.open({\n          anchor: marker32,\n          map,\n          shouldFocus: false,\n        });\n    });marker33 = new google.maps.Marker({position: {lat: 43.3829226, lng: -1.3243506},map,title: \"La Maison de Pierre\",});\n    markers.push(marker33);\n    const infowindow33 = new google.maps.InfoWindow({\n        content: `<div id=\"store_locator_infowindow_40271\" class=\"store_locator_infowindow\"><div class=\"store-locator-col-sm-12 store_locator_details\"><h3 class=\"store_locator_name\"><a href=\"https:\/\/www.visitgastroh.com\/fr\/store\/la-maison-de-pierre\/\">La Maison de Pierre<\/a><\/h3><p><a href=\"https:\/\/www.visitgastroh.com\/fr\/store\/la-maison-de-pierre\/\"><img loading=\"lazy\" decoding=\"async\" width=\"800\" height=\"640\" src=\"https:\/\/www.visitgastroh.com\/wp-content\/uploads\/2022\/05\/La-Maison-De-Pierre-Photo-002.jpg\" class=\"attachment-post-thumbnail size-post-thumbnail wp-post-image\" alt=\"\" srcset=\"https:\/\/www.visitgastroh.com\/wp-content\/uploads\/2022\/05\/La-Maison-De-Pierre-Photo-002.jpg 800w, https:\/\/www.visitgastroh.com\/wp-content\/uploads\/2022\/05\/La-Maison-De-Pierre-Photo-002-300x240.jpg 300w, https:\/\/www.visitgastroh.com\/wp-content\/uploads\/2022\/05\/La-Maison-De-Pierre-Photo-002-768x614.jpg 768w\" sizes=\"auto, (max-width: 800px) 100vw, 800px\" \/><\/a><\/p><p class=\"store_locator_excerpt\">La Maison de Pierre (Hasparren) La cuisine de Nicolas fait la part belle aux sauces, elles seront le fil conducteur dans cette escapade culinaire qui s&#8217;ach\u00e8vera par les desserts de...<\/p><p class=\"store_locator_address\"><span class=\"store_locator_street\">Route De Cambo Quartier<br\/><\/span> <span class=\"store_locator_zip\">64240 <\/span> <span class=\"store_locator_city\">Hasparren<br\/><\/span> <span class=\"store_locator_region\">Pyr\u00e9n\u00e9es-Atlantiques<\/span> <\/p><p class=\"store_locator_contact\"><span class=\"store_locator_tel\">Tel.: <a href=\"tel:+33 05 59 93 40 49\">+33 05 59 93 40 49<\/a><br\/><\/span><span class=\"store_locator_email\">Email: <a href=\"mailto:contact@lamaisondepierre.fr\">contact@lamaisondepierre.fr<\/a><br\/><\/span><span class=\"store_locator_website\">Website: <a href=\"https:\/\/www.lamaisondepierre.fr\/\">https:\/\/www.lamaisondepierre.fr\/<\/a><br\/><\/span><\/p><\/div>`,\n      });\n\n    marker33.addListener(\"click\", () => {\n        infowindow33.open({\n          anchor: marker33,\n          map,\n          shouldFocus: false,\n        });\n    });marker34 = new google.maps.Marker({position: {lat: 43.4867958, lng: -1.5562046},map,title: \"La Rotonde\",});\n    markers.push(marker34);\n    const infowindow34 = new google.maps.InfoWindow({\n        content: `<div id=\"store_locator_infowindow_39964\" class=\"store_locator_infowindow\"><div class=\"store-locator-col-sm-12 store_locator_details\"><h3 class=\"store_locator_name\"><a href=\"https:\/\/www.visitgastroh.com\/fr\/store\/la-rotonde\/\">La Rotonde<\/a><\/h3><p><a href=\"https:\/\/www.visitgastroh.com\/fr\/store\/la-rotonde\/\"><img loading=\"lazy\" decoding=\"async\" width=\"1280\" height=\"960\" src=\"https:\/\/www.visitgastroh.com\/wp-content\/uploads\/2022\/05\/BIQUB-P0351-Larotonde.4x3.webp\" class=\"attachment-post-thumbnail size-post-thumbnail wp-post-image\" alt=\"\" srcset=\"https:\/\/www.visitgastroh.com\/wp-content\/uploads\/2022\/05\/BIQUB-P0351-Larotonde.4x3.webp 1280w, https:\/\/www.visitgastroh.com\/wp-content\/uploads\/2022\/05\/BIQUB-P0351-Larotonde.4x3-300x225.webp 300w, https:\/\/www.visitgastroh.com\/wp-content\/uploads\/2022\/05\/BIQUB-P0351-Larotonde.4x3-1024x768.webp 1024w, https:\/\/www.visitgastroh.com\/wp-content\/uploads\/2022\/05\/BIQUB-P0351-Larotonde.4x3-768x576.webp 768w\" sizes=\"auto, (max-width: 1280px) 100vw, 1280px\" \/><\/a><\/p><p class=\"store_locator_excerpt\">La Rotonde (Biarritz) Venez vivre des exp\u00e9riences culinaires raffin\u00e9es, inspir\u00e9es de produits locaux embl\u00e9matiques du Pays Basque. Au restaurant La Rotonde, le Chef Aur\u00e9lien Largeau vous propose sa vision cr\u00e9ative...<\/p><p class=\"store_locator_address\"><span class=\"store_locator_street\">1 Avenue de l\\'Imp\u00e9ratrice<br\/><\/span> <span class=\"store_locator_zip\">64200<\/span> <span class=\"store_locator_city\">Biarritz<br\/><\/span> <span class=\"store_locator_region\">Pyr\u00e9n\u00e9es-Atlantiques<\/span> <\/p><p class=\"store_locator_contact\"><span class=\"store_locator_tel\">Tel.: <a href=\"tel:+33 5 59 41 12 34 \">+33 5 59 41 12 34 <\/a><br\/><\/span><span class=\"store_locator_website\">Website: <a href=\"https:\/\/www.hyatt.com\/fr-FR\/hotel\/france\/hotel-du-palais-biarritz\/biqub\/dining?src=corp_lclb_gmb_seo_larotonde\">https:\/\/www.hyatt.com\/fr-FR\/hotel\/france\/hotel-du-palais-biarritz\/biqub\/dining?src=corp_lclb_gmb_seo_larotonde<\/a><br\/><\/span><\/p><\/div>`,\n      });\n\n    marker34.addListener(\"click\", () => {\n        infowindow34.open({\n          anchor: marker34,\n          map,\n          shouldFocus: false,\n        });\n    });marker35 = new google.maps.Marker({position: {lat: 43.4835741, lng: -1.5470068},map,title: \"La Table d'Aranda\",});\n    markers.push(marker35);\n    const infowindow35 = new google.maps.InfoWindow({\n        content: `<div id=\"store_locator_infowindow_39956\" class=\"store_locator_infowindow\"><div class=\"store-locator-col-sm-12 store_locator_details\"><h3 class=\"store_locator_name\"><a href=\"https:\/\/www.visitgastroh.com\/fr\/store\/relief\/\">La Table d\\'Aranda<\/a><\/h3><p><a href=\"https:\/\/www.visitgastroh.com\/fr\/store\/relief\/\"><img loading=\"lazy\" decoding=\"async\" width=\"179\" height=\"164\" src=\"https:\/\/www.visitgastroh.com\/wp-content\/uploads\/2022\/05\/latable2.jpg\" class=\"attachment-post-thumbnail size-post-thumbnail wp-post-image\" alt=\"\" \/><\/a><\/p><p class=\"store_locator_excerpt\">La Table d&#8217;Aranda (Biarritz) La Table d&#8217;Aranda a chang\u00e9 de propri\u00e9taire depuis le 8 F\u00e9vrier 2007. Situ\u00e9 87 avenue de la Marne \u00e0 Biarritz (64), le restaurant a su conserver...<\/p><p class=\"store_locator_address\"><span class=\"store_locator_street\">87 Av. de la Marne<br\/><\/span> <span class=\"store_locator_zip\">64200<\/span> <span class=\"store_locator_city\">Biarritz<br\/><\/span> <span class=\"store_locator_region\">Pyr\u00e9n\u00e9es-Atlantiques<\/span> <\/p><p class=\"store_locator_contact\"><span class=\"store_locator_tel\">Tel.: <a href=\"tel:+ 33 05 59 22 16 04\">+ 33 05 59 22 16 04<\/a><br\/><\/span><span class=\"store_locator_email\">Email: <a href=\"mailto:contact@tabledaranda.fr\">contact@tabledaranda.fr<\/a><br\/><\/span><span class=\"store_locator_website\">Website: <a href=\"http:\/\/www.tabledaranda.fr\/\">http:\/\/www.tabledaranda.fr\/<\/a><br\/><\/span><\/p><\/div>`,\n      });\n\n    marker35.addListener(\"click\", () => {\n        infowindow35.open({\n          anchor: marker35,\n          map,\n          shouldFocus: false,\n        });\n    });marker36 = new google.maps.Marker({position: {lat: 43.49172739999999, lng: -1.474572},map,title: \"La Table- S\u00e9bastien Grav\u00e9\",});\n    markers.push(marker36);\n    const infowindow36 = new google.maps.InfoWindow({\n        content: `<div id=\"store_locator_infowindow_39685\" class=\"store_locator_infowindow\"><div class=\"store-locator-col-sm-12 store_locator_details\"><h3 class=\"store_locator_name\"><a href=\"https:\/\/www.visitgastroh.com\/fr\/store\/la-table-sebastien-grave\/\">La Table- S\u00e9bastien Grav\u00e9<\/a><\/h3><p><a href=\"https:\/\/www.visitgastroh.com\/fr\/store\/la-table-sebastien-grave\/\"><img loading=\"lazy\" decoding=\"async\" width=\"690\" height=\"1024\" src=\"https:\/\/www.visitgastroh.com\/wp-content\/uploads\/2022\/05\/Latable-SebastienGrave-restaurant2-690x1024-1.jpg\" class=\"attachment-post-thumbnail size-post-thumbnail wp-post-image\" alt=\"\" srcset=\"https:\/\/www.visitgastroh.com\/wp-content\/uploads\/2022\/05\/Latable-SebastienGrave-restaurant2-690x1024-1.jpg 690w, https:\/\/www.visitgastroh.com\/wp-content\/uploads\/2022\/05\/Latable-SebastienGrave-restaurant2-690x1024-1-202x300.jpg 202w\" sizes=\"auto, (max-width: 690px) 100vw, 690px\" \/><\/a><\/p><p class=\"store_locator_excerpt\">La Table &#8211; S\u00e9bastien Grav\u00e9 (Bayonne) Install\u00e9 sur les rives de la Nive, sur les quais de la ville de Bayonne, La Table de S\u00e9bastien Grav\u00e9 se veut un restaurant...<\/p><p class=\"store_locator_address\"><span class=\"store_locator_street\">21 quai Amiral-Dubourdieu<br\/><\/span> <span class=\"store_locator_zip\">64100<\/span> <span class=\"store_locator_city\">Bayonne <br\/><\/span> <span class=\"store_locator_region\">Pyr\u00e9n\u00e9es-Atlantiques<\/span> <\/p><p class=\"store_locator_contact\"><span class=\"store_locator_tel\">Tel.: <a href=\"tel:+ 33 59 46 14 94\">+ 33 59 46 14 94<\/a><br\/><\/span><span class=\"store_locator_email\">Email: <a href=\"mailto:contact@latable-sg.fr\">contact@latable-sg.fr<\/a><br\/><\/span><span class=\"store_locator_website\">Website: <a href=\"https:\/\/latable-sebastiengrave.fr\/\">https:\/\/latable-sebastiengrave.fr\/<\/a><br\/><\/span><\/p><\/div>`,\n      });\n\n    marker36.addListener(\"click\", () => {\n        infowindow36.open({\n          anchor: marker36,\n          map,\n          shouldFocus: false,\n        });\n    });marker37 = new google.maps.Marker({position: {lat: 43.4826193, lng: -1.5612869},map,title: \"Le Caf\u00e9 Basque\",});\n    markers.push(marker37);\n    const infowindow37 = new google.maps.InfoWindow({\n        content: `<div id=\"store_locator_infowindow_40150\" class=\"store_locator_infowindow\"><div class=\"store-locator-col-sm-12 store_locator_details\"><h3 class=\"store_locator_name\"><a href=\"https:\/\/www.visitgastroh.com\/fr\/store\/le-cafe-basque\/\">Le Caf\u00e9 Basque<\/a><\/h3><p><a href=\"https:\/\/www.visitgastroh.com\/fr\/store\/le-cafe-basque\/\"><img loading=\"lazy\" decoding=\"async\" width=\"600\" height=\"900\" src=\"https:\/\/www.visitgastroh.com\/wp-content\/uploads\/2022\/05\/sarah-lavoine-decoration-cafe-basque-restaurant-biarritz.jpg\" class=\"attachment-post-thumbnail size-post-thumbnail wp-post-image\" alt=\"\" srcset=\"https:\/\/www.visitgastroh.com\/wp-content\/uploads\/2022\/05\/sarah-lavoine-decoration-cafe-basque-restaurant-biarritz.jpg 600w, https:\/\/www.visitgastroh.com\/wp-content\/uploads\/2022\/05\/sarah-lavoine-decoration-cafe-basque-restaurant-biarritz-200x300.jpg 200w\" sizes=\"auto, (max-width: 600px) 100vw, 600px\" \/><\/a><\/p><p class=\"store_locator_excerpt\">Le Caf\u00e9 Basque (Biarritz) Installez-vous au\u00a0Caf\u00e9 Basque, l\u2019atout gourmand du Caf\u00e9 de Paris ! Dans cette\u00a0brasserie conviviale, tout a \u00e9t\u00e9 pens\u00e9 pour que vous passiez un moment chaleureux, hors du...<\/p><p class=\"store_locator_address\"><span class=\"store_locator_street\">5 Pl. Bellevue<br\/><\/span> <span class=\"store_locator_zip\">64200<\/span> <span class=\"store_locator_city\">Biarritz<br\/><\/span> <span class=\"store_locator_region\">Pyr\u00e9n\u00e9es-Atlantiques<\/span> <\/p><p class=\"store_locator_contact\"><span class=\"store_locator_tel\">Tel.: <a href=\"tel:+33 05 59 24 19 53\">+33 05 59 24 19 53<\/a><br\/><\/span><span class=\"store_locator_email\">Email: <a href=\"mailto:reception@hotelcafedeparis.com\">reception@hotelcafedeparis.com<\/a><br\/><\/span><span class=\"store_locator_website\">Website: <a href=\"https:\/\/www.cafe-basque.fr\/\">https:\/\/www.cafe-basque.fr\/<\/a><br\/><\/span><\/p><\/div>`,\n      });\n\n    marker37.addListener(\"click\", () => {\n        infowindow37.open({\n          anchor: marker37,\n          map,\n          shouldFocus: false,\n        });\n    });marker38 = new google.maps.Marker({position: {lat: 43.155289, lng: -1.1854425},map,title: \"Le Chalet Pedro\",});\n    markers.push(marker38);\n    const infowindow38 = new google.maps.InfoWindow({\n        content: `<div id=\"store_locator_infowindow_27237\" class=\"store_locator_infowindow\"><div class=\"store-locator-col-sm-12 store_locator_details\"><h3 class=\"store_locator_name\"><a href=\"https:\/\/www.visitgastroh.com\/fr\/store\/le-chalet-pedro\/\">Le Chalet Pedro<\/a><\/h3><p><a href=\"https:\/\/www.visitgastroh.com\/fr\/store\/le-chalet-pedro\/\"><img loading=\"lazy\" decoding=\"async\" width=\"640\" height=\"480\" src=\"https:\/\/www.visitgastroh.com\/wp-content\/uploads\/2022\/03\/DSCN1312.jpg\" class=\"attachment-post-thumbnail size-post-thumbnail wp-post-image\" alt=\"\" srcset=\"https:\/\/www.visitgastroh.com\/wp-content\/uploads\/2022\/03\/DSCN1312.jpg 640w, https:\/\/www.visitgastroh.com\/wp-content\/uploads\/2022\/03\/DSCN1312-300x225.jpg 300w\" sizes=\"auto, (max-width: 640px) 100vw, 640px\" \/><\/a><\/p><p class=\"store_locator_excerpt\">Le Chalet Pedro (Iraty Mendive) A 1000 m d&#8217;altitude, en pleine c\u0153ur de la plus grande foret de h\u00eatres d&#8217;Europe, une petite auberge vous attend pour y d\u00e9guster dans une...<\/p><p class=\"store_locator_address\"><span class=\"store_locator_street\">Foret d\\'Iraty \/ route d\\'Iraty \/ D18<br\/><\/span> <span class=\"store_locator_zip\">64220 <\/span> <span class=\"store_locator_city\">MENDIVE<br\/><\/span> <span class=\"store_locator_region\">Basse Navarre<\/span> <\/p><p class=\"store_locator_contact\"><span class=\"store_locator_tel\">Tel.: <a href=\"tel:+33559285598\">+33559285598<\/a><br\/><\/span><span class=\"store_locator_email\">Email: <a href=\"mailto:contact@chaletpedro.com\">contact@chaletpedro.com<\/a><br\/><\/span><span class=\"store_locator_website\">Website: <a href=\"http:\/\/www.chaletpedro.com\">http:\/\/www.chaletpedro.com<\/a><br\/><\/span><\/p><\/div>`,\n      });\n\n    marker38.addListener(\"click\", () => {\n        infowindow38.open({\n          anchor: marker38,\n          map,\n          shouldFocus: false,\n        });\n    });marker39 = new google.maps.Marker({position: {lat: 43.4628169, lng: -1.5318848},map,title: \"Le Ch\u00e2teau de Brindos\",});\n    markers.push(marker39);\n    const infowindow39 = new google.maps.InfoWindow({\n        content: `<div id=\"store_locator_infowindow_39643\" class=\"store_locator_infowindow\"><div class=\"store-locator-col-sm-12 store_locator_details\"><h3 class=\"store_locator_name\"><a href=\"https:\/\/www.visitgastroh.com\/fr\/store\/le-chateau-de-brindos\/\">Le Ch\u00e2teau de Brindos<\/a><\/h3><p><a href=\"https:\/\/www.visitgastroh.com\/fr\/store\/le-chateau-de-brindos\/\"><img loading=\"lazy\" decoding=\"async\" width=\"560\" height=\"373\" src=\"https:\/\/www.visitgastroh.com\/wp-content\/uploads\/2022\/05\/brindos.jpg\" class=\"attachment-post-thumbnail size-post-thumbnail wp-post-image\" alt=\"\" srcset=\"https:\/\/www.visitgastroh.com\/wp-content\/uploads\/2022\/05\/brindos.jpg 560w, https:\/\/www.visitgastroh.com\/wp-content\/uploads\/2022\/05\/brindos-300x200.jpg 300w\" sizes=\"auto, (max-width: 560px) 100vw, 560px\" \/><\/a><\/p><p class=\"store_locator_excerpt\">Le Ch\u00e2teau de Brindos (Anglet) Notre Chef\u00a0Hugo de la Barri\u00e8re\u00a0d\u00e9fend une politique locavore engag\u00e9e, mettant \u00e0 l\u2019honneur les produits et les savoir-faire du terroir, qu\u2019il consid\u00e8re comme une richesse que...<\/p><p class=\"store_locator_address\"><span class=\"store_locator_street\">1 All\u00e9e du Ch\u00e2teau<br\/><\/span> <span class=\"store_locator_zip\">64600<\/span> <span class=\"store_locator_city\">Anglet<br\/><\/span> <span class=\"store_locator_region\">Pyr\u00e9n\u00e9es-Atlantiques<\/span> <\/p><p class=\"store_locator_contact\"><span class=\"store_locator_tel\">Tel.: <a href=\"tel:+33 (0)5 59 51 53 63\">+33 (0)5 59 51 53 63<\/a><br\/><\/span><span class=\"store_locator_email\">Email: <a href=\"mailto:contact@brindos-cotebasque.com\">contact@brindos-cotebasque.com<\/a><br\/><\/span><span class=\"store_locator_website\">Website: <a href=\"https:\/\/www.brindos-cotebasque.com\/fr\/restaurant-panoramique-anglet\/\">https:\/\/www.brindos-cotebasque.com\/fr\/restaurant-panoramique-anglet\/<\/a><br\/><\/span><\/p><\/div>`,\n      });\n\n    marker39.addListener(\"click\", () => {\n        infowindow39.open({\n          anchor: marker39,\n          map,\n          shouldFocus: false,\n        });\n    });marker40 = new google.maps.Marker({position: {lat: 43.4823336, lng: -1.5580069},map,title: \"Le Clos Basque\",});\n    markers.push(marker40);\n    const infowindow40 = new google.maps.InfoWindow({\n        content: `<div id=\"store_locator_infowindow_40106\" class=\"store_locator_infowindow\"><div class=\"store-locator-col-sm-12 store_locator_details\"><h3 class=\"store_locator_name\"><a href=\"https:\/\/www.visitgastroh.com\/fr\/store\/le-clos-basque\/\">Le Clos Basque<\/a><\/h3><p><a href=\"https:\/\/www.visitgastroh.com\/fr\/store\/le-clos-basque\/\"><img loading=\"lazy\" decoding=\"async\" width=\"1000\" height=\"1000\" src=\"https:\/\/www.visitgastroh.com\/wp-content\/uploads\/2022\/05\/clos-basque.webp\" class=\"attachment-post-thumbnail size-post-thumbnail wp-post-image\" alt=\"\" srcset=\"https:\/\/www.visitgastroh.com\/wp-content\/uploads\/2022\/05\/clos-basque.webp 1000w, https:\/\/www.visitgastroh.com\/wp-content\/uploads\/2022\/05\/clos-basque-300x300.webp 300w, https:\/\/www.visitgastroh.com\/wp-content\/uploads\/2022\/05\/clos-basque-150x150.webp 150w, https:\/\/www.visitgastroh.com\/wp-content\/uploads\/2022\/05\/clos-basque-768x768.webp 768w, https:\/\/www.visitgastroh.com\/wp-content\/uploads\/2022\/05\/clos-basque-100x100.webp 100w, https:\/\/www.visitgastroh.com\/wp-content\/uploads\/2022\/05\/clos-basque-140x140.webp 140w, https:\/\/www.visitgastroh.com\/wp-content\/uploads\/2022\/05\/clos-basque-500x500.webp 500w, https:\/\/www.visitgastroh.com\/wp-content\/uploads\/2022\/05\/clos-basque-350x350.webp 350w, https:\/\/www.visitgastroh.com\/wp-content\/uploads\/2022\/05\/clos-basque-800x800.webp 800w\" sizes=\"auto, (max-width: 1000px) 100vw, 1000px\" \/><\/a><\/p><p class=\"store_locator_excerpt\">Le Clos Basque (Biarritz) Pierres apparentes et azulejos conf\u00e8rent un esprit ib\u00e9rique \u00e0 la petite salle, o\u00f9 l&#8217;on mange au coude-\u00e0-coude. Derri\u00e8re les fourneaux, le chef signe une go\u00fbteuse cuisine...<\/p><p class=\"store_locator_address\"><span class=\"store_locator_street\">12 Av. Louis Barthou<br\/><\/span> <span class=\"store_locator_zip\">64200 <\/span> <span class=\"store_locator_city\">Biarritz<br\/><\/span> <span class=\"store_locator_region\">Pyr\u00e9n\u00e9es-Atlantiques<\/span> <\/p><p class=\"store_locator_contact\"><span class=\"store_locator_tel\">Tel.: <a href=\"tel:+33 05 59 24 24 96\">+33 05 59 24 24 96<\/a><br\/><\/span><span class=\"store_locator_email\">Email: <a href=\"mailto:leclosbasque@gmail.com\">leclosbasque@gmail.com<\/a><br\/><\/span><span class=\"store_locator_website\">Website: <a href=\"https:\/\/guide.michelin.com\/fr\/fr\/nouvelle-aquitaine\/biarritz\/restaurant\/le-clos-basque\">https:\/\/guide.michelin.com\/fr\/fr\/nouvelle-aquitaine\/biarritz\/restaurant\/le-clos-basque<\/a><br\/><\/span><\/p><\/div>`,\n      });\n\n    marker40.addListener(\"click\", () => {\n        infowindow40.open({\n          anchor: marker40,\n          map,\n          shouldFocus: false,\n        });\n    });marker41 = new google.maps.Marker({position: {lat: 43.517651, lng: -1.1986079},map,title: \"Le Gantxo\",});\n    markers.push(marker41);\n    const infowindow41 = new google.maps.InfoWindow({\n        content: `<div id=\"store_locator_infowindow_40307\" class=\"store_locator_infowindow\"><div class=\"store-locator-col-sm-12 store_locator_details\"><h3 class=\"store_locator_name\"><a href=\"https:\/\/www.visitgastroh.com\/fr\/store\/le-gantxo\/\">Le Gantxo<\/a><\/h3><p><a href=\"https:\/\/www.visitgastroh.com\/fr\/store\/le-gantxo\/\"><img loading=\"lazy\" decoding=\"async\" width=\"1000\" height=\"1000\" src=\"https:\/\/www.visitgastroh.com\/wp-content\/uploads\/2022\/05\/d2a8e79cf1ce4871bc94b6814c716e48.webp\" class=\"attachment-post-thumbnail size-post-thumbnail wp-post-image\" alt=\"\" srcset=\"https:\/\/www.visitgastroh.com\/wp-content\/uploads\/2022\/05\/d2a8e79cf1ce4871bc94b6814c716e48.webp 1000w, https:\/\/www.visitgastroh.com\/wp-content\/uploads\/2022\/05\/d2a8e79cf1ce4871bc94b6814c716e48-300x300.webp 300w, https:\/\/www.visitgastroh.com\/wp-content\/uploads\/2022\/05\/d2a8e79cf1ce4871bc94b6814c716e48-150x150.webp 150w, https:\/\/www.visitgastroh.com\/wp-content\/uploads\/2022\/05\/d2a8e79cf1ce4871bc94b6814c716e48-768x768.webp 768w, https:\/\/www.visitgastroh.com\/wp-content\/uploads\/2022\/05\/d2a8e79cf1ce4871bc94b6814c716e48-100x100.webp 100w, https:\/\/www.visitgastroh.com\/wp-content\/uploads\/2022\/05\/d2a8e79cf1ce4871bc94b6814c716e48-140x140.webp 140w, https:\/\/www.visitgastroh.com\/wp-content\/uploads\/2022\/05\/d2a8e79cf1ce4871bc94b6814c716e48-500x500.webp 500w, https:\/\/www.visitgastroh.com\/wp-content\/uploads\/2022\/05\/d2a8e79cf1ce4871bc94b6814c716e48-350x350.webp 350w, https:\/\/www.visitgastroh.com\/wp-content\/uploads\/2022\/05\/d2a8e79cf1ce4871bc94b6814c716e48-800x800.webp 800w\" sizes=\"auto, (max-width: 1000px) 100vw, 1000px\" \/><\/a><\/p><p class=\"store_locator_excerpt\">Le Gantxo (Guiche) Le Gantxo est situe\u0301 au pays basque dans le village de Guiche, quartier du port, a\u0300 proximite\u0301 de Bidache et de Peyrehorade et a\u0300 20 minutes de...<\/p><p class=\"store_locator_address\"><span class=\"store_locator_street\">Rte du Port<br\/><\/span> <span class=\"store_locator_zip\">64520 <\/span> <span class=\"store_locator_city\">Guiche<br\/><\/span> <span class=\"store_locator_region\">Pyr\u00e9n\u00e9es-Atlantiques<\/span> <\/p><p class=\"store_locator_contact\"><span class=\"store_locator_tel\">Tel.: <a href=\"tel:+33 05 59 56 46 63\">+33 05 59 56 46 63<\/a><br\/><\/span><span class=\"store_locator_email\">Email: <a href=\"mailto:contact@restaurant-le-gantxo.fr\">contact@restaurant-le-gantxo.fr<\/a><br\/><\/span><span class=\"store_locator_website\">Website: <a href=\"https:\/\/www.restaurant-le-gantxo.fr\/\">https:\/\/www.restaurant-le-gantxo.fr\/<\/a><br\/><\/span><\/p><\/div>`,\n      });\n\n    marker41.addListener(\"click\", () => {\n        infowindow41.open({\n          anchor: marker41,\n          map,\n          shouldFocus: false,\n        });\n    });marker42 = new google.maps.Marker({position: {lat: 43.4910297, lng: -1.475122},map,title: \"Le Garde Manger\",});\n    markers.push(marker42);\n    const infowindow42 = new google.maps.InfoWindow({\n        content: `<div id=\"store_locator_infowindow_27271\" class=\"store_locator_infowindow\"><div class=\"store-locator-col-sm-12 store_locator_details\"><h3 class=\"store_locator_name\"><a href=\"https:\/\/www.visitgastroh.com\/fr\/store\/le-garde-manger\/\">Le Garde Manger<\/a><\/h3><p><a href=\"https:\/\/www.visitgastroh.com\/fr\/store\/le-garde-manger\/\"><img loading=\"lazy\" decoding=\"async\" width=\"1039\" height=\"693\" src=\"https:\/\/www.visitgastroh.com\/wp-content\/uploads\/2022\/03\/garde-manger-bayonne-restaurant-brunch-epicerie-1.jpg\" class=\"attachment-post-thumbnail size-post-thumbnail wp-post-image\" alt=\"\" srcset=\"https:\/\/www.visitgastroh.com\/wp-content\/uploads\/2022\/03\/garde-manger-bayonne-restaurant-brunch-epicerie-1.jpg 1039w, https:\/\/www.visitgastroh.com\/wp-content\/uploads\/2022\/03\/garde-manger-bayonne-restaurant-brunch-epicerie-1-300x200.jpg 300w, https:\/\/www.visitgastroh.com\/wp-content\/uploads\/2022\/03\/garde-manger-bayonne-restaurant-brunch-epicerie-1-1024x683.jpg 1024w, https:\/\/www.visitgastroh.com\/wp-content\/uploads\/2022\/03\/garde-manger-bayonne-restaurant-brunch-epicerie-1-768x512.jpg 768w, https:\/\/www.visitgastroh.com\/wp-content\/uploads\/2022\/03\/garde-manger-bayonne-restaurant-brunch-epicerie-1-900x600.jpg 900w\" sizes=\"auto, (max-width: 1039px) 100vw, 1039px\" \/><\/a><\/p><p class=\"store_locator_excerpt\">Le Garde Manger (Bayonne ) Le Garde Manger c\u2019est avant tout une cuisine artisanale, conviviale et qui laisse la place au go\u00fbt ! Audrey en salle et Nicolas en cuisine...<\/p><p class=\"store_locator_address\"><span class=\"store_locator_street\">6 rue Port de Castets<br\/><\/span> <span class=\"store_locator_zip\">64100 <\/span> <span class=\"store_locator_city\"> Bayonne<br\/><\/span> <span class=\"store_locator_region\">Pays Basque <\/span> <\/p><p class=\"store_locator_contact\"><span class=\"store_locator_tel\">Tel.: <a href=\"tel:+33 5 59 59 43 57\">+33 5 59 59 43 57<\/a><br\/><\/span><span class=\"store_locator_website\">Website: <a href=\"https:\/\/www.gardemangerbayonne.com\/\">https:\/\/www.gardemangerbayonne.com\/<\/a><br\/><\/span><\/p><\/div>`,\n      });\n\n    marker42.addListener(\"click\", () => {\n        infowindow42.open({\n          anchor: marker42,\n          map,\n          shouldFocus: false,\n        });\n    });marker43 = new google.maps.Marker({position: {lat: 43.3885841, lng: -1.6644923},map,title: \"Le Kaiku\",});\n    markers.push(marker43);\n    const infowindow43 = new google.maps.InfoWindow({\n        content: `<div id=\"store_locator_infowindow_39738\" class=\"store_locator_infowindow\"><div class=\"store-locator-col-sm-12 store_locator_details\"><h3 class=\"store_locator_name\"><a href=\"https:\/\/www.visitgastroh.com\/fr\/store\/le-kaiku\/\">Le Kaiku<\/a><\/h3><p><a href=\"https:\/\/www.visitgastroh.com\/fr\/store\/le-kaiku\/\"><img loading=\"lazy\" decoding=\"async\" width=\"1920\" height=\"1058\" src=\"https:\/\/www.visitgastroh.com\/wp-content\/uploads\/2022\/05\/restaurant_kaiku_st-jean-de-luz_home_content_03.jpg\" class=\"attachment-post-thumbnail size-post-thumbnail wp-post-image\" alt=\"\" srcset=\"https:\/\/www.visitgastroh.com\/wp-content\/uploads\/2022\/05\/restaurant_kaiku_st-jean-de-luz_home_content_03.jpg 1920w, https:\/\/www.visitgastroh.com\/wp-content\/uploads\/2022\/05\/restaurant_kaiku_st-jean-de-luz_home_content_03-300x165.jpg 300w, https:\/\/www.visitgastroh.com\/wp-content\/uploads\/2022\/05\/restaurant_kaiku_st-jean-de-luz_home_content_03-1024x564.jpg 1024w, https:\/\/www.visitgastroh.com\/wp-content\/uploads\/2022\/05\/restaurant_kaiku_st-jean-de-luz_home_content_03-768x423.jpg 768w, https:\/\/www.visitgastroh.com\/wp-content\/uploads\/2022\/05\/restaurant_kaiku_st-jean-de-luz_home_content_03-1536x846.jpg 1536w\" sizes=\"auto, (max-width: 1920px) 100vw, 1920px\" \/><\/a><\/p><p class=\"store_locator_excerpt\">Le Kaiku (Saint-Jean-de-Luz) Une \u00ab Ka\u00efku\u00a0Exp\u00e9rience \u00bb, c\u2019est vivre une v\u00e9ritable aventure culinaire ! Le\u00a0restaurant Ka\u00efku\u00a0promet d\u00e9jeuners et d\u00eeners exquis aux accents d\u2019une cuisine basque, d\u2019une gastronomie de bord d\u2019Atlantique...<\/p><p class=\"store_locator_address\"><span class=\"store_locator_street\">17 rue de la R\u00e9publique<br\/><\/span> <span class=\"store_locator_zip\">64500<\/span> <span class=\"store_locator_city\">Saint-Jean-de-Luz<br\/><\/span> <span class=\"store_locator_region\">Pyr\u00e9n\u00e9es-Atlantiques<\/span> <\/p><p class=\"store_locator_contact\"><span class=\"store_locator_tel\">Tel.: <a href=\"tel:+33 05 59 26 13 20\">+33 05 59 26 13 20<\/a><br\/><\/span><span class=\"store_locator_email\">Email: <a href=\"mailto:contact@kaiku.fr\">contact@kaiku.fr<\/a><br\/><\/span><span class=\"store_locator_website\">Website: <a href=\"https:\/\/www.kaiku.fr\/\">https:\/\/www.kaiku.fr\/<\/a><br\/><\/span><\/p><\/div>`,\n      });\n\n    marker43.addListener(\"click\", () => {\n        infowindow43.open({\n          anchor: marker43,\n          map,\n          shouldFocus: false,\n        });\n    });marker44 = new google.maps.Marker({position: {lat: 43.4905924, lng: -1.5516969},map,title: \"Le Neo Bistrot du Garage Biarritz H\u00f4tel\",});\n    markers.push(marker44);\n    const infowindow44 = new google.maps.InfoWindow({\n        content: `<div id=\"store_locator_infowindow_29678\" class=\"store_locator_infowindow\"><div class=\"store-locator-col-sm-12 store_locator_details\"><h3 class=\"store_locator_name\"><a href=\"https:\/\/www.visitgastroh.com\/fr\/store\/le-neo-bistrot-du-garage-biarritz-hotel\/\">Le Neo Bistrot du Garage Biarritz H\u00f4tel<\/a><\/h3><p><a href=\"https:\/\/www.visitgastroh.com\/fr\/store\/le-neo-bistrot-du-garage-biarritz-hotel\/\"><img loading=\"lazy\" decoding=\"async\" width=\"1366\" height=\"2048\" src=\"https:\/\/www.visitgastroh.com\/wp-content\/uploads\/2022\/03\/Le-Garage-20210825-761-1366x2048-1.jpg\" class=\"attachment-post-thumbnail size-post-thumbnail wp-post-image\" alt=\"\" srcset=\"https:\/\/www.visitgastroh.com\/wp-content\/uploads\/2022\/03\/Le-Garage-20210825-761-1366x2048-1.jpg 1366w, https:\/\/www.visitgastroh.com\/wp-content\/uploads\/2022\/03\/Le-Garage-20210825-761-1366x2048-1-200x300.jpg 200w, https:\/\/www.visitgastroh.com\/wp-content\/uploads\/2022\/03\/Le-Garage-20210825-761-1366x2048-1-683x1024.jpg 683w, https:\/\/www.visitgastroh.com\/wp-content\/uploads\/2022\/03\/Le-Garage-20210825-761-1366x2048-1-768x1151.jpg 768w, https:\/\/www.visitgastroh.com\/wp-content\/uploads\/2022\/03\/Le-Garage-20210825-761-1366x2048-1-1025x1536.jpg 1025w\" sizes=\"auto, (max-width: 1366px) 100vw, 1366px\" \/><\/a><\/p><p class=\"store_locator_excerpt\">Neo Bistrot Le Garage Biarritz (Biarritz) Situ\u00e9 \u00e0 10 min de la grande plage et \u00e0 deux pas du Phare de Biarritz, le Neo bistrot de l&#8217;h\u00f4tel le Garage Biarritz...<\/p><p class=\"store_locator_address\"><span class=\"store_locator_street\">50 avenue de l\\'Imp\u00e9ratrice <br\/><\/span> <span class=\"store_locator_zip\">64200<\/span> <span class=\"store_locator_city\">Biarritz<br\/><\/span> <span class=\"store_locator_region\">Pyr\u00e9n\u00e9es-Atlantiques <\/span> <\/p><p class=\"store_locator_contact\"><span class=\"store_locator_tel\">Tel.: <a href=\"tel:+33586980220\">+33586980220<\/a><br\/><\/span><span class=\"store_locator_email\">Email: <a href=\"mailto:bonjour@legarage-biarritz.fr\">bonjour@legarage-biarritz.fr<\/a><br\/><\/span><span class=\"store_locator_website\">Website: <a href=\"https:\/\/www.hotel-garage-biarritz.fr\/\">https:\/\/www.hotel-garage-biarritz.fr\/<\/a><br\/><\/span><\/p><\/div>`,\n      });\n\n    marker44.addListener(\"click\", () => {\n        infowindow44.open({\n          anchor: marker44,\n          map,\n          shouldFocus: false,\n        });\n    });marker45 = new google.maps.Marker({position: {lat: 43.482878, lng: -1.5442629},map,title: \"L\u00e9onie\",});\n    markers.push(marker45);\n    const infowindow45 = new google.maps.InfoWindow({\n        content: `<div id=\"store_locator_infowindow_39905\" class=\"store_locator_infowindow\"><div class=\"store-locator-col-sm-12 store_locator_details\"><h3 class=\"store_locator_name\"><a href=\"https:\/\/www.visitgastroh.com\/fr\/store\/leonie\/\">L\u00e9onie<\/a><\/h3><p><a href=\"https:\/\/www.visitgastroh.com\/fr\/store\/leonie\/\"><img loading=\"lazy\" decoding=\"async\" width=\"600\" height=\"600\" src=\"https:\/\/www.visitgastroh.com\/wp-content\/uploads\/2022\/05\/accueil-about-07.jpg.webp\" class=\"attachment-post-thumbnail size-post-thumbnail wp-post-image\" alt=\"\" srcset=\"https:\/\/www.visitgastroh.com\/wp-content\/uploads\/2022\/05\/accueil-about-07.jpg.webp 600w, https:\/\/www.visitgastroh.com\/wp-content\/uploads\/2022\/05\/accueil-about-07.jpg-300x300.webp 300w, https:\/\/www.visitgastroh.com\/wp-content\/uploads\/2022\/05\/accueil-about-07.jpg-150x150.webp 150w, https:\/\/www.visitgastroh.com\/wp-content\/uploads\/2022\/05\/accueil-about-07.jpg-100x100.webp 100w, https:\/\/www.visitgastroh.com\/wp-content\/uploads\/2022\/05\/accueil-about-07.jpg-140x140.webp 140w, https:\/\/www.visitgastroh.com\/wp-content\/uploads\/2022\/05\/accueil-about-07.jpg-500x500.webp 500w, https:\/\/www.visitgastroh.com\/wp-content\/uploads\/2022\/05\/accueil-about-07.jpg-350x350.webp 350w\" sizes=\"auto, (max-width: 600px) 100vw, 600px\" \/><\/a><\/p><p class=\"store_locator_excerpt\">L\u00e9onie (Biarritz) En Pays-Basque, une cuisine du moment soign\u00e9e reconnue pour sa qualit\u00e9 et son raffinement, et des vins choisis pour vos papilles exigeantes\u2026 Tous nos produits sont s\u00e9lectionn\u00e9s en...<\/p><p class=\"store_locator_address\"><span class=\"store_locator_street\">7 avenue Larochefoucauld <br\/><\/span> <span class=\"store_locator_zip\">64200<\/span> <span class=\"store_locator_city\">Biarritz<br\/><\/span> <span class=\"store_locator_region\">Pyr\u00e9n\u00e9es-Atlantiques<\/span> <\/p><p class=\"store_locator_contact\"><span class=\"store_locator_tel\">Tel.: <a href=\"tel:+ 33 05 59 41 01 26\">+ 33 05 59 41 01 26<\/a><br\/><\/span><span class=\"store_locator_website\">Website: <a href=\"https:\/\/www.restaurant-biarritz-leonie.com\/contact\/\">https:\/\/www.restaurant-biarritz-leonie.com\/contact\/<\/a><br\/><\/span><\/p><\/div>`,\n      });\n\n    marker45.addListener(\"click\", () => {\n        infowindow45.open({\n          anchor: marker45,\n          map,\n          shouldFocus: false,\n        });\n    });marker46 = new google.maps.Marker({position: {lat: 43.4822553, lng: -1.566616},map,title: \"Les Baigneuses\",});\n    markers.push(marker46);\n    const infowindow46 = new google.maps.InfoWindow({\n        content: `<div id=\"store_locator_infowindow_29587\" class=\"store_locator_infowindow\"><div class=\"store-locator-col-sm-12 store_locator_details\"><h3 class=\"store_locator_name\"><a href=\"https:\/\/www.visitgastroh.com\/fr\/store\/les-baigneuses\/\">Les Baigneuses<\/a><\/h3><p><a href=\"https:\/\/www.visitgastroh.com\/fr\/store\/les-baigneuses\/\"><img loading=\"lazy\" decoding=\"async\" width=\"1536\" height=\"1152\" src=\"https:\/\/www.visitgastroh.com\/wp-content\/uploads\/2022\/03\/Chambre-standard-302-2-1-1536x1152-1.jpg\" class=\"attachment-post-thumbnail size-post-thumbnail wp-post-image\" alt=\"\" srcset=\"https:\/\/www.visitgastroh.com\/wp-content\/uploads\/2022\/03\/Chambre-standard-302-2-1-1536x1152-1.jpg 1536w, https:\/\/www.visitgastroh.com\/wp-content\/uploads\/2022\/03\/Chambre-standard-302-2-1-1536x1152-1-300x225.jpg 300w, https:\/\/www.visitgastroh.com\/wp-content\/uploads\/2022\/03\/Chambre-standard-302-2-1-1536x1152-1-1024x768.jpg 1024w, https:\/\/www.visitgastroh.com\/wp-content\/uploads\/2022\/03\/Chambre-standard-302-2-1-1536x1152-1-768x576.jpg 768w\" sizes=\"auto, (max-width: 1536px) 100vw, 1536px\" \/><\/a><\/p><p class=\"store_locator_excerpt\">Les Baigneuses Biarritz Situ\u00e9 \u00e0 quelques pas de la plage du Port-Vieux, l\u2019h\u00f4tel dispose dispose de 7 chambres pour une ou deux personnes, de 3 chambres sup\u00e9rieures pour trois personnes...<\/p><p class=\"store_locator_address\"><span class=\"store_locator_street\">14 Rue du Port-Vieux<br\/><\/span> <span class=\"store_locator_zip\">64200<\/span> <span class=\"store_locator_city\">Biarritz<br\/><\/span> <span class=\"store_locator_region\">Pyr\u00e9n\u00e9es-Atlantiques<\/span> <\/p><p class=\"store_locator_contact\"><span class=\"store_locator_tel\">Tel.: <a href=\"tel:+33 5 59 24 41 84\">+33 5 59 24 41 84<\/a><br\/><\/span><span class=\"store_locator_email\">Email: <a href=\"mailto:lesbaigneuses.biarritz@gmail.com \">lesbaigneuses.biarritz@gmail.com <\/a><br\/><\/span><span class=\"store_locator_website\">Website: <a href=\"https:\/\/www.lesbaigneusesdebiarritz.com\/restaurant-les-baigneuses-biarritz\/\">https:\/\/www.lesbaigneusesdebiarritz.com\/restaurant-les-baigneuses-biarritz\/<\/a><br\/><\/span><\/p><\/div>`,\n      });\n\n    marker46.addListener(\"click\", () => {\n        infowindow46.open({\n          anchor: marker46,\n          map,\n          shouldFocus: false,\n        });\n    });marker47 = new google.maps.Marker({position: {lat: 43.3964216, lng: -1.6566981},map,title: \"Les Lierres\",});\n    markers.push(marker47);\n    const infowindow47 = new google.maps.InfoWindow({\n        content: `<div id=\"store_locator_infowindow_40257\" class=\"store_locator_infowindow\"><div class=\"store-locator-col-sm-12 store_locator_details\"><h3 class=\"store_locator_name\"><a href=\"https:\/\/www.visitgastroh.com\/fr\/store\/les-lierres\/\">Les Lierres<\/a><\/h3><p><a href=\"https:\/\/www.visitgastroh.com\/fr\/store\/les-lierres\/\"><img loading=\"lazy\" decoding=\"async\" width=\"1536\" height=\"912\" src=\"https:\/\/www.visitgastroh.com\/wp-content\/uploads\/2022\/05\/lierres.jpg\" class=\"attachment-post-thumbnail size-post-thumbnail wp-post-image\" alt=\"\" srcset=\"https:\/\/www.visitgastroh.com\/wp-content\/uploads\/2022\/05\/lierres.jpg 1536w, https:\/\/www.visitgastroh.com\/wp-content\/uploads\/2022\/05\/lierres-300x178.jpg 300w, https:\/\/www.visitgastroh.com\/wp-content\/uploads\/2022\/05\/lierres-1024x608.jpg 1024w, https:\/\/www.visitgastroh.com\/wp-content\/uploads\/2022\/05\/lierres-768x456.jpg 768w\" sizes=\"auto, (max-width: 1536px) 100vw, 1536px\" \/><\/a><\/p><p class=\"store_locator_excerpt\">Les Lierres (Saint-Jean-de-Luz) La table de l&#8217;h\u00f4tel Parc Victoria est \u00e0 l&#8217;image de l&#8217;\u00e9tablissement : raffin\u00e9e et \u00e9l\u00e9gante. Dans la salle Art d\u00e9co ou au bord de la piscine, on...<\/p><p class=\"store_locator_address\"><span class=\"store_locator_street\">5 Rue Cepe<br\/><\/span> <span class=\"store_locator_zip\">64500<\/span> <span class=\"store_locator_city\">Saint-Jean-de-Luz<br\/><\/span> <span class=\"store_locator_region\">Pyr\u00e9n\u00e9es-Atlantiques<\/span> <\/p><p class=\"store_locator_contact\"><span class=\"store_locator_tel\">Tel.: <a href=\"tel:+33 05 59 26 78 78\">+33 05 59 26 78 78<\/a><br\/><\/span><span class=\"store_locator_email\">Email: <a href=\"mailto:reservation@parcvictoria.com\">reservation@parcvictoria.com<\/a><br\/><\/span><span class=\"store_locator_website\">Website: <a href=\"https:\/\/www.parcvictoria.com\/fr\/restaurant-salons.html\">https:\/\/www.parcvictoria.com\/fr\/restaurant-salons.html<\/a><br\/><\/span><\/p><\/div>`,\n      });\n\n    marker47.addListener(\"click\", () => {\n        infowindow47.open({\n          anchor: marker47,\n          map,\n          shouldFocus: false,\n        });\n    });marker48 = new google.maps.Marker({position: {lat: 43.4678593, lng: -1.5533432},map,title: \"Les Rosiers\",});\n    markers.push(marker48);\n    const infowindow48 = new google.maps.InfoWindow({\n        content: `<div id=\"store_locator_infowindow_39620\" class=\"store_locator_infowindow\"><div class=\"store-locator-col-sm-12 store_locator_details\"><h3 class=\"store_locator_name\"><a href=\"https:\/\/www.visitgastroh.com\/fr\/store\/les-rosiers\/\">Les Rosiers<\/a><\/h3><p><a href=\"https:\/\/www.visitgastroh.com\/fr\/store\/les-rosiers\/\"><img loading=\"lazy\" decoding=\"async\" width=\"900\" height=\"600\" src=\"https:\/\/www.visitgastroh.com\/wp-content\/uploads\/2022\/05\/3.jpg\" class=\"attachment-post-thumbnail size-post-thumbnail wp-post-image\" alt=\"\" srcset=\"https:\/\/www.visitgastroh.com\/wp-content\/uploads\/2022\/05\/3.jpg 900w, https:\/\/www.visitgastroh.com\/wp-content\/uploads\/2022\/05\/3-300x200.jpg 300w, https:\/\/www.visitgastroh.com\/wp-content\/uploads\/2022\/05\/3-768x512.jpg 768w\" sizes=\"auto, (max-width: 900px) 100vw, 900px\" \/><\/a><\/p><p class=\"store_locator_excerpt\">Les Rosiers (Biarritz) C\u2019est dans le cadre discret d\u2019une reposante maison de ville qu\u2019Andr\u00e9e et St\u00e9phane ont choisi de vous faire d\u00e9couvrir leur cuisine, m\u00e9lange de simplicit\u00e9 et de recherche,...<\/p><p class=\"store_locator_address\"><span class=\"store_locator_street\">32 avenue Beau Soleil<br\/><\/span> <span class=\"store_locator_zip\">64200<\/span> <span class=\"store_locator_city\">Biarritz<br\/><\/span> <span class=\"store_locator_region\">Pyr\u00e9n\u00e9es-Atlantiques <\/span> <\/p><p class=\"store_locator_contact\"><span class=\"store_locator_tel\">Tel.: <a href=\"tel:+33 5 59 23 13 68\">+33 5 59 23 13 68<\/a><br\/><\/span><span class=\"store_locator_website\">Website: <a href=\"https:\/\/www.restaurant-lesrosiers.fr\/fr\/\">https:\/\/www.restaurant-lesrosiers.fr\/fr\/<\/a><br\/><\/span><\/p><\/div>`,\n      });\n\n    marker48.addListener(\"click\", () => {\n        infowindow48.open({\n          anchor: marker48,\n          map,\n          shouldFocus: false,\n        });\n    });marker49 = new google.maps.Marker({position: {lat: 43.45741599999999, lng: -1.326464},map,title: \"Maison Joanto\",});\n    markers.push(marker49);\n    const infowindow49 = new google.maps.InfoWindow({\n        content: `<div id=\"store_locator_infowindow_39793\" class=\"store_locator_infowindow\"><div class=\"store-locator-col-sm-12 store_locator_details\"><h3 class=\"store_locator_name\"><a href=\"https:\/\/www.visitgastroh.com\/fr\/store\/briketbistrot\/\">Maison Joanto<\/a><\/h3><p><a href=\"https:\/\/www.visitgastroh.com\/fr\/store\/briketbistrot\/\"><img loading=\"lazy\" decoding=\"async\" width=\"900\" height=\"746\" src=\"https:\/\/www.visitgastroh.com\/wp-content\/uploads\/2022\/05\/Joanto-histoire-famille.png\" class=\"attachment-post-thumbnail size-post-thumbnail wp-post-image\" alt=\"\" srcset=\"https:\/\/www.visitgastroh.com\/wp-content\/uploads\/2022\/05\/Joanto-histoire-famille.png 900w, https:\/\/www.visitgastroh.com\/wp-content\/uploads\/2022\/05\/Joanto-histoire-famille-300x249.png 300w, https:\/\/www.visitgastroh.com\/wp-content\/uploads\/2022\/05\/Joanto-histoire-famille-768x637.png 768w\" sizes=\"auto, (max-width: 900px) 100vw, 900px\" \/><\/a><\/p><p class=\"store_locator_excerpt\">Maison Joanto (Briscous) La Maison Joanto \u00ab Petit Jean \u00bb en basque est depuis 2019 une histoire de famille. Jean-Martin Etcheverry, enfant de Briscous \u00e9paul\u00e9 par sa femme Monique, r\u00e9alise...<\/p><p class=\"store_locator_address\"><span class=\"store_locator_street\">Chemin du Village<br\/><\/span> <span class=\"store_locator_zip\">64240<\/span> <span class=\"store_locator_city\">Briscous<br\/><\/span> <span class=\"store_locator_region\">Pyr\u00e9n\u00e9es-Atlantiques<\/span> <\/p><p class=\"store_locator_contact\"><span class=\"store_locator_tel\">Tel.: <a href=\"tel:+33 05 59 20 27 70\">+33 05 59 20 27 70<\/a><br\/><\/span><span class=\"store_locator_email\">Email: <a href=\"mailto:maisonjoanto2@gmail.com\">maisonjoanto2@gmail.com<\/a><br\/><\/span><span class=\"store_locator_website\">Website: <a href=\"https:\/\/maisonjoanto-restaurant.com\/\">https:\/\/maisonjoanto-restaurant.com\/<\/a><br\/><\/span><\/p><\/div>`,\n      });\n\n    marker49.addListener(\"click\", () => {\n        infowindow49.open({\n          anchor: marker49,\n          map,\n          shouldFocus: false,\n        });\n    });marker50 = new google.maps.Marker({position: {lat: 43.095765, lng: -1.425809},map,title: \"Maison Pierre Oteiza\",});\n    markers.push(marker50);\n    const infowindow50 = new google.maps.InfoWindow({\n        content: `<div id=\"store_locator_infowindow_29383\" class=\"store_locator_infowindow\"><div class=\"store-locator-col-sm-12 store_locator_details\"><h3 class=\"store_locator_name\"><a href=\"https:\/\/www.visitgastroh.com\/fr\/store\/maison-pierre-oteiza\/\">Maison Pierre Oteiza<\/a><\/h3><p><a href=\"https:\/\/www.visitgastroh.com\/fr\/store\/maison-pierre-oteiza\/\"><img loading=\"lazy\" decoding=\"async\" width=\"800\" height=\"600\" src=\"https:\/\/www.visitgastroh.com\/wp-content\/uploads\/2022\/03\/talo-jambon-cuit-desgustation.jpg\" class=\"attachment-post-thumbnail size-post-thumbnail wp-post-image\" alt=\"\" srcset=\"https:\/\/www.visitgastroh.com\/wp-content\/uploads\/2022\/03\/talo-jambon-cuit-desgustation.jpg 800w, https:\/\/www.visitgastroh.com\/wp-content\/uploads\/2022\/03\/talo-jambon-cuit-desgustation-300x225.jpg 300w, https:\/\/www.visitgastroh.com\/wp-content\/uploads\/2022\/03\/talo-jambon-cuit-desgustation-768x576.jpg 768w\" sizes=\"auto, (max-width: 800px) 100vw, 800px\" \/><\/a><\/p><p class=\"store_locator_excerpt\">Maison Pierre Oteiza LES ALDUDES Situ\u00e9e dans la vall\u00e9e des ALDUDES (BANKA, ALDUDE, UREPEL), \u00e0 40 km de PAMPLONA et 65 km de BAYONNE, la ferme familiale de PIERRE OTEIZA...<\/p><p class=\"store_locator_address\"><span class=\"store_locator_street\">Route d\\'urepel<br\/><\/span> <span class=\"store_locator_zip\">64430<\/span> <span class=\"store_locator_city\">LES ALDUDES<br\/><\/span> <span class=\"store_locator_region\">Pyr\u00e9n\u00e9es-Atlantiques<\/span> <\/p><p class=\"store_locator_contact\"><span class=\"store_locator_tel\">Tel.: <a href=\"tel:+33(0)5 59 37 56 11\">+33(0)5 59 37 56 11<\/a><br\/><\/span><span class=\"store_locator_email\">Email: <a href=\"mailto:infos@pierreoteiza.com\">infos@pierreoteiza.com<\/a><br\/><\/span><span class=\"store_locator_website\">Website: <a href=\"https:\/\/www.pierreoteiza.com\/\">https:\/\/www.pierreoteiza.com\/<\/a><br\/><\/span><\/p><\/div>`,\n      });\n\n    marker50.addListener(\"click\", () => {\n        infowindow50.open({\n          anchor: marker50,\n          map,\n          shouldFocus: false,\n        });\n    });marker51 = new google.maps.Marker({position: {lat: 43.4208962, lng: -1.5334689},map,title: \"Moulin d'Alotz\",});\n    markers.push(marker51);\n    const infowindow51 = new google.maps.InfoWindow({\n        content: `<div id=\"store_locator_infowindow_39033\" class=\"store_locator_infowindow\"><div class=\"store-locator-col-sm-12 store_locator_details\"><h3 class=\"store_locator_name\"><a href=\"https:\/\/www.visitgastroh.com\/fr\/store\/moulin-dalotz\/\">Moulin d\\'Alotz<\/a><\/h3><p><a href=\"https:\/\/www.visitgastroh.com\/fr\/store\/moulin-dalotz\/\"><img loading=\"lazy\" decoding=\"async\" width=\"1000\" height=\"1000\" src=\"https:\/\/www.visitgastroh.com\/wp-content\/uploads\/2022\/05\/moulin.webp\" class=\"attachment-post-thumbnail size-post-thumbnail wp-post-image\" alt=\"\" srcset=\"https:\/\/www.visitgastroh.com\/wp-content\/uploads\/2022\/05\/moulin.webp 1000w, https:\/\/www.visitgastroh.com\/wp-content\/uploads\/2022\/05\/moulin-300x300.webp 300w, https:\/\/www.visitgastroh.com\/wp-content\/uploads\/2022\/05\/moulin-150x150.webp 150w, https:\/\/www.visitgastroh.com\/wp-content\/uploads\/2022\/05\/moulin-768x768.webp 768w, https:\/\/www.visitgastroh.com\/wp-content\/uploads\/2022\/05\/moulin-100x100.webp 100w, https:\/\/www.visitgastroh.com\/wp-content\/uploads\/2022\/05\/moulin-140x140.webp 140w, https:\/\/www.visitgastroh.com\/wp-content\/uploads\/2022\/05\/moulin-500x500.webp 500w, https:\/\/www.visitgastroh.com\/wp-content\/uploads\/2022\/05\/moulin-350x350.webp 350w, https:\/\/www.visitgastroh.com\/wp-content\/uploads\/2022\/05\/moulin-800x800.webp 800w\" sizes=\"auto, (max-width: 1000px) 100vw, 1000px\" \/><\/a><\/p><p class=\"store_locator_excerpt\">Moulin d&#8217;Alotz (Arcangues) P\u00e9n\u00e9trez au c\u0153ur du Pays Basque, a\u0300 travers les produits \u00e9videmment, mais parfois aussi a\u0300 travers l\u2019inspiration d\u2019une recette traditionnelle, d\u2019une technique ancestrale. Foie gras de canard...<\/p><p class=\"store_locator_address\"><span class=\"store_locator_street\">Chemin d\u2019Alotz Errota<br\/><\/span> <span class=\"store_locator_zip\">64200 <\/span> <span class=\"store_locator_city\">Arcangues <br\/><\/span> <span class=\"store_locator_region\">Pyr\u00e9n\u00e9es-Atlantiques <\/span> <\/p><p class=\"store_locator_contact\"><span class=\"store_locator_tel\">Tel.: <a href=\"tel:+33  5 59 43 04 54 \">+33  5 59 43 04 54 <\/a><br\/><\/span><span class=\"store_locator_email\">Email: <a href=\"mailto:fabriceidiart@moulindalotz.com\">fabriceidiart@moulindalotz.com<\/a><br\/><\/span><span class=\"store_locator_website\">Website: <a href=\"https:\/\/www.moulindalotz.com\/\">https:\/\/www.moulindalotz.com\/<\/a><br\/><\/span><\/p><\/div>`,\n      });\n\n    marker51.addListener(\"click\", () => {\n        infowindow51.open({\n          anchor: marker51,\n          map,\n          shouldFocus: false,\n        });\n    });marker52 = new google.maps.Marker({position: {lat: 43.4781122, lng: -1.5643821},map,title: \"Onyx Restaurant et Bar\",});\n    markers.push(marker52);\n    const infowindow52 = new google.maps.InfoWindow({\n        content: `<div id=\"store_locator_infowindow_28222\" class=\"store_locator_infowindow\"><div class=\"store-locator-col-sm-12 store_locator_details\"><h3 class=\"store_locator_name\"><a href=\"https:\/\/www.visitgastroh.com\/fr\/store\/onyx-restaurant-et-bar\/\">Onyx Restaurant et Bar<\/a><\/h3><p><a href=\"https:\/\/www.visitgastroh.com\/fr\/store\/onyx-restaurant-et-bar\/\"><img loading=\"lazy\" decoding=\"async\" width=\"1536\" height=\"1020\" src=\"https:\/\/www.visitgastroh.com\/wp-content\/uploads\/2022\/03\/VAU2559-1536x1020-1.jpg\" class=\"attachment-post-thumbnail size-post-thumbnail wp-post-image\" alt=\"\" srcset=\"https:\/\/www.visitgastroh.com\/wp-content\/uploads\/2022\/03\/VAU2559-1536x1020-1.jpg 1536w, https:\/\/www.visitgastroh.com\/wp-content\/uploads\/2022\/03\/VAU2559-1536x1020-1-300x199.jpg 300w, https:\/\/www.visitgastroh.com\/wp-content\/uploads\/2022\/03\/VAU2559-1536x1020-1-1024x680.jpg 1024w, https:\/\/www.visitgastroh.com\/wp-content\/uploads\/2022\/03\/VAU2559-1536x1020-1-768x510.jpg 768w\" sizes=\"auto, (max-width: 1536px) 100vw, 1536px\" \/><\/a><\/p><p class=\"store_locator_excerpt\">Onyx Restaurant et Bar Biarritz Commencez votre journ\u00e9e avec un copieux buffet de petit-d\u00e9jeuner, qui comprend des d\u00e9lices r\u00e9gionaux et internationaux, comme des jambons et fromages locaux, des p\u00e2tisseries du...<\/p><p class=\"store_locator_address\"><span class=\"store_locator_street\">1 Carrefour d\\'H\u00e9lianthe <br\/><\/span> <span class=\"store_locator_zip\">64200<\/span> <span class=\"store_locator_city\">Biarritz<br\/><\/span> <span class=\"store_locator_region\">Pyr\u00e9n\u00e9es-Atlantiques <\/span> <\/p><p class=\"store_locator_contact\"><span class=\"store_locator_tel\">Tel.: <a href=\"tel:+33(0)559011313\">+33(0)559011313<\/a><br\/><\/span><span class=\"store_locator_website\">Website: <a href=\"https:\/\/www.radissonhotels.com\/fr-fr\/hotels\/radisson-blu-biarritz\">https:\/\/www.radissonhotels.com\/fr-fr\/hotels\/radisson-blu-biarritz<\/a><br\/><\/span><\/p><\/div>`,\n      });\n\n    marker52.addListener(\"click\", () => {\n        infowindow52.open({\n          anchor: marker52,\n          map,\n          shouldFocus: false,\n        });\n    });marker53 = new google.maps.Marker({position: {lat: 43.3874088, lng: -1.6590567},map,title: \"Pilpil En\u00e9a\",});\n    markers.push(marker53);\n    const infowindow53 = new google.maps.InfoWindow({\n        content: `<div id=\"store_locator_infowindow_27102\" class=\"store_locator_infowindow\"><div class=\"store-locator-col-sm-12 store_locator_details\"><h3 class=\"store_locator_name\"><a href=\"https:\/\/www.visitgastroh.com\/fr\/store\/pilpil-enea\/\">Pilpil En\u00e9a<\/a><\/h3><p><a href=\"https:\/\/www.visitgastroh.com\/fr\/store\/pilpil-enea\/\"><img loading=\"lazy\" decoding=\"async\" width=\"1500\" height=\"2000\" src=\"https:\/\/www.visitgastroh.com\/wp-content\/uploads\/2022\/03\/Restaurant-Pil-Pil-Enea-Saint-Jean-de-Luz-38-sur-39.jpg\" class=\"attachment-post-thumbnail size-post-thumbnail wp-post-image\" alt=\"\" srcset=\"https:\/\/www.visitgastroh.com\/wp-content\/uploads\/2022\/03\/Restaurant-Pil-Pil-Enea-Saint-Jean-de-Luz-38-sur-39.jpg 1500w, https:\/\/www.visitgastroh.com\/wp-content\/uploads\/2022\/03\/Restaurant-Pil-Pil-Enea-Saint-Jean-de-Luz-38-sur-39-225x300.jpg 225w, https:\/\/www.visitgastroh.com\/wp-content\/uploads\/2022\/03\/Restaurant-Pil-Pil-Enea-Saint-Jean-de-Luz-38-sur-39-768x1024.jpg 768w, https:\/\/www.visitgastroh.com\/wp-content\/uploads\/2022\/03\/Restaurant-Pil-Pil-Enea-Saint-Jean-de-Luz-38-sur-39-1152x1536.jpg 1152w\" sizes=\"auto, (max-width: 1500px) 100vw, 1500px\" \/><\/a><\/p><p class=\"store_locator_excerpt\">Pilpil En\u00e9a (Saint Jean De Luz) Le restaurant Pil Pil ENEA est pr\u00e9sent depuis 1998 \u00e0 Saint-Jean-de-Luz, derri\u00e8re le quartier des Halles. Nous mettons un point d&#8217;honneur \u00e0 faire de...<\/p><p class=\"store_locator_address\"><span class=\"store_locator_street\">3 Rue Salago\u00efty<br\/><\/span> <span class=\"store_locator_zip\">64500<\/span> <span class=\"store_locator_city\">Saint Jean de Luz<br\/><\/span> <span class=\"store_locator_region\">Pyr\u00e9n\u00e9es-Atlantiques<\/span> <\/p><p class=\"store_locator_contact\"><span class=\"store_locator_tel\">Tel.: <a href=\"tel:+33559512080\">+33559512080<\/a><br\/><\/span><span class=\"store_locator_email\">Email: <a href=\"mailto:restaurant@pilpilenea.fr\">restaurant@pilpilenea.fr<\/a><br\/><\/span><span class=\"store_locator_website\">Website: <a href=\"https:\/\/www.pilpilenea.fr\/\">https:\/\/www.pilpilenea.fr\/<\/a><br\/><\/span><\/p><\/div>`,\n      });\n\n    marker53.addListener(\"click\", () => {\n        infowindow53.open({\n          anchor: marker53,\n          map,\n          shouldFocus: false,\n        });\n    });marker54 = new google.maps.Marker({position: {lat: 43.1745872, lng: -1.3632251},map,title: \"Restaurant Arc\u00e9\",});\n    markers.push(marker54);\n    const infowindow54 = new google.maps.InfoWindow({\n        content: `<div id=\"store_locator_infowindow_32133\" class=\"store_locator_infowindow\"><div class=\"store-locator-col-sm-12 store_locator_details\"><h3 class=\"store_locator_name\"><a href=\"https:\/\/www.visitgastroh.com\/fr\/store\/restaurant-arce\/\">Restaurant Arc\u00e9<\/a><\/h3><p><a href=\"https:\/\/www.visitgastroh.com\/fr\/store\/restaurant-arce\/\"><img loading=\"lazy\" decoding=\"async\" width=\"1365\" height=\"2048\" src=\"https:\/\/www.visitgastroh.com\/wp-content\/uploads\/2022\/03\/photo-arce-2e-1365x2048-1.jpg\" class=\"attachment-post-thumbnail size-post-thumbnail wp-post-image\" alt=\"\" srcset=\"https:\/\/www.visitgastroh.com\/wp-content\/uploads\/2022\/03\/photo-arce-2e-1365x2048-1.jpg 1365w, https:\/\/www.visitgastroh.com\/wp-content\/uploads\/2022\/03\/photo-arce-2e-1365x2048-1-200x300.jpg 200w, https:\/\/www.visitgastroh.com\/wp-content\/uploads\/2022\/03\/photo-arce-2e-1365x2048-1-683x1024.jpg 683w, https:\/\/www.visitgastroh.com\/wp-content\/uploads\/2022\/03\/photo-arce-2e-1365x2048-1-768x1152.jpg 768w, https:\/\/www.visitgastroh.com\/wp-content\/uploads\/2022\/03\/photo-arce-2e-1365x2048-1-1024x1536.jpg 1024w\" sizes=\"auto, (max-width: 1365px) 100vw, 1365px\" \/><\/a><\/p><p class=\"store_locator_excerpt\">Restaurant Arc\u00e9 (Saint Etienne de Baigorry) Nich\u00e9 au creux des montagnes, au d\u00e9part de nombreuses randonn\u00e9es, le long de la rivi\u00e8re, le Restaurant Arc\u00e9 accueille ses clients depuis cinq g\u00e9n\u00e9rations...<\/p><p class=\"store_locator_address\"><span class=\"store_locator_street\">Route du Col d\\'Isp\u00e9guy<br\/><\/span> <span class=\"store_locator_zip\">64430<\/span> <span class=\"store_locator_city\">Saint Etienne de Baigorry<br\/><\/span> <span class=\"store_locator_region\">Pyr\u00e9n\u00e9es-Atlantiques <\/span> <\/p><p class=\"store_locator_contact\"><span class=\"store_locator_tel\">Tel.: <a href=\"tel:+33 5 59 37 40 14\">+33 5 59 37 40 14<\/a><br\/><\/span><span class=\"store_locator_email\">Email: <a href=\"mailto:reservations@hotel-arce.com \">reservations@hotel-arce.com <\/a><br\/><\/span><span class=\"store_locator_website\">Website: <a href=\"https:\/\/www.hotel-arce.com\/fr\/\">https:\/\/www.hotel-arce.com\/fr\/<\/a><br\/><\/span><\/p><\/div>`,\n      });\n\n    marker54.addListener(\"click\", () => {\n        infowindow54.open({\n          anchor: marker54,\n          map,\n          shouldFocus: false,\n        });\n    });marker55 = new google.maps.Marker({position: {lat: 43.3832124, lng: -1.6637383},map,title: \"Restaurant Arrantzaleak\",});\n    markers.push(marker55);\n    const infowindow55 = new google.maps.InfoWindow({\n        content: `<div id=\"store_locator_infowindow_27150\" class=\"store_locator_infowindow\"><div class=\"store-locator-col-sm-12 store_locator_details\"><h3 class=\"store_locator_name\"><a href=\"https:\/\/www.visitgastroh.com\/fr\/store\/restaurant-arrantzaleak\/\">Restaurant Arrantzaleak<\/a><\/h3><p><a href=\"https:\/\/www.visitgastroh.com\/fr\/store\/restaurant-arrantzaleak\/\"><img loading=\"lazy\" decoding=\"async\" width=\"450\" height=\"299\" src=\"https:\/\/www.visitgastroh.com\/wp-content\/uploads\/2022\/03\/rc.jpg\" class=\"attachment-post-thumbnail size-post-thumbnail wp-post-image\" alt=\"\" srcset=\"https:\/\/www.visitgastroh.com\/wp-content\/uploads\/2022\/03\/rc.jpg 450w, https:\/\/www.visitgastroh.com\/wp-content\/uploads\/2022\/03\/rc-300x199.jpg 300w\" sizes=\"auto, (max-width: 450px) 100vw, 450px\" \/><\/a><\/p><p class=\"store_locator_excerpt\">Arrantzaleak (Ciboure) Restaurant de poissons sauvages grill\u00e9s au feu de bois devant les clients, un peu cach\u00e9 au bord de la Nivelle entre le port de p\u00eache et le golf.<\/p><p class=\"store_locator_address\"><span class=\"store_locator_street\">18 AVENUE JEAN POULOU<br\/><\/span> <span class=\"store_locator_zip\">64500<\/span> <span class=\"store_locator_city\">Ciboure<br\/><\/span> <span class=\"store_locator_region\">Pyr\u00e9n\u00e9es-Atlantiques<\/span> <\/p><p class=\"store_locator_contact\"><span class=\"store_locator_tel\">Tel.: <a href=\"tel:+33 559 471 075\">+33 559 471 075<\/a><br\/><\/span><span class=\"store_locator_website\">Website: <a href=\"https:\/\/www.kinka.eus\/fr\/restaurant-2\/restaurant\">https:\/\/www.kinka.eus\/fr\/restaurant-2\/restaurant<\/a><br\/><\/span><\/p><\/div>`,\n      });\n\n    marker55.addListener(\"click\", () => {\n        infowindow55.open({\n          anchor: marker55,\n          map,\n          shouldFocus: false,\n        });\n    });marker56 = new google.maps.Marker({position: {lat: 43.189004, lng: -0.7695069999999999},map,title: \"Restaurant Chilo\",});\n    markers.push(marker56);\n    const infowindow56 = new google.maps.InfoWindow({\n        content: `<div id=\"store_locator_infowindow_36243\" class=\"store_locator_infowindow\"><div class=\"store-locator-col-sm-12 store_locator_details\"><h3 class=\"store_locator_name\"><a href=\"https:\/\/www.visitgastroh.com\/fr\/store\/restaurant-chilo\/\">Restaurant Chilo<\/a><\/h3><p><a href=\"https:\/\/www.visitgastroh.com\/fr\/store\/restaurant-chilo\/\"><img loading=\"lazy\" decoding=\"async\" width=\"1533\" height=\"2048\" src=\"https:\/\/www.visitgastroh.com\/wp-content\/uploads\/2022\/04\/pelote-descargot-1533x2048-1.jpg\" class=\"attachment-post-thumbnail size-post-thumbnail wp-post-image\" alt=\"\" srcset=\"https:\/\/www.visitgastroh.com\/wp-content\/uploads\/2022\/04\/pelote-descargot-1533x2048-1.jpg 1533w, https:\/\/www.visitgastroh.com\/wp-content\/uploads\/2022\/04\/pelote-descargot-1533x2048-1-225x300.jpg 225w, https:\/\/www.visitgastroh.com\/wp-content\/uploads\/2022\/04\/pelote-descargot-1533x2048-1-767x1024.jpg 767w, https:\/\/www.visitgastroh.com\/wp-content\/uploads\/2022\/04\/pelote-descargot-1533x2048-1-768x1026.jpg 768w, https:\/\/www.visitgastroh.com\/wp-content\/uploads\/2022\/04\/pelote-descargot-1533x2048-1-1150x1536.jpg 1150w\" sizes=\"auto, (max-width: 1533px) 100vw, 1533px\" \/><\/a><\/p><p class=\"store_locator_excerpt\">Restaurant Chilo (Barcus) Depuis quatre g\u00e9n\u00e9rations, la famille Chilo vous accueille dans sa grande maison souletine aux volets bleus. Derri\u00e8re cette grande fa\u00e7ade un peu aust\u00e8re se cache une maison...<\/p><p class=\"store_locator_address\"><span class=\"store_locator_street\">68 route principale<br\/><\/span> <span class=\"store_locator_zip\">64130<\/span> <span class=\"store_locator_city\">Barcus<br\/><\/span> <span class=\"store_locator_region\">Pyr\u00e9n\u00e9es-Atlantiques<\/span> <\/p><p class=\"store_locator_contact\"><span class=\"store_locator_tel\">Tel.: <a href=\"tel:+33 5 59 28 90 79\">+33 5 59 28 90 79<\/a><br\/><\/span><span class=\"store_locator_email\">Email: <a href=\"mailto:contact@hotel-chilo.com\">contact@hotel-chilo.com<\/a><br\/><\/span><span class=\"store_locator_website\">Website: <a href=\"https:\/\/www.hotel-chilo.com\/\">https:\/\/www.hotel-chilo.com\/<\/a><br\/><\/span><\/p><\/div>`,\n      });\n\n    marker56.addListener(\"click\", () => {\n        infowindow56.open({\n          anchor: marker56,\n          map,\n          shouldFocus: false,\n        });\n    });marker57 = new google.maps.Marker({position: {lat: 43.01875700000001, lng: -0.955718},map,title: \"Restaurant Etchemaite\",});\n    markers.push(marker57);\n    const infowindow57 = new google.maps.InfoWindow({\n        content: `<div id=\"store_locator_infowindow_26804\" class=\"store_locator_infowindow\"><div class=\"store-locator-col-sm-12 store_locator_details\"><h3 class=\"store_locator_name\"><a href=\"https:\/\/www.visitgastroh.com\/fr\/store\/restaurant-etchemaite\/\">Restaurant Etchemaite<\/a><\/h3><p><a href=\"https:\/\/www.visitgastroh.com\/fr\/store\/restaurant-etchemaite\/\"><img loading=\"lazy\" decoding=\"async\" width=\"1367\" height=\"2048\" src=\"https:\/\/www.visitgastroh.com\/wp-content\/uploads\/2022\/03\/IMG_0696-1-1367x2048-1.jpg\" class=\"attachment-post-thumbnail size-post-thumbnail wp-post-image\" alt=\"\" srcset=\"https:\/\/www.visitgastroh.com\/wp-content\/uploads\/2022\/03\/IMG_0696-1-1367x2048-1.jpg 1367w, https:\/\/www.visitgastroh.com\/wp-content\/uploads\/2022\/03\/IMG_0696-1-1367x2048-1-200x300.jpg 200w, https:\/\/www.visitgastroh.com\/wp-content\/uploads\/2022\/03\/IMG_0696-1-1367x2048-1-684x1024.jpg 684w, https:\/\/www.visitgastroh.com\/wp-content\/uploads\/2022\/03\/IMG_0696-1-1367x2048-1-768x1151.jpg 768w, https:\/\/www.visitgastroh.com\/wp-content\/uploads\/2022\/03\/IMG_0696-1-1367x2048-1-1025x1536.jpg 1025w\" sizes=\"auto, (max-width: 1367px) 100vw, 1367px\" \/><\/a><\/p><p class=\"store_locator_excerpt\">Restaurant Etchema\u00eft\u00e9 (LARRAU) Dans le cadre reposant d&#8217;une nature \u00e0 l&#8217;\u00e9tat pur, le Logis Etchemait\u00e9 \u00e0 Larrau vous propose une cuisine sobre et go\u00fbteuse \u00e9labor\u00e9e \u00e0 base de produits locaux...<\/p><p class=\"store_locator_address\"><span class=\"store_locator_street\">Le Bourg<br\/><\/span> <span class=\"store_locator_zip\">64560<\/span> <span class=\"store_locator_city\">Larrau <br\/><\/span> <span class=\"store_locator_region\">Pyr\u00e9n\u00e9es-Atlantiques<\/span> <\/p><p class=\"store_locator_contact\"><span class=\"store_locator_tel\">Tel.: <a href=\"tel:+33 559286145\">+33 559286145<\/a><br\/><\/span><span class=\"store_locator_email\">Email: <a href=\"mailto:contact@hotel-etchemaite.fr\">contact@hotel-etchemaite.fr<\/a><br\/><\/span><span class=\"store_locator_mobile\">Mobile: <a href=\"tel:+ 33 689301919\">+ 33 689301919<\/a><br\/><\/span><span class=\"store_locator_website\">Website: <a href=\"www.hotel-etchemaite.fr\">www.hotel-etchemaite.fr<\/a><br\/><\/span><\/p><\/div>`,\n      });\n\n    marker57.addListener(\"click\", () => {\n        infowindow57.open({\n          anchor: marker57,\n          map,\n          shouldFocus: false,\n        });\n    });marker58 = new google.maps.Marker({position: {lat: 43.4020032, lng: -1.6597112},map,title: \"RESTAURANT ILURA\",});\n    markers.push(marker58);\n    const infowindow58 = new google.maps.InfoWindow({\n        content: `<div id=\"store_locator_infowindow_26744\" class=\"store_locator_infowindow\"><div class=\"store-locator-col-sm-12 store_locator_details\"><h3 class=\"store_locator_name\"><a href=\"https:\/\/www.visitgastroh.com\/fr\/store\/restaurant-ilura\/\">RESTAURANT ILURA<\/a><\/h3><p><a href=\"https:\/\/www.visitgastroh.com\/fr\/store\/restaurant-ilura\/\"><img loading=\"lazy\" decoding=\"async\" width=\"1536\" height=\"1025\" src=\"https:\/\/www.visitgastroh.com\/wp-content\/uploads\/2022\/03\/Hotel_La_Reserve_Saint_Jean_de_Luz-38-1536x1025-1.jpg\" class=\"attachment-post-thumbnail size-post-thumbnail wp-post-image\" alt=\"\" srcset=\"https:\/\/www.visitgastroh.com\/wp-content\/uploads\/2022\/03\/Hotel_La_Reserve_Saint_Jean_de_Luz-38-1536x1025-1.jpg 1536w, https:\/\/www.visitgastroh.com\/wp-content\/uploads\/2022\/03\/Hotel_La_Reserve_Saint_Jean_de_Luz-38-1536x1025-1-300x200.jpg 300w, https:\/\/www.visitgastroh.com\/wp-content\/uploads\/2022\/03\/Hotel_La_Reserve_Saint_Jean_de_Luz-38-1536x1025-1-1024x683.jpg 1024w, https:\/\/www.visitgastroh.com\/wp-content\/uploads\/2022\/03\/Hotel_La_Reserve_Saint_Jean_de_Luz-38-1536x1025-1-768x513.jpg 768w, https:\/\/www.visitgastroh.com\/wp-content\/uploads\/2022\/03\/Hotel_La_Reserve_Saint_Jean_de_Luz-38-1536x1025-1-900x600.jpg 900w\" sizes=\"auto, (max-width: 1536px) 100vw, 1536px\" \/><\/a><\/p><p class=\"store_locator_excerpt\">RESTAURANT ILURA St Jean de Luz Situ\u00e9 sur les hauteurs de Ste Barbe, d\u00e9couvrez notre restaurant et sa terrasse avec vue panoramique sur l&#8217;Oc\u00e9an. Notre Chef Pierre Boffo vous propose...<\/p><p class=\"store_locator_address\"><span class=\"store_locator_street\">1 Avenue Gaetan Bernoville<br\/><\/span> <span class=\"store_locator_zip\">64500<\/span> <span class=\"store_locator_city\">St Jean de Luz <br\/><\/span> <span class=\"store_locator_region\">Pyr\u00e9n\u00e9es-Atlantiques <\/span> <\/p><p class=\"store_locator_contact\"><span class=\"store_locator_tel\">Tel.: <a href=\"tel:+33 05 59 51 32 00\">+33 05 59 51 32 00<\/a><br\/><\/span><span class=\"store_locator_email\">Email: <a href=\"mailto:info@hotel-lareserve.com\">info@hotel-lareserve.com<\/a><br\/><\/span><span class=\"store_locator_website\">Website: <a href=\"http:\/\/www.hotel-lareserve.com\">http:\/\/www.hotel-lareserve.com<\/a><br\/><\/span><\/p><\/div>`,\n      });\n\n    marker58.addListener(\"click\", () => {\n        infowindow58.open({\n          anchor: marker58,\n          map,\n          shouldFocus: false,\n        });\n    });marker59 = new google.maps.Marker({position: {lat: 43.36242319999999, lng: -1.4015433},map,title: \"Restaurant Le Bellevue\",});\n    markers.push(marker59);\n    const infowindow59 = new google.maps.InfoWindow({\n        content: `<div id=\"store_locator_infowindow_40239\" class=\"store_locator_infowindow\"><div class=\"store-locator-col-sm-12 store_locator_details\"><h3 class=\"store_locator_name\"><a href=\"https:\/\/www.visitgastroh.com\/fr\/store\/restaurant-le-bellevue\/\">Restaurant Le Bellevue<\/a><\/h3><p><a href=\"https:\/\/www.visitgastroh.com\/fr\/store\/restaurant-le-bellevue\/\"><img loading=\"lazy\" decoding=\"async\" width=\"280\" height=\"400\" src=\"https:\/\/www.visitgastroh.com\/wp-content\/uploads\/2022\/05\/9.png\" class=\"attachment-post-thumbnail size-post-thumbnail wp-post-image\" alt=\"\" srcset=\"https:\/\/www.visitgastroh.com\/wp-content\/uploads\/2022\/05\/9.png 280w, https:\/\/www.visitgastroh.com\/wp-content\/uploads\/2022\/05\/9-210x300.png 210w\" sizes=\"auto, (max-width: 280px) 100vw, 280px\" \/><\/a><\/p><p class=\"store_locator_excerpt\">Restaurant Le Bellevue (Cambo-les-Bains) N&#8217;h\u00e9sitez pas \u00e0 faire une \u00e9tape gourmande. Le chef Gilles Fontanille vous propose de partager sa cuisine pleine de saveurs et de cr\u00e9ativit\u00e9, \u00e9labor\u00e9e \u00e0 base...<\/p><p class=\"store_locator_address\"><span class=\"store_locator_street\">29 Bd des Terrasses<br\/><\/span> <span class=\"store_locator_zip\">64250 <\/span> <span class=\"store_locator_city\">Cambo-les-Bains<br\/><\/span> <span class=\"store_locator_region\">Pyr\u00e9n\u00e9es-Atlantiques<\/span> <\/p><p class=\"store_locator_contact\"><span class=\"store_locator_tel\">Tel.: <a href=\"tel:+33 05 59 93 75 75\">+33 05 59 93 75 75<\/a><br\/><\/span><span class=\"store_locator_email\">Email: <a href=\"mailto:contact@hotel-bellevue64.fr\">contact@hotel-bellevue64.fr<\/a><br\/><\/span><span class=\"store_locator_website\">Website: <a href=\"http:\/\/www.hotel-bellevue64.fr\/pages\/a-propos.html\">http:\/\/www.hotel-bellevue64.fr\/pages\/a-propos.html<\/a><br\/><\/span><\/p><\/div>`,\n      });\n\n    marker59.addListener(\"click\", () => {\n        infowindow59.open({\n          anchor: marker59,\n          map,\n          shouldFocus: false,\n        });\n    });marker60 = new google.maps.Marker({position: {lat: 43.4923825, lng: -1.4726519},map,title: \"Restaurant Le Carr\u00e9 Bayonne\",});\n    markers.push(marker60);\n    const infowindow60 = new google.maps.InfoWindow({\n        content: `<div id=\"store_locator_infowindow_35205\" class=\"store_locator_infowindow\"><div class=\"store-locator-col-sm-12 store_locator_details\"><h3 class=\"store_locator_name\"><a href=\"https:\/\/www.visitgastroh.com\/fr\/store\/restaurant-le-carre-bayonne\/\">Restaurant Le Carr\u00e9 Bayonne<\/a><\/h3><p><a href=\"https:\/\/www.visitgastroh.com\/fr\/store\/restaurant-le-carre-bayonne\/\"><img loading=\"lazy\" decoding=\"async\" width=\"1920\" height=\"1280\" src=\"https:\/\/www.visitgastroh.com\/wp-content\/uploads\/2022\/04\/02_lecarre_bar.jpg\" class=\"attachment-post-thumbnail size-post-thumbnail wp-post-image\" alt=\"\" srcset=\"https:\/\/www.visitgastroh.com\/wp-content\/uploads\/2022\/04\/02_lecarre_bar.jpg 1920w, https:\/\/www.visitgastroh.com\/wp-content\/uploads\/2022\/04\/02_lecarre_bar-300x200.jpg 300w, https:\/\/www.visitgastroh.com\/wp-content\/uploads\/2022\/04\/02_lecarre_bar-1024x683.jpg 1024w, https:\/\/www.visitgastroh.com\/wp-content\/uploads\/2022\/04\/02_lecarre_bar-768x512.jpg 768w, https:\/\/www.visitgastroh.com\/wp-content\/uploads\/2022\/04\/02_lecarre_bar-1536x1024.jpg 1536w, https:\/\/www.visitgastroh.com\/wp-content\/uploads\/2022\/04\/02_lecarre_bar-900x600.jpg 900w\" sizes=\"auto, (max-width: 1920px) 100vw, 1920px\" \/><\/a><\/p><p class=\"store_locator_excerpt\">Le Carr\u00e9 Bayonne (Bayonne) Au coeur du quartier des mus\u00e9es, dans le Petit Bayonne, le restaurant Le Carr\u00e9 est un lieu unique. Il fait \u00e9cho, de par sa d\u00e9coration et...<\/p><p class=\"store_locator_address\"><span class=\"store_locator_street\">9 rue Fr\u00e9d\u00e9ric Bastiat<br\/><\/span> <span class=\"store_locator_zip\">64100<\/span> <span class=\"store_locator_city\">Bayonne<br\/><\/span> <span class=\"store_locator_region\">Pyr\u00e9n\u00e9es Atlantiques<\/span> <\/p><p class=\"store_locator_contact\"><span class=\"store_locator_tel\">Tel.: <a href=\"tel:+33559858599\">+33559858599<\/a><br\/><\/span><span class=\"store_locator_email\">Email: <a href=\"mailto:contact@lecarre.fr\">contact@lecarre.fr<\/a><br\/><\/span><span class=\"store_locator_website\">Website: <a href=\"https:\/\/lecarre.fr\/\">https:\/\/lecarre.fr\/<\/a><br\/><\/span><\/p><\/div>`,\n      });\n\n    marker60.addListener(\"click\", () => {\n        infowindow60.open({\n          anchor: marker60,\n          map,\n          shouldFocus: false,\n        });\n    });marker61 = new google.maps.Marker({position: {lat: 43.4623779, lng: -1.5719477},map,title: \"Restaurant Le SIN\",});\n    markers.push(marker61);\n    const infowindow61 = new google.maps.InfoWindow({\n        content: `<div id=\"store_locator_infowindow_29672\" class=\"store_locator_infowindow\"><div class=\"store-locator-col-sm-12 store_locator_details\"><h3 class=\"store_locator_name\"><a href=\"https:\/\/www.visitgastroh.com\/fr\/store\/restaurant-le-sin\/\">Restaurant Le SIN<\/a><\/h3><p><a href=\"https:\/\/www.visitgastroh.com\/fr\/store\/restaurant-le-sin\/\"><img loading=\"lazy\" decoding=\"async\" width=\"1709\" height=\"2560\" src=\"https:\/\/www.visitgastroh.com\/wp-content\/uploads\/2022\/03\/DSC6763-scaled-1.jpg\" class=\"attachment-post-thumbnail size-post-thumbnail wp-post-image\" alt=\"\" srcset=\"https:\/\/www.visitgastroh.com\/wp-content\/uploads\/2022\/03\/DSC6763-scaled-1.jpg 1709w, https:\/\/www.visitgastroh.com\/wp-content\/uploads\/2022\/03\/DSC6763-scaled-1-200x300.jpg 200w, https:\/\/www.visitgastroh.com\/wp-content\/uploads\/2022\/03\/DSC6763-scaled-1-684x1024.jpg 684w, https:\/\/www.visitgastroh.com\/wp-content\/uploads\/2022\/03\/DSC6763-scaled-1-768x1150.jpg 768w, https:\/\/www.visitgastroh.com\/wp-content\/uploads\/2022\/03\/DSC6763-scaled-1-1025x1536.jpg 1025w, https:\/\/www.visitgastroh.com\/wp-content\/uploads\/2022\/03\/DSC6763-scaled-1-1367x2048.jpg 1367w\" sizes=\"auto, (max-width: 1709px) 100vw, 1709px\" \/><\/a><\/p><p class=\"store_locator_excerpt\">Le SIN (BIARRITZ) Dans l&#8217;enceinte de La Cit\u00e9 de l&#8217;Oc\u00e9an imagin\u00e9e par Steven Holl, Le SIN vous accueille face \u00e0 l&#8217;Oc\u00e9an pour une cuisine gourmande de saison. Au rez-de-chaus\u00e9e, pendant...<\/p><p class=\"store_locator_address\"><span class=\"store_locator_street\">Cit\u00e9 de l\\'Oc\u00e9an 1 avenue de la plage<br\/><\/span> <span class=\"store_locator_zip\">64200<\/span> <span class=\"store_locator_city\">Biarritz<br\/><\/span> <span class=\"store_locator_region\">Pyr\u00e9n\u00e9es-Atlantiques <\/span> <\/p><p class=\"store_locator_contact\"><span class=\"store_locator_tel\">Tel.: <a href=\"tel:+33559478289\">+33559478289<\/a><br\/><\/span><span class=\"store_locator_email\">Email: <a href=\"mailto:restaurant.lesin@orange.fr\">restaurant.lesin@orange.fr<\/a><br\/><\/span><span class=\"store_locator_website\">Website: <a href=\"https:\/\/www.citedelocean.com\/\">https:\/\/www.citedelocean.com\/<\/a><br\/><\/span><\/p><\/div>`,\n      });\n\n    marker61.addListener(\"click\", () => {\n        infowindow61.open({\n          anchor: marker61,\n          map,\n          shouldFocus: false,\n        });\n    });marker62 = new google.maps.Marker({position: {lat: 43.4785387, lng: -1.5661995},map,title: \"RESTAURANT LE SURFING\",});\n    markers.push(marker62);\n    const infowindow62 = new google.maps.InfoWindow({\n        content: `<div id=\"store_locator_infowindow_27140\" class=\"store_locator_infowindow\"><div class=\"store-locator-col-sm-12 store_locator_details\"><h3 class=\"store_locator_name\"><a href=\"https:\/\/www.visitgastroh.com\/fr\/store\/restaurant-le-surfing\/\">RESTAURANT LE SURFING<\/a><\/h3><p><a href=\"https:\/\/www.visitgastroh.com\/fr\/store\/restaurant-le-surfing\/\"><img loading=\"lazy\" decoding=\"async\" width=\"1536\" height=\"1024\" src=\"https:\/\/www.visitgastroh.com\/wp-content\/uploads\/2022\/03\/endeless-summer-in-winter-1536x1024-1.jpg\" class=\"attachment-post-thumbnail size-post-thumbnail wp-post-image\" alt=\"\" srcset=\"https:\/\/www.visitgastroh.com\/wp-content\/uploads\/2022\/03\/endeless-summer-in-winter-1536x1024-1.jpg 1536w, https:\/\/www.visitgastroh.com\/wp-content\/uploads\/2022\/03\/endeless-summer-in-winter-1536x1024-1-300x200.jpg 300w, https:\/\/www.visitgastroh.com\/wp-content\/uploads\/2022\/03\/endeless-summer-in-winter-1536x1024-1-1024x683.jpg 1024w, https:\/\/www.visitgastroh.com\/wp-content\/uploads\/2022\/03\/endeless-summer-in-winter-1536x1024-1-768x512.jpg 768w, https:\/\/www.visitgastroh.com\/wp-content\/uploads\/2022\/03\/endeless-summer-in-winter-1536x1024-1-900x600.jpg 900w\" sizes=\"auto, (max-width: 1536px) 100vw, 1536px\" \/><\/a><\/p><p class=\"store_locator_excerpt\">Restaurant le Surfing 64200 Biarritz Face \u00e0 la divine C\u00f4te des Basques, appr\u00e9ciez le spectacle. Tout le monde profite de la vue sur la mer avec une d\u00e9coration, dans un...<\/p><p class=\"store_locator_address\"><span class=\"store_locator_street\">La c\u00f4te des basques ,9 bd Prince de galles <br\/><\/span> <span class=\"store_locator_zip\">64200<\/span> <span class=\"store_locator_city\">Biarritz <br\/><\/span> <span class=\"store_locator_region\">Pyr\u00e9n\u00e9es-Atlantiques <\/span> <\/p><p class=\"store_locator_contact\"><span class=\"store_locator_tel\">Tel.: <a href=\"tel:+335 59 24 78 72\">+335 59 24 78 72<\/a><br\/><\/span><span class=\"store_locator_email\">Email: <a href=\"mailto:lesurfing.btz@gmail.com\">lesurfing.btz@gmail.com<\/a><br\/><\/span><span class=\"store_locator_website\">Website: <a href=\"https:\/\/www.lesurfing.fr\/\">https:\/\/www.lesurfing.fr\/<\/a><br\/><\/span><\/p><\/div>`,\n      });\n\n    marker62.addListener(\"click\", () => {\n        infowindow62.open({\n          anchor: marker62,\n          map,\n          shouldFocus: false,\n        });\n    });marker63 = new google.maps.Marker({position: {lat: 43.33344719999999, lng: -1.7442616},map,title: \"Restaurant Les Jardins de Bakea\",});\n    markers.push(marker63);\n    const infowindow63 = new google.maps.InfoWindow({\n        content: `<div id=\"store_locator_infowindow_26830\" class=\"store_locator_infowindow\"><div class=\"store-locator-col-sm-12 store_locator_details\"><h3 class=\"store_locator_name\"><a href=\"https:\/\/www.visitgastroh.com\/fr\/store\/restaurant-les-jardins-de-bakea\/\">Restaurant Les Jardins de Bakea<\/a><\/h3><p><a href=\"https:\/\/www.visitgastroh.com\/fr\/store\/restaurant-les-jardins-de-bakea\/\"><img loading=\"lazy\" decoding=\"async\" width=\"600\" height=\"337\" src=\"https:\/\/www.visitgastroh.com\/wp-content\/uploads\/2022\/03\/restaurant-jardins-bakea.jpg\" class=\"attachment-post-thumbnail size-post-thumbnail wp-post-image\" alt=\"\" srcset=\"https:\/\/www.visitgastroh.com\/wp-content\/uploads\/2022\/03\/restaurant-jardins-bakea.jpg 600w, https:\/\/www.visitgastroh.com\/wp-content\/uploads\/2022\/03\/restaurant-jardins-bakea-300x169.jpg 300w\" sizes=\"auto, (max-width: 600px) 100vw, 600px\" \/><\/a><\/p><p class=\"store_locator_excerpt\">Les Jardins de Bakea\u00a0\u00e0 Biriatou Les Jardins de Bakea vous invite \u00e0 sa table gourmande dans un cadre enchanteur. La cuisine d&#8217;Eric Duval se dessine autour de produits frais et...<\/p><p class=\"store_locator_address\"><span class=\"store_locator_street\">1134 chemin Herri Alde<br\/><\/span> <span class=\"store_locator_zip\">64700<\/span> <span class=\"store_locator_city\">Biriatou <br\/><\/span> <span class=\"store_locator_region\"> Pyr\u00e9n\u00e9es Atlantiques <\/span> <\/p><p class=\"store_locator_contact\"><span class=\"store_locator_tel\">Tel.: <a href=\"tel:+33559200201\">+33559200201<\/a><br\/><\/span><span class=\"store_locator_email\">Email: <a href=\"mailto:contact@bakea.fr\">contact@bakea.fr<\/a><br\/><\/span><span class=\"store_locator_website\">Website: <a href=\"https:\/\/www.jardins-de-bakea.fr\">https:\/\/www.jardins-de-bakea.fr<\/a><br\/><\/span><\/p><\/div>`,\n      });\n\n    marker63.addListener(\"click\", () => {\n        infowindow63.open({\n          anchor: marker63,\n          map,\n          shouldFocus: false,\n        });\n    });marker64 = new google.maps.Marker({position: {lat: 43.4781122, lng: -1.5643821},map,title: \"Transat Restaurant &amp; Sky Bar\",});\n    markers.push(marker64);\n    const infowindow64 = new google.maps.InfoWindow({\n        content: `<div id=\"store_locator_infowindow_26953\" class=\"store_locator_infowindow\"><div class=\"store-locator-col-sm-12 store_locator_details\"><h3 class=\"store_locator_name\"><a href=\"https:\/\/www.visitgastroh.com\/fr\/store\/transat-restaurant-sky-bar\/\">Transat Restaurant & Sky Bar<\/a><\/h3><p><a href=\"https:\/\/www.visitgastroh.com\/fr\/store\/transat-restaurant-sky-bar\/\"><img loading=\"lazy\" decoding=\"async\" width=\"1536\" height=\"878\" src=\"https:\/\/www.visitgastroh.com\/wp-content\/uploads\/2022\/03\/Transat-Resto-1536x878-1.jpg\" class=\"attachment-post-thumbnail size-post-thumbnail wp-post-image\" alt=\"\" srcset=\"https:\/\/www.visitgastroh.com\/wp-content\/uploads\/2022\/03\/Transat-Resto-1536x878-1.jpg 1536w, https:\/\/www.visitgastroh.com\/wp-content\/uploads\/2022\/03\/Transat-Resto-1536x878-1-300x171.jpg 300w, https:\/\/www.visitgastroh.com\/wp-content\/uploads\/2022\/03\/Transat-Resto-1536x878-1-1024x585.jpg 1024w, https:\/\/www.visitgastroh.com\/wp-content\/uploads\/2022\/03\/Transat-Resto-1536x878-1-768x439.jpg 768w\" sizes=\"auto, (max-width: 1536px) 100vw, 1536px\" \/><\/a><\/p><p class=\"store_locator_excerpt\">Transat Restaurant &amp; Sky Bar Biarritz R\u00e9galez vous avec notre cuisine basque, centr\u00e9e sur les produits frais et locaux. Admirez la c\u00f4te depuis le bar du toit terrasse ou d\u00e9tendez...<\/p><p class=\"store_locator_address\"><span class=\"store_locator_street\">1 Carr d\\'H\u00e9lianthe<br\/><\/span> <span class=\"store_locator_zip\">64200<\/span> <span class=\"store_locator_city\">Biarritz<br\/><\/span> <span class=\"store_locator_region\">Pyr\u00e9n\u00e9es-Atlantiques<\/span> <\/p><p class=\"store_locator_contact\"><span class=\"store_locator_tel\">Tel.: <a href=\"tel:+33 5 59 01 13 13\">+33 5 59 01 13 13<\/a><br\/><\/span><span class=\"store_locator_website\">Website: <a href=\"https:\/\/www.radissonhotels.com\/fr-fr\/hotels\/radisson-blu-biarritz \">https:\/\/www.radissonhotels.com\/fr-fr\/hotels\/radisson-blu-biarritz <\/a><br\/><\/span><\/p><\/div>`,\n      });\n\n    marker64.addListener(\"click\", () => {\n        infowindow64.open({\n          anchor: marker64,\n          map,\n          shouldFocus: false,\n        });\n    });    new markerClusterer.MarkerClusterer( {map, markers} );\n}\ndocument.addEventListener(\"DOMContentLoaded\", function(event) {\n    \/\/c\u00f3digo a ejecutar cuando el DOM est\u00e1 listo para recibir acciones\n    initMapa();\n});\n<\/script>\n<\/div>[\/vc_column_text][\/vc_column][\/vc_row]\n","protected":false},"excerpt":{"rendered":"<p>[vc_row type=&#8221;full_width_background&#8221; full_screen_row_position=&#8221;middle&#8221; column_margin=&#8221;default&#8221; equal_height=&#8221;yes&#8221; content_placement=&#8221;middle&#8221; column_direction=&#8221;default&#8221; column_direction_tablet=&#8221;default&#8221; column_direction_phone=&#8221;default&#8221; bg_image=&#8221;16971&#8243; bg_position=&#8221;center center&#8221; background_image_loading=&#8221;default&#8221; bg_repeat=&#8221;no-repeat&#8221; scene_position=&#8221;center&#8221; top_padding=&#8221;5%&#8221; bottom_padding=&#8221;5%&#8221; text_color=&#8221;light&#8221; text_align=&#8221;left&#8221; row_border_radius=&#8221;none&#8221; row_border_radius_applies=&#8221;bg&#8221; color_overlay=&#8221;#000000&#8243; overlay_strength=&#8221;0.5&#8243; gradient_direction=&#8221;left_to_right&#8221; shape_divider_position=&#8221;bottom&#8221; bg_image_animation=&#8221;none&#8221; shape_type=&#8221;&#8221;][vc_column column_padding=&#8221;no-extra-padding&#8221; column_padding_tablet=&#8221;inherit&#8221; column_padding_phone=&#8221;inherit&#8221;&#8230;<\/p>\n","protected":false},"author":1,"featured_media":0,"parent":31163,"menu_order":0,"comment_status":"closed","ping_status":"closed","template":"","meta":{"footnotes":""},"class_list":["post-31287","page","type-page","status-publish"],"_links":{"self":[{"href":"https:\/\/www.visitgastroh.com\/fr\/wp-json\/wp\/v2\/pages\/31287","targetHints":{"allow":["GET"]}}],"collection":[{"href":"https:\/\/www.visitgastroh.com\/fr\/wp-json\/wp\/v2\/pages"}],"about":[{"href":"https:\/\/www.visitgastroh.com\/fr\/wp-json\/wp\/v2\/types\/page"}],"author":[{"embeddable":true,"href":"https:\/\/www.visitgastroh.com\/fr\/wp-json\/wp\/v2\/users\/1"}],"replies":[{"embeddable":true,"href":"https:\/\/www.visitgastroh.com\/fr\/wp-json\/wp\/v2\/comments?post=31287"}],"version-history":[{"count":0,"href":"https:\/\/www.visitgastroh.com\/fr\/wp-json\/wp\/v2\/pages\/31287\/revisions"}],"up":[{"embeddable":true,"href":"https:\/\/www.visitgastroh.com\/fr\/wp-json\/wp\/v2\/pages\/31163"}],"wp:attachment":[{"href":"https:\/\/www.visitgastroh.com\/fr\/wp-json\/wp\/v2\/media?parent=31287"}],"curies":[{"name":"wp","href":"https:\/\/api.w.org\/{rel}","templated":true}]}}