{"id":31270,"date":"2022-03-29T08:18:09","date_gmt":"2022-03-29T06:18:09","guid":{"rendered":"https:\/\/www.visitgastroh.com\/?page_id=31270"},"modified":"2022-05-24T08:35:50","modified_gmt":"2022-05-24T06:35:50","slug":"acheter","status":"publish","type":"page","link":"https:\/\/www.visitgastroh.com\/fr\/carte\/la-rioja\/acheter\/","title":{"rendered":"Acheter"},"content":{"rendered":"[vc_row type=&#8221;full_width_background&#8221; full_screen_row_position=&#8221;middle&#8221; column_margin=&#8221;default&#8221; equal_height=&#8221;yes&#8221; content_placement=&#8221;middle&#8221; column_direction=&#8221;default&#8221; column_direction_tablet=&#8221;default&#8221; column_direction_phone=&#8221;default&#8221; bg_image=&#8221;16971&#8243; bg_position=&#8221;center center&#8221; background_image_loading=&#8221;default&#8221; bg_repeat=&#8221;no-repeat&#8221; scene_position=&#8221;center&#8221; top_padding=&#8221;5%&#8221; bottom_padding=&#8221;5%&#8221; text_color=&#8221;light&#8221; text_align=&#8221;left&#8221; row_border_radius=&#8221;none&#8221; row_border_radius_applies=&#8221;bg&#8221; color_overlay=&#8221;#000000&#8243; overlay_strength=&#8221;0.5&#8243; gradient_direction=&#8221;left_to_right&#8221; shape_divider_position=&#8221;bottom&#8221; bg_image_animation=&#8221;none&#8221; shape_type=&#8221;&#8221;][vc_column column_padding=&#8221;no-extra-padding&#8221; column_padding_tablet=&#8221;inherit&#8221; column_padding_phone=&#8221;inherit&#8221; column_padding_position=&#8221;all&#8221; column_element_spacing=&#8221;default&#8221; background_color_opacity=&#8221;1&#8243; background_hover_color_opacity=&#8221;1&#8243; column_shadow=&#8221;none&#8221; column_border_radius=&#8221;none&#8221; column_link_target=&#8221;_self&#8221; gradient_direction=&#8221;left_to_right&#8221; overlay_strength=&#8221;0.3&#8243; width=&#8221;1\/1&#8243; tablet_width_inherit=&#8221;default&#8221; tablet_text_alignment=&#8221;default&#8221; phone_text_alignment=&#8221;default&#8221; bg_image_animation=&#8221;none&#8221; border_type=&#8221;simple&#8221; column_border_width=&#8221;none&#8221; column_border_style=&#8221;solid&#8221;][split_line_heading animation_type=&#8221;default&#8221;]\n<h1 style=\"font-size: 75px;\">O\u00f9 acheter!<\/h1>\n[\/split_line_heading][split_line_heading animation_type=&#8221;default&#8221;]\n<h3 style=\"font-size: 36px;\"><strong>LA RIOJA<br \/>\n<\/strong><\/h3>\n[\/split_line_heading][image_with_animation image_url=&#8221;6394&#8243; animation=&#8221;Fade In&#8221; hover_animation=&#8221;none&#8221; alignment=&#8221;&#8221; border_radius=&#8221;none&#8221; box_shadow=&#8221;none&#8221; image_loading=&#8221;default&#8221; max_width=&#8221;100%&#8221; max_width_mobile=&#8221;default&#8221;][\/vc_column][\/vc_row][vc_row type=&#8221;in_container&#8221; full_screen_row_position=&#8221;middle&#8221; column_margin=&#8221;default&#8221; column_direction=&#8221;default&#8221; column_direction_tablet=&#8221;default&#8221; column_direction_phone=&#8221;default&#8221; scene_position=&#8221;center&#8221; text_color=&#8221;dark&#8221; text_align=&#8221;left&#8221; row_border_radius=&#8221;none&#8221; row_border_radius_applies=&#8221;bg&#8221; overlay_strength=&#8221;0.3&#8243; gradient_direction=&#8221;left_to_right&#8221; shape_divider_position=&#8221;bottom&#8221; bg_image_animation=&#8221;none&#8221;][vc_column column_padding=&#8221;no-extra-padding&#8221; column_padding_tablet=&#8221;inherit&#8221; column_padding_phone=&#8221;inherit&#8221; column_padding_position=&#8221;all&#8221; column_element_spacing=&#8221;default&#8221; background_color_opacity=&#8221;1&#8243; background_hover_color_opacity=&#8221;1&#8243; column_shadow=&#8221;none&#8221; column_border_radius=&#8221;none&#8221; column_link_target=&#8221;_self&#8221; gradient_direction=&#8221;left_to_right&#8221; overlay_strength=&#8221;0.3&#8243; width=&#8221;1\/1&#8243; tablet_width_inherit=&#8221;default&#8221; tablet_text_alignment=&#8221;default&#8221; phone_text_alignment=&#8221;default&#8221; bg_image_animation=&#8221;none&#8221; border_type=&#8221;simple&#8221; column_border_width=&#8221;none&#8221; column_border_style=&#8221;solid&#8221;][vc_column_text]<button id=\"menuaGorde\" title=\"Afficher \/ Masquer les filtres\"><i class=\"fa fa-filter\"><\/i><\/button><\/p>\n<p><script>\ndocument.getElementById(\"menuaGorde\").addEventListener(\"click\", menuaezkutatu)\nfunction menuaezkutatu() {\n  var zerrenda = document.getElementsByClassName(\"menu-izda\");\n  x = zerrenda[0];\n  if (x.style.display === \"none\") {\n    x.style.display = \"block\";\n  } else {\n    x.style.display = \"none\";\n  }\n}\n<\/script>[\/vc_column_text][\/vc_column][\/vc_row][vc_row type=&#8221;in_container&#8221; full_screen_row_position=&#8221;middle&#8221; column_margin=&#8221;default&#8221; column_direction=&#8221;default&#8221; column_direction_tablet=&#8221;default&#8221; column_direction_phone=&#8221;default&#8221; scene_position=&#8221;center&#8221; top_padding=&#8221;3%&#8221; bottom_padding=&#8221;5%&#8221; text_color=&#8221;dark&#8221; text_align=&#8221;left&#8221; row_border_radius=&#8221;none&#8221; row_border_radius_applies=&#8221;bg&#8221; overlay_strength=&#8221;0.3&#8243; gradient_direction=&#8221;left_to_right&#8221; shape_divider_position=&#8221;bottom&#8221; bg_image_animation=&#8221;none&#8221; shape_type=&#8221;&#8221;][vc_column column_padding=&#8221;no-extra-padding&#8221; column_padding_tablet=&#8221;inherit&#8221; column_padding_phone=&#8221;inherit&#8221; column_padding_position=&#8221;all&#8221; column_element_spacing=&#8221;default&#8221; background_color_opacity=&#8221;1&#8243; background_hover_color_opacity=&#8221;1&#8243; column_shadow=&#8221;none&#8221; column_border_radius=&#8221;none&#8221; column_link_target=&#8221;_self&#8221; el_class=&#8221;menu-izda&#8221; gradient_direction=&#8221;left_to_right&#8221; overlay_strength=&#8221;0.3&#8243; width=&#8221;1\/4&#8243; tablet_width_inherit=&#8221;default&#8221; tablet_text_alignment=&#8221;default&#8221; phone_text_alignment=&#8221;default&#8221; bg_image_animation=&#8221;none&#8221; border_type=&#8221;simple&#8221; column_border_width=&#8221;none&#8221; column_border_style=&#8221;solid&#8221;][vc_column_text]\n<h4>Choisissez une r\u00e9gion\u00a0:<\/h4>\n[\/vc_column_text][vc_column_text]<img loading=\"lazy\" decoding=\"async\" class=\"size-full wp-image-7132 alignleft\" src=\"https:\/\/www.visitgastroh.com\/wp-content\/uploads\/2022\/01\/mapa-destinos-euskadi-mini.png\" alt=\"\" width=\"45\" height=\"31\" \/><a style=\"color: #61a54d;\" href=\"https:\/\/www.visitgastroh.com\/fr\/carte\/euskadi\/\"><strong>EUSKADI<\/strong><\/a><\/p>\n<ul class=\"mapa-euskadi\">\n<li><a href=\"https:\/\/www.visitgastroh.com\/fr\/carte\/euskadi\/manger\/\">Manger<\/a><\/li>\n<li><a href=\"https:\/\/www.visitgastroh.com\/fr\/carte\/euskadi\/dormir\/\">Dormir<\/a><\/li>\n<li><a href=\"https:\/\/www.visitgastroh.com\/fr\/carte\/euskadi\/acheter\/\">Acheter<\/a><\/li>\n<li><a href=\"https:\/\/www.visitgastroh.com\/fr\/carte\/euskadi\/visiter\/\">Visiter<\/a><\/li>\n<\/ul>\n<p><img loading=\"lazy\" decoding=\"async\" class=\"size-full alignleft\" src=\"https:\/\/www.visitgastroh.com\/wp-content\/uploads\/2022\/01\/mapa-destinos-navarra-mini.png\" alt=\"\" width=\"45\" height=\"31\" \/><a style=\"color: #c5273b;\" href=\"https:\/\/www.visitgastroh.com\/fr\/carte\/navarre\/\"><strong>NAVARRE<\/strong><\/a><\/p>\n<ul class=\"mapa-navarra\">\n<li><a href=\"https:\/\/www.visitgastroh.com\/fr\/carte\/navarre\/manger\/\">Manger<\/a><\/li>\n<li><a href=\"https:\/\/www.visitgastroh.com\/fr\/carte\/navarre\/dormir\/\">Dormir<\/a><\/li>\n<li><a href=\"https:\/\/www.visitgastroh.com\/fr\/carte\/navarre\/acheter\/\">Acheter<\/a><\/li>\n<li><a href=\"https:\/\/www.visitgastroh.com\/fr\/carte\/navarre\/visiter\/\">Visiter<\/a><\/li>\n<\/ul>\n<p><img loading=\"lazy\" decoding=\"async\" class=\"size-full alignleft\" src=\"https:\/\/www.visitgastroh.com\/wp-content\/uploads\/2022\/01\/mapa-destinos-la-rioja-mini.png\" alt=\"\" width=\"45\" height=\"31\" \/><a style=\"color: #9f2653;\" href=\"https:\/\/www.visitgastroh.com\/fr\/carte\/la-rioja\/\"><strong>LA RIOJA<\/strong><\/a><\/p>\n<ul class=\"mapa-la-rioja\">\n<li><a href=\"https:\/\/www.visitgastroh.com\/fr\/carte\/la-rioja\/manger\/\">Manger<\/a><\/li>\n<li><a href=\"https:\/\/www.visitgastroh.com\/fr\/carte\/la-rioja\/dormir\/\">Dormir<\/a><\/li>\n<li><a href=\"https:\/\/www.visitgastroh.com\/fr\/carte\/la-rioja\/acheter\/\">Acheter<\/a><\/li>\n<li><a href=\"https:\/\/www.visitgastroh.com\/fr\/carte\/la-rioja\/visiter\/\">Visiter<\/a><\/li>\n<\/ul>\n<p><img loading=\"lazy\" decoding=\"async\" class=\"size-full alignleft\" src=\"https:\/\/www.visitgastroh.com\/wp-content\/uploads\/2022\/01\/mapa-destinos-pays-basque-mini.png\" alt=\"\" width=\"45\" height=\"31\" \/><a style=\"color: #8bc3e7;\" href=\"https:\/\/www.visitgastroh.com\/fr\/carte\/pays-basque\/\"><strong>PAYS BASQUE<\/strong><\/a><\/p>\n<ul class=\"mapa-pays-basque\">\n<li><a href=\"https:\/\/www.visitgastroh.com\/fr\/carte\/pays-basque\/manger\/\">Manger<\/a><\/li>\n<li><a href=\"https:\/\/www.visitgastroh.com\/fr\/carte\/pays-basque\/dormir\/\">Dormir<\/a><\/li>\n<li><a href=\"https:\/\/www.visitgastroh.com\/fr\/carte\/pays-basque\/acheter\/\">Acheter<\/a><\/li>\n<li><a href=\"https:\/\/www.visitgastroh.com\/fr\/carte\/pays-basque\/visiter\/\">Visiter<\/a><\/li>\n<\/ul>\n<p><img loading=\"lazy\" decoding=\"async\" class=\"size-full alignleft\" src=\"https:\/\/www.visitgastroh.com\/wp-content\/uploads\/2022\/01\/mapa-destinos-bearn-mini.png\" alt=\"\" width=\"45\" height=\"31\" \/><a style=\"color: #e7b32d;\" href=\"https:\/\/www.visitgastroh.com\/fr\/carte\/bearn\/\"><strong>B\u00c9ARN<\/strong><\/a><\/p>\n<ul class=\"mapa-bearn\">\n<li><a href=\"https:\/\/www.visitgastroh.com\/fr\/carte\/bearn\/manger\/\">Manger<\/a><\/li>\n<li><a href=\"https:\/\/www.visitgastroh.com\/fr\/carte\/bearn\/dormir\/\">Dormir<\/a><\/li>\n<li><a href=\"https:\/\/www.visitgastroh.com\/fr\/carte\/bearn\/acheter\/\">Acheter<\/a><\/li>\n<li><a href=\"https:\/\/www.visitgastroh.com\/fr\/carte\/bearn\/visiter\/\">Visiter<\/a><\/li>\n<\/ul>\n[\/vc_column_text][vc_column_text]        <form id=\"store_locator_embedded_search\" class=\"store_locator_embedded_search\" action=\"https:\/\/www.visitgastroh.com\/fr\/carte\/la-rioja\/acheter\/\" method=\"GET\">            <div id=\"store_locator_search_box\" class=\"store_locator store_locator_search_box store-locator-col-12 store-locator-col-sm-12\">                                            <div id=\"store_locator_filter\" class=\"store_locator_filter\">            <div id=\"store_locator_filter_content\" class=\"store-locator-row store_locator_filter_content\">                <div id=\"filter518\" class=\"store-locator-col-12 single_filter\"><h5 class=\"collapsible-visit filtroa-itxita\">Route \u00e0 laquelle appartient l\u2019entreprise (Acheter)<\/h5><div class=\"filtroa\" style=\"display: none;\"><label class=\"single_filter_checkbox control control--checkbox\"><input  name=\"filter518[]\" type=\"checkbox\" class=\"store_locator_filter_checkbox\" value=\"525\">Destination D\u00e9signation d\u2019origine<div class=\"control__indicator\"><\/div><\/label><label class=\"single_filter_checkbox control control--checkbox\"><input  name=\"filter518[]\" type=\"checkbox\" class=\"store_locator_filter_checkbox\" value=\"526\">Destination fromage<div class=\"control__indicator\"><\/div><\/label><label class=\"single_filter_checkbox control control--checkbox\"><input  name=\"filter518[]\" type=\"checkbox\" class=\"store_locator_filter_checkbox\" value=\"527\">Destination vin<div class=\"control__indicator\"><\/div><\/label><label class=\"single_filter_checkbox control control--checkbox\"><input  name=\"filter518[]\" type=\"checkbox\" class=\"store_locator_filter_checkbox\" value=\"528\">Grand Roadtrip \/ Tour Gastroh<div class=\"control__indicator\"><\/div><\/label><label class=\"single_filter_checkbox control control--checkbox\"><input  name=\"filter518[]\" type=\"checkbox\" class=\"store_locator_filter_checkbox\" value=\"529\">Route Haute Gastronomie<div class=\"control__indicator\"><\/div><\/label><\/div><\/div><div id=\"filter297\" class=\"store-locator-col-12 single_filter\"><h5 class=\"collapsible-visit filtroa-itxita\">Type d&#039;\u00e9tablissement<\/h5><div class=\"filtroa\" style=\"display: none;\"><label class=\"single_filter_checkbox control control--checkbox\"><input  name=\"filter297[]\" type=\"checkbox\" class=\"store_locator_filter_checkbox\" value=\"298\">Coop\u00e9rative<div class=\"control__indicator\"><\/div><\/label><label class=\"single_filter_checkbox control control--checkbox\"><input  name=\"filter297[]\" type=\"checkbox\" class=\"store_locator_filter_checkbox\" value=\"299\">\u00c9picerie fine<div class=\"control__indicator\"><\/div><\/label><label class=\"single_filter_checkbox control control--checkbox\"><input  name=\"filter297[]\" type=\"checkbox\" class=\"store_locator_filter_checkbox\" value=\"304\">Magasins BIO \/ ECO<div class=\"control__indicator\"><\/div><\/label><label class=\"single_filter_checkbox control control--checkbox\"><input  name=\"filter297[]\" type=\"checkbox\" class=\"store_locator_filter_checkbox\" value=\"300\">March\u00e9s de producteurs (autres que le march\u00e9 municipal)<div class=\"control__indicator\"><\/div><\/label><label class=\"single_filter_checkbox control control--checkbox\"><input  name=\"filter297[]\" type=\"checkbox\" class=\"store_locator_filter_checkbox\" value=\"301\">March\u00e9s municipaux<div class=\"control__indicator\"><\/div><\/label><label class=\"single_filter_checkbox control control--checkbox\"><input  name=\"filter297[]\" type=\"checkbox\" class=\"store_locator_filter_checkbox\" value=\"303\">P\u00e2tisserie \/ Chocolaterie<div class=\"control__indicator\"><\/div><\/label><label class=\"single_filter_checkbox control control--checkbox\"><input  name=\"filter297[]\" type=\"checkbox\" class=\"store_locator_filter_checkbox\" value=\"302\">Producteur et\/ou agriculteur local avec vente directe<div class=\"control__indicator\"><\/div><\/label><\/div><\/div><div id=\"filter318\" class=\"store-locator-col-12 single_filter\"><h5 class=\"collapsible-visit filtroa-itxita\">Typologie de produit<\/h5><div class=\"filtroa\" style=\"display: none;\"><label class=\"single_filter_checkbox control control--checkbox\"><input  name=\"filter318[]\" type=\"checkbox\" class=\"store_locator_filter_checkbox\" value=\"322\">Bi\u00e8re<div class=\"control__indicator\"><\/div><\/label><label class=\"single_filter_checkbox control control--checkbox\"><input  name=\"filter318[]\" type=\"checkbox\" class=\"store_locator_filter_checkbox\" value=\"332\">Boulangerie P\u00e2tisserie<div class=\"control__indicator\"><\/div><\/label><label class=\"single_filter_checkbox control control--checkbox\"><input  name=\"filter318[]\" type=\"checkbox\" class=\"store_locator_filter_checkbox\" value=\"321\">C\u00e9r\u00e9ales et f\u00e9culents<div class=\"control__indicator\"><\/div><\/label><label class=\"single_filter_checkbox control control--checkbox\"><input  name=\"filter318[]\" type=\"checkbox\" class=\"store_locator_filter_checkbox\" value=\"325\">Charcuteries et p\u00e2t\u00e9s<div class=\"control__indicator\"><\/div><\/label><label class=\"single_filter_checkbox control control--checkbox\"><input  name=\"filter318[]\" type=\"checkbox\" class=\"store_locator_filter_checkbox\" value=\"323\">Chocolats<div class=\"control__indicator\"><\/div><\/label><label class=\"single_filter_checkbox control control--checkbox\"><input  name=\"filter318[]\" type=\"checkbox\" class=\"store_locator_filter_checkbox\" value=\"324\">Conserves<div class=\"control__indicator\"><\/div><\/label><label class=\"single_filter_checkbox control control--checkbox\"><input  name=\"filter318[]\" type=\"checkbox\" class=\"store_locator_filter_checkbox\" value=\"336\">Fromage<div class=\"control__indicator\"><\/div><\/label><label class=\"single_filter_checkbox control control--checkbox\"><input  name=\"filter318[]\" type=\"checkbox\" class=\"store_locator_filter_checkbox\" value=\"326\">Fruits et l\u00e9gumes<div class=\"control__indicator\"><\/div><\/label><label class=\"single_filter_checkbox control control--checkbox\"><input  name=\"filter318[]\" type=\"checkbox\" class=\"store_locator_filter_checkbox\" value=\"327\">Fruits secs<div class=\"control__indicator\"><\/div><\/label><label class=\"single_filter_checkbox control control--checkbox\"><input  name=\"filter318[]\" type=\"checkbox\" class=\"store_locator_filter_checkbox\" value=\"319\">Huile<div class=\"control__indicator\"><\/div><\/label><label class=\"single_filter_checkbox control control--checkbox\"><input  name=\"filter318[]\" type=\"checkbox\" class=\"store_locator_filter_checkbox\" value=\"330\">Miel<div class=\"control__indicator\"><\/div><\/label><label class=\"single_filter_checkbox control control--checkbox\"><input  name=\"filter318[]\" type=\"checkbox\" class=\"store_locator_filter_checkbox\" value=\"328\">\u0152ufs<div class=\"control__indicator\"><\/div><\/label><label class=\"single_filter_checkbox control control--checkbox\"><input  name=\"filter318[]\" type=\"checkbox\" class=\"store_locator_filter_checkbox\" value=\"331\">Pachar\u00e1n et produits distill\u00e9s<div class=\"control__indicator\"><\/div><\/label><label class=\"single_filter_checkbox control control--checkbox\"><input  name=\"filter318[]\" type=\"checkbox\" class=\"store_locator_filter_checkbox\" value=\"333\">Poisson<div class=\"control__indicator\"><\/div><\/label><label class=\"single_filter_checkbox control control--checkbox\"><input  name=\"filter318[]\" type=\"checkbox\" class=\"store_locator_filter_checkbox\" value=\"334\">Produits de P\u00e2tisserie<div class=\"control__indicator\"><\/div><\/label><label class=\"single_filter_checkbox control control--checkbox\"><input  name=\"filter318[]\" type=\"checkbox\" class=\"store_locator_filter_checkbox\" value=\"335\">Produits du canard<div class=\"control__indicator\"><\/div><\/label><label class=\"single_filter_checkbox control control--checkbox\"><input  name=\"filter318[]\" type=\"checkbox\" class=\"store_locator_filter_checkbox\" value=\"329\">Produits laitiers (lait, yaourt, cuajada, glace)<div class=\"control__indicator\"><\/div><\/label><label class=\"single_filter_checkbox control control--checkbox\"><input  name=\"filter318[]\" type=\"checkbox\" class=\"store_locator_filter_checkbox\" value=\"320\">Viande<div class=\"control__indicator\"><\/div><\/label><label class=\"single_filter_checkbox control control--checkbox\"><input  name=\"filter318[]\" type=\"checkbox\" class=\"store_locator_filter_checkbox\" value=\"337\">Vin<div class=\"control__indicator\"><\/div><\/label><\/div><\/div>            <\/div>        <\/div>        <script>        var coll = document.getElementsByClassName(\"collapsible-visit\");        var i;        for (i = 0; i < coll.length; i++) {          coll[i].addEventListener(\"click\", function() {            this.classList.toggle(\"active\");            var content = this.nextElementSibling;            if (content.style.display === \"block\") {              content.style.display = \"none\";              this.classList.remove('filtroa-irekita');              this.classList.add(\"filtroa-itxita\");            } else {              content.style.display = \"block\";              this.classList.remove('filtroa-itxita');              this.classList.add(\"filtroa-irekita\");            }          });        }        <\/script>                                                        <div class=\"store-locator-row bilaketa-botoia\">                    <div class=\"store-locator-col-12 store-locator-col-sm-12\">                        <button id=\"store_locator_find_stores_button\" type=\"submit\" class=\"store_locator_find_stores_button btn button et_pb_button btn-primary btn-lg\">Rechercher                        <\/button>                    <\/div>                <\/div>            <\/div>        <\/form>        [\/vc_column_text][\/vc_column][vc_column column_padding=&#8221;no-extra-padding&#8221; column_padding_tablet=&#8221;inherit&#8221; column_padding_phone=&#8221;inherit&#8221; column_padding_position=&#8221;all&#8221; column_element_spacing=&#8221;default&#8221; background_color_opacity=&#8221;1&#8243; background_hover_color_opacity=&#8221;1&#8243; column_shadow=&#8221;none&#8221; column_border_radius=&#8221;none&#8221; column_link_target=&#8221;_self&#8221; gradient_direction=&#8221;left_to_right&#8221; overlay_strength=&#8221;0.3&#8243; width=&#8221;3\/4&#8243; tablet_width_inherit=&#8221;default&#8221; tablet_text_alignment=&#8221;default&#8221; phone_text_alignment=&#8221;default&#8221; bg_image_animation=&#8221;none&#8221; border_type=&#8221;simple&#8221; column_border_width=&#8221;none&#8221; column_border_style=&#8221;solid&#8221;][vc_column_text]<div class=\"wordpress-store-locator-list-container\"><h2 class=\"wordpress-store-locator-list-title\">LA RIOJA<\/h2><div class=\"wordpress-store-locator-list-content\"><p>Choisissez un \u00e9tablissement<\/p>\n<\/div><script src=\"https:\/\/unpkg.com\/@googlemaps\/markerclusterer\/dist\/index.min.js\"><\/script>\n<div class=\"store-locator-row\">\n    <div id=\"visitMap\" class=\"store-locator-col-12\"><\/div>\n<\/div>\n\n<script>\n    function initMapa() {\n      const myLatLng = { lat: 42.81687, lng: -1.64323 };\n      \/\/ const myLatLng = { lat: -25.363, lng: 131.044 };\n      const map = new google.maps.Map(document.getElementById(\"visitMap\"), {\n        zoom: 8,\n        mapTypeControl: false,\n        center: myLatLng,\n      });\n      const markers = [];marker0 = new google.maps.Marker({position: {lat: 42.17104907114372, lng: -1.7787211539618641},map,title: \"Almazara Ecol\u00f3gica de La Rioja\",});\n    markers.push(marker0);\n    const infowindow0 = new google.maps.InfoWindow({\n        content: `<div id=\"store_locator_infowindow_34493\" class=\"store_locator_infowindow\"><div class=\"store-locator-col-sm-12 store_locator_details\"><h3 class=\"store_locator_name\"><a href=\"https:\/\/www.visitgastroh.com\/fr\/store\/almazara-ecologica-de-la-rioja\/\">Almazara Ecol\u00f3gica de La Rioja<\/a><\/h3><p><a href=\"https:\/\/www.visitgastroh.com\/fr\/store\/almazara-ecologica-de-la-rioja\/\"><img loading=\"lazy\" decoding=\"async\" width=\"1200\" height=\"800\" src=\"https:\/\/www.visitgastroh.com\/wp-content\/uploads\/2022\/03\/2015-01.jpg\" class=\"attachment-post-thumbnail size-post-thumbnail wp-post-image\" alt=\"\" srcset=\"https:\/\/www.visitgastroh.com\/wp-content\/uploads\/2022\/03\/2015-01.jpg 1200w, https:\/\/www.visitgastroh.com\/wp-content\/uploads\/2022\/03\/2015-01-300x200.jpg 300w, https:\/\/www.visitgastroh.com\/wp-content\/uploads\/2022\/03\/2015-01-1024x683.jpg 1024w, https:\/\/www.visitgastroh.com\/wp-content\/uploads\/2022\/03\/2015-01-768x512.jpg 768w, https:\/\/www.visitgastroh.com\/wp-content\/uploads\/2022\/03\/2015-01-900x600.jpg 900w\" sizes=\"auto, (max-width: 1200px) 100vw, 1200px\" \/><\/a><\/p><p class=\"store_locator_excerpt\">ALMAZARA ECOL\u00d3GICA DE LA RIOJA (ALFARO) ISUL notre huile d&#8217;olive extra vierge biologique est le fruit de notre domaine El Cascajo, une oliveraie plant\u00e9e sur un domaine agricole au sol...<\/p><p class=\"store_locator_address\"><span class=\"store_locator_street\">Carretera de Gr\u00e1valos Km 19<br\/><\/span> <span class=\"store_locator_zip\">26540<\/span> <span class=\"store_locator_city\">Alfaro<br\/><\/span> <span class=\"store_locator_region\">La Rioja<\/span> <\/p><p class=\"store_locator_contact\"><span class=\"store_locator_tel\">Tel.: <a href=\"tel:+34687746698\">+34687746698<\/a><br\/><\/span><span class=\"store_locator_email\">Email: <a href=\"mailto:isul@isul.es\">isul@isul.es<\/a><br\/><\/span><span class=\"store_locator_mobile\">Mobile: <a href=\"tel:+34600871792\">+34600871792<\/a><br\/><\/span><span class=\"store_locator_website\">Website: <a href=\"https:\/\/isul.es\/\">https:\/\/isul.es\/<\/a><br\/><\/span><\/p><\/div>`,\n      });\n\n    marker0.addListener(\"click\", () => {\n        infowindow0.open({\n          anchor: marker0,\n          map,\n          shouldFocus: false,\n        });\n    });marker1 = new google.maps.Marker({position: {lat: 42.2610617, lng: -2.7651134},map,title: \"Alubia de Anguiano\",});\n    markers.push(marker1);\n    const infowindow1 = new google.maps.InfoWindow({\n        content: `<div id=\"store_locator_infowindow_34545\" class=\"store_locator_infowindow\"><div class=\"store-locator-col-sm-12 store_locator_details\"><h3 class=\"store_locator_name\"><a href=\"https:\/\/www.visitgastroh.com\/fr\/store\/alubia-de-anguiano\/\">Alubia de Anguiano<\/a><\/h3><p><a href=\"https:\/\/www.visitgastroh.com\/fr\/store\/alubia-de-anguiano\/\"><img loading=\"lazy\" decoding=\"async\" width=\"1200\" height=\"798\" src=\"https:\/\/www.visitgastroh.com\/wp-content\/uploads\/2022\/03\/caparrones-de-anguiano.jpg\" class=\"attachment-post-thumbnail size-post-thumbnail wp-post-image\" alt=\"\" srcset=\"https:\/\/www.visitgastroh.com\/wp-content\/uploads\/2022\/03\/caparrones-de-anguiano.jpg 1200w, https:\/\/www.visitgastroh.com\/wp-content\/uploads\/2022\/03\/caparrones-de-anguiano-300x200.jpg 300w, https:\/\/www.visitgastroh.com\/wp-content\/uploads\/2022\/03\/caparrones-de-anguiano-1024x681.jpg 1024w, https:\/\/www.visitgastroh.com\/wp-content\/uploads\/2022\/03\/caparrones-de-anguiano-768x511.jpg 768w, https:\/\/www.visitgastroh.com\/wp-content\/uploads\/2022\/03\/caparrones-de-anguiano-900x600.jpg 900w\" sizes=\"auto, (max-width: 1200px) 100vw, 1200px\" \/><\/a><\/p><p class=\"store_locator_excerpt\">ALUBIA DE ANGUIANO (ANGUIANO) Le haricot d&#8217;Anguiano est une caract\u00e9ristique non seulement de la ville d&#8217;Anguiano, mais de toute la Rioja. C&#8217;est un grain diff\u00e9rent des autres, de taille plus...<\/p><p class=\"store_locator_address\"><span class=\"store_locator_street\">Calle Plaza Mayor n\u00ba5<br\/><\/span> <span class=\"store_locator_zip\">26322<\/span> <span class=\"store_locator_city\">Anguiano<br\/><\/span> <span class=\"store_locator_region\">La Rioja<\/span> <\/p><p class=\"store_locator_contact\"><span class=\"store_locator_tel\">Tel.: <a href=\"tel:+34941545109\">+34941545109<\/a><br\/><\/span><span class=\"store_locator_email\">Email: <a href=\"mailto:info@alubiadeanguiano.com\">info@alubiadeanguiano.com<\/a><br\/><\/span><span class=\"store_locator_mobile\">Mobile: <a href=\"tel:+34657852738\">+34657852738<\/a><br\/><\/span><span class=\"store_locator_website\">Website: <a href=\"https:\/\/alubiadeanguiano.com\/\">https:\/\/alubiadeanguiano.com\/<\/a><br\/><\/span><\/p><\/div>`,\n      });\n\n    marker1.addListener(\"click\", () => {\n        infowindow1.open({\n          anchor: marker1,\n          map,\n          shouldFocus: false,\n        });\n    });marker2 = new google.maps.Marker({position: {lat: 42.17510015528479, lng: -1.771036487249753},map,title: \"BODEGAS Y VI\u00d1EDOS ILURCE\",});\n    markers.push(marker2);\n    const infowindow2 = new google.maps.InfoWindow({\n        content: `<div id=\"store_locator_infowindow_38665\" class=\"store_locator_infowindow\"><div class=\"store-locator-col-sm-12 store_locator_details\"><h3 class=\"store_locator_name\"><a href=\"https:\/\/www.visitgastroh.com\/fr\/store\/bodegas-y-vinedos-ilurce\/\">BODEGAS Y VI\u00d1EDOS ILURCE<\/a><\/h3><p><a href=\"https:\/\/www.visitgastroh.com\/fr\/store\/bodegas-y-vinedos-ilurce\/\"><img loading=\"lazy\" decoding=\"async\" width=\"1800\" height=\"1200\" src=\"https:\/\/www.visitgastroh.com\/wp-content\/uploads\/2022\/05\/Bd_MG_8970_web-Portada.jpg\" class=\"attachment-post-thumbnail size-post-thumbnail wp-post-image\" alt=\"\" srcset=\"https:\/\/www.visitgastroh.com\/wp-content\/uploads\/2022\/05\/Bd_MG_8970_web-Portada.jpg 1800w, https:\/\/www.visitgastroh.com\/wp-content\/uploads\/2022\/05\/Bd_MG_8970_web-Portada-300x200.jpg 300w, https:\/\/www.visitgastroh.com\/wp-content\/uploads\/2022\/05\/Bd_MG_8970_web-Portada-1024x683.jpg 1024w, https:\/\/www.visitgastroh.com\/wp-content\/uploads\/2022\/05\/Bd_MG_8970_web-Portada-768x512.jpg 768w, https:\/\/www.visitgastroh.com\/wp-content\/uploads\/2022\/05\/Bd_MG_8970_web-Portada-1536x1024.jpg 1536w, https:\/\/www.visitgastroh.com\/wp-content\/uploads\/2022\/05\/Bd_MG_8970_web-Portada-900x600.jpg 900w\" sizes=\"auto, (max-width: 1800px) 100vw, 1800px\" \/><\/a><\/p><p class=\"store_locator_excerpt\">BODEGAS Y VI\u00d1EDOS ILURCE (ALFARO) Bodegas y Vi\u00f1edos Ilurce est une cave cr\u00e9\u00e9e en 1940, au sein de la DO Ca. Rioja qui est situ\u00e9e dans la partie orientale de...<\/p><p class=\"store_locator_address\"><span class=\"store_locator_street\">Carretera Alfaro \u2013 Gr\u00e1valos, Km. 23<br\/><\/span> <span class=\"store_locator_zip\">26540<\/span> <span class=\"store_locator_city\">Alfaro<br\/><\/span> <span class=\"store_locator_region\">La Rioja<\/span> <\/p><p class=\"store_locator_contact\"><span class=\"store_locator_tel\">Tel.: <a href=\"tel:+34 941 180 829\">+34 941 180 829<\/a><br\/><\/span><span class=\"store_locator_email\">Email: <a href=\"mailto:info@ilurce.com\">info@ilurce.com<\/a><br\/><\/span><span class=\"store_locator_mobile\">Mobile: <a href=\"tel:+34 647 922 710\">+34 647 922 710<\/a><br\/><\/span><span class=\"store_locator_website\">Website: <a href=\"https:\/\/www.ilurce.com\/\">https:\/\/www.ilurce.com\/<\/a><br\/><\/span><\/p><\/div>`,\n      });\n\n    marker2.addListener(\"click\", () => {\n        infowindow2.open({\n          anchor: marker2,\n          map,\n          shouldFocus: false,\n        });\n    });marker3 = new google.maps.Marker({position: {lat: 42.43935144504679, lng: -2.954341394898219},map,title: \"Boulangerie Isasi\",});\n    markers.push(marker3);\n    const infowindow3 = new google.maps.InfoWindow({\n        content: `<div id=\"store_locator_infowindow_28613\" class=\"store_locator_infowindow\"><div class=\"store-locator-col-sm-12 store_locator_details\"><h3 class=\"store_locator_name\"><a href=\"https:\/\/www.visitgastroh.com\/fr\/store\/boulangerie-isasi\/\">Boulangerie Isasi<\/a><\/h3><p><a href=\"https:\/\/www.visitgastroh.com\/fr\/store\/boulangerie-isasi\/\"><img loading=\"lazy\" decoding=\"async\" width=\"1600\" height=\"859\" src=\"https:\/\/www.visitgastroh.com\/wp-content\/uploads\/2022\/02\/trufa.jpg\" class=\"attachment-post-thumbnail size-post-thumbnail wp-post-image\" alt=\"\" srcset=\"https:\/\/www.visitgastroh.com\/wp-content\/uploads\/2022\/02\/trufa.jpg 1600w, https:\/\/www.visitgastroh.com\/wp-content\/uploads\/2022\/02\/trufa-300x161.jpg 300w, https:\/\/www.visitgastroh.com\/wp-content\/uploads\/2022\/02\/trufa-1024x550.jpg 1024w, https:\/\/www.visitgastroh.com\/wp-content\/uploads\/2022\/02\/trufa-768x412.jpg 768w, https:\/\/www.visitgastroh.com\/wp-content\/uploads\/2022\/02\/trufa-1536x825.jpg 1536w\" sizes=\"auto, (max-width: 1600px) 100vw, 1600px\" \/><\/a><\/p><p class=\"store_locator_excerpt\">P\u00c2TISSERIE ISASI (STO DIMANCHE DE LA CALZADA) P\u00e2tisserie artisanale depuis 1913 essayant de faire plaisir \u00e0 nos clients avec notre meilleur travail, les truffes au vin de Rioja, terre de...<\/p><p class=\"store_locator_address\"><span class=\"store_locator_street\">5, rue Juan Carlos I<br\/><\/span> <span class=\"store_locator_zip\">26250<\/span> <span class=\"store_locator_city\">Dimanche saint de la route<br\/><\/span> <span class=\"store_locator_region\">La Rioja<\/span> <\/p><p class=\"store_locator_contact\"><span class=\"store_locator_tel\">Tel.: <a href=\"tel:+34+941340308\">+34+941340308<\/a><br\/><\/span><span class=\"store_locator_email\">Email: <a href=\"mailto:contacto@pasteleriaisasi.es\">contacto@pasteleriaisasi.es<\/a><br\/><\/span><span class=\"store_locator_mobile\">Mobile: <a href=\"tel:+34 669436520\">+34 669436520<\/a><br\/><\/span><span class=\"store_locator_website\">Website: <a href=\"https:\/\/www.pasteleriaisasi.es\/\">https:\/\/www.pasteleriaisasi.es\/<\/a><br\/><\/span><\/p><\/div>`,\n      });\n\n    marker3.addListener(\"click\", () => {\n        infowindow3.open({\n          anchor: marker3,\n          map,\n          shouldFocus: false,\n        });\n    });marker4 = new google.maps.Marker({position: {lat: 42.370239774251885, lng: -2.544286747082518},map,title: \"CAVES OJUEL\",});\n    markers.push(marker4);\n    const infowindow4 = new google.maps.InfoWindow({\n        content: `<div id=\"store_locator_infowindow_28614\" class=\"store_locator_infowindow\"><div class=\"store-locator-col-sm-12 store_locator_details\"><h3 class=\"store_locator_name\"><a href=\"https:\/\/www.visitgastroh.com\/fr\/store\/caves-ojuel\/\">CAVES OJUEL<\/a><\/h3><p><a href=\"https:\/\/www.visitgastroh.com\/fr\/store\/caves-ojuel\/\"><img loading=\"lazy\" decoding=\"async\" width=\"819\" height=\"1600\" src=\"https:\/\/www.visitgastroh.com\/wp-content\/uploads\/2022\/02\/foto-con-mucho-arte-colgadera-.jpg\" class=\"attachment-post-thumbnail size-post-thumbnail wp-post-image\" alt=\"\" srcset=\"https:\/\/www.visitgastroh.com\/wp-content\/uploads\/2022\/02\/foto-con-mucho-arte-colgadera-.jpg 819w, https:\/\/www.visitgastroh.com\/wp-content\/uploads\/2022\/02\/foto-con-mucho-arte-colgadera--154x300.jpg 154w, https:\/\/www.visitgastroh.com\/wp-content\/uploads\/2022\/02\/foto-con-mucho-arte-colgadera--524x1024.jpg 524w, https:\/\/www.visitgastroh.com\/wp-content\/uploads\/2022\/02\/foto-con-mucho-arte-colgadera--768x1500.jpg 768w, https:\/\/www.visitgastroh.com\/wp-content\/uploads\/2022\/02\/foto-con-mucho-arte-colgadera--786x1536.jpg 786w\" sizes=\"auto, (max-width: 819px) 100vw, 819px\" \/><\/a><\/p><p class=\"store_locator_excerpt\">CAVES OJUEL (SOJUELA) D\u00e8s le d\u00e9but, Ojuel a d\u00e9fendu l&#8217;agriculture biologique, non pas parce qu&#8217;elle \u00e9tait \u00e0 la mode mais par principes. VINS NATURELS ET SUPPUR\u00c9S. Nos vins refl\u00e8tent une...<\/p><p class=\"store_locator_address\"><span class=\"store_locator_street\">Rue Mayor n\u00ba49<br\/><\/span> <span class=\"store_locator_zip\">26376<\/span> <span class=\"store_locator_city\">sojuela<br\/><\/span> <span class=\"store_locator_region\">La Rioja<\/span> <\/p><p class=\"store_locator_contact\"><span class=\"store_locator_tel\">Tel.: <a href=\"tel:+34 629455157 - + 34 669923267\">+34 629455157 - + 34 669923267<\/a><br\/><\/span><span class=\"store_locator_email\">Email: <a href=\"mailto:ojuelwine@gmail.com\">ojuelwine@gmail.com<\/a><br\/><\/span><span class=\"store_locator_mobile\">Mobile: <a href=\"tel:+34 629455157 - + 34 669923267\">+34 629455157 - + 34 669923267<\/a><br\/><\/span><span class=\"store_locator_website\">Website: <a href=\"https:\/\/ojuelwine.com\/vinos-ojuel\/\">https:\/\/ojuelwine.com\/vinos-ojuel\/<\/a><br\/><\/span><\/p><\/div>`,\n      });\n\n    marker4.addListener(\"click\", () => {\n        infowindow4.open({\n          anchor: marker4,\n          map,\n          shouldFocus: false,\n        });\n    });marker5 = new google.maps.Marker({position: {lat: 42.47836102048558, lng: -2.4427017136688223},map,title: \"Caves Vi\u00f1a Ijalba\",});\n    markers.push(marker5);\n    const infowindow5 = new google.maps.InfoWindow({\n        content: `<div id=\"store_locator_infowindow_28641\" class=\"store_locator_infowindow\"><div class=\"store-locator-col-sm-12 store_locator_details\"><h3 class=\"store_locator_name\"><a href=\"https:\/\/www.visitgastroh.com\/fr\/store\/caves-vina-ijalba\/\">Caves Vi\u00f1a Ijalba<\/a><\/h3><p><a href=\"https:\/\/www.visitgastroh.com\/fr\/store\/caves-vina-ijalba\/\"><img loading=\"lazy\" decoding=\"async\" width=\"2560\" height=\"1361\" src=\"https:\/\/www.visitgastroh.com\/wp-content\/uploads\/2022\/02\/DJI_0359-scaled.jpg\" class=\"attachment-post-thumbnail size-post-thumbnail wp-post-image\" alt=\"\" srcset=\"https:\/\/www.visitgastroh.com\/wp-content\/uploads\/2022\/02\/DJI_0359-scaled.jpg 2560w, https:\/\/www.visitgastroh.com\/wp-content\/uploads\/2022\/02\/DJI_0359-300x160.jpg 300w, https:\/\/www.visitgastroh.com\/wp-content\/uploads\/2022\/02\/DJI_0359-1024x545.jpg 1024w, https:\/\/www.visitgastroh.com\/wp-content\/uploads\/2022\/02\/DJI_0359-768x408.jpg 768w, https:\/\/www.visitgastroh.com\/wp-content\/uploads\/2022\/02\/DJI_0359-1536x817.jpg 1536w, https:\/\/www.visitgastroh.com\/wp-content\/uploads\/2022\/02\/DJI_0359-2048x1089.jpg 2048w\" sizes=\"auto, (max-width: 2560px) 100vw, 2560px\" \/><\/a><\/p><p class=\"store_locator_excerpt\">VIGNOBLE IJALBA CAVES (LOGRONO) Voulez-vous conna\u00eetre la premi\u00e8re cave bio de la Rioja ? Dionisio Ruiz Ijalba a plant\u00e9 son premier vignoble en 1975. Il l&#8217;a fait sur une ancienne...<\/p><p class=\"store_locator_address\"><span class=\"store_locator_street\">Autoroute de Pampelune km1<br\/><\/span> <span class=\"store_locator_zip\">26006<\/span> <span class=\"store_locator_city\">Logro\u00f1o<br\/><\/span> <span class=\"store_locator_region\">La Rioja<\/span> <\/p><p class=\"store_locator_contact\"><span class=\"store_locator_tel\">Tel.: <a href=\"tel:+34 941261100\">+34 941261100<\/a><br\/><\/span><span class=\"store_locator_email\">Email: <a href=\"mailto:ijalba.enoturismo@ijalba.com\">ijalba.enoturismo@ijalba.com<\/a><br\/><\/span><span class=\"store_locator_mobile\">Mobile: <a href=\"tel:+34 618492098\">+34 618492098<\/a><br\/><\/span><span class=\"store_locator_website\">Website: <a href=\"http:\/\/ijalba.com\/es\">http:\/\/ijalba.com\/es<\/a><br\/><\/span><\/p><\/div>`,\n      });\n\n    marker5.addListener(\"click\", () => {\n        infowindow5.open({\n          anchor: marker5,\n          map,\n          shouldFocus: false,\n        });\n    });marker6 = new google.maps.Marker({position: {lat: 42.45944694577229, lng: -2.447456548934941},map,title: \"Domaine viticole et vignobles Arizcuren\",});\n    markers.push(marker6);\n    const infowindow6 = new google.maps.InfoWindow({\n        content: `<div id=\"store_locator_infowindow_28644\" class=\"store_locator_infowindow\"><div class=\"store-locator-col-sm-12 store_locator_details\"><h3 class=\"store_locator_name\"><a href=\"https:\/\/www.visitgastroh.com\/fr\/store\/domaine-viticole-et-vignobles-arizcuren\/\">Domaine viticole et vignobles Arizcuren<\/a><\/h3><p><a href=\"https:\/\/www.visitgastroh.com\/fr\/store\/domaine-viticole-et-vignobles-arizcuren\/\"><img loading=\"lazy\" decoding=\"async\" width=\"1707\" height=\"2560\" src=\"https:\/\/www.visitgastroh.com\/wp-content\/uploads\/2022\/02\/45A3216-scaled.jpg\" class=\"attachment-post-thumbnail size-post-thumbnail wp-post-image\" alt=\"\" srcset=\"https:\/\/www.visitgastroh.com\/wp-content\/uploads\/2022\/02\/45A3216-scaled.jpg 1707w, https:\/\/www.visitgastroh.com\/wp-content\/uploads\/2022\/02\/45A3216-200x300.jpg 200w, https:\/\/www.visitgastroh.com\/wp-content\/uploads\/2022\/02\/45A3216-683x1024.jpg 683w, https:\/\/www.visitgastroh.com\/wp-content\/uploads\/2022\/02\/45A3216-768x1152.jpg 768w, https:\/\/www.visitgastroh.com\/wp-content\/uploads\/2022\/02\/45A3216-1024x1536.jpg 1024w, https:\/\/www.visitgastroh.com\/wp-content\/uploads\/2022\/02\/45A3216-1365x2048.jpg 1365w\" sizes=\"auto, (max-width: 1707px) 100vw, 1707px\" \/><\/a><\/p><p class=\"store_locator_excerpt\">CAVES ET VIGNOBLES D&#8217;ARIZCUREN (LOGRONO) Les bons viticulteurs am\u00e8nent les paysages de leur vignoble \u00e0 la bouteille et nous font r\u00eaver de ces terres. C&#8217;est ainsi que sont les vins...<\/p><p class=\"store_locator_address\"><span class=\"store_locator_street\">Rue Santa Isabel n \u00b0 10<br\/><\/span> <span class=\"store_locator_zip\">26002<\/span> <span class=\"store_locator_city\">Logro\u00f1o<br\/><\/span> <span class=\"store_locator_region\">La Rioja<\/span> <\/p><p class=\"store_locator_contact\"><span class=\"store_locator_tel\">Tel.: <a href=\"tel:+34 696880937\">+34 696880937<\/a><br\/><\/span><span class=\"store_locator_email\">Email: <a href=\"mailto:enoturismo@arizcurenvinos.com\">enoturismo@arizcurenvinos.com<\/a><br\/><\/span><span class=\"store_locator_website\">Website: <a href=\"https:\/\/www.arizcurenvinos.com\/visitas\/\">https:\/\/www.arizcurenvinos.com\/visitas\/<\/a><br\/><\/span><\/p><\/div>`,\n      });\n\n    marker6.addListener(\"click\", () => {\n        infowindow6.open({\n          anchor: marker6,\n          map,\n          shouldFocus: false,\n        });\n    });marker7 = new google.maps.Marker({position: {lat: 42.3246336, lng: -3.0149371},map,title: \"El Colmado de Ezcaray\",});\n    markers.push(marker7);\n    const infowindow7 = new google.maps.InfoWindow({\n        content: `<div id=\"store_locator_infowindow_35119\" class=\"store_locator_infowindow\"><div class=\"store-locator-col-sm-12 store_locator_details\"><h3 class=\"store_locator_name\"><a href=\"https:\/\/www.visitgastroh.com\/fr\/store\/el-colmado-de-ezcaray\/\">El Colmado de Ezcaray<\/a><\/h3><p><a href=\"https:\/\/www.visitgastroh.com\/fr\/store\/el-colmado-de-ezcaray\/\"><img loading=\"lazy\" decoding=\"async\" width=\"1033\" height=\"437\" src=\"https:\/\/www.visitgastroh.com\/wp-content\/uploads\/2022\/04\/colmado-productos-artesanos.jpg\" class=\"attachment-post-thumbnail size-post-thumbnail wp-post-image\" alt=\"\" srcset=\"https:\/\/www.visitgastroh.com\/wp-content\/uploads\/2022\/04\/colmado-productos-artesanos.jpg 1033w, https:\/\/www.visitgastroh.com\/wp-content\/uploads\/2022\/04\/colmado-productos-artesanos-300x127.jpg 300w, https:\/\/www.visitgastroh.com\/wp-content\/uploads\/2022\/04\/colmado-productos-artesanos-1024x433.jpg 1024w, https:\/\/www.visitgastroh.com\/wp-content\/uploads\/2022\/04\/colmado-productos-artesanos-768x325.jpg 768w\" sizes=\"auto, (max-width: 1033px) 100vw, 1033px\" \/><\/a><\/p><p class=\"store_locator_excerpt\">El Colmado de Ezcaray (Ezcaray) El Colmado de Ezcaray est un adorable magasin familial situ\u00e9 dans la belle ville d&#8217;Ezcaray (La Rioja). Ax\u00e9 sur la vente et la d\u00e9gustation des...<\/p><p class=\"store_locator_address\"><span class=\"store_locator_street\">Calle Sagastia, 5<br\/><\/span> <span class=\"store_locator_zip\">26280<\/span> <span class=\"store_locator_city\">Ezcaray<br\/><\/span> <span class=\"store_locator_region\">La Rioja<\/span> <\/p><p class=\"store_locator_contact\"><span class=\"store_locator_tel\">Tel.: <a href=\"tel:+34 696 500 152\">+34 696 500 152<\/a><br\/><\/span><span class=\"store_locator_email\">Email: <a href=\"mailto:colmadoezcaray@hotmail.com\">colmadoezcaray@hotmail.com<\/a><br\/><\/span><span class=\"store_locator_website\">Website: <a href=\"https:\/\/www.colmadoezcaray.com\/\">https:\/\/www.colmadoezcaray.com\/<\/a><br\/><\/span><\/p><\/div>`,\n      });\n\n    marker7.addListener(\"click\", () => {\n        infowindow7.open({\n          anchor: marker7,\n          map,\n          shouldFocus: false,\n        });\n    });marker8 = new google.maps.Marker({position: {lat: 42.42403537833246, lng: -2.7070378361984226},map,title: \"ENTREP\u00d4TS JER\",});\n    markers.push(marker8);\n    const infowindow8 = new google.maps.InfoWindow({\n        content: `<div id=\"store_locator_infowindow_28626\" class=\"store_locator_infowindow\"><div class=\"store-locator-col-sm-12 store_locator_details\"><h3 class=\"store_locator_name\"><a href=\"https:\/\/www.visitgastroh.com\/fr\/store\/entrepots-jer\/\">ENTREP\u00d4TS JER<\/a><\/h3><p><a href=\"https:\/\/www.visitgastroh.com\/fr\/store\/entrepots-jer\/\"><img loading=\"lazy\" decoding=\"async\" width=\"945\" height=\"756\" src=\"https:\/\/www.visitgastroh.com\/wp-content\/uploads\/2022\/02\/Diseno-sin-titulo.jpg\" class=\"attachment-post-thumbnail size-post-thumbnail wp-post-image\" alt=\"\" srcset=\"https:\/\/www.visitgastroh.com\/wp-content\/uploads\/2022\/02\/Diseno-sin-titulo.jpg 945w, https:\/\/www.visitgastroh.com\/wp-content\/uploads\/2022\/02\/Diseno-sin-titulo-300x240.jpg 300w, https:\/\/www.visitgastroh.com\/wp-content\/uploads\/2022\/02\/Diseno-sin-titulo-768x614.jpg 768w\" sizes=\"auto, (max-width: 945px) 100vw, 945px\" \/><\/a><\/p><p class=\"store_locator_excerpt\">ENTREP\u00d4TS JER (HUERCCANS) Entreprise viticole familiale actuellement dirig\u00e9e par Eva Cantera, 3\u00e8me g\u00e9n\u00e9ration de la famille travaillant dans les vignobles de la r\u00e9gion de la rivi\u00e8re Najerilla. Des vins Young,...<\/p><p class=\"store_locator_address\"><span class=\"store_locator_street\">Autoroute Planig\u00fcela, pol. 10<br\/><\/span> <span class=\"store_locator_zip\">26314<\/span> <span class=\"store_locator_city\">huercans<br\/><\/span> <span class=\"store_locator_region\">LA RIOJA<\/span> <\/p><p class=\"store_locator_contact\"><span class=\"store_locator_tel\">Tel.: <a href=\"tel:+34 941745020\">+34 941745020<\/a><br\/><\/span><span class=\"store_locator_email\">Email: <a href=\"mailto:info@bodegasjer.es\">info@bodegasjer.es<\/a><br\/><\/span><span class=\"store_locator_mobile\">Mobile: <a href=\"tel:+34 635955448\">+34 635955448<\/a><br\/><\/span><span class=\"store_locator_website\">Website: <a href=\"https:\/\/bodegasjer.es\/\">https:\/\/bodegasjer.es\/<\/a><br\/><\/span><\/p><\/div>`,\n      });\n\n    marker8.addListener(\"click\", () => {\n        infowindow8.open({\n          anchor: marker8,\n          map,\n          shouldFocus: false,\n        });\n    });marker9 = new google.maps.Marker({position: {lat: 42.30038328629628, lng: -2.718621236840051},map,title: \"Nuez de Pedroso\",});\n    markers.push(marker9);\n    const infowindow9 = new google.maps.InfoWindow({\n        content: `<div id=\"store_locator_infowindow_34541\" class=\"store_locator_infowindow\"><div class=\"store-locator-col-sm-12 store_locator_details\"><h3 class=\"store_locator_name\"><a href=\"https:\/\/www.visitgastroh.com\/fr\/store\/nuez-de-pedroso\/\">Nuez de Pedroso<\/a><\/h3><p><a href=\"https:\/\/www.visitgastroh.com\/fr\/store\/nuez-de-pedroso\/\"><img loading=\"lazy\" decoding=\"async\" width=\"2560\" height=\"1707\" src=\"https:\/\/www.visitgastroh.com\/wp-content\/uploads\/2022\/03\/IMG_0393-scaled.jpg\" class=\"attachment-post-thumbnail size-post-thumbnail wp-post-image\" alt=\"\" srcset=\"https:\/\/www.visitgastroh.com\/wp-content\/uploads\/2022\/03\/IMG_0393-scaled.jpg 2560w, https:\/\/www.visitgastroh.com\/wp-content\/uploads\/2022\/03\/IMG_0393-300x200.jpg 300w, https:\/\/www.visitgastroh.com\/wp-content\/uploads\/2022\/03\/IMG_0393-1024x683.jpg 1024w, https:\/\/www.visitgastroh.com\/wp-content\/uploads\/2022\/03\/IMG_0393-768x512.jpg 768w, https:\/\/www.visitgastroh.com\/wp-content\/uploads\/2022\/03\/IMG_0393-1536x1024.jpg 1536w, https:\/\/www.visitgastroh.com\/wp-content\/uploads\/2022\/03\/IMG_0393-2048x1365.jpg 2048w, https:\/\/www.visitgastroh.com\/wp-content\/uploads\/2022\/03\/IMG_0393-900x600.jpg 900w\" sizes=\"auto, (max-width: 2560px) 100vw, 2560px\" \/><\/a><\/p><p class=\"store_locator_excerpt\">NUEZ DE PEDROSO (PEDROSO) La noix Pedroso provient d&#8217;une zone traditionnelle de production de noix en coque et en grain. C&#8217;est la seule noix \u00e0 Appellation d&#8217;Origine Prot\u00e9g\u00e9e sur tout...<\/p><p class=\"store_locator_address\"><span class=\"store_locator_street\">Calle Mart\u00edn Navarro n\u00ba 5<br\/><\/span> <span class=\"store_locator_zip\">26321<\/span> <span class=\"store_locator_city\">Pedroso<br\/><\/span> <span class=\"store_locator_region\">La Rioja<\/span> <\/p><p class=\"store_locator_contact\"><span class=\"store_locator_tel\">Tel.: <a href=\"tel:+34941545109\">+34941545109<\/a><br\/><\/span><span class=\"store_locator_email\">Email: <a href=\"mailto:info@nuezdepedroso.com\">info@nuezdepedroso.com<\/a><br\/><\/span><span class=\"store_locator_mobile\">Mobile: <a href=\"tel:+34657852738\">+34657852738<\/a><br\/><\/span><span class=\"store_locator_website\">Website: <a href=\"https:\/\/nuezdepedroso.com\/\">https:\/\/nuezdepedroso.com\/<\/a><br\/><\/span><\/p><\/div>`,\n      });\n\n    marker9.addListener(\"click\", () => {\n        infowindow9.open({\n          anchor: marker9,\n          map,\n          shouldFocus: false,\n        });\n    });marker10 = new google.maps.Marker({position: {lat: 42.178557177999096, lng: -1.7567410937011796},map,title: \"NYMPHEE DU VIN\",});\n    markers.push(marker10);\n    const infowindow10 = new google.maps.InfoWindow({\n        content: `<div id=\"store_locator_infowindow_28596\" class=\"store_locator_infowindow\"><div class=\"store-locator-col-sm-12 store_locator_details\"><h3 class=\"store_locator_name\"><a href=\"https:\/\/www.visitgastroh.com\/fr\/store\/nymphee-du-vin\/\">NYMPHEE DU VIN<\/a><\/h3><p><a href=\"https:\/\/www.visitgastroh.com\/fr\/store\/nymphee-du-vin\/\"><img loading=\"lazy\" decoding=\"async\" width=\"2000\" height=\"1333\" src=\"https:\/\/www.visitgastroh.com\/wp-content\/uploads\/2022\/03\/tienda-1.jpg\" class=\"attachment-post-thumbnail size-post-thumbnail wp-post-image\" alt=\"\" srcset=\"https:\/\/www.visitgastroh.com\/wp-content\/uploads\/2022\/03\/tienda-1.jpg 2000w, https:\/\/www.visitgastroh.com\/wp-content\/uploads\/2022\/03\/tienda-1-300x200.jpg 300w, https:\/\/www.visitgastroh.com\/wp-content\/uploads\/2022\/03\/tienda-1-1024x682.jpg 1024w, https:\/\/www.visitgastroh.com\/wp-content\/uploads\/2022\/03\/tienda-1-768x512.jpg 768w, https:\/\/www.visitgastroh.com\/wp-content\/uploads\/2022\/03\/tienda-1-1536x1024.jpg 1536w, https:\/\/www.visitgastroh.com\/wp-content\/uploads\/2022\/03\/tienda-1-900x600.jpg 900w\" sizes=\"auto, (max-width: 2000px) 100vw, 2000px\" \/><\/a><\/p><p class=\"store_locator_excerpt\">NYMPHEE DU VIN (ALFARO) Vente de produits r\u00e9gionaux. Etablissement de vente en gros et au d\u00e9tail de toutes sortes de vins (cavas, effervescents, vrac, vermouth, etc) et de conserves (l\u00e9gumes,...<\/p><p class=\"store_locator_address\"><span class=\"store_locator_street\">Avenida de Zaragoza n\u00ba4 -Bajo-Local<br\/><\/span> <span class=\"store_locator_zip\">26540<\/span> <span class=\"store_locator_city\">Alfaro<br\/><\/span> <span class=\"store_locator_region\">La Rioja<\/span> <\/p><p class=\"store_locator_contact\"><span class=\"store_locator_tel\">Tel.: <a href=\"tel:+34 941183322\">+34 941183322<\/a><br\/><\/span><span class=\"store_locator_email\">Email: <a href=\"mailto:info@ninfeodelvino.com\">info@ninfeodelvino.com<\/a><br\/><\/span><span class=\"store_locator_mobile\">Mobile: <a href=\"tel:+34 651887357\">+34 651887357<\/a><br\/><\/span><span class=\"store_locator_website\">Website: <a href=\"http:\/\/www.ninfeodelvino.com\/\">http:\/\/www.ninfeodelvino.com\/<\/a><br\/><\/span><\/p><\/div>`,\n      });\n\n    marker10.addListener(\"click\", () => {\n        infowindow10.open({\n          anchor: marker10,\n          map,\n          shouldFocus: false,\n        });\n    });marker11 = new google.maps.Marker({position: {lat: 42.3146021904898, lng: -1.9598191970977807},map,title: \"Serrano en conserve\",});\n    markers.push(marker11);\n    const infowindow11 = new google.maps.InfoWindow({\n        content: `<div id=\"store_locator_infowindow_34487\" class=\"store_locator_infowindow\"><div class=\"store-locator-col-sm-12 store_locator_details\"><h3 class=\"store_locator_name\"><a href=\"https:\/\/www.visitgastroh.com\/fr\/store\/conservas-serrano-s-l\/\">Serrano en conserve<\/a><\/h3><p><a href=\"https:\/\/www.visitgastroh.com\/fr\/store\/conservas-serrano-s-l\/\"><img loading=\"lazy\" decoding=\"async\" width=\"1259\" height=\"571\" src=\"https:\/\/www.visitgastroh.com\/wp-content\/uploads\/2022\/03\/Esparrago-portada.jpg\" class=\"attachment-post-thumbnail size-post-thumbnail wp-post-image\" alt=\"\" srcset=\"https:\/\/www.visitgastroh.com\/wp-content\/uploads\/2022\/03\/Esparrago-portada.jpg 1259w, https:\/\/www.visitgastroh.com\/wp-content\/uploads\/2022\/03\/Esparrago-portada-300x136.jpg 300w, https:\/\/www.visitgastroh.com\/wp-content\/uploads\/2022\/03\/Esparrago-portada-1024x464.jpg 1024w, https:\/\/www.visitgastroh.com\/wp-content\/uploads\/2022\/03\/Esparrago-portada-768x348.jpg 768w\" sizes=\"auto, (max-width: 1259px) 100vw, 1259px\" \/><\/a><\/p><p class=\"store_locator_excerpt\">CONSERVAS SERRANO (CALAHORRA) Nous sommes une entreprise familiale avec une tradition de 4 g\u00e9n\u00e9rations. Depuis 1880, nous fabriquons des conserves allant des asperges classiques de Navarre ou des piments piquillos...<\/p><p class=\"store_locator_address\"><span class=\"store_locator_street\">P.I. Viacampo - Camino de la ribera s\/n<br\/><\/span> <span class=\"store_locator_zip\">26500<\/span> <span class=\"store_locator_city\">Calahorra<br\/><\/span> <span class=\"store_locator_region\">La Rioja<\/span> <\/p><p class=\"store_locator_contact\"><span class=\"store_locator_tel\">Tel.: <a href=\"tel:+34 941 130 386\">+34 941 130 386<\/a><br\/><\/span><span class=\"store_locator_email\">Email: <a href=\"mailto:info@conservasserrano.es\">info@conservasserrano.es<\/a><br\/><\/span><span class=\"store_locator_website\">Website: <a href=\"www.conservasserrano.es\/tienda\">www.conservasserrano.es\/tienda<\/a><br\/><\/span><\/p><\/div>`,\n      });\n\n    marker11.addListener(\"click\", () => {\n        infowindow11.open({\n          anchor: marker11,\n          map,\n          shouldFocus: false,\n        });\n    });marker12 = new google.maps.Marker({position: {lat: 42.169577973720564, lng: -1.764396002130133},map,title: \"VINS CHAPEAU\",});\n    markers.push(marker12);\n    const infowindow12 = new google.maps.InfoWindow({\n        content: `<div id=\"store_locator_infowindow_28638\" class=\"store_locator_infowindow\"><div class=\"store-locator-col-sm-12 store_locator_details\"><h3 class=\"store_locator_name\"><a href=\"https:\/\/www.visitgastroh.com\/fr\/store\/vins-chapeau\/\">VINS CHAPEAU<\/a><\/h3><p><a href=\"https:\/\/www.visitgastroh.com\/fr\/store\/vins-chapeau\/\"><img loading=\"lazy\" decoding=\"async\" width=\"2048\" height=\"1536\" src=\"https:\/\/www.visitgastroh.com\/wp-content\/uploads\/2022\/02\/83bf5cf9-4997-446c-9bb3-80b10d517594.jpg\" class=\"attachment-post-thumbnail size-post-thumbnail wp-post-image\" alt=\"\" srcset=\"https:\/\/www.visitgastroh.com\/wp-content\/uploads\/2022\/02\/83bf5cf9-4997-446c-9bb3-80b10d517594.jpg 2048w, https:\/\/www.visitgastroh.com\/wp-content\/uploads\/2022\/02\/83bf5cf9-4997-446c-9bb3-80b10d517594-300x225.jpg 300w, https:\/\/www.visitgastroh.com\/wp-content\/uploads\/2022\/02\/83bf5cf9-4997-446c-9bb3-80b10d517594-1024x768.jpg 1024w, https:\/\/www.visitgastroh.com\/wp-content\/uploads\/2022\/02\/83bf5cf9-4997-446c-9bb3-80b10d517594-768x576.jpg 768w, https:\/\/www.visitgastroh.com\/wp-content\/uploads\/2022\/02\/83bf5cf9-4997-446c-9bb3-80b10d517594-1536x1152.jpg 1536w\" sizes=\"auto, (max-width: 2048px) 100vw, 2048px\" \/><\/a><\/p><p class=\"store_locator_excerpt\">VINS CHAPEAU (ALFARO) Ch\u00e2peau Wines est un espace o\u00f9 se d\u00e9roulent des \u00e9v\u00e9nements autour de la gastronomie et du vin. Salle \u00e9quip\u00e9e de la plus haute technologie et avec plus...<\/p><p class=\"store_locator_address\"><span class=\"store_locator_street\">Autoroute Corella Km 1,5<br\/><\/span> <span class=\"store_locator_zip\">26540<\/span> <span class=\"store_locator_city\">Alfaro<br\/><\/span> <span class=\"store_locator_region\">La Rioja<\/span> <\/p><p class=\"store_locator_contact\"><span class=\"store_locator_tel\">Tel.: <a href=\"tel:+34941702922\">+34941702922<\/a><br\/><\/span><span class=\"store_locator_email\">Email: <a href=\"mailto:info@chapeauwines.es\">info@chapeauwines.es<\/a><br\/><\/span><span class=\"store_locator_mobile\">Mobile: <a href=\"tel:+34678763173 \/ +34670436616\">+34678763173 \/ +34670436616<\/a><br\/><\/span><span class=\"store_locator_website\">Website: <a href=\"https:\/\/chapeauwines.es\/\">https:\/\/chapeauwines.es\/<\/a><br\/><\/span><\/p><\/div>`,\n      });\n\n    marker12.addListener(\"click\", () => {\n        infowindow12.open({\n          anchor: marker12,\n          map,\n          shouldFocus: false,\n        });\n    });    new markerClusterer.MarkerClusterer( {map, markers} );\n}\ndocument.addEventListener(\"DOMContentLoaded\", function(event) {\n    \/\/c\u00f3digo a ejecutar cuando el DOM est\u00e1 listo para recibir acciones\n    initMapa();\n});\n<\/script>\n<\/div>[\/vc_column_text][\/vc_column][\/vc_row]\n","protected":false},"excerpt":{"rendered":"<p>[vc_row type=&#8221;full_width_background&#8221; full_screen_row_position=&#8221;middle&#8221; column_margin=&#8221;default&#8221; equal_height=&#8221;yes&#8221; content_placement=&#8221;middle&#8221; column_direction=&#8221;default&#8221; column_direction_tablet=&#8221;default&#8221; column_direction_phone=&#8221;default&#8221; bg_image=&#8221;16971&#8243; bg_position=&#8221;center center&#8221; background_image_loading=&#8221;default&#8221; bg_repeat=&#8221;no-repeat&#8221; scene_position=&#8221;center&#8221; top_padding=&#8221;5%&#8221; bottom_padding=&#8221;5%&#8221; text_color=&#8221;light&#8221; text_align=&#8221;left&#8221; row_border_radius=&#8221;none&#8221; row_border_radius_applies=&#8221;bg&#8221; color_overlay=&#8221;#000000&#8243; overlay_strength=&#8221;0.5&#8243; gradient_direction=&#8221;left_to_right&#8221; shape_divider_position=&#8221;bottom&#8221; bg_image_animation=&#8221;none&#8221; shape_type=&#8221;&#8221;][vc_column column_padding=&#8221;no-extra-padding&#8221; column_padding_tablet=&#8221;inherit&#8221; column_padding_phone=&#8221;inherit&#8221;&#8230;<\/p>\n","protected":false},"author":1,"featured_media":0,"parent":31158,"menu_order":0,"comment_status":"closed","ping_status":"closed","template":"","meta":{"footnotes":""},"class_list":["post-31270","page","type-page","status-publish"],"_links":{"self":[{"href":"https:\/\/www.visitgastroh.com\/fr\/wp-json\/wp\/v2\/pages\/31270","targetHints":{"allow":["GET"]}}],"collection":[{"href":"https:\/\/www.visitgastroh.com\/fr\/wp-json\/wp\/v2\/pages"}],"about":[{"href":"https:\/\/www.visitgastroh.com\/fr\/wp-json\/wp\/v2\/types\/page"}],"author":[{"embeddable":true,"href":"https:\/\/www.visitgastroh.com\/fr\/wp-json\/wp\/v2\/users\/1"}],"replies":[{"embeddable":true,"href":"https:\/\/www.visitgastroh.com\/fr\/wp-json\/wp\/v2\/comments?post=31270"}],"version-history":[{"count":0,"href":"https:\/\/www.visitgastroh.com\/fr\/wp-json\/wp\/v2\/pages\/31270\/revisions"}],"up":[{"embeddable":true,"href":"https:\/\/www.visitgastroh.com\/fr\/wp-json\/wp\/v2\/pages\/31158"}],"wp:attachment":[{"href":"https:\/\/www.visitgastroh.com\/fr\/wp-json\/wp\/v2\/media?parent=31270"}],"curies":[{"name":"wp","href":"https:\/\/api.w.org\/{rel}","templated":true}]}}