{"id":31264,"date":"2022-03-29T08:17:29","date_gmt":"2022-03-29T06:17:29","guid":{"rendered":"https:\/\/www.visitgastroh.com\/?page_id=31264"},"modified":"2022-05-24T08:36:06","modified_gmt":"2022-05-24T06:36:06","slug":"dormir","status":"publish","type":"page","link":"https:\/\/www.visitgastroh.com\/fr\/carte\/la-rioja\/dormir\/","title":{"rendered":"Dormir"},"content":{"rendered":"[vc_row type=&#8221;full_width_background&#8221; full_screen_row_position=&#8221;middle&#8221; column_margin=&#8221;default&#8221; equal_height=&#8221;yes&#8221; content_placement=&#8221;middle&#8221; column_direction=&#8221;default&#8221; column_direction_tablet=&#8221;default&#8221; column_direction_phone=&#8221;default&#8221; bg_image=&#8221;16971&#8243; bg_position=&#8221;center center&#8221; background_image_loading=&#8221;default&#8221; bg_repeat=&#8221;no-repeat&#8221; scene_position=&#8221;center&#8221; top_padding=&#8221;5%&#8221; bottom_padding=&#8221;5%&#8221; text_color=&#8221;light&#8221; text_align=&#8221;left&#8221; row_border_radius=&#8221;none&#8221; row_border_radius_applies=&#8221;bg&#8221; color_overlay=&#8221;#000000&#8243; overlay_strength=&#8221;0.5&#8243; gradient_direction=&#8221;left_to_right&#8221; shape_divider_position=&#8221;bottom&#8221; bg_image_animation=&#8221;none&#8221; shape_type=&#8221;&#8221;][vc_column column_padding=&#8221;no-extra-padding&#8221; column_padding_tablet=&#8221;inherit&#8221; column_padding_phone=&#8221;inherit&#8221; column_padding_position=&#8221;all&#8221; column_element_spacing=&#8221;default&#8221; background_color_opacity=&#8221;1&#8243; background_hover_color_opacity=&#8221;1&#8243; column_shadow=&#8221;none&#8221; column_border_radius=&#8221;none&#8221; column_link_target=&#8221;_self&#8221; gradient_direction=&#8221;left_to_right&#8221; overlay_strength=&#8221;0.3&#8243; width=&#8221;1\/1&#8243; tablet_width_inherit=&#8221;default&#8221; tablet_text_alignment=&#8221;default&#8221; phone_text_alignment=&#8221;default&#8221; bg_image_animation=&#8221;none&#8221; border_type=&#8221;simple&#8221; column_border_width=&#8221;none&#8221; column_border_style=&#8221;solid&#8221;][split_line_heading animation_type=&#8221;default&#8221;]\n<h1 style=\"font-size: 75px;\">O\u00f9 dormir !<\/h1>\n[\/split_line_heading][split_line_heading animation_type=&#8221;default&#8221;]\n<h3 style=\"font-size: 36px;\"><strong>LA RIOJA<br \/>\n<\/strong><\/h3>\n[\/split_line_heading][image_with_animation image_url=&#8221;6394&#8243; animation=&#8221;Fade In&#8221; hover_animation=&#8221;none&#8221; alignment=&#8221;&#8221; border_radius=&#8221;none&#8221; box_shadow=&#8221;none&#8221; image_loading=&#8221;default&#8221; max_width=&#8221;100%&#8221; max_width_mobile=&#8221;default&#8221;][\/vc_column][\/vc_row][vc_row type=&#8221;in_container&#8221; full_screen_row_position=&#8221;middle&#8221; column_margin=&#8221;default&#8221; column_direction=&#8221;default&#8221; column_direction_tablet=&#8221;default&#8221; column_direction_phone=&#8221;default&#8221; scene_position=&#8221;center&#8221; text_color=&#8221;dark&#8221; text_align=&#8221;left&#8221; row_border_radius=&#8221;none&#8221; row_border_radius_applies=&#8221;bg&#8221; overlay_strength=&#8221;0.3&#8243; gradient_direction=&#8221;left_to_right&#8221; shape_divider_position=&#8221;bottom&#8221; bg_image_animation=&#8221;none&#8221;][vc_column column_padding=&#8221;no-extra-padding&#8221; column_padding_tablet=&#8221;inherit&#8221; column_padding_phone=&#8221;inherit&#8221; column_padding_position=&#8221;all&#8221; column_element_spacing=&#8221;default&#8221; background_color_opacity=&#8221;1&#8243; background_hover_color_opacity=&#8221;1&#8243; column_shadow=&#8221;none&#8221; column_border_radius=&#8221;none&#8221; column_link_target=&#8221;_self&#8221; gradient_direction=&#8221;left_to_right&#8221; overlay_strength=&#8221;0.3&#8243; width=&#8221;1\/1&#8243; tablet_width_inherit=&#8221;default&#8221; tablet_text_alignment=&#8221;default&#8221; phone_text_alignment=&#8221;default&#8221; bg_image_animation=&#8221;none&#8221; border_type=&#8221;simple&#8221; column_border_width=&#8221;none&#8221; column_border_style=&#8221;solid&#8221;][vc_column_text]<button id=\"menuaGorde\" title=\"Afficher \/ Masquer les filtres\"><i class=\"fa fa-filter\"><\/i><\/button><\/p>\n<p><script>\ndocument.getElementById(\"menuaGorde\").addEventListener(\"click\", menuaezkutatu)\nfunction menuaezkutatu() {\n  var zerrenda = document.getElementsByClassName(\"menu-izda\");\n  x = zerrenda[0];\n  if (x.style.display === \"none\") {\n    x.style.display = \"block\";\n  } else {\n    x.style.display = \"none\";\n  }\n}\n<\/script>[\/vc_column_text][\/vc_column][\/vc_row][vc_row type=&#8221;in_container&#8221; full_screen_row_position=&#8221;middle&#8221; column_margin=&#8221;default&#8221; column_direction=&#8221;default&#8221; column_direction_tablet=&#8221;default&#8221; column_direction_phone=&#8221;default&#8221; scene_position=&#8221;center&#8221; top_padding=&#8221;3%&#8221; bottom_padding=&#8221;5%&#8221; text_color=&#8221;dark&#8221; text_align=&#8221;left&#8221; row_border_radius=&#8221;none&#8221; row_border_radius_applies=&#8221;bg&#8221; overlay_strength=&#8221;0.3&#8243; gradient_direction=&#8221;left_to_right&#8221; shape_divider_position=&#8221;bottom&#8221; bg_image_animation=&#8221;none&#8221; shape_type=&#8221;&#8221;][vc_column column_padding=&#8221;no-extra-padding&#8221; column_padding_tablet=&#8221;inherit&#8221; column_padding_phone=&#8221;inherit&#8221; column_padding_position=&#8221;all&#8221; column_element_spacing=&#8221;default&#8221; background_color_opacity=&#8221;1&#8243; background_hover_color_opacity=&#8221;1&#8243; column_shadow=&#8221;none&#8221; column_border_radius=&#8221;none&#8221; column_link_target=&#8221;_self&#8221; el_class=&#8221;menu-izda&#8221; gradient_direction=&#8221;left_to_right&#8221; overlay_strength=&#8221;0.3&#8243; width=&#8221;1\/4&#8243; tablet_width_inherit=&#8221;default&#8221; tablet_text_alignment=&#8221;default&#8221; phone_text_alignment=&#8221;default&#8221; bg_image_animation=&#8221;none&#8221; border_type=&#8221;simple&#8221; column_border_width=&#8221;none&#8221; column_border_style=&#8221;solid&#8221;][vc_column_text]\n<h4>Choisissez une r\u00e9gion\u00a0:<\/h4>\n[\/vc_column_text][vc_column_text]<img loading=\"lazy\" decoding=\"async\" class=\"size-full wp-image-7132 alignleft\" src=\"https:\/\/www.visitgastroh.com\/wp-content\/uploads\/2022\/01\/mapa-destinos-euskadi-mini.png\" alt=\"\" width=\"45\" height=\"31\" \/><a style=\"color: #61a54d;\" href=\"https:\/\/www.visitgastroh.com\/fr\/carte\/euskadi\/\"><strong>EUSKADI<\/strong><\/a><\/p>\n<ul class=\"mapa-euskadi\">\n<li><a href=\"https:\/\/www.visitgastroh.com\/fr\/carte\/euskadi\/manger\/\">Manger<\/a><\/li>\n<li><a href=\"https:\/\/www.visitgastroh.com\/fr\/carte\/euskadi\/dormir\/\">Dormir<\/a><\/li>\n<li><a href=\"https:\/\/www.visitgastroh.com\/fr\/carte\/euskadi\/acheter\/\">Acheter<\/a><\/li>\n<li><a href=\"https:\/\/www.visitgastroh.com\/fr\/carte\/euskadi\/visiter\/\">Visiter<\/a><\/li>\n<\/ul>\n<p><img loading=\"lazy\" decoding=\"async\" class=\"size-full alignleft\" src=\"https:\/\/www.visitgastroh.com\/wp-content\/uploads\/2022\/01\/mapa-destinos-navarra-mini.png\" alt=\"\" width=\"45\" height=\"31\" \/><a style=\"color: #c5273b;\" href=\"https:\/\/www.visitgastroh.com\/fr\/carte\/navarre\/\"><strong>NAVARRE<\/strong><\/a><\/p>\n<ul class=\"mapa-navarra\">\n<li><a href=\"https:\/\/www.visitgastroh.com\/fr\/carte\/navarre\/manger\/\">Manger<\/a><\/li>\n<li><a href=\"https:\/\/www.visitgastroh.com\/fr\/carte\/navarre\/dormir\/\">Dormir<\/a><\/li>\n<li><a href=\"https:\/\/www.visitgastroh.com\/fr\/carte\/navarre\/acheter\/\">Acheter<\/a><\/li>\n<li><a href=\"https:\/\/www.visitgastroh.com\/fr\/carte\/navarre\/visiter\/\">Visiter<\/a><\/li>\n<\/ul>\n<p><img loading=\"lazy\" decoding=\"async\" class=\"size-full alignleft\" src=\"https:\/\/www.visitgastroh.com\/wp-content\/uploads\/2022\/01\/mapa-destinos-la-rioja-mini.png\" alt=\"\" width=\"45\" height=\"31\" \/><a style=\"color: #9f2653;\" href=\"https:\/\/www.visitgastroh.com\/fr\/carte\/la-rioja\/\"><strong>LA RIOJA<\/strong><\/a><\/p>\n<ul class=\"mapa-la-rioja\">\n<li><a href=\"https:\/\/www.visitgastroh.com\/fr\/carte\/la-rioja\/manger\/\">Manger<\/a><\/li>\n<li><a href=\"https:\/\/www.visitgastroh.com\/fr\/carte\/la-rioja\/dormir\/\">Dormir<\/a><\/li>\n<li><a href=\"https:\/\/www.visitgastroh.com\/fr\/carte\/la-rioja\/acheter\/\">Acheter<\/a><\/li>\n<li><a href=\"https:\/\/www.visitgastroh.com\/fr\/carte\/la-rioja\/visiter\/\">Visiter<\/a><\/li>\n<\/ul>\n<p><img loading=\"lazy\" decoding=\"async\" class=\"size-full alignleft\" src=\"https:\/\/www.visitgastroh.com\/wp-content\/uploads\/2022\/01\/mapa-destinos-pays-basque-mini.png\" alt=\"\" width=\"45\" height=\"31\" \/><a style=\"color: #8bc3e7;\" href=\"https:\/\/www.visitgastroh.com\/fr\/carte\/pays-basque\/\"><strong>PAYS BASQUE<\/strong><\/a><\/p>\n<ul class=\"mapa-pays-basque\">\n<li><a href=\"https:\/\/www.visitgastroh.com\/fr\/carte\/pays-basque\/manger\/\">Manger<\/a><\/li>\n<li><a href=\"https:\/\/www.visitgastroh.com\/fr\/carte\/pays-basque\/dormir\/\">Dormir<\/a><\/li>\n<li><a href=\"https:\/\/www.visitgastroh.com\/fr\/carte\/pays-basque\/acheter\/\">Acheter<\/a><\/li>\n<li><a href=\"https:\/\/www.visitgastroh.com\/fr\/carte\/pays-basque\/visiter\/\">Visiter<\/a><\/li>\n<\/ul>\n<p><img loading=\"lazy\" decoding=\"async\" class=\"size-full alignleft\" src=\"https:\/\/www.visitgastroh.com\/wp-content\/uploads\/2022\/01\/mapa-destinos-bearn-mini.png\" alt=\"\" width=\"45\" height=\"31\" \/><a style=\"color: #e7b32d;\" href=\"https:\/\/www.visitgastroh.com\/fr\/carte\/bearn\/\"><strong>B\u00c9ARN<\/strong><\/a><\/p>\n<ul class=\"mapa-bearn\">\n<li><a href=\"https:\/\/www.visitgastroh.com\/fr\/carte\/bearn\/manger\/\">Manger<\/a><\/li>\n<li><a href=\"https:\/\/www.visitgastroh.com\/fr\/carte\/bearn\/dormir\/\">Dormir<\/a><\/li>\n<li><a href=\"https:\/\/www.visitgastroh.com\/fr\/carte\/bearn\/acheter\/\">Acheter<\/a><\/li>\n<li><a href=\"https:\/\/www.visitgastroh.com\/fr\/carte\/bearn\/visiter\/\">Visiter<\/a><\/li>\n<\/ul>\n[\/vc_column_text][vc_column_text]        <form id=\"store_locator_embedded_search\" class=\"store_locator_embedded_search\" action=\"https:\/\/www.visitgastroh.com\/fr\/carte\/la-rioja\/dormir\/\" method=\"GET\">            <div id=\"store_locator_search_box\" class=\"store_locator store_locator_search_box store-locator-col-12 store-locator-col-sm-12\">                                            <div id=\"store_locator_filter\" class=\"store_locator_filter\">            <div id=\"store_locator_filter_content\" class=\"store-locator-row store_locator_filter_content\">                <div id=\"filter211\" class=\"store-locator-col-12 single_filter\"><h5 class=\"collapsible-visit filtroa-itxita\">Cat\u00e9gorie<\/h5><div class=\"filtroa\" style=\"display: none;\"><label class=\"single_filter_checkbox control control--checkbox\"><input  name=\"filter211[]\" type=\"checkbox\" class=\"store_locator_filter_checkbox\" value=\"212\">1 \u00c9toile<div class=\"control__indicator\"><\/div><\/label><label class=\"single_filter_checkbox control control--checkbox\"><input  name=\"filter211[]\" type=\"checkbox\" class=\"store_locator_filter_checkbox\" value=\"215\">2 cl\u00e9s<div class=\"control__indicator\"><\/div><\/label><label class=\"single_filter_checkbox control control--checkbox\"><input  name=\"filter211[]\" type=\"checkbox\" class=\"store_locator_filter_checkbox\" value=\"213\">2 \u00c9toiles<div class=\"control__indicator\"><\/div><\/label><label class=\"single_filter_checkbox control control--checkbox\"><input  name=\"filter211[]\" type=\"checkbox\" class=\"store_locator_filter_checkbox\" value=\"216\">3 cl\u00e9s<div class=\"control__indicator\"><\/div><\/label><label class=\"single_filter_checkbox control control--checkbox\"><input  name=\"filter211[]\" type=\"checkbox\" class=\"store_locator_filter_checkbox\" value=\"218\">3 \u00c9toiles<div class=\"control__indicator\"><\/div><\/label><label class=\"single_filter_checkbox control control--checkbox\"><input  name=\"filter211[]\" type=\"checkbox\" class=\"store_locator_filter_checkbox\" value=\"217\">4 cl\u00e9s<div class=\"control__indicator\"><\/div><\/label><label class=\"single_filter_checkbox control control--checkbox\"><input  name=\"filter211[]\" type=\"checkbox\" class=\"store_locator_filter_checkbox\" value=\"219\">4 \u00c9toiles<div class=\"control__indicator\"><\/div><\/label><label class=\"single_filter_checkbox control control--checkbox\"><input  name=\"filter211[]\" type=\"checkbox\" class=\"store_locator_filter_checkbox\" value=\"220\">5 \u00c9toiles<div class=\"control__indicator\"><\/div><\/label><\/div><\/div><div id=\"filter247\" class=\"store-locator-col-12 single_filter\"><h5 class=\"collapsible-visit filtroa-itxita\">Installations d'h\u00e9bergement<\/h5><div class=\"filtroa\" style=\"display: none;\"><label class=\"single_filter_checkbox control control--checkbox\"><input  name=\"filter247[]\" type=\"checkbox\" class=\"store_locator_filter_checkbox\" value=\"268\">Adapt\u00e9 aux personnes \u00e0 mobilit\u00e9 r\u00e9duite<div class=\"control__indicator\"><\/div><\/label><label class=\"single_filter_checkbox control control--checkbox\"><input  name=\"filter247[]\" type=\"checkbox\" class=\"store_locator_filter_checkbox\" value=\"251\">Air conditionn\u00e9<div class=\"control__indicator\"><\/div><\/label><label class=\"single_filter_checkbox control control--checkbox\"><input  name=\"filter247[]\" type=\"checkbox\" class=\"store_locator_filter_checkbox\" value=\"269\">Animaux de compagnie accept\u00e9s<div class=\"control__indicator\"><\/div><\/label><label class=\"single_filter_checkbox control control--checkbox\"><input  name=\"filter247[]\" type=\"checkbox\" class=\"store_locator_filter_checkbox\" value=\"270\">Borne de recharge pour v\u00e9hicules \u00e9lectriques<div class=\"control__indicator\"><\/div><\/label><label class=\"single_filter_checkbox control control--checkbox\"><input  name=\"filter247[]\" type=\"checkbox\" class=\"store_locator_filter_checkbox\" value=\"249\">Caf\u00e9-bar<div class=\"control__indicator\"><\/div><\/label><label class=\"single_filter_checkbox control control--checkbox\"><input  name=\"filter247[]\" type=\"checkbox\" class=\"store_locator_filter_checkbox\" value=\"271\">Parking<div class=\"control__indicator\"><\/div><\/label><label class=\"single_filter_checkbox control control--checkbox\"><input  name=\"filter247[]\" type=\"checkbox\" class=\"store_locator_filter_checkbox\" value=\"248\">Restaurant<div class=\"control__indicator\"><\/div><\/label><label class=\"single_filter_checkbox control control--checkbox\"><input  name=\"filter247[]\" type=\"checkbox\" class=\"store_locator_filter_checkbox\" value=\"272\">Service de location et\/ou abri de v\u00e9los<div class=\"control__indicator\"><\/div><\/label><label class=\"single_filter_checkbox control control--checkbox\"><input  name=\"filter247[]\" type=\"checkbox\" class=\"store_locator_filter_checkbox\" value=\"250\">Wifi gratuit<div class=\"control__indicator\"><\/div><\/label><\/div><\/div><div id=\"filter245\" class=\"store-locator-col-12 single_filter\"><h5 class=\"collapsible-visit filtroa-itxita\">Type d'h\u00e9bergement<\/h5><div class=\"filtroa\" style=\"display: none;\"><label class=\"single_filter_checkbox control control--checkbox\"><input  name=\"filter245[]\" type=\"checkbox\" class=\"store_locator_filter_checkbox\" value=\"306\">Appartement touristique<div class=\"control__indicator\"><\/div><\/label><label class=\"single_filter_checkbox control control--checkbox\"><input  name=\"filter245[]\" type=\"checkbox\" class=\"store_locator_filter_checkbox\" value=\"307\">Baln\u00e9aire \/ Thermal<div class=\"control__indicator\"><\/div><\/label><label class=\"single_filter_checkbox control control--checkbox\"><input  name=\"filter245[]\" type=\"checkbox\" class=\"store_locator_filter_checkbox\" value=\"308\">Camping<div class=\"control__indicator\"><\/div><\/label><label class=\"single_filter_checkbox control control--checkbox\"><input  name=\"filter245[]\" type=\"checkbox\" class=\"store_locator_filter_checkbox\" value=\"309\">G\u00eete rural<div class=\"control__indicator\"><\/div><\/label><label class=\"single_filter_checkbox control control--checkbox\"><input  name=\"filter245[]\" type=\"checkbox\" class=\"store_locator_filter_checkbox\" value=\"305\">H\u00e9bergements collectifs \/ Auberges de jeunesse<div class=\"control__indicator\"><\/div><\/label><label class=\"single_filter_checkbox control control--checkbox\"><input  name=\"filter245[]\" type=\"checkbox\" class=\"store_locator_filter_checkbox\" value=\"310\">H\u00f4tel<div class=\"control__indicator\"><\/div><\/label><label class=\"single_filter_checkbox control control--checkbox\"><input  name=\"filter245[]\" type=\"checkbox\" class=\"store_locator_filter_checkbox\" value=\"246\">Logement chez l\u2019habitant<div class=\"control__indicator\"><\/div><\/label><\/div><\/div>            <\/div>        <\/div>        <script>        var coll = document.getElementsByClassName(\"collapsible-visit\");        var i;        for (i = 0; i < coll.length; i++) {          coll[i].addEventListener(\"click\", function() {            this.classList.toggle(\"active\");            var content = this.nextElementSibling;            if (content.style.display === \"block\") {              content.style.display = \"none\";              this.classList.remove('filtroa-irekita');              this.classList.add(\"filtroa-itxita\");            } else {              content.style.display = \"block\";              this.classList.remove('filtroa-itxita');              this.classList.add(\"filtroa-irekita\");            }          });        }        <\/script>                                                        <div class=\"store-locator-row bilaketa-botoia\">                    <div class=\"store-locator-col-12 store-locator-col-sm-12\">                        <button id=\"store_locator_find_stores_button\" type=\"submit\" class=\"store_locator_find_stores_button btn button et_pb_button btn-primary btn-lg\">Rechercher                        <\/button>                    <\/div>                <\/div>            <\/div>        <\/form>        [\/vc_column_text][\/vc_column][vc_column column_padding=&#8221;no-extra-padding&#8221; column_padding_tablet=&#8221;inherit&#8221; column_padding_phone=&#8221;inherit&#8221; column_padding_position=&#8221;all&#8221; column_element_spacing=&#8221;default&#8221; background_color_opacity=&#8221;1&#8243; background_hover_color_opacity=&#8221;1&#8243; column_shadow=&#8221;none&#8221; column_border_radius=&#8221;none&#8221; column_link_target=&#8221;_self&#8221; gradient_direction=&#8221;left_to_right&#8221; overlay_strength=&#8221;0.3&#8243; width=&#8221;3\/4&#8243; tablet_width_inherit=&#8221;default&#8221; tablet_text_alignment=&#8221;default&#8221; phone_text_alignment=&#8221;default&#8221; bg_image_animation=&#8221;none&#8221; border_type=&#8221;simple&#8221; column_border_width=&#8221;none&#8221; column_border_style=&#8221;solid&#8221;][vc_column_text]<div class=\"wordpress-store-locator-list-container\"><h2 class=\"wordpress-store-locator-list-title\">LA RIOJA<\/h2><div class=\"wordpress-store-locator-list-content\"><p>Choisissez un \u00e9tablissement<\/p>\n<\/div><script src=\"https:\/\/unpkg.com\/@googlemaps\/markerclusterer\/dist\/index.min.js\"><\/script>\n<div class=\"store-locator-row\">\n    <div id=\"visitMap\" class=\"store-locator-col-12\"><\/div>\n<\/div>\n\n<script>\n    function initMapa() {\n      const myLatLng = { lat: 42.81687, lng: -1.64323 };\n      \/\/ const myLatLng = { lat: -25.363, lng: 131.044 };\n      const map = new google.maps.Map(document.getElementById(\"visitMap\"), {\n        zoom: 8,\n        mapTypeControl: false,\n        center: myLatLng,\n      });\n      const markers = [];marker0 = new google.maps.Marker({position: {lat: 42.3252841, lng: -3.0148706},map,title: \"Apartamentos Ezcaray\",});\n    markers.push(marker0);\n    const infowindow0 = new google.maps.InfoWindow({\n        content: `<div id=\"store_locator_infowindow_35084\" class=\"store_locator_infowindow\"><div class=\"store-locator-col-sm-12 store_locator_details\"><h3 class=\"store_locator_name\"><a href=\"https:\/\/www.visitgastroh.com\/fr\/store\/apartamentos-ezcaray\/\">Apartamentos Ezcaray<\/a><\/h3><p><a href=\"https:\/\/www.visitgastroh.com\/fr\/store\/apartamentos-ezcaray\/\"><img loading=\"lazy\" decoding=\"async\" width=\"700\" height=\"462\" src=\"https:\/\/www.visitgastroh.com\/wp-content\/uploads\/2022\/04\/apartamentos-ezcaray-fachada.jpg\" class=\"attachment-post-thumbnail size-post-thumbnail wp-post-image\" alt=\"\" srcset=\"https:\/\/www.visitgastroh.com\/wp-content\/uploads\/2022\/04\/apartamentos-ezcaray-fachada.jpg 700w, https:\/\/www.visitgastroh.com\/wp-content\/uploads\/2022\/04\/apartamentos-ezcaray-fachada-300x198.jpg 300w\" sizes=\"auto, (max-width: 700px) 100vw, 700px\" \/><\/a><\/p><p class=\"store_locator_excerpt\">Appartements EZCARAY (EZCARAY) Apartamentos Tur\u00edsticos Ezcaray est un bel ensemble d&#8217;appartements touristiques, d\u00e9di\u00e9 au tourisme rural \u00e0 La Rioja. Immeuble moderne \u00e0 l&#8217;architecture traditionnelle et \u00e0 la d\u00e9coration int\u00e9rieure soign\u00e9e....<\/p><p class=\"store_locator_address\"><span class=\"store_locator_street\">Calle Del Fuero n\u00ba7<br\/><\/span> <span class=\"store_locator_zip\">26280 <\/span> <span class=\"store_locator_city\">Ezcaray<br\/><\/span> <span class=\"store_locator_region\">La Rioja<\/span> <\/p><p class=\"store_locator_contact\"><span class=\"store_locator_tel\">Tel.: <a href=\"tel:+34618708585\">+34618708585<\/a><br\/><\/span><span class=\"store_locator_email\">Email: <a href=\"mailto:info@apartamentosezcaray.com\">info@apartamentosezcaray.com<\/a><br\/><\/span><span class=\"store_locator_website\">Website: <a href=\"https:\/\/www.apartamentosezcaray.com\/\">https:\/\/www.apartamentosezcaray.com\/<\/a><br\/><\/span><\/p><\/div>`,\n      });\n\n    marker0.addListener(\"click\", () => {\n        infowindow0.open({\n          anchor: marker0,\n          map,\n          shouldFocus: false,\n        });\n    });marker1 = new google.maps.Marker({position: {lat: 42.3686584, lng: -2.6570436},map,title: \"CASA DEL AGUA - LA RIOJA\",});\n    markers.push(marker1);\n    const infowindow1 = new google.maps.InfoWindow({\n        content: `<div id=\"store_locator_infowindow_34658\" class=\"store_locator_infowindow\"><div class=\"store-locator-col-sm-12 store_locator_details\"><h3 class=\"store_locator_name\"><a href=\"https:\/\/www.visitgastroh.com\/fr\/store\/casa-del-agua-la-rioja\/\">CASA DEL AGUA - LA RIOJA<\/a><\/h3><p><a href=\"https:\/\/www.visitgastroh.com\/fr\/store\/casa-del-agua-la-rioja\/\"><\/a><\/p><p class=\"store_locator_excerpt\">CASA DEL AGUA &#8211; LA RIOJA (Santa&nbsp;Coloma) Texte descriptif&#8230;<\/p><p class=\"store_locator_address\"><span class=\"store_locator_street\">Camino a Bezares s\/n<br\/><\/span> <span class=\"store_locator_zip\">26315<\/span> <span class=\"store_locator_city\">Santa Coloma<br\/><\/span> <span class=\"store_locator_region\">La Rioja<\/span> <\/p><p class=\"store_locator_contact\"><span class=\"store_locator_tel\">Tel.: <a href=\"tel:+34 647 602 353\">+34 647 602 353<\/a><br\/><\/span><span class=\"store_locator_email\">Email: <a href=\"mailto:info@casadelagualarioja.com\">info@casadelagualarioja.com<\/a><br\/><\/span><span class=\"store_locator_mobile\">Mobile: <a href=\"tel:+34 647 602 353\">+34 647 602 353<\/a><br\/><\/span><span class=\"store_locator_website\">Website: <a href=\"http:\/\/www.casadelagualarioja.com\">http:\/\/www.casadelagualarioja.com<\/a><br\/><\/span><\/p><\/div>`,\n      });\n\n    marker1.addListener(\"click\", () => {\n        infowindow1.open({\n          anchor: marker1,\n          map,\n          shouldFocus: false,\n        });\n    });marker2 = new google.maps.Marker({position: {lat: 42.3260738, lng: -3.0138183},map,title: \"Casa Masip Hotel\",});\n    markers.push(marker2);\n    const infowindow2 = new google.maps.InfoWindow({\n        content: `<div id=\"store_locator_infowindow_35088\" class=\"store_locator_infowindow\"><div class=\"store-locator-col-sm-12 store_locator_details\"><h3 class=\"store_locator_name\"><a href=\"https:\/\/www.visitgastroh.com\/fr\/store\/casa-masip-hotel\/\">Casa Masip Hotel<\/a><\/h3><p><a href=\"https:\/\/www.visitgastroh.com\/fr\/store\/casa-masip-hotel\/\"><img loading=\"lazy\" decoding=\"async\" width=\"1007\" height=\"547\" src=\"https:\/\/www.visitgastroh.com\/wp-content\/uploads\/2022\/04\/hotel-casa-masip-nombre.jpg\" class=\"attachment-post-thumbnail size-post-thumbnail wp-post-image\" alt=\"\" srcset=\"https:\/\/www.visitgastroh.com\/wp-content\/uploads\/2022\/04\/hotel-casa-masip-nombre.jpg 1007w, https:\/\/www.visitgastroh.com\/wp-content\/uploads\/2022\/04\/hotel-casa-masip-nombre-300x163.jpg 300w, https:\/\/www.visitgastroh.com\/wp-content\/uploads\/2022\/04\/hotel-casa-masip-nombre-768x417.jpg 768w\" sizes=\"auto, (max-width: 1007px) 100vw, 1007px\" \/><\/a><\/p><p class=\"store_locator_excerpt\">Casa Masip Hotel (Ezcaray) Casa Masip vous propose un h\u00e9bergement et des restaurants dans le paradis de la Rioja Alta. Dans la charmante Villa de Ezcaray, nous vous proposons un...<\/p><p class=\"store_locator_address\"><span class=\"store_locator_street\">Avda. Academia Militar 4 y 6<br\/><\/span> <span class=\"store_locator_zip\">26280 <\/span> <span class=\"store_locator_city\">Ezcaray<br\/><\/span> <span class=\"store_locator_region\">La Rioja<\/span> <\/p><p class=\"store_locator_contact\"><span class=\"store_locator_tel\">Tel.: <a href=\"tel:+34 941 35 43 27\">+34 941 35 43 27<\/a><br\/><\/span><span class=\"store_locator_email\">Email: <a href=\"mailto:info@casamasip.com\">info@casamasip.com<\/a><br\/><\/span><span class=\"store_locator_website\">Website: <a href=\"https:\/\/www.casamasip.com\/\">https:\/\/www.casamasip.com\/<\/a><br\/><\/span><\/p><\/div>`,\n      });\n\n    marker2.addListener(\"click\", () => {\n        infowindow2.open({\n          anchor: marker2,\n          map,\n          shouldFocus: false,\n        });\n    });marker3 = new google.maps.Marker({position: {lat: 42.19600870000001, lng: -2.6971442},map,title: \"CASA RURAL ENTREBOSQUES\",});\n    markers.push(marker3);\n    const infowindow3 = new google.maps.InfoWindow({\n        content: `<div id=\"store_locator_infowindow_34489\" class=\"store_locator_infowindow\"><div class=\"store-locator-col-sm-12 store_locator_details\"><h3 class=\"store_locator_name\"><a href=\"https:\/\/www.visitgastroh.com\/fr\/store\/casa-rural-entrebosques\/\">CASA RURAL ENTREBOSQUES<\/a><\/h3><p><a href=\"https:\/\/www.visitgastroh.com\/fr\/store\/casa-rural-entrebosques\/\"><img loading=\"lazy\" decoding=\"async\" width=\"1280\" height=\"960\" src=\"https:\/\/www.visitgastroh.com\/wp-content\/uploads\/2022\/03\/photo1624622701-1.jpeg\" class=\"attachment-post-thumbnail size-post-thumbnail wp-post-image\" alt=\"\" srcset=\"https:\/\/www.visitgastroh.com\/wp-content\/uploads\/2022\/03\/photo1624622701-1.jpeg 1280w, https:\/\/www.visitgastroh.com\/wp-content\/uploads\/2022\/03\/photo1624622701-1-300x225.jpeg 300w, https:\/\/www.visitgastroh.com\/wp-content\/uploads\/2022\/03\/photo1624622701-1-1024x768.jpeg 1024w, https:\/\/www.visitgastroh.com\/wp-content\/uploads\/2022\/03\/photo1624622701-1-768x576.jpeg 768w\" sizes=\"auto, (max-width: 1280px) 100vw, 1280px\" \/><\/a><\/p><p class=\"store_locator_excerpt\">ENTREBOSQUES Maison Rurale (EL RASILLO DE CAMEROS) Casa Rural Entre Bosques, est situ\u00e9e dans la Sierra de Cameros entour\u00e9e de pins et de ch\u00eanes, nos voisins les cerfs et les...<\/p><p class=\"store_locator_address\"><span class=\"store_locator_street\">Rue Becolar, 7 <br\/><\/span> <span class=\"store_locator_zip\">26124<\/span> <span class=\"store_locator_city\">El Rasillo de Cameros <br\/><\/span> <span class=\"store_locator_region\">La Rioja<\/span> <\/p><p class=\"store_locator_contact\"><span class=\"store_locator_tel\">Tel.: <a href=\"tel:+34 616 412 769\">+34 616 412 769<\/a><br\/><\/span><span class=\"store_locator_email\">Email: <a href=\"mailto:info@casaentrebosques.com \">info@casaentrebosques.com <\/a><br\/><\/span><span class=\"store_locator_mobile\">Mobile: <a href=\"tel:+34616412769\">+34616412769<\/a><br\/><\/span><span class=\"store_locator_website\">Website: <a href=\"www.casaentrebosques.com \">www.casaentrebosques.com <\/a><br\/><\/span><\/p><\/div>`,\n      });\n\n    marker3.addListener(\"click\", () => {\n        infowindow3.open({\n          anchor: marker3,\n          map,\n          shouldFocus: false,\n        });\n    });marker4 = new google.maps.Marker({position: {lat: 42.13399020000001, lng: -2.1095802},map,title: \"casa rural muro de aguas-valdete\",});\n    markers.push(marker4);\n    const infowindow4 = new google.maps.InfoWindow({\n        content: `<div id=\"store_locator_infowindow_34662\" class=\"store_locator_infowindow\"><div class=\"store-locator-col-sm-12 store_locator_details\"><h3 class=\"store_locator_name\"><a href=\"https:\/\/www.visitgastroh.com\/fr\/store\/casa-rural-muro-de-aguas-valdete\/\">casa rural muro de aguas-valdete<\/a><\/h3><p><a href=\"https:\/\/www.visitgastroh.com\/fr\/store\/casa-rural-muro-de-aguas-valdete\/\"><\/a><\/p><p class=\"store_locator_excerpt\">Nombre empresa (Localidad) Muro de aguas La Rioja Notre Casa Rural Valdet\u00e9 est une maison de ville enti\u00e8rement restaur\u00e9e. Il est am\u00e9nag\u00e9 sur 3 \u00e9tages accessibles par des escaliers. Les...<\/p><p class=\"store_locator_address\"><span class=\"store_locator_street\">Calle Castillo 7 <br\/><\/span> <span class=\"store_locator_zip\">26587<\/span> <span class=\"store_locator_city\">Muro de Aguas<br\/><\/span> <span class=\"store_locator_region\">La Rioja<\/span> <\/p><p class=\"store_locator_contact\"><span class=\"store_locator_tel\">Tel.: <a href=\"tel:+34 680 880 068\">+34 680 880 068<\/a><br\/><\/span><span class=\"store_locator_website\">Website: <a href=\"https:\/\/www.murodeaguas-valdete.com\/\">https:\/\/www.murodeaguas-valdete.com\/<\/a><br\/><\/span><\/p><\/div>`,\n      });\n\n    marker4.addListener(\"click\", () => {\n        infowindow4.open({\n          anchor: marker4,\n          map,\n          shouldFocus: false,\n        });\n    });marker5 = new google.maps.Marker({position: {lat: 42.25453412889642, lng: -2.6283917779098442},map,title: \"Complejo Turistico rural Villa Liquid\u00e1mbar\",});\n    markers.push(marker5);\n    const infowindow5 = new google.maps.InfoWindow({\n        content: `<div id=\"store_locator_infowindow_28594\" class=\"store_locator_infowindow\"><div class=\"store-locator-col-sm-12 store_locator_details\"><h3 class=\"store_locator_name\"><a href=\"https:\/\/www.visitgastroh.com\/fr\/store\/complexe-touristique-rural-villa-liquidambar\/\">Complejo Turistico rural Villa Liquid\u00e1mbar<\/a><\/h3><p><a href=\"https:\/\/www.visitgastroh.com\/fr\/store\/complexe-touristique-rural-villa-liquidambar\/\"><img loading=\"lazy\" decoding=\"async\" width=\"2560\" height=\"2154\" src=\"https:\/\/www.visitgastroh.com\/wp-content\/uploads\/2022\/03\/FACHADA-NOCTURNA-DESDE-CANAL-scaled.jpg\" class=\"attachment-post-thumbnail size-post-thumbnail wp-post-image\" alt=\"\" srcset=\"https:\/\/www.visitgastroh.com\/wp-content\/uploads\/2022\/03\/FACHADA-NOCTURNA-DESDE-CANAL-scaled.jpg 2560w, https:\/\/www.visitgastroh.com\/wp-content\/uploads\/2022\/03\/FACHADA-NOCTURNA-DESDE-CANAL-300x252.jpg 300w, https:\/\/www.visitgastroh.com\/wp-content\/uploads\/2022\/03\/FACHADA-NOCTURNA-DESDE-CANAL-1024x861.jpg 1024w, https:\/\/www.visitgastroh.com\/wp-content\/uploads\/2022\/03\/FACHADA-NOCTURNA-DESDE-CANAL-768x646.jpg 768w, https:\/\/www.visitgastroh.com\/wp-content\/uploads\/2022\/03\/FACHADA-NOCTURNA-DESDE-CANAL-1536x1292.jpg 1536w, https:\/\/www.visitgastroh.com\/wp-content\/uploads\/2022\/03\/FACHADA-NOCTURNA-DESDE-CANAL-2048x1723.jpg 2048w\" sizes=\"auto, (max-width: 2560px) 100vw, 2560px\" \/><\/a><\/p><p class=\"store_locator_excerpt\">VILLA LIQUID\u00c1MBAR Complejo Tur\u00edstico Rural (TORRECILLA EN CAMEROS) Ce complexe touristique dispose de : 3 appartements touristiques \u00e0 La Rioja, dont 2 appartements accessibles. En 2020, nous avons d\u00e9cid\u00e9 de...<\/p><p class=\"store_locator_address\"><span class=\"store_locator_street\">Place San Blas n\u00ba10<br\/><\/span> <span class=\"store_locator_zip\">26100<\/span> <span class=\"store_locator_city\">Tourelle \u00e0 Cameros<br\/><\/span> <span class=\"store_locator_region\">La Rioja<\/span> <\/p><p class=\"store_locator_contact\"><span class=\"store_locator_tel\">Tel.: <a href=\"tel:+34 689 305 336\">+34 689 305 336<\/a><br\/><\/span><span class=\"store_locator_email\">Email: <a href=\"mailto:info@villaliquidambar.com\">info@villaliquidambar.com<\/a><br\/><\/span><span class=\"store_locator_mobile\">Mobile: <a href=\"tel:+34 620 248 366\">+34 620 248 366<\/a><br\/><\/span><span class=\"store_locator_website\">Website: <a href=\"https:\/\/www.villaliquidambar.com\/\">https:\/\/www.villaliquidambar.com\/<\/a><br\/><\/span><\/p><\/div>`,\n      });\n\n    marker5.addListener(\"click\", () => {\n        infowindow5.open({\n          anchor: marker5,\n          map,\n          shouldFocus: false,\n        });\n    });marker6 = new google.maps.Marker({position: {lat: 42.46578596300713, lng: -2.445698195700845},map,title: \"EUROSTARS MARQU\u00c9S DE VALLEJO\",});\n    markers.push(marker6);\n    const infowindow6 = new google.maps.InfoWindow({\n        content: `<div id=\"store_locator_infowindow_38679\" class=\"store_locator_infowindow\"><div class=\"store-locator-col-sm-12 store_locator_details\"><h3 class=\"store_locator_name\"><a href=\"https:\/\/www.visitgastroh.com\/fr\/store\/eurostars-marques-de-vallejo\/\">EUROSTARS MARQU\u00c9S DE VALLEJO<\/a><\/h3><p><a href=\"https:\/\/www.visitgastroh.com\/fr\/store\/eurostars-marques-de-vallejo\/\"><img loading=\"lazy\" decoding=\"async\" width=\"2560\" height=\"1709\" src=\"https:\/\/www.visitgastroh.com\/wp-content\/uploads\/2022\/04\/Marques-de-Vallejo-014-scaled.jpg\" class=\"attachment-post-thumbnail size-post-thumbnail wp-post-image\" alt=\"\" srcset=\"https:\/\/www.visitgastroh.com\/wp-content\/uploads\/2022\/04\/Marques-de-Vallejo-014-scaled.jpg 2560w, https:\/\/www.visitgastroh.com\/wp-content\/uploads\/2022\/04\/Marques-de-Vallejo-014-300x200.jpg 300w, https:\/\/www.visitgastroh.com\/wp-content\/uploads\/2022\/04\/Marques-de-Vallejo-014-1024x684.jpg 1024w, https:\/\/www.visitgastroh.com\/wp-content\/uploads\/2022\/04\/Marques-de-Vallejo-014-768x513.jpg 768w, https:\/\/www.visitgastroh.com\/wp-content\/uploads\/2022\/04\/Marques-de-Vallejo-014-1536x1025.jpg 1536w, https:\/\/www.visitgastroh.com\/wp-content\/uploads\/2022\/04\/Marques-de-Vallejo-014-2048x1367.jpg 2048w, https:\/\/www.visitgastroh.com\/wp-content\/uploads\/2022\/04\/Marques-de-Vallejo-014-900x600.jpg 900w\" sizes=\"auto, (max-width: 2560px) 100vw, 2560px\" \/><\/a><\/p><p class=\"store_locator_excerpt\">EUROSTARS MARQU\u00c9S DE VALLEJO Hotel (LOGRONO) Un h\u00f4tel du d\u00e9but du XXe si\u00e8cle au c\u0153ur de Logro\u00f1o. Situ\u00e9 dans l&#8217;un des quartiers les plus exclusifs de la ville , l&#8217;Eurostars...<\/p><p class=\"store_locator_address\"><span class=\"store_locator_street\">Calle Marques de Vallejo n\u00ba8<br\/><\/span> <span class=\"store_locator_zip\">26001<\/span> <span class=\"store_locator_city\">Logro\u00f1o<br\/><\/span> <span class=\"store_locator_region\">La Rioja<\/span> <\/p><p class=\"store_locator_contact\"><span class=\"store_locator_tel\">Tel.: <a href=\"tel:+34 941 248333\">+34 941 248333<\/a><br\/><\/span><span class=\"store_locator_email\">Email: <a href=\"mailto:reservas@eurostarsmarquesdevallejo.com\">reservas@eurostarsmarquesdevallejo.com<\/a><br\/><\/span><span class=\"store_locator_website\">Website: <a href=\"https:\/\/www.eurostarshotels.com\/eurostars-marques-de-vallejo.html?id_referer=GMB\">https:\/\/www.eurostarshotels.com\/eurostars-marques-de-vallejo.html?id_referer=GMB<\/a><br\/><\/span><\/p><\/div>`,\n      });\n\n    marker6.addListener(\"click\", () => {\n        infowindow6.open({\n          anchor: marker6,\n          map,\n          shouldFocus: false,\n        });\n    });marker7 = new google.maps.Marker({position: {lat: 42.37642736965864, lng: -2.5228083898437603},map,title: \"FERME DES ARANDINOS\",});\n    markers.push(marker7);\n    const infowindow7 = new google.maps.InfoWindow({\n        content: `<div id=\"store_locator_infowindow_28598\" class=\"store_locator_infowindow\"><div class=\"store-locator-col-sm-12 store_locator_details\"><h3 class=\"store_locator_name\"><a href=\"https:\/\/www.visitgastroh.com\/fr\/store\/ferme-des-arandinos\/\">FERME DES ARANDINOS<\/a><\/h3><p><a href=\"https:\/\/www.visitgastroh.com\/fr\/store\/ferme-des-arandinos\/\"><img loading=\"lazy\" decoding=\"async\" width=\"2560\" height=\"1707\" src=\"https:\/\/www.visitgastroh.com\/wp-content\/uploads\/2022\/03\/EXT-SPA-Y-VINEDOS-scaled.jpg\" class=\"attachment-post-thumbnail size-post-thumbnail wp-post-image\" alt=\"\" srcset=\"https:\/\/www.visitgastroh.com\/wp-content\/uploads\/2022\/03\/EXT-SPA-Y-VINEDOS-scaled.jpg 2560w, https:\/\/www.visitgastroh.com\/wp-content\/uploads\/2022\/03\/EXT-SPA-Y-VINEDOS-300x200.jpg 300w, https:\/\/www.visitgastroh.com\/wp-content\/uploads\/2022\/03\/EXT-SPA-Y-VINEDOS-1024x683.jpg 1024w, https:\/\/www.visitgastroh.com\/wp-content\/uploads\/2022\/03\/EXT-SPA-Y-VINEDOS-768x512.jpg 768w, https:\/\/www.visitgastroh.com\/wp-content\/uploads\/2022\/03\/EXT-SPA-Y-VINEDOS-1536x1024.jpg 1536w, https:\/\/www.visitgastroh.com\/wp-content\/uploads\/2022\/03\/EXT-SPA-Y-VINEDOS-2048x1365.jpg 2048w, https:\/\/www.visitgastroh.com\/wp-content\/uploads\/2022\/03\/EXT-SPA-Y-VINEDOS-900x600.jpg 900w\" sizes=\"auto, (max-width: 2560px) 100vw, 2560px\" \/><\/a><\/p><p class=\"store_locator_excerpt\">FINCA DE LOS ARANDINOS Hotel Cave (FORMER) &nbsp; Finca de los Arandinos est un projet unique \u00e0 La Rioja . C&#8217;est le premier h\u00f4tel quatre \u00e9toiles de la r\u00e9gion avec...<\/p><p class=\"store_locator_address\"><span class=\"store_locator_street\">ROUTE LR 137 KM 4.6<br\/><\/span> <span class=\"store_locator_zip\">26375<\/span> <span class=\"store_locator_city\">former<br\/><\/span> <span class=\"store_locator_region\">La Rioja<\/span> <\/p><p class=\"store_locator_contact\"><span class=\"store_locator_tel\">Tel.: <a href=\"tel:+34 941446126\">+34 941446126<\/a><br\/><\/span><span class=\"store_locator_email\">Email: <a href=\"mailto:bienvenue@fincadelosarandinos.com\">bienvenue@fincadelosarandinos.com<\/a><br\/><\/span><span class=\"store_locator_website\">Website: <a href=\"https:\/\/www.fincadelosarandinos.com\/\">https:\/\/www.fincadelosarandinos.com\/<\/a><br\/><\/span><\/p><\/div>`,\n      });\n\n    marker7.addListener(\"click\", () => {\n        infowindow7.open({\n          anchor: marker7,\n          map,\n          shouldFocus: false,\n        });\n    });marker8 = new google.maps.Marker({position: {lat: 42.6012073, lng: -2.8331329},map,title: \"HOSPEDERIA SE\u00d1OR\u00cdO DE BRI\u00d1AS\",});\n    markers.push(marker8);\n    const infowindow8 = new google.maps.InfoWindow({\n        content: `<div id=\"store_locator_infowindow_28639\" class=\"store_locator_infowindow\"><div class=\"store-locator-col-sm-12 store_locator_details\"><h3 class=\"store_locator_name\"><a href=\"https:\/\/www.visitgastroh.com\/fr\/store\/hospederia-senorio-de-brinas\/\">HOSPEDERIA SE\u00d1OR\u00cdO DE BRI\u00d1AS<\/a><\/h3><p><a href=\"https:\/\/www.visitgastroh.com\/fr\/store\/hospederia-senorio-de-brinas\/\"><img loading=\"lazy\" decoding=\"async\" width=\"2362\" height=\"1539\" src=\"https:\/\/www.visitgastroh.com\/wp-content\/uploads\/2022\/02\/Fachada-09.jpg\" class=\"attachment-post-thumbnail size-post-thumbnail wp-post-image\" alt=\"\" srcset=\"https:\/\/www.visitgastroh.com\/wp-content\/uploads\/2022\/02\/Fachada-09.jpg 2362w, https:\/\/www.visitgastroh.com\/wp-content\/uploads\/2022\/02\/Fachada-09-300x195.jpg 300w, https:\/\/www.visitgastroh.com\/wp-content\/uploads\/2022\/02\/Fachada-09-1024x667.jpg 1024w, https:\/\/www.visitgastroh.com\/wp-content\/uploads\/2022\/02\/Fachada-09-768x500.jpg 768w, https:\/\/www.visitgastroh.com\/wp-content\/uploads\/2022\/02\/Fachada-09-1536x1001.jpg 1536w, https:\/\/www.visitgastroh.com\/wp-content\/uploads\/2022\/02\/Fachada-09-2048x1334.jpg 2048w\" sizes=\"auto, (max-width: 2362px) 100vw, 2362px\" \/><\/a><\/p><p class=\"store_locator_excerpt\">H\u00f4tel HOSPEDERIA SE\u00d1OR\u00cdO DE BRINAS (BRI\u00d1AS) L&#8217;h\u00f4tel Hospeder\u00eda Se\u00f1or\u00edo de Bri\u00f1as est un manoir du XVIIIe si\u00e8cle situ\u00e9 dans cette petite ville de La Rioja, adjacente \u00e0 la province d&#8217;\u00c1lava...<\/p><p class=\"store_locator_address\"><span class=\"store_locator_street\">Rue Se\u00f1or\u00edo de Bri\u00f1as n\u00ba5<br\/><\/span> <span class=\"store_locator_zip\">26290<\/span> <span class=\"store_locator_city\">brins<br\/><\/span> <span class=\"store_locator_region\">La Rioja<\/span> <\/p><p class=\"store_locator_contact\"><span class=\"store_locator_tel\">Tel.: <a href=\"tel:+34 941304224\">+34 941304224<\/a><br\/><\/span><span class=\"store_locator_email\">Email: <a href=\"mailto:info@hotelesconencantodelarioja.com\">info@hotelesconencantodelarioja.com<\/a><br\/><\/span><span class=\"store_locator_website\">Website: <a href=\"https:\/\/hospederiadebrinas.com\/\">https:\/\/hospederiadebrinas.com\/<\/a><br\/><\/span><\/p><\/div>`,\n      });\n\n    marker8.addListener(\"click\", () => {\n        infowindow8.open({\n          anchor: marker8,\n          map,\n          shouldFocus: false,\n        });\n    });marker9 = new google.maps.Marker({position: {lat: 42.41807867200163, lng: -2.7353037128974833},map,title: \"Hostal Ciudad de N\u00e1jera\",});\n    markers.push(marker9);\n    const infowindow9 = new google.maps.InfoWindow({\n        content: `<div id=\"store_locator_infowindow_28632\" class=\"store_locator_infowindow\"><div class=\"store-locator-col-sm-12 store_locator_details\"><h3 class=\"store_locator_name\"><a href=\"https:\/\/www.visitgastroh.com\/fr\/store\/hostal-ciudad-de-najera\/\">Hostal Ciudad de N\u00e1jera<\/a><\/h3><p><a href=\"https:\/\/www.visitgastroh.com\/fr\/store\/hostal-ciudad-de-najera\/\"><img loading=\"lazy\" decoding=\"async\" width=\"1920\" height=\"2560\" src=\"https:\/\/www.visitgastroh.com\/wp-content\/uploads\/2022\/02\/Fachada-1-1-rotated.jpg\" class=\"attachment-post-thumbnail size-post-thumbnail wp-post-image\" alt=\"\" srcset=\"https:\/\/www.visitgastroh.com\/wp-content\/uploads\/2022\/02\/Fachada-1-1-rotated.jpg 1920w, https:\/\/www.visitgastroh.com\/wp-content\/uploads\/2022\/02\/Fachada-1-1-225x300.jpg 225w, https:\/\/www.visitgastroh.com\/wp-content\/uploads\/2022\/02\/Fachada-1-1-768x1024.jpg 768w, https:\/\/www.visitgastroh.com\/wp-content\/uploads\/2022\/02\/Fachada-1-1-1152x1536.jpg 1152w, https:\/\/www.visitgastroh.com\/wp-content\/uploads\/2022\/02\/Fachada-1-1-1536x2048.jpg 1536w\" sizes=\"auto, (max-width: 1920px) 100vw, 1920px\" \/><\/a><\/p><p class=\"store_locator_excerpt\">CIUDAD DE N\u00c1JERA Auberge (NAJERA) Une auberge deux \u00e9toiles nouvellement construite a ouvert ses portes en 2004. Nous sommes situ\u00e9s de mani\u00e8re privil\u00e9gi\u00e9e dans la vieille ville de N\u00e1jera, au...<\/p><p class=\"store_locator_address\"><span class=\"store_locator_street\">Quatri\u00e8me rue de San Miguel n\u00ba14<br\/><\/span> <span class=\"store_locator_zip\">26300<\/span> <span class=\"store_locator_city\">Najera<br\/><\/span> <span class=\"store_locator_region\">La Rioja<\/span> <\/p><p class=\"store_locator_contact\"><span class=\"store_locator_tel\">Tel.: <a href=\"tel:+34 941 360 660\">+34 941 360 660<\/a><br\/><\/span><span class=\"store_locator_email\">Email: <a href=\"mailto:ciudaddenajera@gmail.com\">ciudaddenajera@gmail.com<\/a><br\/><\/span><span class=\"store_locator_website\">Website: <a href=\"https:\/\/www.ciudaddenajera.com\/\">https:\/\/www.ciudaddenajera.com\/<\/a><br\/><\/span><\/p><\/div>`,\n      });\n\n    marker9.addListener(\"click\", () => {\n        infowindow9.open({\n          anchor: marker9,\n          map,\n          shouldFocus: false,\n        });\n    });marker10 = new google.maps.Marker({position: {lat: 42.46814740689208, lng: -2.5615134037048404},map,title: \"HOSTAL LABRANZA\",});\n    markers.push(marker10);\n    const infowindow10 = new google.maps.InfoWindow({\n        content: `<div id=\"store_locator_infowindow_32218\" class=\"store_locator_infowindow\"><div class=\"store-locator-col-sm-12 store_locator_details\"><h3 class=\"store_locator_name\"><a href=\"https:\/\/www.visitgastroh.com\/fr\/store\/hostal-labranza\/\">HOSTAL LABRANZA<\/a><\/h3><p><a href=\"https:\/\/www.visitgastroh.com\/fr\/store\/hostal-labranza\/\"><img loading=\"lazy\" decoding=\"async\" width=\"750\" height=\"304\" src=\"https:\/\/www.visitgastroh.com\/wp-content\/uploads\/2022\/03\/LOGO-2.jpg\" class=\"attachment-post-thumbnail size-post-thumbnail wp-post-image\" alt=\"\" srcset=\"https:\/\/www.visitgastroh.com\/wp-content\/uploads\/2022\/03\/LOGO-2.jpg 750w, https:\/\/www.visitgastroh.com\/wp-content\/uploads\/2022\/03\/LOGO-2-300x122.jpg 300w\" sizes=\"auto, (max-width: 750px) 100vw, 750px\" \/><\/a><\/p><p class=\"store_locator_excerpt\">LABRANZA Hostal (FUENMAYOR) PI\u00c8CES L&#8217;auberge de la ferme dispose de 8 chambres, 5 chambres avec un lit double et 3 avec un lit double, chacune d&#8217;elles appel\u00e9e par un nom...<\/p><p class=\"store_locator_address\"><span class=\"store_locator_street\">Avenida Estaci\u00f3n n\u00ba1<br\/><\/span> <span class=\"store_locator_zip\">26360<\/span> <span class=\"store_locator_city\">Fuenmayor<br\/><\/span> <span class=\"store_locator_region\">La Rioja<\/span> <\/p><p class=\"store_locator_contact\"><span class=\"store_locator_tel\">Tel.: <a href=\"tel:+34 941451028\">+34 941451028<\/a><br\/><\/span><span class=\"store_locator_email\">Email: <a href=\"mailto:info@hostal-labranza.com\">info@hostal-labranza.com<\/a><br\/><\/span><span class=\"store_locator_mobile\">Mobile: <a href=\"tel:+34 636410497\">+34 636410497<\/a><br\/><\/span><span class=\"store_locator_website\">Website: <a href=\"https:\/\/www.hostal-labranza.com\/\">https:\/\/www.hostal-labranza.com\/<\/a><br\/><\/span><\/p><\/div>`,\n      });\n\n    marker10.addListener(\"click\", () => {\n        infowindow10.open({\n          anchor: marker10,\n          map,\n          shouldFocus: false,\n        });\n    });marker11 = new google.maps.Marker({position: {lat: 42.32541699966567, lng: -2.8645204243286093},map,title: \"HOSTERIA SAN MILLAN\",});\n    markers.push(marker11);\n    const infowindow11 = new google.maps.InfoWindow({\n        content: `<div id=\"store_locator_infowindow_34491\" class=\"store_locator_infowindow\"><div class=\"store-locator-col-sm-12 store_locator_details\"><h3 class=\"store_locator_name\"><a href=\"https:\/\/www.visitgastroh.com\/fr\/store\/hosteria-san-millan\/\">HOSTERIA SAN MILLAN<\/a><\/h3><p><a href=\"https:\/\/www.visitgastroh.com\/fr\/store\/hosteria-san-millan\/\"><img loading=\"lazy\" decoding=\"async\" width=\"2560\" height=\"1440\" src=\"https:\/\/www.visitgastroh.com\/wp-content\/uploads\/2022\/02\/SAM_2914-scaled.jpg\" class=\"attachment-post-thumbnail size-post-thumbnail wp-post-image\" alt=\"\" srcset=\"https:\/\/www.visitgastroh.com\/wp-content\/uploads\/2022\/02\/SAM_2914-scaled.jpg 2560w, https:\/\/www.visitgastroh.com\/wp-content\/uploads\/2022\/02\/SAM_2914-300x169.jpg 300w, https:\/\/www.visitgastroh.com\/wp-content\/uploads\/2022\/02\/SAM_2914-1024x576.jpg 1024w, https:\/\/www.visitgastroh.com\/wp-content\/uploads\/2022\/02\/SAM_2914-768x432.jpg 768w, https:\/\/www.visitgastroh.com\/wp-content\/uploads\/2022\/02\/SAM_2914-1536x864.jpg 1536w, https:\/\/www.visitgastroh.com\/wp-content\/uploads\/2022\/02\/SAM_2914-2048x1152.jpg 2048w\" sizes=\"auto, (max-width: 2560px) 100vw, 2560px\" \/><\/a><\/p><p class=\"store_locator_excerpt\">HOSTERIA SAN MILLAN Hotel (SAN MILL\u00c1N DE LA COGOLLA) PLUS QU&#8217;UN H\u00d4TEL DE CHARME \u00c0 LA RIOJA, UNE EXP\u00c9RIENCE INOUBLIABLE S\u00e9journez entre ces murs charg\u00e9s d&#8217;histoire, un site du patrimoine...<\/p><p class=\"store_locator_address\"><span class=\"store_locator_street\">Plaza de Yuso (Monasterio de Yuso)<br\/><\/span> <span class=\"store_locator_zip\">26326<\/span> <span class=\"store_locator_city\">San Mill\u00e1n de la Cogolla<br\/><\/span> <span class=\"store_locator_region\">La Rioja<\/span> <\/p><p class=\"store_locator_contact\"><span class=\"store_locator_tel\">Tel.: <a href=\"tel:+34941373277\">+34941373277<\/a><br\/><\/span><span class=\"store_locator_email\">Email: <a href=\"mailto:info@hosteriasanmillan.com\">info@hosteriasanmillan.com<\/a><br\/><\/span><span class=\"store_locator_website\">Website: <a href=\"https:\/\/hosteriasanmillan.com\/\">https:\/\/hosteriasanmillan.com\/<\/a><br\/><\/span><\/p><\/div>`,\n      });\n\n    marker11.addListener(\"click\", () => {\n        infowindow11.open({\n          anchor: marker11,\n          map,\n          shouldFocus: false,\n        });\n    });marker12 = new google.maps.Marker({position: {lat: 42.450080497349916, lng: -3.0266676158691475},map,title: \"H\u00f4tel Casa Grande\",});\n    markers.push(marker12);\n    const infowindow12 = new google.maps.InfoWindow({\n        content: `<div id=\"store_locator_infowindow_28636\" class=\"store_locator_infowindow\"><div class=\"store-locator-col-sm-12 store_locator_details\"><h3 class=\"store_locator_name\"><a href=\"https:\/\/www.visitgastroh.com\/fr\/store\/hotel-casa-grande\/\">H\u00f4tel Casa Grande<\/a><\/h3><p><a href=\"https:\/\/www.visitgastroh.com\/fr\/store\/hotel-casa-grande\/\"><img loading=\"lazy\" decoding=\"async\" width=\"1024\" height=\"768\" src=\"https:\/\/www.visitgastroh.com\/wp-content\/uploads\/2022\/02\/IMG-20200611-WA0007.jpg\" class=\"attachment-post-thumbnail size-post-thumbnail wp-post-image\" alt=\"\" srcset=\"https:\/\/www.visitgastroh.com\/wp-content\/uploads\/2022\/02\/IMG-20200611-WA0007.jpg 1024w, https:\/\/www.visitgastroh.com\/wp-content\/uploads\/2022\/02\/IMG-20200611-WA0007-300x225.jpg 300w, https:\/\/www.visitgastroh.com\/wp-content\/uploads\/2022\/02\/IMG-20200611-WA0007-768x576.jpg 768w\" sizes=\"auto, (max-width: 1024px) 100vw, 1024px\" \/><\/a><\/p><p class=\"store_locator_excerpt\">GRANDE MAISON H\u00f4tel **** (GROUGE) Boutique H\u00f4tel 4 \u00e9toiles, con\u00e7u par Frencesc Rif\u00e9, nous avons 11 chambres et un restaurant. Nous sommes devant la place de l&#8217;\u00e9glise, la plus ancienne...<\/p><p class=\"store_locator_address\"><span class=\"store_locator_street\">Calle El Ca\u00f1o n\u00ba13<br\/><\/span> <span class=\"store_locator_zip\">26259<\/span> <span class=\"store_locator_city\">super<br\/><\/span> <span class=\"store_locator_region\">La Rioja<\/span> <\/p><p class=\"store_locator_contact\"><span class=\"store_locator_tel\">Tel.: <a href=\"tel:+34 605982303  \">+34 605982303  <\/a><br\/><\/span><span class=\"store_locator_email\">Email: <a href=\"mailto:info@casagrandehotel.net \">info@casagrandehotel.net <\/a><br\/><\/span><span class=\"store_locator_mobile\">Mobile: <a href=\"tel:+34 605982303  \">+34 605982303  <\/a><br\/><\/span><span class=\"store_locator_website\">Website: <a href=\"https:\/\/casagrandehotel.net\/\">https:\/\/casagrandehotel.net\/<\/a><br\/><\/span><\/p><\/div>`,\n      });\n\n    marker12.addListener(\"click\", () => {\n        infowindow12.open({\n          anchor: marker12,\n          map,\n          shouldFocus: false,\n        });\n    });marker13 = new google.maps.Marker({position: {lat: 42.46535488870243, lng: -2.4516768767211827},map,title: \"H\u00f4tel Condes de Haro\",});\n    markers.push(marker13);\n    const infowindow13 = new google.maps.InfoWindow({\n        content: `<div id=\"store_locator_infowindow_28611\" class=\"store_locator_infowindow\"><div class=\"store-locator-col-sm-12 store_locator_details\"><h3 class=\"store_locator_name\"><a href=\"https:\/\/www.visitgastroh.com\/fr\/store\/hotel-condes-de-haro\/\">H\u00f4tel Condes de Haro<\/a><\/h3><p><a href=\"https:\/\/www.visitgastroh.com\/fr\/store\/hotel-condes-de-haro\/\"><img loading=\"lazy\" decoding=\"async\" width=\"2000\" height=\"1328\" src=\"https:\/\/www.visitgastroh.com\/wp-content\/uploads\/2022\/02\/11-con-panel.jpg\" class=\"attachment-post-thumbnail size-post-thumbnail wp-post-image\" alt=\"\" srcset=\"https:\/\/www.visitgastroh.com\/wp-content\/uploads\/2022\/02\/11-con-panel.jpg 2000w, https:\/\/www.visitgastroh.com\/wp-content\/uploads\/2022\/02\/11-con-panel-300x199.jpg 300w, https:\/\/www.visitgastroh.com\/wp-content\/uploads\/2022\/02\/11-con-panel-1024x680.jpg 1024w, https:\/\/www.visitgastroh.com\/wp-content\/uploads\/2022\/02\/11-con-panel-768x510.jpg 768w, https:\/\/www.visitgastroh.com\/wp-content\/uploads\/2022\/02\/11-con-panel-1536x1020.jpg 1536w\" sizes=\"auto, (max-width: 2000px) 100vw, 2000px\" \/><\/a><\/p><p class=\"store_locator_excerpt\">COMTES DE HARO H\u00f4tel (LOGRONO) H\u00f4tel de construction moderne, situ\u00e9 dans le centre de Logro\u00f1o, \u00e0 quelques m\u00e8tres des zones de loisirs et d&#8217;affaires de la ville. Il dispose de...<\/p><p class=\"store_locator_address\"><span class=\"store_locator_street\">6, rue Saturnino Ulargui<br\/><\/span> <span class=\"store_locator_zip\">26001<\/span> <span class=\"store_locator_city\">Logro\u00f1o<br\/><\/span> <span class=\"store_locator_region\">La Rioja<\/span> <\/p><p class=\"store_locator_contact\"><span class=\"store_locator_tel\">Tel.: <a href=\"tel:+34 941208500\">+34 941208500<\/a><br\/><\/span><span class=\"store_locator_email\">Email: <a href=\"mailto:reserva@hotelcondesdeharo.com\">reserva@hotelcondesdeharo.com<\/a><br\/><\/span><span class=\"store_locator_mobile\">Mobile: <a href=\"tel:+34 648207104\">+34 648207104<\/a><br\/><\/span><span class=\"store_locator_website\">Website: <a href=\"https:\/\/hotelcondesdeharo.com\/es\/\">https:\/\/hotelcondesdeharo.com\/es\/<\/a><br\/><\/span><\/p><\/div>`,\n      });\n\n    marker13.addListener(\"click\", () => {\n        infowindow13.open({\n          anchor: marker13,\n          map,\n          shouldFocus: false,\n        });\n    });marker14 = new google.maps.Marker({position: {lat: 42.3255114, lng: -3.0146367},map,title: \"Hotel Echaurren\",});\n    markers.push(marker14);\n    const infowindow14 = new google.maps.InfoWindow({\n        content: `<div id=\"store_locator_infowindow_35099\" class=\"store_locator_infowindow\"><div class=\"store-locator-col-sm-12 store_locator_details\"><h3 class=\"store_locator_name\"><a href=\"https:\/\/www.visitgastroh.com\/fr\/store\/hotel-echaurren\/\">Hotel Echaurren<\/a><\/h3><p><a href=\"https:\/\/www.visitgastroh.com\/fr\/store\/hotel-echaurren\/\"><img loading=\"lazy\" decoding=\"async\" width=\"2200\" height=\"1148\" src=\"https:\/\/www.visitgastroh.com\/wp-content\/uploads\/2022\/04\/hotel-echaurren-fachada.jpg\" class=\"attachment-post-thumbnail size-post-thumbnail wp-post-image\" alt=\"\" srcset=\"https:\/\/www.visitgastroh.com\/wp-content\/uploads\/2022\/04\/hotel-echaurren-fachada.jpg 2200w, https:\/\/www.visitgastroh.com\/wp-content\/uploads\/2022\/04\/hotel-echaurren-fachada-300x157.jpg 300w, https:\/\/www.visitgastroh.com\/wp-content\/uploads\/2022\/04\/hotel-echaurren-fachada-1024x534.jpg 1024w, https:\/\/www.visitgastroh.com\/wp-content\/uploads\/2022\/04\/hotel-echaurren-fachada-768x401.jpg 768w, https:\/\/www.visitgastroh.com\/wp-content\/uploads\/2022\/04\/hotel-echaurren-fachada-1536x802.jpg 1536w, https:\/\/www.visitgastroh.com\/wp-content\/uploads\/2022\/04\/hotel-echaurren-fachada-2048x1069.jpg 2048w\" sizes=\"auto, (max-width: 2200px) 100vw, 2200px\" \/><\/a><\/p><p class=\"store_locator_excerpt\">Hotel Echaurren Relais &amp; Ch\u00e2teaux (Ezcaray) Une maison centenaire enti\u00e8rement r\u00e9habilit\u00e9e par le studio d&#8217;architecture Picado de Blas \u00e0 Madrid, qui a su transformer cet ancien relais de poste en...<\/p><p class=\"store_locator_address\"><span class=\"store_locator_street\">Padre Jos\u00e9 Garc\u00eda, 19<br\/><\/span> <span class=\"store_locator_zip\">26280 <\/span> <span class=\"store_locator_city\">Ezcaray<br\/><\/span> <span class=\"store_locator_region\">La Rioja<\/span> <\/p><p class=\"store_locator_contact\"><span class=\"store_locator_tel\">Tel.: <a href=\"tel:+34 941 35 40 47\">+34 941 35 40 47<\/a><br\/><\/span><span class=\"store_locator_email\">Email: <a href=\"mailto:info@echaurren.com\">info@echaurren.com<\/a><br\/><\/span><span class=\"store_locator_website\">Website: <a href=\"https:\/\/echaurren.com\/\">https:\/\/echaurren.com\/<\/a><br\/><\/span><\/p><\/div>`,\n      });\n\n    marker14.addListener(\"click\", () => {\n        infowindow14.open({\n          anchor: marker14,\n          map,\n          shouldFocus: false,\n        });\n    });marker15 = new google.maps.Marker({position: {lat: 42.46852195198962, lng: -2.443095083605966},map,title: \"H\u00d4TEL FG LOGRO\u00d1O\",});\n    markers.push(marker15);\n    const infowindow15 = new google.maps.InfoWindow({\n        content: `<div id=\"store_locator_infowindow_28621\" class=\"store_locator_infowindow\"><div class=\"store-locator-col-sm-12 store_locator_details\"><h3 class=\"store_locator_name\"><a href=\"https:\/\/www.visitgastroh.com\/fr\/store\/hotel-fg-logrono\/\">H\u00d4TEL FG LOGRO\u00d1O<\/a><\/h3><p><a href=\"https:\/\/www.visitgastroh.com\/fr\/store\/hotel-fg-logrono\/\"><img loading=\"lazy\" decoding=\"async\" width=\"2560\" height=\"1707\" src=\"https:\/\/www.visitgastroh.com\/wp-content\/uploads\/2022\/02\/IMG_4454-scaled.jpg\" class=\"attachment-post-thumbnail size-post-thumbnail wp-post-image\" alt=\"\" srcset=\"https:\/\/www.visitgastroh.com\/wp-content\/uploads\/2022\/02\/IMG_4454-scaled.jpg 2560w, https:\/\/www.visitgastroh.com\/wp-content\/uploads\/2022\/02\/IMG_4454-300x200.jpg 300w, https:\/\/www.visitgastroh.com\/wp-content\/uploads\/2022\/02\/IMG_4454-1024x683.jpg 1024w, https:\/\/www.visitgastroh.com\/wp-content\/uploads\/2022\/02\/IMG_4454-768x512.jpg 768w, https:\/\/www.visitgastroh.com\/wp-content\/uploads\/2022\/02\/IMG_4454-1536x1024.jpg 1536w, https:\/\/www.visitgastroh.com\/wp-content\/uploads\/2022\/02\/IMG_4454-2048x1365.jpg 2048w, https:\/\/www.visitgastroh.com\/wp-content\/uploads\/2022\/02\/IMG_4454-900x600.jpg 900w\" sizes=\"auto, (max-width: 2560px) 100vw, 2560px\" \/><\/a><\/p><p class=\"store_locator_excerpt\">H\u00f4tel FG LOGRO\u00d1O (LOGRONO) Situ\u00e9 dans le centre historique de la ville, dans l&#8217;une de ses entr\u00e9es principales, El Puente de Piedra. Ses chambres offrent au client une vue magnifique...<\/p><p class=\"store_locator_address\"><span class=\"store_locator_street\">Avenue Viana n \u00b0 2-4<br\/><\/span> <span class=\"store_locator_zip\">26001<\/span> <span class=\"store_locator_city\">Logro\u00f1o<br\/><\/span> <span class=\"store_locator_region\">La Rioja<\/span> <\/p><p class=\"store_locator_contact\"><span class=\"store_locator_tel\">Tel.: <a href=\"tel:+34 941008900\">+34 941008900<\/a><br\/><\/span><span class=\"store_locator_email\">Email: <a href=\"mailto:reservations.logrono@fghotels.com\">reservations.logrono@fghotels.com<\/a><br\/><\/span><span class=\"store_locator_mobile\">Mobile: <a href=\"tel:+34 658956245\">+34 658956245<\/a><br\/><\/span><span class=\"store_locator_website\">Website: <a href=\"https:\/\/www.fglogrono-hotel.com\/es\/\">https:\/\/www.fglogrono-hotel.com\/es\/<\/a><br\/><\/span><\/p><\/div>`,\n      });\n\n    marker15.addListener(\"click\", () => {\n        infowindow15.open({\n          anchor: marker15,\n          map,\n          shouldFocus: false,\n        });\n    });marker16 = new google.maps.Marker({position: {lat: 42.464794, lng: -2.4542723},map,title: \"HOTEL GRAN VIA\",});\n    markers.push(marker16);\n    const infowindow16 = new google.maps.InfoWindow({\n        content: `<div id=\"store_locator_infowindow_28652\" class=\"store_locator_infowindow\"><div class=\"store-locator-col-sm-12 store_locator_details\"><h3 class=\"store_locator_name\"><a href=\"https:\/\/www.visitgastroh.com\/fr\/store\/hotel-gran-via\/\">HOTEL GRAN VIA<\/a><\/h3><p><a href=\"https:\/\/www.visitgastroh.com\/fr\/store\/hotel-gran-via\/\"><img loading=\"lazy\" decoding=\"async\" width=\"2560\" height=\"1915\" src=\"https:\/\/www.visitgastroh.com\/wp-content\/uploads\/2022\/02\/IMG_20180130_215600_914-002-scaled.jpg\" class=\"attachment-post-thumbnail size-post-thumbnail wp-post-image\" alt=\"\" srcset=\"https:\/\/www.visitgastroh.com\/wp-content\/uploads\/2022\/02\/IMG_20180130_215600_914-002-scaled.jpg 2560w, https:\/\/www.visitgastroh.com\/wp-content\/uploads\/2022\/02\/IMG_20180130_215600_914-002-300x224.jpg 300w, https:\/\/www.visitgastroh.com\/wp-content\/uploads\/2022\/02\/IMG_20180130_215600_914-002-1024x766.jpg 1024w, https:\/\/www.visitgastroh.com\/wp-content\/uploads\/2022\/02\/IMG_20180130_215600_914-002-768x574.jpg 768w, https:\/\/www.visitgastroh.com\/wp-content\/uploads\/2022\/02\/IMG_20180130_215600_914-002-1536x1149.jpg 1536w, https:\/\/www.visitgastroh.com\/wp-content\/uploads\/2022\/02\/IMG_20180130_215600_914-002-2048x1532.jpg 2048w\" sizes=\"auto, (max-width: 2560px) 100vw, 2560px\" \/><\/a><\/p><p class=\"store_locator_excerpt\">GRAN VIA **** Hotel (LOGRONO) L&#8217;H\u00d4TEL GRAN VIA LOGRO\u00d1O **** est situ\u00e9 dans la rue principale de la ville, en passant par le Camino de Santiago \u00e0 travers Tierras Riojanas,...<\/p><p class=\"store_locator_address\"><span class=\"store_locator_street\">Av. Gran V\u00eda Juan Carlos I, 71<br\/><\/span> <span class=\"store_locator_zip\">26005<\/span> <span class=\"store_locator_city\">Logro\u00f1o<br\/><\/span> <span class=\"store_locator_region\">La Rioja<\/span> <\/p><p class=\"store_locator_contact\"><span class=\"store_locator_tel\">Tel.: <a href=\"tel:+34 941 287 850\">+34 941 287 850<\/a><br\/><\/span><span class=\"store_locator_email\">Email: <a href=\"mailto:granvia@hotelgranvialogrono.com\">granvia@hotelgranvialogrono.com<\/a><br\/><\/span><span class=\"store_locator_website\">Website: <a href=\"www.hotelgranvialogrono.com\">www.hotelgranvialogrono.com<\/a><br\/><\/span><\/p><\/div>`,\n      });\n\n    marker16.addListener(\"click\", () => {\n        infowindow16.open({\n          anchor: marker16,\n          map,\n          shouldFocus: false,\n        });\n    });marker17 = new google.maps.Marker({position: {lat: 42.2245205, lng: -2.1085533},map,title: \"H\u00f4tel Ibis Styles Arnedo la rioja\",});\n    markers.push(marker17);\n    const infowindow17 = new google.maps.InfoWindow({\n        content: `<div id=\"store_locator_infowindow_28653\" class=\"store_locator_infowindow\"><div class=\"store-locator-col-sm-12 store_locator_details\"><h3 class=\"store_locator_name\"><a href=\"https:\/\/www.visitgastroh.com\/fr\/store\/hotel-ibis-styles-arnedo-la-rioja\/\">H\u00f4tel Ibis Styles Arnedo la rioja<\/a><\/h3><p><a href=\"https:\/\/www.visitgastroh.com\/fr\/store\/hotel-ibis-styles-arnedo-la-rioja\/\"><img loading=\"lazy\" decoding=\"async\" width=\"1110\" height=\"787\" src=\"https:\/\/www.visitgastroh.com\/wp-content\/uploads\/2022\/02\/Hotel-tematico-del-calzado-cama.jpg\" class=\"attachment-post-thumbnail size-post-thumbnail wp-post-image\" alt=\"\" srcset=\"https:\/\/www.visitgastroh.com\/wp-content\/uploads\/2022\/02\/Hotel-tematico-del-calzado-cama.jpg 1110w, https:\/\/www.visitgastroh.com\/wp-content\/uploads\/2022\/02\/Hotel-tematico-del-calzado-cama-300x213.jpg 300w, https:\/\/www.visitgastroh.com\/wp-content\/uploads\/2022\/02\/Hotel-tematico-del-calzado-cama-1024x726.jpg 1024w, https:\/\/www.visitgastroh.com\/wp-content\/uploads\/2022\/02\/Hotel-tematico-del-calzado-cama-768x545.jpg 768w\" sizes=\"auto, (max-width: 1110px) 100vw, 1110px\" \/><\/a><\/p><p class=\"store_locator_excerpt\">H\u00f4tel &#8211; Restaurant IBIS STYLES (ARN\u00c9DO) Nous sommes toujours les m\u00eames : l&#8217;h\u00f4tel Victoria. Ceux d&#8217;entre nous qui pendant des d\u00e9cennies ont \u00e9t\u00e9 au service d&#8217;Arnedanos et ceux qui nous...<\/p><p class=\"store_locator_address\"><span class=\"store_locator_street\">Marche de la constitution n\u00ba 97<br\/><\/span> <span class=\"store_locator_zip\">26580<\/span> <span class=\"store_locator_city\">Arnedo<br\/><\/span> <span class=\"store_locator_region\">La Rioja<\/span> <\/p><p class=\"store_locator_contact\"><span class=\"store_locator_tel\">Tel.: <a href=\"tel:+34 941 380 100\">+34 941 380 100<\/a><br\/><\/span><span class=\"store_locator_email\">Email: <a href=\"mailto:reserva@victoriarestauracion.es\">reserva@victoriarestauracion.es<\/a><br\/><\/span><span class=\"store_locator_website\">Website: <a href=\"https:\/\/victoriarestauracion.es\">https:\/\/victoriarestauracion.es<\/a><br\/><\/span><\/p><\/div>`,\n      });\n\n    marker17.addListener(\"click\", () => {\n        infowindow17.open({\n          anchor: marker17,\n          map,\n          shouldFocus: false,\n        });\n    });marker18 = new google.maps.Marker({position: {lat: 42.465772359705014, lng: -2.452466362149055},map,title: \"H\u00d4TEL NH HERENCIA RIOJA\",});\n    markers.push(marker18);\n    const infowindow18 = new google.maps.InfoWindow({\n        content: `<div id=\"store_locator_infowindow_28650\" class=\"store_locator_infowindow\"><div class=\"store-locator-col-sm-12 store_locator_details\"><h3 class=\"store_locator_name\"><a href=\"https:\/\/www.visitgastroh.com\/fr\/store\/hotel-nh-herencia-rioja\/\">H\u00d4TEL NH HERENCIA RIOJA<\/a><\/h3><p><a href=\"https:\/\/www.visitgastroh.com\/fr\/store\/hotel-nh-herencia-rioja\/\"><img loading=\"lazy\" decoding=\"async\" width=\"330\" height=\"210\" src=\"https:\/\/www.visitgastroh.com\/wp-content\/uploads\/2022\/02\/RSPNS_NH_herencia-rioja_187_big1.jpg\" class=\"attachment-post-thumbnail size-post-thumbnail wp-post-image\" alt=\"\" srcset=\"https:\/\/www.visitgastroh.com\/wp-content\/uploads\/2022\/02\/RSPNS_NH_herencia-rioja_187_big1.jpg 330w, https:\/\/www.visitgastroh.com\/wp-content\/uploads\/2022\/02\/RSPNS_NH_herencia-rioja_187_big1-300x191.jpg 300w\" sizes=\"auto, (max-width: 330px) 100vw, 330px\" \/><\/a><\/p><p class=\"store_locator_excerpt\">H\u00f4tel-Restaurant NH HERENCIA RIOJA (LOGRO\u00d1O) L&#8217;h\u00f4tel NH Logro\u00f1o Herencia Rioja est situ\u00e9 au c\u0153ur de Logro\u00f1o, \u00e0 moins de 5 minutes \u00e0 pied de la vieille ville, du quartier commer\u00e7ant...<\/p><p class=\"store_locator_address\"><span class=\"store_locator_street\">14, rue Marques de Murrieta<br\/><\/span> <span class=\"store_locator_zip\">26005<\/span> <span class=\"store_locator_city\">LOGRONO<br\/><\/span> <span class=\"store_locator_region\">LA RIOJA<\/span> <\/p><p class=\"store_locator_contact\"><span class=\"store_locator_tel\">Tel.: <a href=\"tel:+34 941210222\">+34 941210222<\/a><br\/><\/span><span class=\"store_locator_email\">Email: <a href=\"mailto:nhherenciarioja@nh-hotels.com\">nhherenciarioja@nh-hotels.com<\/a><br\/><\/span><span class=\"store_locator_website\">Website: <a href=\"https:\/\/www.nh-hotels.com\/\">https:\/\/www.nh-hotels.com\/<\/a><br\/><\/span><\/p><\/div>`,\n      });\n\n    marker18.addListener(\"click\", () => {\n        infowindow18.open({\n          anchor: marker18,\n          map,\n          shouldFocus: false,\n        });\n    });marker19 = new google.maps.Marker({position: {lat: 42.32584, lng: -3.014094},map,title: \"H\u00f4tel Palacio Azcarate\",});\n    markers.push(marker19);\n    const infowindow19 = new google.maps.InfoWindow({\n        content: `<div id=\"store_locator_infowindow_28583\" class=\"store_locator_infowindow\"><div class=\"store-locator-col-sm-12 store_locator_details\"><h3 class=\"store_locator_name\"><a href=\"https:\/\/www.visitgastroh.com\/fr\/store\/palacio-azcarate-hotel-appartements-restaurant\/\">H\u00f4tel Palacio Azcarate<\/a><\/h3><p><a href=\"https:\/\/www.visitgastroh.com\/fr\/store\/palacio-azcarate-hotel-appartements-restaurant\/\"><img loading=\"lazy\" decoding=\"async\" width=\"636\" height=\"513\" src=\"https:\/\/www.visitgastroh.com\/wp-content\/uploads\/2022\/03\/PA-05.jpg\" class=\"attachment-post-thumbnail size-post-thumbnail wp-post-image\" alt=\"\" srcset=\"https:\/\/www.visitgastroh.com\/wp-content\/uploads\/2022\/03\/PA-05.jpg 636w, https:\/\/www.visitgastroh.com\/wp-content\/uploads\/2022\/03\/PA-05-300x242.jpg 300w\" sizes=\"auto, (max-width: 636px) 100vw, 636px\" \/><\/a><\/p><p class=\"store_locator_excerpt\">H\u00f4tel PALACIO AZCARATE (EZCARAY) Maison de ma\u00eetre de charme situ\u00e9e dans une maison de ma\u00eetre r\u00e9habilit\u00e9e et prot\u00e9g\u00e9e par le patrimoine. Dans sa d\u00e9coration, la chaleur des bois nobles, les...<\/p><p class=\"store_locator_address\"><span class=\"store_locator_street\">Calle Padre Jos\u00e9 Garc\u00eda n\u00ba 17<br\/><\/span> <span class=\"store_locator_zip\">26280<\/span> <span class=\"store_locator_city\">Ezcaray<br\/><\/span> <span class=\"store_locator_region\">La Rioja<\/span> <\/p><p class=\"store_locator_contact\"><span class=\"store_locator_tel\">Tel.: <a href=\"tel:+34 941427282\">+34 941427282<\/a><br\/><\/span><span class=\"store_locator_email\">Email: <a href=\"mailto:info@palacioazcarate.com\">info@palacioazcarate.com<\/a><br\/><\/span><span class=\"store_locator_website\">Website: <a href=\"https:\/\/www.palacioazcarate.com\/\">https:\/\/www.palacioazcarate.com\/<\/a><br\/><\/span><\/p><\/div>`,\n      });\n\n    marker19.addListener(\"click\", () => {\n        infowindow19.open({\n          anchor: marker19,\n          map,\n          shouldFocus: false,\n        });\n    });marker20 = new google.maps.Marker({position: {lat: 42.174536, lng: -1.7500463},map,title: \"H\u00d4TEL PALACIOS RIOJA\",});\n    markers.push(marker20);\n    const infowindow20 = new google.maps.InfoWindow({\n        content: `<div id=\"store_locator_infowindow_28646\" class=\"store_locator_infowindow\"><div class=\"store-locator-col-sm-12 store_locator_details\"><h3 class=\"store_locator_name\"><a href=\"https:\/\/www.visitgastroh.com\/fr\/store\/hotel-palacios-rioja\/\">H\u00d4TEL PALACIOS RIOJA<\/a><\/h3><p><a href=\"https:\/\/www.visitgastroh.com\/fr\/store\/hotel-palacios-rioja\/\"><img loading=\"lazy\" decoding=\"async\" width=\"1500\" height=\"1000\" src=\"https:\/\/www.visitgastroh.com\/wp-content\/uploads\/2022\/03\/29_HotelPalacios_Exterior.jpg\" class=\"attachment-post-thumbnail size-post-thumbnail wp-post-image\" alt=\"\" srcset=\"https:\/\/www.visitgastroh.com\/wp-content\/uploads\/2022\/03\/29_HotelPalacios_Exterior.jpg 1500w, https:\/\/www.visitgastroh.com\/wp-content\/uploads\/2022\/03\/29_HotelPalacios_Exterior-300x200.jpg 300w, https:\/\/www.visitgastroh.com\/wp-content\/uploads\/2022\/03\/29_HotelPalacios_Exterior-1024x683.jpg 1024w, https:\/\/www.visitgastroh.com\/wp-content\/uploads\/2022\/03\/29_HotelPalacios_Exterior-768x512.jpg 768w, https:\/\/www.visitgastroh.com\/wp-content\/uploads\/2022\/03\/29_HotelPalacios_Exterior-900x600.jpg 900w\" sizes=\"auto, (max-width: 1500px) 100vw, 1500px\" \/><\/a><\/p><p class=\"store_locator_excerpt\">HOTEL PALACIOS RIOJA H\u00f4tel (ALFARO) L&#8217;h\u00f4tel Palacios Rioja est situ\u00e9 \u00e0 Alfaro, \u00e0 c\u00f4t\u00e9 de l&#8217;autoroute AP-68, \u00e0 proximit\u00e9 de Senda Viva, du parc \u00e0 th\u00e8me pour enfants et du...<\/p><p class=\"store_locator_address\"><span class=\"store_locator_street\">Avenue de Saragosse n\u00b0 6<br\/><\/span> <span class=\"store_locator_zip\">26540<\/span> <span class=\"store_locator_city\">Alfaro<br\/><\/span> <span class=\"store_locator_region\">La Rioja<\/span> <\/p><p class=\"store_locator_contact\"><span class=\"store_locator_tel\">Tel.: <a href=\"tel:+34 941180100\">+34 941180100<\/a><br\/><\/span><span class=\"store_locator_email\">Email: <a href=\"mailto:info@palacioshotel.com\">info@palacioshotel.com<\/a><br\/><\/span><span class=\"store_locator_website\">Website: <a href=\"https:\/\/www.palacioshotel.com\/es\/\">https:\/\/www.palacioshotel.com\/es\/<\/a><br\/><\/span><\/p><\/div>`,\n      });\n\n    marker20.addListener(\"click\", () => {\n        infowindow20.open({\n          anchor: marker20,\n          map,\n          shouldFocus: false,\n        });\n    });marker21 = new google.maps.Marker({position: {lat: 42.5882735, lng: -2.9605089},map,title: \"H\u00d4TEL POSADA DE SAJAZARRA\",});\n    markers.push(marker21);\n    const infowindow21 = new google.maps.InfoWindow({\n        content: `<div id=\"store_locator_infowindow_28651\" class=\"store_locator_infowindow\"><div class=\"store-locator-col-sm-12 store_locator_details\"><h3 class=\"store_locator_name\"><a href=\"https:\/\/www.visitgastroh.com\/fr\/store\/hotel-posada-de-sajazarra\/\">H\u00d4TEL POSADA DE SAJAZARRA<\/a><\/h3><p><a href=\"https:\/\/www.visitgastroh.com\/fr\/store\/hotel-posada-de-sajazarra\/\"><img loading=\"lazy\" decoding=\"async\" width=\"2560\" height=\"1707\" src=\"https:\/\/www.visitgastroh.com\/wp-content\/uploads\/2022\/02\/05LaSuite-scaled.jpg\" class=\"attachment-post-thumbnail size-post-thumbnail wp-post-image\" alt=\"\" srcset=\"https:\/\/www.visitgastroh.com\/wp-content\/uploads\/2022\/02\/05LaSuite-scaled.jpg 2560w, https:\/\/www.visitgastroh.com\/wp-content\/uploads\/2022\/02\/05LaSuite-300x200.jpg 300w, https:\/\/www.visitgastroh.com\/wp-content\/uploads\/2022\/02\/05LaSuite-1024x683.jpg 1024w, https:\/\/www.visitgastroh.com\/wp-content\/uploads\/2022\/02\/05LaSuite-768x512.jpg 768w, https:\/\/www.visitgastroh.com\/wp-content\/uploads\/2022\/02\/05LaSuite-1536x1024.jpg 1536w, https:\/\/www.visitgastroh.com\/wp-content\/uploads\/2022\/02\/05LaSuite-2048x1365.jpg 2048w, https:\/\/www.visitgastroh.com\/wp-content\/uploads\/2022\/02\/05LaSuite-900x600.jpg 900w\" sizes=\"auto, (max-width: 2560px) 100vw, 2560px\" \/><\/a><\/p><p class=\"store_locator_excerpt\">H\u00d4TEL POSADA DE SAJAZARRA H\u00f4tel (SAJAZARRA) L&#8217;Hotel Boutique Posada de Sajazarra est un ancien manoir du XIXe si\u00e8cle, qui servait autrefois d&#8217;auberge. Elle a \u00e9t\u00e9 restaur\u00e9e en pr\u00e9servant au maximum...<\/p><p class=\"store_locator_address\"><span class=\"store_locator_street\">Calle Duro, n\u00ba 3 Bajo<br\/><\/span> <span class=\"store_locator_zip\">26212<\/span> <span class=\"store_locator_city\">Sajazarra<br\/><\/span> <span class=\"store_locator_region\">La Rioja<\/span> <\/p><p class=\"store_locator_contact\"><span class=\"store_locator_tel\">Tel.: <a href=\"tel:+34 626 083 596\">+34 626 083 596<\/a><br\/><\/span><span class=\"store_locator_email\">Email: <a href=\"mailto:posada@posadadesajazarra.com\">posada@posadadesajazarra.com<\/a><br\/><\/span><span class=\"store_locator_mobile\">Mobile: <a href=\"tel:+34 626 083 596\">+34 626 083 596<\/a><br\/><\/span><span class=\"store_locator_website\">Website: <a href=\"https:\/\/posadadesajazarra.com\/\">https:\/\/posadadesajazarra.com\/<\/a><br\/><\/span><\/p><\/div>`,\n      });\n\n    marker21.addListener(\"click\", () => {\n        infowindow21.open({\n          anchor: marker21,\n          map,\n          shouldFocus: false,\n        });\n    });marker22 = new google.maps.Marker({position: {lat: 42.54444264508013, lng: -2.786037342327876},map,title: \"H\u00f4tel Santa Maria Briones\",});\n    markers.push(marker22);\n    const infowindow22 = new google.maps.InfoWindow({\n        content: `<div id=\"store_locator_infowindow_28588\" class=\"store_locator_infowindow\"><div class=\"store-locator-col-sm-12 store_locator_details\"><h3 class=\"store_locator_name\"><a href=\"https:\/\/www.visitgastroh.com\/fr\/store\/hotel-santa-maria-briones\/\">H\u00f4tel Santa Maria Briones<\/a><\/h3><p><a href=\"https:\/\/www.visitgastroh.com\/fr\/store\/hotel-santa-maria-briones\/\"><img loading=\"lazy\" decoding=\"async\" width=\"1530\" height=\"1424\" src=\"https:\/\/www.visitgastroh.com\/wp-content\/uploads\/2022\/03\/SANTAMARIABRIONES-ARCHIVOSDEMARCA-LOGOTIPO_Positivo.jpg\" class=\"attachment-post-thumbnail size-post-thumbnail wp-post-image\" alt=\"\" srcset=\"https:\/\/www.visitgastroh.com\/wp-content\/uploads\/2022\/03\/SANTAMARIABRIONES-ARCHIVOSDEMARCA-LOGOTIPO_Positivo.jpg 1530w, https:\/\/www.visitgastroh.com\/wp-content\/uploads\/2022\/03\/SANTAMARIABRIONES-ARCHIVOSDEMARCA-LOGOTIPO_Positivo-300x279.jpg 300w, https:\/\/www.visitgastroh.com\/wp-content\/uploads\/2022\/03\/SANTAMARIABRIONES-ARCHIVOSDEMARCA-LOGOTIPO_Positivo-1024x953.jpg 1024w, https:\/\/www.visitgastroh.com\/wp-content\/uploads\/2022\/03\/SANTAMARIABRIONES-ARCHIVOSDEMARCA-LOGOTIPO_Positivo-768x715.jpg 768w\" sizes=\"auto, (max-width: 1530px) 100vw, 1530px\" \/><\/a><\/p><p class=\"store_locator_excerpt\">H\u00f4tel SANTA MARIA BRIONES (BRIONS) Santa Mar\u00eda Briones est un projet vital, un retour aux origines, une proposition authentique qui tourne autour du mode de vie de notre terre et...<\/p><p class=\"store_locator_address\"><span class=\"store_locator_street\">Conception, rue n\u00b0 37<br\/><\/span> <span class=\"store_locator_zip\">26330<\/span> <span class=\"store_locator_city\">Briones<br\/><\/span> <span class=\"store_locator_region\">La Rioja<\/span> <\/p><p class=\"store_locator_contact\"><span class=\"store_locator_tel\">Tel.: <a href=\"tel:+34 941991599\">+34 941991599<\/a><br\/><\/span><span class=\"store_locator_email\">Email: <a href=\"mailto:reserva@santamariabriones.com\">reserva@santamariabriones.com<\/a><br\/><\/span><span class=\"store_locator_website\">Website: <a href=\"https:\/\/santamariabriones.com\/\">https:\/\/santamariabriones.com\/<\/a><br\/><\/span><\/p><\/div>`,\n      });\n\n    marker22.addListener(\"click\", () => {\n        infowindow22.open({\n          anchor: marker22,\n          map,\n          shouldFocus: false,\n        });\n    });marker23 = new google.maps.Marker({position: {lat: 42.5730992, lng: -2.7096839},map,title: \"hotel villa de \u00e1balos\",});\n    markers.push(marker23);\n    const infowindow23 = new google.maps.InfoWindow({\n        content: `<div id=\"store_locator_infowindow_34481\" class=\"store_locator_infowindow\"><div class=\"store-locator-col-sm-12 store_locator_details\"><h3 class=\"store_locator_name\"><a href=\"https:\/\/www.visitgastroh.com\/fr\/store\/hotel-villa-de-abalos\/\">hotel villa de \u00e1balos<\/a><\/h3><p><a href=\"https:\/\/www.visitgastroh.com\/fr\/store\/hotel-villa-de-abalos\/\"><img loading=\"lazy\" decoding=\"async\" width=\"532\" height=\"353\" src=\"https:\/\/www.visitgastroh.com\/wp-content\/uploads\/2022\/03\/889.jpg\" class=\"attachment-post-thumbnail size-post-thumbnail wp-post-image\" alt=\"\" srcset=\"https:\/\/www.visitgastroh.com\/wp-content\/uploads\/2022\/03\/889.jpg 532w, https:\/\/www.visitgastroh.com\/wp-content\/uploads\/2022\/03\/889-300x199.jpg 300w\" sizes=\"auto, (max-width: 532px) 100vw, 532px\" \/><\/a><\/p><p class=\"store_locator_excerpt\">HOTEL VILLA DE \u00c1BALOS Hotel (\u00c1BALOS) L&#8217;H\u00f4tel Villa de \u00c1balos est le r\u00e9sultat de la r\u00e9habilitation d&#8217;un manoir \u00e0 l&#8217;architecture civile typique de la fin du XVIIe si\u00e8cle, o\u00f9 la...<\/p><p class=\"store_locator_address\"><span class=\"store_locator_street\">Plaza Ferm\u00edn Gurbindo n\u00ba2<br\/><\/span> <span class=\"store_locator_zip\">26339<\/span> <span class=\"store_locator_city\">\u00c1balos<br\/><\/span> <span class=\"store_locator_region\">La Rioja<\/span> <\/p><p class=\"store_locator_contact\"><span class=\"store_locator_tel\">Tel.: <a href=\"tel:+34941334302\">+34941334302<\/a><br\/><\/span><span class=\"store_locator_email\">Email: <a href=\"mailto:hotel@hotelvilladeabalos.com\">hotel@hotelvilladeabalos.com<\/a><br\/><\/span><span class=\"store_locator_mobile\">Mobile: <a href=\"tel:+34649841746\">+34649841746<\/a><br\/><\/span><span class=\"store_locator_website\">Website: <a href=\"https:\/\/hotelvilladeabalos.com\/\">https:\/\/hotelvilladeabalos.com\/<\/a><br\/><\/span><\/p><\/div>`,\n      });\n\n    marker23.addListener(\"click\", () => {\n        infowindow23.open({\n          anchor: marker23,\n          map,\n          shouldFocus: false,\n        });\n    });marker24 = new google.maps.Marker({position: {lat: 42.353835935511825, lng: -2.4757870306884677},map,title: \"H\u00d4TEL-CAVE LA CASA DEL COFRADE\",});\n    markers.push(marker24);\n    const infowindow24 = new google.maps.InfoWindow({\n        content: `<div id=\"store_locator_infowindow_28589\" class=\"store_locator_infowindow\"><div class=\"store-locator-col-sm-12 store_locator_details\"><h3 class=\"store_locator_name\"><a href=\"https:\/\/www.visitgastroh.com\/fr\/store\/hotel-cave-la-casa-del-cofrade\/\">H\u00d4TEL-CAVE LA CASA DEL COFRADE<\/a><\/h3><p><a href=\"https:\/\/www.visitgastroh.com\/fr\/store\/hotel-cave-la-casa-del-cofrade\/\"><img loading=\"lazy\" decoding=\"async\" width=\"2487\" height=\"1460\" src=\"https:\/\/www.visitgastroh.com\/wp-content\/uploads\/2022\/03\/Entrada-Recepcion.jpg\" class=\"attachment-post-thumbnail size-post-thumbnail wp-post-image\" alt=\"\" srcset=\"https:\/\/www.visitgastroh.com\/wp-content\/uploads\/2022\/03\/Entrada-Recepcion.jpg 2487w, https:\/\/www.visitgastroh.com\/wp-content\/uploads\/2022\/03\/Entrada-Recepcion-300x176.jpg 300w, https:\/\/www.visitgastroh.com\/wp-content\/uploads\/2022\/03\/Entrada-Recepcion-1024x601.jpg 1024w, https:\/\/www.visitgastroh.com\/wp-content\/uploads\/2022\/03\/Entrada-Recepcion-768x451.jpg 768w, https:\/\/www.visitgastroh.com\/wp-content\/uploads\/2022\/03\/Entrada-Recepcion-1536x902.jpg 1536w, https:\/\/www.visitgastroh.com\/wp-content\/uploads\/2022\/03\/Entrada-Recepcion-2048x1202.jpg 2048w\" sizes=\"auto, (max-width: 2487px) 100vw, 2487px\" \/><\/a><\/p><p class=\"store_locator_excerpt\">H\u00f4tel LA CASA DEL COFRADE &#8211; Domaine viticole (ALBELDA DE IREGUA) Bienvenue \u00e0 l&#8217;h\u00f4tel de la cave La Casa del Cofrade, un lieu unique et accueillant dans la DOC Rioja,...<\/p><p class=\"store_locator_address\"><span class=\"store_locator_street\">Autoroute Nalda Km 9<br\/><\/span> <span class=\"store_locator_zip\">26120<\/span> <span class=\"store_locator_city\">Albelda d\\'Iregua<br\/><\/span> <span class=\"store_locator_region\">La Rioja<\/span> <\/p><p class=\"store_locator_contact\"><span class=\"store_locator_tel\">Tel.: <a href=\"tel:+34 941444426\">+34 941444426<\/a><br\/><\/span><span class=\"store_locator_email\">Email: <a href=\"mailto:reserva@lacasadelcofrade.com\">reserva@lacasadelcofrade.com<\/a><br\/><\/span><span class=\"store_locator_website\">Website: <a href=\"https:\/\/www.lacasadelcofrade.com\/\">https:\/\/www.lacasadelcofrade.com\/<\/a><br\/><\/span><\/p><\/div>`,\n      });\n\n    marker24.addListener(\"click\", () => {\n        infowindow24.open({\n          anchor: marker24,\n          map,\n          shouldFocus: false,\n        });\n    });marker25 = new google.maps.Marker({position: {lat: 42.57109116880594, lng: -2.7106897505401517},map,title: \"Le gardien du vignoble\",});\n    markers.push(marker25);\n    const infowindow25 = new google.maps.InfoWindow({\n        content: `<div id=\"store_locator_infowindow_28610\" class=\"store_locator_infowindow\"><div class=\"store-locator-col-sm-12 store_locator_details\"><h3 class=\"store_locator_name\"><a href=\"https:\/\/www.visitgastroh.com\/fr\/store\/le-gardien-du-vignoble\/\">Le gardien du vignoble<\/a><\/h3><p><a href=\"https:\/\/www.visitgastroh.com\/fr\/store\/le-gardien-du-vignoble\/\"><img loading=\"lazy\" decoding=\"async\" width=\"2000\" height=\"1600\" src=\"https:\/\/www.visitgastroh.com\/wp-content\/uploads\/2022\/02\/Collage-anuncios.jpg\" class=\"attachment-post-thumbnail size-post-thumbnail wp-post-image\" alt=\"\" srcset=\"https:\/\/www.visitgastroh.com\/wp-content\/uploads\/2022\/02\/Collage-anuncios.jpg 2000w, https:\/\/www.visitgastroh.com\/wp-content\/uploads\/2022\/02\/Collage-anuncios-300x240.jpg 300w, https:\/\/www.visitgastroh.com\/wp-content\/uploads\/2022\/02\/Collage-anuncios-1024x819.jpg 1024w, https:\/\/www.visitgastroh.com\/wp-content\/uploads\/2022\/02\/Collage-anuncios-768x614.jpg 768w, https:\/\/www.visitgastroh.com\/wp-content\/uploads\/2022\/02\/Collage-anuncios-1536x1229.jpg 1536w\" sizes=\"auto, (max-width: 2000px) 100vw, 2000px\" \/><\/a><\/p><p class=\"store_locator_excerpt\">LES GUARDAVI\u00d1AS Maison Rurale (Laisse-les tomber) Bienvenue \u00e0 El Guardavinas ! un endroit pour se d\u00e9connecter du stress de la vie quotidienne et se connecter avec la nature. Fermez un...<\/p><p class=\"store_locator_address\"><span class=\"store_locator_street\">Avenue de La Rioja n\u00ba20<br\/><\/span> <span class=\"store_locator_zip\">26339<\/span> <span class=\"store_locator_city\">\u00c1balos<br\/><\/span> <span class=\"store_locator_region\">La Rioja<\/span> <\/p><p class=\"store_locator_contact\"><span class=\"store_locator_tel\">Tel.: <a href=\"tel:+34 676715352\">+34 676715352<\/a><br\/><\/span><span class=\"store_locator_email\">Email: <a href=\"mailto:info@elguardavinas.com\">info@elguardavinas.com<\/a><br\/><\/span><span class=\"store_locator_mobile\">Mobile: <a href=\"tel:+34 676715352\">+34 676715352<\/a><br\/><\/span><span class=\"store_locator_website\">Website: <a href=\"https:\/\/www.elguardavinas.com\">https:\/\/www.elguardavinas.com<\/a><br\/><\/span><\/p><\/div>`,\n      });\n\n    marker25.addListener(\"click\", () => {\n        infowindow25.open({\n          anchor: marker25,\n          map,\n          shouldFocus: false,\n        });\n    });marker26 = new google.maps.Marker({position: {lat: 42.45267259390092, lng: -2.4479866772155745},map,title: \"Logro\u00f1o H\u00f4tel Avda de Madrid 25\",});\n    markers.push(marker26);\n    const infowindow26 = new google.maps.InfoWindow({\n        content: `<div id=\"store_locator_infowindow_28587\" class=\"store_locator_infowindow\"><div class=\"store-locator-col-sm-12 store_locator_details\"><h3 class=\"store_locator_name\"><a href=\"https:\/\/www.visitgastroh.com\/fr\/store\/logrono-hotel-avda-de-madrid-25\/\">Logro\u00f1o H\u00f4tel Avda de Madrid 25<\/a><\/h3><p><a href=\"https:\/\/www.visitgastroh.com\/fr\/store\/logrono-hotel-avda-de-madrid-25\/\"><img loading=\"lazy\" decoding=\"async\" width=\"2560\" height=\"1707\" src=\"https:\/\/www.visitgastroh.com\/wp-content\/uploads\/2022\/03\/2022T_00983-scaled.jpg\" class=\"attachment-post-thumbnail size-post-thumbnail wp-post-image\" alt=\"\" srcset=\"https:\/\/www.visitgastroh.com\/wp-content\/uploads\/2022\/03\/2022T_00983-scaled.jpg 2560w, https:\/\/www.visitgastroh.com\/wp-content\/uploads\/2022\/03\/2022T_00983-300x200.jpg 300w, https:\/\/www.visitgastroh.com\/wp-content\/uploads\/2022\/03\/2022T_00983-1024x683.jpg 1024w, https:\/\/www.visitgastroh.com\/wp-content\/uploads\/2022\/03\/2022T_00983-768x512.jpg 768w, https:\/\/www.visitgastroh.com\/wp-content\/uploads\/2022\/03\/2022T_00983-1536x1024.jpg 1536w, https:\/\/www.visitgastroh.com\/wp-content\/uploads\/2022\/03\/2022T_00983-2048x1365.jpg 2048w, https:\/\/www.visitgastroh.com\/wp-content\/uploads\/2022\/03\/2022T_00983-900x600.jpg 900w\" sizes=\"auto, (max-width: 2560px) 100vw, 2560px\" \/><\/a><\/p><p class=\"store_locator_excerpt\">LOGRO\u00d1O AVDA DE MADRID 25 Hotel (LOGRONO) \u00c0 700 m\u00e8tres du centre de Logro\u00f1o et \u00e0 450 m\u00e8tres du stade de football Las Gaunas. Il propose des chambres attrayantes dot\u00e9es...<\/p><p class=\"store_locator_address\"><span class=\"store_locator_street\">Avda de Madrid n\u00ba25<br\/><\/span> <span class=\"store_locator_zip\">26007<\/span> <span class=\"store_locator_city\">Logro\u00f1o<br\/><\/span> <span class=\"store_locator_region\">La Rioja <\/span> <\/p><p class=\"store_locator_contact\"><span class=\"store_locator_tel\">Tel.: <a href=\"tel:+34 941870001\">+34 941870001<\/a><br\/><\/span><span class=\"store_locator_email\">Email: <a href=\"mailto:reservas@hotellogrono.com\">reservas@hotellogrono.com<\/a><br\/><\/span><span class=\"store_locator_website\">Website: <a href=\"http:\/\/www.hotellogrono.com\/\">http:\/\/www.hotellogrono.com\/<\/a><br\/><\/span><\/p><\/div>`,\n      });\n\n    marker26.addListener(\"click\", () => {\n        infowindow26.open({\n          anchor: marker26,\n          map,\n          shouldFocus: false,\n        });\n    });marker27 = new google.maps.Marker({position: {lat: 42.54188329999999, lng: -2.9634763},map,title: \"LOS COLMENARES Miguel Colmenares Planas\",});\n    markers.push(marker27);\n    const infowindow27 = new google.maps.InfoWindow({\n        content: `<div id=\"store_locator_infowindow_38728\" class=\"store_locator_infowindow\"><div class=\"store-locator-col-sm-12 store_locator_details\"><h3 class=\"store_locator_name\"><a href=\"https:\/\/www.visitgastroh.com\/fr\/store\/los-colmenares-miguel-colmenares-planas\/\">LOS COLMENARES Miguel Colmenares Planas<\/a><\/h3><p><a href=\"https:\/\/www.visitgastroh.com\/fr\/store\/los-colmenares-miguel-colmenares-planas\/\"><img loading=\"lazy\" decoding=\"async\" width=\"1200\" height=\"800\" src=\"https:\/\/www.visitgastroh.com\/wp-content\/uploads\/2022\/03\/colmenares-casacompleta-galeria-30.jpg\" class=\"attachment-post-thumbnail size-post-thumbnail wp-post-image\" alt=\"\" srcset=\"https:\/\/www.visitgastroh.com\/wp-content\/uploads\/2022\/03\/colmenares-casacompleta-galeria-30.jpg 1200w, https:\/\/www.visitgastroh.com\/wp-content\/uploads\/2022\/03\/colmenares-casacompleta-galeria-30-300x200.jpg 300w, https:\/\/www.visitgastroh.com\/wp-content\/uploads\/2022\/03\/colmenares-casacompleta-galeria-30-1024x683.jpg 1024w, https:\/\/www.visitgastroh.com\/wp-content\/uploads\/2022\/03\/colmenares-casacompleta-galeria-30-768x512.jpg 768w, https:\/\/www.visitgastroh.com\/wp-content\/uploads\/2022\/03\/colmenares-casacompleta-galeria-30-900x600.jpg 900w\" sizes=\"auto, (max-width: 1200px) 100vw, 1200px\" \/><\/a><\/p><p class=\"store_locator_excerpt\">LOS COLMENARES Casa Rural (CUZCURRITA DEL R\u00cdO TIR\u00d3N) La maison &#8220;Los Colmenares&#8221; tire son nom du patronyme familial, cette propri\u00e9t\u00e9 a toujours \u00e9t\u00e9 transmise dans la famille par h\u00e9ritage, on...<\/p><p class=\"store_locator_address\"><span class=\"store_locator_street\">Plaza Mayor, 9<br\/><\/span> <span class=\"store_locator_zip\">26214<\/span> <span class=\"store_locator_city\">Cuzcurrita de R\u00edo Tir\u00f3n<br\/><\/span> <span class=\"store_locator_region\">La Rioja<\/span> <\/p><p class=\"store_locator_contact\"><span class=\"store_locator_tel\">Tel.: <a href=\"tel:+34 941 301 821\">+34 941 301 821<\/a><br\/><\/span><span class=\"store_locator_email\">Email: <a href=\"mailto:casa@loscolmenares.com\">casa@loscolmenares.com<\/a><br\/><\/span><span class=\"store_locator_mobile\">Mobile: <a href=\"tel:+34 637 963 836\">+34 637 963 836<\/a><br\/><\/span><span class=\"store_locator_website\">Website: <a href=\"https:\/\/www.loscolmenares.com\/\">https:\/\/www.loscolmenares.com\/<\/a><br\/><\/span><\/p><\/div>`,\n      });\n\n    marker27.addListener(\"click\", () => {\n        infowindow27.open({\n          anchor: marker27,\n          map,\n          shouldFocus: false,\n        });\n    });marker28 = new google.maps.Marker({position: {lat: 42.466277797405326, lng: -2.5610455153442446},map,title: \"Maison d'h\u00f4tes Ubeda\",});\n    markers.push(marker28);\n    const infowindow28 = new google.maps.InfoWindow({\n        content: `<div id=\"store_locator_infowindow_28643\" class=\"store_locator_infowindow\"><div class=\"store-locator-col-sm-12 store_locator_details\"><h3 class=\"store_locator_name\"><a href=\"https:\/\/www.visitgastroh.com\/fr\/store\/maison-dhotes-ubeda\/\">Maison d\\'h\u00f4tes Ubeda<\/a><\/h3><p><a href=\"https:\/\/www.visitgastroh.com\/fr\/store\/maison-dhotes-ubeda\/\"><img loading=\"lazy\" decoding=\"async\" width=\"2560\" height=\"2560\" src=\"https:\/\/www.visitgastroh.com\/wp-content\/uploads\/2022\/02\/hall-tercero-2022-scaled.jpg\" class=\"attachment-post-thumbnail size-post-thumbnail wp-post-image\" alt=\"\" srcset=\"https:\/\/www.visitgastroh.com\/wp-content\/uploads\/2022\/02\/hall-tercero-2022-scaled.jpg 2560w, https:\/\/www.visitgastroh.com\/wp-content\/uploads\/2022\/02\/hall-tercero-2022-300x300.jpg 300w, https:\/\/www.visitgastroh.com\/wp-content\/uploads\/2022\/02\/hall-tercero-2022-1024x1024.jpg 1024w, https:\/\/www.visitgastroh.com\/wp-content\/uploads\/2022\/02\/hall-tercero-2022-150x150.jpg 150w, https:\/\/www.visitgastroh.com\/wp-content\/uploads\/2022\/02\/hall-tercero-2022-768x768.jpg 768w, https:\/\/www.visitgastroh.com\/wp-content\/uploads\/2022\/02\/hall-tercero-2022-1536x1536.jpg 1536w, https:\/\/www.visitgastroh.com\/wp-content\/uploads\/2022\/02\/hall-tercero-2022-2048x2048.jpg 2048w, https:\/\/www.visitgastroh.com\/wp-content\/uploads\/2022\/02\/hall-tercero-2022-100x100.jpg 100w, https:\/\/www.visitgastroh.com\/wp-content\/uploads\/2022\/02\/hall-tercero-2022-140x140.jpg 140w, https:\/\/www.visitgastroh.com\/wp-content\/uploads\/2022\/02\/hall-tercero-2022-500x500.jpg 500w, https:\/\/www.visitgastroh.com\/wp-content\/uploads\/2022\/02\/hall-tercero-2022-350x350.jpg 350w, https:\/\/www.visitgastroh.com\/wp-content\/uploads\/2022\/02\/hall-tercero-2022-1000x1000.jpg 1000w, https:\/\/www.visitgastroh.com\/wp-content\/uploads\/2022\/02\/hall-tercero-2022-800x800.jpg 800w\" sizes=\"auto, (max-width: 2560px) 100vw, 2560px\" \/><\/a><\/p><p class=\"store_locator_excerpt\">PENSION \u00daBEDA Pension (FUEN MAIRE) Une conception diff\u00e9rente du tourisme \u00e0 La Rioja La Pensi\u00f3n \u00dabeda dispose de 10 chambres doubles, sup\u00e9rieures et familiales avec petit-d\u00e9jeuner artisanal, sur le th\u00e8me...<\/p><p class=\"store_locator_address\"><span class=\"store_locator_street\">15 rue Ubeda<br\/><\/span> <span class=\"store_locator_zip\">26360<\/span> <span class=\"store_locator_city\">Fuenmayor <br\/><\/span> <span class=\"store_locator_region\">La Rioja <\/span> <\/p><p class=\"store_locator_contact\"><span class=\"store_locator_tel\">Tel.: <a href=\"tel:+34663779629\">+34663779629<\/a><br\/><\/span><span class=\"store_locator_email\">Email: <a href=\"mailto:info@pensionubeda.org\">info@pensionubeda.org<\/a><br\/><\/span><span class=\"store_locator_mobile\">Mobile: <a href=\"tel:+34663779629\">+34663779629<\/a><br\/><\/span><span class=\"store_locator_website\">Website: <a href=\"https:\/\/www.pensionubeda.com \">https:\/\/www.pensionubeda.com <\/a><br\/><\/span><\/p><\/div>`,\n      });\n\n    marker28.addListener(\"click\", () => {\n        infowindow28.open({\n          anchor: marker28,\n          map,\n          shouldFocus: false,\n        });\n    });marker29 = new google.maps.Marker({position: {lat: 42.33752512437599, lng: -2.2014705261810286},map,title: \"MAISON DE LA COMTESSE\",});\n    markers.push(marker29);\n    const infowindow29 = new google.maps.InfoWindow({\n        content: `<div id=\"store_locator_infowindow_28634\" class=\"store_locator_infowindow\"><div class=\"store-locator-col-sm-12 store_locator_details\"><h3 class=\"store_locator_name\"><a href=\"https:\/\/www.visitgastroh.com\/fr\/store\/maison-de-la-comtesse\/\">MAISON DE LA COMTESSE<\/a><\/h3><p><a href=\"https:\/\/www.visitgastroh.com\/fr\/store\/maison-de-la-comtesse\/\"><img loading=\"lazy\" decoding=\"async\" width=\"2560\" height=\"1920\" src=\"https:\/\/www.visitgastroh.com\/wp-content\/uploads\/2022\/03\/1-FOTO-FACHADA-CASA-IMG_7052-scaled.jpg\" class=\"attachment-post-thumbnail size-post-thumbnail wp-post-image\" alt=\"\" srcset=\"https:\/\/www.visitgastroh.com\/wp-content\/uploads\/2022\/03\/1-FOTO-FACHADA-CASA-IMG_7052-scaled.jpg 2560w, https:\/\/www.visitgastroh.com\/wp-content\/uploads\/2022\/03\/1-FOTO-FACHADA-CASA-IMG_7052-300x225.jpg 300w, https:\/\/www.visitgastroh.com\/wp-content\/uploads\/2022\/03\/1-FOTO-FACHADA-CASA-IMG_7052-1024x768.jpg 1024w, https:\/\/www.visitgastroh.com\/wp-content\/uploads\/2022\/03\/1-FOTO-FACHADA-CASA-IMG_7052-768x576.jpg 768w, https:\/\/www.visitgastroh.com\/wp-content\/uploads\/2022\/03\/1-FOTO-FACHADA-CASA-IMG_7052-1536x1152.jpg 1536w, https:\/\/www.visitgastroh.com\/wp-content\/uploads\/2022\/03\/1-FOTO-FACHADA-CASA-IMG_7052-2048x1536.jpg 2048w\" sizes=\"auto, (max-width: 2560px) 100vw, 2560px\" \/><\/a><\/p><p class=\"store_locator_excerpt\">MAISON DE LA COMTESSE Maison rurale (LE R\u00c9SEAU) La &#8220;Casa de la Condesa&#8221; est un b\u00e2timent historique avec un jardin romantique. La fa\u00e7ade du manoir est de composition classique, avec...<\/p><p class=\"store_locator_address\"><span class=\"store_locator_street\">Rue du Jasmin n\u00ba2<br\/><\/span> <span class=\"store_locator_zip\">26146<\/span> <span class=\"store_locator_city\">redal<br\/><\/span> <span class=\"store_locator_region\">La Rioja<\/span> <\/p><p class=\"store_locator_contact\"><span class=\"store_locator_tel\">Tel.: <a href=\"tel:+34 609466509\">+34 609466509<\/a><br\/><\/span><span class=\"store_locator_email\">Email: <a href=\"mailto:elredalcasadelacondesa@gmail.com\">elredalcasadelacondesa@gmail.com<\/a><br\/><\/span><span class=\"store_locator_mobile\">Mobile: <a href=\"tel:+34 609466509- +34 660423129\">+34 609466509- +34 660423129<\/a><br\/><\/span><span class=\"store_locator_website\">Website: <a href=\"https:\/\/www.casaruraldelacondesa.com\/\">https:\/\/www.casaruraldelacondesa.com\/<\/a><br\/><\/span><\/p><\/div>`,\n      });\n\n    marker29.addListener(\"click\", () => {\n        infowindow29.open({\n          anchor: marker29,\n          map,\n          shouldFocus: false,\n        });\n    });marker30 = new google.maps.Marker({position: {lat: 42.21199421824291, lng: -2.2352056478504223},map,title: \"MAISON RURALE PEDROLAS\",});\n    markers.push(marker30);\n    const infowindow30 = new google.maps.InfoWindow({\n        content: `<div id=\"store_locator_infowindow_28620\" class=\"store_locator_infowindow\"><div class=\"store-locator-col-sm-12 store_locator_details\"><h3 class=\"store_locator_name\"><a href=\"https:\/\/www.visitgastroh.com\/fr\/store\/maison-rurale-pedrolas\/\">MAISON RURALE PEDROLAS<\/a><\/h3><p><a href=\"https:\/\/www.visitgastroh.com\/fr\/store\/maison-rurale-pedrolas\/\"><img loading=\"lazy\" decoding=\"async\" width=\"1200\" height=\"795\" src=\"https:\/\/www.visitgastroh.com\/wp-content\/uploads\/2022\/03\/casa-1H.jpg\" class=\"attachment-post-thumbnail size-post-thumbnail wp-post-image\" alt=\"\" srcset=\"https:\/\/www.visitgastroh.com\/wp-content\/uploads\/2022\/03\/casa-1H.jpg 1200w, https:\/\/www.visitgastroh.com\/wp-content\/uploads\/2022\/03\/casa-1H-300x199.jpg 300w, https:\/\/www.visitgastroh.com\/wp-content\/uploads\/2022\/03\/casa-1H-1024x678.jpg 1024w, https:\/\/www.visitgastroh.com\/wp-content\/uploads\/2022\/03\/casa-1H-768x509.jpg 768w\" sizes=\"auto, (max-width: 1200px) 100vw, 1200px\" \/><\/a><\/p><p class=\"store_locator_excerpt\">MAISON RURALE LAS PEDROLAS Maison Rurale (CARR\u00c9) Las Pedrolas est un manoir de 1760 avec le blason h\u00e9raldique de la famille Gonz\u00e1lez mis en \u00e9vidence sur sa fa\u00e7ade principale. Il...<\/p><p class=\"store_locator_address\"><span class=\"store_locator_street\">Carr\u00e9 F\u00e9lix M\u00e9rinos<br\/><\/span> <span class=\"store_locator_zip\">26589<\/span> <span class=\"store_locator_city\">Arnedillo<br\/><\/span> <span class=\"store_locator_region\">La Rioja<\/span> <\/p><p class=\"store_locator_contact\"><span class=\"store_locator_tel\">Tel.: <a href=\"tel:+34 941 39 44 01\">+34 941 39 44 01<\/a><br\/><\/span><span class=\"store_locator_email\">Email: <a href=\"mailto:casarurallaspedrolas@gmail.com\">casarurallaspedrolas@gmail.com<\/a><br\/><\/span><span class=\"store_locator_mobile\">Mobile: <a href=\"tel:+34 666 315 278\">+34 666 315 278<\/a><br\/><\/span><span class=\"store_locator_website\">Website: <a href=\"https:\/\/laspedrolas.es\">https:\/\/laspedrolas.es<\/a><br\/><\/span><\/p><\/div>`,\n      });\n\n    marker30.addListener(\"click\", () => {\n        infowindow30.open({\n          anchor: marker30,\n          map,\n          shouldFocus: false,\n        });\n    });marker31 = new google.maps.Marker({position: {lat: 42.28153648660978, lng: -3.02649157381897},map,title: \"Maison rurale Zaldierna\",});\n    markers.push(marker31);\n    const infowindow31 = new google.maps.InfoWindow({\n        content: `<div id=\"store_locator_infowindow_28633\" class=\"store_locator_infowindow\"><div class=\"store-locator-col-sm-12 store_locator_details\"><h3 class=\"store_locator_name\"><a href=\"https:\/\/www.visitgastroh.com\/fr\/store\/maison-rurale-zaldierna\/\">Maison rurale Zaldierna<\/a><\/h3><p><a href=\"https:\/\/www.visitgastroh.com\/fr\/store\/maison-rurale-zaldierna\/\"><img loading=\"lazy\" decoding=\"async\" width=\"2560\" height=\"1707\" src=\"https:\/\/www.visitgastroh.com\/wp-content\/uploads\/2022\/02\/ZALDIERNA-JR05-scaled.jpg\" class=\"attachment-post-thumbnail size-post-thumbnail wp-post-image\" alt=\"\" srcset=\"https:\/\/www.visitgastroh.com\/wp-content\/uploads\/2022\/02\/ZALDIERNA-JR05-scaled.jpg 2560w, https:\/\/www.visitgastroh.com\/wp-content\/uploads\/2022\/02\/ZALDIERNA-JR05-300x200.jpg 300w, https:\/\/www.visitgastroh.com\/wp-content\/uploads\/2022\/02\/ZALDIERNA-JR05-1024x683.jpg 1024w, https:\/\/www.visitgastroh.com\/wp-content\/uploads\/2022\/02\/ZALDIERNA-JR05-768x512.jpg 768w, https:\/\/www.visitgastroh.com\/wp-content\/uploads\/2022\/02\/ZALDIERNA-JR05-1536x1024.jpg 1536w, https:\/\/www.visitgastroh.com\/wp-content\/uploads\/2022\/02\/ZALDIERNA-JR05-2048x1365.jpg 2048w, https:\/\/www.visitgastroh.com\/wp-content\/uploads\/2022\/02\/ZALDIERNA-JR05-900x600.jpg 900w\" sizes=\"auto, (max-width: 2560px) 100vw, 2560px\" \/><\/a><\/p><p class=\"store_locator_excerpt\">MAISON RURALE ZALDIERNA (ZALDIERNA) La maison rurale Zaldierna est situ\u00e9e dans le village de Zaldierna, un environnement rural dans un lieu privil\u00e9gi\u00e9, une enclave naturelle et pittoresque au c\u0153ur de...<\/p><p class=\"store_locator_address\"><span class=\"store_locator_street\">Aldea Zaldierna rue n\u00ba82<br\/><\/span> <span class=\"store_locator_zip\">26289<\/span> <span class=\"store_locator_city\">Zaldierna<br\/><\/span> <span class=\"store_locator_region\">La Rioja<\/span> <\/p><p class=\"store_locator_contact\"><span class=\"store_locator_tel\">Tel.: <a href=\"tel:+34 941 42 71 53\">+34 941 42 71 53<\/a><br\/><\/span><span class=\"store_locator_email\">Email: <a href=\"mailto:info@casaruralzaldierna.com\">info@casaruralzaldierna.com<\/a><br\/><\/span><span class=\"store_locator_mobile\">Mobile: <a href=\"tel:+34 670 644 994\">+34 670 644 994<\/a><br\/><\/span><span class=\"store_locator_website\">Website: <a href=\"https:\/\/www.casaruralzaldierna.com\/inicio.html\">https:\/\/www.casaruralzaldierna.com\/inicio.html<\/a><br\/><\/span><\/p><\/div>`,\n      });\n\n    marker31.addListener(\"click\", () => {\n        infowindow31.open({\n          anchor: marker31,\n          map,\n          shouldFocus: false,\n        });\n    });marker32 = new google.maps.Marker({position: {lat: 42.3002019, lng: -2.427128},map,title: \"Maisons de Trevijano\",});\n    markers.push(marker32);\n    const infowindow32 = new google.maps.InfoWindow({\n        content: `<div id=\"store_locator_infowindow_28655\" class=\"store_locator_infowindow\"><div class=\"store-locator-col-sm-12 store_locator_details\"><h3 class=\"store_locator_name\"><a href=\"https:\/\/www.visitgastroh.com\/fr\/store\/maisons-de-trevijano\/\">Maisons de Trevijano<\/a><\/h3><p><a href=\"https:\/\/www.visitgastroh.com\/fr\/store\/maisons-de-trevijano\/\"><img loading=\"lazy\" decoding=\"async\" width=\"2288\" height=\"1520\" src=\"https:\/\/www.visitgastroh.com\/wp-content\/uploads\/2022\/02\/salon-3a-planta.jpg\" class=\"attachment-post-thumbnail size-post-thumbnail wp-post-image\" alt=\"\" srcset=\"https:\/\/www.visitgastroh.com\/wp-content\/uploads\/2022\/02\/salon-3a-planta.jpg 2288w, https:\/\/www.visitgastroh.com\/wp-content\/uploads\/2022\/02\/salon-3a-planta-300x199.jpg 300w, https:\/\/www.visitgastroh.com\/wp-content\/uploads\/2022\/02\/salon-3a-planta-1024x680.jpg 1024w, https:\/\/www.visitgastroh.com\/wp-content\/uploads\/2022\/02\/salon-3a-planta-768x510.jpg 768w, https:\/\/www.visitgastroh.com\/wp-content\/uploads\/2022\/02\/salon-3a-planta-1536x1020.jpg 1536w, https:\/\/www.visitgastroh.com\/wp-content\/uploads\/2022\/02\/salon-3a-planta-2048x1361.jpg 2048w\" sizes=\"auto, (max-width: 2288px) 100vw, 2288px\" \/><\/a><\/p><p class=\"store_locator_excerpt\">MAISONS TREVIJANO Maison rurale (TREVIJANO DE CAMEROS &#8211; SOTO DE CAMEROS) Logement complet et totalement priv\u00e9 pour votre famille ou vos amis. Dans un village calme, \u00e0 c\u00f4t\u00e9 de la...<\/p><p class=\"store_locator_address\"><span class=\"store_locator_street\">Rue Fontena n\u00ba4<br\/><\/span> <span class=\"store_locator_zip\">26132<\/span> <span class=\"store_locator_city\">Soto \u00e0 cameros<br\/><\/span> <span class=\"store_locator_region\">La Rioja<\/span> <\/p><p class=\"store_locator_contact\"><span class=\"store_locator_tel\">Tel.: <a href=\"tel:+34 639 180 418\">+34 639 180 418<\/a><br\/><\/span><span class=\"store_locator_email\">Email: <a href=\"mailto:chemiglez@gmail.com\">chemiglez@gmail.com<\/a><br\/><\/span><span class=\"store_locator_mobile\">Mobile: <a href=\"tel:+34 639180418\">+34 639180418<\/a><br\/><\/span><span class=\"store_locator_website\">Website: <a href=\"https:\/\/casasdetrevijano.com\">https:\/\/casasdetrevijano.com<\/a><br\/><\/span><\/p><\/div>`,\n      });\n\n    marker32.addListener(\"click\", () => {\n        infowindow32.open({\n          anchor: marker32,\n          map,\n          shouldFocus: false,\n        });\n    });marker33 = new google.maps.Marker({position: {lat: 42.13360871166612, lng: -2.1110295325408934},map,title: \"MUR DES EAUX Maison rurale loisirs et tourisme ruralaguas sl\",});\n    markers.push(marker33);\n    const infowindow33 = new google.maps.InfoWindow({\n        content: `<div id=\"store_locator_infowindow_28631\" class=\"store_locator_infowindow\"><div class=\"store-locator-col-sm-12 store_locator_details\"><h3 class=\"store_locator_name\"><a href=\"https:\/\/www.visitgastroh.com\/fr\/store\/mur-des-eaux-maison-rurale-loisirs-et-tourisme-ruralaguas-sl\/\">MUR DES EAUX Maison rurale loisirs et tourisme ruralaguas sl<\/a><\/h3><p><a href=\"https:\/\/www.visitgastroh.com\/fr\/store\/mur-des-eaux-maison-rurale-loisirs-et-tourisme-ruralaguas-sl\/\"><img loading=\"lazy\" decoding=\"async\" width=\"1700\" height=\"2560\" src=\"https:\/\/www.visitgastroh.com\/wp-content\/uploads\/2022\/02\/Casa-rural-Muro-de-aguas-parte-delantera-scaled.jpg\" class=\"attachment-post-thumbnail size-post-thumbnail wp-post-image\" alt=\"\" srcset=\"https:\/\/www.visitgastroh.com\/wp-content\/uploads\/2022\/02\/Casa-rural-Muro-de-aguas-parte-delantera-scaled.jpg 1700w, https:\/\/www.visitgastroh.com\/wp-content\/uploads\/2022\/02\/Casa-rural-Muro-de-aguas-parte-delantera-199x300.jpg 199w, https:\/\/www.visitgastroh.com\/wp-content\/uploads\/2022\/02\/Casa-rural-Muro-de-aguas-parte-delantera-680x1024.jpg 680w, https:\/\/www.visitgastroh.com\/wp-content\/uploads\/2022\/02\/Casa-rural-Muro-de-aguas-parte-delantera-768x1156.jpg 768w, https:\/\/www.visitgastroh.com\/wp-content\/uploads\/2022\/02\/Casa-rural-Muro-de-aguas-parte-delantera-1020x1536.jpg 1020w, https:\/\/www.visitgastroh.com\/wp-content\/uploads\/2022\/02\/Casa-rural-Muro-de-aguas-parte-delantera-1360x2048.jpg 1360w\" sizes=\"auto, (max-width: 1700px) 100vw, 1700px\" \/><\/a><\/p><p class=\"store_locator_excerpt\">MUR D&#8217;EAU Maison Rurale (MUR D&#8217;EAU) &nbsp; Notre maison rurale Muro de Aguas est une ancienne maison pastorale avec la structure traditionnelle typique. Il est am\u00e9nag\u00e9 sur 3 \u00e9tages accessibles...<\/p><p class=\"store_locator_address\"><span class=\"store_locator_street\">Broad Street n\u00ba12<br\/><\/span> <span class=\"store_locator_zip\">26587<\/span> <span class=\"store_locator_city\">Mur d\\'eau<br\/><\/span> <span class=\"store_locator_region\">La Rioja<\/span> <\/p><p class=\"store_locator_contact\"><span class=\"store_locator_tel\">Tel.: <a href=\"tel:+34680880068\">+34680880068<\/a><br\/><\/span><span class=\"store_locator_email\">Email: <a href=\"mailto:info@murodeaguas.com\">info@murodeaguas.com<\/a><br\/><\/span><span class=\"store_locator_mobile\">Mobile: <a href=\"tel:+34680880068\">+34680880068<\/a><br\/><\/span><span class=\"store_locator_website\">Website: <a href=\"https:\/\/www.murodeaguas.com\/\">https:\/\/www.murodeaguas.com\/<\/a><br\/><\/span><\/p><\/div>`,\n      });\n\n    marker33.addListener(\"click\", () => {\n        infowindow33.open({\n          anchor: marker33,\n          map,\n          shouldFocus: false,\n        });\n    });marker34 = new google.maps.Marker({position: {lat: 42.5363114, lng: -2.9138676},map,title: \"Natura Resorts Rioja\",});\n    markers.push(marker34);\n    const infowindow34 = new google.maps.InfoWindow({\n        content: `<div id=\"store_locator_infowindow_28584\" class=\"store_locator_infowindow\"><div class=\"store-locator-col-sm-12 store_locator_details\"><h3 class=\"store_locator_name\"><a href=\"https:\/\/www.visitgastroh.com\/fr\/store\/natura-resorts-rioja\/\">Natura Resorts Rioja<\/a><\/h3><p><a href=\"https:\/\/www.visitgastroh.com\/fr\/store\/natura-resorts-rioja\/\"><img loading=\"lazy\" decoding=\"async\" width=\"1356\" height=\"598\" src=\"https:\/\/www.visitgastroh.com\/wp-content\/uploads\/2022\/03\/Captura-de-pantalla-2021-10-28-a-las-13.01.47.png\" class=\"attachment-post-thumbnail size-post-thumbnail wp-post-image\" alt=\"\" srcset=\"https:\/\/www.visitgastroh.com\/wp-content\/uploads\/2022\/03\/Captura-de-pantalla-2021-10-28-a-las-13.01.47.png 1356w, https:\/\/www.visitgastroh.com\/wp-content\/uploads\/2022\/03\/Captura-de-pantalla-2021-10-28-a-las-13.01.47-300x132.png 300w, https:\/\/www.visitgastroh.com\/wp-content\/uploads\/2022\/03\/Captura-de-pantalla-2021-10-28-a-las-13.01.47-1024x452.png 1024w, https:\/\/www.visitgastroh.com\/wp-content\/uploads\/2022\/03\/Captura-de-pantalla-2021-10-28-a-las-13.01.47-768x339.png 768w\" sizes=\"auto, (max-width: 1356px) 100vw, 1356px\" \/><\/a><\/p><p class=\"store_locator_excerpt\">NATURA Resorts Rioja (CASALARREINA) NATURA Resort fait partie d&#8217;un projet global qui favorise l&#8217;int\u00e9gration sociale, l&#8217;\u00e9limination des barri\u00e8res et l&#8217;\u00e9radication des st\u00e9r\u00e9otypes sur le handicap \u00e0 travers des projets touristiques,...<\/p><p class=\"store_locator_address\"><span class=\"store_locator_street\">Autoroute LR-111, Km 36<br\/><\/span> <span class=\"store_locator_zip\">26230<\/span> <span class=\"store_locator_city\">Casalarreina<br\/><\/span> <span class=\"store_locator_region\">La Rioja<\/span> <\/p><p class=\"store_locator_contact\"><span class=\"store_locator_tel\">Tel.: <a href=\"tel:+34 662002780\">+34 662002780<\/a><br\/><\/span><span class=\"store_locator_email\">Email: <a href=\"mailto:direccioncomercial@natura-resorts.com\">direccioncomercial@natura-resorts.com<\/a><br\/><\/span><span class=\"store_locator_website\">Website: <a href=\"https:\/\/natura-resorts.com\">https:\/\/natura-resorts.com<\/a><br\/><\/span><\/p><\/div>`,\n      });\n\n    marker34.addListener(\"click\", () => {\n        infowindow34.open({\n          anchor: marker34,\n          map,\n          shouldFocus: false,\n        });\n    });marker35 = new google.maps.Marker({position: {lat: 42.3178673, lng: -3.0668938},map,title: \"Pura Vida Hotel\",});\n    markers.push(marker35);\n    const infowindow35 = new google.maps.InfoWindow({\n        content: `<div id=\"store_locator_infowindow_35086\" class=\"store_locator_infowindow\"><div class=\"store-locator-col-sm-12 store_locator_details\"><h3 class=\"store_locator_name\"><a href=\"https:\/\/www.visitgastroh.com\/fr\/store\/pura-vida-hotel\/\">Pura Vida Hotel<\/a><\/h3><p><a href=\"https:\/\/www.visitgastroh.com\/fr\/store\/pura-vida-hotel\/\"><img loading=\"lazy\" decoding=\"async\" width=\"1568\" height=\"791\" src=\"https:\/\/www.visitgastroh.com\/wp-content\/uploads\/2022\/04\/hotel-pura-vida-edificio.jpg\" class=\"attachment-post-thumbnail size-post-thumbnail wp-post-image\" alt=\"\" srcset=\"https:\/\/www.visitgastroh.com\/wp-content\/uploads\/2022\/04\/hotel-pura-vida-edificio.jpg 1568w, https:\/\/www.visitgastroh.com\/wp-content\/uploads\/2022\/04\/hotel-pura-vida-edificio-300x151.jpg 300w, https:\/\/www.visitgastroh.com\/wp-content\/uploads\/2022\/04\/hotel-pura-vida-edificio-1024x517.jpg 1024w, https:\/\/www.visitgastroh.com\/wp-content\/uploads\/2022\/04\/hotel-pura-vida-edificio-768x387.jpg 768w, https:\/\/www.visitgastroh.com\/wp-content\/uploads\/2022\/04\/hotel-pura-vida-edificio-1536x775.jpg 1536w\" sizes=\"auto, (max-width: 1568px) 100vw, 1568px\" \/><\/a><\/p><p class=\"store_locator_excerpt\">Pura Vida Hotel (Valga\u00f1\u00f3n) Pura Vida est un charmant h\u00f4tel situ\u00e9 \u00e0 Valga\u00f1\u00f3n, La Rioja. Le b\u00e2timent a \u00e9t\u00e9 r\u00e9habilit\u00e9 par ses propri\u00e9taires en 2014. Ascensi\u00f3n et Javier sont architectes...<\/p><p class=\"store_locator_address\"><span class=\"store_locator_street\">Calle Real, 7<br\/><\/span> <span class=\"store_locator_zip\">26288<\/span> <span class=\"store_locator_city\">Valga\u00f1\u00f3n<br\/><\/span> <span class=\"store_locator_region\">La Rioja<\/span> <\/p><p class=\"store_locator_contact\"><span class=\"store_locator_tel\">Tel.: <a href=\"tel:+34 941 42 75 30\">+34 941 42 75 30<\/a><br\/><\/span><span class=\"store_locator_email\">Email: <a href=\"mailto:info@hotelpuravida.es\">info@hotelpuravida.es<\/a><br\/><\/span><span class=\"store_locator_mobile\">Mobile: <a href=\"tel:+34 649 78 61 59\">+34 649 78 61 59<\/a><br\/><\/span><span class=\"store_locator_website\">Website: <a href=\"https:\/\/hotelpuravida.es\/\">https:\/\/hotelpuravida.es\/<\/a><br\/><\/span><\/p><\/div>`,\n      });\n\n    marker35.addListener(\"click\", () => {\n        infowindow35.open({\n          anchor: marker35,\n          map,\n          shouldFocus: false,\n        });\n    });marker36 = new google.maps.Marker({position: {lat: 42.511883013264146, lng: -2.94538332911376},map,title: \"TOUR FORTE S.XIII\",});\n    markers.push(marker36);\n    const infowindow36 = new google.maps.InfoWindow({\n        content: `<div id=\"store_locator_infowindow_28647\" class=\"store_locator_infowindow\"><div class=\"store-locator-col-sm-12 store_locator_details\"><h3 class=\"store_locator_name\"><a href=\"https:\/\/www.visitgastroh.com\/fr\/store\/tour-forte-s-xiii\/\">TOUR FORTE S.XIII<\/a><\/h3><p><a href=\"https:\/\/www.visitgastroh.com\/fr\/store\/tour-forte-s-xiii\/\"><img loading=\"lazy\" decoding=\"async\" width=\"2148\" height=\"2560\" src=\"https:\/\/www.visitgastroh.com\/wp-content\/uploads\/2022\/02\/Poternaa-scaled.jpg\" class=\"attachment-post-thumbnail size-post-thumbnail wp-post-image\" alt=\"\" srcset=\"https:\/\/www.visitgastroh.com\/wp-content\/uploads\/2022\/02\/Poternaa-scaled.jpg 2148w, https:\/\/www.visitgastroh.com\/wp-content\/uploads\/2022\/02\/Poternaa-252x300.jpg 252w, https:\/\/www.visitgastroh.com\/wp-content\/uploads\/2022\/02\/Poternaa-859x1024.jpg 859w, https:\/\/www.visitgastroh.com\/wp-content\/uploads\/2022\/02\/Poternaa-768x915.jpg 768w, https:\/\/www.visitgastroh.com\/wp-content\/uploads\/2022\/02\/Poternaa-1289x1536.jpg 1289w, https:\/\/www.visitgastroh.com\/wp-content\/uploads\/2022\/02\/Poternaa-1718x2048.jpg 1718w\" sizes=\"auto, (max-width: 2148px) 100vw, 2148px\" \/><\/a><\/p><p class=\"store_locator_excerpt\">FORT TOUR S.XIII Maison Rurale (BAINS DE LA RIOJA) La Torre Fuerte de Ba\u00f1os de Rioja, est une tour d&#8217;hommage du XIIIe si\u00e8cle, et faisait partie d&#8217;une forteresse que la...<\/p><p class=\"store_locator_address\"><span class=\"store_locator_street\">Rue Mayor n\u00ba8<br\/><\/span> <span class=\"store_locator_zip\">26241<\/span> <span class=\"store_locator_city\">Bains de Rioja<br\/><\/span> <span class=\"store_locator_region\">La Rioja<\/span> <\/p><p class=\"store_locator_contact\"><span class=\"store_locator_tel\">Tel.: <a href=\"tel:+34 941300193\">+34 941300193<\/a><br\/><\/span><span class=\"store_locator_email\">Email: <a href=\"mailto:info@torrefuerterural.com \">info@torrefuerterural.com <\/a><br\/><\/span><span class=\"store_locator_mobile\">Mobile: <a href=\"tel:+34 615765885\">+34 615765885<\/a><br\/><\/span><span class=\"store_locator_website\">Website: <a href=\"https:\/\/www.torrefuerterural.com\">https:\/\/www.torrefuerterural.com<\/a><br\/><\/span><\/p><\/div>`,\n      });\n\n    marker36.addListener(\"click\", () => {\n        infowindow36.open({\n          anchor: marker36,\n          map,\n          shouldFocus: false,\n        });\n    });    new markerClusterer.MarkerClusterer( {map, markers} );\n}\ndocument.addEventListener(\"DOMContentLoaded\", function(event) {\n    \/\/c\u00f3digo a ejecutar cuando el DOM est\u00e1 listo para recibir acciones\n    initMapa();\n});\n<\/script>\n<\/div>[\/vc_column_text][\/vc_column][\/vc_row]\n","protected":false},"excerpt":{"rendered":"<p>[vc_row type=&#8221;full_width_background&#8221; full_screen_row_position=&#8221;middle&#8221; column_margin=&#8221;default&#8221; equal_height=&#8221;yes&#8221; content_placement=&#8221;middle&#8221; column_direction=&#8221;default&#8221; column_direction_tablet=&#8221;default&#8221; column_direction_phone=&#8221;default&#8221; bg_image=&#8221;16971&#8243; bg_position=&#8221;center center&#8221; background_image_loading=&#8221;default&#8221; bg_repeat=&#8221;no-repeat&#8221; scene_position=&#8221;center&#8221; top_padding=&#8221;5%&#8221; bottom_padding=&#8221;5%&#8221; text_color=&#8221;light&#8221; text_align=&#8221;left&#8221; row_border_radius=&#8221;none&#8221; row_border_radius_applies=&#8221;bg&#8221; color_overlay=&#8221;#000000&#8243; overlay_strength=&#8221;0.5&#8243; gradient_direction=&#8221;left_to_right&#8221; shape_divider_position=&#8221;bottom&#8221; bg_image_animation=&#8221;none&#8221; shape_type=&#8221;&#8221;][vc_column column_padding=&#8221;no-extra-padding&#8221; column_padding_tablet=&#8221;inherit&#8221; column_padding_phone=&#8221;inherit&#8221;&#8230;<\/p>\n","protected":false},"author":1,"featured_media":0,"parent":31158,"menu_order":0,"comment_status":"closed","ping_status":"closed","template":"","meta":{"footnotes":""},"class_list":["post-31264","page","type-page","status-publish"],"_links":{"self":[{"href":"https:\/\/www.visitgastroh.com\/fr\/wp-json\/wp\/v2\/pages\/31264","targetHints":{"allow":["GET"]}}],"collection":[{"href":"https:\/\/www.visitgastroh.com\/fr\/wp-json\/wp\/v2\/pages"}],"about":[{"href":"https:\/\/www.visitgastroh.com\/fr\/wp-json\/wp\/v2\/types\/page"}],"author":[{"embeddable":true,"href":"https:\/\/www.visitgastroh.com\/fr\/wp-json\/wp\/v2\/users\/1"}],"replies":[{"embeddable":true,"href":"https:\/\/www.visitgastroh.com\/fr\/wp-json\/wp\/v2\/comments?post=31264"}],"version-history":[{"count":0,"href":"https:\/\/www.visitgastroh.com\/fr\/wp-json\/wp\/v2\/pages\/31264\/revisions"}],"up":[{"embeddable":true,"href":"https:\/\/www.visitgastroh.com\/fr\/wp-json\/wp\/v2\/pages\/31158"}],"wp:attachment":[{"href":"https:\/\/www.visitgastroh.com\/fr\/wp-json\/wp\/v2\/media?parent=31264"}],"curies":[{"name":"wp","href":"https:\/\/api.w.org\/{rel}","templated":true}]}}