{"id":31258,"date":"2022-03-29T08:16:47","date_gmt":"2022-03-29T06:16:47","guid":{"rendered":"https:\/\/www.visitgastroh.com\/?page_id=31258"},"modified":"2022-05-24T08:36:20","modified_gmt":"2022-05-24T06:36:20","slug":"manger","status":"publish","type":"page","link":"https:\/\/www.visitgastroh.com\/fr\/carte\/la-rioja\/manger\/","title":{"rendered":"Manger"},"content":{"rendered":"[vc_row type=&#8221;full_width_background&#8221; full_screen_row_position=&#8221;middle&#8221; column_margin=&#8221;default&#8221; equal_height=&#8221;yes&#8221; content_placement=&#8221;middle&#8221; column_direction=&#8221;default&#8221; column_direction_tablet=&#8221;default&#8221; column_direction_phone=&#8221;default&#8221; bg_image=&#8221;16971&#8243; bg_position=&#8221;center center&#8221; background_image_loading=&#8221;default&#8221; bg_repeat=&#8221;no-repeat&#8221; scene_position=&#8221;center&#8221; top_padding=&#8221;5%&#8221; bottom_padding=&#8221;5%&#8221; text_color=&#8221;light&#8221; text_align=&#8221;left&#8221; row_border_radius=&#8221;none&#8221; row_border_radius_applies=&#8221;bg&#8221; color_overlay=&#8221;#000000&#8243; overlay_strength=&#8221;0.5&#8243; gradient_direction=&#8221;left_to_right&#8221; shape_divider_position=&#8221;bottom&#8221; bg_image_animation=&#8221;none&#8221; shape_type=&#8221;&#8221;][vc_column column_padding=&#8221;no-extra-padding&#8221; column_padding_tablet=&#8221;inherit&#8221; column_padding_phone=&#8221;inherit&#8221; column_padding_position=&#8221;all&#8221; column_element_spacing=&#8221;default&#8221; background_color_opacity=&#8221;1&#8243; background_hover_color_opacity=&#8221;1&#8243; column_shadow=&#8221;none&#8221; column_border_radius=&#8221;none&#8221; column_link_target=&#8221;_self&#8221; gradient_direction=&#8221;left_to_right&#8221; overlay_strength=&#8221;0.3&#8243; width=&#8221;1\/1&#8243; tablet_width_inherit=&#8221;default&#8221; tablet_text_alignment=&#8221;default&#8221; phone_text_alignment=&#8221;default&#8221; bg_image_animation=&#8221;none&#8221; border_type=&#8221;simple&#8221; column_border_width=&#8221;none&#8221; column_border_style=&#8221;solid&#8221;][split_line_heading animation_type=&#8221;default&#8221;]\n<h1 style=\"font-size: 75px;\">O\u00f9 manger!<\/h1>\n[\/split_line_heading][split_line_heading animation_type=&#8221;default&#8221;]\n<h3 style=\"font-size: 36px;\"><strong>LA RIOJA<br \/>\n<\/strong><\/h3>\n[\/split_line_heading][image_with_animation image_url=&#8221;6394&#8243; animation=&#8221;Fade In&#8221; hover_animation=&#8221;none&#8221; alignment=&#8221;&#8221; border_radius=&#8221;none&#8221; box_shadow=&#8221;none&#8221; image_loading=&#8221;default&#8221; max_width=&#8221;100%&#8221; max_width_mobile=&#8221;default&#8221;][\/vc_column][\/vc_row][vc_row type=&#8221;in_container&#8221; full_screen_row_position=&#8221;middle&#8221; column_margin=&#8221;default&#8221; column_direction=&#8221;default&#8221; column_direction_tablet=&#8221;default&#8221; column_direction_phone=&#8221;default&#8221; scene_position=&#8221;center&#8221; text_color=&#8221;dark&#8221; text_align=&#8221;left&#8221; row_border_radius=&#8221;none&#8221; row_border_radius_applies=&#8221;bg&#8221; overlay_strength=&#8221;0.3&#8243; gradient_direction=&#8221;left_to_right&#8221; shape_divider_position=&#8221;bottom&#8221; bg_image_animation=&#8221;none&#8221;][vc_column column_padding=&#8221;no-extra-padding&#8221; column_padding_tablet=&#8221;inherit&#8221; column_padding_phone=&#8221;inherit&#8221; column_padding_position=&#8221;all&#8221; column_element_spacing=&#8221;default&#8221; background_color_opacity=&#8221;1&#8243; background_hover_color_opacity=&#8221;1&#8243; column_shadow=&#8221;none&#8221; column_border_radius=&#8221;none&#8221; column_link_target=&#8221;_self&#8221; gradient_direction=&#8221;left_to_right&#8221; overlay_strength=&#8221;0.3&#8243; width=&#8221;1\/1&#8243; tablet_width_inherit=&#8221;default&#8221; tablet_text_alignment=&#8221;default&#8221; phone_text_alignment=&#8221;default&#8221; bg_image_animation=&#8221;none&#8221; border_type=&#8221;simple&#8221; column_border_width=&#8221;none&#8221; column_border_style=&#8221;solid&#8221;][vc_column_text]<button id=\"menuaGorde\" title=\"Afficher \/ Masquer les filtres\"><i class=\"fa fa-filter\"><\/i><\/button><\/p>\n<p><script>\ndocument.getElementById(\"menuaGorde\").addEventListener(\"click\", menuaezkutatu)\nfunction menuaezkutatu() {\n  var zerrenda = document.getElementsByClassName(\"menu-izda\");\n  x = zerrenda[0];\n  if (x.style.display === \"none\") {\n    x.style.display = \"block\";\n  } else {\n    x.style.display = \"none\";\n  }\n}\n<\/script>[\/vc_column_text][\/vc_column][\/vc_row][vc_row type=&#8221;in_container&#8221; full_screen_row_position=&#8221;middle&#8221; column_margin=&#8221;default&#8221; column_direction=&#8221;default&#8221; column_direction_tablet=&#8221;default&#8221; column_direction_phone=&#8221;default&#8221; scene_position=&#8221;center&#8221; top_padding=&#8221;3%&#8221; bottom_padding=&#8221;5%&#8221; text_color=&#8221;dark&#8221; text_align=&#8221;left&#8221; row_border_radius=&#8221;none&#8221; row_border_radius_applies=&#8221;bg&#8221; overlay_strength=&#8221;0.3&#8243; gradient_direction=&#8221;left_to_right&#8221; shape_divider_position=&#8221;bottom&#8221; bg_image_animation=&#8221;none&#8221; shape_type=&#8221;&#8221;][vc_column column_padding=&#8221;no-extra-padding&#8221; column_padding_tablet=&#8221;inherit&#8221; column_padding_phone=&#8221;inherit&#8221; column_padding_position=&#8221;all&#8221; column_element_spacing=&#8221;default&#8221; background_color_opacity=&#8221;1&#8243; background_hover_color_opacity=&#8221;1&#8243; column_shadow=&#8221;none&#8221; column_border_radius=&#8221;none&#8221; column_link_target=&#8221;_self&#8221; el_class=&#8221;menu-izda&#8221; gradient_direction=&#8221;left_to_right&#8221; overlay_strength=&#8221;0.3&#8243; width=&#8221;1\/4&#8243; tablet_width_inherit=&#8221;default&#8221; tablet_text_alignment=&#8221;default&#8221; phone_text_alignment=&#8221;default&#8221; bg_image_animation=&#8221;none&#8221; border_type=&#8221;simple&#8221; column_border_width=&#8221;none&#8221; column_border_style=&#8221;solid&#8221;][vc_column_text]\n<h4>Choisissez une r\u00e9gion\u00a0:<\/h4>\n[\/vc_column_text][vc_column_text]<img loading=\"lazy\" decoding=\"async\" class=\"size-full wp-image-7132 alignleft\" src=\"https:\/\/www.visitgastroh.com\/wp-content\/uploads\/2022\/01\/mapa-destinos-euskadi-mini.png\" alt=\"\" width=\"45\" height=\"31\" \/><a style=\"color: #61a54d;\" href=\"https:\/\/www.visitgastroh.com\/fr\/carte\/euskadi\/\"><strong>EUSKADI<\/strong><\/a><\/p>\n<ul class=\"mapa-euskadi\">\n<li><a href=\"https:\/\/www.visitgastroh.com\/fr\/carte\/euskadi\/manger\/\">Manger<\/a><\/li>\n<li><a href=\"https:\/\/www.visitgastroh.com\/fr\/carte\/euskadi\/dormir\/\">Dormir<\/a><\/li>\n<li><a href=\"https:\/\/www.visitgastroh.com\/fr\/carte\/euskadi\/acheter\/\">Acheter<\/a><\/li>\n<li><a href=\"https:\/\/www.visitgastroh.com\/fr\/carte\/euskadi\/visiter\/\">Visiter<\/a><\/li>\n<\/ul>\n<p><img loading=\"lazy\" decoding=\"async\" class=\"size-full alignleft\" src=\"https:\/\/www.visitgastroh.com\/wp-content\/uploads\/2022\/01\/mapa-destinos-navarra-mini.png\" alt=\"\" width=\"45\" height=\"31\" \/><a style=\"color: #c5273b;\" href=\"https:\/\/www.visitgastroh.com\/fr\/carte\/navarre\/\"><strong>NAVARRE<\/strong><\/a><\/p>\n<ul class=\"mapa-navarra\">\n<li><a href=\"https:\/\/www.visitgastroh.com\/fr\/carte\/navarre\/manger\/\">Manger<\/a><\/li>\n<li><a href=\"https:\/\/www.visitgastroh.com\/fr\/carte\/navarre\/dormir\/\">Dormir<\/a><\/li>\n<li><a href=\"https:\/\/www.visitgastroh.com\/fr\/carte\/navarre\/acheter\/\">Acheter<\/a><\/li>\n<li><a href=\"https:\/\/www.visitgastroh.com\/fr\/carte\/navarre\/visiter\/\">Visiter<\/a><\/li>\n<\/ul>\n<p><img loading=\"lazy\" decoding=\"async\" class=\"size-full alignleft\" src=\"https:\/\/www.visitgastroh.com\/wp-content\/uploads\/2022\/01\/mapa-destinos-la-rioja-mini.png\" alt=\"\" width=\"45\" height=\"31\" \/><a style=\"color: #9f2653;\" href=\"https:\/\/www.visitgastroh.com\/fr\/carte\/la-rioja\/\"><strong>LA RIOJA<\/strong><\/a><\/p>\n<ul class=\"mapa-la-rioja\">\n<li><a href=\"https:\/\/www.visitgastroh.com\/fr\/carte\/la-rioja\/manger\/\">Manger<\/a><\/li>\n<li><a href=\"https:\/\/www.visitgastroh.com\/fr\/carte\/la-rioja\/dormir\/\">Dormir<\/a><\/li>\n<li><a href=\"https:\/\/www.visitgastroh.com\/fr\/carte\/la-rioja\/acheter\/\">Acheter<\/a><\/li>\n<li><a href=\"https:\/\/www.visitgastroh.com\/fr\/carte\/la-rioja\/visiter\/\">Visiter<\/a><\/li>\n<\/ul>\n<p><img loading=\"lazy\" decoding=\"async\" class=\"size-full alignleft\" src=\"https:\/\/www.visitgastroh.com\/wp-content\/uploads\/2022\/01\/mapa-destinos-pays-basque-mini.png\" alt=\"\" width=\"45\" height=\"31\" \/><a style=\"color: #8bc3e7;\" href=\"https:\/\/www.visitgastroh.com\/fr\/carte\/pays-basque\/\"><strong>PAYS BASQUE<\/strong><\/a><\/p>\n<ul class=\"mapa-pays-basque\">\n<li><a href=\"https:\/\/www.visitgastroh.com\/fr\/carte\/pays-basque\/manger\/\">Manger<\/a><\/li>\n<li><a href=\"https:\/\/www.visitgastroh.com\/fr\/carte\/pays-basque\/dormir\/\">Dormir<\/a><\/li>\n<li><a href=\"https:\/\/www.visitgastroh.com\/fr\/carte\/pays-basque\/acheter\/\">Acheter<\/a><\/li>\n<li><a href=\"https:\/\/www.visitgastroh.com\/fr\/carte\/pays-basque\/visiter\/\">Visiter<\/a><\/li>\n<\/ul>\n<p><img loading=\"lazy\" decoding=\"async\" class=\"size-full alignleft\" src=\"https:\/\/www.visitgastroh.com\/wp-content\/uploads\/2022\/01\/mapa-destinos-bearn-mini.png\" alt=\"\" width=\"45\" height=\"31\" \/><a style=\"color: #e7b32d;\" href=\"https:\/\/www.visitgastroh.com\/fr\/carte\/bearn\/\"><strong>B\u00c9ARN<\/strong><\/a><\/p>\n<ul class=\"mapa-bearn\">\n<li><a href=\"https:\/\/www.visitgastroh.com\/fr\/carte\/bearn\/manger\/\">Manger<\/a><\/li>\n<li><a href=\"https:\/\/www.visitgastroh.com\/fr\/carte\/bearn\/dormir\/\">Dormir<\/a><\/li>\n<li><a href=\"https:\/\/www.visitgastroh.com\/fr\/carte\/bearn\/acheter\/\">Acheter<\/a><\/li>\n<li><a href=\"https:\/\/www.visitgastroh.com\/fr\/carte\/bearn\/visiter\/\">Visiter<\/a><\/li>\n<\/ul>\n[\/vc_column_text][vc_column_text]        <form id=\"store_locator_embedded_search\" class=\"store_locator_embedded_search\" action=\"https:\/\/www.visitgastroh.com\/fr\/carte\/la-rioja\/manger\/\" method=\"GET\">            <div id=\"store_locator_search_box\" class=\"store_locator store_locator_search_box store-locator-col-12 store-locator-col-sm-12\">                                            <div id=\"store_locator_filter\" class=\"store_locator_filter\">            <div id=\"store_locator_filter_content\" class=\"store-locator-row store_locator_filter_content\">                <div id=\"filter281\" class=\"store-locator-col-12 single_filter\"><h5 class=\"collapsible-visit filtroa-itxita\">Distinctions<\/h5><div class=\"filtroa\" style=\"display: none;\"><label class=\"single_filter_checkbox control control--checkbox\"><input  name=\"filter281[]\" type=\"checkbox\" class=\"store_locator_filter_checkbox\" value=\"282\">1 \u00c9toile Michelin<div class=\"control__indicator\"><\/div><\/label><label class=\"single_filter_checkbox control control--checkbox\"><input  name=\"filter281[]\" type=\"checkbox\" class=\"store_locator_filter_checkbox\" value=\"285\">1 Soleil Repsol<div class=\"control__indicator\"><\/div><\/label><label class=\"single_filter_checkbox control control--checkbox\"><input  name=\"filter281[]\" type=\"checkbox\" class=\"store_locator_filter_checkbox\" value=\"283\">2 \u00c9toiles Michelin<div class=\"control__indicator\"><\/div><\/label><label class=\"single_filter_checkbox control control--checkbox\"><input  name=\"filter281[]\" type=\"checkbox\" class=\"store_locator_filter_checkbox\" value=\"286\">2 Soleils Repsol<div class=\"control__indicator\"><\/div><\/label><label class=\"single_filter_checkbox control control--checkbox\"><input  name=\"filter281[]\" type=\"checkbox\" class=\"store_locator_filter_checkbox\" value=\"284\">3 \u00c9toiles Michelin<div class=\"control__indicator\"><\/div><\/label><label class=\"single_filter_checkbox control control--checkbox\"><input  name=\"filter281[]\" type=\"checkbox\" class=\"store_locator_filter_checkbox\" value=\"287\">3 Soleils Repsol<div class=\"control__indicator\"><\/div><\/label><label class=\"single_filter_checkbox control control--checkbox\"><input  name=\"filter281[]\" type=\"checkbox\" class=\"store_locator_filter_checkbox\" value=\"288\">50 Best Restaurants<div class=\"control__indicator\"><\/div><\/label><label class=\"single_filter_checkbox control control--checkbox\"><input  name=\"filter281[]\" type=\"checkbox\" class=\"store_locator_filter_checkbox\" value=\"494\">Bib Gourmand<div class=\"control__indicator\"><\/div><\/label><label class=\"single_filter_checkbox control control--checkbox\"><input  name=\"filter281[]\" type=\"checkbox\" class=\"store_locator_filter_checkbox\" value=\"289\">Ma\u00eetre Restaurateur<div class=\"control__indicator\"><\/div><\/label><\/div><\/div><div id=\"filter225\" class=\"store-locator-col-12 single_filter\"><h5 class=\"collapsible-visit filtroa-itxita\">Installations<\/h5><div class=\"filtroa\" style=\"display: none;\"><label class=\"single_filter_checkbox control control--checkbox\"><input  name=\"filter225[]\" type=\"checkbox\" class=\"store_locator_filter_checkbox\" value=\"226\">Accesible<div class=\"control__indicator\"><\/div><\/label><label class=\"single_filter_checkbox control control--checkbox\"><input  name=\"filter225[]\" type=\"checkbox\" class=\"store_locator_filter_checkbox\" value=\"241\">Animaux de compagnie accept\u00e9s<div class=\"control__indicator\"><\/div><\/label><label class=\"single_filter_checkbox control control--checkbox\"><input  name=\"filter225[]\" type=\"checkbox\" class=\"store_locator_filter_checkbox\" value=\"227\">H\u00e9bergement<div class=\"control__indicator\"><\/div><\/label><label class=\"single_filter_checkbox control control--checkbox\"><input  name=\"filter225[]\" type=\"checkbox\" class=\"store_locator_filter_checkbox\" value=\"228\">Parking<div class=\"control__indicator\"><\/div><\/label><label class=\"single_filter_checkbox control control--checkbox\"><input  name=\"filter225[]\" type=\"checkbox\" class=\"store_locator_filter_checkbox\" value=\"242\">Terrasse<div class=\"control__indicator\"><\/div><\/label><\/div><\/div><div id=\"filter238\" class=\"store-locator-col-12 single_filter\"><h5 class=\"collapsible-visit filtroa-itxita\">Prix<\/h5><div class=\"filtroa\" style=\"display: none;\"><label class=\"single_filter_checkbox control control--checkbox\"><input  name=\"filter238[]\" type=\"checkbox\" class=\"store_locator_filter_checkbox\" value=\"273\">+80\u20ac<div class=\"control__indicator\"><\/div><\/label><label class=\"single_filter_checkbox control control--checkbox\"><input  name=\"filter238[]\" type=\"checkbox\" class=\"store_locator_filter_checkbox\" value=\"274\">20\u20ac - 40\u20ac<div class=\"control__indicator\"><\/div><\/label><label class=\"single_filter_checkbox control control--checkbox\"><input  name=\"filter238[]\" type=\"checkbox\" class=\"store_locator_filter_checkbox\" value=\"240\">40 \u20ac - 60 \u20ac<div class=\"control__indicator\"><\/div><\/label><label class=\"single_filter_checkbox control control--checkbox\"><input  name=\"filter238[]\" type=\"checkbox\" class=\"store_locator_filter_checkbox\" value=\"275\">60\u20ac - 80\u20ac<div class=\"control__indicator\"><\/div><\/label><\/div><\/div><div id=\"filter276\" class=\"store-locator-col-12 single_filter\"><h5 class=\"collapsible-visit filtroa-itxita\">Route \u00e0 laquelle appartient l\u2019entreprise (Manger)<\/h5><div class=\"filtroa\" style=\"display: none;\"><label class=\"single_filter_checkbox control control--checkbox\"><input  name=\"filter276[]\" type=\"checkbox\" class=\"store_locator_filter_checkbox\" value=\"497\">Destination D\u00e9signation d\u2019origine<div class=\"control__indicator\"><\/div><\/label><label class=\"single_filter_checkbox control control--checkbox\"><input  name=\"filter276[]\" type=\"checkbox\" class=\"store_locator_filter_checkbox\" value=\"277\">Destination fromage<div class=\"control__indicator\"><\/div><\/label><label class=\"single_filter_checkbox control control--checkbox\"><input  name=\"filter276[]\" type=\"checkbox\" class=\"store_locator_filter_checkbox\" value=\"278\">Destination vin<div class=\"control__indicator\"><\/div><\/label><label class=\"single_filter_checkbox control control--checkbox\"><input  name=\"filter276[]\" type=\"checkbox\" class=\"store_locator_filter_checkbox\" value=\"500\">Grand Roadtrip \/ Tour Gastroh<div class=\"control__indicator\"><\/div><\/label><label class=\"single_filter_checkbox control control--checkbox\"><input  name=\"filter276[]\" type=\"checkbox\" class=\"store_locator_filter_checkbox\" value=\"489\">Route \u00e9cogastronomique<div class=\"control__indicator\"><\/div><\/label><label class=\"single_filter_checkbox control control--checkbox\"><input  name=\"filter276[]\" type=\"checkbox\" class=\"store_locator_filter_checkbox\" value=\"279\">Route Haute Gastronomie<div class=\"control__indicator\"><\/div><\/label><label class=\"single_filter_checkbox control control--checkbox\"><input  name=\"filter276[]\" type=\"checkbox\" class=\"store_locator_filter_checkbox\" value=\"280\">Route Saveurs du Chemin de St Jacques de Compostelle<div class=\"control__indicator\"><\/div><\/label><\/div><\/div><div id=\"filter239\" class=\"store-locator-col-12 single_filter\"><h5 class=\"collapsible-visit filtroa-itxita\">Type de cuisine<\/h5><div class=\"filtroa\" style=\"display: none;\"><label class=\"single_filter_checkbox control control--checkbox\"><input  name=\"filter239[]\" type=\"checkbox\" class=\"store_locator_filter_checkbox\" value=\"291\">Cave<div class=\"control__indicator\"><\/div><\/label><label class=\"single_filter_checkbox control control--checkbox\"><input  name=\"filter239[]\" type=\"checkbox\" class=\"store_locator_filter_checkbox\" value=\"296\">Cidrerie<div class=\"control__indicator\"><\/div><\/label><label class=\"single_filter_checkbox control control--checkbox\"><input  name=\"filter239[]\" type=\"checkbox\" class=\"store_locator_filter_checkbox\" value=\"292\">Cuisine d\u2019auteur \/ du march\u00e9<div class=\"control__indicator\"><\/div><\/label><label class=\"single_filter_checkbox control control--checkbox\"><input  name=\"filter239[]\" type=\"checkbox\" class=\"store_locator_filter_checkbox\" value=\"293\">Cuisine traditionnelle<div class=\"control__indicator\"><\/div><\/label><label class=\"single_filter_checkbox control control--checkbox\"><input  name=\"filter239[]\" type=\"checkbox\" class=\"store_locator_filter_checkbox\" value=\"294\">Menu adapt\u00e9 \u00e0 des r\u00e9gimes sp\u00e9ciaux<div class=\"control__indicator\"><\/div><\/label><label class=\"single_filter_checkbox control control--checkbox\"><input  name=\"filter239[]\" type=\"checkbox\" class=\"store_locator_filter_checkbox\" value=\"243\">Pintxos<div class=\"control__indicator\"><\/div><\/label><label class=\"single_filter_checkbox control control--checkbox\"><input  name=\"filter239[]\" type=\"checkbox\" class=\"store_locator_filter_checkbox\" value=\"295\">Restaurant \u00e0 la ferme<div class=\"control__indicator\"><\/div><\/label><label class=\"single_filter_checkbox control control--checkbox\"><input  name=\"filter239[]\" type=\"checkbox\" class=\"store_locator_filter_checkbox\" value=\"290\">R\u00f4tisserie \/ Grill<div class=\"control__indicator\"><\/div><\/label><\/div><\/div>            <\/div>        <\/div>        <script>        var coll = document.getElementsByClassName(\"collapsible-visit\");        var i;        for (i = 0; i < coll.length; i++) {          coll[i].addEventListener(\"click\", function() {            this.classList.toggle(\"active\");            var content = this.nextElementSibling;            if (content.style.display === \"block\") {              content.style.display = \"none\";              this.classList.remove('filtroa-irekita');              this.classList.add(\"filtroa-itxita\");            } else {              content.style.display = \"block\";              this.classList.remove('filtroa-itxita');              this.classList.add(\"filtroa-irekita\");            }          });        }        <\/script>                                                        <div class=\"store-locator-row bilaketa-botoia\">                    <div class=\"store-locator-col-12 store-locator-col-sm-12\">                        <button id=\"store_locator_find_stores_button\" type=\"submit\" class=\"store_locator_find_stores_button btn button et_pb_button btn-primary btn-lg\">Rechercher                        <\/button>                    <\/div>                <\/div>            <\/div>        <\/form>        [\/vc_column_text][\/vc_column][vc_column column_padding=&#8221;no-extra-padding&#8221; column_padding_tablet=&#8221;inherit&#8221; column_padding_phone=&#8221;inherit&#8221; column_padding_position=&#8221;all&#8221; column_element_spacing=&#8221;default&#8221; background_color_opacity=&#8221;1&#8243; background_hover_color_opacity=&#8221;1&#8243; column_shadow=&#8221;none&#8221; column_border_radius=&#8221;none&#8221; column_link_target=&#8221;_self&#8221; gradient_direction=&#8221;left_to_right&#8221; overlay_strength=&#8221;0.3&#8243; width=&#8221;3\/4&#8243; tablet_width_inherit=&#8221;default&#8221; tablet_text_alignment=&#8221;default&#8221; phone_text_alignment=&#8221;default&#8221; bg_image_animation=&#8221;none&#8221; border_type=&#8221;simple&#8221; column_border_width=&#8221;none&#8221; column_border_style=&#8221;solid&#8221;][vc_column_text]<div class=\"wordpress-store-locator-list-container\"><h2 class=\"wordpress-store-locator-list-title\">LA RIOJA<\/h2><div class=\"wordpress-store-locator-list-content\"><p>Choisissez un \u00e9tablissement<\/p>\n<\/div><script src=\"https:\/\/unpkg.com\/@googlemaps\/markerclusterer\/dist\/index.min.js\"><\/script>\n<div class=\"store-locator-row\">\n    <div id=\"visitMap\" class=\"store-locator-col-12\"><\/div>\n<\/div>\n\n<script>\n    function initMapa() {\n      const myLatLng = { lat: 42.81687, lng: -1.64323 };\n      \/\/ const myLatLng = { lat: -25.363, lng: 131.044 };\n      const map = new google.maps.Map(document.getElementById(\"visitMap\"), {\n        zoom: 8,\n        mapTypeControl: false,\n        center: myLatLng,\n      });\n      const markers = [];marker0 = new google.maps.Marker({position: {lat: 42.46549345273086, lng: -2.448640309856407},map,title: \"Bar restaurant El Muro\",});\n    markers.push(marker0);\n    const infowindow0 = new google.maps.InfoWindow({\n        content: `<div id=\"store_locator_infowindow_28615\" class=\"store_locator_infowindow\"><div class=\"store-locator-col-sm-12 store_locator_details\"><h3 class=\"store_locator_name\"><a href=\"https:\/\/www.visitgastroh.com\/fr\/store\/bar-restaurant-el-muro\/\">Bar restaurant El Muro<\/a><\/h3><p><a href=\"https:\/\/www.visitgastroh.com\/fr\/store\/bar-restaurant-el-muro\/\"><img loading=\"lazy\" decoding=\"async\" width=\"2560\" height=\"1183\" src=\"https:\/\/www.visitgastroh.com\/wp-content\/uploads\/2022\/02\/6744D23C-F4AD-432C-ADA6-B58222E12D00-scaled.jpeg\" class=\"attachment-post-thumbnail size-post-thumbnail wp-post-image\" alt=\"\" srcset=\"https:\/\/www.visitgastroh.com\/wp-content\/uploads\/2022\/02\/6744D23C-F4AD-432C-ADA6-B58222E12D00-scaled.jpeg 2560w, https:\/\/www.visitgastroh.com\/wp-content\/uploads\/2022\/02\/6744D23C-F4AD-432C-ADA6-B58222E12D00-300x139.jpeg 300w, https:\/\/www.visitgastroh.com\/wp-content\/uploads\/2022\/02\/6744D23C-F4AD-432C-ADA6-B58222E12D00-1024x473.jpeg 1024w, https:\/\/www.visitgastroh.com\/wp-content\/uploads\/2022\/02\/6744D23C-F4AD-432C-ADA6-B58222E12D00-768x355.jpeg 768w, https:\/\/www.visitgastroh.com\/wp-content\/uploads\/2022\/02\/6744D23C-F4AD-432C-ADA6-B58222E12D00-1536x710.jpeg 1536w, https:\/\/www.visitgastroh.com\/wp-content\/uploads\/2022\/02\/6744D23C-F4AD-432C-ADA6-B58222E12D00-2048x946.jpeg 2048w\" sizes=\"auto, (max-width: 2560px) 100vw, 2560px\" \/><\/a><\/p><p class=\"store_locator_excerpt\">LE MUR Bar Restaurant (LOGRONO) Cuisine typique de la Rioja, cuisine du march\u00e9, produits kmO, excellents vins de la Rioja<\/p><p class=\"store_locator_address\"><span class=\"store_locator_street\">27 rue Laurier<br\/><\/span> <span class=\"store_locator_zip\">26001<\/span> <span class=\"store_locator_city\">Logro\u00f1o <br\/><\/span> <span class=\"store_locator_region\">La Rioja <\/span> <\/p><p class=\"store_locator_contact\"><span class=\"store_locator_tel\">Tel.: <a href=\"tel:+34 941206488\">+34 941206488<\/a><br\/><\/span><span class=\"store_locator_email\">Email: <a href=\"mailto:adolfosaenzlalaurel@gmail.com\">adolfosaenzlalaurel@gmail.com<\/a><br\/><\/span><span class=\"store_locator_mobile\">Mobile: <a href=\"tel:+34 657815169\">+34 657815169<\/a><br\/><\/span><\/p><\/div>`,\n      });\n\n    marker0.addListener(\"click\", () => {\n        infowindow0.open({\n          anchor: marker0,\n          map,\n          shouldFocus: false,\n        });\n    });marker1 = new google.maps.Marker({position: {lat: 42.2245205, lng: -2.1085533},map,title: \"Bar Restaurant Gastronomique\",});\n    markers.push(marker1);\n    const infowindow1 = new google.maps.InfoWindow({\n        content: `<div id=\"store_locator_infowindow_41181\" class=\"store_locator_infowindow\"><div class=\"store-locator-col-sm-12 store_locator_details\"><h3 class=\"store_locator_name\"><a href=\"https:\/\/www.visitgastroh.com\/fr\/store\/bar-restaurant-gastronomique\/\">Bar Restaurant Gastronomique<\/a><\/h3><p><a href=\"https:\/\/www.visitgastroh.com\/fr\/store\/bar-restaurant-gastronomique\/\"><img loading=\"lazy\" decoding=\"async\" width=\"1024\" height=\"441\" src=\"https:\/\/www.visitgastroh.com\/wp-content\/uploads\/2022\/05\/bar_gastro_restaurante_4-1-1024x441-1.jpg\" class=\"attachment-post-thumbnail size-post-thumbnail wp-post-image\" alt=\"\" srcset=\"https:\/\/www.visitgastroh.com\/wp-content\/uploads\/2022\/05\/bar_gastro_restaurante_4-1-1024x441-1.jpg 1024w, https:\/\/www.visitgastroh.com\/wp-content\/uploads\/2022\/05\/bar_gastro_restaurante_4-1-1024x441-1-300x129.jpg 300w, https:\/\/www.visitgastroh.com\/wp-content\/uploads\/2022\/05\/bar_gastro_restaurante_4-1-1024x441-1-768x331.jpg 768w\" sizes=\"auto, (max-width: 1024px) 100vw, 1024px\" \/><\/a><\/p><p class=\"store_locator_excerpt\">GASTRO Bar Restaurant (ARN\u00c9DO) Un lieu \u00e0 l&#8217;\u00e9clairage chaleureux et \u00e0 la d\u00e9coration neutre alli\u00e9e \u00e0 des touches de couleur. Bien que ce qui donne vraiment de la couleur \u00e0...<\/p><p class=\"store_locator_address\"><span class=\"store_locator_street\">Marche de la Constitution, 97.<br\/><\/span> <span class=\"store_locator_zip\">26580<\/span> <span class=\"store_locator_city\">Arnedo<br\/><\/span> <span class=\"store_locator_region\">La Rioja<\/span> <\/p><p class=\"store_locator_contact\"><span class=\"store_locator_tel\">Tel.: <a href=\"tel:+34 941 380 100\">+34 941 380 100<\/a><br\/><\/span><span class=\"store_locator_email\">Email: <a href=\"mailto:info@victoriarestauracion.es\">info@victoriarestauracion.es<\/a><br\/><\/span><span class=\"store_locator_website\">Website: <a href=\"https:\/\/victoriarestauracion.es\/bar-gastro-restaurante\/\">https:\/\/victoriarestauracion.es\/bar-gastro-restaurante\/<\/a><br\/><\/span><\/p><\/div>`,\n      });\n\n    marker1.addListener(\"click\", () => {\n        infowindow1.open({\n          anchor: marker1,\n          map,\n          shouldFocus: false,\n        });\n    });marker2 = new google.maps.Marker({position: {lat: 42.21277601712012, lng: -2.2367520948287956},map,title: \"BAR RESTAURANT LA PISTE\",});\n    markers.push(marker2);\n    const infowindow2 = new google.maps.InfoWindow({\n        content: `<div id=\"store_locator_infowindow_28624\" class=\"store_locator_infowindow\"><div class=\"store-locator-col-sm-12 store_locator_details\"><h3 class=\"store_locator_name\"><a href=\"https:\/\/www.visitgastroh.com\/fr\/store\/bar-restaurant-la-piste\/\">BAR RESTAURANT LA PISTE<\/a><\/h3><p><a href=\"https:\/\/www.visitgastroh.com\/fr\/store\/bar-restaurant-la-piste\/\"><img loading=\"lazy\" decoding=\"async\" width=\"2560\" height=\"1601\" src=\"https:\/\/www.visitgastroh.com\/wp-content\/uploads\/2022\/03\/LA-PISTA-1-scaled.jpg\" class=\"attachment-post-thumbnail size-post-thumbnail wp-post-image\" alt=\"\" srcset=\"https:\/\/www.visitgastroh.com\/wp-content\/uploads\/2022\/03\/LA-PISTA-1-scaled.jpg 2560w, https:\/\/www.visitgastroh.com\/wp-content\/uploads\/2022\/03\/LA-PISTA-1-300x188.jpg 300w, https:\/\/www.visitgastroh.com\/wp-content\/uploads\/2022\/03\/LA-PISTA-1-1024x640.jpg 1024w, https:\/\/www.visitgastroh.com\/wp-content\/uploads\/2022\/03\/LA-PISTA-1-768x480.jpg 768w, https:\/\/www.visitgastroh.com\/wp-content\/uploads\/2022\/03\/LA-PISTA-1-1536x960.jpg 1536w, https:\/\/www.visitgastroh.com\/wp-content\/uploads\/2022\/03\/LA-PISTA-1-2048x1281.jpg 2048w\" sizes=\"auto, (max-width: 2560px) 100vw, 2560px\" \/><\/a><\/p><p class=\"store_locator_excerpt\">LA PISTE Bar Restaurant (GICULEUR) Le Restaurante Bar La Pista est le r\u00e9sultat d&#8217;une aventure familiale qui a commenc\u00e9 \u00e0 Arnedillo dans les ann\u00e9es 90, pariant sur le meilleur de...<\/p><p class=\"store_locator_address\"><span class=\"store_locator_street\">Avenue Cidacos n \u00b0 32<br\/><\/span> <span class=\"store_locator_zip\">26589<\/span> <span class=\"store_locator_city\">Arnedillo<br\/><\/span> <span class=\"store_locator_region\">La Rioja<\/span> <\/p><p class=\"store_locator_contact\"><span class=\"store_locator_tel\">Tel.: <a href=\"tel:+34 941 394 247\">+34 941 394 247<\/a><br\/><\/span><span class=\"store_locator_email\">Email: <a href=\"mailto:restaurantbarlapista@gmail.com\">restaurantbarlapista@gmail.com<\/a><br\/><\/span><span class=\"store_locator_mobile\">Mobile: <a href=\"tel:+34 666 315 278\">+34 666 315 278<\/a><br\/><\/span><span class=\"store_locator_website\">Website: <a href=\"https:\/\/restaurantelapista.business.site\/\">https:\/\/restaurantelapista.business.site\/<\/a><br\/><\/span><\/p><\/div>`,\n      });\n\n    marker2.addListener(\"click\", () => {\n        infowindow2.open({\n          anchor: marker2,\n          map,\n          shouldFocus: false,\n        });\n    });marker3 = new google.maps.Marker({position: {lat: 42.4623227596792, lng: -2.447029186542886},map,title: \"CAF\u00c9 \u00d3PERA\",});\n    markers.push(marker3);\n    const infowindow3 = new google.maps.InfoWindow({\n        content: `<div id=\"store_locator_infowindow_38760\" class=\"store_locator_infowindow\"><div class=\"store-locator-col-sm-12 store_locator_details\"><h3 class=\"store_locator_name\"><a href=\"https:\/\/www.visitgastroh.com\/fr\/store\/cafe-opera\/\">CAF\u00c9 \u00d3PERA<\/a><\/h3><p><a href=\"https:\/\/www.visitgastroh.com\/fr\/store\/cafe-opera\/\"><img loading=\"lazy\" decoding=\"async\" width=\"1200\" height=\"1600\" src=\"https:\/\/www.visitgastroh.com\/wp-content\/uploads\/2022\/04\/WhatsApp-Image-2022-04-26-at-12.07.36-PM.jpeg\" class=\"attachment-post-thumbnail size-post-thumbnail wp-post-image\" alt=\"\" srcset=\"https:\/\/www.visitgastroh.com\/wp-content\/uploads\/2022\/04\/WhatsApp-Image-2022-04-26-at-12.07.36-PM.jpeg 1200w, https:\/\/www.visitgastroh.com\/wp-content\/uploads\/2022\/04\/WhatsApp-Image-2022-04-26-at-12.07.36-PM-225x300.jpeg 225w, https:\/\/www.visitgastroh.com\/wp-content\/uploads\/2022\/04\/WhatsApp-Image-2022-04-26-at-12.07.36-PM-768x1024.jpeg 768w, https:\/\/www.visitgastroh.com\/wp-content\/uploads\/2022\/04\/WhatsApp-Image-2022-04-26-at-12.07.36-PM-1152x1536.jpeg 1152w\" sizes=\"auto, (max-width: 1200px) 100vw, 1200px\" \/><\/a><\/p><p class=\"store_locator_excerpt\">CAF\u00c9 \u00d3PERA Cafeter\u00eda (LOGRO\u00d1O) Caf\u00e9-restaurant au centre-ville. Vous pouvez profiter d&#8217;un petit d\u00e9jeuner complet ou prendre un d\u00e9licieux caf\u00e9 \u00e0 tout moment. Vari\u00e9t\u00e9 de sandwichs et sandwichs.<\/p><p class=\"store_locator_address\"><span class=\"store_locator_street\">Calle San Ant\u00f3n n\u00ba8<br\/><\/span> <span class=\"store_locator_zip\">26002<\/span> <span class=\"store_locator_city\">Logro\u00f1o<br\/><\/span> <span class=\"store_locator_region\">La Rioja<\/span> <\/p><p class=\"store_locator_contact\"><span class=\"store_locator_tel\">Tel.: <a href=\"tel:+34 941243126\">+34 941243126<\/a><br\/><\/span><span class=\"store_locator_website\">Website: <a href=\"Caf\u00e9 \u00d3pera\">Caf\u00e9 \u00d3pera<\/a><br\/><\/span><\/p><\/div>`,\n      });\n\n    marker3.addListener(\"click\", () => {\n        infowindow3.open({\n          anchor: marker3,\n          map,\n          shouldFocus: false,\n        });\n    });marker4 = new google.maps.Marker({position: {lat: 42.2216724, lng: -2.1037515},map,title: \"Caf\u00e9t\u00e9ria Fuentelavero\",});\n    markers.push(marker4);\n    const infowindow4 = new google.maps.InfoWindow({\n        content: `<div id=\"store_locator_infowindow_41042\" class=\"store_locator_infowindow\"><div class=\"store-locator-col-sm-12 store_locator_details\"><h3 class=\"store_locator_name\"><a href=\"https:\/\/www.visitgastroh.com\/fr\/store\/cafeteria-fuentelavero\/\">Caf\u00e9t\u00e9ria Fuentelavero<\/a><\/h3><p><a href=\"https:\/\/www.visitgastroh.com\/fr\/store\/cafeteria-fuentelavero\/\"><img loading=\"lazy\" decoding=\"async\" width=\"1024\" height=\"371\" src=\"https:\/\/www.visitgastroh.com\/wp-content\/uploads\/2022\/05\/espacio_2_slide2-1024x371-1.jpg\" class=\"attachment-post-thumbnail size-post-thumbnail wp-post-image\" alt=\"\" srcset=\"https:\/\/www.visitgastroh.com\/wp-content\/uploads\/2022\/05\/espacio_2_slide2-1024x371-1.jpg 1024w, https:\/\/www.visitgastroh.com\/wp-content\/uploads\/2022\/05\/espacio_2_slide2-1024x371-1-300x109.jpg 300w, https:\/\/www.visitgastroh.com\/wp-content\/uploads\/2022\/05\/espacio_2_slide2-1024x371-1-768x278.jpg 768w\" sizes=\"auto, (max-width: 1024px) 100vw, 1024px\" \/><\/a><\/p><p class=\"store_locator_excerpt\">Caf\u00e9t\u00e9ria SOURCE LAVERO (ARN\u00c9DO) Entour\u00e9 d&#8217;un complexe sportif et thermal, nous vous invitons \u00e0 faire une pause dans votre temps libre pour prendre soin de vous avec l&#8217;offre la plus...<\/p><p class=\"store_locator_address\"><span class=\"store_locator_street\">Avda. de la Croix-Rouge, s\/n<br\/><\/span> <span class=\"store_locator_zip\">26580<\/span> <span class=\"store_locator_city\">Arnedo<br\/><\/span> <span class=\"store_locator_region\">La Rioja<\/span> <\/p><p class=\"store_locator_contact\"><span class=\"store_locator_tel\">Tel.: <a href=\"tel:+34 941024444\">+34 941024444<\/a><br\/><\/span><span class=\"store_locator_email\">Email: <a href=\"mailto:info@fuentelavero.com\">info@fuentelavero.com<\/a><br\/><\/span><span class=\"store_locator_website\">Website: <a href=\"https:\/\/victoriarestauracion.es\/fuentelavero\/\">https:\/\/victoriarestauracion.es\/fuentelavero\/<\/a><br\/><\/span><\/p><\/div>`,\n      });\n\n    marker4.addListener(\"click\", () => {\n        infowindow4.open({\n          anchor: marker4,\n          map,\n          shouldFocus: false,\n        });\n    });marker5 = new google.maps.Marker({position: {lat: 42.3260738, lng: -3.0138183},map,title: \"Casa Masip Restaurante\",});\n    markers.push(marker5);\n    const infowindow5 = new google.maps.InfoWindow({\n        content: `<div id=\"store_locator_infowindow_35095\" class=\"store_locator_infowindow\"><div class=\"store-locator-col-sm-12 store_locator_details\"><h3 class=\"store_locator_name\"><a href=\"https:\/\/www.visitgastroh.com\/fr\/store\/casa-masip-restaurante\/\">Casa Masip Restaurante<\/a><\/h3><p><a href=\"https:\/\/www.visitgastroh.com\/fr\/store\/casa-masip-restaurante\/\"><img loading=\"lazy\" decoding=\"async\" width=\"1024\" height=\"683\" src=\"https:\/\/www.visitgastroh.com\/wp-content\/uploads\/2022\/04\/restaurante-casa-masip.jpg\" class=\"attachment-post-thumbnail size-post-thumbnail wp-post-image\" alt=\"\" srcset=\"https:\/\/www.visitgastroh.com\/wp-content\/uploads\/2022\/04\/restaurante-casa-masip.jpg 1024w, https:\/\/www.visitgastroh.com\/wp-content\/uploads\/2022\/04\/restaurante-casa-masip-300x200.jpg 300w, https:\/\/www.visitgastroh.com\/wp-content\/uploads\/2022\/04\/restaurante-casa-masip-768x512.jpg 768w, https:\/\/www.visitgastroh.com\/wp-content\/uploads\/2022\/04\/restaurante-casa-masip-900x600.jpg 900w\" sizes=\"auto, (max-width: 1024px) 100vw, 1024px\" \/><\/a><\/p><p class=\"store_locator_excerpt\">Casa Masip Restaurante (Ezcaray) Le restaurant est n\u00e9 en ao\u00fbt 1995 en raison de pr\u00e9occupations concernant la cuisine de Pedro Masip, inspir\u00e9e par sa m\u00e8re Vicenta P\u00e9rez, une grande cuisini\u00e8re...<\/p><p class=\"store_locator_address\"><span class=\"store_locator_street\">Avda. Academia Militar 4 y 6<br\/><\/span> <span class=\"store_locator_zip\">26280 <\/span> <span class=\"store_locator_city\">Ezcaray<br\/><\/span> <span class=\"store_locator_region\">La Rioja<\/span> <\/p><p class=\"store_locator_contact\"><span class=\"store_locator_tel\">Tel.: <a href=\"tel:+34 941 35 43 27\">+34 941 35 43 27<\/a><br\/><\/span><span class=\"store_locator_email\">Email: <a href=\"mailto:info@casamasip.com\">info@casamasip.com<\/a><br\/><\/span><span class=\"store_locator_website\">Website: <a href=\"https:\/\/www.casamasip.com\/\">https:\/\/www.casamasip.com\/<\/a><br\/><\/span><\/p><\/div>`,\n      });\n\n    marker5.addListener(\"click\", () => {\n        infowindow5.open({\n          anchor: marker5,\n          map,\n          shouldFocus: false,\n        });\n    });marker6 = new google.maps.Marker({position: {lat: 42.3255114, lng: -3.0146367},map,title: \"Echaurren Tradici\u00f3n\",});\n    markers.push(marker6);\n    const infowindow6 = new google.maps.InfoWindow({\n        content: `<div id=\"store_locator_infowindow_35097\" class=\"store_locator_infowindow\"><div class=\"store-locator-col-sm-12 store_locator_details\"><h3 class=\"store_locator_name\"><a href=\"https:\/\/www.visitgastroh.com\/fr\/store\/echaurren-tradicion\/\">Echaurren Tradici\u00f3n<\/a><\/h3><p><a href=\"https:\/\/www.visitgastroh.com\/fr\/store\/echaurren-tradicion\/\"><img loading=\"lazy\" decoding=\"async\" width=\"2560\" height=\"1334\" src=\"https:\/\/www.visitgastroh.com\/wp-content\/uploads\/2022\/04\/echaurren-tradicion-2-scaled.jpg\" class=\"attachment-post-thumbnail size-post-thumbnail wp-post-image\" alt=\"\" srcset=\"https:\/\/www.visitgastroh.com\/wp-content\/uploads\/2022\/04\/echaurren-tradicion-2-scaled.jpg 2560w, https:\/\/www.visitgastroh.com\/wp-content\/uploads\/2022\/04\/echaurren-tradicion-2-300x156.jpg 300w, https:\/\/www.visitgastroh.com\/wp-content\/uploads\/2022\/04\/echaurren-tradicion-2-1024x534.jpg 1024w, https:\/\/www.visitgastroh.com\/wp-content\/uploads\/2022\/04\/echaurren-tradicion-2-768x400.jpg 768w, https:\/\/www.visitgastroh.com\/wp-content\/uploads\/2022\/04\/echaurren-tradicion-2-1536x800.jpg 1536w, https:\/\/www.visitgastroh.com\/wp-content\/uploads\/2022\/04\/echaurren-tradicion-2-2048x1067.jpg 2048w\" sizes=\"auto, (max-width: 2560px) 100vw, 2560px\" \/><\/a><\/p><p class=\"store_locator_excerpt\">Echaurren Tradici\u00f3n (Ezcaray) Il fait partie de l&#8217;histoire de la cuisine traditionnelle de Rioja. Ce m\u00e9rite appartient \u00e0 notre m\u00e8re, Marisa S\u00e1nchez. Elle a r\u00e9uni et a su transmettre \u00e0...<\/p><p class=\"store_locator_address\"><span class=\"store_locator_street\">Padre Jos\u00e9 Garc\u00eda, 19<br\/><\/span> <span class=\"store_locator_zip\">26280 <\/span> <span class=\"store_locator_city\">Ezcaray<br\/><\/span> <span class=\"store_locator_region\">La Rioja<\/span> <\/p><p class=\"store_locator_contact\"><span class=\"store_locator_tel\">Tel.: <a href=\"tel:+34 941 35 40 47\">+34 941 35 40 47<\/a><br\/><\/span><span class=\"store_locator_email\">Email: <a href=\"mailto:info@echaurren.com\">info@echaurren.com<\/a><br\/><\/span><span class=\"store_locator_website\">Website: <a href=\"https:\/\/echaurren.com\/\">https:\/\/echaurren.com\/<\/a><br\/><\/span><\/p><\/div>`,\n      });\n\n    marker6.addListener(\"click\", () => {\n        infowindow6.open({\n          anchor: marker6,\n          map,\n          shouldFocus: false,\n        });\n    });marker7 = new google.maps.Marker({position: {lat: 42.3255114, lng: -3.0146367},map,title: \"El Portal del Echaurren\",});\n    markers.push(marker7);\n    const infowindow7 = new google.maps.InfoWindow({\n        content: `<div id=\"store_locator_infowindow_35101\" class=\"store_locator_infowindow\"><div class=\"store-locator-col-sm-12 store_locator_details\"><h3 class=\"store_locator_name\"><a href=\"https:\/\/www.visitgastroh.com\/fr\/store\/el-portal-del-echaurren\/\">El Portal del Echaurren<\/a><\/h3><p><a href=\"https:\/\/www.visitgastroh.com\/fr\/store\/el-portal-del-echaurren\/\"><img loading=\"lazy\" decoding=\"async\" width=\"1750\" height=\"1165\" src=\"https:\/\/www.visitgastroh.com\/wp-content\/uploads\/2022\/04\/portal-1.jpg\" class=\"attachment-post-thumbnail size-post-thumbnail wp-post-image\" alt=\"\" srcset=\"https:\/\/www.visitgastroh.com\/wp-content\/uploads\/2022\/04\/portal-1.jpg 1750w, https:\/\/www.visitgastroh.com\/wp-content\/uploads\/2022\/04\/portal-1-300x200.jpg 300w, https:\/\/www.visitgastroh.com\/wp-content\/uploads\/2022\/04\/portal-1-1024x682.jpg 1024w, https:\/\/www.visitgastroh.com\/wp-content\/uploads\/2022\/04\/portal-1-768x511.jpg 768w, https:\/\/www.visitgastroh.com\/wp-content\/uploads\/2022\/04\/portal-1-1536x1023.jpg 1536w, https:\/\/www.visitgastroh.com\/wp-content\/uploads\/2022\/04\/portal-1-900x600.jpg 900w\" sizes=\"auto, (max-width: 1750px) 100vw, 1750px\" \/><\/a><\/p><p class=\"store_locator_excerpt\">El Portal del Echaurren (Ezcaray) El Portal est le restaurant gastronomique, con\u00e7u par et pour profiter de la cuisine la plus conceptuelle. Un espace ambitieux o\u00f9 vous pouvez lib\u00e9rer votre...<\/p><p class=\"store_locator_address\"><span class=\"store_locator_street\">Calle Padre Jos\u00e9 Garc\u00eda, 19, <br\/><\/span> <span class=\"store_locator_zip\">26280 <\/span> <span class=\"store_locator_city\">Ezcaray<br\/><\/span> <span class=\"store_locator_region\">La Rioja<\/span> <\/p><p class=\"store_locator_contact\"><span class=\"store_locator_tel\">Tel.: <a href=\"tel:+34 941 354 047\">+34 941 354 047<\/a><br\/><\/span><span class=\"store_locator_email\">Email: <a href=\"mailto:info@echaurren.com\">info@echaurren.com<\/a><br\/><\/span><span class=\"store_locator_website\">Website: <a href=\"https:\/\/echaurren.com\/\">https:\/\/echaurren.com\/<\/a><br\/><\/span><\/p><\/div>`,\n      });\n\n    marker7.addListener(\"click\", () => {\n        infowindow7.open({\n          anchor: marker7,\n          map,\n          shouldFocus: false,\n        });\n    });marker8 = new google.maps.Marker({position: {lat: 42.371394245960076, lng: -2.580575231877127},map,title: \"Gourmet Echapresto\",});\n    markers.push(marker8);\n    const infowindow8 = new google.maps.InfoWindow({\n        content: `<div id=\"store_locator_infowindow_38492\" class=\"store_locator_infowindow\"><div class=\"store-locator-col-sm-12 store_locator_details\"><h3 class=\"store_locator_name\"><a href=\"https:\/\/www.visitgastroh.com\/fr\/store\/gourmet-echapresto\/\">Gourmet Echapresto<\/a><\/h3><p><a href=\"https:\/\/www.visitgastroh.com\/fr\/store\/gourmet-echapresto\/\"><img loading=\"lazy\" decoding=\"async\" width=\"1924\" height=\"2560\" src=\"https:\/\/www.visitgastroh.com\/wp-content\/uploads\/2022\/05\/VENTA-MONCALVILLO-JR03-scaled.jpg\" class=\"attachment-post-thumbnail size-post-thumbnail wp-post-image\" alt=\"\" srcset=\"https:\/\/www.visitgastroh.com\/wp-content\/uploads\/2022\/05\/VENTA-MONCALVILLO-JR03-scaled.jpg 1924w, https:\/\/www.visitgastroh.com\/wp-content\/uploads\/2022\/05\/VENTA-MONCALVILLO-JR03-225x300.jpg 225w, https:\/\/www.visitgastroh.com\/wp-content\/uploads\/2022\/05\/VENTA-MONCALVILLO-JR03-770x1024.jpg 770w, https:\/\/www.visitgastroh.com\/wp-content\/uploads\/2022\/05\/VENTA-MONCALVILLO-JR03-768x1022.jpg 768w, https:\/\/www.visitgastroh.com\/wp-content\/uploads\/2022\/05\/VENTA-MONCALVILLO-JR03-1154x1536.jpg 1154w, https:\/\/www.visitgastroh.com\/wp-content\/uploads\/2022\/05\/VENTA-MONCALVILLO-JR03-1539x2048.jpg 1539w\" sizes=\"auto, (max-width: 1924px) 100vw, 1924px\" \/><\/a><\/p><p class=\"store_locator_excerpt\">RESTAURANTE VENTA MONCALVILLO Restaurante (DAROCA DE RIOJA) Restaurant gastronomique dans la petite ville de Daroca de Rioja, g\u00e9r\u00e9 par les fr\u00e8res Echapresto, le chef Ignacio Echapresto et le sommelier Carlos...<\/p><p class=\"store_locator_address\"><span class=\"store_locator_street\">Ctra. Medrano n\u00ba6<br\/><\/span> <span class=\"store_locator_zip\">26373<\/span> <span class=\"store_locator_city\">Daroca de Rioja<br\/><\/span> <span class=\"store_locator_region\">La Rioja <\/span> <\/p><p class=\"store_locator_contact\"><span class=\"store_locator_tel\">Tel.: <a href=\"tel:+34 941 444 832\">+34 941 444 832<\/a><br\/><\/span><span class=\"store_locator_email\">Email: <a href=\"mailto:info@ventamoncalvillo.com\">info@ventamoncalvillo.com<\/a><br\/><\/span><span class=\"store_locator_website\">Website: <a href=\"https:\/\/ventamoncalvillo.com\">https:\/\/ventamoncalvillo.com<\/a><br\/><\/span><\/p><\/div>`,\n      });\n\n    marker8.addListener(\"click\", () => {\n        infowindow8.open({\n          anchor: marker8,\n          map,\n          shouldFocus: false,\n        });\n    });marker9 = new google.maps.Marker({position: {lat: 42.4654331047037, lng: -2.4487207761268537},map,title: \"GRIL EL TAHITI\",});\n    markers.push(marker9);\n    const infowindow9 = new google.maps.InfoWindow({\n        content: `<div id=\"store_locator_infowindow_28622\" class=\"store_locator_infowindow\"><div class=\"store-locator-col-sm-12 store_locator_details\"><h3 class=\"store_locator_name\"><a href=\"https:\/\/www.visitgastroh.com\/fr\/store\/gril-el-tahiti\/\">GRIL EL TAHITI<\/a><\/h3><p><a href=\"https:\/\/www.visitgastroh.com\/fr\/store\/gril-el-tahiti\/\"><img loading=\"lazy\" decoding=\"async\" width=\"660\" height=\"439\" src=\"https:\/\/www.visitgastroh.com\/wp-content\/uploads\/2022\/01\/Calle-del-laurel.png\" class=\"attachment-post-thumbnail size-post-thumbnail wp-post-image\" alt=\"\" srcset=\"https:\/\/www.visitgastroh.com\/wp-content\/uploads\/2022\/01\/Calle-del-laurel.png 660w, https:\/\/www.visitgastroh.com\/wp-content\/uploads\/2022\/01\/Calle-del-laurel-300x200.png 300w\" sizes=\"auto, (max-width: 660px) 100vw, 660px\" \/><\/a><\/p><p class=\"store_locator_excerpt\">Restaurant TAHITI STEAKHOUSE (LOGRONO) Grillades de viandes et poissons grill\u00e9s. Produits de la r\u00e9gion saisonni\u00e8re (Sp\u00e9cialit\u00e9 de turbot et entrec\u00f4te grill\u00e9e)<\/p><p class=\"store_locator_address\"><span class=\"store_locator_street\">20, rue Laurel<br\/><\/span> <span class=\"store_locator_zip\">26001<\/span> <span class=\"store_locator_city\">Logro\u00f1o <br\/><\/span> <span class=\"store_locator_region\">La Rioja<\/span> <\/p><p class=\"store_locator_contact\"><span class=\"store_locator_tel\">Tel.: <a href=\"tel:+34 941223309\">+34 941223309<\/a><br\/><\/span><span class=\"store_locator_email\">Email: <a href=\"mailto:info@asadoreltahiti.com\">info@asadoreltahiti.com<\/a><br\/><\/span><span class=\"store_locator_mobile\">Mobile: <a href=\"tel:+34 677654853\">+34 677654853<\/a><br\/><\/span><span class=\"store_locator_website\">Website: <a href=\"http:\/\/www.asadoreltahiti.com\">http:\/\/www.asadoreltahiti.com<\/a><br\/><\/span><\/p><\/div>`,\n      });\n\n    marker9.addListener(\"click\", () => {\n        infowindow9.open({\n          anchor: marker9,\n          map,\n          shouldFocus: false,\n        });\n    });marker10 = new google.maps.Marker({position: {lat: 42.2245205, lng: -2.1085533},map,title: \"H\u00f4tel Ibis Styles Arnedo la rioja\",});\n    markers.push(marker10);\n    const infowindow10 = new google.maps.InfoWindow({\n        content: `<div id=\"store_locator_infowindow_28653\" class=\"store_locator_infowindow\"><div class=\"store-locator-col-sm-12 store_locator_details\"><h3 class=\"store_locator_name\"><a href=\"https:\/\/www.visitgastroh.com\/fr\/store\/hotel-ibis-styles-arnedo-la-rioja\/\">H\u00f4tel Ibis Styles Arnedo la rioja<\/a><\/h3><p><a href=\"https:\/\/www.visitgastroh.com\/fr\/store\/hotel-ibis-styles-arnedo-la-rioja\/\"><img loading=\"lazy\" decoding=\"async\" width=\"1110\" height=\"787\" src=\"https:\/\/www.visitgastroh.com\/wp-content\/uploads\/2022\/02\/Hotel-tematico-del-calzado-cama.jpg\" class=\"attachment-post-thumbnail size-post-thumbnail wp-post-image\" alt=\"\" srcset=\"https:\/\/www.visitgastroh.com\/wp-content\/uploads\/2022\/02\/Hotel-tematico-del-calzado-cama.jpg 1110w, https:\/\/www.visitgastroh.com\/wp-content\/uploads\/2022\/02\/Hotel-tematico-del-calzado-cama-300x213.jpg 300w, https:\/\/www.visitgastroh.com\/wp-content\/uploads\/2022\/02\/Hotel-tematico-del-calzado-cama-1024x726.jpg 1024w, https:\/\/www.visitgastroh.com\/wp-content\/uploads\/2022\/02\/Hotel-tematico-del-calzado-cama-768x545.jpg 768w\" sizes=\"auto, (max-width: 1110px) 100vw, 1110px\" \/><\/a><\/p><p class=\"store_locator_excerpt\">H\u00f4tel &#8211; Restaurant IBIS STYLES (ARN\u00c9DO) Nous sommes toujours les m\u00eames : l&#8217;h\u00f4tel Victoria. Ceux d&#8217;entre nous qui pendant des d\u00e9cennies ont \u00e9t\u00e9 au service d&#8217;Arnedanos et ceux qui nous...<\/p><p class=\"store_locator_address\"><span class=\"store_locator_street\">Marche de la constitution n\u00ba 97<br\/><\/span> <span class=\"store_locator_zip\">26580<\/span> <span class=\"store_locator_city\">Arnedo<br\/><\/span> <span class=\"store_locator_region\">La Rioja<\/span> <\/p><p class=\"store_locator_contact\"><span class=\"store_locator_tel\">Tel.: <a href=\"tel:+34 941 380 100\">+34 941 380 100<\/a><br\/><\/span><span class=\"store_locator_email\">Email: <a href=\"mailto:reserva@victoriarestauracion.es\">reserva@victoriarestauracion.es<\/a><br\/><\/span><span class=\"store_locator_website\">Website: <a href=\"https:\/\/victoriarestauracion.es\">https:\/\/victoriarestauracion.es<\/a><br\/><\/span><\/p><\/div>`,\n      });\n\n    marker10.addListener(\"click\", () => {\n        infowindow10.open({\n          anchor: marker10,\n          map,\n          shouldFocus: false,\n        });\n    });marker11 = new google.maps.Marker({position: {lat: 42.465772359705014, lng: -2.452466362149055},map,title: \"H\u00d4TEL NH HERENCIA RIOJA\",});\n    markers.push(marker11);\n    const infowindow11 = new google.maps.InfoWindow({\n        content: `<div id=\"store_locator_infowindow_28650\" class=\"store_locator_infowindow\"><div class=\"store-locator-col-sm-12 store_locator_details\"><h3 class=\"store_locator_name\"><a href=\"https:\/\/www.visitgastroh.com\/fr\/store\/hotel-nh-herencia-rioja\/\">H\u00d4TEL NH HERENCIA RIOJA<\/a><\/h3><p><a href=\"https:\/\/www.visitgastroh.com\/fr\/store\/hotel-nh-herencia-rioja\/\"><img loading=\"lazy\" decoding=\"async\" width=\"330\" height=\"210\" src=\"https:\/\/www.visitgastroh.com\/wp-content\/uploads\/2022\/02\/RSPNS_NH_herencia-rioja_187_big1.jpg\" class=\"attachment-post-thumbnail size-post-thumbnail wp-post-image\" alt=\"\" srcset=\"https:\/\/www.visitgastroh.com\/wp-content\/uploads\/2022\/02\/RSPNS_NH_herencia-rioja_187_big1.jpg 330w, https:\/\/www.visitgastroh.com\/wp-content\/uploads\/2022\/02\/RSPNS_NH_herencia-rioja_187_big1-300x191.jpg 300w\" sizes=\"auto, (max-width: 330px) 100vw, 330px\" \/><\/a><\/p><p class=\"store_locator_excerpt\">H\u00f4tel-Restaurant NH HERENCIA RIOJA (LOGRO\u00d1O) L&#8217;h\u00f4tel NH Logro\u00f1o Herencia Rioja est situ\u00e9 au c\u0153ur de Logro\u00f1o, \u00e0 moins de 5 minutes \u00e0 pied de la vieille ville, du quartier commer\u00e7ant...<\/p><p class=\"store_locator_address\"><span class=\"store_locator_street\">14, rue Marques de Murrieta<br\/><\/span> <span class=\"store_locator_zip\">26005<\/span> <span class=\"store_locator_city\">LOGRONO<br\/><\/span> <span class=\"store_locator_region\">LA RIOJA<\/span> <\/p><p class=\"store_locator_contact\"><span class=\"store_locator_tel\">Tel.: <a href=\"tel:+34 941210222\">+34 941210222<\/a><br\/><\/span><span class=\"store_locator_email\">Email: <a href=\"mailto:nhherenciarioja@nh-hotels.com\">nhherenciarioja@nh-hotels.com<\/a><br\/><\/span><span class=\"store_locator_website\">Website: <a href=\"https:\/\/www.nh-hotels.com\/\">https:\/\/www.nh-hotels.com\/<\/a><br\/><\/span><\/p><\/div>`,\n      });\n\n    marker11.addListener(\"click\", () => {\n        infowindow11.open({\n          anchor: marker11,\n          map,\n          shouldFocus: false,\n        });\n    });marker12 = new google.maps.Marker({position: {lat: 42.54444264508013, lng: -2.786037342327876},map,title: \"H\u00f4tel Santa Maria Briones\",});\n    markers.push(marker12);\n    const infowindow12 = new google.maps.InfoWindow({\n        content: `<div id=\"store_locator_infowindow_28588\" class=\"store_locator_infowindow\"><div class=\"store-locator-col-sm-12 store_locator_details\"><h3 class=\"store_locator_name\"><a href=\"https:\/\/www.visitgastroh.com\/fr\/store\/hotel-santa-maria-briones\/\">H\u00f4tel Santa Maria Briones<\/a><\/h3><p><a href=\"https:\/\/www.visitgastroh.com\/fr\/store\/hotel-santa-maria-briones\/\"><img loading=\"lazy\" decoding=\"async\" width=\"1530\" height=\"1424\" src=\"https:\/\/www.visitgastroh.com\/wp-content\/uploads\/2022\/03\/SANTAMARIABRIONES-ARCHIVOSDEMARCA-LOGOTIPO_Positivo.jpg\" class=\"attachment-post-thumbnail size-post-thumbnail wp-post-image\" alt=\"\" srcset=\"https:\/\/www.visitgastroh.com\/wp-content\/uploads\/2022\/03\/SANTAMARIABRIONES-ARCHIVOSDEMARCA-LOGOTIPO_Positivo.jpg 1530w, https:\/\/www.visitgastroh.com\/wp-content\/uploads\/2022\/03\/SANTAMARIABRIONES-ARCHIVOSDEMARCA-LOGOTIPO_Positivo-300x279.jpg 300w, https:\/\/www.visitgastroh.com\/wp-content\/uploads\/2022\/03\/SANTAMARIABRIONES-ARCHIVOSDEMARCA-LOGOTIPO_Positivo-1024x953.jpg 1024w, https:\/\/www.visitgastroh.com\/wp-content\/uploads\/2022\/03\/SANTAMARIABRIONES-ARCHIVOSDEMARCA-LOGOTIPO_Positivo-768x715.jpg 768w\" sizes=\"auto, (max-width: 1530px) 100vw, 1530px\" \/><\/a><\/p><p class=\"store_locator_excerpt\">H\u00f4tel SANTA MARIA BRIONES (BRIONS) Santa Mar\u00eda Briones est un projet vital, un retour aux origines, une proposition authentique qui tourne autour du mode de vie de notre terre et...<\/p><p class=\"store_locator_address\"><span class=\"store_locator_street\">Conception, rue n\u00b0 37<br\/><\/span> <span class=\"store_locator_zip\">26330<\/span> <span class=\"store_locator_city\">Briones<br\/><\/span> <span class=\"store_locator_region\">La Rioja<\/span> <\/p><p class=\"store_locator_contact\"><span class=\"store_locator_tel\">Tel.: <a href=\"tel:+34 941991599\">+34 941991599<\/a><br\/><\/span><span class=\"store_locator_email\">Email: <a href=\"mailto:reserva@santamariabriones.com\">reserva@santamariabriones.com<\/a><br\/><\/span><span class=\"store_locator_website\">Website: <a href=\"https:\/\/santamariabriones.com\/\">https:\/\/santamariabriones.com\/<\/a><br\/><\/span><\/p><\/div>`,\n      });\n\n    marker12.addListener(\"click\", () => {\n        infowindow12.open({\n          anchor: marker12,\n          map,\n          shouldFocus: false,\n        });\n    });marker13 = new google.maps.Marker({position: {lat: 42.5730992, lng: -2.7096839},map,title: \"hotel villa de \u00e1balos\",});\n    markers.push(marker13);\n    const infowindow13 = new google.maps.InfoWindow({\n        content: `<div id=\"store_locator_infowindow_34481\" class=\"store_locator_infowindow\"><div class=\"store-locator-col-sm-12 store_locator_details\"><h3 class=\"store_locator_name\"><a href=\"https:\/\/www.visitgastroh.com\/fr\/store\/hotel-villa-de-abalos\/\">hotel villa de \u00e1balos<\/a><\/h3><p><a href=\"https:\/\/www.visitgastroh.com\/fr\/store\/hotel-villa-de-abalos\/\"><img loading=\"lazy\" decoding=\"async\" width=\"532\" height=\"353\" src=\"https:\/\/www.visitgastroh.com\/wp-content\/uploads\/2022\/03\/889.jpg\" class=\"attachment-post-thumbnail size-post-thumbnail wp-post-image\" alt=\"\" srcset=\"https:\/\/www.visitgastroh.com\/wp-content\/uploads\/2022\/03\/889.jpg 532w, https:\/\/www.visitgastroh.com\/wp-content\/uploads\/2022\/03\/889-300x199.jpg 300w\" sizes=\"auto, (max-width: 532px) 100vw, 532px\" \/><\/a><\/p><p class=\"store_locator_excerpt\">HOTEL VILLA DE \u00c1BALOS Hotel (\u00c1BALOS) L&#8217;H\u00f4tel Villa de \u00c1balos est le r\u00e9sultat de la r\u00e9habilitation d&#8217;un manoir \u00e0 l&#8217;architecture civile typique de la fin du XVIIe si\u00e8cle, o\u00f9 la...<\/p><p class=\"store_locator_address\"><span class=\"store_locator_street\">Plaza Ferm\u00edn Gurbindo n\u00ba2<br\/><\/span> <span class=\"store_locator_zip\">26339<\/span> <span class=\"store_locator_city\">\u00c1balos<br\/><\/span> <span class=\"store_locator_region\">La Rioja<\/span> <\/p><p class=\"store_locator_contact\"><span class=\"store_locator_tel\">Tel.: <a href=\"tel:+34941334302\">+34941334302<\/a><br\/><\/span><span class=\"store_locator_email\">Email: <a href=\"mailto:hotel@hotelvilladeabalos.com\">hotel@hotelvilladeabalos.com<\/a><br\/><\/span><span class=\"store_locator_mobile\">Mobile: <a href=\"tel:+34649841746\">+34649841746<\/a><br\/><\/span><span class=\"store_locator_website\">Website: <a href=\"https:\/\/hotelvilladeabalos.com\/\">https:\/\/hotelvilladeabalos.com\/<\/a><br\/><\/span><\/p><\/div>`,\n      });\n\n    marker13.addListener(\"click\", () => {\n        infowindow13.open({\n          anchor: marker13,\n          map,\n          shouldFocus: false,\n        });\n    });marker14 = new google.maps.Marker({position: {lat: 42.353835935511825, lng: -2.4757870306884677},map,title: \"H\u00d4TEL-CAVE LA CASA DEL COFRADE\",});\n    markers.push(marker14);\n    const infowindow14 = new google.maps.InfoWindow({\n        content: `<div id=\"store_locator_infowindow_28589\" class=\"store_locator_infowindow\"><div class=\"store-locator-col-sm-12 store_locator_details\"><h3 class=\"store_locator_name\"><a href=\"https:\/\/www.visitgastroh.com\/fr\/store\/hotel-cave-la-casa-del-cofrade\/\">H\u00d4TEL-CAVE LA CASA DEL COFRADE<\/a><\/h3><p><a href=\"https:\/\/www.visitgastroh.com\/fr\/store\/hotel-cave-la-casa-del-cofrade\/\"><img loading=\"lazy\" decoding=\"async\" width=\"2487\" height=\"1460\" src=\"https:\/\/www.visitgastroh.com\/wp-content\/uploads\/2022\/03\/Entrada-Recepcion.jpg\" class=\"attachment-post-thumbnail size-post-thumbnail wp-post-image\" alt=\"\" srcset=\"https:\/\/www.visitgastroh.com\/wp-content\/uploads\/2022\/03\/Entrada-Recepcion.jpg 2487w, https:\/\/www.visitgastroh.com\/wp-content\/uploads\/2022\/03\/Entrada-Recepcion-300x176.jpg 300w, https:\/\/www.visitgastroh.com\/wp-content\/uploads\/2022\/03\/Entrada-Recepcion-1024x601.jpg 1024w, https:\/\/www.visitgastroh.com\/wp-content\/uploads\/2022\/03\/Entrada-Recepcion-768x451.jpg 768w, https:\/\/www.visitgastroh.com\/wp-content\/uploads\/2022\/03\/Entrada-Recepcion-1536x902.jpg 1536w, https:\/\/www.visitgastroh.com\/wp-content\/uploads\/2022\/03\/Entrada-Recepcion-2048x1202.jpg 2048w\" sizes=\"auto, (max-width: 2487px) 100vw, 2487px\" \/><\/a><\/p><p class=\"store_locator_excerpt\">H\u00f4tel LA CASA DEL COFRADE &#8211; Domaine viticole (ALBELDA DE IREGUA) Bienvenue \u00e0 l&#8217;h\u00f4tel de la cave La Casa del Cofrade, un lieu unique et accueillant dans la DOC Rioja,...<\/p><p class=\"store_locator_address\"><span class=\"store_locator_street\">Autoroute Nalda Km 9<br\/><\/span> <span class=\"store_locator_zip\">26120<\/span> <span class=\"store_locator_city\">Albelda d\\'Iregua<br\/><\/span> <span class=\"store_locator_region\">La Rioja<\/span> <\/p><p class=\"store_locator_contact\"><span class=\"store_locator_tel\">Tel.: <a href=\"tel:+34 941444426\">+34 941444426<\/a><br\/><\/span><span class=\"store_locator_email\">Email: <a href=\"mailto:reserva@lacasadelcofrade.com\">reserva@lacasadelcofrade.com<\/a><br\/><\/span><span class=\"store_locator_website\">Website: <a href=\"https:\/\/www.lacasadelcofrade.com\/\">https:\/\/www.lacasadelcofrade.com\/<\/a><br\/><\/span><\/p><\/div>`,\n      });\n\n    marker14.addListener(\"click\", () => {\n        infowindow14.open({\n          anchor: marker14,\n          map,\n          shouldFocus: false,\n        });\n    });marker15 = new google.maps.Marker({position: {lat: 42.4658937021474, lng: -2.4454091331352212},map,title: \"L'ESCARGOT\",});\n    markers.push(marker15);\n    const infowindow15 = new google.maps.InfoWindow({\n        content: `<div id=\"store_locator_infowindow_28623\" class=\"store_locator_infowindow\"><div class=\"store-locator-col-sm-12 store_locator_details\"><h3 class=\"store_locator_name\"><a href=\"https:\/\/www.visitgastroh.com\/fr\/store\/lescargot\/\">L\\'ESCARGOT<\/a><\/h3><p><a href=\"https:\/\/www.visitgastroh.com\/fr\/store\/lescargot\/\"><img loading=\"lazy\" decoding=\"async\" width=\"896\" height=\"767\" src=\"https:\/\/www.visitgastroh.com\/wp-content\/uploads\/2022\/02\/WhatsApp-Image-2022-02-16-at-5.17.26-PM-2.jpg\" class=\"attachment-post-thumbnail size-post-thumbnail wp-post-image\" alt=\"\" srcset=\"https:\/\/www.visitgastroh.com\/wp-content\/uploads\/2022\/02\/WhatsApp-Image-2022-02-16-at-5.17.26-PM-2.jpg 896w, https:\/\/www.visitgastroh.com\/wp-content\/uploads\/2022\/02\/WhatsApp-Image-2022-02-16-at-5.17.26-PM-2-300x257.jpg 300w, https:\/\/www.visitgastroh.com\/wp-content\/uploads\/2022\/02\/WhatsApp-Image-2022-02-16-at-5.17.26-PM-2-768x657.jpg 768w\" sizes=\"auto, (max-width: 896px) 100vw, 896px\" \/><\/a><\/p><p class=\"store_locator_excerpt\">LE BAR \u00c0 L&#8217;ESCARGOT (LOGRONO) Bar tout grill\u00e9 \u00e0 Logro\u00f1o Dans la rue centrale de San Juan, vous pourrez d\u00e9guster les escargots d&#8217;une mani\u00e8re diff\u00e9rente. Vari\u00e9t\u00e9 de brochettes de qualit\u00e9...<\/p><p class=\"store_locator_address\"><span class=\"store_locator_street\">Angle de San Juan Travers\u00e9e de San Juan<br\/><\/span> <span class=\"store_locator_zip\">26001<\/span> <span class=\"store_locator_city\">Logro\u00f1o<br\/><\/span> <span class=\"store_locator_region\">La Rioja<\/span> <\/p><p class=\"store_locator_contact\"><span class=\"store_locator_tel\">Tel.: <a href=\"tel:+34 639566105\">+34 639566105<\/a><br\/><\/span><span class=\"store_locator_mobile\">Mobile: <a href=\"tel:+34 639566105\">+34 639566105<\/a><br\/><\/span><span class=\"store_locator_website\">Website: <a href=\"https:\/\/el-caracol-bar.negocio.site\/?utm_source=gmb&utm_medium=referral\">https:\/\/el-caracol-bar.negocio.site\/?utm_source=gmb&utm_medium=referral<\/a><br\/><\/span><\/p><\/div>`,\n      });\n\n    marker15.addListener(\"click\", () => {\n        infowindow15.open({\n          anchor: marker15,\n          map,\n          shouldFocus: false,\n        });\n    });marker16 = new google.maps.Marker({position: {lat: 42.4659147, lng: -2.4489845},map,title: \"LA ANJANA\",});\n    markers.push(marker16);\n    const infowindow16 = new google.maps.InfoWindow({\n        content: `<div id=\"store_locator_infowindow_34660\" class=\"store_locator_infowindow\"><div class=\"store-locator-col-sm-12 store_locator_details\"><h3 class=\"store_locator_name\"><a href=\"https:\/\/www.visitgastroh.com\/fr\/store\/la-anjana\/\">LA ANJANA<\/a><\/h3><p><a href=\"https:\/\/www.visitgastroh.com\/fr\/store\/la-anjana\/\"><img loading=\"lazy\" decoding=\"async\" width=\"1800\" height=\"1200\" src=\"https:\/\/www.visitgastroh.com\/wp-content\/uploads\/2022\/03\/la-anjana_017.jpg\" class=\"attachment-post-thumbnail size-post-thumbnail wp-post-image\" alt=\"\" srcset=\"https:\/\/www.visitgastroh.com\/wp-content\/uploads\/2022\/03\/la-anjana_017.jpg 1800w, https:\/\/www.visitgastroh.com\/wp-content\/uploads\/2022\/03\/la-anjana_017-300x200.jpg 300w, https:\/\/www.visitgastroh.com\/wp-content\/uploads\/2022\/03\/la-anjana_017-1024x683.jpg 1024w, https:\/\/www.visitgastroh.com\/wp-content\/uploads\/2022\/03\/la-anjana_017-768x512.jpg 768w, https:\/\/www.visitgastroh.com\/wp-content\/uploads\/2022\/03\/la-anjana_017-1536x1024.jpg 1536w, https:\/\/www.visitgastroh.com\/wp-content\/uploads\/2022\/03\/la-anjana_017-900x600.jpg 900w\" sizes=\"auto, (max-width: 1800px) 100vw, 1800px\" \/><\/a><\/p><p class=\"store_locator_excerpt\">LA ANJANA Bar LOGRO\u00d1O (LA RIOJA) Texte descriptif&#8230;<\/p><p class=\"store_locator_address\"><span class=\"store_locator_street\">Calle San Agust\u00edn n\u00ba6<br\/><\/span> <span class=\"store_locator_zip\">26001<\/span> <span class=\"store_locator_city\">Logro\u00f1o<br\/><\/span> <span class=\"store_locator_region\">La Rioja<\/span> <\/p><p class=\"store_locator_contact\"><span class=\"store_locator_tel\">Tel.: <a href=\"tel:+34613042504\">+34613042504<\/a><br\/><\/span><span class=\"store_locator_email\">Email: <a href=\"mailto:anjana.laurel@gmail.com\">anjana.laurel@gmail.com<\/a><br\/><\/span><span class=\"store_locator_website\">Website: <a href=\"http:\/\/http:\/\/laanjana.es\/\">http:\/\/http:\/\/laanjana.es\/<\/a><br\/><\/span><\/p><\/div>`,\n      });\n\n    marker16.addListener(\"click\", () => {\n        infowindow16.open({\n          anchor: marker16,\n          map,\n          shouldFocus: false,\n        });\n    });marker17 = new google.maps.Marker({position: {lat: 42.4661581, lng: -2.4475764},map,title: \"LA ANJANA\",});\n    markers.push(marker17);\n    const infowindow17 = new google.maps.InfoWindow({\n        content: `<div id=\"store_locator_infowindow_38741\" class=\"store_locator_infowindow\"><div class=\"store-locator-col-sm-12 store_locator_details\"><h3 class=\"store_locator_name\"><a href=\"https:\/\/www.visitgastroh.com\/fr\/store\/la-anjana-2\/\">LA ANJANA<\/a><\/h3><p><a href=\"https:\/\/www.visitgastroh.com\/fr\/store\/la-anjana-2\/\"><img loading=\"lazy\" decoding=\"async\" width=\"1800\" height=\"1200\" src=\"https:\/\/www.visitgastroh.com\/wp-content\/uploads\/2022\/03\/la-anjana_017.jpg\" class=\"attachment-post-thumbnail size-post-thumbnail wp-post-image\" alt=\"\" srcset=\"https:\/\/www.visitgastroh.com\/wp-content\/uploads\/2022\/03\/la-anjana_017.jpg 1800w, https:\/\/www.visitgastroh.com\/wp-content\/uploads\/2022\/03\/la-anjana_017-300x200.jpg 300w, https:\/\/www.visitgastroh.com\/wp-content\/uploads\/2022\/03\/la-anjana_017-1024x683.jpg 1024w, https:\/\/www.visitgastroh.com\/wp-content\/uploads\/2022\/03\/la-anjana_017-768x512.jpg 768w, https:\/\/www.visitgastroh.com\/wp-content\/uploads\/2022\/03\/la-anjana_017-1536x1024.jpg 1536w, https:\/\/www.visitgastroh.com\/wp-content\/uploads\/2022\/03\/la-anjana_017-900x600.jpg 900w\" sizes=\"auto, (max-width: 1800px) 100vw, 1800px\" \/><\/a><\/p><p class=\"store_locator_excerpt\">LA ANJANA Bar (LOGRONO) Situ\u00e9 dans le centre gastronomique de Logro\u00f1o (La Laurel). Nous vous proposons une carte vari\u00e9e pour le petit-d\u00e9jeuner, le d\u00e9jeuner et les pintxos. Mettez en surbrillance...<\/p><p class=\"store_locator_address\"><span class=\"store_locator_street\">Calle San Agust\u00edn 6<br\/><\/span> <span class=\"store_locator_zip\">26001<\/span> <span class=\"store_locator_city\">Logro\u00f1o<br\/><\/span> <span class=\"store_locator_region\">La Rioja<\/span> <\/p><p class=\"store_locator_contact\"><span class=\"store_locator_tel\">Tel.: <a href=\"tel:+34 613 042 504\">+34 613 042 504<\/a><br\/><\/span><span class=\"store_locator_email\">Email: <a href=\"mailto:anjana.laurel@gmail.com\">anjana.laurel@gmail.com<\/a><br\/><\/span><span class=\"store_locator_website\">Website: <a href=\"http:\/\/laanjana.es\/\">http:\/\/laanjana.es\/<\/a><br\/><\/span><\/p><\/div>`,\n      });\n\n    marker17.addListener(\"click\", () => {\n        infowindow17.open({\n          anchor: marker17,\n          map,\n          shouldFocus: false,\n        });\n    });marker18 = new google.maps.Marker({position: {lat: 42.4655285, lng: -2.4485855},map,title: \"La Brasade Laurier\",});\n    markers.push(marker18);\n    const infowindow18 = new google.maps.InfoWindow({\n        content: `<div id=\"store_locator_infowindow_41388\" class=\"store_locator_infowindow\"><div class=\"store-locator-col-sm-12 store_locator_details\"><h3 class=\"store_locator_name\"><a href=\"https:\/\/www.visitgastroh.com\/fr\/store\/la-brasade-laurier\/\">La Brasade Laurier<\/a><\/h3><p><a href=\"https:\/\/www.visitgastroh.com\/fr\/store\/la-brasade-laurier\/\"><img loading=\"lazy\" decoding=\"async\" width=\"1608\" height=\"1072\" src=\"https:\/\/www.visitgastroh.com\/wp-content\/uploads\/2022\/05\/la-brasa-laurel-logrono.jpg\" class=\"attachment-post-thumbnail size-post-thumbnail wp-post-image\" alt=\"\" srcset=\"https:\/\/www.visitgastroh.com\/wp-content\/uploads\/2022\/05\/la-brasa-laurel-logrono.jpg 1608w, https:\/\/www.visitgastroh.com\/wp-content\/uploads\/2022\/05\/la-brasa-laurel-logrono-300x200.jpg 300w, https:\/\/www.visitgastroh.com\/wp-content\/uploads\/2022\/05\/la-brasa-laurel-logrono-1024x683.jpg 1024w, https:\/\/www.visitgastroh.com\/wp-content\/uploads\/2022\/05\/la-brasa-laurel-logrono-768x512.jpg 768w, https:\/\/www.visitgastroh.com\/wp-content\/uploads\/2022\/05\/la-brasa-laurel-logrono-1536x1024.jpg 1536w, https:\/\/www.visitgastroh.com\/wp-content\/uploads\/2022\/05\/la-brasa-laurel-logrono-900x600.jpg 900w\" sizes=\"auto, (max-width: 1608px) 100vw, 1608px\" \/><\/a><\/p><p class=\"store_locator_excerpt\">Restaurant LE LAURIER GRILL\u00c9 (LOGRO\u00d1O) Au num\u00e9ro 16 Calle Laurel \u00e0 Logro\u00f1o, Txebiko a cr\u00e9\u00e9 La Brasa de La Laurel, un espace gastronomique dans lequel les produits de qualit\u00e9 et...<\/p><p class=\"store_locator_address\"><span class=\"store_locator_street\">16 rue Laurier<br\/><\/span> <span class=\"store_locator_zip\">26001<\/span> <span class=\"store_locator_city\">Logro\u00f1o<br\/><\/span> <span class=\"store_locator_region\">La Rioja<\/span> <\/p><p class=\"store_locator_contact\"><span class=\"store_locator_tel\">Tel.: <a href=\"tel:+34 941 50 25 92\">+34 941 50 25 92<\/a><br\/><\/span><span class=\"store_locator_email\">Email: <a href=\"mailto:reserva@labrasadelalaurel.com\">reserva@labrasadelalaurel.com<\/a><br\/><\/span><span class=\"store_locator_website\">Website: <a href=\"https:\/\/txebiko.com\/la-brasa\/\">https:\/\/txebiko.com\/la-brasa\/<\/a><br\/><\/span><\/p><\/div>`,\n      });\n\n    marker18.addListener(\"click\", () => {\n        infowindow18.open({\n          anchor: marker18,\n          map,\n          shouldFocus: false,\n        });\n    });marker19 = new google.maps.Marker({position: {lat: 42.4664845104289, lng: -2.4473325711639315},map,title: \"LA CUISINE DE RAMON\",});\n    markers.push(marker19);\n    const infowindow19 = new google.maps.InfoWindow({\n        content: `<div id=\"store_locator_infowindow_39561\" class=\"store_locator_infowindow\"><div class=\"store-locator-col-sm-12 store_locator_details\"><h3 class=\"store_locator_name\"><a href=\"https:\/\/www.visitgastroh.com\/fr\/store\/la-cuisine-de-ramon\/\">LA CUISINE DE RAMON<\/a><\/h3><p><a href=\"https:\/\/www.visitgastroh.com\/fr\/store\/la-cuisine-de-ramon\/\"><img loading=\"lazy\" decoding=\"async\" width=\"1544\" height=\"444\" src=\"https:\/\/www.visitgastroh.com\/wp-content\/uploads\/2022\/05\/Captura.jpg\" class=\"attachment-post-thumbnail size-post-thumbnail wp-post-image\" alt=\"\" srcset=\"https:\/\/www.visitgastroh.com\/wp-content\/uploads\/2022\/05\/Captura.jpg 1544w, https:\/\/www.visitgastroh.com\/wp-content\/uploads\/2022\/05\/Captura-300x86.jpg 300w, https:\/\/www.visitgastroh.com\/wp-content\/uploads\/2022\/05\/Captura-1024x294.jpg 1024w, https:\/\/www.visitgastroh.com\/wp-content\/uploads\/2022\/05\/Captura-768x221.jpg 768w, https:\/\/www.visitgastroh.com\/wp-content\/uploads\/2022\/05\/Captura-1536x442.jpg 1536w, https:\/\/www.visitgastroh.com\/wp-content\/uploads\/2022\/05\/Captura-350x100.jpg 350w\" sizes=\"auto, (max-width: 1544px) 100vw, 1544px\" \/><\/a><\/p><p class=\"store_locator_excerpt\">Restaurant LA CUISINE DE RAMON (LOGRO\u00d1O) La base de notre cuisine est les produits de saison de La Rioja et son livre de recettes traditionnelles. Nous sommes attach\u00e9s \u00e0 la...<\/p><p class=\"store_locator_address\"><span class=\"store_locator_street\">Rue Portales n \u00b0 30<br\/><\/span> <span class=\"store_locator_zip\">26001<\/span> <span class=\"store_locator_city\">Logro\u00f1o<br\/><\/span> <span class=\"store_locator_region\">La Rioja<\/span> <\/p><p class=\"store_locator_contact\"><span class=\"store_locator_tel\">Tel.: <a href=\"tel:+34 941 289 808\">+34 941 289 808<\/a><br\/><\/span><span class=\"store_locator_email\">Email: <a href=\"mailto:ramon@lacocinaderamon.es\">ramon@lacocinaderamon.es<\/a><br\/><\/span><span class=\"store_locator_website\">Website: <a href=\"https:\/\/lacocinaderamon.es\/restaurante-la-cocina-de-ramon\/\">https:\/\/lacocinaderamon.es\/restaurante-la-cocina-de-ramon\/<\/a><br\/><\/span><\/p><\/div>`,\n      });\n\n    marker19.addListener(\"click\", () => {\n        infowindow19.open({\n          anchor: marker19,\n          map,\n          shouldFocus: false,\n        });\n    });marker20 = new google.maps.Marker({position: {lat: 42.4667749, lng: -2.4453717},map,title: \"LA DESPENSA DEL MARQU\u00c9S\",});\n    markers.push(marker20);\n    const infowindow20 = new google.maps.InfoWindow({\n        content: `<div id=\"store_locator_infowindow_38739\" class=\"store_locator_infowindow\"><div class=\"store-locator-col-sm-12 store_locator_details\"><h3 class=\"store_locator_name\"><a href=\"https:\/\/www.visitgastroh.com\/fr\/store\/la-despensa-del-marques\/\">LA DESPENSA DEL MARQU\u00c9S<\/a><\/h3><p><a href=\"https:\/\/www.visitgastroh.com\/fr\/store\/la-despensa-del-marques\/\"><img loading=\"lazy\" decoding=\"async\" width=\"750\" height=\"754\" src=\"https:\/\/www.visitgastroh.com\/wp-content\/uploads\/2022\/04\/IMG_0408-1.jpg\" class=\"attachment-post-thumbnail size-post-thumbnail wp-post-image\" alt=\"\" srcset=\"https:\/\/www.visitgastroh.com\/wp-content\/uploads\/2022\/04\/IMG_0408-1.jpg 750w, https:\/\/www.visitgastroh.com\/wp-content\/uploads\/2022\/04\/IMG_0408-1-298x300.jpg 298w, https:\/\/www.visitgastroh.com\/wp-content\/uploads\/2022\/04\/IMG_0408-1-150x150.jpg 150w, https:\/\/www.visitgastroh.com\/wp-content\/uploads\/2022\/04\/IMG_0408-1-100x100.jpg 100w, https:\/\/www.visitgastroh.com\/wp-content\/uploads\/2022\/04\/IMG_0408-1-140x140.jpg 140w\" sizes=\"auto, (max-width: 750px) 100vw, 750px\" \/><\/a><\/p><p class=\"store_locator_excerpt\">LA DESPENSA DEL MARQU\u00c9S Restaurante (LOGRONO) Restaurant avec TERRASSE dans le Centre de Logro\u00f1o, Plaza del Mercado 7, en face de la Cath\u00e9drale. 3 chambres s\u00e9par\u00e9es avec toutes distances et...<\/p><p class=\"store_locator_address\"><span class=\"store_locator_street\">Plaza del Mercado, n\u00ba7<br\/><\/span> <span class=\"store_locator_zip\">26001<\/span> <span class=\"store_locator_city\">Logro\u00f1o<br\/><\/span> <span class=\"store_locator_region\">La Rioja<\/span> <\/p><p class=\"store_locator_contact\"><span class=\"store_locator_tel\">Tel.: <a href=\"tel:+34941483073\">+34941483073<\/a><br\/><\/span><span class=\"store_locator_email\">Email: <a href=\"mailto:roberto@ladepensadelmarques.es\">roberto@ladepensadelmarques.es<\/a><br\/><\/span><span class=\"store_locator_website\">Website: <a href=\"http:\/\/www.ladespensadelmarques.es\/\">http:\/\/www.ladespensadelmarques.es\/<\/a><br\/><\/span><\/p><\/div>`,\n      });\n\n    marker20.addListener(\"click\", () => {\n        infowindow20.open({\n          anchor: marker20,\n          map,\n          shouldFocus: false,\n        });\n    });marker21 = new google.maps.Marker({position: {lat: 42.2245205, lng: -2.1085533},map,title: \"Le toit du Victoria\",});\n    markers.push(marker21);\n    const infowindow21 = new google.maps.InfoWindow({\n        content: `<div id=\"store_locator_infowindow_41159\" class=\"store_locator_infowindow\"><div class=\"store-locator-col-sm-12 store_locator_details\"><h3 class=\"store_locator_name\"><a href=\"https:\/\/www.visitgastroh.com\/fr\/store\/le-toit-du-victoria\/\">Le toit du Victoria<\/a><\/h3><p><a href=\"https:\/\/www.visitgastroh.com\/fr\/store\/le-toit-du-victoria\/\"><img loading=\"lazy\" decoding=\"async\" width=\"570\" height=\"350\" src=\"https:\/\/www.visitgastroh.com\/wp-content\/uploads\/2022\/05\/azotea_11.jpg\" class=\"attachment-post-thumbnail size-post-thumbnail wp-post-image\" alt=\"\" srcset=\"https:\/\/www.visitgastroh.com\/wp-content\/uploads\/2022\/05\/azotea_11.jpg 570w, https:\/\/www.visitgastroh.com\/wp-content\/uploads\/2022\/05\/azotea_11-300x184.jpg 300w\" sizes=\"auto, (max-width: 570px) 100vw, 570px\" \/><\/a><\/p><p class=\"store_locator_excerpt\">Restaurant LE TOIT DU VICTORIA (ARN\u00c9DO) Si vous nous visitez du printemps \u00e0 l&#8217;automne&#8230; vous ne pouvez pas le manquer. Nous avons pris de la hauteur et avons con\u00e7u un...<\/p><p class=\"store_locator_address\"><span class=\"store_locator_street\">Marche de la Constitution, 97.<br\/><\/span> <span class=\"store_locator_zip\">26580<\/span> <span class=\"store_locator_city\">Arnedo<br\/><\/span> <span class=\"store_locator_region\">La Rioja<\/span> <\/p><p class=\"store_locator_contact\"><span class=\"store_locator_tel\">Tel.: <a href=\"tel:+34 941 380 100\">+34 941 380 100<\/a><br\/><\/span><span class=\"store_locator_email\">Email: <a href=\"mailto:info@victoriarestauracion.es\">info@victoriarestauracion.es<\/a><br\/><\/span><span class=\"store_locator_website\">Website: <a href=\"https:\/\/victoriarestauracion.es\/la-azotea-del-victoria\/\">https:\/\/victoriarestauracion.es\/la-azotea-del-victoria\/<\/a><br\/><\/span><\/p><\/div>`,\n      });\n\n    marker21.addListener(\"click\", () => {\n        infowindow21.open({\n          anchor: marker21,\n          map,\n          shouldFocus: false,\n        });\n    });marker22 = new google.maps.Marker({position: {lat: 42.44096952917064, lng: -2.9531411736106827},map,title: \"Les chevalliers\",});\n    markers.push(marker22);\n    const infowindow22 = new google.maps.InfoWindow({\n        content: `<div id=\"store_locator_infowindow_28603\" class=\"store_locator_infowindow\"><div class=\"store-locator-col-sm-12 store_locator_details\"><h3 class=\"store_locator_name\"><a href=\"https:\/\/www.visitgastroh.com\/fr\/store\/les-chevalliers\/\">Les chevalliers<\/a><\/h3><p><a href=\"https:\/\/www.visitgastroh.com\/fr\/store\/les-chevalliers\/\"><img loading=\"lazy\" decoding=\"async\" width=\"1322\" height=\"991\" src=\"https:\/\/www.visitgastroh.com\/wp-content\/uploads\/2022\/02\/foto-exterior.jpg\" class=\"attachment-post-thumbnail size-post-thumbnail wp-post-image\" alt=\"\" srcset=\"https:\/\/www.visitgastroh.com\/wp-content\/uploads\/2022\/02\/foto-exterior.jpg 1322w, https:\/\/www.visitgastroh.com\/wp-content\/uploads\/2022\/02\/foto-exterior-300x225.jpg 300w, https:\/\/www.visitgastroh.com\/wp-content\/uploads\/2022\/02\/foto-exterior-1024x768.jpg 1024w, https:\/\/www.visitgastroh.com\/wp-content\/uploads\/2022\/02\/foto-exterior-768x576.jpg 768w\" sizes=\"auto, (max-width: 1322px) 100vw, 1322px\" \/><\/a><\/p><p class=\"store_locator_excerpt\">Restaurant LES CHEVALIERS (DIMANCHE SAINT DE LA CALZADA) Restaurant familial situ\u00e9 dans la vieille ville, \u00e0 c\u00f4t\u00e9 de l&#8217;abside romane de la cath\u00e9drale, du Parador de Turismo et du passage...<\/p><p class=\"store_locator_address\"><span class=\"store_locator_street\">Rue Mayor n\u00ba56-58<br\/><\/span> <span class=\"store_locator_zip\">26250<\/span> <span class=\"store_locator_city\">Saint-Domingue de la Calzada<br\/><\/span> <span class=\"store_locator_region\">La Rioja<\/span> <\/p><p class=\"store_locator_contact\"><span class=\"store_locator_tel\">Tel.: <a href=\"tel:+34 941342789\">+34 941342789<\/a><br\/><\/span><span class=\"store_locator_email\">Email: <a href=\"mailto:reserva@restauranteloscaballeros.com\">reserva@restauranteloscaballeros.com<\/a><br\/><\/span><span class=\"store_locator_mobile\">Mobile: <a href=\"tel:+34 667517690\">+34 667517690<\/a><br\/><\/span><span class=\"store_locator_website\">Website: <a href=\"https:\/\/www.restauranteloscaballeros.com\">https:\/\/www.restauranteloscaballeros.com<\/a><br\/><\/span><\/p><\/div>`,\n      });\n\n    marker22.addListener(\"click\", () => {\n        infowindow22.open({\n          anchor: marker22,\n          map,\n          shouldFocus: false,\n        });\n    });marker23 = new google.maps.Marker({position: {lat: 42.45267259390092, lng: -2.4479866772155745},map,title: \"Logro\u00f1o H\u00f4tel Avda de Madrid 25\",});\n    markers.push(marker23);\n    const infowindow23 = new google.maps.InfoWindow({\n        content: `<div id=\"store_locator_infowindow_28587\" class=\"store_locator_infowindow\"><div class=\"store-locator-col-sm-12 store_locator_details\"><h3 class=\"store_locator_name\"><a href=\"https:\/\/www.visitgastroh.com\/fr\/store\/logrono-hotel-avda-de-madrid-25\/\">Logro\u00f1o H\u00f4tel Avda de Madrid 25<\/a><\/h3><p><a href=\"https:\/\/www.visitgastroh.com\/fr\/store\/logrono-hotel-avda-de-madrid-25\/\"><img loading=\"lazy\" decoding=\"async\" width=\"2560\" height=\"1707\" src=\"https:\/\/www.visitgastroh.com\/wp-content\/uploads\/2022\/03\/2022T_00983-scaled.jpg\" class=\"attachment-post-thumbnail size-post-thumbnail wp-post-image\" alt=\"\" srcset=\"https:\/\/www.visitgastroh.com\/wp-content\/uploads\/2022\/03\/2022T_00983-scaled.jpg 2560w, https:\/\/www.visitgastroh.com\/wp-content\/uploads\/2022\/03\/2022T_00983-300x200.jpg 300w, https:\/\/www.visitgastroh.com\/wp-content\/uploads\/2022\/03\/2022T_00983-1024x683.jpg 1024w, https:\/\/www.visitgastroh.com\/wp-content\/uploads\/2022\/03\/2022T_00983-768x512.jpg 768w, https:\/\/www.visitgastroh.com\/wp-content\/uploads\/2022\/03\/2022T_00983-1536x1024.jpg 1536w, https:\/\/www.visitgastroh.com\/wp-content\/uploads\/2022\/03\/2022T_00983-2048x1365.jpg 2048w, https:\/\/www.visitgastroh.com\/wp-content\/uploads\/2022\/03\/2022T_00983-900x600.jpg 900w\" sizes=\"auto, (max-width: 2560px) 100vw, 2560px\" \/><\/a><\/p><p class=\"store_locator_excerpt\">LOGRO\u00d1O AVDA DE MADRID 25 Hotel (LOGRONO) \u00c0 700 m\u00e8tres du centre de Logro\u00f1o et \u00e0 450 m\u00e8tres du stade de football Las Gaunas. Il propose des chambres attrayantes dot\u00e9es...<\/p><p class=\"store_locator_address\"><span class=\"store_locator_street\">Avda de Madrid n\u00ba25<br\/><\/span> <span class=\"store_locator_zip\">26007<\/span> <span class=\"store_locator_city\">Logro\u00f1o<br\/><\/span> <span class=\"store_locator_region\">La Rioja <\/span> <\/p><p class=\"store_locator_contact\"><span class=\"store_locator_tel\">Tel.: <a href=\"tel:+34 941870001\">+34 941870001<\/a><br\/><\/span><span class=\"store_locator_email\">Email: <a href=\"mailto:reservas@hotellogrono.com\">reservas@hotellogrono.com<\/a><br\/><\/span><span class=\"store_locator_website\">Website: <a href=\"http:\/\/www.hotellogrono.com\/\">http:\/\/www.hotellogrono.com\/<\/a><br\/><\/span><\/p><\/div>`,\n      });\n\n    marker23.addListener(\"click\", () => {\n        infowindow23.open({\n          anchor: marker23,\n          map,\n          shouldFocus: false,\n        });\n    });marker24 = new google.maps.Marker({position: {lat: 42.179178498822985, lng: -1.7507898687866308},map,title: \"Morro Tango\",});\n    markers.push(marker24);\n    const infowindow24 = new google.maps.InfoWindow({\n        content: `<div id=\"store_locator_infowindow_38705\" class=\"store_locator_infowindow\"><div class=\"store-locator-col-sm-12 store_locator_details\"><h3 class=\"store_locator_name\"><a href=\"https:\/\/www.visitgastroh.com\/fr\/store\/morro-tango\/\">Morro Tango<\/a><\/h3><p><a href=\"https:\/\/www.visitgastroh.com\/fr\/store\/morro-tango\/\"><img loading=\"lazy\" decoding=\"async\" width=\"1600\" height=\"1200\" src=\"https:\/\/www.visitgastroh.com\/wp-content\/uploads\/2022\/04\/Estado-actual.jpg\" class=\"attachment-post-thumbnail size-post-thumbnail wp-post-image\" alt=\"\" srcset=\"https:\/\/www.visitgastroh.com\/wp-content\/uploads\/2022\/04\/Estado-actual.jpg 1600w, https:\/\/www.visitgastroh.com\/wp-content\/uploads\/2022\/04\/Estado-actual-300x225.jpg 300w, https:\/\/www.visitgastroh.com\/wp-content\/uploads\/2022\/04\/Estado-actual-1024x768.jpg 1024w, https:\/\/www.visitgastroh.com\/wp-content\/uploads\/2022\/04\/Estado-actual-768x576.jpg 768w, https:\/\/www.visitgastroh.com\/wp-content\/uploads\/2022\/04\/Estado-actual-1536x1152.jpg 1536w\" sizes=\"auto, (max-width: 1600px) 100vw, 1600px\" \/><\/a><\/p><p class=\"store_locator_excerpt\">MORRO TANGO Restaurante (ALFARO) Nous appartenons au Guide Michelin avec notre distinction &#8220;Bib Gourman&#8221; comme restaurant au meilleur rapport qualit\u00e9 prix. \u00cates-vous un tango morro? Rendez-nous visite et vous d\u00e9gusterez...<\/p><p class=\"store_locator_address\"><span class=\"store_locator_street\">Calle Las Pozas n\u00ba18<br\/><\/span> <span class=\"store_locator_zip\">26540<\/span> <span class=\"store_locator_city\">Alfaro<br\/><\/span> <span class=\"store_locator_region\">La Rioja<\/span> <\/p><p class=\"store_locator_contact\"><span class=\"store_locator_tel\">Tel.: <a href=\"tel:+34 941181533\">+34 941181533<\/a><br\/><\/span><span class=\"store_locator_email\">Email: <a href=\"mailto:restaurante@morrotango.com\">restaurante@morrotango.com<\/a><br\/><\/span><span class=\"store_locator_website\">Website: <a href=\"morrotango.com\">morrotango.com<\/a><br\/><\/span><\/p><\/div>`,\n      });\n\n    marker24.addListener(\"click\", () => {\n        infowindow24.open({\n          anchor: marker24,\n          map,\n          shouldFocus: false,\n        });\n    });marker25 = new google.maps.Marker({position: {lat: 42.46662954838967, lng: -2.446704690807344},map,title: \"Restaurant A\u00eftor Esnal\",});\n    markers.push(marker25);\n    const infowindow25 = new google.maps.InfoWindow({\n        content: `<div id=\"store_locator_infowindow_28625\" class=\"store_locator_infowindow\"><div class=\"store-locator-col-sm-12 store_locator_details\"><h3 class=\"store_locator_name\"><a href=\"https:\/\/www.visitgastroh.com\/fr\/store\/restaurant-aitor-esnal\/\">Restaurant A\u00eftor Esnal<\/a><\/h3><p><a href=\"https:\/\/www.visitgastroh.com\/fr\/store\/restaurant-aitor-esnal\/\"><img loading=\"lazy\" decoding=\"async\" width=\"1500\" height=\"750\" src=\"https:\/\/www.visitgastroh.com\/wp-content\/uploads\/2022\/02\/AGP1498_0043-Pano.jpg\" class=\"attachment-post-thumbnail size-post-thumbnail wp-post-image\" alt=\"\" srcset=\"https:\/\/www.visitgastroh.com\/wp-content\/uploads\/2022\/02\/AGP1498_0043-Pano.jpg 1500w, https:\/\/www.visitgastroh.com\/wp-content\/uploads\/2022\/02\/AGP1498_0043-Pano-300x150.jpg 300w, https:\/\/www.visitgastroh.com\/wp-content\/uploads\/2022\/02\/AGP1498_0043-Pano-1024x512.jpg 1024w, https:\/\/www.visitgastroh.com\/wp-content\/uploads\/2022\/02\/AGP1498_0043-Pano-768x384.jpg 768w, https:\/\/www.visitgastroh.com\/wp-content\/uploads\/2022\/02\/AGP1498_0043-Pano-1000x500.jpg 1000w, https:\/\/www.visitgastroh.com\/wp-content\/uploads\/2022\/02\/AGP1498_0043-Pano-670x335.jpg 670w\" sizes=\"auto, (max-width: 1500px) 100vw, 1500px\" \/><\/a><\/p><p class=\"store_locator_excerpt\">Restaurant AITOR ESNAL (LOGRONO) Le nouveau projet d&#8217;Aitor Esnal est un tout nouvel univers gastronomique \u00e0 d\u00e9couvrir : origines, environs et voyages ; 100% saveur.<\/p><p class=\"store_locator_address\"><span class=\"store_locator_street\">Rue Sagasta n\u00ba13<br\/><\/span> <span class=\"store_locator_zip\">26001<\/span> <span class=\"store_locator_city\">Logro\u00f1o<br\/><\/span> <span class=\"store_locator_region\">La Rioja<\/span> <\/p><p class=\"store_locator_contact\"><span class=\"store_locator_tel\">Tel.: <a href=\"tel:+34 941241283\">+34 941241283<\/a><br\/><\/span><span class=\"store_locator_email\">Email: <a href=\"mailto:info@aitoresnal.com\">info@aitoresnal.com<\/a><br\/><\/span><span class=\"store_locator_website\">Website: <a href=\"http:\/\/aitoresnal.com\">http:\/\/aitoresnal.com<\/a><br\/><\/span><\/p><\/div>`,\n      });\n\n    marker25.addListener(\"click\", () => {\n        infowindow25.open({\n          anchor: marker25,\n          map,\n          shouldFocus: false,\n        });\n    });marker26 = new google.maps.Marker({position: {lat: 42.463033803343265, lng: -2.4490283833282445},map,title: \"Restaurant Juan Carlos Ferrando\",});\n    markers.push(marker26);\n    const infowindow26 = new google.maps.InfoWindow({\n        content: `<div id=\"store_locator_infowindow_28637\" class=\"store_locator_infowindow\"><div class=\"store-locator-col-sm-12 store_locator_details\"><h3 class=\"store_locator_name\"><a href=\"https:\/\/www.visitgastroh.com\/fr\/store\/restaurant-juan-carlos-ferrando\/\">Restaurant Juan Carlos Ferrando<\/a><\/h3><p><a href=\"https:\/\/www.visitgastroh.com\/fr\/store\/restaurant-juan-carlos-ferrando\/\"><img loading=\"lazy\" decoding=\"async\" width=\"2560\" height=\"1707\" src=\"https:\/\/www.visitgastroh.com\/wp-content\/uploads\/2022\/02\/FERRANDO_JRE1-scaled.jpg\" class=\"attachment-post-thumbnail size-post-thumbnail wp-post-image\" alt=\"\" srcset=\"https:\/\/www.visitgastroh.com\/wp-content\/uploads\/2022\/02\/FERRANDO_JRE1-scaled.jpg 2560w, https:\/\/www.visitgastroh.com\/wp-content\/uploads\/2022\/02\/FERRANDO_JRE1-300x200.jpg 300w, https:\/\/www.visitgastroh.com\/wp-content\/uploads\/2022\/02\/FERRANDO_JRE1-1024x683.jpg 1024w, https:\/\/www.visitgastroh.com\/wp-content\/uploads\/2022\/02\/FERRANDO_JRE1-768x512.jpg 768w, https:\/\/www.visitgastroh.com\/wp-content\/uploads\/2022\/02\/FERRANDO_JRE1-1536x1024.jpg 1536w, https:\/\/www.visitgastroh.com\/wp-content\/uploads\/2022\/02\/FERRANDO_JRE1-2048x1366.jpg 2048w, https:\/\/www.visitgastroh.com\/wp-content\/uploads\/2022\/02\/FERRANDO_JRE1-900x600.jpg 900w\" sizes=\"auto, (max-width: 2560px) 100vw, 2560px\" \/><\/a><\/p><p class=\"store_locator_excerpt\">Restaurant JUAN CARLOS FERRANDO (LOGRONO) Nous r\u00e9alisons une cuisine fine, \u00e9l\u00e9gante, d\u00e9licate. Une cuisine d&#8217;\u00e9poque. Juste le temps d&#8217;obtenir une cuisson ad\u00e9quate du produit principal du plat et le temps...<\/p><p class=\"store_locator_address\"><span class=\"store_locator_street\">Rue Maria Teresa Gil de Garate n\u00b0 7<br\/><\/span> <span class=\"store_locator_zip\">26002<\/span> <span class=\"store_locator_city\">Logro\u00f1o<br\/><\/span> <span class=\"store_locator_region\">La Rioja<\/span> <\/p><p class=\"store_locator_contact\"><span class=\"store_locator_tel\">Tel.: <a href=\"tel:+34 941214795\">+34 941214795<\/a><br\/><\/span><span class=\"store_locator_email\">Email: <a href=\"mailto:reserva@juancarlosferrando.com\">reserva@juancarlosferrando.com<\/a><br\/><\/span><span class=\"store_locator_mobile\">Mobile: <a href=\"tel:+34 649977575\">+34 649977575<\/a><br\/><\/span><span class=\"store_locator_website\">Website: <a href=\"https:\/\/www.juancarlosferrando.com\/\">https:\/\/www.juancarlosferrando.com\/<\/a><br\/><\/span><\/p><\/div>`,\n      });\n\n    marker26.addListener(\"click\", () => {\n        infowindow26.open({\n          anchor: marker26,\n          map,\n          shouldFocus: false,\n        });\n    });marker27 = new google.maps.Marker({position: {lat: 42.31372538047496, lng: -2.2202967771072446},map,title: \"Restaurant La Alameda de Pipaona\",});\n    markers.push(marker27);\n    const infowindow27 = new google.maps.InfoWindow({\n        content: `<div id=\"store_locator_infowindow_28648\" class=\"store_locator_infowindow\"><div class=\"store-locator-col-sm-12 store_locator_details\"><h3 class=\"store_locator_name\"><a href=\"https:\/\/www.visitgastroh.com\/fr\/store\/restaurant-la-alameda-de-pipaona\/\">Restaurant La Alameda de Pipaona<\/a><\/h3><p><a href=\"https:\/\/www.visitgastroh.com\/fr\/store\/restaurant-la-alameda-de-pipaona\/\"><img loading=\"lazy\" decoding=\"async\" width=\"2560\" height=\"1707\" src=\"https:\/\/www.visitgastroh.com\/wp-content\/uploads\/2022\/02\/45A0882-scaled.jpg\" class=\"attachment-post-thumbnail size-post-thumbnail wp-post-image\" alt=\"\" srcset=\"https:\/\/www.visitgastroh.com\/wp-content\/uploads\/2022\/02\/45A0882-scaled.jpg 2560w, https:\/\/www.visitgastroh.com\/wp-content\/uploads\/2022\/02\/45A0882-300x200.jpg 300w, https:\/\/www.visitgastroh.com\/wp-content\/uploads\/2022\/02\/45A0882-1024x683.jpg 1024w, https:\/\/www.visitgastroh.com\/wp-content\/uploads\/2022\/02\/45A0882-768x512.jpg 768w, https:\/\/www.visitgastroh.com\/wp-content\/uploads\/2022\/02\/45A0882-1536x1024.jpg 1536w, https:\/\/www.visitgastroh.com\/wp-content\/uploads\/2022\/02\/45A0882-2048x1365.jpg 2048w, https:\/\/www.visitgastroh.com\/wp-content\/uploads\/2022\/02\/45A0882-900x600.jpg 900w\" sizes=\"auto, (max-width: 2560px) 100vw, 2560px\" \/><\/a><\/p><p class=\"store_locator_excerpt\">L&#8217;ALAMEDA DE PIPAONA Bar Restaurant (PIPAONE DE OC\u00d3N) Restaurant de charme en zone rurale, au c\u0153ur de la r\u00e9serve de biosph\u00e8re de La Rioja. Cuisine traditionnelle et de saison, nous...<\/p><p class=\"store_locator_address\"><span class=\"store_locator_street\">Rue Real s\/n<br\/><\/span> <span class=\"store_locator_zip\">26147<\/span> <span class=\"store_locator_city\">Ocon Pipaona <br\/><\/span> <span class=\"store_locator_region\">La Rioja<\/span> <\/p><p class=\"store_locator_contact\"><span class=\"store_locator_tel\">Tel.: <a href=\"tel:+34 659 922 075\">+34 659 922 075<\/a><br\/><\/span><span class=\"store_locator_email\">Email: <a href=\"mailto:information@laalamedapipaona.com \">information@laalamedapipaona.com <\/a><br\/><\/span><span class=\"store_locator_mobile\">Mobile: <a href=\"tel:+34 659 922 075\">+34 659 922 075<\/a><br\/><\/span><span class=\"store_locator_website\">Website: <a href=\"https:\/\/www.laalamedapipaona.com\/\">https:\/\/www.laalamedapipaona.com\/<\/a><br\/><\/span><\/p><\/div>`,\n      });\n\n    marker27.addListener(\"click\", () => {\n        infowindow27.open({\n          anchor: marker27,\n          map,\n          shouldFocus: false,\n        });\n    });marker28 = new google.maps.Marker({position: {lat: 42.22567919999999, lng: -2.1020752},map,title: \"Restaurant Sopita\",});\n    markers.push(marker28);\n    const infowindow28 = new google.maps.InfoWindow({\n        content: `<div id=\"store_locator_infowindow_41013\" class=\"store_locator_infowindow\"><div class=\"store-locator-col-sm-12 store_locator_details\"><h3 class=\"store_locator_name\"><a href=\"https:\/\/www.visitgastroh.com\/fr\/store\/restaurant-sopita\/\">Restaurant Sopita<\/a><\/h3><p><a href=\"https:\/\/www.visitgastroh.com\/fr\/store\/restaurant-sopita\/\"><img loading=\"lazy\" decoding=\"async\" width=\"1024\" height=\"441\" src=\"https:\/\/www.visitgastroh.com\/wp-content\/uploads\/2022\/03\/hotel_slide2_21-1024x441-1.jpg\" class=\"attachment-post-thumbnail size-post-thumbnail wp-post-image\" alt=\"\" srcset=\"https:\/\/www.visitgastroh.com\/wp-content\/uploads\/2022\/03\/hotel_slide2_21-1024x441-1.jpg 1024w, https:\/\/www.visitgastroh.com\/wp-content\/uploads\/2022\/03\/hotel_slide2_21-1024x441-1-300x129.jpg 300w, https:\/\/www.visitgastroh.com\/wp-content\/uploads\/2022\/03\/hotel_slide2_21-1024x441-1-768x331.jpg 768w\" sizes=\"auto, (max-width: 1024px) 100vw, 1024px\" \/><\/a><\/p><p class=\"store_locator_excerpt\">Restaurant SOPITAS (ARN\u00c9DO) Nous apportons La Rioja dans votre assiette dans un espace unique et intime. Exclusivit\u00e9 et design original gr\u00e2ce \u00e0 ses grottes naturelles de diff\u00e9rentes tailles en plein...<\/p><p class=\"store_locator_address\"><span class=\"store_locator_street\">C\/ De la Carrera, 4<br\/><\/span> <span class=\"store_locator_zip\">26580<\/span> <span class=\"store_locator_city\">Arnedo<br\/><\/span> <span class=\"store_locator_region\">La Rioja<\/span> <\/p><p class=\"store_locator_contact\"><span class=\"store_locator_tel\">Tel.: <a href=\"tel:+34 941380266\">+34 941380266<\/a><br\/><\/span><span class=\"store_locator_email\">Email: <a href=\"mailto:reserve@sopitas.es\">reserve@sopitas.es<\/a><br\/><\/span><span class=\"store_locator_website\">Website: <a href=\"https:\/\/victoriarestauracion.es\/restaurante-sopitas\/\">https:\/\/victoriarestauracion.es\/restaurante-sopitas\/<\/a><br\/><\/span><\/p><\/div>`,\n      });\n\n    marker28.addListener(\"click\", () => {\n        infowindow28.open({\n          anchor: marker28,\n          map,\n          shouldFocus: false,\n        });\n    });marker29 = new google.maps.Marker({position: {lat: 42.377441856443546, lng: -2.522121744335948},map,title: \"RESTAURANT TIERRA (CAVE-H\u00d4TEL FINCA DE LOS ARANDINOS)\",});\n    markers.push(marker29);\n    const infowindow29 = new google.maps.InfoWindow({\n        content: `<div id=\"store_locator_infowindow_28784\" class=\"store_locator_infowindow\"><div class=\"store-locator-col-sm-12 store_locator_details\"><h3 class=\"store_locator_name\"><a href=\"https:\/\/www.visitgastroh.com\/fr\/store\/restaurant-tierra-cave-hotel-finca-de-los-arandinos\/\">RESTAURANT TIERRA (CAVE-H\u00d4TEL FINCA DE LOS ARANDINOS)<\/a><\/h3><p><a href=\"https:\/\/www.visitgastroh.com\/fr\/store\/restaurant-tierra-cave-hotel-finca-de-los-arandinos\/\"><img loading=\"lazy\" decoding=\"async\" width=\"2560\" height=\"1920\" src=\"https:\/\/www.visitgastroh.com\/wp-content\/uploads\/2022\/02\/IMG_20190322_215439-1-scaled.jpg\" class=\"attachment-post-thumbnail size-post-thumbnail wp-post-image\" alt=\"\" srcset=\"https:\/\/www.visitgastroh.com\/wp-content\/uploads\/2022\/02\/IMG_20190322_215439-1-scaled.jpg 2560w, https:\/\/www.visitgastroh.com\/wp-content\/uploads\/2022\/02\/IMG_20190322_215439-1-300x225.jpg 300w, https:\/\/www.visitgastroh.com\/wp-content\/uploads\/2022\/02\/IMG_20190322_215439-1-1024x768.jpg 1024w, https:\/\/www.visitgastroh.com\/wp-content\/uploads\/2022\/02\/IMG_20190322_215439-1-768x576.jpg 768w, https:\/\/www.visitgastroh.com\/wp-content\/uploads\/2022\/02\/IMG_20190322_215439-1-1536x1152.jpg 1536w, https:\/\/www.visitgastroh.com\/wp-content\/uploads\/2022\/02\/IMG_20190322_215439-1-2048x1536.jpg 2048w\" sizes=\"auto, (max-width: 2560px) 100vw, 2560px\" \/><\/a><\/p><p class=\"store_locator_excerpt\">TERRE &#8211; Restaurant FINCA DE LOS ARANDINOS (FORMER) Notre restaurant croit en la cuisine d&#8217;o\u00f9 il est n\u00e9. Loin du bruit, au pied de Moncalvillo et entour\u00e9 de vignes. Nous...<\/p><p class=\"store_locator_address\"><span class=\"store_locator_street\">ROUTE LR 137 KM 4.6<br\/><\/span> <span class=\"store_locator_zip\">26375<\/span> <span class=\"store_locator_city\">former<br\/><\/span> <span class=\"store_locator_region\">La Rioja<\/span> <\/p><p class=\"store_locator_contact\"><span class=\"store_locator_tel\">Tel.: <a href=\"tel:+34 941446126\">+34 941446126<\/a><br\/><\/span><span class=\"store_locator_email\">Email: <a href=\"mailto:bienvenue@fincadelosarandinos.com\">bienvenue@fincadelosarandinos.com<\/a><br\/><\/span><span class=\"store_locator_mobile\">Mobile: <a href=\"tel:+34 646280329\">+34 646280329<\/a><br\/><\/span><span class=\"store_locator_website\">Website: <a href=\"http:\/\/www.fincadelosarandinos.com \">http:\/\/www.fincadelosarandinos.com <\/a><br\/><\/span><\/p><\/div>`,\n      });\n\n    marker29.addListener(\"click\", () => {\n        infowindow29.open({\n          anchor: marker29,\n          map,\n          shouldFocus: false,\n        });\n    });marker30 = new google.maps.Marker({position: {lat: 42.17772831546647, lng: -1.755110310620125},map,title: \"Restaurante Graccurris\",});\n    markers.push(marker30);\n    const infowindow30 = new google.maps.InfoWindow({\n        content: `<div id=\"store_locator_infowindow_34543\" class=\"store_locator_infowindow\"><div class=\"store-locator-col-sm-12 store_locator_details\"><h3 class=\"store_locator_name\"><a href=\"https:\/\/www.visitgastroh.com\/fr\/store\/restaurante-graccurris\/\">Restaurante Graccurris<\/a><\/h3><p><a href=\"https:\/\/www.visitgastroh.com\/fr\/store\/restaurante-graccurris\/\"><img loading=\"lazy\" decoding=\"async\" width=\"2470\" height=\"1766\" src=\"https:\/\/www.visitgastroh.com\/wp-content\/uploads\/2022\/03\/RESTGRACC1.jpg\" class=\"attachment-post-thumbnail size-post-thumbnail wp-post-image\" alt=\"\" srcset=\"https:\/\/www.visitgastroh.com\/wp-content\/uploads\/2022\/03\/RESTGRACC1.jpg 2470w, https:\/\/www.visitgastroh.com\/wp-content\/uploads\/2022\/03\/RESTGRACC1-300x214.jpg 300w, https:\/\/www.visitgastroh.com\/wp-content\/uploads\/2022\/03\/RESTGRACC1-1024x732.jpg 1024w, https:\/\/www.visitgastroh.com\/wp-content\/uploads\/2022\/03\/RESTGRACC1-768x549.jpg 768w, https:\/\/www.visitgastroh.com\/wp-content\/uploads\/2022\/03\/RESTGRACC1-1536x1098.jpg 1536w, https:\/\/www.visitgastroh.com\/wp-content\/uploads\/2022\/03\/RESTGRACC1-2048x1464.jpg 2048w\" sizes=\"auto, (max-width: 2470px) 100vw, 2470px\" \/><\/a><\/p><p class=\"store_locator_excerpt\">GRACCURRIS Restaurante (ALFARO) Restaurant Sp\u00e9cialis\u00e9 en Cuisine Maison, menu et lettre. Venez d\u00e9couvrir nos entr\u00e9es, viandes et poissons. Nous vous traiterons comme dans votre propre maison!<\/p><p class=\"store_locator_address\"><span class=\"store_locator_street\">Avenida Zaragoza n\u00ba29<br\/><\/span> <span class=\"store_locator_zip\">26540<\/span> <span class=\"store_locator_city\">Alfaro<br\/><\/span> <span class=\"store_locator_region\">La Rioja<\/span> <\/p><p class=\"store_locator_contact\"><span class=\"store_locator_tel\">Tel.: <a href=\"tel:+34941180475\">+34941180475<\/a><br\/><\/span><span class=\"store_locator_email\">Email: <a href=\"mailto:restaurantgraccurris@gmail.com\">restaurantgraccurris@gmail.com<\/a><br\/><\/span><span class=\"store_locator_mobile\">Mobile: <a href=\"tel:+34647629106\">+34647629106<\/a><br\/><\/span><span class=\"store_locator_website\">Website: <a href=\"https:\/\/restaurantegraccurris.business.site\/\">https:\/\/restaurantegraccurris.business.site\/<\/a><br\/><\/span><\/p><\/div>`,\n      });\n\n    marker30.addListener(\"click\", () => {\n        infowindow30.open({\n          anchor: marker30,\n          map,\n          shouldFocus: false,\n        });\n    });marker31 = new google.maps.Marker({position: {lat: 42.572925380536205, lng: -2.709683899999993},map,title: \"Restaurante Hotel Villa de \u00c1balos\",});\n    markers.push(marker31);\n    const infowindow31 = new google.maps.InfoWindow({\n        content: `<div id=\"store_locator_infowindow_34483\" class=\"store_locator_infowindow\"><div class=\"store-locator-col-sm-12 store_locator_details\"><h3 class=\"store_locator_name\"><a href=\"https:\/\/www.visitgastroh.com\/fr\/store\/restaurante-hotel-villa-de-abalos\/\">Restaurante Hotel Villa de \u00c1balos<\/a><\/h3><p><a href=\"https:\/\/www.visitgastroh.com\/fr\/store\/restaurante-hotel-villa-de-abalos\/\"><img loading=\"lazy\" decoding=\"async\" width=\"1920\" height=\"2560\" src=\"https:\/\/www.visitgastroh.com\/wp-content\/uploads\/2022\/03\/1150-scaled.jpg\" class=\"attachment-post-thumbnail size-post-thumbnail wp-post-image\" alt=\"\" srcset=\"https:\/\/www.visitgastroh.com\/wp-content\/uploads\/2022\/03\/1150-scaled.jpg 1920w, https:\/\/www.visitgastroh.com\/wp-content\/uploads\/2022\/03\/1150-225x300.jpg 225w, https:\/\/www.visitgastroh.com\/wp-content\/uploads\/2022\/03\/1150-768x1024.jpg 768w, https:\/\/www.visitgastroh.com\/wp-content\/uploads\/2022\/03\/1150-1152x1536.jpg 1152w, https:\/\/www.visitgastroh.com\/wp-content\/uploads\/2022\/03\/1150-1536x2048.jpg 1536w\" sizes=\"auto, (max-width: 1920px) 100vw, 1920px\" \/><\/a><\/p><p class=\"store_locator_excerpt\">RESTAURANTE HOTEL VILLA DE \u00c1BALOS Restaurante (\u00c1BALOS) Mention sp\u00e9ciale a notre offre gastronomique avec la Merche Kitchen comme cadre principal Ici tout est fait maison, sauces, cuissons, marin\u00e9s, marin\u00e9s ;...<\/p><p class=\"store_locator_address\"><span class=\"store_locator_street\">Plaza Ferm\u00edn Gurbindo n\u00ba2<br\/><\/span> <span class=\"store_locator_zip\">26339<\/span> <span class=\"store_locator_city\">\u00c1balos<br\/><\/span> <span class=\"store_locator_region\">La Rioja<\/span> <\/p><p class=\"store_locator_contact\"><span class=\"store_locator_tel\">Tel.: <a href=\"tel:+34941334302\">+34941334302<\/a><br\/><\/span><span class=\"store_locator_email\">Email: <a href=\"mailto:hotel@hotelvilladeabalos.com\">hotel@hotelvilladeabalos.com<\/a><br\/><\/span><span class=\"store_locator_mobile\">Mobile: <a href=\"tel:+34649841746\">+34649841746<\/a><br\/><\/span><span class=\"store_locator_website\">Website: <a href=\"https:\/\/hotelvilladeabalos.com\/\">https:\/\/hotelvilladeabalos.com\/<\/a><br\/><\/span><\/p><\/div>`,\n      });\n\n    marker31.addListener(\"click\", () => {\n        infowindow31.open({\n          anchor: marker31,\n          map,\n          shouldFocus: false,\n        });\n    });marker32 = new google.maps.Marker({position: {lat: 42.465524121378174, lng: -2.447886609123222},map,title: \"Txebiko Cachetero\",});\n    markers.push(marker32);\n    const infowindow32 = new google.maps.InfoWindow({\n        content: `<div id=\"store_locator_infowindow_28640\" class=\"store_locator_infowindow\"><div class=\"store-locator-col-sm-12 store_locator_details\"><h3 class=\"store_locator_name\"><a href=\"https:\/\/www.visitgastroh.com\/fr\/store\/txebiko-cachetero\/\">Txebiko Cachetero<\/a><\/h3><p><a href=\"https:\/\/www.visitgastroh.com\/fr\/store\/txebiko-cachetero\/\"><img loading=\"lazy\" decoding=\"async\" width=\"1000\" height=\"667\" src=\"https:\/\/www.visitgastroh.com\/wp-content\/uploads\/2022\/02\/Cachetero-pudding-0122cochea-viejos-1-1.jpg\" class=\"attachment-post-thumbnail size-post-thumbnail wp-post-image\" alt=\"\" srcset=\"https:\/\/www.visitgastroh.com\/wp-content\/uploads\/2022\/02\/Cachetero-pudding-0122cochea-viejos-1-1.jpg 1000w, https:\/\/www.visitgastroh.com\/wp-content\/uploads\/2022\/02\/Cachetero-pudding-0122cochea-viejos-1-1-300x200.jpg 300w, https:\/\/www.visitgastroh.com\/wp-content\/uploads\/2022\/02\/Cachetero-pudding-0122cochea-viejos-1-1-768x512.jpg 768w, https:\/\/www.visitgastroh.com\/wp-content\/uploads\/2022\/02\/Cachetero-pudding-0122cochea-viejos-1-1-900x600.jpg 900w\" sizes=\"auto, (max-width: 1000px) 100vw, 1000px\" \/><\/a><\/p><p class=\"store_locator_excerpt\">Restaurant TXEBIKO CACHETERO (LOGRONO) Fond\u00e9 en 1910 par Silviano Arechinolaza et Ezequiela Barrio, Cachetero est le seul restaurant centenaire de Logro\u00f1o et une r\u00e9f\u00e9rence indiscutable de la gastronomie riojane. Des...<\/p><p class=\"store_locator_address\"><span class=\"store_locator_street\">Rue Laurier n\u00ba3<br\/><\/span> <span class=\"store_locator_zip\">26001<\/span> <span class=\"store_locator_city\">Logro\u00f1o<br\/><\/span> <span class=\"store_locator_region\">La Rioja <\/span> <\/p><p class=\"store_locator_contact\"><span class=\"store_locator_tel\">Tel.: <a href=\"tel:+34 941228463\">+34 941228463<\/a><br\/><\/span><span class=\"store_locator_email\">Email: <a href=\"mailto:reserve@cachetero.com\">reserve@cachetero.com<\/a><br\/><\/span><span class=\"store_locator_mobile\">Mobile: <a href=\"tel:+34 687940444\">+34 687940444<\/a><br\/><\/span><span class=\"store_locator_website\">Website: <a href=\"https:\/\/txebiko.com\/\">https:\/\/txebiko.com\/<\/a><br\/><\/span><\/p><\/div>`,\n      });\n\n    marker32.addListener(\"click\", () => {\n        infowindow32.open({\n          anchor: marker32,\n          map,\n          shouldFocus: false,\n        });\n    });marker33 = new google.maps.Marker({position: {lat: 42.14613591695626, lng: -2.2701688263916098},map,title: \"Victoire au ravin perdu\",});\n    markers.push(marker33);\n    const infowindow33 = new google.maps.InfoWindow({\n        content: `<div id=\"store_locator_infowindow_41011\" class=\"store_locator_infowindow\"><div class=\"store-locator-col-sm-12 store_locator_details\"><h3 class=\"store_locator_name\"><a href=\"https:\/\/www.visitgastroh.com\/fr\/store\/victoire-au-ravin-perdu\/\">Victoire au ravin perdu<\/a><\/h3><p><a href=\"https:\/\/www.visitgastroh.com\/fr\/store\/victoire-au-ravin-perdu\/\"><img loading=\"lazy\" decoding=\"async\" width=\"1160\" height=\"500\" src=\"https:\/\/www.visitgastroh.com\/wp-content\/uploads\/2022\/05\/barranco_4-3.jpg\" class=\"attachment-post-thumbnail size-post-thumbnail wp-post-image\" alt=\"\" srcset=\"https:\/\/www.visitgastroh.com\/wp-content\/uploads\/2022\/05\/barranco_4-3.jpg 1160w, https:\/\/www.visitgastroh.com\/wp-content\/uploads\/2022\/05\/barranco_4-3-300x129.jpg 300w, https:\/\/www.visitgastroh.com\/wp-content\/uploads\/2022\/05\/barranco_4-3-1024x441.jpg 1024w, https:\/\/www.visitgastroh.com\/wp-content\/uploads\/2022\/05\/barranco_4-3-768x331.jpg 768w\" sizes=\"auto, (max-width: 1160px) 100vw, 1160px\" \/><\/a><\/p><p class=\"store_locator_excerpt\">VICTOIRE DANS LE BARRANCO PERDU (ENCISE) Entre dinosaures, empreintes et fossiles, nous vous proposons une halte strat\u00e9gique pour reprendre des forces et continuer \u00e0 profiter des recoins du parc. Dans...<\/p><p class=\"store_locator_address\"><span class=\"store_locator_street\">Route de Navalsaz s\/n<br\/><\/span> <span class=\"store_locator_zip\">26589<\/span> <span class=\"store_locator_city\">Villar de Enciso - Enciso<br\/><\/span> <span class=\"store_locator_region\">La Rioja<\/span> <\/p><p class=\"store_locator_contact\"><span class=\"store_locator_tel\">Tel.: <a href=\"tel:+34 941 39 60 80\">+34 941 39 60 80<\/a><br\/><\/span><span class=\"store_locator_email\">Email: <a href=\"mailto:info@victoriarestauracion.es\">info@victoriarestauracion.es<\/a><br\/><\/span><span class=\"store_locator_website\">Website: <a href=\"https:\/\/victoriarestauracion.es\/victoria-en-el-barranco\/\">https:\/\/victoriarestauracion.es\/victoria-en-el-barranco\/<\/a><br\/><\/span><\/p><\/div>`,\n      });\n\n    marker33.addListener(\"click\", () => {\n        infowindow33.open({\n          anchor: marker33,\n          map,\n          shouldFocus: false,\n        });\n    });marker34 = new google.maps.Marker({position: {lat: 42.2245205, lng: -2.1085533},map,title: \"Victoire premium\",});\n    markers.push(marker34);\n    const infowindow34 = new google.maps.InfoWindow({\n        content: `<div id=\"store_locator_infowindow_41076\" class=\"store_locator_infowindow\"><div class=\"store-locator-col-sm-12 store_locator_details\"><h3 class=\"store_locator_name\"><a href=\"https:\/\/www.visitgastroh.com\/fr\/store\/victoire-premium\/\">Victoire premium<\/a><\/h3><p><a href=\"https:\/\/www.visitgastroh.com\/fr\/store\/victoire-premium\/\"><img loading=\"lazy\" decoding=\"async\" width=\"1024\" height=\"441\" src=\"https:\/\/www.visitgastroh.com\/wp-content\/uploads\/2022\/05\/premium-mesa-1024x441-1.jpg\" class=\"attachment-post-thumbnail size-post-thumbnail wp-post-image\" alt=\"\" srcset=\"https:\/\/www.visitgastroh.com\/wp-content\/uploads\/2022\/05\/premium-mesa-1024x441-1.jpg 1024w, https:\/\/www.visitgastroh.com\/wp-content\/uploads\/2022\/05\/premium-mesa-1024x441-1-300x129.jpg 300w, https:\/\/www.visitgastroh.com\/wp-content\/uploads\/2022\/05\/premium-mesa-1024x441-1-768x331.jpg 768w\" sizes=\"auto, (max-width: 1024px) 100vw, 1024px\" \/><\/a><\/p><p class=\"store_locator_excerpt\">Restaurant VICTORIA PREMIUM (ARN\u00c9DO) Es-tu un fin gourmet? Aimez-vous \u00eatre surpris par la nourriture? Nous avons cr\u00e9\u00e9 la meilleure offre de la r\u00e9gion afin que vous puissiez profiter des ar\u00f4mes,...<\/p><p class=\"store_locator_address\"><span class=\"store_locator_street\">Marche de la Constitution, 97.<br\/><\/span> <span class=\"store_locator_zip\">26580<\/span> <span class=\"store_locator_city\">Arnedo<br\/><\/span> <span class=\"store_locator_region\">La Rioja<\/span> <\/p><p class=\"store_locator_contact\"><span class=\"store_locator_tel\">Tel.: <a href=\"tel:+34 941 380 100\">+34 941 380 100<\/a><br\/><\/span><span class=\"store_locator_email\">Email: <a href=\"mailto:info@victoriarestauracion.es\">info@victoriarestauracion.es<\/a><br\/><\/span><span class=\"store_locator_website\">Website: <a href=\"https:\/\/victoriarestauracion.es\/victoria-premium\/\">https:\/\/victoriarestauracion.es\/victoria-premium\/<\/a><br\/><\/span><\/p><\/div>`,\n      });\n\n    marker34.addListener(\"click\", () => {\n        infowindow34.open({\n          anchor: marker34,\n          map,\n          shouldFocus: false,\n        });\n    });    new markerClusterer.MarkerClusterer( {map, markers} );\n}\ndocument.addEventListener(\"DOMContentLoaded\", function(event) {\n    \/\/c\u00f3digo a ejecutar cuando el DOM est\u00e1 listo para recibir acciones\n    initMapa();\n});\n<\/script>\n<\/div>[\/vc_column_text][\/vc_column][\/vc_row]\n","protected":false},"excerpt":{"rendered":"<p>[vc_row type=&#8221;full_width_background&#8221; full_screen_row_position=&#8221;middle&#8221; column_margin=&#8221;default&#8221; equal_height=&#8221;yes&#8221; content_placement=&#8221;middle&#8221; column_direction=&#8221;default&#8221; column_direction_tablet=&#8221;default&#8221; column_direction_phone=&#8221;default&#8221; bg_image=&#8221;16971&#8243; bg_position=&#8221;center center&#8221; background_image_loading=&#8221;default&#8221; bg_repeat=&#8221;no-repeat&#8221; scene_position=&#8221;center&#8221; top_padding=&#8221;5%&#8221; bottom_padding=&#8221;5%&#8221; text_color=&#8221;light&#8221; text_align=&#8221;left&#8221; row_border_radius=&#8221;none&#8221; row_border_radius_applies=&#8221;bg&#8221; color_overlay=&#8221;#000000&#8243; overlay_strength=&#8221;0.5&#8243; gradient_direction=&#8221;left_to_right&#8221; shape_divider_position=&#8221;bottom&#8221; bg_image_animation=&#8221;none&#8221; shape_type=&#8221;&#8221;][vc_column column_padding=&#8221;no-extra-padding&#8221; column_padding_tablet=&#8221;inherit&#8221; column_padding_phone=&#8221;inherit&#8221;&#8230;<\/p>\n","protected":false},"author":1,"featured_media":0,"parent":31158,"menu_order":0,"comment_status":"closed","ping_status":"closed","template":"","meta":{"footnotes":""},"class_list":["post-31258","page","type-page","status-publish"],"_links":{"self":[{"href":"https:\/\/www.visitgastroh.com\/fr\/wp-json\/wp\/v2\/pages\/31258","targetHints":{"allow":["GET"]}}],"collection":[{"href":"https:\/\/www.visitgastroh.com\/fr\/wp-json\/wp\/v2\/pages"}],"about":[{"href":"https:\/\/www.visitgastroh.com\/fr\/wp-json\/wp\/v2\/types\/page"}],"author":[{"embeddable":true,"href":"https:\/\/www.visitgastroh.com\/fr\/wp-json\/wp\/v2\/users\/1"}],"replies":[{"embeddable":true,"href":"https:\/\/www.visitgastroh.com\/fr\/wp-json\/wp\/v2\/comments?post=31258"}],"version-history":[{"count":0,"href":"https:\/\/www.visitgastroh.com\/fr\/wp-json\/wp\/v2\/pages\/31258\/revisions"}],"up":[{"embeddable":true,"href":"https:\/\/www.visitgastroh.com\/fr\/wp-json\/wp\/v2\/pages\/31158"}],"wp:attachment":[{"href":"https:\/\/www.visitgastroh.com\/fr\/wp-json\/wp\/v2\/media?parent=31258"}],"curies":[{"name":"wp","href":"https:\/\/api.w.org\/{rel}","templated":true}]}}