{"id":31228,"date":"2022-03-28T18:24:48","date_gmt":"2022-03-28T16:24:48","guid":{"rendered":"https:\/\/www.visitgastroh.com\/?page_id=31228"},"modified":"2022-05-24T08:38:07","modified_gmt":"2022-05-24T06:38:07","slug":"dormir","status":"publish","type":"page","link":"https:\/\/www.visitgastroh.com\/fr\/carte\/navarre\/dormir\/","title":{"rendered":"Dormir"},"content":{"rendered":"[vc_row type=&#8221;full_width_background&#8221; full_screen_row_position=&#8221;middle&#8221; column_margin=&#8221;default&#8221; equal_height=&#8221;yes&#8221; content_placement=&#8221;middle&#8221; column_direction=&#8221;default&#8221; column_direction_tablet=&#8221;default&#8221; column_direction_phone=&#8221;default&#8221; bg_image=&#8221;16971&#8243; bg_position=&#8221;center center&#8221; background_image_loading=&#8221;default&#8221; bg_repeat=&#8221;no-repeat&#8221; scene_position=&#8221;center&#8221; top_padding=&#8221;5%&#8221; bottom_padding=&#8221;5%&#8221; text_color=&#8221;light&#8221; text_align=&#8221;left&#8221; row_border_radius=&#8221;none&#8221; row_border_radius_applies=&#8221;bg&#8221; color_overlay=&#8221;#000000&#8243; overlay_strength=&#8221;0.5&#8243; gradient_direction=&#8221;left_to_right&#8221; shape_divider_position=&#8221;bottom&#8221; bg_image_animation=&#8221;none&#8221; shape_type=&#8221;&#8221;][vc_column column_padding=&#8221;no-extra-padding&#8221; column_padding_tablet=&#8221;inherit&#8221; column_padding_phone=&#8221;inherit&#8221; column_padding_position=&#8221;all&#8221; column_element_spacing=&#8221;default&#8221; background_color_opacity=&#8221;1&#8243; background_hover_color_opacity=&#8221;1&#8243; column_shadow=&#8221;none&#8221; column_border_radius=&#8221;none&#8221; column_link_target=&#8221;_self&#8221; gradient_direction=&#8221;left_to_right&#8221; overlay_strength=&#8221;0.3&#8243; width=&#8221;1\/1&#8243; tablet_width_inherit=&#8221;default&#8221; tablet_text_alignment=&#8221;default&#8221; phone_text_alignment=&#8221;default&#8221; bg_image_animation=&#8221;none&#8221; border_type=&#8221;simple&#8221; column_border_width=&#8221;none&#8221; column_border_style=&#8221;solid&#8221;][split_line_heading animation_type=&#8221;default&#8221;]\n<h1 style=\"font-size: 75px;\">O\u00f9 dormir !<\/h1>\n[\/split_line_heading][split_line_heading animation_type=&#8221;default&#8221;]\n<h3 style=\"font-size: 36px;\"><strong>NAVARRE<\/strong><\/h3>\n[\/split_line_heading][image_with_animation image_url=&#8221;6395&#8243; animation=&#8221;Fade In&#8221; hover_animation=&#8221;none&#8221; alignment=&#8221;&#8221; border_radius=&#8221;none&#8221; box_shadow=&#8221;none&#8221; image_loading=&#8221;default&#8221; max_width=&#8221;100%&#8221; max_width_mobile=&#8221;default&#8221;][\/vc_column][\/vc_row][vc_row type=&#8221;in_container&#8221; full_screen_row_position=&#8221;middle&#8221; column_margin=&#8221;default&#8221; column_direction=&#8221;default&#8221; column_direction_tablet=&#8221;default&#8221; column_direction_phone=&#8221;default&#8221; scene_position=&#8221;center&#8221; text_color=&#8221;dark&#8221; text_align=&#8221;left&#8221; row_border_radius=&#8221;none&#8221; row_border_radius_applies=&#8221;bg&#8221; overlay_strength=&#8221;0.3&#8243; gradient_direction=&#8221;left_to_right&#8221; shape_divider_position=&#8221;bottom&#8221; bg_image_animation=&#8221;none&#8221;][vc_column column_padding=&#8221;no-extra-padding&#8221; column_padding_tablet=&#8221;inherit&#8221; column_padding_phone=&#8221;inherit&#8221; column_padding_position=&#8221;all&#8221; column_element_spacing=&#8221;default&#8221; background_color_opacity=&#8221;1&#8243; background_hover_color_opacity=&#8221;1&#8243; column_shadow=&#8221;none&#8221; column_border_radius=&#8221;none&#8221; column_link_target=&#8221;_self&#8221; gradient_direction=&#8221;left_to_right&#8221; overlay_strength=&#8221;0.3&#8243; width=&#8221;1\/1&#8243; tablet_width_inherit=&#8221;default&#8221; tablet_text_alignment=&#8221;default&#8221; phone_text_alignment=&#8221;default&#8221; bg_image_animation=&#8221;none&#8221; border_type=&#8221;simple&#8221; column_border_width=&#8221;none&#8221; column_border_style=&#8221;solid&#8221;][vc_column_text]<button id=\"menuaGorde\" title=\"Afficher \/ Masquer les filtres\"><i class=\"fa fa-filter\"><\/i><\/button><\/p>\n<p><script>\ndocument.getElementById(\"menuaGorde\").addEventListener(\"click\", menuaezkutatu)\nfunction menuaezkutatu() {\n  var zerrenda = document.getElementsByClassName(\"menu-izda\");\n  x = zerrenda[0];\n  if (x.style.display === \"none\") {\n    x.style.display = \"block\";\n  } else {\n    x.style.display = \"none\";\n  }\n}\n<\/script>[\/vc_column_text][\/vc_column][\/vc_row][vc_row type=&#8221;in_container&#8221; full_screen_row_position=&#8221;middle&#8221; column_margin=&#8221;default&#8221; column_direction=&#8221;default&#8221; column_direction_tablet=&#8221;default&#8221; column_direction_phone=&#8221;default&#8221; scene_position=&#8221;center&#8221; top_padding=&#8221;3%&#8221; bottom_padding=&#8221;5%&#8221; text_color=&#8221;dark&#8221; text_align=&#8221;left&#8221; row_border_radius=&#8221;none&#8221; row_border_radius_applies=&#8221;bg&#8221; overlay_strength=&#8221;0.3&#8243; gradient_direction=&#8221;left_to_right&#8221; shape_divider_position=&#8221;bottom&#8221; bg_image_animation=&#8221;none&#8221; shape_type=&#8221;&#8221;][vc_column column_padding=&#8221;no-extra-padding&#8221; column_padding_tablet=&#8221;inherit&#8221; column_padding_phone=&#8221;inherit&#8221; column_padding_position=&#8221;all&#8221; column_element_spacing=&#8221;default&#8221; background_color_opacity=&#8221;1&#8243; background_hover_color_opacity=&#8221;1&#8243; column_shadow=&#8221;none&#8221; column_border_radius=&#8221;none&#8221; column_link_target=&#8221;_self&#8221; el_class=&#8221;menu-izda&#8221; gradient_direction=&#8221;left_to_right&#8221; overlay_strength=&#8221;0.3&#8243; width=&#8221;1\/4&#8243; tablet_width_inherit=&#8221;default&#8221; tablet_text_alignment=&#8221;default&#8221; phone_text_alignment=&#8221;default&#8221; bg_image_animation=&#8221;none&#8221; border_type=&#8221;simple&#8221; column_border_width=&#8221;none&#8221; column_border_style=&#8221;solid&#8221;][vc_column_text]\n<h4>Choisissez une r\u00e9gion\u00a0:<\/h4>\n[\/vc_column_text][vc_column_text]<img loading=\"lazy\" decoding=\"async\" class=\"size-full wp-image-7132 alignleft\" src=\"https:\/\/www.visitgastroh.com\/wp-content\/uploads\/2022\/01\/mapa-destinos-euskadi-mini.png\" alt=\"\" width=\"45\" height=\"31\" \/><a style=\"color: #61a54d;\" href=\"https:\/\/www.visitgastroh.com\/fr\/carte\/euskadi\/\"><strong>EUSKADI<\/strong><\/a><\/p>\n<ul class=\"mapa-euskadi\">\n<li><a href=\"https:\/\/www.visitgastroh.com\/fr\/carte\/euskadi\/manger\/\">Manger<\/a><\/li>\n<li><a href=\"https:\/\/www.visitgastroh.com\/fr\/carte\/euskadi\/dormir\/\">Dormir<\/a><\/li>\n<li><a href=\"https:\/\/www.visitgastroh.com\/fr\/carte\/euskadi\/acheter\/\">Acheter<\/a><\/li>\n<li><a href=\"https:\/\/www.visitgastroh.com\/fr\/carte\/euskadi\/visiter\/\">Visiter<\/a><\/li>\n<\/ul>\n<p><img loading=\"lazy\" decoding=\"async\" class=\"size-full alignleft\" src=\"https:\/\/www.visitgastroh.com\/wp-content\/uploads\/2022\/01\/mapa-destinos-navarra-mini.png\" alt=\"\" width=\"45\" height=\"31\" \/><a style=\"color: #c5273b;\" href=\"https:\/\/www.visitgastroh.com\/fr\/carte\/navarre\/\"><strong>NAVARRE<\/strong><\/a><\/p>\n<ul class=\"mapa-navarra\">\n<li><a href=\"https:\/\/www.visitgastroh.com\/fr\/carte\/navarre\/manger\/\">Manger<\/a><\/li>\n<li><a href=\"https:\/\/www.visitgastroh.com\/fr\/carte\/navarre\/dormir\/\">Dormir<\/a><\/li>\n<li><a href=\"https:\/\/www.visitgastroh.com\/fr\/carte\/navarre\/acheter\/\">Acheter<\/a><\/li>\n<li><a href=\"https:\/\/www.visitgastroh.com\/fr\/carte\/navarre\/visiter\/\">Visiter<\/a><\/li>\n<\/ul>\n<p><img loading=\"lazy\" decoding=\"async\" class=\"size-full alignleft\" src=\"https:\/\/www.visitgastroh.com\/wp-content\/uploads\/2022\/01\/mapa-destinos-la-rioja-mini.png\" alt=\"\" width=\"45\" height=\"31\" \/><a style=\"color: #9f2653;\" href=\"https:\/\/www.visitgastroh.com\/fr\/carte\/la-rioja\/\"><strong>LA RIOJA<\/strong><\/a><\/p>\n<ul class=\"mapa-la-rioja\">\n<li><a href=\"https:\/\/www.visitgastroh.com\/fr\/carte\/la-rioja\/manger\/\">Manger<\/a><\/li>\n<li><a href=\"https:\/\/www.visitgastroh.com\/fr\/carte\/la-rioja\/dormir\/\">Dormir<\/a><\/li>\n<li><a href=\"https:\/\/www.visitgastroh.com\/fr\/carte\/la-rioja\/acheter\/\">Acheter<\/a><\/li>\n<li><a href=\"https:\/\/www.visitgastroh.com\/fr\/carte\/la-rioja\/visiter\/\">Visiter<\/a><\/li>\n<\/ul>\n<p><img loading=\"lazy\" decoding=\"async\" class=\"size-full alignleft\" src=\"https:\/\/www.visitgastroh.com\/wp-content\/uploads\/2022\/01\/mapa-destinos-pays-basque-mini.png\" alt=\"\" width=\"45\" height=\"31\" \/><a style=\"color: #8bc3e7;\" href=\"https:\/\/www.visitgastroh.com\/fr\/carte\/pays-basque\/\"><strong>PAYS BASQUE<\/strong><\/a><\/p>\n<ul class=\"mapa-pays-basque\">\n<li><a href=\"https:\/\/www.visitgastroh.com\/fr\/carte\/pays-basque\/manger\/\">Manger<\/a><\/li>\n<li><a href=\"https:\/\/www.visitgastroh.com\/fr\/carte\/pays-basque\/dormir\/\">Dormir<\/a><\/li>\n<li><a href=\"https:\/\/www.visitgastroh.com\/fr\/carte\/pays-basque\/acheter\/\">Acheter<\/a><\/li>\n<li><a href=\"https:\/\/www.visitgastroh.com\/fr\/carte\/pays-basque\/visiter\/\">Visiter<\/a><\/li>\n<\/ul>\n<p><img loading=\"lazy\" decoding=\"async\" class=\"size-full alignleft\" src=\"https:\/\/www.visitgastroh.com\/wp-content\/uploads\/2022\/01\/mapa-destinos-bearn-mini.png\" alt=\"\" width=\"45\" height=\"31\" \/><a style=\"color: #e7b32d;\" href=\"https:\/\/www.visitgastroh.com\/fr\/carte\/bearn\/\"><strong>B\u00c9ARN<\/strong><\/a><\/p>\n<ul class=\"mapa-bearn\">\n<li><a href=\"https:\/\/www.visitgastroh.com\/fr\/carte\/bearn\/manger\/\">Manger<\/a><\/li>\n<li><a href=\"https:\/\/www.visitgastroh.com\/fr\/carte\/bearn\/dormir\/\">Dormir<\/a><\/li>\n<li><a href=\"https:\/\/www.visitgastroh.com\/fr\/carte\/bearn\/acheter\/\">Acheter<\/a><\/li>\n<li><a href=\"https:\/\/www.visitgastroh.com\/fr\/carte\/bearn\/visiter\/\">Visiter<\/a><\/li>\n<\/ul>\n[\/vc_column_text][vc_column_text]        <form id=\"store_locator_embedded_search\" class=\"store_locator_embedded_search\" action=\"https:\/\/www.visitgastroh.com\/fr\/carte\/navarre\/dormir\" method=\"GET\">            <div id=\"store_locator_search_box\" class=\"store_locator store_locator_search_box store-locator-col-12 store-locator-col-sm-12\">                                            <div id=\"store_locator_filter\" class=\"store_locator_filter\">            <div id=\"store_locator_filter_content\" class=\"store-locator-row store_locator_filter_content\">                <div id=\"filter211\" class=\"store-locator-col-12 single_filter\"><h5 class=\"collapsible-visit filtroa-itxita\">Cat\u00e9gorie<\/h5><div class=\"filtroa\" style=\"display: none;\"><label class=\"single_filter_checkbox control control--checkbox\"><input  name=\"filter211[]\" type=\"checkbox\" class=\"store_locator_filter_checkbox\" value=\"212\">1 \u00c9toile<div class=\"control__indicator\"><\/div><\/label><label class=\"single_filter_checkbox control control--checkbox\"><input  name=\"filter211[]\" type=\"checkbox\" class=\"store_locator_filter_checkbox\" value=\"215\">2 cl\u00e9s<div class=\"control__indicator\"><\/div><\/label><label class=\"single_filter_checkbox control control--checkbox\"><input  name=\"filter211[]\" type=\"checkbox\" class=\"store_locator_filter_checkbox\" value=\"213\">2 \u00c9toiles<div class=\"control__indicator\"><\/div><\/label><label class=\"single_filter_checkbox control control--checkbox\"><input  name=\"filter211[]\" type=\"checkbox\" class=\"store_locator_filter_checkbox\" value=\"216\">3 cl\u00e9s<div class=\"control__indicator\"><\/div><\/label><label class=\"single_filter_checkbox control control--checkbox\"><input  name=\"filter211[]\" type=\"checkbox\" class=\"store_locator_filter_checkbox\" value=\"218\">3 \u00c9toiles<div class=\"control__indicator\"><\/div><\/label><label class=\"single_filter_checkbox control control--checkbox\"><input  name=\"filter211[]\" type=\"checkbox\" class=\"store_locator_filter_checkbox\" value=\"217\">4 cl\u00e9s<div class=\"control__indicator\"><\/div><\/label><label class=\"single_filter_checkbox control control--checkbox\"><input  name=\"filter211[]\" type=\"checkbox\" class=\"store_locator_filter_checkbox\" value=\"219\">4 \u00c9toiles<div class=\"control__indicator\"><\/div><\/label><label class=\"single_filter_checkbox control control--checkbox\"><input  name=\"filter211[]\" type=\"checkbox\" class=\"store_locator_filter_checkbox\" value=\"220\">5 \u00c9toiles<div class=\"control__indicator\"><\/div><\/label><\/div><\/div><div id=\"filter247\" class=\"store-locator-col-12 single_filter\"><h5 class=\"collapsible-visit filtroa-itxita\">Installations d'h\u00e9bergement<\/h5><div class=\"filtroa\" style=\"display: none;\"><label class=\"single_filter_checkbox control control--checkbox\"><input  name=\"filter247[]\" type=\"checkbox\" class=\"store_locator_filter_checkbox\" value=\"268\">Adapt\u00e9 aux personnes \u00e0 mobilit\u00e9 r\u00e9duite<div class=\"control__indicator\"><\/div><\/label><label class=\"single_filter_checkbox control control--checkbox\"><input  name=\"filter247[]\" type=\"checkbox\" class=\"store_locator_filter_checkbox\" value=\"251\">Air conditionn\u00e9<div class=\"control__indicator\"><\/div><\/label><label class=\"single_filter_checkbox control control--checkbox\"><input  name=\"filter247[]\" type=\"checkbox\" class=\"store_locator_filter_checkbox\" value=\"269\">Animaux de compagnie accept\u00e9s<div class=\"control__indicator\"><\/div><\/label><label class=\"single_filter_checkbox control control--checkbox\"><input  name=\"filter247[]\" type=\"checkbox\" class=\"store_locator_filter_checkbox\" value=\"270\">Borne de recharge pour v\u00e9hicules \u00e9lectriques<div class=\"control__indicator\"><\/div><\/label><label class=\"single_filter_checkbox control control--checkbox\"><input  name=\"filter247[]\" type=\"checkbox\" class=\"store_locator_filter_checkbox\" value=\"249\">Caf\u00e9-bar<div class=\"control__indicator\"><\/div><\/label><label class=\"single_filter_checkbox control control--checkbox\"><input  name=\"filter247[]\" type=\"checkbox\" class=\"store_locator_filter_checkbox\" value=\"271\">Parking<div class=\"control__indicator\"><\/div><\/label><label class=\"single_filter_checkbox control control--checkbox\"><input  name=\"filter247[]\" type=\"checkbox\" class=\"store_locator_filter_checkbox\" value=\"248\">Restaurant<div class=\"control__indicator\"><\/div><\/label><label class=\"single_filter_checkbox control control--checkbox\"><input  name=\"filter247[]\" type=\"checkbox\" class=\"store_locator_filter_checkbox\" value=\"272\">Service de location et\/ou abri de v\u00e9los<div class=\"control__indicator\"><\/div><\/label><label class=\"single_filter_checkbox control control--checkbox\"><input  name=\"filter247[]\" type=\"checkbox\" class=\"store_locator_filter_checkbox\" value=\"250\">Wifi gratuit<div class=\"control__indicator\"><\/div><\/label><\/div><\/div><div id=\"filter245\" class=\"store-locator-col-12 single_filter\"><h5 class=\"collapsible-visit filtroa-itxita\">Type d'h\u00e9bergement<\/h5><div class=\"filtroa\" style=\"display: none;\"><label class=\"single_filter_checkbox control control--checkbox\"><input  name=\"filter245[]\" type=\"checkbox\" class=\"store_locator_filter_checkbox\" value=\"306\">Appartement touristique<div class=\"control__indicator\"><\/div><\/label><label class=\"single_filter_checkbox control control--checkbox\"><input  name=\"filter245[]\" type=\"checkbox\" class=\"store_locator_filter_checkbox\" value=\"307\">Baln\u00e9aire \/ Thermal<div class=\"control__indicator\"><\/div><\/label><label class=\"single_filter_checkbox control control--checkbox\"><input  name=\"filter245[]\" type=\"checkbox\" class=\"store_locator_filter_checkbox\" value=\"308\">Camping<div class=\"control__indicator\"><\/div><\/label><label class=\"single_filter_checkbox control control--checkbox\"><input  name=\"filter245[]\" type=\"checkbox\" class=\"store_locator_filter_checkbox\" value=\"309\">G\u00eete rural<div class=\"control__indicator\"><\/div><\/label><label class=\"single_filter_checkbox control control--checkbox\"><input  name=\"filter245[]\" type=\"checkbox\" class=\"store_locator_filter_checkbox\" value=\"305\">H\u00e9bergements collectifs \/ Auberges de jeunesse<div class=\"control__indicator\"><\/div><\/label><label class=\"single_filter_checkbox control control--checkbox\"><input  name=\"filter245[]\" type=\"checkbox\" class=\"store_locator_filter_checkbox\" value=\"310\">H\u00f4tel<div class=\"control__indicator\"><\/div><\/label><label class=\"single_filter_checkbox control control--checkbox\"><input  name=\"filter245[]\" type=\"checkbox\" class=\"store_locator_filter_checkbox\" value=\"246\">Logement chez l\u2019habitant<div class=\"control__indicator\"><\/div><\/label><\/div><\/div>            <\/div>        <\/div>        <script>        var coll = document.getElementsByClassName(\"collapsible-visit\");        var i;        for (i = 0; i < coll.length; i++) {          coll[i].addEventListener(\"click\", function() {            this.classList.toggle(\"active\");            var content = this.nextElementSibling;            if (content.style.display === \"block\") {              content.style.display = \"none\";              this.classList.remove('filtroa-irekita');              this.classList.add(\"filtroa-itxita\");            } else {              content.style.display = \"block\";              this.classList.remove('filtroa-itxita');              this.classList.add(\"filtroa-irekita\");            }          });        }        <\/script>                                                        <div class=\"store-locator-row bilaketa-botoia\">                    <div class=\"store-locator-col-12 store-locator-col-sm-12\">                        <button id=\"store_locator_find_stores_button\" type=\"submit\" class=\"store_locator_find_stores_button btn button et_pb_button btn-primary btn-lg\">Rechercher                        <\/button>                    <\/div>                <\/div>            <\/div>        <\/form>        [\/vc_column_text][\/vc_column][vc_column column_padding=&#8221;no-extra-padding&#8221; column_padding_tablet=&#8221;inherit&#8221; column_padding_phone=&#8221;inherit&#8221; column_padding_position=&#8221;all&#8221; column_element_spacing=&#8221;default&#8221; background_color_opacity=&#8221;1&#8243; background_hover_color_opacity=&#8221;1&#8243; column_shadow=&#8221;none&#8221; column_border_radius=&#8221;none&#8221; column_link_target=&#8221;_self&#8221; gradient_direction=&#8221;left_to_right&#8221; overlay_strength=&#8221;0.3&#8243; width=&#8221;3\/4&#8243; tablet_width_inherit=&#8221;default&#8221; tablet_text_alignment=&#8221;default&#8221; phone_text_alignment=&#8221;default&#8221; bg_image_animation=&#8221;none&#8221; border_type=&#8221;simple&#8221; column_border_width=&#8221;none&#8221; column_border_style=&#8221;solid&#8221;][vc_column_text]<div class=\"wordpress-store-locator-list-container\"><h2 class=\"wordpress-store-locator-list-title\">NAVARRE<\/h2><div class=\"wordpress-store-locator-list-content\"><p>Choisissez un \u00e9tablissement<\/p>\n<\/div><script src=\"https:\/\/unpkg.com\/@googlemaps\/markerclusterer\/dist\/index.min.js\"><\/script>\n<div class=\"store-locator-row\">\n    <div id=\"visitMap\" class=\"store-locator-col-12\"><\/div>\n<\/div>\n\n<script>\n    function initMapa() {\n      const myLatLng = { lat: 42.81687, lng: -1.64323 };\n      \/\/ const myLatLng = { lat: -25.363, lng: 131.044 };\n      const map = new google.maps.Map(document.getElementById(\"visitMap\"), {\n        zoom: 8,\n        mapTypeControl: false,\n        center: myLatLng,\n      });\n      const markers = [];marker0 = new google.maps.Marker({position: {lat: 41.99887732920918, lng: -1.67931176441803},map,title: \"Auberge de jeunesse El Lechugero\",});\n    markers.push(marker0);\n    const infowindow0 = new google.maps.InfoWindow({\n        content: `<div id=\"store_locator_infowindow_22412\" class=\"store_locator_infowindow\"><div class=\"store-locator-col-sm-12 store_locator_details\"><h3 class=\"store_locator_name\"><a href=\"https:\/\/www.visitgastroh.com\/fr\/store\/auberge-de-jeunesse-el-lechugero\/\">Auberge de jeunesse El Lechugero<\/a><\/h3><p><a href=\"https:\/\/www.visitgastroh.com\/fr\/store\/auberge-de-jeunesse-el-lechugero\/\"><img loading=\"lazy\" decoding=\"async\" width=\"1920\" height=\"2560\" src=\"https:\/\/www.visitgastroh.com\/wp-content\/uploads\/2022\/01\/IMG-0864-scaled.jpg\" class=\"attachment-post-thumbnail size-post-thumbnail wp-post-image\" alt=\"\" srcset=\"https:\/\/www.visitgastroh.com\/wp-content\/uploads\/2022\/01\/IMG-0864-scaled.jpg 1920w, https:\/\/www.visitgastroh.com\/wp-content\/uploads\/2022\/01\/IMG-0864-225x300.jpg 225w, https:\/\/www.visitgastroh.com\/wp-content\/uploads\/2022\/01\/IMG-0864-768x1024.jpg 768w, https:\/\/www.visitgastroh.com\/wp-content\/uploads\/2022\/01\/IMG-0864-1152x1536.jpg 1152w, https:\/\/www.visitgastroh.com\/wp-content\/uploads\/2022\/01\/IMG-0864-1536x2048.jpg 1536w\" sizes=\"auto, (max-width: 1920px) 100vw, 1920px\" \/><\/a><\/p><p class=\"store_locator_excerpt\">Auberge El Lechugero (Cascante) Dans la villa romaine de Cascante, nous trouverons ce magnifique logement, avec tout le confort pour le voyageur. Vous d\u00e9gusterez de merveilleux plats de l\u00e9gumes de...<\/p><p class=\"store_locator_address\"><span class=\"store_locator_street\">Rue Romero, 8<br\/><\/span> <span class=\"store_locator_zip\">31520<\/span> <span class=\"store_locator_city\">Cascante<br\/><\/span> <span class=\"store_locator_region\">Navarre<\/span> <\/p><p class=\"store_locator_contact\"><span class=\"store_locator_tel\">Tel.: <a href=\"tel:+34948850052\">+34948850052<\/a><br\/><\/span><span class=\"store_locator_email\">Email: <a href=\"mailto:info@ellechuguero.com\">info@ellechuguero.com<\/a><br\/><\/span><span class=\"store_locator_website\">Website: <a href=\"https:\/\/www.ellechuguero.com\/\">https:\/\/www.ellechuguero.com\/<\/a><br\/><\/span><\/p><\/div>`,\n      });\n\n    marker0.addListener(\"click\", () => {\n        infowindow0.open({\n          anchor: marker0,\n          map,\n          shouldFocus: false,\n        });\n    });marker1 = new google.maps.Marker({position: {lat: 42.05714, lng: -1.906393},map,title: \"Bains de Fitero Spa\",});\n    markers.push(marker1);\n    const infowindow1 = new google.maps.InfoWindow({\n        content: `<div id=\"store_locator_infowindow_28766\" class=\"store_locator_infowindow\"><div class=\"store-locator-col-sm-12 store_locator_details\"><h3 class=\"store_locator_name\"><a href=\"https:\/\/www.visitgastroh.com\/fr\/store\/bains-de-fitero-spa\/\">Bains de Fitero Spa<\/a><\/h3><p><a href=\"https:\/\/www.visitgastroh.com\/fr\/store\/bains-de-fitero-spa\/\"><img loading=\"lazy\" decoding=\"async\" width=\"2560\" height=\"1391\" src=\"https:\/\/www.visitgastroh.com\/wp-content\/uploads\/2022\/02\/Balneario-Fitero-Principal-scaled.jpg\" class=\"attachment-post-thumbnail size-post-thumbnail wp-post-image\" alt=\"\" srcset=\"https:\/\/www.visitgastroh.com\/wp-content\/uploads\/2022\/02\/Balneario-Fitero-Principal-scaled.jpg 2560w, https:\/\/www.visitgastroh.com\/wp-content\/uploads\/2022\/02\/Balneario-Fitero-Principal-300x163.jpg 300w, https:\/\/www.visitgastroh.com\/wp-content\/uploads\/2022\/02\/Balneario-Fitero-Principal-1024x557.jpg 1024w, https:\/\/www.visitgastroh.com\/wp-content\/uploads\/2022\/02\/Balneario-Fitero-Principal-768x417.jpg 768w, https:\/\/www.visitgastroh.com\/wp-content\/uploads\/2022\/02\/Balneario-Fitero-Principal-1536x835.jpg 1536w, https:\/\/www.visitgastroh.com\/wp-content\/uploads\/2022\/02\/Balneario-Fitero-Principal-2048x1113.jpg 2048w\" sizes=\"auto, (max-width: 2560px) 100vw, 2560px\" \/><\/a><\/p><p class=\"store_locator_excerpt\">SALLES DE BAIN SPA DE L&#8217;H\u00f4tel FITERO (Fitero) Des profondeurs de la terre \u00e9mergent deux sources datant de l&#8217;\u00e9poque romaine, donnant vie \u00e0 l&#8217;une des stations thermales les plus importantes...<\/p><p class=\"store_locator_address\"><span class=\"store_locator_street\">Extra-muros, s\/n<br\/><\/span> <span class=\"store_locator_zip\">31593<\/span> <span class=\"store_locator_city\">Fitero<br\/><\/span> <span class=\"store_locator_region\">Navarre<\/span> <\/p><p class=\"store_locator_contact\"><span class=\"store_locator_tel\">Tel.: <a href=\"tel:+34 948 776 100\">+34 948 776 100<\/a><br\/><\/span><span class=\"store_locator_email\">Email: <a href=\"mailto:info@balneariodefitero.es\">info@balneariodefitero.es<\/a><br\/><\/span><span class=\"store_locator_website\">Website: <a href=\"https:\/\/www.balneariodefitero.es\/\">https:\/\/www.balneariodefitero.es\/<\/a><br\/><\/span><\/p><\/div>`,\n      });\n\n    marker1.addListener(\"click\", () => {\n        infowindow1.open({\n          anchor: marker1,\n          map,\n          shouldFocus: false,\n        });\n    });marker2 = new google.maps.Marker({position: {lat: 42.66091647738306, lng: -2.25318830055542},map,title: \"Camping Acedo\",});\n    markers.push(marker2);\n    const infowindow2 = new google.maps.InfoWindow({\n        content: `<div id=\"store_locator_infowindow_28764\" class=\"store_locator_infowindow\"><div class=\"store-locator-col-sm-12 store_locator_details\"><h3 class=\"store_locator_name\"><a href=\"https:\/\/www.visitgastroh.com\/fr\/store\/camping-acedo\/\">Camping Acedo<\/a><\/h3><p><a href=\"https:\/\/www.visitgastroh.com\/fr\/store\/camping-acedo\/\"><img loading=\"lazy\" decoding=\"async\" width=\"640\" height=\"426\" src=\"https:\/\/www.visitgastroh.com\/wp-content\/uploads\/2022\/01\/Camping-Acedo-PISCINA__640x426.jpg\" class=\"attachment-post-thumbnail size-post-thumbnail wp-post-image\" alt=\"\" srcset=\"https:\/\/www.visitgastroh.com\/wp-content\/uploads\/2022\/01\/Camping-Acedo-PISCINA__640x426.jpg 640w, https:\/\/www.visitgastroh.com\/wp-content\/uploads\/2022\/01\/Camping-Acedo-PISCINA__640x426-300x200.jpg 300w\" sizes=\"auto, (max-width: 640px) 100vw, 640px\" \/><\/a><\/p><p class=\"store_locator_excerpt\">Camping ACEDO (Acedo) Le camping Acedo situ\u00e9 dans la zone centrale de la Navarre, \u00e0 Tierra Estella, un camping 4 \u00e9toiles, dispose de nombreuses parcelles et de 33 bungalows en...<\/p><p class=\"store_locator_address\"><span class=\"store_locator_street\">Route Los Arcos, 1<br\/><\/span> <span class=\"store_locator_zip\">31282<\/span> <span class=\"store_locator_city\">Acedo<br\/><\/span> <span class=\"store_locator_region\">Navarre<\/span> <\/p><p class=\"store_locator_contact\"><span class=\"store_locator_tel\">Tel.: <a href=\"tel:+34948521351\">+34948521351<\/a><br\/><\/span><span class=\"store_locator_email\">Email: <a href=\"mailto:info@campingacedo.com\">info@campingacedo.com<\/a><br\/><\/span><span class=\"store_locator_mobile\">Mobile: <a href=\"tel:+34638551437\">+34638551437<\/a><br\/><\/span><span class=\"store_locator_website\">Website: <a href=\"http:\/\/www.campingacedo.com\">http:\/\/www.campingacedo.com<\/a><br\/><\/span><\/p><\/div>`,\n      });\n\n    marker2.addListener(\"click\", () => {\n        infowindow2.open({\n          anchor: marker2,\n          map,\n          shouldFocus: false,\n        });\n    });marker3 = new google.maps.Marker({position: {lat: 43.00024, lng: -1.8875464},map,title: \"Camping Aralar\",});\n    markers.push(marker3);\n    const infowindow3 = new google.maps.InfoWindow({\n        content: `<div id=\"store_locator_infowindow_28780\" class=\"store_locator_infowindow\"><div class=\"store-locator-col-sm-12 store_locator_details\"><h3 class=\"store_locator_name\"><a href=\"https:\/\/www.visitgastroh.com\/fr\/store\/camping-aralar\/\">Camping Aralar<\/a><\/h3><p><a href=\"https:\/\/www.visitgastroh.com\/fr\/store\/camping-aralar\/\"><img loading=\"lazy\" decoding=\"async\" width=\"600\" height=\"400\" src=\"https:\/\/www.visitgastroh.com\/wp-content\/uploads\/2022\/02\/Camping-aralar-principal.jpg\" class=\"attachment-post-thumbnail size-post-thumbnail wp-post-image\" alt=\"\" srcset=\"https:\/\/www.visitgastroh.com\/wp-content\/uploads\/2022\/02\/Camping-aralar-principal.jpg 600w, https:\/\/www.visitgastroh.com\/wp-content\/uploads\/2022\/02\/Camping-aralar-principal-300x200.jpg 300w\" sizes=\"auto, (max-width: 600px) 100vw, 600px\" \/><\/a><\/p><p class=\"store_locator_excerpt\">Camping ARALAR lekunberri Nous sommes tout ce que nous offrons, et nous offrons tout ce que nous sommes, ni plus ni moins. Vous \u00eates-vous arr\u00eat\u00e9 pour penser que vous avez...<\/p><p class=\"store_locator_address\"><span class=\"store_locator_street\">Rue Plazaola, 9<br\/><\/span> <span class=\"store_locator_zip\">31870<\/span> <span class=\"store_locator_city\">lekunberri<br\/><\/span> <span class=\"store_locator_region\">Navarre<\/span> <\/p><p class=\"store_locator_contact\"><span class=\"store_locator_tel\">Tel.: <a href=\"tel:+34948504011\">+34948504011<\/a><br\/><\/span><span class=\"store_locator_email\">Email: <a href=\"mailto:info@campingaralar.com\">info@campingaralar.com<\/a><br\/><\/span><span class=\"store_locator_website\">Website: <a href=\"http:\/\/www.campingaralar.com\/\">http:\/\/www.campingaralar.com\/<\/a><br\/><\/span><\/p><\/div>`,\n      });\n\n    marker3.addListener(\"click\", () => {\n        infowindow3.open({\n          anchor: marker3,\n          map,\n          shouldFocus: false,\n        });\n    });marker4 = new google.maps.Marker({position: {lat: 42.8984751, lng: -2.0345218},map,title: \"Camping Arbizu\",});\n    markers.push(marker4);\n    const infowindow4 = new google.maps.InfoWindow({\n        content: `<div id=\"store_locator_infowindow_30562\" class=\"store_locator_infowindow\"><div class=\"store-locator-col-sm-12 store_locator_details\"><h3 class=\"store_locator_name\"><a href=\"https:\/\/www.visitgastroh.com\/fr\/store\/camping-arbizu\/\">Camping Arbizu<\/a><\/h3><p><a href=\"https:\/\/www.visitgastroh.com\/fr\/store\/camping-arbizu\/\"><img loading=\"lazy\" decoding=\"async\" width=\"734\" height=\"348\" src=\"https:\/\/www.visitgastroh.com\/wp-content\/uploads\/2022\/02\/Camping_arbizu_general-1.jpg\" class=\"attachment-post-thumbnail size-post-thumbnail wp-post-image\" alt=\"\" srcset=\"https:\/\/www.visitgastroh.com\/wp-content\/uploads\/2022\/02\/Camping_arbizu_general-1.jpg 734w, https:\/\/www.visitgastroh.com\/wp-content\/uploads\/2022\/02\/Camping_arbizu_general-1-300x142.jpg 300w\" sizes=\"auto, (max-width: 734px) 100vw, 734px\" \/><\/a><\/p><p class=\"store_locator_excerpt\">ARBIZU Camping Arbizu Arbizu Eco-camping a bas\u00e9 sa construction sur des concepts de durabilit\u00e9, de bioconstruction, de bioclimatisme et d&#8217;application d&#8217;\u00e9nergies renouvelables, visant \u00e0 offrir une option touristique durable et...<\/p><p class=\"store_locator_address\"><span class=\"store_locator_street\">Utzu Parajea, km 5<br\/><\/span> <span class=\"store_locator_zip\">31839<\/span> <span class=\"store_locator_city\">Arbizu<br\/><\/span> <span class=\"store_locator_region\">Navarre<\/span> <\/p><p class=\"store_locator_contact\"><span class=\"store_locator_tel\">Tel.: <a href=\"tel:+34848470922\">+34848470922<\/a><br\/><\/span><span class=\"store_locator_email\">Email: <a href=\"mailto:info@campingaarbizu.com\">info@campingaarbizu.com<\/a><br\/><\/span><span class=\"store_locator_website\">Website: <a href=\"https:\/\/campingarbizu.com\/es\/\">https:\/\/campingarbizu.com\/es\/<\/a><br\/><\/span><\/p><\/div>`,\n      });\n\n    marker4.addListener(\"click\", () => {\n        infowindow4.open({\n          anchor: marker4,\n          map,\n          shouldFocus: false,\n        });\n    });marker5 = new google.maps.Marker({position: {lat: 42.719843779783055, lng: -1.9401026650081543},map,title: \"Camping Aritzaleku\",});\n    markers.push(marker5);\n    const infowindow5 = new google.maps.InfoWindow({\n        content: `<div id=\"store_locator_infowindow_30558\" class=\"store_locator_infowindow\"><div class=\"store-locator-col-sm-12 store_locator_details\"><h3 class=\"store_locator_name\"><a href=\"https:\/\/www.visitgastroh.com\/fr\/store\/camping-aritzaleku\/\">Camping Aritzaleku<\/a><\/h3><p><a href=\"https:\/\/www.visitgastroh.com\/fr\/store\/camping-aritzaleku\/\"><img loading=\"lazy\" decoding=\"async\" width=\"346\" height=\"347\" src=\"https:\/\/www.visitgastroh.com\/wp-content\/uploads\/2022\/02\/camping_aritzaleku_general.jpg\" class=\"attachment-post-thumbnail size-post-thumbnail wp-post-image\" alt=\"\" srcset=\"https:\/\/www.visitgastroh.com\/wp-content\/uploads\/2022\/02\/camping_aritzaleku_general.jpg 346w, https:\/\/www.visitgastroh.com\/wp-content\/uploads\/2022\/02\/camping_aritzaleku_general-300x300.jpg 300w, https:\/\/www.visitgastroh.com\/wp-content\/uploads\/2022\/02\/camping_aritzaleku_general-150x150.jpg 150w, https:\/\/www.visitgastroh.com\/wp-content\/uploads\/2022\/02\/camping_aritzaleku_general-100x100.jpg 100w, https:\/\/www.visitgastroh.com\/wp-content\/uploads\/2022\/02\/camping_aritzaleku_general-140x140.jpg 140w\" sizes=\"auto, (max-width: 346px) 100vw, 346px\" \/><\/a><\/p><p class=\"store_locator_excerpt\">ARITZALEKU Camping Lerate Au Camping de Aritzaleku, nous avons consacr\u00e9 une grande partie de nos efforts \u00e0 couvrir toutes les options d&#8217;h\u00e9bergement. Notre volont\u00e9 est d&#8217;offrir \u00e0 tous les visiteurs...<\/p><p class=\"store_locator_address\"><span class=\"store_locator_street\">Calle San Pedro, s\/n<br\/><\/span> <span class=\"store_locator_zip\">31291<\/span> <span class=\"store_locator_city\">Lerate<br\/><\/span> <span class=\"store_locator_region\">Navarre<\/span> <\/p><p class=\"store_locator_contact\"><span class=\"store_locator_tel\">Tel.: <a href=\"tel:+34948395064\">+34948395064<\/a><br\/><\/span><span class=\"store_locator_email\">Email: <a href=\"mailto:info@aritzaleku.com\">info@aritzaleku.com<\/a><br\/><\/span><span class=\"store_locator_website\">Website: <a href=\"https:\/\/www.aritzaleku.com\/es\">https:\/\/www.aritzaleku.com\/es<\/a><br\/><\/span><\/p><\/div>`,\n      });\n\n    marker5.addListener(\"click\", () => {\n        infowindow5.open({\n          anchor: marker5,\n          map,\n          shouldFocus: false,\n        });\n    });marker6 = new google.maps.Marker({position: {lat: 43.17138569999999, lng: -1.6727266},map,title: \"Camping Arizona\",});\n    markers.push(marker6);\n    const infowindow6 = new google.maps.InfoWindow({\n        content: `<div id=\"store_locator_infowindow_28760\" class=\"store_locator_infowindow\"><div class=\"store-locator-col-sm-12 store_locator_details\"><h3 class=\"store_locator_name\"><a href=\"https:\/\/www.visitgastroh.com\/fr\/store\/camping-arizona\/\">Camping Arizona<\/a><\/h3><p><a href=\"https:\/\/www.visitgastroh.com\/fr\/store\/camping-arizona\/\"><img loading=\"lazy\" decoding=\"async\" width=\"734\" height=\"348\" src=\"https:\/\/www.visitgastroh.com\/wp-content\/uploads\/2022\/02\/camping_ariztigain_general.jpg\" class=\"attachment-post-thumbnail size-post-thumbnail wp-post-image\" alt=\"\" srcset=\"https:\/\/www.visitgastroh.com\/wp-content\/uploads\/2022\/02\/camping_ariztigain_general.jpg 734w, https:\/\/www.visitgastroh.com\/wp-content\/uploads\/2022\/02\/camping_ariztigain_general-300x142.jpg 300w\" sizes=\"auto, (max-width: 734px) 100vw, 734px\" \/><\/a><\/p><p class=\"store_locator_excerpt\">Camping ARIZTIGAIN r\u00e9sum\u00e9 Le camping Ariztigain est situ\u00e9 \u00e0 600 m de Sunbilla, Navarre. Cet environnement privil\u00e9gi\u00e9 dans lequel se trouve le camping, entre for\u00eats de ch\u00eanes et vall\u00e9es d&#8217;une...<\/p><p class=\"store_locator_address\"><span class=\"store_locator_street\">Ferme Zubizarga\u00f1a<br\/><\/span> <span class=\"store_locator_zip\">31791<\/span> <span class=\"store_locator_city\">Sunbilla<br\/><\/span> <span class=\"store_locator_region\">Navarre<\/span> <\/p><p class=\"store_locator_contact\"><span class=\"store_locator_tel\">Tel.: <a href=\"tel:+34948450540\">+34948450540<\/a><br\/><\/span><span class=\"store_locator_email\">Email: <a href=\"mailto:info@campingariztigain.com\">info@campingariztigain.com<\/a><br\/><\/span><span class=\"store_locator_website\">Website: <a href=\"https:\/\/www.campingariztigain.com\/\">https:\/\/www.campingariztigain.com\/<\/a><br\/><\/span><\/p><\/div>`,\n      });\n\n    marker6.addListener(\"click\", () => {\n        infowindow6.open({\n          anchor: marker6,\n          map,\n          shouldFocus: false,\n        });\n    });marker7 = new google.maps.Marker({position: {lat: 42.771305, lng: -2.11858},map,title: \"Camping Artaza\",});\n    markers.push(marker7);\n    const infowindow7 = new google.maps.InfoWindow({\n        content: `<div id=\"store_locator_infowindow_28754\" class=\"store_locator_infowindow\"><div class=\"store-locator-col-sm-12 store_locator_details\"><h3 class=\"store_locator_name\"><a href=\"https:\/\/www.visitgastroh.com\/fr\/store\/camping-artaza\/\">Camping Artaza<\/a><\/h3><p><a href=\"https:\/\/www.visitgastroh.com\/fr\/store\/camping-artaza\/\"><img loading=\"lazy\" decoding=\"async\" width=\"1536\" height=\"530\" src=\"https:\/\/www.visitgastroh.com\/wp-content\/uploads\/2022\/02\/camping_artaza_general.jpg\" class=\"attachment-post-thumbnail size-post-thumbnail wp-post-image\" alt=\"\" srcset=\"https:\/\/www.visitgastroh.com\/wp-content\/uploads\/2022\/02\/camping_artaza_general.jpg 1536w, https:\/\/www.visitgastroh.com\/wp-content\/uploads\/2022\/02\/camping_artaza_general-300x104.jpg 300w, https:\/\/www.visitgastroh.com\/wp-content\/uploads\/2022\/02\/camping_artaza_general-1024x353.jpg 1024w, https:\/\/www.visitgastroh.com\/wp-content\/uploads\/2022\/02\/camping_artaza_general-768x265.jpg 768w\" sizes=\"auto, (max-width: 1536px) 100vw, 1536px\" \/><\/a><\/p><p class=\"store_locator_excerpt\">Camping ARTAZA Artaza Le camping Artaza Urederra est un espace construit \u00e0 la main en bois de m\u00e9l\u00e8ze, un lieu au charme particulier, en pleine nature. Nous sommes entour\u00e9s de...<\/p><p class=\"store_locator_address\"><span class=\"store_locator_street\">Ctra. Artaza, Km. 1<br\/><\/span> <span class=\"store_locator_zip\">31272<\/span> <span class=\"store_locator_city\">Artaza<br\/><\/span> <span class=\"store_locator_region\">Navarre<\/span> <\/p><p class=\"store_locator_contact\"><span class=\"store_locator_tel\">Tel.: <a href=\"tel:+34646957225\">+34646957225<\/a><br\/><\/span><span class=\"store_locator_email\">Email: <a href=\"mailto:info@campingartazaurederra.com\">info@campingartazaurederra.com<\/a><br\/><\/span><span class=\"store_locator_website\">Website: <a href=\"https:\/\/www.campingartazaurederra.com\/\">https:\/\/www.campingartazaurederra.com\/<\/a><br\/><\/span><\/p><\/div>`,\n      });\n\n    marker7.addListener(\"click\", () => {\n        infowindow7.open({\n          anchor: marker7,\n          map,\n          shouldFocus: false,\n        });\n    });marker8 = new google.maps.Marker({position: {lat: 42.900366, lng: -0.8815379999999999},map,title: \"Camping Asolaze\",});\n    markers.push(marker8);\n    const infowindow8 = new google.maps.InfoWindow({\n        content: `<div id=\"store_locator_infowindow_28752\" class=\"store_locator_infowindow\"><div class=\"store-locator-col-sm-12 store_locator_details\"><h3 class=\"store_locator_name\"><a href=\"https:\/\/www.visitgastroh.com\/fr\/store\/camping-asolaze\/\">Camping Asolaze<\/a><\/h3><p><a href=\"https:\/\/www.visitgastroh.com\/fr\/store\/camping-asolaze\/\"><img loading=\"lazy\" decoding=\"async\" width=\"1000\" height=\"507\" src=\"https:\/\/www.visitgastroh.com\/wp-content\/uploads\/2022\/02\/Camping_asolaze_general.jpg\" class=\"attachment-post-thumbnail size-post-thumbnail wp-post-image\" alt=\"\" srcset=\"https:\/\/www.visitgastroh.com\/wp-content\/uploads\/2022\/02\/Camping_asolaze_general.jpg 1000w, https:\/\/www.visitgastroh.com\/wp-content\/uploads\/2022\/02\/Camping_asolaze_general-300x152.jpg 300w, https:\/\/www.visitgastroh.com\/wp-content\/uploads\/2022\/02\/Camping_asolaze_general-768x389.jpg 768w\" sizes=\"auto, (max-width: 1000px) 100vw, 1000px\" \/><\/a><\/p><p class=\"store_locator_excerpt\">Camping ASOLAZE isaba Le camping Asolaze est situ\u00e9 dans les Pyr\u00e9n\u00e9es de Navarre, plus pr\u00e9cis\u00e9ment dans la vall\u00e9e de Belagoa, tout pr\u00e8s d&#8217;Isaba. Il est situ\u00e9 dans un lieu privil\u00e9gi\u00e9,...<\/p><p class=\"store_locator_address\"><span class=\"store_locator_street\">Ctra. France, km. 39,5<br\/><\/span> <span class=\"store_locator_zip\">31417<\/span> <span class=\"store_locator_city\">isaba<br\/><\/span> <span class=\"store_locator_region\">Navarre<\/span> <\/p><p class=\"store_locator_contact\"><span class=\"store_locator_tel\">Tel.: <a href=\"tel:+34948893234\">+34948893234<\/a><br\/><\/span><span class=\"store_locator_email\">Email: <a href=\"mailto:info@asolazecamping.com\">info@asolazecamping.com<\/a><br\/><\/span><span class=\"store_locator_website\">Website: <a href=\"https:\/\/asolazecamping.com\/es\/\">https:\/\/asolazecamping.com\/es\/<\/a><br\/><\/span><\/p><\/div>`,\n      });\n\n    marker8.addListener(\"click\", () => {\n        infowindow8.open({\n          anchor: marker8,\n          map,\n          shouldFocus: false,\n        });\n    });marker9 = new google.maps.Marker({position: {lat: 42.2632791, lng: -1.7388917},map,title: \"Camping Bard\u00e9nas\",});\n    markers.push(marker9);\n    const infowindow9 = new google.maps.InfoWindow({\n        content: `<div id=\"store_locator_infowindow_28744\" class=\"store_locator_infowindow\"><div class=\"store-locator-col-sm-12 store_locator_details\"><h3 class=\"store_locator_name\"><a href=\"https:\/\/www.visitgastroh.com\/fr\/store\/camping-bardenas\/\">Camping Bard\u00e9nas<\/a><\/h3><p><a href=\"https:\/\/www.visitgastroh.com\/fr\/store\/camping-bardenas\/\"><img loading=\"lazy\" decoding=\"async\" width=\"1200\" height=\"795\" src=\"https:\/\/www.visitgastroh.com\/wp-content\/uploads\/2022\/02\/camping_el_bardenas_general.jpg\" class=\"attachment-post-thumbnail size-post-thumbnail wp-post-image\" alt=\"\" srcset=\"https:\/\/www.visitgastroh.com\/wp-content\/uploads\/2022\/02\/camping_el_bardenas_general.jpg 1200w, https:\/\/www.visitgastroh.com\/wp-content\/uploads\/2022\/02\/camping_el_bardenas_general-300x199.jpg 300w, https:\/\/www.visitgastroh.com\/wp-content\/uploads\/2022\/02\/camping_el_bardenas_general-1024x678.jpg 1024w, https:\/\/www.visitgastroh.com\/wp-content\/uploads\/2022\/02\/camping_el_bardenas_general-768x509.jpg 768w\" sizes=\"auto, (max-width: 1200px) 100vw, 1200px\" \/><\/a><\/p><p class=\"store_locator_excerpt\">Camping BARDENAS Villafranca Le seul camping du sud de la Navarre, \u00e0 c\u00f4t\u00e9 du magnifique d\u00e9sert des Bardenas Reales et \u00e0 seulement 15 km. de Sendaviva. Nous proposons diff\u00e9rents types...<\/p><p class=\"store_locator_address\"><span class=\"store_locator_street\">Ctra. NA-660 PK 13.4<br\/><\/span> <span class=\"store_locator_zip\">31330<\/span> <span class=\"store_locator_city\">Villafranca<br\/><\/span> <span class=\"store_locator_region\">Navarre<\/span> <\/p><p class=\"store_locator_contact\"><span class=\"store_locator_tel\">Tel.: <a href=\"tel:+34948846191\">+34948846191<\/a><br\/><\/span><span class=\"store_locator_email\">Email: <a href=\"mailto:info@campingbardenas.com\">info@campingbardenas.com<\/a><br\/><\/span><span class=\"store_locator_website\">Website: <a href=\"https:\/\/campingbardenas.com\/\">https:\/\/campingbardenas.com\/<\/a><br\/><\/span><\/p><\/div>`,\n      });\n\n    marker9.addListener(\"click\", () => {\n        infowindow9.open({\n          anchor: marker9,\n          map,\n          shouldFocus: false,\n        });\n    });marker10 = new google.maps.Marker({position: {lat: 43.1804871271667, lng: -1.4516767096870398},map,title: \"Camping Baztan\",});\n    markers.push(marker10);\n    const infowindow10 = new google.maps.InfoWindow({\n        content: `<div id=\"store_locator_infowindow_30547\" class=\"store_locator_infowindow\"><div class=\"store-locator-col-sm-12 store_locator_details\"><h3 class=\"store_locator_name\"><a href=\"https:\/\/www.visitgastroh.com\/fr\/store\/camping-baztan\/\">Camping Baztan<\/a><\/h3><p><a href=\"https:\/\/www.visitgastroh.com\/fr\/store\/camping-baztan\/\"><img loading=\"lazy\" decoding=\"async\" width=\"346\" height=\"347\" src=\"https:\/\/www.visitgastroh.com\/wp-content\/uploads\/2022\/02\/camping_baztan_general.jpg\" class=\"attachment-post-thumbnail size-post-thumbnail wp-post-image\" alt=\"\" srcset=\"https:\/\/www.visitgastroh.com\/wp-content\/uploads\/2022\/02\/camping_baztan_general.jpg 346w, https:\/\/www.visitgastroh.com\/wp-content\/uploads\/2022\/02\/camping_baztan_general-300x300.jpg 300w, https:\/\/www.visitgastroh.com\/wp-content\/uploads\/2022\/02\/camping_baztan_general-150x150.jpg 150w, https:\/\/www.visitgastroh.com\/wp-content\/uploads\/2022\/02\/camping_baztan_general-100x100.jpg 100w, https:\/\/www.visitgastroh.com\/wp-content\/uploads\/2022\/02\/camping_baztan_general-140x140.jpg 140w\" sizes=\"auto, (max-width: 346px) 100vw, 346px\" \/><\/a><\/p><p class=\"store_locator_excerpt\">BAZT\u00c1N Camping Erratzu Camping 4 \u00e9toiles situ\u00e9 dans la vall\u00e9e de Bazt\u00e1n, la premi\u00e8re vall\u00e9e des Pyr\u00e9n\u00e9es occidentales, entour\u00e9 de nature et de beaux villages. Nous sommes \u00e0 38 km...<\/p><p class=\"store_locator_address\"><span class=\"store_locator_street\">Carretera de Francia s\/n<br\/><\/span> <span class=\"store_locator_zip\">31714<\/span> <span class=\"store_locator_city\">Erratzu<br\/><\/span> <span class=\"store_locator_region\">Navarre<\/span> <\/p><p class=\"store_locator_contact\"><span class=\"store_locator_tel\">Tel.: <a href=\"tel:+34948453133\">+34948453133<\/a><br\/><\/span><span class=\"store_locator_email\">Email: <a href=\"mailto:campingbaztan@campingbaztan.com\">campingbaztan@campingbaztan.com<\/a><br\/><\/span><span class=\"store_locator_website\">Website: <a href=\"http:\/\/www.campingbaztan.com\/\">http:\/\/www.campingbaztan.com\/<\/a><br\/><\/span><\/p><\/div>`,\n      });\n\n    marker10.addListener(\"click\", () => {\n        infowindow10.open({\n          anchor: marker10,\n          map,\n          shouldFocus: false,\n        });\n    });marker11 = new google.maps.Marker({position: {lat: 42.62396972406776, lng: -1.8428457124683328},map,title: \"Camping El Molino\",});\n    markers.push(marker11);\n    const infowindow11 = new google.maps.InfoWindow({\n        content: `<div id=\"store_locator_infowindow_28749\" class=\"store_locator_infowindow\"><div class=\"store-locator-col-sm-12 store_locator_details\"><h3 class=\"store_locator_name\"><a href=\"https:\/\/www.visitgastroh.com\/fr\/store\/camping-el-molino\/\">Camping El Molino<\/a><\/h3><p><a href=\"https:\/\/www.visitgastroh.com\/fr\/store\/camping-el-molino\/\"><img loading=\"lazy\" decoding=\"async\" width=\"734\" height=\"348\" src=\"https:\/\/www.visitgastroh.com\/wp-content\/uploads\/2022\/01\/camping_el_molino_general.jpg\" class=\"attachment-post-thumbnail size-post-thumbnail wp-post-image\" alt=\"\" srcset=\"https:\/\/www.visitgastroh.com\/wp-content\/uploads\/2022\/01\/camping_el_molino_general.jpg 734w, https:\/\/www.visitgastroh.com\/wp-content\/uploads\/2022\/01\/camping_el_molino_general-300x142.jpg 300w\" sizes=\"auto, (max-width: 734px) 100vw, 734px\" \/><\/a><\/p><p class=\"store_locator_excerpt\">Camping LE MOULIN (mendicit\u00e9) Camping durable avec bungalows, parcelles et chambres avec lits superpos\u00e9s dans la zone centrale de Navarre, sur la route des vins DO Navarre avec un bar-restaurant...<\/p><p class=\"store_locator_address\"><span class=\"store_locator_street\">Ctra larraga s\/n<br\/><\/span> <span class=\"store_locator_zip\">31150<\/span> <span class=\"store_locator_city\">mendicit\u00e9<br\/><\/span> <span class=\"store_locator_region\">Navarre<\/span> <\/p><p class=\"store_locator_contact\"><span class=\"store_locator_tel\">Tel.: <a href=\"tel:+34948340604\">+34948340604<\/a><br\/><\/span><span class=\"store_locator_email\">Email: <a href=\"mailto:info@campingelmolino.com\">info@campingelmolino.com<\/a><br\/><\/span><span class=\"store_locator_website\">Website: <a href=\"http:\/\/www.campingelmolino.com\">http:\/\/www.campingelmolino.com<\/a><br\/><\/span><\/p><\/div>`,\n      });\n\n    marker11.addListener(\"click\", () => {\n        infowindow11.open({\n          anchor: marker11,\n          map,\n          shouldFocus: false,\n        });\n    });marker12 = new google.maps.Marker({position: {lat: 42.9130579, lng: -2.0906818},map,title: \"Camping Etxarri\",});\n    markers.push(marker12);\n    const infowindow12 = new google.maps.InfoWindow({\n        content: `<div id=\"store_locator_infowindow_34515\" class=\"store_locator_infowindow\"><div class=\"store-locator-col-sm-12 store_locator_details\"><h3 class=\"store_locator_name\"><a href=\"https:\/\/www.visitgastroh.com\/fr\/store\/camping-etxarri-2\/\">Camping Etxarri<\/a><\/h3><p><a href=\"https:\/\/www.visitgastroh.com\/fr\/store\/camping-etxarri-2\/\"><img loading=\"lazy\" decoding=\"async\" width=\"2560\" height=\"1707\" src=\"https:\/\/www.visitgastroh.com\/wp-content\/uploads\/2022\/03\/Camping-Etxarri_-8-scaled.jpg\" class=\"attachment-post-thumbnail size-post-thumbnail wp-post-image\" alt=\"\" srcset=\"https:\/\/www.visitgastroh.com\/wp-content\/uploads\/2022\/03\/Camping-Etxarri_-8-scaled.jpg 2560w, https:\/\/www.visitgastroh.com\/wp-content\/uploads\/2022\/03\/Camping-Etxarri_-8-300x200.jpg 300w, https:\/\/www.visitgastroh.com\/wp-content\/uploads\/2022\/03\/Camping-Etxarri_-8-1024x683.jpg 1024w, https:\/\/www.visitgastroh.com\/wp-content\/uploads\/2022\/03\/Camping-Etxarri_-8-768x512.jpg 768w, https:\/\/www.visitgastroh.com\/wp-content\/uploads\/2022\/03\/Camping-Etxarri_-8-1536x1024.jpg 1536w, https:\/\/www.visitgastroh.com\/wp-content\/uploads\/2022\/03\/Camping-Etxarri_-8-2048x1365.jpg 2048w, https:\/\/www.visitgastroh.com\/wp-content\/uploads\/2022\/03\/Camping-Etxarri_-8-900x600.jpg 900w\" sizes=\"auto, (max-width: 2560px) 100vw, 2560px\" \/><\/a><\/p><p class=\"store_locator_excerpt\">Camping Etxarri Etxarri Aranatz Camping situ\u00e9 dans la vall\u00e9e de Sakana, en Navarre, \u00e0 mi-chemin entre les parcs naturels d&#8217;Urbasa et d&#8217;Aralar. Il existe de nombreuses excursions et itin\u00e9raires dans...<\/p><p class=\"store_locator_address\"><span class=\"store_locator_street\">Danbolintxulo, s\/n<br\/><\/span> <span class=\"store_locator_zip\">31820<\/span> <span class=\"store_locator_city\">Etxarri Aranatz<br\/><\/span> <span class=\"store_locator_region\">Navarre<\/span> <\/p><p class=\"store_locator_contact\"><span class=\"store_locator_tel\">Tel.: <a href=\"tel:+34 948 460 537\">+34 948 460 537<\/a><br\/><\/span><span class=\"store_locator_email\">Email: <a href=\"mailto:info@campingetxarri.com\">info@campingetxarri.com<\/a><br\/><\/span><span class=\"store_locator_website\">Website: <a href=\"www.campingetxarri.com\">www.campingetxarri.com<\/a><br\/><\/span><\/p><\/div>`,\n      });\n\n    marker12.addListener(\"click\", () => {\n        infowindow12.open({\n          anchor: marker12,\n          map,\n          shouldFocus: false,\n        });\n    });marker13 = new google.maps.Marker({position: {lat: 42.8571973, lng: -1.6237283},map,title: \"Camping Ezcaba\",});\n    markers.push(marker13);\n    const infowindow13 = new google.maps.InfoWindow({\n        content: `<div id=\"store_locator_infowindow_28732\" class=\"store_locator_infowindow\"><div class=\"store-locator-col-sm-12 store_locator_details\"><h3 class=\"store_locator_name\"><a href=\"https:\/\/www.visitgastroh.com\/fr\/store\/camping-ezcaba\/\">Camping Ezcaba<\/a><\/h3><p><a href=\"https:\/\/www.visitgastroh.com\/fr\/store\/camping-ezcaba\/\"><img loading=\"lazy\" decoding=\"async\" width=\"1536\" height=\"530\" src=\"https:\/\/www.visitgastroh.com\/wp-content\/uploads\/2022\/02\/camping_ezcaba_general.jpg\" class=\"attachment-post-thumbnail size-post-thumbnail wp-post-image\" alt=\"\" srcset=\"https:\/\/www.visitgastroh.com\/wp-content\/uploads\/2022\/02\/camping_ezcaba_general.jpg 1536w, https:\/\/www.visitgastroh.com\/wp-content\/uploads\/2022\/02\/camping_ezcaba_general-300x104.jpg 300w, https:\/\/www.visitgastroh.com\/wp-content\/uploads\/2022\/02\/camping_ezcaba_general-1024x353.jpg 1024w, https:\/\/www.visitgastroh.com\/wp-content\/uploads\/2022\/02\/camping_ezcaba_general-768x265.jpg 768w\" sizes=\"auto, (max-width: 1536px) 100vw, 1536px\" \/><\/a><\/p><p class=\"store_locator_excerpt\">Camping EZCABA (Euse) Le camping Ezcaba est situ\u00e9 dans une enclave naturelle privil\u00e9gi\u00e9e, \u00e0 c\u00f4t\u00e9 de la rivi\u00e8re Ulzama et dans une r\u00e9gion montagneuse d&#8217;une grande beaut\u00e9 situ\u00e9e \u00e0 cinq...<\/p><p class=\"store_locator_address\"><span class=\"store_locator_street\">Ctra. Pampelune-Irun, km 7<br\/><\/span> <span class=\"store_locator_zip\">31194<\/span> <span class=\"store_locator_city\">Euse<br\/><\/span> <span class=\"store_locator_region\">Navarre<\/span> <\/p><p class=\"store_locator_contact\"><span class=\"store_locator_tel\">Tel.: <a href=\"tel:+34948330315\">+34948330315<\/a><br\/><\/span><span class=\"store_locator_email\">Email: <a href=\"mailto:info@campingezcaba.com\">info@campingezcaba.com<\/a><br\/><\/span><span class=\"store_locator_website\">Website: <a href=\"https:\/\/www.campingezcaba.com\/es\">https:\/\/www.campingezcaba.com\/es<\/a><br\/><\/span><\/p><\/div>`,\n      });\n\n    marker13.addListener(\"click\", () => {\n        infowindow13.open({\n          anchor: marker13,\n          map,\n          shouldFocus: false,\n        });\n    });marker14 = new google.maps.Marker({position: {lat: 42.645898671686446, lng: -2.05856870059433},map,title: \"Camping Iratxe\",});\n    markers.push(marker14);\n    const infowindow14 = new google.maps.InfoWindow({\n        content: `<div id=\"store_locator_infowindow_28726\" class=\"store_locator_infowindow\"><div class=\"store-locator-col-sm-12 store_locator_details\"><h3 class=\"store_locator_name\"><a href=\"https:\/\/www.visitgastroh.com\/fr\/store\/camping-iratxe\/\">Camping Iratxe<\/a><\/h3><p><a href=\"https:\/\/www.visitgastroh.com\/fr\/store\/camping-iratxe\/\"><img loading=\"lazy\" decoding=\"async\" width=\"734\" height=\"348\" src=\"https:\/\/www.visitgastroh.com\/wp-content\/uploads\/2022\/02\/camping_iratxe_parcelas.jpg\" class=\"attachment-post-thumbnail size-post-thumbnail wp-post-image\" alt=\"\" srcset=\"https:\/\/www.visitgastroh.com\/wp-content\/uploads\/2022\/02\/camping_iratxe_parcelas.jpg 734w, https:\/\/www.visitgastroh.com\/wp-content\/uploads\/2022\/02\/camping_iratxe_parcelas-300x142.jpg 300w\" sizes=\"auto, (max-width: 734px) 100vw, 734px\" \/><\/a><\/p><p class=\"store_locator_excerpt\">Camping IRATXE Ay\u00e9gui Au Camping Iratxe de Navarra, nous avons 26 bungalows compos\u00e9s de deux chambres, salle de bain avec lavabo, douche et WC, r\u00e9frig\u00e9rateur, salon-cuisine-salle \u00e0 manger avec canap\u00e9-lit...<\/p><p class=\"store_locator_address\"><span class=\"store_locator_street\">Avda. Prairie d\\'Irache, 14<br\/><\/span> <span class=\"store_locator_zip\">31240<\/span> <span class=\"store_locator_city\">Ay\u00e9gui<br\/><\/span> <span class=\"store_locator_region\">Navarre<\/span> <\/p><p class=\"store_locator_contact\"><span class=\"store_locator_tel\">Tel.: <a href=\"tel:+34948555555\">+34948555555<\/a><br\/><\/span><span class=\"store_locator_email\">Email: <a href=\"mailto:info@campingiratxe.com\">info@campingiratxe.com<\/a><br\/><\/span><span class=\"store_locator_website\">Website: <a href=\"http:\/\/www.campingiratxe.com\/\">http:\/\/www.campingiratxe.com\/<\/a><br\/><\/span><\/p><\/div>`,\n      });\n\n    marker14.addListener(\"click\", () => {\n        infowindow14.open({\n          anchor: marker14,\n          map,\n          shouldFocus: false,\n        });\n    });marker15 = new google.maps.Marker({position: {lat: 42.651574913404446, lng: -1.302474123747439},map,title: \"Camping Iturb\u00e9ro\",});\n    markers.push(marker15);\n    const infowindow15 = new google.maps.InfoWindow({\n        content: `<div id=\"store_locator_infowindow_28722\" class=\"store_locator_infowindow\"><div class=\"store-locator-col-sm-12 store_locator_details\"><h3 class=\"store_locator_name\"><a href=\"https:\/\/www.visitgastroh.com\/fr\/store\/camping-iturbero\/\">Camping Iturb\u00e9ro<\/a><\/h3><p><a href=\"https:\/\/www.visitgastroh.com\/fr\/store\/camping-iturbero\/\"><img loading=\"lazy\" decoding=\"async\" width=\"900\" height=\"509\" src=\"https:\/\/www.visitgastroh.com\/wp-content\/uploads\/2022\/02\/camping_iturbero_general-2.jpg\" class=\"attachment-post-thumbnail size-post-thumbnail wp-post-image\" alt=\"\" srcset=\"https:\/\/www.visitgastroh.com\/wp-content\/uploads\/2022\/02\/camping_iturbero_general-2.jpg 900w, https:\/\/www.visitgastroh.com\/wp-content\/uploads\/2022\/02\/camping_iturbero_general-2-300x170.jpg 300w, https:\/\/www.visitgastroh.com\/wp-content\/uploads\/2022\/02\/camping_iturbero_general-2-768x434.jpg 768w\" sizes=\"auto, (max-width: 900px) 100vw, 900px\" \/><\/a><\/p><p class=\"store_locator_excerpt\">Camping ITURBERO lombier Le camping Iturbero de Lumbier, Navarre, est situ\u00e9 au COEUR DES PYR\u00c9N\u00c9ES DE NAVARRE, en pleine nature, au pied de la Sierra de Leire, au bord de...<\/p><p class=\"store_locator_address\"><span class=\"store_locator_street\">Route d\\'Iturbero<br\/><\/span> <span class=\"store_locator_zip\">31440<\/span> <span class=\"store_locator_city\">lombier<br\/><\/span> <span class=\"store_locator_region\">Navarre<\/span> <\/p><p class=\"store_locator_contact\"><span class=\"store_locator_tel\">Tel.: <a href=\"tel:+34948880405\">+34948880405<\/a><br\/><\/span><span class=\"store_locator_email\">Email: <a href=\"mailto:iturbero@campingiturbero.com\">iturbero@campingiturbero.com<\/a><br\/><\/span><span class=\"store_locator_website\">Website: <a href=\"https:\/\/www.campingiturbero.com\/\">https:\/\/www.campingiturbero.com\/<\/a><br\/><\/span><\/p><\/div>`,\n      });\n\n    marker15.addListener(\"click\", () => {\n        infowindow15.open({\n          anchor: marker15,\n          map,\n          shouldFocus: false,\n        });\n    });marker16 = new google.maps.Marker({position: {lat: 42.66275, lng: -2.02111},map,title: \"Camping Lizarra\",});\n    markers.push(marker16);\n    const infowindow16 = new google.maps.InfoWindow({\n        content: `<div id=\"store_locator_infowindow_28737\" class=\"store_locator_infowindow\"><div class=\"store-locator-col-sm-12 store_locator_details\"><h3 class=\"store_locator_name\"><a href=\"https:\/\/www.visitgastroh.com\/fr\/store\/camping-lizarra\/\">Camping Lizarra<\/a><\/h3><p><a href=\"https:\/\/www.visitgastroh.com\/fr\/store\/camping-lizarra\/\"><img loading=\"lazy\" decoding=\"async\" width=\"900\" height=\"400\" src=\"https:\/\/www.visitgastroh.com\/wp-content\/uploads\/2022\/02\/camping_lizarra_general.png\" class=\"attachment-post-thumbnail size-post-thumbnail wp-post-image\" alt=\"\" srcset=\"https:\/\/www.visitgastroh.com\/wp-content\/uploads\/2022\/02\/camping_lizarra_general.png 900w, https:\/\/www.visitgastroh.com\/wp-content\/uploads\/2022\/02\/camping_lizarra_general-300x133.png 300w, https:\/\/www.visitgastroh.com\/wp-content\/uploads\/2022\/02\/camping_lizarra_general-768x341.png 768w\" sizes=\"auto, (max-width: 900px) 100vw, 900px\" \/><\/a><\/p><p class=\"store_locator_excerpt\">Camping LIZARRA Stella Camping 4 \u00e9toiles ouvert toute l&#8217;ann\u00e9e. Nos services comprennent les suivants : bar, restaurant, trousse de secours, sup\u00e9rette, animations, 2 piscines, journaux, terrain de foot, minigolf, racquetball,...<\/p><p class=\"store_locator_address\"><span class=\"store_locator_street\">Place d\\'Ordoiz, s\/n<br\/><\/span> <span class=\"store_locator_zip\">31200<\/span> <span class=\"store_locator_city\">Stella<br\/><\/span> <span class=\"store_locator_region\">Navarre<\/span> <\/p><p class=\"store_locator_contact\"><span class=\"store_locator_tel\">Tel.: <a href=\"tel:+34948551733\">+34948551733<\/a><br\/><\/span><span class=\"store_locator_email\">Email: <a href=\"mailto:info@campinglizarra.com\">info@campinglizarra.com<\/a><br\/><\/span><span class=\"store_locator_website\">Website: <a href=\"https:\/\/www.campinglizarra.com\/\">https:\/\/www.campinglizarra.com\/<\/a><br\/><\/span><\/p><\/div>`,\n      });\n\n    marker16.addListener(\"click\", () => {\n        infowindow16.open({\n          anchor: marker16,\n          map,\n          shouldFocus: false,\n        });\n    });marker17 = new google.maps.Marker({position: {lat: 42.480698241646245, lng: -1.6778397557448366},map,title: \"Camping Olite\",});\n    markers.push(marker17);\n    const infowindow17 = new google.maps.InfoWindow({\n        content: `<div id=\"store_locator_infowindow_28718\" class=\"store_locator_infowindow\"><div class=\"store-locator-col-sm-12 store_locator_details\"><h3 class=\"store_locator_name\"><a href=\"https:\/\/www.visitgastroh.com\/fr\/store\/camping-olite\/\">Camping Olite<\/a><\/h3><p><a href=\"https:\/\/www.visitgastroh.com\/fr\/store\/camping-olite\/\"><img loading=\"lazy\" decoding=\"async\" width=\"1536\" height=\"530\" src=\"https:\/\/www.visitgastroh.com\/wp-content\/uploads\/2022\/02\/camping_olite_general.jpg\" class=\"attachment-post-thumbnail size-post-thumbnail wp-post-image\" alt=\"\" srcset=\"https:\/\/www.visitgastroh.com\/wp-content\/uploads\/2022\/02\/camping_olite_general.jpg 1536w, https:\/\/www.visitgastroh.com\/wp-content\/uploads\/2022\/02\/camping_olite_general-300x104.jpg 300w, https:\/\/www.visitgastroh.com\/wp-content\/uploads\/2022\/02\/camping_olite_general-1024x353.jpg 1024w, https:\/\/www.visitgastroh.com\/wp-content\/uploads\/2022\/02\/camping_olite_general-768x265.jpg 768w\" sizes=\"auto, (max-width: 1536px) 100vw, 1536px\" \/><\/a><\/p><p class=\"store_locator_excerpt\">Camping OLITE Olite Art, histoire et plaisir en famille, \u00e0 seulement 20 minutes de Pampelune. Le camping de Olite dispose d&#8217;excellents bungalows enti\u00e8rement \u00e9quip\u00e9s pour 4\/6 personnes, de grandes parcelles...<\/p><p class=\"store_locator_address\"><span class=\"store_locator_street\">Ctra. N\u00b0 115 KM 2 300<br\/><\/span> <span class=\"store_locator_zip\">31390<\/span> <span class=\"store_locator_city\">Olite<br\/><\/span> <span class=\"store_locator_region\">Navarre<\/span> <\/p><p class=\"store_locator_contact\"><span class=\"store_locator_tel\">Tel.: <a href=\"tel:+34948741014\">+34948741014<\/a><br\/><\/span><span class=\"store_locator_email\">Email: <a href=\"mailto:info@campingdeolite.com\">info@campingdeolite.com<\/a><br\/><\/span><span class=\"store_locator_website\">Website: <a href=\"http:\/\/www.campingdeolite.com\/\">http:\/\/www.campingdeolite.com\/<\/a><br\/><\/span><\/p><\/div>`,\n      });\n\n    marker17.addListener(\"click\", () => {\n        infowindow17.open({\n          anchor: marker17,\n          map,\n          shouldFocus: false,\n        });\n    });marker18 = new google.maps.Marker({position: {lat: 42.899733555576354, lng: -1.092874739881129},map,title: \"Camping Osate\",});\n    markers.push(marker18);\n    const infowindow18 = new google.maps.InfoWindow({\n        content: `<div id=\"store_locator_infowindow_28735\" class=\"store_locator_infowindow\"><div class=\"store-locator-col-sm-12 store_locator_details\"><h3 class=\"store_locator_name\"><a href=\"https:\/\/www.visitgastroh.com\/fr\/store\/camping-osate\/\">Camping Osate<\/a><\/h3><p><a href=\"https:\/\/www.visitgastroh.com\/fr\/store\/camping-osate\/\"><img loading=\"lazy\" decoding=\"async\" width=\"1058\" height=\"676\" src=\"https:\/\/www.visitgastroh.com\/wp-content\/uploads\/2022\/02\/camping_osate_general.jpg\" class=\"attachment-post-thumbnail size-post-thumbnail wp-post-image\" alt=\"\" srcset=\"https:\/\/www.visitgastroh.com\/wp-content\/uploads\/2022\/02\/camping_osate_general.jpg 1058w, https:\/\/www.visitgastroh.com\/wp-content\/uploads\/2022\/02\/camping_osate_general-300x192.jpg 300w, https:\/\/www.visitgastroh.com\/wp-content\/uploads\/2022\/02\/camping_osate_general-1024x654.jpg 1024w, https:\/\/www.visitgastroh.com\/wp-content\/uploads\/2022\/02\/camping_osate_general-768x491.jpg 768w\" sizes=\"auto, (max-width: 1058px) 100vw, 1058px\" \/><\/a><\/p><p class=\"store_locator_excerpt\">Camping OSATE Ochagavie Le camping Osate est situ\u00e9 \u00e0 300 m d&#8217;Ochagavia-Otsagabia dans la vall\u00e9e de Salazar, une ville embl\u00e9matique des Pyr\u00e9n\u00e9es navarraises pour sa beaut\u00e9 et pour \u00eatre \u00e0...<\/p><p class=\"store_locator_address\"><span class=\"store_locator_street\">Autoroute de Salazar s\/n<br\/><\/span> <span class=\"store_locator_zip\">31680<\/span> <span class=\"store_locator_city\">Ochagavie<br\/><\/span> <span class=\"store_locator_region\">Navarre<\/span> <\/p><p class=\"store_locator_contact\"><span class=\"store_locator_tel\">Tel.: <a href=\"tel:+34948 890 184\">+34948 890 184<\/a><br\/><\/span><span class=\"store_locator_email\">Email: <a href=\"mailto:info@campingosate.net\">info@campingosate.net<\/a><br\/><\/span><span class=\"store_locator_website\">Website: <a href=\"https:\/\/www.campingosate.net\/\">https:\/\/www.campingosate.net\/<\/a><br\/><\/span><\/p><\/div>`,\n      });\n\n    marker18.addListener(\"click\", () => {\n        infowindow18.open({\n          anchor: marker18,\n          map,\n          shouldFocus: false,\n        });\n    });marker19 = new google.maps.Marker({position: {lat: 42.85147825101593, lng: -2.1718814698364164},map,title: \"Camping Urbasa\",});\n    markers.push(marker19);\n    const infowindow19 = new google.maps.InfoWindow({\n        content: `<div id=\"store_locator_infowindow_28787\" class=\"store_locator_infowindow\"><div class=\"store-locator-col-sm-12 store_locator_details\"><h3 class=\"store_locator_name\"><a href=\"https:\/\/www.visitgastroh.com\/fr\/store\/camping-urbasa-2\/\">Camping Urbasa<\/a><\/h3><p><a href=\"https:\/\/www.visitgastroh.com\/fr\/store\/camping-urbasa-2\/\"><img loading=\"lazy\" decoding=\"async\" width=\"2000\" height=\"1500\" src=\"https:\/\/www.visitgastroh.com\/wp-content\/uploads\/2022\/01\/camping_urbasa_casa.jpg\" class=\"attachment-post-thumbnail size-post-thumbnail wp-post-image\" alt=\"\" srcset=\"https:\/\/www.visitgastroh.com\/wp-content\/uploads\/2022\/01\/camping_urbasa_casa.jpg 2000w, https:\/\/www.visitgastroh.com\/wp-content\/uploads\/2022\/01\/camping_urbasa_casa-300x225.jpg 300w, https:\/\/www.visitgastroh.com\/wp-content\/uploads\/2022\/01\/camping_urbasa_casa-1024x768.jpg 1024w, https:\/\/www.visitgastroh.com\/wp-content\/uploads\/2022\/01\/camping_urbasa_casa-768x576.jpg 768w, https:\/\/www.visitgastroh.com\/wp-content\/uploads\/2022\/01\/camping_urbasa_casa-1536x1152.jpg 1536w\" sizes=\"auto, (max-width: 2000px) 100vw, 2000px\" \/><\/a><\/p><p class=\"store_locator_excerpt\">Camping URBASA Parc naturel d&#8217;Urbasa Le camping est situ\u00e9 au c\u0153ur d&#8217;Urbasa, une r\u00e9serve de biosph\u00e8re, dans la plus grande for\u00eat de h\u00eatres d&#8217;altitude d&#8217;Europe. Les bungalows sont des cabanes...<\/p><p class=\"store_locator_address\"><span class=\"store_locator_street\">Parc naturel d\\'Urbasa. Crtra Estella - Olazagutia, km. 30<br\/><\/span> <span class=\"store_locator_zip\">31809<\/span> <span class=\"store_locator_city\">Olazti\/Olazagutia<br\/><\/span> <span class=\"store_locator_region\">Navarre<\/span> <\/p><p class=\"store_locator_contact\"><span class=\"store_locator_tel\">Tel.: <a href=\"tel:+34948395223\">+34948395223<\/a><br\/><\/span><span class=\"store_locator_email\">Email: <a href=\"mailto:info@campingurbasa.com\">info@campingurbasa.com<\/a><br\/><\/span><span class=\"store_locator_website\">Website: <a href=\"https:\/\/www.campingurbasa.com\/ \">https:\/\/www.campingurbasa.com\/ <\/a><br\/><\/span><\/p><\/div>`,\n      });\n\n    marker19.addListener(\"click\", () => {\n        infowindow19.open({\n          anchor: marker19,\n          map,\n          shouldFocus: false,\n        });\n    });marker20 = new google.maps.Marker({position: {lat: 42.97313194147509, lng: -1.3523338595933954},map,title: \"Camping Urrobi\",});\n    markers.push(marker20);\n    const infowindow20 = new google.maps.InfoWindow({\n        content: `<div id=\"store_locator_infowindow_28713\" class=\"store_locator_infowindow\"><div class=\"store-locator-col-sm-12 store_locator_details\"><h3 class=\"store_locator_name\"><a href=\"https:\/\/www.visitgastroh.com\/fr\/store\/camping-urrobi\/\">Camping Urrobi<\/a><\/h3><p><a href=\"https:\/\/www.visitgastroh.com\/fr\/store\/camping-urrobi\/\"><img loading=\"lazy\" decoding=\"async\" width=\"960\" height=\"606\" src=\"https:\/\/www.visitgastroh.com\/wp-content\/uploads\/2022\/02\/camping_urrobi_parcela.png\" class=\"attachment-post-thumbnail size-post-thumbnail wp-post-image\" alt=\"\" srcset=\"https:\/\/www.visitgastroh.com\/wp-content\/uploads\/2022\/02\/camping_urrobi_parcela.png 960w, https:\/\/www.visitgastroh.com\/wp-content\/uploads\/2022\/02\/camping_urrobi_parcela-300x189.png 300w, https:\/\/www.visitgastroh.com\/wp-content\/uploads\/2022\/02\/camping_urrobi_parcela-768x485.png 768w\" sizes=\"auto, (max-width: 960px) 100vw, 960px\" \/><\/a><\/p><p class=\"store_locator_excerpt\">Camping URROBI Aurizberri &#8211; Espinal Situ\u00e9 au c\u0153ur de la Navarre, au centre des for\u00eats de la Communaut\u00e9 Foral, en plein sur le Camino de Santiago et \u00e0 seulement 20...<\/p><p class=\"store_locator_address\"><span class=\"store_locator_street\">Ctra. Pampelune - Valcarlos, Km. 42<br\/><\/span> <span class=\"store_locator_zip\">31694<\/span> <span class=\"store_locator_city\">Aurizberri<br\/><\/span> <span class=\"store_locator_region\">Navarre<\/span> <\/p><p class=\"store_locator_contact\"><span class=\"store_locator_tel\">Tel.: <a href=\"tel:+34948760200\">+34948760200<\/a><br\/><\/span><span class=\"store_locator_email\">Email: <a href=\"mailto:info@campingurrobi.com\">info@campingurrobi.com<\/a><br\/><\/span><span class=\"store_locator_website\">Website: <a href=\"https:\/\/www.campingurrobi.com\/\">https:\/\/www.campingurrobi.com\/<\/a><br\/><\/span><\/p><\/div>`,\n      });\n\n    marker20.addListener(\"click\", () => {\n        infowindow20.open({\n          anchor: marker20,\n          map,\n          shouldFocus: false,\n        });\n    });marker21 = new google.maps.Marker({position: {lat: 42.9173188, lng: -1.8963459},map,title: \"Casa Martinberika\",});\n    markers.push(marker21);\n    const infowindow21 = new google.maps.InfoWindow({\n        content: `<div id=\"store_locator_infowindow_34497\" class=\"store_locator_infowindow\"><div class=\"store-locator-col-sm-12 store_locator_details\"><h3 class=\"store_locator_name\"><a href=\"https:\/\/www.visitgastroh.com\/fr\/store\/casa-martinberika\/\">Casa Martinberika<\/a><\/h3><p><a href=\"https:\/\/www.visitgastroh.com\/fr\/store\/casa-martinberika\/\"><img loading=\"lazy\" decoding=\"async\" width=\"1600\" height=\"1063\" src=\"https:\/\/www.visitgastroh.com\/wp-content\/uploads\/2022\/03\/dormitorio-5.jpg\" class=\"attachment-post-thumbnail size-post-thumbnail wp-post-image\" alt=\"\" srcset=\"https:\/\/www.visitgastroh.com\/wp-content\/uploads\/2022\/03\/dormitorio-5.jpg 1600w, https:\/\/www.visitgastroh.com\/wp-content\/uploads\/2022\/03\/dormitorio-5-300x199.jpg 300w, https:\/\/www.visitgastroh.com\/wp-content\/uploads\/2022\/03\/dormitorio-5-1024x680.jpg 1024w, https:\/\/www.visitgastroh.com\/wp-content\/uploads\/2022\/03\/dormitorio-5-768x510.jpg 768w, https:\/\/www.visitgastroh.com\/wp-content\/uploads\/2022\/03\/dormitorio-5-1536x1020.jpg 1536w\" sizes=\"auto, (max-width: 1600px) 100vw, 1600px\" \/><\/a><\/p><p class=\"store_locator_excerpt\">Casa Martinberika (Hiriberri Arakil) Martinberika est une ferme situ\u00e9e \u00e0 Hiriberri\/Villanueva de Arak\u00edl, dans la vall\u00e9e de Sakana, \u00e0 20 minutes de Pampelune. Il est catalogu\u00e9 par l&#8217;institution Pr\u00edncipe de...<\/p><p class=\"store_locator_address\"><span class=\"store_locator_street\">Calle San Mart\u00edn 16<br\/><\/span> <span class=\"store_locator_zip\">31850<\/span> <span class=\"store_locator_city\">Hiriberri Arakil<br\/><\/span> <span class=\"store_locator_region\">Navarre<\/span> <\/p><p class=\"store_locator_contact\"><span class=\"store_locator_tel\">Tel.: <a href=\"tel:+34948600037\">+34948600037<\/a><br\/><\/span><span class=\"store_locator_email\">Email: <a href=\"mailto:casamartinberika@gmail.com\">casamartinberika@gmail.com<\/a><br\/><\/span><span class=\"store_locator_mobile\">Mobile: <a href=\"tel:680532232\">680532232<\/a><br\/><\/span><span class=\"store_locator_website\">Website: <a href=\"https:\/\/www.casamartinberika.com\">https:\/\/www.casamartinberika.com<\/a><br\/><\/span><\/p><\/div>`,\n      });\n\n    marker21.addListener(\"click\", () => {\n        infowindow21.open({\n          anchor: marker21,\n          map,\n          shouldFocus: false,\n        });\n    });marker22 = new google.maps.Marker({position: {lat: 42.8856978, lng: -2.1364643},map,title: \"Casa Rural Erburu\",});\n    markers.push(marker22);\n    const infowindow22 = new google.maps.InfoWindow({\n        content: `<div id=\"store_locator_infowindow_34495\" class=\"store_locator_infowindow\"><div class=\"store-locator-col-sm-12 store_locator_details\"><h3 class=\"store_locator_name\"><a href=\"https:\/\/www.visitgastroh.com\/fr\/store\/casa-rural-erburu\/\">Casa Rural Erburu<\/a><\/h3><p><a href=\"https:\/\/www.visitgastroh.com\/fr\/store\/casa-rural-erburu\/\"><img loading=\"lazy\" decoding=\"async\" width=\"2560\" height=\"1928\" src=\"https:\/\/www.visitgastroh.com\/wp-content\/uploads\/2022\/03\/8-2-scaled.jpg\" class=\"attachment-post-thumbnail size-post-thumbnail wp-post-image\" alt=\"\" srcset=\"https:\/\/www.visitgastroh.com\/wp-content\/uploads\/2022\/03\/8-2-scaled.jpg 2560w, https:\/\/www.visitgastroh.com\/wp-content\/uploads\/2022\/03\/8-2-300x226.jpg 300w, https:\/\/www.visitgastroh.com\/wp-content\/uploads\/2022\/03\/8-2-1024x771.jpg 1024w, https:\/\/www.visitgastroh.com\/wp-content\/uploads\/2022\/03\/8-2-768x578.jpg 768w, https:\/\/www.visitgastroh.com\/wp-content\/uploads\/2022\/03\/8-2-1536x1157.jpg 1536w, https:\/\/www.visitgastroh.com\/wp-content\/uploads\/2022\/03\/8-2-2048x1542.jpg 2048w\" sizes=\"auto, (max-width: 2560px) 100vw, 2560px\" \/><\/a><\/p><p class=\"store_locator_excerpt\">Erburu I y II Casa rural\/Landetxea (Urdiain) La maison rurale Erburu I se compose de deux chambres doubles avec deux salles de bains, une cuisine enti\u00e8rement \u00e9quip\u00e9e et une chemin\u00e9e...<\/p><p class=\"store_locator_address\"><span class=\"store_locator_street\">Portuko kale, 14<br\/><\/span> <span class=\"store_locator_zip\">31810<\/span> <span class=\"store_locator_city\">Urdiain<br\/><\/span> <span class=\"store_locator_region\">Navarre<\/span> <\/p><p class=\"store_locator_contact\"><span class=\"store_locator_tel\">Tel.: <a href=\"tel:+34 676 062 443\">+34 676 062 443<\/a><br\/><\/span><span class=\"store_locator_email\">Email: <a href=\"mailto:resevas@casaruralerburu.com\">resevas@casaruralerburu.com<\/a><br\/><\/span><span class=\"store_locator_website\">Website: <a href=\"http:\/\/casaruralerburu.com\">http:\/\/casaruralerburu.com<\/a><br\/><\/span><\/p><\/div>`,\n      });\n\n    marker22.addListener(\"click\", () => {\n        infowindow22.open({\n          anchor: marker22,\n          map,\n          shouldFocus: false,\n        });\n    });marker23 = new google.maps.Marker({position: {lat: 42.81620598656106, lng: -1.6449167052166946},map,title: \"Ch\u00e2teau de l'h\u00f4tel Javier\",});\n    markers.push(marker23);\n    const infowindow23 = new google.maps.InfoWindow({\n        content: `<div id=\"store_locator_infowindow_28755\" class=\"store_locator_infowindow\"><div class=\"store-locator-col-sm-12 store_locator_details\"><h3 class=\"store_locator_name\"><a href=\"https:\/\/www.visitgastroh.com\/fr\/store\/chateau-de-lhotel-javier\/\">Ch\u00e2teau de l\\'h\u00f4tel Javier<\/a><\/h3><p><a href=\"https:\/\/www.visitgastroh.com\/fr\/store\/chateau-de-lhotel-javier\/\"><img loading=\"lazy\" decoding=\"async\" width=\"1200\" height=\"400\" src=\"https:\/\/www.visitgastroh.com\/wp-content\/uploads\/2022\/02\/hotel_castillo_javier_portada.jpg\" class=\"attachment-post-thumbnail size-post-thumbnail wp-post-image\" alt=\"\" srcset=\"https:\/\/www.visitgastroh.com\/wp-content\/uploads\/2022\/02\/hotel_castillo_javier_portada.jpg 1200w, https:\/\/www.visitgastroh.com\/wp-content\/uploads\/2022\/02\/hotel_castillo_javier_portada-300x100.jpg 300w, https:\/\/www.visitgastroh.com\/wp-content\/uploads\/2022\/02\/hotel_castillo_javier_portada-1024x341.jpg 1024w, https:\/\/www.visitgastroh.com\/wp-content\/uploads\/2022\/02\/hotel_castillo_javier_portada-768x256.jpg 768w\" sizes=\"auto, (max-width: 1200px) 100vw, 1200px\" \/><\/a><\/p><p class=\"store_locator_excerpt\">CH\u00c2TEAU DE JAVIER H\u00f4tel (Pamplona) L&#8217;H\u00f4tel Castillo de Javier, qui re\u00e7oit le nom de ce qui \u00e9tait la maison de San Francisco de Javier (saint patron de Navarre), est situ\u00e9...<\/p><p class=\"store_locator_address\"><span class=\"store_locator_street\">Rue Saint-Nicolas, 50-52<br\/><\/span> <span class=\"store_locator_zip\">31001<\/span> <span class=\"store_locator_city\">Pampelune<br\/><\/span> <span class=\"store_locator_region\">Navarre<\/span> <\/p><p class=\"store_locator_contact\"><span class=\"store_locator_tel\">Tel.: <a href=\"tel:+34948203040\">+34948203040<\/a><br\/><\/span><span class=\"store_locator_email\">Email: <a href=\"mailto:info@hotelcastillodejavier.com\">info@hotelcastillodejavier.com<\/a><br\/><\/span><span class=\"store_locator_website\">Website: <a href=\"https:\/\/www.hotelcastillodejavier.com\/es\/\">https:\/\/www.hotelcastillodejavier.com\/es\/<\/a><br\/><\/span><\/p><\/div>`,\n      });\n\n    marker23.addListener(\"click\", () => {\n        infowindow23.open({\n          anchor: marker23,\n          map,\n          shouldFocus: false,\n        });\n    });marker24 = new google.maps.Marker({position: {lat: 41.97850354828696, lng: -1.5773724301786363},map,title: \"Cirque Paiement Restaurant\",});\n    markers.push(marker24);\n    const infowindow24 = new google.maps.InfoWindow({\n        content: `<div id=\"store_locator_infowindow_28716\" class=\"store_locator_infowindow\"><div class=\"store-locator-col-sm-12 store_locator_details\"><h3 class=\"store_locator_name\"><a href=\"https:\/\/www.visitgastroh.com\/fr\/store\/cirque-paiement-restaurant\/\">Cirque Paiement Restaurant<\/a><\/h3><p><a href=\"https:\/\/www.visitgastroh.com\/fr\/store\/cirque-paiement-restaurant\/\"><img loading=\"lazy\" decoding=\"async\" width=\"2048\" height=\"1536\" src=\"https:\/\/www.visitgastroh.com\/wp-content\/uploads\/2022\/02\/restaurante-pago-cirsus-terraza-1.jpg\" class=\"attachment-post-thumbnail size-post-thumbnail wp-post-image\" alt=\"\" srcset=\"https:\/\/www.visitgastroh.com\/wp-content\/uploads\/2022\/02\/restaurante-pago-cirsus-terraza-1.jpg 2048w, https:\/\/www.visitgastroh.com\/wp-content\/uploads\/2022\/02\/restaurante-pago-cirsus-terraza-1-300x225.jpg 300w, https:\/\/www.visitgastroh.com\/wp-content\/uploads\/2022\/02\/restaurante-pago-cirsus-terraza-1-1024x768.jpg 1024w, https:\/\/www.visitgastroh.com\/wp-content\/uploads\/2022\/02\/restaurante-pago-cirsus-terraza-1-768x576.jpg 768w, https:\/\/www.visitgastroh.com\/wp-content\/uploads\/2022\/02\/restaurante-pago-cirsus-terraza-1-1536x1152.jpg 1536w\" sizes=\"auto, (max-width: 2048px) 100vw, 2048px\" \/><\/a><\/p><p class=\"store_locator_excerpt\">PAIEMENT DU CIRSUS Restaurant (ablitas) Entre vignobles et vues spectaculaires sur la Bodega Pago de Cirsus, profitez d&#8217;une proposition honn\u00eate, de plats traditionnels renouvel\u00e9s, principalement \u00e0 base de produits biologiques...<\/p><p class=\"store_locator_address\"><span class=\"store_locator_street\">Route d\\'Ablitas \u00e0 Ribaforada, km 5<br\/><\/span> <span class=\"store_locator_zip\">31523 <\/span> <span class=\"store_locator_city\">Ablitas<br\/><\/span> <span class=\"store_locator_region\">Navarre<\/span> <\/p><p class=\"store_locator_contact\"><span class=\"store_locator_tel\">Tel.: <a href=\"tel:+34 948 386 426\">+34 948 386 426<\/a><br\/><\/span><span class=\"store_locator_email\">Email: <a href=\"mailto:recepcion.hotel@pagodecirsus.com\">recepcion.hotel@pagodecirsus.com<\/a><br\/><\/span><span class=\"store_locator_website\">Website: <a href=\"https:\/\/www.pagodecirsus.com\/es\/hotel-y-restaurante\">https:\/\/www.pagodecirsus.com\/es\/hotel-y-restaurante<\/a><br\/><\/span><\/p><\/div>`,\n      });\n\n    marker24.addListener(\"click\", () => {\n        infowindow24.open({\n          anchor: marker24,\n          map,\n          shouldFocus: false,\n        });\n    });marker25 = new google.maps.Marker({position: {lat: 42.61355470584824, lng: -1.277454881541067},map,title: \"Complejo Latorre Hotel\",});\n    markers.push(marker25);\n    const infowindow25 = new google.maps.InfoWindow({\n        content: `<div id=\"store_locator_infowindow_34517\" class=\"store_locator_infowindow\"><div class=\"store-locator-col-sm-12 store_locator_details\"><h3 class=\"store_locator_name\"><a href=\"https:\/\/www.visitgastroh.com\/fr\/store\/complejo-latorre-hotel\/\">Complejo Latorre Hotel<\/a><\/h3><p><a href=\"https:\/\/www.visitgastroh.com\/fr\/store\/complejo-latorre-hotel\/\"><img loading=\"lazy\" decoding=\"async\" width=\"1600\" height=\"1200\" src=\"https:\/\/www.visitgastroh.com\/wp-content\/uploads\/2022\/03\/hostal-latorre-foto.jpg\" class=\"attachment-post-thumbnail size-post-thumbnail wp-post-image\" alt=\"\" srcset=\"https:\/\/www.visitgastroh.com\/wp-content\/uploads\/2022\/03\/hostal-latorre-foto.jpg 1600w, https:\/\/www.visitgastroh.com\/wp-content\/uploads\/2022\/03\/hostal-latorre-foto-300x225.jpg 300w, https:\/\/www.visitgastroh.com\/wp-content\/uploads\/2022\/03\/hostal-latorre-foto-1024x768.jpg 1024w, https:\/\/www.visitgastroh.com\/wp-content\/uploads\/2022\/03\/hostal-latorre-foto-768x576.jpg 768w, https:\/\/www.visitgastroh.com\/wp-content\/uploads\/2022\/03\/hostal-latorre-foto-1536x1152.jpg 1536w\" sizes=\"auto, (max-width: 1600px) 100vw, 1600px\" \/><\/a><\/p><p class=\"store_locator_excerpt\">Complejo Latorre Hotel (Li\u00e9dena) Nous avons un grand restaurant avec deux salles et une grande caf\u00e9t\u00e9ria avec une terrasse int\u00e9rieure . Que vous fassiez partie de ceux qui se l\u00e8vent...<\/p><p class=\"store_locator_address\"><span class=\"store_locator_street\">Ctra. Pamplona-Jaca km 40 <br\/><\/span> <span class=\"store_locator_zip\">31487 <\/span> <span class=\"store_locator_city\">Li\u00e9dena<br\/><\/span> <span class=\"store_locator_region\">Navarre<\/span> <\/p><p class=\"store_locator_contact\"><span class=\"store_locator_tel\">Tel.: <a href=\"tel:+34 948 870 610\">+34 948 870 610<\/a><br\/><\/span><span class=\"store_locator_email\">Email: <a href=\"mailto:info@complejo-latorre.com\">info@complejo-latorre.com<\/a><br\/><\/span><span class=\"store_locator_website\">Website: <a href=\"http:\/\/www.restaurantesnavarra.com\/establecimiento\/latorre\/es\/20301\">http:\/\/www.restaurantesnavarra.com\/establecimiento\/latorre\/es\/20301<\/a><br\/><\/span><\/p><\/div>`,\n      });\n\n    marker25.addListener(\"click\", () => {\n        infowindow25.open({\n          anchor: marker25,\n          map,\n          shouldFocus: false,\n        });\n    });marker26 = new google.maps.Marker({position: {lat: 43.1128066, lng: -1.681211},map,title: \"Donamariako Benta\",});\n    markers.push(marker26);\n    const infowindow26 = new google.maps.InfoWindow({\n        content: `<div id=\"store_locator_infowindow_40755\" class=\"store_locator_infowindow\"><div class=\"store-locator-col-sm-12 store_locator_details\"><h3 class=\"store_locator_name\"><a href=\"https:\/\/www.visitgastroh.com\/fr\/store\/donamariako-benta\/\">Donamariako Benta<\/a><\/h3><p><a href=\"https:\/\/www.visitgastroh.com\/fr\/store\/donamariako-benta\/\"><img loading=\"lazy\" decoding=\"async\" width=\"866\" height=\"851\" src=\"https:\/\/www.visitgastroh.com\/wp-content\/uploads\/2022\/05\/donamaria-exterior.jpg\" class=\"attachment-post-thumbnail size-post-thumbnail wp-post-image\" alt=\"\" srcset=\"https:\/\/www.visitgastroh.com\/wp-content\/uploads\/2022\/05\/donamaria-exterior.jpg 866w, https:\/\/www.visitgastroh.com\/wp-content\/uploads\/2022\/05\/donamaria-exterior-300x295.jpg 300w, https:\/\/www.visitgastroh.com\/wp-content\/uploads\/2022\/05\/donamaria-exterior-768x755.jpg 768w\" sizes=\"auto, (max-width: 866px) 100vw, 866px\" \/><\/a><\/p><p class=\"store_locator_excerpt\">Donamariako Benta (Mme Maria) Nous nous occupons de votre s\u00e9jour avec soin : nous assistons personnellement la famille tant au petit-d\u00e9jeuner que dans la pr\u00e9paration des activit\u00e9s, excursions, visites&#8230; et...<\/p><p class=\"store_locator_address\"><span class=\"store_locator_street\">Dona Mariako Bentak 10<br\/><\/span> <span class=\"store_locator_zip\">31750<\/span> <span class=\"store_locator_city\">Mme Maria<br\/><\/span> <span class=\"store_locator_region\">Navarre<\/span> <\/p><p class=\"store_locator_contact\"><span class=\"store_locator_tel\">Tel.: <a href=\"tel:+34 948 456 104\">+34 948 456 104<\/a><br\/><\/span><span class=\"store_locator_email\">Email: <a href=\"mailto:reserva@donamariakobenta.com\">reserva@donamariakobenta.com<\/a><br\/><\/span><span class=\"store_locator_website\">Website: <a href=\"https:\/\/www.donamariakobenta.com\/\">https:\/\/www.donamariakobenta.com\/<\/a><br\/><\/span><\/p><\/div>`,\n      });\n\n    marker26.addListener(\"click\", () => {\n        infowindow26.open({\n          anchor: marker26,\n          map,\n          shouldFocus: false,\n        });\n    });marker27 = new google.maps.Marker({position: {lat: 42.81769504279702, lng: -1.6426072564487515},map,title: \"Grand H\u00f4tel La Perla\",});\n    markers.push(marker27);\n    const infowindow27 = new google.maps.InfoWindow({\n        content: `<div id=\"store_locator_infowindow_28772\" class=\"store_locator_infowindow\"><div class=\"store-locator-col-sm-12 store_locator_details\"><h3 class=\"store_locator_name\"><a href=\"https:\/\/www.visitgastroh.com\/fr\/store\/grand-hotel-la-perla\/\">Grand H\u00f4tel La Perla<\/a><\/h3><p><a href=\"https:\/\/www.visitgastroh.com\/fr\/store\/grand-hotel-la-perla\/\"><img loading=\"lazy\" decoding=\"async\" width=\"1200\" height=\"500\" src=\"https:\/\/www.visitgastroh.com\/wp-content\/uploads\/2022\/02\/Hotel-La-Perla-3.jpg\" class=\"attachment-post-thumbnail size-post-thumbnail wp-post-image\" alt=\"\" srcset=\"https:\/\/www.visitgastroh.com\/wp-content\/uploads\/2022\/02\/Hotel-La-Perla-3.jpg 1200w, https:\/\/www.visitgastroh.com\/wp-content\/uploads\/2022\/02\/Hotel-La-Perla-3-300x125.jpg 300w, https:\/\/www.visitgastroh.com\/wp-content\/uploads\/2022\/02\/Hotel-La-Perla-3-1024x427.jpg 1024w, https:\/\/www.visitgastroh.com\/wp-content\/uploads\/2022\/02\/Hotel-La-Perla-3-768x320.jpg 768w\" sizes=\"auto, (max-width: 1200px) 100vw, 1200px\" \/><\/a><\/p><p class=\"store_locator_excerpt\">GRAND H\u00d4TEL DE PERLE (Pampelune) Depuis 1881, notre histoire s&#8217;\u00e9crit. 3 si\u00e8cles, 4 g\u00e9n\u00e9rations et 5 \u00e9toiles nous accompagnent, alliant parfaitement tradition et modernit\u00e9 dans un h\u00f4tel de 44 chambres...<\/p><p class=\"store_locator_address\"><span class=\"store_locator_street\">Place du Ch\u00e2teau, 1<br\/><\/span> <span class=\"store_locator_zip\">31001<\/span> <span class=\"store_locator_city\">Pampelune<br\/><\/span> <span class=\"store_locator_region\">Navarre<\/span> <\/p><p class=\"store_locator_contact\"><span class=\"store_locator_tel\">Tel.: <a href=\"tel:+34 948 223 000  \">+34 948 223 000  <\/a><br\/><\/span><span class=\"store_locator_email\">Email: <a href=\"mailto:information@granhotellaperla.com\">information@granhotellaperla.com<\/a><br\/><\/span><span class=\"store_locator_website\">Website: <a href=\"http:\/\/www.granhotellaperla.com\">http:\/\/www.granhotellaperla.com<\/a><br\/><\/span><\/p><\/div>`,\n      });\n\n    marker27.addListener(\"click\", () => {\n        infowindow27.open({\n          anchor: marker27,\n          map,\n          shouldFocus: false,\n        });\n    });marker28 = new google.maps.Marker({position: {lat: 42.8169233, lng: -1.6450566},map,title: \"Heart of Pamplona Apartamentos\",});\n    markers.push(marker28);\n    const infowindow28 = new google.maps.InfoWindow({\n        content: `<div id=\"store_locator_infowindow_38733\" class=\"store_locator_infowindow\"><div class=\"store-locator-col-sm-12 store_locator_details\"><h3 class=\"store_locator_name\"><a href=\"https:\/\/www.visitgastroh.com\/fr\/store\/heart-of-pamplona-apartamentos\/\">Heart of Pamplona Apartamentos<\/a><\/h3><p><a href=\"https:\/\/www.visitgastroh.com\/fr\/store\/heart-of-pamplona-apartamentos\/\"><img loading=\"lazy\" decoding=\"async\" width=\"1766\" height=\"1179\" src=\"https:\/\/www.visitgastroh.com\/wp-content\/uploads\/2022\/03\/DSC3728.jpg\" class=\"attachment-post-thumbnail size-post-thumbnail wp-post-image\" alt=\"\" srcset=\"https:\/\/www.visitgastroh.com\/wp-content\/uploads\/2022\/03\/DSC3728.jpg 1766w, https:\/\/www.visitgastroh.com\/wp-content\/uploads\/2022\/03\/DSC3728-300x200.jpg 300w, https:\/\/www.visitgastroh.com\/wp-content\/uploads\/2022\/03\/DSC3728-1024x684.jpg 1024w, https:\/\/www.visitgastroh.com\/wp-content\/uploads\/2022\/03\/DSC3728-768x513.jpg 768w, https:\/\/www.visitgastroh.com\/wp-content\/uploads\/2022\/03\/DSC3728-1536x1025.jpg 1536w, https:\/\/www.visitgastroh.com\/wp-content\/uploads\/2022\/03\/DSC3728-900x600.jpg 900w\" sizes=\"auto, (max-width: 1766px) 100vw, 1766px\" \/><\/a><\/p><p class=\"store_locator_excerpt\">Heart of Pamplona Apartamentos (Pamplona) Nous louons des appartements touristiques au c\u0153ur du centre historique de Pampelune, Navarre. Profitez de nos spectaculaires appartements historiques situ\u00e9s au c\u0153ur du centre historique...<\/p><p class=\"store_locator_address\"><span class=\"store_locator_street\">Calle Zapateria 58, 3\u00baizq<br\/><\/span> <span class=\"store_locator_zip\">31001<\/span> <span class=\"store_locator_city\">Pamplona<br\/><\/span> <span class=\"store_locator_region\">Navarra<\/span> <\/p><p class=\"store_locator_contact\"><span class=\"store_locator_tel\">Tel.: <a href=\"tel:+34 628 601 560\">+34 628 601 560<\/a><br\/><\/span><span class=\"store_locator_email\">Email: <a href=\"mailto:info@northernspaintravel.com\">info@northernspaintravel.com<\/a><br\/><\/span><span class=\"store_locator_mobile\">Mobile: <a href=\"tel:+34 628 601 560\">+34 628 601 560<\/a><br\/><\/span><span class=\"store_locator_website\">Website: <a href=\"https:\/\/northernspaintravel.com\/\">https:\/\/northernspaintravel.com\/<\/a><br\/><\/span><\/p><\/div>`,\n      });\n\n    marker28.addListener(\"click\", () => {\n        infowindow28.open({\n          anchor: marker28,\n          map,\n          shouldFocus: false,\n        });\n    });marker29 = new google.maps.Marker({position: {lat: 42.81346490000001, lng: -1.6427147},map,title: \"H\u00f4tel\",});\n    markers.push(marker29);\n    const infowindow29 = new google.maps.InfoWindow({\n        content: `<div id=\"store_locator_infowindow_28750\" class=\"store_locator_infowindow\"><div class=\"store-locator-col-sm-12 store_locator_details\"><h3 class=\"store_locator_name\"><a href=\"https:\/\/www.visitgastroh.com\/fr\/store\/hotel\/\">H\u00f4tel<\/a><\/h3><p><a href=\"https:\/\/www.visitgastroh.com\/fr\/store\/hotel\/\"><img loading=\"lazy\" decoding=\"async\" width=\"1200\" height=\"500\" src=\"https:\/\/www.visitgastroh.com\/wp-content\/uploads\/2022\/02\/hotel_yoldi_habitacion_triple.jpg\" class=\"attachment-post-thumbnail size-post-thumbnail wp-post-image\" alt=\"\" srcset=\"https:\/\/www.visitgastroh.com\/wp-content\/uploads\/2022\/02\/hotel_yoldi_habitacion_triple.jpg 1200w, https:\/\/www.visitgastroh.com\/wp-content\/uploads\/2022\/02\/hotel_yoldi_habitacion_triple-300x125.jpg 300w, https:\/\/www.visitgastroh.com\/wp-content\/uploads\/2022\/02\/hotel_yoldi_habitacion_triple-1024x427.jpg 1024w, https:\/\/www.visitgastroh.com\/wp-content\/uploads\/2022\/02\/hotel_yoldi_habitacion_triple-768x320.jpg 768w\" sizes=\"auto, (max-width: 1200px) 100vw, 1200px\" \/><\/a><\/p><p class=\"store_locator_excerpt\">H\u00f4tel YOLDI (Pampelune) Situ\u00e9 dans le centre commercial et d&#8217;affaires de la ville et \u00e0 quelques m\u00e8tres du centre de conf\u00e9rences Baluarte et de la partie ancienne : la cath\u00e9drale,...<\/p><p class=\"store_locator_address\"><span class=\"store_locator_street\">Rue. Saint Ignace, 11<br\/><\/span> <span class=\"store_locator_zip\">31002<\/span> <span class=\"store_locator_city\">Pampelune<br\/><\/span> <span class=\"store_locator_region\">Navarre<\/span> <\/p><p class=\"store_locator_contact\"><span class=\"store_locator_tel\">Tel.: <a href=\"tel:+34948224800 \">+34948224800 <\/a><br\/><\/span><span class=\"store_locator_email\">Email: <a href=\"mailto:yoldi@hotelyoldi.com\">yoldi@hotelyoldi.com<\/a><br\/><\/span><span class=\"store_locator_website\">Website: <a href=\"https:\/\/www.hotelyoldi.com\/\">https:\/\/www.hotelyoldi.com\/<\/a><br\/><\/span><\/p><\/div>`,\n      });\n\n    marker29.addListener(\"click\", () => {\n        infowindow29.open({\n          anchor: marker29,\n          map,\n          shouldFocus: false,\n        });\n    });marker30 = new google.maps.Marker({position: {lat: 42.82162733807729, lng: -1.574006353442392},map,title: \"H\u00f4tel &amp;amp; Spa Castillo de Gorraiz\",});\n    markers.push(marker30);\n    const infowindow30 = new google.maps.InfoWindow({\n        content: `<div id=\"store_locator_infowindow_30567\" class=\"store_locator_infowindow\"><div class=\"store-locator-col-sm-12 store_locator_details\"><h3 class=\"store_locator_name\"><a href=\"https:\/\/www.visitgastroh.com\/fr\/store\/hotel-castillo-de-gorraiz-golf-spa\/\">H\u00f4tel &amp; Spa Castillo de Gorraiz<\/a><\/h3><p><a href=\"https:\/\/www.visitgastroh.com\/fr\/store\/hotel-castillo-de-gorraiz-golf-spa\/\"><img loading=\"lazy\" decoding=\"async\" width=\"2000\" height=\"1339\" src=\"https:\/\/www.visitgastroh.com\/wp-content\/uploads\/2022\/02\/hotel-castillo-gorraiz-fachada-1.jpg\" class=\"attachment-post-thumbnail size-post-thumbnail wp-post-image\" alt=\"\" srcset=\"https:\/\/www.visitgastroh.com\/wp-content\/uploads\/2022\/02\/hotel-castillo-gorraiz-fachada-1.jpg 2000w, https:\/\/www.visitgastroh.com\/wp-content\/uploads\/2022\/02\/hotel-castillo-gorraiz-fachada-1-300x201.jpg 300w, https:\/\/www.visitgastroh.com\/wp-content\/uploads\/2022\/02\/hotel-castillo-gorraiz-fachada-1-1024x686.jpg 1024w, https:\/\/www.visitgastroh.com\/wp-content\/uploads\/2022\/02\/hotel-castillo-gorraiz-fachada-1-768x514.jpg 768w, https:\/\/www.visitgastroh.com\/wp-content\/uploads\/2022\/02\/hotel-castillo-gorraiz-fachada-1-1536x1028.jpg 1536w, https:\/\/www.visitgastroh.com\/wp-content\/uploads\/2022\/02\/hotel-castillo-gorraiz-fachada-1-900x604.jpg 900w, https:\/\/www.visitgastroh.com\/wp-content\/uploads\/2022\/02\/hotel-castillo-gorraiz-fachada-1-600x403.jpg 600w, https:\/\/www.visitgastroh.com\/wp-content\/uploads\/2022\/02\/hotel-castillo-gorraiz-fachada-1-400x269.jpg 400w\" sizes=\"auto, (max-width: 2000px) 100vw, 2000px\" \/><\/a><\/p><p class=\"store_locator_excerpt\">CASTILLO DE GORRAIZ GOLF Golf &amp; SPA (Gorraiz) Le Castillo de Gorraiz Hotel Golf &amp; Spa est un h\u00f4tel-boutique exquis et sophistiqu\u00e9 de 87 chambres, o\u00f9 tradition, histoire et art...<\/p><p class=\"store_locator_address\"><span class=\"store_locator_street\">Avenida de Eg\u00fces, 78<br\/><\/span> <span class=\"store_locator_zip\">31620<\/span> <span class=\"store_locator_city\">Gorraiz<br\/><\/span> <span class=\"store_locator_region\">Navarre<\/span> <\/p><p class=\"store_locator_contact\"><span class=\"store_locator_tel\">Tel.: <a href=\"tel:+34948337722\">+34948337722<\/a><br\/><\/span><span class=\"store_locator_email\">Email: <a href=\"mailto:reservas@cghotel.es\">reservas@cghotel.es<\/a><br\/><\/span><span class=\"store_locator_website\">Website: <a href=\"https:\/\/www.cghotel.es\/\">https:\/\/www.cghotel.es\/<\/a><br\/><\/span><\/p><\/div>`,\n      });\n\n    marker30.addListener(\"click\", () => {\n        infowindow30.open({\n          anchor: marker30,\n          map,\n          shouldFocus: false,\n        });\n    });marker31 = new google.maps.Marker({position: {lat: 42.75243295235508, lng: -1.6499471380287178},map,title: \"Hotel Agorreta\",});\n    markers.push(marker31);\n    const infowindow31 = new google.maps.InfoWindow({\n        content: `<div id=\"store_locator_infowindow_30555\" class=\"store_locator_infowindow\"><div class=\"store-locator-col-sm-12 store_locator_details\"><h3 class=\"store_locator_name\"><a href=\"https:\/\/www.visitgastroh.com\/fr\/store\/hotel-agorreta\/\">Hotel Agorreta<\/a><\/h3><p><a href=\"https:\/\/www.visitgastroh.com\/fr\/store\/hotel-agorreta\/\"><img loading=\"lazy\" decoding=\"async\" width=\"1200\" height=\"500\" src=\"https:\/\/www.visitgastroh.com\/wp-content\/uploads\/2022\/02\/hotel-agorreta-habitacion.jpg\" class=\"attachment-post-thumbnail size-post-thumbnail wp-post-image\" alt=\"\" srcset=\"https:\/\/www.visitgastroh.com\/wp-content\/uploads\/2022\/02\/hotel-agorreta-habitacion.jpg 1200w, https:\/\/www.visitgastroh.com\/wp-content\/uploads\/2022\/02\/hotel-agorreta-habitacion-300x125.jpg 300w, https:\/\/www.visitgastroh.com\/wp-content\/uploads\/2022\/02\/hotel-agorreta-habitacion-1024x427.jpg 1024w, https:\/\/www.visitgastroh.com\/wp-content\/uploads\/2022\/02\/hotel-agorreta-habitacion-768x320.jpg 768w\" sizes=\"auto, (max-width: 1200px) 100vw, 1200px\" \/><\/a><\/p><p class=\"store_locator_excerpt\">AGORRETA Hotel (Salinas de Pamplona) Tranquillit\u00e9 et confort dans un manoir restaur\u00e9 \u00e0 5,4 km de Pampelune. 24 chambres, toutes climatis\u00e9es, avec salle de bain compl\u00e8te, TV, t\u00e9l\u00e9phone, internet, musique...<\/p><p class=\"store_locator_address\"><span class=\"store_locator_street\">Plaza Ziriota, 3<br\/><\/span> <span class=\"store_locator_zip\">31191<\/span> <span class=\"store_locator_city\">Salinas de Pamplona<br\/><\/span> <span class=\"store_locator_region\">Navarre<\/span> <\/p><p class=\"store_locator_contact\"><span class=\"store_locator_tel\">Tel.: <a href=\"tel:+34948316900\">+34948316900<\/a><br\/><\/span><span class=\"store_locator_email\">Email: <a href=\"mailto:info@hotelagorreta.es\">info@hotelagorreta.es<\/a><br\/><\/span><span class=\"store_locator_website\">Website: <a href=\"https:\/\/www.hotelagorreta.es\/\">https:\/\/www.hotelagorreta.es\/<\/a><br\/><\/span><\/p><\/div>`,\n      });\n\n    marker31.addListener(\"click\", () => {\n        infowindow31.open({\n          anchor: marker31,\n          map,\n          shouldFocus: false,\n        });\n    });marker32 = new google.maps.Marker({position: {lat: 42.0783545, lng: -1.5653432},map,title: \"H\u00f4tel Aire Bardenas\",});\n    markers.push(marker32);\n    const infowindow32 = new google.maps.InfoWindow({\n        content: `<div id=\"store_locator_infowindow_28769\" class=\"store_locator_infowindow\"><div class=\"store-locator-col-sm-12 store_locator_details\"><h3 class=\"store_locator_name\"><a href=\"https:\/\/www.visitgastroh.com\/fr\/store\/hotel-aire-bardenas\/\">H\u00f4tel Aire Bardenas<\/a><\/h3><p><a href=\"https:\/\/www.visitgastroh.com\/fr\/store\/hotel-aire-bardenas\/\"><img loading=\"lazy\" decoding=\"async\" width=\"1024\" height=\"683\" src=\"https:\/\/www.visitgastroh.com\/wp-content\/uploads\/2022\/02\/Aire-Bardenas-11.jpg\" class=\"attachment-post-thumbnail size-post-thumbnail wp-post-image\" alt=\"\" srcset=\"https:\/\/www.visitgastroh.com\/wp-content\/uploads\/2022\/02\/Aire-Bardenas-11.jpg 1024w, https:\/\/www.visitgastroh.com\/wp-content\/uploads\/2022\/02\/Aire-Bardenas-11-300x200.jpg 300w, https:\/\/www.visitgastroh.com\/wp-content\/uploads\/2022\/02\/Aire-Bardenas-11-768x512.jpg 768w, https:\/\/www.visitgastroh.com\/wp-content\/uploads\/2022\/02\/Aire-Bardenas-11-900x600.jpg 900w\" sizes=\"auto, (max-width: 1024px) 100vw, 1024px\" \/><\/a><\/p><p class=\"store_locator_excerpt\">H\u00f4tel BARDENAS AIR (Tudela) Au milieu de nulle part, entre Madrid et Barcelone, se trouve l&#8217;H\u00d4TEL Aire de Bardenas, diff\u00e9rent de tous les autres que vous avez visit\u00e9s. \u00c0 l&#8217;entr\u00e9e...<\/p><p class=\"store_locator_address\"><span class=\"store_locator_street\">Ctra. d\\'Ejea, NA-125, km. quinze<br\/><\/span> <span class=\"store_locator_zip\">31500<\/span> <span class=\"store_locator_city\">Tudela<br\/><\/span> <span class=\"store_locator_region\">Navarre<\/span> <\/p><p class=\"store_locator_contact\"><span class=\"store_locator_tel\">Tel.: <a href=\"tel:+34 948 11 66 66\">+34 948 11 66 66<\/a><br\/><\/span><span class=\"store_locator_email\">Email: <a href=\"mailto:info@hotelaire.com\">info@hotelaire.com<\/a><br\/><\/span><span class=\"store_locator_mobile\">Mobile: <a href=\"tel:+34 699 16 45 94\">+34 699 16 45 94<\/a><br\/><\/span><span class=\"store_locator_website\">Website: <a href=\"https:\/\/www.airebardenas.com\">https:\/\/www.airebardenas.com<\/a><br\/><\/span><\/p><\/div>`,\n      });\n\n    marker32.addListener(\"click\", () => {\n        infowindow32.open({\n          anchor: marker32,\n          map,\n          shouldFocus: false,\n        });\n    });marker33 = new google.maps.Marker({position: {lat: 42.736948072983225, lng: -1.6332343471866628},map,title: \"H\u00f4tel Ala\u00efz\",});\n    markers.push(marker33);\n    const infowindow33 = new google.maps.InfoWindow({\n        content: `<div id=\"store_locator_infowindow_28758\" class=\"store_locator_infowindow\"><div class=\"store-locator-col-sm-12 store_locator_details\"><h3 class=\"store_locator_name\"><a href=\"https:\/\/www.visitgastroh.com\/fr\/store\/hotel-alaiz\/\">H\u00f4tel Ala\u00efz<\/a><\/h3><p><a href=\"https:\/\/www.visitgastroh.com\/fr\/store\/hotel-alaiz\/\"><img loading=\"lazy\" decoding=\"async\" width=\"1200\" height=\"400\" src=\"https:\/\/www.visitgastroh.com\/wp-content\/uploads\/2022\/02\/hotel_alaiz_portada.jpg\" class=\"attachment-post-thumbnail size-post-thumbnail wp-post-image\" alt=\"\" srcset=\"https:\/\/www.visitgastroh.com\/wp-content\/uploads\/2022\/02\/hotel_alaiz_portada.jpg 1200w, https:\/\/www.visitgastroh.com\/wp-content\/uploads\/2022\/02\/hotel_alaiz_portada-300x100.jpg 300w, https:\/\/www.visitgastroh.com\/wp-content\/uploads\/2022\/02\/hotel_alaiz_portada-1024x341.jpg 1024w, https:\/\/www.visitgastroh.com\/wp-content\/uploads\/2022\/02\/hotel_alaiz_portada-768x256.jpg 768w\" sizes=\"auto, (max-width: 1200px) 100vw, 1200px\" \/><\/a><\/p><p class=\"store_locator_excerpt\">H\u00f4tel ALAIZ (Pampelune) \u00c0 l&#8217;H\u00f4tel Alaiz, \u00e0 10 km de Pampelune et \u00e0 proximit\u00e9 des zones commerciales et de loisirs, nous combinons un traitement familial et professionnel pour que vous...<\/p><p class=\"store_locator_address\"><span class=\"store_locator_street\">Autoroute de Saragosse, 1 km. 9<br\/><\/span> <span class=\"store_locator_zip\">31191<\/span> <span class=\"store_locator_city\">B\u00e9riain<br\/><\/span> <span class=\"store_locator_region\">Navarre<\/span> <\/p><p class=\"store_locator_contact\"><span class=\"store_locator_tel\">Tel.: <a href=\"tel:+34948310175\">+34948310175<\/a><br\/><\/span><span class=\"store_locator_email\">Email: <a href=\"mailto:reserve@hotelalaiz.com\">reserve@hotelalaiz.com<\/a><br\/><\/span><span class=\"store_locator_website\">Website: <a href=\"https:\/\/www.hotelalaiz.com\/\">https:\/\/www.hotelalaiz.com\/<\/a><br\/><\/span><\/p><\/div>`,\n      });\n\n    marker33.addListener(\"click\", () => {\n        infowindow33.open({\n          anchor: marker33,\n          map,\n          shouldFocus: false,\n        });\n    });marker34 = new google.maps.Marker({position: {lat: 42.8096928, lng: -1.6691608},map,title: \"H\u00f4tel Albret\",});\n    markers.push(marker34);\n    const infowindow34 = new google.maps.InfoWindow({\n        content: `<div id=\"store_locator_infowindow_28782\" class=\"store_locator_infowindow\"><div class=\"store-locator-col-sm-12 store_locator_details\"><h3 class=\"store_locator_name\"><a href=\"https:\/\/www.visitgastroh.com\/fr\/store\/hotel-albret\/\">H\u00f4tel Albret<\/a><\/h3><p><a href=\"https:\/\/www.visitgastroh.com\/fr\/store\/hotel-albret\/\"><img loading=\"lazy\" decoding=\"async\" width=\"1920\" height=\"1280\" src=\"https:\/\/www.visitgastroh.com\/wp-content\/uploads\/2022\/01\/MG_4385.jpg\" class=\"attachment-post-thumbnail size-post-thumbnail wp-post-image\" alt=\"\" srcset=\"https:\/\/www.visitgastroh.com\/wp-content\/uploads\/2022\/01\/MG_4385.jpg 1920w, https:\/\/www.visitgastroh.com\/wp-content\/uploads\/2022\/01\/MG_4385-300x200.jpg 300w, https:\/\/www.visitgastroh.com\/wp-content\/uploads\/2022\/01\/MG_4385-1024x683.jpg 1024w, https:\/\/www.visitgastroh.com\/wp-content\/uploads\/2022\/01\/MG_4385-768x512.jpg 768w, https:\/\/www.visitgastroh.com\/wp-content\/uploads\/2022\/01\/MG_4385-1536x1024.jpg 1536w, https:\/\/www.visitgastroh.com\/wp-content\/uploads\/2022\/01\/MG_4385-900x600.jpg 900w\" sizes=\"auto, (max-width: 1920px) 100vw, 1920px\" \/><\/a><\/p><p class=\"store_locator_excerpt\">H\u00f4tel ALBRET (Pampelune) L&#8217;H\u00f4tel Albret est un h\u00f4tel moderne et confortable en constante \u00e9volution pour vous offrir les meilleurs \u00e9quipements et services lors de votre visite \u00e0 Pampelune. Situ\u00e9 \u00e0...<\/p><p class=\"store_locator_address\"><span class=\"store_locator_street\">Rue de l\\'Ermitage, 3<br\/><\/span> <span class=\"store_locator_zip\">31008<\/span> <span class=\"store_locator_city\">Pampelune<br\/><\/span> <span class=\"store_locator_region\">Navarre<\/span> <\/p><p class=\"store_locator_contact\"><span class=\"store_locator_tel\">Tel.: <a href=\"tel:+34948172233\">+34948172233<\/a><br\/><\/span><span class=\"store_locator_email\">Email: <a href=\"mailto:reserve@hotelalbret.com\">reserve@hotelalbret.com<\/a><br\/><\/span><span class=\"store_locator_mobile\">Mobile: <a href=\"tel:+34635599864\">+34635599864<\/a><br\/><\/span><span class=\"store_locator_website\">Website: <a href=\"https:\/\/www.hotelalbret.com\/\">https:\/\/www.hotelalbret.com\/<\/a><br\/><\/span><\/p><\/div>`,\n      });\n\n    marker34.addListener(\"click\", () => {\n        infowindow34.open({\n          anchor: marker34,\n          map,\n          shouldFocus: false,\n        });\n    });marker35 = new google.maps.Marker({position: {lat: 42.81977043611152, lng: -1.6238308039759564},map,title: \"H\u00f4tel Alma Pampelune\",});\n    markers.push(marker35);\n    const infowindow35 = new google.maps.InfoWindow({\n        content: `<div id=\"store_locator_infowindow_28770\" class=\"store_locator_infowindow\"><div class=\"store-locator-col-sm-12 store_locator_details\"><h3 class=\"store_locator_name\"><a href=\"https:\/\/www.visitgastroh.com\/fr\/store\/hotel-alma-pampelune\/\">H\u00f4tel Alma Pampelune<\/a><\/h3><p><a href=\"https:\/\/www.visitgastroh.com\/fr\/store\/hotel-alma-pampelune\/\"><img loading=\"lazy\" decoding=\"async\" width=\"1300\" height=\"865\" src=\"https:\/\/www.visitgastroh.com\/wp-content\/uploads\/2022\/02\/alma-pamplona-7.jpg\" class=\"attachment-post-thumbnail size-post-thumbnail wp-post-image\" alt=\"\" srcset=\"https:\/\/www.visitgastroh.com\/wp-content\/uploads\/2022\/02\/alma-pamplona-7.jpg 1300w, https:\/\/www.visitgastroh.com\/wp-content\/uploads\/2022\/02\/alma-pamplona-7-300x200.jpg 300w, https:\/\/www.visitgastroh.com\/wp-content\/uploads\/2022\/02\/alma-pamplona-7-1024x681.jpg 1024w, https:\/\/www.visitgastroh.com\/wp-content\/uploads\/2022\/02\/alma-pamplona-7-768x511.jpg 768w, https:\/\/www.visitgastroh.com\/wp-content\/uploads\/2022\/02\/alma-pamplona-7-900x600.jpg 900w\" sizes=\"auto, (max-width: 1300px) 100vw, 1300px\" \/><\/a><\/p><p class=\"store_locator_excerpt\">H\u00f4tel ALMA PAMPELUNE (Pamplona) H\u00d4TEL. Un b\u00e2timent unique situ\u00e9 \u00e0 quelques minutes du centre de la capitale de la Navarre, Pampelune, une ville aux coins embl\u00e9matiques marqu\u00e9s par les Sanfermines...<\/p><p class=\"store_locator_address\"><span class=\"store_locator_street\">Rue Beloso Bajo, 11 <br\/><\/span> <span class=\"store_locator_zip\">31006<\/span> <span class=\"store_locator_city\">Pampelune<br\/><\/span> <span class=\"store_locator_region\">Navarre<\/span> <\/p><p class=\"store_locator_contact\"><span class=\"store_locator_tel\">Tel.: <a href=\"tel:+34 948 293 380  \">+34 948 293 380  <\/a><br\/><\/span><span class=\"store_locator_email\">Email: <a href=\"mailto:info@almapamplona.com\">info@almapamplona.com<\/a><br\/><\/span><span class=\"store_locator_website\">Website: <a href=\"http:\/\/www.almahotels.com\">http:\/\/www.almahotels.com<\/a><br\/><\/span><\/p><\/div>`,\n      });\n\n    marker35.addListener(\"click\", () => {\n        infowindow35.open({\n          anchor: marker35,\n          map,\n          shouldFocus: false,\n        });\n    });marker36 = new google.maps.Marker({position: {lat: 42.8221205691285, lng: -1.6943530817535413},map,title: \"HOTEL ANDIA\",});\n    markers.push(marker36);\n    const infowindow36 = new google.maps.InfoWindow({\n        content: `<div id=\"store_locator_infowindow_34529\" class=\"store_locator_infowindow\"><div class=\"store-locator-col-sm-12 store_locator_details\"><h3 class=\"store_locator_name\"><a href=\"https:\/\/www.visitgastroh.com\/fr\/store\/hotel-andia-2\/\">HOTEL ANDIA<\/a><\/h3><p><a href=\"https:\/\/www.visitgastroh.com\/fr\/store\/hotel-andia-2\/\"><img loading=\"lazy\" decoding=\"async\" width=\"2560\" height=\"1645\" src=\"https:\/\/www.visitgastroh.com\/wp-content\/uploads\/2022\/03\/hotelpamplonanavarraorkoeinhotelandiasuitehidromasaje1-scaled.jpg\" class=\"attachment-post-thumbnail size-post-thumbnail wp-post-image\" alt=\"\" srcset=\"https:\/\/www.visitgastroh.com\/wp-content\/uploads\/2022\/03\/hotelpamplonanavarraorkoeinhotelandiasuitehidromasaje1-scaled.jpg 2560w, https:\/\/www.visitgastroh.com\/wp-content\/uploads\/2022\/03\/hotelpamplonanavarraorkoeinhotelandiasuitehidromasaje1-300x193.jpg 300w, https:\/\/www.visitgastroh.com\/wp-content\/uploads\/2022\/03\/hotelpamplonanavarraorkoeinhotelandiasuitehidromasaje1-1024x658.jpg 1024w, https:\/\/www.visitgastroh.com\/wp-content\/uploads\/2022\/03\/hotelpamplonanavarraorkoeinhotelandiasuitehidromasaje1-768x493.jpg 768w, https:\/\/www.visitgastroh.com\/wp-content\/uploads\/2022\/03\/hotelpamplonanavarraorkoeinhotelandiasuitehidromasaje1-1536x987.jpg 1536w, https:\/\/www.visitgastroh.com\/wp-content\/uploads\/2022\/03\/hotelpamplonanavarraorkoeinhotelandiasuitehidromasaje1-2048x1316.jpg 2048w\" sizes=\"auto, (max-width: 2560px) 100vw, 2560px\" \/><\/a><\/p><p class=\"store_locator_excerpt\">HOTEL ANDIA ORKOIEN H\u00f4tel 4 \u00e9toiles situ\u00e9 \u00e0 5 km du centre de Pampelune et \u00e0 3 km de la gare. Toutes les chambres disposent d&#8217;une connexion Wi-Fi gratuite ,...<\/p><p class=\"store_locator_address\"><span class=\"store_locator_street\">Ipertegui<br\/><\/span> <span class=\"store_locator_zip\">31160<\/span> <span class=\"store_locator_city\">Orkoien<br\/><\/span> <span class=\"store_locator_region\">Navarre<\/span> <\/p><p class=\"store_locator_contact\"><span class=\"store_locator_tel\">Tel.: <a href=\"tel:+34948325075\">+34948325075<\/a><br\/><\/span><span class=\"store_locator_email\">Email: <a href=\"mailto:info@hotelandia.com\">info@hotelandia.com<\/a><br\/><\/span><span class=\"store_locator_mobile\">Mobile: <a href=\"tel:+34669671313\">+34669671313<\/a><br\/><\/span><span class=\"store_locator_website\">Website: <a href=\"www.hotelandia.com\">www.hotelandia.com<\/a><br\/><\/span><\/p><\/div>`,\n      });\n\n    marker36.addListener(\"click\", () => {\n        infowindow36.open({\n          anchor: marker36,\n          map,\n          shouldFocus: false,\n        });\n    });marker37 = new google.maps.Marker({position: {lat: 43.18906423248447, lng: -1.7450658134918173},map,title: \"H\u00f4tel Arantza\",});\n    markers.push(marker37);\n    const infowindow37 = new google.maps.InfoWindow({\n        content: `<div id=\"store_locator_infowindow_28767\" class=\"store_locator_infowindow\"><div class=\"store-locator-col-sm-12 store_locator_details\"><h3 class=\"store_locator_name\"><a href=\"https:\/\/www.visitgastroh.com\/fr\/store\/hotel-arantza\/\">H\u00f4tel Arantza<\/a><\/h3><p><a href=\"https:\/\/www.visitgastroh.com\/fr\/store\/hotel-arantza\/\"><img loading=\"lazy\" decoding=\"async\" width=\"900\" height=\"506\" src=\"https:\/\/www.visitgastroh.com\/wp-content\/uploads\/2022\/02\/hotel-arantza3.jpg\" class=\"attachment-post-thumbnail size-post-thumbnail wp-post-image\" alt=\"\" srcset=\"https:\/\/www.visitgastroh.com\/wp-content\/uploads\/2022\/02\/hotel-arantza3.jpg 900w, https:\/\/www.visitgastroh.com\/wp-content\/uploads\/2022\/02\/hotel-arantza3-300x169.jpg 300w, https:\/\/www.visitgastroh.com\/wp-content\/uploads\/2022\/02\/hotel-arantza3-768x432.jpg 768w\" sizes=\"auto, (max-width: 900px) 100vw, 900px\" \/><\/a><\/p><p class=\"store_locator_excerpt\">H\u00f4tel ARANZA (Arantza) Un h\u00f4tel romantique pour surprendre votre partenaire avec des espaces pleins de lumi\u00e8re, d&#8217;art et de design. Nous sommes un 5 \u00e9toiles r\u00e9serv\u00e9 aux adultes en Navarre,...<\/p><p class=\"store_locator_address\"><span class=\"store_locator_street\">Aientsa Auzoa, 10<br\/><\/span> <span class=\"store_locator_zip\">31790<\/span> <span class=\"store_locator_city\">Arantza<br\/><\/span> <span class=\"store_locator_region\">Navarre<\/span> <\/p><p class=\"store_locator_contact\"><span class=\"store_locator_tel\">Tel.: <a href=\"tel:+34 \">+34 <\/a><br\/><\/span><span class=\"store_locator_email\">Email: <a href=\"mailto:info@arantzahotela.com\">info@arantzahotela.com<\/a><br\/><\/span><span class=\"store_locator_mobile\">Mobile: <a href=\"tel:+34 654 31 89 49\">+34 654 31 89 49<\/a><br\/><\/span><span class=\"store_locator_website\">Website: <a href=\"https:\/\/www.arantzahotela.com\">https:\/\/www.arantzahotela.com<\/a><br\/><\/span><\/p><\/div>`,\n      });\n\n    marker37.addListener(\"click\", () => {\n        infowindow37.open({\n          anchor: marker37,\n          map,\n          shouldFocus: false,\n        });\n    });marker38 = new google.maps.Marker({position: {lat: 42.81209155784843, lng: -1.643069210739232},map,title: \"Hotel Avenida\",});\n    markers.push(marker38);\n    const infowindow38 = new google.maps.InfoWindow({\n        content: `<div id=\"store_locator_infowindow_30551\" class=\"store_locator_infowindow\"><div class=\"store-locator-col-sm-12 store_locator_details\"><h3 class=\"store_locator_name\"><a href=\"https:\/\/www.visitgastroh.com\/fr\/store\/hotel-avenida\/\">Hotel Avenida<\/a><\/h3><p><a href=\"https:\/\/www.visitgastroh.com\/fr\/store\/hotel-avenida\/\"><img loading=\"lazy\" decoding=\"async\" width=\"1200\" height=\"500\" src=\"https:\/\/www.visitgastroh.com\/wp-content\/uploads\/2022\/02\/hotel_avenida_fachada.jpg\" class=\"attachment-post-thumbnail size-post-thumbnail wp-post-image\" alt=\"\" srcset=\"https:\/\/www.visitgastroh.com\/wp-content\/uploads\/2022\/02\/hotel_avenida_fachada.jpg 1200w, https:\/\/www.visitgastroh.com\/wp-content\/uploads\/2022\/02\/hotel_avenida_fachada-300x125.jpg 300w, https:\/\/www.visitgastroh.com\/wp-content\/uploads\/2022\/02\/hotel_avenida_fachada-1024x427.jpg 1024w, https:\/\/www.visitgastroh.com\/wp-content\/uploads\/2022\/02\/hotel_avenida_fachada-768x320.jpg 768w\" sizes=\"auto, (max-width: 1200px) 100vw, 1200px\" \/><\/a><\/p><p class=\"store_locator_excerpt\">AVENIDA Hotel (Pamplona) L&#8217;H\u00f4tel Avenida b\u00e9n\u00e9ficie d&#8217;un emplacement exceptionnel dans le centre commercial de la ville, \u00e0 quelques m\u00e8tres du centre de conf\u00e9rences Baluarte et de la vieille ville, et...<\/p><p class=\"store_locator_address\"><span class=\"store_locator_street\">Avenida Zaragoza, 5<br\/><\/span> <span class=\"store_locator_zip\">31003<\/span> <span class=\"store_locator_city\">Pampelune<br\/><\/span> <span class=\"store_locator_region\">Navarre<\/span> <\/p><p class=\"store_locator_contact\"><span class=\"store_locator_tel\">Tel.: <a href=\"tel:+34948245454\">+34948245454<\/a><br\/><\/span><span class=\"store_locator_email\">Email: <a href=\"mailto:info@avenidahotel.es\">info@avenidahotel.es<\/a><br\/><\/span><span class=\"store_locator_website\">Website: <a href=\"https:\/\/www.avenidahotel.es\/\">https:\/\/www.avenidahotel.es\/<\/a><br\/><\/span><\/p><\/div>`,\n      });\n\n    marker38.addListener(\"click\", () => {\n        infowindow38.open({\n          anchor: marker38,\n          map,\n          shouldFocus: false,\n        });\n    });marker39 = new google.maps.Marker({position: {lat: 42.78999623222044, lng: -1.6399182732809003},map,title: \"Hotel Bed4U Pamplona\",});\n    markers.push(marker39);\n    const infowindow39 = new google.maps.InfoWindow({\n        content: `<div id=\"store_locator_infowindow_30550\" class=\"store_locator_infowindow\"><div class=\"store-locator-col-sm-12 store_locator_details\"><h3 class=\"store_locator_name\"><a href=\"https:\/\/www.visitgastroh.com\/fr\/store\/hotel-bed4u-pamplona\/\">Hotel Bed4U Pamplona<\/a><\/h3><p><a href=\"https:\/\/www.visitgastroh.com\/fr\/store\/hotel-bed4u-pamplona\/\"><img loading=\"lazy\" decoding=\"async\" width=\"1200\" height=\"400\" src=\"https:\/\/www.visitgastroh.com\/wp-content\/uploads\/2022\/02\/hotel_bed4u-habitacion.jpg\" class=\"attachment-post-thumbnail size-post-thumbnail wp-post-image\" alt=\"\" srcset=\"https:\/\/www.visitgastroh.com\/wp-content\/uploads\/2022\/02\/hotel_bed4u-habitacion.jpg 1200w, https:\/\/www.visitgastroh.com\/wp-content\/uploads\/2022\/02\/hotel_bed4u-habitacion-300x100.jpg 300w, https:\/\/www.visitgastroh.com\/wp-content\/uploads\/2022\/02\/hotel_bed4u-habitacion-1024x341.jpg 1024w, https:\/\/www.visitgastroh.com\/wp-content\/uploads\/2022\/02\/hotel_bed4u-habitacion-768x256.jpg 768w\" sizes=\"auto, (max-width: 1200px) 100vw, 1200px\" \/><\/a><\/p><p class=\"store_locator_excerpt\">BED4U PAMPLONA Hotel (Cordovilla) Un h\u00f4tel original et moderne parfaitement situ\u00e9 ! Pouvez-vous imaginer un h\u00f4tel o\u00f9 les murs vous disent bonsoir ? Arr\u00eatez d&#8217;imaginer et continuez \u00e0 lire\u2026 Nous...<\/p><p class=\"store_locator_address\"><span class=\"store_locator_street\">Carretera de Zaragoza Km. 3<br\/><\/span> <span class=\"store_locator_zip\">31191<\/span> <span class=\"store_locator_city\">Cordovilla<br\/><\/span> <span class=\"store_locator_region\">Navarre<\/span> <\/p><p class=\"store_locator_contact\"><span class=\"store_locator_tel\">Tel.: <a href=\"tel:+34948292808\">+34948292808<\/a><br\/><\/span><span class=\"store_locator_email\">Email: <a href=\"mailto:pamplona@bed4uhotels.com\">pamplona@bed4uhotels.com<\/a><br\/><\/span><span class=\"store_locator_website\">Website: <a href=\"https:\/\/bed4uhotels.com\/pamplona\/\">https:\/\/bed4uhotels.com\/pamplona\/<\/a><br\/><\/span><\/p><\/div>`,\n      });\n\n    marker39.addListener(\"click\", () => {\n        infowindow39.open({\n          anchor: marker39,\n          map,\n          shouldFocus: false,\n        });\n    });marker40 = new google.maps.Marker({position: {lat: 42.8066225, lng: -1.6609172},map,title: \"H\u00f4tel Blanca de Navarra - Cuatroytres Restaurant Bar\",});\n    markers.push(marker40);\n    const infowindow40 = new google.maps.InfoWindow({\n        content: `<div id=\"store_locator_infowindow_28788\" class=\"store_locator_infowindow\"><div class=\"store-locator-col-sm-12 store_locator_details\"><h3 class=\"store_locator_name\"><a href=\"https:\/\/www.visitgastroh.com\/fr\/store\/hotel-blanca-de-navarra-cuatroytres-restaurant-bar\/\">H\u00f4tel Blanca de Navarra - Cuatroytres Restaurant Bar<\/a><\/h3><p><a href=\"https:\/\/www.visitgastroh.com\/fr\/store\/hotel-blanca-de-navarra-cuatroytres-restaurant-bar\/\"><img loading=\"lazy\" decoding=\"async\" width=\"834\" height=\"721\" src=\"https:\/\/www.visitgastroh.com\/wp-content\/uploads\/2022\/01\/hotel-blanca-navarra-edificio.jpg\" class=\"attachment-post-thumbnail size-post-thumbnail wp-post-image\" alt=\"\" srcset=\"https:\/\/www.visitgastroh.com\/wp-content\/uploads\/2022\/01\/hotel-blanca-navarra-edificio.jpg 834w, https:\/\/www.visitgastroh.com\/wp-content\/uploads\/2022\/01\/hotel-blanca-navarra-edificio-300x259.jpg 300w, https:\/\/www.visitgastroh.com\/wp-content\/uploads\/2022\/01\/hotel-blanca-navarra-edificio-768x664.jpg 768w\" sizes=\"auto, (max-width: 834px) 100vw, 834px\" \/><\/a><\/p><p class=\"store_locator_excerpt\">H\u00f4tel BLANCA DE NAVARRA (Pampelune) Nous sommes un h\u00f4tel situ\u00e9 \u00e0 Pampelune avec sa propre personnalit\u00e9. Notre priorit\u00e9 et notre raison d&#8217;\u00eatre sont toujours les gens, nous adaptons donc toutes...<\/p><p class=\"store_locator_address\"><span class=\"store_locator_street\">Avenue Pie XII, 43<br\/><\/span> <span class=\"store_locator_zip\">31008<\/span> <span class=\"store_locator_city\">Pampelune<br\/><\/span> <span class=\"store_locator_region\">Navarre<\/span> <\/p><p class=\"store_locator_contact\"><span class=\"store_locator_tel\">Tel.: <a href=\"tel:+34948171010\">+34948171010<\/a><br\/><\/span><span class=\"store_locator_email\">Email: <a href=\"mailto:comercial@hotelblancadenavarra.com\">comercial@hotelblancadenavarra.com<\/a><br\/><\/span><span class=\"store_locator_website\">Website: <a href=\"https:\/\/www.hotelblancadenavarra.com\/\">https:\/\/www.hotelblancadenavarra.com\/<\/a><br\/><\/span><\/p><\/div>`,\n      });\n\n    marker40.addListener(\"click\", () => {\n        infowindow40.open({\n          anchor: marker40,\n          map,\n          shouldFocus: false,\n        });\n    });marker41 = new google.maps.Marker({position: {lat: 42.8162102, lng: -1.6417963},map,title: \"Hotel Europa\",});\n    markers.push(marker41);\n    const infowindow41 = new google.maps.InfoWindow({\n        content: `<div id=\"store_locator_infowindow_30565\" class=\"store_locator_infowindow\"><div class=\"store-locator-col-sm-12 store_locator_details\"><h3 class=\"store_locator_name\"><a href=\"https:\/\/www.visitgastroh.com\/fr\/store\/hotel-europa\/\">Hotel Europa<\/a><\/h3><p><a href=\"https:\/\/www.visitgastroh.com\/fr\/store\/hotel-europa\/\"><img loading=\"lazy\" decoding=\"async\" width=\"533\" height=\"316\" src=\"https:\/\/www.visitgastroh.com\/wp-content\/uploads\/2022\/02\/hotel-europa-fachada.jpg\" class=\"attachment-post-thumbnail size-post-thumbnail wp-post-image\" alt=\"\" srcset=\"https:\/\/www.visitgastroh.com\/wp-content\/uploads\/2022\/02\/hotel-europa-fachada.jpg 533w, https:\/\/www.visitgastroh.com\/wp-content\/uploads\/2022\/02\/hotel-europa-fachada-300x178.jpg 300w\" sizes=\"auto, (max-width: 533px) 100vw, 533px\" \/><\/a><\/p><p class=\"store_locator_excerpt\">EUROPA Hotel (Pampelune) Nous vous pr\u00e9sentons le Sercotel Hotel Restaurante Europa, un \u00e9tablissement embl\u00e9matique de la ville de Pampelune, qui b\u00e9n\u00e9ficie d&#8217;un emplacement privil\u00e9gi\u00e9, dans le centre historique de la...<\/p><p class=\"store_locator_address\"><span class=\"store_locator_street\">Calle Espoz y Mina, 11<br\/><\/span> <span class=\"store_locator_zip\">31002<\/span> <span class=\"store_locator_city\">Pampelune<br\/><\/span> <span class=\"store_locator_region\">Navarre<\/span> <\/p><p class=\"store_locator_contact\"><span class=\"store_locator_tel\">Tel.: <a href=\"tel:+34948221800\">+34948221800<\/a><br\/><\/span><span class=\"store_locator_email\">Email: <a href=\"mailto:info@hoteleuropapamplona.com\">info@hoteleuropapamplona.com<\/a><br\/><\/span><span class=\"store_locator_website\">Website: <a href=\"https:\/\/www.hoteleuropapamplona.com\/\">https:\/\/www.hoteleuropapamplona.com\/<\/a><br\/><\/span><\/p><\/div>`,\n      });\n\n    marker41.addListener(\"click\", () => {\n        infowindow41.open({\n          anchor: marker41,\n          map,\n          shouldFocus: false,\n        });\n    });marker42 = new google.maps.Marker({position: {lat: 42.522692, lng: -1.6795563},map,title: \"Hotel Hola Tafalla\",});\n    markers.push(marker42);\n    const infowindow42 = new google.maps.InfoWindow({\n        content: `<div id=\"store_locator_infowindow_30530\" class=\"store_locator_infowindow\"><div class=\"store-locator-col-sm-12 store_locator_details\"><h3 class=\"store_locator_name\"><a href=\"https:\/\/www.visitgastroh.com\/fr\/store\/hotel-hola-tafalla\/\">Hotel Hola Tafalla<\/a><\/h3><p><a href=\"https:\/\/www.visitgastroh.com\/fr\/store\/hotel-hola-tafalla\/\"><img loading=\"lazy\" decoding=\"async\" width=\"800\" height=\"600\" src=\"https:\/\/www.visitgastroh.com\/wp-content\/uploads\/2022\/02\/03-Hotel-Navarra-Sercotel-Hola-Tafalla-Fachada.jpg\" class=\"attachment-post-thumbnail size-post-thumbnail wp-post-image\" alt=\"\" srcset=\"https:\/\/www.visitgastroh.com\/wp-content\/uploads\/2022\/02\/03-Hotel-Navarra-Sercotel-Hola-Tafalla-Fachada.jpg 800w, https:\/\/www.visitgastroh.com\/wp-content\/uploads\/2022\/02\/03-Hotel-Navarra-Sercotel-Hola-Tafalla-Fachada-300x225.jpg 300w, https:\/\/www.visitgastroh.com\/wp-content\/uploads\/2022\/02\/03-Hotel-Navarra-Sercotel-Hola-Tafalla-Fachada-768x576.jpg 768w\" sizes=\"auto, (max-width: 800px) 100vw, 800px\" \/><\/a><\/p><p class=\"store_locator_excerpt\">HOLA TAFALLA Hotel (Tafalla) Le Sercotel Hola Tafalla est un h\u00f4tel \u00e0 Tafalla avec un style moderne et fonctionnel, situ\u00e9 dans la partie sud de la ville, dans le quartier...<\/p><p class=\"store_locator_address\"><span class=\"store_locator_street\">Calle Javier Os\u00e9s, 4<br\/><\/span> <span class=\"store_locator_zip\">31300<\/span> <span class=\"store_locator_city\">Tafalla<br\/><\/span> <span class=\"store_locator_region\">Navarre<\/span> <\/p><p class=\"store_locator_contact\"><span class=\"store_locator_tel\">Tel.: <a href=\"tel:+34 948 704 405\">+34 948 704 405<\/a><br\/><\/span><span class=\"store_locator_email\">Email: <a href=\"mailto:info@holatafalla.com\">info@holatafalla.com<\/a><br\/><\/span><span class=\"store_locator_website\">Website: <a href=\"https:\/\/www.holatafalla.com\/\">https:\/\/www.holatafalla.com\/<\/a><br\/><\/span><\/p><\/div>`,\n      });\n\n    marker42.addListener(\"click\", () => {\n        infowindow42.open({\n          anchor: marker42,\n          map,\n          shouldFocus: false,\n        });\n    });marker43 = new google.maps.Marker({position: {lat: 42.83171, lng: -1.5858554},map,title: \"H\u00f4tel Iriguibel\",});\n    markers.push(marker43);\n    const infowindow43 = new google.maps.InfoWindow({\n        content: `<div id=\"store_locator_infowindow_28741\" class=\"store_locator_infowindow\"><div class=\"store-locator-col-sm-12 store_locator_details\"><h3 class=\"store_locator_name\"><a href=\"https:\/\/www.visitgastroh.com\/fr\/store\/hotel-iriguibel\/\">H\u00f4tel Iriguibel<\/a><\/h3><p><a href=\"https:\/\/www.visitgastroh.com\/fr\/store\/hotel-iriguibel\/\"><img loading=\"lazy\" decoding=\"async\" width=\"1200\" height=\"400\" src=\"https:\/\/www.visitgastroh.com\/wp-content\/uploads\/2022\/02\/hotel_sercotel_iriguibel_portada.jpg\" class=\"attachment-post-thumbnail size-post-thumbnail wp-post-image\" alt=\"\" srcset=\"https:\/\/www.visitgastroh.com\/wp-content\/uploads\/2022\/02\/hotel_sercotel_iriguibel_portada.jpg 1200w, https:\/\/www.visitgastroh.com\/wp-content\/uploads\/2022\/02\/hotel_sercotel_iriguibel_portada-300x100.jpg 300w, https:\/\/www.visitgastroh.com\/wp-content\/uploads\/2022\/02\/hotel_sercotel_iriguibel_portada-1024x341.jpg 1024w, https:\/\/www.visitgastroh.com\/wp-content\/uploads\/2022\/02\/hotel_sercotel_iriguibel_portada-768x256.jpg 768w\" sizes=\"auto, (max-width: 1200px) 100vw, 1200px\" \/><\/a><\/p><p class=\"store_locator_excerpt\">H\u00f4tel IRIGUIBEL (Huart\u00e9) Le Sercotel Hotel Iriguibel est situ\u00e9 \u00e0 6 km du centre de Pampelune . \u00c0 quelques m\u00e8tres du centre commercial et de loisirs d&#8217;Itaroa et \u00e0 proximit\u00e9...<\/p><p class=\"store_locator_address\"><span class=\"store_locator_street\">Rue Intxaurdia, 4<br\/><\/span> <span class=\"store_locator_zip\">31620<\/span> <span class=\"store_locator_city\">Huart\u00e9<br\/><\/span> <span class=\"store_locator_region\">Navarre<\/span> <\/p><p class=\"store_locator_contact\"><span class=\"store_locator_tel\">Tel.: <a href=\"tel:+34948361190\">+34948361190<\/a><br\/><\/span><span class=\"store_locator_email\">Email: <a href=\"mailto:hoteliriguibel@hoteliriguibel.com\">hoteliriguibel@hoteliriguibel.com<\/a><br\/><\/span><span class=\"store_locator_website\">Website: <a href=\"https:\/\/www.hoteliriguibel.com\/\">https:\/\/www.hoteliriguibel.com\/<\/a><br\/><\/span><\/p><\/div>`,\n      });\n\n    marker43.addListener(\"click\", () => {\n        infowindow43.open({\n          anchor: marker43,\n          map,\n          shouldFocus: false,\n        });\n    });marker44 = new google.maps.Marker({position: {lat: 42.8140501, lng: -1.6391087},map,title: \"H\u00f4tel Leyre\",});\n    markers.push(marker44);\n    const infowindow44 = new google.maps.InfoWindow({\n        content: `<div id=\"store_locator_infowindow_28740\" class=\"store_locator_infowindow\"><div class=\"store-locator-col-sm-12 store_locator_details\"><h3 class=\"store_locator_name\"><a href=\"https:\/\/www.visitgastroh.com\/fr\/store\/hotel-leyre\/\">H\u00f4tel Leyre<\/a><\/h3><p><a href=\"https:\/\/www.visitgastroh.com\/fr\/store\/hotel-leyre\/\"><img loading=\"lazy\" decoding=\"async\" width=\"1200\" height=\"400\" src=\"https:\/\/www.visitgastroh.com\/wp-content\/uploads\/2022\/02\/hotel_sercotel_leyre_portada.jpg\" class=\"attachment-post-thumbnail size-post-thumbnail wp-post-image\" alt=\"\" srcset=\"https:\/\/www.visitgastroh.com\/wp-content\/uploads\/2022\/02\/hotel_sercotel_leyre_portada.jpg 1200w, https:\/\/www.visitgastroh.com\/wp-content\/uploads\/2022\/02\/hotel_sercotel_leyre_portada-300x100.jpg 300w, https:\/\/www.visitgastroh.com\/wp-content\/uploads\/2022\/02\/hotel_sercotel_leyre_portada-1024x341.jpg 1024w, https:\/\/www.visitgastroh.com\/wp-content\/uploads\/2022\/02\/hotel_sercotel_leyre_portada-768x256.jpg 768w\" sizes=\"auto, (max-width: 1200px) 100vw, 1200px\" \/><\/a><\/p><p class=\"store_locator_excerpt\">H\u00f4tel Leyre (Pamplona) Perpendiculaire \u00e0 l&#8217;avenue principale de Pampelune, Carlos III, \u00e0 c\u00f4t\u00e9 du centre commercial et d&#8217;affaires, l&#8217;H\u00f4tel Leyre vous offre la possibilit\u00e9 de profiter des charmes de la...<\/p><p class=\"store_locator_address\"><span class=\"store_locator_street\">Rue Leyre, 7<br\/><\/span> <span class=\"store_locator_zip\">31002<\/span> <span class=\"store_locator_city\">Pampelune<br\/><\/span> <span class=\"store_locator_region\">Navarre<\/span> <\/p><p class=\"store_locator_contact\"><span class=\"store_locator_tel\">Tel.: <a href=\"tel:+34948228500\">+34948228500<\/a><br\/><\/span><span class=\"store_locator_email\">Email: <a href=\"mailto:reserve@hotel-leyre.com\">reserve@hotel-leyre.com<\/a><br\/><\/span><span class=\"store_locator_website\">Website: <a href=\"https:\/\/www.hotel-leyre.com\/\">https:\/\/www.hotel-leyre.com\/<\/a><br\/><\/span><\/p><\/div>`,\n      });\n\n    marker44.addListener(\"click\", () => {\n        infowindow44.open({\n          anchor: marker44,\n          map,\n          shouldFocus: false,\n        });\n    });marker45 = new google.maps.Marker({position: {lat: 42.8173416, lng: -1.6450825},map,title: \"H\u00f4tel Maisonnave\",});\n    markers.push(marker45);\n    const infowindow45 = new google.maps.InfoWindow({\n        content: `<div id=\"store_locator_infowindow_28783\" class=\"store_locator_infowindow\"><div class=\"store-locator-col-sm-12 store_locator_details\"><h3 class=\"store_locator_name\"><a href=\"https:\/\/www.visitgastroh.com\/fr\/store\/hotel-maisonnave\/\">H\u00f4tel Maisonnave<\/a><\/h3><p><a href=\"https:\/\/www.visitgastroh.com\/fr\/store\/hotel-maisonnave\/\"><img loading=\"lazy\" decoding=\"async\" width=\"2362\" height=\"1577\" src=\"https:\/\/www.visitgastroh.com\/wp-content\/uploads\/2022\/01\/SUPERIOR.jpg\" class=\"attachment-post-thumbnail size-post-thumbnail wp-post-image\" alt=\"\" srcset=\"https:\/\/www.visitgastroh.com\/wp-content\/uploads\/2022\/01\/SUPERIOR.jpg 2362w, https:\/\/www.visitgastroh.com\/wp-content\/uploads\/2022\/01\/SUPERIOR-300x200.jpg 300w, https:\/\/www.visitgastroh.com\/wp-content\/uploads\/2022\/01\/SUPERIOR-1024x684.jpg 1024w, https:\/\/www.visitgastroh.com\/wp-content\/uploads\/2022\/01\/SUPERIOR-768x513.jpg 768w, https:\/\/www.visitgastroh.com\/wp-content\/uploads\/2022\/01\/SUPERIOR-1536x1026.jpg 1536w, https:\/\/www.visitgastroh.com\/wp-content\/uploads\/2022\/01\/SUPERIOR-2048x1367.jpg 2048w, https:\/\/www.visitgastroh.com\/wp-content\/uploads\/2022\/01\/SUPERIOR-900x600.jpg 900w\" sizes=\"auto, (max-width: 2362px) 100vw, 2362px\" \/><\/a><\/p><p class=\"store_locator_excerpt\">H\u00f4tel MAISONNAVE (Pampelune) L&#8217;h\u00f4tel Maisonnave est un \u00e9tablissement situ\u00e9 au centre de Pampelune, \u00e0 50 m\u00e8tres de la mairie. Il propose des chambres \u00e0 la d\u00e9coration moderne, une connexion Wi-Fi...<\/p><p class=\"store_locator_address\"><span class=\"store_locator_street\">Nouvelle rue, 20<br\/><\/span> <span class=\"store_locator_zip\">31001<\/span> <span class=\"store_locator_city\">Pampelune<br\/><\/span> <span class=\"store_locator_region\">Navarre<\/span> <\/p><p class=\"store_locator_contact\"><span class=\"store_locator_tel\">Tel.: <a href=\"tel:+34948222600\">+34948222600<\/a><br\/><\/span><span class=\"store_locator_email\">Email: <a href=\"mailto:information@hotelmaisonnave.es\">information@hotelmaisonnave.es<\/a><br\/><\/span><span class=\"store_locator_website\">Website: <a href=\"https:\/\/www.hotelmaisonnave.es\/\">https:\/\/www.hotelmaisonnave.es\/<\/a><br\/><\/span><\/p><\/div>`,\n      });\n\n    marker45.addListener(\"click\", () => {\n        infowindow45.open({\n          anchor: marker45,\n          map,\n          shouldFocus: false,\n        });\n    });marker46 = new google.maps.Marker({position: {lat: 42.811771945672206, lng: -1.6635934606958291},map,title: \"Hotel NH Iru\u00f1a Park\",});\n    markers.push(marker46);\n    const infowindow46 = new google.maps.InfoWindow({\n        content: `<div id=\"store_locator_infowindow_30560\" class=\"store_locator_infowindow\"><div class=\"store-locator-col-sm-12 store_locator_details\"><h3 class=\"store_locator_name\"><a href=\"https:\/\/www.visitgastroh.com\/fr\/store\/hotel-nh-iruna-park\/\">Hotel NH Iru\u00f1a Park<\/a><\/h3><p><a href=\"https:\/\/www.visitgastroh.com\/fr\/store\/hotel-nh-iruna-park\/\"><img loading=\"lazy\" decoding=\"async\" width=\"1200\" height=\"500\" src=\"https:\/\/www.visitgastroh.com\/wp-content\/uploads\/2022\/02\/hotel_iruna_park-recepcion.jpg\" class=\"attachment-post-thumbnail size-post-thumbnail wp-post-image\" alt=\"\" srcset=\"https:\/\/www.visitgastroh.com\/wp-content\/uploads\/2022\/02\/hotel_iruna_park-recepcion.jpg 1200w, https:\/\/www.visitgastroh.com\/wp-content\/uploads\/2022\/02\/hotel_iruna_park-recepcion-300x125.jpg 300w, https:\/\/www.visitgastroh.com\/wp-content\/uploads\/2022\/02\/hotel_iruna_park-recepcion-1024x427.jpg 1024w, https:\/\/www.visitgastroh.com\/wp-content\/uploads\/2022\/02\/hotel_iruna_park-recepcion-768x320.jpg 768w\" sizes=\"auto, (max-width: 1200px) 100vw, 1200px\" \/><\/a><\/p><p class=\"store_locator_excerpt\">NH IRU\u00d1A PARK Hotel (Pampelune) L&#8217;h\u00f4tel NH Pamplona Iru\u00f1a Park, enti\u00e8rement r\u00e9nov\u00e9 en 2016, est situ\u00e9 dans le quartier paisible de Pampelune \u00e0 San Juan, tout pr\u00e8s du parc Yamaguchi...<\/p><p class=\"store_locator_address\"><span class=\"store_locator_street\">Calle Arcadio M\u00aa Larraona, 1<br\/><\/span> <span class=\"store_locator_zip\">31008<\/span> <span class=\"store_locator_city\">Pampelune<br\/><\/span> <span class=\"store_locator_region\">Navarre<\/span> <\/p><p class=\"store_locator_contact\"><span class=\"store_locator_tel\">Tel.: <a href=\"tel:+34948197119\">+34948197119<\/a><br\/><\/span><span class=\"store_locator_email\">Email: <a href=\"mailto:nhirunapark@nh-hotels.com\">nhirunapark@nh-hotels.com<\/a><br\/><\/span><span class=\"store_locator_website\">Website: <a href=\"https:\/\/www.nh-hoteles.es\/hotel\/nh-pamplona-iruna-park\">https:\/\/www.nh-hoteles.es\/hotel\/nh-pamplona-iruna-park<\/a><br\/><\/span><\/p><\/div>`,\n      });\n\n    marker46.addListener(\"click\", () => {\n        infowindow46.open({\n          anchor: marker46,\n          map,\n          shouldFocus: false,\n        });\n    });marker47 = new google.maps.Marker({position: {lat: 42.8203081, lng: -1.6437009},map,title: \"Hotel Pamplona Catedral\",});\n    markers.push(marker47);\n    const infowindow47 = new google.maps.InfoWindow({\n        content: `<div id=\"store_locator_infowindow_30559\" class=\"store_locator_infowindow\"><div class=\"store-locator-col-sm-12 store_locator_details\"><h3 class=\"store_locator_name\"><a href=\"https:\/\/www.visitgastroh.com\/fr\/store\/hotel-pamplona-catedral\/\">Hotel Pamplona Catedral<\/a><\/h3><p><a href=\"https:\/\/www.visitgastroh.com\/fr\/store\/hotel-pamplona-catedral\/\"><img loading=\"lazy\" decoding=\"async\" width=\"1200\" height=\"500\" src=\"https:\/\/www.visitgastroh.com\/wp-content\/uploads\/2022\/02\/hotel_pamplona_catedral_fachada.jpg\" class=\"attachment-post-thumbnail size-post-thumbnail wp-post-image\" alt=\"\" srcset=\"https:\/\/www.visitgastroh.com\/wp-content\/uploads\/2022\/02\/hotel_pamplona_catedral_fachada.jpg 1200w, https:\/\/www.visitgastroh.com\/wp-content\/uploads\/2022\/02\/hotel_pamplona_catedral_fachada-300x125.jpg 300w, https:\/\/www.visitgastroh.com\/wp-content\/uploads\/2022\/02\/hotel_pamplona_catedral_fachada-1024x427.jpg 1024w, https:\/\/www.visitgastroh.com\/wp-content\/uploads\/2022\/02\/hotel_pamplona_catedral_fachada-768x320.jpg 768w\" sizes=\"auto, (max-width: 1200px) 100vw, 1200px\" \/><\/a><\/p><p class=\"store_locator_excerpt\">PAMPLONA CATEDRAL Hotel (Pampelune) Un ancien couvent transform\u00e9 en h\u00f4tel quatre \u00e9toiles moderne. Situ\u00e9 dans le plus beau coin du centre historique et monumental de la ville. \u00c0 c\u00f4t\u00e9 du...<\/p><p class=\"store_locator_address\"><span class=\"store_locator_street\">Calle Dos de Mayo, 4<br\/><\/span> <span class=\"store_locator_zip\">31001<\/span> <span class=\"store_locator_city\">Pampelune<br\/><\/span> <span class=\"store_locator_region\">Navarre<\/span> <\/p><p class=\"store_locator_contact\"><span class=\"store_locator_tel\">Tel.: <a href=\"tel:+34948226688 \">+34948226688 <\/a><br\/><\/span><span class=\"store_locator_email\">Email: <a href=\"mailto:info@pamplonacatedralhotel.com\">info@pamplonacatedralhotel.com<\/a><br\/><\/span><span class=\"store_locator_website\">Website: <a href=\"http:\/\/www.pamplonacatedralhotel.com\/\">http:\/\/www.pamplonacatedralhotel.com\/<\/a><br\/><\/span><\/p><\/div>`,\n      });\n\n    marker47.addListener(\"click\", () => {\n        infowindow47.open({\n          anchor: marker47,\n          map,\n          shouldFocus: false,\n        });\n    });marker48 = new google.maps.Marker({position: {lat: 42.826045, lng: -1.6553477},map,title: \"Hotel Pamplona Plaza\",});\n    markers.push(marker48);\n    const infowindow48 = new google.maps.InfoWindow({\n        content: `<div id=\"store_locator_infowindow_30548\" class=\"store_locator_infowindow\"><div class=\"store-locator-col-sm-12 store_locator_details\"><h3 class=\"store_locator_name\"><a href=\"https:\/\/www.visitgastroh.com\/fr\/store\/hotel-pamplona-plaza\/\">Hotel Pamplona Plaza<\/a><\/h3><p><a href=\"https:\/\/www.visitgastroh.com\/fr\/store\/hotel-pamplona-plaza\/\"><img loading=\"lazy\" decoding=\"async\" width=\"1200\" height=\"500\" src=\"https:\/\/www.visitgastroh.com\/wp-content\/uploads\/2022\/02\/hotel_pamplona_plaza_habitacion_doble.jpg\" class=\"attachment-post-thumbnail size-post-thumbnail wp-post-image\" alt=\"\" srcset=\"https:\/\/www.visitgastroh.com\/wp-content\/uploads\/2022\/02\/hotel_pamplona_plaza_habitacion_doble.jpg 1200w, https:\/\/www.visitgastroh.com\/wp-content\/uploads\/2022\/02\/hotel_pamplona_plaza_habitacion_doble-300x125.jpg 300w, https:\/\/www.visitgastroh.com\/wp-content\/uploads\/2022\/02\/hotel_pamplona_plaza_habitacion_doble-1024x427.jpg 1024w, https:\/\/www.visitgastroh.com\/wp-content\/uploads\/2022\/02\/hotel_pamplona_plaza_habitacion_doble-768x320.jpg 768w\" sizes=\"auto, (max-width: 1200px) 100vw, 1200px\" \/><\/a><\/p><p class=\"store_locator_excerpt\">PAMPLONA PLAZA Hotel (Pampelune) L&#8217;H\u00f4tel Pamplona Plaza, de cat\u00e9gorie trois \u00e9toiles, b\u00e9n\u00e9ficie d&#8217;un excellent emplacement \u00e0 seulement 1 km de la vieille ville et du d\u00e9but de la route du...<\/p><p class=\"store_locator_address\"><span class=\"store_locator_street\">Avenida Marcelo Celayeta, 35<br\/><\/span> <span class=\"store_locator_zip\">31014<\/span> <span class=\"store_locator_city\">Pampelune<br\/><\/span> <span class=\"store_locator_region\">Navarre<\/span> <\/p><p class=\"store_locator_contact\"><span class=\"store_locator_tel\">Tel.: <a href=\"tel:+34948136012\">+34948136012<\/a><br\/><\/span><span class=\"store_locator_email\">Email: <a href=\"mailto:reservas@hotelpamplonaplaza.com\">reservas@hotelpamplonaplaza.com<\/a><br\/><\/span><span class=\"store_locator_website\">Website: <a href=\"http:\/\/www.hotelpamplonaplaza.com\/\">http:\/\/www.hotelpamplonaplaza.com\/<\/a><br\/><\/span><\/p><\/div>`,\n      });\n\n    marker48.addListener(\"click\", () => {\n        infowindow48.open({\n          anchor: marker48,\n          map,\n          shouldFocus: false,\n        });\n    });marker49 = new google.maps.Marker({position: {lat: 42.06168100000001, lng: -1.6057353},map,title: \"H\u00f4tel Remigio\",});\n    markers.push(marker49);\n    const infowindow49 = new google.maps.InfoWindow({\n        content: `<div id=\"store_locator_infowindow_28792\" class=\"store_locator_infowindow\"><div class=\"store-locator-col-sm-12 store_locator_details\"><h3 class=\"store_locator_name\"><a href=\"https:\/\/www.visitgastroh.com\/fr\/store\/hotel-remigio\/\">H\u00f4tel Remigio<\/a><\/h3><p><a href=\"https:\/\/www.visitgastroh.com\/fr\/store\/hotel-remigio\/\"><img loading=\"lazy\" decoding=\"async\" width=\"1600\" height=\"1151\" src=\"https:\/\/www.visitgastroh.com\/wp-content\/uploads\/2022\/02\/hotel-remigio.jpg\" class=\"attachment-post-thumbnail size-post-thumbnail wp-post-image\" alt=\"\" srcset=\"https:\/\/www.visitgastroh.com\/wp-content\/uploads\/2022\/02\/hotel-remigio.jpg 1600w, https:\/\/www.visitgastroh.com\/wp-content\/uploads\/2022\/02\/hotel-remigio-300x216.jpg 300w, https:\/\/www.visitgastroh.com\/wp-content\/uploads\/2022\/02\/hotel-remigio-1024x737.jpg 1024w, https:\/\/www.visitgastroh.com\/wp-content\/uploads\/2022\/02\/hotel-remigio-768x552.jpg 768w, https:\/\/www.visitgastroh.com\/wp-content\/uploads\/2022\/02\/hotel-remigio-1536x1105.jpg 1536w\" sizes=\"auto, (max-width: 1600px) 100vw, 1600px\" \/><\/a><\/p><p class=\"store_locator_excerpt\">H\u00f4tel REMIGIO (Tudela) R\u00e9cemment r\u00e9nov\u00e9 en 2021 , l&#8217;H\u00f4tel Remigio est situ\u00e9 sur la Plaza de los Fueros, au c\u0153ur de Tudela (Navarre). Il dispose de plus de 40 chambres...<\/p><p class=\"store_locator_address\"><span class=\"store_locator_street\">Place des Fueros, 2<br\/><\/span> <span class=\"store_locator_zip\">31500<\/span> <span class=\"store_locator_city\">Tudela<br\/><\/span> <span class=\"store_locator_region\">Navarre<\/span> <\/p><p class=\"store_locator_contact\"><span class=\"store_locator_tel\">Tel.: <a href=\"tel:+34948820850\">+34948820850<\/a><br\/><\/span><span class=\"store_locator_email\">Email: <a href=\"mailto:info@hotelremigio.com\">info@hotelremigio.com<\/a><br\/><\/span><span class=\"store_locator_mobile\">Mobile: <a href=\"tel:+34695203240\">+34695203240<\/a><br\/><\/span><span class=\"store_locator_website\">Website: <a href=\"https:\/\/hotelremigio.com\">https:\/\/hotelremigio.com<\/a><br\/><\/span><\/p><\/div>`,\n      });\n\n    marker49.addListener(\"click\", () => {\n        infowindow49.open({\n          anchor: marker49,\n          map,\n          shouldFocus: false,\n        });\n    });marker50 = new google.maps.Marker({position: {lat: 42.08361592805501, lng: -1.8051075938484251},map,title: \"Hotel Restaurante Maher\",});\n    markers.push(marker50);\n    const infowindow50 = new google.maps.InfoWindow({\n        content: `<div id=\"store_locator_infowindow_30563\" class=\"store_locator_infowindow\"><div class=\"store-locator-col-sm-12 store_locator_details\"><h3 class=\"store_locator_name\"><a href=\"https:\/\/www.visitgastroh.com\/fr\/store\/hotel-restaurante-maher\/\">Hotel Restaurante Maher<\/a><\/h3><p><a href=\"https:\/\/www.visitgastroh.com\/fr\/store\/hotel-restaurante-maher\/\"><img loading=\"lazy\" decoding=\"async\" width=\"990\" height=\"660\" src=\"https:\/\/www.visitgastroh.com\/wp-content\/uploads\/2022\/02\/hotel-maher-bodas-y-eventos-enrique2.jpg\" class=\"attachment-post-thumbnail size-post-thumbnail wp-post-image\" alt=\"\" srcset=\"https:\/\/www.visitgastroh.com\/wp-content\/uploads\/2022\/02\/hotel-maher-bodas-y-eventos-enrique2.jpg 990w, https:\/\/www.visitgastroh.com\/wp-content\/uploads\/2022\/02\/hotel-maher-bodas-y-eventos-enrique2-300x200.jpg 300w, https:\/\/www.visitgastroh.com\/wp-content\/uploads\/2022\/02\/hotel-maher-bodas-y-eventos-enrique2-768x512.jpg 768w, https:\/\/www.visitgastroh.com\/wp-content\/uploads\/2022\/02\/hotel-maher-bodas-y-eventos-enrique2-900x600.jpg 900w\" sizes=\"auto, (max-width: 990px) 100vw, 990px\" \/><\/a><\/p><p class=\"store_locator_excerpt\">MAHER Restaurante-Hotel (Cintru\u00e9nigo) RESTAURANT : Se d\u00e9finir, c&#8217;est se limiter. Apr\u00e8s 50 ans, nous avons d\u00e9cid\u00e9 de d\u00e9sapprendre, de nous remettre en question et de ne rester qu&#8217;avec ce qui...<\/p><p class=\"store_locator_address\"><span class=\"store_locator_street\">Calle Ribera, 19<br\/><\/span> <span class=\"store_locator_zip\">31592<\/span> <span class=\"store_locator_city\">Cintru\u00e9nigo<br\/><\/span> <span class=\"store_locator_region\">Navarre<\/span> <\/p><p class=\"store_locator_contact\"><span class=\"store_locator_tel\">Tel.: <a href=\"tel:+34948811150\">+34948811150<\/a><br\/><\/span><span class=\"store_locator_email\">Email: <a href=\"mailto:gestion@hotelmaher.com\">gestion@hotelmaher.com<\/a><br\/><\/span><span class=\"store_locator_mobile\">Mobile: <a href=\"tel:+34680728837\">+34680728837<\/a><br\/><\/span><span class=\"store_locator_website\">Website: <a href=\"https:\/\/hotelmaher.com\/\">https:\/\/hotelmaher.com\/<\/a><br\/><\/span><\/p><\/div>`,\n      });\n\n    marker50.addListener(\"click\", () => {\n        infowindow50.open({\n          anchor: marker50,\n          map,\n          shouldFocus: false,\n        });\n    });marker51 = new google.maps.Marker({position: {lat: 42.8075325, lng: -1.6644136},map,title: \"H\u00f4tel Sancho Ram\u00edrez\",});\n    markers.push(marker51);\n    const infowindow51 = new google.maps.InfoWindow({\n        content: `<div id=\"store_locator_infowindow_28710\" class=\"store_locator_infowindow\"><div class=\"store-locator-col-sm-12 store_locator_details\"><h3 class=\"store_locator_name\"><a href=\"https:\/\/www.visitgastroh.com\/fr\/store\/hotel-sancho-ramirez\/\">H\u00f4tel Sancho Ram\u00edrez<\/a><\/h3><p><a href=\"https:\/\/www.visitgastroh.com\/fr\/store\/hotel-sancho-ramirez\/\"><img loading=\"lazy\" decoding=\"async\" width=\"1707\" height=\"2560\" src=\"https:\/\/www.visitgastroh.com\/wp-content\/uploads\/2022\/02\/ALD0045-scaled.jpg\" class=\"attachment-post-thumbnail size-post-thumbnail wp-post-image\" alt=\"\" srcset=\"https:\/\/www.visitgastroh.com\/wp-content\/uploads\/2022\/02\/ALD0045-scaled.jpg 1707w, https:\/\/www.visitgastroh.com\/wp-content\/uploads\/2022\/02\/ALD0045-200x300.jpg 200w, https:\/\/www.visitgastroh.com\/wp-content\/uploads\/2022\/02\/ALD0045-683x1024.jpg 683w, https:\/\/www.visitgastroh.com\/wp-content\/uploads\/2022\/02\/ALD0045-768x1152.jpg 768w, https:\/\/www.visitgastroh.com\/wp-content\/uploads\/2022\/02\/ALD0045-1024x1536.jpg 1024w, https:\/\/www.visitgastroh.com\/wp-content\/uploads\/2022\/02\/ALD0045-1366x2048.jpg 1366w\" sizes=\"auto, (max-width: 1707px) 100vw, 1707px\" \/><\/a><\/p><p class=\"store_locator_excerpt\">H\u00f4tel SANCHO RAMIREZ Pampelune Avec 38 ans d&#8217;exp\u00e9rience, nous sommes un h\u00f4tel urbain 3 \u00e9toiles orient\u00e9 vers les besoins des clients d&#8217;affaires, de sant\u00e9 ou de loisirs d&#8217;aujourd&#8217;hui. Nous sommes...<\/p><p class=\"store_locator_address\"><span class=\"store_locator_street\">Rue Sancho Ram\u00edrez 11<br\/><\/span> <span class=\"store_locator_zip\">31008<\/span> <span class=\"store_locator_city\">Pampelune<br\/><\/span> <span class=\"store_locator_region\">Navarre<\/span> <\/p><p class=\"store_locator_contact\"><span class=\"store_locator_tel\">Tel.: <a href=\"tel:+34 948 271 712\">+34 948 271 712<\/a><br\/><\/span><span class=\"store_locator_email\">Email: <a href=\"mailto:reserva@hotelsanchoramirez.com\">reserva@hotelsanchoramirez.com<\/a><br\/><\/span><span class=\"store_locator_website\">Website: <a href=\"www.hotelsanchoramirez.com\">www.hotelsanchoramirez.com<\/a><br\/><\/span><\/p><\/div>`,\n      });\n\n    marker51.addListener(\"click\", () => {\n        infowindow51.open({\n          anchor: marker51,\n          map,\n          shouldFocus: false,\n        });\n    });marker52 = new google.maps.Marker({position: {lat: 42.815833741601146, lng: -1.649176211921306},map,title: \"Hotel Tres Reyes\",});\n    markers.push(marker52);\n    const infowindow52 = new google.maps.InfoWindow({\n        content: `<div id=\"store_locator_infowindow_30556\" class=\"store_locator_infowindow\"><div class=\"store-locator-col-sm-12 store_locator_details\"><h3 class=\"store_locator_name\"><a href=\"https:\/\/www.visitgastroh.com\/fr\/store\/hotel-tres-reyes\/\">Hotel Tres Reyes<\/a><\/h3><p><a href=\"https:\/\/www.visitgastroh.com\/fr\/store\/hotel-tres-reyes\/\"><img loading=\"lazy\" decoding=\"async\" width=\"1200\" height=\"500\" src=\"https:\/\/www.visitgastroh.com\/wp-content\/uploads\/2022\/02\/hotel_tres_reyes_fachada.jpg\" class=\"attachment-post-thumbnail size-post-thumbnail wp-post-image\" alt=\"\" srcset=\"https:\/\/www.visitgastroh.com\/wp-content\/uploads\/2022\/02\/hotel_tres_reyes_fachada.jpg 1200w, https:\/\/www.visitgastroh.com\/wp-content\/uploads\/2022\/02\/hotel_tres_reyes_fachada-300x125.jpg 300w, https:\/\/www.visitgastroh.com\/wp-content\/uploads\/2022\/02\/hotel_tres_reyes_fachada-1024x427.jpg 1024w, https:\/\/www.visitgastroh.com\/wp-content\/uploads\/2022\/02\/hotel_tres_reyes_fachada-768x320.jpg 768w\" sizes=\"auto, (max-width: 1200px) 100vw, 1200px\" \/><\/a><\/p><p class=\"store_locator_excerpt\">TRES REYES Hotel (Pampelune) Situ\u00e9 au centre de Pampelune et entour\u00e9 de parcs. \u00c0 c\u00f4t\u00e9 du Palacio de Congresos et de l&#8217;auditorium Baluarte, et devant la chapelle San Ferm\u00edn, avec...<\/p><p class=\"store_locator_address\"><span class=\"store_locator_street\">Calle Jardines de la Taconera s\/n<br\/><\/span> <span class=\"store_locator_zip\">31001<\/span> <span class=\"store_locator_city\">Pampelune<br\/><\/span> <span class=\"store_locator_region\">Navarre<\/span> <\/p><p class=\"store_locator_contact\"><span class=\"store_locator_tel\">Tel.: <a href=\"tel:+34948226600\">+34948226600<\/a><br\/><\/span><span class=\"store_locator_email\">Email: <a href=\"mailto:reserv@hotel3reyes.com\">reserv@hotel3reyes.com<\/a><br\/><\/span><span class=\"store_locator_website\">Website: <a href=\"https:\/\/www.hotel3reyes.com\/es\/\">https:\/\/www.hotel3reyes.com\/es\/<\/a><br\/><\/span><\/p><\/div>`,\n      });\n\n    marker52.addListener(\"click\", () => {\n        infowindow52.open({\n          anchor: marker52,\n          map,\n          shouldFocus: false,\n        });\n    });marker53 = new google.maps.Marker({position: {lat: 43.03318454089272, lng: -1.6274756907876076},map,title: \"Hotel Venta de Ulzama\",});\n    markers.push(marker53);\n    const infowindow53 = new google.maps.InfoWindow({\n        content: `<div id=\"store_locator_infowindow_30533\" class=\"store_locator_infowindow\"><div class=\"store-locator-col-sm-12 store_locator_details\"><h3 class=\"store_locator_name\"><a href=\"https:\/\/www.visitgastroh.com\/fr\/store\/hotel-venta-de-ulzama\/\">Hotel Venta de Ulzama<\/a><\/h3><p><a href=\"https:\/\/www.visitgastroh.com\/fr\/store\/hotel-venta-de-ulzama\/\"><img loading=\"lazy\" decoding=\"async\" width=\"1022\" height=\"677\" src=\"https:\/\/www.visitgastroh.com\/wp-content\/uploads\/2022\/02\/hotel-venta-ulzama-edificio.jpg\" class=\"attachment-post-thumbnail size-post-thumbnail wp-post-image\" alt=\"\" srcset=\"https:\/\/www.visitgastroh.com\/wp-content\/uploads\/2022\/02\/hotel-venta-ulzama-edificio.jpg 1022w, https:\/\/www.visitgastroh.com\/wp-content\/uploads\/2022\/02\/hotel-venta-ulzama-edificio-300x199.jpg 300w, https:\/\/www.visitgastroh.com\/wp-content\/uploads\/2022\/02\/hotel-venta-ulzama-edificio-768x509.jpg 768w\" sizes=\"auto, (max-width: 1022px) 100vw, 1022px\" \/><\/a><\/p><p class=\"store_locator_excerpt\">VENTA ULZAMA Hotel (Arraitz) La vall\u00e9e d&#8217;Ulzama offre un environnement d&#8217;une beaut\u00e9 spectaculaire qui surprend le visiteur par sa verdure et le charme de ses petites villes d&#8217;\u00e9levage. Si vous...<\/p><p class=\"store_locator_address\"><span class=\"store_locator_street\">Puerto de Belate<br\/><\/span> <span class=\"store_locator_zip\">31797 <\/span> <span class=\"store_locator_city\">Arraitz<br\/><\/span> <span class=\"store_locator_region\">Navarre<\/span> <\/p><p class=\"store_locator_contact\"><span class=\"store_locator_tel\">Tel.: <a href=\"tel:+34 948 305 138\">+34 948 305 138<\/a><br\/><\/span><span class=\"store_locator_email\">Email: <a href=\"mailto:info@ventadeulzama.com\">info@ventadeulzama.com<\/a><br\/><\/span><span class=\"store_locator_website\">Website: <a href=\"https:\/\/www.ventadeulzama.com\/\">https:\/\/www.ventadeulzama.com\/<\/a><br\/><\/span><\/p><\/div>`,\n      });\n\n    marker53.addListener(\"click\", () => {\n        infowindow53.open({\n          anchor: marker53,\n          map,\n          shouldFocus: false,\n        });\n    });marker54 = new google.maps.Marker({position: {lat: 42.835044896926476, lng: -1.6106830254304905},map,title: \"H\u00f4tel Villava\",});\n    markers.push(marker54);\n    const infowindow54 = new google.maps.InfoWindow({\n        content: `<div id=\"store_locator_infowindow_28739\" class=\"store_locator_infowindow\"><div class=\"store-locator-col-sm-12 store_locator_details\"><h3 class=\"store_locator_name\"><a href=\"https:\/\/www.visitgastroh.com\/fr\/store\/hotel-villava\/\">H\u00f4tel Villava<\/a><\/h3><p><a href=\"https:\/\/www.visitgastroh.com\/fr\/store\/hotel-villava\/\"><img loading=\"lazy\" decoding=\"async\" width=\"1200\" height=\"500\" src=\"https:\/\/www.visitgastroh.com\/wp-content\/uploads\/2022\/02\/hotel_villava_habitacion.jpg\" class=\"attachment-post-thumbnail size-post-thumbnail wp-post-image\" alt=\"\" srcset=\"https:\/\/www.visitgastroh.com\/wp-content\/uploads\/2022\/02\/hotel_villava_habitacion.jpg 1200w, https:\/\/www.visitgastroh.com\/wp-content\/uploads\/2022\/02\/hotel_villava_habitacion-300x125.jpg 300w, https:\/\/www.visitgastroh.com\/wp-content\/uploads\/2022\/02\/hotel_villava_habitacion-1024x427.jpg 1024w, https:\/\/www.visitgastroh.com\/wp-content\/uploads\/2022\/02\/hotel_villava_habitacion-768x320.jpg 768w\" sizes=\"auto, (max-width: 1200px) 100vw, 1200px\" \/><\/a><\/p><p class=\"store_locator_excerpt\">H\u00f4tel VILLAVA (Villava) L&#8217;h\u00f4tel Villava, avec son restaurant Amatxi, a ouvert ses portes en avril 2005. Situ\u00e9 \u00e0 Villava, \u00e0 3 km du centre de Pampelune, avec tous les avantages...<\/p><p class=\"store_locator_address\"><span class=\"store_locator_street\">Avenue de Pampelune s\/n<br\/><\/span> <span class=\"store_locator_zip\">31610<\/span> <span class=\"store_locator_city\">Villava<br\/><\/span> <span class=\"store_locator_region\">Navarre<\/span> <\/p><p class=\"store_locator_contact\"><span class=\"store_locator_tel\">Tel.: <a href=\"tel:+34948333676\">+34948333676<\/a><br\/><\/span><span class=\"store_locator_email\">Email: <a href=\"mailto:recep@hotelvillava.com\">recep@hotelvillava.com<\/a><br\/><\/span><span class=\"store_locator_website\">Website: <a href=\"https:\/\/hotelvillava.com\/\">https:\/\/hotelvillava.com\/<\/a><br\/><\/span><\/p><\/div>`,\n      });\n\n    marker54.addListener(\"click\", () => {\n        infowindow54.open({\n          anchor: marker54,\n          map,\n          shouldFocus: false,\n        });\n    });marker55 = new google.maps.Marker({position: {lat: 42.63064888875968, lng: -1.9933638057739334},map,title: \"Immobilier Arinzano Logement\",});\n    markers.push(marker55);\n    const infowindow55 = new google.maps.InfoWindow({\n        content: `<div id=\"store_locator_infowindow_28706\" class=\"store_locator_infowindow\"><div class=\"store-locator-col-sm-12 store_locator_details\"><h3 class=\"store_locator_name\"><a href=\"https:\/\/www.visitgastroh.com\/fr\/store\/immobilier-arinzano-logement\/\">Immobilier Arinzano Logement<\/a><\/h3><p><a href=\"https:\/\/www.visitgastroh.com\/fr\/store\/immobilier-arinzano-logement\/\"><img loading=\"lazy\" decoding=\"async\" width=\"675\" height=\"477\" src=\"https:\/\/www.visitgastroh.com\/wp-content\/uploads\/2022\/02\/propiedad-arinzano-habitacion-1.jpg\" class=\"attachment-post-thumbnail size-post-thumbnail wp-post-image\" alt=\"\" srcset=\"https:\/\/www.visitgastroh.com\/wp-content\/uploads\/2022\/02\/propiedad-arinzano-habitacion-1.jpg 675w, https:\/\/www.visitgastroh.com\/wp-content\/uploads\/2022\/02\/propiedad-arinzano-habitacion-1-300x212.jpg 300w\" sizes=\"auto, (max-width: 675px) 100vw, 675px\" \/><\/a><\/p><p class=\"store_locator_excerpt\">PROPRI\u00c9T\u00c9 AR\u00cdNZANO H\u00f4tel (Aber\u00edn) S\u00e9jours exclusifs. Nous mettons \u00e0 votre disposition 8 chambres doubles exclusives, dans deux b\u00e2timents uniques, o\u00f9 vous pourrez vivre une exp\u00e9rience unique, dans un environnement des...<\/p><p class=\"store_locator_address\"><span class=\"store_locator_street\">Carretera NA-132 km 3.1<br\/><\/span> <span class=\"store_locator_zip\">31264<\/span> <span class=\"store_locator_city\">Ab\u00e9rin<br\/><\/span> <span class=\"store_locator_region\">Navarre<\/span> <\/p><p class=\"store_locator_contact\"><span class=\"store_locator_tel\">Tel.: <a href=\"tel:+34 948 555 285\">+34 948 555 285<\/a><br\/><\/span><span class=\"store_locator_email\">Email: <a href=\"mailto:reservas@arinzano.com\">reservas@arinzano.com<\/a><br\/><\/span><span class=\"store_locator_website\">Website: <a href=\"https:\/\/arinzano.com\/\">https:\/\/arinzano.com\/<\/a><br\/><\/span><\/p><\/div>`,\n      });\n\n    marker55.addListener(\"click\", () => {\n        infowindow55.open({\n          anchor: marker55,\n          map,\n          shouldFocus: false,\n        });\n    });marker56 = new google.maps.Marker({position: {lat: 42.5518972, lng: -2.2715429},map,title: \"La Pata de Oca Albergue\",});\n    markers.push(marker56);\n    const infowindow56 = new google.maps.InfoWindow({\n        content: `<div id=\"store_locator_infowindow_38750\" class=\"store_locator_infowindow\"><div class=\"store-locator-col-sm-12 store_locator_details\"><h3 class=\"store_locator_name\"><a href=\"https:\/\/www.visitgastroh.com\/fr\/store\/la-pata-de-oca-albergue\/\">La Pata de Oca Albergue<\/a><\/h3><p><a href=\"https:\/\/www.visitgastroh.com\/fr\/store\/la-pata-de-oca-albergue\/\"><img loading=\"lazy\" decoding=\"async\" width=\"1600\" height=\"1200\" src=\"https:\/\/www.visitgastroh.com\/wp-content\/uploads\/2022\/04\/albergue-pata-oca-entrada.jpg\" class=\"attachment-post-thumbnail size-post-thumbnail wp-post-image\" alt=\"\" srcset=\"https:\/\/www.visitgastroh.com\/wp-content\/uploads\/2022\/04\/albergue-pata-oca-entrada.jpg 1600w, https:\/\/www.visitgastroh.com\/wp-content\/uploads\/2022\/04\/albergue-pata-oca-entrada-300x225.jpg 300w, https:\/\/www.visitgastroh.com\/wp-content\/uploads\/2022\/04\/albergue-pata-oca-entrada-1024x768.jpg 1024w, https:\/\/www.visitgastroh.com\/wp-content\/uploads\/2022\/04\/albergue-pata-oca-entrada-768x576.jpg 768w, https:\/\/www.visitgastroh.com\/wp-content\/uploads\/2022\/04\/albergue-pata-oca-entrada-1536x1152.jpg 1536w\" sizes=\"auto, (max-width: 1600px) 100vw, 1600px\" \/><\/a><\/p><p class=\"store_locator_excerpt\">La Pata de Oca (Torres del R\u00edo) G\u00ceTE ET H\u00d4TEL RURAL Premi\u00e8re auberge templi\u00e8re, situ\u00e9e dans la ville de Navarre TORRES DEL RIO, incontournable pour les p\u00e8lerins et les visiteurs,...<\/p><p class=\"store_locator_address\"><span class=\"store_locator_street\">Calle Mayor, 5<br\/><\/span> <span class=\"store_locator_zip\">31229<\/span> <span class=\"store_locator_city\">Torres del R\u00edo<br\/><\/span> <span class=\"store_locator_region\">Navarre<\/span> <\/p><p class=\"store_locator_contact\"><span class=\"store_locator_tel\">Tel.: <a href=\"tel:+34 948 378 457\">+34 948 378 457<\/a><br\/><\/span><span class=\"store_locator_email\">Email: <a href=\"mailto:alberguelapatadeoca@gmail.com\">alberguelapatadeoca@gmail.com<\/a><br\/><\/span><span class=\"store_locator_website\">Website: <a href=\"https:\/\/alberguelapatadeoca.com\/\">https:\/\/alberguelapatadeoca.com\/<\/a><br\/><\/span><\/p><\/div>`,\n      });\n\n    marker56.addListener(\"click\", () => {\n        infowindow56.open({\n          anchor: marker56,\n          map,\n          shouldFocus: false,\n        });\n    });marker57 = new google.maps.Marker({position: {lat: 42.8514328, lng: -1.6941591},map,title: \"Pamplona El Toro Hotel &amp;amp; Spa\",});\n    markers.push(marker57);\n    const infowindow57 = new google.maps.InfoWindow({\n        content: `<div id=\"store_locator_infowindow_30557\" class=\"store_locator_infowindow\"><div class=\"store-locator-col-sm-12 store_locator_details\"><h3 class=\"store_locator_name\"><a href=\"https:\/\/www.visitgastroh.com\/fr\/store\/pamplona-el-toro-hotel-spa\/\">Pamplona El Toro Hotel &amp; Spa<\/a><\/h3><p><a href=\"https:\/\/www.visitgastroh.com\/fr\/store\/pamplona-el-toro-hotel-spa\/\"><img loading=\"lazy\" decoding=\"async\" width=\"1200\" height=\"500\" src=\"https:\/\/www.visitgastroh.com\/wp-content\/uploads\/2022\/02\/hotel_toro_habitacion_azul.jpg\" class=\"attachment-post-thumbnail size-post-thumbnail wp-post-image\" alt=\"\" srcset=\"https:\/\/www.visitgastroh.com\/wp-content\/uploads\/2022\/02\/hotel_toro_habitacion_azul.jpg 1200w, https:\/\/www.visitgastroh.com\/wp-content\/uploads\/2022\/02\/hotel_toro_habitacion_azul-300x125.jpg 300w, https:\/\/www.visitgastroh.com\/wp-content\/uploads\/2022\/02\/hotel_toro_habitacion_azul-1024x427.jpg 1024w, https:\/\/www.visitgastroh.com\/wp-content\/uploads\/2022\/02\/hotel_toro_habitacion_azul-768x320.jpg 768w\" sizes=\"auto, (max-width: 1200px) 100vw, 1200px\" \/><\/a><\/p><p class=\"store_locator_excerpt\">PAMPLONA EL TORO Hotel &amp; Spa (Berrioplano) Une b\u00e2tisse rustique-proven\u00e7ale qui allie histoire et modernit\u00e9 dans un cadre champ\u00eatre, o\u00f9 vous pourrez vous laisser embrasser par la nature et profiter...<\/p><p class=\"store_locator_address\"><span class=\"store_locator_street\">Carretera de Guip\u00fazcoa km. 5<br\/><\/span> <span class=\"store_locator_zip\">31195<\/span> <span class=\"store_locator_city\">Berrioplano<br\/><\/span> <span class=\"store_locator_region\">Navarre<\/span> <\/p><p class=\"store_locator_contact\"><span class=\"store_locator_tel\">Tel.: <a href=\"tel:+34948302211\">+34948302211<\/a><br\/><\/span><span class=\"store_locator_email\">Email: <a href=\"mailto:reservas@hotelpamplonaeltoro.com\">reservas@hotelpamplonaeltoro.com<\/a><br\/><\/span><span class=\"store_locator_website\">Website: <a href=\"https:\/\/www.hotelespamplona.com\/\">https:\/\/www.hotelespamplona.com\/<\/a><br\/><\/span><\/p><\/div>`,\n      });\n\n    marker57.addListener(\"click\", () => {\n        infowindow57.open({\n          anchor: marker57,\n          map,\n          shouldFocus: false,\n        });\n    });marker58 = new google.maps.Marker({position: {lat: 42.786159155893166, lng: -1.367830088360591},map,title: \"Restaurant Beti Jai\",});\n    markers.push(marker58);\n    const infowindow58 = new google.maps.InfoWindow({\n        content: `<div id=\"store_locator_infowindow_28775\" class=\"store_locator_infowindow\"><div class=\"store-locator-col-sm-12 store_locator_details\"><h3 class=\"store_locator_name\"><a href=\"https:\/\/www.visitgastroh.com\/fr\/store\/restaurant-beti-jai\/\">Restaurant Beti Jai<\/a><\/h3><p><a href=\"https:\/\/www.visitgastroh.com\/fr\/store\/restaurant-beti-jai\/\"><img loading=\"lazy\" decoding=\"async\" width=\"446\" height=\"287\" src=\"https:\/\/www.visitgastroh.com\/wp-content\/uploads\/2022\/02\/restaurante-betijai-comedor-1.jpg\" class=\"attachment-post-thumbnail size-post-thumbnail wp-post-image\" alt=\"\" srcset=\"https:\/\/www.visitgastroh.com\/wp-content\/uploads\/2022\/02\/restaurante-betijai-comedor-1.jpg 446w, https:\/\/www.visitgastroh.com\/wp-content\/uploads\/2022\/02\/restaurante-betijai-comedor-1-300x193.jpg 300w\" sizes=\"auto, (max-width: 446px) 100vw, 446px\" \/><\/a><\/p><p class=\"store_locator_excerpt\">Restaurant BETI-JAI (Aoiz) Le Beti-Jai est un H\u00f4tel Rural Gastronomique fond\u00e9 en 1941 par la famille Iturri-Huerta. Depuis sa cr\u00e9ation, c&#8217;est une entreprise familiale qui, gr\u00e2ce \u00e0 un effort et...<\/p><p class=\"store_locator_address\"><span class=\"store_locator_street\">Rue Santa \u00c1gueda, 2 et 4<br\/><\/span> <span class=\"store_locator_zip\">31430<\/span> <span class=\"store_locator_city\">Aoiz<br\/><\/span> <span class=\"store_locator_region\">Navarre<\/span> <\/p><p class=\"store_locator_contact\"><span class=\"store_locator_tel\">Tel.: <a href=\"tel:+34948336052\">+34948336052<\/a><br\/><\/span><span class=\"store_locator_email\">Email: <a href=\"mailto:info@beti-jai.com\">info@beti-jai.com<\/a><br\/><\/span><span class=\"store_locator_website\">Website: <a href=\"http:\/\/www.beti-jai.com\/\">http:\/\/www.beti-jai.com\/<\/a><br\/><\/span><\/p><\/div>`,\n      });\n\n    marker58.addListener(\"click\", () => {\n        infowindow58.open({\n          anchor: marker58,\n          map,\n          shouldFocus: false,\n        });\n    });marker59 = new google.maps.Marker({position: {lat: 42.8233757, lng: -1.5955605},map,title: \"Restaurant Don Carlos\",});\n    markers.push(marker59);\n    const infowindow59 = new google.maps.InfoWindow({\n        content: `<div id=\"store_locator_infowindow_28781\" class=\"store_locator_infowindow\"><div class=\"store-locator-col-sm-12 store_locator_details\"><h3 class=\"store_locator_name\"><a href=\"https:\/\/www.visitgastroh.com\/fr\/store\/restaurant-don-carlos\/\">Restaurant Don Carlos<\/a><\/h3><p><a href=\"https:\/\/www.visitgastroh.com\/fr\/store\/restaurant-don-carlos\/\"><img loading=\"lazy\" decoding=\"async\" width=\"2560\" height=\"1707\" src=\"https:\/\/www.visitgastroh.com\/wp-content\/uploads\/2022\/01\/2012-07-26-14-30-14-scaled.jpg\" class=\"attachment-post-thumbnail size-post-thumbnail wp-post-image\" alt=\"\" srcset=\"https:\/\/www.visitgastroh.com\/wp-content\/uploads\/2022\/01\/2012-07-26-14-30-14-scaled.jpg 2560w, https:\/\/www.visitgastroh.com\/wp-content\/uploads\/2022\/01\/2012-07-26-14-30-14-300x200.jpg 300w, https:\/\/www.visitgastroh.com\/wp-content\/uploads\/2022\/01\/2012-07-26-14-30-14-1024x683.jpg 1024w, https:\/\/www.visitgastroh.com\/wp-content\/uploads\/2022\/01\/2012-07-26-14-30-14-768x512.jpg 768w, https:\/\/www.visitgastroh.com\/wp-content\/uploads\/2022\/01\/2012-07-26-14-30-14-1536x1024.jpg 1536w, https:\/\/www.visitgastroh.com\/wp-content\/uploads\/2022\/01\/2012-07-26-14-30-14-2048x1365.jpg 2048w, https:\/\/www.visitgastroh.com\/wp-content\/uploads\/2022\/01\/2012-07-26-14-30-14-900x600.jpg 900w\" sizes=\"auto, (max-width: 2560px) 100vw, 2560px\" \/><\/a><\/p><p class=\"store_locator_excerpt\">Restaurant DON CARLOS (Huarte &#8211; Pampelune) Trois g\u00e9n\u00e9rations, une philosophie Dans le pass\u00e9, les m\u00e9decins recevaient des soins de Don et c&#8217;est pr\u00e9cis\u00e9ment M. Don Carlos, m\u00e9decin de Huarte dans...<\/p><p class=\"store_locator_address\"><span class=\"store_locator_street\">Rue Dorraburu n\u00ba1<br\/><\/span> <span class=\"store_locator_zip\">31620<\/span> <span class=\"store_locator_city\">Huart\u00e9<br\/><\/span> <span class=\"store_locator_region\">Navarre<\/span> <\/p><p class=\"store_locator_contact\"><span class=\"store_locator_tel\">Tel.: <a href=\"tel:+34948330077\">+34948330077<\/a><br\/><\/span><span class=\"store_locator_email\">Email: <a href=\"mailto:infohotel@hdoncarlos.com\">infohotel@hdoncarlos.com<\/a><br\/><\/span><span class=\"store_locator_website\">Website: <a href=\"http:\/\/www.hdoncarlos.com\">http:\/\/www.hdoncarlos.com<\/a><br\/><\/span><\/p><\/div>`,\n      });\n\n    marker59.addListener(\"click\", () => {\n        infowindow59.open({\n          anchor: marker59,\n          map,\n          shouldFocus: false,\n        });\n    });marker60 = new google.maps.Marker({position: {lat: 42.82201096600653, lng: -1.578823600833139},map,title: \"Restaurante Castillo de Gorraiz\",});\n    markers.push(marker60);\n    const infowindow60 = new google.maps.InfoWindow({\n        content: `<div id=\"store_locator_infowindow_30566\" class=\"store_locator_infowindow\"><div class=\"store-locator-col-sm-12 store_locator_details\"><h3 class=\"store_locator_name\"><a href=\"https:\/\/www.visitgastroh.com\/fr\/store\/restaurante-castillo-de-gorraiz\/\">Restaurante Castillo de Gorraiz<\/a><\/h3><p><a href=\"https:\/\/www.visitgastroh.com\/fr\/store\/restaurante-castillo-de-gorraiz\/\"><img loading=\"lazy\" decoding=\"async\" width=\"1920\" height=\"1279\" src=\"https:\/\/www.visitgastroh.com\/wp-content\/uploads\/2022\/02\/restaurnte-castillo-gorraiz-panoramica.jpg\" class=\"attachment-post-thumbnail size-post-thumbnail wp-post-image\" alt=\"\" srcset=\"https:\/\/www.visitgastroh.com\/wp-content\/uploads\/2022\/02\/restaurnte-castillo-gorraiz-panoramica.jpg 1920w, https:\/\/www.visitgastroh.com\/wp-content\/uploads\/2022\/02\/restaurnte-castillo-gorraiz-panoramica-300x200.jpg 300w, https:\/\/www.visitgastroh.com\/wp-content\/uploads\/2022\/02\/restaurnte-castillo-gorraiz-panoramica-1024x682.jpg 1024w, https:\/\/www.visitgastroh.com\/wp-content\/uploads\/2022\/02\/restaurnte-castillo-gorraiz-panoramica-768x512.jpg 768w, https:\/\/www.visitgastroh.com\/wp-content\/uploads\/2022\/02\/restaurnte-castillo-gorraiz-panoramica-1536x1023.jpg 1536w, https:\/\/www.visitgastroh.com\/wp-content\/uploads\/2022\/02\/restaurnte-castillo-gorraiz-panoramica-900x600.jpg 900w\" sizes=\"auto, (max-width: 1920px) 100vw, 1920px\" \/><\/a><\/p><p class=\"store_locator_excerpt\">CASTILLO DE GORRAIZ Restaurante (Gorraiz) TRADITION ET MODERNIT\u00c9 Notre philosophie est celle du respect absolu des produits de notre terroir, du verger navarrais qui nous offre chaque saison des mets...<\/p><p class=\"store_locator_address\"><span class=\"store_locator_street\">Avenida Eg\u00fces, 78<br\/><\/span> <span class=\"store_locator_zip\">31620<\/span> <span class=\"store_locator_city\">Gorraiz<br\/><\/span> <span class=\"store_locator_region\">Navarre<\/span> <\/p><p class=\"store_locator_contact\"><span class=\"store_locator_tel\">Tel.: <a href=\"tel:+34948337330\">+34948337330<\/a><br\/><\/span><span class=\"store_locator_email\">Email: <a href=\"mailto:restaurante@castillogorraiz.es\">restaurante@castillogorraiz.es<\/a><br\/><\/span><span class=\"store_locator_website\">Website: <a href=\"https:\/\/www.cgrestaurante.es\/\">https:\/\/www.cgrestaurante.es\/<\/a><br\/><\/span><\/p><\/div>`,\n      });\n\n    marker60.addListener(\"click\", () => {\n        infowindow60.open({\n          anchor: marker60,\n          map,\n          shouldFocus: false,\n        });\n    });    new markerClusterer.MarkerClusterer( {map, markers} );\n}\ndocument.addEventListener(\"DOMContentLoaded\", function(event) {\n    \/\/c\u00f3digo a ejecutar cuando el DOM est\u00e1 listo para recibir acciones\n    initMapa();\n});\n<\/script>\n<\/div>[\/vc_column_text][\/vc_column][\/vc_row]\n","protected":false},"excerpt":{"rendered":"<p>[vc_row type=&#8221;full_width_background&#8221; full_screen_row_position=&#8221;middle&#8221; column_margin=&#8221;default&#8221; equal_height=&#8221;yes&#8221; content_placement=&#8221;middle&#8221; column_direction=&#8221;default&#8221; column_direction_tablet=&#8221;default&#8221; column_direction_phone=&#8221;default&#8221; bg_image=&#8221;16971&#8243; bg_position=&#8221;center center&#8221; background_image_loading=&#8221;default&#8221; bg_repeat=&#8221;no-repeat&#8221; scene_position=&#8221;center&#8221; top_padding=&#8221;5%&#8221; bottom_padding=&#8221;5%&#8221; text_color=&#8221;light&#8221; text_align=&#8221;left&#8221; row_border_radius=&#8221;none&#8221; row_border_radius_applies=&#8221;bg&#8221; color_overlay=&#8221;#000000&#8243; overlay_strength=&#8221;0.5&#8243; gradient_direction=&#8221;left_to_right&#8221; shape_divider_position=&#8221;bottom&#8221; bg_image_animation=&#8221;none&#8221; shape_type=&#8221;&#8221;][vc_column column_padding=&#8221;no-extra-padding&#8221; column_padding_tablet=&#8221;inherit&#8221; column_padding_phone=&#8221;inherit&#8221;&#8230;<\/p>\n","protected":false},"author":1,"featured_media":0,"parent":31153,"menu_order":0,"comment_status":"closed","ping_status":"closed","template":"","meta":{"footnotes":""},"class_list":["post-31228","page","type-page","status-publish"],"_links":{"self":[{"href":"https:\/\/www.visitgastroh.com\/fr\/wp-json\/wp\/v2\/pages\/31228","targetHints":{"allow":["GET"]}}],"collection":[{"href":"https:\/\/www.visitgastroh.com\/fr\/wp-json\/wp\/v2\/pages"}],"about":[{"href":"https:\/\/www.visitgastroh.com\/fr\/wp-json\/wp\/v2\/types\/page"}],"author":[{"embeddable":true,"href":"https:\/\/www.visitgastroh.com\/fr\/wp-json\/wp\/v2\/users\/1"}],"replies":[{"embeddable":true,"href":"https:\/\/www.visitgastroh.com\/fr\/wp-json\/wp\/v2\/comments?post=31228"}],"version-history":[{"count":0,"href":"https:\/\/www.visitgastroh.com\/fr\/wp-json\/wp\/v2\/pages\/31228\/revisions"}],"up":[{"embeddable":true,"href":"https:\/\/www.visitgastroh.com\/fr\/wp-json\/wp\/v2\/pages\/31153"}],"wp:attachment":[{"href":"https:\/\/www.visitgastroh.com\/fr\/wp-json\/wp\/v2\/media?parent=31228"}],"curies":[{"name":"wp","href":"https:\/\/api.w.org\/{rel}","templated":true}]}}