{"id":31158,"date":"2022-03-28T17:26:33","date_gmt":"2022-03-28T15:26:33","guid":{"rendered":"https:\/\/www.visitgastroh.com\/?page_id=31158"},"modified":"2022-04-01T11:22:46","modified_gmt":"2022-04-01T09:22:46","slug":"la-rioja","status":"publish","type":"page","link":"https:\/\/www.visitgastroh.com\/fr\/carte\/la-rioja\/","title":{"rendered":"La Rioja"},"content":{"rendered":"[vc_row type=&#8221;full_width_background&#8221; full_screen_row_position=&#8221;middle&#8221; column_margin=&#8221;default&#8221; equal_height=&#8221;yes&#8221; content_placement=&#8221;middle&#8221; column_direction=&#8221;default&#8221; column_direction_tablet=&#8221;default&#8221; column_direction_phone=&#8221;default&#8221; bg_image=&#8221;16971&#8243; bg_position=&#8221;center center&#8221; background_image_loading=&#8221;default&#8221; bg_repeat=&#8221;no-repeat&#8221; scene_position=&#8221;center&#8221; top_padding=&#8221;5%&#8221; bottom_padding=&#8221;5%&#8221; text_color=&#8221;light&#8221; text_align=&#8221;left&#8221; row_border_radius=&#8221;none&#8221; row_border_radius_applies=&#8221;bg&#8221; color_overlay=&#8221;#000000&#8243; overlay_strength=&#8221;0.5&#8243; gradient_direction=&#8221;left_to_right&#8221; shape_divider_position=&#8221;bottom&#8221; bg_image_animation=&#8221;none&#8221; shape_type=&#8221;&#8221;][vc_column column_padding=&#8221;no-extra-padding&#8221; column_padding_tablet=&#8221;inherit&#8221; column_padding_phone=&#8221;inherit&#8221; column_padding_position=&#8221;all&#8221; column_element_spacing=&#8221;default&#8221; background_color_opacity=&#8221;1&#8243; background_hover_color_opacity=&#8221;1&#8243; column_shadow=&#8221;none&#8221; column_border_radius=&#8221;none&#8221; column_link_target=&#8221;_self&#8221; gradient_direction=&#8221;left_to_right&#8221; overlay_strength=&#8221;0.3&#8243; width=&#8221;1\/1&#8243; tablet_width_inherit=&#8221;default&#8221; tablet_text_alignment=&#8221;default&#8221; phone_text_alignment=&#8221;default&#8221; bg_image_animation=&#8221;none&#8221; border_type=&#8221;simple&#8221; column_border_width=&#8221;none&#8221; column_border_style=&#8221;solid&#8221;][split_line_heading animation_type=&#8221;default&#8221;]\n<h1 style=\"font-size: 75px;\">Tous les \u00e9tablissements !<\/h1>\n[\/split_line_heading][split_line_heading animation_type=&#8221;default&#8221;]\n<h3 style=\"font-size: 36px;\"><strong>LA RIOJA<br \/>\n<\/strong><\/h3>\n[\/split_line_heading][image_with_animation image_url=&#8221;6394&#8243; animation=&#8221;Fade In&#8221; hover_animation=&#8221;none&#8221; alignment=&#8221;&#8221; border_radius=&#8221;none&#8221; box_shadow=&#8221;none&#8221; image_loading=&#8221;default&#8221; max_width=&#8221;100%&#8221; max_width_mobile=&#8221;default&#8221;][\/vc_column][\/vc_row][vc_row type=&#8221;in_container&#8221; full_screen_row_position=&#8221;middle&#8221; column_margin=&#8221;default&#8221; column_direction=&#8221;default&#8221; column_direction_tablet=&#8221;default&#8221; column_direction_phone=&#8221;default&#8221; scene_position=&#8221;center&#8221; text_color=&#8221;dark&#8221; text_align=&#8221;left&#8221; row_border_radius=&#8221;none&#8221; row_border_radius_applies=&#8221;bg&#8221; overlay_strength=&#8221;0.3&#8243; gradient_direction=&#8221;left_to_right&#8221; shape_divider_position=&#8221;bottom&#8221; bg_image_animation=&#8221;none&#8221;][vc_column column_padding=&#8221;no-extra-padding&#8221; column_padding_tablet=&#8221;inherit&#8221; column_padding_phone=&#8221;inherit&#8221; column_padding_position=&#8221;all&#8221; column_element_spacing=&#8221;default&#8221; background_color_opacity=&#8221;1&#8243; background_hover_color_opacity=&#8221;1&#8243; column_shadow=&#8221;none&#8221; column_border_radius=&#8221;none&#8221; column_link_target=&#8221;_self&#8221; gradient_direction=&#8221;left_to_right&#8221; overlay_strength=&#8221;0.3&#8243; width=&#8221;1\/1&#8243; tablet_width_inherit=&#8221;default&#8221; tablet_text_alignment=&#8221;default&#8221; phone_text_alignment=&#8221;default&#8221; bg_image_animation=&#8221;none&#8221; border_type=&#8221;simple&#8221; column_border_width=&#8221;none&#8221; column_border_style=&#8221;solid&#8221;][vc_column_text]<button id=\"menuaGorde\" title=\"Afficher \/ Masquer les filtres\"><i class=\"fa fa-filter\"><\/i><\/button><\/p>\n<p><script>\ndocument.getElementById(\"menuaGorde\").addEventListener(\"click\", menuaezkutatu)\nfunction menuaezkutatu() {\n  var zerrenda = document.getElementsByClassName(\"menu-izda\");\n  x = zerrenda[0];\n  if (x.style.display === \"none\") {\n    x.style.display = \"block\";\n  } else {\n    x.style.display = \"none\";\n  }\n}\n<\/script>[\/vc_column_text][\/vc_column][\/vc_row][vc_row type=&#8221;in_container&#8221; full_screen_row_position=&#8221;middle&#8221; column_margin=&#8221;default&#8221; column_direction=&#8221;default&#8221; column_direction_tablet=&#8221;default&#8221; column_direction_phone=&#8221;default&#8221; scene_position=&#8221;center&#8221; top_padding=&#8221;3%&#8221; bottom_padding=&#8221;5%&#8221; text_color=&#8221;dark&#8221; text_align=&#8221;left&#8221; row_border_radius=&#8221;none&#8221; row_border_radius_applies=&#8221;bg&#8221; overlay_strength=&#8221;0.3&#8243; gradient_direction=&#8221;left_to_right&#8221; shape_divider_position=&#8221;bottom&#8221; bg_image_animation=&#8221;none&#8221; shape_type=&#8221;&#8221;][vc_column column_padding=&#8221;no-extra-padding&#8221; column_padding_tablet=&#8221;inherit&#8221; column_padding_phone=&#8221;inherit&#8221; column_padding_position=&#8221;all&#8221; column_element_spacing=&#8221;default&#8221; background_color_opacity=&#8221;1&#8243; background_hover_color_opacity=&#8221;1&#8243; column_shadow=&#8221;none&#8221; column_border_radius=&#8221;none&#8221; column_link_target=&#8221;_self&#8221; el_class=&#8221;menu-izda&#8221; gradient_direction=&#8221;left_to_right&#8221; overlay_strength=&#8221;0.3&#8243; width=&#8221;1\/4&#8243; tablet_width_inherit=&#8221;default&#8221; tablet_text_alignment=&#8221;default&#8221; phone_text_alignment=&#8221;default&#8221; bg_image_animation=&#8221;none&#8221; border_type=&#8221;simple&#8221; column_border_width=&#8221;none&#8221; column_border_style=&#8221;solid&#8221;][vc_column_text]\n<h4>Choisissez une r\u00e9gion\u00a0:<\/h4>\n[\/vc_column_text][vc_column_text]<img loading=\"lazy\" decoding=\"async\" class=\"size-full wp-image-7132 alignleft\" src=\"https:\/\/www.visitgastroh.com\/wp-content\/uploads\/2022\/01\/mapa-destinos-euskadi-mini.png\" alt=\"\" width=\"45\" height=\"31\" \/><a style=\"color: #61a54d;\" href=\"https:\/\/www.visitgastroh.com\/fr\/carte\/euskadi\/\"><strong>EUSKADI<\/strong><\/a><\/p>\n<ul class=\"mapa-euskadi\">\n<li><a href=\"https:\/\/www.visitgastroh.com\/fr\/carte\/euskadi\/manger\/\">Manger<\/a><\/li>\n<li><a href=\"https:\/\/www.visitgastroh.com\/fr\/carte\/euskadi\/dormir\/\">Dormir<\/a><\/li>\n<li><a href=\"https:\/\/www.visitgastroh.com\/fr\/carte\/euskadi\/acheter\/\">Acheter<\/a><\/li>\n<li><a href=\"https:\/\/www.visitgastroh.com\/fr\/carte\/euskadi\/visiter\/\">Visiter<\/a><\/li>\n<\/ul>\n<p><img loading=\"lazy\" decoding=\"async\" class=\"size-full alignleft\" src=\"https:\/\/www.visitgastroh.com\/wp-content\/uploads\/2022\/01\/mapa-destinos-navarra-mini.png\" alt=\"\" width=\"45\" height=\"31\" \/><a style=\"color: #c5273b;\" href=\"https:\/\/www.visitgastroh.com\/fr\/carte\/navarre\/\"><strong>NAVARRE<\/strong><\/a><\/p>\n<ul class=\"mapa-navarra\">\n<li><a href=\"https:\/\/www.visitgastroh.com\/fr\/carte\/navarre\/manger\/\">Manger<\/a><\/li>\n<li><a href=\"https:\/\/www.visitgastroh.com\/fr\/carte\/navarre\/dormir\/\">Dormir<\/a><\/li>\n<li><a href=\"https:\/\/www.visitgastroh.com\/fr\/carte\/navarre\/acheter\/\">Acheter<\/a><\/li>\n<li><a href=\"https:\/\/www.visitgastroh.com\/fr\/carte\/navarre\/visiter\/\">Visiter<\/a><\/li>\n<\/ul>\n<p><img loading=\"lazy\" decoding=\"async\" class=\"size-full alignleft\" src=\"https:\/\/www.visitgastroh.com\/wp-content\/uploads\/2022\/01\/mapa-destinos-la-rioja-mini.png\" alt=\"\" width=\"45\" height=\"31\" \/><a style=\"color: #9f2653;\" href=\"https:\/\/www.visitgastroh.com\/fr\/carte\/la-rioja\/\"><strong>LA RIOJA<\/strong><\/a><\/p>\n<ul class=\"mapa-la-rioja\">\n<li><a href=\"https:\/\/www.visitgastroh.com\/fr\/carte\/la-rioja\/manger\/\">Manger<\/a><\/li>\n<li><a href=\"https:\/\/www.visitgastroh.com\/fr\/carte\/la-rioja\/dormir\/\">Dormir<\/a><\/li>\n<li><a href=\"https:\/\/www.visitgastroh.com\/fr\/carte\/la-rioja\/acheter\/\">Acheter<\/a><\/li>\n<li><a href=\"https:\/\/www.visitgastroh.com\/fr\/carte\/la-rioja\/visiter\/\">Visiter<\/a><\/li>\n<\/ul>\n<p><img loading=\"lazy\" decoding=\"async\" class=\"size-full alignleft\" src=\"https:\/\/www.visitgastroh.com\/wp-content\/uploads\/2022\/01\/mapa-destinos-pays-basque-mini.png\" alt=\"\" width=\"45\" height=\"31\" \/><a style=\"color: #8bc3e7;\" href=\"https:\/\/www.visitgastroh.com\/fr\/carte\/pays-basque\/\"><strong>PAYS BASQUE<\/strong><\/a><\/p>\n<ul class=\"mapa-pays-basque\">\n<li><a href=\"https:\/\/www.visitgastroh.com\/fr\/carte\/pays-basque\/manger\/\">Manger<\/a><\/li>\n<li><a href=\"https:\/\/www.visitgastroh.com\/fr\/carte\/pays-basque\/dormir\/\">Dormir<\/a><\/li>\n<li><a href=\"https:\/\/www.visitgastroh.com\/fr\/carte\/pays-basque\/acheter\/\">Acheter<\/a><\/li>\n<li><a href=\"https:\/\/www.visitgastroh.com\/fr\/carte\/pays-basque\/visiter\/\">Visiter<\/a><\/li>\n<\/ul>\n<p><img loading=\"lazy\" decoding=\"async\" class=\"size-full alignleft\" src=\"https:\/\/www.visitgastroh.com\/wp-content\/uploads\/2022\/01\/mapa-destinos-bearn-mini.png\" alt=\"\" width=\"45\" height=\"31\" \/><a style=\"color: #e7b32d;\" href=\"https:\/\/www.visitgastroh.com\/fr\/carte\/bearn\/\"><strong>B\u00c9ARN<\/strong><\/a><\/p>\n<ul class=\"mapa-bearn\">\n<li><a href=\"https:\/\/www.visitgastroh.com\/fr\/carte\/bearn\/manger\/\">Manger<\/a><\/li>\n<li><a href=\"https:\/\/www.visitgastroh.com\/fr\/carte\/bearn\/dormir\/\">Dormir<\/a><\/li>\n<li><a href=\"https:\/\/www.visitgastroh.com\/fr\/carte\/bearn\/acheter\/\">Acheter<\/a><\/li>\n<li><a href=\"https:\/\/www.visitgastroh.com\/fr\/carte\/bearn\/visiter\/\">Visiter<\/a><\/li>\n<\/ul>\n[\/vc_column_text][vc_column_text]        <form id=\"store_locator_embedded_search\" class=\"store_locator_embedded_search\" action=\"https:\/\/www.visitgastroh.com\/fr\/carte\/la-rioja\/\" method=\"GET\">            <div id=\"store_locator_search_box\" class=\"store_locator store_locator_search_box store-locator-col-12 store-locator-col-sm-12\">                                            <div id=\"store_locator_filter\" class=\"store_locator_filter\">            <div id=\"store_locator_filter_content\" class=\"store-locator-row store_locator_filter_content\">                <div id=\"filter209\" class=\"store-locator-col-12 single_filter\"><h5 class=\"collapsible-visit filtroa-itxita\">Accessibilit\u00e9<\/h5><div class=\"filtroa\" style=\"display: none;\"><label class=\"single_filter_checkbox control control--checkbox\"><input  name=\"filter209[]\" type=\"checkbox\" class=\"store_locator_filter_checkbox\" value=\"210\">Adapt\u00e9 aux personnes \u00e0 mobilit\u00e9 r\u00e9duite<div class=\"control__indicator\"><\/div><\/label><\/div><\/div><div id=\"filter211\" class=\"store-locator-col-12 single_filter\"><h5 class=\"collapsible-visit filtroa-itxita\">Cat\u00e9gorie<\/h5><div class=\"filtroa\" style=\"display: none;\"><label class=\"single_filter_checkbox control control--checkbox\"><input  name=\"filter211[]\" type=\"checkbox\" class=\"store_locator_filter_checkbox\" value=\"212\">1 \u00c9toile<div class=\"control__indicator\"><\/div><\/label><label class=\"single_filter_checkbox control control--checkbox\"><input  name=\"filter211[]\" type=\"checkbox\" class=\"store_locator_filter_checkbox\" value=\"215\">2 cl\u00e9s<div class=\"control__indicator\"><\/div><\/label><label class=\"single_filter_checkbox control control--checkbox\"><input  name=\"filter211[]\" type=\"checkbox\" class=\"store_locator_filter_checkbox\" value=\"213\">2 \u00c9toiles<div class=\"control__indicator\"><\/div><\/label><label class=\"single_filter_checkbox control control--checkbox\"><input  name=\"filter211[]\" type=\"checkbox\" class=\"store_locator_filter_checkbox\" value=\"216\">3 cl\u00e9s<div class=\"control__indicator\"><\/div><\/label><label class=\"single_filter_checkbox control control--checkbox\"><input  name=\"filter211[]\" type=\"checkbox\" class=\"store_locator_filter_checkbox\" value=\"218\">3 \u00c9toiles<div class=\"control__indicator\"><\/div><\/label><label class=\"single_filter_checkbox control control--checkbox\"><input  name=\"filter211[]\" type=\"checkbox\" class=\"store_locator_filter_checkbox\" value=\"217\">4 cl\u00e9s<div class=\"control__indicator\"><\/div><\/label><label class=\"single_filter_checkbox control control--checkbox\"><input  name=\"filter211[]\" type=\"checkbox\" class=\"store_locator_filter_checkbox\" value=\"219\">4 \u00c9toiles<div class=\"control__indicator\"><\/div><\/label><label class=\"single_filter_checkbox control control--checkbox\"><input  name=\"filter211[]\" type=\"checkbox\" class=\"store_locator_filter_checkbox\" value=\"220\">5 \u00c9toiles<div class=\"control__indicator\"><\/div><\/label><\/div><\/div><div id=\"filter281\" class=\"store-locator-col-12 single_filter\"><h5 class=\"collapsible-visit filtroa-itxita\">Distinctions<\/h5><div class=\"filtroa\" style=\"display: none;\"><label class=\"single_filter_checkbox control control--checkbox\"><input  name=\"filter281[]\" type=\"checkbox\" class=\"store_locator_filter_checkbox\" value=\"282\">1 \u00c9toile Michelin<div class=\"control__indicator\"><\/div><\/label><label class=\"single_filter_checkbox control control--checkbox\"><input  name=\"filter281[]\" type=\"checkbox\" class=\"store_locator_filter_checkbox\" value=\"285\">1 Soleil Repsol<div class=\"control__indicator\"><\/div><\/label><label class=\"single_filter_checkbox control control--checkbox\"><input  name=\"filter281[]\" type=\"checkbox\" class=\"store_locator_filter_checkbox\" value=\"283\">2 \u00c9toiles Michelin<div class=\"control__indicator\"><\/div><\/label><label class=\"single_filter_checkbox control control--checkbox\"><input  name=\"filter281[]\" type=\"checkbox\" class=\"store_locator_filter_checkbox\" value=\"286\">2 Soleils Repsol<div class=\"control__indicator\"><\/div><\/label><label class=\"single_filter_checkbox control control--checkbox\"><input  name=\"filter281[]\" type=\"checkbox\" class=\"store_locator_filter_checkbox\" value=\"284\">3 \u00c9toiles Michelin<div class=\"control__indicator\"><\/div><\/label><label class=\"single_filter_checkbox control control--checkbox\"><input  name=\"filter281[]\" type=\"checkbox\" class=\"store_locator_filter_checkbox\" value=\"287\">3 Soleils Repsol<div class=\"control__indicator\"><\/div><\/label><label class=\"single_filter_checkbox control control--checkbox\"><input  name=\"filter281[]\" type=\"checkbox\" class=\"store_locator_filter_checkbox\" value=\"288\">50 Best Restaurants<div class=\"control__indicator\"><\/div><\/label><label class=\"single_filter_checkbox control control--checkbox\"><input  name=\"filter281[]\" type=\"checkbox\" class=\"store_locator_filter_checkbox\" value=\"494\">Bib Gourmand<div class=\"control__indicator\"><\/div><\/label><label class=\"single_filter_checkbox control control--checkbox\"><input  name=\"filter281[]\" type=\"checkbox\" class=\"store_locator_filter_checkbox\" value=\"289\">Ma\u00eetre Restaurateur<div class=\"control__indicator\"><\/div><\/label><\/div><\/div><div id=\"filter221\" class=\"store-locator-col-12 single_filter\"><h5 class=\"collapsible-visit filtroa-itxita\">Exp\u00e9riences<\/h5><div class=\"filtroa\" style=\"display: none;\"><label class=\"single_filter_checkbox control control--checkbox\"><input  name=\"filter221[]\" type=\"checkbox\" class=\"store_locator_filter_checkbox\" value=\"222\">Activit\u00e9 gastronomique<div class=\"control__indicator\"><\/div><\/label><label class=\"single_filter_checkbox control control--checkbox\"><input  name=\"filter221[]\" type=\"checkbox\" class=\"store_locator_filter_checkbox\" value=\"264\">Exp\u00e9rience Appellation d\u00b4Origine<div class=\"control__indicator\"><\/div><\/label><label class=\"single_filter_checkbox control control--checkbox\"><input  name=\"filter221[]\" type=\"checkbox\" class=\"store_locator_filter_checkbox\" value=\"265\">Exp\u00e9rience \u00c9cotourisme<div class=\"control__indicator\"><\/div><\/label><label class=\"single_filter_checkbox control control--checkbox\"><input  name=\"filter221[]\" type=\"checkbox\" class=\"store_locator_filter_checkbox\" value=\"266\">Exp\u00e9rience Fromage<div class=\"control__indicator\"><\/div><\/label><label class=\"single_filter_checkbox control control--checkbox\"><input  name=\"filter221[]\" type=\"checkbox\" class=\"store_locator_filter_checkbox\" value=\"223\">Exp\u00e9rience unique<div class=\"control__indicator\"><\/div><\/label><label class=\"single_filter_checkbox control control--checkbox\"><input  name=\"filter221[]\" type=\"checkbox\" class=\"store_locator_filter_checkbox\" value=\"267\">Exp\u00e9rience Vin<div class=\"control__indicator\"><\/div><\/label><label class=\"single_filter_checkbox control control--checkbox\"><input  name=\"filter221[]\" type=\"checkbox\" class=\"store_locator_filter_checkbox\" value=\"224\">Route<div class=\"control__indicator\"><\/div><\/label><\/div><\/div><div id=\"filter225\" class=\"store-locator-col-12 single_filter\"><h5 class=\"collapsible-visit filtroa-itxita\">Installations<\/h5><div class=\"filtroa\" style=\"display: none;\"><label class=\"single_filter_checkbox control control--checkbox\"><input  name=\"filter225[]\" type=\"checkbox\" class=\"store_locator_filter_checkbox\" value=\"226\">Accesible<div class=\"control__indicator\"><\/div><\/label><label class=\"single_filter_checkbox control control--checkbox\"><input  name=\"filter225[]\" type=\"checkbox\" class=\"store_locator_filter_checkbox\" value=\"241\">Animaux de compagnie accept\u00e9s<div class=\"control__indicator\"><\/div><\/label><label class=\"single_filter_checkbox control control--checkbox\"><input  name=\"filter225[]\" type=\"checkbox\" class=\"store_locator_filter_checkbox\" value=\"227\">H\u00e9bergement<div class=\"control__indicator\"><\/div><\/label><label class=\"single_filter_checkbox control control--checkbox\"><input  name=\"filter225[]\" type=\"checkbox\" class=\"store_locator_filter_checkbox\" value=\"228\">Parking<div class=\"control__indicator\"><\/div><\/label><label class=\"single_filter_checkbox control control--checkbox\"><input  name=\"filter225[]\" type=\"checkbox\" class=\"store_locator_filter_checkbox\" value=\"242\">Terrasse<div class=\"control__indicator\"><\/div><\/label><\/div><\/div><div id=\"filter247\" class=\"store-locator-col-12 single_filter\"><h5 class=\"collapsible-visit filtroa-itxita\">Installations d'h\u00e9bergement<\/h5><div class=\"filtroa\" style=\"display: none;\"><label class=\"single_filter_checkbox control control--checkbox\"><input  name=\"filter247[]\" type=\"checkbox\" class=\"store_locator_filter_checkbox\" value=\"268\">Adapt\u00e9 aux personnes \u00e0 mobilit\u00e9 r\u00e9duite<div class=\"control__indicator\"><\/div><\/label><label class=\"single_filter_checkbox control control--checkbox\"><input  name=\"filter247[]\" type=\"checkbox\" class=\"store_locator_filter_checkbox\" value=\"251\">Air conditionn\u00e9<div class=\"control__indicator\"><\/div><\/label><label class=\"single_filter_checkbox control control--checkbox\"><input  name=\"filter247[]\" type=\"checkbox\" class=\"store_locator_filter_checkbox\" value=\"269\">Animaux de compagnie accept\u00e9s<div class=\"control__indicator\"><\/div><\/label><label class=\"single_filter_checkbox control control--checkbox\"><input  name=\"filter247[]\" type=\"checkbox\" class=\"store_locator_filter_checkbox\" value=\"270\">Borne de recharge pour v\u00e9hicules \u00e9lectriques<div class=\"control__indicator\"><\/div><\/label><label class=\"single_filter_checkbox control control--checkbox\"><input  name=\"filter247[]\" type=\"checkbox\" class=\"store_locator_filter_checkbox\" value=\"249\">Caf\u00e9-bar<div class=\"control__indicator\"><\/div><\/label><label class=\"single_filter_checkbox control control--checkbox\"><input  name=\"filter247[]\" type=\"checkbox\" class=\"store_locator_filter_checkbox\" value=\"271\">Parking<div class=\"control__indicator\"><\/div><\/label><label class=\"single_filter_checkbox control control--checkbox\"><input  name=\"filter247[]\" type=\"checkbox\" class=\"store_locator_filter_checkbox\" value=\"248\">Restaurant<div class=\"control__indicator\"><\/div><\/label><label class=\"single_filter_checkbox control control--checkbox\"><input  name=\"filter247[]\" type=\"checkbox\" class=\"store_locator_filter_checkbox\" value=\"272\">Service de location et\/ou abri de v\u00e9los<div class=\"control__indicator\"><\/div><\/label><label class=\"single_filter_checkbox control control--checkbox\"><input  name=\"filter247[]\" type=\"checkbox\" class=\"store_locator_filter_checkbox\" value=\"250\">Wifi gratuit<div class=\"control__indicator\"><\/div><\/label><\/div><\/div><div id=\"filter238\" class=\"store-locator-col-12 single_filter\"><h5 class=\"collapsible-visit filtroa-itxita\">Prix<\/h5><div class=\"filtroa\" style=\"display: none;\"><label class=\"single_filter_checkbox control control--checkbox\"><input  name=\"filter238[]\" type=\"checkbox\" class=\"store_locator_filter_checkbox\" value=\"273\">+80\u20ac<div class=\"control__indicator\"><\/div><\/label><label class=\"single_filter_checkbox control control--checkbox\"><input  name=\"filter238[]\" type=\"checkbox\" class=\"store_locator_filter_checkbox\" value=\"274\">20\u20ac - 40\u20ac<div class=\"control__indicator\"><\/div><\/label><label class=\"single_filter_checkbox control control--checkbox\"><input  name=\"filter238[]\" type=\"checkbox\" class=\"store_locator_filter_checkbox\" value=\"240\">40 \u20ac - 60 \u20ac<div class=\"control__indicator\"><\/div><\/label><label class=\"single_filter_checkbox control control--checkbox\"><input  name=\"filter238[]\" type=\"checkbox\" class=\"store_locator_filter_checkbox\" value=\"275\">60\u20ac - 80\u20ac<div class=\"control__indicator\"><\/div><\/label><\/div><\/div><div id=\"filter518\" class=\"store-locator-col-12 single_filter\"><h5 class=\"collapsible-visit filtroa-itxita\">Route \u00e0 laquelle appartient l\u2019entreprise (Acheter)<\/h5><div class=\"filtroa\" style=\"display: none;\"><label class=\"single_filter_checkbox control control--checkbox\"><input  name=\"filter518[]\" type=\"checkbox\" class=\"store_locator_filter_checkbox\" value=\"525\">Destination D\u00e9signation d\u2019origine<div class=\"control__indicator\"><\/div><\/label><label class=\"single_filter_checkbox control control--checkbox\"><input  name=\"filter518[]\" type=\"checkbox\" class=\"store_locator_filter_checkbox\" value=\"526\">Destination fromage<div class=\"control__indicator\"><\/div><\/label><label class=\"single_filter_checkbox control control--checkbox\"><input  name=\"filter518[]\" type=\"checkbox\" class=\"store_locator_filter_checkbox\" value=\"527\">Destination vin<div class=\"control__indicator\"><\/div><\/label><label class=\"single_filter_checkbox control control--checkbox\"><input  name=\"filter518[]\" type=\"checkbox\" class=\"store_locator_filter_checkbox\" value=\"528\">Grand Roadtrip \/ Tour Gastroh<div class=\"control__indicator\"><\/div><\/label><label class=\"single_filter_checkbox control control--checkbox\"><input  name=\"filter518[]\" type=\"checkbox\" class=\"store_locator_filter_checkbox\" value=\"529\">Route Haute Gastronomie<div class=\"control__indicator\"><\/div><\/label><\/div><\/div><div id=\"filter276\" class=\"store-locator-col-12 single_filter\"><h5 class=\"collapsible-visit filtroa-itxita\">Route \u00e0 laquelle appartient l\u2019entreprise (Manger)<\/h5><div class=\"filtroa\" style=\"display: none;\"><label class=\"single_filter_checkbox control control--checkbox\"><input  name=\"filter276[]\" type=\"checkbox\" class=\"store_locator_filter_checkbox\" value=\"497\">Destination D\u00e9signation d\u2019origine<div class=\"control__indicator\"><\/div><\/label><label class=\"single_filter_checkbox control control--checkbox\"><input  name=\"filter276[]\" type=\"checkbox\" class=\"store_locator_filter_checkbox\" value=\"277\">Destination fromage<div class=\"control__indicator\"><\/div><\/label><label class=\"single_filter_checkbox control control--checkbox\"><input  name=\"filter276[]\" type=\"checkbox\" class=\"store_locator_filter_checkbox\" value=\"278\">Destination vin<div class=\"control__indicator\"><\/div><\/label><label class=\"single_filter_checkbox control control--checkbox\"><input  name=\"filter276[]\" type=\"checkbox\" class=\"store_locator_filter_checkbox\" value=\"500\">Grand Roadtrip \/ Tour Gastroh<div class=\"control__indicator\"><\/div><\/label><label class=\"single_filter_checkbox control control--checkbox\"><input  name=\"filter276[]\" type=\"checkbox\" class=\"store_locator_filter_checkbox\" value=\"489\">Route \u00e9cogastronomique<div class=\"control__indicator\"><\/div><\/label><label class=\"single_filter_checkbox control control--checkbox\"><input  name=\"filter276[]\" type=\"checkbox\" class=\"store_locator_filter_checkbox\" value=\"279\">Route Haute Gastronomie<div class=\"control__indicator\"><\/div><\/label><label class=\"single_filter_checkbox control control--checkbox\"><input  name=\"filter276[]\" type=\"checkbox\" class=\"store_locator_filter_checkbox\" value=\"280\">Route Saveurs du Chemin de St Jacques de Compostelle<div class=\"control__indicator\"><\/div><\/label><\/div><\/div><div id=\"filter245\" class=\"store-locator-col-12 single_filter\"><h5 class=\"collapsible-visit filtroa-itxita\">Type d'h\u00e9bergement<\/h5><div class=\"filtroa\" style=\"display: none;\"><label class=\"single_filter_checkbox control control--checkbox\"><input  name=\"filter245[]\" type=\"checkbox\" class=\"store_locator_filter_checkbox\" value=\"306\">Appartement touristique<div class=\"control__indicator\"><\/div><\/label><label class=\"single_filter_checkbox control control--checkbox\"><input  name=\"filter245[]\" type=\"checkbox\" class=\"store_locator_filter_checkbox\" value=\"307\">Baln\u00e9aire \/ Thermal<div class=\"control__indicator\"><\/div><\/label><label class=\"single_filter_checkbox control control--checkbox\"><input  name=\"filter245[]\" type=\"checkbox\" class=\"store_locator_filter_checkbox\" value=\"308\">Camping<div class=\"control__indicator\"><\/div><\/label><label class=\"single_filter_checkbox control control--checkbox\"><input  name=\"filter245[]\" type=\"checkbox\" class=\"store_locator_filter_checkbox\" value=\"309\">G\u00eete rural<div class=\"control__indicator\"><\/div><\/label><label class=\"single_filter_checkbox control control--checkbox\"><input  name=\"filter245[]\" type=\"checkbox\" class=\"store_locator_filter_checkbox\" value=\"305\">H\u00e9bergements collectifs \/ Auberges de jeunesse<div class=\"control__indicator\"><\/div><\/label><label class=\"single_filter_checkbox control control--checkbox\"><input  name=\"filter245[]\" type=\"checkbox\" class=\"store_locator_filter_checkbox\" value=\"310\">H\u00f4tel<div class=\"control__indicator\"><\/div><\/label><label class=\"single_filter_checkbox control control--checkbox\"><input  name=\"filter245[]\" type=\"checkbox\" class=\"store_locator_filter_checkbox\" value=\"246\">Logement chez l\u2019habitant<div class=\"control__indicator\"><\/div><\/label><\/div><\/div><div id=\"filter297\" class=\"store-locator-col-12 single_filter\"><h5 class=\"collapsible-visit filtroa-itxita\">Type d&#039;\u00e9tablissement<\/h5><div class=\"filtroa\" style=\"display: none;\"><label class=\"single_filter_checkbox control control--checkbox\"><input  name=\"filter297[]\" type=\"checkbox\" class=\"store_locator_filter_checkbox\" value=\"298\">Coop\u00e9rative<div class=\"control__indicator\"><\/div><\/label><label class=\"single_filter_checkbox control control--checkbox\"><input  name=\"filter297[]\" type=\"checkbox\" class=\"store_locator_filter_checkbox\" value=\"299\">\u00c9picerie fine<div class=\"control__indicator\"><\/div><\/label><label class=\"single_filter_checkbox control control--checkbox\"><input  name=\"filter297[]\" type=\"checkbox\" class=\"store_locator_filter_checkbox\" value=\"304\">Magasins BIO \/ ECO<div class=\"control__indicator\"><\/div><\/label><label class=\"single_filter_checkbox control control--checkbox\"><input  name=\"filter297[]\" type=\"checkbox\" class=\"store_locator_filter_checkbox\" value=\"300\">March\u00e9s de producteurs (autres que le march\u00e9 municipal)<div class=\"control__indicator\"><\/div><\/label><label class=\"single_filter_checkbox control control--checkbox\"><input  name=\"filter297[]\" type=\"checkbox\" class=\"store_locator_filter_checkbox\" value=\"301\">March\u00e9s municipaux<div class=\"control__indicator\"><\/div><\/label><label class=\"single_filter_checkbox control control--checkbox\"><input  name=\"filter297[]\" type=\"checkbox\" class=\"store_locator_filter_checkbox\" value=\"303\">P\u00e2tisserie \/ Chocolaterie<div class=\"control__indicator\"><\/div><\/label><label class=\"single_filter_checkbox control control--checkbox\"><input  name=\"filter297[]\" type=\"checkbox\" class=\"store_locator_filter_checkbox\" value=\"302\">Producteur et\/ou agriculteur local avec vente directe<div class=\"control__indicator\"><\/div><\/label><\/div><\/div><div id=\"filter239\" class=\"store-locator-col-12 single_filter\"><h5 class=\"collapsible-visit filtroa-itxita\">Type de cuisine<\/h5><div class=\"filtroa\" style=\"display: none;\"><label class=\"single_filter_checkbox control control--checkbox\"><input  name=\"filter239[]\" type=\"checkbox\" class=\"store_locator_filter_checkbox\" value=\"291\">Cave<div class=\"control__indicator\"><\/div><\/label><label class=\"single_filter_checkbox control control--checkbox\"><input  name=\"filter239[]\" type=\"checkbox\" class=\"store_locator_filter_checkbox\" value=\"296\">Cidrerie<div class=\"control__indicator\"><\/div><\/label><label class=\"single_filter_checkbox control control--checkbox\"><input  name=\"filter239[]\" type=\"checkbox\" class=\"store_locator_filter_checkbox\" value=\"292\">Cuisine d\u2019auteur \/ du march\u00e9<div class=\"control__indicator\"><\/div><\/label><label class=\"single_filter_checkbox control control--checkbox\"><input  name=\"filter239[]\" type=\"checkbox\" class=\"store_locator_filter_checkbox\" value=\"293\">Cuisine traditionnelle<div class=\"control__indicator\"><\/div><\/label><label class=\"single_filter_checkbox control control--checkbox\"><input  name=\"filter239[]\" type=\"checkbox\" class=\"store_locator_filter_checkbox\" value=\"294\">Menu adapt\u00e9 \u00e0 des r\u00e9gimes sp\u00e9ciaux<div class=\"control__indicator\"><\/div><\/label><label class=\"single_filter_checkbox control control--checkbox\"><input  name=\"filter239[]\" type=\"checkbox\" class=\"store_locator_filter_checkbox\" value=\"243\">Pintxos<div class=\"control__indicator\"><\/div><\/label><label class=\"single_filter_checkbox control control--checkbox\"><input  name=\"filter239[]\" type=\"checkbox\" class=\"store_locator_filter_checkbox\" value=\"295\">Restaurant \u00e0 la ferme<div class=\"control__indicator\"><\/div><\/label><label class=\"single_filter_checkbox control control--checkbox\"><input  name=\"filter239[]\" type=\"checkbox\" class=\"store_locator_filter_checkbox\" value=\"290\">R\u00f4tisserie \/ Grill<div class=\"control__indicator\"><\/div><\/label><\/div><\/div><div id=\"filter311\" class=\"store-locator-col-12 single_filter\"><h5 class=\"collapsible-visit filtroa-itxita\">Typologie d&#039;entreprise<\/h5><div class=\"filtroa\" style=\"display: none;\"><label class=\"single_filter_checkbox control control--checkbox\"><input  name=\"filter311[]\" type=\"checkbox\" class=\"store_locator_filter_checkbox\" value=\"312\">Cave<div class=\"control__indicator\"><\/div><\/label><label class=\"single_filter_checkbox control control--checkbox\"><input  name=\"filter311[]\" type=\"checkbox\" class=\"store_locator_filter_checkbox\" value=\"313\">Centre d'interpr\u00e9tation<div class=\"control__indicator\"><\/div><\/label><label class=\"single_filter_checkbox control control--checkbox\"><input  name=\"filter311[]\" type=\"checkbox\" class=\"store_locator_filter_checkbox\" value=\"314\">Entreprise d\u2019activit\u00e9s<div class=\"control__indicator\"><\/div><\/label><label class=\"single_filter_checkbox control control--checkbox\"><input  name=\"filter311[]\" type=\"checkbox\" class=\"store_locator_filter_checkbox\" value=\"316\">Mus\u00e9e gastronomique<div class=\"control__indicator\"><\/div><\/label><label class=\"single_filter_checkbox control control--checkbox\"><input  name=\"filter311[]\" type=\"checkbox\" class=\"store_locator_filter_checkbox\" value=\"317\">Producteur \/ \u00c9laborateur<div class=\"control__indicator\"><\/div><\/label><\/div><\/div><div id=\"filter318\" class=\"store-locator-col-12 single_filter\"><h5 class=\"collapsible-visit filtroa-itxita\">Typologie de produit<\/h5><div class=\"filtroa\" style=\"display: none;\"><label class=\"single_filter_checkbox control control--checkbox\"><input  name=\"filter318[]\" type=\"checkbox\" class=\"store_locator_filter_checkbox\" value=\"322\">Bi\u00e8re<div class=\"control__indicator\"><\/div><\/label><label class=\"single_filter_checkbox control control--checkbox\"><input  name=\"filter318[]\" type=\"checkbox\" class=\"store_locator_filter_checkbox\" value=\"332\">Boulangerie P\u00e2tisserie<div class=\"control__indicator\"><\/div><\/label><label class=\"single_filter_checkbox control control--checkbox\"><input  name=\"filter318[]\" type=\"checkbox\" class=\"store_locator_filter_checkbox\" value=\"321\">C\u00e9r\u00e9ales et f\u00e9culents<div class=\"control__indicator\"><\/div><\/label><label class=\"single_filter_checkbox control control--checkbox\"><input  name=\"filter318[]\" type=\"checkbox\" class=\"store_locator_filter_checkbox\" value=\"325\">Charcuteries et p\u00e2t\u00e9s<div class=\"control__indicator\"><\/div><\/label><label class=\"single_filter_checkbox control control--checkbox\"><input  name=\"filter318[]\" type=\"checkbox\" class=\"store_locator_filter_checkbox\" value=\"323\">Chocolats<div class=\"control__indicator\"><\/div><\/label><label class=\"single_filter_checkbox control control--checkbox\"><input  name=\"filter318[]\" type=\"checkbox\" class=\"store_locator_filter_checkbox\" value=\"324\">Conserves<div class=\"control__indicator\"><\/div><\/label><label class=\"single_filter_checkbox control control--checkbox\"><input  name=\"filter318[]\" type=\"checkbox\" class=\"store_locator_filter_checkbox\" value=\"336\">Fromage<div class=\"control__indicator\"><\/div><\/label><label class=\"single_filter_checkbox control control--checkbox\"><input  name=\"filter318[]\" type=\"checkbox\" class=\"store_locator_filter_checkbox\" value=\"326\">Fruits et l\u00e9gumes<div class=\"control__indicator\"><\/div><\/label><label class=\"single_filter_checkbox control control--checkbox\"><input  name=\"filter318[]\" type=\"checkbox\" class=\"store_locator_filter_checkbox\" value=\"327\">Fruits secs<div class=\"control__indicator\"><\/div><\/label><label class=\"single_filter_checkbox control control--checkbox\"><input  name=\"filter318[]\" type=\"checkbox\" class=\"store_locator_filter_checkbox\" value=\"319\">Huile<div class=\"control__indicator\"><\/div><\/label><label class=\"single_filter_checkbox control control--checkbox\"><input  name=\"filter318[]\" type=\"checkbox\" class=\"store_locator_filter_checkbox\" value=\"330\">Miel<div class=\"control__indicator\"><\/div><\/label><label class=\"single_filter_checkbox control control--checkbox\"><input  name=\"filter318[]\" type=\"checkbox\" class=\"store_locator_filter_checkbox\" value=\"328\">\u0152ufs<div class=\"control__indicator\"><\/div><\/label><label class=\"single_filter_checkbox control control--checkbox\"><input  name=\"filter318[]\" type=\"checkbox\" class=\"store_locator_filter_checkbox\" value=\"331\">Pachar\u00e1n et produits distill\u00e9s<div class=\"control__indicator\"><\/div><\/label><label class=\"single_filter_checkbox control control--checkbox\"><input  name=\"filter318[]\" type=\"checkbox\" class=\"store_locator_filter_checkbox\" value=\"333\">Poisson<div class=\"control__indicator\"><\/div><\/label><label class=\"single_filter_checkbox control control--checkbox\"><input  name=\"filter318[]\" type=\"checkbox\" class=\"store_locator_filter_checkbox\" value=\"334\">Produits de P\u00e2tisserie<div class=\"control__indicator\"><\/div><\/label><label class=\"single_filter_checkbox control control--checkbox\"><input  name=\"filter318[]\" type=\"checkbox\" class=\"store_locator_filter_checkbox\" value=\"335\">Produits du canard<div class=\"control__indicator\"><\/div><\/label><label class=\"single_filter_checkbox control control--checkbox\"><input  name=\"filter318[]\" type=\"checkbox\" class=\"store_locator_filter_checkbox\" value=\"329\">Produits laitiers (lait, yaourt, cuajada, glace)<div class=\"control__indicator\"><\/div><\/label><label class=\"single_filter_checkbox control control--checkbox\"><input  name=\"filter318[]\" type=\"checkbox\" class=\"store_locator_filter_checkbox\" value=\"320\">Viande<div class=\"control__indicator\"><\/div><\/label><label class=\"single_filter_checkbox control control--checkbox\"><input  name=\"filter318[]\" type=\"checkbox\" class=\"store_locator_filter_checkbox\" value=\"337\">Vin<div class=\"control__indicator\"><\/div><\/label><\/div><\/div>            <\/div>        <\/div>        <script>        var coll = document.getElementsByClassName(\"collapsible-visit\");        var i;        for (i = 0; i < coll.length; i++) {          coll[i].addEventListener(\"click\", function() {            this.classList.toggle(\"active\");            var content = this.nextElementSibling;            if (content.style.display === \"block\") {              content.style.display = \"none\";              this.classList.remove('filtroa-irekita');              this.classList.add(\"filtroa-itxita\");            } else {              content.style.display = \"block\";              this.classList.remove('filtroa-itxita');              this.classList.add(\"filtroa-irekita\");            }          });        }        <\/script>                                                        <div class=\"store-locator-row bilaketa-botoia\">                    <div class=\"store-locator-col-12 store-locator-col-sm-12\">                        <button id=\"store_locator_find_stores_button\" type=\"submit\" class=\"store_locator_find_stores_button btn button et_pb_button btn-primary btn-lg\">Rechercher                        <\/button>                    <\/div>                <\/div>            <\/div>        <\/form>        [\/vc_column_text][\/vc_column][vc_column column_padding=&#8221;no-extra-padding&#8221; column_padding_tablet=&#8221;inherit&#8221; column_padding_phone=&#8221;inherit&#8221; column_padding_position=&#8221;all&#8221; column_element_spacing=&#8221;default&#8221; background_color_opacity=&#8221;1&#8243; background_hover_color_opacity=&#8221;1&#8243; column_shadow=&#8221;none&#8221; column_border_radius=&#8221;none&#8221; column_link_target=&#8221;_self&#8221; gradient_direction=&#8221;left_to_right&#8221; overlay_strength=&#8221;0.3&#8243; width=&#8221;3\/4&#8243; tablet_width_inherit=&#8221;default&#8221; tablet_text_alignment=&#8221;default&#8221; phone_text_alignment=&#8221;default&#8221; bg_image_animation=&#8221;none&#8221; border_type=&#8221;simple&#8221; column_border_width=&#8221;none&#8221; column_border_style=&#8221;solid&#8221;][vc_column_text]<div class=\"wordpress-store-locator-list-container\"><h2 class=\"wordpress-store-locator-list-title\">LA RIOJA<\/h2><div class=\"wordpress-store-locator-list-content\"><p>Choisissez un \u00e9tablissement<\/p>\n<\/div><script src=\"https:\/\/unpkg.com\/@googlemaps\/markerclusterer\/dist\/index.min.js\"><\/script>\n<div class=\"store-locator-row\">\n    <div id=\"visitMap\" class=\"store-locator-col-12\"><\/div>\n<\/div>\n\n<script>\n    function initMapa() {\n      const myLatLng = { lat: 42.81687, lng: -1.64323 };\n      \/\/ const myLatLng = { lat: -25.363, lng: 131.044 };\n      const map = new google.maps.Map(document.getElementById(\"visitMap\"), {\n        zoom: 8,\n        mapTypeControl: false,\n        center: myLatLng,\n      });\n      const markers = [];marker0 = new google.maps.Marker({position: {lat: 42.17104907114372, lng: -1.7787211539618641},map,title: \"Almazara Ecol\u00f3gica de La Rioja\",});\n    markers.push(marker0);\n    const infowindow0 = new google.maps.InfoWindow({\n        content: `<div id=\"store_locator_infowindow_34493\" class=\"store_locator_infowindow\"><div class=\"store-locator-col-sm-12 store_locator_details\"><h3 class=\"store_locator_name\"><a href=\"https:\/\/www.visitgastroh.com\/fr\/store\/almazara-ecologica-de-la-rioja\/\">Almazara Ecol\u00f3gica de La Rioja<\/a><\/h3><p><a href=\"https:\/\/www.visitgastroh.com\/fr\/store\/almazara-ecologica-de-la-rioja\/\"><img loading=\"lazy\" decoding=\"async\" width=\"1200\" height=\"800\" src=\"https:\/\/www.visitgastroh.com\/wp-content\/uploads\/2022\/03\/2015-01.jpg\" class=\"attachment-post-thumbnail size-post-thumbnail wp-post-image\" alt=\"\" srcset=\"https:\/\/www.visitgastroh.com\/wp-content\/uploads\/2022\/03\/2015-01.jpg 1200w, https:\/\/www.visitgastroh.com\/wp-content\/uploads\/2022\/03\/2015-01-300x200.jpg 300w, https:\/\/www.visitgastroh.com\/wp-content\/uploads\/2022\/03\/2015-01-1024x683.jpg 1024w, https:\/\/www.visitgastroh.com\/wp-content\/uploads\/2022\/03\/2015-01-768x512.jpg 768w, https:\/\/www.visitgastroh.com\/wp-content\/uploads\/2022\/03\/2015-01-900x600.jpg 900w\" sizes=\"auto, (max-width: 1200px) 100vw, 1200px\" \/><\/a><\/p><p class=\"store_locator_excerpt\">ALMAZARA ECOL\u00d3GICA DE LA RIOJA (ALFARO) ISUL notre huile d&#8217;olive extra vierge biologique est le fruit de notre domaine El Cascajo, une oliveraie plant\u00e9e sur un domaine agricole au sol...<\/p><p class=\"store_locator_address\"><span class=\"store_locator_street\">Carretera de Gr\u00e1valos Km 19<br\/><\/span> <span class=\"store_locator_zip\">26540<\/span> <span class=\"store_locator_city\">Alfaro<br\/><\/span> <span class=\"store_locator_region\">La Rioja<\/span> <\/p><p class=\"store_locator_contact\"><span class=\"store_locator_tel\">Tel.: <a href=\"tel:+34687746698\">+34687746698<\/a><br\/><\/span><span class=\"store_locator_email\">Email: <a href=\"mailto:isul@isul.es\">isul@isul.es<\/a><br\/><\/span><span class=\"store_locator_mobile\">Mobile: <a href=\"tel:+34600871792\">+34600871792<\/a><br\/><\/span><span class=\"store_locator_website\">Website: <a href=\"https:\/\/isul.es\/\">https:\/\/isul.es\/<\/a><br\/><\/span><\/p><\/div>`,\n      });\n\n    marker0.addListener(\"click\", () => {\n        infowindow0.open({\n          anchor: marker0,\n          map,\n          shouldFocus: false,\n        });\n    });marker1 = new google.maps.Marker({position: {lat: 42.17108087759429, lng: -1.778892815342882},map,title: \"Almazara Ecol\u00f3gica de la Rioja\",});\n    markers.push(marker1);\n    const infowindow1 = new google.maps.InfoWindow({\n        content: `<div id=\"store_locator_infowindow_34547\" class=\"store_locator_infowindow\"><div class=\"store-locator-col-sm-12 store_locator_details\"><h3 class=\"store_locator_name\"><a href=\"https:\/\/www.visitgastroh.com\/fr\/store\/almazara-ecologica-de-la-rioja-2\/\">Almazara Ecol\u00f3gica de la Rioja<\/a><\/h3><p><a href=\"https:\/\/www.visitgastroh.com\/fr\/store\/almazara-ecologica-de-la-rioja-2\/\"><img loading=\"lazy\" decoding=\"async\" width=\"1200\" height=\"800\" src=\"https:\/\/www.visitgastroh.com\/wp-content\/uploads\/2022\/03\/2015-01.jpg\" class=\"attachment-post-thumbnail size-post-thumbnail wp-post-image\" alt=\"\" srcset=\"https:\/\/www.visitgastroh.com\/wp-content\/uploads\/2022\/03\/2015-01.jpg 1200w, https:\/\/www.visitgastroh.com\/wp-content\/uploads\/2022\/03\/2015-01-300x200.jpg 300w, https:\/\/www.visitgastroh.com\/wp-content\/uploads\/2022\/03\/2015-01-1024x683.jpg 1024w, https:\/\/www.visitgastroh.com\/wp-content\/uploads\/2022\/03\/2015-01-768x512.jpg 768w, https:\/\/www.visitgastroh.com\/wp-content\/uploads\/2022\/03\/2015-01-900x600.jpg 900w\" sizes=\"auto, (max-width: 1200px) 100vw, 1200px\" \/><\/a><\/p><p class=\"store_locator_excerpt\">ALMAZARA ECOL\u00d3GICA DE LA RIOJA (ALFARO) ISUL notre huile d&#8217;olive extra vierge biologique est le fruit de notre domaine El Cascajo, une oliveraie plant\u00e9e sur un domaine agricole au sol...<\/p><p class=\"store_locator_address\"><span class=\"store_locator_street\">Carretera de Gr\u00e1valos Km 19<br\/><\/span> <span class=\"store_locator_zip\">26540<\/span> <span class=\"store_locator_city\">Alfaro<br\/><\/span> <span class=\"store_locator_region\">La Rioja<\/span> <\/p><p class=\"store_locator_contact\"><span class=\"store_locator_tel\">Tel.: <a href=\"tel:+34687746698\">+34687746698<\/a><br\/><\/span><span class=\"store_locator_email\">Email: <a href=\"mailto:isul@isul.es\">isul@isul.es<\/a><br\/><\/span><span class=\"store_locator_mobile\">Mobile: <a href=\"tel:600 871 792\">600 871 792<\/a><br\/><\/span><span class=\"store_locator_website\">Website: <a href=\"https:\/\/isul.es\/\">https:\/\/isul.es\/<\/a><br\/><\/span><\/p><\/div>`,\n      });\n\n    marker1.addListener(\"click\", () => {\n        infowindow1.open({\n          anchor: marker1,\n          map,\n          shouldFocus: false,\n        });\n    });marker2 = new google.maps.Marker({position: {lat: 42.2610617, lng: -2.7651134},map,title: \"Alubia de Anguiano\",});\n    markers.push(marker2);\n    const infowindow2 = new google.maps.InfoWindow({\n        content: `<div id=\"store_locator_infowindow_34545\" class=\"store_locator_infowindow\"><div class=\"store-locator-col-sm-12 store_locator_details\"><h3 class=\"store_locator_name\"><a href=\"https:\/\/www.visitgastroh.com\/fr\/store\/alubia-de-anguiano\/\">Alubia de Anguiano<\/a><\/h3><p><a href=\"https:\/\/www.visitgastroh.com\/fr\/store\/alubia-de-anguiano\/\"><img loading=\"lazy\" decoding=\"async\" width=\"1200\" height=\"798\" src=\"https:\/\/www.visitgastroh.com\/wp-content\/uploads\/2022\/03\/caparrones-de-anguiano.jpg\" class=\"attachment-post-thumbnail size-post-thumbnail wp-post-image\" alt=\"\" srcset=\"https:\/\/www.visitgastroh.com\/wp-content\/uploads\/2022\/03\/caparrones-de-anguiano.jpg 1200w, https:\/\/www.visitgastroh.com\/wp-content\/uploads\/2022\/03\/caparrones-de-anguiano-300x200.jpg 300w, https:\/\/www.visitgastroh.com\/wp-content\/uploads\/2022\/03\/caparrones-de-anguiano-1024x681.jpg 1024w, https:\/\/www.visitgastroh.com\/wp-content\/uploads\/2022\/03\/caparrones-de-anguiano-768x511.jpg 768w, https:\/\/www.visitgastroh.com\/wp-content\/uploads\/2022\/03\/caparrones-de-anguiano-900x600.jpg 900w\" sizes=\"auto, (max-width: 1200px) 100vw, 1200px\" \/><\/a><\/p><p class=\"store_locator_excerpt\">ALUBIA DE ANGUIANO (ANGUIANO) Le haricot d&#8217;Anguiano est une caract\u00e9ristique non seulement de la ville d&#8217;Anguiano, mais de toute la Rioja. C&#8217;est un grain diff\u00e9rent des autres, de taille plus...<\/p><p class=\"store_locator_address\"><span class=\"store_locator_street\">Calle Plaza Mayor n\u00ba5<br\/><\/span> <span class=\"store_locator_zip\">26322<\/span> <span class=\"store_locator_city\">Anguiano<br\/><\/span> <span class=\"store_locator_region\">La Rioja<\/span> <\/p><p class=\"store_locator_contact\"><span class=\"store_locator_tel\">Tel.: <a href=\"tel:+34941545109\">+34941545109<\/a><br\/><\/span><span class=\"store_locator_email\">Email: <a href=\"mailto:info@alubiadeanguiano.com\">info@alubiadeanguiano.com<\/a><br\/><\/span><span class=\"store_locator_mobile\">Mobile: <a href=\"tel:+34657852738\">+34657852738<\/a><br\/><\/span><span class=\"store_locator_website\">Website: <a href=\"https:\/\/alubiadeanguiano.com\/\">https:\/\/alubiadeanguiano.com\/<\/a><br\/><\/span><\/p><\/div>`,\n      });\n\n    marker2.addListener(\"click\", () => {\n        infowindow2.open({\n          anchor: marker2,\n          map,\n          shouldFocus: false,\n        });\n    });marker3 = new google.maps.Marker({position: {lat: 42.3252841, lng: -3.0148706},map,title: \"Apartamentos Ezcaray\",});\n    markers.push(marker3);\n    const infowindow3 = new google.maps.InfoWindow({\n        content: `<div id=\"store_locator_infowindow_35084\" class=\"store_locator_infowindow\"><div class=\"store-locator-col-sm-12 store_locator_details\"><h3 class=\"store_locator_name\"><a href=\"https:\/\/www.visitgastroh.com\/fr\/store\/apartamentos-ezcaray\/\">Apartamentos Ezcaray<\/a><\/h3><p><a href=\"https:\/\/www.visitgastroh.com\/fr\/store\/apartamentos-ezcaray\/\"><img loading=\"lazy\" decoding=\"async\" width=\"700\" height=\"462\" src=\"https:\/\/www.visitgastroh.com\/wp-content\/uploads\/2022\/04\/apartamentos-ezcaray-fachada.jpg\" class=\"attachment-post-thumbnail size-post-thumbnail wp-post-image\" alt=\"\" srcset=\"https:\/\/www.visitgastroh.com\/wp-content\/uploads\/2022\/04\/apartamentos-ezcaray-fachada.jpg 700w, https:\/\/www.visitgastroh.com\/wp-content\/uploads\/2022\/04\/apartamentos-ezcaray-fachada-300x198.jpg 300w\" sizes=\"auto, (max-width: 700px) 100vw, 700px\" \/><\/a><\/p><p class=\"store_locator_excerpt\">Appartements EZCARAY (EZCARAY) Apartamentos Tur\u00edsticos Ezcaray est un bel ensemble d&#8217;appartements touristiques, d\u00e9di\u00e9 au tourisme rural \u00e0 La Rioja. Immeuble moderne \u00e0 l&#8217;architecture traditionnelle et \u00e0 la d\u00e9coration int\u00e9rieure soign\u00e9e....<\/p><p class=\"store_locator_address\"><span class=\"store_locator_street\">Calle Del Fuero n\u00ba7<br\/><\/span> <span class=\"store_locator_zip\">26280 <\/span> <span class=\"store_locator_city\">Ezcaray<br\/><\/span> <span class=\"store_locator_region\">La Rioja<\/span> <\/p><p class=\"store_locator_contact\"><span class=\"store_locator_tel\">Tel.: <a href=\"tel:+34618708585\">+34618708585<\/a><br\/><\/span><span class=\"store_locator_email\">Email: <a href=\"mailto:info@apartamentosezcaray.com\">info@apartamentosezcaray.com<\/a><br\/><\/span><span class=\"store_locator_website\">Website: <a href=\"https:\/\/www.apartamentosezcaray.com\/\">https:\/\/www.apartamentosezcaray.com\/<\/a><br\/><\/span><\/p><\/div>`,\n      });\n\n    marker3.addListener(\"click\", () => {\n        infowindow3.open({\n          anchor: marker3,\n          map,\n          shouldFocus: false,\n        });\n    });marker4 = new google.maps.Marker({position: {lat: 42.46549345273086, lng: -2.448640309856407},map,title: \"Bar restaurant El Muro\",});\n    markers.push(marker4);\n    const infowindow4 = new google.maps.InfoWindow({\n        content: `<div id=\"store_locator_infowindow_28615\" class=\"store_locator_infowindow\"><div class=\"store-locator-col-sm-12 store_locator_details\"><h3 class=\"store_locator_name\"><a href=\"https:\/\/www.visitgastroh.com\/fr\/store\/bar-restaurant-el-muro\/\">Bar restaurant El Muro<\/a><\/h3><p><a href=\"https:\/\/www.visitgastroh.com\/fr\/store\/bar-restaurant-el-muro\/\"><img loading=\"lazy\" decoding=\"async\" width=\"2560\" height=\"1183\" src=\"https:\/\/www.visitgastroh.com\/wp-content\/uploads\/2022\/02\/6744D23C-F4AD-432C-ADA6-B58222E12D00-scaled.jpeg\" class=\"attachment-post-thumbnail size-post-thumbnail wp-post-image\" alt=\"\" srcset=\"https:\/\/www.visitgastroh.com\/wp-content\/uploads\/2022\/02\/6744D23C-F4AD-432C-ADA6-B58222E12D00-scaled.jpeg 2560w, https:\/\/www.visitgastroh.com\/wp-content\/uploads\/2022\/02\/6744D23C-F4AD-432C-ADA6-B58222E12D00-300x139.jpeg 300w, https:\/\/www.visitgastroh.com\/wp-content\/uploads\/2022\/02\/6744D23C-F4AD-432C-ADA6-B58222E12D00-1024x473.jpeg 1024w, https:\/\/www.visitgastroh.com\/wp-content\/uploads\/2022\/02\/6744D23C-F4AD-432C-ADA6-B58222E12D00-768x355.jpeg 768w, https:\/\/www.visitgastroh.com\/wp-content\/uploads\/2022\/02\/6744D23C-F4AD-432C-ADA6-B58222E12D00-1536x710.jpeg 1536w, https:\/\/www.visitgastroh.com\/wp-content\/uploads\/2022\/02\/6744D23C-F4AD-432C-ADA6-B58222E12D00-2048x946.jpeg 2048w\" sizes=\"auto, (max-width: 2560px) 100vw, 2560px\" \/><\/a><\/p><p class=\"store_locator_excerpt\">LE MUR Bar Restaurant (LOGRONO) Cuisine typique de la Rioja, cuisine du march\u00e9, produits kmO, excellents vins de la Rioja<\/p><p class=\"store_locator_address\"><span class=\"store_locator_street\">27 rue Laurier<br\/><\/span> <span class=\"store_locator_zip\">26001<\/span> <span class=\"store_locator_city\">Logro\u00f1o <br\/><\/span> <span class=\"store_locator_region\">La Rioja <\/span> <\/p><p class=\"store_locator_contact\"><span class=\"store_locator_tel\">Tel.: <a href=\"tel:+34 941206488\">+34 941206488<\/a><br\/><\/span><span class=\"store_locator_email\">Email: <a href=\"mailto:adolfosaenzlalaurel@gmail.com\">adolfosaenzlalaurel@gmail.com<\/a><br\/><\/span><span class=\"store_locator_mobile\">Mobile: <a href=\"tel:+34 657815169\">+34 657815169<\/a><br\/><\/span><\/p><\/div>`,\n      });\n\n    marker4.addListener(\"click\", () => {\n        infowindow4.open({\n          anchor: marker4,\n          map,\n          shouldFocus: false,\n        });\n    });marker5 = new google.maps.Marker({position: {lat: 42.2245205, lng: -2.1085533},map,title: \"Bar Restaurant Gastronomique\",});\n    markers.push(marker5);\n    const infowindow5 = new google.maps.InfoWindow({\n        content: `<div id=\"store_locator_infowindow_41181\" class=\"store_locator_infowindow\"><div class=\"store-locator-col-sm-12 store_locator_details\"><h3 class=\"store_locator_name\"><a href=\"https:\/\/www.visitgastroh.com\/fr\/store\/bar-restaurant-gastronomique\/\">Bar Restaurant Gastronomique<\/a><\/h3><p><a href=\"https:\/\/www.visitgastroh.com\/fr\/store\/bar-restaurant-gastronomique\/\"><img loading=\"lazy\" decoding=\"async\" width=\"1024\" height=\"441\" src=\"https:\/\/www.visitgastroh.com\/wp-content\/uploads\/2022\/05\/bar_gastro_restaurante_4-1-1024x441-1.jpg\" class=\"attachment-post-thumbnail size-post-thumbnail wp-post-image\" alt=\"\" srcset=\"https:\/\/www.visitgastroh.com\/wp-content\/uploads\/2022\/05\/bar_gastro_restaurante_4-1-1024x441-1.jpg 1024w, https:\/\/www.visitgastroh.com\/wp-content\/uploads\/2022\/05\/bar_gastro_restaurante_4-1-1024x441-1-300x129.jpg 300w, https:\/\/www.visitgastroh.com\/wp-content\/uploads\/2022\/05\/bar_gastro_restaurante_4-1-1024x441-1-768x331.jpg 768w\" sizes=\"auto, (max-width: 1024px) 100vw, 1024px\" \/><\/a><\/p><p class=\"store_locator_excerpt\">GASTRO Bar Restaurant (ARN\u00c9DO) Un lieu \u00e0 l&#8217;\u00e9clairage chaleureux et \u00e0 la d\u00e9coration neutre alli\u00e9e \u00e0 des touches de couleur. Bien que ce qui donne vraiment de la couleur \u00e0...<\/p><p class=\"store_locator_address\"><span class=\"store_locator_street\">Marche de la Constitution, 97.<br\/><\/span> <span class=\"store_locator_zip\">26580<\/span> <span class=\"store_locator_city\">Arnedo<br\/><\/span> <span class=\"store_locator_region\">La Rioja<\/span> <\/p><p class=\"store_locator_contact\"><span class=\"store_locator_tel\">Tel.: <a href=\"tel:+34 941 380 100\">+34 941 380 100<\/a><br\/><\/span><span class=\"store_locator_email\">Email: <a href=\"mailto:info@victoriarestauracion.es\">info@victoriarestauracion.es<\/a><br\/><\/span><span class=\"store_locator_website\">Website: <a href=\"https:\/\/victoriarestauracion.es\/bar-gastro-restaurante\/\">https:\/\/victoriarestauracion.es\/bar-gastro-restaurante\/<\/a><br\/><\/span><\/p><\/div>`,\n      });\n\n    marker5.addListener(\"click\", () => {\n        infowindow5.open({\n          anchor: marker5,\n          map,\n          shouldFocus: false,\n        });\n    });marker6 = new google.maps.Marker({position: {lat: 42.21277601712012, lng: -2.2367520948287956},map,title: \"BAR RESTAURANT LA PISTE\",});\n    markers.push(marker6);\n    const infowindow6 = new google.maps.InfoWindow({\n        content: `<div id=\"store_locator_infowindow_28624\" class=\"store_locator_infowindow\"><div class=\"store-locator-col-sm-12 store_locator_details\"><h3 class=\"store_locator_name\"><a href=\"https:\/\/www.visitgastroh.com\/fr\/store\/bar-restaurant-la-piste\/\">BAR RESTAURANT LA PISTE<\/a><\/h3><p><a href=\"https:\/\/www.visitgastroh.com\/fr\/store\/bar-restaurant-la-piste\/\"><img loading=\"lazy\" decoding=\"async\" width=\"2560\" height=\"1601\" src=\"https:\/\/www.visitgastroh.com\/wp-content\/uploads\/2022\/03\/LA-PISTA-1-scaled.jpg\" class=\"attachment-post-thumbnail size-post-thumbnail wp-post-image\" alt=\"\" srcset=\"https:\/\/www.visitgastroh.com\/wp-content\/uploads\/2022\/03\/LA-PISTA-1-scaled.jpg 2560w, https:\/\/www.visitgastroh.com\/wp-content\/uploads\/2022\/03\/LA-PISTA-1-300x188.jpg 300w, https:\/\/www.visitgastroh.com\/wp-content\/uploads\/2022\/03\/LA-PISTA-1-1024x640.jpg 1024w, https:\/\/www.visitgastroh.com\/wp-content\/uploads\/2022\/03\/LA-PISTA-1-768x480.jpg 768w, https:\/\/www.visitgastroh.com\/wp-content\/uploads\/2022\/03\/LA-PISTA-1-1536x960.jpg 1536w, https:\/\/www.visitgastroh.com\/wp-content\/uploads\/2022\/03\/LA-PISTA-1-2048x1281.jpg 2048w\" sizes=\"auto, (max-width: 2560px) 100vw, 2560px\" \/><\/a><\/p><p class=\"store_locator_excerpt\">LA PISTE Bar Restaurant (GICULEUR) Le Restaurante Bar La Pista est le r\u00e9sultat d&#8217;une aventure familiale qui a commenc\u00e9 \u00e0 Arnedillo dans les ann\u00e9es 90, pariant sur le meilleur de...<\/p><p class=\"store_locator_address\"><span class=\"store_locator_street\">Avenue Cidacos n \u00b0 32<br\/><\/span> <span class=\"store_locator_zip\">26589<\/span> <span class=\"store_locator_city\">Arnedillo<br\/><\/span> <span class=\"store_locator_region\">La Rioja<\/span> <\/p><p class=\"store_locator_contact\"><span class=\"store_locator_tel\">Tel.: <a href=\"tel:+34 941 394 247\">+34 941 394 247<\/a><br\/><\/span><span class=\"store_locator_email\">Email: <a href=\"mailto:restaurantbarlapista@gmail.com\">restaurantbarlapista@gmail.com<\/a><br\/><\/span><span class=\"store_locator_mobile\">Mobile: <a href=\"tel:+34 666 315 278\">+34 666 315 278<\/a><br\/><\/span><span class=\"store_locator_website\">Website: <a href=\"https:\/\/restaurantelapista.business.site\/\">https:\/\/restaurantelapista.business.site\/<\/a><br\/><\/span><\/p><\/div>`,\n      });\n\n    marker6.addListener(\"click\", () => {\n        infowindow6.open({\n          anchor: marker6,\n          map,\n          shouldFocus: false,\n        });\n    });marker7 = new google.maps.Marker({position: {lat: 42.56324836840112, lng: -2.7582871190490788},map,title: \"Bodega Teodoro Ruiz Monge\",});\n    markers.push(marker7);\n    const infowindow7 = new google.maps.InfoWindow({\n        content: `<div id=\"store_locator_infowindow_28604\" class=\"store_locator_infowindow\"><div class=\"store-locator-col-sm-12 store_locator_details\"><h3 class=\"store_locator_name\"><a href=\"https:\/\/www.visitgastroh.com\/fr\/store\/domaine-viticole-teodoro-ruiz-monge\/\">Bodega Teodoro Ruiz Monge<\/a><\/h3><p><a href=\"https:\/\/www.visitgastroh.com\/fr\/store\/domaine-viticole-teodoro-ruiz-monge\/\"><img loading=\"lazy\" decoding=\"async\" width=\"1600\" height=\"1066\" src=\"https:\/\/www.visitgastroh.com\/wp-content\/uploads\/2022\/03\/img-20201012-wa0028.jpg\" class=\"attachment-post-thumbnail size-post-thumbnail wp-post-image\" alt=\"\" srcset=\"https:\/\/www.visitgastroh.com\/wp-content\/uploads\/2022\/03\/img-20201012-wa0028.jpg 1600w, https:\/\/www.visitgastroh.com\/wp-content\/uploads\/2022\/03\/img-20201012-wa0028-300x200.jpg 300w, https:\/\/www.visitgastroh.com\/wp-content\/uploads\/2022\/03\/img-20201012-wa0028-1024x682.jpg 1024w, https:\/\/www.visitgastroh.com\/wp-content\/uploads\/2022\/03\/img-20201012-wa0028-768x512.jpg 768w, https:\/\/www.visitgastroh.com\/wp-content\/uploads\/2022\/03\/img-20201012-wa0028-1536x1023.jpg 1536w, https:\/\/www.visitgastroh.com\/wp-content\/uploads\/2022\/03\/img-20201012-wa0028-900x600.jpg 900w\" sizes=\"auto, (max-width: 1600px) 100vw, 1600px\" \/><\/a><\/p><p class=\"store_locator_excerpt\">BODEGA TEODORO RUIZ MONGE (SAN VICENTE DE LA SONSIERRA) Cave familiale au coeur de San Vicente de la Sonsierra. Nous r\u00e9alisons des exp\u00e9riences dans lesquelles Jos\u00e9 Luis Ruiz (agriculteur, vigneron)...<\/p><p class=\"store_locator_address\"><span class=\"store_locator_street\">Calle Primera Travers\u00e9e de San Roque n\u00ba9<br\/><\/span> <span class=\"store_locator_zip\">26338<\/span> <span class=\"store_locator_city\">Saint Vincent de la Sonsierra <br\/><\/span> <span class=\"store_locator_region\">La Rioja<\/span> <\/p><p class=\"store_locator_contact\"><span class=\"store_locator_tel\">Tel.: <a href=\"tel:+34 669136144\">+34 669136144<\/a><br\/><\/span><span class=\"store_locator_email\">Email: <a href=\"mailto:itu@bodegateodororuizmonge.com\">itu@bodegateodororuizmonge.com<\/a><br\/><\/span><span class=\"store_locator_website\">Website: <a href=\"https:\/\/www.bodegateodororuizmonge.com\/\">https:\/\/www.bodegateodororuizmonge.com\/<\/a><br\/><\/span><\/p><\/div>`,\n      });\n\n    marker7.addListener(\"click\", () => {\n        infowindow7.open({\n          anchor: marker7,\n          map,\n          shouldFocus: false,\n        });\n    });marker8 = new google.maps.Marker({position: {lat: 42.57096729594464, lng: -2.7598789049976302},map,title: \"BODEGAS RAM\u00cdREZ DE LA PISCINA\",});\n    markers.push(marker8);\n    const infowindow8 = new google.maps.InfoWindow({\n        content: `<div id=\"store_locator_infowindow_38726\" class=\"store_locator_infowindow\"><div class=\"store-locator-col-sm-12 store_locator_details\"><h3 class=\"store_locator_name\"><a href=\"https:\/\/www.visitgastroh.com\/fr\/store\/bodegas-ramirez-de-la-piscina\/\">BODEGAS RAM\u00cdREZ DE LA PISCINA<\/a><\/h3><p><a href=\"https:\/\/www.visitgastroh.com\/fr\/store\/bodegas-ramirez-de-la-piscina\/\"><img loading=\"lazy\" decoding=\"async\" width=\"2048\" height=\"1117\" src=\"https:\/\/www.visitgastroh.com\/wp-content\/uploads\/2022\/02\/bodegas-ramirez-piscina-edificio.jpg\" class=\"attachment-post-thumbnail size-post-thumbnail wp-post-image\" alt=\"\" srcset=\"https:\/\/www.visitgastroh.com\/wp-content\/uploads\/2022\/02\/bodegas-ramirez-piscina-edificio.jpg 2048w, https:\/\/www.visitgastroh.com\/wp-content\/uploads\/2022\/02\/bodegas-ramirez-piscina-edificio-300x164.jpg 300w, https:\/\/www.visitgastroh.com\/wp-content\/uploads\/2022\/02\/bodegas-ramirez-piscina-edificio-1024x559.jpg 1024w, https:\/\/www.visitgastroh.com\/wp-content\/uploads\/2022\/02\/bodegas-ramirez-piscina-edificio-768x419.jpg 768w, https:\/\/www.visitgastroh.com\/wp-content\/uploads\/2022\/02\/bodegas-ramirez-piscina-edificio-1536x838.jpg 1536w\" sizes=\"auto, (max-width: 2048px) 100vw, 2048px\" \/><\/a><\/p><p class=\"store_locator_excerpt\">BODEGAS RAM\u00cdREZ DE LA PISCINA (SAN VICENTE DE LA SONSIERRA) Visite guid\u00e9e de la cave, montrant comment faire et vieillir nos vins, partageant nos exp\u00e9riences pass\u00e9es et pr\u00e9sentes avec le...<\/p><p class=\"store_locator_address\"><span class=\"store_locator_street\">Carretera Vitoria-Laguardia, S\/N<br\/><\/span> <span class=\"store_locator_zip\">26338 <\/span> <span class=\"store_locator_city\">San Vicente de la Sonsierra<br\/><\/span> <span class=\"store_locator_region\">La Rioja<\/span> <\/p><p class=\"store_locator_contact\"><span class=\"store_locator_tel\">Tel.: <a href=\"tel:+34 941 334 505\">+34 941 334 505<\/a><br\/><\/span><span class=\"store_locator_email\">Email: <a href=\"mailto:info@ramirezdelapiscina.com\">info@ramirezdelapiscina.com<\/a><br\/><\/span><span class=\"store_locator_mobile\">Mobile: <a href=\"tel:+34 616 917 943\">+34 616 917 943<\/a><br\/><\/span><span class=\"store_locator_website\">Website: <a href=\"www.ramirezdelapiscina.com\">www.ramirezdelapiscina.com<\/a><br\/><\/span><\/p><\/div>`,\n      });\n\n    marker8.addListener(\"click\", () => {\n        infowindow8.open({\n          anchor: marker8,\n          map,\n          shouldFocus: false,\n        });\n    });marker9 = new google.maps.Marker({position: {lat: 42.17510015528479, lng: -1.771036487249753},map,title: \"BODEGAS Y VI\u00d1EDOS ILURCE\",});\n    markers.push(marker9);\n    const infowindow9 = new google.maps.InfoWindow({\n        content: `<div id=\"store_locator_infowindow_38665\" class=\"store_locator_infowindow\"><div class=\"store-locator-col-sm-12 store_locator_details\"><h3 class=\"store_locator_name\"><a href=\"https:\/\/www.visitgastroh.com\/fr\/store\/bodegas-y-vinedos-ilurce\/\">BODEGAS Y VI\u00d1EDOS ILURCE<\/a><\/h3><p><a href=\"https:\/\/www.visitgastroh.com\/fr\/store\/bodegas-y-vinedos-ilurce\/\"><img loading=\"lazy\" decoding=\"async\" width=\"1800\" height=\"1200\" src=\"https:\/\/www.visitgastroh.com\/wp-content\/uploads\/2022\/05\/Bd_MG_8970_web-Portada.jpg\" class=\"attachment-post-thumbnail size-post-thumbnail wp-post-image\" alt=\"\" srcset=\"https:\/\/www.visitgastroh.com\/wp-content\/uploads\/2022\/05\/Bd_MG_8970_web-Portada.jpg 1800w, https:\/\/www.visitgastroh.com\/wp-content\/uploads\/2022\/05\/Bd_MG_8970_web-Portada-300x200.jpg 300w, https:\/\/www.visitgastroh.com\/wp-content\/uploads\/2022\/05\/Bd_MG_8970_web-Portada-1024x683.jpg 1024w, https:\/\/www.visitgastroh.com\/wp-content\/uploads\/2022\/05\/Bd_MG_8970_web-Portada-768x512.jpg 768w, https:\/\/www.visitgastroh.com\/wp-content\/uploads\/2022\/05\/Bd_MG_8970_web-Portada-1536x1024.jpg 1536w, https:\/\/www.visitgastroh.com\/wp-content\/uploads\/2022\/05\/Bd_MG_8970_web-Portada-900x600.jpg 900w\" sizes=\"auto, (max-width: 1800px) 100vw, 1800px\" \/><\/a><\/p><p class=\"store_locator_excerpt\">BODEGAS Y VI\u00d1EDOS ILURCE (ALFARO) Bodegas y Vi\u00f1edos Ilurce est une cave cr\u00e9\u00e9e en 1940, au sein de la DO Ca. Rioja qui est situ\u00e9e dans la partie orientale de...<\/p><p class=\"store_locator_address\"><span class=\"store_locator_street\">Carretera Alfaro \u2013 Gr\u00e1valos, Km. 23<br\/><\/span> <span class=\"store_locator_zip\">26540<\/span> <span class=\"store_locator_city\">Alfaro<br\/><\/span> <span class=\"store_locator_region\">La Rioja<\/span> <\/p><p class=\"store_locator_contact\"><span class=\"store_locator_tel\">Tel.: <a href=\"tel:+34 941 180 829\">+34 941 180 829<\/a><br\/><\/span><span class=\"store_locator_email\">Email: <a href=\"mailto:info@ilurce.com\">info@ilurce.com<\/a><br\/><\/span><span class=\"store_locator_mobile\">Mobile: <a href=\"tel:+34 647 922 710\">+34 647 922 710<\/a><br\/><\/span><span class=\"store_locator_website\">Website: <a href=\"https:\/\/www.ilurce.com\/\">https:\/\/www.ilurce.com\/<\/a><br\/><\/span><\/p><\/div>`,\n      });\n\n    marker9.addListener(\"click\", () => {\n        infowindow9.open({\n          anchor: marker9,\n          map,\n          shouldFocus: false,\n        });\n    });marker10 = new google.maps.Marker({position: {lat: 42.43935144504679, lng: -2.954341394898219},map,title: \"Boulangerie Isasi\",});\n    markers.push(marker10);\n    const infowindow10 = new google.maps.InfoWindow({\n        content: `<div id=\"store_locator_infowindow_28613\" class=\"store_locator_infowindow\"><div class=\"store-locator-col-sm-12 store_locator_details\"><h3 class=\"store_locator_name\"><a href=\"https:\/\/www.visitgastroh.com\/fr\/store\/boulangerie-isasi\/\">Boulangerie Isasi<\/a><\/h3><p><a href=\"https:\/\/www.visitgastroh.com\/fr\/store\/boulangerie-isasi\/\"><img loading=\"lazy\" decoding=\"async\" width=\"1600\" height=\"859\" src=\"https:\/\/www.visitgastroh.com\/wp-content\/uploads\/2022\/02\/trufa.jpg\" class=\"attachment-post-thumbnail size-post-thumbnail wp-post-image\" alt=\"\" srcset=\"https:\/\/www.visitgastroh.com\/wp-content\/uploads\/2022\/02\/trufa.jpg 1600w, https:\/\/www.visitgastroh.com\/wp-content\/uploads\/2022\/02\/trufa-300x161.jpg 300w, https:\/\/www.visitgastroh.com\/wp-content\/uploads\/2022\/02\/trufa-1024x550.jpg 1024w, https:\/\/www.visitgastroh.com\/wp-content\/uploads\/2022\/02\/trufa-768x412.jpg 768w, https:\/\/www.visitgastroh.com\/wp-content\/uploads\/2022\/02\/trufa-1536x825.jpg 1536w\" sizes=\"auto, (max-width: 1600px) 100vw, 1600px\" \/><\/a><\/p><p class=\"store_locator_excerpt\">P\u00c2TISSERIE ISASI (STO DIMANCHE DE LA CALZADA) P\u00e2tisserie artisanale depuis 1913 essayant de faire plaisir \u00e0 nos clients avec notre meilleur travail, les truffes au vin de Rioja, terre de...<\/p><p class=\"store_locator_address\"><span class=\"store_locator_street\">5, rue Juan Carlos I<br\/><\/span> <span class=\"store_locator_zip\">26250<\/span> <span class=\"store_locator_city\">Dimanche saint de la route<br\/><\/span> <span class=\"store_locator_region\">La Rioja<\/span> <\/p><p class=\"store_locator_contact\"><span class=\"store_locator_tel\">Tel.: <a href=\"tel:+34+941340308\">+34+941340308<\/a><br\/><\/span><span class=\"store_locator_email\">Email: <a href=\"mailto:contacto@pasteleriaisasi.es\">contacto@pasteleriaisasi.es<\/a><br\/><\/span><span class=\"store_locator_mobile\">Mobile: <a href=\"tel:+34 669436520\">+34 669436520<\/a><br\/><\/span><span class=\"store_locator_website\">Website: <a href=\"https:\/\/www.pasteleriaisasi.es\/\">https:\/\/www.pasteleriaisasi.es\/<\/a><br\/><\/span><\/p><\/div>`,\n      });\n\n    marker10.addListener(\"click\", () => {\n        infowindow10.open({\n          anchor: marker10,\n          map,\n          shouldFocus: false,\n        });\n    });marker11 = new google.maps.Marker({position: {lat: 42.4623227596792, lng: -2.447029186542886},map,title: \"CAF\u00c9 \u00d3PERA\",});\n    markers.push(marker11);\n    const infowindow11 = new google.maps.InfoWindow({\n        content: `<div id=\"store_locator_infowindow_38760\" class=\"store_locator_infowindow\"><div class=\"store-locator-col-sm-12 store_locator_details\"><h3 class=\"store_locator_name\"><a href=\"https:\/\/www.visitgastroh.com\/fr\/store\/cafe-opera\/\">CAF\u00c9 \u00d3PERA<\/a><\/h3><p><a href=\"https:\/\/www.visitgastroh.com\/fr\/store\/cafe-opera\/\"><img loading=\"lazy\" decoding=\"async\" width=\"1200\" height=\"1600\" src=\"https:\/\/www.visitgastroh.com\/wp-content\/uploads\/2022\/04\/WhatsApp-Image-2022-04-26-at-12.07.36-PM.jpeg\" class=\"attachment-post-thumbnail size-post-thumbnail wp-post-image\" alt=\"\" srcset=\"https:\/\/www.visitgastroh.com\/wp-content\/uploads\/2022\/04\/WhatsApp-Image-2022-04-26-at-12.07.36-PM.jpeg 1200w, https:\/\/www.visitgastroh.com\/wp-content\/uploads\/2022\/04\/WhatsApp-Image-2022-04-26-at-12.07.36-PM-225x300.jpeg 225w, https:\/\/www.visitgastroh.com\/wp-content\/uploads\/2022\/04\/WhatsApp-Image-2022-04-26-at-12.07.36-PM-768x1024.jpeg 768w, https:\/\/www.visitgastroh.com\/wp-content\/uploads\/2022\/04\/WhatsApp-Image-2022-04-26-at-12.07.36-PM-1152x1536.jpeg 1152w\" sizes=\"auto, (max-width: 1200px) 100vw, 1200px\" \/><\/a><\/p><p class=\"store_locator_excerpt\">CAF\u00c9 \u00d3PERA Cafeter\u00eda (LOGRO\u00d1O) Caf\u00e9-restaurant au centre-ville. Vous pouvez profiter d&#8217;un petit d\u00e9jeuner complet ou prendre un d\u00e9licieux caf\u00e9 \u00e0 tout moment. Vari\u00e9t\u00e9 de sandwichs et sandwichs.<\/p><p class=\"store_locator_address\"><span class=\"store_locator_street\">Calle San Ant\u00f3n n\u00ba8<br\/><\/span> <span class=\"store_locator_zip\">26002<\/span> <span class=\"store_locator_city\">Logro\u00f1o<br\/><\/span> <span class=\"store_locator_region\">La Rioja<\/span> <\/p><p class=\"store_locator_contact\"><span class=\"store_locator_tel\">Tel.: <a href=\"tel:+34 941243126\">+34 941243126<\/a><br\/><\/span><span class=\"store_locator_website\">Website: <a href=\"Caf\u00e9 \u00d3pera\">Caf\u00e9 \u00d3pera<\/a><br\/><\/span><\/p><\/div>`,\n      });\n\n    marker11.addListener(\"click\", () => {\n        infowindow11.open({\n          anchor: marker11,\n          map,\n          shouldFocus: false,\n        });\n    });marker12 = new google.maps.Marker({position: {lat: 42.2216724, lng: -2.1037515},map,title: \"Caf\u00e9t\u00e9ria Fuentelavero\",});\n    markers.push(marker12);\n    const infowindow12 = new google.maps.InfoWindow({\n        content: `<div id=\"store_locator_infowindow_41042\" class=\"store_locator_infowindow\"><div class=\"store-locator-col-sm-12 store_locator_details\"><h3 class=\"store_locator_name\"><a href=\"https:\/\/www.visitgastroh.com\/fr\/store\/cafeteria-fuentelavero\/\">Caf\u00e9t\u00e9ria Fuentelavero<\/a><\/h3><p><a href=\"https:\/\/www.visitgastroh.com\/fr\/store\/cafeteria-fuentelavero\/\"><img loading=\"lazy\" decoding=\"async\" width=\"1024\" height=\"371\" src=\"https:\/\/www.visitgastroh.com\/wp-content\/uploads\/2022\/05\/espacio_2_slide2-1024x371-1.jpg\" class=\"attachment-post-thumbnail size-post-thumbnail wp-post-image\" alt=\"\" srcset=\"https:\/\/www.visitgastroh.com\/wp-content\/uploads\/2022\/05\/espacio_2_slide2-1024x371-1.jpg 1024w, https:\/\/www.visitgastroh.com\/wp-content\/uploads\/2022\/05\/espacio_2_slide2-1024x371-1-300x109.jpg 300w, https:\/\/www.visitgastroh.com\/wp-content\/uploads\/2022\/05\/espacio_2_slide2-1024x371-1-768x278.jpg 768w\" sizes=\"auto, (max-width: 1024px) 100vw, 1024px\" \/><\/a><\/p><p class=\"store_locator_excerpt\">Caf\u00e9t\u00e9ria SOURCE LAVERO (ARN\u00c9DO) Entour\u00e9 d&#8217;un complexe sportif et thermal, nous vous invitons \u00e0 faire une pause dans votre temps libre pour prendre soin de vous avec l&#8217;offre la plus...<\/p><p class=\"store_locator_address\"><span class=\"store_locator_street\">Avda. de la Croix-Rouge, s\/n<br\/><\/span> <span class=\"store_locator_zip\">26580<\/span> <span class=\"store_locator_city\">Arnedo<br\/><\/span> <span class=\"store_locator_region\">La Rioja<\/span> <\/p><p class=\"store_locator_contact\"><span class=\"store_locator_tel\">Tel.: <a href=\"tel:+34 941024444\">+34 941024444<\/a><br\/><\/span><span class=\"store_locator_email\">Email: <a href=\"mailto:info@fuentelavero.com\">info@fuentelavero.com<\/a><br\/><\/span><span class=\"store_locator_website\">Website: <a href=\"https:\/\/victoriarestauracion.es\/fuentelavero\/\">https:\/\/victoriarestauracion.es\/fuentelavero\/<\/a><br\/><\/span><\/p><\/div>`,\n      });\n\n    marker12.addListener(\"click\", () => {\n        infowindow12.open({\n          anchor: marker12,\n          map,\n          shouldFocus: false,\n        });\n    });marker13 = new google.maps.Marker({position: {lat: 42.3686584, lng: -2.6570436},map,title: \"CASA DEL AGUA - LA RIOJA\",});\n    markers.push(marker13);\n    const infowindow13 = new google.maps.InfoWindow({\n        content: `<div id=\"store_locator_infowindow_34658\" class=\"store_locator_infowindow\"><div class=\"store-locator-col-sm-12 store_locator_details\"><h3 class=\"store_locator_name\"><a href=\"https:\/\/www.visitgastroh.com\/fr\/store\/casa-del-agua-la-rioja\/\">CASA DEL AGUA - LA RIOJA<\/a><\/h3><p><a href=\"https:\/\/www.visitgastroh.com\/fr\/store\/casa-del-agua-la-rioja\/\"><\/a><\/p><p class=\"store_locator_excerpt\">CASA DEL AGUA &#8211; LA RIOJA (Santa&nbsp;Coloma) Texte descriptif&#8230;<\/p><p class=\"store_locator_address\"><span class=\"store_locator_street\">Camino a Bezares s\/n<br\/><\/span> <span class=\"store_locator_zip\">26315<\/span> <span class=\"store_locator_city\">Santa Coloma<br\/><\/span> <span class=\"store_locator_region\">La Rioja<\/span> <\/p><p class=\"store_locator_contact\"><span class=\"store_locator_tel\">Tel.: <a href=\"tel:+34 647 602 353\">+34 647 602 353<\/a><br\/><\/span><span class=\"store_locator_email\">Email: <a href=\"mailto:info@casadelagualarioja.com\">info@casadelagualarioja.com<\/a><br\/><\/span><span class=\"store_locator_mobile\">Mobile: <a href=\"tel:+34 647 602 353\">+34 647 602 353<\/a><br\/><\/span><span class=\"store_locator_website\">Website: <a href=\"http:\/\/www.casadelagualarioja.com\">http:\/\/www.casadelagualarioja.com<\/a><br\/><\/span><\/p><\/div>`,\n      });\n\n    marker13.addListener(\"click\", () => {\n        infowindow13.open({\n          anchor: marker13,\n          map,\n          shouldFocus: false,\n        });\n    });marker14 = new google.maps.Marker({position: {lat: 42.3260738, lng: -3.0138183},map,title: \"Casa Masip Hotel\",});\n    markers.push(marker14);\n    const infowindow14 = new google.maps.InfoWindow({\n        content: `<div id=\"store_locator_infowindow_35088\" class=\"store_locator_infowindow\"><div class=\"store-locator-col-sm-12 store_locator_details\"><h3 class=\"store_locator_name\"><a href=\"https:\/\/www.visitgastroh.com\/fr\/store\/casa-masip-hotel\/\">Casa Masip Hotel<\/a><\/h3><p><a href=\"https:\/\/www.visitgastroh.com\/fr\/store\/casa-masip-hotel\/\"><img loading=\"lazy\" decoding=\"async\" width=\"1007\" height=\"547\" src=\"https:\/\/www.visitgastroh.com\/wp-content\/uploads\/2022\/04\/hotel-casa-masip-nombre.jpg\" class=\"attachment-post-thumbnail size-post-thumbnail wp-post-image\" alt=\"\" srcset=\"https:\/\/www.visitgastroh.com\/wp-content\/uploads\/2022\/04\/hotel-casa-masip-nombre.jpg 1007w, https:\/\/www.visitgastroh.com\/wp-content\/uploads\/2022\/04\/hotel-casa-masip-nombre-300x163.jpg 300w, https:\/\/www.visitgastroh.com\/wp-content\/uploads\/2022\/04\/hotel-casa-masip-nombre-768x417.jpg 768w\" sizes=\"auto, (max-width: 1007px) 100vw, 1007px\" \/><\/a><\/p><p class=\"store_locator_excerpt\">Casa Masip Hotel (Ezcaray) Casa Masip vous propose un h\u00e9bergement et des restaurants dans le paradis de la Rioja Alta. Dans la charmante Villa de Ezcaray, nous vous proposons un...<\/p><p class=\"store_locator_address\"><span class=\"store_locator_street\">Avda. Academia Militar 4 y 6<br\/><\/span> <span class=\"store_locator_zip\">26280 <\/span> <span class=\"store_locator_city\">Ezcaray<br\/><\/span> <span class=\"store_locator_region\">La Rioja<\/span> <\/p><p class=\"store_locator_contact\"><span class=\"store_locator_tel\">Tel.: <a href=\"tel:+34 941 35 43 27\">+34 941 35 43 27<\/a><br\/><\/span><span class=\"store_locator_email\">Email: <a href=\"mailto:info@casamasip.com\">info@casamasip.com<\/a><br\/><\/span><span class=\"store_locator_website\">Website: <a href=\"https:\/\/www.casamasip.com\/\">https:\/\/www.casamasip.com\/<\/a><br\/><\/span><\/p><\/div>`,\n      });\n\n    marker14.addListener(\"click\", () => {\n        infowindow14.open({\n          anchor: marker14,\n          map,\n          shouldFocus: false,\n        });\n    });marker15 = new google.maps.Marker({position: {lat: 42.3260738, lng: -3.0138183},map,title: \"Casa Masip Restaurante\",});\n    markers.push(marker15);\n    const infowindow15 = new google.maps.InfoWindow({\n        content: `<div id=\"store_locator_infowindow_35095\" class=\"store_locator_infowindow\"><div class=\"store-locator-col-sm-12 store_locator_details\"><h3 class=\"store_locator_name\"><a href=\"https:\/\/www.visitgastroh.com\/fr\/store\/casa-masip-restaurante\/\">Casa Masip Restaurante<\/a><\/h3><p><a href=\"https:\/\/www.visitgastroh.com\/fr\/store\/casa-masip-restaurante\/\"><img loading=\"lazy\" decoding=\"async\" width=\"1024\" height=\"683\" src=\"https:\/\/www.visitgastroh.com\/wp-content\/uploads\/2022\/04\/restaurante-casa-masip.jpg\" class=\"attachment-post-thumbnail size-post-thumbnail wp-post-image\" alt=\"\" srcset=\"https:\/\/www.visitgastroh.com\/wp-content\/uploads\/2022\/04\/restaurante-casa-masip.jpg 1024w, https:\/\/www.visitgastroh.com\/wp-content\/uploads\/2022\/04\/restaurante-casa-masip-300x200.jpg 300w, https:\/\/www.visitgastroh.com\/wp-content\/uploads\/2022\/04\/restaurante-casa-masip-768x512.jpg 768w, https:\/\/www.visitgastroh.com\/wp-content\/uploads\/2022\/04\/restaurante-casa-masip-900x600.jpg 900w\" sizes=\"auto, (max-width: 1024px) 100vw, 1024px\" \/><\/a><\/p><p class=\"store_locator_excerpt\">Casa Masip Restaurante (Ezcaray) Le restaurant est n\u00e9 en ao\u00fbt 1995 en raison de pr\u00e9occupations concernant la cuisine de Pedro Masip, inspir\u00e9e par sa m\u00e8re Vicenta P\u00e9rez, une grande cuisini\u00e8re...<\/p><p class=\"store_locator_address\"><span class=\"store_locator_street\">Avda. Academia Militar 4 y 6<br\/><\/span> <span class=\"store_locator_zip\">26280 <\/span> <span class=\"store_locator_city\">Ezcaray<br\/><\/span> <span class=\"store_locator_region\">La Rioja<\/span> <\/p><p class=\"store_locator_contact\"><span class=\"store_locator_tel\">Tel.: <a href=\"tel:+34 941 35 43 27\">+34 941 35 43 27<\/a><br\/><\/span><span class=\"store_locator_email\">Email: <a href=\"mailto:info@casamasip.com\">info@casamasip.com<\/a><br\/><\/span><span class=\"store_locator_website\">Website: <a href=\"https:\/\/www.casamasip.com\/\">https:\/\/www.casamasip.com\/<\/a><br\/><\/span><\/p><\/div>`,\n      });\n\n    marker15.addListener(\"click\", () => {\n        infowindow15.open({\n          anchor: marker15,\n          map,\n          shouldFocus: false,\n        });\n    });marker16 = new google.maps.Marker({position: {lat: 42.19600870000001, lng: -2.6971442},map,title: \"CASA RURAL ENTREBOSQUES\",});\n    markers.push(marker16);\n    const infowindow16 = new google.maps.InfoWindow({\n        content: `<div id=\"store_locator_infowindow_34489\" class=\"store_locator_infowindow\"><div class=\"store-locator-col-sm-12 store_locator_details\"><h3 class=\"store_locator_name\"><a href=\"https:\/\/www.visitgastroh.com\/fr\/store\/casa-rural-entrebosques\/\">CASA RURAL ENTREBOSQUES<\/a><\/h3><p><a href=\"https:\/\/www.visitgastroh.com\/fr\/store\/casa-rural-entrebosques\/\"><img loading=\"lazy\" decoding=\"async\" width=\"1280\" height=\"960\" src=\"https:\/\/www.visitgastroh.com\/wp-content\/uploads\/2022\/03\/photo1624622701-1.jpeg\" class=\"attachment-post-thumbnail size-post-thumbnail wp-post-image\" alt=\"\" srcset=\"https:\/\/www.visitgastroh.com\/wp-content\/uploads\/2022\/03\/photo1624622701-1.jpeg 1280w, https:\/\/www.visitgastroh.com\/wp-content\/uploads\/2022\/03\/photo1624622701-1-300x225.jpeg 300w, https:\/\/www.visitgastroh.com\/wp-content\/uploads\/2022\/03\/photo1624622701-1-1024x768.jpeg 1024w, https:\/\/www.visitgastroh.com\/wp-content\/uploads\/2022\/03\/photo1624622701-1-768x576.jpeg 768w\" sizes=\"auto, (max-width: 1280px) 100vw, 1280px\" \/><\/a><\/p><p class=\"store_locator_excerpt\">ENTREBOSQUES Maison Rurale (EL RASILLO DE CAMEROS) Casa Rural Entre Bosques, est situ\u00e9e dans la Sierra de Cameros entour\u00e9e de pins et de ch\u00eanes, nos voisins les cerfs et les...<\/p><p class=\"store_locator_address\"><span class=\"store_locator_street\">Rue Becolar, 7 <br\/><\/span> <span class=\"store_locator_zip\">26124<\/span> <span class=\"store_locator_city\">El Rasillo de Cameros <br\/><\/span> <span class=\"store_locator_region\">La Rioja<\/span> <\/p><p class=\"store_locator_contact\"><span class=\"store_locator_tel\">Tel.: <a href=\"tel:+34 616 412 769\">+34 616 412 769<\/a><br\/><\/span><span class=\"store_locator_email\">Email: <a href=\"mailto:info@casaentrebosques.com \">info@casaentrebosques.com <\/a><br\/><\/span><span class=\"store_locator_mobile\">Mobile: <a href=\"tel:+34616412769\">+34616412769<\/a><br\/><\/span><span class=\"store_locator_website\">Website: <a href=\"www.casaentrebosques.com \">www.casaentrebosques.com <\/a><br\/><\/span><\/p><\/div>`,\n      });\n\n    marker16.addListener(\"click\", () => {\n        infowindow16.open({\n          anchor: marker16,\n          map,\n          shouldFocus: false,\n        });\n    });marker17 = new google.maps.Marker({position: {lat: 42.13399020000001, lng: -2.1095802},map,title: \"casa rural muro de aguas-valdete\",});\n    markers.push(marker17);\n    const infowindow17 = new google.maps.InfoWindow({\n        content: `<div id=\"store_locator_infowindow_34662\" class=\"store_locator_infowindow\"><div class=\"store-locator-col-sm-12 store_locator_details\"><h3 class=\"store_locator_name\"><a href=\"https:\/\/www.visitgastroh.com\/fr\/store\/casa-rural-muro-de-aguas-valdete\/\">casa rural muro de aguas-valdete<\/a><\/h3><p><a href=\"https:\/\/www.visitgastroh.com\/fr\/store\/casa-rural-muro-de-aguas-valdete\/\"><\/a><\/p><p class=\"store_locator_excerpt\">Nombre empresa (Localidad) Muro de aguas La Rioja Notre Casa Rural Valdet\u00e9 est une maison de ville enti\u00e8rement restaur\u00e9e. Il est am\u00e9nag\u00e9 sur 3 \u00e9tages accessibles par des escaliers. Les...<\/p><p class=\"store_locator_address\"><span class=\"store_locator_street\">Calle Castillo 7 <br\/><\/span> <span class=\"store_locator_zip\">26587<\/span> <span class=\"store_locator_city\">Muro de Aguas<br\/><\/span> <span class=\"store_locator_region\">La Rioja<\/span> <\/p><p class=\"store_locator_contact\"><span class=\"store_locator_tel\">Tel.: <a href=\"tel:+34 680 880 068\">+34 680 880 068<\/a><br\/><\/span><span class=\"store_locator_website\">Website: <a href=\"https:\/\/www.murodeaguas-valdete.com\/\">https:\/\/www.murodeaguas-valdete.com\/<\/a><br\/><\/span><\/p><\/div>`,\n      });\n\n    marker17.addListener(\"click\", () => {\n        infowindow17.open({\n          anchor: marker17,\n          map,\n          shouldFocus: false,\n        });\n    });marker18 = new google.maps.Marker({position: {lat: 42.370239774251885, lng: -2.544286747082518},map,title: \"CAVES OJUEL\",});\n    markers.push(marker18);\n    const infowindow18 = new google.maps.InfoWindow({\n        content: `<div id=\"store_locator_infowindow_28614\" class=\"store_locator_infowindow\"><div class=\"store-locator-col-sm-12 store_locator_details\"><h3 class=\"store_locator_name\"><a href=\"https:\/\/www.visitgastroh.com\/fr\/store\/caves-ojuel\/\">CAVES OJUEL<\/a><\/h3><p><a href=\"https:\/\/www.visitgastroh.com\/fr\/store\/caves-ojuel\/\"><img loading=\"lazy\" decoding=\"async\" width=\"819\" height=\"1600\" src=\"https:\/\/www.visitgastroh.com\/wp-content\/uploads\/2022\/02\/foto-con-mucho-arte-colgadera-.jpg\" class=\"attachment-post-thumbnail size-post-thumbnail wp-post-image\" alt=\"\" srcset=\"https:\/\/www.visitgastroh.com\/wp-content\/uploads\/2022\/02\/foto-con-mucho-arte-colgadera-.jpg 819w, https:\/\/www.visitgastroh.com\/wp-content\/uploads\/2022\/02\/foto-con-mucho-arte-colgadera--154x300.jpg 154w, https:\/\/www.visitgastroh.com\/wp-content\/uploads\/2022\/02\/foto-con-mucho-arte-colgadera--524x1024.jpg 524w, https:\/\/www.visitgastroh.com\/wp-content\/uploads\/2022\/02\/foto-con-mucho-arte-colgadera--768x1500.jpg 768w, https:\/\/www.visitgastroh.com\/wp-content\/uploads\/2022\/02\/foto-con-mucho-arte-colgadera--786x1536.jpg 786w\" sizes=\"auto, (max-width: 819px) 100vw, 819px\" \/><\/a><\/p><p class=\"store_locator_excerpt\">CAVES OJUEL (SOJUELA) D\u00e8s le d\u00e9but, Ojuel a d\u00e9fendu l&#8217;agriculture biologique, non pas parce qu&#8217;elle \u00e9tait \u00e0 la mode mais par principes. VINS NATURELS ET SUPPUR\u00c9S. Nos vins refl\u00e8tent une...<\/p><p class=\"store_locator_address\"><span class=\"store_locator_street\">Rue Mayor n\u00ba49<br\/><\/span> <span class=\"store_locator_zip\">26376<\/span> <span class=\"store_locator_city\">sojuela<br\/><\/span> <span class=\"store_locator_region\">La Rioja<\/span> <\/p><p class=\"store_locator_contact\"><span class=\"store_locator_tel\">Tel.: <a href=\"tel:+34 629455157 - + 34 669923267\">+34 629455157 - + 34 669923267<\/a><br\/><\/span><span class=\"store_locator_email\">Email: <a href=\"mailto:ojuelwine@gmail.com\">ojuelwine@gmail.com<\/a><br\/><\/span><span class=\"store_locator_mobile\">Mobile: <a href=\"tel:+34 629455157 - + 34 669923267\">+34 629455157 - + 34 669923267<\/a><br\/><\/span><span class=\"store_locator_website\">Website: <a href=\"https:\/\/ojuelwine.com\/vinos-ojuel\/\">https:\/\/ojuelwine.com\/vinos-ojuel\/<\/a><br\/><\/span><\/p><\/div>`,\n      });\n\n    marker18.addListener(\"click\", () => {\n        infowindow18.open({\n          anchor: marker18,\n          map,\n          shouldFocus: false,\n        });\n    });marker19 = new google.maps.Marker({position: {lat: 42.47836102048558, lng: -2.4427017136688223},map,title: \"Caves Vi\u00f1a Ijalba\",});\n    markers.push(marker19);\n    const infowindow19 = new google.maps.InfoWindow({\n        content: `<div id=\"store_locator_infowindow_28641\" class=\"store_locator_infowindow\"><div class=\"store-locator-col-sm-12 store_locator_details\"><h3 class=\"store_locator_name\"><a href=\"https:\/\/www.visitgastroh.com\/fr\/store\/caves-vina-ijalba\/\">Caves Vi\u00f1a Ijalba<\/a><\/h3><p><a href=\"https:\/\/www.visitgastroh.com\/fr\/store\/caves-vina-ijalba\/\"><img loading=\"lazy\" decoding=\"async\" width=\"2560\" height=\"1361\" src=\"https:\/\/www.visitgastroh.com\/wp-content\/uploads\/2022\/02\/DJI_0359-scaled.jpg\" class=\"attachment-post-thumbnail size-post-thumbnail wp-post-image\" alt=\"\" srcset=\"https:\/\/www.visitgastroh.com\/wp-content\/uploads\/2022\/02\/DJI_0359-scaled.jpg 2560w, https:\/\/www.visitgastroh.com\/wp-content\/uploads\/2022\/02\/DJI_0359-300x160.jpg 300w, https:\/\/www.visitgastroh.com\/wp-content\/uploads\/2022\/02\/DJI_0359-1024x545.jpg 1024w, https:\/\/www.visitgastroh.com\/wp-content\/uploads\/2022\/02\/DJI_0359-768x408.jpg 768w, https:\/\/www.visitgastroh.com\/wp-content\/uploads\/2022\/02\/DJI_0359-1536x817.jpg 1536w, https:\/\/www.visitgastroh.com\/wp-content\/uploads\/2022\/02\/DJI_0359-2048x1089.jpg 2048w\" sizes=\"auto, (max-width: 2560px) 100vw, 2560px\" \/><\/a><\/p><p class=\"store_locator_excerpt\">VIGNOBLE IJALBA CAVES (LOGRONO) Voulez-vous conna\u00eetre la premi\u00e8re cave bio de la Rioja ? Dionisio Ruiz Ijalba a plant\u00e9 son premier vignoble en 1975. Il l&#8217;a fait sur une ancienne...<\/p><p class=\"store_locator_address\"><span class=\"store_locator_street\">Autoroute de Pampelune km1<br\/><\/span> <span class=\"store_locator_zip\">26006<\/span> <span class=\"store_locator_city\">Logro\u00f1o<br\/><\/span> <span class=\"store_locator_region\">La Rioja<\/span> <\/p><p class=\"store_locator_contact\"><span class=\"store_locator_tel\">Tel.: <a href=\"tel:+34 941261100\">+34 941261100<\/a><br\/><\/span><span class=\"store_locator_email\">Email: <a href=\"mailto:ijalba.enoturismo@ijalba.com\">ijalba.enoturismo@ijalba.com<\/a><br\/><\/span><span class=\"store_locator_mobile\">Mobile: <a href=\"tel:+34 618492098\">+34 618492098<\/a><br\/><\/span><span class=\"store_locator_website\">Website: <a href=\"http:\/\/ijalba.com\/es\">http:\/\/ijalba.com\/es<\/a><br\/><\/span><\/p><\/div>`,\n      });\n\n    marker19.addListener(\"click\", () => {\n        infowindow19.open({\n          anchor: marker19,\n          map,\n          shouldFocus: false,\n        });\n    });marker20 = new google.maps.Marker({position: {lat: 42.2291716, lng: -1.8472246},map,title: \"COMPA\u00d1\u00cdA DE VINOS HERACLIO\",});\n    markers.push(marker20);\n    const infowindow20 = new google.maps.InfoWindow({\n        content: `<div id=\"store_locator_infowindow_38677\" class=\"store_locator_infowindow\"><div class=\"store-locator-col-sm-12 store_locator_details\"><h3 class=\"store_locator_name\"><a href=\"https:\/\/www.visitgastroh.com\/fr\/store\/compania-de-vinos-heraclio\/\">COMPA\u00d1\u00cdA DE VINOS HERACLIO<\/a><\/h3><p><a href=\"https:\/\/www.visitgastroh.com\/fr\/store\/compania-de-vinos-heraclio\/\"><img loading=\"lazy\" decoding=\"async\" width=\"1732\" height=\"1154\" src=\"https:\/\/www.visitgastroh.com\/wp-content\/uploads\/2022\/04\/DJI_0215-HDR.jpg\" class=\"attachment-post-thumbnail size-post-thumbnail wp-post-image\" alt=\"\" srcset=\"https:\/\/www.visitgastroh.com\/wp-content\/uploads\/2022\/04\/DJI_0215-HDR.jpg 1732w, https:\/\/www.visitgastroh.com\/wp-content\/uploads\/2022\/04\/DJI_0215-HDR-300x200.jpg 300w, https:\/\/www.visitgastroh.com\/wp-content\/uploads\/2022\/04\/DJI_0215-HDR-1024x682.jpg 1024w, https:\/\/www.visitgastroh.com\/wp-content\/uploads\/2022\/04\/DJI_0215-HDR-768x512.jpg 768w, https:\/\/www.visitgastroh.com\/wp-content\/uploads\/2022\/04\/DJI_0215-HDR-1536x1023.jpg 1536w, https:\/\/www.visitgastroh.com\/wp-content\/uploads\/2022\/04\/DJI_0215-HDR-900x600.jpg 900w\" sizes=\"auto, (max-width: 1732px) 100vw, 1732px\" \/><\/a><\/p><p class=\"store_locator_excerpt\">COMPA\u00d1\u00cdA DE VINOS HERACLIO (ALFARO) La Compa\u00f1\u00eda de Vinos Heraclio est situ\u00e9e \u00e0 quelques kilom\u00e8tres de la ville d&#8217;Alfaro, dans la Rioja Oriental, la zone la plus m\u00e9diterran\u00e9enne de la...<\/p><p class=\"store_locator_address\"><span class=\"store_locator_street\">Ctra. Alfaro - Corell, s\/n<br\/><\/span> <span class=\"store_locator_zip\">26540<\/span> <span class=\"store_locator_city\">Alfaro<br\/><\/span> <span class=\"store_locator_region\">La Rioja<\/span> <\/p><p class=\"store_locator_contact\"><span class=\"store_locator_tel\">Tel.: <a href=\"tel:+34 941 18 15 70\">+34 941 18 15 70<\/a><br\/><\/span><span class=\"store_locator_email\">Email: <a href=\"mailto:enoturismo@heraclioalfaro.com\">enoturismo@heraclioalfaro.com<\/a><br\/><\/span><span class=\"store_locator_mobile\">Mobile: <a href=\"tel:+34 686 052 268\">+34 686 052 268<\/a><br\/><\/span><span class=\"store_locator_website\">Website: <a href=\"https:\/\/enoturismo.terrasgauda.com\/heraclio-alfaro\/\">https:\/\/enoturismo.terrasgauda.com\/heraclio-alfaro\/<\/a><br\/><\/span><\/p><\/div>`,\n      });\n\n    marker20.addListener(\"click\", () => {\n        infowindow20.open({\n          anchor: marker20,\n          map,\n          shouldFocus: false,\n        });\n    });marker21 = new google.maps.Marker({position: {lat: 42.25453412889642, lng: -2.6283917779098442},map,title: \"Complejo Turistico rural Villa Liquid\u00e1mbar\",});\n    markers.push(marker21);\n    const infowindow21 = new google.maps.InfoWindow({\n        content: `<div id=\"store_locator_infowindow_28594\" class=\"store_locator_infowindow\"><div class=\"store-locator-col-sm-12 store_locator_details\"><h3 class=\"store_locator_name\"><a href=\"https:\/\/www.visitgastroh.com\/fr\/store\/complexe-touristique-rural-villa-liquidambar\/\">Complejo Turistico rural Villa Liquid\u00e1mbar<\/a><\/h3><p><a href=\"https:\/\/www.visitgastroh.com\/fr\/store\/complexe-touristique-rural-villa-liquidambar\/\"><img loading=\"lazy\" decoding=\"async\" width=\"2560\" height=\"2154\" src=\"https:\/\/www.visitgastroh.com\/wp-content\/uploads\/2022\/03\/FACHADA-NOCTURNA-DESDE-CANAL-scaled.jpg\" class=\"attachment-post-thumbnail size-post-thumbnail wp-post-image\" alt=\"\" srcset=\"https:\/\/www.visitgastroh.com\/wp-content\/uploads\/2022\/03\/FACHADA-NOCTURNA-DESDE-CANAL-scaled.jpg 2560w, https:\/\/www.visitgastroh.com\/wp-content\/uploads\/2022\/03\/FACHADA-NOCTURNA-DESDE-CANAL-300x252.jpg 300w, https:\/\/www.visitgastroh.com\/wp-content\/uploads\/2022\/03\/FACHADA-NOCTURNA-DESDE-CANAL-1024x861.jpg 1024w, https:\/\/www.visitgastroh.com\/wp-content\/uploads\/2022\/03\/FACHADA-NOCTURNA-DESDE-CANAL-768x646.jpg 768w, https:\/\/www.visitgastroh.com\/wp-content\/uploads\/2022\/03\/FACHADA-NOCTURNA-DESDE-CANAL-1536x1292.jpg 1536w, https:\/\/www.visitgastroh.com\/wp-content\/uploads\/2022\/03\/FACHADA-NOCTURNA-DESDE-CANAL-2048x1723.jpg 2048w\" sizes=\"auto, (max-width: 2560px) 100vw, 2560px\" \/><\/a><\/p><p class=\"store_locator_excerpt\">VILLA LIQUID\u00c1MBAR Complejo Tur\u00edstico Rural (TORRECILLA EN CAMEROS) Ce complexe touristique dispose de : 3 appartements touristiques \u00e0 La Rioja, dont 2 appartements accessibles. En 2020, nous avons d\u00e9cid\u00e9 de...<\/p><p class=\"store_locator_address\"><span class=\"store_locator_street\">Place San Blas n\u00ba10<br\/><\/span> <span class=\"store_locator_zip\">26100<\/span> <span class=\"store_locator_city\">Tourelle \u00e0 Cameros<br\/><\/span> <span class=\"store_locator_region\">La Rioja<\/span> <\/p><p class=\"store_locator_contact\"><span class=\"store_locator_tel\">Tel.: <a href=\"tel:+34 689 305 336\">+34 689 305 336<\/a><br\/><\/span><span class=\"store_locator_email\">Email: <a href=\"mailto:info@villaliquidambar.com\">info@villaliquidambar.com<\/a><br\/><\/span><span class=\"store_locator_mobile\">Mobile: <a href=\"tel:+34 620 248 366\">+34 620 248 366<\/a><br\/><\/span><span class=\"store_locator_website\">Website: <a href=\"https:\/\/www.villaliquidambar.com\/\">https:\/\/www.villaliquidambar.com\/<\/a><br\/><\/span><\/p><\/div>`,\n      });\n\n    marker21.addListener(\"click\", () => {\n        infowindow21.open({\n          anchor: marker21,\n          map,\n          shouldFocus: false,\n        });\n    });marker22 = new google.maps.Marker({position: {lat: 42.45944694577229, lng: -2.447456548934941},map,title: \"Domaine viticole et vignobles Arizcuren\",});\n    markers.push(marker22);\n    const infowindow22 = new google.maps.InfoWindow({\n        content: `<div id=\"store_locator_infowindow_28644\" class=\"store_locator_infowindow\"><div class=\"store-locator-col-sm-12 store_locator_details\"><h3 class=\"store_locator_name\"><a href=\"https:\/\/www.visitgastroh.com\/fr\/store\/domaine-viticole-et-vignobles-arizcuren\/\">Domaine viticole et vignobles Arizcuren<\/a><\/h3><p><a href=\"https:\/\/www.visitgastroh.com\/fr\/store\/domaine-viticole-et-vignobles-arizcuren\/\"><img loading=\"lazy\" decoding=\"async\" width=\"1707\" height=\"2560\" src=\"https:\/\/www.visitgastroh.com\/wp-content\/uploads\/2022\/02\/45A3216-scaled.jpg\" class=\"attachment-post-thumbnail size-post-thumbnail wp-post-image\" alt=\"\" srcset=\"https:\/\/www.visitgastroh.com\/wp-content\/uploads\/2022\/02\/45A3216-scaled.jpg 1707w, https:\/\/www.visitgastroh.com\/wp-content\/uploads\/2022\/02\/45A3216-200x300.jpg 200w, https:\/\/www.visitgastroh.com\/wp-content\/uploads\/2022\/02\/45A3216-683x1024.jpg 683w, https:\/\/www.visitgastroh.com\/wp-content\/uploads\/2022\/02\/45A3216-768x1152.jpg 768w, https:\/\/www.visitgastroh.com\/wp-content\/uploads\/2022\/02\/45A3216-1024x1536.jpg 1024w, https:\/\/www.visitgastroh.com\/wp-content\/uploads\/2022\/02\/45A3216-1365x2048.jpg 1365w\" sizes=\"auto, (max-width: 1707px) 100vw, 1707px\" \/><\/a><\/p><p class=\"store_locator_excerpt\">CAVES ET VIGNOBLES D&#8217;ARIZCUREN (LOGRONO) Les bons viticulteurs am\u00e8nent les paysages de leur vignoble \u00e0 la bouteille et nous font r\u00eaver de ces terres. C&#8217;est ainsi que sont les vins...<\/p><p class=\"store_locator_address\"><span class=\"store_locator_street\">Rue Santa Isabel n \u00b0 10<br\/><\/span> <span class=\"store_locator_zip\">26002<\/span> <span class=\"store_locator_city\">Logro\u00f1o<br\/><\/span> <span class=\"store_locator_region\">La Rioja<\/span> <\/p><p class=\"store_locator_contact\"><span class=\"store_locator_tel\">Tel.: <a href=\"tel:+34 696880937\">+34 696880937<\/a><br\/><\/span><span class=\"store_locator_email\">Email: <a href=\"mailto:enoturismo@arizcurenvinos.com\">enoturismo@arizcurenvinos.com<\/a><br\/><\/span><span class=\"store_locator_website\">Website: <a href=\"https:\/\/www.arizcurenvinos.com\/visitas\/\">https:\/\/www.arizcurenvinos.com\/visitas\/<\/a><br\/><\/span><\/p><\/div>`,\n      });\n\n    marker22.addListener(\"click\", () => {\n        infowindow22.open({\n          anchor: marker22,\n          map,\n          shouldFocus: false,\n        });\n    });marker23 = new google.maps.Marker({position: {lat: 42.3255114, lng: -3.0146367},map,title: \"Echaurren Tradici\u00f3n\",});\n    markers.push(marker23);\n    const infowindow23 = new google.maps.InfoWindow({\n        content: `<div id=\"store_locator_infowindow_35097\" class=\"store_locator_infowindow\"><div class=\"store-locator-col-sm-12 store_locator_details\"><h3 class=\"store_locator_name\"><a href=\"https:\/\/www.visitgastroh.com\/fr\/store\/echaurren-tradicion\/\">Echaurren Tradici\u00f3n<\/a><\/h3><p><a href=\"https:\/\/www.visitgastroh.com\/fr\/store\/echaurren-tradicion\/\"><img loading=\"lazy\" decoding=\"async\" width=\"2560\" height=\"1334\" src=\"https:\/\/www.visitgastroh.com\/wp-content\/uploads\/2022\/04\/echaurren-tradicion-2-scaled.jpg\" class=\"attachment-post-thumbnail size-post-thumbnail wp-post-image\" alt=\"\" srcset=\"https:\/\/www.visitgastroh.com\/wp-content\/uploads\/2022\/04\/echaurren-tradicion-2-scaled.jpg 2560w, https:\/\/www.visitgastroh.com\/wp-content\/uploads\/2022\/04\/echaurren-tradicion-2-300x156.jpg 300w, https:\/\/www.visitgastroh.com\/wp-content\/uploads\/2022\/04\/echaurren-tradicion-2-1024x534.jpg 1024w, https:\/\/www.visitgastroh.com\/wp-content\/uploads\/2022\/04\/echaurren-tradicion-2-768x400.jpg 768w, https:\/\/www.visitgastroh.com\/wp-content\/uploads\/2022\/04\/echaurren-tradicion-2-1536x800.jpg 1536w, https:\/\/www.visitgastroh.com\/wp-content\/uploads\/2022\/04\/echaurren-tradicion-2-2048x1067.jpg 2048w\" sizes=\"auto, (max-width: 2560px) 100vw, 2560px\" \/><\/a><\/p><p class=\"store_locator_excerpt\">Echaurren Tradici\u00f3n (Ezcaray) Il fait partie de l&#8217;histoire de la cuisine traditionnelle de Rioja. Ce m\u00e9rite appartient \u00e0 notre m\u00e8re, Marisa S\u00e1nchez. Elle a r\u00e9uni et a su transmettre \u00e0...<\/p><p class=\"store_locator_address\"><span class=\"store_locator_street\">Padre Jos\u00e9 Garc\u00eda, 19<br\/><\/span> <span class=\"store_locator_zip\">26280 <\/span> <span class=\"store_locator_city\">Ezcaray<br\/><\/span> <span class=\"store_locator_region\">La Rioja<\/span> <\/p><p class=\"store_locator_contact\"><span class=\"store_locator_tel\">Tel.: <a href=\"tel:+34 941 35 40 47\">+34 941 35 40 47<\/a><br\/><\/span><span class=\"store_locator_email\">Email: <a href=\"mailto:info@echaurren.com\">info@echaurren.com<\/a><br\/><\/span><span class=\"store_locator_website\">Website: <a href=\"https:\/\/echaurren.com\/\">https:\/\/echaurren.com\/<\/a><br\/><\/span><\/p><\/div>`,\n      });\n\n    marker23.addListener(\"click\", () => {\n        infowindow23.open({\n          anchor: marker23,\n          map,\n          shouldFocus: false,\n        });\n    });marker24 = new google.maps.Marker({position: {lat: 42.3246336, lng: -3.0149371},map,title: \"El Colmado de Ezcaray\",});\n    markers.push(marker24);\n    const infowindow24 = new google.maps.InfoWindow({\n        content: `<div id=\"store_locator_infowindow_35119\" class=\"store_locator_infowindow\"><div class=\"store-locator-col-sm-12 store_locator_details\"><h3 class=\"store_locator_name\"><a href=\"https:\/\/www.visitgastroh.com\/fr\/store\/el-colmado-de-ezcaray\/\">El Colmado de Ezcaray<\/a><\/h3><p><a href=\"https:\/\/www.visitgastroh.com\/fr\/store\/el-colmado-de-ezcaray\/\"><img loading=\"lazy\" decoding=\"async\" width=\"1033\" height=\"437\" src=\"https:\/\/www.visitgastroh.com\/wp-content\/uploads\/2022\/04\/colmado-productos-artesanos.jpg\" class=\"attachment-post-thumbnail size-post-thumbnail wp-post-image\" alt=\"\" srcset=\"https:\/\/www.visitgastroh.com\/wp-content\/uploads\/2022\/04\/colmado-productos-artesanos.jpg 1033w, https:\/\/www.visitgastroh.com\/wp-content\/uploads\/2022\/04\/colmado-productos-artesanos-300x127.jpg 300w, https:\/\/www.visitgastroh.com\/wp-content\/uploads\/2022\/04\/colmado-productos-artesanos-1024x433.jpg 1024w, https:\/\/www.visitgastroh.com\/wp-content\/uploads\/2022\/04\/colmado-productos-artesanos-768x325.jpg 768w\" sizes=\"auto, (max-width: 1033px) 100vw, 1033px\" \/><\/a><\/p><p class=\"store_locator_excerpt\">El Colmado de Ezcaray (Ezcaray) El Colmado de Ezcaray est un adorable magasin familial situ\u00e9 dans la belle ville d&#8217;Ezcaray (La Rioja). Ax\u00e9 sur la vente et la d\u00e9gustation des...<\/p><p class=\"store_locator_address\"><span class=\"store_locator_street\">Calle Sagastia, 5<br\/><\/span> <span class=\"store_locator_zip\">26280<\/span> <span class=\"store_locator_city\">Ezcaray<br\/><\/span> <span class=\"store_locator_region\">La Rioja<\/span> <\/p><p class=\"store_locator_contact\"><span class=\"store_locator_tel\">Tel.: <a href=\"tel:+34 696 500 152\">+34 696 500 152<\/a><br\/><\/span><span class=\"store_locator_email\">Email: <a href=\"mailto:colmadoezcaray@hotmail.com\">colmadoezcaray@hotmail.com<\/a><br\/><\/span><span class=\"store_locator_website\">Website: <a href=\"https:\/\/www.colmadoezcaray.com\/\">https:\/\/www.colmadoezcaray.com\/<\/a><br\/><\/span><\/p><\/div>`,\n      });\n\n    marker24.addListener(\"click\", () => {\n        infowindow24.open({\n          anchor: marker24,\n          map,\n          shouldFocus: false,\n        });\n    });marker25 = new google.maps.Marker({position: {lat: 42.3255114, lng: -3.0146367},map,title: \"El Portal del Echaurren\",});\n    markers.push(marker25);\n    const infowindow25 = new google.maps.InfoWindow({\n        content: `<div id=\"store_locator_infowindow_35101\" class=\"store_locator_infowindow\"><div class=\"store-locator-col-sm-12 store_locator_details\"><h3 class=\"store_locator_name\"><a href=\"https:\/\/www.visitgastroh.com\/fr\/store\/el-portal-del-echaurren\/\">El Portal del Echaurren<\/a><\/h3><p><a href=\"https:\/\/www.visitgastroh.com\/fr\/store\/el-portal-del-echaurren\/\"><img loading=\"lazy\" decoding=\"async\" width=\"1750\" height=\"1165\" src=\"https:\/\/www.visitgastroh.com\/wp-content\/uploads\/2022\/04\/portal-1.jpg\" class=\"attachment-post-thumbnail size-post-thumbnail wp-post-image\" alt=\"\" srcset=\"https:\/\/www.visitgastroh.com\/wp-content\/uploads\/2022\/04\/portal-1.jpg 1750w, https:\/\/www.visitgastroh.com\/wp-content\/uploads\/2022\/04\/portal-1-300x200.jpg 300w, https:\/\/www.visitgastroh.com\/wp-content\/uploads\/2022\/04\/portal-1-1024x682.jpg 1024w, https:\/\/www.visitgastroh.com\/wp-content\/uploads\/2022\/04\/portal-1-768x511.jpg 768w, https:\/\/www.visitgastroh.com\/wp-content\/uploads\/2022\/04\/portal-1-1536x1023.jpg 1536w, https:\/\/www.visitgastroh.com\/wp-content\/uploads\/2022\/04\/portal-1-900x600.jpg 900w\" sizes=\"auto, (max-width: 1750px) 100vw, 1750px\" \/><\/a><\/p><p class=\"store_locator_excerpt\">El Portal del Echaurren (Ezcaray) El Portal est le restaurant gastronomique, con\u00e7u par et pour profiter de la cuisine la plus conceptuelle. Un espace ambitieux o\u00f9 vous pouvez lib\u00e9rer votre...<\/p><p class=\"store_locator_address\"><span class=\"store_locator_street\">Calle Padre Jos\u00e9 Garc\u00eda, 19, <br\/><\/span> <span class=\"store_locator_zip\">26280 <\/span> <span class=\"store_locator_city\">Ezcaray<br\/><\/span> <span class=\"store_locator_region\">La Rioja<\/span> <\/p><p class=\"store_locator_contact\"><span class=\"store_locator_tel\">Tel.: <a href=\"tel:+34 941 354 047\">+34 941 354 047<\/a><br\/><\/span><span class=\"store_locator_email\">Email: <a href=\"mailto:info@echaurren.com\">info@echaurren.com<\/a><br\/><\/span><span class=\"store_locator_website\">Website: <a href=\"https:\/\/echaurren.com\/\">https:\/\/echaurren.com\/<\/a><br\/><\/span><\/p><\/div>`,\n      });\n\n    marker25.addListener(\"click\", () => {\n        infowindow25.open({\n          anchor: marker25,\n          map,\n          shouldFocus: false,\n        });\n    });marker26 = new google.maps.Marker({position: {lat: 42.42403537833246, lng: -2.7070378361984226},map,title: \"ENTREP\u00d4TS JER\",});\n    markers.push(marker26);\n    const infowindow26 = new google.maps.InfoWindow({\n        content: `<div id=\"store_locator_infowindow_28626\" class=\"store_locator_infowindow\"><div class=\"store-locator-col-sm-12 store_locator_details\"><h3 class=\"store_locator_name\"><a href=\"https:\/\/www.visitgastroh.com\/fr\/store\/entrepots-jer\/\">ENTREP\u00d4TS JER<\/a><\/h3><p><a href=\"https:\/\/www.visitgastroh.com\/fr\/store\/entrepots-jer\/\"><img loading=\"lazy\" decoding=\"async\" width=\"945\" height=\"756\" src=\"https:\/\/www.visitgastroh.com\/wp-content\/uploads\/2022\/02\/Diseno-sin-titulo.jpg\" class=\"attachment-post-thumbnail size-post-thumbnail wp-post-image\" alt=\"\" srcset=\"https:\/\/www.visitgastroh.com\/wp-content\/uploads\/2022\/02\/Diseno-sin-titulo.jpg 945w, https:\/\/www.visitgastroh.com\/wp-content\/uploads\/2022\/02\/Diseno-sin-titulo-300x240.jpg 300w, https:\/\/www.visitgastroh.com\/wp-content\/uploads\/2022\/02\/Diseno-sin-titulo-768x614.jpg 768w\" sizes=\"auto, (max-width: 945px) 100vw, 945px\" \/><\/a><\/p><p class=\"store_locator_excerpt\">ENTREP\u00d4TS JER (HUERCCANS) Entreprise viticole familiale actuellement dirig\u00e9e par Eva Cantera, 3\u00e8me g\u00e9n\u00e9ration de la famille travaillant dans les vignobles de la r\u00e9gion de la rivi\u00e8re Najerilla. Des vins Young,...<\/p><p class=\"store_locator_address\"><span class=\"store_locator_street\">Autoroute Planig\u00fcela, pol. 10<br\/><\/span> <span class=\"store_locator_zip\">26314<\/span> <span class=\"store_locator_city\">huercans<br\/><\/span> <span class=\"store_locator_region\">LA RIOJA<\/span> <\/p><p class=\"store_locator_contact\"><span class=\"store_locator_tel\">Tel.: <a href=\"tel:+34 941745020\">+34 941745020<\/a><br\/><\/span><span class=\"store_locator_email\">Email: <a href=\"mailto:info@bodegasjer.es\">info@bodegasjer.es<\/a><br\/><\/span><span class=\"store_locator_mobile\">Mobile: <a href=\"tel:+34 635955448\">+34 635955448<\/a><br\/><\/span><span class=\"store_locator_website\">Website: <a href=\"https:\/\/bodegasjer.es\/\">https:\/\/bodegasjer.es\/<\/a><br\/><\/span><\/p><\/div>`,\n      });\n\n    marker26.addListener(\"click\", () => {\n        infowindow26.open({\n          anchor: marker26,\n          map,\n          shouldFocus: false,\n        });\n    });marker27 = new google.maps.Marker({position: {lat: 42.42402745860121, lng: -2.7070217429443333},map,title: \"ENTREP\u00d4TS JER\",});\n    markers.push(marker27);\n    const infowindow27 = new google.maps.InfoWindow({\n        content: `<div id=\"store_locator_infowindow_28645\" class=\"store_locator_infowindow\"><div class=\"store-locator-col-sm-12 store_locator_details\"><h3 class=\"store_locator_name\"><a href=\"https:\/\/www.visitgastroh.com\/fr\/store\/entrepots-jer-2\/\">ENTREP\u00d4TS JER<\/a><\/h3><p><a href=\"https:\/\/www.visitgastroh.com\/fr\/store\/entrepots-jer-2\/\"><img loading=\"lazy\" decoding=\"async\" width=\"2560\" height=\"1709\" src=\"https:\/\/www.visitgastroh.com\/wp-content\/uploads\/2022\/02\/Reportaje-JER-23-de-77-scaled.jpg\" class=\"attachment-post-thumbnail size-post-thumbnail wp-post-image\" alt=\"\" srcset=\"https:\/\/www.visitgastroh.com\/wp-content\/uploads\/2022\/02\/Reportaje-JER-23-de-77-scaled.jpg 2560w, https:\/\/www.visitgastroh.com\/wp-content\/uploads\/2022\/02\/Reportaje-JER-23-de-77-300x200.jpg 300w, https:\/\/www.visitgastroh.com\/wp-content\/uploads\/2022\/02\/Reportaje-JER-23-de-77-1024x684.jpg 1024w, https:\/\/www.visitgastroh.com\/wp-content\/uploads\/2022\/02\/Reportaje-JER-23-de-77-768x513.jpg 768w, https:\/\/www.visitgastroh.com\/wp-content\/uploads\/2022\/02\/Reportaje-JER-23-de-77-1536x1025.jpg 1536w, https:\/\/www.visitgastroh.com\/wp-content\/uploads\/2022\/02\/Reportaje-JER-23-de-77-2048x1367.jpg 2048w, https:\/\/www.visitgastroh.com\/wp-content\/uploads\/2022\/02\/Reportaje-JER-23-de-77-900x600.jpg 900w\" sizes=\"auto, (max-width: 2560px) 100vw, 2560px\" \/><\/a><\/p><p class=\"store_locator_excerpt\">ENTREP\u00d4TS JER (HUERCCANS) Bodegas JER est une cave familiale de la Rioja Alta, dirig\u00e9e par la troisi\u00e8me g\u00e9n\u00e9ration de la famille Cantera. Ses origines remontent \u00e0 1954, lorsque Javier Cantera...<\/p><p class=\"store_locator_address\"><span class=\"store_locator_street\">Autoroute Planig\u00fcela, pol. 10<br\/><\/span> <span class=\"store_locator_zip\">26314 <\/span> <span class=\"store_locator_city\">huercans<br\/><\/span> <span class=\"store_locator_region\">La Rioja<\/span> <\/p><p class=\"store_locator_contact\"><span class=\"store_locator_tel\">Tel.: <a href=\"tel:+34 941745020\">+34 941745020<\/a><br\/><\/span><span class=\"store_locator_email\">Email: <a href=\"mailto:info@bodegasjer.es\">info@bodegasjer.es<\/a><br\/><\/span><span class=\"store_locator_mobile\">Mobile: <a href=\"tel:+34 635955448  \">+34 635955448  <\/a><br\/><\/span><span class=\"store_locator_website\">Website: <a href=\"https:\/\/bodegasjer.es\/\">https:\/\/bodegasjer.es\/<\/a><br\/><\/span><\/p><\/div>`,\n      });\n\n    marker27.addListener(\"click\", () => {\n        infowindow27.open({\n          anchor: marker27,\n          map,\n          shouldFocus: false,\n        });\n    });marker28 = new google.maps.Marker({position: {lat: 42.46578596300713, lng: -2.445698195700845},map,title: \"EUROSTARS MARQU\u00c9S DE VALLEJO\",});\n    markers.push(marker28);\n    const infowindow28 = new google.maps.InfoWindow({\n        content: `<div id=\"store_locator_infowindow_38679\" class=\"store_locator_infowindow\"><div class=\"store-locator-col-sm-12 store_locator_details\"><h3 class=\"store_locator_name\"><a href=\"https:\/\/www.visitgastroh.com\/fr\/store\/eurostars-marques-de-vallejo\/\">EUROSTARS MARQU\u00c9S DE VALLEJO<\/a><\/h3><p><a href=\"https:\/\/www.visitgastroh.com\/fr\/store\/eurostars-marques-de-vallejo\/\"><img loading=\"lazy\" decoding=\"async\" width=\"2560\" height=\"1709\" src=\"https:\/\/www.visitgastroh.com\/wp-content\/uploads\/2022\/04\/Marques-de-Vallejo-014-scaled.jpg\" class=\"attachment-post-thumbnail size-post-thumbnail wp-post-image\" alt=\"\" srcset=\"https:\/\/www.visitgastroh.com\/wp-content\/uploads\/2022\/04\/Marques-de-Vallejo-014-scaled.jpg 2560w, https:\/\/www.visitgastroh.com\/wp-content\/uploads\/2022\/04\/Marques-de-Vallejo-014-300x200.jpg 300w, https:\/\/www.visitgastroh.com\/wp-content\/uploads\/2022\/04\/Marques-de-Vallejo-014-1024x684.jpg 1024w, https:\/\/www.visitgastroh.com\/wp-content\/uploads\/2022\/04\/Marques-de-Vallejo-014-768x513.jpg 768w, https:\/\/www.visitgastroh.com\/wp-content\/uploads\/2022\/04\/Marques-de-Vallejo-014-1536x1025.jpg 1536w, https:\/\/www.visitgastroh.com\/wp-content\/uploads\/2022\/04\/Marques-de-Vallejo-014-2048x1367.jpg 2048w, https:\/\/www.visitgastroh.com\/wp-content\/uploads\/2022\/04\/Marques-de-Vallejo-014-900x600.jpg 900w\" sizes=\"auto, (max-width: 2560px) 100vw, 2560px\" \/><\/a><\/p><p class=\"store_locator_excerpt\">EUROSTARS MARQU\u00c9S DE VALLEJO Hotel (LOGRONO) Un h\u00f4tel du d\u00e9but du XXe si\u00e8cle au c\u0153ur de Logro\u00f1o. Situ\u00e9 dans l&#8217;un des quartiers les plus exclusifs de la ville , l&#8217;Eurostars...<\/p><p class=\"store_locator_address\"><span class=\"store_locator_street\">Calle Marques de Vallejo n\u00ba8<br\/><\/span> <span class=\"store_locator_zip\">26001<\/span> <span class=\"store_locator_city\">Logro\u00f1o<br\/><\/span> <span class=\"store_locator_region\">La Rioja<\/span> <\/p><p class=\"store_locator_contact\"><span class=\"store_locator_tel\">Tel.: <a href=\"tel:+34 941 248333\">+34 941 248333<\/a><br\/><\/span><span class=\"store_locator_email\">Email: <a href=\"mailto:reservas@eurostarsmarquesdevallejo.com\">reservas@eurostarsmarquesdevallejo.com<\/a><br\/><\/span><span class=\"store_locator_website\">Website: <a href=\"https:\/\/www.eurostarshotels.com\/eurostars-marques-de-vallejo.html?id_referer=GMB\">https:\/\/www.eurostarshotels.com\/eurostars-marques-de-vallejo.html?id_referer=GMB<\/a><br\/><\/span><\/p><\/div>`,\n      });\n\n    marker28.addListener(\"click\", () => {\n        infowindow28.open({\n          anchor: marker28,\n          map,\n          shouldFocus: false,\n        });\n    });marker29 = new google.maps.Marker({position: {lat: 42.570674162243215, lng: -2.851527979762263},map,title: \"EuroWineTours.com\",});\n    markers.push(marker29);\n    const infowindow29 = new google.maps.InfoWindow({\n        content: `<div id=\"store_locator_infowindow_28642\" class=\"store_locator_infowindow\"><div class=\"store-locator-col-sm-12 store_locator_details\"><h3 class=\"store_locator_name\"><a href=\"https:\/\/www.visitgastroh.com\/fr\/store\/eurowinetours-com\/\">EuroWineTours.com<\/a><\/h3><p><a href=\"https:\/\/www.visitgastroh.com\/fr\/store\/eurowinetours-com\/\"><img loading=\"lazy\" decoding=\"async\" width=\"3071\" height=\"1417\" src=\"https:\/\/www.visitgastroh.com\/wp-content\/uploads\/2022\/02\/EUROWINETOURS-WHITE-transparente-1.png\" class=\"attachment-post-thumbnail size-post-thumbnail wp-post-image\" alt=\"\" srcset=\"https:\/\/www.visitgastroh.com\/wp-content\/uploads\/2022\/02\/EUROWINETOURS-WHITE-transparente-1.png 3071w, https:\/\/www.visitgastroh.com\/wp-content\/uploads\/2022\/02\/EUROWINETOURS-WHITE-transparente-1-300x138.png 300w, https:\/\/www.visitgastroh.com\/wp-content\/uploads\/2022\/02\/EUROWINETOURS-WHITE-transparente-1-1024x472.png 1024w, https:\/\/www.visitgastroh.com\/wp-content\/uploads\/2022\/02\/EUROWINETOURS-WHITE-transparente-1-768x354.png 768w, https:\/\/www.visitgastroh.com\/wp-content\/uploads\/2022\/02\/EUROWINETOURS-WHITE-transparente-1-1536x709.png 1536w, https:\/\/www.visitgastroh.com\/wp-content\/uploads\/2022\/02\/EUROWINETOURS-WHITE-transparente-1-2048x945.png 2048w\" sizes=\"auto, (max-width: 3071px) 100vw, 3071px\" \/><\/a><\/p><p class=\"store_locator_excerpt\">EuroWineTours.com Organizaci\u00f3n eventos (HARO) DMC SP\u00c9CIALIS\u00c9 DANS L&#8217;\u0152NOTOURISME ET LA GASTRONOMIE \u00c0 LA RIOJA EUROWINETOURS.COM, r\u00e9cemment cr\u00e9\u00e9 et en cours de d\u00e9veloppement, est situ\u00e9 au c\u0153ur de l&#8217;une des r\u00e9gions...<\/p><p class=\"store_locator_address\"><span class=\"store_locator_street\">Calle Antonio Larrea n\u00ba3 Bajo<br\/><\/span> <span class=\"store_locator_zip\">26200<\/span> <span class=\"store_locator_city\">Haro<br\/><\/span> <span class=\"store_locator_region\">La Rioja<\/span> <\/p><p class=\"store_locator_contact\"><span class=\"store_locator_tel\">Tel.: <a href=\"tel:+34 615745427\">+34 615745427<\/a><br\/><\/span><span class=\"store_locator_email\">Email: <a href=\"mailto:info@eurowinetours.com\">info@eurowinetours.com<\/a><br\/><\/span><span class=\"store_locator_mobile\">Mobile: <a href=\"tel:+34 615745427\">+34 615745427<\/a><br\/><\/span><span class=\"store_locator_website\">Website: <a href=\"https:\/\/eurowinetours.com\">https:\/\/eurowinetours.com<\/a><br\/><\/span><\/p><\/div>`,\n      });\n\n    marker29.addListener(\"click\", () => {\n        infowindow29.open({\n          anchor: marker29,\n          map,\n          shouldFocus: false,\n        });\n    });marker30 = new google.maps.Marker({position: {lat: 42.37642736965864, lng: -2.5228083898437603},map,title: \"FERME DES ARANDINOS\",});\n    markers.push(marker30);\n    const infowindow30 = new google.maps.InfoWindow({\n        content: `<div id=\"store_locator_infowindow_28598\" class=\"store_locator_infowindow\"><div class=\"store-locator-col-sm-12 store_locator_details\"><h3 class=\"store_locator_name\"><a href=\"https:\/\/www.visitgastroh.com\/fr\/store\/ferme-des-arandinos\/\">FERME DES ARANDINOS<\/a><\/h3><p><a href=\"https:\/\/www.visitgastroh.com\/fr\/store\/ferme-des-arandinos\/\"><img loading=\"lazy\" decoding=\"async\" width=\"2560\" height=\"1707\" src=\"https:\/\/www.visitgastroh.com\/wp-content\/uploads\/2022\/03\/EXT-SPA-Y-VINEDOS-scaled.jpg\" class=\"attachment-post-thumbnail size-post-thumbnail wp-post-image\" alt=\"\" srcset=\"https:\/\/www.visitgastroh.com\/wp-content\/uploads\/2022\/03\/EXT-SPA-Y-VINEDOS-scaled.jpg 2560w, https:\/\/www.visitgastroh.com\/wp-content\/uploads\/2022\/03\/EXT-SPA-Y-VINEDOS-300x200.jpg 300w, https:\/\/www.visitgastroh.com\/wp-content\/uploads\/2022\/03\/EXT-SPA-Y-VINEDOS-1024x683.jpg 1024w, https:\/\/www.visitgastroh.com\/wp-content\/uploads\/2022\/03\/EXT-SPA-Y-VINEDOS-768x512.jpg 768w, https:\/\/www.visitgastroh.com\/wp-content\/uploads\/2022\/03\/EXT-SPA-Y-VINEDOS-1536x1024.jpg 1536w, https:\/\/www.visitgastroh.com\/wp-content\/uploads\/2022\/03\/EXT-SPA-Y-VINEDOS-2048x1365.jpg 2048w, https:\/\/www.visitgastroh.com\/wp-content\/uploads\/2022\/03\/EXT-SPA-Y-VINEDOS-900x600.jpg 900w\" sizes=\"auto, (max-width: 2560px) 100vw, 2560px\" \/><\/a><\/p><p class=\"store_locator_excerpt\">FINCA DE LOS ARANDINOS Hotel Cave (FORMER) &nbsp; Finca de los Arandinos est un projet unique \u00e0 La Rioja . C&#8217;est le premier h\u00f4tel quatre \u00e9toiles de la r\u00e9gion avec...<\/p><p class=\"store_locator_address\"><span class=\"store_locator_street\">ROUTE LR 137 KM 4.6<br\/><\/span> <span class=\"store_locator_zip\">26375<\/span> <span class=\"store_locator_city\">former<br\/><\/span> <span class=\"store_locator_region\">La Rioja<\/span> <\/p><p class=\"store_locator_contact\"><span class=\"store_locator_tel\">Tel.: <a href=\"tel:+34 941446126\">+34 941446126<\/a><br\/><\/span><span class=\"store_locator_email\">Email: <a href=\"mailto:bienvenue@fincadelosarandinos.com\">bienvenue@fincadelosarandinos.com<\/a><br\/><\/span><span class=\"store_locator_website\">Website: <a href=\"https:\/\/www.fincadelosarandinos.com\/\">https:\/\/www.fincadelosarandinos.com\/<\/a><br\/><\/span><\/p><\/div>`,\n      });\n\n    marker30.addListener(\"click\", () => {\n        infowindow30.open({\n          anchor: marker30,\n          map,\n          shouldFocus: false,\n        });\n    });marker31 = new google.maps.Marker({position: {lat: 42.55682324694916, lng: -2.972717727033911},map,title: \"Globos Arco Iris\",});\n    markers.push(marker31);\n    const infowindow31 = new google.maps.InfoWindow({\n        content: `<div id=\"store_locator_infowindow_35307\" class=\"store_locator_infowindow\"><div class=\"store-locator-col-sm-12 store_locator_details\"><h3 class=\"store_locator_name\"><a href=\"https:\/\/www.visitgastroh.com\/fr\/store\/globos-arco-iris\/\">Globos Arco Iris<\/a><\/h3><p><a href=\"https:\/\/www.visitgastroh.com\/fr\/store\/globos-arco-iris\/\"><img loading=\"lazy\" decoding=\"async\" width=\"1100\" height=\"1260\" src=\"https:\/\/www.visitgastroh.com\/wp-content\/uploads\/2022\/04\/globo-arco-iris-1.jpg\" class=\"attachment-post-thumbnail size-post-thumbnail wp-post-image\" alt=\"\" srcset=\"https:\/\/www.visitgastroh.com\/wp-content\/uploads\/2022\/04\/globo-arco-iris-1.jpg 1100w, https:\/\/www.visitgastroh.com\/wp-content\/uploads\/2022\/04\/globo-arco-iris-1-262x300.jpg 262w, https:\/\/www.visitgastroh.com\/wp-content\/uploads\/2022\/04\/globo-arco-iris-1-894x1024.jpg 894w, https:\/\/www.visitgastroh.com\/wp-content\/uploads\/2022\/04\/globo-arco-iris-1-768x880.jpg 768w\" sizes=\"auto, (max-width: 1100px) 100vw, 1100px\" \/><\/a><\/p><p class=\"store_locator_excerpt\">GLOBOS ARCO IRIS (CUZCURRITA DE R\u00cdO TIR\u00d3N) Bienvenue sur le site de Globos Arcoiris, une entreprise de La Rioja d\u00e9di\u00e9e aux activit\u00e9s avec des montgolfi\u00e8res avec plus de 20 ans...<\/p><p class=\"store_locator_address\"><span class=\"store_locator_street\">Carretera N-232, km 459<br\/><\/span> <span class=\"store_locator_zip\">26214<\/span> <span class=\"store_locator_city\">Cuzcurrita de R\u00edo Tir\u00f3n<br\/><\/span> <span class=\"store_locator_region\">La Rioja<\/span> <\/p><p class=\"store_locator_contact\"><span class=\"store_locator_tel\">Tel.: <a href=\"tel:+34696489632\">+34696489632<\/a><br\/><\/span><span class=\"store_locator_email\">Email: <a href=\"mailto:info@globosarcoiris.com\">info@globosarcoiris.com<\/a><br\/><\/span><span class=\"store_locator_website\">Website: <a href=\"https:\/\/www.globosarcoiris.com\/\">https:\/\/www.globosarcoiris.com\/<\/a><br\/><\/span><\/p><\/div>`,\n      });\n\n    marker31.addListener(\"click\", () => {\n        infowindow31.open({\n          anchor: marker31,\n          map,\n          shouldFocus: false,\n        });\n    });marker32 = new google.maps.Marker({position: {lat: 42.371394245960076, lng: -2.580575231877127},map,title: \"Gourmet Echapresto\",});\n    markers.push(marker32);\n    const infowindow32 = new google.maps.InfoWindow({\n        content: `<div id=\"store_locator_infowindow_38492\" class=\"store_locator_infowindow\"><div class=\"store-locator-col-sm-12 store_locator_details\"><h3 class=\"store_locator_name\"><a href=\"https:\/\/www.visitgastroh.com\/fr\/store\/gourmet-echapresto\/\">Gourmet Echapresto<\/a><\/h3><p><a href=\"https:\/\/www.visitgastroh.com\/fr\/store\/gourmet-echapresto\/\"><img loading=\"lazy\" decoding=\"async\" width=\"1924\" height=\"2560\" src=\"https:\/\/www.visitgastroh.com\/wp-content\/uploads\/2022\/05\/VENTA-MONCALVILLO-JR03-scaled.jpg\" class=\"attachment-post-thumbnail size-post-thumbnail wp-post-image\" alt=\"\" srcset=\"https:\/\/www.visitgastroh.com\/wp-content\/uploads\/2022\/05\/VENTA-MONCALVILLO-JR03-scaled.jpg 1924w, https:\/\/www.visitgastroh.com\/wp-content\/uploads\/2022\/05\/VENTA-MONCALVILLO-JR03-225x300.jpg 225w, https:\/\/www.visitgastroh.com\/wp-content\/uploads\/2022\/05\/VENTA-MONCALVILLO-JR03-770x1024.jpg 770w, https:\/\/www.visitgastroh.com\/wp-content\/uploads\/2022\/05\/VENTA-MONCALVILLO-JR03-768x1022.jpg 768w, https:\/\/www.visitgastroh.com\/wp-content\/uploads\/2022\/05\/VENTA-MONCALVILLO-JR03-1154x1536.jpg 1154w, https:\/\/www.visitgastroh.com\/wp-content\/uploads\/2022\/05\/VENTA-MONCALVILLO-JR03-1539x2048.jpg 1539w\" sizes=\"auto, (max-width: 1924px) 100vw, 1924px\" \/><\/a><\/p><p class=\"store_locator_excerpt\">RESTAURANTE VENTA MONCALVILLO Restaurante (DAROCA DE RIOJA) Restaurant gastronomique dans la petite ville de Daroca de Rioja, g\u00e9r\u00e9 par les fr\u00e8res Echapresto, le chef Ignacio Echapresto et le sommelier Carlos...<\/p><p class=\"store_locator_address\"><span class=\"store_locator_street\">Ctra. Medrano n\u00ba6<br\/><\/span> <span class=\"store_locator_zip\">26373<\/span> <span class=\"store_locator_city\">Daroca de Rioja<br\/><\/span> <span class=\"store_locator_region\">La Rioja <\/span> <\/p><p class=\"store_locator_contact\"><span class=\"store_locator_tel\">Tel.: <a href=\"tel:+34 941 444 832\">+34 941 444 832<\/a><br\/><\/span><span class=\"store_locator_email\">Email: <a href=\"mailto:info@ventamoncalvillo.com\">info@ventamoncalvillo.com<\/a><br\/><\/span><span class=\"store_locator_website\">Website: <a href=\"https:\/\/ventamoncalvillo.com\">https:\/\/ventamoncalvillo.com<\/a><br\/><\/span><\/p><\/div>`,\n      });\n\n    marker32.addListener(\"click\", () => {\n        infowindow32.open({\n          anchor: marker32,\n          map,\n          shouldFocus: false,\n        });\n    });marker33 = new google.maps.Marker({position: {lat: 42.4654331047037, lng: -2.4487207761268537},map,title: \"GRIL EL TAHITI\",});\n    markers.push(marker33);\n    const infowindow33 = new google.maps.InfoWindow({\n        content: `<div id=\"store_locator_infowindow_28622\" class=\"store_locator_infowindow\"><div class=\"store-locator-col-sm-12 store_locator_details\"><h3 class=\"store_locator_name\"><a href=\"https:\/\/www.visitgastroh.com\/fr\/store\/gril-el-tahiti\/\">GRIL EL TAHITI<\/a><\/h3><p><a href=\"https:\/\/www.visitgastroh.com\/fr\/store\/gril-el-tahiti\/\"><img loading=\"lazy\" decoding=\"async\" width=\"660\" height=\"439\" src=\"https:\/\/www.visitgastroh.com\/wp-content\/uploads\/2022\/01\/Calle-del-laurel.png\" class=\"attachment-post-thumbnail size-post-thumbnail wp-post-image\" alt=\"\" srcset=\"https:\/\/www.visitgastroh.com\/wp-content\/uploads\/2022\/01\/Calle-del-laurel.png 660w, https:\/\/www.visitgastroh.com\/wp-content\/uploads\/2022\/01\/Calle-del-laurel-300x200.png 300w\" sizes=\"auto, (max-width: 660px) 100vw, 660px\" \/><\/a><\/p><p class=\"store_locator_excerpt\">Restaurant TAHITI STEAKHOUSE (LOGRONO) Grillades de viandes et poissons grill\u00e9s. Produits de la r\u00e9gion saisonni\u00e8re (Sp\u00e9cialit\u00e9 de turbot et entrec\u00f4te grill\u00e9e)<\/p><p class=\"store_locator_address\"><span class=\"store_locator_street\">20, rue Laurel<br\/><\/span> <span class=\"store_locator_zip\">26001<\/span> <span class=\"store_locator_city\">Logro\u00f1o <br\/><\/span> <span class=\"store_locator_region\">La Rioja<\/span> <\/p><p class=\"store_locator_contact\"><span class=\"store_locator_tel\">Tel.: <a href=\"tel:+34 941223309\">+34 941223309<\/a><br\/><\/span><span class=\"store_locator_email\">Email: <a href=\"mailto:info@asadoreltahiti.com\">info@asadoreltahiti.com<\/a><br\/><\/span><span class=\"store_locator_mobile\">Mobile: <a href=\"tel:+34 677654853\">+34 677654853<\/a><br\/><\/span><span class=\"store_locator_website\">Website: <a href=\"http:\/\/www.asadoreltahiti.com\">http:\/\/www.asadoreltahiti.com<\/a><br\/><\/span><\/p><\/div>`,\n      });\n\n    marker33.addListener(\"click\", () => {\n        infowindow33.open({\n          anchor: marker33,\n          map,\n          shouldFocus: false,\n        });\n    });marker34 = new google.maps.Marker({position: {lat: 42.6012073, lng: -2.8331329},map,title: \"HOSPEDERIA SE\u00d1OR\u00cdO DE BRI\u00d1AS\",});\n    markers.push(marker34);\n    const infowindow34 = new google.maps.InfoWindow({\n        content: `<div id=\"store_locator_infowindow_28639\" class=\"store_locator_infowindow\"><div class=\"store-locator-col-sm-12 store_locator_details\"><h3 class=\"store_locator_name\"><a href=\"https:\/\/www.visitgastroh.com\/fr\/store\/hospederia-senorio-de-brinas\/\">HOSPEDERIA SE\u00d1OR\u00cdO DE BRI\u00d1AS<\/a><\/h3><p><a href=\"https:\/\/www.visitgastroh.com\/fr\/store\/hospederia-senorio-de-brinas\/\"><img loading=\"lazy\" decoding=\"async\" width=\"2362\" height=\"1539\" src=\"https:\/\/www.visitgastroh.com\/wp-content\/uploads\/2022\/02\/Fachada-09.jpg\" class=\"attachment-post-thumbnail size-post-thumbnail wp-post-image\" alt=\"\" srcset=\"https:\/\/www.visitgastroh.com\/wp-content\/uploads\/2022\/02\/Fachada-09.jpg 2362w, https:\/\/www.visitgastroh.com\/wp-content\/uploads\/2022\/02\/Fachada-09-300x195.jpg 300w, https:\/\/www.visitgastroh.com\/wp-content\/uploads\/2022\/02\/Fachada-09-1024x667.jpg 1024w, https:\/\/www.visitgastroh.com\/wp-content\/uploads\/2022\/02\/Fachada-09-768x500.jpg 768w, https:\/\/www.visitgastroh.com\/wp-content\/uploads\/2022\/02\/Fachada-09-1536x1001.jpg 1536w, https:\/\/www.visitgastroh.com\/wp-content\/uploads\/2022\/02\/Fachada-09-2048x1334.jpg 2048w\" sizes=\"auto, (max-width: 2362px) 100vw, 2362px\" \/><\/a><\/p><p class=\"store_locator_excerpt\">H\u00f4tel HOSPEDERIA SE\u00d1OR\u00cdO DE BRINAS (BRI\u00d1AS) L&#8217;h\u00f4tel Hospeder\u00eda Se\u00f1or\u00edo de Bri\u00f1as est un manoir du XVIIIe si\u00e8cle situ\u00e9 dans cette petite ville de La Rioja, adjacente \u00e0 la province d&#8217;\u00c1lava...<\/p><p class=\"store_locator_address\"><span class=\"store_locator_street\">Rue Se\u00f1or\u00edo de Bri\u00f1as n\u00ba5<br\/><\/span> <span class=\"store_locator_zip\">26290<\/span> <span class=\"store_locator_city\">brins<br\/><\/span> <span class=\"store_locator_region\">La Rioja<\/span> <\/p><p class=\"store_locator_contact\"><span class=\"store_locator_tel\">Tel.: <a href=\"tel:+34 941304224\">+34 941304224<\/a><br\/><\/span><span class=\"store_locator_email\">Email: <a href=\"mailto:info@hotelesconencantodelarioja.com\">info@hotelesconencantodelarioja.com<\/a><br\/><\/span><span class=\"store_locator_website\">Website: <a href=\"https:\/\/hospederiadebrinas.com\/\">https:\/\/hospederiadebrinas.com\/<\/a><br\/><\/span><\/p><\/div>`,\n      });\n\n    marker34.addListener(\"click\", () => {\n        infowindow34.open({\n          anchor: marker34,\n          map,\n          shouldFocus: false,\n        });\n    });marker35 = new google.maps.Marker({position: {lat: 42.41807867200163, lng: -2.7353037128974833},map,title: \"Hostal Ciudad de N\u00e1jera\",});\n    markers.push(marker35);\n    const infowindow35 = new google.maps.InfoWindow({\n        content: `<div id=\"store_locator_infowindow_28632\" class=\"store_locator_infowindow\"><div class=\"store-locator-col-sm-12 store_locator_details\"><h3 class=\"store_locator_name\"><a href=\"https:\/\/www.visitgastroh.com\/fr\/store\/hostal-ciudad-de-najera\/\">Hostal Ciudad de N\u00e1jera<\/a><\/h3><p><a href=\"https:\/\/www.visitgastroh.com\/fr\/store\/hostal-ciudad-de-najera\/\"><img loading=\"lazy\" decoding=\"async\" width=\"1920\" height=\"2560\" src=\"https:\/\/www.visitgastroh.com\/wp-content\/uploads\/2022\/02\/Fachada-1-1-rotated.jpg\" class=\"attachment-post-thumbnail size-post-thumbnail wp-post-image\" alt=\"\" srcset=\"https:\/\/www.visitgastroh.com\/wp-content\/uploads\/2022\/02\/Fachada-1-1-rotated.jpg 1920w, https:\/\/www.visitgastroh.com\/wp-content\/uploads\/2022\/02\/Fachada-1-1-225x300.jpg 225w, https:\/\/www.visitgastroh.com\/wp-content\/uploads\/2022\/02\/Fachada-1-1-768x1024.jpg 768w, https:\/\/www.visitgastroh.com\/wp-content\/uploads\/2022\/02\/Fachada-1-1-1152x1536.jpg 1152w, https:\/\/www.visitgastroh.com\/wp-content\/uploads\/2022\/02\/Fachada-1-1-1536x2048.jpg 1536w\" sizes=\"auto, (max-width: 1920px) 100vw, 1920px\" \/><\/a><\/p><p class=\"store_locator_excerpt\">CIUDAD DE N\u00c1JERA Auberge (NAJERA) Une auberge deux \u00e9toiles nouvellement construite a ouvert ses portes en 2004. Nous sommes situ\u00e9s de mani\u00e8re privil\u00e9gi\u00e9e dans la vieille ville de N\u00e1jera, au...<\/p><p class=\"store_locator_address\"><span class=\"store_locator_street\">Quatri\u00e8me rue de San Miguel n\u00ba14<br\/><\/span> <span class=\"store_locator_zip\">26300<\/span> <span class=\"store_locator_city\">Najera<br\/><\/span> <span class=\"store_locator_region\">La Rioja<\/span> <\/p><p class=\"store_locator_contact\"><span class=\"store_locator_tel\">Tel.: <a href=\"tel:+34 941 360 660\">+34 941 360 660<\/a><br\/><\/span><span class=\"store_locator_email\">Email: <a href=\"mailto:ciudaddenajera@gmail.com\">ciudaddenajera@gmail.com<\/a><br\/><\/span><span class=\"store_locator_website\">Website: <a href=\"https:\/\/www.ciudaddenajera.com\/\">https:\/\/www.ciudaddenajera.com\/<\/a><br\/><\/span><\/p><\/div>`,\n      });\n\n    marker35.addListener(\"click\", () => {\n        infowindow35.open({\n          anchor: marker35,\n          map,\n          shouldFocus: false,\n        });\n    });marker36 = new google.maps.Marker({position: {lat: 42.46814740689208, lng: -2.5615134037048404},map,title: \"HOSTAL LABRANZA\",});\n    markers.push(marker36);\n    const infowindow36 = new google.maps.InfoWindow({\n        content: `<div id=\"store_locator_infowindow_32218\" class=\"store_locator_infowindow\"><div class=\"store-locator-col-sm-12 store_locator_details\"><h3 class=\"store_locator_name\"><a href=\"https:\/\/www.visitgastroh.com\/fr\/store\/hostal-labranza\/\">HOSTAL LABRANZA<\/a><\/h3><p><a href=\"https:\/\/www.visitgastroh.com\/fr\/store\/hostal-labranza\/\"><img loading=\"lazy\" decoding=\"async\" width=\"750\" height=\"304\" src=\"https:\/\/www.visitgastroh.com\/wp-content\/uploads\/2022\/03\/LOGO-2.jpg\" class=\"attachment-post-thumbnail size-post-thumbnail wp-post-image\" alt=\"\" srcset=\"https:\/\/www.visitgastroh.com\/wp-content\/uploads\/2022\/03\/LOGO-2.jpg 750w, https:\/\/www.visitgastroh.com\/wp-content\/uploads\/2022\/03\/LOGO-2-300x122.jpg 300w\" sizes=\"auto, (max-width: 750px) 100vw, 750px\" \/><\/a><\/p><p class=\"store_locator_excerpt\">LABRANZA Hostal (FUENMAYOR) PI\u00c8CES L&#8217;auberge de la ferme dispose de 8 chambres, 5 chambres avec un lit double et 3 avec un lit double, chacune d&#8217;elles appel\u00e9e par un nom...<\/p><p class=\"store_locator_address\"><span class=\"store_locator_street\">Avenida Estaci\u00f3n n\u00ba1<br\/><\/span> <span class=\"store_locator_zip\">26360<\/span> <span class=\"store_locator_city\">Fuenmayor<br\/><\/span> <span class=\"store_locator_region\">La Rioja<\/span> <\/p><p class=\"store_locator_contact\"><span class=\"store_locator_tel\">Tel.: <a href=\"tel:+34 941451028\">+34 941451028<\/a><br\/><\/span><span class=\"store_locator_email\">Email: <a href=\"mailto:info@hostal-labranza.com\">info@hostal-labranza.com<\/a><br\/><\/span><span class=\"store_locator_mobile\">Mobile: <a href=\"tel:+34 636410497\">+34 636410497<\/a><br\/><\/span><span class=\"store_locator_website\">Website: <a href=\"https:\/\/www.hostal-labranza.com\/\">https:\/\/www.hostal-labranza.com\/<\/a><br\/><\/span><\/p><\/div>`,\n      });\n\n    marker36.addListener(\"click\", () => {\n        infowindow36.open({\n          anchor: marker36,\n          map,\n          shouldFocus: false,\n        });\n    });marker37 = new google.maps.Marker({position: {lat: 42.32541699966567, lng: -2.8645204243286093},map,title: \"HOSTERIA SAN MILLAN\",});\n    markers.push(marker37);\n    const infowindow37 = new google.maps.InfoWindow({\n        content: `<div id=\"store_locator_infowindow_34491\" class=\"store_locator_infowindow\"><div class=\"store-locator-col-sm-12 store_locator_details\"><h3 class=\"store_locator_name\"><a href=\"https:\/\/www.visitgastroh.com\/fr\/store\/hosteria-san-millan\/\">HOSTERIA SAN MILLAN<\/a><\/h3><p><a href=\"https:\/\/www.visitgastroh.com\/fr\/store\/hosteria-san-millan\/\"><img loading=\"lazy\" decoding=\"async\" width=\"2560\" height=\"1440\" src=\"https:\/\/www.visitgastroh.com\/wp-content\/uploads\/2022\/02\/SAM_2914-scaled.jpg\" class=\"attachment-post-thumbnail size-post-thumbnail wp-post-image\" alt=\"\" srcset=\"https:\/\/www.visitgastroh.com\/wp-content\/uploads\/2022\/02\/SAM_2914-scaled.jpg 2560w, https:\/\/www.visitgastroh.com\/wp-content\/uploads\/2022\/02\/SAM_2914-300x169.jpg 300w, https:\/\/www.visitgastroh.com\/wp-content\/uploads\/2022\/02\/SAM_2914-1024x576.jpg 1024w, https:\/\/www.visitgastroh.com\/wp-content\/uploads\/2022\/02\/SAM_2914-768x432.jpg 768w, https:\/\/www.visitgastroh.com\/wp-content\/uploads\/2022\/02\/SAM_2914-1536x864.jpg 1536w, https:\/\/www.visitgastroh.com\/wp-content\/uploads\/2022\/02\/SAM_2914-2048x1152.jpg 2048w\" sizes=\"auto, (max-width: 2560px) 100vw, 2560px\" \/><\/a><\/p><p class=\"store_locator_excerpt\">HOSTERIA SAN MILLAN Hotel (SAN MILL\u00c1N DE LA COGOLLA) PLUS QU&#8217;UN H\u00d4TEL DE CHARME \u00c0 LA RIOJA, UNE EXP\u00c9RIENCE INOUBLIABLE S\u00e9journez entre ces murs charg\u00e9s d&#8217;histoire, un site du patrimoine...<\/p><p class=\"store_locator_address\"><span class=\"store_locator_street\">Plaza de Yuso (Monasterio de Yuso)<br\/><\/span> <span class=\"store_locator_zip\">26326<\/span> <span class=\"store_locator_city\">San Mill\u00e1n de la Cogolla<br\/><\/span> <span class=\"store_locator_region\">La Rioja<\/span> <\/p><p class=\"store_locator_contact\"><span class=\"store_locator_tel\">Tel.: <a href=\"tel:+34941373277\">+34941373277<\/a><br\/><\/span><span class=\"store_locator_email\">Email: <a href=\"mailto:info@hosteriasanmillan.com\">info@hosteriasanmillan.com<\/a><br\/><\/span><span class=\"store_locator_website\">Website: <a href=\"https:\/\/hosteriasanmillan.com\/\">https:\/\/hosteriasanmillan.com\/<\/a><br\/><\/span><\/p><\/div>`,\n      });\n\n    marker37.addListener(\"click\", () => {\n        infowindow37.open({\n          anchor: marker37,\n          map,\n          shouldFocus: false,\n        });\n    });marker38 = new google.maps.Marker({position: {lat: 42.450080497349916, lng: -3.0266676158691475},map,title: \"H\u00f4tel Casa Grande\",});\n    markers.push(marker38);\n    const infowindow38 = new google.maps.InfoWindow({\n        content: `<div id=\"store_locator_infowindow_28636\" class=\"store_locator_infowindow\"><div class=\"store-locator-col-sm-12 store_locator_details\"><h3 class=\"store_locator_name\"><a href=\"https:\/\/www.visitgastroh.com\/fr\/store\/hotel-casa-grande\/\">H\u00f4tel Casa Grande<\/a><\/h3><p><a href=\"https:\/\/www.visitgastroh.com\/fr\/store\/hotel-casa-grande\/\"><img loading=\"lazy\" decoding=\"async\" width=\"1024\" height=\"768\" src=\"https:\/\/www.visitgastroh.com\/wp-content\/uploads\/2022\/02\/IMG-20200611-WA0007.jpg\" class=\"attachment-post-thumbnail size-post-thumbnail wp-post-image\" alt=\"\" srcset=\"https:\/\/www.visitgastroh.com\/wp-content\/uploads\/2022\/02\/IMG-20200611-WA0007.jpg 1024w, https:\/\/www.visitgastroh.com\/wp-content\/uploads\/2022\/02\/IMG-20200611-WA0007-300x225.jpg 300w, https:\/\/www.visitgastroh.com\/wp-content\/uploads\/2022\/02\/IMG-20200611-WA0007-768x576.jpg 768w\" sizes=\"auto, (max-width: 1024px) 100vw, 1024px\" \/><\/a><\/p><p class=\"store_locator_excerpt\">GRANDE MAISON H\u00f4tel **** (GROUGE) Boutique H\u00f4tel 4 \u00e9toiles, con\u00e7u par Frencesc Rif\u00e9, nous avons 11 chambres et un restaurant. Nous sommes devant la place de l&#8217;\u00e9glise, la plus ancienne...<\/p><p class=\"store_locator_address\"><span class=\"store_locator_street\">Calle El Ca\u00f1o n\u00ba13<br\/><\/span> <span class=\"store_locator_zip\">26259<\/span> <span class=\"store_locator_city\">super<br\/><\/span> <span class=\"store_locator_region\">La Rioja<\/span> <\/p><p class=\"store_locator_contact\"><span class=\"store_locator_tel\">Tel.: <a href=\"tel:+34 605982303  \">+34 605982303  <\/a><br\/><\/span><span class=\"store_locator_email\">Email: <a href=\"mailto:info@casagrandehotel.net \">info@casagrandehotel.net <\/a><br\/><\/span><span class=\"store_locator_mobile\">Mobile: <a href=\"tel:+34 605982303  \">+34 605982303  <\/a><br\/><\/span><span class=\"store_locator_website\">Website: <a href=\"https:\/\/casagrandehotel.net\/\">https:\/\/casagrandehotel.net\/<\/a><br\/><\/span><\/p><\/div>`,\n      });\n\n    marker38.addListener(\"click\", () => {\n        infowindow38.open({\n          anchor: marker38,\n          map,\n          shouldFocus: false,\n        });\n    });marker39 = new google.maps.Marker({position: {lat: 42.46535488870243, lng: -2.4516768767211827},map,title: \"H\u00f4tel Condes de Haro\",});\n    markers.push(marker39);\n    const infowindow39 = new google.maps.InfoWindow({\n        content: `<div id=\"store_locator_infowindow_28611\" class=\"store_locator_infowindow\"><div class=\"store-locator-col-sm-12 store_locator_details\"><h3 class=\"store_locator_name\"><a href=\"https:\/\/www.visitgastroh.com\/fr\/store\/hotel-condes-de-haro\/\">H\u00f4tel Condes de Haro<\/a><\/h3><p><a href=\"https:\/\/www.visitgastroh.com\/fr\/store\/hotel-condes-de-haro\/\"><img loading=\"lazy\" decoding=\"async\" width=\"2000\" height=\"1328\" src=\"https:\/\/www.visitgastroh.com\/wp-content\/uploads\/2022\/02\/11-con-panel.jpg\" class=\"attachment-post-thumbnail size-post-thumbnail wp-post-image\" alt=\"\" srcset=\"https:\/\/www.visitgastroh.com\/wp-content\/uploads\/2022\/02\/11-con-panel.jpg 2000w, https:\/\/www.visitgastroh.com\/wp-content\/uploads\/2022\/02\/11-con-panel-300x199.jpg 300w, https:\/\/www.visitgastroh.com\/wp-content\/uploads\/2022\/02\/11-con-panel-1024x680.jpg 1024w, https:\/\/www.visitgastroh.com\/wp-content\/uploads\/2022\/02\/11-con-panel-768x510.jpg 768w, https:\/\/www.visitgastroh.com\/wp-content\/uploads\/2022\/02\/11-con-panel-1536x1020.jpg 1536w\" sizes=\"auto, (max-width: 2000px) 100vw, 2000px\" \/><\/a><\/p><p class=\"store_locator_excerpt\">COMTES DE HARO H\u00f4tel (LOGRONO) H\u00f4tel de construction moderne, situ\u00e9 dans le centre de Logro\u00f1o, \u00e0 quelques m\u00e8tres des zones de loisirs et d&#8217;affaires de la ville. Il dispose de...<\/p><p class=\"store_locator_address\"><span class=\"store_locator_street\">6, rue Saturnino Ulargui<br\/><\/span> <span class=\"store_locator_zip\">26001<\/span> <span class=\"store_locator_city\">Logro\u00f1o<br\/><\/span> <span class=\"store_locator_region\">La Rioja<\/span> <\/p><p class=\"store_locator_contact\"><span class=\"store_locator_tel\">Tel.: <a href=\"tel:+34 941208500\">+34 941208500<\/a><br\/><\/span><span class=\"store_locator_email\">Email: <a href=\"mailto:reserva@hotelcondesdeharo.com\">reserva@hotelcondesdeharo.com<\/a><br\/><\/span><span class=\"store_locator_mobile\">Mobile: <a href=\"tel:+34 648207104\">+34 648207104<\/a><br\/><\/span><span class=\"store_locator_website\">Website: <a href=\"https:\/\/hotelcondesdeharo.com\/es\/\">https:\/\/hotelcondesdeharo.com\/es\/<\/a><br\/><\/span><\/p><\/div>`,\n      });\n\n    marker39.addListener(\"click\", () => {\n        infowindow39.open({\n          anchor: marker39,\n          map,\n          shouldFocus: false,\n        });\n    });marker40 = new google.maps.Marker({position: {lat: 42.3255114, lng: -3.0146367},map,title: \"Hotel Echaurren\",});\n    markers.push(marker40);\n    const infowindow40 = new google.maps.InfoWindow({\n        content: `<div id=\"store_locator_infowindow_35099\" class=\"store_locator_infowindow\"><div class=\"store-locator-col-sm-12 store_locator_details\"><h3 class=\"store_locator_name\"><a href=\"https:\/\/www.visitgastroh.com\/fr\/store\/hotel-echaurren\/\">Hotel Echaurren<\/a><\/h3><p><a href=\"https:\/\/www.visitgastroh.com\/fr\/store\/hotel-echaurren\/\"><img loading=\"lazy\" decoding=\"async\" width=\"2200\" height=\"1148\" src=\"https:\/\/www.visitgastroh.com\/wp-content\/uploads\/2022\/04\/hotel-echaurren-fachada.jpg\" class=\"attachment-post-thumbnail size-post-thumbnail wp-post-image\" alt=\"\" srcset=\"https:\/\/www.visitgastroh.com\/wp-content\/uploads\/2022\/04\/hotel-echaurren-fachada.jpg 2200w, https:\/\/www.visitgastroh.com\/wp-content\/uploads\/2022\/04\/hotel-echaurren-fachada-300x157.jpg 300w, https:\/\/www.visitgastroh.com\/wp-content\/uploads\/2022\/04\/hotel-echaurren-fachada-1024x534.jpg 1024w, https:\/\/www.visitgastroh.com\/wp-content\/uploads\/2022\/04\/hotel-echaurren-fachada-768x401.jpg 768w, https:\/\/www.visitgastroh.com\/wp-content\/uploads\/2022\/04\/hotel-echaurren-fachada-1536x802.jpg 1536w, https:\/\/www.visitgastroh.com\/wp-content\/uploads\/2022\/04\/hotel-echaurren-fachada-2048x1069.jpg 2048w\" sizes=\"auto, (max-width: 2200px) 100vw, 2200px\" \/><\/a><\/p><p class=\"store_locator_excerpt\">Hotel Echaurren Relais &amp; Ch\u00e2teaux (Ezcaray) Une maison centenaire enti\u00e8rement r\u00e9habilit\u00e9e par le studio d&#8217;architecture Picado de Blas \u00e0 Madrid, qui a su transformer cet ancien relais de poste en...<\/p><p class=\"store_locator_address\"><span class=\"store_locator_street\">Padre Jos\u00e9 Garc\u00eda, 19<br\/><\/span> <span class=\"store_locator_zip\">26280 <\/span> <span class=\"store_locator_city\">Ezcaray<br\/><\/span> <span class=\"store_locator_region\">La Rioja<\/span> <\/p><p class=\"store_locator_contact\"><span class=\"store_locator_tel\">Tel.: <a href=\"tel:+34 941 35 40 47\">+34 941 35 40 47<\/a><br\/><\/span><span class=\"store_locator_email\">Email: <a href=\"mailto:info@echaurren.com\">info@echaurren.com<\/a><br\/><\/span><span class=\"store_locator_website\">Website: <a href=\"https:\/\/echaurren.com\/\">https:\/\/echaurren.com\/<\/a><br\/><\/span><\/p><\/div>`,\n      });\n\n    marker40.addListener(\"click\", () => {\n        infowindow40.open({\n          anchor: marker40,\n          map,\n          shouldFocus: false,\n        });\n    });marker41 = new google.maps.Marker({position: {lat: 42.46852195198962, lng: -2.443095083605966},map,title: \"H\u00d4TEL FG LOGRO\u00d1O\",});\n    markers.push(marker41);\n    const infowindow41 = new google.maps.InfoWindow({\n        content: `<div id=\"store_locator_infowindow_28621\" class=\"store_locator_infowindow\"><div class=\"store-locator-col-sm-12 store_locator_details\"><h3 class=\"store_locator_name\"><a href=\"https:\/\/www.visitgastroh.com\/fr\/store\/hotel-fg-logrono\/\">H\u00d4TEL FG LOGRO\u00d1O<\/a><\/h3><p><a href=\"https:\/\/www.visitgastroh.com\/fr\/store\/hotel-fg-logrono\/\"><img loading=\"lazy\" decoding=\"async\" width=\"2560\" height=\"1707\" src=\"https:\/\/www.visitgastroh.com\/wp-content\/uploads\/2022\/02\/IMG_4454-scaled.jpg\" class=\"attachment-post-thumbnail size-post-thumbnail wp-post-image\" alt=\"\" srcset=\"https:\/\/www.visitgastroh.com\/wp-content\/uploads\/2022\/02\/IMG_4454-scaled.jpg 2560w, https:\/\/www.visitgastroh.com\/wp-content\/uploads\/2022\/02\/IMG_4454-300x200.jpg 300w, https:\/\/www.visitgastroh.com\/wp-content\/uploads\/2022\/02\/IMG_4454-1024x683.jpg 1024w, https:\/\/www.visitgastroh.com\/wp-content\/uploads\/2022\/02\/IMG_4454-768x512.jpg 768w, https:\/\/www.visitgastroh.com\/wp-content\/uploads\/2022\/02\/IMG_4454-1536x1024.jpg 1536w, https:\/\/www.visitgastroh.com\/wp-content\/uploads\/2022\/02\/IMG_4454-2048x1365.jpg 2048w, https:\/\/www.visitgastroh.com\/wp-content\/uploads\/2022\/02\/IMG_4454-900x600.jpg 900w\" sizes=\"auto, (max-width: 2560px) 100vw, 2560px\" \/><\/a><\/p><p class=\"store_locator_excerpt\">H\u00f4tel FG LOGRO\u00d1O (LOGRONO) Situ\u00e9 dans le centre historique de la ville, dans l&#8217;une de ses entr\u00e9es principales, El Puente de Piedra. Ses chambres offrent au client une vue magnifique...<\/p><p class=\"store_locator_address\"><span class=\"store_locator_street\">Avenue Viana n \u00b0 2-4<br\/><\/span> <span class=\"store_locator_zip\">26001<\/span> <span class=\"store_locator_city\">Logro\u00f1o<br\/><\/span> <span class=\"store_locator_region\">La Rioja<\/span> <\/p><p class=\"store_locator_contact\"><span class=\"store_locator_tel\">Tel.: <a href=\"tel:+34 941008900\">+34 941008900<\/a><br\/><\/span><span class=\"store_locator_email\">Email: <a href=\"mailto:reservations.logrono@fghotels.com\">reservations.logrono@fghotels.com<\/a><br\/><\/span><span class=\"store_locator_mobile\">Mobile: <a href=\"tel:+34 658956245\">+34 658956245<\/a><br\/><\/span><span class=\"store_locator_website\">Website: <a href=\"https:\/\/www.fglogrono-hotel.com\/es\/\">https:\/\/www.fglogrono-hotel.com\/es\/<\/a><br\/><\/span><\/p><\/div>`,\n      });\n\n    marker41.addListener(\"click\", () => {\n        infowindow41.open({\n          anchor: marker41,\n          map,\n          shouldFocus: false,\n        });\n    });marker42 = new google.maps.Marker({position: {lat: 42.464794, lng: -2.4542723},map,title: \"HOTEL GRAN VIA\",});\n    markers.push(marker42);\n    const infowindow42 = new google.maps.InfoWindow({\n        content: `<div id=\"store_locator_infowindow_28652\" class=\"store_locator_infowindow\"><div class=\"store-locator-col-sm-12 store_locator_details\"><h3 class=\"store_locator_name\"><a href=\"https:\/\/www.visitgastroh.com\/fr\/store\/hotel-gran-via\/\">HOTEL GRAN VIA<\/a><\/h3><p><a href=\"https:\/\/www.visitgastroh.com\/fr\/store\/hotel-gran-via\/\"><img loading=\"lazy\" decoding=\"async\" width=\"2560\" height=\"1915\" src=\"https:\/\/www.visitgastroh.com\/wp-content\/uploads\/2022\/02\/IMG_20180130_215600_914-002-scaled.jpg\" class=\"attachment-post-thumbnail size-post-thumbnail wp-post-image\" alt=\"\" srcset=\"https:\/\/www.visitgastroh.com\/wp-content\/uploads\/2022\/02\/IMG_20180130_215600_914-002-scaled.jpg 2560w, https:\/\/www.visitgastroh.com\/wp-content\/uploads\/2022\/02\/IMG_20180130_215600_914-002-300x224.jpg 300w, https:\/\/www.visitgastroh.com\/wp-content\/uploads\/2022\/02\/IMG_20180130_215600_914-002-1024x766.jpg 1024w, https:\/\/www.visitgastroh.com\/wp-content\/uploads\/2022\/02\/IMG_20180130_215600_914-002-768x574.jpg 768w, https:\/\/www.visitgastroh.com\/wp-content\/uploads\/2022\/02\/IMG_20180130_215600_914-002-1536x1149.jpg 1536w, https:\/\/www.visitgastroh.com\/wp-content\/uploads\/2022\/02\/IMG_20180130_215600_914-002-2048x1532.jpg 2048w\" sizes=\"auto, (max-width: 2560px) 100vw, 2560px\" \/><\/a><\/p><p class=\"store_locator_excerpt\">GRAN VIA **** Hotel (LOGRONO) L&#8217;H\u00d4TEL GRAN VIA LOGRO\u00d1O **** est situ\u00e9 dans la rue principale de la ville, en passant par le Camino de Santiago \u00e0 travers Tierras Riojanas,...<\/p><p class=\"store_locator_address\"><span class=\"store_locator_street\">Av. Gran V\u00eda Juan Carlos I, 71<br\/><\/span> <span class=\"store_locator_zip\">26005<\/span> <span class=\"store_locator_city\">Logro\u00f1o<br\/><\/span> <span class=\"store_locator_region\">La Rioja<\/span> <\/p><p class=\"store_locator_contact\"><span class=\"store_locator_tel\">Tel.: <a href=\"tel:+34 941 287 850\">+34 941 287 850<\/a><br\/><\/span><span class=\"store_locator_email\">Email: <a href=\"mailto:granvia@hotelgranvialogrono.com\">granvia@hotelgranvialogrono.com<\/a><br\/><\/span><span class=\"store_locator_website\">Website: <a href=\"www.hotelgranvialogrono.com\">www.hotelgranvialogrono.com<\/a><br\/><\/span><\/p><\/div>`,\n      });\n\n    marker42.addListener(\"click\", () => {\n        infowindow42.open({\n          anchor: marker42,\n          map,\n          shouldFocus: false,\n        });\n    });marker43 = new google.maps.Marker({position: {lat: 42.2245205, lng: -2.1085533},map,title: \"H\u00f4tel Ibis Styles Arnedo la rioja\",});\n    markers.push(marker43);\n    const infowindow43 = new google.maps.InfoWindow({\n        content: `<div id=\"store_locator_infowindow_28653\" class=\"store_locator_infowindow\"><div class=\"store-locator-col-sm-12 store_locator_details\"><h3 class=\"store_locator_name\"><a href=\"https:\/\/www.visitgastroh.com\/fr\/store\/hotel-ibis-styles-arnedo-la-rioja\/\">H\u00f4tel Ibis Styles Arnedo la rioja<\/a><\/h3><p><a href=\"https:\/\/www.visitgastroh.com\/fr\/store\/hotel-ibis-styles-arnedo-la-rioja\/\"><img loading=\"lazy\" decoding=\"async\" width=\"1110\" height=\"787\" src=\"https:\/\/www.visitgastroh.com\/wp-content\/uploads\/2022\/02\/Hotel-tematico-del-calzado-cama.jpg\" class=\"attachment-post-thumbnail size-post-thumbnail wp-post-image\" alt=\"\" srcset=\"https:\/\/www.visitgastroh.com\/wp-content\/uploads\/2022\/02\/Hotel-tematico-del-calzado-cama.jpg 1110w, https:\/\/www.visitgastroh.com\/wp-content\/uploads\/2022\/02\/Hotel-tematico-del-calzado-cama-300x213.jpg 300w, https:\/\/www.visitgastroh.com\/wp-content\/uploads\/2022\/02\/Hotel-tematico-del-calzado-cama-1024x726.jpg 1024w, https:\/\/www.visitgastroh.com\/wp-content\/uploads\/2022\/02\/Hotel-tematico-del-calzado-cama-768x545.jpg 768w\" sizes=\"auto, (max-width: 1110px) 100vw, 1110px\" \/><\/a><\/p><p class=\"store_locator_excerpt\">H\u00f4tel &#8211; Restaurant IBIS STYLES (ARN\u00c9DO) Nous sommes toujours les m\u00eames : l&#8217;h\u00f4tel Victoria. Ceux d&#8217;entre nous qui pendant des d\u00e9cennies ont \u00e9t\u00e9 au service d&#8217;Arnedanos et ceux qui nous...<\/p><p class=\"store_locator_address\"><span class=\"store_locator_street\">Marche de la constitution n\u00ba 97<br\/><\/span> <span class=\"store_locator_zip\">26580<\/span> <span class=\"store_locator_city\">Arnedo<br\/><\/span> <span class=\"store_locator_region\">La Rioja<\/span> <\/p><p class=\"store_locator_contact\"><span class=\"store_locator_tel\">Tel.: <a href=\"tel:+34 941 380 100\">+34 941 380 100<\/a><br\/><\/span><span class=\"store_locator_email\">Email: <a href=\"mailto:reserva@victoriarestauracion.es\">reserva@victoriarestauracion.es<\/a><br\/><\/span><span class=\"store_locator_website\">Website: <a href=\"https:\/\/victoriarestauracion.es\">https:\/\/victoriarestauracion.es<\/a><br\/><\/span><\/p><\/div>`,\n      });\n\n    marker43.addListener(\"click\", () => {\n        infowindow43.open({\n          anchor: marker43,\n          map,\n          shouldFocus: false,\n        });\n    });marker44 = new google.maps.Marker({position: {lat: 42.465772359705014, lng: -2.452466362149055},map,title: \"H\u00d4TEL NH HERENCIA RIOJA\",});\n    markers.push(marker44);\n    const infowindow44 = new google.maps.InfoWindow({\n        content: `<div id=\"store_locator_infowindow_28650\" class=\"store_locator_infowindow\"><div class=\"store-locator-col-sm-12 store_locator_details\"><h3 class=\"store_locator_name\"><a href=\"https:\/\/www.visitgastroh.com\/fr\/store\/hotel-nh-herencia-rioja\/\">H\u00d4TEL NH HERENCIA RIOJA<\/a><\/h3><p><a href=\"https:\/\/www.visitgastroh.com\/fr\/store\/hotel-nh-herencia-rioja\/\"><img loading=\"lazy\" decoding=\"async\" width=\"330\" height=\"210\" src=\"https:\/\/www.visitgastroh.com\/wp-content\/uploads\/2022\/02\/RSPNS_NH_herencia-rioja_187_big1.jpg\" class=\"attachment-post-thumbnail size-post-thumbnail wp-post-image\" alt=\"\" srcset=\"https:\/\/www.visitgastroh.com\/wp-content\/uploads\/2022\/02\/RSPNS_NH_herencia-rioja_187_big1.jpg 330w, https:\/\/www.visitgastroh.com\/wp-content\/uploads\/2022\/02\/RSPNS_NH_herencia-rioja_187_big1-300x191.jpg 300w\" sizes=\"auto, (max-width: 330px) 100vw, 330px\" \/><\/a><\/p><p class=\"store_locator_excerpt\">H\u00f4tel-Restaurant NH HERENCIA RIOJA (LOGRO\u00d1O) L&#8217;h\u00f4tel NH Logro\u00f1o Herencia Rioja est situ\u00e9 au c\u0153ur de Logro\u00f1o, \u00e0 moins de 5 minutes \u00e0 pied de la vieille ville, du quartier commer\u00e7ant...<\/p><p class=\"store_locator_address\"><span class=\"store_locator_street\">14, rue Marques de Murrieta<br\/><\/span> <span class=\"store_locator_zip\">26005<\/span> <span class=\"store_locator_city\">LOGRONO<br\/><\/span> <span class=\"store_locator_region\">LA RIOJA<\/span> <\/p><p class=\"store_locator_contact\"><span class=\"store_locator_tel\">Tel.: <a href=\"tel:+34 941210222\">+34 941210222<\/a><br\/><\/span><span class=\"store_locator_email\">Email: <a href=\"mailto:nhherenciarioja@nh-hotels.com\">nhherenciarioja@nh-hotels.com<\/a><br\/><\/span><span class=\"store_locator_website\">Website: <a href=\"https:\/\/www.nh-hotels.com\/\">https:\/\/www.nh-hotels.com\/<\/a><br\/><\/span><\/p><\/div>`,\n      });\n\n    marker44.addListener(\"click\", () => {\n        infowindow44.open({\n          anchor: marker44,\n          map,\n          shouldFocus: false,\n        });\n    });marker45 = new google.maps.Marker({position: {lat: 42.32584, lng: -3.014094},map,title: \"H\u00f4tel Palacio Azcarate\",});\n    markers.push(marker45);\n    const infowindow45 = new google.maps.InfoWindow({\n        content: `<div id=\"store_locator_infowindow_28583\" class=\"store_locator_infowindow\"><div class=\"store-locator-col-sm-12 store_locator_details\"><h3 class=\"store_locator_name\"><a href=\"https:\/\/www.visitgastroh.com\/fr\/store\/palacio-azcarate-hotel-appartements-restaurant\/\">H\u00f4tel Palacio Azcarate<\/a><\/h3><p><a href=\"https:\/\/www.visitgastroh.com\/fr\/store\/palacio-azcarate-hotel-appartements-restaurant\/\"><img loading=\"lazy\" decoding=\"async\" width=\"636\" height=\"513\" src=\"https:\/\/www.visitgastroh.com\/wp-content\/uploads\/2022\/03\/PA-05.jpg\" class=\"attachment-post-thumbnail size-post-thumbnail wp-post-image\" alt=\"\" srcset=\"https:\/\/www.visitgastroh.com\/wp-content\/uploads\/2022\/03\/PA-05.jpg 636w, https:\/\/www.visitgastroh.com\/wp-content\/uploads\/2022\/03\/PA-05-300x242.jpg 300w\" sizes=\"auto, (max-width: 636px) 100vw, 636px\" \/><\/a><\/p><p class=\"store_locator_excerpt\">H\u00f4tel PALACIO AZCARATE (EZCARAY) Maison de ma\u00eetre de charme situ\u00e9e dans une maison de ma\u00eetre r\u00e9habilit\u00e9e et prot\u00e9g\u00e9e par le patrimoine. Dans sa d\u00e9coration, la chaleur des bois nobles, les...<\/p><p class=\"store_locator_address\"><span class=\"store_locator_street\">Calle Padre Jos\u00e9 Garc\u00eda n\u00ba 17<br\/><\/span> <span class=\"store_locator_zip\">26280<\/span> <span class=\"store_locator_city\">Ezcaray<br\/><\/span> <span class=\"store_locator_region\">La Rioja<\/span> <\/p><p class=\"store_locator_contact\"><span class=\"store_locator_tel\">Tel.: <a href=\"tel:+34 941427282\">+34 941427282<\/a><br\/><\/span><span class=\"store_locator_email\">Email: <a href=\"mailto:info@palacioazcarate.com\">info@palacioazcarate.com<\/a><br\/><\/span><span class=\"store_locator_website\">Website: <a href=\"https:\/\/www.palacioazcarate.com\/\">https:\/\/www.palacioazcarate.com\/<\/a><br\/><\/span><\/p><\/div>`,\n      });\n\n    marker45.addListener(\"click\", () => {\n        infowindow45.open({\n          anchor: marker45,\n          map,\n          shouldFocus: false,\n        });\n    });marker46 = new google.maps.Marker({position: {lat: 42.174536, lng: -1.7500463},map,title: \"H\u00d4TEL PALACIOS RIOJA\",});\n    markers.push(marker46);\n    const infowindow46 = new google.maps.InfoWindow({\n        content: `<div id=\"store_locator_infowindow_28646\" class=\"store_locator_infowindow\"><div class=\"store-locator-col-sm-12 store_locator_details\"><h3 class=\"store_locator_name\"><a href=\"https:\/\/www.visitgastroh.com\/fr\/store\/hotel-palacios-rioja\/\">H\u00d4TEL PALACIOS RIOJA<\/a><\/h3><p><a href=\"https:\/\/www.visitgastroh.com\/fr\/store\/hotel-palacios-rioja\/\"><img loading=\"lazy\" decoding=\"async\" width=\"1500\" height=\"1000\" src=\"https:\/\/www.visitgastroh.com\/wp-content\/uploads\/2022\/03\/29_HotelPalacios_Exterior.jpg\" class=\"attachment-post-thumbnail size-post-thumbnail wp-post-image\" alt=\"\" srcset=\"https:\/\/www.visitgastroh.com\/wp-content\/uploads\/2022\/03\/29_HotelPalacios_Exterior.jpg 1500w, https:\/\/www.visitgastroh.com\/wp-content\/uploads\/2022\/03\/29_HotelPalacios_Exterior-300x200.jpg 300w, https:\/\/www.visitgastroh.com\/wp-content\/uploads\/2022\/03\/29_HotelPalacios_Exterior-1024x683.jpg 1024w, https:\/\/www.visitgastroh.com\/wp-content\/uploads\/2022\/03\/29_HotelPalacios_Exterior-768x512.jpg 768w, https:\/\/www.visitgastroh.com\/wp-content\/uploads\/2022\/03\/29_HotelPalacios_Exterior-900x600.jpg 900w\" sizes=\"auto, (max-width: 1500px) 100vw, 1500px\" \/><\/a><\/p><p class=\"store_locator_excerpt\">HOTEL PALACIOS RIOJA H\u00f4tel (ALFARO) L&#8217;h\u00f4tel Palacios Rioja est situ\u00e9 \u00e0 Alfaro, \u00e0 c\u00f4t\u00e9 de l&#8217;autoroute AP-68, \u00e0 proximit\u00e9 de Senda Viva, du parc \u00e0 th\u00e8me pour enfants et du...<\/p><p class=\"store_locator_address\"><span class=\"store_locator_street\">Avenue de Saragosse n\u00b0 6<br\/><\/span> <span class=\"store_locator_zip\">26540<\/span> <span class=\"store_locator_city\">Alfaro<br\/><\/span> <span class=\"store_locator_region\">La Rioja<\/span> <\/p><p class=\"store_locator_contact\"><span class=\"store_locator_tel\">Tel.: <a href=\"tel:+34 941180100\">+34 941180100<\/a><br\/><\/span><span class=\"store_locator_email\">Email: <a href=\"mailto:info@palacioshotel.com\">info@palacioshotel.com<\/a><br\/><\/span><span class=\"store_locator_website\">Website: <a href=\"https:\/\/www.palacioshotel.com\/es\/\">https:\/\/www.palacioshotel.com\/es\/<\/a><br\/><\/span><\/p><\/div>`,\n      });\n\n    marker46.addListener(\"click\", () => {\n        infowindow46.open({\n          anchor: marker46,\n          map,\n          shouldFocus: false,\n        });\n    });marker47 = new google.maps.Marker({position: {lat: 42.5882735, lng: -2.9605089},map,title: \"H\u00d4TEL POSADA DE SAJAZARRA\",});\n    markers.push(marker47);\n    const infowindow47 = new google.maps.InfoWindow({\n        content: `<div id=\"store_locator_infowindow_28651\" class=\"store_locator_infowindow\"><div class=\"store-locator-col-sm-12 store_locator_details\"><h3 class=\"store_locator_name\"><a href=\"https:\/\/www.visitgastroh.com\/fr\/store\/hotel-posada-de-sajazarra\/\">H\u00d4TEL POSADA DE SAJAZARRA<\/a><\/h3><p><a href=\"https:\/\/www.visitgastroh.com\/fr\/store\/hotel-posada-de-sajazarra\/\"><img loading=\"lazy\" decoding=\"async\" width=\"2560\" height=\"1707\" src=\"https:\/\/www.visitgastroh.com\/wp-content\/uploads\/2022\/02\/05LaSuite-scaled.jpg\" class=\"attachment-post-thumbnail size-post-thumbnail wp-post-image\" alt=\"\" srcset=\"https:\/\/www.visitgastroh.com\/wp-content\/uploads\/2022\/02\/05LaSuite-scaled.jpg 2560w, https:\/\/www.visitgastroh.com\/wp-content\/uploads\/2022\/02\/05LaSuite-300x200.jpg 300w, https:\/\/www.visitgastroh.com\/wp-content\/uploads\/2022\/02\/05LaSuite-1024x683.jpg 1024w, https:\/\/www.visitgastroh.com\/wp-content\/uploads\/2022\/02\/05LaSuite-768x512.jpg 768w, https:\/\/www.visitgastroh.com\/wp-content\/uploads\/2022\/02\/05LaSuite-1536x1024.jpg 1536w, https:\/\/www.visitgastroh.com\/wp-content\/uploads\/2022\/02\/05LaSuite-2048x1365.jpg 2048w, https:\/\/www.visitgastroh.com\/wp-content\/uploads\/2022\/02\/05LaSuite-900x600.jpg 900w\" sizes=\"auto, (max-width: 2560px) 100vw, 2560px\" \/><\/a><\/p><p class=\"store_locator_excerpt\">H\u00d4TEL POSADA DE SAJAZARRA H\u00f4tel (SAJAZARRA) L&#8217;Hotel Boutique Posada de Sajazarra est un ancien manoir du XIXe si\u00e8cle, qui servait autrefois d&#8217;auberge. Elle a \u00e9t\u00e9 restaur\u00e9e en pr\u00e9servant au maximum...<\/p><p class=\"store_locator_address\"><span class=\"store_locator_street\">Calle Duro, n\u00ba 3 Bajo<br\/><\/span> <span class=\"store_locator_zip\">26212<\/span> <span class=\"store_locator_city\">Sajazarra<br\/><\/span> <span class=\"store_locator_region\">La Rioja<\/span> <\/p><p class=\"store_locator_contact\"><span class=\"store_locator_tel\">Tel.: <a href=\"tel:+34 626 083 596\">+34 626 083 596<\/a><br\/><\/span><span class=\"store_locator_email\">Email: <a href=\"mailto:posada@posadadesajazarra.com\">posada@posadadesajazarra.com<\/a><br\/><\/span><span class=\"store_locator_mobile\">Mobile: <a href=\"tel:+34 626 083 596\">+34 626 083 596<\/a><br\/><\/span><span class=\"store_locator_website\">Website: <a href=\"https:\/\/posadadesajazarra.com\/\">https:\/\/posadadesajazarra.com\/<\/a><br\/><\/span><\/p><\/div>`,\n      });\n\n    marker47.addListener(\"click\", () => {\n        infowindow47.open({\n          anchor: marker47,\n          map,\n          shouldFocus: false,\n        });\n    });marker48 = new google.maps.Marker({position: {lat: 42.54444264508013, lng: -2.786037342327876},map,title: \"H\u00f4tel Santa Maria Briones\",});\n    markers.push(marker48);\n    const infowindow48 = new google.maps.InfoWindow({\n        content: `<div id=\"store_locator_infowindow_28588\" class=\"store_locator_infowindow\"><div class=\"store-locator-col-sm-12 store_locator_details\"><h3 class=\"store_locator_name\"><a href=\"https:\/\/www.visitgastroh.com\/fr\/store\/hotel-santa-maria-briones\/\">H\u00f4tel Santa Maria Briones<\/a><\/h3><p><a href=\"https:\/\/www.visitgastroh.com\/fr\/store\/hotel-santa-maria-briones\/\"><img loading=\"lazy\" decoding=\"async\" width=\"1530\" height=\"1424\" src=\"https:\/\/www.visitgastroh.com\/wp-content\/uploads\/2022\/03\/SANTAMARIABRIONES-ARCHIVOSDEMARCA-LOGOTIPO_Positivo.jpg\" class=\"attachment-post-thumbnail size-post-thumbnail wp-post-image\" alt=\"\" srcset=\"https:\/\/www.visitgastroh.com\/wp-content\/uploads\/2022\/03\/SANTAMARIABRIONES-ARCHIVOSDEMARCA-LOGOTIPO_Positivo.jpg 1530w, https:\/\/www.visitgastroh.com\/wp-content\/uploads\/2022\/03\/SANTAMARIABRIONES-ARCHIVOSDEMARCA-LOGOTIPO_Positivo-300x279.jpg 300w, https:\/\/www.visitgastroh.com\/wp-content\/uploads\/2022\/03\/SANTAMARIABRIONES-ARCHIVOSDEMARCA-LOGOTIPO_Positivo-1024x953.jpg 1024w, https:\/\/www.visitgastroh.com\/wp-content\/uploads\/2022\/03\/SANTAMARIABRIONES-ARCHIVOSDEMARCA-LOGOTIPO_Positivo-768x715.jpg 768w\" sizes=\"auto, (max-width: 1530px) 100vw, 1530px\" \/><\/a><\/p><p class=\"store_locator_excerpt\">H\u00f4tel SANTA MARIA BRIONES (BRIONS) Santa Mar\u00eda Briones est un projet vital, un retour aux origines, une proposition authentique qui tourne autour du mode de vie de notre terre et...<\/p><p class=\"store_locator_address\"><span class=\"store_locator_street\">Conception, rue n\u00b0 37<br\/><\/span> <span class=\"store_locator_zip\">26330<\/span> <span class=\"store_locator_city\">Briones<br\/><\/span> <span class=\"store_locator_region\">La Rioja<\/span> <\/p><p class=\"store_locator_contact\"><span class=\"store_locator_tel\">Tel.: <a href=\"tel:+34 941991599\">+34 941991599<\/a><br\/><\/span><span class=\"store_locator_email\">Email: <a href=\"mailto:reserva@santamariabriones.com\">reserva@santamariabriones.com<\/a><br\/><\/span><span class=\"store_locator_website\">Website: <a href=\"https:\/\/santamariabriones.com\/\">https:\/\/santamariabriones.com\/<\/a><br\/><\/span><\/p><\/div>`,\n      });\n\n    marker48.addListener(\"click\", () => {\n        infowindow48.open({\n          anchor: marker48,\n          map,\n          shouldFocus: false,\n        });\n    });marker49 = new google.maps.Marker({position: {lat: 42.5730992, lng: -2.7096839},map,title: \"hotel villa de \u00e1balos\",});\n    markers.push(marker49);\n    const infowindow49 = new google.maps.InfoWindow({\n        content: `<div id=\"store_locator_infowindow_34481\" class=\"store_locator_infowindow\"><div class=\"store-locator-col-sm-12 store_locator_details\"><h3 class=\"store_locator_name\"><a href=\"https:\/\/www.visitgastroh.com\/fr\/store\/hotel-villa-de-abalos\/\">hotel villa de \u00e1balos<\/a><\/h3><p><a href=\"https:\/\/www.visitgastroh.com\/fr\/store\/hotel-villa-de-abalos\/\"><img loading=\"lazy\" decoding=\"async\" width=\"532\" height=\"353\" src=\"https:\/\/www.visitgastroh.com\/wp-content\/uploads\/2022\/03\/889.jpg\" class=\"attachment-post-thumbnail size-post-thumbnail wp-post-image\" alt=\"\" srcset=\"https:\/\/www.visitgastroh.com\/wp-content\/uploads\/2022\/03\/889.jpg 532w, https:\/\/www.visitgastroh.com\/wp-content\/uploads\/2022\/03\/889-300x199.jpg 300w\" sizes=\"auto, (max-width: 532px) 100vw, 532px\" \/><\/a><\/p><p class=\"store_locator_excerpt\">HOTEL VILLA DE \u00c1BALOS Hotel (\u00c1BALOS) L&#8217;H\u00f4tel Villa de \u00c1balos est le r\u00e9sultat de la r\u00e9habilitation d&#8217;un manoir \u00e0 l&#8217;architecture civile typique de la fin du XVIIe si\u00e8cle, o\u00f9 la...<\/p><p class=\"store_locator_address\"><span class=\"store_locator_street\">Plaza Ferm\u00edn Gurbindo n\u00ba2<br\/><\/span> <span class=\"store_locator_zip\">26339<\/span> <span class=\"store_locator_city\">\u00c1balos<br\/><\/span> <span class=\"store_locator_region\">La Rioja<\/span> <\/p><p class=\"store_locator_contact\"><span class=\"store_locator_tel\">Tel.: <a href=\"tel:+34941334302\">+34941334302<\/a><br\/><\/span><span class=\"store_locator_email\">Email: <a href=\"mailto:hotel@hotelvilladeabalos.com\">hotel@hotelvilladeabalos.com<\/a><br\/><\/span><span class=\"store_locator_mobile\">Mobile: <a href=\"tel:+34649841746\">+34649841746<\/a><br\/><\/span><span class=\"store_locator_website\">Website: <a href=\"https:\/\/hotelvilladeabalos.com\/\">https:\/\/hotelvilladeabalos.com\/<\/a><br\/><\/span><\/p><\/div>`,\n      });\n\n    marker49.addListener(\"click\", () => {\n        infowindow49.open({\n          anchor: marker49,\n          map,\n          shouldFocus: false,\n        });\n    });marker50 = new google.maps.Marker({position: {lat: 42.353835935511825, lng: -2.4757870306884677},map,title: \"H\u00d4TEL-CAVE LA CASA DEL COFRADE\",});\n    markers.push(marker50);\n    const infowindow50 = new google.maps.InfoWindow({\n        content: `<div id=\"store_locator_infowindow_28589\" class=\"store_locator_infowindow\"><div class=\"store-locator-col-sm-12 store_locator_details\"><h3 class=\"store_locator_name\"><a href=\"https:\/\/www.visitgastroh.com\/fr\/store\/hotel-cave-la-casa-del-cofrade\/\">H\u00d4TEL-CAVE LA CASA DEL COFRADE<\/a><\/h3><p><a href=\"https:\/\/www.visitgastroh.com\/fr\/store\/hotel-cave-la-casa-del-cofrade\/\"><img loading=\"lazy\" decoding=\"async\" width=\"2487\" height=\"1460\" src=\"https:\/\/www.visitgastroh.com\/wp-content\/uploads\/2022\/03\/Entrada-Recepcion.jpg\" class=\"attachment-post-thumbnail size-post-thumbnail wp-post-image\" alt=\"\" srcset=\"https:\/\/www.visitgastroh.com\/wp-content\/uploads\/2022\/03\/Entrada-Recepcion.jpg 2487w, https:\/\/www.visitgastroh.com\/wp-content\/uploads\/2022\/03\/Entrada-Recepcion-300x176.jpg 300w, https:\/\/www.visitgastroh.com\/wp-content\/uploads\/2022\/03\/Entrada-Recepcion-1024x601.jpg 1024w, https:\/\/www.visitgastroh.com\/wp-content\/uploads\/2022\/03\/Entrada-Recepcion-768x451.jpg 768w, https:\/\/www.visitgastroh.com\/wp-content\/uploads\/2022\/03\/Entrada-Recepcion-1536x902.jpg 1536w, https:\/\/www.visitgastroh.com\/wp-content\/uploads\/2022\/03\/Entrada-Recepcion-2048x1202.jpg 2048w\" sizes=\"auto, (max-width: 2487px) 100vw, 2487px\" \/><\/a><\/p><p class=\"store_locator_excerpt\">H\u00f4tel LA CASA DEL COFRADE &#8211; Domaine viticole (ALBELDA DE IREGUA) Bienvenue \u00e0 l&#8217;h\u00f4tel de la cave La Casa del Cofrade, un lieu unique et accueillant dans la DOC Rioja,...<\/p><p class=\"store_locator_address\"><span class=\"store_locator_street\">Autoroute Nalda Km 9<br\/><\/span> <span class=\"store_locator_zip\">26120<\/span> <span class=\"store_locator_city\">Albelda d\\'Iregua<br\/><\/span> <span class=\"store_locator_region\">La Rioja<\/span> <\/p><p class=\"store_locator_contact\"><span class=\"store_locator_tel\">Tel.: <a href=\"tel:+34 941444426\">+34 941444426<\/a><br\/><\/span><span class=\"store_locator_email\">Email: <a href=\"mailto:reserva@lacasadelcofrade.com\">reserva@lacasadelcofrade.com<\/a><br\/><\/span><span class=\"store_locator_website\">Website: <a href=\"https:\/\/www.lacasadelcofrade.com\/\">https:\/\/www.lacasadelcofrade.com\/<\/a><br\/><\/span><\/p><\/div>`,\n      });\n\n    marker50.addListener(\"click\", () => {\n        infowindow50.open({\n          anchor: marker50,\n          map,\n          shouldFocus: false,\n        });\n    });marker51 = new google.maps.Marker({position: {lat: 42.4658937021474, lng: -2.4454091331352212},map,title: \"L'ESCARGOT\",});\n    markers.push(marker51);\n    const infowindow51 = new google.maps.InfoWindow({\n        content: `<div id=\"store_locator_infowindow_28623\" class=\"store_locator_infowindow\"><div class=\"store-locator-col-sm-12 store_locator_details\"><h3 class=\"store_locator_name\"><a href=\"https:\/\/www.visitgastroh.com\/fr\/store\/lescargot\/\">L\\'ESCARGOT<\/a><\/h3><p><a href=\"https:\/\/www.visitgastroh.com\/fr\/store\/lescargot\/\"><img loading=\"lazy\" decoding=\"async\" width=\"896\" height=\"767\" src=\"https:\/\/www.visitgastroh.com\/wp-content\/uploads\/2022\/02\/WhatsApp-Image-2022-02-16-at-5.17.26-PM-2.jpg\" class=\"attachment-post-thumbnail size-post-thumbnail wp-post-image\" alt=\"\" srcset=\"https:\/\/www.visitgastroh.com\/wp-content\/uploads\/2022\/02\/WhatsApp-Image-2022-02-16-at-5.17.26-PM-2.jpg 896w, https:\/\/www.visitgastroh.com\/wp-content\/uploads\/2022\/02\/WhatsApp-Image-2022-02-16-at-5.17.26-PM-2-300x257.jpg 300w, https:\/\/www.visitgastroh.com\/wp-content\/uploads\/2022\/02\/WhatsApp-Image-2022-02-16-at-5.17.26-PM-2-768x657.jpg 768w\" sizes=\"auto, (max-width: 896px) 100vw, 896px\" \/><\/a><\/p><p class=\"store_locator_excerpt\">LE BAR \u00c0 L&#8217;ESCARGOT (LOGRONO) Bar tout grill\u00e9 \u00e0 Logro\u00f1o Dans la rue centrale de San Juan, vous pourrez d\u00e9guster les escargots d&#8217;une mani\u00e8re diff\u00e9rente. Vari\u00e9t\u00e9 de brochettes de qualit\u00e9...<\/p><p class=\"store_locator_address\"><span class=\"store_locator_street\">Angle de San Juan Travers\u00e9e de San Juan<br\/><\/span> <span class=\"store_locator_zip\">26001<\/span> <span class=\"store_locator_city\">Logro\u00f1o<br\/><\/span> <span class=\"store_locator_region\">La Rioja<\/span> <\/p><p class=\"store_locator_contact\"><span class=\"store_locator_tel\">Tel.: <a href=\"tel:+34 639566105\">+34 639566105<\/a><br\/><\/span><span class=\"store_locator_mobile\">Mobile: <a href=\"tel:+34 639566105\">+34 639566105<\/a><br\/><\/span><span class=\"store_locator_website\">Website: <a href=\"https:\/\/el-caracol-bar.negocio.site\/?utm_source=gmb&utm_medium=referral\">https:\/\/el-caracol-bar.negocio.site\/?utm_source=gmb&utm_medium=referral<\/a><br\/><\/span><\/p><\/div>`,\n      });\n\n    marker51.addListener(\"click\", () => {\n        infowindow51.open({\n          anchor: marker51,\n          map,\n          shouldFocus: false,\n        });\n    });marker52 = new google.maps.Marker({position: {lat: 42.4659147, lng: -2.4489845},map,title: \"LA ANJANA\",});\n    markers.push(marker52);\n    const infowindow52 = new google.maps.InfoWindow({\n        content: `<div id=\"store_locator_infowindow_34660\" class=\"store_locator_infowindow\"><div class=\"store-locator-col-sm-12 store_locator_details\"><h3 class=\"store_locator_name\"><a href=\"https:\/\/www.visitgastroh.com\/fr\/store\/la-anjana\/\">LA ANJANA<\/a><\/h3><p><a href=\"https:\/\/www.visitgastroh.com\/fr\/store\/la-anjana\/\"><img loading=\"lazy\" decoding=\"async\" width=\"1800\" height=\"1200\" src=\"https:\/\/www.visitgastroh.com\/wp-content\/uploads\/2022\/03\/la-anjana_017.jpg\" class=\"attachment-post-thumbnail size-post-thumbnail wp-post-image\" alt=\"\" srcset=\"https:\/\/www.visitgastroh.com\/wp-content\/uploads\/2022\/03\/la-anjana_017.jpg 1800w, https:\/\/www.visitgastroh.com\/wp-content\/uploads\/2022\/03\/la-anjana_017-300x200.jpg 300w, https:\/\/www.visitgastroh.com\/wp-content\/uploads\/2022\/03\/la-anjana_017-1024x683.jpg 1024w, https:\/\/www.visitgastroh.com\/wp-content\/uploads\/2022\/03\/la-anjana_017-768x512.jpg 768w, https:\/\/www.visitgastroh.com\/wp-content\/uploads\/2022\/03\/la-anjana_017-1536x1024.jpg 1536w, https:\/\/www.visitgastroh.com\/wp-content\/uploads\/2022\/03\/la-anjana_017-900x600.jpg 900w\" sizes=\"auto, (max-width: 1800px) 100vw, 1800px\" \/><\/a><\/p><p class=\"store_locator_excerpt\">LA ANJANA Bar LOGRO\u00d1O (LA RIOJA) Texte descriptif&#8230;<\/p><p class=\"store_locator_address\"><span class=\"store_locator_street\">Calle San Agust\u00edn n\u00ba6<br\/><\/span> <span class=\"store_locator_zip\">26001<\/span> <span class=\"store_locator_city\">Logro\u00f1o<br\/><\/span> <span class=\"store_locator_region\">La Rioja<\/span> <\/p><p class=\"store_locator_contact\"><span class=\"store_locator_tel\">Tel.: <a href=\"tel:+34613042504\">+34613042504<\/a><br\/><\/span><span class=\"store_locator_email\">Email: <a href=\"mailto:anjana.laurel@gmail.com\">anjana.laurel@gmail.com<\/a><br\/><\/span><span class=\"store_locator_website\">Website: <a href=\"http:\/\/http:\/\/laanjana.es\/\">http:\/\/http:\/\/laanjana.es\/<\/a><br\/><\/span><\/p><\/div>`,\n      });\n\n    marker52.addListener(\"click\", () => {\n        infowindow52.open({\n          anchor: marker52,\n          map,\n          shouldFocus: false,\n        });\n    });marker53 = new google.maps.Marker({position: {lat: 42.4661581, lng: -2.4475764},map,title: \"LA ANJANA\",});\n    markers.push(marker53);\n    const infowindow53 = new google.maps.InfoWindow({\n        content: `<div id=\"store_locator_infowindow_38741\" class=\"store_locator_infowindow\"><div class=\"store-locator-col-sm-12 store_locator_details\"><h3 class=\"store_locator_name\"><a href=\"https:\/\/www.visitgastroh.com\/fr\/store\/la-anjana-2\/\">LA ANJANA<\/a><\/h3><p><a href=\"https:\/\/www.visitgastroh.com\/fr\/store\/la-anjana-2\/\"><img loading=\"lazy\" decoding=\"async\" width=\"1800\" height=\"1200\" src=\"https:\/\/www.visitgastroh.com\/wp-content\/uploads\/2022\/03\/la-anjana_017.jpg\" class=\"attachment-post-thumbnail size-post-thumbnail wp-post-image\" alt=\"\" srcset=\"https:\/\/www.visitgastroh.com\/wp-content\/uploads\/2022\/03\/la-anjana_017.jpg 1800w, https:\/\/www.visitgastroh.com\/wp-content\/uploads\/2022\/03\/la-anjana_017-300x200.jpg 300w, https:\/\/www.visitgastroh.com\/wp-content\/uploads\/2022\/03\/la-anjana_017-1024x683.jpg 1024w, https:\/\/www.visitgastroh.com\/wp-content\/uploads\/2022\/03\/la-anjana_017-768x512.jpg 768w, https:\/\/www.visitgastroh.com\/wp-content\/uploads\/2022\/03\/la-anjana_017-1536x1024.jpg 1536w, https:\/\/www.visitgastroh.com\/wp-content\/uploads\/2022\/03\/la-anjana_017-900x600.jpg 900w\" sizes=\"auto, (max-width: 1800px) 100vw, 1800px\" \/><\/a><\/p><p class=\"store_locator_excerpt\">LA ANJANA Bar (LOGRONO) Situ\u00e9 dans le centre gastronomique de Logro\u00f1o (La Laurel). Nous vous proposons une carte vari\u00e9e pour le petit-d\u00e9jeuner, le d\u00e9jeuner et les pintxos. Mettez en surbrillance...<\/p><p class=\"store_locator_address\"><span class=\"store_locator_street\">Calle San Agust\u00edn 6<br\/><\/span> <span class=\"store_locator_zip\">26001<\/span> <span class=\"store_locator_city\">Logro\u00f1o<br\/><\/span> <span class=\"store_locator_region\">La Rioja<\/span> <\/p><p class=\"store_locator_contact\"><span class=\"store_locator_tel\">Tel.: <a href=\"tel:+34 613 042 504\">+34 613 042 504<\/a><br\/><\/span><span class=\"store_locator_email\">Email: <a href=\"mailto:anjana.laurel@gmail.com\">anjana.laurel@gmail.com<\/a><br\/><\/span><span class=\"store_locator_website\">Website: <a href=\"http:\/\/laanjana.es\/\">http:\/\/laanjana.es\/<\/a><br\/><\/span><\/p><\/div>`,\n      });\n\n    marker53.addListener(\"click\", () => {\n        infowindow53.open({\n          anchor: marker53,\n          map,\n          shouldFocus: false,\n        });\n    });marker54 = new google.maps.Marker({position: {lat: 42.4655285, lng: -2.4485855},map,title: \"La Brasade Laurier\",});\n    markers.push(marker54);\n    const infowindow54 = new google.maps.InfoWindow({\n        content: `<div id=\"store_locator_infowindow_41388\" class=\"store_locator_infowindow\"><div class=\"store-locator-col-sm-12 store_locator_details\"><h3 class=\"store_locator_name\"><a href=\"https:\/\/www.visitgastroh.com\/fr\/store\/la-brasade-laurier\/\">La Brasade Laurier<\/a><\/h3><p><a href=\"https:\/\/www.visitgastroh.com\/fr\/store\/la-brasade-laurier\/\"><img loading=\"lazy\" decoding=\"async\" width=\"1608\" height=\"1072\" src=\"https:\/\/www.visitgastroh.com\/wp-content\/uploads\/2022\/05\/la-brasa-laurel-logrono.jpg\" class=\"attachment-post-thumbnail size-post-thumbnail wp-post-image\" alt=\"\" srcset=\"https:\/\/www.visitgastroh.com\/wp-content\/uploads\/2022\/05\/la-brasa-laurel-logrono.jpg 1608w, https:\/\/www.visitgastroh.com\/wp-content\/uploads\/2022\/05\/la-brasa-laurel-logrono-300x200.jpg 300w, https:\/\/www.visitgastroh.com\/wp-content\/uploads\/2022\/05\/la-brasa-laurel-logrono-1024x683.jpg 1024w, https:\/\/www.visitgastroh.com\/wp-content\/uploads\/2022\/05\/la-brasa-laurel-logrono-768x512.jpg 768w, https:\/\/www.visitgastroh.com\/wp-content\/uploads\/2022\/05\/la-brasa-laurel-logrono-1536x1024.jpg 1536w, https:\/\/www.visitgastroh.com\/wp-content\/uploads\/2022\/05\/la-brasa-laurel-logrono-900x600.jpg 900w\" sizes=\"auto, (max-width: 1608px) 100vw, 1608px\" \/><\/a><\/p><p class=\"store_locator_excerpt\">Restaurant LE LAURIER GRILL\u00c9 (LOGRO\u00d1O) Au num\u00e9ro 16 Calle Laurel \u00e0 Logro\u00f1o, Txebiko a cr\u00e9\u00e9 La Brasa de La Laurel, un espace gastronomique dans lequel les produits de qualit\u00e9 et...<\/p><p class=\"store_locator_address\"><span class=\"store_locator_street\">16 rue Laurier<br\/><\/span> <span class=\"store_locator_zip\">26001<\/span> <span class=\"store_locator_city\">Logro\u00f1o<br\/><\/span> <span class=\"store_locator_region\">La Rioja<\/span> <\/p><p class=\"store_locator_contact\"><span class=\"store_locator_tel\">Tel.: <a href=\"tel:+34 941 50 25 92\">+34 941 50 25 92<\/a><br\/><\/span><span class=\"store_locator_email\">Email: <a href=\"mailto:reserva@labrasadelalaurel.com\">reserva@labrasadelalaurel.com<\/a><br\/><\/span><span class=\"store_locator_website\">Website: <a href=\"https:\/\/txebiko.com\/la-brasa\/\">https:\/\/txebiko.com\/la-brasa\/<\/a><br\/><\/span><\/p><\/div>`,\n      });\n\n    marker54.addListener(\"click\", () => {\n        infowindow54.open({\n          anchor: marker54,\n          map,\n          shouldFocus: false,\n        });\n    });marker55 = new google.maps.Marker({position: {lat: 42.4664845104289, lng: -2.4473325711639315},map,title: \"LA CUISINE DE RAMON\",});\n    markers.push(marker55);\n    const infowindow55 = new google.maps.InfoWindow({\n        content: `<div id=\"store_locator_infowindow_39561\" class=\"store_locator_infowindow\"><div class=\"store-locator-col-sm-12 store_locator_details\"><h3 class=\"store_locator_name\"><a href=\"https:\/\/www.visitgastroh.com\/fr\/store\/la-cuisine-de-ramon\/\">LA CUISINE DE RAMON<\/a><\/h3><p><a href=\"https:\/\/www.visitgastroh.com\/fr\/store\/la-cuisine-de-ramon\/\"><img loading=\"lazy\" decoding=\"async\" width=\"1544\" height=\"444\" src=\"https:\/\/www.visitgastroh.com\/wp-content\/uploads\/2022\/05\/Captura.jpg\" class=\"attachment-post-thumbnail size-post-thumbnail wp-post-image\" alt=\"\" srcset=\"https:\/\/www.visitgastroh.com\/wp-content\/uploads\/2022\/05\/Captura.jpg 1544w, https:\/\/www.visitgastroh.com\/wp-content\/uploads\/2022\/05\/Captura-300x86.jpg 300w, https:\/\/www.visitgastroh.com\/wp-content\/uploads\/2022\/05\/Captura-1024x294.jpg 1024w, https:\/\/www.visitgastroh.com\/wp-content\/uploads\/2022\/05\/Captura-768x221.jpg 768w, https:\/\/www.visitgastroh.com\/wp-content\/uploads\/2022\/05\/Captura-1536x442.jpg 1536w, https:\/\/www.visitgastroh.com\/wp-content\/uploads\/2022\/05\/Captura-350x100.jpg 350w\" sizes=\"auto, (max-width: 1544px) 100vw, 1544px\" \/><\/a><\/p><p class=\"store_locator_excerpt\">Restaurant LA CUISINE DE RAMON (LOGRO\u00d1O) La base de notre cuisine est les produits de saison de La Rioja et son livre de recettes traditionnelles. Nous sommes attach\u00e9s \u00e0 la...<\/p><p class=\"store_locator_address\"><span class=\"store_locator_street\">Rue Portales n \u00b0 30<br\/><\/span> <span class=\"store_locator_zip\">26001<\/span> <span class=\"store_locator_city\">Logro\u00f1o<br\/><\/span> <span class=\"store_locator_region\">La Rioja<\/span> <\/p><p class=\"store_locator_contact\"><span class=\"store_locator_tel\">Tel.: <a href=\"tel:+34 941 289 808\">+34 941 289 808<\/a><br\/><\/span><span class=\"store_locator_email\">Email: <a href=\"mailto:ramon@lacocinaderamon.es\">ramon@lacocinaderamon.es<\/a><br\/><\/span><span class=\"store_locator_website\">Website: <a href=\"https:\/\/lacocinaderamon.es\/restaurante-la-cocina-de-ramon\/\">https:\/\/lacocinaderamon.es\/restaurante-la-cocina-de-ramon\/<\/a><br\/><\/span><\/p><\/div>`,\n      });\n\n    marker55.addListener(\"click\", () => {\n        infowindow55.open({\n          anchor: marker55,\n          map,\n          shouldFocus: false,\n        });\n    });marker56 = new google.maps.Marker({position: {lat: 42.4667749, lng: -2.4453717},map,title: \"LA DESPENSA DEL MARQU\u00c9S\",});\n    markers.push(marker56);\n    const infowindow56 = new google.maps.InfoWindow({\n        content: `<div id=\"store_locator_infowindow_38739\" class=\"store_locator_infowindow\"><div class=\"store-locator-col-sm-12 store_locator_details\"><h3 class=\"store_locator_name\"><a href=\"https:\/\/www.visitgastroh.com\/fr\/store\/la-despensa-del-marques\/\">LA DESPENSA DEL MARQU\u00c9S<\/a><\/h3><p><a href=\"https:\/\/www.visitgastroh.com\/fr\/store\/la-despensa-del-marques\/\"><img loading=\"lazy\" decoding=\"async\" width=\"750\" height=\"754\" src=\"https:\/\/www.visitgastroh.com\/wp-content\/uploads\/2022\/04\/IMG_0408-1.jpg\" class=\"attachment-post-thumbnail size-post-thumbnail wp-post-image\" alt=\"\" srcset=\"https:\/\/www.visitgastroh.com\/wp-content\/uploads\/2022\/04\/IMG_0408-1.jpg 750w, https:\/\/www.visitgastroh.com\/wp-content\/uploads\/2022\/04\/IMG_0408-1-298x300.jpg 298w, https:\/\/www.visitgastroh.com\/wp-content\/uploads\/2022\/04\/IMG_0408-1-150x150.jpg 150w, https:\/\/www.visitgastroh.com\/wp-content\/uploads\/2022\/04\/IMG_0408-1-100x100.jpg 100w, https:\/\/www.visitgastroh.com\/wp-content\/uploads\/2022\/04\/IMG_0408-1-140x140.jpg 140w\" sizes=\"auto, (max-width: 750px) 100vw, 750px\" \/><\/a><\/p><p class=\"store_locator_excerpt\">LA DESPENSA DEL MARQU\u00c9S Restaurante (LOGRONO) Restaurant avec TERRASSE dans le Centre de Logro\u00f1o, Plaza del Mercado 7, en face de la Cath\u00e9drale. 3 chambres s\u00e9par\u00e9es avec toutes distances et...<\/p><p class=\"store_locator_address\"><span class=\"store_locator_street\">Plaza del Mercado, n\u00ba7<br\/><\/span> <span class=\"store_locator_zip\">26001<\/span> <span class=\"store_locator_city\">Logro\u00f1o<br\/><\/span> <span class=\"store_locator_region\">La Rioja<\/span> <\/p><p class=\"store_locator_contact\"><span class=\"store_locator_tel\">Tel.: <a href=\"tel:+34941483073\">+34941483073<\/a><br\/><\/span><span class=\"store_locator_email\">Email: <a href=\"mailto:roberto@ladepensadelmarques.es\">roberto@ladepensadelmarques.es<\/a><br\/><\/span><span class=\"store_locator_website\">Website: <a href=\"http:\/\/www.ladespensadelmarques.es\/\">http:\/\/www.ladespensadelmarques.es\/<\/a><br\/><\/span><\/p><\/div>`,\n      });\n\n    marker56.addListener(\"click\", () => {\n        infowindow56.open({\n          anchor: marker56,\n          map,\n          shouldFocus: false,\n        });\n    });marker57 = new google.maps.Marker({position: {lat: 42.2245205, lng: -2.1085533},map,title: \"La discoth\u00e8que de Kiko\",});\n    markers.push(marker57);\n    const infowindow57 = new google.maps.InfoWindow({\n        content: `<div id=\"store_locator_infowindow_41132\" class=\"store_locator_infowindow\"><div class=\"store-locator-col-sm-12 store_locator_details\"><h3 class=\"store_locator_name\"><a href=\"https:\/\/www.visitgastroh.com\/fr\/store\/la-discotheque-de-kiko\/\">La discoth\u00e8que de Kiko<\/a><\/h3><p><a href=\"https:\/\/www.visitgastroh.com\/fr\/store\/la-discotheque-de-kiko\/\"><img loading=\"lazy\" decoding=\"async\" width=\"1024\" height=\"441\" src=\"https:\/\/www.visitgastroh.com\/wp-content\/uploads\/2022\/05\/kikos_sala_2-1024x441-1.jpg\" class=\"attachment-post-thumbnail size-post-thumbnail wp-post-image\" alt=\"\" srcset=\"https:\/\/www.visitgastroh.com\/wp-content\/uploads\/2022\/05\/kikos_sala_2-1024x441-1.jpg 1024w, https:\/\/www.visitgastroh.com\/wp-content\/uploads\/2022\/05\/kikos_sala_2-1024x441-1-300x129.jpg 300w, https:\/\/www.visitgastroh.com\/wp-content\/uploads\/2022\/05\/kikos_sala_2-1024x441-1-768x331.jpg 768w\" sizes=\"auto, (max-width: 1024px) 100vw, 1024px\" \/><\/a><\/p><p class=\"store_locator_excerpt\">LA DISCOTHEQUE DE KIKO (ARN\u00c9DO) La f\u00eate est garantie. Nous fournissons l&#8217;espace, la musique et tout ce que vous nous demandez. Vous vous occupez du plaisir. Nous organisons les meilleures...<\/p><p class=\"store_locator_address\"><span class=\"store_locator_street\">Marche de la Constitution, 97.<br\/><\/span> <span class=\"store_locator_zip\">26580<\/span> <span class=\"store_locator_city\">Arnedo<br\/><\/span> <span class=\"store_locator_region\">La Rioja<\/span> <\/p><p class=\"store_locator_contact\"><span class=\"store_locator_tel\">Tel.: <a href=\"tel:+34 941 380 100\">+34 941 380 100<\/a><br\/><\/span><span class=\"store_locator_email\">Email: <a href=\"mailto:info@restaurationvictoria\">info@restaurationvictoria<\/a><br\/><\/span><span class=\"store_locator_website\">Website: <a href=\"https:\/\/victoriarestauracion.es\/kikos\/\">https:\/\/victoriarestauracion.es\/kikos\/<\/a><br\/><\/span><\/p><\/div>`,\n      });\n\n    marker57.addListener(\"click\", () => {\n        infowindow57.open({\n          anchor: marker57,\n          map,\n          shouldFocus: false,\n        });\n    });marker58 = new google.maps.Marker({position: {lat: 42.5845092, lng: -2.8467094},map,title: \"La Rioja Alta Bodegas\",});\n    markers.push(marker58);\n    const infowindow58 = new google.maps.InfoWindow({\n        content: `<div id=\"store_locator_infowindow_35305\" class=\"store_locator_infowindow\"><div class=\"store-locator-col-sm-12 store_locator_details\"><h3 class=\"store_locator_name\"><a href=\"https:\/\/www.visitgastroh.com\/fr\/store\/la-rioja-alta-bodegas\/\">La Rioja Alta Bodegas<\/a><\/h3><p><a href=\"https:\/\/www.visitgastroh.com\/fr\/store\/la-rioja-alta-bodegas\/\"><img loading=\"lazy\" decoding=\"async\" width=\"1024\" height=\"768\" src=\"https:\/\/www.visitgastroh.com\/wp-content\/uploads\/2022\/04\/bodega-larioja-alta-entrada.jpg\" class=\"attachment-post-thumbnail size-post-thumbnail wp-post-image\" alt=\"\" srcset=\"https:\/\/www.visitgastroh.com\/wp-content\/uploads\/2022\/04\/bodega-larioja-alta-entrada.jpg 1024w, https:\/\/www.visitgastroh.com\/wp-content\/uploads\/2022\/04\/bodega-larioja-alta-entrada-300x225.jpg 300w, https:\/\/www.visitgastroh.com\/wp-content\/uploads\/2022\/04\/bodega-larioja-alta-entrada-768x576.jpg 768w\" sizes=\"auto, (max-width: 1024px) 100vw, 1024px\" \/><\/a><\/p><p class=\"store_locator_excerpt\">LA RIOJA ALTA BODEGAS (HARO) Nous sommes n\u00e9s au XIX, nous avons grandi au XX. Nous sommes passionn\u00e9s par le XXI Cinq familles rioja et basques ont fond\u00e9 la \u00abSociedad...<\/p><p class=\"store_locator_address\"><span class=\"store_locator_street\">Avda. Vizcaya, 8<br\/><\/span> <span class=\"store_locator_zip\">26200<\/span> <span class=\"store_locator_city\">Haro<br\/><\/span> <span class=\"store_locator_region\">La Rioja<\/span> <\/p><p class=\"store_locator_contact\"><span class=\"store_locator_tel\">Tel.: <a href=\"tel:+34941310346\">+34941310346<\/a><br\/><\/span><span class=\"store_locator_website\">Website: <a href=\"https:\/\/www.riojalta.com\/\">https:\/\/www.riojalta.com\/<\/a><br\/><\/span><\/p><\/div>`,\n      });\n\n    marker58.addListener(\"click\", () => {\n        infowindow58.open({\n          anchor: marker58,\n          map,\n          shouldFocus: false,\n        });\n    });marker59 = new google.maps.Marker({position: {lat: 42.57109116880594, lng: -2.7106897505401517},map,title: \"Le gardien du vignoble\",});\n    markers.push(marker59);\n    const infowindow59 = new google.maps.InfoWindow({\n        content: `<div id=\"store_locator_infowindow_28610\" class=\"store_locator_infowindow\"><div class=\"store-locator-col-sm-12 store_locator_details\"><h3 class=\"store_locator_name\"><a href=\"https:\/\/www.visitgastroh.com\/fr\/store\/le-gardien-du-vignoble\/\">Le gardien du vignoble<\/a><\/h3><p><a href=\"https:\/\/www.visitgastroh.com\/fr\/store\/le-gardien-du-vignoble\/\"><img loading=\"lazy\" decoding=\"async\" width=\"2000\" height=\"1600\" src=\"https:\/\/www.visitgastroh.com\/wp-content\/uploads\/2022\/02\/Collage-anuncios.jpg\" class=\"attachment-post-thumbnail size-post-thumbnail wp-post-image\" alt=\"\" srcset=\"https:\/\/www.visitgastroh.com\/wp-content\/uploads\/2022\/02\/Collage-anuncios.jpg 2000w, https:\/\/www.visitgastroh.com\/wp-content\/uploads\/2022\/02\/Collage-anuncios-300x240.jpg 300w, https:\/\/www.visitgastroh.com\/wp-content\/uploads\/2022\/02\/Collage-anuncios-1024x819.jpg 1024w, https:\/\/www.visitgastroh.com\/wp-content\/uploads\/2022\/02\/Collage-anuncios-768x614.jpg 768w, https:\/\/www.visitgastroh.com\/wp-content\/uploads\/2022\/02\/Collage-anuncios-1536x1229.jpg 1536w\" sizes=\"auto, (max-width: 2000px) 100vw, 2000px\" \/><\/a><\/p><p class=\"store_locator_excerpt\">LES GUARDAVI\u00d1AS Maison Rurale (Laisse-les tomber) Bienvenue \u00e0 El Guardavinas ! un endroit pour se d\u00e9connecter du stress de la vie quotidienne et se connecter avec la nature. Fermez un...<\/p><p class=\"store_locator_address\"><span class=\"store_locator_street\">Avenue de La Rioja n\u00ba20<br\/><\/span> <span class=\"store_locator_zip\">26339<\/span> <span class=\"store_locator_city\">\u00c1balos<br\/><\/span> <span class=\"store_locator_region\">La Rioja<\/span> <\/p><p class=\"store_locator_contact\"><span class=\"store_locator_tel\">Tel.: <a href=\"tel:+34 676715352\">+34 676715352<\/a><br\/><\/span><span class=\"store_locator_email\">Email: <a href=\"mailto:info@elguardavinas.com\">info@elguardavinas.com<\/a><br\/><\/span><span class=\"store_locator_mobile\">Mobile: <a href=\"tel:+34 676715352\">+34 676715352<\/a><br\/><\/span><span class=\"store_locator_website\">Website: <a href=\"https:\/\/www.elguardavinas.com\">https:\/\/www.elguardavinas.com<\/a><br\/><\/span><\/p><\/div>`,\n      });\n\n    marker59.addListener(\"click\", () => {\n        infowindow59.open({\n          anchor: marker59,\n          map,\n          shouldFocus: false,\n        });\n    });marker60 = new google.maps.Marker({position: {lat: 42.2245205, lng: -2.1085533},map,title: \"Le toit du Victoria\",});\n    markers.push(marker60);\n    const infowindow60 = new google.maps.InfoWindow({\n        content: `<div id=\"store_locator_infowindow_41159\" class=\"store_locator_infowindow\"><div class=\"store-locator-col-sm-12 store_locator_details\"><h3 class=\"store_locator_name\"><a href=\"https:\/\/www.visitgastroh.com\/fr\/store\/le-toit-du-victoria\/\">Le toit du Victoria<\/a><\/h3><p><a href=\"https:\/\/www.visitgastroh.com\/fr\/store\/le-toit-du-victoria\/\"><img loading=\"lazy\" decoding=\"async\" width=\"570\" height=\"350\" src=\"https:\/\/www.visitgastroh.com\/wp-content\/uploads\/2022\/05\/azotea_11.jpg\" class=\"attachment-post-thumbnail size-post-thumbnail wp-post-image\" alt=\"\" srcset=\"https:\/\/www.visitgastroh.com\/wp-content\/uploads\/2022\/05\/azotea_11.jpg 570w, https:\/\/www.visitgastroh.com\/wp-content\/uploads\/2022\/05\/azotea_11-300x184.jpg 300w\" sizes=\"auto, (max-width: 570px) 100vw, 570px\" \/><\/a><\/p><p class=\"store_locator_excerpt\">Restaurant LE TOIT DU VICTORIA (ARN\u00c9DO) Si vous nous visitez du printemps \u00e0 l&#8217;automne&#8230; vous ne pouvez pas le manquer. Nous avons pris de la hauteur et avons con\u00e7u un...<\/p><p class=\"store_locator_address\"><span class=\"store_locator_street\">Marche de la Constitution, 97.<br\/><\/span> <span class=\"store_locator_zip\">26580<\/span> <span class=\"store_locator_city\">Arnedo<br\/><\/span> <span class=\"store_locator_region\">La Rioja<\/span> <\/p><p class=\"store_locator_contact\"><span class=\"store_locator_tel\">Tel.: <a href=\"tel:+34 941 380 100\">+34 941 380 100<\/a><br\/><\/span><span class=\"store_locator_email\">Email: <a href=\"mailto:info@victoriarestauracion.es\">info@victoriarestauracion.es<\/a><br\/><\/span><span class=\"store_locator_website\">Website: <a href=\"https:\/\/victoriarestauracion.es\/la-azotea-del-victoria\/\">https:\/\/victoriarestauracion.es\/la-azotea-del-victoria\/<\/a><br\/><\/span><\/p><\/div>`,\n      });\n\n    marker60.addListener(\"click\", () => {\n        infowindow60.open({\n          anchor: marker60,\n          map,\n          shouldFocus: false,\n        });\n    });marker61 = new google.maps.Marker({position: {lat: 42.44096952917064, lng: -2.9531411736106827},map,title: \"Les chevalliers\",});\n    markers.push(marker61);\n    const infowindow61 = new google.maps.InfoWindow({\n        content: `<div id=\"store_locator_infowindow_28603\" class=\"store_locator_infowindow\"><div class=\"store-locator-col-sm-12 store_locator_details\"><h3 class=\"store_locator_name\"><a href=\"https:\/\/www.visitgastroh.com\/fr\/store\/les-chevalliers\/\">Les chevalliers<\/a><\/h3><p><a href=\"https:\/\/www.visitgastroh.com\/fr\/store\/les-chevalliers\/\"><img loading=\"lazy\" decoding=\"async\" width=\"1322\" height=\"991\" src=\"https:\/\/www.visitgastroh.com\/wp-content\/uploads\/2022\/02\/foto-exterior.jpg\" class=\"attachment-post-thumbnail size-post-thumbnail wp-post-image\" alt=\"\" srcset=\"https:\/\/www.visitgastroh.com\/wp-content\/uploads\/2022\/02\/foto-exterior.jpg 1322w, https:\/\/www.visitgastroh.com\/wp-content\/uploads\/2022\/02\/foto-exterior-300x225.jpg 300w, https:\/\/www.visitgastroh.com\/wp-content\/uploads\/2022\/02\/foto-exterior-1024x768.jpg 1024w, https:\/\/www.visitgastroh.com\/wp-content\/uploads\/2022\/02\/foto-exterior-768x576.jpg 768w\" sizes=\"auto, (max-width: 1322px) 100vw, 1322px\" \/><\/a><\/p><p class=\"store_locator_excerpt\">Restaurant LES CHEVALIERS (DIMANCHE SAINT DE LA CALZADA) Restaurant familial situ\u00e9 dans la vieille ville, \u00e0 c\u00f4t\u00e9 de l&#8217;abside romane de la cath\u00e9drale, du Parador de Turismo et du passage...<\/p><p class=\"store_locator_address\"><span class=\"store_locator_street\">Rue Mayor n\u00ba56-58<br\/><\/span> <span class=\"store_locator_zip\">26250<\/span> <span class=\"store_locator_city\">Saint-Domingue de la Calzada<br\/><\/span> <span class=\"store_locator_region\">La Rioja<\/span> <\/p><p class=\"store_locator_contact\"><span class=\"store_locator_tel\">Tel.: <a href=\"tel:+34 941342789\">+34 941342789<\/a><br\/><\/span><span class=\"store_locator_email\">Email: <a href=\"mailto:reserva@restauranteloscaballeros.com\">reserva@restauranteloscaballeros.com<\/a><br\/><\/span><span class=\"store_locator_mobile\">Mobile: <a href=\"tel:+34 667517690\">+34 667517690<\/a><br\/><\/span><span class=\"store_locator_website\">Website: <a href=\"https:\/\/www.restauranteloscaballeros.com\">https:\/\/www.restauranteloscaballeros.com<\/a><br\/><\/span><\/p><\/div>`,\n      });\n\n    marker61.addListener(\"click\", () => {\n        infowindow61.open({\n          anchor: marker61,\n          map,\n          shouldFocus: false,\n        });\n    });marker62 = new google.maps.Marker({position: {lat: 42.45267259390092, lng: -2.4479866772155745},map,title: \"Logro\u00f1o H\u00f4tel Avda de Madrid 25\",});\n    markers.push(marker62);\n    const infowindow62 = new google.maps.InfoWindow({\n        content: `<div id=\"store_locator_infowindow_28587\" class=\"store_locator_infowindow\"><div class=\"store-locator-col-sm-12 store_locator_details\"><h3 class=\"store_locator_name\"><a href=\"https:\/\/www.visitgastroh.com\/fr\/store\/logrono-hotel-avda-de-madrid-25\/\">Logro\u00f1o H\u00f4tel Avda de Madrid 25<\/a><\/h3><p><a href=\"https:\/\/www.visitgastroh.com\/fr\/store\/logrono-hotel-avda-de-madrid-25\/\"><img loading=\"lazy\" decoding=\"async\" width=\"2560\" height=\"1707\" src=\"https:\/\/www.visitgastroh.com\/wp-content\/uploads\/2022\/03\/2022T_00983-scaled.jpg\" class=\"attachment-post-thumbnail size-post-thumbnail wp-post-image\" alt=\"\" srcset=\"https:\/\/www.visitgastroh.com\/wp-content\/uploads\/2022\/03\/2022T_00983-scaled.jpg 2560w, https:\/\/www.visitgastroh.com\/wp-content\/uploads\/2022\/03\/2022T_00983-300x200.jpg 300w, https:\/\/www.visitgastroh.com\/wp-content\/uploads\/2022\/03\/2022T_00983-1024x683.jpg 1024w, https:\/\/www.visitgastroh.com\/wp-content\/uploads\/2022\/03\/2022T_00983-768x512.jpg 768w, https:\/\/www.visitgastroh.com\/wp-content\/uploads\/2022\/03\/2022T_00983-1536x1024.jpg 1536w, https:\/\/www.visitgastroh.com\/wp-content\/uploads\/2022\/03\/2022T_00983-2048x1365.jpg 2048w, https:\/\/www.visitgastroh.com\/wp-content\/uploads\/2022\/03\/2022T_00983-900x600.jpg 900w\" sizes=\"auto, (max-width: 2560px) 100vw, 2560px\" \/><\/a><\/p><p class=\"store_locator_excerpt\">LOGRO\u00d1O AVDA DE MADRID 25 Hotel (LOGRONO) \u00c0 700 m\u00e8tres du centre de Logro\u00f1o et \u00e0 450 m\u00e8tres du stade de football Las Gaunas. Il propose des chambres attrayantes dot\u00e9es...<\/p><p class=\"store_locator_address\"><span class=\"store_locator_street\">Avda de Madrid n\u00ba25<br\/><\/span> <span class=\"store_locator_zip\">26007<\/span> <span class=\"store_locator_city\">Logro\u00f1o<br\/><\/span> <span class=\"store_locator_region\">La Rioja <\/span> <\/p><p class=\"store_locator_contact\"><span class=\"store_locator_tel\">Tel.: <a href=\"tel:+34 941870001\">+34 941870001<\/a><br\/><\/span><span class=\"store_locator_email\">Email: <a href=\"mailto:reservas@hotellogrono.com\">reservas@hotellogrono.com<\/a><br\/><\/span><span class=\"store_locator_website\">Website: <a href=\"http:\/\/www.hotellogrono.com\/\">http:\/\/www.hotellogrono.com\/<\/a><br\/><\/span><\/p><\/div>`,\n      });\n\n    marker62.addListener(\"click\", () => {\n        infowindow62.open({\n          anchor: marker62,\n          map,\n          shouldFocus: false,\n        });\n    });marker63 = new google.maps.Marker({position: {lat: 42.54188329999999, lng: -2.9634763},map,title: \"LOS COLMENARES Miguel Colmenares Planas\",});\n    markers.push(marker63);\n    const infowindow63 = new google.maps.InfoWindow({\n        content: `<div id=\"store_locator_infowindow_38728\" class=\"store_locator_infowindow\"><div class=\"store-locator-col-sm-12 store_locator_details\"><h3 class=\"store_locator_name\"><a href=\"https:\/\/www.visitgastroh.com\/fr\/store\/los-colmenares-miguel-colmenares-planas\/\">LOS COLMENARES Miguel Colmenares Planas<\/a><\/h3><p><a href=\"https:\/\/www.visitgastroh.com\/fr\/store\/los-colmenares-miguel-colmenares-planas\/\"><img loading=\"lazy\" decoding=\"async\" width=\"1200\" height=\"800\" src=\"https:\/\/www.visitgastroh.com\/wp-content\/uploads\/2022\/03\/colmenares-casacompleta-galeria-30.jpg\" class=\"attachment-post-thumbnail size-post-thumbnail wp-post-image\" alt=\"\" srcset=\"https:\/\/www.visitgastroh.com\/wp-content\/uploads\/2022\/03\/colmenares-casacompleta-galeria-30.jpg 1200w, https:\/\/www.visitgastroh.com\/wp-content\/uploads\/2022\/03\/colmenares-casacompleta-galeria-30-300x200.jpg 300w, https:\/\/www.visitgastroh.com\/wp-content\/uploads\/2022\/03\/colmenares-casacompleta-galeria-30-1024x683.jpg 1024w, https:\/\/www.visitgastroh.com\/wp-content\/uploads\/2022\/03\/colmenares-casacompleta-galeria-30-768x512.jpg 768w, https:\/\/www.visitgastroh.com\/wp-content\/uploads\/2022\/03\/colmenares-casacompleta-galeria-30-900x600.jpg 900w\" sizes=\"auto, (max-width: 1200px) 100vw, 1200px\" \/><\/a><\/p><p class=\"store_locator_excerpt\">LOS COLMENARES Casa Rural (CUZCURRITA DEL R\u00cdO TIR\u00d3N) La maison &#8220;Los Colmenares&#8221; tire son nom du patronyme familial, cette propri\u00e9t\u00e9 a toujours \u00e9t\u00e9 transmise dans la famille par h\u00e9ritage, on...<\/p><p class=\"store_locator_address\"><span class=\"store_locator_street\">Plaza Mayor, 9<br\/><\/span> <span class=\"store_locator_zip\">26214<\/span> <span class=\"store_locator_city\">Cuzcurrita de R\u00edo Tir\u00f3n<br\/><\/span> <span class=\"store_locator_region\">La Rioja<\/span> <\/p><p class=\"store_locator_contact\"><span class=\"store_locator_tel\">Tel.: <a href=\"tel:+34 941 301 821\">+34 941 301 821<\/a><br\/><\/span><span class=\"store_locator_email\">Email: <a href=\"mailto:casa@loscolmenares.com\">casa@loscolmenares.com<\/a><br\/><\/span><span class=\"store_locator_mobile\">Mobile: <a href=\"tel:+34 637 963 836\">+34 637 963 836<\/a><br\/><\/span><span class=\"store_locator_website\">Website: <a href=\"https:\/\/www.loscolmenares.com\/\">https:\/\/www.loscolmenares.com\/<\/a><br\/><\/span><\/p><\/div>`,\n      });\n\n    marker63.addListener(\"click\", () => {\n        infowindow63.open({\n          anchor: marker63,\n          map,\n          shouldFocus: false,\n        });\n    });marker64 = new google.maps.Marker({position: {lat: 42.466277797405326, lng: -2.5610455153442446},map,title: \"Maison d'h\u00f4tes Ubeda\",});\n    markers.push(marker64);\n    const infowindow64 = new google.maps.InfoWindow({\n        content: `<div id=\"store_locator_infowindow_28643\" class=\"store_locator_infowindow\"><div class=\"store-locator-col-sm-12 store_locator_details\"><h3 class=\"store_locator_name\"><a href=\"https:\/\/www.visitgastroh.com\/fr\/store\/maison-dhotes-ubeda\/\">Maison d\\'h\u00f4tes Ubeda<\/a><\/h3><p><a href=\"https:\/\/www.visitgastroh.com\/fr\/store\/maison-dhotes-ubeda\/\"><img loading=\"lazy\" decoding=\"async\" width=\"2560\" height=\"2560\" src=\"https:\/\/www.visitgastroh.com\/wp-content\/uploads\/2022\/02\/hall-tercero-2022-scaled.jpg\" class=\"attachment-post-thumbnail size-post-thumbnail wp-post-image\" alt=\"\" srcset=\"https:\/\/www.visitgastroh.com\/wp-content\/uploads\/2022\/02\/hall-tercero-2022-scaled.jpg 2560w, https:\/\/www.visitgastroh.com\/wp-content\/uploads\/2022\/02\/hall-tercero-2022-300x300.jpg 300w, https:\/\/www.visitgastroh.com\/wp-content\/uploads\/2022\/02\/hall-tercero-2022-1024x1024.jpg 1024w, https:\/\/www.visitgastroh.com\/wp-content\/uploads\/2022\/02\/hall-tercero-2022-150x150.jpg 150w, https:\/\/www.visitgastroh.com\/wp-content\/uploads\/2022\/02\/hall-tercero-2022-768x768.jpg 768w, https:\/\/www.visitgastroh.com\/wp-content\/uploads\/2022\/02\/hall-tercero-2022-1536x1536.jpg 1536w, https:\/\/www.visitgastroh.com\/wp-content\/uploads\/2022\/02\/hall-tercero-2022-2048x2048.jpg 2048w, https:\/\/www.visitgastroh.com\/wp-content\/uploads\/2022\/02\/hall-tercero-2022-100x100.jpg 100w, https:\/\/www.visitgastroh.com\/wp-content\/uploads\/2022\/02\/hall-tercero-2022-140x140.jpg 140w, https:\/\/www.visitgastroh.com\/wp-content\/uploads\/2022\/02\/hall-tercero-2022-500x500.jpg 500w, https:\/\/www.visitgastroh.com\/wp-content\/uploads\/2022\/02\/hall-tercero-2022-350x350.jpg 350w, https:\/\/www.visitgastroh.com\/wp-content\/uploads\/2022\/02\/hall-tercero-2022-1000x1000.jpg 1000w, https:\/\/www.visitgastroh.com\/wp-content\/uploads\/2022\/02\/hall-tercero-2022-800x800.jpg 800w\" sizes=\"auto, (max-width: 2560px) 100vw, 2560px\" \/><\/a><\/p><p class=\"store_locator_excerpt\">PENSION \u00daBEDA Pension (FUEN MAIRE) Une conception diff\u00e9rente du tourisme \u00e0 La Rioja La Pensi\u00f3n \u00dabeda dispose de 10 chambres doubles, sup\u00e9rieures et familiales avec petit-d\u00e9jeuner artisanal, sur le th\u00e8me...<\/p><p class=\"store_locator_address\"><span class=\"store_locator_street\">15 rue Ubeda<br\/><\/span> <span class=\"store_locator_zip\">26360<\/span> <span class=\"store_locator_city\">Fuenmayor <br\/><\/span> <span class=\"store_locator_region\">La Rioja <\/span> <\/p><p class=\"store_locator_contact\"><span class=\"store_locator_tel\">Tel.: <a href=\"tel:+34663779629\">+34663779629<\/a><br\/><\/span><span class=\"store_locator_email\">Email: <a href=\"mailto:info@pensionubeda.org\">info@pensionubeda.org<\/a><br\/><\/span><span class=\"store_locator_mobile\">Mobile: <a href=\"tel:+34663779629\">+34663779629<\/a><br\/><\/span><span class=\"store_locator_website\">Website: <a href=\"https:\/\/www.pensionubeda.com \">https:\/\/www.pensionubeda.com <\/a><br\/><\/span><\/p><\/div>`,\n      });\n\n    marker64.addListener(\"click\", () => {\n        infowindow64.open({\n          anchor: marker64,\n          map,\n          shouldFocus: false,\n        });\n    });marker65 = new google.maps.Marker({position: {lat: 42.33752512437599, lng: -2.2014705261810286},map,title: \"MAISON DE LA COMTESSE\",});\n    markers.push(marker65);\n    const infowindow65 = new google.maps.InfoWindow({\n        content: `<div id=\"store_locator_infowindow_28634\" class=\"store_locator_infowindow\"><div class=\"store-locator-col-sm-12 store_locator_details\"><h3 class=\"store_locator_name\"><a href=\"https:\/\/www.visitgastroh.com\/fr\/store\/maison-de-la-comtesse\/\">MAISON DE LA COMTESSE<\/a><\/h3><p><a href=\"https:\/\/www.visitgastroh.com\/fr\/store\/maison-de-la-comtesse\/\"><img loading=\"lazy\" decoding=\"async\" width=\"2560\" height=\"1920\" src=\"https:\/\/www.visitgastroh.com\/wp-content\/uploads\/2022\/03\/1-FOTO-FACHADA-CASA-IMG_7052-scaled.jpg\" class=\"attachment-post-thumbnail size-post-thumbnail wp-post-image\" alt=\"\" srcset=\"https:\/\/www.visitgastroh.com\/wp-content\/uploads\/2022\/03\/1-FOTO-FACHADA-CASA-IMG_7052-scaled.jpg 2560w, https:\/\/www.visitgastroh.com\/wp-content\/uploads\/2022\/03\/1-FOTO-FACHADA-CASA-IMG_7052-300x225.jpg 300w, https:\/\/www.visitgastroh.com\/wp-content\/uploads\/2022\/03\/1-FOTO-FACHADA-CASA-IMG_7052-1024x768.jpg 1024w, https:\/\/www.visitgastroh.com\/wp-content\/uploads\/2022\/03\/1-FOTO-FACHADA-CASA-IMG_7052-768x576.jpg 768w, https:\/\/www.visitgastroh.com\/wp-content\/uploads\/2022\/03\/1-FOTO-FACHADA-CASA-IMG_7052-1536x1152.jpg 1536w, https:\/\/www.visitgastroh.com\/wp-content\/uploads\/2022\/03\/1-FOTO-FACHADA-CASA-IMG_7052-2048x1536.jpg 2048w\" sizes=\"auto, (max-width: 2560px) 100vw, 2560px\" \/><\/a><\/p><p class=\"store_locator_excerpt\">MAISON DE LA COMTESSE Maison rurale (LE R\u00c9SEAU) La &#8220;Casa de la Condesa&#8221; est un b\u00e2timent historique avec un jardin romantique. La fa\u00e7ade du manoir est de composition classique, avec...<\/p><p class=\"store_locator_address\"><span class=\"store_locator_street\">Rue du Jasmin n\u00ba2<br\/><\/span> <span class=\"store_locator_zip\">26146<\/span> <span class=\"store_locator_city\">redal<br\/><\/span> <span class=\"store_locator_region\">La Rioja<\/span> <\/p><p class=\"store_locator_contact\"><span class=\"store_locator_tel\">Tel.: <a href=\"tel:+34 609466509\">+34 609466509<\/a><br\/><\/span><span class=\"store_locator_email\">Email: <a href=\"mailto:elredalcasadelacondesa@gmail.com\">elredalcasadelacondesa@gmail.com<\/a><br\/><\/span><span class=\"store_locator_mobile\">Mobile: <a href=\"tel:+34 609466509- +34 660423129\">+34 609466509- +34 660423129<\/a><br\/><\/span><span class=\"store_locator_website\">Website: <a href=\"https:\/\/www.casaruraldelacondesa.com\/\">https:\/\/www.casaruraldelacondesa.com\/<\/a><br\/><\/span><\/p><\/div>`,\n      });\n\n    marker65.addListener(\"click\", () => {\n        infowindow65.open({\n          anchor: marker65,\n          map,\n          shouldFocus: false,\n        });\n    });marker66 = new google.maps.Marker({position: {lat: 42.21199421824291, lng: -2.2352056478504223},map,title: \"MAISON RURALE PEDROLAS\",});\n    markers.push(marker66);\n    const infowindow66 = new google.maps.InfoWindow({\n        content: `<div id=\"store_locator_infowindow_28620\" class=\"store_locator_infowindow\"><div class=\"store-locator-col-sm-12 store_locator_details\"><h3 class=\"store_locator_name\"><a href=\"https:\/\/www.visitgastroh.com\/fr\/store\/maison-rurale-pedrolas\/\">MAISON RURALE PEDROLAS<\/a><\/h3><p><a href=\"https:\/\/www.visitgastroh.com\/fr\/store\/maison-rurale-pedrolas\/\"><img loading=\"lazy\" decoding=\"async\" width=\"1200\" height=\"795\" src=\"https:\/\/www.visitgastroh.com\/wp-content\/uploads\/2022\/03\/casa-1H.jpg\" class=\"attachment-post-thumbnail size-post-thumbnail wp-post-image\" alt=\"\" srcset=\"https:\/\/www.visitgastroh.com\/wp-content\/uploads\/2022\/03\/casa-1H.jpg 1200w, https:\/\/www.visitgastroh.com\/wp-content\/uploads\/2022\/03\/casa-1H-300x199.jpg 300w, https:\/\/www.visitgastroh.com\/wp-content\/uploads\/2022\/03\/casa-1H-1024x678.jpg 1024w, https:\/\/www.visitgastroh.com\/wp-content\/uploads\/2022\/03\/casa-1H-768x509.jpg 768w\" sizes=\"auto, (max-width: 1200px) 100vw, 1200px\" \/><\/a><\/p><p class=\"store_locator_excerpt\">MAISON RURALE LAS PEDROLAS Maison Rurale (CARR\u00c9) Las Pedrolas est un manoir de 1760 avec le blason h\u00e9raldique de la famille Gonz\u00e1lez mis en \u00e9vidence sur sa fa\u00e7ade principale. Il...<\/p><p class=\"store_locator_address\"><span class=\"store_locator_street\">Carr\u00e9 F\u00e9lix M\u00e9rinos<br\/><\/span> <span class=\"store_locator_zip\">26589<\/span> <span class=\"store_locator_city\">Arnedillo<br\/><\/span> <span class=\"store_locator_region\">La Rioja<\/span> <\/p><p class=\"store_locator_contact\"><span class=\"store_locator_tel\">Tel.: <a href=\"tel:+34 941 39 44 01\">+34 941 39 44 01<\/a><br\/><\/span><span class=\"store_locator_email\">Email: <a href=\"mailto:casarurallaspedrolas@gmail.com\">casarurallaspedrolas@gmail.com<\/a><br\/><\/span><span class=\"store_locator_mobile\">Mobile: <a href=\"tel:+34 666 315 278\">+34 666 315 278<\/a><br\/><\/span><span class=\"store_locator_website\">Website: <a href=\"https:\/\/laspedrolas.es\">https:\/\/laspedrolas.es<\/a><br\/><\/span><\/p><\/div>`,\n      });\n\n    marker66.addListener(\"click\", () => {\n        infowindow66.open({\n          anchor: marker66,\n          map,\n          shouldFocus: false,\n        });\n    });marker67 = new google.maps.Marker({position: {lat: 42.28153648660978, lng: -3.02649157381897},map,title: \"Maison rurale Zaldierna\",});\n    markers.push(marker67);\n    const infowindow67 = new google.maps.InfoWindow({\n        content: `<div id=\"store_locator_infowindow_28633\" class=\"store_locator_infowindow\"><div class=\"store-locator-col-sm-12 store_locator_details\"><h3 class=\"store_locator_name\"><a href=\"https:\/\/www.visitgastroh.com\/fr\/store\/maison-rurale-zaldierna\/\">Maison rurale Zaldierna<\/a><\/h3><p><a href=\"https:\/\/www.visitgastroh.com\/fr\/store\/maison-rurale-zaldierna\/\"><img loading=\"lazy\" decoding=\"async\" width=\"2560\" height=\"1707\" src=\"https:\/\/www.visitgastroh.com\/wp-content\/uploads\/2022\/02\/ZALDIERNA-JR05-scaled.jpg\" class=\"attachment-post-thumbnail size-post-thumbnail wp-post-image\" alt=\"\" srcset=\"https:\/\/www.visitgastroh.com\/wp-content\/uploads\/2022\/02\/ZALDIERNA-JR05-scaled.jpg 2560w, https:\/\/www.visitgastroh.com\/wp-content\/uploads\/2022\/02\/ZALDIERNA-JR05-300x200.jpg 300w, https:\/\/www.visitgastroh.com\/wp-content\/uploads\/2022\/02\/ZALDIERNA-JR05-1024x683.jpg 1024w, https:\/\/www.visitgastroh.com\/wp-content\/uploads\/2022\/02\/ZALDIERNA-JR05-768x512.jpg 768w, https:\/\/www.visitgastroh.com\/wp-content\/uploads\/2022\/02\/ZALDIERNA-JR05-1536x1024.jpg 1536w, https:\/\/www.visitgastroh.com\/wp-content\/uploads\/2022\/02\/ZALDIERNA-JR05-2048x1365.jpg 2048w, https:\/\/www.visitgastroh.com\/wp-content\/uploads\/2022\/02\/ZALDIERNA-JR05-900x600.jpg 900w\" sizes=\"auto, (max-width: 2560px) 100vw, 2560px\" \/><\/a><\/p><p class=\"store_locator_excerpt\">MAISON RURALE ZALDIERNA (ZALDIERNA) La maison rurale Zaldierna est situ\u00e9e dans le village de Zaldierna, un environnement rural dans un lieu privil\u00e9gi\u00e9, une enclave naturelle et pittoresque au c\u0153ur de...<\/p><p class=\"store_locator_address\"><span class=\"store_locator_street\">Aldea Zaldierna rue n\u00ba82<br\/><\/span> <span class=\"store_locator_zip\">26289<\/span> <span class=\"store_locator_city\">Zaldierna<br\/><\/span> <span class=\"store_locator_region\">La Rioja<\/span> <\/p><p class=\"store_locator_contact\"><span class=\"store_locator_tel\">Tel.: <a href=\"tel:+34 941 42 71 53\">+34 941 42 71 53<\/a><br\/><\/span><span class=\"store_locator_email\">Email: <a href=\"mailto:info@casaruralzaldierna.com\">info@casaruralzaldierna.com<\/a><br\/><\/span><span class=\"store_locator_mobile\">Mobile: <a href=\"tel:+34 670 644 994\">+34 670 644 994<\/a><br\/><\/span><span class=\"store_locator_website\">Website: <a href=\"https:\/\/www.casaruralzaldierna.com\/inicio.html\">https:\/\/www.casaruralzaldierna.com\/inicio.html<\/a><br\/><\/span><\/p><\/div>`,\n      });\n\n    marker67.addListener(\"click\", () => {\n        infowindow67.open({\n          anchor: marker67,\n          map,\n          shouldFocus: false,\n        });\n    });marker68 = new google.maps.Marker({position: {lat: 42.3002019, lng: -2.427128},map,title: \"Maisons de Trevijano\",});\n    markers.push(marker68);\n    const infowindow68 = new google.maps.InfoWindow({\n        content: `<div id=\"store_locator_infowindow_28655\" class=\"store_locator_infowindow\"><div class=\"store-locator-col-sm-12 store_locator_details\"><h3 class=\"store_locator_name\"><a href=\"https:\/\/www.visitgastroh.com\/fr\/store\/maisons-de-trevijano\/\">Maisons de Trevijano<\/a><\/h3><p><a href=\"https:\/\/www.visitgastroh.com\/fr\/store\/maisons-de-trevijano\/\"><img loading=\"lazy\" decoding=\"async\" width=\"2288\" height=\"1520\" src=\"https:\/\/www.visitgastroh.com\/wp-content\/uploads\/2022\/02\/salon-3a-planta.jpg\" class=\"attachment-post-thumbnail size-post-thumbnail wp-post-image\" alt=\"\" srcset=\"https:\/\/www.visitgastroh.com\/wp-content\/uploads\/2022\/02\/salon-3a-planta.jpg 2288w, https:\/\/www.visitgastroh.com\/wp-content\/uploads\/2022\/02\/salon-3a-planta-300x199.jpg 300w, https:\/\/www.visitgastroh.com\/wp-content\/uploads\/2022\/02\/salon-3a-planta-1024x680.jpg 1024w, https:\/\/www.visitgastroh.com\/wp-content\/uploads\/2022\/02\/salon-3a-planta-768x510.jpg 768w, https:\/\/www.visitgastroh.com\/wp-content\/uploads\/2022\/02\/salon-3a-planta-1536x1020.jpg 1536w, https:\/\/www.visitgastroh.com\/wp-content\/uploads\/2022\/02\/salon-3a-planta-2048x1361.jpg 2048w\" sizes=\"auto, (max-width: 2288px) 100vw, 2288px\" \/><\/a><\/p><p class=\"store_locator_excerpt\">MAISONS TREVIJANO Maison rurale (TREVIJANO DE CAMEROS &#8211; SOTO DE CAMEROS) Logement complet et totalement priv\u00e9 pour votre famille ou vos amis. Dans un village calme, \u00e0 c\u00f4t\u00e9 de la...<\/p><p class=\"store_locator_address\"><span class=\"store_locator_street\">Rue Fontena n\u00ba4<br\/><\/span> <span class=\"store_locator_zip\">26132<\/span> <span class=\"store_locator_city\">Soto \u00e0 cameros<br\/><\/span> <span class=\"store_locator_region\">La Rioja<\/span> <\/p><p class=\"store_locator_contact\"><span class=\"store_locator_tel\">Tel.: <a href=\"tel:+34 639 180 418\">+34 639 180 418<\/a><br\/><\/span><span class=\"store_locator_email\">Email: <a href=\"mailto:chemiglez@gmail.com\">chemiglez@gmail.com<\/a><br\/><\/span><span class=\"store_locator_mobile\">Mobile: <a href=\"tel:+34 639180418\">+34 639180418<\/a><br\/><\/span><span class=\"store_locator_website\">Website: <a href=\"https:\/\/casasdetrevijano.com\">https:\/\/casasdetrevijano.com<\/a><br\/><\/span><\/p><\/div>`,\n      });\n\n    marker68.addListener(\"click\", () => {\n        infowindow68.open({\n          anchor: marker68,\n          map,\n          shouldFocus: false,\n        });\n    });marker69 = new google.maps.Marker({position: {lat: 42.179178498822985, lng: -1.7507898687866308},map,title: \"Morro Tango\",});\n    markers.push(marker69);\n    const infowindow69 = new google.maps.InfoWindow({\n        content: `<div id=\"store_locator_infowindow_38705\" class=\"store_locator_infowindow\"><div class=\"store-locator-col-sm-12 store_locator_details\"><h3 class=\"store_locator_name\"><a href=\"https:\/\/www.visitgastroh.com\/fr\/store\/morro-tango\/\">Morro Tango<\/a><\/h3><p><a href=\"https:\/\/www.visitgastroh.com\/fr\/store\/morro-tango\/\"><img loading=\"lazy\" decoding=\"async\" width=\"1600\" height=\"1200\" src=\"https:\/\/www.visitgastroh.com\/wp-content\/uploads\/2022\/04\/Estado-actual.jpg\" class=\"attachment-post-thumbnail size-post-thumbnail wp-post-image\" alt=\"\" srcset=\"https:\/\/www.visitgastroh.com\/wp-content\/uploads\/2022\/04\/Estado-actual.jpg 1600w, https:\/\/www.visitgastroh.com\/wp-content\/uploads\/2022\/04\/Estado-actual-300x225.jpg 300w, https:\/\/www.visitgastroh.com\/wp-content\/uploads\/2022\/04\/Estado-actual-1024x768.jpg 1024w, https:\/\/www.visitgastroh.com\/wp-content\/uploads\/2022\/04\/Estado-actual-768x576.jpg 768w, https:\/\/www.visitgastroh.com\/wp-content\/uploads\/2022\/04\/Estado-actual-1536x1152.jpg 1536w\" sizes=\"auto, (max-width: 1600px) 100vw, 1600px\" \/><\/a><\/p><p class=\"store_locator_excerpt\">MORRO TANGO Restaurante (ALFARO) Nous appartenons au Guide Michelin avec notre distinction &#8220;Bib Gourman&#8221; comme restaurant au meilleur rapport qualit\u00e9 prix. \u00cates-vous un tango morro? Rendez-nous visite et vous d\u00e9gusterez...<\/p><p class=\"store_locator_address\"><span class=\"store_locator_street\">Calle Las Pozas n\u00ba18<br\/><\/span> <span class=\"store_locator_zip\">26540<\/span> <span class=\"store_locator_city\">Alfaro<br\/><\/span> <span class=\"store_locator_region\">La Rioja<\/span> <\/p><p class=\"store_locator_contact\"><span class=\"store_locator_tel\">Tel.: <a href=\"tel:+34 941181533\">+34 941181533<\/a><br\/><\/span><span class=\"store_locator_email\">Email: <a href=\"mailto:restaurante@morrotango.com\">restaurante@morrotango.com<\/a><br\/><\/span><span class=\"store_locator_website\">Website: <a href=\"morrotango.com\">morrotango.com<\/a><br\/><\/span><\/p><\/div>`,\n      });\n\n    marker69.addListener(\"click\", () => {\n        infowindow69.open({\n          anchor: marker69,\n          map,\n          shouldFocus: false,\n        });\n    });marker70 = new google.maps.Marker({position: {lat: 42.13360871166612, lng: -2.1110295325408934},map,title: \"MUR DES EAUX Maison rurale loisirs et tourisme ruralaguas sl\",});\n    markers.push(marker70);\n    const infowindow70 = new google.maps.InfoWindow({\n        content: `<div id=\"store_locator_infowindow_28631\" class=\"store_locator_infowindow\"><div class=\"store-locator-col-sm-12 store_locator_details\"><h3 class=\"store_locator_name\"><a href=\"https:\/\/www.visitgastroh.com\/fr\/store\/mur-des-eaux-maison-rurale-loisirs-et-tourisme-ruralaguas-sl\/\">MUR DES EAUX Maison rurale loisirs et tourisme ruralaguas sl<\/a><\/h3><p><a href=\"https:\/\/www.visitgastroh.com\/fr\/store\/mur-des-eaux-maison-rurale-loisirs-et-tourisme-ruralaguas-sl\/\"><img loading=\"lazy\" decoding=\"async\" width=\"1700\" height=\"2560\" src=\"https:\/\/www.visitgastroh.com\/wp-content\/uploads\/2022\/02\/Casa-rural-Muro-de-aguas-parte-delantera-scaled.jpg\" class=\"attachment-post-thumbnail size-post-thumbnail wp-post-image\" alt=\"\" srcset=\"https:\/\/www.visitgastroh.com\/wp-content\/uploads\/2022\/02\/Casa-rural-Muro-de-aguas-parte-delantera-scaled.jpg 1700w, https:\/\/www.visitgastroh.com\/wp-content\/uploads\/2022\/02\/Casa-rural-Muro-de-aguas-parte-delantera-199x300.jpg 199w, https:\/\/www.visitgastroh.com\/wp-content\/uploads\/2022\/02\/Casa-rural-Muro-de-aguas-parte-delantera-680x1024.jpg 680w, https:\/\/www.visitgastroh.com\/wp-content\/uploads\/2022\/02\/Casa-rural-Muro-de-aguas-parte-delantera-768x1156.jpg 768w, https:\/\/www.visitgastroh.com\/wp-content\/uploads\/2022\/02\/Casa-rural-Muro-de-aguas-parte-delantera-1020x1536.jpg 1020w, https:\/\/www.visitgastroh.com\/wp-content\/uploads\/2022\/02\/Casa-rural-Muro-de-aguas-parte-delantera-1360x2048.jpg 1360w\" sizes=\"auto, (max-width: 1700px) 100vw, 1700px\" \/><\/a><\/p><p class=\"store_locator_excerpt\">MUR D&#8217;EAU Maison Rurale (MUR D&#8217;EAU) &nbsp; Notre maison rurale Muro de Aguas est une ancienne maison pastorale avec la structure traditionnelle typique. Il est am\u00e9nag\u00e9 sur 3 \u00e9tages accessibles...<\/p><p class=\"store_locator_address\"><span class=\"store_locator_street\">Broad Street n\u00ba12<br\/><\/span> <span class=\"store_locator_zip\">26587<\/span> <span class=\"store_locator_city\">Mur d\\'eau<br\/><\/span> <span class=\"store_locator_region\">La Rioja<\/span> <\/p><p class=\"store_locator_contact\"><span class=\"store_locator_tel\">Tel.: <a href=\"tel:+34680880068\">+34680880068<\/a><br\/><\/span><span class=\"store_locator_email\">Email: <a href=\"mailto:info@murodeaguas.com\">info@murodeaguas.com<\/a><br\/><\/span><span class=\"store_locator_mobile\">Mobile: <a href=\"tel:+34680880068\">+34680880068<\/a><br\/><\/span><span class=\"store_locator_website\">Website: <a href=\"https:\/\/www.murodeaguas.com\/\">https:\/\/www.murodeaguas.com\/<\/a><br\/><\/span><\/p><\/div>`,\n      });\n\n    marker70.addListener(\"click\", () => {\n        infowindow70.open({\n          anchor: marker70,\n          map,\n          shouldFocus: false,\n        });\n    });marker71 = new google.maps.Marker({position: {lat: 42.30016579999999, lng: -1.9588287},map,title: \"Museo de la Verdura\",});\n    markers.push(marker71);\n    const infowindow71 = new google.maps.InfoWindow({\n        content: `<div id=\"store_locator_infowindow_35303\" class=\"store_locator_infowindow\"><div class=\"store-locator-col-sm-12 store_locator_details\"><h3 class=\"store_locator_name\"><a href=\"https:\/\/www.visitgastroh.com\/fr\/store\/museo-de-la-verdura\/\">Museo de la Verdura<\/a><\/h3><p><a href=\"https:\/\/www.visitgastroh.com\/fr\/store\/museo-de-la-verdura\/\"><img loading=\"lazy\" decoding=\"async\" width=\"655\" height=\"655\" src=\"https:\/\/www.visitgastroh.com\/wp-content\/uploads\/2022\/04\/museo-verdura-calahorra-3.jpg\" class=\"attachment-post-thumbnail size-post-thumbnail wp-post-image\" alt=\"\" srcset=\"https:\/\/www.visitgastroh.com\/wp-content\/uploads\/2022\/04\/museo-verdura-calahorra-3.jpg 655w, https:\/\/www.visitgastroh.com\/wp-content\/uploads\/2022\/04\/museo-verdura-calahorra-3-300x300.jpg 300w, https:\/\/www.visitgastroh.com\/wp-content\/uploads\/2022\/04\/museo-verdura-calahorra-3-150x150.jpg 150w, https:\/\/www.visitgastroh.com\/wp-content\/uploads\/2022\/04\/museo-verdura-calahorra-3-100x100.jpg 100w, https:\/\/www.visitgastroh.com\/wp-content\/uploads\/2022\/04\/museo-verdura-calahorra-3-140x140.jpg 140w, https:\/\/www.visitgastroh.com\/wp-content\/uploads\/2022\/04\/museo-verdura-calahorra-3-500x500.jpg 500w, https:\/\/www.visitgastroh.com\/wp-content\/uploads\/2022\/04\/museo-verdura-calahorra-3-350x350.jpg 350w\" sizes=\"auto, (max-width: 655px) 100vw, 655px\" \/><\/a><\/p><p class=\"store_locator_excerpt\">MUSEO DE LA VERDURA (CALAHORRA) Le Mus\u00e9e des l\u00e9gumes renforce l&#8217;identit\u00e9 de Calahorra en tant que ville des l\u00e9gumes et montre au visiteur l&#8217;activit\u00e9 des vergers et des cultures sur...<\/p><p class=\"store_locator_address\"><span class=\"store_locator_street\">Cuesta de la Catedral, 5 <br\/><\/span> <span class=\"store_locator_zip\">26500<\/span> <span class=\"store_locator_city\">Calahorra<br\/><\/span> <span class=\"store_locator_region\">La Rioja<\/span> <\/p><p class=\"store_locator_contact\"><span class=\"store_locator_tel\">Tel.: <a href=\"tel:+34 941 105 061\">+34 941 105 061<\/a><br\/><\/span><span class=\"store_locator_email\">Email: <a href=\"mailto:museodelaverdura@ayto-calahorra.es\">museodelaverdura@ayto-calahorra.es<\/a><br\/><\/span><span class=\"store_locator_website\">Website: <a href=\"https:\/\/lariojaturismo.com\/\">https:\/\/lariojaturismo.com\/<\/a><br\/><\/span><\/p><\/div>`,\n      });\n\n    marker71.addListener(\"click\", () => {\n        infowindow71.open({\n          anchor: marker71,\n          map,\n          shouldFocus: false,\n        });\n    });marker72 = new google.maps.Marker({position: {lat: 42.5363114, lng: -2.9138676},map,title: \"Natura Resorts Rioja\",});\n    markers.push(marker72);\n    const infowindow72 = new google.maps.InfoWindow({\n        content: `<div id=\"store_locator_infowindow_28584\" class=\"store_locator_infowindow\"><div class=\"store-locator-col-sm-12 store_locator_details\"><h3 class=\"store_locator_name\"><a href=\"https:\/\/www.visitgastroh.com\/fr\/store\/natura-resorts-rioja\/\">Natura Resorts Rioja<\/a><\/h3><p><a href=\"https:\/\/www.visitgastroh.com\/fr\/store\/natura-resorts-rioja\/\"><img loading=\"lazy\" decoding=\"async\" width=\"1356\" height=\"598\" src=\"https:\/\/www.visitgastroh.com\/wp-content\/uploads\/2022\/03\/Captura-de-pantalla-2021-10-28-a-las-13.01.47.png\" class=\"attachment-post-thumbnail size-post-thumbnail wp-post-image\" alt=\"\" srcset=\"https:\/\/www.visitgastroh.com\/wp-content\/uploads\/2022\/03\/Captura-de-pantalla-2021-10-28-a-las-13.01.47.png 1356w, https:\/\/www.visitgastroh.com\/wp-content\/uploads\/2022\/03\/Captura-de-pantalla-2021-10-28-a-las-13.01.47-300x132.png 300w, https:\/\/www.visitgastroh.com\/wp-content\/uploads\/2022\/03\/Captura-de-pantalla-2021-10-28-a-las-13.01.47-1024x452.png 1024w, https:\/\/www.visitgastroh.com\/wp-content\/uploads\/2022\/03\/Captura-de-pantalla-2021-10-28-a-las-13.01.47-768x339.png 768w\" sizes=\"auto, (max-width: 1356px) 100vw, 1356px\" \/><\/a><\/p><p class=\"store_locator_excerpt\">NATURA Resorts Rioja (CASALARREINA) NATURA Resort fait partie d&#8217;un projet global qui favorise l&#8217;int\u00e9gration sociale, l&#8217;\u00e9limination des barri\u00e8res et l&#8217;\u00e9radication des st\u00e9r\u00e9otypes sur le handicap \u00e0 travers des projets touristiques,...<\/p><p class=\"store_locator_address\"><span class=\"store_locator_street\">Autoroute LR-111, Km 36<br\/><\/span> <span class=\"store_locator_zip\">26230<\/span> <span class=\"store_locator_city\">Casalarreina<br\/><\/span> <span class=\"store_locator_region\">La Rioja<\/span> <\/p><p class=\"store_locator_contact\"><span class=\"store_locator_tel\">Tel.: <a href=\"tel:+34 662002780\">+34 662002780<\/a><br\/><\/span><span class=\"store_locator_email\">Email: <a href=\"mailto:direccioncomercial@natura-resorts.com\">direccioncomercial@natura-resorts.com<\/a><br\/><\/span><span class=\"store_locator_website\">Website: <a href=\"https:\/\/natura-resorts.com\">https:\/\/natura-resorts.com<\/a><br\/><\/span><\/p><\/div>`,\n      });\n\n    marker72.addListener(\"click\", () => {\n        infowindow72.open({\n          anchor: marker72,\n          map,\n          shouldFocus: false,\n        });\n    });marker73 = new google.maps.Marker({position: {lat: 42.17825703958371, lng: -1.7565265169799882},map,title: \"NINFEO DEL VINO\",});\n    markers.push(marker73);\n    const infowindow73 = new google.maps.InfoWindow({\n        content: `<div id=\"store_locator_infowindow_34485\" class=\"store_locator_infowindow\"><div class=\"store-locator-col-sm-12 store_locator_details\"><h3 class=\"store_locator_name\"><a href=\"https:\/\/www.visitgastroh.com\/fr\/store\/ninfeo-del-vino\/\">NINFEO DEL VINO<\/a><\/h3><p><a href=\"https:\/\/www.visitgastroh.com\/fr\/store\/ninfeo-del-vino\/\"><img loading=\"lazy\" decoding=\"async\" width=\"1558\" height=\"876\" src=\"https:\/\/www.visitgastroh.com\/wp-content\/uploads\/2022\/03\/NINFEO-DEL-VINO_Sala-de-Catas-2.jpeg\" class=\"attachment-post-thumbnail size-post-thumbnail wp-post-image\" alt=\"\" srcset=\"https:\/\/www.visitgastroh.com\/wp-content\/uploads\/2022\/03\/NINFEO-DEL-VINO_Sala-de-Catas-2.jpeg 1558w, https:\/\/www.visitgastroh.com\/wp-content\/uploads\/2022\/03\/NINFEO-DEL-VINO_Sala-de-Catas-2-300x169.jpeg 300w, https:\/\/www.visitgastroh.com\/wp-content\/uploads\/2022\/03\/NINFEO-DEL-VINO_Sala-de-Catas-2-1024x576.jpeg 1024w, https:\/\/www.visitgastroh.com\/wp-content\/uploads\/2022\/03\/NINFEO-DEL-VINO_Sala-de-Catas-2-768x432.jpeg 768w, https:\/\/www.visitgastroh.com\/wp-content\/uploads\/2022\/03\/NINFEO-DEL-VINO_Sala-de-Catas-2-1536x864.jpeg 1536w\" sizes=\"auto, (max-width: 1558px) 100vw, 1558px\" \/><\/a><\/p><p class=\"store_locator_excerpt\">NINFEO DEL VINO (ALFARO) Vente de produits r\u00e9gionaux. Etablissement de vente en gros et au d\u00e9tail de toutes sortes de vins (cavas, effervescents, vrac, vermouth, etc) et de conserves (l\u00e9gumes,...<\/p><p class=\"store_locator_address\"><span class=\"store_locator_street\">Avenida de Zaragoza n\u00ba4 -Bajo-Local<br\/><\/span> <span class=\"store_locator_zip\">26540<\/span> <span class=\"store_locator_city\">Alfaro<br\/><\/span> <span class=\"store_locator_region\">La Rioja<\/span> <\/p><p class=\"store_locator_contact\"><span class=\"store_locator_tel\">Tel.: <a href=\"tel:+34941183322\">+34941183322<\/a><br\/><\/span><span class=\"store_locator_email\">Email: <a href=\"mailto:info@ninfeodelvino.com\">info@ninfeodelvino.com<\/a><br\/><\/span><span class=\"store_locator_mobile\">Mobile: <a href=\"tel:+34651887357\">+34651887357<\/a><br\/><\/span><span class=\"store_locator_website\">Website: <a href=\"http:\/\/www.ninfeodelvino.com\/\">http:\/\/www.ninfeodelvino.com\/<\/a><br\/><\/span><\/p><\/div>`,\n      });\n\n    marker73.addListener(\"click\", () => {\n        infowindow73.open({\n          anchor: marker73,\n          map,\n          shouldFocus: false,\n        });\n    });marker74 = new google.maps.Marker({position: {lat: 42.30038328629628, lng: -2.718621236840051},map,title: \"Nuez de Pedroso\",});\n    markers.push(marker74);\n    const infowindow74 = new google.maps.InfoWindow({\n        content: `<div id=\"store_locator_infowindow_34541\" class=\"store_locator_infowindow\"><div class=\"store-locator-col-sm-12 store_locator_details\"><h3 class=\"store_locator_name\"><a href=\"https:\/\/www.visitgastroh.com\/fr\/store\/nuez-de-pedroso\/\">Nuez de Pedroso<\/a><\/h3><p><a href=\"https:\/\/www.visitgastroh.com\/fr\/store\/nuez-de-pedroso\/\"><img loading=\"lazy\" decoding=\"async\" width=\"2560\" height=\"1707\" src=\"https:\/\/www.visitgastroh.com\/wp-content\/uploads\/2022\/03\/IMG_0393-scaled.jpg\" class=\"attachment-post-thumbnail size-post-thumbnail wp-post-image\" alt=\"\" srcset=\"https:\/\/www.visitgastroh.com\/wp-content\/uploads\/2022\/03\/IMG_0393-scaled.jpg 2560w, https:\/\/www.visitgastroh.com\/wp-content\/uploads\/2022\/03\/IMG_0393-300x200.jpg 300w, https:\/\/www.visitgastroh.com\/wp-content\/uploads\/2022\/03\/IMG_0393-1024x683.jpg 1024w, https:\/\/www.visitgastroh.com\/wp-content\/uploads\/2022\/03\/IMG_0393-768x512.jpg 768w, https:\/\/www.visitgastroh.com\/wp-content\/uploads\/2022\/03\/IMG_0393-1536x1024.jpg 1536w, https:\/\/www.visitgastroh.com\/wp-content\/uploads\/2022\/03\/IMG_0393-2048x1365.jpg 2048w, https:\/\/www.visitgastroh.com\/wp-content\/uploads\/2022\/03\/IMG_0393-900x600.jpg 900w\" sizes=\"auto, (max-width: 2560px) 100vw, 2560px\" \/><\/a><\/p><p class=\"store_locator_excerpt\">NUEZ DE PEDROSO (PEDROSO) La noix Pedroso provient d&#8217;une zone traditionnelle de production de noix en coque et en grain. C&#8217;est la seule noix \u00e0 Appellation d&#8217;Origine Prot\u00e9g\u00e9e sur tout...<\/p><p class=\"store_locator_address\"><span class=\"store_locator_street\">Calle Mart\u00edn Navarro n\u00ba 5<br\/><\/span> <span class=\"store_locator_zip\">26321<\/span> <span class=\"store_locator_city\">Pedroso<br\/><\/span> <span class=\"store_locator_region\">La Rioja<\/span> <\/p><p class=\"store_locator_contact\"><span class=\"store_locator_tel\">Tel.: <a href=\"tel:+34941545109\">+34941545109<\/a><br\/><\/span><span class=\"store_locator_email\">Email: <a href=\"mailto:info@nuezdepedroso.com\">info@nuezdepedroso.com<\/a><br\/><\/span><span class=\"store_locator_mobile\">Mobile: <a href=\"tel:+34657852738\">+34657852738<\/a><br\/><\/span><span class=\"store_locator_website\">Website: <a href=\"https:\/\/nuezdepedroso.com\/\">https:\/\/nuezdepedroso.com\/<\/a><br\/><\/span><\/p><\/div>`,\n      });\n\n    marker74.addListener(\"click\", () => {\n        infowindow74.open({\n          anchor: marker74,\n          map,\n          shouldFocus: false,\n        });\n    });marker75 = new google.maps.Marker({position: {lat: 42.178557177999096, lng: -1.7567410937011796},map,title: \"NYMPHEE DU VIN\",});\n    markers.push(marker75);\n    const infowindow75 = new google.maps.InfoWindow({\n        content: `<div id=\"store_locator_infowindow_28596\" class=\"store_locator_infowindow\"><div class=\"store-locator-col-sm-12 store_locator_details\"><h3 class=\"store_locator_name\"><a href=\"https:\/\/www.visitgastroh.com\/fr\/store\/nymphee-du-vin\/\">NYMPHEE DU VIN<\/a><\/h3><p><a href=\"https:\/\/www.visitgastroh.com\/fr\/store\/nymphee-du-vin\/\"><img loading=\"lazy\" decoding=\"async\" width=\"2000\" height=\"1333\" src=\"https:\/\/www.visitgastroh.com\/wp-content\/uploads\/2022\/03\/tienda-1.jpg\" class=\"attachment-post-thumbnail size-post-thumbnail wp-post-image\" alt=\"\" srcset=\"https:\/\/www.visitgastroh.com\/wp-content\/uploads\/2022\/03\/tienda-1.jpg 2000w, https:\/\/www.visitgastroh.com\/wp-content\/uploads\/2022\/03\/tienda-1-300x200.jpg 300w, https:\/\/www.visitgastroh.com\/wp-content\/uploads\/2022\/03\/tienda-1-1024x682.jpg 1024w, https:\/\/www.visitgastroh.com\/wp-content\/uploads\/2022\/03\/tienda-1-768x512.jpg 768w, https:\/\/www.visitgastroh.com\/wp-content\/uploads\/2022\/03\/tienda-1-1536x1024.jpg 1536w, https:\/\/www.visitgastroh.com\/wp-content\/uploads\/2022\/03\/tienda-1-900x600.jpg 900w\" sizes=\"auto, (max-width: 2000px) 100vw, 2000px\" \/><\/a><\/p><p class=\"store_locator_excerpt\">NYMPHEE DU VIN (ALFARO) Vente de produits r\u00e9gionaux. Etablissement de vente en gros et au d\u00e9tail de toutes sortes de vins (cavas, effervescents, vrac, vermouth, etc) et de conserves (l\u00e9gumes,...<\/p><p class=\"store_locator_address\"><span class=\"store_locator_street\">Avenida de Zaragoza n\u00ba4 -Bajo-Local<br\/><\/span> <span class=\"store_locator_zip\">26540<\/span> <span class=\"store_locator_city\">Alfaro<br\/><\/span> <span class=\"store_locator_region\">La Rioja<\/span> <\/p><p class=\"store_locator_contact\"><span class=\"store_locator_tel\">Tel.: <a href=\"tel:+34 941183322\">+34 941183322<\/a><br\/><\/span><span class=\"store_locator_email\">Email: <a href=\"mailto:info@ninfeodelvino.com\">info@ninfeodelvino.com<\/a><br\/><\/span><span class=\"store_locator_mobile\">Mobile: <a href=\"tel:+34 651887357\">+34 651887357<\/a><br\/><\/span><span class=\"store_locator_website\">Website: <a href=\"http:\/\/www.ninfeodelvino.com\/\">http:\/\/www.ninfeodelvino.com\/<\/a><br\/><\/span><\/p><\/div>`,\n      });\n\n    marker75.addListener(\"click\", () => {\n        infowindow75.open({\n          anchor: marker75,\n          map,\n          shouldFocus: false,\n        });\n    });marker76 = new google.maps.Marker({position: {lat: 42.3178673, lng: -3.0668938},map,title: \"Pura Vida Hotel\",});\n    markers.push(marker76);\n    const infowindow76 = new google.maps.InfoWindow({\n        content: `<div id=\"store_locator_infowindow_35086\" class=\"store_locator_infowindow\"><div class=\"store-locator-col-sm-12 store_locator_details\"><h3 class=\"store_locator_name\"><a href=\"https:\/\/www.visitgastroh.com\/fr\/store\/pura-vida-hotel\/\">Pura Vida Hotel<\/a><\/h3><p><a href=\"https:\/\/www.visitgastroh.com\/fr\/store\/pura-vida-hotel\/\"><img loading=\"lazy\" decoding=\"async\" width=\"1568\" height=\"791\" src=\"https:\/\/www.visitgastroh.com\/wp-content\/uploads\/2022\/04\/hotel-pura-vida-edificio.jpg\" class=\"attachment-post-thumbnail size-post-thumbnail wp-post-image\" alt=\"\" srcset=\"https:\/\/www.visitgastroh.com\/wp-content\/uploads\/2022\/04\/hotel-pura-vida-edificio.jpg 1568w, https:\/\/www.visitgastroh.com\/wp-content\/uploads\/2022\/04\/hotel-pura-vida-edificio-300x151.jpg 300w, https:\/\/www.visitgastroh.com\/wp-content\/uploads\/2022\/04\/hotel-pura-vida-edificio-1024x517.jpg 1024w, https:\/\/www.visitgastroh.com\/wp-content\/uploads\/2022\/04\/hotel-pura-vida-edificio-768x387.jpg 768w, https:\/\/www.visitgastroh.com\/wp-content\/uploads\/2022\/04\/hotel-pura-vida-edificio-1536x775.jpg 1536w\" sizes=\"auto, (max-width: 1568px) 100vw, 1568px\" \/><\/a><\/p><p class=\"store_locator_excerpt\">Pura Vida Hotel (Valga\u00f1\u00f3n) Pura Vida est un charmant h\u00f4tel situ\u00e9 \u00e0 Valga\u00f1\u00f3n, La Rioja. Le b\u00e2timent a \u00e9t\u00e9 r\u00e9habilit\u00e9 par ses propri\u00e9taires en 2014. Ascensi\u00f3n et Javier sont architectes...<\/p><p class=\"store_locator_address\"><span class=\"store_locator_street\">Calle Real, 7<br\/><\/span> <span class=\"store_locator_zip\">26288<\/span> <span class=\"store_locator_city\">Valga\u00f1\u00f3n<br\/><\/span> <span class=\"store_locator_region\">La Rioja<\/span> <\/p><p class=\"store_locator_contact\"><span class=\"store_locator_tel\">Tel.: <a href=\"tel:+34 941 42 75 30\">+34 941 42 75 30<\/a><br\/><\/span><span class=\"store_locator_email\">Email: <a href=\"mailto:info@hotelpuravida.es\">info@hotelpuravida.es<\/a><br\/><\/span><span class=\"store_locator_mobile\">Mobile: <a href=\"tel:+34 649 78 61 59\">+34 649 78 61 59<\/a><br\/><\/span><span class=\"store_locator_website\">Website: <a href=\"https:\/\/hotelpuravida.es\/\">https:\/\/hotelpuravida.es\/<\/a><br\/><\/span><\/p><\/div>`,\n      });\n\n    marker76.addListener(\"click\", () => {\n        infowindow76.open({\n          anchor: marker76,\n          map,\n          shouldFocus: false,\n        });\n    });marker77 = new google.maps.Marker({position: {lat: 42.46662954838967, lng: -2.446704690807344},map,title: \"Restaurant A\u00eftor Esnal\",});\n    markers.push(marker77);\n    const infowindow77 = new google.maps.InfoWindow({\n        content: `<div id=\"store_locator_infowindow_28625\" class=\"store_locator_infowindow\"><div class=\"store-locator-col-sm-12 store_locator_details\"><h3 class=\"store_locator_name\"><a href=\"https:\/\/www.visitgastroh.com\/fr\/store\/restaurant-aitor-esnal\/\">Restaurant A\u00eftor Esnal<\/a><\/h3><p><a href=\"https:\/\/www.visitgastroh.com\/fr\/store\/restaurant-aitor-esnal\/\"><img loading=\"lazy\" decoding=\"async\" width=\"1500\" height=\"750\" src=\"https:\/\/www.visitgastroh.com\/wp-content\/uploads\/2022\/02\/AGP1498_0043-Pano.jpg\" class=\"attachment-post-thumbnail size-post-thumbnail wp-post-image\" alt=\"\" srcset=\"https:\/\/www.visitgastroh.com\/wp-content\/uploads\/2022\/02\/AGP1498_0043-Pano.jpg 1500w, https:\/\/www.visitgastroh.com\/wp-content\/uploads\/2022\/02\/AGP1498_0043-Pano-300x150.jpg 300w, https:\/\/www.visitgastroh.com\/wp-content\/uploads\/2022\/02\/AGP1498_0043-Pano-1024x512.jpg 1024w, https:\/\/www.visitgastroh.com\/wp-content\/uploads\/2022\/02\/AGP1498_0043-Pano-768x384.jpg 768w, https:\/\/www.visitgastroh.com\/wp-content\/uploads\/2022\/02\/AGP1498_0043-Pano-1000x500.jpg 1000w, https:\/\/www.visitgastroh.com\/wp-content\/uploads\/2022\/02\/AGP1498_0043-Pano-670x335.jpg 670w\" sizes=\"auto, (max-width: 1500px) 100vw, 1500px\" \/><\/a><\/p><p class=\"store_locator_excerpt\">Restaurant AITOR ESNAL (LOGRONO) Le nouveau projet d&#8217;Aitor Esnal est un tout nouvel univers gastronomique \u00e0 d\u00e9couvrir : origines, environs et voyages ; 100% saveur.<\/p><p class=\"store_locator_address\"><span class=\"store_locator_street\">Rue Sagasta n\u00ba13<br\/><\/span> <span class=\"store_locator_zip\">26001<\/span> <span class=\"store_locator_city\">Logro\u00f1o<br\/><\/span> <span class=\"store_locator_region\">La Rioja<\/span> <\/p><p class=\"store_locator_contact\"><span class=\"store_locator_tel\">Tel.: <a href=\"tel:+34 941241283\">+34 941241283<\/a><br\/><\/span><span class=\"store_locator_email\">Email: <a href=\"mailto:info@aitoresnal.com\">info@aitoresnal.com<\/a><br\/><\/span><span class=\"store_locator_website\">Website: <a href=\"http:\/\/aitoresnal.com\">http:\/\/aitoresnal.com<\/a><br\/><\/span><\/p><\/div>`,\n      });\n\n    marker77.addListener(\"click\", () => {\n        infowindow77.open({\n          anchor: marker77,\n          map,\n          shouldFocus: false,\n        });\n    });marker78 = new google.maps.Marker({position: {lat: 42.463033803343265, lng: -2.4490283833282445},map,title: \"Restaurant Juan Carlos Ferrando\",});\n    markers.push(marker78);\n    const infowindow78 = new google.maps.InfoWindow({\n        content: `<div id=\"store_locator_infowindow_28637\" class=\"store_locator_infowindow\"><div class=\"store-locator-col-sm-12 store_locator_details\"><h3 class=\"store_locator_name\"><a href=\"https:\/\/www.visitgastroh.com\/fr\/store\/restaurant-juan-carlos-ferrando\/\">Restaurant Juan Carlos Ferrando<\/a><\/h3><p><a href=\"https:\/\/www.visitgastroh.com\/fr\/store\/restaurant-juan-carlos-ferrando\/\"><img loading=\"lazy\" decoding=\"async\" width=\"2560\" height=\"1707\" src=\"https:\/\/www.visitgastroh.com\/wp-content\/uploads\/2022\/02\/FERRANDO_JRE1-scaled.jpg\" class=\"attachment-post-thumbnail size-post-thumbnail wp-post-image\" alt=\"\" srcset=\"https:\/\/www.visitgastroh.com\/wp-content\/uploads\/2022\/02\/FERRANDO_JRE1-scaled.jpg 2560w, https:\/\/www.visitgastroh.com\/wp-content\/uploads\/2022\/02\/FERRANDO_JRE1-300x200.jpg 300w, https:\/\/www.visitgastroh.com\/wp-content\/uploads\/2022\/02\/FERRANDO_JRE1-1024x683.jpg 1024w, https:\/\/www.visitgastroh.com\/wp-content\/uploads\/2022\/02\/FERRANDO_JRE1-768x512.jpg 768w, https:\/\/www.visitgastroh.com\/wp-content\/uploads\/2022\/02\/FERRANDO_JRE1-1536x1024.jpg 1536w, https:\/\/www.visitgastroh.com\/wp-content\/uploads\/2022\/02\/FERRANDO_JRE1-2048x1366.jpg 2048w, https:\/\/www.visitgastroh.com\/wp-content\/uploads\/2022\/02\/FERRANDO_JRE1-900x600.jpg 900w\" sizes=\"auto, (max-width: 2560px) 100vw, 2560px\" \/><\/a><\/p><p class=\"store_locator_excerpt\">Restaurant JUAN CARLOS FERRANDO (LOGRONO) Nous r\u00e9alisons une cuisine fine, \u00e9l\u00e9gante, d\u00e9licate. Une cuisine d&#8217;\u00e9poque. Juste le temps d&#8217;obtenir une cuisson ad\u00e9quate du produit principal du plat et le temps...<\/p><p class=\"store_locator_address\"><span class=\"store_locator_street\">Rue Maria Teresa Gil de Garate n\u00b0 7<br\/><\/span> <span class=\"store_locator_zip\">26002<\/span> <span class=\"store_locator_city\">Logro\u00f1o<br\/><\/span> <span class=\"store_locator_region\">La Rioja<\/span> <\/p><p class=\"store_locator_contact\"><span class=\"store_locator_tel\">Tel.: <a href=\"tel:+34 941214795\">+34 941214795<\/a><br\/><\/span><span class=\"store_locator_email\">Email: <a href=\"mailto:reserva@juancarlosferrando.com\">reserva@juancarlosferrando.com<\/a><br\/><\/span><span class=\"store_locator_mobile\">Mobile: <a href=\"tel:+34 649977575\">+34 649977575<\/a><br\/><\/span><span class=\"store_locator_website\">Website: <a href=\"https:\/\/www.juancarlosferrando.com\/\">https:\/\/www.juancarlosferrando.com\/<\/a><br\/><\/span><\/p><\/div>`,\n      });\n\n    marker78.addListener(\"click\", () => {\n        infowindow78.open({\n          anchor: marker78,\n          map,\n          shouldFocus: false,\n        });\n    });marker79 = new google.maps.Marker({position: {lat: 42.31372538047496, lng: -2.2202967771072446},map,title: \"Restaurant La Alameda de Pipaona\",});\n    markers.push(marker79);\n    const infowindow79 = new google.maps.InfoWindow({\n        content: `<div id=\"store_locator_infowindow_28648\" class=\"store_locator_infowindow\"><div class=\"store-locator-col-sm-12 store_locator_details\"><h3 class=\"store_locator_name\"><a href=\"https:\/\/www.visitgastroh.com\/fr\/store\/restaurant-la-alameda-de-pipaona\/\">Restaurant La Alameda de Pipaona<\/a><\/h3><p><a href=\"https:\/\/www.visitgastroh.com\/fr\/store\/restaurant-la-alameda-de-pipaona\/\"><img loading=\"lazy\" decoding=\"async\" width=\"2560\" height=\"1707\" src=\"https:\/\/www.visitgastroh.com\/wp-content\/uploads\/2022\/02\/45A0882-scaled.jpg\" class=\"attachment-post-thumbnail size-post-thumbnail wp-post-image\" alt=\"\" srcset=\"https:\/\/www.visitgastroh.com\/wp-content\/uploads\/2022\/02\/45A0882-scaled.jpg 2560w, https:\/\/www.visitgastroh.com\/wp-content\/uploads\/2022\/02\/45A0882-300x200.jpg 300w, https:\/\/www.visitgastroh.com\/wp-content\/uploads\/2022\/02\/45A0882-1024x683.jpg 1024w, https:\/\/www.visitgastroh.com\/wp-content\/uploads\/2022\/02\/45A0882-768x512.jpg 768w, https:\/\/www.visitgastroh.com\/wp-content\/uploads\/2022\/02\/45A0882-1536x1024.jpg 1536w, https:\/\/www.visitgastroh.com\/wp-content\/uploads\/2022\/02\/45A0882-2048x1365.jpg 2048w, https:\/\/www.visitgastroh.com\/wp-content\/uploads\/2022\/02\/45A0882-900x600.jpg 900w\" sizes=\"auto, (max-width: 2560px) 100vw, 2560px\" \/><\/a><\/p><p class=\"store_locator_excerpt\">L&#8217;ALAMEDA DE PIPAONA Bar Restaurant (PIPAONE DE OC\u00d3N) Restaurant de charme en zone rurale, au c\u0153ur de la r\u00e9serve de biosph\u00e8re de La Rioja. Cuisine traditionnelle et de saison, nous...<\/p><p class=\"store_locator_address\"><span class=\"store_locator_street\">Rue Real s\/n<br\/><\/span> <span class=\"store_locator_zip\">26147<\/span> <span class=\"store_locator_city\">Ocon Pipaona <br\/><\/span> <span class=\"store_locator_region\">La Rioja<\/span> <\/p><p class=\"store_locator_contact\"><span class=\"store_locator_tel\">Tel.: <a href=\"tel:+34 659 922 075\">+34 659 922 075<\/a><br\/><\/span><span class=\"store_locator_email\">Email: <a href=\"mailto:information@laalamedapipaona.com \">information@laalamedapipaona.com <\/a><br\/><\/span><span class=\"store_locator_mobile\">Mobile: <a href=\"tel:+34 659 922 075\">+34 659 922 075<\/a><br\/><\/span><span class=\"store_locator_website\">Website: <a href=\"https:\/\/www.laalamedapipaona.com\/\">https:\/\/www.laalamedapipaona.com\/<\/a><br\/><\/span><\/p><\/div>`,\n      });\n\n    marker79.addListener(\"click\", () => {\n        infowindow79.open({\n          anchor: marker79,\n          map,\n          shouldFocus: false,\n        });\n    });marker80 = new google.maps.Marker({position: {lat: 42.22567919999999, lng: -2.1020752},map,title: \"Restaurant Sopita\",});\n    markers.push(marker80);\n    const infowindow80 = new google.maps.InfoWindow({\n        content: `<div id=\"store_locator_infowindow_41013\" class=\"store_locator_infowindow\"><div class=\"store-locator-col-sm-12 store_locator_details\"><h3 class=\"store_locator_name\"><a href=\"https:\/\/www.visitgastroh.com\/fr\/store\/restaurant-sopita\/\">Restaurant Sopita<\/a><\/h3><p><a href=\"https:\/\/www.visitgastroh.com\/fr\/store\/restaurant-sopita\/\"><img loading=\"lazy\" decoding=\"async\" width=\"1024\" height=\"441\" src=\"https:\/\/www.visitgastroh.com\/wp-content\/uploads\/2022\/03\/hotel_slide2_21-1024x441-1.jpg\" class=\"attachment-post-thumbnail size-post-thumbnail wp-post-image\" alt=\"\" srcset=\"https:\/\/www.visitgastroh.com\/wp-content\/uploads\/2022\/03\/hotel_slide2_21-1024x441-1.jpg 1024w, https:\/\/www.visitgastroh.com\/wp-content\/uploads\/2022\/03\/hotel_slide2_21-1024x441-1-300x129.jpg 300w, https:\/\/www.visitgastroh.com\/wp-content\/uploads\/2022\/03\/hotel_slide2_21-1024x441-1-768x331.jpg 768w\" sizes=\"auto, (max-width: 1024px) 100vw, 1024px\" \/><\/a><\/p><p class=\"store_locator_excerpt\">Restaurant SOPITAS (ARN\u00c9DO) Nous apportons La Rioja dans votre assiette dans un espace unique et intime. Exclusivit\u00e9 et design original gr\u00e2ce \u00e0 ses grottes naturelles de diff\u00e9rentes tailles en plein...<\/p><p class=\"store_locator_address\"><span class=\"store_locator_street\">C\/ De la Carrera, 4<br\/><\/span> <span class=\"store_locator_zip\">26580<\/span> <span class=\"store_locator_city\">Arnedo<br\/><\/span> <span class=\"store_locator_region\">La Rioja<\/span> <\/p><p class=\"store_locator_contact\"><span class=\"store_locator_tel\">Tel.: <a href=\"tel:+34 941380266\">+34 941380266<\/a><br\/><\/span><span class=\"store_locator_email\">Email: <a href=\"mailto:reserve@sopitas.es\">reserve@sopitas.es<\/a><br\/><\/span><span class=\"store_locator_website\">Website: <a href=\"https:\/\/victoriarestauracion.es\/restaurante-sopitas\/\">https:\/\/victoriarestauracion.es\/restaurante-sopitas\/<\/a><br\/><\/span><\/p><\/div>`,\n      });\n\n    marker80.addListener(\"click\", () => {\n        infowindow80.open({\n          anchor: marker80,\n          map,\n          shouldFocus: false,\n        });\n    });marker81 = new google.maps.Marker({position: {lat: 42.377441856443546, lng: -2.522121744335948},map,title: \"RESTAURANT TIERRA (CAVE-H\u00d4TEL FINCA DE LOS ARANDINOS)\",});\n    markers.push(marker81);\n    const infowindow81 = new google.maps.InfoWindow({\n        content: `<div id=\"store_locator_infowindow_28784\" class=\"store_locator_infowindow\"><div class=\"store-locator-col-sm-12 store_locator_details\"><h3 class=\"store_locator_name\"><a href=\"https:\/\/www.visitgastroh.com\/fr\/store\/restaurant-tierra-cave-hotel-finca-de-los-arandinos\/\">RESTAURANT TIERRA (CAVE-H\u00d4TEL FINCA DE LOS ARANDINOS)<\/a><\/h3><p><a href=\"https:\/\/www.visitgastroh.com\/fr\/store\/restaurant-tierra-cave-hotel-finca-de-los-arandinos\/\"><img loading=\"lazy\" decoding=\"async\" width=\"2560\" height=\"1920\" src=\"https:\/\/www.visitgastroh.com\/wp-content\/uploads\/2022\/02\/IMG_20190322_215439-1-scaled.jpg\" class=\"attachment-post-thumbnail size-post-thumbnail wp-post-image\" alt=\"\" srcset=\"https:\/\/www.visitgastroh.com\/wp-content\/uploads\/2022\/02\/IMG_20190322_215439-1-scaled.jpg 2560w, https:\/\/www.visitgastroh.com\/wp-content\/uploads\/2022\/02\/IMG_20190322_215439-1-300x225.jpg 300w, https:\/\/www.visitgastroh.com\/wp-content\/uploads\/2022\/02\/IMG_20190322_215439-1-1024x768.jpg 1024w, https:\/\/www.visitgastroh.com\/wp-content\/uploads\/2022\/02\/IMG_20190322_215439-1-768x576.jpg 768w, https:\/\/www.visitgastroh.com\/wp-content\/uploads\/2022\/02\/IMG_20190322_215439-1-1536x1152.jpg 1536w, https:\/\/www.visitgastroh.com\/wp-content\/uploads\/2022\/02\/IMG_20190322_215439-1-2048x1536.jpg 2048w\" sizes=\"auto, (max-width: 2560px) 100vw, 2560px\" \/><\/a><\/p><p class=\"store_locator_excerpt\">TERRE &#8211; Restaurant FINCA DE LOS ARANDINOS (FORMER) Notre restaurant croit en la cuisine d&#8217;o\u00f9 il est n\u00e9. Loin du bruit, au pied de Moncalvillo et entour\u00e9 de vignes. Nous...<\/p><p class=\"store_locator_address\"><span class=\"store_locator_street\">ROUTE LR 137 KM 4.6<br\/><\/span> <span class=\"store_locator_zip\">26375<\/span> <span class=\"store_locator_city\">former<br\/><\/span> <span class=\"store_locator_region\">La Rioja<\/span> <\/p><p class=\"store_locator_contact\"><span class=\"store_locator_tel\">Tel.: <a href=\"tel:+34 941446126\">+34 941446126<\/a><br\/><\/span><span class=\"store_locator_email\">Email: <a href=\"mailto:bienvenue@fincadelosarandinos.com\">bienvenue@fincadelosarandinos.com<\/a><br\/><\/span><span class=\"store_locator_mobile\">Mobile: <a href=\"tel:+34 646280329\">+34 646280329<\/a><br\/><\/span><span class=\"store_locator_website\">Website: <a href=\"http:\/\/www.fincadelosarandinos.com \">http:\/\/www.fincadelosarandinos.com <\/a><br\/><\/span><\/p><\/div>`,\n      });\n\n    marker81.addListener(\"click\", () => {\n        infowindow81.open({\n          anchor: marker81,\n          map,\n          shouldFocus: false,\n        });\n    });marker82 = new google.maps.Marker({position: {lat: 42.17772831546647, lng: -1.755110310620125},map,title: \"Restaurante Graccurris\",});\n    markers.push(marker82);\n    const infowindow82 = new google.maps.InfoWindow({\n        content: `<div id=\"store_locator_infowindow_34543\" class=\"store_locator_infowindow\"><div class=\"store-locator-col-sm-12 store_locator_details\"><h3 class=\"store_locator_name\"><a href=\"https:\/\/www.visitgastroh.com\/fr\/store\/restaurante-graccurris\/\">Restaurante Graccurris<\/a><\/h3><p><a href=\"https:\/\/www.visitgastroh.com\/fr\/store\/restaurante-graccurris\/\"><img loading=\"lazy\" decoding=\"async\" width=\"2470\" height=\"1766\" src=\"https:\/\/www.visitgastroh.com\/wp-content\/uploads\/2022\/03\/RESTGRACC1.jpg\" class=\"attachment-post-thumbnail size-post-thumbnail wp-post-image\" alt=\"\" srcset=\"https:\/\/www.visitgastroh.com\/wp-content\/uploads\/2022\/03\/RESTGRACC1.jpg 2470w, https:\/\/www.visitgastroh.com\/wp-content\/uploads\/2022\/03\/RESTGRACC1-300x214.jpg 300w, https:\/\/www.visitgastroh.com\/wp-content\/uploads\/2022\/03\/RESTGRACC1-1024x732.jpg 1024w, https:\/\/www.visitgastroh.com\/wp-content\/uploads\/2022\/03\/RESTGRACC1-768x549.jpg 768w, https:\/\/www.visitgastroh.com\/wp-content\/uploads\/2022\/03\/RESTGRACC1-1536x1098.jpg 1536w, https:\/\/www.visitgastroh.com\/wp-content\/uploads\/2022\/03\/RESTGRACC1-2048x1464.jpg 2048w\" sizes=\"auto, (max-width: 2470px) 100vw, 2470px\" \/><\/a><\/p><p class=\"store_locator_excerpt\">GRACCURRIS Restaurante (ALFARO) Restaurant Sp\u00e9cialis\u00e9 en Cuisine Maison, menu et lettre. Venez d\u00e9couvrir nos entr\u00e9es, viandes et poissons. Nous vous traiterons comme dans votre propre maison!<\/p><p class=\"store_locator_address\"><span class=\"store_locator_street\">Avenida Zaragoza n\u00ba29<br\/><\/span> <span class=\"store_locator_zip\">26540<\/span> <span class=\"store_locator_city\">Alfaro<br\/><\/span> <span class=\"store_locator_region\">La Rioja<\/span> <\/p><p class=\"store_locator_contact\"><span class=\"store_locator_tel\">Tel.: <a href=\"tel:+34941180475\">+34941180475<\/a><br\/><\/span><span class=\"store_locator_email\">Email: <a href=\"mailto:restaurantgraccurris@gmail.com\">restaurantgraccurris@gmail.com<\/a><br\/><\/span><span class=\"store_locator_mobile\">Mobile: <a href=\"tel:+34647629106\">+34647629106<\/a><br\/><\/span><span class=\"store_locator_website\">Website: <a href=\"https:\/\/restaurantegraccurris.business.site\/\">https:\/\/restaurantegraccurris.business.site\/<\/a><br\/><\/span><\/p><\/div>`,\n      });\n\n    marker82.addListener(\"click\", () => {\n        infowindow82.open({\n          anchor: marker82,\n          map,\n          shouldFocus: false,\n        });\n    });marker83 = new google.maps.Marker({position: {lat: 42.572925380536205, lng: -2.709683899999993},map,title: \"Restaurante Hotel Villa de \u00c1balos\",});\n    markers.push(marker83);\n    const infowindow83 = new google.maps.InfoWindow({\n        content: `<div id=\"store_locator_infowindow_34483\" class=\"store_locator_infowindow\"><div class=\"store-locator-col-sm-12 store_locator_details\"><h3 class=\"store_locator_name\"><a href=\"https:\/\/www.visitgastroh.com\/fr\/store\/restaurante-hotel-villa-de-abalos\/\">Restaurante Hotel Villa de \u00c1balos<\/a><\/h3><p><a href=\"https:\/\/www.visitgastroh.com\/fr\/store\/restaurante-hotel-villa-de-abalos\/\"><img loading=\"lazy\" decoding=\"async\" width=\"1920\" height=\"2560\" src=\"https:\/\/www.visitgastroh.com\/wp-content\/uploads\/2022\/03\/1150-scaled.jpg\" class=\"attachment-post-thumbnail size-post-thumbnail wp-post-image\" alt=\"\" srcset=\"https:\/\/www.visitgastroh.com\/wp-content\/uploads\/2022\/03\/1150-scaled.jpg 1920w, https:\/\/www.visitgastroh.com\/wp-content\/uploads\/2022\/03\/1150-225x300.jpg 225w, https:\/\/www.visitgastroh.com\/wp-content\/uploads\/2022\/03\/1150-768x1024.jpg 768w, https:\/\/www.visitgastroh.com\/wp-content\/uploads\/2022\/03\/1150-1152x1536.jpg 1152w, https:\/\/www.visitgastroh.com\/wp-content\/uploads\/2022\/03\/1150-1536x2048.jpg 1536w\" sizes=\"auto, (max-width: 1920px) 100vw, 1920px\" \/><\/a><\/p><p class=\"store_locator_excerpt\">RESTAURANTE HOTEL VILLA DE \u00c1BALOS Restaurante (\u00c1BALOS) Mention sp\u00e9ciale a notre offre gastronomique avec la Merche Kitchen comme cadre principal Ici tout est fait maison, sauces, cuissons, marin\u00e9s, marin\u00e9s ;...<\/p><p class=\"store_locator_address\"><span class=\"store_locator_street\">Plaza Ferm\u00edn Gurbindo n\u00ba2<br\/><\/span> <span class=\"store_locator_zip\">26339<\/span> <span class=\"store_locator_city\">\u00c1balos<br\/><\/span> <span class=\"store_locator_region\">La Rioja<\/span> <\/p><p class=\"store_locator_contact\"><span class=\"store_locator_tel\">Tel.: <a href=\"tel:+34941334302\">+34941334302<\/a><br\/><\/span><span class=\"store_locator_email\">Email: <a href=\"mailto:hotel@hotelvilladeabalos.com\">hotel@hotelvilladeabalos.com<\/a><br\/><\/span><span class=\"store_locator_mobile\">Mobile: <a href=\"tel:+34649841746\">+34649841746<\/a><br\/><\/span><span class=\"store_locator_website\">Website: <a href=\"https:\/\/hotelvilladeabalos.com\/\">https:\/\/hotelvilladeabalos.com\/<\/a><br\/><\/span><\/p><\/div>`,\n      });\n\n    marker83.addListener(\"click\", () => {\n        infowindow83.open({\n          anchor: marker83,\n          map,\n          shouldFocus: false,\n        });\n    });marker84 = new google.maps.Marker({position: {lat: 42.3146021904898, lng: -1.9598191970977807},map,title: \"Serrano en conserve\",});\n    markers.push(marker84);\n    const infowindow84 = new google.maps.InfoWindow({\n        content: `<div id=\"store_locator_infowindow_34487\" class=\"store_locator_infowindow\"><div class=\"store-locator-col-sm-12 store_locator_details\"><h3 class=\"store_locator_name\"><a href=\"https:\/\/www.visitgastroh.com\/fr\/store\/conservas-serrano-s-l\/\">Serrano en conserve<\/a><\/h3><p><a href=\"https:\/\/www.visitgastroh.com\/fr\/store\/conservas-serrano-s-l\/\"><img loading=\"lazy\" decoding=\"async\" width=\"1259\" height=\"571\" src=\"https:\/\/www.visitgastroh.com\/wp-content\/uploads\/2022\/03\/Esparrago-portada.jpg\" class=\"attachment-post-thumbnail size-post-thumbnail wp-post-image\" alt=\"\" srcset=\"https:\/\/www.visitgastroh.com\/wp-content\/uploads\/2022\/03\/Esparrago-portada.jpg 1259w, https:\/\/www.visitgastroh.com\/wp-content\/uploads\/2022\/03\/Esparrago-portada-300x136.jpg 300w, https:\/\/www.visitgastroh.com\/wp-content\/uploads\/2022\/03\/Esparrago-portada-1024x464.jpg 1024w, https:\/\/www.visitgastroh.com\/wp-content\/uploads\/2022\/03\/Esparrago-portada-768x348.jpg 768w\" sizes=\"auto, (max-width: 1259px) 100vw, 1259px\" \/><\/a><\/p><p class=\"store_locator_excerpt\">CONSERVAS SERRANO (CALAHORRA) Nous sommes une entreprise familiale avec une tradition de 4 g\u00e9n\u00e9rations. Depuis 1880, nous fabriquons des conserves allant des asperges classiques de Navarre ou des piments piquillos...<\/p><p class=\"store_locator_address\"><span class=\"store_locator_street\">P.I. Viacampo - Camino de la ribera s\/n<br\/><\/span> <span class=\"store_locator_zip\">26500<\/span> <span class=\"store_locator_city\">Calahorra<br\/><\/span> <span class=\"store_locator_region\">La Rioja<\/span> <\/p><p class=\"store_locator_contact\"><span class=\"store_locator_tel\">Tel.: <a href=\"tel:+34 941 130 386\">+34 941 130 386<\/a><br\/><\/span><span class=\"store_locator_email\">Email: <a href=\"mailto:info@conservasserrano.es\">info@conservasserrano.es<\/a><br\/><\/span><span class=\"store_locator_website\">Website: <a href=\"www.conservasserrano.es\/tienda\">www.conservasserrano.es\/tienda<\/a><br\/><\/span><\/p><\/div>`,\n      });\n\n    marker84.addListener(\"click\", () => {\n        infowindow84.open({\n          anchor: marker84,\n          map,\n          shouldFocus: false,\n        });\n    });marker85 = new google.maps.Marker({position: {lat: 42.511883013264146, lng: -2.94538332911376},map,title: \"TOUR FORTE S.XIII\",});\n    markers.push(marker85);\n    const infowindow85 = new google.maps.InfoWindow({\n        content: `<div id=\"store_locator_infowindow_28647\" class=\"store_locator_infowindow\"><div class=\"store-locator-col-sm-12 store_locator_details\"><h3 class=\"store_locator_name\"><a href=\"https:\/\/www.visitgastroh.com\/fr\/store\/tour-forte-s-xiii\/\">TOUR FORTE S.XIII<\/a><\/h3><p><a href=\"https:\/\/www.visitgastroh.com\/fr\/store\/tour-forte-s-xiii\/\"><img loading=\"lazy\" decoding=\"async\" width=\"2148\" height=\"2560\" src=\"https:\/\/www.visitgastroh.com\/wp-content\/uploads\/2022\/02\/Poternaa-scaled.jpg\" class=\"attachment-post-thumbnail size-post-thumbnail wp-post-image\" alt=\"\" srcset=\"https:\/\/www.visitgastroh.com\/wp-content\/uploads\/2022\/02\/Poternaa-scaled.jpg 2148w, https:\/\/www.visitgastroh.com\/wp-content\/uploads\/2022\/02\/Poternaa-252x300.jpg 252w, https:\/\/www.visitgastroh.com\/wp-content\/uploads\/2022\/02\/Poternaa-859x1024.jpg 859w, https:\/\/www.visitgastroh.com\/wp-content\/uploads\/2022\/02\/Poternaa-768x915.jpg 768w, https:\/\/www.visitgastroh.com\/wp-content\/uploads\/2022\/02\/Poternaa-1289x1536.jpg 1289w, https:\/\/www.visitgastroh.com\/wp-content\/uploads\/2022\/02\/Poternaa-1718x2048.jpg 1718w\" sizes=\"auto, (max-width: 2148px) 100vw, 2148px\" \/><\/a><\/p><p class=\"store_locator_excerpt\">FORT TOUR S.XIII Maison Rurale (BAINS DE LA RIOJA) La Torre Fuerte de Ba\u00f1os de Rioja, est une tour d&#8217;hommage du XIIIe si\u00e8cle, et faisait partie d&#8217;une forteresse que la...<\/p><p class=\"store_locator_address\"><span class=\"store_locator_street\">Rue Mayor n\u00ba8<br\/><\/span> <span class=\"store_locator_zip\">26241<\/span> <span class=\"store_locator_city\">Bains de Rioja<br\/><\/span> <span class=\"store_locator_region\">La Rioja<\/span> <\/p><p class=\"store_locator_contact\"><span class=\"store_locator_tel\">Tel.: <a href=\"tel:+34 941300193\">+34 941300193<\/a><br\/><\/span><span class=\"store_locator_email\">Email: <a href=\"mailto:info@torrefuerterural.com \">info@torrefuerterural.com <\/a><br\/><\/span><span class=\"store_locator_mobile\">Mobile: <a href=\"tel:+34 615765885\">+34 615765885<\/a><br\/><\/span><span class=\"store_locator_website\">Website: <a href=\"https:\/\/www.torrefuerterural.com\">https:\/\/www.torrefuerterural.com<\/a><br\/><\/span><\/p><\/div>`,\n      });\n\n    marker85.addListener(\"click\", () => {\n        infowindow85.open({\n          anchor: marker85,\n          map,\n          shouldFocus: false,\n        });\n    });marker86 = new google.maps.Marker({position: {lat: 42.465524121378174, lng: -2.447886609123222},map,title: \"Txebiko Cachetero\",});\n    markers.push(marker86);\n    const infowindow86 = new google.maps.InfoWindow({\n        content: `<div id=\"store_locator_infowindow_28640\" class=\"store_locator_infowindow\"><div class=\"store-locator-col-sm-12 store_locator_details\"><h3 class=\"store_locator_name\"><a href=\"https:\/\/www.visitgastroh.com\/fr\/store\/txebiko-cachetero\/\">Txebiko Cachetero<\/a><\/h3><p><a href=\"https:\/\/www.visitgastroh.com\/fr\/store\/txebiko-cachetero\/\"><img loading=\"lazy\" decoding=\"async\" width=\"1000\" height=\"667\" src=\"https:\/\/www.visitgastroh.com\/wp-content\/uploads\/2022\/02\/Cachetero-pudding-0122cochea-viejos-1-1.jpg\" class=\"attachment-post-thumbnail size-post-thumbnail wp-post-image\" alt=\"\" srcset=\"https:\/\/www.visitgastroh.com\/wp-content\/uploads\/2022\/02\/Cachetero-pudding-0122cochea-viejos-1-1.jpg 1000w, https:\/\/www.visitgastroh.com\/wp-content\/uploads\/2022\/02\/Cachetero-pudding-0122cochea-viejos-1-1-300x200.jpg 300w, https:\/\/www.visitgastroh.com\/wp-content\/uploads\/2022\/02\/Cachetero-pudding-0122cochea-viejos-1-1-768x512.jpg 768w, https:\/\/www.visitgastroh.com\/wp-content\/uploads\/2022\/02\/Cachetero-pudding-0122cochea-viejos-1-1-900x600.jpg 900w\" sizes=\"auto, (max-width: 1000px) 100vw, 1000px\" \/><\/a><\/p><p class=\"store_locator_excerpt\">Restaurant TXEBIKO CACHETERO (LOGRONO) Fond\u00e9 en 1910 par Silviano Arechinolaza et Ezequiela Barrio, Cachetero est le seul restaurant centenaire de Logro\u00f1o et une r\u00e9f\u00e9rence indiscutable de la gastronomie riojane. Des...<\/p><p class=\"store_locator_address\"><span class=\"store_locator_street\">Rue Laurier n\u00ba3<br\/><\/span> <span class=\"store_locator_zip\">26001<\/span> <span class=\"store_locator_city\">Logro\u00f1o<br\/><\/span> <span class=\"store_locator_region\">La Rioja <\/span> <\/p><p class=\"store_locator_contact\"><span class=\"store_locator_tel\">Tel.: <a href=\"tel:+34 941228463\">+34 941228463<\/a><br\/><\/span><span class=\"store_locator_email\">Email: <a href=\"mailto:reserve@cachetero.com\">reserve@cachetero.com<\/a><br\/><\/span><span class=\"store_locator_mobile\">Mobile: <a href=\"tel:+34 687940444\">+34 687940444<\/a><br\/><\/span><span class=\"store_locator_website\">Website: <a href=\"https:\/\/txebiko.com\/\">https:\/\/txebiko.com\/<\/a><br\/><\/span><\/p><\/div>`,\n      });\n\n    marker86.addListener(\"click\", () => {\n        infowindow86.open({\n          anchor: marker86,\n          map,\n          shouldFocus: false,\n        });\n    });marker87 = new google.maps.Marker({position: {lat: 42.14613591695626, lng: -2.2701688263916098},map,title: \"Victoire au ravin perdu\",});\n    markers.push(marker87);\n    const infowindow87 = new google.maps.InfoWindow({\n        content: `<div id=\"store_locator_infowindow_41011\" class=\"store_locator_infowindow\"><div class=\"store-locator-col-sm-12 store_locator_details\"><h3 class=\"store_locator_name\"><a href=\"https:\/\/www.visitgastroh.com\/fr\/store\/victoire-au-ravin-perdu\/\">Victoire au ravin perdu<\/a><\/h3><p><a href=\"https:\/\/www.visitgastroh.com\/fr\/store\/victoire-au-ravin-perdu\/\"><img loading=\"lazy\" decoding=\"async\" width=\"1160\" height=\"500\" src=\"https:\/\/www.visitgastroh.com\/wp-content\/uploads\/2022\/05\/barranco_4-3.jpg\" class=\"attachment-post-thumbnail size-post-thumbnail wp-post-image\" alt=\"\" srcset=\"https:\/\/www.visitgastroh.com\/wp-content\/uploads\/2022\/05\/barranco_4-3.jpg 1160w, https:\/\/www.visitgastroh.com\/wp-content\/uploads\/2022\/05\/barranco_4-3-300x129.jpg 300w, https:\/\/www.visitgastroh.com\/wp-content\/uploads\/2022\/05\/barranco_4-3-1024x441.jpg 1024w, https:\/\/www.visitgastroh.com\/wp-content\/uploads\/2022\/05\/barranco_4-3-768x331.jpg 768w\" sizes=\"auto, (max-width: 1160px) 100vw, 1160px\" \/><\/a><\/p><p class=\"store_locator_excerpt\">VICTOIRE DANS LE BARRANCO PERDU (ENCISE) Entre dinosaures, empreintes et fossiles, nous vous proposons une halte strat\u00e9gique pour reprendre des forces et continuer \u00e0 profiter des recoins du parc. Dans...<\/p><p class=\"store_locator_address\"><span class=\"store_locator_street\">Route de Navalsaz s\/n<br\/><\/span> <span class=\"store_locator_zip\">26589<\/span> <span class=\"store_locator_city\">Villar de Enciso - Enciso<br\/><\/span> <span class=\"store_locator_region\">La Rioja<\/span> <\/p><p class=\"store_locator_contact\"><span class=\"store_locator_tel\">Tel.: <a href=\"tel:+34 941 39 60 80\">+34 941 39 60 80<\/a><br\/><\/span><span class=\"store_locator_email\">Email: <a href=\"mailto:info@victoriarestauracion.es\">info@victoriarestauracion.es<\/a><br\/><\/span><span class=\"store_locator_website\">Website: <a href=\"https:\/\/victoriarestauracion.es\/victoria-en-el-barranco\/\">https:\/\/victoriarestauracion.es\/victoria-en-el-barranco\/<\/a><br\/><\/span><\/p><\/div>`,\n      });\n\n    marker87.addListener(\"click\", () => {\n        infowindow87.open({\n          anchor: marker87,\n          map,\n          shouldFocus: false,\n        });\n    });marker88 = new google.maps.Marker({position: {lat: 42.2245205, lng: -2.1085533},map,title: \"Victoire premium\",});\n    markers.push(marker88);\n    const infowindow88 = new google.maps.InfoWindow({\n        content: `<div id=\"store_locator_infowindow_41076\" class=\"store_locator_infowindow\"><div class=\"store-locator-col-sm-12 store_locator_details\"><h3 class=\"store_locator_name\"><a href=\"https:\/\/www.visitgastroh.com\/fr\/store\/victoire-premium\/\">Victoire premium<\/a><\/h3><p><a href=\"https:\/\/www.visitgastroh.com\/fr\/store\/victoire-premium\/\"><img loading=\"lazy\" decoding=\"async\" width=\"1024\" height=\"441\" src=\"https:\/\/www.visitgastroh.com\/wp-content\/uploads\/2022\/05\/premium-mesa-1024x441-1.jpg\" class=\"attachment-post-thumbnail size-post-thumbnail wp-post-image\" alt=\"\" srcset=\"https:\/\/www.visitgastroh.com\/wp-content\/uploads\/2022\/05\/premium-mesa-1024x441-1.jpg 1024w, https:\/\/www.visitgastroh.com\/wp-content\/uploads\/2022\/05\/premium-mesa-1024x441-1-300x129.jpg 300w, https:\/\/www.visitgastroh.com\/wp-content\/uploads\/2022\/05\/premium-mesa-1024x441-1-768x331.jpg 768w\" sizes=\"auto, (max-width: 1024px) 100vw, 1024px\" \/><\/a><\/p><p class=\"store_locator_excerpt\">Restaurant VICTORIA PREMIUM (ARN\u00c9DO) Es-tu un fin gourmet? Aimez-vous \u00eatre surpris par la nourriture? Nous avons cr\u00e9\u00e9 la meilleure offre de la r\u00e9gion afin que vous puissiez profiter des ar\u00f4mes,...<\/p><p class=\"store_locator_address\"><span class=\"store_locator_street\">Marche de la Constitution, 97.<br\/><\/span> <span class=\"store_locator_zip\">26580<\/span> <span class=\"store_locator_city\">Arnedo<br\/><\/span> <span class=\"store_locator_region\">La Rioja<\/span> <\/p><p class=\"store_locator_contact\"><span class=\"store_locator_tel\">Tel.: <a href=\"tel:+34 941 380 100\">+34 941 380 100<\/a><br\/><\/span><span class=\"store_locator_email\">Email: <a href=\"mailto:info@victoriarestauracion.es\">info@victoriarestauracion.es<\/a><br\/><\/span><span class=\"store_locator_website\">Website: <a href=\"https:\/\/victoriarestauracion.es\/victoria-premium\/\">https:\/\/victoriarestauracion.es\/victoria-premium\/<\/a><br\/><\/span><\/p><\/div>`,\n      });\n\n    marker88.addListener(\"click\", () => {\n        infowindow88.open({\n          anchor: marker88,\n          map,\n          shouldFocus: false,\n        });\n    });marker89 = new google.maps.Marker({position: {lat: 42.169577973720564, lng: -1.764396002130133},map,title: \"VINS CHAPEAU\",});\n    markers.push(marker89);\n    const infowindow89 = new google.maps.InfoWindow({\n        content: `<div id=\"store_locator_infowindow_28638\" class=\"store_locator_infowindow\"><div class=\"store-locator-col-sm-12 store_locator_details\"><h3 class=\"store_locator_name\"><a href=\"https:\/\/www.visitgastroh.com\/fr\/store\/vins-chapeau\/\">VINS CHAPEAU<\/a><\/h3><p><a href=\"https:\/\/www.visitgastroh.com\/fr\/store\/vins-chapeau\/\"><img loading=\"lazy\" decoding=\"async\" width=\"2048\" height=\"1536\" src=\"https:\/\/www.visitgastroh.com\/wp-content\/uploads\/2022\/02\/83bf5cf9-4997-446c-9bb3-80b10d517594.jpg\" class=\"attachment-post-thumbnail size-post-thumbnail wp-post-image\" alt=\"\" srcset=\"https:\/\/www.visitgastroh.com\/wp-content\/uploads\/2022\/02\/83bf5cf9-4997-446c-9bb3-80b10d517594.jpg 2048w, https:\/\/www.visitgastroh.com\/wp-content\/uploads\/2022\/02\/83bf5cf9-4997-446c-9bb3-80b10d517594-300x225.jpg 300w, https:\/\/www.visitgastroh.com\/wp-content\/uploads\/2022\/02\/83bf5cf9-4997-446c-9bb3-80b10d517594-1024x768.jpg 1024w, https:\/\/www.visitgastroh.com\/wp-content\/uploads\/2022\/02\/83bf5cf9-4997-446c-9bb3-80b10d517594-768x576.jpg 768w, https:\/\/www.visitgastroh.com\/wp-content\/uploads\/2022\/02\/83bf5cf9-4997-446c-9bb3-80b10d517594-1536x1152.jpg 1536w\" sizes=\"auto, (max-width: 2048px) 100vw, 2048px\" \/><\/a><\/p><p class=\"store_locator_excerpt\">VINS CHAPEAU (ALFARO) Ch\u00e2peau Wines est un espace o\u00f9 se d\u00e9roulent des \u00e9v\u00e9nements autour de la gastronomie et du vin. Salle \u00e9quip\u00e9e de la plus haute technologie et avec plus...<\/p><p class=\"store_locator_address\"><span class=\"store_locator_street\">Autoroute Corella Km 1,5<br\/><\/span> <span class=\"store_locator_zip\">26540<\/span> <span class=\"store_locator_city\">Alfaro<br\/><\/span> <span class=\"store_locator_region\">La Rioja<\/span> <\/p><p class=\"store_locator_contact\"><span class=\"store_locator_tel\">Tel.: <a href=\"tel:+34941702922\">+34941702922<\/a><br\/><\/span><span class=\"store_locator_email\">Email: <a href=\"mailto:info@chapeauwines.es\">info@chapeauwines.es<\/a><br\/><\/span><span class=\"store_locator_mobile\">Mobile: <a href=\"tel:+34678763173 \/ +34670436616\">+34678763173 \/ +34670436616<\/a><br\/><\/span><span class=\"store_locator_website\">Website: <a href=\"https:\/\/chapeauwines.es\/\">https:\/\/chapeauwines.es\/<\/a><br\/><\/span><\/p><\/div>`,\n      });\n\n    marker89.addListener(\"click\", () => {\n        infowindow89.open({\n          anchor: marker89,\n          map,\n          shouldFocus: false,\n        });\n    });marker90 = new google.maps.Marker({position: {lat: 42.4659147, lng: -2.4489845},map,title: \"Wine Taste Lovers\",});\n    markers.push(marker90);\n    const infowindow90 = new google.maps.InfoWindow({\n        content: `<div id=\"store_locator_infowindow_30311\" class=\"store_locator_infowindow\"><div class=\"store-locator-col-sm-12 store_locator_details\"><h3 class=\"store_locator_name\"><a href=\"https:\/\/www.visitgastroh.com\/fr\/store\/wine-taste-lovers\/\">Wine Taste Lovers<\/a><\/h3><p><a href=\"https:\/\/www.visitgastroh.com\/fr\/store\/wine-taste-lovers\/\"><img loading=\"lazy\" decoding=\"async\" width=\"2560\" height=\"1279\" src=\"https:\/\/www.visitgastroh.com\/wp-content\/uploads\/2022\/03\/Castillo-1-scaled.jpg\" class=\"attachment-post-thumbnail size-post-thumbnail wp-post-image\" alt=\"\" srcset=\"https:\/\/www.visitgastroh.com\/wp-content\/uploads\/2022\/03\/Castillo-1-scaled.jpg 2560w, https:\/\/www.visitgastroh.com\/wp-content\/uploads\/2022\/03\/Castillo-1-300x150.jpg 300w, https:\/\/www.visitgastroh.com\/wp-content\/uploads\/2022\/03\/Castillo-1-1024x512.jpg 1024w, https:\/\/www.visitgastroh.com\/wp-content\/uploads\/2022\/03\/Castillo-1-768x384.jpg 768w, https:\/\/www.visitgastroh.com\/wp-content\/uploads\/2022\/03\/Castillo-1-1536x767.jpg 1536w, https:\/\/www.visitgastroh.com\/wp-content\/uploads\/2022\/03\/Castillo-1-2048x1023.jpg 2048w, https:\/\/www.visitgastroh.com\/wp-content\/uploads\/2022\/03\/Castillo-1-1000x500.jpg 1000w, https:\/\/www.visitgastroh.com\/wp-content\/uploads\/2022\/03\/Castillo-1-670x335.jpg 670w\" sizes=\"auto, (max-width: 2560px) 100vw, 2560px\" \/><\/a><\/p><p class=\"store_locator_excerpt\">WINE TASTE LOVERS (LOGRO\u00d1O) Visitez la Rioja avec le propri\u00e9taire d&#8217;une cave. Profitez des paysages et d\u00e9couvrez la Rioja de la main du propri\u00e9taire d&#8217;une cave. Apr\u00e8s avoir visit\u00e9 diff\u00e9rentes...<\/p><p class=\"store_locator_address\"><span class=\"store_locator_street\">C\/ San Agust\u00edn n\u00ba1 3\u00ba 1\u00aa<br\/><\/span> <span class=\"store_locator_zip\">26001<\/span> <span class=\"store_locator_city\">Logro\u00f1o<br\/><\/span> <span class=\"store_locator_region\">La Rioja<\/span> <\/p><p class=\"store_locator_contact\"><span class=\"store_locator_tel\">Tel.: <a href=\"tel:+34607214989\">+34607214989<\/a><br\/><\/span><span class=\"store_locator_email\">Email: <a href=\"mailto:winetastelovers@gmail.com\">winetastelovers@gmail.com<\/a><br\/><\/span><span class=\"store_locator_mobile\">Mobile: <a href=\"tel:+34607214989\">+34607214989<\/a><br\/><\/span><span class=\"store_locator_website\">Website: <a href=\"https:\/\/winetastelovers.es\/\">https:\/\/winetastelovers.es\/<\/a><br\/><\/span><\/p><\/div>`,\n      });\n\n    marker90.addListener(\"click\", () => {\n        infowindow90.open({\n          anchor: marker90,\n          map,\n          shouldFocus: false,\n        });\n    });    new markerClusterer.MarkerClusterer( {map, markers} );\n}\ndocument.addEventListener(\"DOMContentLoaded\", function(event) {\n    \/\/c\u00f3digo a ejecutar cuando el DOM est\u00e1 listo para recibir acciones\n    initMapa();\n});\n<\/script>\n<\/div>[\/vc_column_text][\/vc_column][\/vc_row]\n","protected":false},"excerpt":{"rendered":"<p>[vc_row type=&#8221;full_width_background&#8221; full_screen_row_position=&#8221;middle&#8221; column_margin=&#8221;default&#8221; equal_height=&#8221;yes&#8221; content_placement=&#8221;middle&#8221; column_direction=&#8221;default&#8221; column_direction_tablet=&#8221;default&#8221; column_direction_phone=&#8221;default&#8221; bg_image=&#8221;16971&#8243; bg_position=&#8221;center center&#8221; background_image_loading=&#8221;default&#8221; bg_repeat=&#8221;no-repeat&#8221; scene_position=&#8221;center&#8221; top_padding=&#8221;5%&#8221; bottom_padding=&#8221;5%&#8221; text_color=&#8221;light&#8221; text_align=&#8221;left&#8221; row_border_radius=&#8221;none&#8221; row_border_radius_applies=&#8221;bg&#8221; color_overlay=&#8221;#000000&#8243; overlay_strength=&#8221;0.5&#8243; gradient_direction=&#8221;left_to_right&#8221; shape_divider_position=&#8221;bottom&#8221; bg_image_animation=&#8221;none&#8221; shape_type=&#8221;&#8221;][vc_column column_padding=&#8221;no-extra-padding&#8221; column_padding_tablet=&#8221;inherit&#8221; column_padding_phone=&#8221;inherit&#8221;&#8230;<\/p>\n","protected":false},"author":1,"featured_media":0,"parent":30941,"menu_order":0,"comment_status":"closed","ping_status":"closed","template":"","meta":{"footnotes":""},"class_list":["post-31158","page","type-page","status-publish"],"_links":{"self":[{"href":"https:\/\/www.visitgastroh.com\/fr\/wp-json\/wp\/v2\/pages\/31158","targetHints":{"allow":["GET"]}}],"collection":[{"href":"https:\/\/www.visitgastroh.com\/fr\/wp-json\/wp\/v2\/pages"}],"about":[{"href":"https:\/\/www.visitgastroh.com\/fr\/wp-json\/wp\/v2\/types\/page"}],"author":[{"embeddable":true,"href":"https:\/\/www.visitgastroh.com\/fr\/wp-json\/wp\/v2\/users\/1"}],"replies":[{"embeddable":true,"href":"https:\/\/www.visitgastroh.com\/fr\/wp-json\/wp\/v2\/comments?post=31158"}],"version-history":[{"count":0,"href":"https:\/\/www.visitgastroh.com\/fr\/wp-json\/wp\/v2\/pages\/31158\/revisions"}],"up":[{"embeddable":true,"href":"https:\/\/www.visitgastroh.com\/fr\/wp-json\/wp\/v2\/pages\/30941"}],"wp:attachment":[{"href":"https:\/\/www.visitgastroh.com\/fr\/wp-json\/wp\/v2\/media?parent=31158"}],"curies":[{"name":"wp","href":"https:\/\/api.w.org\/{rel}","templated":true}]}}