{"id":28364,"date":"2022-02-17T19:23:13","date_gmt":"2022-02-17T18:23:13","guid":{"rendered":"https:\/\/www.visitgastroh.com\/visiter\/"},"modified":"2022-05-24T07:54:54","modified_gmt":"2022-05-24T05:54:54","slug":"visiter","status":"publish","type":"page","link":"https:\/\/www.visitgastroh.com\/fr\/visiter\/","title":{"rendered":"Visiter"},"content":{"rendered":"[vc_row type=&#8221;full_width_background&#8221; full_screen_row_position=&#8221;middle&#8221; column_margin=&#8221;default&#8221; equal_height=&#8221;yes&#8221; content_placement=&#8221;middle&#8221; column_direction=&#8221;default&#8221; column_direction_tablet=&#8221;default&#8221; column_direction_phone=&#8221;default&#8221; bg_image=&#8221;15888&#8243; bg_position=&#8221;center center&#8221; background_image_loading=&#8221;default&#8221; bg_repeat=&#8221;no-repeat&#8221; scene_position=&#8221;center&#8221; top_padding=&#8221;5%&#8221; bottom_padding=&#8221;5%&#8221; text_color=&#8221;light&#8221; text_align=&#8221;left&#8221; row_border_radius=&#8221;none&#8221; row_border_radius_applies=&#8221;bg&#8221; color_overlay=&#8221;#000000&#8243; overlay_strength=&#8221;0.5&#8243; gradient_direction=&#8221;left_to_right&#8221; shape_divider_position=&#8221;bottom&#8221; bg_image_animation=&#8221;none&#8221; shape_type=&#8221;&#8221;][vc_column column_padding=&#8221;no-extra-padding&#8221; column_padding_tablet=&#8221;inherit&#8221; column_padding_phone=&#8221;inherit&#8221; column_padding_position=&#8221;all&#8221; column_element_spacing=&#8221;default&#8221; background_color_opacity=&#8221;1&#8243; background_hover_color_opacity=&#8221;1&#8243; column_shadow=&#8221;none&#8221; column_border_radius=&#8221;none&#8221; column_link_target=&#8221;_self&#8221; gradient_direction=&#8221;left_to_right&#8221; overlay_strength=&#8221;0.3&#8243; width=&#8221;1\/1&#8243; tablet_width_inherit=&#8221;default&#8221; tablet_text_alignment=&#8221;default&#8221; phone_text_alignment=&#8221;default&#8221; bg_image_animation=&#8221;none&#8221; border_type=&#8221;simple&#8221; column_border_width=&#8221;none&#8221; column_border_style=&#8221;solid&#8221;][split_line_heading animation_type=&#8221;default&#8221;]\n<h1 style=\"font-size: 75px;\">Que visiter !<\/h1>\n[\/split_line_heading][\/vc_column][\/vc_row][vc_row type=&#8221;in_container&#8221; full_screen_row_position=&#8221;middle&#8221; column_margin=&#8221;default&#8221; column_direction=&#8221;default&#8221; column_direction_tablet=&#8221;default&#8221; column_direction_phone=&#8221;default&#8221; scene_position=&#8221;center&#8221; text_color=&#8221;dark&#8221; text_align=&#8221;left&#8221; row_border_radius=&#8221;none&#8221; row_border_radius_applies=&#8221;bg&#8221; overlay_strength=&#8221;0.3&#8243; gradient_direction=&#8221;left_to_right&#8221; shape_divider_position=&#8221;bottom&#8221; bg_image_animation=&#8221;none&#8221;][vc_column column_padding=&#8221;no-extra-padding&#8221; column_padding_tablet=&#8221;inherit&#8221; column_padding_phone=&#8221;inherit&#8221; column_padding_position=&#8221;all&#8221; column_element_spacing=&#8221;default&#8221; background_color_opacity=&#8221;1&#8243; background_hover_color_opacity=&#8221;1&#8243; column_shadow=&#8221;none&#8221; column_border_radius=&#8221;none&#8221; column_link_target=&#8221;_self&#8221; gradient_direction=&#8221;left_to_right&#8221; overlay_strength=&#8221;0.3&#8243; width=&#8221;1\/1&#8243; tablet_width_inherit=&#8221;default&#8221; tablet_text_alignment=&#8221;default&#8221; phone_text_alignment=&#8221;default&#8221; bg_image_animation=&#8221;none&#8221; border_type=&#8221;simple&#8221; column_border_width=&#8221;none&#8221; column_border_style=&#8221;solid&#8221;][vc_column_text]<button id=\"menuaGorde\"><i class=\"fa fa-filter\"><\/i><\/button><\/p>\n<p><script>\ndocument.getElementById(\"menuaGorde\").addEventListener(\"click\", menuaezkutatu)\nfunction menuaezkutatu() {\n  var zerrenda = document.getElementsByClassName(\"menu-izda\");\n  x = zerrenda[0];\n  if (x.style.display === \"none\") {\n    x.style.display = \"block\";\n  } else {\n    x.style.display = \"none\";\n  }\n}\n<\/script>[\/vc_column_text][\/vc_column][\/vc_row][vc_row type=&#8221;in_container&#8221; full_screen_row_position=&#8221;middle&#8221; column_margin=&#8221;default&#8221; column_direction=&#8221;default&#8221; column_direction_tablet=&#8221;default&#8221; column_direction_phone=&#8221;default&#8221; scene_position=&#8221;center&#8221; top_padding=&#8221;3%&#8221; bottom_padding=&#8221;5%&#8221; text_color=&#8221;dark&#8221; text_align=&#8221;left&#8221; row_border_radius=&#8221;none&#8221; row_border_radius_applies=&#8221;bg&#8221; overlay_strength=&#8221;0.3&#8243; gradient_direction=&#8221;left_to_right&#8221; shape_divider_position=&#8221;bottom&#8221; bg_image_animation=&#8221;none&#8221; shape_type=&#8221;&#8221;][vc_column column_padding=&#8221;no-extra-padding&#8221; column_padding_tablet=&#8221;inherit&#8221; column_padding_phone=&#8221;inherit&#8221; column_padding_position=&#8221;all&#8221; column_element_spacing=&#8221;default&#8221; background_color_opacity=&#8221;1&#8243; background_hover_color_opacity=&#8221;1&#8243; column_shadow=&#8221;none&#8221; column_border_radius=&#8221;none&#8221; column_link_target=&#8221;_self&#8221; el_class=&#8221;menu-izda&#8221; gradient_direction=&#8221;left_to_right&#8221; overlay_strength=&#8221;0.3&#8243; width=&#8221;1\/4&#8243; tablet_width_inherit=&#8221;default&#8221; tablet_text_alignment=&#8221;default&#8221; phone_text_alignment=&#8221;default&#8221; bg_image_animation=&#8221;none&#8221; border_type=&#8221;simple&#8221; column_border_width=&#8221;none&#8221; column_border_style=&#8221;solid&#8221;][vc_column_text]\n<h4>Choisissez une r\u00e9gion\u00a0:<\/h4>\n[\/vc_column_text][vc_column_text]<img loading=\"lazy\" decoding=\"async\" class=\"size-full wp-image-7132 alignleft\" src=\"https:\/\/www.visitgastroh.com\/wp-content\/uploads\/2022\/01\/mapa-destinos-euskadi-mini.png\" alt=\"\" width=\"45\" height=\"31\" \/><a style=\"color: #61a54d;\" href=\"https:\/\/www.visitgastroh.com\/fr\/visiter\/euskadi\/\"><strong>EUSKADI<\/strong><\/a><\/p>\n<p><img loading=\"lazy\" decoding=\"async\" class=\"size-full alignleft\" src=\"https:\/\/www.visitgastroh.com\/wp-content\/uploads\/2022\/01\/mapa-destinos-navarra-mini.png\" alt=\"\" width=\"45\" height=\"31\" \/><a style=\"color: #c5273b;\" href=\"https:\/\/www.visitgastroh.com\/fr\/visiter\/navarre\/\"><strong>NAVARRA<\/strong><\/a><\/p>\n<p><img loading=\"lazy\" decoding=\"async\" class=\"size-full alignleft\" src=\"https:\/\/www.visitgastroh.com\/wp-content\/uploads\/2022\/01\/mapa-destinos-la-rioja-mini.png\" alt=\"\" width=\"45\" height=\"31\" \/><a style=\"color: #9f2653;\" href=\"https:\/\/www.visitgastroh.com\/fr\/visiter\/la-rioja\/\"><strong>LA RIOJA<\/strong><\/a><\/p>\n<p><img loading=\"lazy\" decoding=\"async\" class=\"size-full alignleft\" src=\"https:\/\/www.visitgastroh.com\/wp-content\/uploads\/2022\/01\/mapa-destinos-pays-basque-mini.png\" alt=\"\" width=\"45\" height=\"31\" \/><a style=\"color: #8bc3e7;\" href=\"https:\/\/www.visitgastroh.com\/fr\/visiter\/pays-basque\/\"><strong>PAYS BASQUE<\/strong><\/a><\/p>\n<p><img loading=\"lazy\" decoding=\"async\" class=\"size-full alignleft\" src=\"https:\/\/www.visitgastroh.com\/wp-content\/uploads\/2022\/01\/mapa-destinos-bearn-mini.png\" alt=\"\" width=\"45\" height=\"31\" \/><a style=\"color: #e7b32d;\" href=\"https:\/\/www.visitgastroh.com\/fr\/visiter\/bearn\/\"><strong>B\u00c9ARN<\/strong><\/a>[\/vc_column_text][vc_column_text]        <form id=\"store_locator_embedded_search\" class=\"store_locator_embedded_search\" action=\"https:\/\/www.visitgastroh.com\/fr\/visiter\/\" method=\"GET\">            <div id=\"store_locator_search_box\" class=\"store_locator store_locator_search_box store-locator-col-12 store-locator-col-sm-12\">                                            <div id=\"store_locator_filter\" class=\"store_locator_filter\">            <div id=\"store_locator_filter_content\" class=\"store-locator-row store_locator_filter_content\">                <div id=\"filter209\" class=\"store-locator-col-12 single_filter\"><h5 class=\"collapsible-visit filtroa-itxita\">Accessibilit\u00e9<\/h5><div class=\"filtroa\" style=\"display: none;\"><label class=\"single_filter_checkbox control control--checkbox\"><input  name=\"filter209[]\" type=\"checkbox\" class=\"store_locator_filter_checkbox\" value=\"210\">Adapt\u00e9 aux personnes \u00e0 mobilit\u00e9 r\u00e9duite<div class=\"control__indicator\"><\/div><\/label><\/div><\/div><div id=\"filter221\" class=\"store-locator-col-12 single_filter\"><h5 class=\"collapsible-visit filtroa-itxita\">Exp\u00e9riences<\/h5><div class=\"filtroa\" style=\"display: none;\"><label class=\"single_filter_checkbox control control--checkbox\"><input  name=\"filter221[]\" type=\"checkbox\" class=\"store_locator_filter_checkbox\" value=\"222\">Activit\u00e9 gastronomique<div class=\"control__indicator\"><\/div><\/label><label class=\"single_filter_checkbox control control--checkbox\"><input  name=\"filter221[]\" type=\"checkbox\" class=\"store_locator_filter_checkbox\" value=\"264\">Exp\u00e9rience Appellation d\u00b4Origine<div class=\"control__indicator\"><\/div><\/label><label class=\"single_filter_checkbox control control--checkbox\"><input  name=\"filter221[]\" type=\"checkbox\" class=\"store_locator_filter_checkbox\" value=\"265\">Exp\u00e9rience \u00c9cotourisme<div class=\"control__indicator\"><\/div><\/label><label class=\"single_filter_checkbox control control--checkbox\"><input  name=\"filter221[]\" type=\"checkbox\" class=\"store_locator_filter_checkbox\" value=\"266\">Exp\u00e9rience Fromage<div class=\"control__indicator\"><\/div><\/label><label class=\"single_filter_checkbox control control--checkbox\"><input  name=\"filter221[]\" type=\"checkbox\" class=\"store_locator_filter_checkbox\" value=\"223\">Exp\u00e9rience unique<div class=\"control__indicator\"><\/div><\/label><label class=\"single_filter_checkbox control control--checkbox\"><input  name=\"filter221[]\" type=\"checkbox\" class=\"store_locator_filter_checkbox\" value=\"267\">Exp\u00e9rience Vin<div class=\"control__indicator\"><\/div><\/label><label class=\"single_filter_checkbox control control--checkbox\"><input  name=\"filter221[]\" type=\"checkbox\" class=\"store_locator_filter_checkbox\" value=\"224\">Route<div class=\"control__indicator\"><\/div><\/label><\/div><\/div><div id=\"filter311\" class=\"store-locator-col-12 single_filter\"><h5 class=\"collapsible-visit filtroa-itxita\">Typologie d&#039;entreprise<\/h5><div class=\"filtroa\" style=\"display: none;\"><label class=\"single_filter_checkbox control control--checkbox\"><input  name=\"filter311[]\" type=\"checkbox\" class=\"store_locator_filter_checkbox\" value=\"312\">Cave<div class=\"control__indicator\"><\/div><\/label><label class=\"single_filter_checkbox control control--checkbox\"><input  name=\"filter311[]\" type=\"checkbox\" class=\"store_locator_filter_checkbox\" value=\"313\">Centre d'interpr\u00e9tation<div class=\"control__indicator\"><\/div><\/label><label class=\"single_filter_checkbox control control--checkbox\"><input  name=\"filter311[]\" type=\"checkbox\" class=\"store_locator_filter_checkbox\" value=\"314\">Entreprise d\u2019activit\u00e9s<div class=\"control__indicator\"><\/div><\/label><label class=\"single_filter_checkbox control control--checkbox\"><input  name=\"filter311[]\" type=\"checkbox\" class=\"store_locator_filter_checkbox\" value=\"316\">Mus\u00e9e gastronomique<div class=\"control__indicator\"><\/div><\/label><label class=\"single_filter_checkbox control control--checkbox\"><input  name=\"filter311[]\" type=\"checkbox\" class=\"store_locator_filter_checkbox\" value=\"317\">Producteur \/ \u00c9laborateur<div class=\"control__indicator\"><\/div><\/label><\/div><\/div>            <\/div>        <\/div>        <script>        var coll = document.getElementsByClassName(\"collapsible-visit\");        var i;        for (i = 0; i < coll.length; i++) {          coll[i].addEventListener(\"click\", function() {            this.classList.toggle(\"active\");            var content = this.nextElementSibling;            if (content.style.display === \"block\") {              content.style.display = \"none\";              this.classList.remove('filtroa-irekita');              this.classList.add(\"filtroa-itxita\");            } else {              content.style.display = \"block\";              this.classList.remove('filtroa-itxita');              this.classList.add(\"filtroa-irekita\");            }          });        }        <\/script>                                                        <div class=\"store-locator-row bilaketa-botoia\">                    <div class=\"store-locator-col-12 store-locator-col-sm-12\">                        <button id=\"store_locator_find_stores_button\" type=\"submit\" class=\"store_locator_find_stores_button btn button et_pb_button btn-primary btn-lg\">Rechercher                        <\/button>                    <\/div>                <\/div>            <\/div>        <\/form>        [\/vc_column_text][\/vc_column][vc_column column_padding=&#8221;no-extra-padding&#8221; column_padding_tablet=&#8221;inherit&#8221; column_padding_phone=&#8221;inherit&#8221; column_padding_position=&#8221;all&#8221; column_element_spacing=&#8221;default&#8221; background_color_opacity=&#8221;1&#8243; background_hover_color_opacity=&#8221;1&#8243; column_shadow=&#8221;none&#8221; column_border_radius=&#8221;none&#8221; column_link_target=&#8221;_self&#8221; gradient_direction=&#8221;left_to_right&#8221; overlay_strength=&#8221;0.3&#8243; width=&#8221;3\/4&#8243; tablet_width_inherit=&#8221;default&#8221; tablet_text_alignment=&#8221;default&#8221; phone_text_alignment=&#8221;default&#8221; bg_image_animation=&#8221;none&#8221; border_type=&#8221;simple&#8221; column_border_width=&#8221;none&#8221; column_border_style=&#8221;solid&#8221;][vc_column_text]<div class=\"wordpress-store-locator-list-container\"><h2 class=\"wordpress-store-locator-list-title\">Toutes les r\u00e9gions<\/h2><div class=\"wordpress-store-locator-list-content\"><p>Choisissez un \u00e9tablissement<\/p>\n<\/div><div class=\"store-locator-row\"><div class=\"store-locator-col-sm-4\"><div class=\"wordpress-store-locator-list-item\"><div class=\"img-listado\"><a href=\"https:\/\/www.visitgastroh.com\/fr\/store\/adarrazpi\/\"><img loading=\"lazy\" decoding=\"async\" width=\"300\" height=\"168\" src=\"https:\/\/www.visitgastroh.com\/wp-content\/uploads\/2022\/02\/descarga.jpeg\" class=\"attachment-medium size-medium wp-post-image\" alt=\"\" \/><\/a><\/div><div class=\"contenido-listado\"><a href=\"https:\/\/www.visitgastroh.com\/fr\/store\/adarrazpi\/\"><div class=\"ficha-defecto\">\n<h1 class=\"headline-center-v2\">Adarrazpi<\/h1>\n<h3>(Urnieta)<\/h3>\nLa ferme ADARRAZPI se consacre \u00e0 l'\u00e9levage de brebis avec le lait desquelles elle fabrique du fromage couvert par la DO Idiazabal et du caill\u00e9 qu'elle commercialise, principalement, directement et sur le march\u00e9 de San Mart\u00edn \u00e0 Donostia.\n\nAdarrazpi a \u00e9t\u00e9 cr\u00e9\u00e9 en 2005. C'est une ferme familiale de moutons latxa situ\u00e9e dans le quartier Goiburu d'Urnieta. Nous faisons une gestion extensive donc nos moutons paissent en hiver \u00e0 Urnieta et en \u00e9t\u00e9 ils montent dans la Sierra de Aralar.\n\n<\/div><\/a><\/div><h4>Contact <\/h4><div class=\"link-tienda\"><strong><a href=\"https:\/\/www.visitgastroh.com\/fr\/store\/adarrazpi\/\">+ Info<\/a><\/strong><\/div><\/div><\/div><div class=\"store-locator-col-sm-4\"><div class=\"wordpress-store-locator-list-item\"><div class=\"img-listado\"><a href=\"https:\/\/www.visitgastroh.com\/fr\/store\/akarregi-txiki\/\"><img loading=\"lazy\" decoding=\"async\" width=\"300\" height=\"201\" src=\"https:\/\/www.visitgastroh.com\/wp-content\/uploads\/2022\/02\/06txakoligetaria-300x201.jpeg\" class=\"attachment-medium size-medium wp-post-image\" alt=\"\" srcset=\"https:\/\/www.visitgastroh.com\/wp-content\/uploads\/2022\/02\/06txakoligetaria-300x201.jpeg 300w, https:\/\/www.visitgastroh.com\/wp-content\/uploads\/2022\/02\/06txakoligetaria-600x403.jpeg 600w, https:\/\/www.visitgastroh.com\/wp-content\/uploads\/2022\/02\/06txakoligetaria-400x269.jpeg 400w, https:\/\/www.visitgastroh.com\/wp-content\/uploads\/2022\/02\/06txakoligetaria.jpeg 650w\" sizes=\"auto, (max-width: 300px) 100vw, 300px\" \/><\/a><\/div><div class=\"contenido-listado\"><a href=\"https:\/\/www.visitgastroh.com\/fr\/store\/akarregi-txiki\/\"><div class=\"ficha-defecto\">\n<h1 class=\"headline-center-v2\">Akarregi Txiki<\/h1>\n<h3>(Getaria)<\/h3>\n\n<strong>Akarregi Txiki<\/strong> est une cave traditionnelle qui produit du vin dans cette ferme depuis plusieurs g\u00e9n\u00e9rations. En 1996, la nouvelle cave a \u00e9t\u00e9 cr\u00e9\u00e9e, qui poss\u00e8de ses propres vignobles et l'application de nouvelles pratiques \u0153nologiques pour offrir des vins d'excellente qualit\u00e9.\n\n<strong>Akarregi Txiki<\/strong> produit ses propres marques de txakoli, <strong>Akarregi Txiki, blanc et ros\u00e9, et Lasalde, et toutes deux ont la d\u00e9nomination Getariako Txakolina<\/strong> , garantie de l'origine indig\u00e8ne des raisins, d'une pr\u00e9paration soign\u00e9e et d'un contr\u00f4le de qualit\u00e9 exhaustif.\n<\/div><\/a><\/div><h4>Contact <\/h4><div class=\"link-tienda\"><strong><a href=\"https:\/\/www.visitgastroh.com\/fr\/store\/akarregi-txiki\/\">+ Info<\/a><\/strong><\/div><\/div><\/div><div class=\"store-locator-col-sm-4\"><div class=\"wordpress-store-locator-list-item\"><div class=\"img-listado\"><a href=\"https:\/\/www.visitgastroh.com\/fr\/store\/aldeko-eztia-apiculture\/\"><img loading=\"lazy\" decoding=\"async\" width=\"300\" height=\"156\" src=\"https:\/\/www.visitgastroh.com\/wp-content\/uploads\/2022\/02\/399935070_eztixaren-bidean-aldeko-eztia.jpg_sd-300x156.jpg\" class=\"attachment-medium size-medium wp-post-image\" alt=\"\" srcset=\"https:\/\/www.visitgastroh.com\/wp-content\/uploads\/2022\/02\/399935070_eztixaren-bidean-aldeko-eztia.jpg_sd-300x156.jpg 300w, https:\/\/www.visitgastroh.com\/wp-content\/uploads\/2022\/02\/399935070_eztixaren-bidean-aldeko-eztia.jpg_sd-768x401.jpg 768w, https:\/\/www.visitgastroh.com\/wp-content\/uploads\/2022\/02\/399935070_eztixaren-bidean-aldeko-eztia.jpg_sd.jpg 1024w\" sizes=\"auto, (max-width: 300px) 100vw, 300px\" \/><\/a><\/div><div class=\"contenido-listado\"><a href=\"https:\/\/www.visitgastroh.com\/fr\/store\/aldeko-eztia-apiculture\/\"><div class=\"ficha-defecto\">\n<h1 class=\"headline-center-v2\">Aldeko Eztia Apiculture<\/h1>\n<h3>(Arama\u00efo)<\/h3>\nLa production de miel artisanal Aldeko Eztia a commenc\u00e9 au d\u00e9but des ann\u00e9es 1980.\n\nSa philosophie est de faire conna\u00eetre le monde passionnant des abeilles et de proposer du miel \u00e0 d\u00e9guster lors des visites.\n\nVisites guid\u00e9es, avec d\u00e9gustation et achat \u00e9ventuel du produit.\n<\/div><\/a><\/div><h4>Contact <\/h4><div class=\"link-tienda\"><strong><a href=\"https:\/\/www.visitgastroh.com\/fr\/store\/aldeko-eztia-apiculture\/\">+ Info<\/a><\/strong><\/div><\/div><\/div><\/div><div class=\"store-locator-row\"><div class=\"store-locator-col-sm-4\"><div class=\"wordpress-store-locator-list-item\"><div class=\"img-listado\"><a href=\"https:\/\/www.visitgastroh.com\/fr\/store\/alluits-nature\/\"><img loading=\"lazy\" decoding=\"async\" width=\"300\" height=\"169\" src=\"https:\/\/www.visitgastroh.com\/wp-content\/uploads\/2022\/02\/MG_1620-300x169.jpeg\" class=\"attachment-medium size-medium wp-post-image\" alt=\"\" srcset=\"https:\/\/www.visitgastroh.com\/wp-content\/uploads\/2022\/02\/MG_1620-300x169.jpeg 300w, https:\/\/www.visitgastroh.com\/wp-content\/uploads\/2022\/02\/MG_1620-1024x576.jpeg 1024w, https:\/\/www.visitgastroh.com\/wp-content\/uploads\/2022\/02\/MG_1620-768x432.jpeg 768w, https:\/\/www.visitgastroh.com\/wp-content\/uploads\/2022\/02\/MG_1620-1536x864.jpeg 1536w, https:\/\/www.visitgastroh.com\/wp-content\/uploads\/2022\/02\/MG_1620-2048x1152.jpeg 2048w\" sizes=\"auto, (max-width: 300px) 100vw, 300px\" \/><\/a><\/div><div class=\"contenido-listado\"><a href=\"https:\/\/www.visitgastroh.com\/fr\/store\/alluits-nature\/\"><div class=\"ficha-defecto\">\n<h1 class=\"headline-center-v2\">Alluits Nature<\/h1>\n<h3>(Abadino \/ Zelaieta)<\/h3>\nSitu\u00e9 sur les pentes d'Alluitz, dans le Parc Naturel d'Urkiola. Il dispose d'installations et d'un environnement parfait pour conna\u00eetre et interpr\u00e9ter la vie en milieu naturel \u00e0 travers des ateliers, des itin\u00e9raires et des activit\u00e9s sportives.\n\nAu d\u00e9but, le groupe d\u00e9couvre les secrets du fromage Idiazabal \u00e0 travers un atelier participatif sur la fabrication du caill\u00e9 et du fromage frais. Une partie du caill\u00e9 est confectionn\u00e9e avec des outils en bois reproduisant le savoir-faire ancestral dont on dit qu'il vient du N\u00e9olithique.\n\n<\/div><\/a><\/div><h4>Contact <\/h4><div class=\"link-tienda\"><strong><a href=\"https:\/\/www.visitgastroh.com\/fr\/store\/alluits-nature\/\">+ Info<\/a><\/strong><\/div><\/div><\/div><div class=\"store-locator-col-sm-4\"><div class=\"wordpress-store-locator-list-item\"><div class=\"img-listado\"><a href=\"https:\/\/www.visitgastroh.com\/fr\/store\/almazara-ecologica-de-la-rioja-2\/\"><img loading=\"lazy\" decoding=\"async\" width=\"300\" height=\"200\" src=\"https:\/\/www.visitgastroh.com\/wp-content\/uploads\/2022\/03\/2015-01-300x200.jpg\" class=\"attachment-medium size-medium wp-post-image\" alt=\"\" srcset=\"https:\/\/www.visitgastroh.com\/wp-content\/uploads\/2022\/03\/2015-01-300x200.jpg 300w, https:\/\/www.visitgastroh.com\/wp-content\/uploads\/2022\/03\/2015-01-1024x683.jpg 1024w, https:\/\/www.visitgastroh.com\/wp-content\/uploads\/2022\/03\/2015-01-768x512.jpg 768w, https:\/\/www.visitgastroh.com\/wp-content\/uploads\/2022\/03\/2015-01-900x600.jpg 900w, https:\/\/www.visitgastroh.com\/wp-content\/uploads\/2022\/03\/2015-01.jpg 1200w\" sizes=\"auto, (max-width: 300px) 100vw, 300px\" \/><\/a><\/div><div class=\"contenido-listado\"><a href=\"https:\/\/www.visitgastroh.com\/fr\/store\/almazara-ecologica-de-la-rioja-2\/\"><div class=\"ficha-defecto\">\n<h2>ALMAZARA ECOL\u00d3GICA DE LA RIOJA<\/h2>\n<h3>(ALFARO)<\/h3>\nISUL notre huile d'olive extra vierge biologique est le fruit de notre domaine El Cascajo, une oliveraie plant\u00e9e sur un domaine agricole au sol calcaire peu profond situ\u00e9 entre le mont Yerga et l'\u00c8bre \u00e0 Alfaro (La Rioja). Visite de tourisme p\u00e9trolier.\n\n<\/div><\/a><\/div><h4>Contact <\/h4><div class=\"link-tienda\"><strong><a href=\"https:\/\/www.visitgastroh.com\/fr\/store\/almazara-ecologica-de-la-rioja-2\/\">+ Info<\/a><\/strong><\/div><\/div><\/div><div class=\"store-locator-col-sm-4\"><div class=\"wordpress-store-locator-list-item\"><div class=\"img-listado\"><a href=\"https:\/\/www.visitgastroh.com\/fr\/store\/amador-garcia\/\"><img loading=\"lazy\" decoding=\"async\" width=\"300\" height=\"185\" src=\"https:\/\/www.visitgastroh.com\/wp-content\/uploads\/2022\/02\/image-riojaalavesa-1a-300x185.jpeg\" class=\"attachment-medium size-medium wp-post-image\" alt=\"\" srcset=\"https:\/\/www.visitgastroh.com\/wp-content\/uploads\/2022\/02\/image-riojaalavesa-1a-300x185.jpeg 300w, https:\/\/www.visitgastroh.com\/wp-content\/uploads\/2022\/02\/image-riojaalavesa-1a.jpeg 744w\" sizes=\"auto, (max-width: 300px) 100vw, 300px\" \/><\/a><\/div><div class=\"contenido-listado\"><a href=\"https:\/\/www.visitgastroh.com\/fr\/store\/amador-garcia\/\"><div class=\"ficha-defecto\">\n<h1 class=\"headline-center-v2\">Amador Garc\u00eda<\/h1>\n<h3>(Thermes de l'\u00c8bre \/ Ma\u00f1ueta)<\/h3>\nDepuis 1969, dans un cadre privil\u00e9gi\u00e9 de la Rioja Alavesa, \u00e0 l'abri de la Sierra de Cantabria, choyer nos vins avec patience.\n\nBodegas Amador Garc\u00eda est une cave familiale de tradition viticole, situ\u00e9e \u00e0 Ba\u00f1os de Ebro, la ville du fondateur de la cave, <strong>Amador Garc\u00eda Ch\u00e1varri<\/strong> . Nous sommes une famille qui chouchoute avec la sagesse transmise, g\u00e9n\u00e9ration apr\u00e8s g\u00e9n\u00e9ration, ces terres privil\u00e9gi\u00e9es.\n\nUn espace dans lequel tradition et modernit\u00e9 convergent parfaitement.\n<p class=\"boton-veige\"><\/p>\n\n<\/div><\/a><\/div><h4>Contact <\/h4><div class=\"link-tienda\"><strong><a href=\"https:\/\/www.visitgastroh.com\/fr\/store\/amador-garcia\/\">+ Info<\/a><\/strong><\/div><\/div><\/div><\/div><div class=\"store-locator-row\"><div class=\"store-locator-col-sm-4\"><div class=\"wordpress-store-locator-list-item\"><div class=\"img-listado\"><a href=\"https:\/\/www.visitgastroh.com\/fr\/store\/amour-2\/\"><img loading=\"lazy\" decoding=\"async\" width=\"300\" height=\"126\" src=\"https:\/\/www.visitgastroh.com\/wp-content\/uploads\/2022\/02\/bodega4-300x126.jpeg\" class=\"attachment-medium size-medium wp-post-image\" alt=\"\" srcset=\"https:\/\/www.visitgastroh.com\/wp-content\/uploads\/2022\/02\/bodega4-300x126.jpeg 300w, https:\/\/www.visitgastroh.com\/wp-content\/uploads\/2022\/02\/bodega4-768x323.jpeg 768w, https:\/\/www.visitgastroh.com\/wp-content\/uploads\/2022\/02\/bodega4.jpeg 1000w\" sizes=\"auto, (max-width: 300px) 100vw, 300px\" \/><\/a><\/div><div class=\"contenido-listado\"><a href=\"https:\/\/www.visitgastroh.com\/fr\/store\/amour-2\/\"><div class=\"ficha-defecto\">\n<h1 class=\"headline-center-v2\">amour<\/h1>\n<h3>(Samaniego)<\/h3>\nBodegas Amaren est n\u00e9e en l'honneur d'\u00c1ngeles, \u00e9pouse de Luis Ca\u00f1as et m\u00e8re de Juan Luis (Bodegas Luis Ca\u00f1as, Rioja Alavesa).\n\nEn 1995, Juan Luis Ca\u00f1as avait l'id\u00e9e de produire un vin diff\u00e9rent, un vin qui exprimerait au maximum la personnalit\u00e9 du c\u00e9page. Un 100% Tempranillo de plusieurs parcelles de vieilles vignes. \u00c0 ce moment, sa m\u00e8re \u00c1ngeles est d\u00e9c\u00e9d\u00e9e et c'est alors qu'il a d\u00e9cid\u00e9 de lui d\u00e9dier sa cr\u00e9ation, son nouveau parfum : Amaren Reserva Tempranillo 1995. C'est de l\u00e0 que vient tout, l'amour d'une m\u00e8re, car Amaren en basque signifie \"de la m\u00e8re\". \u00c1ngeles a \u00e9t\u00e9 un pilier fondamental dans la cr\u00e9ation et le d\u00e9veloppement de Bodegas Luis Ca\u00f1as et pour cette raison, son fils ne s'est pas arr\u00eat\u00e9 jusqu'\u00e0 ce qu'il ait pu l'honorer avec sa propre cave en 2016.\n\nCiment, pierre et bois, c'est l'essence d'Amaren.\n\n<\/div><\/a><\/div><h4>Contact <\/h4><div class=\"link-tienda\"><strong><a href=\"https:\/\/www.visitgastroh.com\/fr\/store\/amour-2\/\">+ Info<\/a><\/strong><\/div><\/div><\/div><div class=\"store-locator-col-sm-4\"><div class=\"wordpress-store-locator-list-item\"><div class=\"img-listado\"><a href=\"https:\/\/www.visitgastroh.com\/fr\/store\/antonea\/\"><img loading=\"lazy\" decoding=\"async\" width=\"300\" height=\"198\" src=\"https:\/\/www.visitgastroh.com\/wp-content\/uploads\/2022\/03\/20210227-7F2A9763-300x198.jpg\" class=\"attachment-medium size-medium wp-post-image\" alt=\"\" srcset=\"https:\/\/www.visitgastroh.com\/wp-content\/uploads\/2022\/03\/20210227-7F2A9763-300x198.jpg 300w, https:\/\/www.visitgastroh.com\/wp-content\/uploads\/2022\/03\/20210227-7F2A9763-1024x675.jpg 1024w, https:\/\/www.visitgastroh.com\/wp-content\/uploads\/2022\/03\/20210227-7F2A9763-768x506.jpg 768w, https:\/\/www.visitgastroh.com\/wp-content\/uploads\/2022\/03\/20210227-7F2A9763-1536x1012.jpg 1536w, https:\/\/www.visitgastroh.com\/wp-content\/uploads\/2022\/03\/20210227-7F2A9763-2048x1349.jpg 2048w\" sizes=\"auto, (max-width: 300px) 100vw, 300px\" \/><\/a><\/div><div class=\"contenido-listado\"><a href=\"https:\/\/www.visitgastroh.com\/fr\/store\/antonea\/\"><div class=\"ficha-defecto\">\n<h2>Caserio Antsonea, queso de pastor<\/h2>\n<h3>(Uztegui)<\/h3>\n<div id=\"u36612-15\" class=\"TEXTUA clearfix grpelem shared_content\" data-muse-uid=\"U36612\" data-muse-type=\"txt_frame\" data-ibe-flags=\"txtStyleSrc\" data-sizepolicy=\"fluidWidth\" data-pintopage=\"page_fixedCenter\" data-leftadjustmentdoneby=\"pu36759\" data-content-guid=\"u36612-15_content\">\n\nProfitez du paysage splendide, de la biodiversit\u00e9, de la tranquillit\u00e9,...\n\nD\u00e9couvrez les secrets du fromage, sa pr\u00e9paration, ce qui l'influence, comment il est valoris\u00e9...\n\nRapprochez-vous du monde o\u00f9 l'homme et la nature coexistent depuis l'Antiquit\u00e9.\n\nApprenez \u00e0 conna\u00eetre de pr\u00e8s les moutons menhaden.\n\nLes secrets du fromage de berger de l'Appellation d'Origine Idiazabal.\n\nContact direct avec les animaux (\u00e2nes, vaches, ch\u00e8vres, chiens,\u2026)\n\nA d\u00e9guster avec une d\u00e9gustation organoleptique\n\n<\/div>\n<\/div><\/a><\/div><h4>Contact <\/h4><div class=\"link-tienda\"><strong><a href=\"https:\/\/www.visitgastroh.com\/fr\/store\/antonea\/\">+ Info<\/a><\/strong><\/div><\/div><\/div><div class=\"store-locator-col-sm-4\"><div class=\"wordpress-store-locator-list-item\"><div class=\"img-listado\"><a href=\"https:\/\/www.visitgastroh.com\/fr\/store\/aunak-servicios-turisticos\/\"><img loading=\"lazy\" decoding=\"async\" width=\"300\" height=\"169\" src=\"https:\/\/www.visitgastroh.com\/wp-content\/uploads\/2022\/04\/IMG-20151108-WA0014-300x169.jpg\" class=\"attachment-medium size-medium wp-post-image\" alt=\"\" srcset=\"https:\/\/www.visitgastroh.com\/wp-content\/uploads\/2022\/04\/IMG-20151108-WA0014-300x169.jpg 300w, https:\/\/www.visitgastroh.com\/wp-content\/uploads\/2022\/04\/IMG-20151108-WA0014-1024x576.jpg 1024w, https:\/\/www.visitgastroh.com\/wp-content\/uploads\/2022\/04\/IMG-20151108-WA0014-768x432.jpg 768w, https:\/\/www.visitgastroh.com\/wp-content\/uploads\/2022\/04\/IMG-20151108-WA0014-1536x864.jpg 1536w, https:\/\/www.visitgastroh.com\/wp-content\/uploads\/2022\/04\/IMG-20151108-WA0014.jpg 1600w\" sizes=\"auto, (max-width: 300px) 100vw, 300px\" \/><\/a><\/div><div class=\"contenido-listado\"><a href=\"https:\/\/www.visitgastroh.com\/fr\/store\/aunak-servicios-turisticos\/\"><div class=\"ficha-defecto\">\n<h2>AU\u00d1AK Servicios Tur\u00edsticos<\/h2>\n<h3>(Garralda)<\/h3>\nD\u00e9couvrez, en quelques heures et de l'int\u00e9rieur, l'immensit\u00e9 de la for\u00eat d'Irati. Nous vous montrerons, en plus des for\u00eats impressionnantes, comment l'\u00eatre humain a peu \u00e0 peu fa\u00e7onn\u00e9 le paysage, \u00e0 travers l'\u00e9levage, la sylviculture, l'exploitation mini\u00e8re, etc.\n\nLa fabrique royale d'armes d'Orbaitzeta, les guerres, la fronti\u00e8re, la contrebande, les cromlechs, la tour Urkulu, les Aezkoa h\u00f3rreos,\u2026\n\nServices offerts\n<ul>\n \t<li>Visites guid\u00e9es en v\u00e9hicule 4\u00d74, accompagn\u00e9es d'un chauffeur guide : le <strong>seul guide autoris\u00e9<\/strong> \u00e0 entrer dans la for\u00eat d'Irati en v\u00e9hicule motoris\u00e9.<\/li>\n \t<li>Transferts et ramassages en montagne pour randonneurs, v\u00e9t\u00e9tistes, p\u00e8lerins sur le Camino de Santiago, etc.<\/li>\n \t<li>SERVICE DE TAXI<\/li>\n<\/ul>\n<\/div><\/a><\/div><h4>Contact <\/h4><div class=\"link-tienda\"><strong><a href=\"https:\/\/www.visitgastroh.com\/fr\/store\/aunak-servicios-turisticos\/\">+ Info<\/a><\/strong><\/div><\/div><\/div><\/div><div class=\"store-locator-row\"><div class=\"store-locator-col-sm-4\"><div class=\"wordpress-store-locator-list-item\"><div class=\"img-listado\"><a href=\"https:\/\/www.visitgastroh.com\/fr\/store\/bipia\/\"><img loading=\"lazy\" decoding=\"async\" width=\"300\" height=\"225\" src=\"https:\/\/www.visitgastroh.com\/wp-content\/uploads\/2022\/03\/Photo-003-1536x1152-1-300x225.jpg\" class=\"attachment-medium size-medium wp-post-image\" alt=\"\" srcset=\"https:\/\/www.visitgastroh.com\/wp-content\/uploads\/2022\/03\/Photo-003-1536x1152-1-300x225.jpg 300w, https:\/\/www.visitgastroh.com\/wp-content\/uploads\/2022\/03\/Photo-003-1536x1152-1-1024x768.jpg 1024w, https:\/\/www.visitgastroh.com\/wp-content\/uploads\/2022\/03\/Photo-003-1536x1152-1-768x576.jpg 768w, https:\/\/www.visitgastroh.com\/wp-content\/uploads\/2022\/03\/Photo-003-1536x1152-1.jpg 1536w\" sizes=\"auto, (max-width: 300px) 100vw, 300px\" \/><\/a><\/div><div class=\"contenido-listado\"><a href=\"https:\/\/www.visitgastroh.com\/fr\/store\/bipia\/\"><div class=\"ficha-defecto\">\r\n<h2>BIPIA<\/h2>\r\n<h3>(Larressore)<\/h3>\r\nBipia est une entreprise de production artisanale qui \u00e9labore des sauces et des condiments \u00e0 base de piment d\u2019Espelette (seule \u00e9pice AOP de France) \u00e0 Larressore, au c\u0153ur du Pays Basque, depuis 1997.\r\n\r\nL\u2019essentiel des op\u00e9rations de production est r\u00e9alis\u00e9 \u00e0 la main.\r\n\r\nBipia propose une gamme de produits sans colorant, sans additif, et sans conservateur, dont une partie en bio depuis une dizaine d\u2019ann\u00e9es<strong>. <\/strong>Elle se compose de sauces, de condiments, de tartinables et de l\u00e9gumes cuisin\u00e9s.\r\n\r\nBipia favorise le bon, le beau et le local...en ravissant les papilles, en partageant l'amour de sa r\u00e9gion. Un partenariat existe avec les principaux fournisseurs de mati\u00e8re premi\u00e8re, car Bipia s\u2019inscrit de longue date dans une logique de responsabilit\u00e9 soci\u00e9tale et de durabilit\u00e9.\r\n\r\nL\u2019entreprise propose des visites de la conserverie, et dispose d\u2019un espace d\u00e9di\u00e9 \u00e0 la visite, comprenant notamment une mini-exposition sur le piment.\r\n\r\n<\/div><\/a><\/div><h4>Contact <\/h4><div class=\"link-tienda\"><strong><a href=\"https:\/\/www.visitgastroh.com\/fr\/store\/bipia\/\">+ Info<\/a><\/strong><\/div><\/div><\/div><div class=\"store-locator-col-sm-4\"><div class=\"wordpress-store-locator-list-item\"><div class=\"img-listado\"><a href=\"https:\/\/www.visitgastroh.com\/fr\/store\/bodega-marques-de-montecierzo\/\"><img loading=\"lazy\" decoding=\"async\" width=\"300\" height=\"200\" src=\"https:\/\/www.visitgastroh.com\/wp-content\/uploads\/2022\/03\/DSC_1009_1-300x200.jpg\" class=\"attachment-medium size-medium wp-post-image\" alt=\"\" srcset=\"https:\/\/www.visitgastroh.com\/wp-content\/uploads\/2022\/03\/DSC_1009_1-300x200.jpg 300w, https:\/\/www.visitgastroh.com\/wp-content\/uploads\/2022\/03\/DSC_1009_1-1024x681.jpg 1024w, https:\/\/www.visitgastroh.com\/wp-content\/uploads\/2022\/03\/DSC_1009_1-768x511.jpg 768w, https:\/\/www.visitgastroh.com\/wp-content\/uploads\/2022\/03\/DSC_1009_1-1536x1022.jpg 1536w, https:\/\/www.visitgastroh.com\/wp-content\/uploads\/2022\/03\/DSC_1009_1-2048x1363.jpg 2048w, https:\/\/www.visitgastroh.com\/wp-content\/uploads\/2022\/03\/DSC_1009_1-900x600.jpg 900w\" sizes=\"auto, (max-width: 300px) 100vw, 300px\" \/><\/a><\/div><div class=\"contenido-listado\"><a href=\"https:\/\/www.visitgastroh.com\/fr\/store\/bodega-marques-de-montecierzo\/\"><div class=\"ficha-defecto\">\n<h2>Bodega Marqu\u00e9s de Montecierzo<\/h2>\n<h3>(Castej\u00f3n)<\/h3>\nCave familiale situ\u00e9e dans un <u>b\u00e2timent embl\u00e9matique de plus de 100 ans<\/u> dans la ville de Castej\u00f3n dont les murs \u00e9manent beaucoup d'histoire. C'\u00e9tait l' <u>usine de farine<\/u> la plus importante du nord de l'Espagne et l'une des plus grandes d'Europe. Plus tard, il a \u00e9t\u00e9 utilis\u00e9 comme <u>prison, pendant la guerre civile et les ann\u00e9es suivantes, o\u00f9 ils avaient des bataillons de prisonniers travaillant.<\/u> Apr\u00e8s la cessation de l'activit\u00e9 et sa d\u00e9su\u00e9tude-abandon, le b\u00e2timent a \u00e9t\u00e9 acquis et r\u00e9habilit\u00e9 par la famille Lozano-Melero. Actuellement dans la b\u00e2tisse (class\u00e9e patrimoine local et avec la plus forte concentration de cigognes blanches de la r\u00e9gion) des vins blancs, ros\u00e9s et rouges sont produits de mani\u00e8re artisanale, \u00e9lev\u00e9s en f\u00fbts neufs de ch\u00eane fran\u00e7ais et am\u00e9ricain et provenant uniquement de nos vignobles, o\u00f9 nous contr\u00f4lons les raisins du champ avec beaucoup de soin et d'affection, en r\u00e9alisant une culture traditionnelle et durable.\n\nLe b\u00e2timent dispose de sous-sols en pierre qui permettent des conditions de temp\u00e9rature et d'humidit\u00e9 id\u00e9ales pour le vieillissement stable de nos vins.\n\nNotre moteur principal est la famille, le travail et les soins bio sur le terrain.\n\nNotre mission en tant que <strong>agriculteurs<\/strong> est de traiter le terrain avec le plus grand respect et avec des techniques h\u00e9rit\u00e9es de nos grands-parents et comme les <strong>viticulteurs et les vignerons<\/strong> proposent des vins traditionnels de la plus haute qualit\u00e9, offrant le meilleur service \u00e0 nos Clients et Amis; et se r\u00e9pandre \u00e0 travers <strong><u>oenotourisme la culture du bon travail dans le vin. <\/u><\/strong>Tout cela pour nous distinguer et faire <strong>Bodega Marqu\u00e9s de Montecierzo<\/strong> , une cave \u00e0 vin haut de gamme que vous pouvez acheter dans notre magasin physique et en ligne avec nos marques Emerging, Montecierzo,\u2026\n\nNous vous proposons une <strong><u>visite guid\u00e9e de la cave<\/u><\/strong> (salle du mus\u00e9e, salle de barriques et de vieillissement et salle de stockage) et ensuite, de mani\u00e8re d\u00e9tendue, nous faisons <strong><u>une d\u00e9gustation avec nos vins<\/u><\/strong> . Nous essayons de faire en sorte que les visiteurs quittent notre maison avec certains <strong>aspects de base de la d\u00e9gustation de vin<\/strong> et en connaissant un peu plus sur nos origines.\n\n<\/div><\/a><\/div><h4>Contact <\/h4><div class=\"link-tienda\"><strong><a href=\"https:\/\/www.visitgastroh.com\/fr\/store\/bodega-marques-de-montecierzo\/\">+ Info<\/a><\/strong><\/div><\/div><\/div><div class=\"store-locator-col-sm-4\"><div class=\"wordpress-store-locator-list-item\"><div class=\"img-listado\"><a href=\"https:\/\/www.visitgastroh.com\/fr\/store\/domaine-viticole-pago-de-cirsus\/\"><img loading=\"lazy\" decoding=\"async\" width=\"300\" height=\"209\" src=\"https:\/\/www.visitgastroh.com\/wp-content\/uploads\/2022\/02\/bodega-pago-de-cirsus-edificio-300x209.jpg\" class=\"attachment-medium size-medium wp-post-image\" alt=\"\" srcset=\"https:\/\/www.visitgastroh.com\/wp-content\/uploads\/2022\/02\/bodega-pago-de-cirsus-edificio-300x209.jpg 300w, https:\/\/www.visitgastroh.com\/wp-content\/uploads\/2022\/02\/bodega-pago-de-cirsus-edificio-1024x712.jpg 1024w, https:\/\/www.visitgastroh.com\/wp-content\/uploads\/2022\/02\/bodega-pago-de-cirsus-edificio-768x534.jpg 768w, https:\/\/www.visitgastroh.com\/wp-content\/uploads\/2022\/02\/bodega-pago-de-cirsus-edificio-1536x1068.jpg 1536w, https:\/\/www.visitgastroh.com\/wp-content\/uploads\/2022\/02\/bodega-pago-de-cirsus-edificio.jpg 1800w\" sizes=\"auto, (max-width: 300px) 100vw, 300px\" \/><\/a><\/div><div class=\"contenido-listado\"><a href=\"https:\/\/www.visitgastroh.com\/fr\/store\/domaine-viticole-pago-de-cirsus\/\"><div class=\"ficha-defecto\">\n<h2>Bodega Pago de Cirsus<\/h2>\n<h3>(Ablitas)<\/h3>\nLa cave est situ\u00e9e dans la partie la plus \u00e9lev\u00e9e de La Finca Bolandin, d'o\u00f9 l'on peut voir une bonne partie du vignoble, une grande partie de la cave est \u00e0 moiti\u00e9 souterraine, ce qui lui permet de maintenir des conditions de temp\u00e9rature et d'humidit\u00e9 plus stables tout au long de l'ann\u00e9e.\n\nBas\u00e9 sur la culture familiale du travail d'\u00e9quipe, dans le but de faire des vins sp\u00e9ciaux, soign\u00e9s \u00e0 tous points de vue, de grande qualit\u00e9 et dont on peut \u00eatre fier. Ils ont r\u00e9ussi \u00e0 \u00eatre pr\u00e9sents dans l'esprit des consommateurs en d\u00e9veloppant des vins \u00e9labor\u00e9s avec passion, honn\u00eatet\u00e9 et d\u00e9vouement.\n\nVisites de la cave, d\u00e9gustations de vins, cadeaux d'exp\u00e9riences, boutique en ligne ......\n\n<\/div><\/a><\/div><h4>Contact <\/h4><div class=\"link-tienda\"><strong><a href=\"https:\/\/www.visitgastroh.com\/fr\/store\/domaine-viticole-pago-de-cirsus\/\">+ Info<\/a><\/strong><\/div><\/div><\/div><\/div><div class=\"store-locator-row\"><div class=\"store-locator-col-sm-4\"><div class=\"wordpress-store-locator-list-item\"><div class=\"img-listado\"><a href=\"https:\/\/www.visitgastroh.com\/fr\/store\/domaine-viticole-teodoro-ruiz-monge\/\"><img loading=\"lazy\" decoding=\"async\" width=\"300\" height=\"200\" src=\"https:\/\/www.visitgastroh.com\/wp-content\/uploads\/2022\/03\/img-20201012-wa0028-300x200.jpg\" class=\"attachment-medium size-medium wp-post-image\" alt=\"\" srcset=\"https:\/\/www.visitgastroh.com\/wp-content\/uploads\/2022\/03\/img-20201012-wa0028-300x200.jpg 300w, https:\/\/www.visitgastroh.com\/wp-content\/uploads\/2022\/03\/img-20201012-wa0028-1024x682.jpg 1024w, https:\/\/www.visitgastroh.com\/wp-content\/uploads\/2022\/03\/img-20201012-wa0028-768x512.jpg 768w, https:\/\/www.visitgastroh.com\/wp-content\/uploads\/2022\/03\/img-20201012-wa0028-1536x1023.jpg 1536w, https:\/\/www.visitgastroh.com\/wp-content\/uploads\/2022\/03\/img-20201012-wa0028-900x600.jpg 900w, https:\/\/www.visitgastroh.com\/wp-content\/uploads\/2022\/03\/img-20201012-wa0028.jpg 1600w\" sizes=\"auto, (max-width: 300px) 100vw, 300px\" \/><\/a><\/div><div class=\"contenido-listado\"><a href=\"https:\/\/www.visitgastroh.com\/fr\/store\/domaine-viticole-teodoro-ruiz-monge\/\"><div class=\"ficha-defecto\">\n<h2>BODEGA TEODORO RUIZ MONGE<\/h2>\n<h3>(SAN VICENTE DE LA SONSIERRA)<\/h3>\nCave familiale au coeur de San Vicente de la Sonsierra.\n\nNous r\u00e9alisons des exp\u00e9riences dans lesquelles Jos\u00e9 Luis Ruiz (agriculteur, vigneron) est charg\u00e9 de r\u00e9aliser toutes les exp\u00e9riences. Un privil\u00e8ge de pouvoir partager de premi\u00e8re main comment nous r\u00e9alisons l'ensemble de notre projet de mani\u00e8re traditionnelle \u00e0 partir du vignoble, de la cave, des caves centenaires et en connaissant la culture, le climat et les traditions de notre peuple. Plus qu'une visite dans un domaine viticole, vous d\u00e9couvrirez un mode de vie.\n\n<\/div><\/a><\/div><h4>Contact <\/h4><div class=\"link-tienda\"><strong><a href=\"https:\/\/www.visitgastroh.com\/fr\/store\/domaine-viticole-teodoro-ruiz-monge\/\">+ Info<\/a><\/strong><\/div><\/div><\/div><div class=\"store-locator-col-sm-4\"><div class=\"wordpress-store-locator-list-item\"><div class=\"img-listado\"><a href=\"https:\/\/www.visitgastroh.com\/fr\/store\/vignobles-irache\/\"><img loading=\"lazy\" decoding=\"async\" width=\"300\" height=\"249\" src=\"https:\/\/www.visitgastroh.com\/wp-content\/uploads\/2022\/02\/bodegas-irache-panoramica-300x249.jpg\" class=\"attachment-medium size-medium wp-post-image\" alt=\"\" srcset=\"https:\/\/www.visitgastroh.com\/wp-content\/uploads\/2022\/02\/bodegas-irache-panoramica-300x249.jpg 300w, https:\/\/www.visitgastroh.com\/wp-content\/uploads\/2022\/02\/bodegas-irache-panoramica.jpg 672w\" sizes=\"auto, (max-width: 300px) 100vw, 300px\" \/><\/a><\/div><div class=\"contenido-listado\"><a href=\"https:\/\/www.visitgastroh.com\/fr\/store\/vignobles-irache\/\"><div class=\"ficha-defecto\">\n<h2>Bodegas Irache<\/h2>\n<h3>(Ayegui)<\/h3>\nSous l'influence architecturale du Monast\u00e8re d'Irache, le chai de vieillissement a \u00e9t\u00e9 construit dans les ann\u00e9es 1990. Un espace spectaculaire compos\u00e9 d'imposantes colonnes surmont\u00e9es d'arcs en plein cintre qui ont conduit certains connaisseurs \u00e0 l'appeler \"la cath\u00e9drale du vin\".\n\nLa fontaine \u00e0 vin : Etape oblig\u00e9e des p\u00e8lerins, la fontaine \u00e0 vin d'Irache voit passer chaque ann\u00e9e pr\u00e8s de deux cent mille fid\u00e8les se d\u00e9salt\u00e9rer, comme le faisaient il y a dix si\u00e8cles les promeneurs dans l'ancien h\u00f4pital du Monast\u00e8re d'Irache. .\nChaque jour, la fontaine est remplie d\u00e8s le matin avec notre jeune vin rouge et nous souhaitons donc un bon voyage \u00e0 tous les p\u00e8lerins.\n\n<\/div><\/a><\/div><h4>Contact <\/h4><div class=\"link-tienda\"><strong><a href=\"https:\/\/www.visitgastroh.com\/fr\/store\/vignobles-irache\/\">+ Info<\/a><\/strong><\/div><\/div><\/div><div class=\"store-locator-col-sm-4\"><div class=\"wordpress-store-locator-list-item\"><div class=\"img-listado\"><a href=\"https:\/\/www.visitgastroh.com\/fr\/store\/bodegas-marco-real\/\"><img loading=\"lazy\" decoding=\"async\" width=\"300\" height=\"114\" src=\"https:\/\/www.visitgastroh.com\/wp-content\/uploads\/2022\/04\/bodegas-marco-real-exterior-300x114.jpg\" class=\"attachment-medium size-medium wp-post-image\" alt=\"\" srcset=\"https:\/\/www.visitgastroh.com\/wp-content\/uploads\/2022\/04\/bodegas-marco-real-exterior-300x114.jpg 300w, https:\/\/www.visitgastroh.com\/wp-content\/uploads\/2022\/04\/bodegas-marco-real-exterior-1024x390.jpg 1024w, https:\/\/www.visitgastroh.com\/wp-content\/uploads\/2022\/04\/bodegas-marco-real-exterior-768x293.jpg 768w, https:\/\/www.visitgastroh.com\/wp-content\/uploads\/2022\/04\/bodegas-marco-real-exterior.jpg 1500w\" sizes=\"auto, (max-width: 300px) 100vw, 300px\" \/><\/a><\/div><div class=\"contenido-listado\"><a href=\"https:\/\/www.visitgastroh.com\/fr\/store\/bodegas-marco-real\/\"><div class=\"ficha-defecto\">\n<h2>Bodegas Marco Real<\/h2>\n<h3>(Viana)<\/h3>\nMarco Real est l'histoire d'un d\u00e9fi constant et d'un seul objectif : capturer l'excellence dans une bouteille.\n\u00c0 Marco Real, nous d\u00e9couvrons une terre unique et singuli\u00e8re, la n\u00f4tre, celle de la Sonsierra Navarra.\nMais nous ne nous arr\u00eatons pas l\u00e0. Allons un peu plus loin. Et lorsque nous abordons un nouveau territoire, nous recherchons, testons, analysons et organisons sans rel\u00e2che pour vous apporter le meilleur et uniquement le meilleur.\n\nFAMILLE | Un projet bas\u00e9 sur l'histoire et l'h\u00e9ritage de la famille Belasco.\n\u00c9QUIPE | Nous sommes des chasseurs de tr\u00e9sors, des vins singuliers et uniques qui pensent \u00e0 nos clients et consommateurs.\nMANIFESTE | S\u00e9lectionner des vins qui repr\u00e9sentent l'expression maximale des meilleures appellations d'origine dans chaque mill\u00e9sime est ce qui nous \u00e9meut.\n\n<\/div><\/a><\/div><h4>Contact <\/h4><div class=\"link-tienda\"><strong><a href=\"https:\/\/www.visitgastroh.com\/fr\/store\/bodegas-marco-real\/\">+ Info<\/a><\/strong><\/div><\/div><\/div><\/div><div class=\"store-locator-row\"><div class=\"store-locator-col-sm-4\"><div class=\"wordpress-store-locator-list-item\"><div class=\"img-listado\"><a href=\"https:\/\/www.visitgastroh.com\/fr\/store\/bodegas-pago-de-larrainzar\/\"><img loading=\"lazy\" decoding=\"async\" width=\"300\" height=\"199\" src=\"https:\/\/www.visitgastroh.com\/wp-content\/uploads\/2022\/01\/DSC0114-300x199.jpg\" class=\"attachment-medium size-medium wp-post-image\" alt=\"\" srcset=\"https:\/\/www.visitgastroh.com\/wp-content\/uploads\/2022\/01\/DSC0114-300x199.jpg 300w, https:\/\/www.visitgastroh.com\/wp-content\/uploads\/2022\/01\/DSC0114-1024x680.jpg 1024w, https:\/\/www.visitgastroh.com\/wp-content\/uploads\/2022\/01\/DSC0114-768x510.jpg 768w, https:\/\/www.visitgastroh.com\/wp-content\/uploads\/2022\/01\/DSC0114-1536x1020.jpg 1536w, https:\/\/www.visitgastroh.com\/wp-content\/uploads\/2022\/01\/DSC0114-2048x1360.jpg 2048w, https:\/\/www.visitgastroh.com\/wp-content\/uploads\/2022\/01\/DSC0114-900x600.jpg 900w\" sizes=\"auto, (max-width: 300px) 100vw, 300px\" \/><\/a><\/div><div class=\"contenido-listado\"><a href=\"https:\/\/www.visitgastroh.com\/fr\/store\/bodegas-pago-de-larrainzar\/\"><div class=\"ficha-defecto\">\n<h2>BODEGAS PAGO DE LARRAINZAR<\/h2>\n<h3>(Ayegui)<\/h3>\nBelle cave familiale, entour\u00e9e de 17 hectares de vignes, juste sur le Camino de Santiago. Un environnement unique, au pied de Montejurra et \u00e0 c\u00f4t\u00e9 du monast\u00e8re d'Irache.\n\n<strong>Laissez-vous conqu\u00e9rir par les sens dans un lieu magique.<\/strong>\n\nPago de Larrainzar vous propose une nouvelle exp\u00e9rience pour comprendre pleinement l'\u00e2me et le secret de nos vins. Toujours sur r\u00e9servation pr\u00e9alable, vous pourrez faire une visite guid\u00e9e du vignoble, de l'innovant Jardin Viticole et du chai. Et puis, dans le calme qu'exige un bon vin, profitez d'une d\u00e9gustation comment\u00e9e avec nous, pour voir, sentir et go\u00fbter tout ce qui nous entoure.\n\n<strong>Nous vous proposons diff\u00e9rents types de d\u00e9gustations comment\u00e9es, ap\u00e9ritifs, repas de groupe, jeux d\u00e9gustation, balades en e-scooter...<\/strong>\n\nUne destination conviviale, familiale et divertissante autour du vin.\n\nNous t'attendons!\n\n<\/div><\/a><\/div><h4>Contact <\/h4><div class=\"link-tienda\"><strong><a href=\"https:\/\/www.visitgastroh.com\/fr\/store\/bodegas-pago-de-larrainzar\/\">+ Info<\/a><\/strong><\/div><\/div><\/div><div class=\"store-locator-col-sm-4\"><div class=\"wordpress-store-locator-list-item\"><div class=\"img-listado\"><a href=\"https:\/\/www.visitgastroh.com\/fr\/store\/bodegas-ramirez-de-la-piscina\/\"><img loading=\"lazy\" decoding=\"async\" width=\"300\" height=\"164\" src=\"https:\/\/www.visitgastroh.com\/wp-content\/uploads\/2022\/02\/bodegas-ramirez-piscina-edificio-300x164.jpg\" class=\"attachment-medium size-medium wp-post-image\" alt=\"\" srcset=\"https:\/\/www.visitgastroh.com\/wp-content\/uploads\/2022\/02\/bodegas-ramirez-piscina-edificio-300x164.jpg 300w, https:\/\/www.visitgastroh.com\/wp-content\/uploads\/2022\/02\/bodegas-ramirez-piscina-edificio-1024x559.jpg 1024w, https:\/\/www.visitgastroh.com\/wp-content\/uploads\/2022\/02\/bodegas-ramirez-piscina-edificio-768x419.jpg 768w, https:\/\/www.visitgastroh.com\/wp-content\/uploads\/2022\/02\/bodegas-ramirez-piscina-edificio-1536x838.jpg 1536w, https:\/\/www.visitgastroh.com\/wp-content\/uploads\/2022\/02\/bodegas-ramirez-piscina-edificio.jpg 2048w\" sizes=\"auto, (max-width: 300px) 100vw, 300px\" \/><\/a><\/div><div class=\"contenido-listado\"><a href=\"https:\/\/www.visitgastroh.com\/fr\/store\/bodegas-ramirez-de-la-piscina\/\"><div class=\"ficha-defecto\">\n<h2>BODEGAS RAM\u00cdREZ DE LA PISCINA<\/h2>\n<h3>(SAN VICENTE DE LA SONSIERRA)<\/h3>\nVisite guid\u00e9e de la cave, montrant comment faire et vieillir nos vins, partageant nos exp\u00e9riences pass\u00e9es et pr\u00e9sentes avec le visiteur. Et, pour cl\u00f4turer la visite, une d\u00e9gustation de 3 vins diff\u00e9rents, visant \u00e0 comprendre et appr\u00e9cier leurs couleurs, leurs odeurs et leurs saveurs.\n\n<\/div><\/a><\/div><h4>Contact <\/h4><div class=\"link-tienda\"><strong><a href=\"https:\/\/www.visitgastroh.com\/fr\/store\/bodegas-ramirez-de-la-piscina\/\">+ Info<\/a><\/strong><\/div><\/div><\/div><div class=\"store-locator-col-sm-4\"><div class=\"wordpress-store-locator-list-item\"><div class=\"img-listado\"><a href=\"https:\/\/www.visitgastroh.com\/fr\/store\/bodegas-y-vinedos-ilurce\/\"><img loading=\"lazy\" decoding=\"async\" width=\"300\" height=\"200\" src=\"https:\/\/www.visitgastroh.com\/wp-content\/uploads\/2022\/05\/Bd_MG_8970_web-Portada-300x200.jpg\" class=\"attachment-medium size-medium wp-post-image\" alt=\"\" srcset=\"https:\/\/www.visitgastroh.com\/wp-content\/uploads\/2022\/05\/Bd_MG_8970_web-Portada-300x200.jpg 300w, https:\/\/www.visitgastroh.com\/wp-content\/uploads\/2022\/05\/Bd_MG_8970_web-Portada-1024x683.jpg 1024w, https:\/\/www.visitgastroh.com\/wp-content\/uploads\/2022\/05\/Bd_MG_8970_web-Portada-768x512.jpg 768w, https:\/\/www.visitgastroh.com\/wp-content\/uploads\/2022\/05\/Bd_MG_8970_web-Portada-1536x1024.jpg 1536w, https:\/\/www.visitgastroh.com\/wp-content\/uploads\/2022\/05\/Bd_MG_8970_web-Portada-900x600.jpg 900w, https:\/\/www.visitgastroh.com\/wp-content\/uploads\/2022\/05\/Bd_MG_8970_web-Portada.jpg 1800w\" sizes=\"auto, (max-width: 300px) 100vw, 300px\" \/><\/a><\/div><div class=\"contenido-listado\"><a href=\"https:\/\/www.visitgastroh.com\/fr\/store\/bodegas-y-vinedos-ilurce\/\"><div class=\"ficha-defecto\">\n<h2>BODEGAS Y VI\u00d1EDOS ILURCE<\/h2>\n<h3>(ALFARO)<\/h3>\n<div class=\"ficha-defecto\">\n\nBodegas y Vi\u00f1edos Ilurce est une cave cr\u00e9\u00e9e en 1940, au sein de la DO Ca. Rioja qui est situ\u00e9e dans la partie orientale de La Rioja, \u00e0 Alfaro, au c\u0153ur de La Rioja Baja.\n\nBodegas Ilurce est compos\u00e9e de la quatri\u00e8me g\u00e9n\u00e9ration de viticulteurs et nous avons un v\u00e9ritable tr\u00e9sor : plus de quarante-cinq hectares d'un vignoble exceptionnel, avec des versements de tr\u00e8s vieilles vignes, qui nous font rendre gr\u00e2ce \u00e0 cette terre chaque jour.\n\nILURCE sont nos vins. Des vins passion, des vins au go\u00fbt de terroir. Des vins cr\u00e9\u00e9s pour durer dans la m\u00e9moire, pour laisser en m\u00e9moire le savoir-faire d'une famille dont la vie tourne autour du vin.\n\n<\/div>\nVous pourrez d\u00e9couvrir les secrets de quatre g\u00e9n\u00e9rations de la famille Escudero cultivant des vignes et produisant de bons vins de Rioja. Vous aurez \u00e9galement la possibilit\u00e9 de d\u00e9guster et d'acheter nos vins au prix cave.\n\nVisites guid\u00e9es. Visite explicative de la cave depuis l'arriv\u00e9e des raisins de nos vignes jusqu'au conditionnement en bouteille de vin pr\u00eat \u00e0 la vente. A la fin de la visite nous avons la possibilit\u00e9 de d\u00e9guster les vins que nous \u00e9laborons. <strong>Pour assister \u00e0 la visite, vous devez r\u00e9server \u00e0 l'avance par t\u00e9l\u00e9phone ou par e-mail. Plus d'informations https:\/\/www.ilurce.com\/enoturismo-en-la-rioja\/<\/strong>\n\n<\/div><\/a><\/div><h4>Contact <\/h4><div class=\"link-tienda\"><strong><a href=\"https:\/\/www.visitgastroh.com\/fr\/store\/bodegas-y-vinedos-ilurce\/\">+ Info<\/a><\/strong><\/div><\/div><\/div><\/div><div class=\"store-locator-row\"><div class=\"store-locator-col-sm-4\"><div class=\"wordpress-store-locator-list-item\"><div class=\"img-listado\"><a href=\"https:\/\/www.visitgastroh.com\/fr\/store\/brasserie-de-larrec\/\"><img loading=\"lazy\" decoding=\"async\" width=\"300\" height=\"214\" src=\"https:\/\/www.visitgastroh.com\/wp-content\/uploads\/2022\/05\/biere-300x214.webp\" class=\"attachment-medium size-medium wp-post-image\" alt=\"\" srcset=\"https:\/\/www.visitgastroh.com\/wp-content\/uploads\/2022\/05\/biere-300x214.webp 300w, https:\/\/www.visitgastroh.com\/wp-content\/uploads\/2022\/05\/biere.webp 600w\" sizes=\"auto, (max-width: 300px) 100vw, 300px\" \/><\/a><\/div><div class=\"contenido-listado\"><a href=\"https:\/\/www.visitgastroh.com\/fr\/store\/brasserie-de-larrec\/\"><div class=\"ficha-defecto\">\r\n<h2>Brasserie de l'Arrec<\/h2>\r\n<h2>(Estialescq)<\/h2>\r\n<div class=\"row_col_wrap_12 col span_12 dark left\">\r\n<div class=\"vc_col-sm-2\/5 izda-tienda\">\r\n<div class=\"store_locator_single_description store-locator-col-12\">\r\n\r\nBrasserie paysanne cr\u00e9\u00e9e en 2017, nous produisons 5 types de bi\u00e8res, \u00e0 partir de c\u00e9r\u00e9ales et de houblon cultiv\u00e9s localement.\r\n\r\nSur rendez-vous nous proposons des visites de la brasserie avec l'explication des \u00e9tapes de brassage, de la culture du houblon et d\u00e9gustation de nos bi\u00e8res.\r\n\r\n&nbsp;\r\n<div class=\"ficha-defecto\">\r\n\r\n&nbsp;\r\n\r\n<\/div>\r\n<\/div>\r\n<div class=\"store_locator_single_opening_hours store-locator-col-12\"><\/div>\r\n<\/div>\r\n<div class=\"vc_col-sm-3\/5 dcha-tienda\">\r\n<div class=\"store_locator_single_contact_store store-locator-col-12\"><\/div>\r\n<\/div>\r\n<\/div>\r\n<div class=\"vc_col-sm-12\">\r\n<div id=\"store_locator_single_map\" class=\"store-locator-col-12 store_locator_single_map\" data-lat=\"43.2251244\" data-lng=\"-0.5484408\">\r\n<div>\r\n<div class=\"gm-style\">\r\n<div><\/div>\r\n<div tabindex=\"0\" role=\"region\" aria-label=\"Carte\" aria-roledescription=\"carte\">\r\n<div>\r\n<div>\r\n<div>\r\n<div>\r\n<div>\r\n<div><\/div>\r\n<\/div>\r\n<div>\r\n<div><\/div>\r\n<\/div>\r\n<div>\r\n<div><\/div>\r\n<\/div>\r\n<div>\r\n<div><\/div>\r\n<\/div>\r\n<div>\r\n<div><\/div>\r\n<\/div>\r\n<div>\r\n<div><\/div>\r\n<\/div>\r\n<div>\r\n<div><\/div>\r\n<\/div>\r\n<div>\r\n<div><\/div>\r\n<\/div>\r\n<div>\r\n<div><\/div>\r\n<\/div>\r\n<div>\r\n<div><\/div>\r\n<\/div>\r\n<\/div>\r\n<\/div>\r\n<\/div>\r\n<div><\/div>\r\n<div><\/div>\r\n<div>\r\n<div>\r\n<div>\r\n<div><\/div>\r\n<div><\/div>\r\n<div><\/div>\r\n<div><\/div>\r\n<div><\/div>\r\n<div><\/div>\r\n<div><\/div>\r\n<div><\/div>\r\n<div><\/div>\r\n<div><\/div>\r\n<\/div>\r\n<\/div>\r\n<div><\/div>\r\n<\/div>\r\n<div>\r\n<div>\r\n<div><\/div>\r\n<div><\/div>\r\n<div><\/div>\r\n<div><\/div>\r\n<div><\/div>\r\n<div><\/div>\r\n<div><\/div>\r\n<div><\/div>\r\n<div><\/div>\r\n<div><\/div>\r\n<\/div>\r\n<\/div>\r\n<\/div>\r\n<div>\r\n<div>\r\n<div><\/div>\r\n<div><\/div>\r\n<div>\r\n<div tabindex=\"-1\" title=\"\"><\/div>\r\n<\/div>\r\n<div><\/div>\r\n<\/div>\r\n<\/div>\r\n<div class=\"gm-style-moc\"><\/div>\r\n<\/div>\r\n<iframe tabindex=\"-1\" frameborder=\"0\" aria-hidden=\"true\" data-mce-fragment=\"1\"><\/iframe>\r\n<div><\/div>\r\n<div>\r\n<div class=\"gmnoprint\" role=\"menubar\">\r\n<div class=\"gm-style-mtc\"><\/div>\r\n<div class=\"gm-style-mtc\"><\/div>\r\n<\/div>\r\n<\/div>\r\n<div><\/div>\r\n<div><\/div>\r\n<div><\/div>\r\n<div><\/div>\r\n<div><\/div>\r\n<div><\/div>\r\n<div><\/div>\r\n<div><\/div>\r\n<div><\/div>\r\n<div>\r\n<div>\r\n<div><\/div>\r\n<\/div>\r\n<\/div>\r\n<div><\/div>\r\n<div>\r\n<div class=\"gmnoprint\"><\/div>\r\n<div class=\"gmnoprint\"><\/div>\r\n<\/div>\r\n<\/div>\r\n<\/div>\r\n<\/div>\r\n<\/div>\r\n<\/div><\/a><\/div><h4>Contact <\/h4><div class=\"link-tienda\"><strong><a href=\"https:\/\/www.visitgastroh.com\/fr\/store\/brasserie-de-larrec\/\">+ Info<\/a><\/strong><\/div><\/div><\/div><div class=\"store-locator-col-sm-4\"><div class=\"wordpress-store-locator-list-item\"><div class=\"img-listado\"><a href=\"https:\/\/www.visitgastroh.com\/fr\/store\/caves-ojuel\/\"><img loading=\"lazy\" decoding=\"async\" width=\"154\" height=\"300\" src=\"https:\/\/www.visitgastroh.com\/wp-content\/uploads\/2022\/02\/foto-con-mucho-arte-colgadera--154x300.jpg\" class=\"attachment-medium size-medium wp-post-image\" alt=\"\" srcset=\"https:\/\/www.visitgastroh.com\/wp-content\/uploads\/2022\/02\/foto-con-mucho-arte-colgadera--154x300.jpg 154w, https:\/\/www.visitgastroh.com\/wp-content\/uploads\/2022\/02\/foto-con-mucho-arte-colgadera--524x1024.jpg 524w, https:\/\/www.visitgastroh.com\/wp-content\/uploads\/2022\/02\/foto-con-mucho-arte-colgadera--768x1500.jpg 768w, https:\/\/www.visitgastroh.com\/wp-content\/uploads\/2022\/02\/foto-con-mucho-arte-colgadera--786x1536.jpg 786w, https:\/\/www.visitgastroh.com\/wp-content\/uploads\/2022\/02\/foto-con-mucho-arte-colgadera-.jpg 819w\" sizes=\"auto, (max-width: 154px) 100vw, 154px\" \/><\/a><\/div><div class=\"contenido-listado\"><a href=\"https:\/\/www.visitgastroh.com\/fr\/store\/caves-ojuel\/\"><div class=\"ficha-defecto\">\n<h2>CAVES OJUEL<\/h2>\n<strong>(SOJUELA)<\/strong>\n<h5><\/h5>\n<h5>D\u00e8s le d\u00e9but, Ojuel a d\u00e9fendu l'agriculture biologique, non pas parce qu'elle \u00e9tait \u00e0 la mode mais par principes.<\/h5>\n<h5>VINS NATURELS ET SUPPUR\u00c9S.<\/h5>\nNos vins refl\u00e8tent une \u00e9coute active de la nature, valorisant un territoire et recherchant l'expression du terroir avec un minimum d'intervention.\n\nDes vins \u00e0 faible empreinte carbone et naturels (sans sulfites ajout\u00e9s).\n\nNous r\u00e9cup\u00e9rons des traditions, une mani\u00e8re artisanale d'\u00e9laborer, manuellement, de r\u00e9cup\u00e9rer et d'entretenir des c\u00e9pages minoritaires, des vignes centenaires.\n\nPassion, enthousiasme et soin \u00e0 chaque \u00e9tape. \u00c9tiquetage et mise en bouteille manuels. Installations humbles avec une grande \u00e2me et les meilleurs vins.\n<h5>vins traditionnels<\/h5>\nVins \u00e0 l'ancienne, sans levures ajout\u00e9es, sans m\u00eame ajout de tartrique, vendang\u00e9s \u00e0 la main, press\u00e9s dans un pressoir manuel.\n<h5>Des vins bio \u00e0 faible empreinte carbone<\/h5>\nEngrais organique (cuivre et soufre) comme m\u00e9thode de lutte antiparasitaire, comme cela se faisait \u00e0 l'\u00e9poque de l'Hispanie romaine. Intervention minimale pour que les vins expriment le terroir et l'\u00e2me du domaine.\n<h5>Vins ethnographiques<\/h5>\nEnqu\u00eater et r\u00e9cup\u00e9rer les vari\u00e9t\u00e9s et les m\u00e9thodes de nos arri\u00e8re-arri\u00e8re-grands-parents, comme le vin 'Supurao', un vin ancestral, unique et irrempla\u00e7able.\n\nVISITES PERSONNALIS\u00c9ES\n\n<\/div><\/a><\/div><h4>Contact <\/h4><div class=\"link-tienda\"><strong><a href=\"https:\/\/www.visitgastroh.com\/fr\/store\/caves-ojuel\/\">+ Info<\/a><\/strong><\/div><\/div><\/div><div class=\"store-locator-col-sm-4\"><div class=\"wordpress-store-locator-list-item\"><div class=\"img-listado\"><a href=\"https:\/\/www.visitgastroh.com\/fr\/store\/caves-vina-ijalba\/\"><img loading=\"lazy\" decoding=\"async\" width=\"300\" height=\"160\" src=\"https:\/\/www.visitgastroh.com\/wp-content\/uploads\/2022\/02\/DJI_0359-300x160.jpg\" class=\"attachment-medium size-medium wp-post-image\" alt=\"\" srcset=\"https:\/\/www.visitgastroh.com\/wp-content\/uploads\/2022\/02\/DJI_0359-300x160.jpg 300w, https:\/\/www.visitgastroh.com\/wp-content\/uploads\/2022\/02\/DJI_0359-1024x545.jpg 1024w, https:\/\/www.visitgastroh.com\/wp-content\/uploads\/2022\/02\/DJI_0359-768x408.jpg 768w, https:\/\/www.visitgastroh.com\/wp-content\/uploads\/2022\/02\/DJI_0359-1536x817.jpg 1536w, https:\/\/www.visitgastroh.com\/wp-content\/uploads\/2022\/02\/DJI_0359-2048x1089.jpg 2048w\" sizes=\"auto, (max-width: 300px) 100vw, 300px\" \/><\/a><\/div><div class=\"contenido-listado\"><a href=\"https:\/\/www.visitgastroh.com\/fr\/store\/caves-vina-ijalba\/\"><div class=\"ficha-defecto\">\n<h2>VIGNOBLE IJALBA CAVES<\/h2>\n<h3>(LOGRONO)<\/h3>\nVoulez-vous conna\u00eetre la premi\u00e8re cave bio de la Rioja ?\n\nDionisio Ruiz Ijalba a plant\u00e9 son premier vignoble en 1975. Il l'a fait sur une ancienne gravi\u00e8re r\u00e9cup\u00e9r\u00e9e pour la viticulture, reproduisant les conditions naturelles des sols de la Rioja. Ainsi a commenc\u00e9 le chemin de Vi\u00f1a Ijalba, fond\u00e9e en tant que cave en 1991. Une cave pionni\u00e8re dans la production de vins biologiques de qualit\u00e9 selon les techniques traditionnelles de la Rioja et en respectant pleinement, jusqu'\u00e0 la troisi\u00e8me g\u00e9n\u00e9ration actuelle, son engagement envers l'environnement.\n\n<\/div><\/a><\/div><h4>Contact <\/h4><div class=\"link-tienda\"><strong><a href=\"https:\/\/www.visitgastroh.com\/fr\/store\/caves-vina-ijalba\/\">+ Info<\/a><\/strong><\/div><\/div><\/div><\/div><div class=\"store-locator-row\"><div class=\"store-locator-col-sm-4\"><div class=\"wordpress-store-locator-list-item\"><div class=\"img-listado\"><a href=\"https:\/\/www.visitgastroh.com\/fr\/store\/centre-dinterpretation-du-piment-despelette-aop-2\/\"><img loading=\"lazy\" decoding=\"async\" width=\"149\" height=\"300\" src=\"https:\/\/www.visitgastroh.com\/wp-content\/uploads\/2022\/04\/logo_etxea-1-149x300.jpg\" class=\"attachment-medium size-medium wp-post-image\" alt=\"\" srcset=\"https:\/\/www.visitgastroh.com\/wp-content\/uploads\/2022\/04\/logo_etxea-1-149x300.jpg 149w, https:\/\/www.visitgastroh.com\/wp-content\/uploads\/2022\/04\/logo_etxea-1-508x1024.jpg 508w, https:\/\/www.visitgastroh.com\/wp-content\/uploads\/2022\/04\/logo_etxea-1-768x1548.jpg 768w, https:\/\/www.visitgastroh.com\/wp-content\/uploads\/2022\/04\/logo_etxea-1-762x1536.jpg 762w, https:\/\/www.visitgastroh.com\/wp-content\/uploads\/2022\/04\/logo_etxea-1-1016x2048.jpg 1016w, https:\/\/www.visitgastroh.com\/wp-content\/uploads\/2022\/04\/logo_etxea-1.jpg 1191w\" sizes=\"auto, (max-width: 149px) 100vw, 149px\" \/><\/a><\/div><div class=\"contenido-listado\"><a href=\"https:\/\/www.visitgastroh.com\/fr\/store\/centre-dinterpretation-du-piment-despelette-aop-2\/\"><div class=\"ficha-defecto\">\r\n<h2>Centre d'interpr\u00e9tation du Piment d'Espelette AOP<\/h2>\r\n<h3>(Espelette)<\/h3>\r\nDans le cadre de son activit\u00e9 de promotion de l\u2019AOP Piment d\u2019Espelette, le syndicat des producteurs de piment d\u2019Espelette a cr\u00e9\u00e9 un centre d\u2019interpr\u00e9tation d\u00e9di\u00e9 \u00e0 la valorisation du Piment d\u2019Espelette AOP.\r\nCet espace de 100 m\u00b2 a pour objectif de mettre en avant le Piment d\u2019Espelette \u00e0 travers le travail des hommes et des femmes, son histoire, sa notori\u00e9t\u00e9, son terroir, ses caract\u00e9ristiques organoleptiques, son utilisation, son cahier des charges.\r\nCe lieu attractif, esth\u00e9tique et ludique pr\u00e9sente notre \u00e9pice en produit d\u2019exception unique, r\u00e9sultat d\u2019un travail de labeur soumis \u00e0 un cahier des charges des plus exigeant.\r\n\r\nUne EXP\u00c9RIENCE ORIGINALE et ATTRACTIVE pour tous les publics, associant ESTHETIQUE, LUDIQUE, EMOTION, SPECTACLE et P\u00c9DAGOGIE.\r\n\r\nGroupes sur r\u00e9servation\r\n\r\nAccessibilit\u00e9 PMR (Personnes \u00e0 Mobilit\u00e9 R\u00e9duite)\r\n\r\n<\/div><\/a><\/div><h4>Contact <\/h4><div class=\"link-tienda\"><strong><a href=\"https:\/\/www.visitgastroh.com\/fr\/store\/centre-dinterpretation-du-piment-despelette-aop-2\/\">+ Info<\/a><\/strong><\/div><\/div><\/div><div class=\"store-locator-col-sm-4\"><div class=\"wordpress-store-locator-list-item\"><div class=\"img-listado\"><a href=\"https:\/\/www.visitgastroh.com\/fr\/store\/charcutier-eleveur-oyharcabal-2\/\"><img loading=\"lazy\" decoding=\"async\" width=\"300\" height=\"200\" src=\"https:\/\/www.visitgastroh.com\/wp-content\/uploads\/2022\/04\/dsc_8720-mieux-300x200.jpg\" class=\"attachment-medium size-medium wp-post-image\" alt=\"\" srcset=\"https:\/\/www.visitgastroh.com\/wp-content\/uploads\/2022\/04\/dsc_8720-mieux-300x200.jpg 300w, https:\/\/www.visitgastroh.com\/wp-content\/uploads\/2022\/04\/dsc_8720-mieux-768x512.jpg 768w, https:\/\/www.visitgastroh.com\/wp-content\/uploads\/2022\/04\/dsc_8720-mieux-900x600.jpg 900w, https:\/\/www.visitgastroh.com\/wp-content\/uploads\/2022\/04\/dsc_8720-mieux.jpg 1024w\" sizes=\"auto, (max-width: 300px) 100vw, 300px\" \/><\/a><\/div><div class=\"contenido-listado\"><a href=\"https:\/\/www.visitgastroh.com\/fr\/store\/charcutier-eleveur-oyharcabal-2\/\"><div class=\"ficha-defecto\">\r\n<h2>Charcutier-Eleveur Oyharcabal<\/h2>\r\n<h3>(Salies de B\u00e9arn)<\/h3>\r\nDepuis plus de 25 ans, Daniel et Anne-Lyse OYHARCABAL \u00e9l\u00e8vent leurs Porcs Gascons \u00e0 Bergouey, en plein air, non loin de Salies de B\u00e9arn, \u00e0 la fronti\u00e8re du Pays Basque et du B\u00e9arn.\r\n\r\nDe leur \u00e9levage en plein air, ils produisent une viande savoureuse et de la charcuterie exceptionnelle : Jambon affin\u00e9, boudin, saucisse, saucisson et \u00e9galement des produits \u00e9labor\u00e9s \u00e0 l'aide d'ingr\u00e9dients du terroir (sel de Salies de B\u00e9arn, piment d'Espelette\u2026) : cassoulet au Porc Gascon, saucisses confites, jarrets, axoa, piperades et une magnifique garbure !\r\n\r\n<\/div><\/a><\/div><h4>Contact <\/h4><div class=\"link-tienda\"><strong><a href=\"https:\/\/www.visitgastroh.com\/fr\/store\/charcutier-eleveur-oyharcabal-2\/\">+ Info<\/a><\/strong><\/div><\/div><\/div><div class=\"store-locator-col-sm-4\"><div class=\"wordpress-store-locator-list-item\"><div class=\"img-listado\"><a href=\"https:\/\/www.visitgastroh.com\/fr\/store\/chateau-jolys\/\"><img loading=\"lazy\" decoding=\"async\" width=\"300\" height=\"300\" src=\"https:\/\/www.visitgastroh.com\/wp-content\/uploads\/2022\/05\/280104820_4590395227727701_8869718243435867897_n-300x300.jpg\" class=\"attachment-medium size-medium wp-post-image\" alt=\"\" srcset=\"https:\/\/www.visitgastroh.com\/wp-content\/uploads\/2022\/05\/280104820_4590395227727701_8869718243435867897_n-300x300.jpg 300w, https:\/\/www.visitgastroh.com\/wp-content\/uploads\/2022\/05\/280104820_4590395227727701_8869718243435867897_n-150x150.jpg 150w, https:\/\/www.visitgastroh.com\/wp-content\/uploads\/2022\/05\/280104820_4590395227727701_8869718243435867897_n-100x100.jpg 100w, https:\/\/www.visitgastroh.com\/wp-content\/uploads\/2022\/05\/280104820_4590395227727701_8869718243435867897_n-140x140.jpg 140w, https:\/\/www.visitgastroh.com\/wp-content\/uploads\/2022\/05\/280104820_4590395227727701_8869718243435867897_n-500x500.jpg 500w, https:\/\/www.visitgastroh.com\/wp-content\/uploads\/2022\/05\/280104820_4590395227727701_8869718243435867897_n-350x350.jpg 350w, https:\/\/www.visitgastroh.com\/wp-content\/uploads\/2022\/05\/280104820_4590395227727701_8869718243435867897_n.jpg 526w\" sizes=\"auto, (max-width: 300px) 100vw, 300px\" \/><\/a><\/div><div class=\"contenido-listado\"><a href=\"https:\/\/www.visitgastroh.com\/fr\/store\/chateau-jolys\/\"><div class=\"ficha-defecto\">\r\n<h2><strong>Ch\u00e2teau Jolys<\/strong><\/h2>\r\n<\/div>\r\n<strong>GAN<\/strong>\r\n<div class=\"ficha-defecto\">\r\n\r\n&nbsp;\r\n\r\nLe roi Henri IV a offert ses lettres de noblesses au vin de Juran\u00e7on.\r\n\r\nLa l\u00e9gende raconte qu\u2019\u00e0 sa naissance son grand p\u00e8re lui fit boire quelques gouttes de vin de juran\u00e7on avant de lui frotter les l\u00e8vres avec une gousses d\u2019ail afin de fortifier le corps et l\u2019esprit.\r\n\r\n400 ans apr\u00e8s Henri IV, en 1964 <strong>Pierre-Yves Latrille, esprit visionnaire, <\/strong>plante les premi\u00e8res parcelles de vignes \u00e0 contre-courant d\u2019un contexte d\u2019arrachage massif \u00e0 l\u2019\u00e9poque.\r\n\r\nD\u00e8s lors, <strong>Ch\u00e2teau Jolys se construit une r\u00e9putation de vignoble au caract\u00e8re singulier produisant des vins fins, empreints d\u2019\u00e9l\u00e9gance et de d\u00e9licatesse.<\/strong>\r\n\r\nCinquante ans plus tard, le Ch\u00e2teau acte son <strong>ambition de renouveau<\/strong> lors de son rachat par <strong>Michel Boutin<\/strong>. Entrepreneur passionn\u00e9 de vin, il \u00e0 pour ambition de <strong>mener ce vignoble au sommet de son art et cela d\u00e8s aujourd\u2019hui.<\/strong>\r\n\r\n<\/div><\/a><\/div><h4>Contact <\/h4><div class=\"link-tienda\"><strong><a href=\"https:\/\/www.visitgastroh.com\/fr\/store\/chateau-jolys\/\">+ Info<\/a><\/strong><\/div><\/div><\/div><\/div><div class=\"store-locator-row\"><div class=\"store-locator-col-sm-4\"><div class=\"wordpress-store-locator-list-item\"><div class=\"img-listado\"><a href=\"https:\/\/www.visitgastroh.com\/fr\/store\/cidrerie-txopinondo\/\"><img loading=\"lazy\" decoding=\"async\" width=\"300\" height=\"200\" src=\"https:\/\/www.visitgastroh.com\/wp-content\/uploads\/2022\/03\/Txopin-sagarnoa-300x200.jpg\" class=\"attachment-medium size-medium wp-post-image\" alt=\"\" srcset=\"https:\/\/www.visitgastroh.com\/wp-content\/uploads\/2022\/03\/Txopin-sagarnoa-300x200.jpg 300w, https:\/\/www.visitgastroh.com\/wp-content\/uploads\/2022\/03\/Txopin-sagarnoa-768x512.jpg 768w, https:\/\/www.visitgastroh.com\/wp-content\/uploads\/2022\/03\/Txopin-sagarnoa-900x600.jpg 900w, https:\/\/www.visitgastroh.com\/wp-content\/uploads\/2022\/03\/Txopin-sagarnoa.jpg 960w\" sizes=\"auto, (max-width: 300px) 100vw, 300px\" \/><\/a><\/div><div class=\"contenido-listado\"><a href=\"https:\/\/www.visitgastroh.com\/fr\/store\/cidrerie-txopinondo\/\"><div class=\"ficha-defecto\">\r\n<div class=\"ficha-defecto\">\r\n<h2>Cidrerie Txopinondo<\/h2>\r\n<h3>(Ascain)<\/h3>\r\nVenez d\u00e9couvrir Txopinondo l\u2019authentique cidrerie de producteur, son sagarno litt\u00e9ralement \"vin de pomme\", la plus ancienne boisson du pays et tout le c\u00e9r\u00e9monial du Txotx ! D\u2019autres surprises vous y attendent : nos jus de pomme bio, nos vinaigres, chocolat \u00e0 la pomme, perles culinaires, etc\r\n\r\nLaisser vous tenter par l'exp\u00e9rience Txotx et d\u00e9guster nos d\u00e9licieuses grillades !\r\n\r\n<\/div>\r\n<\/div><\/a><\/div><h4>Contact <\/h4><div class=\"link-tienda\"><strong><a href=\"https:\/\/www.visitgastroh.com\/fr\/store\/cidrerie-txopinondo\/\">+ Info<\/a><\/strong><\/div><\/div><\/div><div class=\"store-locator-col-sm-4\"><div class=\"wordpress-store-locator-list-item\"><div class=\"img-listado\"><a href=\"https:\/\/www.visitgastroh.com\/fr\/store\/clos-lapeyre\/\"><img loading=\"lazy\" decoding=\"async\" width=\"300\" height=\"280\" src=\"https:\/\/www.visitgastroh.com\/wp-content\/uploads\/2022\/05\/IMG_3233-2-300x280.jpg\" class=\"attachment-medium size-medium wp-post-image\" alt=\"Juran\u00e7on clos lapeyre\" srcset=\"https:\/\/www.visitgastroh.com\/wp-content\/uploads\/2022\/05\/IMG_3233-2-300x280.jpg 300w, https:\/\/www.visitgastroh.com\/wp-content\/uploads\/2022\/05\/IMG_3233-2-1024x956.jpg 1024w, https:\/\/www.visitgastroh.com\/wp-content\/uploads\/2022\/05\/IMG_3233-2-768x717.jpg 768w, https:\/\/www.visitgastroh.com\/wp-content\/uploads\/2022\/05\/IMG_3233-2-1536x1434.jpg 1536w, https:\/\/www.visitgastroh.com\/wp-content\/uploads\/2022\/05\/IMG_3233-2-2048x1912.jpg 2048w\" sizes=\"auto, (max-width: 300px) 100vw, 300px\" \/><\/a><\/div><div class=\"contenido-listado\"><a href=\"https:\/\/www.visitgastroh.com\/fr\/store\/clos-lapeyre\/\"><div class=\"ficha-defecto\">\r\n<h2>Clos Lapeyre<\/h2>\r\n<h3>(Juran\u00e7on)<\/h3>\r\nL\u2019exploitation familiale \u00e9tait traditionnellement vou\u00e9e \u00e0 la polyculture avec \u00e9levage, petits fruits et raisins apport\u00e9s \u00e0 la cave coop\u00e9rative. \u00c0 partir de 1985, le domaine se tourne exclusivement vers la viticulture. Jean-Bernard Larrieu cultive ses vignes, vinifie les raisins, \u00e9l\u00e8ve ses vins, les met en bouteilles et les commercialise, le Clos Lapeyre est n\u00e9 ! En 2000, le vignoble comporte environ 10 hectares. En 2004, il s\u2019agrandit avec la reprise du domaine de Nays-Labass\u00e8re, un magnifique et vieux vignoble de 7 hectares au c\u0153ur de Chapelle-de-Rousse.\r\n\r\nD\u00e9gustations, r\u00e9ceptions, accueil groupe mais aussi balade viticole au coeur des vignes du Juran\u00e7on ! V\u00e9ritable voyage \u00e0 la d\u00e9couverte des vignes et des vignerons qui les cultivent, c\u2019est pour les enfants comme pour les adultes, une autre fa\u00e7on d\u2019apprendre pour conna\u00eetre et de conna\u00eetre pour aimer\u2026\r\n\r\n<\/div><\/a><\/div><h4>Contact <\/h4><div class=\"link-tienda\"><strong><a href=\"https:\/\/www.visitgastroh.com\/fr\/store\/clos-lapeyre\/\">+ Info<\/a><\/strong><\/div><\/div><\/div><div class=\"store-locator-col-sm-4\"><div class=\"wordpress-store-locator-list-item\"><div class=\"img-listado\"><a href=\"https:\/\/www.visitgastroh.com\/fr\/store\/compania-de-guias-de-las-bardenas\/\"><img loading=\"lazy\" decoding=\"async\" width=\"300\" height=\"127\" src=\"https:\/\/www.visitgastroh.com\/wp-content\/uploads\/2022\/03\/Horizontal_Neg_col-300x127.jpg\" class=\"attachment-medium size-medium wp-post-image\" alt=\"\" srcset=\"https:\/\/www.visitgastroh.com\/wp-content\/uploads\/2022\/03\/Horizontal_Neg_col-300x127.jpg 300w, https:\/\/www.visitgastroh.com\/wp-content\/uploads\/2022\/03\/Horizontal_Neg_col.jpg 692w\" sizes=\"auto, (max-width: 300px) 100vw, 300px\" \/><\/a><\/div><div class=\"contenido-listado\"><a href=\"https:\/\/www.visitgastroh.com\/fr\/store\/compania-de-guias-de-las-bardenas\/\"><div class=\"ficha-defecto\">\n<h2>Compa\u00f1\u00eda de Gu\u00edas de las Bardenas<\/h2>\n<h3>(Tudela)<\/h3>\n<div class=\"divleft\">\n<div class=\"textoleft\">\n\nNotre engagement envers vous est, en plus de vous montrer le meilleur c\u00f4t\u00e9 du parc naturel des Bardenas Reales, de vous offrir sur le terrain nos itin\u00e9raires 4X4, itin\u00e9raires ebike, visites guid\u00e9es, randonn\u00e9es, toutes les informations que vous devez savoir sur cet endroit unique en le monde.\n\n<\/div>\n<\/div>\n<div class=\"divreservas\"><\/div>\n<\/div><\/a><\/div><h4>Contact <\/h4><div class=\"link-tienda\"><strong><a href=\"https:\/\/www.visitgastroh.com\/fr\/store\/compania-de-guias-de-las-bardenas\/\">+ Info<\/a><\/strong><\/div><\/div><\/div><\/div><div class=\"store-locator-row\"><div class=\"store-locator-col-sm-4\"><div class=\"wordpress-store-locator-list-item\"><div class=\"img-listado\"><a href=\"https:\/\/www.visitgastroh.com\/fr\/store\/compania-de-vinos-heraclio\/\"><img loading=\"lazy\" decoding=\"async\" width=\"300\" height=\"200\" src=\"https:\/\/www.visitgastroh.com\/wp-content\/uploads\/2022\/04\/DJI_0215-HDR-300x200.jpg\" class=\"attachment-medium size-medium wp-post-image\" alt=\"\" srcset=\"https:\/\/www.visitgastroh.com\/wp-content\/uploads\/2022\/04\/DJI_0215-HDR-300x200.jpg 300w, https:\/\/www.visitgastroh.com\/wp-content\/uploads\/2022\/04\/DJI_0215-HDR-1024x682.jpg 1024w, https:\/\/www.visitgastroh.com\/wp-content\/uploads\/2022\/04\/DJI_0215-HDR-768x512.jpg 768w, https:\/\/www.visitgastroh.com\/wp-content\/uploads\/2022\/04\/DJI_0215-HDR-1536x1023.jpg 1536w, https:\/\/www.visitgastroh.com\/wp-content\/uploads\/2022\/04\/DJI_0215-HDR-900x600.jpg 900w, https:\/\/www.visitgastroh.com\/wp-content\/uploads\/2022\/04\/DJI_0215-HDR.jpg 1732w\" sizes=\"auto, (max-width: 300px) 100vw, 300px\" \/><\/a><\/div><div class=\"contenido-listado\"><a href=\"https:\/\/www.visitgastroh.com\/fr\/store\/compania-de-vinos-heraclio\/\"><div class=\"ficha-defecto\">\n<h2>COMPA\u00d1\u00cdA DE VINOS HERACLIO<\/h2>\n<h3>(ALFARO)<\/h3>\nLa Compa\u00f1\u00eda de Vinos Heraclio est situ\u00e9e \u00e0 quelques kilom\u00e8tres de la ville d'Alfaro, dans la Rioja Oriental, la zone la plus m\u00e9diterran\u00e9enne de la Communaut\u00e9 autonome.\n\nSur la route qui m\u00e8ne d'Alfaro \u00e0 Corella, sur un terrain irrigu\u00e9 par la rivi\u00e8re Estarijo, se trouve la ferme de 110 hectares, reconnue dans la r\u00e9gion pour \u00eatre le lieu o\u00f9 se trouvait pendant des ann\u00e9es un a\u00e9rodrome historique de l'aviation espagnole.\n\nLe domaine El Estarijo s'\u00e9tend sur plus de 100 hectares de terres et est actuellement utilis\u00e9 comme vignoble avec la pr\u00e9sence de trois des principaux c\u00e9pages rouges de la Rioja : Tempranillo, Graciano et Mazuelo ; 12 hectares sont plant\u00e9s d'oliviers de la vari\u00e9t\u00e9 Arbequina et le reste du domaine est utilis\u00e9 pour les arbres fruitiers.\n\nDepuis f\u00e9vrier 2018, la cave fait partie du groupe Terras Gauda.\n\n<\/div><\/a><\/div><h4>Contact <\/h4><div class=\"link-tienda\"><strong><a href=\"https:\/\/www.visitgastroh.com\/fr\/store\/compania-de-vinos-heraclio\/\">+ Info<\/a><\/strong><\/div><\/div><\/div><div class=\"store-locator-col-sm-4\"><div class=\"wordpress-store-locator-list-item\"><div class=\"img-listado\"><a href=\"https:\/\/www.visitgastroh.com\/fr\/store\/destino-navarra\/\"><img loading=\"lazy\" decoding=\"async\" width=\"300\" height=\"169\" src=\"https:\/\/www.visitgastroh.com\/wp-content\/uploads\/2022\/04\/Canada-8-300x169.jpeg\" class=\"attachment-medium size-medium wp-post-image\" alt=\"\" srcset=\"https:\/\/www.visitgastroh.com\/wp-content\/uploads\/2022\/04\/Canada-8-300x169.jpeg 300w, https:\/\/www.visitgastroh.com\/wp-content\/uploads\/2022\/04\/Canada-8-1024x576.jpeg 1024w, https:\/\/www.visitgastroh.com\/wp-content\/uploads\/2022\/04\/Canada-8-768x432.jpeg 768w, https:\/\/www.visitgastroh.com\/wp-content\/uploads\/2022\/04\/Canada-8.jpeg 1280w\" sizes=\"auto, (max-width: 300px) 100vw, 300px\" \/><\/a><\/div><div class=\"contenido-listado\"><a href=\"https:\/\/www.visitgastroh.com\/fr\/store\/destino-navarra\/\"><div class=\"ficha-defecto\">\n<h2>Destino Navarra<\/h2>\n<h3>(Pamplona)<\/h3>\n<strong>Destino Navarra<\/strong> regroupe plusieurs <strong>Guides Touristiques Officiels de Pampelune et de Navarre<\/strong> organis\u00e9s selon un syst\u00e8me de gestion coop\u00e9rative. Nous sommes <strong>des guides locaux<\/strong> , connaissant bien notre r\u00e9gion, son histoire, sa culture, ses traditions... et nous aimons montrer le c\u00f4t\u00e9 le plus local de la Navarre \u00e0 ceux qui nous visitent.\n\nNous adaptons les visites guid\u00e9es aux caract\u00e9ristiques des clients et servons les touristes dans <strong>diff\u00e9rentes langues<\/strong> (espagnol, basque, anglais, fran\u00e7ais, allemand, italien, portugais).\n<ul>\n \t<li>Visites guid\u00e9es \u00e0 Pampelune<\/li>\n \t<li>Excursions en Navarre<\/li>\n \t<li>Randonn\u00e9e et Ebike en Navarre<\/li>\n \t<li>Camino de Santiago<\/li>\n \t<li>Activit\u00e9s \u00e0 Bardenas Reales<\/li>\n \t<li>Vacances \u00e0 Saint-Fermin<\/li>\n<\/ul>\n<\/div><\/a><\/div><h4>Contact <\/h4><div class=\"link-tienda\"><strong><a href=\"https:\/\/www.visitgastroh.com\/fr\/store\/destino-navarra\/\">+ Info<\/a><\/strong><\/div><\/div><\/div><div class=\"store-locator-col-sm-4\"><div class=\"wordpress-store-locator-list-item\"><div class=\"img-listado\"><a href=\"https:\/\/www.visitgastroh.com\/fr\/store\/destilerias-zoco\/\"><img loading=\"lazy\" decoding=\"async\" width=\"300\" height=\"225\" src=\"https:\/\/www.visitgastroh.com\/wp-content\/uploads\/2022\/03\/IMG_6132-300x225.jpg\" class=\"attachment-medium size-medium wp-post-image\" alt=\"\" srcset=\"https:\/\/www.visitgastroh.com\/wp-content\/uploads\/2022\/03\/IMG_6132-300x225.jpg 300w, https:\/\/www.visitgastroh.com\/wp-content\/uploads\/2022\/03\/IMG_6132-1024x768.jpg 1024w, https:\/\/www.visitgastroh.com\/wp-content\/uploads\/2022\/03\/IMG_6132-768x576.jpg 768w, https:\/\/www.visitgastroh.com\/wp-content\/uploads\/2022\/03\/IMG_6132-1536x1152.jpg 1536w, https:\/\/www.visitgastroh.com\/wp-content\/uploads\/2022\/03\/IMG_6132-2048x1536.jpg 2048w\" sizes=\"auto, (max-width: 300px) 100vw, 300px\" \/><\/a><\/div><div class=\"contenido-listado\"><a href=\"https:\/\/www.visitgastroh.com\/fr\/store\/destilerias-zoco\/\"><div class=\"ficha-defecto\">\n<h2>Distilleries du souk<\/h2>\n<h3>(Dich\u00e2teau)<\/h3>\nLe pachar\u00e1n est l'une des plus anciennes traditions navarraises : il y a plus de 500 ans, il \u00e9tait d\u00e9j\u00e0 fabriqu\u00e9 dans nos villages. Visiter une distillerie de pachar\u00e1n est donc une exp\u00e9rience totalement li\u00e9e \u00e0 nos traditions et quelque chose que vous ne pouvez faire que pendant votre s\u00e9jour en Navarre.\n\n<span style=\"font-weight: 400;\">Distilleries Zoco vous ouvre ses portes pour vous faire d\u00e9couvrir l'une des traditions les plus authentiques et les plus enracin\u00e9es de Navarre \u00e0 travers une exp\u00e9rience pleine de couleurs, d'ar\u00f4mes et de saveurs. <\/span>\n\n<span style=\"font-weight: 400;\">Situ\u00e9<\/span> dans les anciens jardins du Palacio de la Condesa de la Vega del Pozo, en les parcourant lors d'une promenade, vous d\u00e9couvrirez les \u00e9pines noires, l'origine du fruit avec lequel nous fabriquons le pachar\u00e1n. Dans un atelier de d\u00e9gustation divertissant, vous apprendrez tous les secrets de l'histoire et de la pr\u00e9paration du pachar\u00e1n. Et, apr\u00e8s avoir visit\u00e9 la zone de production, vous apprendrez \u00e0 pr\u00e9parer un cocktail dans notre atelier cocktail.\n\nN'h\u00e9sitez pas \u00e0 nous rendre visite !\n\n<\/div><\/a><\/div><h4>Contact <\/h4><div class=\"link-tienda\"><strong><a href=\"https:\/\/www.visitgastroh.com\/fr\/store\/destilerias-zoco\/\">+ Info<\/a><\/strong><\/div><\/div><\/div><\/div><div class=\"store-locator-row\"><div class=\"store-locator-col-sm-4\"><div class=\"wordpress-store-locator-list-item\"><div class=\"img-listado\"><a href=\"https:\/\/www.visitgastroh.com\/fr\/store\/domaine-bordenave-vin-jurancon\/\"><img loading=\"lazy\" decoding=\"async\" width=\"300\" height=\"174\" src=\"https:\/\/www.visitgastroh.com\/wp-content\/uploads\/2022\/03\/photo-site-web-Domaine-Bordenave-1536x892-1-300x174.jpg\" class=\"attachment-medium size-medium wp-post-image\" alt=\"\" srcset=\"https:\/\/www.visitgastroh.com\/wp-content\/uploads\/2022\/03\/photo-site-web-Domaine-Bordenave-1536x892-1-300x174.jpg 300w, https:\/\/www.visitgastroh.com\/wp-content\/uploads\/2022\/03\/photo-site-web-Domaine-Bordenave-1536x892-1-1024x595.jpg 1024w, https:\/\/www.visitgastroh.com\/wp-content\/uploads\/2022\/03\/photo-site-web-Domaine-Bordenave-1536x892-1-768x446.jpg 768w, https:\/\/www.visitgastroh.com\/wp-content\/uploads\/2022\/03\/photo-site-web-Domaine-Bordenave-1536x892-1.jpg 1536w\" sizes=\"auto, (max-width: 300px) 100vw, 300px\" \/><\/a><\/div><div class=\"contenido-listado\"><a href=\"https:\/\/www.visitgastroh.com\/fr\/store\/domaine-bordenave-vin-jurancon\/\"><div class=\"ficha-defecto\">\r\n<h2>Domaine Bordenave<\/h2>\r\n<h3>(Monein)<\/h3>\r\n<em>Le Domaine Bordenave situ\u00e9 au c\u0153ur de l\u2019appellation du Juran\u00e7on, \u00e0 Monein, est l\u2019une des plus vieilles propri\u00e9t\u00e9s de la r\u00e9gion, exploit\u00e9e de p\u00e8re en fils et fille depuis 1676.<\/em>\r\n\r\n<em>Gis\u00e8le Bordenave \u00e9labore de grands vins de Juran\u00e7on moelleux et sec reconnus par les oenophiles, clubs de vins, sommeliers, et r\u00e9f\u00e9renc\u00e9s sur les guides du vin, cavistes et restaurants, .<\/em> dont la derni\u00e8re cr\u00e9ation bio \u00ab Encore et Encore ! \u00bb, ravit les papilles et comble tous les d\u00e9gustateurs \u2026\r\n\r\n<em>Chacune de ses bouteilles cache tout un univers infini qu\u2019il faut d\u00e9couvrir avec un seul guide : \u00ab le plaisir partag\u00e9 <\/em>\u00bb* ( * devise du domaine bordenave ) ...\r\n\r\n<\/div><\/a><\/div><h4>Contact <\/h4><div class=\"link-tienda\"><strong><a href=\"https:\/\/www.visitgastroh.com\/fr\/store\/domaine-bordenave-vin-jurancon\/\">+ Info<\/a><\/strong><\/div><\/div><\/div><div class=\"store-locator-col-sm-4\"><div class=\"wordpress-store-locator-list-item\"><div class=\"img-listado\"><a href=\"https:\/\/www.visitgastroh.com\/fr\/store\/domaine-capdevielle\/\"><img loading=\"lazy\" decoding=\"async\" width=\"300\" height=\"200\" src=\"https:\/\/www.visitgastroh.com\/wp-content\/uploads\/2022\/05\/DSC_1703-300x200.jpg.webp\" class=\"attachment-medium size-medium wp-post-image\" alt=\"Domaine Capdevielle\" \/><\/a><\/div><div class=\"contenido-listado\"><a href=\"https:\/\/www.visitgastroh.com\/fr\/store\/domaine-capdevielle\/\"><div class=\"ficha-defecto\">\r\n<h2>Domaine Capdevielle<\/h2>\r\n<h3>(Monein)<\/h3>\r\nLe Domaine Capdevielle est implant\u00e9 \u00e0 Monein, au c\u0153ur du vignoble du Juran\u00e7on, entre les villes d\u2019Oloron-Sainte-Marie et de Pau. Ce territoire de collines pr\u00e9pyr\u00e9n\u00e9ennes, empreint d\u2019histoire, incite \u00e0 la d\u00e9couverte.\u00a0Les parcelles de vignes du Domaine, nich\u00e9es entre patrimoine historique et maisons traditionnelles b\u00e9arnaises, offrent des points de vue panoramiques exceptionnels sur la cha\u00eene des Pyr\u00e9n\u00e9es.\u00a0Dans cette campagne vallonn\u00e9e, la maison familiale du Domaine Capdevielle, ancienne ferme datant de 1847, regroupe tous les codes de l\u2019architecture b\u00e9arnaise\u00a0avec ses fa\u00e7ades ocres et ses volets bordeaux, sa cour int\u00e9rieure, ses galets et son toit en pente forte recouvert d\u2019ardoise\u2026\u00a0Autour de la maison, des palmiers de Chine ont pris racine, trouvant dans la douceur du climat b\u00e9arnais une terre d\u2019accueil hospitali\u00e8re.\r\n\r\nAdoss\u00e9e \u00e0 la demeure, une salle de d\u00e9gustation aux airs d\u2019orangerie \u2013 avec ses grandes baies vitr\u00e9es \u2013 ouvre sur une vaste terrasse en promontoire, offrant un tableau contemplatif unique propice \u00e0 la d\u00e9tente et au ressourcement\u00a0: l\u2019alignement pr\u00e9cis et rigoureux des rang\u00e9es de vignes soulignant la majest\u00e9 des Pyr\u00e9n\u00e9es offre une vue grandiose, comme une \u0153uvre d\u2019art changeante au gr\u00e9 des jeux d\u2019ombre, lumi\u00e8res et couleurs des saisons. Un v\u00e9ritable coup de c\u0153ur du jury des Best of Wine Tourism 2022\u00a0!\r\n\r\nUn site adapt\u00e9 aux petits et grands avec son cluedo \u00e0 ciel ouvert ; un jeu ludique et interactif \u00e0 la d\u00e9couverte de la biodiversit\u00e9 et du m\u00e9tier de vigneron.\r\n\r\nProfitez de ce cadre unique pour vous ressourcer : une aire de camping-caristes est disponible !\r\n\r\n<\/div><\/a><\/div><h4>Contact <\/h4><div class=\"link-tienda\"><strong><a href=\"https:\/\/www.visitgastroh.com\/fr\/store\/domaine-capdevielle\/\">+ Info<\/a><\/strong><\/div><\/div><\/div><div class=\"store-locator-col-sm-4\"><div class=\"wordpress-store-locator-list-item\"><div class=\"img-listado\"><a href=\"https:\/\/www.visitgastroh.com\/fr\/store\/domaine-cauhape\/\"><img loading=\"lazy\" decoding=\"async\" width=\"300\" height=\"225\" src=\"https:\/\/www.visitgastroh.com\/wp-content\/uploads\/2022\/04\/P1010647-1536x1152-1-300x225.jpg\" class=\"attachment-medium size-medium wp-post-image\" alt=\"\" srcset=\"https:\/\/www.visitgastroh.com\/wp-content\/uploads\/2022\/04\/P1010647-1536x1152-1-300x225.jpg 300w, https:\/\/www.visitgastroh.com\/wp-content\/uploads\/2022\/04\/P1010647-1536x1152-1-1024x768.jpg 1024w, https:\/\/www.visitgastroh.com\/wp-content\/uploads\/2022\/04\/P1010647-1536x1152-1-768x576.jpg 768w, https:\/\/www.visitgastroh.com\/wp-content\/uploads\/2022\/04\/P1010647-1536x1152-1.jpg 1536w\" sizes=\"auto, (max-width: 300px) 100vw, 300px\" \/><\/a><\/div><div class=\"contenido-listado\"><a href=\"https:\/\/www.visitgastroh.com\/fr\/store\/domaine-cauhape\/\"><div class=\"ficha-defecto\">\r\n<h2>Domaine Cauhap\u00e9<\/h2>\r\n<h3>(Monein)<\/h3>\r\nLes vins blancs secs et vins blancs moelleux du domaine Cauhap\u00e9 enchantent les amateurs de grands vins rac\u00e9s et sign\u00e9s. Ar\u00f4mes fruit\u00e9s et complexes, robe dor\u00e9e... Ils expriment un terroir d\u2019exception, embl\u00e9matique du Juran\u00e7on.\r\n\r\n<\/div><\/a><\/div><h4>Contact <\/h4><div class=\"link-tienda\"><strong><a href=\"https:\/\/www.visitgastroh.com\/fr\/store\/domaine-cauhape\/\">+ Info<\/a><\/strong><\/div><\/div><\/div><\/div><div class=\"store-locator-row\"><div class=\"store-locator-col-sm-4\"><div class=\"wordpress-store-locator-list-item\"><div class=\"img-listado\"><a href=\"https:\/\/www.visitgastroh.com\/fr\/store\/domaine-coustaret\/\"><img loading=\"lazy\" decoding=\"async\" width=\"300\" height=\"150\" src=\"https:\/\/www.visitgastroh.com\/wp-content\/uploads\/2022\/05\/Vignoble-2-157-300x150.jpg\" class=\"attachment-medium size-medium wp-post-image\" alt=\"\" srcset=\"https:\/\/www.visitgastroh.com\/wp-content\/uploads\/2022\/05\/Vignoble-2-157-300x150.jpg 300w, https:\/\/www.visitgastroh.com\/wp-content\/uploads\/2022\/05\/Vignoble-2-157-1024x512.jpg 1024w, https:\/\/www.visitgastroh.com\/wp-content\/uploads\/2022\/05\/Vignoble-2-157-768x384.jpg 768w, https:\/\/www.visitgastroh.com\/wp-content\/uploads\/2022\/05\/Vignoble-2-157-1536x767.jpg 1536w, https:\/\/www.visitgastroh.com\/wp-content\/uploads\/2022\/05\/Vignoble-2-157-2048x1023.jpg 2048w, https:\/\/www.visitgastroh.com\/wp-content\/uploads\/2022\/05\/Vignoble-2-157-1000x500.jpg 1000w, https:\/\/www.visitgastroh.com\/wp-content\/uploads\/2022\/05\/Vignoble-2-157-670x335.jpg 670w\" sizes=\"auto, (max-width: 300px) 100vw, 300px\" \/><\/a><\/div><div class=\"contenido-listado\"><a href=\"https:\/\/www.visitgastroh.com\/fr\/store\/domaine-coustaret\/\"><div class=\"ficha-defecto\">\r\n<h2>Domaine COUSTARET<\/h2>\r\n<h3>LASSEUBE<\/h3>\r\nVenez d\u00e9couvrir et partager la passion d'un vigneron au c\u0153ur du vignoble de Juran\u00e7on, propri\u00e9taire depuis 7 g\u00e9n\u00e9rations. Dans ce cadre typique du B\u00e9arn, face \u00e0 la cha\u00eene des Pyr\u00e9n\u00e9es et blotti au milieu des coteaux de Lasseube. Tout ceci autour d'un verre de Juran\u00e7on sec ou moelleux suivant vos envies. Vous d\u00e9couvrirez des vins uniques issus de l'association des c\u00e9pages autochtones.\r\nVisite du chai \u00e0 proximit\u00e9 et d\u00e9gustation des vins de la propri\u00e9t\u00e9.\r\n<p class=\"msg_accueil_ferme\">Dans un cadre verdoyant, face \u00e0 la chaine des Pyr\u00e9n\u00e9es, venez \u00e0 la rencontre d'une famille de vignerons passionn\u00e9e. D\u00e9couvrez des vins originaux et tr\u00e8s expressifs, qui ne vous laisseront pas indiff\u00e9rents. Les b\u00e2tisses environnantes datent du 18e 19e si\u00e8cle.<\/p>\r\n<p class=\"prod_ferme\"><strong>Productions de la ferme :\u00a0<\/strong>Vins AOC Juran\u00e7on et Juran\u00e7on sec (moelleux et sec); labelis\u00e9 en agriculture biologique depuis 2020.<\/p>\r\n<p class=\"prod_ferme\">Location de salle pour groupe, ap\u00e9ritif d\u00eenatoire, s\u00e9minaires, etc. renseignements sur demande.<\/p>\r\n\r\n<\/div><\/a><\/div><h4>Contact <\/h4><div class=\"link-tienda\"><strong><a href=\"https:\/\/www.visitgastroh.com\/fr\/store\/domaine-coustaret\/\">+ Info<\/a><\/strong><\/div><\/div><\/div><div class=\"store-locator-col-sm-4\"><div class=\"wordpress-store-locator-list-item\"><div class=\"img-listado\"><a href=\"https:\/\/www.visitgastroh.com\/fr\/store\/domaine-larroude\/\"><img loading=\"lazy\" decoding=\"async\" width=\"300\" height=\"225\" src=\"https:\/\/www.visitgastroh.com\/wp-content\/uploads\/2022\/03\/11054392_10207662008776604_2259692614278491217_o-1536x1152-1-300x225.jpg\" class=\"attachment-medium size-medium wp-post-image\" alt=\"\" srcset=\"https:\/\/www.visitgastroh.com\/wp-content\/uploads\/2022\/03\/11054392_10207662008776604_2259692614278491217_o-1536x1152-1-300x225.jpg 300w, https:\/\/www.visitgastroh.com\/wp-content\/uploads\/2022\/03\/11054392_10207662008776604_2259692614278491217_o-1536x1152-1-1024x768.jpg 1024w, https:\/\/www.visitgastroh.com\/wp-content\/uploads\/2022\/03\/11054392_10207662008776604_2259692614278491217_o-1536x1152-1-768x576.jpg 768w, https:\/\/www.visitgastroh.com\/wp-content\/uploads\/2022\/03\/11054392_10207662008776604_2259692614278491217_o-1536x1152-1.jpg 1536w\" sizes=\"auto, (max-width: 300px) 100vw, 300px\" \/><\/a><\/div><div class=\"contenido-listado\"><a href=\"https:\/\/www.visitgastroh.com\/fr\/store\/domaine-larroude\/\"><div class=\"ficha-defecto\">\r\n<h2>Domaine Larroud\u00e9<\/h2>\r\n<h3>(<strong>Lucq-de-B\u00e9arn<\/strong>)<\/h3>\r\nSur les c\u00f4teaux de Lucq de B\u00e9arn, face aux Pyr\u00e9n\u00e9es, s\u2019\u00e9tend le Domaine Larroud\u00e9. La famille Estoueigt, qui habite la ferme b\u00e9arnaise depuis plusieurs g\u00e9n\u00e9rations, a toujours produit du vin.\r\n\r\nExigeant, Julien n\u2019a cess\u00e9 de peaufiner au fil des ans son travail sur les petits mansengs et l\u2019\u00e9levage en f\u00fbts. D\u2019autant plus qu\u2019il s\u2019attache \u00e0 vinifier son vin parcelle par parcelle. Une fa\u00e7on de laisser le terroir exprimer ses sp\u00e9cificit\u00e9s.\r\n\r\nDans cette m\u00eame optique, et depuis l\u2019installation du fils, J\u00e9r\u00e9my, le domaine est en agriculture biologique (suivi par l\u2019organisme Ecocert). Ainsi, la terre respire et d\u00e9voile au mieux tout son potentiel\u2026\r\n\r\nTous les vendredis \u00e0 17h00, le vigneron propose une visite pour d\u00e9couvrir l'appellation Juran\u00e7on, de la terre \u00e0 la bouteille, suivie d'une d\u00e9gustation. 7 \u20ac\/ pers.\r\n\r\n<\/div><\/a><\/div><h4>Contact <\/h4><div class=\"link-tienda\"><strong><a href=\"https:\/\/www.visitgastroh.com\/fr\/store\/domaine-larroude\/\">+ Info<\/a><\/strong><\/div><\/div><\/div><div class=\"store-locator-col-sm-4\"><div class=\"wordpress-store-locator-list-item\"><div class=\"img-listado\"><a href=\"https:\/\/www.visitgastroh.com\/fr\/store\/domaine-viticole-dotazu\/\"><img loading=\"lazy\" decoding=\"async\" width=\"300\" height=\"127\" src=\"https:\/\/www.visitgastroh.com\/wp-content\/uploads\/2022\/02\/bodega-otazu-panoramica-300x127.jpg\" class=\"attachment-medium size-medium wp-post-image\" alt=\"\" srcset=\"https:\/\/www.visitgastroh.com\/wp-content\/uploads\/2022\/02\/bodega-otazu-panoramica-300x127.jpg 300w, https:\/\/www.visitgastroh.com\/wp-content\/uploads\/2022\/02\/bodega-otazu-panoramica.jpg 709w\" sizes=\"auto, (max-width: 300px) 100vw, 300px\" \/><\/a><\/div><div class=\"contenido-listado\"><a href=\"https:\/\/www.visitgastroh.com\/fr\/store\/domaine-viticole-dotazu\/\"><div class=\"ficha-defecto\">\n<h2>Domaine viticole d'Otazu<\/h2>\n<h3>(Otazu)<\/h3>\nLa nouvelle cave est une merveille architecturale, une cath\u00e9drale du vin qui int\u00e8gre les technologies de production les plus avanc\u00e9es et tout le savoir-faire de plusieurs g\u00e9n\u00e9rations.\n\n<strong>Visites&nbsp;:<\/strong> Reconnue en octobre 2020 comme \"Meilleur domaine viticole ouvert au tourisme\" par l'ACEVIN (Association espagnole des villes du vin), pour Bodega Otazu, l'\u0153notourisme est un \u00e9l\u00e9ment fondamental de sa fa\u00e7on de comprendre le vin&nbsp;: comme catalyseur d'\u00e9motions dont le seul but est \u00e0 d\u00e9guster et \u00e0 partager. C'est un concept qui contient un univers qui englobe l'histoire, la culture, l'art, la nature, le terroir, les \u00e9motions, toutes les caract\u00e9ristiques qui le distinguent. Leurs visites comprennent une promenade dans l'historique Se\u00f1or\u00edo de Otazu datant du Moyen \u00c2ge. Ensuite, nous visitons l'ancienne cave, transform\u00e9e en mus\u00e9e historique et en espace d\u00e9di\u00e9 \u00e0 l'art contemporain de la Fondation Otazu, r\u00e9compens\u00e9e par le prix \"A\" for Collecting 2020, d\u00e9cern\u00e9 par la Fondation ARCO. La visite se poursuit \u00e0 travers les nouvelles installations de la cave, o\u00f9 se distingue la salle des barriques souterraine con\u00e7ue par Jaime Gaztelu, connue sous le nom de cath\u00e9drale du vin, une r\u00e9f\u00e9rence architecturale mondiale.\n\n<strong>\u00c9v\u00e9nements<\/strong> : Bodega Otazu dispose d'espaces privil\u00e9gi\u00e9s, qu'ils soient int\u00e9rieurs ou ext\u00e9rieurs, pour organiser toutes sortes d'\u00e9v\u00e9nements et de r\u00e9unions.\n\n<strong>Acheter en ligne:<\/strong> Gamme Otazu, Pago de Otazu, Autel, 1 HA. Une Histoire, Effervescents, Grands formats, Vins d'\u00e9ditions artistiques.\n\n&nbsp;\n\n<\/div><\/a><\/div><h4>Contact <\/h4><div class=\"link-tienda\"><strong><a href=\"https:\/\/www.visitgastroh.com\/fr\/store\/domaine-viticole-dotazu\/\">+ Info<\/a><\/strong><\/div><\/div><\/div><\/div><div class=\"store-locator-row\"><div class=\"store-locator-col-sm-4\"><div class=\"wordpress-store-locator-list-item\"><div class=\"img-listado\"><a href=\"https:\/\/www.visitgastroh.com\/fr\/store\/domaine-viticole-et-vignobles-arizcuren\/\"><img loading=\"lazy\" decoding=\"async\" width=\"200\" height=\"300\" src=\"https:\/\/www.visitgastroh.com\/wp-content\/uploads\/2022\/02\/45A3216-200x300.jpg\" class=\"attachment-medium size-medium wp-post-image\" alt=\"\" srcset=\"https:\/\/www.visitgastroh.com\/wp-content\/uploads\/2022\/02\/45A3216-200x300.jpg 200w, https:\/\/www.visitgastroh.com\/wp-content\/uploads\/2022\/02\/45A3216-683x1024.jpg 683w, https:\/\/www.visitgastroh.com\/wp-content\/uploads\/2022\/02\/45A3216-768x1152.jpg 768w, https:\/\/www.visitgastroh.com\/wp-content\/uploads\/2022\/02\/45A3216-1024x1536.jpg 1024w, https:\/\/www.visitgastroh.com\/wp-content\/uploads\/2022\/02\/45A3216-1365x2048.jpg 1365w, https:\/\/www.visitgastroh.com\/wp-content\/uploads\/2022\/02\/45A3216-scaled.jpg 1707w\" sizes=\"auto, (max-width: 200px) 100vw, 200px\" \/><\/a><\/div><div class=\"contenido-listado\"><a href=\"https:\/\/www.visitgastroh.com\/fr\/store\/domaine-viticole-et-vignobles-arizcuren\/\"><div class=\"ficha-defecto\">\n<h2>CAVES ET VIGNOBLES D'ARIZCUREN<\/h2>\n<h3>(LOGRONO)<\/h3>\n\nLes bons viticulteurs am\u00e8nent les paysages de leur vignoble \u00e0 la bouteille et nous font r\u00eaver de ces terres. C'est ainsi que sont les vins de Javier Arizcuren, pur terroir de la Sierra de Yerga dans La Rioja Oriental. Ce sont de petits vins en production, mais de tr\u00e8s grand caract\u00e8re, comme le confirment les notes des principaux guides, ou en \u00e9tant pr\u00e9sents sur les cartes de plus de 30 restaurants \u00e9toil\u00e9s Michelin, comme Martin Berasategui, Arzak, Atrio, Echaurren ou Maaemo en Norv\u00e8ge. Dans sa cave urbaine de Logro\u00f1o, il a combin\u00e9 vocation et commerce, cr\u00e9ant un espace pour la production et le vieillissement de ses vins qui ne laissera pas indiff\u00e9rents ceux qui le visitent. Nous d\u00e9taillons ci-dessous les types de visites que nous proposons :\n\n<strong>Cave Urbaine<\/strong>\n\nLa vision de l'architecte et du vigneron r\u00e9unis dans un espace urbain r\u00e9invent\u00e9 qui r\u00e9cup\u00e8re une tradition historique perdue de vinification au centre de Logro\u00f1o. La visite commence par la localisation du cadre des vignobles, la Sierra de Yerga dans l'est de la Rioja, ainsi que par un examen du pass\u00e9 et du pr\u00e9sent de la culture viticole traditionnelle. Nous verrons des parcelles centenaires et comment ces vignes sont travaill\u00e9es gr\u00e2ce \u00e0 une viticulture durable et respectueuse.\n\nNous visiterons les installations de production et de vieillissement de la cave urbaine, en nous arr\u00eatant aux particularit\u00e9s du travail artisanal, le vieillissement en amphores d'argile, en foudres ou en barriques. Nous verrons \u00e9galement comment nous effectuons le travail d'\u00e9tiquetage et de bouchage des bouteilles lorsqu'il s'agit de vins en petites productions. Nous terminerons par une d\u00e9gustation de trois vins: Monte Gat\u00fan, Sologarnacha et Solomazuelo, avec un ap\u00e9ritif avec des saucisses Rioja s\u00e9lectionn\u00e9es et accompagn\u00e9 de notre propre huile d'olive biologique et du pain au four \u00e0 bois. Une visite \u00e9mouvante pour profiter de la culture du vin, avec le charme du petit et de l'artisanal.\n\n<strong>Dur\u00e9e<\/strong> : 1h15\n\n<strong>Tarif :<\/strong> 20\u20ac\/personne\n\n<strong>Horaires :<\/strong> du mercredi au samedi 11h00, 13h00 et 17h00 Dimanche 11h00 et 13h00\n\n&nbsp;\n\n&nbsp;\n\n<strong>Cave Urbaine Premium<\/strong>\n\nUne exp\u00e9rience pour d\u00e9couvrir tout le potentiel des vignobles et des vins les plus sp\u00e9ciaux du projet Arizcuren, en m\u00eame temps une excellente occasion de visiter une cave dans la zone urbaine de la ville, r\u00e9cup\u00e9rant la tradition historique du centre de Logro\u00f1o comme un lieu d'\u00e9laboration de vins, perdu depuis des si\u00e8cles et datant du Moyen Age.\n\nIl commence par une vue d\u00e9taill\u00e9e des vignobles historiques de la Rioja Oriental, ses c\u00e9pages distinctifs traditionnellement cultiv\u00e9s dans notre r\u00e9gion, la culture du d\u00e9tail dans le monde du vin, les petites parcelles travaill\u00e9es avec les connaissances traditionnelles transmises par les anc\u00eatres. Nous continuerons par une visite des salles de production et de vieillissement de la cave urbaine, o\u00f9 nous apprendrons comment ces vins sont \u00e9labor\u00e9s et vieillis dans des barriques, des amphores et des cuves en b\u00e9ton dans un espace aussi unique.\n\nNous d\u00e9gusterons 5 vins qui font partie du projet Arizcuren : Monte Gat\u00fan, les c\u00e9pages Sologarnacha et Solomazuelo, un vin \u00e9labor\u00e9 dans des amphores d'argile, et pour compl\u00e9ter un vin parcellaire exclusif comme le Barranco del Prado, class\u00e9 Vignoble Singulier par le Conseil R\u00e9gulateur de la Rioja. Tous ces vins r\u00e9unis sont pr\u00e9sents sur les cartes de plus de 30 restaurants \u00e9toil\u00e9s Michelin. Nous accompagnerons la d\u00e9gustation avec notre propre huile d'olive biologique et un ap\u00e9ritif compos\u00e9 de longe ib\u00e9rique et de pain cuit au four \u00e0 bois.\n\n<strong>Dur\u00e9e<\/strong> : 1h30\n\n<strong>Tarif :<\/strong> 30\u20ac\/personne\n\n<strong>Horaires :<\/strong> du mercredi au samedi 11h00, 13h00 et 17h00 Dimanche 11h00 et 13h00\n\n&nbsp;\n\n<\/div><\/a><\/div><h4>Contact <\/h4><div class=\"link-tienda\"><strong><a href=\"https:\/\/www.visitgastroh.com\/fr\/store\/domaine-viticole-et-vignobles-arizcuren\/\">+ Info<\/a><\/strong><\/div><\/div><\/div><div class=\"store-locator-col-sm-4\"><div class=\"wordpress-store-locator-list-item\"><div class=\"img-listado\"><a href=\"https:\/\/www.visitgastroh.com\/fr\/store\/entrepots-jer-2\/\"><img loading=\"lazy\" decoding=\"async\" width=\"300\" height=\"200\" src=\"https:\/\/www.visitgastroh.com\/wp-content\/uploads\/2022\/02\/Reportaje-JER-23-de-77-300x200.jpg\" class=\"attachment-medium size-medium wp-post-image\" alt=\"\" srcset=\"https:\/\/www.visitgastroh.com\/wp-content\/uploads\/2022\/02\/Reportaje-JER-23-de-77-300x200.jpg 300w, https:\/\/www.visitgastroh.com\/wp-content\/uploads\/2022\/02\/Reportaje-JER-23-de-77-1024x684.jpg 1024w, https:\/\/www.visitgastroh.com\/wp-content\/uploads\/2022\/02\/Reportaje-JER-23-de-77-768x513.jpg 768w, https:\/\/www.visitgastroh.com\/wp-content\/uploads\/2022\/02\/Reportaje-JER-23-de-77-1536x1025.jpg 1536w, https:\/\/www.visitgastroh.com\/wp-content\/uploads\/2022\/02\/Reportaje-JER-23-de-77-2048x1367.jpg 2048w, https:\/\/www.visitgastroh.com\/wp-content\/uploads\/2022\/02\/Reportaje-JER-23-de-77-900x600.jpg 900w\" sizes=\"auto, (max-width: 300px) 100vw, 300px\" \/><\/a><\/div><div class=\"contenido-listado\"><a href=\"https:\/\/www.visitgastroh.com\/fr\/store\/entrepots-jer-2\/\"><div class=\"ficha-defecto\">\n<h2>ENTREP\u00d4TS JER<\/h2>\n<h3>(HUERCCANS)<\/h3>\nBodegas JER est une cave familiale de la Rioja Alta, dirig\u00e9e par la troisi\u00e8me g\u00e9n\u00e9ration de la famille Cantera.\n\nSes origines remontent \u00e0 1954, lorsque Javier Cantera Ca\u00f1as a construit la premi\u00e8re cave \u00e0 Azofra. En 2000, Javier Cantera Corcuera, fils du fondateur, a poursuivi l'h\u00e9ritage familial en d\u00e9pla\u00e7ant une partie des machines dans un nouvel entrep\u00f4t \u00e0 Hu\u00e9rcanos. Cette cave, avec une plus grande capacit\u00e9 et infrastructure, est le d\u00e9but de l'entreprise BODEGAS JER.\n\nIl y a dix ans, Eva Cantera Rioja a rejoint, petite-fille et fille de cette lign\u00e9e familiale, qui dirige actuellement la cave.\n\nR\u00e9cemment, en 2019, nous avons \u00e9t\u00e9 r\u00e9compens\u00e9s comme le meilleur domaine viticole de ros\u00e9 d'Espagne par le jury du New York International Wine Competition.\n\nNos vins couvrent une grande vari\u00e9t\u00e9 de gammes, des jeunes aux r\u00e9serves, en passant par le vin de Bordeaux traditionnel de la r\u00e9gion jusqu'aux vins monovari\u00e9taux de Garnacha issus de vieilles vignes et de vignobles centenaires, v\u00e9ritables joyaux de La Rioja \u00e0 d\u00e9couvrir. Ainsi que notre vermouth artisanal, de production limit\u00e9e, qui ne laisse personne indiff\u00e9rent.\n\nBien que nous disons toujours que notre cave est une cave de travail, ax\u00e9e sur l'utilit\u00e9 pour un usage quotidien, nous ouvrons nos portes avec enthousiasme \u00e0 tous ceux qui veulent profiter et d\u00e9couvrir nos vins.\n\nChez BODEGAS JER, nous pensons quotidiennement \u00e0 des activit\u00e9s qui peuvent surprendre nos visiteurs, telles que des d\u00e9gustations de nos vins monovari\u00e9taux, des visites de tous les coins de notre entreprise par les vignerons eux-m\u00eames, voire des journ\u00e9es \u0153nologiques et litt\u00e9raires pour toute la famille.\n\nNous sommes pr\u00eats \u00e0 enseigner autant de choses que le public nous le permet.\n\nSi vous souhaitez nous rendre visite, vous pouvez le faire par t\u00e9l\u00e9phone ou par e-mail que vous trouverez dans les donn\u00e9es de contact.\n\nIci, nous vous attendons!\n\n&nbsp;\n\n<\/div><\/a><\/div><h4>Contact <\/h4><div class=\"link-tienda\"><strong><a href=\"https:\/\/www.visitgastroh.com\/fr\/store\/entrepots-jer-2\/\">+ Info<\/a><\/strong><\/div><\/div><\/div><div class=\"store-locator-col-sm-4\"><div class=\"wordpress-store-locator-list-item\"><div class=\"img-listado\"><a href=\"https:\/\/www.visitgastroh.com\/fr\/store\/erreka-incoming-navarra\/\"><img loading=\"lazy\" decoding=\"async\" width=\"300\" height=\"300\" src=\"https:\/\/www.visitgastroh.com\/wp-content\/uploads\/2022\/03\/Erreka-Incoming-Navarra-1-300x300.jpg\" class=\"attachment-medium size-medium wp-post-image\" alt=\"\" srcset=\"https:\/\/www.visitgastroh.com\/wp-content\/uploads\/2022\/03\/Erreka-Incoming-Navarra-1-300x300.jpg 300w, https:\/\/www.visitgastroh.com\/wp-content\/uploads\/2022\/03\/Erreka-Incoming-Navarra-1-1024x1024.jpg 1024w, https:\/\/www.visitgastroh.com\/wp-content\/uploads\/2022\/03\/Erreka-Incoming-Navarra-1-150x150.jpg 150w, https:\/\/www.visitgastroh.com\/wp-content\/uploads\/2022\/03\/Erreka-Incoming-Navarra-1-768x768.jpg 768w, https:\/\/www.visitgastroh.com\/wp-content\/uploads\/2022\/03\/Erreka-Incoming-Navarra-1-1536x1536.jpg 1536w, https:\/\/www.visitgastroh.com\/wp-content\/uploads\/2022\/03\/Erreka-Incoming-Navarra-1-2048x2048.jpg 2048w, https:\/\/www.visitgastroh.com\/wp-content\/uploads\/2022\/03\/Erreka-Incoming-Navarra-1-100x100.jpg 100w, https:\/\/www.visitgastroh.com\/wp-content\/uploads\/2022\/03\/Erreka-Incoming-Navarra-1-140x140.jpg 140w, https:\/\/www.visitgastroh.com\/wp-content\/uploads\/2022\/03\/Erreka-Incoming-Navarra-1-500x500.jpg 500w, https:\/\/www.visitgastroh.com\/wp-content\/uploads\/2022\/03\/Erreka-Incoming-Navarra-1-350x350.jpg 350w, https:\/\/www.visitgastroh.com\/wp-content\/uploads\/2022\/03\/Erreka-Incoming-Navarra-1-1000x1000.jpg 1000w, https:\/\/www.visitgastroh.com\/wp-content\/uploads\/2022\/03\/Erreka-Incoming-Navarra-1-800x800.jpg 800w\" sizes=\"auto, (max-width: 300px) 100vw, 300px\" \/><\/a><\/div><div class=\"contenido-listado\"><a href=\"https:\/\/www.visitgastroh.com\/fr\/store\/erreka-incoming-navarra\/\"><div class=\"ficha-defecto\">\r\n<h2>Erreka Incoming Navarra<\/h2>\r\n<h3>(Pampelune)<\/h3>\r\n<div>\r\n\r\nChez Erreka Incoming Navarra, nous sommes <strong>guides officiels de Pampelune et de Navarre<\/strong> depuis 1995. Une belle \u00e9quipe de guides locaux pour d\u00e9couvrir notre magnifique terre.\r\n\r\n<strong>Visites guid\u00e9es \u00e0 Pampelune<\/strong> , <strong>excursions en Navarre<\/strong> <strong>pour groupes organis\u00e9s<\/strong> , organisation de voyages d'entreprise et de motivation ou services sp\u00e9ciaux pour conna\u00eetre les F\u00eates de <strong>San Ferm\u00edn<\/strong> (balcons pour regarder la course des taureaux \u00e0 Pampelune ou au Chupinazo).\r\n\r\nChemin de Saint-Jacques-de-Compostelle, itin\u00e9raires gastronomiques, tourisme culturel ou de nature, visites sp\u00e9ciales pour les scolaires.\r\n\r\n<strong>Dites-nous votre id\u00e9e et nous ferons de votre voyage en Navarre une exp\u00e9rience unique et irrempla\u00e7able.<\/strong>\r\n\r\n<\/div>\r\n<\/div><\/a><\/div><h4>Contact <\/h4><div class=\"link-tienda\"><strong><a href=\"https:\/\/www.visitgastroh.com\/fr\/store\/erreka-incoming-navarra\/\">+ Info<\/a><\/strong><\/div><\/div><\/div><\/div><div class=\"store-locator-row\"><div class=\"store-locator-col-sm-4\"><div class=\"wordpress-store-locator-list-item\"><div class=\"img-listado\"><a href=\"https:\/\/www.visitgastroh.com\/fr\/store\/eurowinetours-com\/\"><img loading=\"lazy\" decoding=\"async\" width=\"300\" height=\"138\" src=\"https:\/\/www.visitgastroh.com\/wp-content\/uploads\/2022\/02\/EUROWINETOURS-WHITE-transparente-1-300x138.png\" class=\"attachment-medium size-medium wp-post-image\" alt=\"\" srcset=\"https:\/\/www.visitgastroh.com\/wp-content\/uploads\/2022\/02\/EUROWINETOURS-WHITE-transparente-1-300x138.png 300w, https:\/\/www.visitgastroh.com\/wp-content\/uploads\/2022\/02\/EUROWINETOURS-WHITE-transparente-1-1024x472.png 1024w, https:\/\/www.visitgastroh.com\/wp-content\/uploads\/2022\/02\/EUROWINETOURS-WHITE-transparente-1-768x354.png 768w, https:\/\/www.visitgastroh.com\/wp-content\/uploads\/2022\/02\/EUROWINETOURS-WHITE-transparente-1-1536x709.png 1536w, https:\/\/www.visitgastroh.com\/wp-content\/uploads\/2022\/02\/EUROWINETOURS-WHITE-transparente-1-2048x945.png 2048w\" sizes=\"auto, (max-width: 300px) 100vw, 300px\" \/><\/a><\/div><div class=\"contenido-listado\"><a href=\"https:\/\/www.visitgastroh.com\/fr\/store\/eurowinetours-com\/\"><div class=\"ficha-defecto\">\n<h2>EuroWineTours.com Organizaci\u00f3n eventos<\/h2>\n<h3>(HARO)<\/h3>\nDMC SP\u00c9CIALIS\u00c9 DANS L'\u0152NOTOURISME ET LA GASTRONOMIE \u00c0 LA RIOJA\n\nEUROWINETOURS.COM, r\u00e9cemment cr\u00e9\u00e9 et en cours de d\u00e9veloppement, est situ\u00e9 au c\u0153ur de l'une des r\u00e9gions viticoles les plus prestigieuses du monde, sur les rives de l'\u00c8bre et de la rivi\u00e8re Oja-Tir\u00f3n et entour\u00e9 de vall\u00e9es singuli\u00e8res d'une grande richesse paysag\u00e8re.\n\nTourisme autour de la culture du vin comme art de vivre. Profitez d'un point de vue diff\u00e9rent de l'origine et de la v\u00e9ritable essence d'un Pays de Vignobles. D\u00e9couvrez le Terroir et son influence sur la qualit\u00e9 du vin comme point de d\u00e9part, les Vignobles du Centenaire, Rupestre Lagares, les Brouillons du Centenaire et les secrets de fabrication des Vins Singuliers avec ses protagonistes, leurs connaissances, leurs anecdotes et nos Exp\u00e9riences.\n\nConnaissez de premi\u00e8re main le soin apport\u00e9 \u00e0 l'\u00e9laboration des vins singuliers les plus exclusifs en vivant une exp\u00e9rience inoubliable. Nous proposons des exp\u00e9riences sur mesure en fonction des dates, des jours de s\u00e9jour, des participants et des pr\u00e9f\u00e9rences. D\u00e9gustations premium dans des espaces exclusifs ou en plein air, visites des caves du centenaire et de Calados, du Barrio de la Estaci\u00f3n \u00e0 Haro avec la plus grande concentration de caves du centenaire au monde, h\u00e9bergements de charme, promenades en cal\u00e8che, exp\u00e9riences gastronomiques, balades en montgolfi\u00e8re, activit\u00e9s sportives et divertissement. Une immersion totale dans le territoire.\n\nEUROWINETOURS.COM : Agence de Voyage inscrite au Registre des Prestataires de Services Touristiques CALR 104.\n\n&nbsp;\n\n<\/div><\/a><\/div><h4>Contact <\/h4><div class=\"link-tienda\"><strong><a href=\"https:\/\/www.visitgastroh.com\/fr\/store\/eurowinetours-com\/\">+ Info<\/a><\/strong><\/div><\/div><\/div><div class=\"store-locator-col-sm-4\"><div class=\"wordpress-store-locator-list-item\"><div class=\"img-listado\"><a href=\"https:\/\/www.visitgastroh.com\/fr\/store\/experience-canyon\/\"><img loading=\"lazy\" decoding=\"async\" width=\"300\" height=\"212\" src=\"https:\/\/www.visitgastroh.com\/wp-content\/uploads\/2022\/03\/version-internet-A3_1er-rappel-Bitet-Inf_72-dpi-300x212.jpg\" class=\"attachment-medium size-medium wp-post-image\" alt=\"\" srcset=\"https:\/\/www.visitgastroh.com\/wp-content\/uploads\/2022\/03\/version-internet-A3_1er-rappel-Bitet-Inf_72-dpi-300x212.jpg 300w, https:\/\/www.visitgastroh.com\/wp-content\/uploads\/2022\/03\/version-internet-A3_1er-rappel-Bitet-Inf_72-dpi-1024x723.jpg 1024w, https:\/\/www.visitgastroh.com\/wp-content\/uploads\/2022\/03\/version-internet-A3_1er-rappel-Bitet-Inf_72-dpi-768x542.jpg 768w, https:\/\/www.visitgastroh.com\/wp-content\/uploads\/2022\/03\/version-internet-A3_1er-rappel-Bitet-Inf_72-dpi.jpg 1191w\" sizes=\"auto, (max-width: 300px) 100vw, 300px\" \/><\/a><\/div><div class=\"contenido-listado\"><a href=\"https:\/\/www.visitgastroh.com\/fr\/store\/experience-canyon\/\"><div class=\"ficha-defecto\">\r\n<div class=\"ficha-defecto\">\r\n<h2>EXPERIENCE Canyon<\/h2>\r\n<h3>(Vall\u00e9e d'Ossau\u00a0 - Laruns)<\/h3>\r\nEXPERIENCE Canyon est un centre de Canyoning bas\u00e9 dans les Pyr\u00e9n\u00e9es Atlantiques en Vall\u00e9e d'Ossau \u00e0 Laruns.\r\n\r\nLe centre vous propose de multiples circuits de canyoning \u00e0 la demi journ\u00e9e ou journ\u00e9e pour d\u00e9butants ou personnes confirm\u00e9es.\r\n\r\nAu programme, du fun, des sensations, de la marche en rivi\u00e8re, des sauts dans de belles vasques limpides, des descentes en rappel le longs de cascades rafraichissantes et de belles glissades sur les toboggans naturels.\r\n\r\nAllez, on vous attend.\r\n\r\n<\/div>\r\n<\/div><\/a><\/div><h4>Contact <\/h4><div class=\"link-tienda\"><strong><a href=\"https:\/\/www.visitgastroh.com\/fr\/store\/experience-canyon\/\">+ Info<\/a><\/strong><\/div><\/div><\/div><div class=\"store-locator-col-sm-4\"><div class=\"wordpress-store-locator-list-item\"><div class=\"img-listado\"><a href=\"https:\/\/www.visitgastroh.com\/fr\/store\/ferme-arnabar\/\"><img loading=\"lazy\" decoding=\"async\" width=\"300\" height=\"200\" src=\"https:\/\/www.visitgastroh.com\/wp-content\/uploads\/2022\/03\/bixoko-arnabar-1-1536x1024-1-300x200.jpg\" class=\"attachment-medium size-medium wp-post-image\" alt=\"\" srcset=\"https:\/\/www.visitgastroh.com\/wp-content\/uploads\/2022\/03\/bixoko-arnabar-1-1536x1024-1-300x200.jpg 300w, https:\/\/www.visitgastroh.com\/wp-content\/uploads\/2022\/03\/bixoko-arnabar-1-1536x1024-1-1024x683.jpg 1024w, https:\/\/www.visitgastroh.com\/wp-content\/uploads\/2022\/03\/bixoko-arnabar-1-1536x1024-1-768x512.jpg 768w, https:\/\/www.visitgastroh.com\/wp-content\/uploads\/2022\/03\/bixoko-arnabar-1-1536x1024-1-900x600.jpg 900w, https:\/\/www.visitgastroh.com\/wp-content\/uploads\/2022\/03\/bixoko-arnabar-1-1536x1024-1.jpg 1536w\" sizes=\"auto, (max-width: 300px) 100vw, 300px\" \/><\/a><\/div><div class=\"contenido-listado\"><a href=\"https:\/\/www.visitgastroh.com\/fr\/store\/ferme-arnabar\/\"><div class=\"ficha-defecto\">\r\n<h2>Ferme Arnabar<\/h2>\r\n<h3>(Osses)<\/h3>\r\nEleveurs de canards depuis 3 g\u00e9n\u00e9rations au c\u0153ur du Pays Basque, nous sommes fiers d\u2019offrir la meilleure qualit\u00e9 de vie \u00e0 nos animaux et ainsi garantir une production de grande qualit\u00e9 gustative.\u00a0 Nos produits, tels que nos foies gras et confits, sont tous \u00e9labor\u00e9s \u00ab \u00e0 l\u2019ancienne \u00bb, dans le respect des recettes traditionnelles, afin de retrouver \u00e0 chaque bouch\u00e9e cette saveur unique des produits faits maison.\r\n\r\nNous vous accueillons \u00e0 la ferme toute l\u2019ann\u00e9e pour vous d\u00e9tailler toutes les \u00e9tapes de notre \u00e9levage et du gavage traditionnel par le biais de visites guid\u00e9es. Nous vous donnons \u00e9galement rendez-vous \u00e0 notre conserverie d\u2019Oss\u00e8s, notre boutique de Saint Jean de luz et notre stand aux Halles des 5 cantons \u00e0 Anglet pour un moment de partage et de convivialit\u00e9 autour d\u2019une d\u00e9gustation gratuite de notre foie gras.\r\n\r\nPour plus de renseignements sur nos visites guid\u00e9es, contactez-nous!\r\n\r\n<\/div><\/a><\/div><h4>Contact <\/h4><div class=\"link-tienda\"><strong><a href=\"https:\/\/www.visitgastroh.com\/fr\/store\/ferme-arnabar\/\">+ Info<\/a><\/strong><\/div><\/div><\/div><\/div><div class=\"store-locator-row\"><div class=\"store-locator-col-sm-4\"><div class=\"wordpress-store-locator-list-item\"><div class=\"img-listado\"><a href=\"https:\/\/www.visitgastroh.com\/fr\/store\/finca-la-noria-sl\/\"><img loading=\"lazy\" decoding=\"async\" width=\"300\" height=\"150\" src=\"https:\/\/www.visitgastroh.com\/wp-content\/uploads\/2022\/03\/LOGO-ACTUALIZADO-BIO-TRAILLA-50-TAMANO-300x150.jpg\" class=\"attachment-medium size-medium wp-post-image\" alt=\"\" srcset=\"https:\/\/www.visitgastroh.com\/wp-content\/uploads\/2022\/03\/LOGO-ACTUALIZADO-BIO-TRAILLA-50-TAMANO-300x150.jpg 300w, https:\/\/www.visitgastroh.com\/wp-content\/uploads\/2022\/03\/LOGO-ACTUALIZADO-BIO-TRAILLA-50-TAMANO.jpg 457w\" sizes=\"auto, (max-width: 300px) 100vw, 300px\" \/><\/a><\/div><div class=\"contenido-listado\"><a href=\"https:\/\/www.visitgastroh.com\/fr\/store\/finca-la-noria-sl\/\"><div class=\"ficha-defecto\">\n<h2>FINCA LA NORIA<\/h2>\n<h2>\"Bio Trailla\"<\/h2>\n<h3>(Bu\u00f1uel)<\/h3>\nFerme familiale situ\u00e9e dans la vall\u00e9e de l'\u00c8bre avec de belles vues sur le parc naturel des Bardenas Reales de Navarra et Moncayo. L'ensemble de la ferme est certifi\u00e9 Bio et environ 80 produits diff\u00e9rents sont cultiv\u00e9s tout au long de l'ann\u00e9e. La ferme dispose de plusieurs stations de pollinisation et de poulets \u00e9lev\u00e9s en libert\u00e9. De la ferme, le produit est achemin\u00e9 vers une salle de conditionnement o\u00f9 les commandes qui arrivent directement au domicile du client sont pr\u00e9par\u00e9es et charg\u00e9es en seulement 24 heures dans la plupart des cas. Gr\u00e2ce \u00e0 ce circuit court, il n'y a pas d'interm\u00e9diaires, les l\u00e9gumes arrivent en parfait \u00e9tat et d'excellente qualit\u00e9.\n\n<\/div><\/a><\/div><h4>Contact <\/h4><div class=\"link-tienda\"><strong><a href=\"https:\/\/www.visitgastroh.com\/fr\/store\/finca-la-noria-sl\/\">+ Info<\/a><\/strong><\/div><\/div><\/div><div class=\"store-locator-col-sm-4\"><div class=\"wordpress-store-locator-list-item\"><div class=\"img-listado\"><a href=\"https:\/\/www.visitgastroh.com\/fr\/store\/fromagerie-agour\/\"><img loading=\"lazy\" decoding=\"async\" width=\"200\" height=\"300\" src=\"https:\/\/www.visitgastroh.com\/wp-content\/uploads\/2022\/05\/hl-11824695659-1-200x300.jpg\" class=\"attachment-medium size-medium wp-post-image\" alt=\"\" srcset=\"https:\/\/www.visitgastroh.com\/wp-content\/uploads\/2022\/05\/hl-11824695659-1-200x300.jpg 200w, https:\/\/www.visitgastroh.com\/wp-content\/uploads\/2022\/05\/hl-11824695659-1.jpg 342w\" sizes=\"auto, (max-width: 200px) 100vw, 200px\" \/><\/a><\/div><div class=\"contenido-listado\"><a href=\"https:\/\/www.visitgastroh.com\/fr\/store\/fromagerie-agour\/\"><div class=\"ficha-defecto\">\r\n<h2>Fromagerie Agour d'Irati<\/h2>\r\n<h3>(Mendive)<\/h3>\r\nA c\u00f4t\u00e9 de Saint Jean Pied de Port, au c\u0153ur du site naturel exceptionnel de la foret d'Iraty, notre fromagerie vous accueille le temps d'une visite gourmande et instructive autour des secrets fromagers du Pays Basque.\r\n\r\nCette fromagerie qui a pour objectif de <strong>valoriser la production<\/strong> des bergers de la vall\u00e9e et d'assurer<strong> la p\u00e9rennit\u00e9 des g\u00e9n\u00e9rations futures est un mod\u00e8le <\/strong>en mati\u00e8re de <strong>respect de l\u2019environnement<\/strong> (mat\u00e9riaux recyclables, optimisation \u00e9nerg\u00e9tique, int\u00e9gration paysag\u00e8re\u2026).\r\n\r\nLe site a \u00e9t\u00e9 <strong>sp\u00e9cialement am\u00e9nag\u00e9<\/strong> pour la visite. Le couloir, dot\u00e9 de grandes baies vitr\u00e9es panoramiques sur l\u2019outil de production, traverse l\u2019ensemble de la fruiti\u00e8re et permet de <strong>suivre le cycle de fabrication des fromages.<\/strong> Des vid\u00e9os en basque et en fran\u00e7ais rythment la d\u00e9couverte.\r\n\r\nLa visite s'ach\u00e8ve par la d\u00e9gustation des produits de la maison Agour.\r\n\r\nChacun est ensuite libre de p\u00e9n\u00e9trer dans la cave d'affinage de la boutique pour choisir son fromage favori afin d'emporter chez soi le meilleur du Pays Basque !\r\n\r\n<strong>Nouveau : Midi \u00e0 Irati <\/strong>\r\n\r\nVenez d\u00e9jeuner au c\u0153ur d'un panorama exceptionnel tous les midis. Nous vous proposons un repas Basque traditionnel avec les produits de la Maison : Saucisson, Jambon de Bayonne Piperade, fromage de brebis Ossau-Iraty et glace au lait de brebis.\r\n\r\n<\/div><\/a><\/div><h4>Contact <\/h4><div class=\"link-tienda\"><strong><a href=\"https:\/\/www.visitgastroh.com\/fr\/store\/fromagerie-agour\/\">+ Info<\/a><\/strong><\/div><\/div><\/div><div class=\"store-locator-col-sm-4\"><div class=\"wordpress-store-locator-list-item\"><div class=\"img-listado\"><a href=\"https:\/\/www.visitgastroh.com\/fr\/store\/globos-arco-iris\/\"><img loading=\"lazy\" decoding=\"async\" width=\"262\" height=\"300\" src=\"https:\/\/www.visitgastroh.com\/wp-content\/uploads\/2022\/04\/globo-arco-iris-1-262x300.jpg\" class=\"attachment-medium size-medium wp-post-image\" alt=\"\" srcset=\"https:\/\/www.visitgastroh.com\/wp-content\/uploads\/2022\/04\/globo-arco-iris-1-262x300.jpg 262w, https:\/\/www.visitgastroh.com\/wp-content\/uploads\/2022\/04\/globo-arco-iris-1-894x1024.jpg 894w, https:\/\/www.visitgastroh.com\/wp-content\/uploads\/2022\/04\/globo-arco-iris-1-768x880.jpg 768w, https:\/\/www.visitgastroh.com\/wp-content\/uploads\/2022\/04\/globo-arco-iris-1.jpg 1100w\" sizes=\"auto, (max-width: 262px) 100vw, 262px\" \/><\/a><\/div><div class=\"contenido-listado\"><a href=\"https:\/\/www.visitgastroh.com\/fr\/store\/globos-arco-iris\/\"><div class=\"ficha-defecto\">\n<h2>GLOBOS ARCO IRIS<\/h2>\n<h3>(<strong>CUZCURRITA DE R\u00cdO TIR\u00d3N<\/strong>)<\/h3>\nBienvenue sur le site de Globos Arcoiris, une entreprise de La Rioja d\u00e9di\u00e9e aux activit\u00e9s avec des montgolfi\u00e8res avec plus de 20 ans d'exp\u00e9rience. Nous disposons des moyens techniques et mat\u00e9riels les plus modernes pour mener \u00e0 bien toutes nos activit\u00e9s. Nous sommes sp\u00e9cialement form\u00e9s aux services de transport de personnes et de publicit\u00e9. Nos ma\u00eetres mots sont la qualit\u00e9 et la fid\u00e9lit\u00e9 de nos clients\n\nL'entreprise est situ\u00e9e \u00e0 Cuzcurrita de R\u00edo Tir\u00f3n, voir carte, au c\u0153ur de La Rioja Alta, entre Haro, la capitale du vin de Rioja, et Santo Domingo de la Calzada, une ville c\u00e9l\u00e8bre sur le Camino de Santiago et entour\u00e9e par les Sierras de Cantabria au nord et Sierra de la Demanda au sud, dans une vall\u00e9e baign\u00e9e par trois fleuves : Oja, Tir\u00f3n et Ebro, ce qui en fait un environnement privil\u00e9gi\u00e9 pour les vols en montgolfi\u00e8re.\n\n<\/div><\/a><\/div><h4>Contact <\/h4><div class=\"link-tienda\"><strong><a href=\"https:\/\/www.visitgastroh.com\/fr\/store\/globos-arco-iris\/\">+ Info<\/a><\/strong><\/div><\/div><\/div><\/div><div class=\"store-locator-row\"><div class=\"store-locator-col-sm-4\"><div class=\"wordpress-store-locator-list-item\"><div class=\"img-listado\"><a href=\"https:\/\/www.visitgastroh.com\/fr\/store\/granja-jimenez\/\"><img loading=\"lazy\" decoding=\"async\" width=\"300\" height=\"225\" src=\"https:\/\/www.visitgastroh.com\/wp-content\/uploads\/2022\/03\/FOTO-LOGO-GRANJA-300x225.jpg\" class=\"attachment-medium size-medium wp-post-image\" alt=\"\" srcset=\"https:\/\/www.visitgastroh.com\/wp-content\/uploads\/2022\/03\/FOTO-LOGO-GRANJA-300x225.jpg 300w, https:\/\/www.visitgastroh.com\/wp-content\/uploads\/2022\/03\/FOTO-LOGO-GRANJA.jpg 720w\" sizes=\"auto, (max-width: 300px) 100vw, 300px\" \/><\/a><\/div><div class=\"contenido-listado\"><a href=\"https:\/\/www.visitgastroh.com\/fr\/store\/granja-jimenez\/\"><div class=\"ficha-defecto\">\n<h2>Granja Jim\u00e9nez<\/h2>\n<h3>(Tafalla)<\/h3>\nGranja Jim\u00e9nez est un projet familial int\u00e9gr\u00e9 dans les zones rurales, avec des ann\u00e9es d'exp\u00e9rience dans l'\u00e9levage d'animaux (poulets et lapins \u00e9cologiques) pour une consommation ult\u00e9rieure.\nNous croyons fermement en la conservation du milieu naturel, li\u00e9e \u00e0 une activit\u00e9 durable et respectable avec le milieu rural.\nNous nous consacrons \u00e0 l'abattoir d'\u00e9levage de gibier \u00e0 plumes, d'oiseaux, de canards et de lapins, \u00e0 leur d\u00e9coupe, ainsi qu'au stockage polyvalent, \u00e0 la fabrication de produits, au conditionnement et \u00e0 la distribution ult\u00e9rieure.\n\n<\/div><\/a><\/div><h4>Contact <\/h4><div class=\"link-tienda\"><strong><a href=\"https:\/\/www.visitgastroh.com\/fr\/store\/granja-jimenez\/\">+ Info<\/a><\/strong><\/div><\/div><\/div><div class=\"store-locator-col-sm-4\"><div class=\"wordpress-store-locator-list-item\"><div class=\"img-listado\"><a href=\"https:\/\/www.visitgastroh.com\/fr\/store\/grotte-de-la-verna\/\"><img loading=\"lazy\" decoding=\"async\" width=\"300\" height=\"200\" src=\"https:\/\/www.visitgastroh.com\/wp-content\/uploads\/2022\/04\/salle-a-Verna-Carolephotographe.comCARO0627-300x200.jpg\" class=\"attachment-medium size-medium wp-post-image\" alt=\"\" srcset=\"https:\/\/www.visitgastroh.com\/wp-content\/uploads\/2022\/04\/salle-a-Verna-Carolephotographe.comCARO0627-300x200.jpg 300w, https:\/\/www.visitgastroh.com\/wp-content\/uploads\/2022\/04\/salle-a-Verna-Carolephotographe.comCARO0627-1024x683.jpg 1024w, https:\/\/www.visitgastroh.com\/wp-content\/uploads\/2022\/04\/salle-a-Verna-Carolephotographe.comCARO0627-768x512.jpg 768w, https:\/\/www.visitgastroh.com\/wp-content\/uploads\/2022\/04\/salle-a-Verna-Carolephotographe.comCARO0627-900x600.jpg 900w, https:\/\/www.visitgastroh.com\/wp-content\/uploads\/2022\/04\/salle-a-Verna-Carolephotographe.comCARO0627.jpg 1500w\" sizes=\"auto, (max-width: 300px) 100vw, 300px\" \/><\/a><\/div><div class=\"contenido-listado\"><a href=\"https:\/\/www.visitgastroh.com\/fr\/store\/grotte-de-la-verna\/\"><div class=\"ficha-defecto\">\r\n<h2>SAS LA VERNA PIERRE SAINT-MARTIN<\/h2>\r\n<h3>(SAINTE-ENGR\u00c2CE)<\/h3>\r\nVisites Touristiques \/ Visites Sp\u00e9l\u00e9ologiques au c\u0153ur du Gouffre de La Pierre Saint-Martin. Ouverte au public depuis 2010, la grotte de La Verna permet aux visiteurs de d\u00e9couvrir le plus grand volume souterrain au monde (am\u00e9nag\u00e9 et \u00e9clair\u00e9). En fonction de vos capacit\u00e9s physiques de nombreuses visites vous sont propos\u00e9es sur r\u00e9servation: Visites touristiques adapt\u00e9es (la Verna \"D\u00e9couverte\" (accessible aux personnes \u00e0 mobilit\u00e9 r\u00e9duite); La Verna \"Rivi\u00e8re; La Verna \"Exploration\"; La Verna \"Insolite\") ou visites sp\u00e9l\u00e9ologiques sportives (La Verna \"Chevalier\"; La Verna \"Ad\u00e9lie\"; La Verna \" Aranzadi\"; La Verna \"Arphidia\"; La Verna \"Bureau des guides\".\r\n\r\n<\/div><\/a><\/div><h4>Contact <\/h4><div class=\"link-tienda\"><strong><a href=\"https:\/\/www.visitgastroh.com\/fr\/store\/grotte-de-la-verna\/\">+ Info<\/a><\/strong><\/div><\/div><\/div><div class=\"store-locator-col-sm-4\"><div class=\"wordpress-store-locator-list-item\"><div class=\"img-listado\"><a href=\"https:\/\/www.visitgastroh.com\/fr\/store\/huilerie-errota-la-noisette-basque-2\/\"><img loading=\"lazy\" decoding=\"async\" width=\"300\" height=\"225\" src=\"https:\/\/www.visitgastroh.com\/wp-content\/uploads\/2022\/03\/Huilerie-Errota-La-Noisette-Basque.-1536x1152-1-300x225.jpg\" class=\"attachment-medium size-medium wp-post-image\" alt=\"\" srcset=\"https:\/\/www.visitgastroh.com\/wp-content\/uploads\/2022\/03\/Huilerie-Errota-La-Noisette-Basque.-1536x1152-1-300x225.jpg 300w, https:\/\/www.visitgastroh.com\/wp-content\/uploads\/2022\/03\/Huilerie-Errota-La-Noisette-Basque.-1536x1152-1-1024x768.jpg 1024w, https:\/\/www.visitgastroh.com\/wp-content\/uploads\/2022\/03\/Huilerie-Errota-La-Noisette-Basque.-1536x1152-1-768x576.jpg 768w, https:\/\/www.visitgastroh.com\/wp-content\/uploads\/2022\/03\/Huilerie-Errota-La-Noisette-Basque.-1536x1152-1.jpg 1536w\" sizes=\"auto, (max-width: 300px) 100vw, 300px\" \/><\/a><\/div><div class=\"contenido-listado\"><a href=\"https:\/\/www.visitgastroh.com\/fr\/store\/huilerie-errota-la-noisette-basque-2\/\"><div class=\"ficha-defecto\">\r\n<h2>Huilerie Errota - La Noisette Basque<\/h2>\r\n<h3>(Saint-P\u00e9e-sur-Nivelle)<\/h3>\r\nVenez d\u00e9couvrir un lieu unique d\u00e9di\u00e9 \u00e0 la noisette.\r\n\r\nEn poussant la porte de l\u2019Huilerie Errota, vous allez visiter un <strong>lieu surprenant<\/strong>, v\u00e9ritable <strong>havre de la <\/strong><strong>biodiversit\u00e9<\/strong>.\r\n\r\nPartez \u00e0 la d\u00e9couverte d'une <strong>plantation exp\u00e9rimentale de plus de 3 hectares de noisetiers bio <\/strong>agr\u00e9ment\u00e9e d\u2019installations uniques au Pays basque d\u00e9di\u00e9es au traitement de la r\u00e9colte de noisettes et \u00e0 la transformation innovante des noisettes en <strong>produits gastronomiques d'exception<\/strong>.\r\n\r\nR\u00e9servez vite, en compagnie du cr\u00e9ateur de l'entreprise, une de nos <strong>visites d\u00e9di\u00e9es <\/strong>\u00e0 la d\u00e9couverte du verger et\/ou de la transformation ou un <strong>parcours d\u00e9couverte<\/strong>, entre le jeu de piste et l\u2019escape game.\r\n\r\nVous aurez aussi la possibilit\u00e9 de vous d\u00e9tendre en prenant un th\u00e9 sur la terrasse panoramique qui surplombe la plantation (avec poste d\u2019observation).\r\n\r\nNotre <strong>boutique <\/strong>vous accueillera pour vous proposer de d\u00e9couvrir la noisette dans tous ses \u00e9tats (huile, noisettes sucr\u00e9es, sal\u00e9es, cookies...) mais aussi d\u2019autres fruits secs (amande, pistache...).\r\n\r\nNos visites (1h, 1h30 ou 2h) sont toujours agr\u00e9ment\u00e9es d\u2019une d\u00e9gustation.\r\n\r\nLes visites et autres animations sont organis\u00e9es toute l\u2019ann\u00e9e, uniquement sur r\u00e9servation.\r\n\r\n<\/div><\/a><\/div><h4>Contact <\/h4><div class=\"link-tienda\"><strong><a href=\"https:\/\/www.visitgastroh.com\/fr\/store\/huilerie-errota-la-noisette-basque-2\/\">+ Info<\/a><\/strong><\/div><\/div><\/div><\/div><div class=\"store-locator-row\"><div class=\"store-locator-col-sm-4\"><div class=\"wordpress-store-locator-list-item\"><div class=\"img-listado\"><a href=\"https:\/\/www.visitgastroh.com\/fr\/store\/latelier-du-chocolat\/\"><img loading=\"lazy\" decoding=\"async\" width=\"300\" height=\"200\" src=\"https:\/\/www.visitgastroh.com\/wp-content\/uploads\/2022\/03\/bixoko-atelier-du-chocolat-5-bis-300x200.jpg\" class=\"attachment-medium size-medium wp-post-image\" alt=\"\" srcset=\"https:\/\/www.visitgastroh.com\/wp-content\/uploads\/2022\/03\/bixoko-atelier-du-chocolat-5-bis-300x200.jpg 300w, https:\/\/www.visitgastroh.com\/wp-content\/uploads\/2022\/03\/bixoko-atelier-du-chocolat-5-bis-1024x683.jpg 1024w, https:\/\/www.visitgastroh.com\/wp-content\/uploads\/2022\/03\/bixoko-atelier-du-chocolat-5-bis-768x512.jpg 768w, https:\/\/www.visitgastroh.com\/wp-content\/uploads\/2022\/03\/bixoko-atelier-du-chocolat-5-bis-900x600.jpg 900w, https:\/\/www.visitgastroh.com\/wp-content\/uploads\/2022\/03\/bixoko-atelier-du-chocolat-5-bis.jpg 1500w\" sizes=\"auto, (max-width: 300px) 100vw, 300px\" \/><\/a><\/div><div class=\"contenido-listado\"><a href=\"https:\/\/www.visitgastroh.com\/fr\/store\/latelier-du-chocolat\/\"><div class=\"ficha-defecto\">\r\n<h3>L'Atelier du Chocolat<\/h3>\r\n<h3>BAYONNE<\/h3>\r\nFond\u00e9 par la famille Andrieu en 1951 \u00e0 Bayonne, L\u2019Atelier du Chocolat c\u2019est avant tout le savoir-faire artisanal fran\u00e7ais au service du go\u00fbt et de la cr\u00e9ativit\u00e9.\r\n\r\nSitu\u00e9 \u00e0 Bayonne dans notre fabrique de chocolat , notre mus\u00e9e - parcours d\u00e9couverte vous emm\u00e8ne \u00e0 la rencontre du chocolat. Pendant 1h30 de visite ludique, vous apprenez \u00e0 conna\u00eetre ce tr\u00e9sor familier, de la culture du cacaoyer \u00e0 la fabrication. Le tout agr\u00e9ment\u00e9 de vid\u00e9os, d\u2019une exposition de machines anciennes et d\u2019un film p\u00e9dagogique. En fin de parcours, une s\u00e9ance de d\u00e9gustation vous attend dans l\u2019espace \u00ab boutique \u00bb de notre fabrique de chocolat.\r\n\r\n<\/div><\/a><\/div><h4>Contact <\/h4><div class=\"link-tienda\"><strong><a href=\"https:\/\/www.visitgastroh.com\/fr\/store\/latelier-du-chocolat\/\">+ Info<\/a><\/strong><\/div><\/div><\/div><div class=\"store-locator-col-sm-4\"><div class=\"wordpress-store-locator-list-item\"><div class=\"img-listado\"><a href=\"https:\/\/www.visitgastroh.com\/fr\/store\/la-brasserie-du-pays-basque\/\"><img loading=\"lazy\" decoding=\"async\" width=\"300\" height=\"200\" src=\"https:\/\/www.visitgastroh.com\/wp-content\/uploads\/2022\/03\/BrasseriePaysBasque-56-1536x1024-1-300x200.jpg\" class=\"attachment-medium size-medium wp-post-image\" alt=\"\" srcset=\"https:\/\/www.visitgastroh.com\/wp-content\/uploads\/2022\/03\/BrasseriePaysBasque-56-1536x1024-1-300x200.jpg 300w, https:\/\/www.visitgastroh.com\/wp-content\/uploads\/2022\/03\/BrasseriePaysBasque-56-1536x1024-1-1024x683.jpg 1024w, https:\/\/www.visitgastroh.com\/wp-content\/uploads\/2022\/03\/BrasseriePaysBasque-56-1536x1024-1-768x512.jpg 768w, https:\/\/www.visitgastroh.com\/wp-content\/uploads\/2022\/03\/BrasseriePaysBasque-56-1536x1024-1-900x600.jpg 900w, https:\/\/www.visitgastroh.com\/wp-content\/uploads\/2022\/03\/BrasseriePaysBasque-56-1536x1024-1.jpg 1536w\" sizes=\"auto, (max-width: 300px) 100vw, 300px\" \/><\/a><\/div><div class=\"contenido-listado\"><a href=\"https:\/\/www.visitgastroh.com\/fr\/store\/la-brasserie-du-pays-basque\/\"><div class=\"ficha-defecto\">\r\n<div class=\"ficha-defecto\">\r\n<h2>La Brasserie du Pays Basque<\/h2>\r\n<h3>(Bardos)<\/h3>\r\n<div class=\"wpb_text_column wpb_content_element \">\r\n<div class=\"wpb_wrapper\">\r\n<p class=\"para-style-body _04xlpA direction-ltr align-justify\"><span class=\"\"><span class=\"JsGRdQ\">Situ\u00e9e \u00e0 10min de Bayonne, la Brasserie du Pays Basque s\u2019\u00e9tend sur plus de 3000 m2, d\u00e9di\u00e9s au brassage de la bi\u00e8re artisanale. Dans le d\u00e9dale des 10km de tuyauteries, ce sont 5 artisans ma\u00eetres-brasseurs qui se chargent de la fabrication des bi\u00e8res Eguzki, Zazpi et Oldarki. Avant tout grands passionn\u00e9s de leur m\u00e9tier, ils poursuivent un travail de recherche pour mettre au point les Bi\u00e8res de demain.<\/span><\/span><\/p>\r\n<p class=\"para-style-body _04xlpA direction-ltr align-justify\"><span class=\"JsGRdQ\">D\u00e9couvrez le proc\u00e9d\u00e9 de brassage de la Bi\u00e8re, lors des visites organis\u00e9es gratuitement par la Brasserie. Une immersion totale pendant un cycle de production, une exp\u00e9rience unique dans l\u2019une des plus grandes Brasserie d\u2019Aquitaine.\r\n<\/span>Uniquement sur r\u00e9servation par t\u00e9l\u00e9phone au 0524338443, ou par mail : contact@brasseriedupaysbasque.com<\/p>\r\n\r\n<\/div>\r\n<\/div>\r\n<div class=\"es-resp\"><\/div>\r\n<\/div>\r\n<\/div><\/a><\/div><h4>Contact <\/h4><div class=\"link-tienda\"><strong><a href=\"https:\/\/www.visitgastroh.com\/fr\/store\/la-brasserie-du-pays-basque\/\">+ Info<\/a><\/strong><\/div><\/div><\/div><div class=\"store-locator-col-sm-4\"><div class=\"wordpress-store-locator-list-item\"><div class=\"img-listado\"><a href=\"https:\/\/www.visitgastroh.com\/fr\/store\/la-cave-dirouleguy\/\"><img loading=\"lazy\" decoding=\"async\" width=\"300\" height=\"200\" src=\"https:\/\/www.visitgastroh.com\/wp-content\/uploads\/2022\/04\/vignes-ascarat-irouleguy-300x200.jpg\" class=\"attachment-medium size-medium wp-post-image\" alt=\"\" srcset=\"https:\/\/www.visitgastroh.com\/wp-content\/uploads\/2022\/04\/vignes-ascarat-irouleguy-300x200.jpg 300w, https:\/\/www.visitgastroh.com\/wp-content\/uploads\/2022\/04\/vignes-ascarat-irouleguy-1024x682.jpg 1024w, https:\/\/www.visitgastroh.com\/wp-content\/uploads\/2022\/04\/vignes-ascarat-irouleguy-768x512.jpg 768w, https:\/\/www.visitgastroh.com\/wp-content\/uploads\/2022\/04\/vignes-ascarat-irouleguy-900x600.jpg 900w, https:\/\/www.visitgastroh.com\/wp-content\/uploads\/2022\/04\/vignes-ascarat-irouleguy.jpg 1400w\" sizes=\"auto, (max-width: 300px) 100vw, 300px\" \/><\/a><\/div><div class=\"contenido-listado\"><a href=\"https:\/\/www.visitgastroh.com\/fr\/store\/la-cave-dirouleguy\/\"><div class=\"ficha-defecto\">\r\n<h2>La Cave d'Iroul\u00e9guy<\/h2>\r\n<h3>(Baigorri)<\/h3>\r\nAu c\u0153ur des terres verdoyantes du Pays Basque, la Cave d'Irouleguy est un \u00e9crin de culture, un lieu o\u00f9 traditions et valeurs se rencontrent autour d\u2019un produit embl\u00e9matique, le vin d\u2019Iroul\u00e9guy.\r\nNos vins ont la vivacit\u00e9, l\u2019\u00e9l\u00e9gance et le charme aromatique des vignes de montagne. Nos cuv\u00e9es embl\u00e9matiques, biologiques ou sans sulfites, sont chacune l\u2019expression et le fruit du travail de nos viticulteurs.\r\nLa richesse et la diversit\u00e9 de nos c\u00e9pages font de nos vins, mill\u00e9sime apr\u00e8s mill\u00e9sime, des produits d\u2019\u00e9motion et d\u2019exaltation des sens.\r\nNotre boutique sc\u00e9nographi\u00e9e vous fait d\u00e9couvrir le cheminement du raisin \u00e0 la bouteille. Cette plong\u00e9e sensorielle vous emm\u00e8ne au c\u0153ur de la coop\u00e9rative et du milieu viticole.\r\nPour appr\u00e9cier le fruit de notre travail, une d\u00e9gustation de nos vins vous sera offerte afin de d\u00e9couvrir les sp\u00e9cificit\u00e9s de notre vignoble. Vous y retrouverez \u00e9videmment nos vins d'Iroul\u00e9guy, ainsi que les produits locaux embl\u00e9matiques. Les enfants ont \u00e9galement leur coin dessin et un circuit de visite adapt\u00e9 \u00e0 leur taille.\r\nR\u00e9servez votre visite !\r\nAvec un circuit de visite int\u00e9gr\u00e9 exploitant vos 5 sens, explorez nos parcelles, sentez les ar\u00f4mes de nos raisins, admirez notre cuvier... Autant d\u2019\u00e9l\u00e9ments qui vous permettront de comprendre le travail effectu\u00e9 par les viticulteurs et l\u2019\u00e9quipe de la Cave.\r\nProfitez de visites et d\u00e9gustations gourmandes pour les groupes.\r\n\r\n<\/div><\/a><\/div><h4>Contact <\/h4><div class=\"link-tienda\"><strong><a href=\"https:\/\/www.visitgastroh.com\/fr\/store\/la-cave-dirouleguy\/\">+ Info<\/a><\/strong><\/div><\/div><\/div><\/div><div class=\"store-locator-row\"><div class=\"store-locator-col-sm-4\"><div class=\"wordpress-store-locator-list-item\"><div class=\"img-listado\"><a href=\"https:\/\/www.visitgastroh.com\/fr\/store\/la-cave-de-gan-jurancon\/\"><img loading=\"lazy\" decoding=\"async\" width=\"300\" height=\"225\" src=\"https:\/\/www.visitgastroh.com\/wp-content\/uploads\/2022\/04\/cave-de-gan-11-300x225.jpg\" class=\"attachment-medium size-medium wp-post-image\" alt=\"\" srcset=\"https:\/\/www.visitgastroh.com\/wp-content\/uploads\/2022\/04\/cave-de-gan-11-300x225.jpg 300w, https:\/\/www.visitgastroh.com\/wp-content\/uploads\/2022\/04\/cave-de-gan-11-768x576.jpg 768w, https:\/\/www.visitgastroh.com\/wp-content\/uploads\/2022\/04\/cave-de-gan-11.jpg 1024w\" sizes=\"auto, (max-width: 300px) 100vw, 300px\" \/><\/a><\/div><div class=\"contenido-listado\"><a href=\"https:\/\/www.visitgastroh.com\/fr\/store\/la-cave-de-gan-jurancon\/\"><div class=\"ficha-defecto\">\r\n<h2>La Cave de Gan Juran\u00e7on<\/h2>\r\n<h3>(Gan)<\/h3>\r\nRegroupant pr\u00e8s de 300 viticulteurs, la Cave de Juran\u00e7on joue un r\u00f4le majeur au sein des AOP Juran\u00e7on et AOP B\u00e9arn. Coop\u00e9rative engag\u00e9e et respectueuse de ses territoires, elle exploite 900 ha de vignes dont 45 ha avec sa propre \u00e9quipe.\r\n\r\nGarants d'une viticulture traditionnelle, nous perp\u00e9tuons les m\u00e9thodes de vendanges manuelles, la s\u00e9lection des grappes et le passerillage. Tout est fait pour sublimer la typicit\u00e9 des c\u00e9pages embl\u00e9matiques de notre terroir: Gros Manseng, Petit Manseng et Tannat.\r\n\r\nTout au long de l'ann\u00e9e, d\u00e9couvrez les coulisses de la vinification de nos vins de Juran\u00e7on et B\u00e9arn. Nous vous accueillons, dans des espaces climatis\u00e9s pour un moment convivial et de partage.\r\n\r\nAu programme de la visite:\r\n\r\nQuai de r\u00e9ception des vendanges et pressoirs, mosa\u00efques Gallo-Romaines et expositions d'outils d'antan, chai \u00e0 barriques semi enterr\u00e9 et d\u00e9gustation de nos plus belles cuv\u00e9es.\r\n\r\nA deux pas de la Cave, arpentez \u00e0 votre rythme et en toute autonomie, ce pays si singulier du B\u00e9arn. Nous vous proposons, toute l'ann\u00e9e, 4 parcours ludiques et p\u00e9dagogiques dans les vignes afin de faire le lien entre terroir, vinification et d\u00e9gustation.\r\n\r\nUn voyage inoubliable au pays du Juran\u00e7on !\r\n\r\nVisites et d\u00e9gustation gratuite - Aire d'accueil gratuite pour les camping-car avec borne de service.\r\n\r\n<\/div><\/a><\/div><h4>Contact <\/h4><div class=\"link-tienda\"><strong><a href=\"https:\/\/www.visitgastroh.com\/fr\/store\/la-cave-de-gan-jurancon\/\">+ Info<\/a><\/strong><\/div><\/div><\/div><div class=\"store-locator-col-sm-4\"><div class=\"wordpress-store-locator-list-item\"><div class=\"img-listado\"><a href=\"https:\/\/www.visitgastroh.com\/fr\/store\/la-discotheque-de-kiko\/\"><img loading=\"lazy\" decoding=\"async\" width=\"300\" height=\"129\" src=\"https:\/\/www.visitgastroh.com\/wp-content\/uploads\/2022\/05\/kikos_sala_2-1024x441-1-300x129.jpg\" class=\"attachment-medium size-medium wp-post-image\" alt=\"\" srcset=\"https:\/\/www.visitgastroh.com\/wp-content\/uploads\/2022\/05\/kikos_sala_2-1024x441-1-300x129.jpg 300w, https:\/\/www.visitgastroh.com\/wp-content\/uploads\/2022\/05\/kikos_sala_2-1024x441-1-768x331.jpg 768w, https:\/\/www.visitgastroh.com\/wp-content\/uploads\/2022\/05\/kikos_sala_2-1024x441-1.jpg 1024w\" sizes=\"auto, (max-width: 300px) 100vw, 300px\" \/><\/a><\/div><div class=\"contenido-listado\"><a href=\"https:\/\/www.visitgastroh.com\/fr\/store\/la-discotheque-de-kiko\/\"><div class=\"ficha-defecto\">\n<h2>LA DISCOTHEQUE DE KIKO<\/h2>\n<h3>(ARN\u00c9DO)<\/h3>\nLa f\u00eate est garantie. Nous fournissons l'espace, la musique et tout ce que vous nous demandez. Vous vous occupez du plaisir.\n\nNous organisons les meilleures f\u00eates de la r\u00e9gion depuis des d\u00e9cennies. Vous n'avez pas d\u00e9j\u00e0 entendu parler de nous ?\n\n<\/div><\/a><\/div><h4>Contact <\/h4><div class=\"link-tienda\"><strong><a href=\"https:\/\/www.visitgastroh.com\/fr\/store\/la-discotheque-de-kiko\/\">+ Info<\/a><\/strong><\/div><\/div><\/div><div class=\"store-locator-col-sm-4\"><div class=\"wordpress-store-locator-list-item\"><div class=\"img-listado\"><a href=\"https:\/\/www.visitgastroh.com\/fr\/store\/la-rioja-alta-bodegas\/\"><img loading=\"lazy\" decoding=\"async\" width=\"300\" height=\"225\" src=\"https:\/\/www.visitgastroh.com\/wp-content\/uploads\/2022\/04\/bodega-larioja-alta-entrada-300x225.jpg\" class=\"attachment-medium size-medium wp-post-image\" alt=\"\" srcset=\"https:\/\/www.visitgastroh.com\/wp-content\/uploads\/2022\/04\/bodega-larioja-alta-entrada-300x225.jpg 300w, https:\/\/www.visitgastroh.com\/wp-content\/uploads\/2022\/04\/bodega-larioja-alta-entrada-768x576.jpg 768w, https:\/\/www.visitgastroh.com\/wp-content\/uploads\/2022\/04\/bodega-larioja-alta-entrada.jpg 1024w\" sizes=\"auto, (max-width: 300px) 100vw, 300px\" \/><\/a><\/div><div class=\"contenido-listado\"><a href=\"https:\/\/www.visitgastroh.com\/fr\/store\/la-rioja-alta-bodegas\/\"><div class=\"ficha-defecto\">\n<h2>LA RIOJA ALTA BODEGAS<\/h2>\n<h3>(HARO)<\/h3>\nNous sommes n\u00e9s au XIX, nous avons grandi au XX. Nous sommes passionn\u00e9s par le XXI\n\nCinq familles rioja et basques ont fond\u00e9 la \u00abSociedad Vin\u00edcola de La Rioja Alta\u00bb dans le Barrio de la Estaci\u00f3n \u00e0 Haro. Notre premi\u00e8re pr\u00e9sidente, une femme : Mme Saturnina Garc\u00eda Cid y G\u00e1rate. Le fran\u00e7ais Monsieur Vigier est le premier vigneron de la maison et le Reserva 1890 (pr\u00e9d\u00e9cesseur de l'actuel Gran Reserva 890) est le premier vin produit.\n\nTradition et avant-garde\nDans l'art difficile de cr\u00e9er de grands vins, nous conjuguons la sagesse de la tradition et l'avant-garde. Pour ce faire, en plus de la cave centenaire Haro, nous disposons d'installations modernes situ\u00e9es \u00e0 Labastida o\u00f9 nous proc\u00e9dons \u00e0 la vinification de nos propres raisins \u00e0 l'aide de la technologie la plus avanc\u00e9e.\nLe ch\u00eane est au c\u0153ur du vieillissement et, pour cette raison, nous fabriquons nos barriques, actuellement quelque 30 000, selon un processus tout \u00e0 fait traditionnel. Tous les six mois, nous transf\u00e9rons tous les f\u00fbts \u00e0 la main \u00e0 la lueur des bougies. Apr\u00e8s le passage en barrique, l'\u00e9levage est transf\u00e9r\u00e9 dans les casiers \u00e0 bouteilles, o\u00f9 nos vins peaufinent leur personnalit\u00e9, arrondissant et d\u00e9veloppant toutes leurs qualit\u00e9s.\n\n<\/div><\/a><\/div><h4>Contact <\/h4><div class=\"link-tienda\"><strong><a href=\"https:\/\/www.visitgastroh.com\/fr\/store\/la-rioja-alta-bodegas\/\">+ Info<\/a><\/strong><\/div><\/div><\/div><\/div><div class=\"store-locator-row\"><div class=\"store-locator-col-sm-4\"><div class=\"wordpress-store-locator-list-item\"><div class=\"img-listado\"><a href=\"https:\/\/www.visitgastroh.com\/fr\/store\/le-musee-du-gateau-basque-euskal-bixkotxaren-erakustokia\/\"><img loading=\"lazy\" decoding=\"async\" width=\"300\" height=\"300\" src=\"https:\/\/www.visitgastroh.com\/wp-content\/uploads\/2022\/03\/Capture-de\u0301cran-2022-03-09-a\u0300-14.03.35-300x300.png\" class=\"attachment-medium size-medium wp-post-image\" alt=\"\" srcset=\"https:\/\/www.visitgastroh.com\/wp-content\/uploads\/2022\/03\/Capture-de\u0301cran-2022-03-09-a\u0300-14.03.35-300x300.png 300w, https:\/\/www.visitgastroh.com\/wp-content\/uploads\/2022\/03\/Capture-de\u0301cran-2022-03-09-a\u0300-14.03.35-150x150.png 150w, https:\/\/www.visitgastroh.com\/wp-content\/uploads\/2022\/03\/Capture-de\u0301cran-2022-03-09-a\u0300-14.03.35-768x769.png 768w, https:\/\/www.visitgastroh.com\/wp-content\/uploads\/2022\/03\/Capture-de\u0301cran-2022-03-09-a\u0300-14.03.35-100x100.png 100w, https:\/\/www.visitgastroh.com\/wp-content\/uploads\/2022\/03\/Capture-de\u0301cran-2022-03-09-a\u0300-14.03.35-140x140.png 140w, https:\/\/www.visitgastroh.com\/wp-content\/uploads\/2022\/03\/Capture-de\u0301cran-2022-03-09-a\u0300-14.03.35-500x500.png 500w, https:\/\/www.visitgastroh.com\/wp-content\/uploads\/2022\/03\/Capture-de\u0301cran-2022-03-09-a\u0300-14.03.35-350x350.png 350w, https:\/\/www.visitgastroh.com\/wp-content\/uploads\/2022\/03\/Capture-de\u0301cran-2022-03-09-a\u0300-14.03.35.png 772w\" sizes=\"auto, (max-width: 300px) 100vw, 300px\" \/><\/a><\/div><div class=\"contenido-listado\"><a href=\"https:\/\/www.visitgastroh.com\/fr\/store\/le-musee-du-gateau-basque-euskal-bixkotxaren-erakustokia\/\"><div class=\"ficha-defecto\">\r\n<div class=\"ficha-defecto\">\r\n<h2>Le Mus\u00e9e du G\u00e2teau Basque<\/h2>\r\n<h3>(Sara, Labourdie)<\/h3>\r\nVISITES - ATELIERS - BOUTIQUE\r\nMus\u00e9e d'Artisans : vivant, familial et chaleureux (fond\u00e9 en 1998)\r\n\r\nD\u00e9couvrez les secrets du g\u00e2teau basque en compagnie du Chef P\u00e2tissier.\r\n\r\nLa Visite du Mus\u00e9e comprend la d\u00e9monstration du Chef ainsi que la d\u00e9gustation de chaque \u00e9tape de la recette.\r\n\r\nLes Ateliers Pratiques vous permettent de vous salir les mains et de repartir avec tous les trucs et astuces du Chef ainsi que votre propre g\u00e2teau basque \ud83e\udd67\ud83d\udc68\ud83c\udffb\u200d\ud83c\udf73\r\n\r\nRestauration sur place : la formule d\u00e9jeuner, l'Assiette Gourmande et le Go\u00fbter Sucr\u00e9 sont servis dans la Cave du Mus\u00e9e.\r\n\r\nBoutique en libre acc\u00e8s : g\u00e2teaux basques, macarons, mantecadas basques et autres douceurs maison vous attendent ! D\u00e9gustation sur demande.\r\n\r\nParking principal le long de la RD 406\r\nParking acc\u00e8s express au magasin ainsi qu'aux personnes \u00e0 mobilit\u00e9 r\u00e9duite et\/ou enfants en bas \u00e2ge\r\n\r\n<\/div>\r\n<\/div><\/a><\/div><h4>Contact <\/h4><div class=\"link-tienda\"><strong><a href=\"https:\/\/www.visitgastroh.com\/fr\/store\/le-musee-du-gateau-basque-euskal-bixkotxaren-erakustokia\/\">+ Info<\/a><\/strong><\/div><\/div><\/div><div class=\"store-locator-col-sm-4\"><div class=\"wordpress-store-locator-list-item\"><div class=\"img-listado\"><a href=\"https:\/\/www.visitgastroh.com\/fr\/store\/loreztia-boutik-expo\/\"><img loading=\"lazy\" decoding=\"async\" width=\"300\" height=\"200\" src=\"https:\/\/www.visitgastroh.com\/wp-content\/uploads\/2022\/04\/photo024-1536x1024-1-300x200.jpg\" class=\"attachment-medium size-medium wp-post-image\" alt=\"\" srcset=\"https:\/\/www.visitgastroh.com\/wp-content\/uploads\/2022\/04\/photo024-1536x1024-1-300x200.jpg 300w, https:\/\/www.visitgastroh.com\/wp-content\/uploads\/2022\/04\/photo024-1536x1024-1-1024x683.jpg 1024w, https:\/\/www.visitgastroh.com\/wp-content\/uploads\/2022\/04\/photo024-1536x1024-1-768x512.jpg 768w, https:\/\/www.visitgastroh.com\/wp-content\/uploads\/2022\/04\/photo024-1536x1024-1-900x600.jpg 900w, https:\/\/www.visitgastroh.com\/wp-content\/uploads\/2022\/04\/photo024-1536x1024-1.jpg 1536w\" sizes=\"auto, (max-width: 300px) 100vw, 300px\" \/><\/a><\/div><div class=\"contenido-listado\"><a href=\"https:\/\/www.visitgastroh.com\/fr\/store\/loreztia-boutik-expo\/\"><div class=\"ficha-defecto\">\r\n<h2>Loreztia boutik expo<\/h2>\r\n<h3>Bayonne<\/h3>\r\nApiculteur confiturier en Pays Basque nord, artisan passionn\u00e9 par son m\u00e9tier, Jacques Salles fonde sa maison sp\u00e9cialis\u00e9e dans les produits de la ruche et cr\u00e9e la marque Loreztia : \"douceurs de fleurs\" en basque.\r\n\r\nTous nos miels sont r\u00e9colt\u00e9s en Pays Basque et dans les Landes.\r\n\r\nNos confitures et sauces fruit\u00e9es sont cuites en chaudrons en cuivre, all\u00e9g\u00e9es en sucre dans le but de mettre en valeur la saveur du fruit frais, elles contiennent 70% de fruits, du sucre de canne et toujours une pointe de miel!\r\n\r\nLoreztia Boutik'Expo est \u00e0 la fois une immersion dans le monde de l'abeille et un espace interactif : vous y trouverez une exposition ludique nomm\u00e9e \"L'Homme et l'abeille en Pays Basque au fil des si\u00e8cles\", un coin d'\u00e9veil r\u00e9serv\u00e9 aux apiculteurs en herbe, la d\u00e9gustation et la vente de tous nos produits.\r\n\r\n<\/div><\/a><\/div><h4>Contact <\/h4><div class=\"link-tienda\"><strong><a href=\"https:\/\/www.visitgastroh.com\/fr\/store\/loreztia-boutik-expo\/\">+ Info<\/a><\/strong><\/div><\/div><\/div><div class=\"store-locator-col-sm-4\"><div class=\"wordpress-store-locator-list-item\"><div class=\"img-listado\"><a href=\"https:\/\/www.visitgastroh.com\/fr\/store\/maison-des-vins-du-jurancon\/\"><img loading=\"lazy\" decoding=\"async\" width=\"300\" height=\"135\" src=\"https:\/\/www.visitgastroh.com\/wp-content\/uploads\/2022\/03\/Maison-des-vins-jurancon-1536x692-1-300x135.jpg\" class=\"attachment-medium size-medium wp-post-image\" alt=\"\" srcset=\"https:\/\/www.visitgastroh.com\/wp-content\/uploads\/2022\/03\/Maison-des-vins-jurancon-1536x692-1-300x135.jpg 300w, https:\/\/www.visitgastroh.com\/wp-content\/uploads\/2022\/03\/Maison-des-vins-jurancon-1536x692-1-1024x461.jpg 1024w, https:\/\/www.visitgastroh.com\/wp-content\/uploads\/2022\/03\/Maison-des-vins-jurancon-1536x692-1-768x346.jpg 768w, https:\/\/www.visitgastroh.com\/wp-content\/uploads\/2022\/03\/Maison-des-vins-jurancon-1536x692-1.jpg 1536w\" sizes=\"auto, (max-width: 300px) 100vw, 300px\" \/><\/a><\/div><div class=\"contenido-listado\"><a href=\"https:\/\/www.visitgastroh.com\/fr\/store\/maison-des-vins-du-jurancon\/\"><div class=\"ficha-defecto\">\r\n<h2>Maison des Vins du Juran\u00e7on<\/h2>\r\n<h3>(Lacommande)<\/h3>\r\nCr\u00e9\u00e9e en 1986 par les Vignerons du Juran\u00e7on dans le village historique de Lacommande, la Maison des Vignerons du Juran\u00e7on est un vrai point de ralliement pour s\u2019immerger dans la culture Juran\u00e7on.\r\n\r\nD\u00e9couvrez 130 r\u00e9f\u00e9rences de Juran\u00e7on sec et moelleux. D\u00e9gustez les vins de Juran\u00e7on avec un \u0153nologue. Pr\u00e9parez votre route des vins du Juran\u00e7on. Profitez d\u2019un cadre bucolique \u00e0 seulement 10 km de Pau.\r\n\r\nLa Maison des Vignerons est l\u2019\u00e9tape incontournable pour d\u00e9couvrir l\u2019appellation et les vins de Juran\u00e7on. Histoire et caract\u00e9ristiques du Juran\u00e7on, d\u00e9gustation comment\u00e9e par un \u0153nologue... notre \u00e9quipe de professionnels partagera avec vous sa passion pour notre belle appellation.\r\n\r\n<\/div><\/a><\/div><h4>Contact <\/h4><div class=\"link-tienda\"><strong><a href=\"https:\/\/www.visitgastroh.com\/fr\/store\/maison-des-vins-du-jurancon\/\">+ Info<\/a><\/strong><\/div><\/div><\/div><\/div><div class=\"store-locator-row\"><div class=\"store-locator-col-sm-4\"><div class=\"wordpress-store-locator-list-item\"><div class=\"img-listado\"><a href=\"https:\/\/www.visitgastroh.com\/fr\/store\/maison-paries\/\"><img loading=\"lazy\" decoding=\"async\" width=\"300\" height=\"300\" src=\"https:\/\/www.visitgastroh.com\/wp-content\/uploads\/2022\/05\/gateau-basque-creme-1-300x300.jpg\" class=\"attachment-medium size-medium wp-post-image\" alt=\"\" srcset=\"https:\/\/www.visitgastroh.com\/wp-content\/uploads\/2022\/05\/gateau-basque-creme-1-300x300.jpg 300w, https:\/\/www.visitgastroh.com\/wp-content\/uploads\/2022\/05\/gateau-basque-creme-1-150x150.jpg 150w, https:\/\/www.visitgastroh.com\/wp-content\/uploads\/2022\/05\/gateau-basque-creme-1-768x768.jpg 768w, https:\/\/www.visitgastroh.com\/wp-content\/uploads\/2022\/05\/gateau-basque-creme-1-100x100.jpg 100w, https:\/\/www.visitgastroh.com\/wp-content\/uploads\/2022\/05\/gateau-basque-creme-1-140x140.jpg 140w, https:\/\/www.visitgastroh.com\/wp-content\/uploads\/2022\/05\/gateau-basque-creme-1-500x500.jpg 500w, https:\/\/www.visitgastroh.com\/wp-content\/uploads\/2022\/05\/gateau-basque-creme-1-350x350.jpg 350w, https:\/\/www.visitgastroh.com\/wp-content\/uploads\/2022\/05\/gateau-basque-creme-1.jpg 800w\" sizes=\"auto, (max-width: 300px) 100vw, 300px\" \/><\/a><\/div><div class=\"contenido-listado\"><a href=\"https:\/\/www.visitgastroh.com\/fr\/store\/maison-paries\/\"><div class=\"ficha-defecto\">\r\n<h2>Maison Pari\u00e8s<\/h2>\r\n<h3>(Socoa-Urrugne)<\/h3>\r\nDepuis plus d\u2019un si\u00e8cle, les gourmandises sont \u00e9labor\u00e9es selon la plus pure tradition familiale. Dans un souci permanent de qualit\u00e9, la Maison Pari\u00e8s a mis\u00e9 sur un niveau d\u2019exigence tr\u00e8s \u00e9lev\u00e9, notamment dans le respect des processus, la ma\u00eetrise des\u00a0outils\u00a0de travail et la recherche perp\u00e9tuelle d\u2019innovation.\r\n\r\nLa Maison Pari\u00e8s privil\u00e9gie \u00e9galement les fili\u00e8res locales pour l\u2019achat de ses mati\u00e8res premi\u00e8res, notamment sur le lait, la farine et les \u0153ufs.\r\n\r\nLe challenge de la maison est de valoriser son histoire, c\u2019est-\u00e0-dire de conserver et d\u2019utiliser son h\u00e9ritage gustatif en respectant les recettes ancestrales et en d\u00e9veloppant des produits adapt\u00e9s au march\u00e9 actuel.\r\n\r\n<\/div><\/a><\/div><h4>Contact <\/h4><div class=\"link-tienda\"><strong><a href=\"https:\/\/www.visitgastroh.com\/fr\/store\/maison-paries\/\">+ Info<\/a><\/strong><\/div><\/div><\/div><div class=\"store-locator-col-sm-4\"><div class=\"wordpress-store-locator-list-item\"><div class=\"img-listado\"><a href=\"https:\/\/www.visitgastroh.com\/fr\/store\/mascarade\/\"><img loading=\"lazy\" decoding=\"async\" width=\"300\" height=\"201\" src=\"https:\/\/www.visitgastroh.com\/wp-content\/uploads\/2022\/02\/maskarada-comedor-300x201.jpg\" class=\"attachment-medium size-medium wp-post-image\" alt=\"\" srcset=\"https:\/\/www.visitgastroh.com\/wp-content\/uploads\/2022\/02\/maskarada-comedor-300x201.jpg 300w, https:\/\/www.visitgastroh.com\/wp-content\/uploads\/2022\/02\/maskarada-comedor-1024x685.jpg 1024w, https:\/\/www.visitgastroh.com\/wp-content\/uploads\/2022\/02\/maskarada-comedor-768x514.jpg 768w, https:\/\/www.visitgastroh.com\/wp-content\/uploads\/2022\/02\/maskarada-comedor-1536x1028.jpg 1536w, https:\/\/www.visitgastroh.com\/wp-content\/uploads\/2022\/02\/maskarada-comedor-900x600.jpg 900w, https:\/\/www.visitgastroh.com\/wp-content\/uploads\/2022\/02\/maskarada-comedor-600x403.jpg 600w, https:\/\/www.visitgastroh.com\/wp-content\/uploads\/2022\/02\/maskarada-comedor-400x269.jpg 400w, https:\/\/www.visitgastroh.com\/wp-content\/uploads\/2022\/02\/maskarada-comedor.jpg 1936w\" sizes=\"auto, (max-width: 300px) 100vw, 300px\" \/><\/a><\/div><div class=\"contenido-listado\"><a href=\"https:\/\/www.visitgastroh.com\/fr\/store\/mascarade\/\"><div class=\"ficha-defecto\">\n<h2>MASCARADE<\/h2>\n<h3>(Lekunberri)<\/h3>\nLe restaurant, grande vitrine finale de Maskarada.\nParmi les for\u00eats de ch\u00eanes, de h\u00eatres, de noisetiers et de houx, le cochon P\u00edo Negro (Euskal Txerri) erre joyeusement dans les pr\u00e9s de Lekunberri, en Navarre. L\u00e0, Jos\u00e9 Ignacio Jauregui a r\u00e9ussi \u00e0 r\u00e9cup\u00e9rer cette race indig\u00e8ne, \u00e0 laquelle il rend hommage dans son restaurant Maskarada.\n\nJoxi Jauregui est un producteur, transformateur et vendeur du produit final, pas des canaux. Pour cette raison, il a pris la d\u00e9cision d'installer un restaurant au pied de l'usine, avec ses tables situ\u00e9es derri\u00e8re le magasin, comme une grande vitrine pour ses produits et o\u00f9 c'est lui-m\u00eame qui montre et d\u00e9montre ses possibilit\u00e9s en cuisine. . \u00ab Je ne suis pas cuisinier, mais je n'ai pas besoin de l'\u00eatre non plus, ici tout ce qu'on fait est tr\u00e8s simple, on ne fait pas de sauces ou quoi que ce soit, et tout au plus on associe trois saveurs. C'est notre marketing, des professionnels de nombreux restaurants viennent ici \u00bb.\n\n<\/div><\/a><\/div><h4>Contact <\/h4><div class=\"link-tienda\"><strong><a href=\"https:\/\/www.visitgastroh.com\/fr\/store\/mascarade\/\">+ Info<\/a><\/strong><\/div><\/div><\/div><div class=\"store-locator-col-sm-4\"><div class=\"wordpress-store-locator-list-item\"><div class=\"img-listado\"><a href=\"https:\/\/www.visitgastroh.com\/fr\/store\/musee-basque-du-fromage-et-du-pastoralisme\/\"><img loading=\"lazy\" decoding=\"async\" width=\"300\" height=\"213\" src=\"https:\/\/www.visitgastroh.com\/wp-content\/uploads\/2022\/03\/53d1cce681c04bd06e147cbb947bba18-2674-536-min-2-1050x744-1-300x213.jpg\" class=\"attachment-medium size-medium wp-post-image\" alt=\"\" srcset=\"https:\/\/www.visitgastroh.com\/wp-content\/uploads\/2022\/03\/53d1cce681c04bd06e147cbb947bba18-2674-536-min-2-1050x744-1-300x213.jpg 300w, https:\/\/www.visitgastroh.com\/wp-content\/uploads\/2022\/03\/53d1cce681c04bd06e147cbb947bba18-2674-536-min-2-1050x744-1-1024x726.jpg 1024w, https:\/\/www.visitgastroh.com\/wp-content\/uploads\/2022\/03\/53d1cce681c04bd06e147cbb947bba18-2674-536-min-2-1050x744-1-768x544.jpg 768w, https:\/\/www.visitgastroh.com\/wp-content\/uploads\/2022\/03\/53d1cce681c04bd06e147cbb947bba18-2674-536-min-2-1050x744-1.jpg 1050w\" sizes=\"auto, (max-width: 300px) 100vw, 300px\" \/><\/a><\/div><div class=\"contenido-listado\"><a href=\"https:\/\/www.visitgastroh.com\/fr\/store\/musee-basque-du-fromage-et-du-pastoralisme\/\"><div class=\"ficha-defecto\">\r\n<div class=\"ficha-defecto\">\r\n<h2>Mus\u00e9e Basque du fromage et du Pastoralisme - AGOUR<\/h2>\r\nH\u00e9lette - Basse Navare\u00a0 \/ Heleta - Baxe Nafarroa\r\nA H\u00e9lette, plongez dans la magie des traditions ! D\u00e9couvrez tous les secrets du pastoralisme et du fromage basque en visitant notre mus\u00e9e de 220m\u00b2. Au sein d\u2019un \u00ab cayolar \u00bb (cabane ancestrale de berger) reconstitu\u00e9 \u00e0 l\u2019identique, Joanes, vous d\u00e9voilera au travers d\u2019une visite audio-guid\u00e9e, le Pays-Basque, ses traditions, son univers, et vous am\u00e8nera jusqu\u2019\u00e0 sa bergerie et vous d\u00e9voilera la vie de l'\u00e9poque. Vous y d\u00e9couvrirez \u00e9galement une video qui vous permettra de d\u00e9couvrir comment est fabriqu\u00e9 le fromage de Brebis. Enfin, apr\u00e8s avoir contempl\u00e9 une partie de nos caves d\u2019affinage, vous d\u00e9gusterez l\u2019AGOUR, \u00e9lu deux fois meilleur fromage du monde, au sein de notre boutique.\r\n\r\nVous y trouverez \u00e9galement nos charcuteries ainsi que nos glaces au lait de Brebis.\r\n\r\n<em>Bisita audio gidatu hunen bidez, agertaraziko dizkizuegu gure Gasnategiak nola ekoizten dituen ohidurazko gasnak baita ere nola bere artzainak sustengatzen dituen<\/em><em>.<\/em>\r\n\r\n<\/div>\r\n<\/div><\/a><\/div><h4>Contact <\/h4><div class=\"link-tienda\"><strong><a href=\"https:\/\/www.visitgastroh.com\/fr\/store\/musee-basque-du-fromage-et-du-pastoralisme\/\">+ Info<\/a><\/strong><\/div><\/div><\/div><\/div><div class=\"store-locator-row\"><div class=\"store-locator-col-sm-4\"><div class=\"wordpress-store-locator-list-item\"><div class=\"img-listado\"><a href=\"https:\/\/www.visitgastroh.com\/fr\/store\/musee-de-la-maison-du-jambon-de-bayonne\/\"><img loading=\"lazy\" decoding=\"async\" width=\"225\" height=\"300\" src=\"https:\/\/www.visitgastroh.com\/wp-content\/uploads\/2022\/04\/IMG_20200806_152422-1536x2048-1-225x300.jpg\" class=\"attachment-medium size-medium wp-post-image\" alt=\"\" srcset=\"https:\/\/www.visitgastroh.com\/wp-content\/uploads\/2022\/04\/IMG_20200806_152422-1536x2048-1-225x300.jpg 225w, https:\/\/www.visitgastroh.com\/wp-content\/uploads\/2022\/04\/IMG_20200806_152422-1536x2048-1-768x1024.jpg 768w, https:\/\/www.visitgastroh.com\/wp-content\/uploads\/2022\/04\/IMG_20200806_152422-1536x2048-1-1152x1536.jpg 1152w, https:\/\/www.visitgastroh.com\/wp-content\/uploads\/2022\/04\/IMG_20200806_152422-1536x2048-1.jpg 1536w\" sizes=\"auto, (max-width: 225px) 100vw, 225px\" \/><\/a><\/div><div class=\"contenido-listado\"><a href=\"https:\/\/www.visitgastroh.com\/fr\/store\/musee-de-la-maison-du-jambon-de-bayonne\/\"><div class=\"ficha-defecto\">\r\n<h2>Mus\u00e9e de la Maison du Jambon de Bayonne<\/h2>\r\n<h3>(Arzacq Arraziguet)<\/h3>\r\nSur le site d\u2019Arzacq,<span class=\"bigger\"> <strong>la Maison du Jambon de Bayonne<\/strong><\/span> a cr\u00e9\u00e9 un espace mus\u00e9ographique vivant et savoureux, offrant au public un voyage mill\u00e9naire charg\u00e9 d\u2019histoire. Il permet de s\u2019impr\u00e9gner de la culture, l\u2019identit\u00e9 de la fili\u00e8re porcine du Sud-Ouest et de son fleuron gastronomique : le Jambon de Bayonne. Le visiteur d\u00e9couvre cette histoire \u00e0 travers un parcours ludique (fresques, maquettes, outils, jeux, panneaux, \u00e9crans). L\u2019auditorium offre au public la projection d\u2019un film sur le Jambon de Bayonne IGP.\r\n\r\nDepuis 2020, une salle de r\u00e9alit\u00e9 virtuelle permet aux visiteurs de s\u2019immerger compl\u00e8tement dans nos ateliers de production. Guid\u00e9s par le responsable de la production, d\u00e9couvrez, comme si vous y \u00e9tiez, le salage, le repos, et l\u2019affinage du jambon de Bayonne IGP.\r\n\r\nAu terme de la visite, une boutique offre l\u2019opportunit\u00e9 d\u2019appr\u00e9cier le Jambon de Bayonne et d\u2019emporter divers souvenirs : p\u00e2t\u00e9s, salaison, plats cuisin\u00e9s, sel de Salies-de-B\u00e9arn\u2026\r\n\r\n<\/div><\/a><\/div><h4>Contact <\/h4><div class=\"link-tienda\"><strong><a href=\"https:\/\/www.visitgastroh.com\/fr\/store\/musee-de-la-maison-du-jambon-de-bayonne\/\">+ Info<\/a><\/strong><\/div><\/div><\/div><div class=\"store-locator-col-sm-4\"><div class=\"wordpress-store-locator-list-item\"><div class=\"img-listado\"><a href=\"https:\/\/www.visitgastroh.com\/fr\/store\/musee-de-la-truffe\/\"><img loading=\"lazy\" decoding=\"async\" width=\"300\" height=\"202\" src=\"https:\/\/www.visitgastroh.com\/wp-content\/uploads\/2022\/02\/001_museo-de-la-trufa-metauten-rutadelvino-enoturismo-navarraespana-wine-turism-spian-1-300x202.jpg\" class=\"attachment-medium size-medium wp-post-image\" alt=\"\" srcset=\"https:\/\/www.visitgastroh.com\/wp-content\/uploads\/2022\/02\/001_museo-de-la-trufa-metauten-rutadelvino-enoturismo-navarraespana-wine-turism-spian-1-300x202.jpg 300w, https:\/\/www.visitgastroh.com\/wp-content\/uploads\/2022\/02\/001_museo-de-la-trufa-metauten-rutadelvino-enoturismo-navarraespana-wine-turism-spian-1-600x403.jpg 600w, https:\/\/www.visitgastroh.com\/wp-content\/uploads\/2022\/02\/001_museo-de-la-trufa-metauten-rutadelvino-enoturismo-navarraespana-wine-turism-spian-1-400x269.jpg 400w, https:\/\/www.visitgastroh.com\/wp-content\/uploads\/2022\/02\/001_museo-de-la-trufa-metauten-rutadelvino-enoturismo-navarraespana-wine-turism-spian-1.jpg 662w\" sizes=\"auto, (max-width: 300px) 100vw, 300px\" \/><\/a><\/div><div class=\"contenido-listado\"><a href=\"https:\/\/www.visitgastroh.com\/fr\/store\/musee-de-la-truffe\/\"><div class=\"ficha-defecto\">\n<h2>MUSEO DE LA TRUFA<\/h2>\n<h3>(Metauten)<\/h3>\nLe seul mus\u00e9e d'interpr\u00e9tation en Espagne d\u00e9di\u00e9 \u00e0 ce produit unique. Son objectif principal est de faire conna\u00eetre la truffe noire (tuber melanosporum) qui pousse naturellement dans la r\u00e9gion, ainsi que son histoire, son environnement, sa culture, la biodiversit\u00e9 requise par la truffe pour nous parvenir, ses valeurs naturelles et gastronomiques. Vous pourrez y profiter de toutes sortes d'activit\u00e9s et d'exp\u00e9riences li\u00e9es \u00e0 la truffe : Truffleexperience (recherche de truffes sauvages et de plantation, avec un chien truffier), promenades guid\u00e9es parmi les champs de truffes, promenades guid\u00e9es dans la vall\u00e9e, balades guid\u00e9es en VTT, visites guid\u00e9es visites guid\u00e9es, visites th\u00e9\u00e2tralis\u00e9es, visites boissons \u00e0 la main, exp\u00e9rience Truffe et Miel, exp\u00e9riences gastronomiques...\n\nEn ce qui concerne la gastronomie, nous avons un espace gastronomique \"La Ventana de Lokiz\" avec des vues spectaculaires sur la Sierra de Lokiz et ses truffi\u00e8res naturelles. Ici, nous pouvons d\u00e9guster et appr\u00e9cier une cuisine locale, avec des recettes traditionnelles et une touche gourmande, en pariant sur le produit local et le caprice de la nature, la Truffe, accompagn\u00e9e de vins et de bi\u00e8res artisanales du terroir.\n\nVisites guid\u00e9es : samedi, dimanche et jours f\u00e9ri\u00e9s : 10h30, 11h00, 12h30 et 13h30\n\n<\/div><\/a><\/div><h4>Contact <\/h4><div class=\"link-tienda\"><strong><a href=\"https:\/\/www.visitgastroh.com\/fr\/store\/musee-de-la-truffe\/\">+ Info<\/a><\/strong><\/div><\/div><\/div><div class=\"store-locator-col-sm-4\"><div class=\"wordpress-store-locator-list-item\"><div class=\"img-listado\"><a href=\"https:\/\/www.visitgastroh.com\/fr\/store\/museo-de-la-verdura\/\"><img loading=\"lazy\" decoding=\"async\" width=\"300\" height=\"300\" src=\"https:\/\/www.visitgastroh.com\/wp-content\/uploads\/2022\/04\/museo-verdura-calahorra-3-300x300.jpg\" class=\"attachment-medium size-medium wp-post-image\" alt=\"\" srcset=\"https:\/\/www.visitgastroh.com\/wp-content\/uploads\/2022\/04\/museo-verdura-calahorra-3-300x300.jpg 300w, https:\/\/www.visitgastroh.com\/wp-content\/uploads\/2022\/04\/museo-verdura-calahorra-3-150x150.jpg 150w, https:\/\/www.visitgastroh.com\/wp-content\/uploads\/2022\/04\/museo-verdura-calahorra-3-100x100.jpg 100w, https:\/\/www.visitgastroh.com\/wp-content\/uploads\/2022\/04\/museo-verdura-calahorra-3-140x140.jpg 140w, https:\/\/www.visitgastroh.com\/wp-content\/uploads\/2022\/04\/museo-verdura-calahorra-3-500x500.jpg 500w, https:\/\/www.visitgastroh.com\/wp-content\/uploads\/2022\/04\/museo-verdura-calahorra-3-350x350.jpg 350w, https:\/\/www.visitgastroh.com\/wp-content\/uploads\/2022\/04\/museo-verdura-calahorra-3.jpg 655w\" sizes=\"auto, (max-width: 300px) 100vw, 300px\" \/><\/a><\/div><div class=\"contenido-listado\"><a href=\"https:\/\/www.visitgastroh.com\/fr\/store\/museo-de-la-verdura\/\"><div class=\"ficha-defecto\">\n<h2>MUSEO DE LA VERDURA<\/h2>\n<h3>(CALAHORRA)<\/h3>\nLe Mus\u00e9e des l\u00e9gumes renforce l'identit\u00e9 de Calahorra en tant que ville des l\u00e9gumes et montre au visiteur l'activit\u00e9 des vergers et des cultures sur les rives de l'\u00c8bre, faisant partie de l'histoire de la r\u00e9gion et de ses habitants.\n\nIl est con\u00e7u comme un centre interactif et \u00e9ducatif, il est donc \u00e9quip\u00e9 de nouvelles technologies, d'\u00e9crans tactiles et d'audiovisuels qui pr\u00e9sentent au visiteur diff\u00e9rents aspects des l\u00e9gumes les plus importants de Calahorra, de la terre et de l'agriculture \u00e0 la gastronomie, et l'importance de l'horticulture produits dans une alimentation saine et saine.\n\nLE CENTRE DISPOSE DE SIX ESPACES D'EXPOSITION :\n\n1. Le territoire et l'homme.\n2. Agriculture et verger.\n3. Nos l\u00e9gumes.\n4. Pr\u00e9serve.\n5. Autres syst\u00e8mes de conservation.\n6. Tout \u00e0 manger.\n\n<\/div><\/a><\/div><h4>Contact <\/h4><div class=\"link-tienda\"><strong><a href=\"https:\/\/www.visitgastroh.com\/fr\/store\/museo-de-la-verdura\/\">+ Info<\/a><\/strong><\/div><\/div><\/div><\/div><div class=\"store-locator-row\"><div class=\"store-locator-col-sm-4\"><div class=\"wordpress-store-locator-list-item\"><div class=\"img-listado\"><a href=\"https:\/\/www.visitgastroh.com\/fr\/store\/nattura\/\"><img loading=\"lazy\" decoding=\"async\" width=\"300\" height=\"133\" src=\"https:\/\/www.visitgastroh.com\/wp-content\/uploads\/2022\/03\/Lumbier-300x133.jpg\" class=\"attachment-medium size-medium wp-post-image\" alt=\"\" srcset=\"https:\/\/www.visitgastroh.com\/wp-content\/uploads\/2022\/03\/Lumbier-300x133.jpg 300w, https:\/\/www.visitgastroh.com\/wp-content\/uploads\/2022\/03\/Lumbier-670x300.jpg 670w, https:\/\/www.visitgastroh.com\/wp-content\/uploads\/2022\/03\/Lumbier.jpg 676w\" sizes=\"auto, (max-width: 300px) 100vw, 300px\" \/><\/a><\/div><div class=\"contenido-listado\"><a href=\"https:\/\/www.visitgastroh.com\/fr\/store\/nattura\/\"><div class=\"ficha-defecto\">\n<h2>Nattura<\/h2>\n<h3>(Lumbier)<\/h3>\n<h3>Descentes en radeau sur la rivi\u00e8re Irati \u00e0 travers la Foz de Lumbier<\/h3>\n<div class=\"fichaDesc\">\n\nActivit\u00e9 parfaite pour conna\u00eetre cette magnifique enclave <b>de l'int\u00e9rieur<\/b> . L'objectif sera d'y entrer de mani\u00e8re respectueuse et de prendre contact avec les valeurs et les ressources naturelles de cet habitat fluvial, encadr\u00e9 dans le <b>R\u00e9seau Natura 2000.<\/b>\n\nC'est un espace prot\u00e9g\u00e9; la R\u00e9serve Naturelle <b>Foz de Lumbier<\/b> .\n\nNous ferons un tour en radeaux pneumatiques par la main de nos guides; Ils nous apprendront comment constituer une \u00e9quipe pour la descente et ils nous pr\u00e9senteront \u00e9galement ses habitants.\nC'est une activit\u00e9 parfaite pour les <b>familles ou les groupes d'amis<\/b> .\n\n<\/div>\n<\/div><\/a><\/div><h4>Contact <\/h4><div class=\"link-tienda\"><strong><a href=\"https:\/\/www.visitgastroh.com\/fr\/store\/nattura\/\">+ Info<\/a><\/strong><\/div><\/div><\/div><div class=\"store-locator-col-sm-4\"><div class=\"wordpress-store-locator-list-item\"><div class=\"img-listado\"><a href=\"https:\/\/www.visitgastroh.com\/fr\/store\/navarra-excursiones\/\"><img loading=\"lazy\" decoding=\"async\" width=\"300\" height=\"225\" src=\"https:\/\/www.visitgastroh.com\/wp-content\/uploads\/2022\/03\/IMG_2669-300x225.jpg\" class=\"attachment-medium size-medium wp-post-image\" alt=\"\" srcset=\"https:\/\/www.visitgastroh.com\/wp-content\/uploads\/2022\/03\/IMG_2669-300x225.jpg 300w, https:\/\/www.visitgastroh.com\/wp-content\/uploads\/2022\/03\/IMG_2669-1024x768.jpg 1024w, https:\/\/www.visitgastroh.com\/wp-content\/uploads\/2022\/03\/IMG_2669-768x576.jpg 768w, https:\/\/www.visitgastroh.com\/wp-content\/uploads\/2022\/03\/IMG_2669-1536x1152.jpg 1536w, https:\/\/www.visitgastroh.com\/wp-content\/uploads\/2022\/03\/IMG_2669.jpg 1600w\" sizes=\"auto, (max-width: 300px) 100vw, 300px\" \/><\/a><\/div><div class=\"contenido-listado\"><a href=\"https:\/\/www.visitgastroh.com\/fr\/store\/navarra-excursiones\/\"><div class=\"ficha-defecto\">\n<h2>Navarra Excursiones<\/h2>\n<h3>(Tafalla)<\/h3>\nCe sont des circuits en van pour couples ou petits groupes, avec un maximum de 8 personnes et en compagnie d'un guide local tout au long du circuit.\n\n<\/div><\/a><\/div><h4>Contact <\/h4><div class=\"link-tienda\"><strong><a href=\"https:\/\/www.visitgastroh.com\/fr\/store\/navarra-excursiones\/\">+ Info<\/a><\/strong><\/div><\/div><\/div><div class=\"store-locator-col-sm-4\"><div class=\"wordpress-store-locator-list-item\"><div class=\"img-listado\"><a href=\"https:\/\/www.visitgastroh.com\/fr\/store\/ninfeo-del-vino\/\"><img loading=\"lazy\" decoding=\"async\" width=\"300\" height=\"169\" src=\"https:\/\/www.visitgastroh.com\/wp-content\/uploads\/2022\/03\/NINFEO-DEL-VINO_Sala-de-Catas-2-300x169.jpeg\" class=\"attachment-medium size-medium wp-post-image\" alt=\"\" srcset=\"https:\/\/www.visitgastroh.com\/wp-content\/uploads\/2022\/03\/NINFEO-DEL-VINO_Sala-de-Catas-2-300x169.jpeg 300w, https:\/\/www.visitgastroh.com\/wp-content\/uploads\/2022\/03\/NINFEO-DEL-VINO_Sala-de-Catas-2-1024x576.jpeg 1024w, https:\/\/www.visitgastroh.com\/wp-content\/uploads\/2022\/03\/NINFEO-DEL-VINO_Sala-de-Catas-2-768x432.jpeg 768w, https:\/\/www.visitgastroh.com\/wp-content\/uploads\/2022\/03\/NINFEO-DEL-VINO_Sala-de-Catas-2-1536x864.jpeg 1536w, https:\/\/www.visitgastroh.com\/wp-content\/uploads\/2022\/03\/NINFEO-DEL-VINO_Sala-de-Catas-2.jpeg 1558w\" sizes=\"auto, (max-width: 300px) 100vw, 300px\" \/><\/a><\/div><div class=\"contenido-listado\"><a href=\"https:\/\/www.visitgastroh.com\/fr\/store\/ninfeo-del-vino\/\"><div class=\"ficha-defecto\">\n<h2>NINFEO DEL VINO<\/h2>\n<h3>(ALFARO)<\/h3>\nVente de produits r\u00e9gionaux. Etablissement de vente en gros et au d\u00e9tail de toutes sortes de vins (cavas, effervescents, vrac, vermouth, etc) et de conserves (l\u00e9gumes, asperges, poivrons, artichauts, confitures, sauces pr\u00e9cuites) de fabrication r\u00e9gionale. Huiles de la r\u00e9gion, saucisses r\u00e9gionales et produits typiques de La Rioja et Ribera Navarra.\n\nUn dessert typique de la ville d'Alfaro sont les G\u00c2TEAUX RUSSES. Un g\u00e2teau au four exquis avec une texture croustillante et extr\u00eamement l\u00e9g\u00e8re.\n\n<\/div>\nNous organisons \u00e9galement des d\u00e9gustations et des expositions.\n\nContactez-nous et nous vous informerons!<\/a><\/div><h4>Contact <\/h4><div class=\"link-tienda\"><strong><a href=\"https:\/\/www.visitgastroh.com\/fr\/store\/ninfeo-del-vino\/\">+ Info<\/a><\/strong><\/div><\/div><\/div><\/div><div class=\"store-locator-row\"><div class=\"store-locator-col-sm-4\"><div class=\"wordpress-store-locator-list-item\"><div class=\"img-listado\"><a href=\"https:\/\/www.visitgastroh.com\/fr\/store\/novotour\/\"><img loading=\"lazy\" decoding=\"async\" width=\"300\" height=\"182\" src=\"https:\/\/www.visitgastroh.com\/wp-content\/uploads\/2022\/04\/novotur_tarjeta_visita-300x182.jpg\" class=\"attachment-medium size-medium wp-post-image\" alt=\"\" srcset=\"https:\/\/www.visitgastroh.com\/wp-content\/uploads\/2022\/04\/novotur_tarjeta_visita-300x182.jpg 300w, https:\/\/www.visitgastroh.com\/wp-content\/uploads\/2022\/04\/novotur_tarjeta_visita-768x467.jpg 768w, https:\/\/www.visitgastroh.com\/wp-content\/uploads\/2022\/04\/novotur_tarjeta_visita.jpg 952w\" sizes=\"auto, (max-width: 300px) 100vw, 300px\" \/><\/a><\/div><div class=\"contenido-listado\"><a href=\"https:\/\/www.visitgastroh.com\/fr\/store\/novotour\/\"><div class=\"ficha-defecto\">\n<h2>Novotour<\/h2>\n<h3>(Pamplona)<\/h3>\nNovotur a commenc\u00e9 son voyage en 1996. Depuis lors, nous avons travaill\u00e9 avec les plus importantes entreprises du secteur du tourisme et des congr\u00e8s, tant nationales qu'internationales.\n\nNos services sont \u00e9galement demand\u00e9s par des institutions telles que le gouvernement de Navarre ou la mairie de Pampelune, ainsi que par des entreprises industrielles bas\u00e9es en Navarre qui ont besoin d'assister \u00e0 leurs visites ou \u00e0 leurs clients VIP de mani\u00e8re professionnelle et de qualit\u00e9, en donnant une valeur ajout\u00e9e \u00e0 cette attention. qu'ils re\u00e7oivent.\n\nNos guides peuvent vous accompagner en espagnol, fran\u00e7ais, anglais, allemand, italien, russe et chinois.\n\n<\/div><\/a><\/div><h4>Contact <\/h4><div class=\"link-tienda\"><strong><a href=\"https:\/\/www.visitgastroh.com\/fr\/store\/novotour\/\">+ Info<\/a><\/strong><\/div><\/div><\/div><div class=\"store-locator-col-sm-4\"><div class=\"wordpress-store-locator-list-item\"><div class=\"img-listado\"><a href=\"https:\/\/www.visitgastroh.com\/fr\/store\/overtrails\/\"><img loading=\"lazy\" decoding=\"async\" width=\"300\" height=\"177\" src=\"https:\/\/www.visitgastroh.com\/wp-content\/uploads\/2022\/03\/Logo_overtrails_incoming-300x177.jpg\" class=\"attachment-medium size-medium wp-post-image\" alt=\"\" srcset=\"https:\/\/www.visitgastroh.com\/wp-content\/uploads\/2022\/03\/Logo_overtrails_incoming-300x177.jpg 300w, https:\/\/www.visitgastroh.com\/wp-content\/uploads\/2022\/03\/Logo_overtrails_incoming-1024x606.jpg 1024w, https:\/\/www.visitgastroh.com\/wp-content\/uploads\/2022\/03\/Logo_overtrails_incoming-768x454.jpg 768w, https:\/\/www.visitgastroh.com\/wp-content\/uploads\/2022\/03\/Logo_overtrails_incoming.jpg 1474w\" sizes=\"auto, (max-width: 300px) 100vw, 300px\" \/><\/a><\/div><div class=\"contenido-listado\"><a href=\"https:\/\/www.visitgastroh.com\/fr\/store\/overtrails\/\"><div class=\"ficha-defecto\">\n<h2>Overtrails<\/h2>\n<h3>Pamplona<\/h3>\nSp\u00e9cialis\u00e9 dans le tourisme gastronomique, tant pour les exp\u00e9riences individuelles que pour les groupes. Un vaste programme pour d\u00e9couvrir la gastronomie navarraise aux mains d'INTIA Reyno Gourmet. Vous partagerez l'exp\u00e9rience et les connaissances du producteur gastronomique local; \u00e9laboration, modes de vie, culture et secrets de son art culinaire.\n\n<\/div><\/a><\/div><h4>Contact <\/h4><div class=\"link-tienda\"><strong><a href=\"https:\/\/www.visitgastroh.com\/fr\/store\/overtrails\/\">+ Info<\/a><\/strong><\/div><\/div><\/div><div class=\"store-locator-col-sm-4\"><div class=\"wordpress-store-locator-list-item\"><div class=\"img-listado\"><a href=\"https:\/\/www.visitgastroh.com\/fr\/store\/pierre-ibaialde\/\"><img loading=\"lazy\" decoding=\"async\" width=\"300\" height=\"200\" src=\"https:\/\/www.visitgastroh.com\/wp-content\/uploads\/2022\/03\/ATELIERJAMBON2_BD_022-300x200.jpg\" class=\"attachment-medium size-medium wp-post-image\" alt=\"\" srcset=\"https:\/\/www.visitgastroh.com\/wp-content\/uploads\/2022\/03\/ATELIERJAMBON2_BD_022-300x200.jpg 300w, https:\/\/www.visitgastroh.com\/wp-content\/uploads\/2022\/03\/ATELIERJAMBON2_BD_022-1024x683.jpg 1024w, https:\/\/www.visitgastroh.com\/wp-content\/uploads\/2022\/03\/ATELIERJAMBON2_BD_022-768x512.jpg 768w, https:\/\/www.visitgastroh.com\/wp-content\/uploads\/2022\/03\/ATELIERJAMBON2_BD_022-900x600.jpg 900w, https:\/\/www.visitgastroh.com\/wp-content\/uploads\/2022\/03\/ATELIERJAMBON2_BD_022.jpg 1428w\" sizes=\"auto, (max-width: 300px) 100vw, 300px\" \/><\/a><\/div><div class=\"contenido-listado\"><a href=\"https:\/\/www.visitgastroh.com\/fr\/store\/pierre-ibaialde\/\"><div class=\"ficha-defecto\">\r\n<h2>PIERRE IBAIALDE<\/h2>\r\n<h3>BAYONNE<\/h3>\r\nPierre IBA\u00cfALDE vous accueille pour un expos\u00e9 sur les techniques de fabrication du Jambon. La visite du saloir et du s\u00e9choir \u00e0 jambons retiendront toute votre attention. Pour finir, dans une ambiance conviviale, une d\u00e9gustation de ses produits est propos\u00e9e afin que chacun garde en m\u00e9moire les vraies saveurs du Pays Basque. \u2022 VISITES ET DEGUSTATIONS SUR RESERVATION EN LIGNE \u2022 Produits en vente directe au magasin\r\n\r\n<\/div><\/a><\/div><h4>Contact <\/h4><div class=\"link-tienda\"><strong><a href=\"https:\/\/www.visitgastroh.com\/fr\/store\/pierre-ibaialde\/\">+ Info<\/a><\/strong><\/div><\/div><\/div><\/div><div class=\"store-locator-row\"><div class=\"store-locator-col-sm-4\"><div class=\"wordpress-store-locator-list-item\"><div class=\"img-listado\"><a href=\"https:\/\/www.visitgastroh.com\/fr\/store\/propriete-arinzano\/\"><img loading=\"lazy\" decoding=\"async\" width=\"300\" height=\"200\" src=\"https:\/\/www.visitgastroh.com\/wp-content\/uploads\/2022\/02\/propiedad-arinzano-visita-bodega-300x200.jpg\" class=\"attachment-medium size-medium wp-post-image\" alt=\"\" srcset=\"https:\/\/www.visitgastroh.com\/wp-content\/uploads\/2022\/02\/propiedad-arinzano-visita-bodega-300x200.jpg 300w, https:\/\/www.visitgastroh.com\/wp-content\/uploads\/2022\/02\/propiedad-arinzano-visita-bodega-1024x683.jpg 1024w, https:\/\/www.visitgastroh.com\/wp-content\/uploads\/2022\/02\/propiedad-arinzano-visita-bodega-768x512.jpg 768w, https:\/\/www.visitgastroh.com\/wp-content\/uploads\/2022\/02\/propiedad-arinzano-visita-bodega-900x600.jpg 900w, https:\/\/www.visitgastroh.com\/wp-content\/uploads\/2022\/02\/propiedad-arinzano-visita-bodega.jpg 1500w\" sizes=\"auto, (max-width: 300px) 100vw, 300px\" \/><\/a><\/div><div class=\"contenido-listado\"><a href=\"https:\/\/www.visitgastroh.com\/fr\/store\/propriete-arinzano\/\"><div class=\"ficha-defecto\">\n<h2>Propiedad Ar\u00ednzano<\/h2>\n<h3>(Aber\u00edn)<\/h3>\nOenotourisme: Profitez d'un merveilleux s\u00e9jour en Navarre. Nous vous offrons la meilleure fa\u00e7on de profiter de notre environnement, de la s\u00e9duction du monde des caves et des vignobles ainsi que des activit\u00e9s oenotouristiques exclusives.\n\nVisites et d\u00e9gustations : Suivez le parcours naturel du raisin au vin et d\u00e9couvrez nos vins prestigieux au c\u0153ur de leur \u00e9laboration, d\u00e9gust\u00e9s directement \u00e0 la barrique. Visite du chai et d\u00e9gustation de barriques. Visite de la ferme en v\u00e9hicule tout-terrain, chai et d\u00e9gustation de barriques. D\u00e9gustations pour les particuliers : Initiation aux concepts de la d\u00e9gustation.\n\nExp\u00e9rience gastronomique dans un environnement unique. Situ\u00e9e dans l'un de nos b\u00e2timents historiques les plus embl\u00e9matiques, La Torre Medieval, notre Ham Room offre une exp\u00e9rience gastronomique in\u00e9gal\u00e9e encadr\u00e9e par des vues sur le vignoble difficiles \u00e0 oublier. D\u00e9gustations de jambon ib\u00e9rique des meilleures r\u00e9gions d'Espagne. D\u00e9gustations avec un assortiment de produits ib\u00e9riques. D\u00e9gustations accompagn\u00e9es de nos l\u00e9gumes du potager bio. D\u00e9jeuners ou d\u00eeners jumel\u00e9s.\n\nAutres activit\u00e9s : Initiation, Connaisseur, R\u00e9colte, Truffe, Pique-nique, Sauvage, Souterrain, Mon\u00e9o.\n\n<\/div><\/a><\/div><h4>Contact <\/h4><div class=\"link-tienda\"><strong><a href=\"https:\/\/www.visitgastroh.com\/fr\/store\/propriete-arinzano\/\">+ Info<\/a><\/strong><\/div><\/div><\/div><div class=\"store-locator-col-sm-4\"><div class=\"wordpress-store-locator-list-item\"><div class=\"img-listado\"><a href=\"https:\/\/www.visitgastroh.com\/fr\/store\/pyrene-a-velo\/\"><img loading=\"lazy\" decoding=\"async\" width=\"300\" height=\"225\" src=\"https:\/\/www.visitgastroh.com\/wp-content\/uploads\/2022\/03\/boulevard-et-velo-300x225.jpg\" class=\"attachment-medium size-medium wp-post-image\" alt=\"\" srcset=\"https:\/\/www.visitgastroh.com\/wp-content\/uploads\/2022\/03\/boulevard-et-velo-300x225.jpg 300w, https:\/\/www.visitgastroh.com\/wp-content\/uploads\/2022\/03\/boulevard-et-velo-1024x768.jpg 1024w, https:\/\/www.visitgastroh.com\/wp-content\/uploads\/2022\/03\/boulevard-et-velo-768x576.jpg 768w, https:\/\/www.visitgastroh.com\/wp-content\/uploads\/2022\/03\/boulevard-et-velo.jpg 1200w\" sizes=\"auto, (max-width: 300px) 100vw, 300px\" \/><\/a><\/div><div class=\"contenido-listado\"><a href=\"https:\/\/www.visitgastroh.com\/fr\/store\/pyrene-a-velo\/\"><div class=\"ficha-defecto\">\r\n<h2>Pyr\u00e8ne \u00e0 v\u00e9lo<\/h2>\r\n<h3>(Pau)<\/h3>\r\nLocation et visites \u00e9cotouristiques \u00e0 v\u00e9los \u00e9lectriques \u00e0 Pau et dans le B\u00e9arn : venez d\u00e9couvrir le B\u00e9arn autrement en louant un v\u00e9lo et en suivant un parcours qui vous emm\u00e8ne visiter Pau, fl\u00e2ner le long du gave ou grimper sur les coteaux de Juran\u00e7on. Vous pouvez \u00e9galement suivre une balade guid\u00e9e \u00e0 v\u00e9lo par Alexandra qui vous fera d\u00e9couvrir le meilleur du B\u00e9arn \u00e0 votre rythme !\r\n\r\n<\/div><\/a><\/div><h4>Contact <\/h4><div class=\"link-tienda\"><strong><a href=\"https:\/\/www.visitgastroh.com\/fr\/store\/pyrene-a-velo\/\">+ Info<\/a><\/strong><\/div><\/div><\/div><div class=\"store-locator-col-sm-4\"><div class=\"wordpress-store-locator-list-item\"><div class=\"img-listado\"><a href=\"https:\/\/www.visitgastroh.com\/fr\/store\/soupcons-en-jurancon\/\"><img loading=\"lazy\" decoding=\"async\" width=\"300\" height=\"161\" src=\"https:\/\/www.visitgastroh.com\/wp-content\/uploads\/2022\/04\/piqueniquesoupcons_en_jurancon-300x161.jpg\" class=\"attachment-medium size-medium wp-post-image\" alt=\"\" srcset=\"https:\/\/www.visitgastroh.com\/wp-content\/uploads\/2022\/04\/piqueniquesoupcons_en_jurancon-300x161.jpg 300w, https:\/\/www.visitgastroh.com\/wp-content\/uploads\/2022\/04\/piqueniquesoupcons_en_jurancon-1024x551.jpg 1024w, https:\/\/www.visitgastroh.com\/wp-content\/uploads\/2022\/04\/piqueniquesoupcons_en_jurancon-768x413.jpg 768w, https:\/\/www.visitgastroh.com\/wp-content\/uploads\/2022\/04\/piqueniquesoupcons_en_jurancon.jpg 1250w\" sizes=\"auto, (max-width: 300px) 100vw, 300px\" \/><\/a><\/div><div class=\"contenido-listado\"><a href=\"https:\/\/www.visitgastroh.com\/fr\/store\/soupcons-en-jurancon\/\"><div class=\"ficha-defecto\">\r\n<h2>Soup\u00e7ons en Juran\u00e7on<\/h2>\r\n<h3>(Monein et le vignoble du Juran\u00e7on)<\/h3>\r\nD\u00e9couvrez le vignoble du Juran\u00e7on avec l'enqu\u00eate \u00e0 d\u00e9guster Soup\u00e7ons en Juran\u00e7on. Trois circuits sont propos\u00e9s : choisissez le v\u00f4tre.\r\nPour chaque circuit, une enqu\u00eate polici\u00e8re \u00e0 r\u00e9soudre. Chaque circuit comprend des points d\u2019int\u00e9r\u00eat majeurs du vignoble et des paysages verdoyants. L\u2019unique diff\u00e9rence : les vignerons \u00e0 visiter.\r\nSelon le parcours que vous aurez choisi, vous pourrez \u00e0 votre rythme et au fil des \u00e9nigmes passer de vignoble en vignoble. Nous pouvons cependant vous garantir un maximum de 3 d\u00e9gustations (on ne voudrait pas que vous poussiez le bouchon trop loin !). Il s'agit de moments privil\u00e9gi\u00e9s avec nos vignerons qui sont aussi passionnants que passionn\u00e9s !\r\n\r\nLes circuits peuvent se faire directement avec voiture, mais nous pouvons vous proposer des combis Volkswagen ou v\u00e9los \u00e0 assistance \u00e9lectrique.\r\n\r\nL'aventure Soup\u00e7ons en Juran\u00e7on est \u00e9galement une activit\u00e9 id\u00e9ale \u00e0 faire en groupe, ou entre coll\u00e8gue.\r\n\r\nPour r\u00e9server votre journ\u00e9e ou demie journ\u00e9e, il suffit d'acheter une box Soup\u00e7ons en Juran\u00e7on (sur notre site internet ou en office de tourisme), dans laquelle vous trouverez des petits cadeaux (verres \u00e0 vin, sac maille, etc) et des produits locaux \u00e0 d\u00e9guster, et le d\u00e9tail de l'activit\u00e9 !\r\n\r\nPour plus d'informations : www.soupconsenjurancon.com\r\n\r\n<\/div><\/a><\/div><h4>Contact <\/h4><div class=\"link-tienda\"><strong><a href=\"https:\/\/www.visitgastroh.com\/fr\/store\/soupcons-en-jurancon\/\">+ Info<\/a><\/strong><\/div><\/div><\/div><\/div><div class=\"store-locator-row\"><div class=\"store-locator-col-sm-4\"><div class=\"wordpress-store-locator-list-item\"><div class=\"img-listado\"><a href=\"https:\/\/www.visitgastroh.com\/fr\/store\/tripa-azul\/\"><img loading=\"lazy\" decoding=\"async\" width=\"169\" height=\"300\" src=\"https:\/\/www.visitgastroh.com\/wp-content\/uploads\/2022\/03\/IMG_20211229_143827-169x300.jpg\" class=\"attachment-medium size-medium wp-post-image\" alt=\"\" srcset=\"https:\/\/www.visitgastroh.com\/wp-content\/uploads\/2022\/03\/IMG_20211229_143827-169x300.jpg 169w, https:\/\/www.visitgastroh.com\/wp-content\/uploads\/2022\/03\/IMG_20211229_143827-578x1024.jpg 578w, https:\/\/www.visitgastroh.com\/wp-content\/uploads\/2022\/03\/IMG_20211229_143827-768x1360.jpg 768w, https:\/\/www.visitgastroh.com\/wp-content\/uploads\/2022\/03\/IMG_20211229_143827-867x1536.jpg 867w, https:\/\/www.visitgastroh.com\/wp-content\/uploads\/2022\/03\/IMG_20211229_143827-1157x2048.jpg 1157w, https:\/\/www.visitgastroh.com\/wp-content\/uploads\/2022\/03\/IMG_20211229_143827-scaled.jpg 1446w\" sizes=\"auto, (max-width: 169px) 100vw, 169px\" \/><\/a><\/div><div class=\"contenido-listado\"><a href=\"https:\/\/www.visitgastroh.com\/fr\/store\/tripa-azul\/\"><div class=\"ficha-defecto\">\n<h2>Tripa Azul<\/h2>\n(Pamplona)\n\nTripaAzul est une entreprise d\u00e9di\u00e9e au tourisme actif. Nous r\u00e9alisons des activit\u00e9s de randonn\u00e9e et d'interpr\u00e9tation de la nature, aussi bien en montagne que sur les sentiers c\u00f4tiers, Bardenas et moyenne montagne. D\u00e9couvrez les meilleurs paysages de notre environnement de la main de guides de montagne qualifi\u00e9s, qui vous aideront \u00e0 comprendre la faune et la flore des lieux \u00e0 travers lesquels nous exer\u00e7ons notre activit\u00e9.\n\n&nbsp;\n\n&nbsp;\n\n&nbsp;\n\n<\/div><\/a><\/div><h4>Contact <\/h4><div class=\"link-tienda\"><strong><a href=\"https:\/\/www.visitgastroh.com\/fr\/store\/tripa-azul\/\">+ Info<\/a><\/strong><\/div><\/div><\/div><div class=\"store-locator-col-sm-4\"><div class=\"wordpress-store-locator-list-item\"><div class=\"img-listado\"><a href=\"https:\/\/www.visitgastroh.com\/fr\/store\/truite-de-banka\/\"><img loading=\"lazy\" decoding=\"async\" width=\"300\" height=\"248\" src=\"https:\/\/www.visitgastroh.com\/wp-content\/uploads\/2022\/05\/truite-banka-pisciculture-goicoechea-1-300x248.jpg\" class=\"attachment-medium size-medium wp-post-image\" alt=\"\" srcset=\"https:\/\/www.visitgastroh.com\/wp-content\/uploads\/2022\/05\/truite-banka-pisciculture-goicoechea-1-300x248.jpg 300w, https:\/\/www.visitgastroh.com\/wp-content\/uploads\/2022\/05\/truite-banka-pisciculture-goicoechea-1.jpg 563w\" sizes=\"auto, (max-width: 300px) 100vw, 300px\" \/><\/a><\/div><div class=\"contenido-listado\"><a href=\"https:\/\/www.visitgastroh.com\/fr\/store\/truite-de-banka\/\"><div class=\"ficha-defecto\">\r\n<h2>Truite de Banka<\/h2>\r\n<h3>(Banca)<\/h3>\r\n<div class=\"texte-sur-diapo\">Depuis 1965, la ferme aquacole de Banka \u00e9l\u00e8ve des truites dans une des plus belles vall\u00e9es du Pays Basque. Les eaux pures et limpides de la source Arp\u00e9a alimentent les bassins de cet ancien moulin du XVII\u00e8me si\u00e8cle. Une truite \u00e0 la chair d'une rare finesse, fruit d'un savoir-faire unique et d'un environnement privil\u00e9gi\u00e9.<\/div>\r\n<div>\r\n\r\nVenez sans h\u00e9sitation visiter la ferme aquacole, notre petit mus\u00e9e et nos aquariums.\r\n\r\nUn des membre de l\u2019\u00e9quipe prendra le temps de r\u00e9pondre \u00e0 vos questions et vous fera partager sa passion.\r\n\r\n<\/div>\r\n<div class=\"texte-sur-diapo\">\r\n<h2><\/h2>\r\n<h1><\/h1>\r\n<\/div>\r\n<\/div><\/a><\/div><h4>Contact <\/h4><div class=\"link-tienda\"><strong><a href=\"https:\/\/www.visitgastroh.com\/fr\/store\/truite-de-banka\/\">+ Info<\/a><\/strong><\/div><\/div><\/div><div class=\"store-locator-col-sm-4\"><div class=\"wordpress-store-locator-list-item\"><div class=\"img-listado\"><a href=\"https:\/\/www.visitgastroh.com\/fr\/store\/tudeguia\/\"><img loading=\"lazy\" decoding=\"async\" width=\"200\" height=\"300\" src=\"https:\/\/www.visitgastroh.com\/wp-content\/uploads\/2022\/03\/IMG-20190623-WA0027-200x300.jpg\" class=\"attachment-medium size-medium wp-post-image\" alt=\"\" srcset=\"https:\/\/www.visitgastroh.com\/wp-content\/uploads\/2022\/03\/IMG-20190623-WA0027-200x300.jpg 200w, https:\/\/www.visitgastroh.com\/wp-content\/uploads\/2022\/03\/IMG-20190623-WA0027-683x1024.jpg 683w, https:\/\/www.visitgastroh.com\/wp-content\/uploads\/2022\/03\/IMG-20190623-WA0027-768x1152.jpg 768w, https:\/\/www.visitgastroh.com\/wp-content\/uploads\/2022\/03\/IMG-20190623-WA0027.jpg 1000w\" sizes=\"auto, (max-width: 200px) 100vw, 200px\" \/><\/a><\/div><div class=\"contenido-listado\"><a href=\"https:\/\/www.visitgastroh.com\/fr\/store\/tudeguia\/\"><div class=\"ficha-defecto\">\n<h2>votre guide<\/h2>\n<h3>(Tudela)<\/h3>\nVisites guid\u00e9es de la Ribera de Navarra, sp\u00e9cialis\u00e9es dans Tudela, Bardenas et El Bocal. En plus de Tarazona et Alfaro.\n\n<\/div><\/a><\/div><h4>Contact <\/h4><div class=\"link-tienda\"><strong><a href=\"https:\/\/www.visitgastroh.com\/fr\/store\/tudeguia\/\">+ Info<\/a><\/strong><\/div><\/div><\/div><\/div><div class=\"store-locator-row\"><div class=\"store-locator-col-sm-4\"><div class=\"wordpress-store-locator-list-item\"><div class=\"img-listado\"><a href=\"https:\/\/www.visitgastroh.com\/fr\/store\/tudela-me-pone\/\"><img loading=\"lazy\" decoding=\"async\" width=\"169\" height=\"300\" src=\"https:\/\/www.visitgastroh.com\/wp-content\/uploads\/2022\/04\/Tudelamepone-visitas-guiadas-169x300.jpg\" class=\"attachment-medium size-medium wp-post-image\" alt=\"\" srcset=\"https:\/\/www.visitgastroh.com\/wp-content\/uploads\/2022\/04\/Tudelamepone-visitas-guiadas-169x300.jpg 169w, https:\/\/www.visitgastroh.com\/wp-content\/uploads\/2022\/04\/Tudelamepone-visitas-guiadas.jpg 338w\" sizes=\"auto, (max-width: 169px) 100vw, 169px\" \/><\/a><\/div><div class=\"contenido-listado\"><a href=\"https:\/\/www.visitgastroh.com\/fr\/store\/tudela-me-pone\/\"><div class=\"ficha-defecto\">\n<h2>Tudela me pone<\/h2>\n<h3>(Tudela)<\/h3>\nVenez avec nous pour d\u00e9couvrir Tudela!\nNous sommes amoureux de notre ville, de son pass\u00e9, de ses coins et nous connaissons de mani\u00e8re exhaustive les d\u00e9tails de son histoire, c'est pourquoi nous aimons la montrer aux personnes qui viennent visiter Tudela.\n\nNos Itin\u00e9raires Th\u00e9matiques et Visites Guid\u00e9es regorgent d'anecdotes, de passion et de l'envie de montrer une ville qui surprend et enchante. Elles sont diff\u00e9rentes, alternatives, elles attrapent, accrochent et rompent avec les autres types de visites que vous avez connues.\n\n<\/div><\/a><\/div><h4>Contact <\/h4><div class=\"link-tienda\"><strong><a href=\"https:\/\/www.visitgastroh.com\/fr\/store\/tudela-me-pone\/\">+ Info<\/a><\/strong><\/div><\/div><\/div><div class=\"store-locator-col-sm-4\"><div class=\"wordpress-store-locator-list-item\"><div class=\"img-listado\"><a href=\"https:\/\/www.visitgastroh.com\/fr\/store\/victoire-au-ravin-perdu\/\"><img loading=\"lazy\" decoding=\"async\" width=\"300\" height=\"129\" src=\"https:\/\/www.visitgastroh.com\/wp-content\/uploads\/2022\/05\/barranco_4-3-300x129.jpg\" class=\"attachment-medium size-medium wp-post-image\" alt=\"\" srcset=\"https:\/\/www.visitgastroh.com\/wp-content\/uploads\/2022\/05\/barranco_4-3-300x129.jpg 300w, https:\/\/www.visitgastroh.com\/wp-content\/uploads\/2022\/05\/barranco_4-3-1024x441.jpg 1024w, https:\/\/www.visitgastroh.com\/wp-content\/uploads\/2022\/05\/barranco_4-3-768x331.jpg 768w, https:\/\/www.visitgastroh.com\/wp-content\/uploads\/2022\/05\/barranco_4-3.jpg 1160w\" sizes=\"auto, (max-width: 300px) 100vw, 300px\" \/><\/a><\/div><div class=\"contenido-listado\"><a href=\"https:\/\/www.visitgastroh.com\/fr\/store\/victoire-au-ravin-perdu\/\"><div class=\"ficha-defecto\">\n<h2>VICTOIRE DANS LE BARRANCO PERDU<\/h2>\n<h3>(ENCISE)<\/h3>\nEntre dinosaures, empreintes et fossiles, nous vous proposons une halte strat\u00e9gique pour reprendre des forces et continuer \u00e0 profiter des recoins du parc.\n\nDans la vari\u00e9t\u00e9 est le go\u00fbt, nous avons donc une large gamme pour toute la famille : sandwichs, plats et menus.\n\nNous voulons faire partie de votre exp\u00e9rience et que votre aventure continue avec nous.\n\n<\/div><\/a><\/div><h4>Contact <\/h4><div class=\"link-tienda\"><strong><a href=\"https:\/\/www.visitgastroh.com\/fr\/store\/victoire-au-ravin-perdu\/\">+ Info<\/a><\/strong><\/div><\/div><\/div><div class=\"store-locator-col-sm-4\"><div class=\"wordpress-store-locator-list-item\"><div class=\"img-listado\"><a href=\"https:\/\/www.visitgastroh.com\/fr\/store\/vins-chapeau\/\"><img loading=\"lazy\" decoding=\"async\" width=\"300\" height=\"225\" src=\"https:\/\/www.visitgastroh.com\/wp-content\/uploads\/2022\/02\/83bf5cf9-4997-446c-9bb3-80b10d517594-300x225.jpg\" class=\"attachment-medium size-medium wp-post-image\" alt=\"\" srcset=\"https:\/\/www.visitgastroh.com\/wp-content\/uploads\/2022\/02\/83bf5cf9-4997-446c-9bb3-80b10d517594-300x225.jpg 300w, https:\/\/www.visitgastroh.com\/wp-content\/uploads\/2022\/02\/83bf5cf9-4997-446c-9bb3-80b10d517594-1024x768.jpg 1024w, https:\/\/www.visitgastroh.com\/wp-content\/uploads\/2022\/02\/83bf5cf9-4997-446c-9bb3-80b10d517594-768x576.jpg 768w, https:\/\/www.visitgastroh.com\/wp-content\/uploads\/2022\/02\/83bf5cf9-4997-446c-9bb3-80b10d517594-1536x1152.jpg 1536w, https:\/\/www.visitgastroh.com\/wp-content\/uploads\/2022\/02\/83bf5cf9-4997-446c-9bb3-80b10d517594.jpg 2048w\" sizes=\"auto, (max-width: 300px) 100vw, 300px\" \/><\/a><\/div><div class=\"contenido-listado\"><a href=\"https:\/\/www.visitgastroh.com\/fr\/store\/vins-chapeau\/\"><div class=\"ficha-defecto\">\n<h2>VINS CHAPEAU<\/h2>\n<h3>(ALFARO)<\/h3>\nCh\u00e2peau Wines est un espace o\u00f9 se d\u00e9roulent des \u00e9v\u00e9nements autour de la gastronomie et du vin. Salle \u00e9quip\u00e9e de la plus haute technologie et avec plus de 1 500 r\u00e9f\u00e9rences de vins fins, nationaux et internationaux.\n\nNous fabriquons notre famille de vermouths MON DIEU!, qui depuis plus de 7 ans ont obtenu la note la plus \u00e9lev\u00e9e du Guide Pe\u00f1\u00edn, \u00e9tant consid\u00e9r\u00e9s comme les meilleurs vermouths d'Espagne.\n\n<\/div><\/a><\/div><h4>Contact <\/h4><div class=\"link-tienda\"><strong><a href=\"https:\/\/www.visitgastroh.com\/fr\/store\/vins-chapeau\/\">+ Info<\/a><\/strong><\/div><\/div><\/div><\/div><div class=\"store-locator-row\"><div class=\"store-locator-col-sm-4\"><div class=\"wordpress-store-locator-list-item\"><div class=\"img-listado\"><a href=\"https:\/\/www.visitgastroh.com\/fr\/store\/visites-a-ameli-rioja\/\"><img loading=\"lazy\" decoding=\"async\" width=\"300\" height=\"179\" src=\"https:\/\/www.visitgastroh.com\/wp-content\/uploads\/2022\/02\/Captura-de-pantalla-2022-02-23-a-las-11.43.58-300x179.png\" class=\"attachment-medium size-medium wp-post-image\" alt=\"\" srcset=\"https:\/\/www.visitgastroh.com\/wp-content\/uploads\/2022\/02\/Captura-de-pantalla-2022-02-23-a-las-11.43.58-300x179.png 300w, https:\/\/www.visitgastroh.com\/wp-content\/uploads\/2022\/02\/Captura-de-pantalla-2022-02-23-a-las-11.43.58-1024x610.png 1024w, https:\/\/www.visitgastroh.com\/wp-content\/uploads\/2022\/02\/Captura-de-pantalla-2022-02-23-a-las-11.43.58-768x458.png 768w, https:\/\/www.visitgastroh.com\/wp-content\/uploads\/2022\/02\/Captura-de-pantalla-2022-02-23-a-las-11.43.58.png 1331w\" sizes=\"auto, (max-width: 300px) 100vw, 300px\" \/><\/a><\/div><div class=\"contenido-listado\"><a href=\"https:\/\/www.visitgastroh.com\/fr\/store\/visites-a-ameli-rioja\/\"><div class=\"ficha-defecto\">\n<h1 class=\"headline-center-v2\">Visites \u00e0 Ameli Rioja<\/h1>\n<h3>(La garde)<\/h3>\nVivez \u00e0 votre rythme et oubliez le calendrier. Personnalisez votre journ\u00e9e avec Amel\u00ed Rioja Tours pour profiter d'une culture ancienne qui va au-del\u00e0 du vin et de la gastronomie : Art, paysage et histoire en priv\u00e9.\n\n<\/div><\/a><\/div><h4>Contact <\/h4><div class=\"link-tienda\"><strong><a href=\"https:\/\/www.visitgastroh.com\/fr\/store\/visites-a-ameli-rioja\/\">+ Info<\/a><\/strong><\/div><\/div><\/div><div class=\"store-locator-col-sm-4\"><div class=\"wordpress-store-locator-list-item\"><div class=\"img-listado\"><a href=\"https:\/\/www.visitgastroh.com\/fr\/store\/wine-taste-lovers\/\"><img loading=\"lazy\" decoding=\"async\" width=\"300\" height=\"150\" src=\"https:\/\/www.visitgastroh.com\/wp-content\/uploads\/2022\/03\/Castillo-1-300x150.jpg\" class=\"attachment-medium size-medium wp-post-image\" alt=\"\" srcset=\"https:\/\/www.visitgastroh.com\/wp-content\/uploads\/2022\/03\/Castillo-1-300x150.jpg 300w, https:\/\/www.visitgastroh.com\/wp-content\/uploads\/2022\/03\/Castillo-1-1024x512.jpg 1024w, https:\/\/www.visitgastroh.com\/wp-content\/uploads\/2022\/03\/Castillo-1-768x384.jpg 768w, https:\/\/www.visitgastroh.com\/wp-content\/uploads\/2022\/03\/Castillo-1-1536x767.jpg 1536w, https:\/\/www.visitgastroh.com\/wp-content\/uploads\/2022\/03\/Castillo-1-2048x1023.jpg 2048w, https:\/\/www.visitgastroh.com\/wp-content\/uploads\/2022\/03\/Castillo-1-1000x500.jpg 1000w, https:\/\/www.visitgastroh.com\/wp-content\/uploads\/2022\/03\/Castillo-1-670x335.jpg 670w\" sizes=\"auto, (max-width: 300px) 100vw, 300px\" \/><\/a><\/div><div class=\"contenido-listado\"><a href=\"https:\/\/www.visitgastroh.com\/fr\/store\/wine-taste-lovers\/\"><div class=\"ficha-defecto\">\r\n<h2>WINE TASTE LOVERS<\/h2>\r\n<h3>(LOGRO\u00d1O)<\/h3>\r\nVisitez la Rioja avec le propri\u00e9taire d'une cave.\r\n\r\nProfitez des paysages et d\u00e9couvrez la Rioja de la main du propri\u00e9taire d'une cave.\r\nApr\u00e8s avoir visit\u00e9 diff\u00e9rentes caves, vous finirez par d\u00e9couvrir notre projet familial La Bodega del Tesoro.\r\n\r\nChoix d'itin\u00e9raires standards ou priv\u00e9s. Personnalisez votre propre itin\u00e9raire, comprend une visite d'un vignoble de petits producteurs, essayez des vins inconnus de la Rioja...\r\n\r\n<\/div><\/a><\/div><h4>Contact <\/h4><div class=\"link-tienda\"><strong><a href=\"https:\/\/www.visitgastroh.com\/fr\/store\/wine-taste-lovers\/\">+ Info<\/a><\/strong><\/div><\/div><\/div><div class=\"store-locator-col-sm-4\"><div class=\"wordpress-store-locator-list-item\"><div class=\"img-listado\"><a href=\"https:\/\/www.visitgastroh.com\/fr\/store\/yugen-green\/\"><img loading=\"lazy\" decoding=\"async\" width=\"300\" height=\"159\" src=\"https:\/\/www.visitgastroh.com\/wp-content\/uploads\/2022\/03\/12-3-300x159.jpg\" class=\"attachment-medium size-medium wp-post-image\" alt=\"\" srcset=\"https:\/\/www.visitgastroh.com\/wp-content\/uploads\/2022\/03\/12-3-300x159.jpg 300w, https:\/\/www.visitgastroh.com\/wp-content\/uploads\/2022\/03\/12-3-1024x544.jpg 1024w, https:\/\/www.visitgastroh.com\/wp-content\/uploads\/2022\/03\/12-3-768x408.jpg 768w, https:\/\/www.visitgastroh.com\/wp-content\/uploads\/2022\/03\/12-3-1536x816.jpg 1536w, https:\/\/www.visitgastroh.com\/wp-content\/uploads\/2022\/03\/12-3-2048x1088.jpg 2048w\" sizes=\"auto, (max-width: 300px) 100vw, 300px\" \/><\/a><\/div><div class=\"contenido-listado\"><a href=\"https:\/\/www.visitgastroh.com\/fr\/store\/yugen-green\/\"><div class=\"ficha-defecto\">\n<h2>Yugen Green<\/h2>\n<h3>(Aralar)<\/h3>\nVenez vous d\u00e9tendre et savourer le bien-\u00eatre.\nChacun a la possibilit\u00e9 de se sentir mieux, de miser sur un voyage plus durable et des valeurs solidaires. Trouver.\n\nVenez dans les for\u00eats d'Aralar. Respirez l'air des feuilles. Partagez la chaleur des arbres. Promenez-vous parmi les sons de la nature. Cr\u00e9ez avec vos mains. Marchez vers vous. Laissez-vous inspirer comme Hemingway, Lou Reed et tant d'autres visiteurs de nos for\u00eats l'ont fait et surtout, partagez une exp\u00e9rience de valeur pour vous.\n\nVenez dans ces for\u00eats magiques pour profiter des bains de for\u00eat et d'autres exp\u00e9riences que nous r\u00e9alisons avec la nature comme guide et le bien-\u00eatre et le bonheur comme finalit\u00e9. Toujours comme axe sa nature et tout ce qu'elle offre.\n\n<\/div>\nVenez savourer nos for\u00eats et vivre un voyage r\u00e9g\u00e9n\u00e9rant.<\/a><\/div><h4>Contact <\/h4><div class=\"link-tienda\"><strong><a href=\"https:\/\/www.visitgastroh.com\/fr\/store\/yugen-green\/\">+ Info<\/a><\/strong><\/div><\/div><\/div><\/div><\/div>[\/vc_column_text][\/vc_column][\/vc_row]\n","protected":false},"excerpt":{"rendered":"<p>[vc_row type=&#8221;full_width_background&#8221; full_screen_row_position=&#8221;middle&#8221; column_margin=&#8221;default&#8221; equal_height=&#8221;yes&#8221; content_placement=&#8221;middle&#8221; column_direction=&#8221;default&#8221; column_direction_tablet=&#8221;default&#8221; column_direction_phone=&#8221;default&#8221; bg_image=&#8221;15888&#8243; bg_position=&#8221;center center&#8221; background_image_loading=&#8221;default&#8221; bg_repeat=&#8221;no-repeat&#8221; scene_position=&#8221;center&#8221; top_padding=&#8221;5%&#8221; bottom_padding=&#8221;5%&#8221; text_color=&#8221;light&#8221; text_align=&#8221;left&#8221; row_border_radius=&#8221;none&#8221; row_border_radius_applies=&#8221;bg&#8221; color_overlay=&#8221;#000000&#8243; overlay_strength=&#8221;0.5&#8243; gradient_direction=&#8221;left_to_right&#8221; shape_divider_position=&#8221;bottom&#8221; bg_image_animation=&#8221;none&#8221; shape_type=&#8221;&#8221;][vc_column column_padding=&#8221;no-extra-padding&#8221; column_padding_tablet=&#8221;inherit&#8221; column_padding_phone=&#8221;inherit&#8221;&#8230;<\/p>\n","protected":false},"author":1,"featured_media":0,"parent":0,"menu_order":0,"comment_status":"closed","ping_status":"closed","template":"","meta":{"footnotes":""},"class_list":["post-28364","page","type-page","status-publish"],"_links":{"self":[{"href":"https:\/\/www.visitgastroh.com\/fr\/wp-json\/wp\/v2\/pages\/28364","targetHints":{"allow":["GET"]}}],"collection":[{"href":"https:\/\/www.visitgastroh.com\/fr\/wp-json\/wp\/v2\/pages"}],"about":[{"href":"https:\/\/www.visitgastroh.com\/fr\/wp-json\/wp\/v2\/types\/page"}],"author":[{"embeddable":true,"href":"https:\/\/www.visitgastroh.com\/fr\/wp-json\/wp\/v2\/users\/1"}],"replies":[{"embeddable":true,"href":"https:\/\/www.visitgastroh.com\/fr\/wp-json\/wp\/v2\/comments?post=28364"}],"version-history":[{"count":0,"href":"https:\/\/www.visitgastroh.com\/fr\/wp-json\/wp\/v2\/pages\/28364\/revisions"}],"wp:attachment":[{"href":"https:\/\/www.visitgastroh.com\/fr\/wp-json\/wp\/v2\/media?parent=28364"}],"curies":[{"name":"wp","href":"https:\/\/api.w.org\/{rel}","templated":true}]}}