{"id":27856,"date":"2022-02-23T10:30:47","date_gmt":"2022-02-23T09:30:47","guid":{"rendered":"https:\/\/www.visitgastroh.com\/acheter\/shopping-en-ligne\/"},"modified":"2022-08-11T12:17:02","modified_gmt":"2022-08-11T10:17:02","slug":"shopping-en-ligne","status":"publish","type":"page","link":"https:\/\/www.visitgastroh.com\/fr\/acheter\/shopping-en-ligne\/","title":{"rendered":"Shopping en ligne"},"content":{"rendered":"[vc_row type=&#8221;full_width_background&#8221; full_screen_row_position=&#8221;middle&#8221; column_margin=&#8221;default&#8221; equal_height=&#8221;yes&#8221; content_placement=&#8221;middle&#8221; column_direction=&#8221;default&#8221; column_direction_tablet=&#8221;default&#8221; column_direction_phone=&#8221;default&#8221; bg_image=&#8221;19115&#8243; bg_position=&#8221;center center&#8221; background_image_loading=&#8221;default&#8221; bg_repeat=&#8221;no-repeat&#8221; scene_position=&#8221;center&#8221; top_padding=&#8221;5%&#8221; bottom_padding=&#8221;5%&#8221; text_color=&#8221;light&#8221; text_align=&#8221;left&#8221; row_border_radius=&#8221;none&#8221; row_border_radius_applies=&#8221;bg&#8221; color_overlay=&#8221;#000000&#8243; overlay_strength=&#8221;0.5&#8243; gradient_direction=&#8221;left_to_right&#8221; shape_divider_position=&#8221;bottom&#8221; bg_image_animation=&#8221;none&#8221; shape_type=&#8221;&#8221;][vc_column column_padding=&#8221;no-extra-padding&#8221; column_padding_tablet=&#8221;inherit&#8221; column_padding_phone=&#8221;inherit&#8221; column_padding_position=&#8221;all&#8221; column_element_spacing=&#8221;default&#8221; background_color_opacity=&#8221;1&#8243; background_hover_color_opacity=&#8221;1&#8243; column_shadow=&#8221;none&#8221; column_border_radius=&#8221;none&#8221; column_link_target=&#8221;_self&#8221; gradient_direction=&#8221;left_to_right&#8221; overlay_strength=&#8221;0.3&#8243; width=&#8221;1\/1&#8243; tablet_width_inherit=&#8221;default&#8221; tablet_text_alignment=&#8221;default&#8221; phone_text_alignment=&#8221;default&#8221; bg_image_animation=&#8221;none&#8221; border_type=&#8221;simple&#8221; column_border_width=&#8221;none&#8221; column_border_style=&#8221;solid&#8221;][split_line_heading animation_type=&#8221;default&#8221;]\n<h1 style=\"font-size: 75px;\">Shopping en ligne !<\/h1>\n[\/split_line_heading][\/vc_column][\/vc_row][vc_row type=&#8221;in_container&#8221; full_screen_row_position=&#8221;middle&#8221; column_margin=&#8221;default&#8221; column_direction=&#8221;default&#8221; column_direction_tablet=&#8221;default&#8221; column_direction_phone=&#8221;default&#8221; scene_position=&#8221;center&#8221; top_padding=&#8221;3%&#8221; text_color=&#8221;dark&#8221; text_align=&#8221;left&#8221; row_border_radius=&#8221;none&#8221; row_border_radius_applies=&#8221;bg&#8221; overlay_strength=&#8221;0.3&#8243; gradient_direction=&#8221;left_to_right&#8221; shape_divider_position=&#8221;bottom&#8221; bg_image_animation=&#8221;none&#8221; shape_type=&#8221;&#8221;][vc_column column_padding=&#8221;no-extra-padding&#8221; column_padding_tablet=&#8221;inherit&#8221; column_padding_phone=&#8221;inherit&#8221; column_padding_position=&#8221;all&#8221; column_element_spacing=&#8221;default&#8221; background_color_opacity=&#8221;1&#8243; background_hover_color_opacity=&#8221;1&#8243; column_shadow=&#8221;none&#8221; column_border_radius=&#8221;none&#8221; column_link_target=&#8221;_self&#8221; gradient_direction=&#8221;left_to_right&#8221; overlay_strength=&#8221;0.3&#8243; width=&#8221;1\/1&#8243; tablet_width_inherit=&#8221;default&#8221; tablet_text_alignment=&#8221;default&#8221; phone_text_alignment=&#8221;default&#8221; bg_image_animation=&#8221;none&#8221; border_type=&#8221;simple&#8221; column_border_width=&#8221;none&#8221; column_border_style=&#8221;solid&#8221;][vc_column_text]<strong>Choisissez une cat\u00e9gorie:<\/strong>[\/vc_column_text][tabbed_section style=&#8221;vertical&#8221; tab_color=&#8221;Accent-Color&#8221;][tab icon_family=&#8221;none&#8221; title=&#8221;Huile et condiments&#8221; id=&#8221;1660212778960-8&#8243; tab_id=&#8221;1660212778961-9&#8243;][vc_column_text]\n<h2>Huile et condiments<\/h2>\n[\/vc_column_text][vc_row_inner column_margin=&#8221;default&#8221; column_direction=&#8221;default&#8221; column_direction_tablet=&#8221;default&#8221; column_direction_phone=&#8221;default&#8221; text_align=&#8221;left&#8221;][vc_column_inner column_padding=&#8221;no-extra-padding&#8221; column_padding_tablet=&#8221;inherit&#8221; column_padding_phone=&#8221;inherit&#8221; column_padding_position=&#8221;all&#8221; column_element_spacing=&#8221;default&#8221; background_color_opacity=&#8221;1&#8243; background_hover_color_opacity=&#8221;1&#8243; column_shadow=&#8221;none&#8221; column_border_radius=&#8221;none&#8221; column_link_target=&#8221;_blank&#8221; boxed=&#8221;true&#8221; gradient_direction=&#8221;left_to_right&#8221; overlay_strength=&#8221;0.3&#8243; width=&#8221;1\/3&#8243; tablet_width_inherit=&#8221;default&#8221; bg_image_animation=&#8221;none&#8221; border_type=&#8221;simple&#8221; column_border_width=&#8221;none&#8221; column_border_style=&#8221;solid&#8221; column_link=&#8221;https:\/\/www.reynoartesano.com\/&#8221;][image_with_animation image_url=&#8221;19038&#8243; animation=&#8221;Fade In&#8221; hover_animation=&#8221;none&#8221; alignment=&#8221;&#8221; border_radius=&#8221;none&#8221; box_shadow=&#8221;none&#8221; image_loading=&#8221;default&#8221; max_width=&#8221;100%&#8221; max_width_mobile=&#8221;default&#8221;][vc_column_text]\n<h4>NAPARBIDEAK<\/h4>\n<p><strong>(Navarre)<\/strong><\/p>\n<p>L&#8217;\u00e9picerie artisanale de Navarre, une marque qui certifie l&#8217;utilisation de mati\u00e8res premi\u00e8res de premi\u00e8re qualit\u00e9 et son processus de production respecte ou imite les processus naturels.<\/p>\n<p><strong><a href=\"https:\/\/www.reynoartesano.com\/\" target=\"_blank\" rel=\"noopener\">Visiter le magasin<\/a><\/strong>[\/vc_column_text][\/vc_column_inner][vc_column_inner column_padding=&#8221;no-extra-padding&#8221; column_padding_tablet=&#8221;inherit&#8221; column_padding_phone=&#8221;inherit&#8221; column_padding_position=&#8221;all&#8221; column_element_spacing=&#8221;default&#8221; background_color_opacity=&#8221;1&#8243; background_hover_color_opacity=&#8221;1&#8243; column_shadow=&#8221;none&#8221; column_border_radius=&#8221;none&#8221; column_link_target=&#8221;_blank&#8221; boxed=&#8221;true&#8221; gradient_direction=&#8221;left_to_right&#8221; overlay_strength=&#8221;0.3&#8243; width=&#8221;1\/3&#8243; tablet_width_inherit=&#8221;default&#8221; bg_image_animation=&#8221;none&#8221; border_type=&#8221;simple&#8221; column_border_width=&#8221;none&#8221; column_border_style=&#8221;solid&#8221; column_link=&#8221;https:\/\/www.ekoalde.org\/es&#8221;][image_with_animation image_url=&#8221;42872&#8243; animation=&#8221;Fade In&#8221; hover_animation=&#8221;none&#8221; alignment=&#8221;&#8221; border_radius=&#8221;none&#8221; box_shadow=&#8221;none&#8221; image_loading=&#8221;default&#8221; max_width=&#8221;100%&#8221; max_width_mobile=&#8221;default&#8221;][vc_column_text]\n<h4>\u00c9KOALDE<\/h4>\n<p><strong>(Navarre)<\/strong><\/p>\n<p>Association de producteurs et transformateurs d&#8217;aliments biologiques de Navarre dont l&#8217;objectif est de cr\u00e9er et de promouvoir des circuits courts de distribution pour renforcer l&#8217;activit\u00e9 du secteur ainsi que la valorisation des produits biologiques produits et transform\u00e9s en Navarre.<\/p>\n<p><strong><a href=\"https:\/\/www.ekoalde.org\/es\" target=\"_blank\" rel=\"noopener\">Visiter le magasin<\/a><\/strong>[\/vc_column_text][\/vc_column_inner][vc_column_inner column_padding=&#8221;no-extra-padding&#8221; column_padding_tablet=&#8221;inherit&#8221; column_padding_phone=&#8221;inherit&#8221; column_padding_position=&#8221;all&#8221; column_element_spacing=&#8221;default&#8221; background_color_opacity=&#8221;1&#8243; background_hover_color_opacity=&#8221;1&#8243; column_shadow=&#8221;none&#8221; column_border_radius=&#8221;none&#8221; column_link_target=&#8221;_blank&#8221; boxed=&#8221;true&#8221; gradient_direction=&#8221;left_to_right&#8221; overlay_strength=&#8221;0.3&#8243; width=&#8221;1\/3&#8243; tablet_width_inherit=&#8221;default&#8221; bg_image_animation=&#8221;none&#8221; border_type=&#8221;simple&#8221; column_border_width=&#8221;none&#8221; column_border_style=&#8221;solid&#8221; column_link=&#8221;http:\/\/www.carneecologicanavarra.com\/&#8221;][image_with_animation image_url=&#8221;19044&#8243; animation=&#8221;Fade In&#8221; hover_animation=&#8221;none&#8221; alignment=&#8221;&#8221; border_radius=&#8221;none&#8221; box_shadow=&#8221;none&#8221; image_loading=&#8221;default&#8221; max_width=&#8221;100%&#8221; max_width_mobile=&#8221;default&#8221;][vc_column_text]\n<h4>BL\u00c9 PROPRE<\/h4>\n<p><strong>(Navarre)<\/strong><\/p>\n<p>Chez Trigo Limpio, nous voulons unir nos forces et miser sur une relation directe avec le consommateur \u00e0 travers la vente directe, sans interm\u00e9diaires, avec un march\u00e9 transparent et de confiance mutuelle.<\/p>\n<p><strong><a href=\"http:\/\/www.carneecologicanavarra.com\/\" target=\"_blank\" rel=\"noopener\">Visiter le magasin<\/a><\/strong>[\/vc_column_text][\/vc_column_inner][\/vc_row_inner][vc_row_inner column_margin=&#8221;default&#8221; column_direction=&#8221;default&#8221; column_direction_tablet=&#8221;default&#8221; column_direction_phone=&#8221;default&#8221; text_align=&#8221;left&#8221;][vc_column_inner column_padding=&#8221;no-extra-padding&#8221; column_padding_tablet=&#8221;inherit&#8221; column_padding_phone=&#8221;inherit&#8221; column_padding_position=&#8221;all&#8221; column_element_spacing=&#8221;default&#8221; background_color_opacity=&#8221;1&#8243; background_hover_color_opacity=&#8221;1&#8243; column_shadow=&#8221;none&#8221; column_border_radius=&#8221;none&#8221; column_link_target=&#8221;_blank&#8221; boxed=&#8221;true&#8221; gradient_direction=&#8221;left_to_right&#8221; overlay_strength=&#8221;0.3&#8243; width=&#8221;1\/3&#8243; tablet_width_inherit=&#8221;default&#8221; bg_image_animation=&#8221;none&#8221; border_type=&#8221;simple&#8221; column_border_width=&#8221;none&#8221; column_border_style=&#8221;solid&#8221; column_link=&#8221;http:\/\/www.ehne.eus\/bizilur\/tienda\/&#8221;][image_with_animation image_url=&#8221;19017&#8243; animation=&#8221;Fade In&#8221; hover_animation=&#8221;none&#8221; alignment=&#8221;&#8221; border_radius=&#8221;none&#8221; box_shadow=&#8221;none&#8221; image_loading=&#8221;default&#8221; max_width=&#8221;100%&#8221; max_width_mobile=&#8221;default&#8221;][vc_column_text]\n<h4>BIZILUR<\/h4>\n<p><strong>(Navarre)<\/strong><\/p>\n<p>Le groupe de consommateurs Bizilur est compos\u00e9 de producteurs et de consommateurs. Les producteurs s&#8217;engagent \u00e0 fournir leur produit, de qualit\u00e9, de saison et \u00e0 vendre en direct. Les consommateurs s&#8217;engagent \u00e0 consommer chaque semaine un panier ferm\u00e9 de l\u00e9gumes, compos\u00e9 de produits locaux, de saison et bio.<\/p>\n<p><strong><a href=\"http:\/\/www.ehne.eus\/bizilur\/tienda\/\" target=\"_blank\" rel=\"noopener\">Visiter le magasin<\/a><\/strong>[\/vc_column_text][\/vc_column_inner][vc_column_inner column_padding=&#8221;no-extra-padding&#8221; column_padding_tablet=&#8221;inherit&#8221; column_padding_phone=&#8221;inherit&#8221; column_padding_position=&#8221;all&#8221; column_element_spacing=&#8221;default&#8221; background_color_opacity=&#8221;1&#8243; background_hover_color_opacity=&#8221;1&#8243; column_shadow=&#8221;none&#8221; column_border_radius=&#8221;none&#8221; column_link_target=&#8221;_blank&#8221; boxed=&#8221;true&#8221; gradient_direction=&#8221;left_to_right&#8221; overlay_strength=&#8221;0.3&#8243; width=&#8221;1\/3&#8243; tablet_width_inherit=&#8221;default&#8221; bg_image_animation=&#8221;none&#8221; border_type=&#8221;simple&#8221; column_border_width=&#8221;none&#8221; column_border_style=&#8221;solid&#8221; column_link=&#8221;https:\/\/www.navarrawine.com\/tienda&#8221;][image_with_animation image_url=&#8221;19047&#8243; animation=&#8221;Fade In&#8221; hover_animation=&#8221;none&#8221; alignment=&#8221;&#8221; border_radius=&#8221;none&#8221; box_shadow=&#8221;none&#8221; image_loading=&#8221;default&#8221; max_width=&#8221;100%&#8221; max_width_mobile=&#8221;default&#8221;][vc_column_text]\n<h4>DO NAVARRE<\/h4>\n<p><strong>(Navarre)<\/strong><\/p>\n<p>DO Navarra vous encourage \u00e0 trinquer \u00e0 la maison. Leurs vignobles vous permettent de rester facilement \u00e0 la maison et ils vous apportent leurs vins pour que vous puissiez trinquer avec le v\u00f4tre. Plus de 30 \u00e9tablissements vinicoles, des centaines de vins au choix.<\/p>\n<p><strong><a href=\"https:\/\/www.navarrawine.com\/tienda\" target=\"_blank\" rel=\"noopener\">Visiter le magasin<\/a><\/strong>[\/vc_column_text][\/vc_column_inner][vc_column_inner column_padding=&#8221;no-extra-padding&#8221; column_padding_tablet=&#8221;inherit&#8221; column_padding_phone=&#8221;inherit&#8221; column_padding_position=&#8221;all&#8221; column_element_spacing=&#8221;default&#8221; background_color_opacity=&#8221;1&#8243; background_hover_color_opacity=&#8221;1&#8243; column_shadow=&#8221;none&#8221; column_border_radius=&#8221;none&#8221; column_link_target=&#8221;_blank&#8221; boxed=&#8221;true&#8221; gradient_direction=&#8221;left_to_right&#8221; overlay_strength=&#8221;0.3&#8243; width=&#8221;1\/3&#8243; tablet_width_inherit=&#8221;default&#8221; bg_image_animation=&#8221;none&#8221; border_type=&#8221;simple&#8221; column_border_width=&#8221;none&#8221; column_border_style=&#8221;solid&#8221; column_link=&#8221;https:\/\/www.bibaardoak.eus\/denda\/&#8221;][image_with_animation image_url=&#8221;19011&#8243; animation=&#8221;Fade In&#8221; hover_animation=&#8221;none&#8221; alignment=&#8221;&#8221; border_radius=&#8221;none&#8221; box_shadow=&#8221;none&#8221; image_loading=&#8221;default&#8221; max_width=&#8221;100%&#8221; max_width_mobile=&#8221;default&#8221;][vc_column_text]\n<h4>BIBA ARDOAK<\/h4>\n<p><strong>(Navarre)<\/strong><\/p>\n<p>Retrouvez les vins bio, biodynamiques et naturels du Pays Basque dans notre boutique en ligne. Vignerons basques sur le terrain. Les vins que nous distribuons sont pleins de vie et de plaisir, et nous voulons les partager et les appr\u00e9cier avec tous les habitants d&#8217;Euskadi.<\/p>\n<p><strong><a href=\"https:\/\/www.bibaardoak.eus\/denda\/\" target=\"_blank\" rel=\"noopener\">Visiter le magasin<\/a><\/strong>[\/vc_column_text][\/vc_column_inner][\/vc_row_inner][vc_row_inner column_margin=&#8221;default&#8221; column_direction=&#8221;default&#8221; column_direction_tablet=&#8221;default&#8221; column_direction_phone=&#8221;default&#8221; text_align=&#8221;left&#8221;][vc_column_inner column_padding=&#8221;no-extra-padding&#8221; column_padding_tablet=&#8221;inherit&#8221; column_padding_phone=&#8221;inherit&#8221; column_padding_position=&#8221;all&#8221; column_element_spacing=&#8221;default&#8221; background_color_opacity=&#8221;1&#8243; background_hover_color_opacity=&#8221;1&#8243; column_shadow=&#8221;none&#8221; column_border_radius=&#8221;none&#8221; column_link_target=&#8221;_blank&#8221; boxed=&#8221;true&#8221; gradient_direction=&#8221;left_to_right&#8221; overlay_strength=&#8221;0.3&#8243; width=&#8221;1\/3&#8243; tablet_width_inherit=&#8221;default&#8221; bg_image_animation=&#8221;none&#8221; border_type=&#8221;simple&#8221; column_border_width=&#8221;none&#8221; column_border_style=&#8221;solid&#8221; column_link=&#8221;https:\/\/sardetiksardeskara.com\/&#8221;][image_with_animation image_url=&#8221;19041&#8243; animation=&#8221;Fade In&#8221; hover_animation=&#8221;none&#8221; alignment=&#8221;&#8221; border_radius=&#8221;none&#8221; box_shadow=&#8221;none&#8221; image_loading=&#8221;default&#8221; max_width=&#8221;100%&#8221; max_width_mobile=&#8221;default&#8221;][vc_column_text]\n<h4>SARDETIK SARDESKARA<\/h4>\n<p><strong>(Navarre)<\/strong><\/p>\n<p>Dans cette application, vous pouvez acheter des aliments produits par les agriculteurs et les \u00e9leveurs de Navarre. Ce sont des aliments de qualit\u00e9, obtenus avec amour et soin pour que vous puissiez les d\u00e9guster quand vous le souhaitez.<\/p>\n<p><strong><a href=\"https:\/\/sardetiksardeskara.com\/\" target=\"_blank\" rel=\"noopener\">Visiter le magasin<\/a><\/strong>[\/vc_column_text][\/vc_column_inner][vc_column_inner column_padding=&#8221;no-extra-padding&#8221; column_padding_tablet=&#8221;inherit&#8221; column_padding_phone=&#8221;inherit&#8221; column_padding_position=&#8221;all&#8221; column_element_spacing=&#8221;default&#8221; background_color_opacity=&#8221;1&#8243; background_hover_color_opacity=&#8221;1&#8243; column_shadow=&#8221;none&#8221; column_border_radius=&#8221;none&#8221; column_link_target=&#8221;_blank&#8221; boxed=&#8221;true&#8221; gradient_direction=&#8221;left_to_right&#8221; overlay_strength=&#8221;0.3&#8243; width=&#8221;1\/3&#8243; tablet_width_inherit=&#8221;default&#8221; bg_image_animation=&#8221;none&#8221; border_type=&#8221;simple&#8221; column_border_width=&#8221;none&#8221; column_border_style=&#8221;solid&#8221; column_link=&#8221;https:\/\/conejosdenavarra.com\/tienda-online\/&#8221;][image_with_animation image_url=&#8221;19029&#8243; animation=&#8221;Fade In&#8221; hover_animation=&#8221;none&#8221; alignment=&#8221;&#8221; border_radius=&#8221;none&#8221; box_shadow=&#8221;none&#8221; image_loading=&#8221;default&#8221; max_width=&#8221;100%&#8221; max_width_mobile=&#8221;default&#8221;][vc_column_text]\n<h4>NARABA S. COOP.<\/h4>\n<p><strong>(Navarre)<\/strong><\/p>\n<p>Des \u00e9leveurs de lapins qui composent la Coop\u00e9rative NARABA, dont les \u00e9levages ont mis en place un Mode d&#8217;Elevage et des Contr\u00f4les stricts, donnant lieu \u00e0 la marque de qualit\u00e9 &#8220;Cricon&#8221;, avalis\u00e9e par l&#8217;entit\u00e9 en charge de l&#8217;audit des processus (Applus).<\/p>\n<p><strong><a href=\"https:\/\/conejosdenavarra.com\/tienda-online\/\" target=\"_blank\" rel=\"noopener\">Visiter le magasin<\/a><\/strong>[\/vc_column_text][\/vc_column_inner][vc_column_inner column_padding=&#8221;no-extra-padding&#8221; column_padding_tablet=&#8221;inherit&#8221; column_padding_phone=&#8221;inherit&#8221; column_padding_position=&#8221;all&#8221; column_element_spacing=&#8221;default&#8221; background_color_opacity=&#8221;1&#8243; background_hover_color_opacity=&#8221;1&#8243; column_shadow=&#8221;none&#8221; column_border_radius=&#8221;none&#8221; column_link_target=&#8221;_blank&#8221; boxed=&#8221;true&#8221; gradient_direction=&#8221;left_to_right&#8221; overlay_strength=&#8221;0.3&#8243; width=&#8221;1\/3&#8243; tablet_width_inherit=&#8221;default&#8221; bg_image_animation=&#8221;none&#8221; border_type=&#8221;simple&#8221; column_border_width=&#8221;none&#8221; column_border_style=&#8221;solid&#8221; column_link=&#8221;https:\/\/www.coope.com\/&#8221;][image_with_animation image_url=&#8221;19020&#8243; animation=&#8221;Fade In&#8221; hover_animation=&#8221;none&#8221; alignment=&#8221;&#8221; border_radius=&#8221;none&#8221; box_shadow=&#8221;none&#8221; image_loading=&#8221;default&#8221; max_width=&#8221;100%&#8221; max_width_mobile=&#8221;default&#8221;][vc_column_text]\n<h4>COOP\u00c9RATIVE D&#8217;HOSPITALIT\u00c9<\/h4>\n<p><strong>(Navarre)<\/strong><\/p>\n<p>Elle est n\u00e9e il y a plus de soixante-dix ans afin d&#8217;offrir \u00e0 l&#8217;h\u00f4telier les meilleurs prix. Aujourd&#8217;hui, Cooperativa compte 800 membres. La distribution s&#8217;effectue depuis l&#8217;entrep\u00f4t logistique de Zulueta et la vente directe se fait au Cash de Burlada, un espace ouvert o\u00f9 vous pouvez acheter tout ce que vous voulez, \u00e0 des prix tr\u00e8s comp\u00e9titifs, sans avoir \u00e0 \u00eatre h\u00f4telier. Cependant, le partenaire continue d&#8217;\u00eatre notre client prioritaire, obtenant de grands avantages.<\/p>\n<p><strong><a href=\"https:\/\/www.coope.com\/\" target=\"_blank\" rel=\"noopener\">Visiter le magasin<\/a><\/strong>[\/vc_column_text][\/vc_column_inner][\/vc_row_inner][vc_row_inner column_margin=&#8221;default&#8221; column_direction=&#8221;default&#8221; column_direction_tablet=&#8221;default&#8221; column_direction_phone=&#8221;default&#8221; text_align=&#8221;left&#8221;][vc_column_inner column_padding=&#8221;no-extra-padding&#8221; column_padding_tablet=&#8221;inherit&#8221; column_padding_phone=&#8221;inherit&#8221; column_padding_position=&#8221;all&#8221; column_element_spacing=&#8221;default&#8221; background_color_opacity=&#8221;1&#8243; background_hover_color_opacity=&#8221;1&#8243; column_shadow=&#8221;none&#8221; column_border_radius=&#8221;none&#8221; column_link_target=&#8221;_blank&#8221; boxed=&#8221;true&#8221; gradient_direction=&#8221;left_to_right&#8221; overlay_strength=&#8221;0.3&#8243; width=&#8221;1\/3&#8243; tablet_width_inherit=&#8221;default&#8221; bg_image_animation=&#8221;none&#8221; border_type=&#8221;simple&#8221; column_border_width=&#8221;none&#8221; column_border_style=&#8221;solid&#8221; column_link=&#8221;https:\/\/www.agneaudelaitdespyrenees.com\/&#8221;][image_with_animation image_url=&#8221;19002&#8243; animation=&#8221;Fade In&#8221; hover_animation=&#8221;none&#8221; alignment=&#8221;&#8221; border_radius=&#8221;none&#8221; box_shadow=&#8221;none&#8221; image_loading=&#8221;default&#8221; max_width=&#8221;100%&#8221; max_width_mobile=&#8221;default&#8221;][vc_column_text]\n<h4>AGNEAU DE LAIT DES PYRENEES<\/h4>\n<p><strong>(Pays basque)<\/strong><\/p>\n<p>Elle est n\u00e9e il y a plus de soixante-dix ans afin d&#8217;offrir \u00e0 l&#8217;h\u00f4telier les meilleurs prix. Aujourd&#8217;hui, Cooperativa compte 800 membres. La distribution s&#8217;effectue depuis l&#8217;entrep\u00f4t logistique de Zulueta et la vente directe se fait au Cash de Burlada, un espace ouvert o\u00f9 vous pouvez acheter tout ce que vous voulez, \u00e0 des prix tr\u00e8s comp\u00e9titifs, sans avoir \u00e0 \u00eatre h\u00f4telier. Cependant, le partenaire continue d&#8217;\u00eatre notre client prioritaire, obtenant de grands avantages.<\/p>\n<p><strong><a href=\"https:\/\/www.agneaudelaitdespyrenees.com\/\" target=\"_blank\" rel=\"noopener\">Visiter le magasin<\/a><\/strong>[\/vc_column_text][\/vc_column_inner][vc_column_inner column_padding=&#8221;no-extra-padding&#8221; column_padding_tablet=&#8221;inherit&#8221; column_padding_phone=&#8221;inherit&#8221; column_padding_position=&#8221;all&#8221; column_element_spacing=&#8221;default&#8221; background_color_opacity=&#8221;1&#8243; background_hover_color_opacity=&#8221;1&#8243; column_shadow=&#8221;none&#8221; column_border_radius=&#8221;none&#8221; column_link_target=&#8221;_blank&#8221; boxed=&#8221;true&#8221; gradient_direction=&#8221;left_to_right&#8221; overlay_strength=&#8221;0.3&#8243; width=&#8221;1\/3&#8243; tablet_width_inherit=&#8221;default&#8221; bg_image_animation=&#8221;none&#8221; border_type=&#8221;simple&#8221; column_border_width=&#8221;none&#8221; column_border_style=&#8221;solid&#8221; column_link=&#8221;https:\/\/xixtroak.com\/fr\/&#8221;][image_with_animation image_url=&#8221;19050&#8243; animation=&#8221;Fade In&#8221; hover_animation=&#8221;none&#8221; alignment=&#8221;&#8221; border_radius=&#8221;none&#8221; box_shadow=&#8221;none&#8221; image_loading=&#8221;default&#8221; max_width=&#8221;100%&#8221; max_width_mobile=&#8221;default&#8221;][vc_column_text]\n<h4>XIXTROAK<\/h4>\n<p><strong>(Pays basque)<\/strong><\/p>\n<p>Le collectif xixtroak regroupe 6 fermes sur le secteur d&#8217;hasparren et ses alentours. Producteurs et paysans, nos ouvriers notre terre avec passion et sommes convaincus qu&#8217;une agriculture paysanne a un avenir sur notre territoire mais aussi une plus grande \u00e9chelle. En tant que producteurs fermiers, nous ma\u00eetrisons notre production du d\u00e9but \u00e0 la fin puisque nous produisons, transformons et vendons nos produits nous m\u00eame.<\/p>\n<p><strong><a href=\"https:\/\/xixtroak.com\/fr\/\" target=\"_blank\" rel=\"noopener\">Visiter le magasin<\/a><\/strong>[\/vc_column_text][\/vc_column_inner][vc_column_inner column_padding=&#8221;no-extra-padding&#8221; column_padding_tablet=&#8221;inherit&#8221; column_padding_phone=&#8221;inherit&#8221; column_padding_position=&#8221;all&#8221; column_element_spacing=&#8221;default&#8221; background_color_opacity=&#8221;1&#8243; background_hover_color_opacity=&#8221;1&#8243; column_shadow=&#8221;none&#8221; column_border_radius=&#8221;none&#8221; column_link_target=&#8221;_blank&#8221; boxed=&#8221;true&#8221; gradient_direction=&#8221;left_to_right&#8221; overlay_strength=&#8221;0.3&#8243; width=&#8221;1\/3&#8243; tablet_width_inherit=&#8221;default&#8221; bg_image_animation=&#8221;none&#8221; border_type=&#8221;simple&#8221; column_border_width=&#8221;none&#8221; column_border_style=&#8221;solid&#8221; column_link=&#8221;https:\/\/freskoa.store\/&#8221;][image_with_animation image_url=&#8221;19035&#8243; animation=&#8221;Fade In&#8221; hover_animation=&#8221;none&#8221; alignment=&#8221;&#8221; border_radius=&#8221;none&#8221; box_shadow=&#8221;none&#8221; image_loading=&#8221;default&#8221; max_width=&#8221;100%&#8221; max_width_mobile=&#8221;default&#8221;][vc_column_text]\n<h4>FRESKOA<\/h4>\n<p><strong>(Pays basque)<\/strong><\/p>\n<p>Nous produisons basque. D\u00e9couvrez les produits basques propos\u00e9s par nos producteurs et artisans du Pays Basque et faites vous livrer le meilleur du Pays Basque dans un seul colis. C&#8217;est plus pratique et meilleur pour la plan\u00e8te. Tous les produits sont go\u00fbt\u00e9s et valid\u00e9s par Freskoa.<\/p>\n<p><strong><a href=\"https:\/\/freskoa.store\/\" target=\"_blank\" rel=\"noopener\">Visiter le magasin<\/a><\/strong>[\/vc_column_text][\/vc_column_inner][\/vc_row_inner][vc_row_inner column_margin=&#8221;default&#8221; column_direction=&#8221;default&#8221; column_direction_tablet=&#8221;default&#8221; column_direction_phone=&#8221;default&#8221; text_align=&#8221;left&#8221;][vc_column_inner column_padding=&#8221;no-extra-padding&#8221; column_padding_tablet=&#8221;inherit&#8221; column_padding_phone=&#8221;inherit&#8221; column_padding_position=&#8221;all&#8221; column_element_spacing=&#8221;default&#8221; background_color_opacity=&#8221;1&#8243; background_hover_color_opacity=&#8221;1&#8243; column_shadow=&#8221;none&#8221; column_border_radius=&#8221;none&#8221; column_link_target=&#8221;_blank&#8221; boxed=&#8221;true&#8221; gradient_direction=&#8221;left_to_right&#8221; overlay_strength=&#8221;0.3&#8243; width=&#8221;1\/3&#8243; tablet_width_inherit=&#8221;default&#8221; bg_image_animation=&#8221;none&#8221; border_type=&#8221;simple&#8221; column_border_width=&#8221;none&#8221; column_border_style=&#8221;solid&#8221; column_link=&#8221;https:\/\/www.colmadoezcaray.com\/&#8221;][image_with_animation image_url=&#8221;36283&#8243; animation=&#8221;Fade In&#8221; hover_animation=&#8221;none&#8221; alignment=&#8221;&#8221; border_radius=&#8221;none&#8221; box_shadow=&#8221;none&#8221; image_loading=&#8221;default&#8221; max_width=&#8221;100%&#8221; max_width_mobile=&#8221;default&#8221;][vc_column_text]\n<h4>LE COLMADO D&#8217;EZCARAY<\/h4>\n<p><strong>(La Rioja)<\/strong><\/p>\n<p>El Colmado de Ezcaray est un adorable magasin familial situ\u00e9 dans la belle ville d&#8217;Ezcaray (La Rioja). Ax\u00e9 sur la vente et la d\u00e9gustation des meilleurs produits maison, liqueurs et vins, tous issus d&#8217;artisans locaux avec des productions limit\u00e9es. Mat\u00edas et Mila, parents, ont commenc\u00e9 le 1er juillet 1997 ce qui jusqu&#8217;alors n&#8217;\u00e9tait qu&#8217;un r\u00eave et qui est devenu une belle r\u00e9alit\u00e9. Aujourd&#8217;hui, nous les enfants, avec l&#8217;aide de nos parents, continuons avec la m\u00eame philosophie et le m\u00eame enthousiasme, \u00e0 la recherche de nouveaux produits artisanaux et \u00e0 nous surprendre, jour apr\u00e8s jour, par la qualit\u00e9 de nos produits locaux.<\/p>\n<p><strong><a href=\"https:\/\/www.colmadoezcaray.com\/\" target=\"_blank\" rel=\"noopener\">Visiter le magasin<\/a><\/strong>[\/vc_column_text][\/vc_column_inner][vc_column_inner column_padding=&#8221;no-extra-padding&#8221; column_padding_tablet=&#8221;inherit&#8221; column_padding_phone=&#8221;inherit&#8221; column_padding_position=&#8221;all&#8221; column_element_spacing=&#8221;default&#8221; background_color_opacity=&#8221;1&#8243; background_hover_color_opacity=&#8221;1&#8243; column_shadow=&#8221;none&#8221; column_border_radius=&#8221;none&#8221; column_link_target=&#8221;_blank&#8221; gradient_direction=&#8221;left_to_right&#8221; overlay_strength=&#8221;0.3&#8243; width=&#8221;1\/3&#8243; tablet_width_inherit=&#8221;default&#8221; bg_image_animation=&#8221;none&#8221; border_type=&#8221;simple&#8221; column_border_width=&#8221;none&#8221; column_border_style=&#8221;solid&#8221; column_link=&#8221;https:\/\/xixtroak.com\/fr\/&#8221;][\/vc_column_inner][vc_column_inner column_padding=&#8221;no-extra-padding&#8221; column_padding_tablet=&#8221;inherit&#8221; column_padding_phone=&#8221;inherit&#8221; column_padding_position=&#8221;all&#8221; column_element_spacing=&#8221;default&#8221; background_color_opacity=&#8221;1&#8243; background_hover_color_opacity=&#8221;1&#8243; column_shadow=&#8221;none&#8221; column_border_radius=&#8221;none&#8221; column_link_target=&#8221;_blank&#8221; gradient_direction=&#8221;left_to_right&#8221; overlay_strength=&#8221;0.3&#8243; width=&#8221;1\/3&#8243; tablet_width_inherit=&#8221;default&#8221; bg_image_animation=&#8221;none&#8221; border_type=&#8221;simple&#8221; column_border_width=&#8221;none&#8221; column_border_style=&#8221;solid&#8221; column_link=&#8221;https:\/\/freskoa.store\/&#8221;][\/vc_column_inner][\/vc_row_inner][\/tab][tab icon_family=&#8221;none&#8221; title=&#8221;Breuvages&#8221; id=&#8221;1660212779541-0&#8243; tab_id=&#8221;1660212779541-0&#8243;][vc_column_text]\n<h2>Breuvages<\/h2>\n[\/vc_column_text][vc_row_inner column_margin=&#8221;default&#8221; column_direction=&#8221;default&#8221; column_direction_tablet=&#8221;default&#8221; column_direction_phone=&#8221;default&#8221; text_align=&#8221;left&#8221;][vc_column_inner column_padding=&#8221;no-extra-padding&#8221; column_padding_tablet=&#8221;inherit&#8221; column_padding_phone=&#8221;inherit&#8221; column_padding_position=&#8221;all&#8221; column_element_spacing=&#8221;default&#8221; background_color_opacity=&#8221;1&#8243; background_hover_color_opacity=&#8221;1&#8243; column_shadow=&#8221;none&#8221; column_border_radius=&#8221;none&#8221; column_link_target=&#8221;_blank&#8221; boxed=&#8221;true&#8221; gradient_direction=&#8221;left_to_right&#8221; overlay_strength=&#8221;0.3&#8243; width=&#8221;1\/3&#8243; tablet_width_inherit=&#8221;default&#8221; bg_image_animation=&#8221;none&#8221; border_type=&#8221;simple&#8221; column_border_width=&#8221;none&#8221; column_border_style=&#8221;solid&#8221; column_link=&#8221;https:\/\/www.reynoartesano.com\/&#8221;][image_with_animation image_url=&#8221;19038&#8243; animation=&#8221;Fade In&#8221; hover_animation=&#8221;none&#8221; alignment=&#8221;&#8221; border_radius=&#8221;none&#8221; box_shadow=&#8221;none&#8221; image_loading=&#8221;default&#8221; max_width=&#8221;100%&#8221; max_width_mobile=&#8221;default&#8221;][vc_column_text]\n<h4>NAPARBIDEAK<\/h4>\n<p><strong>(Navarre)<\/strong><\/p>\n<p>L&#8217;\u00e9picerie artisanale de Navarre, une marque qui certifie l&#8217;utilisation de mati\u00e8res premi\u00e8res de premi\u00e8re qualit\u00e9 et son processus de production respecte ou imite les processus naturels.<\/p>\n<p><strong><a href=\"https:\/\/www.reynoartesano.com\/\" target=\"_blank\" rel=\"noopener\">Visiter le magasin<\/a><\/strong>[\/vc_column_text][\/vc_column_inner][vc_column_inner column_padding=&#8221;no-extra-padding&#8221; column_padding_tablet=&#8221;inherit&#8221; column_padding_phone=&#8221;inherit&#8221; column_padding_position=&#8221;all&#8221; column_element_spacing=&#8221;default&#8221; background_color_opacity=&#8221;1&#8243; background_hover_color_opacity=&#8221;1&#8243; column_shadow=&#8221;none&#8221; column_border_radius=&#8221;none&#8221; column_link_target=&#8221;_blank&#8221; boxed=&#8221;true&#8221; gradient_direction=&#8221;left_to_right&#8221; overlay_strength=&#8221;0.3&#8243; width=&#8221;1\/3&#8243; tablet_width_inherit=&#8221;default&#8221; bg_image_animation=&#8221;none&#8221; border_type=&#8221;simple&#8221; column_border_width=&#8221;none&#8221; column_border_style=&#8221;solid&#8221; column_link=&#8221;https:\/\/www.ekoalde.org\/es&#8221;][image_with_animation image_url=&#8221;19032&#8243; animation=&#8221;Fade In&#8221; hover_animation=&#8221;none&#8221; alignment=&#8221;&#8221; border_radius=&#8221;none&#8221; box_shadow=&#8221;none&#8221; image_loading=&#8221;default&#8221; max_width=&#8221;100%&#8221; max_width_mobile=&#8221;default&#8221;][vc_column_text]\n<h4>\u00c9KOALDE<\/h4>\n<p><strong>(Navarre)<\/strong><\/p>\n<p>Association de producteurs et transformateurs d&#8217;aliments biologiques de Navarre dont l&#8217;objectif est de cr\u00e9er et de promouvoir des circuits courts de distribution pour renforcer l&#8217;activit\u00e9 du secteur ainsi que la valorisation des produits biologiques produits et transform\u00e9s en Navarre.<\/p>\n<p><strong><a href=\"https:\/\/www.ekoalde.org\/es\" target=\"_blank\" rel=\"noopener\">Visiter le magasin<\/a><\/strong>[\/vc_column_text][\/vc_column_inner][vc_column_inner column_padding=&#8221;no-extra-padding&#8221; column_padding_tablet=&#8221;inherit&#8221; column_padding_phone=&#8221;inherit&#8221; column_padding_position=&#8221;all&#8221; column_element_spacing=&#8221;default&#8221; background_color_opacity=&#8221;1&#8243; background_hover_color_opacity=&#8221;1&#8243; column_shadow=&#8221;none&#8221; column_border_radius=&#8221;none&#8221; column_link_target=&#8221;_blank&#8221; boxed=&#8221;true&#8221; gradient_direction=&#8221;left_to_right&#8221; overlay_strength=&#8221;0.3&#8243; width=&#8221;1\/3&#8243; tablet_width_inherit=&#8221;default&#8221; bg_image_animation=&#8221;none&#8221; border_type=&#8221;simple&#8221; column_border_width=&#8221;none&#8221; column_border_style=&#8221;solid&#8221; column_link=&#8221;https:\/\/www.coope.com\/&#8221;][image_with_animation image_url=&#8221;19020&#8243; animation=&#8221;Fade In&#8221; hover_animation=&#8221;none&#8221; alignment=&#8221;&#8221; border_radius=&#8221;none&#8221; box_shadow=&#8221;none&#8221; image_loading=&#8221;default&#8221; max_width=&#8221;100%&#8221; max_width_mobile=&#8221;default&#8221;][vc_column_text]\n<h4>COOP\u00c9RATIVE D&#8217;HOSPITALIT\u00c9<\/h4>\n<p><strong>(Navarre)<\/strong><\/p>\n<p>Elle est n\u00e9e il y a plus de soixante-dix ans afin d&#8217;offrir \u00e0 l&#8217;h\u00f4telier les meilleurs prix. Aujourd&#8217;hui, Cooperativa compte 800 membres. La distribution s&#8217;effectue depuis l&#8217;entrep\u00f4t logistique de Zulueta et la vente directe se fait au Cash de Burlada, un espace ouvert o\u00f9 vous pouvez acheter tout ce que vous voulez, \u00e0 des prix tr\u00e8s comp\u00e9titifs, sans avoir \u00e0 \u00eatre h\u00f4telier. Cependant, le partenaire continue d&#8217;\u00eatre notre client prioritaire, obtenant de grands avantages.<\/p>\n<p><strong><a href=\"https:\/\/www.coope.com\/\" target=\"_blank\" rel=\"noopener\">Visiter le magasin<\/a><\/strong>[\/vc_column_text][\/vc_column_inner][\/vc_row_inner][vc_row_inner column_margin=&#8221;default&#8221; column_direction=&#8221;default&#8221; column_direction_tablet=&#8221;default&#8221; column_direction_phone=&#8221;default&#8221; text_align=&#8221;left&#8221;][vc_column_inner column_padding=&#8221;no-extra-padding&#8221; column_padding_tablet=&#8221;inherit&#8221; column_padding_phone=&#8221;inherit&#8221; column_padding_position=&#8221;all&#8221; column_element_spacing=&#8221;default&#8221; background_color_opacity=&#8221;1&#8243; background_hover_color_opacity=&#8221;1&#8243; column_shadow=&#8221;none&#8221; column_border_radius=&#8221;none&#8221; column_link_target=&#8221;_blank&#8221; boxed=&#8221;true&#8221; gradient_direction=&#8221;left_to_right&#8221; overlay_strength=&#8221;0.3&#8243; width=&#8221;1\/3&#8243; tablet_width_inherit=&#8221;default&#8221; bg_image_animation=&#8221;none&#8221; border_type=&#8221;simple&#8221; column_border_width=&#8221;none&#8221; column_border_style=&#8221;solid&#8221; column_link=&#8221;https:\/\/www.reynoartesano.com\/&#8221;][image_with_animation image_url=&#8221;34870&#8243; animation=&#8221;Fade In&#8221; hover_animation=&#8221;none&#8221; alignment=&#8221;&#8221; border_radius=&#8221;none&#8221; box_shadow=&#8221;none&#8221; image_loading=&#8221;default&#8221; max_width=&#8221;100%&#8221; max_width_mobile=&#8221;default&#8221;][vc_column_text]\n<h4>BAINE LIQUEURS<\/h4>\n<p><strong>(Navarre)<\/strong><\/p>\n<div>1844 !! Plus de 170 ans se sont \u00e9coul\u00e9s depuis la cr\u00e9ation de cette petite entreprise familiale<\/div>\n<div>d\u00e9di\u00e9e \u00e0 la fabrication de liqueurs, spiritueux et compos\u00e9s avec une seule philosophie : rechercher<\/div>\n<div>l&#8217;excellence.<\/div>\n<div><\/div>\n<div>Nous maintenons la tradition et le savoir-faire que nos pr\u00e9d\u00e9cesseurs nous ont appris et<\/div>\n<div>nous recherchons les mati\u00e8res premi\u00e8res optimales pour fabriquer nos produits, en obtenant<\/div>\n<div>que l&#8217;exp\u00e9rience en les essayant est unique.<\/div>\n<div><\/div>\n<div>C&#8217;est pourquoi aujourd&#8217;hui les produits de cette entreprise familiale se positionnent<\/div>\n<div>aux postes les plus \u00e9lev\u00e9s. Trois g\u00e9n\u00e9rations de liqueurs, comme toujours, comme toi<\/div>\n<div>tu le fais.<\/div>\n<p><strong><a href=\"https:\/\/www.pacharan.com\/tienda\" target=\"_blank\" rel=\"noopener\">Visiter le magasin<\/a><\/strong>[\/vc_column_text][\/vc_column_inner][vc_column_inner column_padding=&#8221;no-extra-padding&#8221; column_padding_tablet=&#8221;inherit&#8221; column_padding_phone=&#8221;inherit&#8221; column_padding_position=&#8221;all&#8221; column_element_spacing=&#8221;default&#8221; background_color_opacity=&#8221;1&#8243; background_hover_color_opacity=&#8221;1&#8243; column_shadow=&#8221;none&#8221; column_border_radius=&#8221;none&#8221; column_link_target=&#8221;_blank&#8221; boxed=&#8221;true&#8221; gradient_direction=&#8221;left_to_right&#8221; overlay_strength=&#8221;0.3&#8243; width=&#8221;1\/3&#8243; tablet_width_inherit=&#8221;default&#8221; bg_image_animation=&#8221;none&#8221; border_type=&#8221;simple&#8221; column_border_width=&#8221;none&#8221; column_border_style=&#8221;solid&#8221; column_link=&#8221;https:\/\/www.colmadoezcaray.com\/&#8221;][image_with_animation image_url=&#8221;36283&#8243; animation=&#8221;Fade In&#8221; hover_animation=&#8221;none&#8221; alignment=&#8221;&#8221; border_radius=&#8221;none&#8221; box_shadow=&#8221;none&#8221; image_loading=&#8221;default&#8221; max_width=&#8221;100%&#8221; max_width_mobile=&#8221;default&#8221;][vc_column_text]\n<h4>LE COLMADO D&#8217;EZCARAY<\/h4>\n<p><strong>(La Rioja)<\/strong><\/p>\n<p>El Colmado de Ezcaray est un adorable magasin familial situ\u00e9 dans la belle ville d&#8217;Ezcaray (La Rioja). Ax\u00e9 sur la vente et la d\u00e9gustation des meilleurs produits maison, liqueurs et vins, tous issus d&#8217;artisans locaux avec des productions limit\u00e9es. Mat\u00edas et Mila, parents, ont commenc\u00e9 le 1er juillet 1997 ce qui jusqu&#8217;alors n&#8217;\u00e9tait qu&#8217;un r\u00eave et qui est devenu une belle r\u00e9alit\u00e9. Aujourd&#8217;hui, nous les enfants, avec l&#8217;aide de nos parents, continuons avec la m\u00eame philosophie et le m\u00eame enthousiasme, \u00e0 la recherche de nouveaux produits artisanaux et \u00e0 nous surprendre, jour apr\u00e8s jour, par la qualit\u00e9 de nos produits locaux.<\/p>\n<p><strong><a href=\"https:\/\/www.colmadoezcaray.com\/\" target=\"_blank\" rel=\"noopener\">Visiter le magasin<\/a><\/strong>[\/vc_column_text][\/vc_column_inner][\/vc_row_inner][\/tab][tab icon_family=&#8221;none&#8221; title=&#8221;Viande et saucisses&#8221; id=&#8221;1660212779751-4&#8243; tab_id=&#8221;1660212779752-4&#8243;][vc_column_text]\n<h2>Viande et saucisses<\/h2>\n[\/vc_column_text][vc_row_inner column_margin=&#8221;default&#8221; column_direction=&#8221;default&#8221; column_direction_tablet=&#8221;default&#8221; column_direction_phone=&#8221;default&#8221; text_align=&#8221;left&#8221;][vc_column_inner column_padding=&#8221;no-extra-padding&#8221; column_padding_tablet=&#8221;inherit&#8221; column_padding_phone=&#8221;inherit&#8221; column_padding_position=&#8221;all&#8221; column_element_spacing=&#8221;default&#8221; background_color_opacity=&#8221;1&#8243; background_hover_color_opacity=&#8221;1&#8243; column_shadow=&#8221;none&#8221; column_border_radius=&#8221;none&#8221; column_link_target=&#8221;_blank&#8221; boxed=&#8221;true&#8221; gradient_direction=&#8221;left_to_right&#8221; overlay_strength=&#8221;0.3&#8243; width=&#8221;1\/3&#8243; tablet_width_inherit=&#8221;default&#8221; bg_image_animation=&#8221;none&#8221; border_type=&#8221;simple&#8221; column_border_width=&#8221;none&#8221; column_border_style=&#8221;solid&#8221; column_link=&#8221;https:\/\/www.reynoartesano.com\/&#8221;][image_with_animation image_url=&#8221;19038&#8243; animation=&#8221;Fade In&#8221; hover_animation=&#8221;none&#8221; alignment=&#8221;&#8221; border_radius=&#8221;none&#8221; box_shadow=&#8221;none&#8221; image_loading=&#8221;default&#8221; max_width=&#8221;100%&#8221; max_width_mobile=&#8221;default&#8221;][vc_column_text]\n<h4>NAPARBIDEAK<\/h4>\n<p><strong>(Navarre)<\/strong><\/p>\n<p>L&#8217;\u00e9picerie artisanale de Navarre, une marque qui certifie l&#8217;utilisation de mati\u00e8res premi\u00e8res de premi\u00e8re qualit\u00e9 et son processus de production respecte ou imite les processus naturels.<\/p>\n<p><strong><a href=\"https:\/\/www.reynoartesano.com\/\" target=\"_blank\" rel=\"noopener\">Visiter le magasin<\/a><\/strong>[\/vc_column_text][\/vc_column_inner][vc_column_inner column_padding=&#8221;no-extra-padding&#8221; column_padding_tablet=&#8221;inherit&#8221; column_padding_phone=&#8221;inherit&#8221; column_padding_position=&#8221;all&#8221; column_element_spacing=&#8221;default&#8221; background_color_opacity=&#8221;1&#8243; background_hover_color_opacity=&#8221;1&#8243; column_shadow=&#8221;none&#8221; column_border_radius=&#8221;none&#8221; column_link_target=&#8221;_blank&#8221; boxed=&#8221;true&#8221; gradient_direction=&#8221;left_to_right&#8221; overlay_strength=&#8221;0.3&#8243; width=&#8221;1\/3&#8243; tablet_width_inherit=&#8221;default&#8221; bg_image_animation=&#8221;none&#8221; border_type=&#8221;simple&#8221; column_border_width=&#8221;none&#8221; column_border_style=&#8221;solid&#8221; column_link=&#8221;https:\/\/www.ekoalde.org\/es&#8221;][image_with_animation image_url=&#8221;19032&#8243; animation=&#8221;Fade In&#8221; hover_animation=&#8221;none&#8221; alignment=&#8221;&#8221; border_radius=&#8221;none&#8221; box_shadow=&#8221;none&#8221; image_loading=&#8221;default&#8221; max_width=&#8221;100%&#8221; max_width_mobile=&#8221;default&#8221;][vc_column_text]\n<h4>\u00c9KOALDE<\/h4>\n<p><strong>(Navarre)<\/strong><\/p>\n<p>Association de producteurs et transformateurs d&#8217;aliments biologiques de Navarre dont l&#8217;objectif est de cr\u00e9er et de promouvoir des circuits courts de distribution pour renforcer l&#8217;activit\u00e9 du secteur ainsi que la valorisation des produits biologiques produits et transform\u00e9s en Navarre.<\/p>\n<p><strong><a href=\"https:\/\/www.ekoalde.org\/es\" target=\"_blank\" rel=\"noopener\">Visiter le magasin<\/a><\/strong>[\/vc_column_text][\/vc_column_inner][vc_column_inner column_padding=&#8221;no-extra-padding&#8221; column_padding_tablet=&#8221;inherit&#8221; column_padding_phone=&#8221;inherit&#8221; column_padding_position=&#8221;all&#8221; column_element_spacing=&#8221;default&#8221; background_color_opacity=&#8221;1&#8243; background_hover_color_opacity=&#8221;1&#8243; column_shadow=&#8221;none&#8221; column_border_radius=&#8221;none&#8221; column_link_target=&#8221;_blank&#8221; boxed=&#8221;true&#8221; gradient_direction=&#8221;left_to_right&#8221; overlay_strength=&#8221;0.3&#8243; width=&#8221;1\/3&#8243; tablet_width_inherit=&#8221;default&#8221; bg_image_animation=&#8221;none&#8221; border_type=&#8221;simple&#8221; column_border_width=&#8221;none&#8221; column_border_style=&#8221;solid&#8221; column_link=&#8221;http:\/\/www.carneecologicanavarra.com\/&#8221;][image_with_animation image_url=&#8221;19044&#8243; animation=&#8221;Fade In&#8221; hover_animation=&#8221;none&#8221; alignment=&#8221;&#8221; border_radius=&#8221;none&#8221; box_shadow=&#8221;none&#8221; image_loading=&#8221;default&#8221; max_width=&#8221;100%&#8221; max_width_mobile=&#8221;default&#8221;][vc_column_text]\n<h4>BL\u00c9 PROPRE<\/h4>\n<p><strong>(Navarre)<\/strong><\/p>\n<p>Chez Trigo Limpio, nous voulons unir nos forces et miser sur une relation directe avec le consommateur \u00e0 travers la vente directe, sans interm\u00e9diaires, avec un march\u00e9 transparent et de confiance mutuelle.<\/p>\n<p><strong><a href=\"http:\/\/www.carneecologicanavarra.com\/\" target=\"_blank\" rel=\"noopener\">Visiter le magasin<\/a><\/strong>[\/vc_column_text][\/vc_column_inner][\/vc_row_inner][vc_row_inner column_margin=&#8221;default&#8221; column_direction=&#8221;default&#8221; column_direction_tablet=&#8221;default&#8221; column_direction_phone=&#8221;default&#8221; text_align=&#8221;left&#8221;][vc_column_inner column_padding=&#8221;no-extra-padding&#8221; column_padding_tablet=&#8221;inherit&#8221; column_padding_phone=&#8221;inherit&#8221; column_padding_position=&#8221;all&#8221; column_element_spacing=&#8221;default&#8221; background_color_opacity=&#8221;1&#8243; background_hover_color_opacity=&#8221;1&#8243; column_shadow=&#8221;none&#8221; column_border_radius=&#8221;none&#8221; column_link_target=&#8221;_blank&#8221; boxed=&#8221;true&#8221; gradient_direction=&#8221;left_to_right&#8221; overlay_strength=&#8221;0.3&#8243; width=&#8221;1\/3&#8243; tablet_width_inherit=&#8221;default&#8221; bg_image_animation=&#8221;none&#8221; border_type=&#8221;simple&#8221; column_border_width=&#8221;none&#8221; column_border_style=&#8221;solid&#8221; column_link=&#8221;https:\/\/sardetiksardeskara.com\/&#8221;][image_with_animation image_url=&#8221;19041&#8243; animation=&#8221;Fade In&#8221; hover_animation=&#8221;none&#8221; alignment=&#8221;&#8221; border_radius=&#8221;none&#8221; box_shadow=&#8221;none&#8221; image_loading=&#8221;default&#8221; max_width=&#8221;100%&#8221; max_width_mobile=&#8221;default&#8221;][vc_column_text]\n<h4>SARDETIK SARDESKARA<\/h4>\n<p><strong>(Navarre)<\/strong><\/p>\n<p>Dans cette application, vous pouvez acheter des aliments produits par les agriculteurs et les \u00e9leveurs de Navarre. Ce sont des aliments de qualit\u00e9, obtenus avec amour et soin pour que vous puissiez les d\u00e9guster quand vous le souhaitez.<\/p>\n<p><strong><a href=\"https:\/\/sardetiksardeskara.com\/\" target=\"_blank\" rel=\"noopener\">Visiter le magasin<\/a><\/strong>[\/vc_column_text][\/vc_column_inner][vc_column_inner column_padding=&#8221;no-extra-padding&#8221; column_padding_tablet=&#8221;inherit&#8221; column_padding_phone=&#8221;inherit&#8221; column_padding_position=&#8221;all&#8221; column_element_spacing=&#8221;default&#8221; background_color_opacity=&#8221;1&#8243; background_hover_color_opacity=&#8221;1&#8243; column_shadow=&#8221;none&#8221; column_border_radius=&#8221;none&#8221; column_link_target=&#8221;_blank&#8221; boxed=&#8221;true&#8221; gradient_direction=&#8221;left_to_right&#8221; overlay_strength=&#8221;0.3&#8243; width=&#8221;1\/3&#8243; tablet_width_inherit=&#8221;default&#8221; bg_image_animation=&#8221;none&#8221; border_type=&#8221;simple&#8221; column_border_width=&#8221;none&#8221; column_border_style=&#8221;solid&#8221; column_link=&#8221;https:\/\/conejosdenavarra.com\/tienda-online\/&#8221;][image_with_animation image_url=&#8221;19029&#8243; animation=&#8221;Fade In&#8221; hover_animation=&#8221;none&#8221; alignment=&#8221;&#8221; border_radius=&#8221;none&#8221; box_shadow=&#8221;none&#8221; image_loading=&#8221;default&#8221; max_width=&#8221;100%&#8221; max_width_mobile=&#8221;default&#8221;][vc_column_text]\n<h4>NARABA S. COOP.<\/h4>\n<p><strong>(Navarre)<\/strong><\/p>\n<p>Des \u00e9leveurs de lapins qui composent la Coop\u00e9rative NARABA, dont les \u00e9levages ont mis en place un Mode d&#8217;Elevage et des Contr\u00f4les stricts, donnant lieu \u00e0 la marque de qualit\u00e9 &#8220;Cricon&#8221;, avalis\u00e9e par l&#8217;entit\u00e9 en charge de l&#8217;audit des processus (Applus).<\/p>\n<p><strong><a href=\"https:\/\/conejosdenavarra.com\/tienda-online\/\" target=\"_blank\" rel=\"noopener\">Visiter le magasin<\/a><\/strong>[\/vc_column_text][\/vc_column_inner][vc_column_inner column_padding=&#8221;no-extra-padding&#8221; column_padding_tablet=&#8221;inherit&#8221; column_padding_phone=&#8221;inherit&#8221; column_padding_position=&#8221;all&#8221; column_element_spacing=&#8221;default&#8221; background_color_opacity=&#8221;1&#8243; background_hover_color_opacity=&#8221;1&#8243; column_shadow=&#8221;none&#8221; column_border_radius=&#8221;none&#8221; column_link_target=&#8221;_blank&#8221; boxed=&#8221;true&#8221; gradient_direction=&#8221;left_to_right&#8221; overlay_strength=&#8221;0.3&#8243; width=&#8221;1\/3&#8243; tablet_width_inherit=&#8221;default&#8221; bg_image_animation=&#8221;none&#8221; border_type=&#8221;simple&#8221; column_border_width=&#8221;none&#8221; column_border_style=&#8221;solid&#8221; column_link=&#8221;https:\/\/www.coope.com\/&#8221;][image_with_animation image_url=&#8221;19020&#8243; animation=&#8221;Fade In&#8221; hover_animation=&#8221;none&#8221; alignment=&#8221;&#8221; border_radius=&#8221;none&#8221; box_shadow=&#8221;none&#8221; image_loading=&#8221;default&#8221; max_width=&#8221;100%&#8221; max_width_mobile=&#8221;default&#8221;][vc_column_text]\n<h4>COOP\u00c9RATIVE D&#8217;HOSPITALIT\u00c9<\/h4>\n<p><strong>(Navarre)<\/strong><\/p>\n<p>Elle est n\u00e9e il y a plus de soixante-dix ans afin d&#8217;offrir \u00e0 l&#8217;h\u00f4telier les meilleurs prix. Aujourd&#8217;hui, Cooperativa compte 800 membres. La distribution s&#8217;effectue depuis l&#8217;entrep\u00f4t logistique de Zulueta et la vente directe se fait au Cash de Burlada, un espace ouvert o\u00f9 vous pouvez acheter tout ce que vous voulez, \u00e0 des prix tr\u00e8s comp\u00e9titifs, sans avoir \u00e0 \u00eatre h\u00f4telier. Cependant, le partenaire continue d&#8217;\u00eatre notre client prioritaire, obtenant de grands avantages.<\/p>\n<p><strong><a href=\"https:\/\/www.coope.com\/\" target=\"_blank\" rel=\"noopener\">Visiter le magasin<\/a><\/strong>[\/vc_column_text][\/vc_column_inner][\/vc_row_inner][vc_row_inner column_margin=&#8221;default&#8221; column_direction=&#8221;default&#8221; column_direction_tablet=&#8221;default&#8221; column_direction_phone=&#8221;default&#8221; text_align=&#8221;left&#8221;][vc_column_inner column_padding=&#8221;no-extra-padding&#8221; column_padding_tablet=&#8221;inherit&#8221; column_padding_phone=&#8221;inherit&#8221; column_padding_position=&#8221;all&#8221; column_element_spacing=&#8221;default&#8221; background_color_opacity=&#8221;1&#8243; background_hover_color_opacity=&#8221;1&#8243; column_shadow=&#8221;none&#8221; column_border_radius=&#8221;none&#8221; column_link_target=&#8221;_blank&#8221; boxed=&#8221;true&#8221; gradient_direction=&#8221;left_to_right&#8221; overlay_strength=&#8221;0.3&#8243; width=&#8221;1\/3&#8243; tablet_width_inherit=&#8221;default&#8221; bg_image_animation=&#8221;none&#8221; border_type=&#8221;simple&#8221; column_border_width=&#8221;none&#8221; column_border_style=&#8221;solid&#8221; column_link=&#8221;https:\/\/www.agneaudelaitdespyrenees.com\/&#8221;][image_with_animation image_url=&#8221;19002&#8243; animation=&#8221;Fade In&#8221; hover_animation=&#8221;none&#8221; alignment=&#8221;&#8221; border_radius=&#8221;none&#8221; box_shadow=&#8221;none&#8221; image_loading=&#8221;default&#8221; max_width=&#8221;100%&#8221; max_width_mobile=&#8221;default&#8221;][vc_column_text]\n<h4>AGNEAU DE LAIT DES PYRENEES<\/h4>\n<p><strong>(Pays basque)<\/strong><\/p>\n<p>Elle est n\u00e9e il y a plus de soixante-dix ans afin d&#8217;offrir \u00e0 l&#8217;h\u00f4telier les meilleurs prix. Aujourd&#8217;hui, Cooperativa compte 800 membres. La distribution s&#8217;effectue depuis l&#8217;entrep\u00f4t logistique de Zulueta et la vente directe se fait au Cash de Burlada, un espace ouvert o\u00f9 vous pouvez acheter tout ce que vous voulez, \u00e0 des prix tr\u00e8s comp\u00e9titifs, sans avoir \u00e0 \u00eatre h\u00f4telier. Cependant, le partenaire continue d&#8217;\u00eatre notre client prioritaire, obtenant de grands avantages.<\/p>\n<p><strong><a href=\"https:\/\/www.agneaudelaitdespyrenees.com\/\" target=\"_blank\" rel=\"noopener\">Visiter le magasin<\/a><\/strong>[\/vc_column_text][\/vc_column_inner][vc_column_inner column_padding=&#8221;no-extra-padding&#8221; column_padding_tablet=&#8221;inherit&#8221; column_padding_phone=&#8221;inherit&#8221; column_padding_position=&#8221;all&#8221; column_element_spacing=&#8221;default&#8221; background_color_opacity=&#8221;1&#8243; background_hover_color_opacity=&#8221;1&#8243; column_shadow=&#8221;none&#8221; column_border_radius=&#8221;none&#8221; column_link_target=&#8221;_blank&#8221; boxed=&#8221;true&#8221; gradient_direction=&#8221;left_to_right&#8221; overlay_strength=&#8221;0.3&#8243; width=&#8221;1\/3&#8243; tablet_width_inherit=&#8221;default&#8221; bg_image_animation=&#8221;none&#8221; border_type=&#8221;simple&#8221; column_border_width=&#8221;none&#8221; column_border_style=&#8221;solid&#8221; column_link=&#8221;https:\/\/xixtroak.com\/fr\/&#8221;][image_with_animation image_url=&#8221;19050&#8243; animation=&#8221;Fade In&#8221; hover_animation=&#8221;none&#8221; alignment=&#8221;&#8221; border_radius=&#8221;none&#8221; box_shadow=&#8221;none&#8221; image_loading=&#8221;default&#8221; max_width=&#8221;100%&#8221; max_width_mobile=&#8221;default&#8221;][vc_column_text]\n<h4>XIXTROAK<\/h4>\n<p><strong>(Pays basque)<\/strong><\/p>\n<p>Le collectif xixtroak regroupe 6 fermes sur le secteur d&#8217;hasparren et ses alentours. Producteurs et paysans, nos ouvriers notre terre avec passion et sommes convaincus qu&#8217;une agriculture paysanne a un avenir sur notre territoire mais aussi une plus grande \u00e9chelle. En tant que producteurs fermiers, nous ma\u00eetrisons notre production du d\u00e9but \u00e0 la fin puisque nous produisons, transformons et vendons nos produits nous m\u00eame.<\/p>\n<p><strong><a href=\"https:\/\/xixtroak.com\/fr\/\" target=\"_blank\" rel=\"noopener\">Visiter le magasin<\/a><\/strong>[\/vc_column_text][\/vc_column_inner][vc_column_inner column_padding=&#8221;no-extra-padding&#8221; column_padding_tablet=&#8221;inherit&#8221; column_padding_phone=&#8221;inherit&#8221; column_padding_position=&#8221;all&#8221; column_element_spacing=&#8221;default&#8221; background_color_opacity=&#8221;1&#8243; background_hover_color_opacity=&#8221;1&#8243; column_shadow=&#8221;none&#8221; column_border_radius=&#8221;none&#8221; column_link_target=&#8221;_blank&#8221; boxed=&#8221;true&#8221; gradient_direction=&#8221;left_to_right&#8221; overlay_strength=&#8221;0.3&#8243; width=&#8221;1\/3&#8243; tablet_width_inherit=&#8221;default&#8221; bg_image_animation=&#8221;none&#8221; border_type=&#8221;simple&#8221; column_border_width=&#8221;none&#8221; column_border_style=&#8221;solid&#8221; column_link=&#8221;https:\/\/freskoa.store\/&#8221;][image_with_animation image_url=&#8221;19035&#8243; animation=&#8221;Fade In&#8221; hover_animation=&#8221;none&#8221; alignment=&#8221;&#8221; border_radius=&#8221;none&#8221; box_shadow=&#8221;none&#8221; image_loading=&#8221;default&#8221; max_width=&#8221;100%&#8221; max_width_mobile=&#8221;default&#8221;][vc_column_text]\n<h4>FRESKOA<\/h4>\n<p><strong>(Pays basque)<\/strong><\/p>\n<p>Nous produisons basque. D\u00e9couvrez les produits basques propos\u00e9s par nos producteurs et artisans du Pays Basque et faites vous livrer le meilleur du Pays Basque dans un seul colis. C&#8217;est plus pratique et meilleur pour la plan\u00e8te. Tous les produits sont go\u00fbt\u00e9s et valid\u00e9s par Freskoa.<\/p>\n<p><strong><a href=\"https:\/\/freskoa.store\/\" target=\"_blank\" rel=\"noopener\">Visiter le magasin<\/a><\/strong>[\/vc_column_text][\/vc_column_inner][\/vc_row_inner][vc_row_inner column_margin=&#8221;default&#8221; column_direction=&#8221;default&#8221; column_direction_tablet=&#8221;default&#8221; column_direction_phone=&#8221;default&#8221; text_align=&#8221;left&#8221;][vc_column_inner column_padding=&#8221;no-extra-padding&#8221; column_padding_tablet=&#8221;inherit&#8221; column_padding_phone=&#8221;inherit&#8221; column_padding_position=&#8221;all&#8221; column_element_spacing=&#8221;default&#8221; background_color_opacity=&#8221;1&#8243; background_hover_color_opacity=&#8221;1&#8243; column_shadow=&#8221;none&#8221; column_border_radius=&#8221;none&#8221; column_link_target=&#8221;_blank&#8221; boxed=&#8221;true&#8221; gradient_direction=&#8221;left_to_right&#8221; overlay_strength=&#8221;0.3&#8243; width=&#8221;1\/3&#8243; tablet_width_inherit=&#8221;default&#8221; bg_image_animation=&#8221;none&#8221; border_type=&#8221;simple&#8221; column_border_width=&#8221;none&#8221; column_border_style=&#8221;solid&#8221; column_link=&#8221;https:\/\/www.colmadoezcaray.com\/&#8221;][image_with_animation image_url=&#8221;36283&#8243; animation=&#8221;Fade In&#8221; hover_animation=&#8221;none&#8221; alignment=&#8221;&#8221; border_radius=&#8221;none&#8221; box_shadow=&#8221;none&#8221; image_loading=&#8221;default&#8221; max_width=&#8221;100%&#8221; max_width_mobile=&#8221;default&#8221;][vc_column_text]\n<h4>LE COLMADO D&#8217;EZCARAY<\/h4>\n<p><strong>(La Rioja)<\/strong><\/p>\n<p>El Colmado de Ezcaray est un adorable magasin familial situ\u00e9 dans la belle ville d&#8217;Ezcaray (La Rioja). Ax\u00e9 sur la vente et la d\u00e9gustation des meilleurs produits maison, liqueurs et vins, tous issus d&#8217;artisans locaux avec des productions limit\u00e9es. Mat\u00edas et Mila, parents, ont commenc\u00e9 le 1er juillet 1997 ce qui jusqu&#8217;alors n&#8217;\u00e9tait qu&#8217;un r\u00eave et qui est devenu une belle r\u00e9alit\u00e9. Aujourd&#8217;hui, nous les enfants, avec l&#8217;aide de nos parents, continuons avec la m\u00eame philosophie et le m\u00eame enthousiasme, \u00e0 la recherche de nouveaux produits artisanaux et \u00e0 nous surprendre, jour apr\u00e8s jour, par la qualit\u00e9 de nos produits locaux.<\/p>\n<p><strong><a href=\"https:\/\/www.colmadoezcaray.com\/\" target=\"_blank\" rel=\"noopener\">Visiter le magasin<\/a><\/strong>[\/vc_column_text][\/vc_column_inner][\/vc_row_inner][\/tab][tab icon_family=&#8221;none&#8221; title=&#8221;Douceurs et petits d\u00e9jeuners&#8221; id=&#8221;1660212780199-3&#8243; tab_id=&#8221;1660212780199-3&#8243;][vc_column_text]\n<h2>Douceurs et petits d\u00e9jeuners<\/h2>\n[\/vc_column_text][vc_row_inner column_margin=&#8221;default&#8221; column_direction=&#8221;default&#8221; column_direction_tablet=&#8221;default&#8221; column_direction_phone=&#8221;default&#8221; text_align=&#8221;left&#8221;][vc_column_inner column_padding=&#8221;no-extra-padding&#8221; column_padding_tablet=&#8221;inherit&#8221; column_padding_phone=&#8221;inherit&#8221; column_padding_position=&#8221;all&#8221; column_element_spacing=&#8221;default&#8221; background_color_opacity=&#8221;1&#8243; background_hover_color_opacity=&#8221;1&#8243; column_shadow=&#8221;none&#8221; column_border_radius=&#8221;none&#8221; column_link_target=&#8221;_blank&#8221; boxed=&#8221;true&#8221; gradient_direction=&#8221;left_to_right&#8221; overlay_strength=&#8221;0.3&#8243; width=&#8221;1\/3&#8243; tablet_width_inherit=&#8221;default&#8221; bg_image_animation=&#8221;none&#8221; border_type=&#8221;simple&#8221; column_border_width=&#8221;none&#8221; column_border_style=&#8221;solid&#8221; column_link=&#8221;https:\/\/www.reynoartesano.com\/&#8221;][image_with_animation image_url=&#8221;19038&#8243; animation=&#8221;Fade In&#8221; hover_animation=&#8221;none&#8221; alignment=&#8221;&#8221; border_radius=&#8221;none&#8221; box_shadow=&#8221;none&#8221; image_loading=&#8221;default&#8221; max_width=&#8221;100%&#8221; max_width_mobile=&#8221;default&#8221;][vc_column_text]\n<h4>NAPARBIDEAK<\/h4>\n<p><strong>(Navarre)<\/strong><\/p>\n<p>L&#8217;\u00e9picerie artisanale de Navarre, une marque qui certifie l&#8217;utilisation de mati\u00e8res premi\u00e8res de premi\u00e8re qualit\u00e9 et son processus de production respecte ou imite les processus naturels.<\/p>\n<p><strong><a href=\"https:\/\/www.reynoartesano.com\/\" target=\"_blank\" rel=\"noopener\">Visiter le magasin<\/a><\/strong>[\/vc_column_text][\/vc_column_inner][vc_column_inner column_padding=&#8221;no-extra-padding&#8221; column_padding_tablet=&#8221;inherit&#8221; column_padding_phone=&#8221;inherit&#8221; column_padding_position=&#8221;all&#8221; column_element_spacing=&#8221;default&#8221; background_color_opacity=&#8221;1&#8243; background_hover_color_opacity=&#8221;1&#8243; column_shadow=&#8221;none&#8221; column_border_radius=&#8221;none&#8221; column_link_target=&#8221;_blank&#8221; boxed=&#8221;true&#8221; gradient_direction=&#8221;left_to_right&#8221; overlay_strength=&#8221;0.3&#8243; width=&#8221;1\/3&#8243; tablet_width_inherit=&#8221;default&#8221; bg_image_animation=&#8221;none&#8221; border_type=&#8221;simple&#8221; column_border_width=&#8221;none&#8221; column_border_style=&#8221;solid&#8221; column_link=&#8221;https:\/\/www.ekoalde.org\/es&#8221;][image_with_animation image_url=&#8221;19032&#8243; animation=&#8221;Fade In&#8221; hover_animation=&#8221;none&#8221; alignment=&#8221;&#8221; border_radius=&#8221;none&#8221; box_shadow=&#8221;none&#8221; image_loading=&#8221;default&#8221; max_width=&#8221;100%&#8221; max_width_mobile=&#8221;default&#8221;][vc_column_text]\n<h4>\u00c9KOALDE<\/h4>\n<p><strong>(Navarre)<\/strong><\/p>\n<p>Association de producteurs et transformateurs d&#8217;aliments biologiques de Navarre dont l&#8217;objectif est de cr\u00e9er et de promouvoir des circuits courts de distribution pour renforcer l&#8217;activit\u00e9 du secteur ainsi que la valorisation des produits biologiques produits et transform\u00e9s en Navarre.<\/p>\n<p><strong><a href=\"https:\/\/www.ekoalde.org\/es\" target=\"_blank\" rel=\"noopener\">Visiter le magasin<\/a><\/strong>[\/vc_column_text][\/vc_column_inner][vc_column_inner column_padding=&#8221;no-extra-padding&#8221; column_padding_tablet=&#8221;inherit&#8221; column_padding_phone=&#8221;inherit&#8221; column_padding_position=&#8221;all&#8221; column_element_spacing=&#8221;default&#8221; background_color_opacity=&#8221;1&#8243; background_hover_color_opacity=&#8221;1&#8243; column_shadow=&#8221;none&#8221; column_border_radius=&#8221;none&#8221; column_link_target=&#8221;_blank&#8221; boxed=&#8221;true&#8221; gradient_direction=&#8221;left_to_right&#8221; overlay_strength=&#8221;0.3&#8243; width=&#8221;1\/3&#8243; tablet_width_inherit=&#8221;default&#8221; bg_image_animation=&#8221;none&#8221; border_type=&#8221;simple&#8221; column_border_width=&#8221;none&#8221; column_border_style=&#8221;solid&#8221; column_link=&#8221;http:\/\/www.ehne.eus\/bizilur\/tienda\/&#8221;][image_with_animation image_url=&#8221;19017&#8243; animation=&#8221;Fade In&#8221; hover_animation=&#8221;none&#8221; alignment=&#8221;&#8221; border_radius=&#8221;none&#8221; box_shadow=&#8221;none&#8221; image_loading=&#8221;default&#8221; max_width=&#8221;100%&#8221; max_width_mobile=&#8221;default&#8221;][vc_column_text]\n<h4>BIZILUR<\/h4>\n<p><strong>(Navarre)<\/strong><\/p>\n<p>Le groupe de consommateurs Bizilur est compos\u00e9 de producteurs et de consommateurs. Les producteurs s&#8217;engagent \u00e0 fournir leur produit, de qualit\u00e9, de saison et \u00e0 vendre en direct. Les consommateurs s&#8217;engagent \u00e0 consommer chaque semaine un panier ferm\u00e9 de l\u00e9gumes, compos\u00e9 de produits locaux, de saison et bio.<\/p>\n<p><strong><a href=\"http:\/\/www.ehne.eus\/bizilur\/tienda\/\" target=\"_blank\" rel=\"noopener\">Visiter le magasin<\/a><\/strong>[\/vc_column_text][\/vc_column_inner][\/vc_row_inner][vc_row_inner column_margin=&#8221;default&#8221; column_direction=&#8221;default&#8221; column_direction_tablet=&#8221;default&#8221; column_direction_phone=&#8221;default&#8221; text_align=&#8221;left&#8221;][vc_column_inner column_padding=&#8221;no-extra-padding&#8221; column_padding_tablet=&#8221;inherit&#8221; column_padding_phone=&#8221;inherit&#8221; column_padding_position=&#8221;all&#8221; column_element_spacing=&#8221;default&#8221; background_color_opacity=&#8221;1&#8243; background_hover_color_opacity=&#8221;1&#8243; column_shadow=&#8221;none&#8221; column_border_radius=&#8221;none&#8221; column_link_target=&#8221;_blank&#8221; boxed=&#8221;true&#8221; gradient_direction=&#8221;left_to_right&#8221; overlay_strength=&#8221;0.3&#8243; width=&#8221;1\/3&#8243; tablet_width_inherit=&#8221;default&#8221; bg_image_animation=&#8221;none&#8221; border_type=&#8221;simple&#8221; column_border_width=&#8221;none&#8221; column_border_style=&#8221;solid&#8221; column_link=&#8221;https:\/\/sardetiksardeskara.com\/&#8221;][image_with_animation image_url=&#8221;19041&#8243; animation=&#8221;Fade In&#8221; hover_animation=&#8221;none&#8221; alignment=&#8221;&#8221; border_radius=&#8221;none&#8221; box_shadow=&#8221;none&#8221; image_loading=&#8221;default&#8221; max_width=&#8221;100%&#8221; max_width_mobile=&#8221;default&#8221;][vc_column_text]\n<h4>SARDETIK SARDESKARA<\/h4>\n<p><strong>(Navarre)<\/strong><\/p>\n<p>Dans cette application, vous pouvez acheter des aliments produits par les agriculteurs et les \u00e9leveurs de Navarre. Ce sont des aliments de qualit\u00e9, obtenus avec amour et soin pour que vous puissiez les d\u00e9guster quand vous le souhaitez.<\/p>\n<p><strong><a href=\"https:\/\/sardetiksardeskara.com\/\" target=\"_blank\" rel=\"noopener\">Visiter le magasin<\/a><\/strong>[\/vc_column_text][\/vc_column_inner][vc_column_inner column_padding=&#8221;no-extra-padding&#8221; column_padding_tablet=&#8221;inherit&#8221; column_padding_phone=&#8221;inherit&#8221; column_padding_position=&#8221;all&#8221; column_element_spacing=&#8221;default&#8221; background_color_opacity=&#8221;1&#8243; background_hover_color_opacity=&#8221;1&#8243; column_shadow=&#8221;none&#8221; column_border_radius=&#8221;none&#8221; column_link_target=&#8221;_blank&#8221; boxed=&#8221;true&#8221; gradient_direction=&#8221;left_to_right&#8221; overlay_strength=&#8221;0.3&#8243; width=&#8221;1\/3&#8243; tablet_width_inherit=&#8221;default&#8221; bg_image_animation=&#8221;none&#8221; border_type=&#8221;simple&#8221; column_border_width=&#8221;none&#8221; column_border_style=&#8221;solid&#8221; column_link=&#8221;https:\/\/www.coope.com\/&#8221;][image_with_animation image_url=&#8221;19020&#8243; animation=&#8221;Fade In&#8221; hover_animation=&#8221;none&#8221; alignment=&#8221;&#8221; border_radius=&#8221;none&#8221; box_shadow=&#8221;none&#8221; image_loading=&#8221;default&#8221; max_width=&#8221;100%&#8221; max_width_mobile=&#8221;default&#8221;][vc_column_text]\n<h4>COOP\u00c9RATIVE D&#8217;HOSPITALIT\u00c9<\/h4>\n<p><strong>(Navarre)<\/strong><\/p>\n<p>Elle est n\u00e9e il y a plus de soixante-dix ans afin d&#8217;offrir \u00e0 l&#8217;h\u00f4telier les meilleurs prix. Aujourd&#8217;hui, Cooperativa compte 800 membres. La distribution s&#8217;effectue depuis l&#8217;entrep\u00f4t logistique de Zulueta et la vente directe se fait au Cash de Burlada, un espace ouvert o\u00f9 vous pouvez acheter tout ce que vous voulez, \u00e0 des prix tr\u00e8s comp\u00e9titifs, sans avoir \u00e0 \u00eatre h\u00f4telier. Cependant, le partenaire continue d&#8217;\u00eatre notre client prioritaire, obtenant de grands avantages.<\/p>\n<p><strong><a href=\"https:\/\/www.coope.com\/\" target=\"_blank\" rel=\"noopener\">Visiter le magasin<\/a><\/strong>[\/vc_column_text][\/vc_column_inner][vc_column_inner column_padding=&#8221;no-extra-padding&#8221; column_padding_tablet=&#8221;inherit&#8221; column_padding_phone=&#8221;inherit&#8221; column_padding_position=&#8221;all&#8221; column_element_spacing=&#8221;default&#8221; background_color_opacity=&#8221;1&#8243; background_hover_color_opacity=&#8221;1&#8243; column_shadow=&#8221;none&#8221; column_border_radius=&#8221;none&#8221; column_link_target=&#8221;_blank&#8221; boxed=&#8221;true&#8221; gradient_direction=&#8221;left_to_right&#8221; overlay_strength=&#8221;0.3&#8243; width=&#8221;1\/3&#8243; tablet_width_inherit=&#8221;default&#8221; bg_image_animation=&#8221;none&#8221; border_type=&#8221;simple&#8221; column_border_width=&#8221;none&#8221; column_border_style=&#8221;solid&#8221; column_link=&#8221;https:\/\/xixtroak.com\/fr\/&#8221;][image_with_animation image_url=&#8221;19050&#8243; animation=&#8221;Fade In&#8221; hover_animation=&#8221;none&#8221; alignment=&#8221;&#8221; border_radius=&#8221;none&#8221; box_shadow=&#8221;none&#8221; image_loading=&#8221;default&#8221; max_width=&#8221;100%&#8221; max_width_mobile=&#8221;default&#8221;][vc_column_text]\n<h4>XIXTROAK<\/h4>\n<p><strong>(Pays basque)<\/strong><\/p>\n<p>Le collectif xixtroak regroupe 6 fermes sur le secteur d&#8217;hasparren et ses alentours. Producteurs et paysans, nos ouvriers notre terre avec passion et sommes convaincus qu&#8217;une agriculture paysanne a un avenir sur notre territoire mais aussi une plus grande \u00e9chelle. En tant que producteurs fermiers, nous ma\u00eetrisons notre production du d\u00e9but \u00e0 la fin puisque nous produisons, transformons et vendons nos produits nous m\u00eame.<\/p>\n<p><strong><a href=\"https:\/\/xixtroak.com\/fr\/\" target=\"_blank\" rel=\"noopener\">Visiter le magasin<\/a><\/strong>[\/vc_column_text][\/vc_column_inner][\/vc_row_inner][vc_row_inner column_margin=&#8221;default&#8221; column_direction=&#8221;default&#8221; column_direction_tablet=&#8221;default&#8221; column_direction_phone=&#8221;default&#8221; text_align=&#8221;left&#8221;][vc_column_inner column_padding=&#8221;no-extra-padding&#8221; column_padding_tablet=&#8221;inherit&#8221; column_padding_phone=&#8221;inherit&#8221; column_padding_position=&#8221;all&#8221; column_element_spacing=&#8221;default&#8221; background_color_opacity=&#8221;1&#8243; background_hover_color_opacity=&#8221;1&#8243; column_shadow=&#8221;none&#8221; column_border_radius=&#8221;none&#8221; column_link_target=&#8221;_blank&#8221; boxed=&#8221;true&#8221; gradient_direction=&#8221;left_to_right&#8221; overlay_strength=&#8221;0.3&#8243; width=&#8221;1\/3&#8243; tablet_width_inherit=&#8221;default&#8221; bg_image_animation=&#8221;none&#8221; border_type=&#8221;simple&#8221; column_border_width=&#8221;none&#8221; column_border_style=&#8221;solid&#8221; column_link=&#8221;https:\/\/freskoa.store\/&#8221;][image_with_animation image_url=&#8221;19035&#8243; animation=&#8221;Fade In&#8221; hover_animation=&#8221;none&#8221; alignment=&#8221;&#8221; border_radius=&#8221;none&#8221; box_shadow=&#8221;none&#8221; image_loading=&#8221;default&#8221; max_width=&#8221;100%&#8221; max_width_mobile=&#8221;default&#8221;][vc_column_text]\n<h4>FRESKOA<\/h4>\n<p><strong>(Pays basque)<\/strong><\/p>\n<p>Nous produisons basque. D\u00e9couvrez les produits basques propos\u00e9s par nos producteurs et artisans du Pays Basque et faites vous livrer le meilleur du Pays Basque dans un seul colis. C&#8217;est plus pratique et meilleur pour la plan\u00e8te. Tous les produits sont go\u00fbt\u00e9s et valid\u00e9s par Freskoa.<\/p>\n<p><strong><a href=\"https:\/\/freskoa.store\/\" target=\"_blank\" rel=\"noopener\">Visiter le magasin<\/a><\/strong>[\/vc_column_text][\/vc_column_inner][vc_column_inner column_padding=&#8221;no-extra-padding&#8221; column_padding_tablet=&#8221;inherit&#8221; column_padding_phone=&#8221;inherit&#8221; column_padding_position=&#8221;all&#8221; column_element_spacing=&#8221;default&#8221; background_color_opacity=&#8221;1&#8243; background_hover_color_opacity=&#8221;1&#8243; column_shadow=&#8221;none&#8221; column_border_radius=&#8221;none&#8221; column_link_target=&#8221;_self&#8221; boxed=&#8221;true&#8221; gradient_direction=&#8221;left_to_right&#8221; overlay_strength=&#8221;0.3&#8243; width=&#8221;1\/3&#8243; tablet_width_inherit=&#8221;default&#8221; bg_image_animation=&#8221;none&#8221; border_type=&#8221;simple&#8221; column_border_width=&#8221;none&#8221; column_border_style=&#8221;solid&#8221;][image_with_animation image_url=&#8221;34873&#8243; animation=&#8221;Fade In&#8221; hover_animation=&#8221;none&#8221; alignment=&#8221;&#8221; border_radius=&#8221;none&#8221; box_shadow=&#8221;none&#8221; image_loading=&#8221;default&#8221; max_width=&#8221;100%&#8221; max_width_mobile=&#8221;default&#8221;][vc_column_text]\n<h4>GAUFRETTES ALI GO\u00d1I<\/h4>\n<p><strong>(Navarre)<\/strong><\/p>\n<p>Nous fabriquons nos gaufrettes artisanales dans la ville de Murillo depuis 20 ans. Plus de 20 saveurs, croustillant. Notre production est principalement vendue sur les foires et march\u00e9s artisanaux. Ils seront bien re\u00e7us (sur rendez-vous) \u00e0 l&#8217;atelier de gaufres artisanales, Calle Magdalena, 24 par Don Andr\u00e9s Go\u00f1i Murillo.<\/p>\n<p><strong><a href=\"https:\/\/www.barquillosali.com\/wordpress\/?post_type=product\" target=\"_blank\" rel=\"noopener\">Visiter le magasin<\/a><\/strong>[\/vc_column_text][\/vc_column_inner][vc_column_inner column_padding=&#8221;no-extra-padding&#8221; column_padding_tablet=&#8221;inherit&#8221; column_padding_phone=&#8221;inherit&#8221; column_padding_position=&#8221;all&#8221; column_element_spacing=&#8221;default&#8221; background_color_opacity=&#8221;1&#8243; background_hover_color_opacity=&#8221;1&#8243; column_shadow=&#8221;none&#8221; column_border_radius=&#8221;none&#8221; column_link_target=&#8221;_self&#8221; boxed=&#8221;true&#8221; gradient_direction=&#8221;left_to_right&#8221; overlay_strength=&#8221;0.3&#8243; width=&#8221;1\/3&#8243; tablet_width_inherit=&#8221;default&#8221; bg_image_animation=&#8221;none&#8221; border_type=&#8221;simple&#8221; column_border_width=&#8221;none&#8221; column_border_style=&#8221;solid&#8221;][image_with_animation image_url=&#8221;34876&#8243; animation=&#8221;Fade In&#8221; hover_animation=&#8221;none&#8221; alignment=&#8221;&#8221; border_radius=&#8221;none&#8221; box_shadow=&#8221;none&#8221; image_loading=&#8221;default&#8221; max_width=&#8221;100%&#8221; max_width_mobile=&#8221;default&#8221;][vc_column_text]\n<h4>MAISON URRUTIA<br \/>\n<strong>(Navarre)<\/strong><\/h4>\n<div>P\u00e2tisseries traditionnelles, conserves, huiles, chocolats, miels et confitures, pains et chapelure, fromages et charcuterie, vins et spiritueux. Trois g\u00e9n\u00e9rations de ma\u00eetres boulangers. Nous fabriquons une grande vari\u00e9t\u00e9 de confiseries traditionnelles : biscuits et p\u00e2tes compl\u00e8tes, produits de confiserie di\u00e9t\u00e9tique, produits bio, muffins, brioches d&#8217;Uju\u00e9, g\u00e2teau naturel d&#8217;Uju\u00e9, g\u00e2teau aux noix naturelles, d\u00e9lices au chocolat, biscuit cr\u00e8me au chocolat, mantecados, beignets \u00e0 l&#8217;anis. G\u00e2teau basque aux pommes Uju\u00e9, g\u00e2teau aux raisins naturels, gourmandises \u00e0 l&#8217;orange, etc.<\/div>\n<p><strong><a href=\"https:\/\/tienda.casaurrutia.net\/\" target=\"_blank\" rel=\"noopener\">Visiter le magasin<\/a><\/strong>[\/vc_column_text][\/vc_column_inner][\/vc_row_inner][vc_row_inner column_margin=&#8221;default&#8221; column_direction=&#8221;default&#8221; column_direction_tablet=&#8221;default&#8221; column_direction_phone=&#8221;default&#8221; text_align=&#8221;left&#8221;][vc_column_inner column_padding=&#8221;no-extra-padding&#8221; column_padding_tablet=&#8221;inherit&#8221; column_padding_phone=&#8221;inherit&#8221; column_padding_position=&#8221;all&#8221; column_element_spacing=&#8221;default&#8221; background_color_opacity=&#8221;1&#8243; background_hover_color_opacity=&#8221;1&#8243; column_shadow=&#8221;none&#8221; column_border_radius=&#8221;none&#8221; column_link_target=&#8221;_blank&#8221; boxed=&#8221;true&#8221; gradient_direction=&#8221;left_to_right&#8221; overlay_strength=&#8221;0.3&#8243; width=&#8221;1\/3&#8243; tablet_width_inherit=&#8221;default&#8221; bg_image_animation=&#8221;none&#8221; border_type=&#8221;simple&#8221; column_border_width=&#8221;none&#8221; column_border_style=&#8221;solid&#8221; column_link=&#8221;https:\/\/www.colmadoezcaray.com\/&#8221;][image_with_animation image_url=&#8221;36283&#8243; animation=&#8221;Fade In&#8221; hover_animation=&#8221;none&#8221; alignment=&#8221;&#8221; border_radius=&#8221;none&#8221; box_shadow=&#8221;none&#8221; image_loading=&#8221;default&#8221; max_width=&#8221;100%&#8221; max_width_mobile=&#8221;default&#8221;][vc_column_text]\n<h4>LE COLMADO D&#8217;EZCARAY<\/h4>\n<p><strong>(La Rioja)<\/strong><\/p>\n<p>El Colmado de Ezcaray est un adorable magasin familial situ\u00e9 dans la belle ville d&#8217;Ezcaray (La Rioja). Ax\u00e9 sur la vente et la d\u00e9gustation des meilleurs produits maison, liqueurs et vins, tous issus d&#8217;artisans locaux avec des productions limit\u00e9es. Mat\u00edas et Mila, parents, ont commenc\u00e9 le 1er juillet 1997 ce qui jusqu&#8217;alors n&#8217;\u00e9tait qu&#8217;un r\u00eave et qui est devenu une belle r\u00e9alit\u00e9. Aujourd&#8217;hui, nous les enfants, avec l&#8217;aide de nos parents, continuons avec la m\u00eame philosophie et le m\u00eame enthousiasme, \u00e0 la recherche de nouveaux produits artisanaux et \u00e0 nous surprendre, jour apr\u00e8s jour, par la qualit\u00e9 de nos produits locaux.<\/p>\n<p><strong><a href=\"https:\/\/www.colmadoezcaray.com\/\" target=\"_blank\" rel=\"noopener\">Visiter le magasin<\/a><\/strong>[\/vc_column_text][\/vc_column_inner][vc_column_inner column_padding=&#8221;no-extra-padding&#8221; column_padding_tablet=&#8221;inherit&#8221; column_padding_phone=&#8221;inherit&#8221; column_padding_position=&#8221;all&#8221; column_element_spacing=&#8221;default&#8221; background_color_opacity=&#8221;1&#8243; background_hover_color_opacity=&#8221;1&#8243; column_shadow=&#8221;none&#8221; column_border_radius=&#8221;none&#8221; column_link_target=&#8221;_self&#8221; gradient_direction=&#8221;left_to_right&#8221; overlay_strength=&#8221;0.3&#8243; width=&#8221;1\/3&#8243; tablet_width_inherit=&#8221;default&#8221; bg_image_animation=&#8221;none&#8221; border_type=&#8221;simple&#8221; column_border_width=&#8221;none&#8221; column_border_style=&#8221;solid&#8221;][image_with_animation image_url=&#8221;11862&#8243; animation=&#8221;Fade In&#8221; hover_animation=&#8221;none&#8221; alignment=&#8221;&#8221; border_radius=&#8221;none&#8221; box_shadow=&#8221;none&#8221; image_loading=&#8221;default&#8221; max_width=&#8221;100%&#8221; max_width_mobile=&#8221;default&#8221;][vc_column_text]\n<h4>CASA SALINAS<\/h4>\n<p><strong>(Pamplona)<\/strong><\/p>\n<p>Casa Salinas est la continuation de &#8220;Salinas, F\u00e1brica de Dulces y Mantecadas&#8221; que Paulino Salinas a fond\u00e9e \u00e0 Tudela en 1870 et qui, pendant 6 g\u00e9n\u00e9rations et pendant 140 ans, a adouci les foyers navarrais avec ses produits de confiserie et de p\u00e2tisserie. En l&#8217;absence de changement de g\u00e9n\u00e9ration, la marque, les machines et le savoir-faire de Paulino Salinas sont pass\u00e9s aux propri\u00e9taires actuels qui continuent de fabriquer des bonbons et des mantecadas avec la m\u00eame m\u00e9thode et le m\u00eame amour que toujours.<\/p>\n<p><strong><a href=\"https:\/\/heladeriaelizalde.com\/catalogo\" target=\"_blank\" rel=\"noopener\">Visiter le magasin<\/a><\/strong>[\/vc_column_text][\/vc_column_inner][vc_column_inner column_padding=&#8221;no-extra-padding&#8221; column_padding_tablet=&#8221;inherit&#8221; column_padding_phone=&#8221;inherit&#8221; column_padding_position=&#8221;all&#8221; column_element_spacing=&#8221;default&#8221; background_color_opacity=&#8221;1&#8243; background_hover_color_opacity=&#8221;1&#8243; column_shadow=&#8221;none&#8221; column_border_radius=&#8221;none&#8221; column_link_target=&#8221;_self&#8221; gradient_direction=&#8221;left_to_right&#8221; overlay_strength=&#8221;0.3&#8243; width=&#8221;1\/3&#8243; tablet_width_inherit=&#8221;default&#8221; bg_image_animation=&#8221;none&#8221; border_type=&#8221;simple&#8221; column_border_width=&#8221;none&#8221; column_border_style=&#8221;solid&#8221;][\/vc_column_inner][\/vc_row_inner][\/tab][tab icon_family=&#8221;none&#8221; title=&#8221;Fruits et l\u00e9gumes&#8221; id=&#8221;1660212780753-3&#8243; tab_id=&#8221;1660212780754-9&#8243;][vc_column_text]\n<h2>Fruits et l\u00e9gumes<\/h2>\n[\/vc_column_text][vc_row_inner column_margin=&#8221;default&#8221; column_direction=&#8221;default&#8221; column_direction_tablet=&#8221;default&#8221; column_direction_phone=&#8221;default&#8221; text_align=&#8221;left&#8221;][vc_column_inner column_padding=&#8221;no-extra-padding&#8221; column_padding_tablet=&#8221;inherit&#8221; column_padding_phone=&#8221;inherit&#8221; column_padding_position=&#8221;all&#8221; column_element_spacing=&#8221;default&#8221; background_color_opacity=&#8221;1&#8243; background_hover_color_opacity=&#8221;1&#8243; column_shadow=&#8221;none&#8221; column_border_radius=&#8221;none&#8221; column_link_target=&#8221;_blank&#8221; boxed=&#8221;true&#8221; gradient_direction=&#8221;left_to_right&#8221; overlay_strength=&#8221;0.3&#8243; width=&#8221;1\/3&#8243; tablet_width_inherit=&#8221;default&#8221; bg_image_animation=&#8221;none&#8221; border_type=&#8221;simple&#8221; column_border_width=&#8221;none&#8221; column_border_style=&#8221;solid&#8221; column_link=&#8221;https:\/\/www.ekoalde.org\/es&#8221;][image_with_animation image_url=&#8221;19032&#8243; animation=&#8221;Fade In&#8221; hover_animation=&#8221;none&#8221; alignment=&#8221;&#8221; border_radius=&#8221;none&#8221; box_shadow=&#8221;none&#8221; image_loading=&#8221;default&#8221; max_width=&#8221;100%&#8221; max_width_mobile=&#8221;default&#8221;][vc_column_text]\n<h4>\u00c9KOALDE<\/h4>\n<p><strong>(Navarre)<\/strong><\/p>\n<p>Association de producteurs et transformateurs d&#8217;aliments biologiques de Navarre dont l&#8217;objectif est de cr\u00e9er et de promouvoir des circuits courts de distribution pour renforcer l&#8217;activit\u00e9 du secteur ainsi que la valorisation des produits biologiques produits et transform\u00e9s en Navarre.<\/p>\n<p><strong><a href=\"https:\/\/www.ekoalde.org\/es\" target=\"_blank\" rel=\"noopener\">Visiter le magasin<\/a><\/strong>[\/vc_column_text][\/vc_column_inner][vc_column_inner column_padding=&#8221;no-extra-padding&#8221; column_padding_tablet=&#8221;inherit&#8221; column_padding_phone=&#8221;inherit&#8221; column_padding_position=&#8221;all&#8221; column_element_spacing=&#8221;default&#8221; background_color_opacity=&#8221;1&#8243; background_hover_color_opacity=&#8221;1&#8243; column_shadow=&#8221;none&#8221; column_border_radius=&#8221;none&#8221; column_link_target=&#8221;_blank&#8221; boxed=&#8221;true&#8221; gradient_direction=&#8221;left_to_right&#8221; overlay_strength=&#8221;0.3&#8243; width=&#8221;1\/3&#8243; tablet_width_inherit=&#8221;default&#8221; bg_image_animation=&#8221;none&#8221; border_type=&#8221;simple&#8221; column_border_width=&#8221;none&#8221; column_border_style=&#8221;solid&#8221; column_link=&#8221;http:\/\/www.carneecologicanavarra.com\/&#8221;][image_with_animation image_url=&#8221;19044&#8243; animation=&#8221;Fade In&#8221; hover_animation=&#8221;none&#8221; alignment=&#8221;&#8221; border_radius=&#8221;none&#8221; box_shadow=&#8221;none&#8221; image_loading=&#8221;default&#8221; max_width=&#8221;100%&#8221; max_width_mobile=&#8221;default&#8221;][vc_column_text]\n<h4>BL\u00c9 PROPRE<\/h4>\n<p><strong>(Navarre)<\/strong><\/p>\n<p>Chez Trigo Limpio, nous voulons unir nos forces et miser sur une relation directe avec le consommateur \u00e0 travers la vente directe, sans interm\u00e9diaires, avec un march\u00e9 transparent et de confiance mutuelle.<\/p>\n<p><strong><a href=\"http:\/\/www.carneecologicanavarra.com\/\" target=\"_blank\" rel=\"noopener\">Visiter le magasin<\/a><\/strong>[\/vc_column_text][\/vc_column_inner][vc_column_inner column_padding=&#8221;no-extra-padding&#8221; column_padding_tablet=&#8221;inherit&#8221; column_padding_phone=&#8221;inherit&#8221; column_padding_position=&#8221;all&#8221; column_element_spacing=&#8221;default&#8221; background_color_opacity=&#8221;1&#8243; background_hover_color_opacity=&#8221;1&#8243; column_shadow=&#8221;none&#8221; column_border_radius=&#8221;none&#8221; column_link_target=&#8221;_blank&#8221; boxed=&#8221;true&#8221; gradient_direction=&#8221;left_to_right&#8221; overlay_strength=&#8221;0.3&#8243; width=&#8221;1\/3&#8243; tablet_width_inherit=&#8221;default&#8221; bg_image_animation=&#8221;none&#8221; border_type=&#8221;simple&#8221; column_border_width=&#8221;none&#8221; column_border_style=&#8221;solid&#8221; column_link=&#8221;https:\/\/sardetiksardeskara.com\/&#8221;][image_with_animation image_url=&#8221;19041&#8243; animation=&#8221;Fade In&#8221; hover_animation=&#8221;none&#8221; alignment=&#8221;&#8221; border_radius=&#8221;none&#8221; box_shadow=&#8221;none&#8221; image_loading=&#8221;default&#8221; max_width=&#8221;100%&#8221; max_width_mobile=&#8221;default&#8221;][vc_column_text]\n<h4>SARDETIK SARDESKARA<\/h4>\n<p><strong>(Navarre)<\/strong><\/p>\n<p>Dans cette application, vous pouvez acheter des aliments produits par les agriculteurs et les \u00e9leveurs de Navarre. Ce sont des aliments de qualit\u00e9, obtenus avec amour et soin pour que vous puissiez les d\u00e9guster quand vous le souhaitez.<\/p>\n<p><strong><a href=\"https:\/\/sardetiksardeskara.com\/\" target=\"_blank\" rel=\"noopener\">Visiter le magasin<\/a><\/strong>[\/vc_column_text][\/vc_column_inner][\/vc_row_inner][vc_row_inner column_margin=&#8221;default&#8221; column_direction=&#8221;default&#8221; column_direction_tablet=&#8221;default&#8221; column_direction_phone=&#8221;default&#8221; text_align=&#8221;left&#8221;][vc_column_inner column_padding=&#8221;no-extra-padding&#8221; column_padding_tablet=&#8221;inherit&#8221; column_padding_phone=&#8221;inherit&#8221; column_padding_position=&#8221;all&#8221; column_element_spacing=&#8221;default&#8221; background_color_opacity=&#8221;1&#8243; background_hover_color_opacity=&#8221;1&#8243; column_shadow=&#8221;none&#8221; column_border_radius=&#8221;none&#8221; column_link_target=&#8221;_blank&#8221; boxed=&#8221;true&#8221; gradient_direction=&#8221;left_to_right&#8221; overlay_strength=&#8221;0.3&#8243; width=&#8221;1\/3&#8243; tablet_width_inherit=&#8221;default&#8221; bg_image_animation=&#8221;none&#8221; border_type=&#8221;simple&#8221; column_border_width=&#8221;none&#8221; column_border_style=&#8221;solid&#8221; column_link=&#8221;https:\/\/www.coope.com\/&#8221;][image_with_animation image_url=&#8221;19020&#8243; animation=&#8221;Fade In&#8221; hover_animation=&#8221;none&#8221; alignment=&#8221;&#8221; border_radius=&#8221;none&#8221; box_shadow=&#8221;none&#8221; image_loading=&#8221;default&#8221; max_width=&#8221;100%&#8221; max_width_mobile=&#8221;default&#8221;][vc_column_text]\n<h4>COOP\u00c9RATIVE D&#8217;HOSPITALIT\u00c9<\/h4>\n<p><strong>(Navarre)<\/strong><\/p>\n<p>Elle est n\u00e9e il y a plus de soixante-dix ans afin d&#8217;offrir \u00e0 l&#8217;h\u00f4telier les meilleurs prix. Aujourd&#8217;hui, Cooperativa compte 800 membres. La distribution s&#8217;effectue depuis l&#8217;entrep\u00f4t logistique de Zulueta et la vente directe se fait au Cash de Burlada, un espace ouvert o\u00f9 vous pouvez acheter tout ce que vous voulez, \u00e0 des prix tr\u00e8s comp\u00e9titifs, sans avoir \u00e0 \u00eatre h\u00f4telier. Cependant, le partenaire continue d&#8217;\u00eatre notre client prioritaire, obtenant de grands avantages.<\/p>\n<p><strong><a href=\"https:\/\/www.coope.com\/\" target=\"_blank\" rel=\"noopener\">Visiter le magasin<\/a><\/strong>[\/vc_column_text][\/vc_column_inner][vc_column_inner column_padding=&#8221;no-extra-padding&#8221; column_padding_tablet=&#8221;inherit&#8221; column_padding_phone=&#8221;inherit&#8221; column_padding_position=&#8221;all&#8221; column_element_spacing=&#8221;default&#8221; background_color_opacity=&#8221;1&#8243; background_hover_color_opacity=&#8221;1&#8243; column_shadow=&#8221;none&#8221; column_border_radius=&#8221;none&#8221; column_link_target=&#8221;_blank&#8221; boxed=&#8221;true&#8221; gradient_direction=&#8221;left_to_right&#8221; overlay_strength=&#8221;0.3&#8243; width=&#8221;1\/3&#8243; tablet_width_inherit=&#8221;default&#8221; bg_image_animation=&#8221;none&#8221; border_type=&#8221;simple&#8221; column_border_width=&#8221;none&#8221; column_border_style=&#8221;solid&#8221; column_link=&#8221;https:\/\/xixtroak.com\/fr\/&#8221;][image_with_animation image_url=&#8221;19050&#8243; animation=&#8221;Fade In&#8221; hover_animation=&#8221;none&#8221; alignment=&#8221;&#8221; border_radius=&#8221;none&#8221; box_shadow=&#8221;none&#8221; image_loading=&#8221;default&#8221; max_width=&#8221;100%&#8221; max_width_mobile=&#8221;default&#8221;][vc_column_text]\n<h4>XIXTROAK<\/h4>\n<p><strong>(Pays basque)<\/strong><\/p>\n<p>Le collectif xixtroak regroupe 6 fermes sur le secteur d&#8217;hasparren et ses alentours. Producteurs et paysans, nos ouvriers notre terre avec passion et sommes convaincus qu&#8217;une agriculture paysanne a un avenir sur notre territoire mais aussi une plus grande \u00e9chelle. En tant que producteurs fermiers, nous ma\u00eetrisons notre production du d\u00e9but \u00e0 la fin puisque nous produisons, transformons et vendons nos produits nous m\u00eame.<\/p>\n<p><strong><a href=\"https:\/\/xixtroak.com\/fr\/\" target=\"_blank\" rel=\"noopener\">Visiter le magasin<\/a><\/strong>[\/vc_column_text][\/vc_column_inner][vc_column_inner column_padding=&#8221;no-extra-padding&#8221; column_padding_tablet=&#8221;inherit&#8221; column_padding_phone=&#8221;inherit&#8221; column_padding_position=&#8221;all&#8221; column_element_spacing=&#8221;default&#8221; background_color_opacity=&#8221;1&#8243; background_hover_color_opacity=&#8221;1&#8243; column_shadow=&#8221;none&#8221; column_border_radius=&#8221;none&#8221; column_link_target=&#8221;_blank&#8221; boxed=&#8221;true&#8221; gradient_direction=&#8221;left_to_right&#8221; overlay_strength=&#8221;0.3&#8243; width=&#8221;1\/3&#8243; tablet_width_inherit=&#8221;default&#8221; bg_image_animation=&#8221;none&#8221; border_type=&#8221;simple&#8221; column_border_width=&#8221;none&#8221; column_border_style=&#8221;solid&#8221; column_link=&#8221;https:\/\/freskoa.store\/&#8221;][image_with_animation image_url=&#8221;19035&#8243; animation=&#8221;Fade In&#8221; hover_animation=&#8221;none&#8221; alignment=&#8221;&#8221; border_radius=&#8221;none&#8221; box_shadow=&#8221;none&#8221; image_loading=&#8221;default&#8221; max_width=&#8221;100%&#8221; max_width_mobile=&#8221;default&#8221;][vc_column_text]\n<h4>FRESKOA<\/h4>\n<p><strong>(Pays basque)<\/strong><\/p>\n<p>Nous produisons basque. D\u00e9couvrez les produits basques propos\u00e9s par nos producteurs et artisans du Pays Basque et faites vous livrer le meilleur du Pays Basque dans un seul colis. C&#8217;est plus pratique et meilleur pour la plan\u00e8te. Tous les produits sont go\u00fbt\u00e9s et valid\u00e9s par Freskoa.<\/p>\n<p><strong><a href=\"https:\/\/freskoa.store\/\" target=\"_blank\" rel=\"noopener\">Visiter le magasin<\/a><\/strong>[\/vc_column_text][\/vc_column_inner][\/vc_row_inner][vc_row_inner column_margin=&#8221;default&#8221; column_direction=&#8221;default&#8221; column_direction_tablet=&#8221;default&#8221; column_direction_phone=&#8221;default&#8221; text_align=&#8221;left&#8221;][vc_column_inner column_padding=&#8221;no-extra-padding&#8221; column_padding_tablet=&#8221;inherit&#8221; column_padding_phone=&#8221;inherit&#8221; column_padding_position=&#8221;all&#8221; column_element_spacing=&#8221;default&#8221; background_color_opacity=&#8221;1&#8243; background_hover_color_opacity=&#8221;1&#8243; column_shadow=&#8221;none&#8221; column_border_radius=&#8221;none&#8221; column_link_target=&#8221;_blank&#8221; boxed=&#8221;true&#8221; gradient_direction=&#8221;left_to_right&#8221; overlay_strength=&#8221;0.3&#8243; width=&#8221;1\/3&#8243; tablet_width_inherit=&#8221;default&#8221; bg_image_animation=&#8221;none&#8221; border_type=&#8221;simple&#8221; column_border_width=&#8221;none&#8221; column_border_style=&#8221;solid&#8221; column_link=&#8221;https:\/\/www.coope.com\/&#8221;][image_with_animation image_url=&#8221;19020&#8243; animation=&#8221;Fade In&#8221; hover_animation=&#8221;none&#8221; alignment=&#8221;&#8221; border_radius=&#8221;none&#8221; box_shadow=&#8221;none&#8221; image_loading=&#8221;default&#8221; max_width=&#8221;100%&#8221; max_width_mobile=&#8221;default&#8221;][vc_column_text]\n<h4>COOP\u00c9RATIVE D&#8217;HOSPITALIT\u00c9<\/h4>\n<p><strong>(Navarre)<\/strong><\/p>\n<p>Elle est n\u00e9e il y a plus de soixante-dix ans afin d&#8217;offrir \u00e0 l&#8217;h\u00f4telier les meilleurs prix. Aujourd&#8217;hui, Cooperativa compte 800 membres. La distribution s&#8217;effectue depuis l&#8217;entrep\u00f4t logistique de Zulueta et la vente directe se fait au Cash de Burlada, un espace ouvert o\u00f9 vous pouvez acheter tout ce que vous voulez, \u00e0 des prix tr\u00e8s comp\u00e9titifs, sans avoir \u00e0 \u00eatre h\u00f4telier. Cependant, le partenaire continue d&#8217;\u00eatre notre client prioritaire, obtenant de grands avantages.<\/p>\n<p><strong><a href=\"https:\/\/www.coope.com\/\" target=\"_blank\" rel=\"noopener\">Visiter le magasin<\/a><\/strong>[\/vc_column_text][\/vc_column_inner][vc_column_inner column_padding=&#8221;no-extra-padding&#8221; column_padding_tablet=&#8221;inherit&#8221; column_padding_phone=&#8221;inherit&#8221; column_padding_position=&#8221;all&#8221; column_element_spacing=&#8221;default&#8221; background_color_opacity=&#8221;1&#8243; background_hover_color_opacity=&#8221;1&#8243; column_shadow=&#8221;none&#8221; column_border_radius=&#8221;none&#8221; column_link_target=&#8221;_blank&#8221; boxed=&#8221;true&#8221; gradient_direction=&#8221;left_to_right&#8221; overlay_strength=&#8221;0.3&#8243; width=&#8221;1\/3&#8243; tablet_width_inherit=&#8221;default&#8221; bg_image_animation=&#8221;none&#8221; border_type=&#8221;simple&#8221; column_border_width=&#8221;none&#8221; column_border_style=&#8221;solid&#8221; column_link=&#8221;https:\/\/xixtroak.com\/fr\/&#8221;][image_with_animation image_url=&#8221;19050&#8243; animation=&#8221;Fade In&#8221; hover_animation=&#8221;none&#8221; alignment=&#8221;&#8221; border_radius=&#8221;none&#8221; box_shadow=&#8221;none&#8221; image_loading=&#8221;default&#8221; max_width=&#8221;100%&#8221; max_width_mobile=&#8221;default&#8221;][vc_column_text]\n<h4>XIXTROAK<\/h4>\n<p><strong>(Pays basque)<\/strong><\/p>\n<p>Le collectif xixtroak regroupe 6 fermes sur le secteur d&#8217;hasparren et ses alentours. Producteurs et paysans, nos ouvriers notre terre avec passion et sommes convaincus qu&#8217;une agriculture paysanne a un avenir sur notre territoire mais aussi une plus grande \u00e9chelle. En tant que producteurs fermiers, nous ma\u00eetrisons notre production du d\u00e9but \u00e0 la fin puisque nous produisons, transformons et vendons nos produits nous m\u00eame.<\/p>\n<p><strong><a href=\"https:\/\/xixtroak.com\/fr\/\" target=\"_blank\" rel=\"noopener\">Visiter le magasin<\/a><\/strong>[\/vc_column_text][\/vc_column_inner][vc_column_inner column_padding=&#8221;no-extra-padding&#8221; column_padding_tablet=&#8221;inherit&#8221; column_padding_phone=&#8221;inherit&#8221; column_padding_position=&#8221;all&#8221; column_element_spacing=&#8221;default&#8221; background_color_opacity=&#8221;1&#8243; background_hover_color_opacity=&#8221;1&#8243; column_shadow=&#8221;none&#8221; column_border_radius=&#8221;none&#8221; column_link_target=&#8221;_blank&#8221; boxed=&#8221;true&#8221; gradient_direction=&#8221;left_to_right&#8221; overlay_strength=&#8221;0.3&#8243; width=&#8221;1\/3&#8243; tablet_width_inherit=&#8221;default&#8221; bg_image_animation=&#8221;none&#8221; border_type=&#8221;simple&#8221; column_border_width=&#8221;none&#8221; column_border_style=&#8221;solid&#8221; column_link=&#8221;https:\/\/freskoa.store\/&#8221;][image_with_animation image_url=&#8221;19035&#8243; animation=&#8221;Fade In&#8221; hover_animation=&#8221;none&#8221; alignment=&#8221;&#8221; border_radius=&#8221;none&#8221; box_shadow=&#8221;none&#8221; image_loading=&#8221;default&#8221; max_width=&#8221;100%&#8221; max_width_mobile=&#8221;default&#8221;][vc_column_text]\n<h4>FRESKOA<\/h4>\n<p><strong>(Pays basque)<\/strong><\/p>\n<p>Nous produisons basque. D\u00e9couvrez les produits basques propos\u00e9s par nos producteurs et artisans du Pays Basque et faites vous livrer le meilleur du Pays Basque dans un seul colis. C&#8217;est plus pratique et meilleur pour la plan\u00e8te. Tous les produits sont go\u00fbt\u00e9s et valid\u00e9s par Freskoa.<\/p>\n<p><strong><a href=\"https:\/\/freskoa.store\/\" target=\"_blank\" rel=\"noopener\">Visiter le magasin<\/a><\/strong>[\/vc_column_text][\/vc_column_inner][\/vc_row_inner][vc_row_inner column_margin=&#8221;default&#8221; column_direction=&#8221;default&#8221; column_direction_tablet=&#8221;default&#8221; column_direction_phone=&#8221;default&#8221; text_align=&#8221;left&#8221;][vc_column_inner column_padding=&#8221;no-extra-padding&#8221; column_padding_tablet=&#8221;inherit&#8221; column_padding_phone=&#8221;inherit&#8221; column_padding_position=&#8221;all&#8221; column_element_spacing=&#8221;default&#8221; background_color_opacity=&#8221;1&#8243; background_hover_color_opacity=&#8221;1&#8243; column_shadow=&#8221;none&#8221; column_border_radius=&#8221;none&#8221; column_link_target=&#8221;_blank&#8221; boxed=&#8221;true&#8221; gradient_direction=&#8221;left_to_right&#8221; overlay_strength=&#8221;0.3&#8243; width=&#8221;1\/3&#8243; tablet_width_inherit=&#8221;default&#8221; bg_image_animation=&#8221;none&#8221; border_type=&#8221;simple&#8221; column_border_width=&#8221;none&#8221; column_border_style=&#8221;solid&#8221; column_link=&#8221;https:\/\/www.colmadoezcaray.com\/&#8221;][image_with_animation image_url=&#8221;36283&#8243; animation=&#8221;Fade In&#8221; hover_animation=&#8221;none&#8221; alignment=&#8221;&#8221; border_radius=&#8221;none&#8221; box_shadow=&#8221;none&#8221; image_loading=&#8221;default&#8221; max_width=&#8221;100%&#8221; max_width_mobile=&#8221;default&#8221;][vc_column_text]\n<h4>LE COLMADO D&#8217;EZCARAY<\/h4>\n<p><strong>(La Rioja)<\/strong><\/p>\n<p>El Colmado de Ezcaray est un adorable magasin familial situ\u00e9 dans la belle ville d&#8217;Ezcaray (La Rioja). Ax\u00e9 sur la vente et la d\u00e9gustation des meilleurs produits maison, liqueurs et vins, tous issus d&#8217;artisans locaux avec des productions limit\u00e9es. Mat\u00edas et Mila, parents, ont commenc\u00e9 le 1er juillet 1997 ce qui jusqu&#8217;alors n&#8217;\u00e9tait qu&#8217;un r\u00eave et qui est devenu une belle r\u00e9alit\u00e9. Aujourd&#8217;hui, nous les enfants, avec l&#8217;aide de nos parents, continuons avec la m\u00eame philosophie et le m\u00eame enthousiasme, \u00e0 la recherche de nouveaux produits artisanaux et \u00e0 nous surprendre, jour apr\u00e8s jour, par la qualit\u00e9 de nos produits locaux.<\/p>\n<p><strong><a href=\"https:\/\/www.colmadoezcaray.com\/\" target=\"_blank\" rel=\"noopener\">Visiter le magasin<\/a><\/strong>[\/vc_column_text][\/vc_column_inner][\/vc_row_inner][\/tab][tab icon_family=&#8221;none&#8221; title=&#8221;Produits laitiers et \u0153ufs&#8221; id=&#8221;1660212781299-0&#8243; tab_id=&#8221;1660212781300-6&#8243;][vc_column_text]\n<h2>Produits laitiers et \u0153ufs<\/h2>\n[\/vc_column_text][vc_row_inner column_margin=&#8221;default&#8221; column_direction=&#8221;default&#8221; column_direction_tablet=&#8221;default&#8221; column_direction_phone=&#8221;default&#8221; text_align=&#8221;left&#8221;][vc_column_inner column_padding=&#8221;no-extra-padding&#8221; column_padding_tablet=&#8221;inherit&#8221; column_padding_phone=&#8221;inherit&#8221; column_padding_position=&#8221;all&#8221; column_element_spacing=&#8221;default&#8221; background_color_opacity=&#8221;1&#8243; background_hover_color_opacity=&#8221;1&#8243; column_shadow=&#8221;none&#8221; column_border_radius=&#8221;none&#8221; column_link_target=&#8221;_blank&#8221; boxed=&#8221;true&#8221; gradient_direction=&#8221;left_to_right&#8221; overlay_strength=&#8221;0.3&#8243; width=&#8221;1\/3&#8243; tablet_width_inherit=&#8221;default&#8221; bg_image_animation=&#8221;none&#8221; border_type=&#8221;simple&#8221; column_border_width=&#8221;none&#8221; column_border_style=&#8221;solid&#8221; column_link=&#8221;https:\/\/www.reynoartesano.com\/&#8221;][image_with_animation image_url=&#8221;19038&#8243; animation=&#8221;Fade In&#8221; hover_animation=&#8221;none&#8221; alignment=&#8221;&#8221; border_radius=&#8221;none&#8221; box_shadow=&#8221;none&#8221; image_loading=&#8221;default&#8221; max_width=&#8221;100%&#8221; max_width_mobile=&#8221;default&#8221;][vc_column_text]\n<h4>NAPARBIDEAK<\/h4>\n<p><strong>(Navarre)<\/strong><\/p>\n<p>L&#8217;\u00e9picerie artisanale de Navarre, une marque qui certifie l&#8217;utilisation de mati\u00e8res premi\u00e8res de premi\u00e8re qualit\u00e9 et son processus de production respecte ou imite les processus naturels.<\/p>\n<p><strong><a href=\"https:\/\/www.reynoartesano.com\/\" target=\"_blank\" rel=\"noopener\">Visiter le magasin<\/a><\/strong>[\/vc_column_text][\/vc_column_inner][vc_column_inner column_padding=&#8221;no-extra-padding&#8221; column_padding_tablet=&#8221;inherit&#8221; column_padding_phone=&#8221;inherit&#8221; column_padding_position=&#8221;all&#8221; column_element_spacing=&#8221;default&#8221; background_color_opacity=&#8221;1&#8243; background_hover_color_opacity=&#8221;1&#8243; column_shadow=&#8221;none&#8221; column_border_radius=&#8221;none&#8221; column_link_target=&#8221;_blank&#8221; boxed=&#8221;true&#8221; gradient_direction=&#8221;left_to_right&#8221; overlay_strength=&#8221;0.3&#8243; width=&#8221;1\/3&#8243; tablet_width_inherit=&#8221;default&#8221; bg_image_animation=&#8221;none&#8221; border_type=&#8221;simple&#8221; column_border_width=&#8221;none&#8221; column_border_style=&#8221;solid&#8221; column_link=&#8221;https:\/\/www.ekoalde.org\/es&#8221;][image_with_animation image_url=&#8221;19032&#8243; animation=&#8221;Fade In&#8221; hover_animation=&#8221;none&#8221; alignment=&#8221;&#8221; border_radius=&#8221;none&#8221; box_shadow=&#8221;none&#8221; image_loading=&#8221;default&#8221; max_width=&#8221;100%&#8221; max_width_mobile=&#8221;default&#8221;][vc_column_text]\n<h4>\u00c9KOALDE<\/h4>\n<p><strong>(Navarre)<\/strong><\/p>\n<p>Association de producteurs et transformateurs d&#8217;aliments biologiques de Navarre dont l&#8217;objectif est de cr\u00e9er et de promouvoir des circuits courts de distribution pour renforcer l&#8217;activit\u00e9 du secteur ainsi que la valorisation des produits biologiques produits et transform\u00e9s en Navarre.<\/p>\n<p><strong><a href=\"https:\/\/www.ekoalde.org\/es\" target=\"_blank\" rel=\"noopener\">Visiter le magasin<\/a><\/strong>[\/vc_column_text][\/vc_column_inner][vc_column_inner column_padding=&#8221;no-extra-padding&#8221; column_padding_tablet=&#8221;inherit&#8221; column_padding_phone=&#8221;inherit&#8221; column_padding_position=&#8221;all&#8221; column_element_spacing=&#8221;default&#8221; background_color_opacity=&#8221;1&#8243; background_hover_color_opacity=&#8221;1&#8243; column_shadow=&#8221;none&#8221; column_border_radius=&#8221;none&#8221; column_link_target=&#8221;_blank&#8221; boxed=&#8221;true&#8221; gradient_direction=&#8221;left_to_right&#8221; overlay_strength=&#8221;0.3&#8243; width=&#8221;1\/3&#8243; tablet_width_inherit=&#8221;default&#8221; bg_image_animation=&#8221;none&#8221; border_type=&#8221;simple&#8221; column_border_width=&#8221;none&#8221; column_border_style=&#8221;solid&#8221; column_link=&#8221;http:\/\/www.ehne.eus\/bizilur\/tienda\/&#8221;][image_with_animation image_url=&#8221;19017&#8243; animation=&#8221;Fade In&#8221; hover_animation=&#8221;none&#8221; alignment=&#8221;&#8221; border_radius=&#8221;none&#8221; box_shadow=&#8221;none&#8221; image_loading=&#8221;default&#8221; max_width=&#8221;100%&#8221; max_width_mobile=&#8221;default&#8221;][vc_column_text]\n<h4>BIZILUR<\/h4>\n<p><strong>(Navarre)<\/strong><\/p>\n<p>Le groupe de consommateurs Bizilur est compos\u00e9 de producteurs et de consommateurs. Les producteurs s&#8217;engagent \u00e0 fournir leur produit, de qualit\u00e9, de saison et \u00e0 vendre en direct. Les consommateurs s&#8217;engagent \u00e0 consommer chaque semaine un panier ferm\u00e9 de l\u00e9gumes, compos\u00e9 de produits locaux, de saison et bio.<\/p>\n<p><strong><a href=\"http:\/\/www.ehne.eus\/bizilur\/tienda\/\" target=\"_blank\" rel=\"noopener\">Visiter le magasin<\/a><\/strong>[\/vc_column_text][\/vc_column_inner][\/vc_row_inner][vc_row_inner column_margin=&#8221;default&#8221; column_direction=&#8221;default&#8221; column_direction_tablet=&#8221;default&#8221; column_direction_phone=&#8221;default&#8221; text_align=&#8221;left&#8221;][vc_column_inner column_padding=&#8221;no-extra-padding&#8221; column_padding_tablet=&#8221;inherit&#8221; column_padding_phone=&#8221;inherit&#8221; column_padding_position=&#8221;all&#8221; column_element_spacing=&#8221;default&#8221; background_color_opacity=&#8221;1&#8243; background_hover_color_opacity=&#8221;1&#8243; column_shadow=&#8221;none&#8221; column_border_radius=&#8221;none&#8221; column_link_target=&#8221;_blank&#8221; boxed=&#8221;true&#8221; gradient_direction=&#8221;left_to_right&#8221; overlay_strength=&#8221;0.3&#8243; width=&#8221;1\/3&#8243; tablet_width_inherit=&#8221;default&#8221; bg_image_animation=&#8221;none&#8221; border_type=&#8221;simple&#8221; column_border_width=&#8221;none&#8221; column_border_style=&#8221;solid&#8221; column_link=&#8221;https:\/\/sardetiksardeskara.com\/&#8221;][image_with_animation image_url=&#8221;19041&#8243; animation=&#8221;Fade In&#8221; hover_animation=&#8221;none&#8221; alignment=&#8221;&#8221; border_radius=&#8221;none&#8221; box_shadow=&#8221;none&#8221; image_loading=&#8221;default&#8221; max_width=&#8221;100%&#8221; max_width_mobile=&#8221;default&#8221;][vc_column_text]\n<h4>SARDETIK SARDESKARA<\/h4>\n<p><strong>(Navarre)<\/strong><\/p>\n<p>Dans cette application, vous pouvez acheter des aliments produits par les agriculteurs et les \u00e9leveurs de Navarre. Ce sont des aliments de qualit\u00e9, obtenus avec amour et soin pour que vous puissiez les d\u00e9guster quand vous le souhaitez.<\/p>\n<p><strong><a href=\"https:\/\/sardetiksardeskara.com\/\" target=\"_blank\" rel=\"noopener\">Visiter le magasin<\/a><\/strong>[\/vc_column_text][\/vc_column_inner][vc_column_inner column_padding=&#8221;no-extra-padding&#8221; column_padding_tablet=&#8221;inherit&#8221; column_padding_phone=&#8221;inherit&#8221; column_padding_position=&#8221;all&#8221; column_element_spacing=&#8221;default&#8221; background_color_opacity=&#8221;1&#8243; background_hover_color_opacity=&#8221;1&#8243; column_shadow=&#8221;none&#8221; column_border_radius=&#8221;none&#8221; column_link_target=&#8221;_blank&#8221; boxed=&#8221;true&#8221; gradient_direction=&#8221;left_to_right&#8221; overlay_strength=&#8221;0.3&#8243; width=&#8221;1\/3&#8243; tablet_width_inherit=&#8221;default&#8221; bg_image_animation=&#8221;none&#8221; border_type=&#8221;simple&#8221; column_border_width=&#8221;none&#8221; column_border_style=&#8221;solid&#8221; column_link=&#8221;https:\/\/www.coope.com\/&#8221;][image_with_animation image_url=&#8221;19020&#8243; animation=&#8221;Fade In&#8221; hover_animation=&#8221;none&#8221; alignment=&#8221;&#8221; border_radius=&#8221;none&#8221; box_shadow=&#8221;none&#8221; image_loading=&#8221;default&#8221; max_width=&#8221;100%&#8221; max_width_mobile=&#8221;default&#8221;][vc_column_text]\n<h4>COOP\u00c9RATIVE D&#8217;HOSPITALIT\u00c9<\/h4>\n<p><strong>(Navarre)<\/strong><\/p>\n<p>Elle est n\u00e9e il y a plus de soixante-dix ans afin d&#8217;offrir \u00e0 l&#8217;h\u00f4telier les meilleurs prix. Aujourd&#8217;hui, Cooperativa compte 800 membres. La distribution s&#8217;effectue depuis l&#8217;entrep\u00f4t logistique de Zulueta et la vente directe se fait au Cash de Burlada, un espace ouvert o\u00f9 vous pouvez acheter tout ce que vous voulez, \u00e0 des prix tr\u00e8s comp\u00e9titifs, sans avoir \u00e0 \u00eatre h\u00f4telier. Cependant, le partenaire continue d&#8217;\u00eatre notre client prioritaire, obtenant de grands avantages.<\/p>\n<p><strong><a href=\"https:\/\/www.coope.com\/\" target=\"_blank\" rel=\"noopener\">Visiter le magasin<\/a><\/strong>[\/vc_column_text][\/vc_column_inner][vc_column_inner column_padding=&#8221;no-extra-padding&#8221; column_padding_tablet=&#8221;inherit&#8221; column_padding_phone=&#8221;inherit&#8221; column_padding_position=&#8221;all&#8221; column_element_spacing=&#8221;default&#8221; background_color_opacity=&#8221;1&#8243; background_hover_color_opacity=&#8221;1&#8243; column_shadow=&#8221;none&#8221; column_border_radius=&#8221;none&#8221; column_link_target=&#8221;_blank&#8221; boxed=&#8221;true&#8221; gradient_direction=&#8221;left_to_right&#8221; overlay_strength=&#8221;0.3&#8243; width=&#8221;1\/3&#8243; tablet_width_inherit=&#8221;default&#8221; bg_image_animation=&#8221;none&#8221; border_type=&#8221;simple&#8221; column_border_width=&#8221;none&#8221; column_border_style=&#8221;solid&#8221; column_link=&#8221;https:\/\/xixtroak.com\/fr\/&#8221;][image_with_animation image_url=&#8221;19050&#8243; animation=&#8221;Fade In&#8221; hover_animation=&#8221;none&#8221; alignment=&#8221;&#8221; border_radius=&#8221;none&#8221; box_shadow=&#8221;none&#8221; image_loading=&#8221;default&#8221; max_width=&#8221;100%&#8221; max_width_mobile=&#8221;default&#8221;][vc_column_text]\n<h4>XIXTROAK<\/h4>\n<p><strong>(Pays basque)<\/strong><\/p>\n<p>Le collectif xixtroak regroupe 6 fermes sur le secteur d&#8217;hasparren et ses alentours. Producteurs et paysans, nos ouvriers notre terre avec passion et sommes convaincus qu&#8217;une agriculture paysanne a un avenir sur notre territoire mais aussi une plus grande \u00e9chelle. En tant que producteurs fermiers, nous ma\u00eetrisons notre production du d\u00e9but \u00e0 la fin puisque nous produisons, transformons et vendons nos produits nous m\u00eame.<\/p>\n<p><strong><a href=\"https:\/\/xixtroak.com\/fr\/\" target=\"_blank\" rel=\"noopener\">Visiter le magasin<\/a><\/strong>[\/vc_column_text][\/vc_column_inner][\/vc_row_inner][vc_row_inner column_margin=&#8221;default&#8221; column_direction=&#8221;default&#8221; column_direction_tablet=&#8221;default&#8221; column_direction_phone=&#8221;default&#8221; text_align=&#8221;left&#8221;][vc_column_inner column_padding=&#8221;no-extra-padding&#8221; column_padding_tablet=&#8221;inherit&#8221; column_padding_phone=&#8221;inherit&#8221; column_padding_position=&#8221;all&#8221; column_element_spacing=&#8221;default&#8221; background_color_opacity=&#8221;1&#8243; background_hover_color_opacity=&#8221;1&#8243; column_shadow=&#8221;none&#8221; column_border_radius=&#8221;none&#8221; column_link_target=&#8221;_blank&#8221; boxed=&#8221;true&#8221; gradient_direction=&#8221;left_to_right&#8221; overlay_strength=&#8221;0.3&#8243; width=&#8221;1\/3&#8243; tablet_width_inherit=&#8221;default&#8221; bg_image_animation=&#8221;none&#8221; border_type=&#8221;simple&#8221; column_border_width=&#8221;none&#8221; column_border_style=&#8221;solid&#8221; column_link=&#8221;https:\/\/freskoa.store\/&#8221;][image_with_animation image_url=&#8221;19035&#8243; animation=&#8221;Fade In&#8221; hover_animation=&#8221;none&#8221; alignment=&#8221;&#8221; border_radius=&#8221;none&#8221; box_shadow=&#8221;none&#8221; image_loading=&#8221;default&#8221; max_width=&#8221;100%&#8221; max_width_mobile=&#8221;default&#8221;][vc_column_text]\n<h4>FRESKOA<\/h4>\n<p><strong>(Pays basque)<\/strong><\/p>\n<p>Nous produisons basque. D\u00e9couvrez les produits basques propos\u00e9s par nos producteurs et artisans du Pays Basque et faites vous livrer le meilleur du Pays Basque dans un seul colis. C&#8217;est plus pratique et meilleur pour la plan\u00e8te. Tous les produits sont go\u00fbt\u00e9s et valid\u00e9s par Freskoa.<\/p>\n<p><strong><a href=\"https:\/\/freskoa.store\/\" target=\"_blank\" rel=\"noopener\">Visiter le magasin<\/a><\/strong>[\/vc_column_text][\/vc_column_inner][vc_column_inner column_padding=&#8221;no-extra-padding&#8221; column_padding_tablet=&#8221;inherit&#8221; column_padding_phone=&#8221;inherit&#8221; column_padding_position=&#8221;all&#8221; column_element_spacing=&#8221;default&#8221; background_color_opacity=&#8221;1&#8243; background_hover_color_opacity=&#8221;1&#8243; column_shadow=&#8221;none&#8221; column_border_radius=&#8221;none&#8221; column_link_target=&#8221;_self&#8221; boxed=&#8221;true&#8221; gradient_direction=&#8221;left_to_right&#8221; overlay_strength=&#8221;0.3&#8243; width=&#8221;1\/3&#8243; tablet_width_inherit=&#8221;default&#8221; bg_image_animation=&#8221;none&#8221; border_type=&#8221;simple&#8221; column_border_width=&#8221;none&#8221; column_border_style=&#8221;solid&#8221;][image_with_animation image_url=&#8221;34882&#8243; animation=&#8221;Fade In&#8221; hover_animation=&#8221;none&#8221; alignment=&#8221;&#8221; border_radius=&#8221;none&#8221; box_shadow=&#8221;none&#8221; image_loading=&#8221;default&#8221; max_width=&#8221;100%&#8221; max_width_mobile=&#8221;default&#8221;][vc_column_text]\n<h4>FROMAGES LARRE<\/h4>\n<p><strong>(Navarre)<\/strong><\/p>\n<div>En 1985, les fr\u00e8res Heli et Mikel Azn\u00e1rez Lus, voyant qu&#8217;il n&#8217;y avait pas<\/div>\n<div>fabriquant le Roncal de pastor, ils entament la construction d&#8217;une ferme o\u00f9<\/div>\n<div>produire du lait de brebis pour commencer plus tard \u00e0 fabriquer ledit fromage artisanal.<\/div>\n<div><\/div>\n<div>En raison de la demande qui a augment\u00e9 au cours de ces 20 ann\u00e9es, ils commencent \u00e0 collecter du lait<\/div>\n<div>des bergers de la zone afin d&#8217;augmenter progressivement la production.<\/div>\n<div><\/div>\n<div>Aujourd&#8217;hui, install\u00e9s dans la zone industrielle de Burgui, nous sommes une r\u00e9f\u00e9rence au sein<\/div>\n<div>de l&#8217;appellation d&#8217;origine Roncal.<\/div>\n<p><strong><a href=\"http:\/\/www.quesoslarra.com\/\" target=\"_blank\" rel=\"noopener\">Visiter le magasin<\/a><\/strong>[\/vc_column_text][\/vc_column_inner][vc_column_inner column_padding=&#8221;no-extra-padding&#8221; column_padding_tablet=&#8221;inherit&#8221; column_padding_phone=&#8221;inherit&#8221; column_padding_position=&#8221;all&#8221; column_element_spacing=&#8221;default&#8221; background_color_opacity=&#8221;1&#8243; background_hover_color_opacity=&#8221;1&#8243; column_shadow=&#8221;none&#8221; column_border_radius=&#8221;none&#8221; column_link_target=&#8221;_blank&#8221; boxed=&#8221;true&#8221; gradient_direction=&#8221;left_to_right&#8221; overlay_strength=&#8221;0.3&#8243; width=&#8221;1\/3&#8243; tablet_width_inherit=&#8221;default&#8221; bg_image_animation=&#8221;none&#8221; border_type=&#8221;simple&#8221; column_border_width=&#8221;none&#8221; column_border_style=&#8221;solid&#8221; column_link=&#8221;https:\/\/www.colmadoezcaray.com\/&#8221;][image_with_animation image_url=&#8221;36283&#8243; animation=&#8221;Fade In&#8221; hover_animation=&#8221;none&#8221; alignment=&#8221;&#8221; border_radius=&#8221;none&#8221; box_shadow=&#8221;none&#8221; image_loading=&#8221;default&#8221; max_width=&#8221;100%&#8221; max_width_mobile=&#8221;default&#8221;][vc_column_text]\n<h4>LE COLMADO D&#8217;EZCARAY<\/h4>\n<p><strong>(La Rioja)<\/strong><\/p>\n<p>El Colmado de Ezcaray est un adorable magasin familial situ\u00e9 dans la belle ville d&#8217;Ezcaray (La Rioja). Ax\u00e9 sur la vente et la d\u00e9gustation des meilleurs produits maison, liqueurs et vins, tous issus d&#8217;artisans locaux avec des productions limit\u00e9es. Mat\u00edas et Mila, parents, ont commenc\u00e9 le 1er juillet 1997 ce qui jusqu&#8217;alors n&#8217;\u00e9tait qu&#8217;un r\u00eave et qui est devenu une belle r\u00e9alit\u00e9. Aujourd&#8217;hui, nous les enfants, avec l&#8217;aide de nos parents, continuons avec la m\u00eame philosophie et le m\u00eame enthousiasme, \u00e0 la recherche de nouveaux produits artisanaux et \u00e0 nous surprendre, jour apr\u00e8s jour, par la qualit\u00e9 de nos produits locaux.<\/p>\n<p><strong><a href=\"https:\/\/www.colmadoezcaray.com\/\" target=\"_blank\" rel=\"noopener\">Visiter le magasin<\/a><\/strong>[\/vc_column_text][\/vc_column_inner][\/vc_row_inner][\/tab][tab icon_family=&#8221;none&#8221; title=&#8221;L\u00e9gumineuses et c\u00e9r\u00e9ales&#8221; id=&#8221;1660212781735-2&#8243; tab_id=&#8221;1660212781736-2&#8243;][vc_column_text]\n<h2>L\u00e9gumineuses et c\u00e9r\u00e9ales<\/h2>\n[\/vc_column_text][vc_row_inner column_margin=&#8221;default&#8221; column_direction=&#8221;default&#8221; column_direction_tablet=&#8221;default&#8221; column_direction_phone=&#8221;default&#8221; text_align=&#8221;left&#8221;][vc_column_inner column_padding=&#8221;no-extra-padding&#8221; column_padding_tablet=&#8221;inherit&#8221; column_padding_phone=&#8221;inherit&#8221; column_padding_position=&#8221;all&#8221; column_element_spacing=&#8221;default&#8221; background_color_opacity=&#8221;1&#8243; background_hover_color_opacity=&#8221;1&#8243; column_shadow=&#8221;none&#8221; column_border_radius=&#8221;none&#8221; column_link_target=&#8221;_blank&#8221; boxed=&#8221;true&#8221; gradient_direction=&#8221;left_to_right&#8221; overlay_strength=&#8221;0.3&#8243; width=&#8221;1\/3&#8243; tablet_width_inherit=&#8221;default&#8221; bg_image_animation=&#8221;none&#8221; border_type=&#8221;simple&#8221; column_border_width=&#8221;none&#8221; column_border_style=&#8221;solid&#8221; column_link=&#8221;https:\/\/www.ekoalde.org\/es&#8221;][image_with_animation image_url=&#8221;19032&#8243; animation=&#8221;Fade In&#8221; hover_animation=&#8221;none&#8221; alignment=&#8221;&#8221; border_radius=&#8221;none&#8221; box_shadow=&#8221;none&#8221; image_loading=&#8221;default&#8221; max_width=&#8221;100%&#8221; max_width_mobile=&#8221;default&#8221;][vc_column_text]\n<h4>\u00c9KOALDE<\/h4>\n<p><strong>(Navarre)<\/strong><\/p>\n<p>Association de producteurs et transformateurs d&#8217;aliments biologiques de Navarre dont l&#8217;objectif est de cr\u00e9er et de promouvoir des circuits courts de distribution pour renforcer l&#8217;activit\u00e9 du secteur ainsi que la valorisation des produits biologiques produits et transform\u00e9s en Navarre.<\/p>\n<p><strong><a href=\"https:\/\/www.ekoalde.org\/es\" target=\"_blank\" rel=\"noopener\">Visiter le magasin<\/a><\/strong>[\/vc_column_text][\/vc_column_inner][vc_column_inner column_padding=&#8221;no-extra-padding&#8221; column_padding_tablet=&#8221;inherit&#8221; column_padding_phone=&#8221;inherit&#8221; column_padding_position=&#8221;all&#8221; column_element_spacing=&#8221;default&#8221; background_color_opacity=&#8221;1&#8243; background_hover_color_opacity=&#8221;1&#8243; column_shadow=&#8221;none&#8221; column_border_radius=&#8221;none&#8221; column_link_target=&#8221;_blank&#8221; boxed=&#8221;true&#8221; gradient_direction=&#8221;left_to_right&#8221; overlay_strength=&#8221;0.3&#8243; width=&#8221;1\/3&#8243; tablet_width_inherit=&#8221;default&#8221; bg_image_animation=&#8221;none&#8221; border_type=&#8221;simple&#8221; column_border_width=&#8221;none&#8221; column_border_style=&#8221;solid&#8221; column_link=&#8221;https:\/\/www.coope.com\/&#8221;][image_with_animation image_url=&#8221;19020&#8243; animation=&#8221;Fade In&#8221; hover_animation=&#8221;none&#8221; alignment=&#8221;&#8221; border_radius=&#8221;none&#8221; box_shadow=&#8221;none&#8221; image_loading=&#8221;default&#8221; max_width=&#8221;100%&#8221; max_width_mobile=&#8221;default&#8221;][vc_column_text]\n<h4>COOP\u00c9RATIVE D&#8217;HOSPITALIT\u00c9<\/h4>\n<p><strong>(Navarre)<\/strong><\/p>\n<p>Elle est n\u00e9e il y a plus de soixante-dix ans afin d&#8217;offrir \u00e0 l&#8217;h\u00f4telier les meilleurs prix. Aujourd&#8217;hui, Cooperativa compte 800 membres. La distribution s&#8217;effectue depuis l&#8217;entrep\u00f4t logistique de Zulueta et la vente directe se fait au Cash de Burlada, un espace ouvert o\u00f9 vous pouvez acheter tout ce que vous voulez, \u00e0 des prix tr\u00e8s comp\u00e9titifs, sans avoir \u00e0 \u00eatre h\u00f4telier. Cependant, le partenaire continue d&#8217;\u00eatre notre client prioritaire, obtenant de grands avantages.<\/p>\n<p><strong><a href=\"https:\/\/www.coope.com\/\" target=\"_blank\" rel=\"noopener\">Visiter le magasin<\/a><\/strong>[\/vc_column_text][\/vc_column_inner][vc_column_inner column_padding=&#8221;no-extra-padding&#8221; column_padding_tablet=&#8221;inherit&#8221; column_padding_phone=&#8221;inherit&#8221; column_padding_position=&#8221;all&#8221; column_element_spacing=&#8221;default&#8221; background_color_opacity=&#8221;1&#8243; background_hover_color_opacity=&#8221;1&#8243; column_shadow=&#8221;none&#8221; column_border_radius=&#8221;none&#8221; column_link_target=&#8221;_blank&#8221; boxed=&#8221;true&#8221; gradient_direction=&#8221;left_to_right&#8221; overlay_strength=&#8221;0.3&#8243; width=&#8221;1\/3&#8243; tablet_width_inherit=&#8221;default&#8221; bg_image_animation=&#8221;none&#8221; border_type=&#8221;simple&#8221; column_border_width=&#8221;none&#8221; column_border_style=&#8221;solid&#8221; column_link=&#8221;https:\/\/www.colmadoezcaray.com\/&#8221;][image_with_animation image_url=&#8221;36283&#8243; animation=&#8221;Fade In&#8221; hover_animation=&#8221;none&#8221; alignment=&#8221;&#8221; border_radius=&#8221;none&#8221; box_shadow=&#8221;none&#8221; image_loading=&#8221;default&#8221; max_width=&#8221;100%&#8221; max_width_mobile=&#8221;default&#8221;][vc_column_text]\n<h4>LE COLMADO D&#8217;EZCARAY<\/h4>\n<p><strong>(La Rioja)<\/strong><\/p>\n<p>El Colmado de Ezcaray est un adorable magasin familial situ\u00e9 dans la belle ville d&#8217;Ezcaray (La Rioja). Ax\u00e9 sur la vente et la d\u00e9gustation des meilleurs produits maison, liqueurs et vins, tous issus d&#8217;artisans locaux avec des productions limit\u00e9es. Mat\u00edas et Mila, parents, ont commenc\u00e9 le 1er juillet 1997 ce qui jusqu&#8217;alors n&#8217;\u00e9tait qu&#8217;un r\u00eave et qui est devenu une belle r\u00e9alit\u00e9. Aujourd&#8217;hui, nous les enfants, avec l&#8217;aide de nos parents, continuons avec la m\u00eame philosophie et le m\u00eame enthousiasme, \u00e0 la recherche de nouveaux produits artisanaux et \u00e0 nous surprendre, jour apr\u00e8s jour, par la qualit\u00e9 de nos produits locaux.<\/p>\n<p><strong><a href=\"https:\/\/www.colmadoezcaray.com\/\" target=\"_blank\" rel=\"noopener\">Visiter le magasin<\/a><\/strong>[\/vc_column_text][\/vc_column_inner][\/vc_row_inner][\/tab][tab icon_family=&#8221;none&#8221; title=&#8221;Boulangerie&#8221; id=&#8221;1660212781912-6&#8243; tab_id=&#8221;1660212781912-9&#8243;][vc_column_text]\n<h2>Boulangerie<\/h2>\n[\/vc_column_text][vc_row_inner column_margin=&#8221;default&#8221; column_direction=&#8221;default&#8221; column_direction_tablet=&#8221;default&#8221; column_direction_phone=&#8221;default&#8221; text_align=&#8221;left&#8221;][vc_column_inner column_padding=&#8221;no-extra-padding&#8221; column_padding_tablet=&#8221;inherit&#8221; column_padding_phone=&#8221;inherit&#8221; column_padding_position=&#8221;all&#8221; column_element_spacing=&#8221;default&#8221; background_color_opacity=&#8221;1&#8243; background_hover_color_opacity=&#8221;1&#8243; column_shadow=&#8221;none&#8221; column_border_radius=&#8221;none&#8221; column_link_target=&#8221;_blank&#8221; boxed=&#8221;true&#8221; gradient_direction=&#8221;left_to_right&#8221; overlay_strength=&#8221;0.3&#8243; width=&#8221;1\/3&#8243; tablet_width_inherit=&#8221;default&#8221; bg_image_animation=&#8221;none&#8221; border_type=&#8221;simple&#8221; column_border_width=&#8221;none&#8221; column_border_style=&#8221;solid&#8221; column_link=&#8221;https:\/\/www.reynoartesano.com\/&#8221;][image_with_animation image_url=&#8221;19038&#8243; animation=&#8221;Fade In&#8221; hover_animation=&#8221;none&#8221; alignment=&#8221;&#8221; border_radius=&#8221;none&#8221; box_shadow=&#8221;none&#8221; image_loading=&#8221;default&#8221; max_width=&#8221;100%&#8221; max_width_mobile=&#8221;default&#8221;][vc_column_text]\n<h4>NAPARBIDEAK<\/h4>\n<p><strong>(Navarre)<\/strong><\/p>\n<p>L&#8217;\u00e9picerie artisanale de Navarre, une marque qui certifie l&#8217;utilisation de mati\u00e8res premi\u00e8res de premi\u00e8re qualit\u00e9 et son processus de production respecte ou imite les processus naturels.<\/p>\n<p><strong><a href=\"https:\/\/www.reynoartesano.com\/\" target=\"_blank\" rel=\"noopener\">Visiter le magasin<\/a><\/strong>[\/vc_column_text][\/vc_column_inner][vc_column_inner column_padding=&#8221;no-extra-padding&#8221; column_padding_tablet=&#8221;inherit&#8221; column_padding_phone=&#8221;inherit&#8221; column_padding_position=&#8221;all&#8221; column_element_spacing=&#8221;default&#8221; background_color_opacity=&#8221;1&#8243; background_hover_color_opacity=&#8221;1&#8243; column_shadow=&#8221;none&#8221; column_border_radius=&#8221;none&#8221; column_link_target=&#8221;_blank&#8221; boxed=&#8221;true&#8221; gradient_direction=&#8221;left_to_right&#8221; overlay_strength=&#8221;0.3&#8243; width=&#8221;1\/3&#8243; tablet_width_inherit=&#8221;default&#8221; bg_image_animation=&#8221;none&#8221; border_type=&#8221;simple&#8221; column_border_width=&#8221;none&#8221; column_border_style=&#8221;solid&#8221; column_link=&#8221;https:\/\/www.ekoalde.org\/es&#8221;][image_with_animation image_url=&#8221;19032&#8243; animation=&#8221;Fade In&#8221; hover_animation=&#8221;none&#8221; alignment=&#8221;&#8221; border_radius=&#8221;none&#8221; box_shadow=&#8221;none&#8221; image_loading=&#8221;default&#8221; max_width=&#8221;100%&#8221; max_width_mobile=&#8221;default&#8221;][vc_column_text]\n<h4>\u00c9KOALDE<\/h4>\n<p><strong>(Navarre)<\/strong><\/p>\n<p>Association de producteurs et transformateurs d&#8217;aliments biologiques de Navarre dont l&#8217;objectif est de cr\u00e9er et de promouvoir des circuits courts de distribution pour renforcer l&#8217;activit\u00e9 du secteur ainsi que la valorisation des produits biologiques produits et transform\u00e9s en Navarre.<\/p>\n<p><strong><a href=\"https:\/\/www.ekoalde.org\/es\" target=\"_blank\" rel=\"noopener\">Visiter le magasin<\/a><\/strong>[\/vc_column_text][\/vc_column_inner][vc_column_inner column_padding=&#8221;no-extra-padding&#8221; column_padding_tablet=&#8221;inherit&#8221; column_padding_phone=&#8221;inherit&#8221; column_padding_position=&#8221;all&#8221; column_element_spacing=&#8221;default&#8221; background_color_opacity=&#8221;1&#8243; background_hover_color_opacity=&#8221;1&#8243; column_shadow=&#8221;none&#8221; column_border_radius=&#8221;none&#8221; column_link_target=&#8221;_blank&#8221; boxed=&#8221;true&#8221; gradient_direction=&#8221;left_to_right&#8221; overlay_strength=&#8221;0.3&#8243; width=&#8221;1\/3&#8243; tablet_width_inherit=&#8221;default&#8221; bg_image_animation=&#8221;none&#8221; border_type=&#8221;simple&#8221; column_border_width=&#8221;none&#8221; column_border_style=&#8221;solid&#8221; column_link=&#8221;http:\/\/www.ehne.eus\/bizilur\/tienda\/&#8221;][image_with_animation image_url=&#8221;19017&#8243; animation=&#8221;Fade In&#8221; hover_animation=&#8221;none&#8221; alignment=&#8221;&#8221; border_radius=&#8221;none&#8221; box_shadow=&#8221;none&#8221; image_loading=&#8221;default&#8221; max_width=&#8221;100%&#8221; max_width_mobile=&#8221;default&#8221;][vc_column_text]\n<h4>BIZILUR<\/h4>\n<p><strong>(Navarre)<\/strong><\/p>\n<p>Le groupe de consommateurs Bizilur est compos\u00e9 de producteurs et de consommateurs. Les producteurs s&#8217;engagent \u00e0 fournir leur produit, de qualit\u00e9, de saison et \u00e0 vendre en direct. Les consommateurs s&#8217;engagent \u00e0 consommer chaque semaine un panier ferm\u00e9 de l\u00e9gumes, compos\u00e9 de produits locaux, de saison et bio.<\/p>\n<p><strong><a href=\"http:\/\/www.ehne.eus\/bizilur\/tienda\/\" target=\"_blank\" rel=\"noopener\">Visiter le magasin<\/a><\/strong>[\/vc_column_text][\/vc_column_inner][\/vc_row_inner][vc_row_inner column_margin=&#8221;default&#8221; column_direction=&#8221;default&#8221; column_direction_tablet=&#8221;default&#8221; column_direction_phone=&#8221;default&#8221; text_align=&#8221;left&#8221;][vc_column_inner column_padding=&#8221;no-extra-padding&#8221; column_padding_tablet=&#8221;inherit&#8221; column_padding_phone=&#8221;inherit&#8221; column_padding_position=&#8221;all&#8221; column_element_spacing=&#8221;default&#8221; background_color_opacity=&#8221;1&#8243; background_hover_color_opacity=&#8221;1&#8243; column_shadow=&#8221;none&#8221; column_border_radius=&#8221;none&#8221; column_link_target=&#8221;_blank&#8221; boxed=&#8221;true&#8221; gradient_direction=&#8221;left_to_right&#8221; overlay_strength=&#8221;0.3&#8243; width=&#8221;1\/3&#8243; tablet_width_inherit=&#8221;default&#8221; bg_image_animation=&#8221;none&#8221; border_type=&#8221;simple&#8221; column_border_width=&#8221;none&#8221; column_border_style=&#8221;solid&#8221; column_link=&#8221;https:\/\/sardetiksardeskara.com\/&#8221;][image_with_animation image_url=&#8221;19041&#8243; animation=&#8221;Fade In&#8221; hover_animation=&#8221;none&#8221; alignment=&#8221;&#8221; border_radius=&#8221;none&#8221; box_shadow=&#8221;none&#8221; image_loading=&#8221;default&#8221; max_width=&#8221;100%&#8221; max_width_mobile=&#8221;default&#8221;][vc_column_text]\n<h4>SARDETIK SARDESKARA<\/h4>\n<p><strong>(Navarre)<\/strong><\/p>\n<p>Dans cette application, vous pouvez acheter des aliments produits par les agriculteurs et les \u00e9leveurs de Navarre. Ce sont des aliments de qualit\u00e9, obtenus avec amour et soin pour que vous puissiez les d\u00e9guster quand vous le souhaitez.<\/p>\n<p><strong><a href=\"https:\/\/sardetiksardeskara.com\/\" target=\"_blank\" rel=\"noopener\">Visiter le magasin<\/a><\/strong>[\/vc_column_text][\/vc_column_inner][vc_column_inner column_padding=&#8221;no-extra-padding&#8221; column_padding_tablet=&#8221;inherit&#8221; column_padding_phone=&#8221;inherit&#8221; column_padding_position=&#8221;all&#8221; column_element_spacing=&#8221;default&#8221; background_color_opacity=&#8221;1&#8243; background_hover_color_opacity=&#8221;1&#8243; column_shadow=&#8221;none&#8221; column_border_radius=&#8221;none&#8221; column_link_target=&#8221;_blank&#8221; boxed=&#8221;true&#8221; gradient_direction=&#8221;left_to_right&#8221; overlay_strength=&#8221;0.3&#8243; width=&#8221;1\/3&#8243; tablet_width_inherit=&#8221;default&#8221; bg_image_animation=&#8221;none&#8221; border_type=&#8221;simple&#8221; column_border_width=&#8221;none&#8221; column_border_style=&#8221;solid&#8221; column_link=&#8221;https:\/\/www.coope.com\/&#8221;][image_with_animation image_url=&#8221;19020&#8243; animation=&#8221;Fade In&#8221; hover_animation=&#8221;none&#8221; alignment=&#8221;&#8221; border_radius=&#8221;none&#8221; box_shadow=&#8221;none&#8221; image_loading=&#8221;default&#8221; max_width=&#8221;100%&#8221; max_width_mobile=&#8221;default&#8221;][vc_column_text]\n<h4>COOP\u00c9RATIVE D&#8217;HOSPITALIT\u00c9<\/h4>\n<p><strong>(Navarre)<\/strong><\/p>\n<p>Elle est n\u00e9e il y a plus de soixante-dix ans afin d&#8217;offrir \u00e0 l&#8217;h\u00f4telier les meilleurs prix. Aujourd&#8217;hui, Cooperativa compte 800 membres. La distribution s&#8217;effectue depuis l&#8217;entrep\u00f4t logistique de Zulueta et la vente directe se fait au Cash de Burlada, un espace ouvert o\u00f9 vous pouvez acheter tout ce que vous voulez, \u00e0 des prix tr\u00e8s comp\u00e9titifs, sans avoir \u00e0 \u00eatre h\u00f4telier. Cependant, le partenaire continue d&#8217;\u00eatre notre client prioritaire, obtenant de grands avantages.<\/p>\n<p><strong><a href=\"https:\/\/www.coope.com\/\" target=\"_blank\" rel=\"noopener\">Visiter le magasin<\/a><\/strong>[\/vc_column_text][\/vc_column_inner][vc_column_inner column_padding=&#8221;no-extra-padding&#8221; column_padding_tablet=&#8221;inherit&#8221; column_padding_phone=&#8221;inherit&#8221; column_padding_position=&#8221;all&#8221; column_element_spacing=&#8221;default&#8221; background_color_opacity=&#8221;1&#8243; background_hover_color_opacity=&#8221;1&#8243; column_shadow=&#8221;none&#8221; column_border_radius=&#8221;none&#8221; column_link_target=&#8221;_blank&#8221; boxed=&#8221;true&#8221; gradient_direction=&#8221;left_to_right&#8221; overlay_strength=&#8221;0.3&#8243; width=&#8221;1\/3&#8243; tablet_width_inherit=&#8221;default&#8221; bg_image_animation=&#8221;none&#8221; border_type=&#8221;simple&#8221; column_border_width=&#8221;none&#8221; column_border_style=&#8221;solid&#8221; column_link=&#8221;https:\/\/xixtroak.com\/fr\/&#8221;][image_with_animation image_url=&#8221;19050&#8243; animation=&#8221;Fade In&#8221; hover_animation=&#8221;none&#8221; alignment=&#8221;&#8221; border_radius=&#8221;none&#8221; box_shadow=&#8221;none&#8221; image_loading=&#8221;default&#8221; max_width=&#8221;100%&#8221; max_width_mobile=&#8221;default&#8221;][vc_column_text]\n<h4>XIXTROAK<\/h4>\n<p><strong>(Pays basque)<\/strong><\/p>\n<p>Le collectif xixtroak regroupe 6 fermes sur le secteur d&#8217;hasparren et ses alentours. Producteurs et paysans, nos ouvriers notre terre avec passion et sommes convaincus qu&#8217;une agriculture paysanne a un avenir sur notre territoire mais aussi une plus grande \u00e9chelle. En tant que producteurs fermiers, nous ma\u00eetrisons notre production du d\u00e9but \u00e0 la fin puisque nous produisons, transformons et vendons nos produits nous m\u00eame.<\/p>\n<p><strong><a href=\"https:\/\/xixtroak.com\/fr\/\" target=\"_blank\" rel=\"noopener\">Visiter le magasin<\/a><\/strong>[\/vc_column_text][\/vc_column_inner][\/vc_row_inner][vc_row_inner column_margin=&#8221;default&#8221; column_direction=&#8221;default&#8221; column_direction_tablet=&#8221;default&#8221; column_direction_phone=&#8221;default&#8221; text_align=&#8221;left&#8221;][vc_column_inner column_padding=&#8221;no-extra-padding&#8221; column_padding_tablet=&#8221;inherit&#8221; column_padding_phone=&#8221;inherit&#8221; column_padding_position=&#8221;all&#8221; column_element_spacing=&#8221;default&#8221; background_color_opacity=&#8221;1&#8243; background_hover_color_opacity=&#8221;1&#8243; column_shadow=&#8221;none&#8221; column_border_radius=&#8221;none&#8221; column_link_target=&#8221;_blank&#8221; boxed=&#8221;true&#8221; gradient_direction=&#8221;left_to_right&#8221; overlay_strength=&#8221;0.3&#8243; width=&#8221;1\/3&#8243; tablet_width_inherit=&#8221;default&#8221; bg_image_animation=&#8221;none&#8221; border_type=&#8221;simple&#8221; column_border_width=&#8221;none&#8221; column_border_style=&#8221;solid&#8221; column_link=&#8221;https:\/\/freskoa.store\/&#8221;][image_with_animation image_url=&#8221;19035&#8243; animation=&#8221;Fade In&#8221; hover_animation=&#8221;none&#8221; alignment=&#8221;&#8221; border_radius=&#8221;none&#8221; box_shadow=&#8221;none&#8221; image_loading=&#8221;default&#8221; max_width=&#8221;100%&#8221; max_width_mobile=&#8221;default&#8221;][vc_column_text]\n<h4>FRESKOA<\/h4>\n<p><strong>(Pays basque)<\/strong><\/p>\n<p>Nous produisons basque. D\u00e9couvrez les produits basques propos\u00e9s par nos producteurs et artisans du Pays Basque et faites vous livrer le meilleur du Pays Basque dans un seul colis. C&#8217;est plus pratique et meilleur pour la plan\u00e8te. Tous les produits sont go\u00fbt\u00e9s et valid\u00e9s par Freskoa.<\/p>\n<p><strong><a href=\"https:\/\/freskoa.store\/\" target=\"_blank\" rel=\"noopener\">Visiter le magasin<\/a><\/strong>[\/vc_column_text][\/vc_column_inner][vc_column_inner column_padding=&#8221;no-extra-padding&#8221; column_padding_tablet=&#8221;inherit&#8221; column_padding_phone=&#8221;inherit&#8221; column_padding_position=&#8221;all&#8221; column_element_spacing=&#8221;default&#8221; background_color_opacity=&#8221;1&#8243; background_hover_color_opacity=&#8221;1&#8243; column_shadow=&#8221;none&#8221; column_border_radius=&#8221;none&#8221; column_link_target=&#8221;_blank&#8221; boxed=&#8221;true&#8221; gradient_direction=&#8221;left_to_right&#8221; overlay_strength=&#8221;0.3&#8243; width=&#8221;1\/3&#8243; tablet_width_inherit=&#8221;default&#8221; bg_image_animation=&#8221;none&#8221; border_type=&#8221;simple&#8221; column_border_width=&#8221;none&#8221; column_border_style=&#8221;solid&#8221; column_link=&#8221;https:\/\/www.colmadoezcaray.com\/&#8221;][image_with_animation image_url=&#8221;36283&#8243; animation=&#8221;Fade In&#8221; hover_animation=&#8221;none&#8221; alignment=&#8221;&#8221; border_radius=&#8221;none&#8221; box_shadow=&#8221;none&#8221; image_loading=&#8221;default&#8221; max_width=&#8221;100%&#8221; max_width_mobile=&#8221;default&#8221;][vc_column_text]\n<h4>LE COLMADO D&#8217;EZCARAY<\/h4>\n<p><strong>(La Rioja)<\/strong><\/p>\n<p>El Colmado de Ezcaray est un adorable magasin familial situ\u00e9 dans la belle ville d&#8217;Ezcaray (La Rioja). Ax\u00e9 sur la vente et la d\u00e9gustation des meilleurs produits maison, liqueurs et vins, tous issus d&#8217;artisans locaux avec des productions limit\u00e9es.<\/p>\n<p><strong><a href=\"https:\/\/www.colmadoezcaray.com\/\" target=\"_blank\" rel=\"noopener\">Visiter le magasin<\/a><\/strong>[\/vc_column_text][\/vc_column_inner][vc_column_inner column_padding=&#8221;no-extra-padding&#8221; column_padding_tablet=&#8221;inherit&#8221; column_padding_phone=&#8221;inherit&#8221; column_padding_position=&#8221;all&#8221; column_element_spacing=&#8221;default&#8221; background_color_opacity=&#8221;1&#8243; background_hover_color_opacity=&#8221;1&#8243; column_shadow=&#8221;none&#8221; column_border_radius=&#8221;none&#8221; column_link_target=&#8221;_self&#8221; gradient_direction=&#8221;left_to_right&#8221; overlay_strength=&#8221;0.3&#8243; width=&#8221;1\/3&#8243; tablet_width_inherit=&#8221;default&#8221; bg_image_animation=&#8221;none&#8221; border_type=&#8221;simple&#8221; column_border_width=&#8221;none&#8221; column_border_style=&#8221;solid&#8221;][image_with_animation image_url=&#8221;13809&#8243; animation=&#8221;Fade In&#8221; hover_animation=&#8221;none&#8221; alignment=&#8221;&#8221; border_radius=&#8221;none&#8221; box_shadow=&#8221;none&#8221; image_loading=&#8221;default&#8221; max_width=&#8221;100%&#8221; max_width_mobile=&#8221;default&#8221;][vc_column_text]\n<h4>MAISON URRUTIA<\/h4>\n<p><strong>(Uju\u00e9)<\/strong><\/p>\n<p>Trois g\u00e9n\u00e9rations de ma\u00eetres boulangers. Nous fabriquons une grande vari\u00e9t\u00e9 de confiseries traditionnelles : biscuits et p\u00e2tes compl\u00e8tes, produits de confiserie di\u00e9t\u00e9tique, produits bio, muffins, brioches d&#8217;Uju\u00e9, g\u00e2teau naturel d&#8217;Uju\u00e9, g\u00e2teau aux noix naturelles, d\u00e9lices au chocolat, biscuit cr\u00e8me au chocolat, mantecados, beignets \u00e0 l&#8217;anis. G\u00e2teau basque aux pommes Uju\u00e9, g\u00e2teau aux raisins naturels, gourmandises \u00e0 l&#8217;orange, etc.<\/p>\n<p><strong><a href=\"https:\/\/tienda.casaurrutia.net\/\" target=\"_blank\" rel=\"noopener\">Visiter le magasin<\/a><\/strong>[\/vc_column_text][\/vc_column_inner][\/vc_row_inner][\/tab][tab icon_family=&#8221;none&#8221; title=&#8221;P\u00e2t\u00e9s et conserves&#8221; id=&#8221;1660212782312-1&#8243; tab_id=&#8221;1660212782313-5&#8243;][vc_column_text]\n<h2>P\u00e2t\u00e9s et conserves<\/h2>\n[\/vc_column_text][vc_row_inner column_margin=&#8221;default&#8221; column_direction=&#8221;default&#8221; column_direction_tablet=&#8221;default&#8221; column_direction_phone=&#8221;default&#8221; text_align=&#8221;left&#8221;][vc_column_inner column_padding=&#8221;no-extra-padding&#8221; column_padding_tablet=&#8221;inherit&#8221; column_padding_phone=&#8221;inherit&#8221; column_padding_position=&#8221;all&#8221; column_element_spacing=&#8221;default&#8221; background_color_opacity=&#8221;1&#8243; background_hover_color_opacity=&#8221;1&#8243; column_shadow=&#8221;none&#8221; column_border_radius=&#8221;none&#8221; column_link_target=&#8221;_blank&#8221; boxed=&#8221;true&#8221; gradient_direction=&#8221;left_to_right&#8221; overlay_strength=&#8221;0.3&#8243; width=&#8221;1\/3&#8243; tablet_width_inherit=&#8221;default&#8221; bg_image_animation=&#8221;none&#8221; border_type=&#8221;simple&#8221; column_border_width=&#8221;none&#8221; column_border_style=&#8221;solid&#8221; column_link=&#8221;https:\/\/www.reynoartesano.com\/&#8221;][image_with_animation image_url=&#8221;19038&#8243; animation=&#8221;Fade In&#8221; hover_animation=&#8221;none&#8221; alignment=&#8221;&#8221; border_radius=&#8221;none&#8221; box_shadow=&#8221;none&#8221; image_loading=&#8221;default&#8221; max_width=&#8221;100%&#8221; max_width_mobile=&#8221;default&#8221;][vc_column_text]\n<h4>NAPARBIDEAK<\/h4>\n<p><strong>(Navarre)<\/strong><\/p>\n<p>L&#8217;\u00e9picerie artisanale de Navarre, une marque qui certifie l&#8217;utilisation de mati\u00e8res premi\u00e8res de premi\u00e8re qualit\u00e9 et son processus de production respecte ou imite les processus naturels.<\/p>\n<p><strong><a href=\"https:\/\/www.reynoartesano.com\/\" target=\"_blank\" rel=\"noopener\">Visiter le magasin<\/a><\/strong>[\/vc_column_text][\/vc_column_inner][vc_column_inner column_padding=&#8221;no-extra-padding&#8221; column_padding_tablet=&#8221;inherit&#8221; column_padding_phone=&#8221;inherit&#8221; column_padding_position=&#8221;all&#8221; column_element_spacing=&#8221;default&#8221; background_color_opacity=&#8221;1&#8243; background_hover_color_opacity=&#8221;1&#8243; column_shadow=&#8221;none&#8221; column_border_radius=&#8221;none&#8221; column_link_target=&#8221;_blank&#8221; boxed=&#8221;true&#8221; gradient_direction=&#8221;left_to_right&#8221; overlay_strength=&#8221;0.3&#8243; width=&#8221;1\/3&#8243; tablet_width_inherit=&#8221;default&#8221; bg_image_animation=&#8221;none&#8221; border_type=&#8221;simple&#8221; column_border_width=&#8221;none&#8221; column_border_style=&#8221;solid&#8221; column_link=&#8221;https:\/\/www.ekoalde.org\/es&#8221;][image_with_animation image_url=&#8221;19032&#8243; animation=&#8221;Fade In&#8221; hover_animation=&#8221;none&#8221; alignment=&#8221;&#8221; border_radius=&#8221;none&#8221; box_shadow=&#8221;none&#8221; image_loading=&#8221;default&#8221; max_width=&#8221;100%&#8221; max_width_mobile=&#8221;default&#8221;][vc_column_text]\n<h4>\u00c9KOALDE<\/h4>\n<p><strong>(Navarre)<\/strong><\/p>\n<p>Association de producteurs et transformateurs d&#8217;aliments biologiques de Navarre dont l&#8217;objectif est de cr\u00e9er et de promouvoir des circuits courts de distribution pour renforcer l&#8217;activit\u00e9 du secteur ainsi que la valorisation des produits biologiques produits et transform\u00e9s en Navarre.<\/p>\n<p><strong><a href=\"https:\/\/www.ekoalde.org\/es\" target=\"_blank\" rel=\"noopener\">Visiter le magasin<\/a><\/strong>[\/vc_column_text][\/vc_column_inner][vc_column_inner column_padding=&#8221;no-extra-padding&#8221; column_padding_tablet=&#8221;inherit&#8221; column_padding_phone=&#8221;inherit&#8221; column_padding_position=&#8221;all&#8221; column_element_spacing=&#8221;default&#8221; background_color_opacity=&#8221;1&#8243; background_hover_color_opacity=&#8221;1&#8243; column_shadow=&#8221;none&#8221; column_border_radius=&#8221;none&#8221; column_link_target=&#8221;_blank&#8221; boxed=&#8221;true&#8221; gradient_direction=&#8221;left_to_right&#8221; overlay_strength=&#8221;0.3&#8243; width=&#8221;1\/3&#8243; tablet_width_inherit=&#8221;default&#8221; bg_image_animation=&#8221;none&#8221; border_type=&#8221;simple&#8221; column_border_width=&#8221;none&#8221; column_border_style=&#8221;solid&#8221; column_link=&#8221;https:\/\/www.coope.com\/&#8221;][image_with_animation image_url=&#8221;19020&#8243; animation=&#8221;Fade In&#8221; hover_animation=&#8221;none&#8221; alignment=&#8221;&#8221; border_radius=&#8221;none&#8221; box_shadow=&#8221;none&#8221; image_loading=&#8221;default&#8221; max_width=&#8221;100%&#8221; max_width_mobile=&#8221;default&#8221;][vc_column_text]\n<h4>COOP\u00c9RATIVE D&#8217;HOSPITALIT\u00c9<\/h4>\n<p><strong>(Navarre)<\/strong><\/p>\n<p>Elle est n\u00e9e il y a plus de soixante-dix ans afin d&#8217;offrir \u00e0 l&#8217;h\u00f4telier les meilleurs prix. Aujourd&#8217;hui, Cooperativa compte 800 membres. La distribution s&#8217;effectue depuis l&#8217;entrep\u00f4t logistique de Zulueta et la vente directe se fait au Cash de Burlada, un espace ouvert o\u00f9 vous pouvez acheter tout ce que vous voulez, \u00e0 des prix tr\u00e8s comp\u00e9titifs, sans avoir \u00e0 \u00eatre h\u00f4telier. Cependant, le partenaire continue d&#8217;\u00eatre notre client prioritaire, obtenant de grands avantages.<\/p>\n<p><strong><a href=\"https:\/\/www.coope.com\/\" target=\"_blank\" rel=\"noopener\">Visiter le magasin<\/a><\/strong>[\/vc_column_text][\/vc_column_inner][\/vc_row_inner][vc_row_inner column_margin=&#8221;default&#8221; column_direction=&#8221;default&#8221; column_direction_tablet=&#8221;default&#8221; column_direction_phone=&#8221;default&#8221; text_align=&#8221;left&#8221;][vc_column_inner column_padding=&#8221;no-extra-padding&#8221; column_padding_tablet=&#8221;inherit&#8221; column_padding_phone=&#8221;inherit&#8221; column_padding_position=&#8221;all&#8221; column_element_spacing=&#8221;default&#8221; background_color_opacity=&#8221;1&#8243; background_hover_color_opacity=&#8221;1&#8243; column_shadow=&#8221;none&#8221; column_border_radius=&#8221;none&#8221; column_link_target=&#8221;_blank&#8221; boxed=&#8221;true&#8221; gradient_direction=&#8221;left_to_right&#8221; overlay_strength=&#8221;0.3&#8243; width=&#8221;1\/3&#8243; tablet_width_inherit=&#8221;default&#8221; bg_image_animation=&#8221;none&#8221; border_type=&#8221;simple&#8221; column_border_width=&#8221;none&#8221; column_border_style=&#8221;solid&#8221; column_link=&#8221;https:\/\/www.reynoartesano.com\/&#8221;][image_with_animation image_url=&#8221;34928&#8243; animation=&#8221;Fade In&#8221; hover_animation=&#8221;none&#8221; alignment=&#8221;&#8221; border_radius=&#8221;none&#8221; box_shadow=&#8221;none&#8221; image_loading=&#8221;default&#8221; max_width=&#8221;100%&#8221; max_width_mobile=&#8221;default&#8221;][vc_column_text]\n<h4>PRODUITS DE CANARD \u00c0 ERREUR<\/h4>\n<p><strong>(Navarre)<\/strong><\/p>\n<div>Errotazar est une entreprise familiale fond\u00e9e en 1986 par les fr\u00e8res Juan Antonio et<\/div>\n<div>Fausto Prieto Irazoki.<\/div>\n<div><\/div>\n<div>Il est situ\u00e9 \u00e0 Bera, une ville du nord de la Navarre, limitrophe de l&#8217;Aquitaine fran\u00e7aise<\/div>\n<div>et Guipuzcoa.<\/div>\n<div><\/div>\n<div>Apr\u00e8s plusieurs ann\u00e9es d&#8217;apprentissage dans des ateliers de la r\u00e9gion fran\u00e7aise du<\/div>\n<div>landes, nous avons acquis les connaissances et l&#8217;exp\u00e9rience pour d\u00e9marrer notre entreprise de<\/div>\n<div>\u00e9laboration de produits d\u00e9riv\u00e9s du canard.<\/div>\n<div><\/div>\n<div>Depuis, suivant un syst\u00e8me de production artisanale, avec une s\u00e9lection choy\u00e9e<\/div>\n<div>de la mati\u00e8re premi\u00e8re, nous avons r\u00e9ussi \u00e0 cr\u00e9er une gamme de produits de haute qualit\u00e9, la<\/div>\n<div>qui conservent leurs propri\u00e9t\u00e9s de texture, de saveur et de composition nutritionnelle jusqu&#8217;\u00e0 la<\/div>\n<div>moment de la consommation.<\/div>\n<p><strong><a href=\"https:\/\/www.errotazarartesanos.com\/tienda\/\" target=\"_blank\" rel=\"noopener\">Visiter le magasin<\/a><\/strong>[\/vc_column_text][\/vc_column_inner][vc_column_inner column_padding=&#8221;no-extra-padding&#8221; column_padding_tablet=&#8221;inherit&#8221; column_padding_phone=&#8221;inherit&#8221; column_padding_position=&#8221;all&#8221; column_element_spacing=&#8221;default&#8221; background_color_opacity=&#8221;1&#8243; background_hover_color_opacity=&#8221;1&#8243; column_shadow=&#8221;none&#8221; column_border_radius=&#8221;none&#8221; column_link_target=&#8221;_blank&#8221; boxed=&#8221;true&#8221; gradient_direction=&#8221;left_to_right&#8221; overlay_strength=&#8221;0.3&#8243; width=&#8221;1\/3&#8243; tablet_width_inherit=&#8221;default&#8221; bg_image_animation=&#8221;none&#8221; border_type=&#8221;simple&#8221; column_border_width=&#8221;none&#8221; column_border_style=&#8221;solid&#8221; column_link=&#8221;https:\/\/www.ekoalde.org\/es&#8221;][image_with_animation image_url=&#8221;34867&#8243; animation=&#8221;Fade In&#8221; hover_animation=&#8221;none&#8221; alignment=&#8221;&#8221; border_radius=&#8221;none&#8221; box_shadow=&#8221;none&#8221; image_loading=&#8221;default&#8221; max_width=&#8221;100%&#8221; max_width_mobile=&#8221;default&#8221;][vc_column_text]\n<h4>PRODUITS DE CANARD ARTISAN KATEALDE<\/h4>\n<p><strong>(Navarre)<\/strong><\/p>\n<div>Dans la ville navarraise d&#8217;Alsasua, au pied de la Sierra de Urbasa, nous avons commenc\u00e9 \u00e0<\/div>\n<div>d\u00e9but des ann\u00e9es 1980 avec l&#8217;\u00e9levage et l&#8217;app\u00e2tage des canards mulards.<\/div>\n<div><\/div>\n<div>Les connaissances acquises au cours de ces ann\u00e9es nous emm\u00e8nent du d\u00e9but des ann\u00e9es 90 \u00e0<\/div>\n<div>lancer nos produits sur le march\u00e9.<\/div>\n<div><\/div>\n<div>Aujourd&#8217;hui, Katealde est toujours impliqu\u00e9e dans l&#8217;ensemble du processus, de l&#8217;\u00e9levage des canards \u00e0<\/div>\n<div>grandes parcelles \u00e0 ciel ouvert \u00e0 la transformation et l&#8217;\u00e9laboration de notre<\/div>\n<div>produits sans oublier la plus pure tradition de l&#8217;app\u00e2t au ma\u00efs grain et utilisant<\/div>\n<div>pour tout cela les technologies les plus modernes.<\/div>\n<div><\/div>\n<div>Chez Katealde, nous continuons \u00e0 travailler chaque jour pour offrir le meilleur \u00e0 nos clients,<\/div>\n<div>Pour cette raison, chacun de nos processus de production est soumis \u00e0 une<\/div>\n<div>contr\u00f4le de qualit\u00e9 exhaustif et sont \u00e9labor\u00e9s dans des conditions d&#8217;hygi\u00e8ne optimales<\/div>\n<div>sanitaire.<\/div>\n<div><\/div>\n<div>Notre engagement envers la tradition artisanale avec un effort d&#8217;attention maximale<\/div>\n<div>M\u00eame le moindre d\u00e9tail nous permet d&#8217;obtenir un produit final diff\u00e9renci\u00e9.<\/div>\n<div><\/div>\n<div>Katealde participe \u00e0 un projet europ\u00e9en de R&amp;D pour l&#8217;assurance qualit\u00e9<\/div>\n<div>contamination microbienne des aliments et appartient aux aliments artisanaux de Navarre.<\/div>\n<p><strong><a href=\"http:\/\/katealde.comprarenred.com\/es\/\" target=\"_blank\" rel=\"noopener\">Visiter le magasin<\/a><\/strong>[\/vc_column_text][\/vc_column_inner][vc_column_inner column_padding=&#8221;no-extra-padding&#8221; column_padding_tablet=&#8221;inherit&#8221; column_padding_phone=&#8221;inherit&#8221; column_padding_position=&#8221;all&#8221; column_element_spacing=&#8221;default&#8221; background_color_opacity=&#8221;1&#8243; background_hover_color_opacity=&#8221;1&#8243; column_shadow=&#8221;none&#8221; column_border_radius=&#8221;none&#8221; column_link_target=&#8221;_blank&#8221; boxed=&#8221;true&#8221; gradient_direction=&#8221;left_to_right&#8221; overlay_strength=&#8221;0.3&#8243; width=&#8221;1\/3&#8243; tablet_width_inherit=&#8221;default&#8221; bg_image_animation=&#8221;none&#8221; border_type=&#8221;simple&#8221; column_border_width=&#8221;none&#8221; column_border_style=&#8221;solid&#8221; column_link=&#8221;https:\/\/www.colmadoezcaray.com\/&#8221;][image_with_animation image_url=&#8221;36283&#8243; animation=&#8221;Fade In&#8221; hover_animation=&#8221;none&#8221; alignment=&#8221;&#8221; border_radius=&#8221;none&#8221; box_shadow=&#8221;none&#8221; image_loading=&#8221;default&#8221; max_width=&#8221;100%&#8221; max_width_mobile=&#8221;default&#8221;][vc_column_text]\n<h4>LE COLMADO D&#8217;EZCARAY<\/h4>\n<p><strong>(La Rioja)<\/strong><\/p>\n<p>El Colmado de Ezcaray est un adorable magasin familial situ\u00e9 dans la belle ville d&#8217;Ezcaray (La Rioja). Ax\u00e9 sur la vente et la d\u00e9gustation des meilleurs produits maison, liqueurs et vins, tous issus d&#8217;artisans locaux avec des productions limit\u00e9es. Mat\u00edas et Mila, parents, ont commenc\u00e9 le 1er juillet 1997 ce qui jusqu&#8217;alors n&#8217;\u00e9tait qu&#8217;un r\u00eave et qui est devenu une belle r\u00e9alit\u00e9. Aujourd&#8217;hui, nous les enfants, avec l&#8217;aide de nos parents, continuons avec la m\u00eame philosophie et le m\u00eame enthousiasme, \u00e0 la recherche de nouveaux produits artisanaux et \u00e0 nous surprendre, jour apr\u00e8s jour, par la qualit\u00e9 de nos produits locaux.<\/p>\n<p><strong><a href=\"https:\/\/www.colmadoezcaray.com\/\" target=\"_blank\" rel=\"noopener\">Visiter le magasin<\/a><\/strong>[\/vc_column_text][\/vc_column_inner][\/vc_row_inner][\/tab][tab icon_family=&#8221;none&#8221; title=&#8221;Poisson&#8221; id=&#8221;1660212782597-7&#8243; tab_id=&#8221;1660212782599-6&#8243;][vc_column_text]\n<h2>Huile et condiments<\/h2>\n[\/vc_column_text][vc_row_inner column_margin=&#8221;default&#8221; column_direction=&#8221;default&#8221; column_direction_tablet=&#8221;default&#8221; column_direction_phone=&#8221;default&#8221; text_align=&#8221;left&#8221;][vc_column_inner column_padding=&#8221;no-extra-padding&#8221; column_padding_tablet=&#8221;inherit&#8221; column_padding_phone=&#8221;inherit&#8221; column_padding_position=&#8221;all&#8221; column_element_spacing=&#8221;default&#8221; background_color_opacity=&#8221;1&#8243; background_hover_color_opacity=&#8221;1&#8243; column_shadow=&#8221;none&#8221; column_border_radius=&#8221;none&#8221; column_link_target=&#8221;_blank&#8221; boxed=&#8221;true&#8221; gradient_direction=&#8221;left_to_right&#8221; overlay_strength=&#8221;0.3&#8243; width=&#8221;1\/3&#8243; tablet_width_inherit=&#8221;default&#8221; bg_image_animation=&#8221;none&#8221; border_type=&#8221;simple&#8221; column_border_width=&#8221;none&#8221; column_border_style=&#8221;solid&#8221; column_link=&#8221;https:\/\/www.ekoalde.org\/es&#8221;][image_with_animation image_url=&#8221;19032&#8243; animation=&#8221;Fade In&#8221; hover_animation=&#8221;none&#8221; alignment=&#8221;&#8221; border_radius=&#8221;none&#8221; box_shadow=&#8221;none&#8221; image_loading=&#8221;default&#8221; max_width=&#8221;100%&#8221; max_width_mobile=&#8221;default&#8221;][vc_column_text]\n<h4>\u00c9KOALDE<\/h4>\n<p><strong>(Navarre)<\/strong><\/p>\n<p>Association de producteurs et transformateurs d&#8217;aliments biologiques de Navarre dont l&#8217;objectif est de cr\u00e9er et de promouvoir des circuits courts de distribution pour renforcer l&#8217;activit\u00e9 du secteur ainsi que la valorisation des produits biologiques produits et transform\u00e9s en Navarre.<\/p>\n<p><strong><a href=\"https:\/\/www.ekoalde.org\/es\" target=\"_blank\" rel=\"noopener\">Visiter le magasin<\/a><\/strong>[\/vc_column_text][\/vc_column_inner][vc_column_inner column_padding=&#8221;no-extra-padding&#8221; column_padding_tablet=&#8221;inherit&#8221; column_padding_phone=&#8221;inherit&#8221; column_padding_position=&#8221;all&#8221; column_element_spacing=&#8221;default&#8221; background_color_opacity=&#8221;1&#8243; background_hover_color_opacity=&#8221;1&#8243; column_shadow=&#8221;none&#8221; column_border_radius=&#8221;none&#8221; column_link_target=&#8221;_blank&#8221; gradient_direction=&#8221;left_to_right&#8221; overlay_strength=&#8221;0.3&#8243; width=&#8221;1\/3&#8243; tablet_width_inherit=&#8221;default&#8221; bg_image_animation=&#8221;none&#8221; border_type=&#8221;simple&#8221; column_border_width=&#8221;none&#8221; column_border_style=&#8221;solid&#8221; column_link=&#8221;https:\/\/www.coope.com\/&#8221;][image_with_animation image_url=&#8221;19020&#8243; animation=&#8221;Fade In&#8221; hover_animation=&#8221;none&#8221; alignment=&#8221;&#8221; border_radius=&#8221;none&#8221; box_shadow=&#8221;none&#8221; image_loading=&#8221;default&#8221; max_width=&#8221;100%&#8221; max_width_mobile=&#8221;default&#8221;][vc_column_text]\n<h4>COOP\u00c9RATIVE D&#8217;HOSPITALIT\u00c9<\/h4>\n<p><strong>(Navarre)<\/strong><\/p>\n<p>Elle est n\u00e9e il y a plus de soixante-dix ans afin d&#8217;offrir \u00e0 l&#8217;h\u00f4telier les meilleurs prix. Aujourd&#8217;hui, Cooperativa compte 800 membres. La distribution s&#8217;effectue depuis l&#8217;entrep\u00f4t logistique de Zulueta et la vente directe se fait au Cash de Burlada, un espace ouvert o\u00f9 vous pouvez acheter tout ce que vous voulez, \u00e0 des prix tr\u00e8s comp\u00e9titifs, sans avoir \u00e0 \u00eatre h\u00f4telier. Cependant, le partenaire continue d&#8217;\u00eatre notre client prioritaire, obtenant de grands avantages.<\/p>\n<p><strong><a href=\"https:\/\/www.coope.com\/\" target=\"_blank\" rel=\"noopener\">Visiter le magasin<\/a><\/strong>[\/vc_column_text][\/vc_column_inner][vc_column_inner column_padding=&#8221;no-extra-padding&#8221; column_padding_tablet=&#8221;inherit&#8221; column_padding_phone=&#8221;inherit&#8221; column_padding_position=&#8221;all&#8221; column_element_spacing=&#8221;default&#8221; background_color_opacity=&#8221;1&#8243; background_hover_color_opacity=&#8221;1&#8243; column_shadow=&#8221;none&#8221; column_border_radius=&#8221;none&#8221; column_link_target=&#8221;_self&#8221; gradient_direction=&#8221;left_to_right&#8221; overlay_strength=&#8221;0.3&#8243; width=&#8221;1\/3&#8243; tablet_width_inherit=&#8221;default&#8221; bg_image_animation=&#8221;none&#8221; border_type=&#8221;simple&#8221; column_border_width=&#8221;none&#8221; column_border_style=&#8221;solid&#8221;][\/vc_column_inner][\/vc_row_inner][\/tab][tab icon_family=&#8221;none&#8221; title=&#8221;Produits bio&#8221; id=&#8221;1660212782775-0&#8243; tab_id=&#8221;1660212782776-5&#8243;][vc_column_text]\n<h2>Produits bio<\/h2>\n[\/vc_column_text][vc_row_inner column_margin=&#8221;default&#8221; column_direction=&#8221;default&#8221; column_direction_tablet=&#8221;default&#8221; column_direction_phone=&#8221;default&#8221; text_align=&#8221;left&#8221;][vc_column_inner column_padding=&#8221;no-extra-padding&#8221; column_padding_tablet=&#8221;inherit&#8221; column_padding_phone=&#8221;inherit&#8221; column_padding_position=&#8221;all&#8221; column_element_spacing=&#8221;default&#8221; background_color_opacity=&#8221;1&#8243; background_hover_color_opacity=&#8221;1&#8243; column_shadow=&#8221;none&#8221; column_border_radius=&#8221;none&#8221; column_link_target=&#8221;_blank&#8221; boxed=&#8221;true&#8221; gradient_direction=&#8221;left_to_right&#8221; overlay_strength=&#8221;0.3&#8243; width=&#8221;1\/3&#8243; tablet_width_inherit=&#8221;default&#8221; bg_image_animation=&#8221;none&#8221; border_type=&#8221;simple&#8221; column_border_width=&#8221;none&#8221; column_border_style=&#8221;solid&#8221; column_link=&#8221;https:\/\/www.reynoartesano.com\/&#8221;][image_with_animation image_url=&#8221;19038&#8243; animation=&#8221;Fade In&#8221; hover_animation=&#8221;none&#8221; alignment=&#8221;&#8221; border_radius=&#8221;none&#8221; box_shadow=&#8221;none&#8221; image_loading=&#8221;default&#8221; max_width=&#8221;100%&#8221; max_width_mobile=&#8221;default&#8221;][vc_column_text]\n<h4>NAPARBIDEAK<\/h4>\n<p><strong>(Navarre)<\/strong><\/p>\n<p>L&#8217;\u00e9picerie artisanale de Navarre, une marque qui certifie l&#8217;utilisation de mati\u00e8res premi\u00e8res de premi\u00e8re qualit\u00e9 et son processus de production respecte ou imite les processus naturels.<\/p>\n<p><strong><a href=\"https:\/\/www.reynoartesano.com\/\" target=\"_blank\" rel=\"noopener\">Visiter le magasin<\/a><\/strong>[\/vc_column_text][\/vc_column_inner][vc_column_inner column_padding=&#8221;no-extra-padding&#8221; column_padding_tablet=&#8221;inherit&#8221; column_padding_phone=&#8221;inherit&#8221; column_padding_position=&#8221;all&#8221; column_element_spacing=&#8221;default&#8221; background_color_opacity=&#8221;1&#8243; background_hover_color_opacity=&#8221;1&#8243; column_shadow=&#8221;none&#8221; column_border_radius=&#8221;none&#8221; column_link_target=&#8221;_blank&#8221; boxed=&#8221;true&#8221; gradient_direction=&#8221;left_to_right&#8221; overlay_strength=&#8221;0.3&#8243; width=&#8221;1\/3&#8243; tablet_width_inherit=&#8221;default&#8221; bg_image_animation=&#8221;none&#8221; border_type=&#8221;simple&#8221; column_border_width=&#8221;none&#8221; column_border_style=&#8221;solid&#8221; column_link=&#8221;https:\/\/www.coope.com\/&#8221;][image_with_animation image_url=&#8221;19020&#8243; animation=&#8221;Fade In&#8221; hover_animation=&#8221;none&#8221; alignment=&#8221;&#8221; border_radius=&#8221;none&#8221; box_shadow=&#8221;none&#8221; image_loading=&#8221;default&#8221; max_width=&#8221;100%&#8221; max_width_mobile=&#8221;default&#8221;][vc_column_text]\n<h4>COOP\u00c9RATIVE D&#8217;HOSPITALIT\u00c9<\/h4>\n<p><strong>(Navarre)<\/strong><\/p>\n<p>Elle est n\u00e9e il y a plus de soixante-dix ans afin d&#8217;offrir \u00e0 l&#8217;h\u00f4telier les meilleurs prix. Aujourd&#8217;hui, Cooperativa compte 800 membres. La distribution s&#8217;effectue depuis l&#8217;entrep\u00f4t logistique de Zulueta et la vente directe se fait au Cash de Burlada, un espace ouvert o\u00f9 vous pouvez acheter tout ce que vous voulez, \u00e0 des prix tr\u00e8s comp\u00e9titifs, sans avoir \u00e0 \u00eatre h\u00f4telier. Cependant, le partenaire continue d&#8217;\u00eatre notre client prioritaire, obtenant de grands avantages.<\/p>\n<p><strong><a href=\"https:\/\/www.coope.com\/\" target=\"_blank\" rel=\"noopener\">Visiter le magasin<\/a><\/strong>[\/vc_column_text][\/vc_column_inner][vc_column_inner column_padding=&#8221;no-extra-padding&#8221; column_padding_tablet=&#8221;inherit&#8221; column_padding_phone=&#8221;inherit&#8221; column_padding_position=&#8221;all&#8221; column_element_spacing=&#8221;default&#8221; background_color_opacity=&#8221;1&#8243; background_hover_color_opacity=&#8221;1&#8243; column_shadow=&#8221;none&#8221; column_border_radius=&#8221;none&#8221; column_link_target=&#8221;_blank&#8221; gradient_direction=&#8221;left_to_right&#8221; overlay_strength=&#8221;0.3&#8243; width=&#8221;1\/3&#8243; tablet_width_inherit=&#8221;default&#8221; bg_image_animation=&#8221;none&#8221; border_type=&#8221;simple&#8221; column_border_width=&#8221;none&#8221; column_border_style=&#8221;solid&#8221;][\/vc_column_inner][\/vc_row_inner][\/tab][tab icon_family=&#8221;none&#8221; title=&#8221;Venu&#8221; id=&#8221;1660212782925-5&#8243; tab_id=&#8221;1660212782926-2&#8243;][vc_column_text]\n<h2>Venu<\/h2>\n[\/vc_column_text][vc_row_inner column_margin=&#8221;default&#8221; column_direction=&#8221;default&#8221; column_direction_tablet=&#8221;default&#8221; column_direction_phone=&#8221;default&#8221; text_align=&#8221;left&#8221;][vc_column_inner column_padding=&#8221;no-extra-padding&#8221; column_padding_tablet=&#8221;inherit&#8221; column_padding_phone=&#8221;inherit&#8221; column_padding_position=&#8221;all&#8221; column_element_spacing=&#8221;default&#8221; background_color_opacity=&#8221;1&#8243; background_hover_color_opacity=&#8221;1&#8243; column_shadow=&#8221;none&#8221; column_border_radius=&#8221;none&#8221; column_link_target=&#8221;_blank&#8221; boxed=&#8221;true&#8221; gradient_direction=&#8221;left_to_right&#8221; overlay_strength=&#8221;0.3&#8243; width=&#8221;1\/3&#8243; tablet_width_inherit=&#8221;default&#8221; bg_image_animation=&#8221;none&#8221; border_type=&#8221;simple&#8221; column_border_width=&#8221;none&#8221; column_border_style=&#8221;solid&#8221; column_link=&#8221;https:\/\/www.reynoartesano.com\/&#8221;][image_with_animation image_url=&#8221;19038&#8243; animation=&#8221;Fade In&#8221; hover_animation=&#8221;none&#8221; alignment=&#8221;&#8221; border_radius=&#8221;none&#8221; box_shadow=&#8221;none&#8221; image_loading=&#8221;default&#8221; max_width=&#8221;100%&#8221; max_width_mobile=&#8221;default&#8221;][vc_column_text]\n<h4>NAPARBIDEAK<\/h4>\n<p><strong>(Navarre)<\/strong><\/p>\n<p>L&#8217;\u00e9picerie artisanale de Navarre, une marque qui certifie l&#8217;utilisation de mati\u00e8res premi\u00e8res de premi\u00e8re qualit\u00e9 et son processus de production respecte ou imite les processus naturels.<\/p>\n<p><strong><a href=\"https:\/\/www.reynoartesano.com\/\" target=\"_blank\" rel=\"noopener\">Visiter le magasin<\/a><\/strong>[\/vc_column_text][\/vc_column_inner][vc_column_inner column_padding=&#8221;no-extra-padding&#8221; column_padding_tablet=&#8221;inherit&#8221; column_padding_phone=&#8221;inherit&#8221; column_padding_position=&#8221;all&#8221; column_element_spacing=&#8221;default&#8221; background_color_opacity=&#8221;1&#8243; background_hover_color_opacity=&#8221;1&#8243; column_shadow=&#8221;none&#8221; column_border_radius=&#8221;none&#8221; column_link_target=&#8221;_blank&#8221; boxed=&#8221;true&#8221; gradient_direction=&#8221;left_to_right&#8221; overlay_strength=&#8221;0.3&#8243; width=&#8221;1\/3&#8243; tablet_width_inherit=&#8221;default&#8221; bg_image_animation=&#8221;none&#8221; border_type=&#8221;simple&#8221; column_border_width=&#8221;none&#8221; column_border_style=&#8221;solid&#8221; column_link=&#8221;http:\/\/www.ehne.eus\/bizilur\/tienda\/&#8221;][image_with_animation image_url=&#8221;19017&#8243; animation=&#8221;Fade In&#8221; hover_animation=&#8221;none&#8221; alignment=&#8221;&#8221; border_radius=&#8221;none&#8221; box_shadow=&#8221;none&#8221; image_loading=&#8221;default&#8221; max_width=&#8221;100%&#8221; max_width_mobile=&#8221;default&#8221;][vc_column_text]\n<h4>BIZILUR<\/h4>\n<p><strong>(Navarre)<\/strong><\/p>\n<p>Le groupe de consommateurs Bizilur est compos\u00e9 de producteurs et de consommateurs. Les producteurs s&#8217;engagent \u00e0 fournir leur produit, de qualit\u00e9, de saison et \u00e0 vendre en direct. Les consommateurs s&#8217;engagent \u00e0 consommer chaque semaine un panier ferm\u00e9 de l\u00e9gumes, compos\u00e9 de produits locaux, de saison et bio.<\/p>\n<p><strong><a href=\"http:\/\/www.ehne.eus\/bizilur\/tienda\/\" target=\"_blank\" rel=\"noopener\">Visiter le magasin<\/a><\/strong>[\/vc_column_text][\/vc_column_inner][vc_column_inner column_padding=&#8221;no-extra-padding&#8221; column_padding_tablet=&#8221;inherit&#8221; column_padding_phone=&#8221;inherit&#8221; column_padding_position=&#8221;all&#8221; column_element_spacing=&#8221;default&#8221; background_color_opacity=&#8221;1&#8243; background_hover_color_opacity=&#8221;1&#8243; column_shadow=&#8221;none&#8221; column_border_radius=&#8221;none&#8221; column_link_target=&#8221;_blank&#8221; boxed=&#8221;true&#8221; gradient_direction=&#8221;left_to_right&#8221; overlay_strength=&#8221;0.3&#8243; width=&#8221;1\/3&#8243; tablet_width_inherit=&#8221;default&#8221; bg_image_animation=&#8221;none&#8221; border_type=&#8221;simple&#8221; column_border_width=&#8221;none&#8221; column_border_style=&#8221;solid&#8221; column_link=&#8221;https:\/\/www.navarrawine.com\/tienda&#8221;][image_with_animation image_url=&#8221;19047&#8243; animation=&#8221;Fade In&#8221; hover_animation=&#8221;none&#8221; alignment=&#8221;&#8221; border_radius=&#8221;none&#8221; box_shadow=&#8221;none&#8221; image_loading=&#8221;default&#8221; max_width=&#8221;100%&#8221; max_width_mobile=&#8221;default&#8221;][vc_column_text]\n<h4>DO NAVARRE<\/h4>\n<p><strong>(Navarre)<\/strong><\/p>\n<p>DO Navarra vous encourage \u00e0 trinquer \u00e0 la maison. Leurs vignobles vous permettent de rester facilement \u00e0 la maison et ils vous apportent leurs vins pour que vous puissiez trinquer avec le v\u00f4tre. Plus de 30 \u00e9tablissements vinicoles, des centaines de vins au choix.<\/p>\n<p><strong><a href=\"https:\/\/www.navarrawine.com\/tienda\" target=\"_blank\" rel=\"noopener\">Visiter le magasin<\/a><\/strong>[\/vc_column_text][\/vc_column_inner][\/vc_row_inner][vc_row_inner column_margin=&#8221;default&#8221; column_direction=&#8221;default&#8221; column_direction_tablet=&#8221;default&#8221; column_direction_phone=&#8221;default&#8221; text_align=&#8221;left&#8221;][vc_column_inner column_padding=&#8221;no-extra-padding&#8221; column_padding_tablet=&#8221;inherit&#8221; column_padding_phone=&#8221;inherit&#8221; column_padding_position=&#8221;all&#8221; column_element_spacing=&#8221;default&#8221; background_color_opacity=&#8221;1&#8243; background_hover_color_opacity=&#8221;1&#8243; column_shadow=&#8221;none&#8221; column_border_radius=&#8221;none&#8221; column_link_target=&#8221;_blank&#8221; boxed=&#8221;true&#8221; gradient_direction=&#8221;left_to_right&#8221; overlay_strength=&#8221;0.3&#8243; width=&#8221;1\/3&#8243; tablet_width_inherit=&#8221;default&#8221; bg_image_animation=&#8221;none&#8221; border_type=&#8221;simple&#8221; column_border_width=&#8221;none&#8221; column_border_style=&#8221;solid&#8221; column_link=&#8221;https:\/\/www.bibaardoak.eus\/denda\/&#8221;][image_with_animation image_url=&#8221;19011&#8243; animation=&#8221;Fade In&#8221; hover_animation=&#8221;none&#8221; alignment=&#8221;&#8221; border_radius=&#8221;none&#8221; box_shadow=&#8221;none&#8221; image_loading=&#8221;default&#8221; max_width=&#8221;100%&#8221; max_width_mobile=&#8221;default&#8221;][vc_column_text]\n<h4>BIBA ARDOAK<\/h4>\n<p><strong>(Navarre)<\/strong><\/p>\n<p>Retrouvez les vins bio, biodynamiques et naturels du Pays Basque dans notre boutique en ligne. Vignerons basques sur le terrain. Les vins que nous distribuons sont pleins de vie et de plaisir, et nous voulons les partager et les appr\u00e9cier avec tous les habitants d&#8217;Euskadi.<\/p>\n<p><strong><a href=\"https:\/\/www.bibaardoak.eus\/denda\/\" target=\"_blank\" rel=\"noopener\">Visiter le magasin<\/a><\/strong>[\/vc_column_text][\/vc_column_inner][vc_column_inner column_padding=&#8221;no-extra-padding&#8221; column_padding_tablet=&#8221;inherit&#8221; column_padding_phone=&#8221;inherit&#8221; column_padding_position=&#8221;all&#8221; column_element_spacing=&#8221;default&#8221; background_color_opacity=&#8221;1&#8243; background_hover_color_opacity=&#8221;1&#8243; column_shadow=&#8221;none&#8221; column_border_radius=&#8221;none&#8221; column_link_target=&#8221;_blank&#8221; boxed=&#8221;true&#8221; gradient_direction=&#8221;left_to_right&#8221; overlay_strength=&#8221;0.3&#8243; width=&#8221;1\/3&#8243; tablet_width_inherit=&#8221;default&#8221; bg_image_animation=&#8221;none&#8221; border_type=&#8221;simple&#8221; column_border_width=&#8221;none&#8221; column_border_style=&#8221;solid&#8221; column_link=&#8221;https:\/\/sardetiksardeskara.com\/&#8221;][image_with_animation image_url=&#8221;19041&#8243; animation=&#8221;Fade In&#8221; hover_animation=&#8221;none&#8221; alignment=&#8221;&#8221; border_radius=&#8221;none&#8221; box_shadow=&#8221;none&#8221; image_loading=&#8221;default&#8221; max_width=&#8221;100%&#8221; max_width_mobile=&#8221;default&#8221;][vc_column_text]\n<h4>SARDETIK SARDESKARA<\/h4>\n<p><strong>(Navarre)<\/strong><\/p>\n<p>Dans cette application, vous pouvez acheter des aliments produits par les agriculteurs et les \u00e9leveurs de Navarre. Ce sont des aliments de qualit\u00e9, obtenus avec amour et soin pour que vous puissiez les d\u00e9guster quand vous le souhaitez.<\/p>\n<p><strong><a href=\"https:\/\/sardetiksardeskara.com\/\" target=\"_blank\" rel=\"noopener\">Visiter le magasin<\/a><\/strong>[\/vc_column_text][\/vc_column_inner][vc_column_inner column_padding=&#8221;no-extra-padding&#8221; column_padding_tablet=&#8221;inherit&#8221; column_padding_phone=&#8221;inherit&#8221; column_padding_position=&#8221;all&#8221; column_element_spacing=&#8221;default&#8221; background_color_opacity=&#8221;1&#8243; background_hover_color_opacity=&#8221;1&#8243; column_shadow=&#8221;none&#8221; column_border_radius=&#8221;none&#8221; column_link_target=&#8221;_blank&#8221; boxed=&#8221;true&#8221; gradient_direction=&#8221;left_to_right&#8221; overlay_strength=&#8221;0.3&#8243; width=&#8221;1\/3&#8243; tablet_width_inherit=&#8221;default&#8221; bg_image_animation=&#8221;none&#8221; border_type=&#8221;simple&#8221; column_border_width=&#8221;none&#8221; column_border_style=&#8221;solid&#8221; column_link=&#8221;https:\/\/www.coope.com\/&#8221;][image_with_animation image_url=&#8221;19020&#8243; animation=&#8221;Fade In&#8221; hover_animation=&#8221;none&#8221; alignment=&#8221;&#8221; border_radius=&#8221;none&#8221; box_shadow=&#8221;none&#8221; image_loading=&#8221;default&#8221; max_width=&#8221;100%&#8221; max_width_mobile=&#8221;default&#8221;][vc_column_text]\n<h4>COOP\u00c9RATIVE D&#8217;HOSPITALIT\u00c9<\/h4>\n<p><strong>(Navarre)<\/strong><\/p>\n<p>Elle est n\u00e9e il y a plus de soixante-dix ans afin d&#8217;offrir \u00e0 l&#8217;h\u00f4telier les meilleurs prix. Aujourd&#8217;hui, Cooperativa compte 800 membres. La distribution s&#8217;effectue depuis l&#8217;entrep\u00f4t logistique de Zulueta et la vente directe se fait au Cash de Burlada, un espace ouvert o\u00f9 vous pouvez acheter tout ce que vous voulez, \u00e0 des prix tr\u00e8s comp\u00e9titifs, sans avoir \u00e0 \u00eatre h\u00f4telier. Cependant, le partenaire continue d&#8217;\u00eatre notre client prioritaire, obtenant de grands avantages.<\/p>\n<p><strong><a href=\"https:\/\/www.coope.com\/\" target=\"_blank\" rel=\"noopener\">Visiter le magasin<\/a><\/strong>[\/vc_column_text][\/vc_column_inner][\/vc_row_inner][vc_row_inner column_margin=&#8221;default&#8221; column_direction=&#8221;default&#8221; column_direction_tablet=&#8221;default&#8221; column_direction_phone=&#8221;default&#8221; text_align=&#8221;left&#8221;][vc_column_inner column_padding=&#8221;no-extra-padding&#8221; column_padding_tablet=&#8221;inherit&#8221; column_padding_phone=&#8221;inherit&#8221; column_padding_position=&#8221;all&#8221; column_element_spacing=&#8221;default&#8221; background_color_opacity=&#8221;1&#8243; background_hover_color_opacity=&#8221;1&#8243; column_shadow=&#8221;none&#8221; column_border_radius=&#8221;none&#8221; column_link_target=&#8221;_blank&#8221; boxed=&#8221;true&#8221; gradient_direction=&#8221;left_to_right&#8221; overlay_strength=&#8221;0.3&#8243; width=&#8221;1\/3&#8243; tablet_width_inherit=&#8221;default&#8221; bg_image_animation=&#8221;none&#8221; border_type=&#8221;simple&#8221; column_border_width=&#8221;none&#8221; column_border_style=&#8221;solid&#8221; column_link=&#8221;https:\/\/xixtroak.com\/fr\/&#8221;][image_with_animation image_url=&#8221;19050&#8243; animation=&#8221;Fade In&#8221; hover_animation=&#8221;none&#8221; alignment=&#8221;&#8221; border_radius=&#8221;none&#8221; box_shadow=&#8221;none&#8221; image_loading=&#8221;default&#8221; max_width=&#8221;100%&#8221; max_width_mobile=&#8221;default&#8221;][vc_column_text]\n<h4>XIXTROAK<\/h4>\n<p><strong>(Pays basque)<\/strong><\/p>\n<p>Le collectif xixtroak regroupe 6 fermes sur le secteur d&#8217;hasparren et ses alentours. Producteurs et paysans, nos ouvriers notre terre avec passion et sommes convaincus qu&#8217;une agriculture paysanne a un avenir sur notre territoire mais aussi une plus grande \u00e9chelle. En tant que producteurs fermiers, nous ma\u00eetrisons notre production du d\u00e9but \u00e0 la fin puisque nous produisons, transformons et vendons nos produits nous m\u00eame.<\/p>\n<p><strong><a href=\"https:\/\/xixtroak.com\/fr\/\" target=\"_blank\" rel=\"noopener\">Visiter le magasin<\/a><\/strong>[\/vc_column_text][\/vc_column_inner][vc_column_inner column_padding=&#8221;no-extra-padding&#8221; column_padding_tablet=&#8221;inherit&#8221; column_padding_phone=&#8221;inherit&#8221; column_padding_position=&#8221;all&#8221; column_element_spacing=&#8221;default&#8221; background_color_opacity=&#8221;1&#8243; background_hover_color_opacity=&#8221;1&#8243; column_shadow=&#8221;none&#8221; column_border_radius=&#8221;none&#8221; column_link_target=&#8221;_blank&#8221; boxed=&#8221;true&#8221; gradient_direction=&#8221;left_to_right&#8221; overlay_strength=&#8221;0.3&#8243; width=&#8221;1\/3&#8243; tablet_width_inherit=&#8221;default&#8221; bg_image_animation=&#8221;none&#8221; border_type=&#8221;simple&#8221; column_border_width=&#8221;none&#8221; column_border_style=&#8221;solid&#8221; column_link=&#8221;https:\/\/freskoa.store\/&#8221;][image_with_animation image_url=&#8221;19035&#8243; animation=&#8221;Fade In&#8221; hover_animation=&#8221;none&#8221; alignment=&#8221;&#8221; border_radius=&#8221;none&#8221; box_shadow=&#8221;none&#8221; image_loading=&#8221;default&#8221; max_width=&#8221;100%&#8221; max_width_mobile=&#8221;default&#8221;][vc_column_text]\n<h4>FRESKOA<\/h4>\n<p><strong>(Pays basque)<\/strong><\/p>\n<p>Nous produisons basque. D\u00e9couvrez les produits basques propos\u00e9s par nos producteurs et artisans du Pays Basque et faites vous livrer le meilleur du Pays Basque dans un seul colis. C&#8217;est plus pratique et meilleur pour la plan\u00e8te. Tous les produits sont go\u00fbt\u00e9s et valid\u00e9s par Freskoa.<\/p>\n<p><strong><a href=\"https:\/\/freskoa.store\/\" target=\"_blank\" rel=\"noopener\">Visiter le magasin<\/a><\/strong>[\/vc_column_text][\/vc_column_inner][vc_column_inner column_padding=&#8221;no-extra-padding&#8221; column_padding_tablet=&#8221;inherit&#8221; column_padding_phone=&#8221;inherit&#8221; column_padding_position=&#8221;all&#8221; column_element_spacing=&#8221;default&#8221; background_color_opacity=&#8221;1&#8243; background_hover_color_opacity=&#8221;1&#8243; column_shadow=&#8221;none&#8221; column_border_radius=&#8221;none&#8221; column_link_target=&#8221;_blank&#8221; boxed=&#8221;true&#8221; gradient_direction=&#8221;left_to_right&#8221; overlay_strength=&#8221;0.3&#8243; width=&#8221;1\/3&#8243; tablet_width_inherit=&#8221;default&#8221; bg_image_animation=&#8221;none&#8221; border_type=&#8221;simple&#8221; column_border_width=&#8221;none&#8221; column_border_style=&#8221;solid&#8221; column_link=&#8221;https:\/\/www.colmadoezcaray.com\/&#8221;][image_with_animation image_url=&#8221;36283&#8243; animation=&#8221;Fade In&#8221; hover_animation=&#8221;none&#8221; alignment=&#8221;&#8221; border_radius=&#8221;none&#8221; box_shadow=&#8221;none&#8221; image_loading=&#8221;default&#8221; max_width=&#8221;100%&#8221; max_width_mobile=&#8221;default&#8221;][vc_column_text]\n<h4>LE COLMADO D&#8217;EZCARAY<\/h4>\n<p><strong>(La Rioja)<\/strong><\/p>\n<p>El Colmado de Ezcaray est un adorable magasin familial situ\u00e9 dans la belle ville d&#8217;Ezcaray (La Rioja). Ax\u00e9 sur la vente et la d\u00e9gustation des meilleurs produits maison, liqueurs et vins, tous issus d&#8217;artisans locaux avec des productions limit\u00e9es. Mat\u00edas et Mila, parents, ont commenc\u00e9 le 1er juillet 1997 ce qui jusqu&#8217;alors n&#8217;\u00e9tait qu&#8217;un r\u00eave et qui est devenu une belle r\u00e9alit\u00e9. Aujourd&#8217;hui, nous les enfants, avec l&#8217;aide de nos parents, continuons avec la m\u00eame philosophie et le m\u00eame enthousiasme, \u00e0 la recherche de nouveaux produits artisanaux et \u00e0 nous surprendre, jour apr\u00e8s jour, par la qualit\u00e9 de nos produits locaux.<\/p>\n<p><strong><a href=\"https:\/\/www.colmadoezcaray.com\/\" target=\"_blank\" rel=\"noopener\">Visiter le magasin<\/a><\/strong>[\/vc_column_text][\/vc_column_inner][\/vc_row_inner][vc_row_inner column_margin=&#8221;default&#8221; column_direction=&#8221;default&#8221; column_direction_tablet=&#8221;default&#8221; column_direction_phone=&#8221;default&#8221; text_align=&#8221;left&#8221;][vc_column_inner column_padding=&#8221;no-extra-padding&#8221; column_padding_tablet=&#8221;inherit&#8221; column_padding_phone=&#8221;inherit&#8221; column_padding_position=&#8221;all&#8221; column_element_spacing=&#8221;default&#8221; background_color_opacity=&#8221;1&#8243; background_hover_color_opacity=&#8221;1&#8243; column_shadow=&#8221;none&#8221; column_border_radius=&#8221;none&#8221; column_link_target=&#8221;_blank&#8221; boxed=&#8221;true&#8221; gradient_direction=&#8221;left_to_right&#8221; overlay_strength=&#8221;0.3&#8243; width=&#8221;1\/3&#8243; tablet_width_inherit=&#8221;default&#8221; bg_image_animation=&#8221;none&#8221; border_type=&#8221;simple&#8221; column_border_width=&#8221;none&#8221; column_border_style=&#8221;solid&#8221; column_link=&#8221;https:\/\/xixtroak.com\/fr\/&#8221;][image_with_animation image_url=&#8221;40195&#8243; animation=&#8221;Fade In&#8221; hover_animation=&#8221;none&#8221; alignment=&#8221;&#8221; border_radius=&#8221;none&#8221; box_shadow=&#8221;none&#8221; image_loading=&#8221;default&#8221; max_width=&#8221;100%&#8221; max_width_mobile=&#8221;default&#8221;][vc_column_text]\n<h4>CAVE OTAZU<\/h4>\n<p><strong>(Otazu)<\/strong><\/p>\n<p>La nouvelle cave est une merveille architecturale, une cath\u00e9drale du vin qui int\u00e8gre les technologies de production les plus avanc\u00e9es et tout le savoir-faire de plusieurs g\u00e9n\u00e9rations.<\/p>\n<p>Acheter en ligne: Gamme Otazu, Pago de Otazu, Autel, 1 HA. Une Histoire, Effervescents, Grands formats, Vins d&#8217;\u00e9ditions artistiques.<\/p>\n<p><strong><a href=\"https:\/\/www.amazon.es\/stores\/page\/5B676232-4768-49E3-9106-07C5E9B9D05F\" target=\"_blank\" rel=\"noopener\">Visiter le magasin<\/a><\/strong>[\/vc_column_text][\/vc_column_inner][vc_column_inner column_padding=&#8221;no-extra-padding&#8221; column_padding_tablet=&#8221;inherit&#8221; column_padding_phone=&#8221;inherit&#8221; column_padding_position=&#8221;all&#8221; column_element_spacing=&#8221;default&#8221; background_color_opacity=&#8221;1&#8243; background_hover_color_opacity=&#8221;1&#8243; column_shadow=&#8221;none&#8221; column_border_radius=&#8221;none&#8221; column_link_target=&#8221;_blank&#8221; boxed=&#8221;true&#8221; gradient_direction=&#8221;left_to_right&#8221; overlay_strength=&#8221;0.3&#8243; width=&#8221;1\/3&#8243; tablet_width_inherit=&#8221;default&#8221; bg_image_animation=&#8221;none&#8221; border_type=&#8221;simple&#8221; column_border_width=&#8221;none&#8221; column_border_style=&#8221;solid&#8221; column_link=&#8221;https:\/\/freskoa.store\/&#8221;][\/vc_column_inner][vc_column_inner column_padding=&#8221;no-extra-padding&#8221; column_padding_tablet=&#8221;inherit&#8221; column_padding_phone=&#8221;inherit&#8221; column_padding_position=&#8221;all&#8221; column_element_spacing=&#8221;default&#8221; background_color_opacity=&#8221;1&#8243; background_hover_color_opacity=&#8221;1&#8243; column_shadow=&#8221;none&#8221; column_border_radius=&#8221;none&#8221; column_link_target=&#8221;_blank&#8221; boxed=&#8221;true&#8221; gradient_direction=&#8221;left_to_right&#8221; overlay_strength=&#8221;0.3&#8243; width=&#8221;1\/3&#8243; tablet_width_inherit=&#8221;default&#8221; bg_image_animation=&#8221;none&#8221; border_type=&#8221;simple&#8221; column_border_width=&#8221;none&#8221; column_border_style=&#8221;solid&#8221; column_link=&#8221;https:\/\/www.colmadoezcaray.com\/&#8221;][\/vc_column_inner][\/vc_row_inner][\/tab][tab icon_family=&#8221;none&#8221; title=&#8221;Divers&#8221; id=&#8221;1660212783459-9&#8243; tab_id=&#8221;1660212783459-5&#8243;][vc_column_text]\n<h2>Divers<\/h2>\n[\/vc_column_text][vc_row_inner column_margin=&#8221;default&#8221; column_direction=&#8221;default&#8221; column_direction_tablet=&#8221;default&#8221; column_direction_phone=&#8221;default&#8221; text_align=&#8221;left&#8221;][vc_column_inner column_padding=&#8221;no-extra-padding&#8221; column_padding_tablet=&#8221;inherit&#8221; column_padding_phone=&#8221;inherit&#8221; column_padding_position=&#8221;all&#8221; column_element_spacing=&#8221;default&#8221; background_color_opacity=&#8221;1&#8243; background_hover_color_opacity=&#8221;1&#8243; column_shadow=&#8221;none&#8221; column_border_radius=&#8221;none&#8221; column_link_target=&#8221;_blank&#8221; boxed=&#8221;true&#8221; gradient_direction=&#8221;left_to_right&#8221; overlay_strength=&#8221;0.3&#8243; width=&#8221;1\/3&#8243; tablet_width_inherit=&#8221;default&#8221; bg_image_animation=&#8221;none&#8221; border_type=&#8221;simple&#8221; column_border_width=&#8221;none&#8221; column_border_style=&#8221;solid&#8221; column_link=&#8221;https:\/\/sardetiksardeskara.com\/&#8221;][image_with_animation image_url=&#8221;19041&#8243; animation=&#8221;Fade In&#8221; hover_animation=&#8221;none&#8221; alignment=&#8221;&#8221; border_radius=&#8221;none&#8221; box_shadow=&#8221;none&#8221; image_loading=&#8221;default&#8221; max_width=&#8221;100%&#8221; max_width_mobile=&#8221;default&#8221;][vc_column_text]\n<h4>SARDETIK SARDESKARA<\/h4>\n<p><strong>(Navarre)<\/strong><\/p>\n<p>Dans cette application, vous pouvez acheter des aliments produits par les agriculteurs et les \u00e9leveurs de Navarre. Ce sont des aliments de qualit\u00e9, obtenus avec amour et soin pour que vous puissiez les d\u00e9guster quand vous le souhaitez.<\/p>\n<p><strong><a href=\"https:\/\/sardetiksardeskara.com\/\" target=\"_blank\" rel=\"noopener\">Visiter le magasin<\/a><\/strong>[\/vc_column_text][\/vc_column_inner][vc_column_inner column_padding=&#8221;no-extra-padding&#8221; column_padding_tablet=&#8221;inherit&#8221; column_padding_phone=&#8221;inherit&#8221; column_padding_position=&#8221;all&#8221; column_element_spacing=&#8221;default&#8221; background_color_opacity=&#8221;1&#8243; background_hover_color_opacity=&#8221;1&#8243; column_shadow=&#8221;none&#8221; column_border_radius=&#8221;none&#8221; column_link_target=&#8221;_blank&#8221; boxed=&#8221;true&#8221; gradient_direction=&#8221;left_to_right&#8221; overlay_strength=&#8221;0.3&#8243; width=&#8221;1\/3&#8243; tablet_width_inherit=&#8221;default&#8221; bg_image_animation=&#8221;none&#8221; border_type=&#8221;simple&#8221; column_border_width=&#8221;none&#8221; column_border_style=&#8221;solid&#8221; column_link=&#8221;https:\/\/www.coope.com\/&#8221;][image_with_animation image_url=&#8221;19020&#8243; animation=&#8221;Fade In&#8221; hover_animation=&#8221;none&#8221; alignment=&#8221;&#8221; border_radius=&#8221;none&#8221; box_shadow=&#8221;none&#8221; image_loading=&#8221;default&#8221; max_width=&#8221;100%&#8221; max_width_mobile=&#8221;default&#8221;][vc_column_text]\n<h4>COOP\u00c9RATIVE D&#8217;HOSPITALIT\u00c9<\/h4>\n<p><strong>(Navarre)<\/strong><\/p>\n<p>Elle est n\u00e9e il y a plus de soixante-dix ans afin d&#8217;offrir \u00e0 l&#8217;h\u00f4telier les meilleurs prix. Aujourd&#8217;hui, Cooperativa compte 800 membres. La distribution s&#8217;effectue depuis l&#8217;entrep\u00f4t logistique de Zulueta et la vente directe se fait au Cash de Burlada, un espace ouvert o\u00f9 vous pouvez acheter tout ce que vous voulez, \u00e0 des prix tr\u00e8s comp\u00e9titifs, sans avoir \u00e0 \u00eatre h\u00f4telier. Cependant, le partenaire continue d&#8217;\u00eatre notre client prioritaire, obtenant de grands avantages.<\/p>\n<p><strong><a href=\"https:\/\/www.coope.com\/\" target=\"_blank\" rel=\"noopener\">Visiter le magasin<\/a><\/strong>[\/vc_column_text][\/vc_column_inner][vc_column_inner column_padding=&#8221;no-extra-padding&#8221; column_padding_tablet=&#8221;inherit&#8221; column_padding_phone=&#8221;inherit&#8221; column_padding_position=&#8221;all&#8221; column_element_spacing=&#8221;default&#8221; background_color_opacity=&#8221;1&#8243; background_hover_color_opacity=&#8221;1&#8243; column_shadow=&#8221;none&#8221; column_border_radius=&#8221;none&#8221; column_link_target=&#8221;_blank&#8221; boxed=&#8221;true&#8221; gradient_direction=&#8221;left_to_right&#8221; overlay_strength=&#8221;0.3&#8243; width=&#8221;1\/3&#8243; tablet_width_inherit=&#8221;default&#8221; bg_image_animation=&#8221;none&#8221; border_type=&#8221;simple&#8221; column_border_width=&#8221;none&#8221; column_border_style=&#8221;solid&#8221; column_link=&#8221;https:\/\/xixtroak.com\/fr\/&#8221;][image_with_animation image_url=&#8221;19050&#8243; animation=&#8221;Fade In&#8221; hover_animation=&#8221;none&#8221; alignment=&#8221;&#8221; border_radius=&#8221;none&#8221; box_shadow=&#8221;none&#8221; image_loading=&#8221;default&#8221; max_width=&#8221;100%&#8221; max_width_mobile=&#8221;default&#8221;][vc_column_text]\n<h4>XIXTROAK<\/h4>\n<p><strong>(Pays basque)<\/strong><\/p>\n<p>Le collectif xixtroak regroupe 6 fermes sur le secteur d&#8217;hasparren et ses alentours. Producteurs et paysans, nos ouvriers notre terre avec passion et sommes convaincus qu&#8217;une agriculture paysanne a un avenir sur notre territoire mais aussi une plus grande \u00e9chelle. En tant que producteurs fermiers, nous ma\u00eetrisons notre production du d\u00e9but \u00e0 la fin puisque nous produisons, transformons et vendons nos produits nous m\u00eame.<\/p>\n<p><strong><a href=\"https:\/\/xixtroak.com\/fr\/\" target=\"_blank\" rel=\"noopener\">Visiter le magasin<\/a><\/strong>[\/vc_column_text][\/vc_column_inner][\/vc_row_inner][\/tab][\/tabbed_section][\/vc_column][\/vc_row]\n","protected":false},"excerpt":{"rendered":"<p>[vc_row type=&#8221;full_width_background&#8221; full_screen_row_position=&#8221;middle&#8221; column_margin=&#8221;default&#8221; equal_height=&#8221;yes&#8221; content_placement=&#8221;middle&#8221; column_direction=&#8221;default&#8221; column_direction_tablet=&#8221;default&#8221; column_direction_phone=&#8221;default&#8221; bg_image=&#8221;19115&#8243; bg_position=&#8221;center center&#8221; background_image_loading=&#8221;default&#8221; bg_repeat=&#8221;no-repeat&#8221; scene_position=&#8221;center&#8221; top_padding=&#8221;5%&#8221; bottom_padding=&#8221;5%&#8221; text_color=&#8221;light&#8221; text_align=&#8221;left&#8221; row_border_radius=&#8221;none&#8221; row_border_radius_applies=&#8221;bg&#8221; color_overlay=&#8221;#000000&#8243; overlay_strength=&#8221;0.5&#8243; gradient_direction=&#8221;left_to_right&#8221; shape_divider_position=&#8221;bottom&#8221; bg_image_animation=&#8221;none&#8221; shape_type=&#8221;&#8221;][vc_column column_padding=&#8221;no-extra-padding&#8221; column_padding_tablet=&#8221;inherit&#8221; column_padding_phone=&#8221;inherit&#8221;&#8230;<\/p>\n","protected":false},"author":1,"featured_media":0,"parent":27846,"menu_order":0,"comment_status":"closed","ping_status":"closed","template":"","meta":{"footnotes":""},"class_list":["post-27856","page","type-page","status-publish"],"_links":{"self":[{"href":"https:\/\/www.visitgastroh.com\/fr\/wp-json\/wp\/v2\/pages\/27856","targetHints":{"allow":["GET"]}}],"collection":[{"href":"https:\/\/www.visitgastroh.com\/fr\/wp-json\/wp\/v2\/pages"}],"about":[{"href":"https:\/\/www.visitgastroh.com\/fr\/wp-json\/wp\/v2\/types\/page"}],"author":[{"embeddable":true,"href":"https:\/\/www.visitgastroh.com\/fr\/wp-json\/wp\/v2\/users\/1"}],"replies":[{"embeddable":true,"href":"https:\/\/www.visitgastroh.com\/fr\/wp-json\/wp\/v2\/comments?post=27856"}],"version-history":[{"count":2,"href":"https:\/\/www.visitgastroh.com\/fr\/wp-json\/wp\/v2\/pages\/27856\/revisions"}],"predecessor-version":[{"id":43061,"href":"https:\/\/www.visitgastroh.com\/fr\/wp-json\/wp\/v2\/pages\/27856\/revisions\/43061"}],"up":[{"embeddable":true,"href":"https:\/\/www.visitgastroh.com\/fr\/wp-json\/wp\/v2\/pages\/27846"}],"wp:attachment":[{"href":"https:\/\/www.visitgastroh.com\/fr\/wp-json\/wp\/v2\/media?parent=27856"}],"curies":[{"name":"wp","href":"https:\/\/api.w.org\/{rel}","templated":true}]}}