{"id":27694,"date":"2022-02-17T19:01:09","date_gmt":"2022-02-17T18:01:09","guid":{"rendered":"https:\/\/www.visitgastroh.com\/dormir\/"},"modified":"2022-05-24T07:57:33","modified_gmt":"2022-05-24T05:57:33","slug":"dormir","status":"publish","type":"page","link":"https:\/\/www.visitgastroh.com\/fr\/dormir\/","title":{"rendered":"Dormir"},"content":{"rendered":"[vc_row type=&#8221;full_width_background&#8221; full_screen_row_position=&#8221;middle&#8221; column_margin=&#8221;default&#8221; equal_height=&#8221;yes&#8221; content_placement=&#8221;middle&#8221; column_direction=&#8221;default&#8221; column_direction_tablet=&#8221;default&#8221; column_direction_phone=&#8221;default&#8221; bg_image=&#8221;39117&#8243; bg_position=&#8221;left center&#8221; background_image_loading=&#8221;default&#8221; bg_repeat=&#8221;no-repeat&#8221; scene_position=&#8221;center&#8221; top_padding=&#8221;5%&#8221; bottom_padding=&#8221;5%&#8221; text_color=&#8221;light&#8221; text_align=&#8221;left&#8221; row_border_radius=&#8221;none&#8221; row_border_radius_applies=&#8221;bg&#8221; color_overlay=&#8221;#000000&#8243; overlay_strength=&#8221;0.5&#8243; gradient_direction=&#8221;left_to_right&#8221; shape_divider_position=&#8221;bottom&#8221; bg_image_animation=&#8221;none&#8221; shape_type=&#8221;&#8221;][vc_column column_padding=&#8221;no-extra-padding&#8221; column_padding_tablet=&#8221;inherit&#8221; column_padding_phone=&#8221;inherit&#8221; column_padding_position=&#8221;all&#8221; column_element_spacing=&#8221;default&#8221; background_color_opacity=&#8221;1&#8243; background_hover_color_opacity=&#8221;1&#8243; column_shadow=&#8221;none&#8221; column_border_radius=&#8221;none&#8221; column_link_target=&#8221;_self&#8221; gradient_direction=&#8221;left_to_right&#8221; overlay_strength=&#8221;0.3&#8243; width=&#8221;1\/1&#8243; tablet_width_inherit=&#8221;default&#8221; tablet_text_alignment=&#8221;default&#8221; phone_text_alignment=&#8221;default&#8221; bg_image_animation=&#8221;none&#8221; border_type=&#8221;simple&#8221; column_border_width=&#8221;none&#8221; column_border_style=&#8221;solid&#8221;][split_line_heading animation_type=&#8221;default&#8221;]\n<h1 style=\"font-size: 75px;\">O\u00f9 dormir !<\/h1>\n[\/split_line_heading][\/vc_column][\/vc_row][vc_row type=&#8221;in_container&#8221; full_screen_row_position=&#8221;middle&#8221; column_margin=&#8221;default&#8221; column_direction=&#8221;default&#8221; column_direction_tablet=&#8221;default&#8221; column_direction_phone=&#8221;default&#8221; scene_position=&#8221;center&#8221; text_color=&#8221;dark&#8221; text_align=&#8221;left&#8221; row_border_radius=&#8221;none&#8221; row_border_radius_applies=&#8221;bg&#8221; overlay_strength=&#8221;0.3&#8243; gradient_direction=&#8221;left_to_right&#8221; shape_divider_position=&#8221;bottom&#8221; bg_image_animation=&#8221;none&#8221;][vc_column column_padding=&#8221;no-extra-padding&#8221; column_padding_tablet=&#8221;inherit&#8221; column_padding_phone=&#8221;inherit&#8221; column_padding_position=&#8221;all&#8221; column_element_spacing=&#8221;default&#8221; background_color_opacity=&#8221;1&#8243; background_hover_color_opacity=&#8221;1&#8243; column_shadow=&#8221;none&#8221; column_border_radius=&#8221;none&#8221; column_link_target=&#8221;_self&#8221; gradient_direction=&#8221;left_to_right&#8221; overlay_strength=&#8221;0.3&#8243; width=&#8221;1\/1&#8243; tablet_width_inherit=&#8221;default&#8221; tablet_text_alignment=&#8221;default&#8221; phone_text_alignment=&#8221;default&#8221; bg_image_animation=&#8221;none&#8221; border_type=&#8221;simple&#8221; column_border_width=&#8221;none&#8221; column_border_style=&#8221;solid&#8221;][vc_column_text]<button id=\"menuaGorde\"><i class=\"fa fa-filter\"><\/i><\/button><\/p>\n<p><script>\ndocument.getElementById(\"menuaGorde\").addEventListener(\"click\", menuaezkutatu)\nfunction menuaezkutatu() {\n  var zerrenda = document.getElementsByClassName(\"menu-izda\");\n  x = zerrenda[0];\n  if (x.style.display === \"none\") {\n    x.style.display = \"block\";\n  } else {\n    x.style.display = \"none\";\n  }\n}\n<\/script>[\/vc_column_text][\/vc_column][\/vc_row][vc_row type=&#8221;in_container&#8221; full_screen_row_position=&#8221;middle&#8221; column_margin=&#8221;default&#8221; column_direction=&#8221;default&#8221; column_direction_tablet=&#8221;default&#8221; column_direction_phone=&#8221;default&#8221; scene_position=&#8221;center&#8221; top_padding=&#8221;3%&#8221; bottom_padding=&#8221;5%&#8221; text_color=&#8221;dark&#8221; text_align=&#8221;left&#8221; row_border_radius=&#8221;none&#8221; row_border_radius_applies=&#8221;bg&#8221; overlay_strength=&#8221;0.3&#8243; gradient_direction=&#8221;left_to_right&#8221; shape_divider_position=&#8221;bottom&#8221; bg_image_animation=&#8221;none&#8221; shape_type=&#8221;&#8221;][vc_column column_padding=&#8221;no-extra-padding&#8221; column_padding_tablet=&#8221;inherit&#8221; column_padding_phone=&#8221;inherit&#8221; column_padding_position=&#8221;all&#8221; column_element_spacing=&#8221;default&#8221; background_color_opacity=&#8221;1&#8243; background_hover_color_opacity=&#8221;1&#8243; column_shadow=&#8221;none&#8221; column_border_radius=&#8221;none&#8221; column_link_target=&#8221;_self&#8221; el_class=&#8221;menu-izda&#8221; gradient_direction=&#8221;left_to_right&#8221; overlay_strength=&#8221;0.3&#8243; width=&#8221;1\/4&#8243; tablet_width_inherit=&#8221;default&#8221; tablet_text_alignment=&#8221;default&#8221; phone_text_alignment=&#8221;default&#8221; bg_image_animation=&#8221;none&#8221; border_type=&#8221;simple&#8221; column_border_width=&#8221;none&#8221; column_border_style=&#8221;solid&#8221;][vc_column_text]\n<h4>Choisissez une r\u00e9gion\u00a0:<\/h4>\n[\/vc_column_text][vc_column_text]<img loading=\"lazy\" decoding=\"async\" class=\"size-full wp-image-7132 alignleft\" src=\"https:\/\/www.visitgastroh.com\/wp-content\/uploads\/2022\/01\/mapa-destinos-euskadi-mini.png\" alt=\"\" width=\"45\" height=\"31\" \/><a style=\"color: #61a54d;\" href=\"https:\/\/www.visitgastroh.com\/fr\/dormir\/euskadi\/\"><strong>EUSKADI<\/strong><\/a><\/p>\n<p><img loading=\"lazy\" decoding=\"async\" class=\"size-full alignleft\" src=\"https:\/\/www.visitgastroh.com\/wp-content\/uploads\/2022\/01\/mapa-destinos-navarra-mini.png\" alt=\"\" width=\"45\" height=\"31\" \/><a style=\"color: #c5273b;\" href=\"https:\/\/www.visitgastroh.com\/fr\/dormir\/navarre\/\"><strong>NAVARRE<\/strong><\/a><\/p>\n<p><img loading=\"lazy\" decoding=\"async\" class=\"size-full alignleft\" src=\"https:\/\/www.visitgastroh.com\/wp-content\/uploads\/2022\/01\/mapa-destinos-la-rioja-mini.png\" alt=\"\" width=\"45\" height=\"31\" \/><a style=\"color: #9f2653;\" href=\"https:\/\/www.visitgastroh.com\/fr\/dormir\/la-rioja\/\"><strong>LA RIOJA<\/strong><\/a><\/p>\n<p><img loading=\"lazy\" decoding=\"async\" class=\"size-full alignleft\" src=\"https:\/\/www.visitgastroh.com\/wp-content\/uploads\/2022\/01\/mapa-destinos-pays-basque-mini.png\" alt=\"\" width=\"45\" height=\"31\" \/><a style=\"color: #8bc3e7;\" href=\"https:\/\/www.visitgastroh.com\/fr\/dormir\/pays-basque\/\"><strong>PAYS BASQUE<\/strong><\/a><\/p>\n<p><img loading=\"lazy\" decoding=\"async\" class=\"size-full alignleft\" src=\"https:\/\/www.visitgastroh.com\/wp-content\/uploads\/2022\/01\/mapa-destinos-bearn-mini.png\" alt=\"\" width=\"45\" height=\"31\" \/><a style=\"color: #e7b32d;\" href=\"https:\/\/www.visitgastroh.com\/fr\/dormir\/bearn\/\"><strong>B\u00c9ARN<\/strong><\/a>[\/vc_column_text][vc_column_text]        <form id=\"store_locator_embedded_search\" class=\"store_locator_embedded_search\" action=\"https:\/\/www.visitgastroh.com\/fr\/dormir\/\" method=\"GET\">            <div id=\"store_locator_search_box\" class=\"store_locator store_locator_search_box store-locator-col-12 store-locator-col-sm-12\">                                            <div id=\"store_locator_filter\" class=\"store_locator_filter\">            <div id=\"store_locator_filter_content\" class=\"store-locator-row store_locator_filter_content\">                <div id=\"filter211\" class=\"store-locator-col-12 single_filter\"><h5 class=\"collapsible-visit filtroa-itxita\">Cat\u00e9gorie<\/h5><div class=\"filtroa\" style=\"display: none;\"><label class=\"single_filter_checkbox control control--checkbox\"><input  name=\"filter211[]\" type=\"checkbox\" class=\"store_locator_filter_checkbox\" value=\"212\">1 \u00c9toile<div class=\"control__indicator\"><\/div><\/label><label class=\"single_filter_checkbox control control--checkbox\"><input  name=\"filter211[]\" type=\"checkbox\" class=\"store_locator_filter_checkbox\" value=\"215\">2 cl\u00e9s<div class=\"control__indicator\"><\/div><\/label><label class=\"single_filter_checkbox control control--checkbox\"><input  name=\"filter211[]\" type=\"checkbox\" class=\"store_locator_filter_checkbox\" value=\"213\">2 \u00c9toiles<div class=\"control__indicator\"><\/div><\/label><label class=\"single_filter_checkbox control control--checkbox\"><input  name=\"filter211[]\" type=\"checkbox\" class=\"store_locator_filter_checkbox\" value=\"216\">3 cl\u00e9s<div class=\"control__indicator\"><\/div><\/label><label class=\"single_filter_checkbox control control--checkbox\"><input  name=\"filter211[]\" type=\"checkbox\" class=\"store_locator_filter_checkbox\" value=\"218\">3 \u00c9toiles<div class=\"control__indicator\"><\/div><\/label><label class=\"single_filter_checkbox control control--checkbox\"><input  name=\"filter211[]\" type=\"checkbox\" class=\"store_locator_filter_checkbox\" value=\"217\">4 cl\u00e9s<div class=\"control__indicator\"><\/div><\/label><label class=\"single_filter_checkbox control control--checkbox\"><input  name=\"filter211[]\" type=\"checkbox\" class=\"store_locator_filter_checkbox\" value=\"219\">4 \u00c9toiles<div class=\"control__indicator\"><\/div><\/label><label class=\"single_filter_checkbox control control--checkbox\"><input  name=\"filter211[]\" type=\"checkbox\" class=\"store_locator_filter_checkbox\" value=\"220\">5 \u00c9toiles<div class=\"control__indicator\"><\/div><\/label><\/div><\/div><div id=\"filter247\" class=\"store-locator-col-12 single_filter\"><h5 class=\"collapsible-visit filtroa-itxita\">Installations d'h\u00e9bergement<\/h5><div class=\"filtroa\" style=\"display: none;\"><label class=\"single_filter_checkbox control control--checkbox\"><input  name=\"filter247[]\" type=\"checkbox\" class=\"store_locator_filter_checkbox\" value=\"268\">Adapt\u00e9 aux personnes \u00e0 mobilit\u00e9 r\u00e9duite<div class=\"control__indicator\"><\/div><\/label><label class=\"single_filter_checkbox control control--checkbox\"><input  name=\"filter247[]\" type=\"checkbox\" class=\"store_locator_filter_checkbox\" value=\"251\">Air conditionn\u00e9<div class=\"control__indicator\"><\/div><\/label><label class=\"single_filter_checkbox control control--checkbox\"><input  name=\"filter247[]\" type=\"checkbox\" class=\"store_locator_filter_checkbox\" value=\"269\">Animaux de compagnie accept\u00e9s<div class=\"control__indicator\"><\/div><\/label><label class=\"single_filter_checkbox control control--checkbox\"><input  name=\"filter247[]\" type=\"checkbox\" class=\"store_locator_filter_checkbox\" value=\"270\">Borne de recharge pour v\u00e9hicules \u00e9lectriques<div class=\"control__indicator\"><\/div><\/label><label class=\"single_filter_checkbox control control--checkbox\"><input  name=\"filter247[]\" type=\"checkbox\" class=\"store_locator_filter_checkbox\" value=\"249\">Caf\u00e9-bar<div class=\"control__indicator\"><\/div><\/label><label class=\"single_filter_checkbox control control--checkbox\"><input  name=\"filter247[]\" type=\"checkbox\" class=\"store_locator_filter_checkbox\" value=\"271\">Parking<div class=\"control__indicator\"><\/div><\/label><label class=\"single_filter_checkbox control control--checkbox\"><input  name=\"filter247[]\" type=\"checkbox\" class=\"store_locator_filter_checkbox\" value=\"248\">Restaurant<div class=\"control__indicator\"><\/div><\/label><label class=\"single_filter_checkbox control control--checkbox\"><input  name=\"filter247[]\" type=\"checkbox\" class=\"store_locator_filter_checkbox\" value=\"272\">Service de location et\/ou abri de v\u00e9los<div class=\"control__indicator\"><\/div><\/label><label class=\"single_filter_checkbox control control--checkbox\"><input  name=\"filter247[]\" type=\"checkbox\" class=\"store_locator_filter_checkbox\" value=\"250\">Wifi gratuit<div class=\"control__indicator\"><\/div><\/label><\/div><\/div><div id=\"filter245\" class=\"store-locator-col-12 single_filter\"><h5 class=\"collapsible-visit filtroa-itxita\">Type d'h\u00e9bergement<\/h5><div class=\"filtroa\" style=\"display: none;\"><label class=\"single_filter_checkbox control control--checkbox\"><input  name=\"filter245[]\" type=\"checkbox\" class=\"store_locator_filter_checkbox\" value=\"306\">Appartement touristique<div class=\"control__indicator\"><\/div><\/label><label class=\"single_filter_checkbox control control--checkbox\"><input  name=\"filter245[]\" type=\"checkbox\" class=\"store_locator_filter_checkbox\" value=\"307\">Baln\u00e9aire \/ Thermal<div class=\"control__indicator\"><\/div><\/label><label class=\"single_filter_checkbox control control--checkbox\"><input  name=\"filter245[]\" type=\"checkbox\" class=\"store_locator_filter_checkbox\" value=\"308\">Camping<div class=\"control__indicator\"><\/div><\/label><label class=\"single_filter_checkbox control control--checkbox\"><input  name=\"filter245[]\" type=\"checkbox\" class=\"store_locator_filter_checkbox\" value=\"309\">G\u00eete rural<div class=\"control__indicator\"><\/div><\/label><label class=\"single_filter_checkbox control control--checkbox\"><input  name=\"filter245[]\" type=\"checkbox\" class=\"store_locator_filter_checkbox\" value=\"305\">H\u00e9bergements collectifs \/ Auberges de jeunesse<div class=\"control__indicator\"><\/div><\/label><label class=\"single_filter_checkbox control control--checkbox\"><input  name=\"filter245[]\" type=\"checkbox\" class=\"store_locator_filter_checkbox\" value=\"310\">H\u00f4tel<div class=\"control__indicator\"><\/div><\/label><label class=\"single_filter_checkbox control control--checkbox\"><input  name=\"filter245[]\" type=\"checkbox\" class=\"store_locator_filter_checkbox\" value=\"246\">Logement chez l\u2019habitant<div class=\"control__indicator\"><\/div><\/label><\/div><\/div>            <\/div>        <\/div>        <script>        var coll = document.getElementsByClassName(\"collapsible-visit\");        var i;        for (i = 0; i < coll.length; i++) {          coll[i].addEventListener(\"click\", function() {            this.classList.toggle(\"active\");            var content = this.nextElementSibling;            if (content.style.display === \"block\") {              content.style.display = \"none\";              this.classList.remove('filtroa-irekita');              this.classList.add(\"filtroa-itxita\");            } else {              content.style.display = \"block\";              this.classList.remove('filtroa-itxita');              this.classList.add(\"filtroa-irekita\");            }          });        }        <\/script>                                                        <div class=\"store-locator-row bilaketa-botoia\">                    <div class=\"store-locator-col-12 store-locator-col-sm-12\">                        <button id=\"store_locator_find_stores_button\" type=\"submit\" class=\"store_locator_find_stores_button btn button et_pb_button btn-primary btn-lg\">Rechercher                        <\/button>                    <\/div>                <\/div>            <\/div>        <\/form>        [\/vc_column_text][\/vc_column][vc_column column_padding=&#8221;no-extra-padding&#8221; column_padding_tablet=&#8221;inherit&#8221; column_padding_phone=&#8221;inherit&#8221; column_padding_position=&#8221;all&#8221; column_element_spacing=&#8221;default&#8221; background_color_opacity=&#8221;1&#8243; background_hover_color_opacity=&#8221;1&#8243; column_shadow=&#8221;none&#8221; column_border_radius=&#8221;none&#8221; column_link_target=&#8221;_self&#8221; gradient_direction=&#8221;left_to_right&#8221; overlay_strength=&#8221;0.3&#8243; width=&#8221;3\/4&#8243; tablet_width_inherit=&#8221;default&#8221; tablet_text_alignment=&#8221;default&#8221; phone_text_alignment=&#8221;default&#8221; bg_image_animation=&#8221;none&#8221; border_type=&#8221;simple&#8221; column_border_width=&#8221;none&#8221; column_border_style=&#8221;solid&#8221;][vc_column_text]<div class=\"wordpress-store-locator-list-container\"><h2 class=\"wordpress-store-locator-list-title\">Toutes les r\u00e9gions<\/h2><div class=\"wordpress-store-locator-list-content\"><p>Choisissez un \u00e9tablissement<\/p>\n<\/div><div class=\"store-locator-row\"><div class=\"store-locator-col-sm-4\"><div class=\"wordpress-store-locator-list-item\"><div class=\"img-listado\"><a href=\"https:\/\/www.visitgastroh.com\/fr\/store\/apartamentos-ezcaray\/\"><img loading=\"lazy\" decoding=\"async\" width=\"300\" height=\"198\" src=\"https:\/\/www.visitgastroh.com\/wp-content\/uploads\/2022\/04\/apartamentos-ezcaray-fachada-300x198.jpg\" class=\"attachment-medium size-medium wp-post-image\" alt=\"\" srcset=\"https:\/\/www.visitgastroh.com\/wp-content\/uploads\/2022\/04\/apartamentos-ezcaray-fachada-300x198.jpg 300w, https:\/\/www.visitgastroh.com\/wp-content\/uploads\/2022\/04\/apartamentos-ezcaray-fachada.jpg 700w\" sizes=\"auto, (max-width: 300px) 100vw, 300px\" \/><\/a><\/div><div class=\"contenido-listado\"><a href=\"https:\/\/www.visitgastroh.com\/fr\/store\/apartamentos-ezcaray\/\"><div class=\"ficha-defecto\">\n<h2>Appartements EZCARAY<\/h2>\n<h3>(EZCARAY)<\/h3>\nApartamentos Tur\u00edsticos Ezcaray est un bel ensemble d'appartements touristiques, d\u00e9di\u00e9 au tourisme rural \u00e0 La Rioja.\n\nImmeuble moderne \u00e0 l'architecture traditionnelle et \u00e0 la d\u00e9coration int\u00e9rieure soign\u00e9e. Au centre d'Ezcaray, en face d'une place large et calme, ensoleill\u00e9e et avec de magnifiques vues sur les montagnes. Avec l'expansion et la r\u00e9forme totale inaugur\u00e9e en 2017.\n\nWIFI gratuit dans tout le b\u00e2timent\n\nCaf\u00e9t\u00e9ria pour les clients. P\u00e2tisserie maison. Petits d\u00e9jeuners, douceurs, portions, toasts, tartines, tartines.\n\nAppartements de haute qualit\u00e9 avec facilit\u00e9s, avec tous les services et conforts de la maison, pour profiter de vos week-ends et vacances rurales \u00e0 La Rioja. Tr\u00e8s proche de la station de ski de Valdezcaray.\n\nVenez vous ressourcer au pays de l'oenotourisme.\n\n<\/div><\/a><\/div><h4>Contact <\/h4><div class=\"link-tienda\"><strong><a href=\"https:\/\/www.visitgastroh.com\/fr\/store\/apartamentos-ezcaray\/\">+ Info<\/a><\/strong><\/div><\/div><\/div><div class=\"store-locator-col-sm-4\"><div class=\"wordpress-store-locator-list-item\"><div class=\"img-listado\"><a href=\"https:\/\/www.visitgastroh.com\/fr\/store\/apparthotel-victoria-garden\/\"><img loading=\"lazy\" decoding=\"async\" width=\"300\" height=\"200\" src=\"https:\/\/www.visitgastroh.com\/wp-content\/uploads\/2022\/04\/Photo-daccroche-1536x1023-1-300x200.jpg\" class=\"attachment-medium size-medium wp-post-image\" alt=\"\" srcset=\"https:\/\/www.visitgastroh.com\/wp-content\/uploads\/2022\/04\/Photo-daccroche-1536x1023-1-300x200.jpg 300w, https:\/\/www.visitgastroh.com\/wp-content\/uploads\/2022\/04\/Photo-daccroche-1536x1023-1-1024x682.jpg 1024w, https:\/\/www.visitgastroh.com\/wp-content\/uploads\/2022\/04\/Photo-daccroche-1536x1023-1-768x512.jpg 768w, https:\/\/www.visitgastroh.com\/wp-content\/uploads\/2022\/04\/Photo-daccroche-1536x1023-1-900x600.jpg 900w, https:\/\/www.visitgastroh.com\/wp-content\/uploads\/2022\/04\/Photo-daccroche-1536x1023-1.jpg 1536w\" sizes=\"auto, (max-width: 300px) 100vw, 300px\" \/><\/a><\/div><div class=\"contenido-listado\"><a href=\"https:\/\/www.visitgastroh.com\/fr\/store\/apparthotel-victoria-garden\/\"><div class=\"ficha-defecto\">\r\n<h2>Appart\u2019h\u00f4tel Victoria Garden<\/h2>\r\n<h3>(Pau)<\/h3>\r\nEnti\u00e8rement r\u00e9nov\u00e9 fin 2018, l\u2019Appart\u2019H\u00f4tel Victoria Garden Pau *** met \u00e0 votre disposition des chambres et appartements accessibles, am\u00e9nag\u00e9s pour les personnes \u00e0 mobilit\u00e9 r\u00e9duite. Mais aussi, meubl\u00e9s, dot\u00e9s d\u2019un coin cuisine \u00e9quip\u00e9 pour vos soir\u00e9es Top Chef et d\u2019une salle de bain avec baignoire. Adapt\u00e9 \u00e0 toute la famille, notre \u00e9tablissement accepte \u00e9galement vos animaux de compagnie. Chez Victoria Garden, tout n\u2019est que confort, modernit\u00e9 et d\u00e9paysement.\r\n\r\nFacilement accessible depuis la gare et l\u2019a\u00e9roport, face \u00e0 un centre commercial et au cin\u00e9ma, notre \u00e9tablissement est l\u2019endroit id\u00e9al pour s\u00e9journer \u00e0 Pau. Il offre le confort d\u2019un h\u00f4tel et la libert\u00e9 d\u2019un appartement.\r\n\r\nQue vous partiez avec votre famille, vos coll\u00e8gues ou qu\u2019il s\u2019agisse d\u2019une aventure solo pour visiter Pau, l\u2019Apparthotel Victoria Garden de Pau dispose de tout ce dont vous avez besoin pour vous offrir un d\u00e9paysement garanti. Entre une immersion dans la richesse architecturale et culturelle de Pau, ainsi qu\u2019un cadre naturel hors du commun. Vous aurez des souvenirs plein la t\u00eate.\r\n\r\n<\/div><\/a><\/div><h4>Contact <\/h4><div class=\"link-tienda\"><strong><a href=\"https:\/\/www.visitgastroh.com\/fr\/store\/apparthotel-victoria-garden\/\">+ Info<\/a><\/strong><\/div><\/div><\/div><div class=\"store-locator-col-sm-4\"><div class=\"wordpress-store-locator-list-item\"><div class=\"img-listado\"><a href=\"https:\/\/www.visitgastroh.com\/fr\/store\/auberge-de-jeunesse-el-lechugero\/\"><img loading=\"lazy\" decoding=\"async\" width=\"225\" height=\"300\" src=\"https:\/\/www.visitgastroh.com\/wp-content\/uploads\/2022\/01\/IMG-0864-225x300.jpg\" class=\"attachment-medium size-medium wp-post-image\" alt=\"\" srcset=\"https:\/\/www.visitgastroh.com\/wp-content\/uploads\/2022\/01\/IMG-0864-225x300.jpg 225w, https:\/\/www.visitgastroh.com\/wp-content\/uploads\/2022\/01\/IMG-0864-768x1024.jpg 768w, https:\/\/www.visitgastroh.com\/wp-content\/uploads\/2022\/01\/IMG-0864-1152x1536.jpg 1152w, https:\/\/www.visitgastroh.com\/wp-content\/uploads\/2022\/01\/IMG-0864-1536x2048.jpg 1536w, https:\/\/www.visitgastroh.com\/wp-content\/uploads\/2022\/01\/IMG-0864-scaled.jpg 1920w\" sizes=\"auto, (max-width: 225px) 100vw, 225px\" \/><\/a><\/div><div class=\"contenido-listado\"><a href=\"https:\/\/www.visitgastroh.com\/fr\/store\/auberge-de-jeunesse-el-lechugero\/\"><div class=\"ficha-defecto\">\r\n<h2>Auberge El Lechugero<\/h2>\r\n<h3>(Cascante)<\/h3>\r\nDans la villa romaine de Cascante, nous trouverons ce magnifique logement, avec tout le confort pour le voyageur. Vous d\u00e9gusterez de merveilleux plats de l\u00e9gumes de notre jardin dans le restaurant, vous vous prom\u00e8nerez dans des coins fascinants du parc Romero, vous ferez des randonn\u00e9es \u00e0 travers de beaux paysages et vous vous d\u00e9tendrez dans le merveilleux centre thermo-r\u00e9cr\u00e9atif de notre ville. Toutes les chambres disposent d'une salle de bains, d'une t\u00e9l\u00e9vision \u00e0 \u00e9cran plat, du chauffage, de la climatisation et de la disponibilit\u00e9 d'une connexion Wi-Fi. Parking public gratuit \u00e0 100 m\u00e8tres de l'h\u00f4tel.\r\n\r\n&nbsp;\r\n\r\n<\/div><\/a><\/div><h4>Contact <\/h4><div class=\"link-tienda\"><strong><a href=\"https:\/\/www.visitgastroh.com\/fr\/store\/auberge-de-jeunesse-el-lechugero\/\">+ Info<\/a><\/strong><\/div><\/div><\/div><\/div><div class=\"store-locator-row\"><div class=\"store-locator-col-sm-4\"><div class=\"wordpress-store-locator-list-item\"><div class=\"img-listado\"><a href=\"https:\/\/www.visitgastroh.com\/fr\/store\/auberge-du-relais\/\"><img loading=\"lazy\" decoding=\"async\" width=\"300\" height=\"219\" src=\"https:\/\/www.visitgastroh.com\/wp-content\/uploads\/2022\/04\/69542285_2488944007839296_4720710413161857024_n-300x219.jpg\" class=\"attachment-medium size-medium wp-post-image\" alt=\"\" srcset=\"https:\/\/www.visitgastroh.com\/wp-content\/uploads\/2022\/04\/69542285_2488944007839296_4720710413161857024_n-300x219.jpg 300w, https:\/\/www.visitgastroh.com\/wp-content\/uploads\/2022\/04\/69542285_2488944007839296_4720710413161857024_n-768x560.jpg 768w, https:\/\/www.visitgastroh.com\/wp-content\/uploads\/2022\/04\/69542285_2488944007839296_4720710413161857024_n.jpg 960w\" sizes=\"auto, (max-width: 300px) 100vw, 300px\" \/><\/a><\/div><div class=\"contenido-listado\"><a href=\"https:\/\/www.visitgastroh.com\/fr\/store\/auberge-du-relais\/\"><div class=\"ficha-defecto\">\r\n<h2>Auberge du Relais<\/h2>\r\n<h3>(B\u00e9renx)<\/h3>\r\nMarie et Ga\u00ebl vous accueillent dans ce Relais de tourisme \u00e0 la table g\u00e9n\u00e9reuse et raffin\u00e9e, dans un beau site b\u00e9arnais se pr\u00eatant \u00e0 toutes sortes d'activit\u00e9s, l'Auberge du Relais se trouve \u00e0 30 minutes de la mer et du massif des Pyr\u00e9n\u00e9es.\r\n\r\nNous vous proposons un \u00ab\u00a0Menu du march\u00e9\u00a0\u00bb changeant r\u00e9guli\u00e8rement en fonction des arrivages et de l'inspiration des chefs, compos\u00e9 avec des produits frais, de saison et en privil\u00e9giant le circuit court et les producteurs r\u00e9gionaux.\r\n\r\nLe dimanche midi un \u00ab\u00a0Menu Gastronomique \u00e9ph\u00e9m\u00e8re\u00a0\u00bb vous sera propos\u00e9.\r\n\r\nNotre pain au levain naturel, cuit dans l\u2019ancien four \u00e0 bois du village est pr\u00e9par\u00e9 avec la farine bio de notre meunier \u00ab\u00a0Lo M\u00f4li\u00e9\u00a0\u00bb bas\u00e9 \u00e0 Saint P\u00e9 de L\u00e9ren.\r\n\r\nNotre belle cave essentielle dans la conservation de nos meilleurs vins, est mise \u00e0 votre disposition.\r\nDu vigneron local aux grands crus de notre patrimoine. Nous pouvons satisfaire toutes vos envies de l'ap\u00e9ritif au digestif.\r\n\r\n<\/div><\/a><\/div><h4>Contact <\/h4><div class=\"link-tienda\"><strong><a href=\"https:\/\/www.visitgastroh.com\/fr\/store\/auberge-du-relais\/\">+ Info<\/a><\/strong><\/div><\/div><\/div><div class=\"store-locator-col-sm-4\"><div class=\"wordpress-store-locator-list-item\"><div class=\"img-listado\"><a href=\"https:\/\/www.visitgastroh.com\/fr\/store\/hotel-boutique-bahia-de-plentzia\/\"><img loading=\"lazy\" decoding=\"async\" width=\"300\" height=\"200\" src=\"https:\/\/www.visitgastroh.com\/wp-content\/uploads\/2022\/02\/MG_7123-300x200.jpg\" class=\"attachment-medium size-medium wp-post-image\" alt=\"\" srcset=\"https:\/\/www.visitgastroh.com\/wp-content\/uploads\/2022\/02\/MG_7123-300x200.jpg 300w, https:\/\/www.visitgastroh.com\/wp-content\/uploads\/2022\/02\/MG_7123-1024x683.jpg 1024w, https:\/\/www.visitgastroh.com\/wp-content\/uploads\/2022\/02\/MG_7123-768x512.jpg 768w, https:\/\/www.visitgastroh.com\/wp-content\/uploads\/2022\/02\/MG_7123-1536x1024.jpg 1536w, https:\/\/www.visitgastroh.com\/wp-content\/uploads\/2022\/02\/MG_7123-2048x1365.jpg 2048w, https:\/\/www.visitgastroh.com\/wp-content\/uploads\/2022\/02\/MG_7123-900x600.jpg 900w\" sizes=\"auto, (max-width: 300px) 100vw, 300px\" \/><\/a><\/div><div class=\"contenido-listado\"><a href=\"https:\/\/www.visitgastroh.com\/fr\/store\/hotel-boutique-bahia-de-plentzia\/\"><div class=\"ficha-defecto\">\n<h2>Baie de Plentzia<\/h2>\n<h3>(Plentzia)<\/h3>\nLe <strong>Bah\u00eda de Plentzia Boutique Hotel<\/strong> est un h\u00f4tel enti\u00e8rement r\u00e9nov\u00e9 qui, sans vouloir perdre l'essence de ce que ce b\u00e2timent \u00e9tait autrefois pour la ville, nous n'avons pas voulu nuire \u00e0 sa modernit\u00e9.\nNous sommes situ\u00e9s dans une <strong>enclave idyllique<\/strong> , \u00e0 c\u00f4t\u00e9 de l' estuaire <strong>Plentzia<\/strong> et entour\u00e9 par <strong>la nature et les plages<\/strong> .\nLe <strong>Bah\u00eda de Plentzia Boutique Hotel<\/strong> est un lieu de s\u00e9jour id\u00e9al si vous souhaitez venir <strong>d\u00e9couvrir le Pays Basque<\/strong> , sa culture et sa gastronomie.\nNous avons tout ce dont vous avez besoin pour passer un s\u00e9jour inoubliable dans notre h\u00f4tel.\nAu Bah\u00eda de Plentzia Boutique Hotel, nous avons <strong>trois terrasses et une<\/strong>\n<strong>sup\u00e9rieur<\/strong> et avec de <strong>superbes vues<\/strong> que vous oublierez \u00e0 peine.\n<a href=\"http:\/\/visitplentzia.com\/\"><strong>Plentzia<\/strong><\/a> est la destination id\u00e9ale pour venir en vacances, faire une escapade et d\u00e9couvrir la ville et ses environs. Nous vous ferons vous sentir chez vous.\n\n<\/div><\/a><\/div><h4>Contact <\/h4><div class=\"link-tienda\"><strong><a href=\"https:\/\/www.visitgastroh.com\/fr\/store\/hotel-boutique-bahia-de-plentzia\/\">+ Info<\/a><\/strong><\/div><\/div><\/div><div class=\"store-locator-col-sm-4\"><div class=\"wordpress-store-locator-list-item\"><div class=\"img-listado\"><a href=\"https:\/\/www.visitgastroh.com\/fr\/store\/bains-de-fitero-spa\/\"><img loading=\"lazy\" decoding=\"async\" width=\"300\" height=\"163\" src=\"https:\/\/www.visitgastroh.com\/wp-content\/uploads\/2022\/02\/Balneario-Fitero-Principal-300x163.jpg\" class=\"attachment-medium size-medium wp-post-image\" alt=\"\" srcset=\"https:\/\/www.visitgastroh.com\/wp-content\/uploads\/2022\/02\/Balneario-Fitero-Principal-300x163.jpg 300w, https:\/\/www.visitgastroh.com\/wp-content\/uploads\/2022\/02\/Balneario-Fitero-Principal-1024x557.jpg 1024w, https:\/\/www.visitgastroh.com\/wp-content\/uploads\/2022\/02\/Balneario-Fitero-Principal-768x417.jpg 768w, https:\/\/www.visitgastroh.com\/wp-content\/uploads\/2022\/02\/Balneario-Fitero-Principal-1536x835.jpg 1536w, https:\/\/www.visitgastroh.com\/wp-content\/uploads\/2022\/02\/Balneario-Fitero-Principal-2048x1113.jpg 2048w\" sizes=\"auto, (max-width: 300px) 100vw, 300px\" \/><\/a><\/div><div class=\"contenido-listado\"><a href=\"https:\/\/www.visitgastroh.com\/fr\/store\/bains-de-fitero-spa\/\"><div class=\"ficha-defecto\">\n<h2>SALLES DE BAIN SPA DE L'H\u00f4tel FITERO<\/h2>\n<h3>(Fitero)<\/h3>\nDes profondeurs de la terre \u00e9mergent deux sources datant de l'\u00e9poque romaine, donnant vie \u00e0 l'une des stations thermales les plus importantes d'Europe.\n\nLes excellentes qualit\u00e9s th\u00e9rapeutiques de ses eaux, qui remontent \u00e0 la surface \u00e0 une temp\u00e9rature sup\u00e9rieure \u00e0 50\u00ba C, sont fortement min\u00e9ralis\u00e9es et sont particuli\u00e8rement indiqu\u00e9es pour les processus rhumatologiques, la r\u00e9\u00e9ducation fonctionnelle, les processus art\u00e9riels respiratoires et p\u00e9riph\u00e9riques et les cures de relaxation-prophylaxie.\n\nDans un environnement agr\u00e9able, \u00e0 c\u00f4t\u00e9 d'une belle pin\u00e8de, de jardins, de parcs, de terrasses et de promenades le long de sentiers, ils donnent au paysage une beaut\u00e9 ind\u00e9niable et font de ce spa un espace unique.\n\nSitu\u00e9 \u00e0 4 km. de la ville de Fitero, c'est le plus grand complexe h\u00f4telier de Navarre.\n\n<strong>OPTIONS D'H\u00c9BERGEMENT (dans le complexe thermal): <\/strong>\n\n\u2022 <a href=\"https:\/\/www.balneariodefitero.es\/hotel\/hotel-gustavo-adolfo-becquer\/\">H\u00f4tel Gustavo Adolfo Becquer.<\/a>\n\u2022 <a href=\"https:\/\/www.balneariodefitero.es\/hotel\/hotel-virrey-palafox\/\">H\u00f4tel Virrey Palafox.<\/a>\n\n<\/div><\/a><\/div><h4>Contact <\/h4><div class=\"link-tienda\"><strong><a href=\"https:\/\/www.visitgastroh.com\/fr\/store\/bains-de-fitero-spa\/\">+ Info<\/a><\/strong><\/div><\/div><\/div><\/div><div class=\"store-locator-row\"><div class=\"store-locator-col-sm-4\"><div class=\"wordpress-store-locator-list-item\"><div class=\"img-listado\"><a href=\"https:\/\/www.visitgastroh.com\/fr\/store\/berazadi-berri\/\"><img loading=\"lazy\" decoding=\"async\" width=\"300\" height=\"225\" src=\"https:\/\/www.visitgastroh.com\/wp-content\/uploads\/2022\/03\/casa-grande-300x225-1.jpg\" class=\"attachment-medium size-medium wp-post-image\" alt=\"\" \/><\/a><\/div><div class=\"contenido-listado\"><a href=\"https:\/\/www.visitgastroh.com\/fr\/store\/berazadi-berri\/\"><div class=\"ficha-defecto\">\n<h1>B\u00e9razadi Berri<\/h1>\nMaison de tourisme rural \u00e0 Zarautz, avec le charme de la mer, de la montagne et la grillade de son barbecue.\n\nLes chambres et le restaurant sont situ\u00e9s dans les larges murs d'une ferme historique. Le b\u00e2timent est enti\u00e8rement r\u00e9nov\u00e9, mais nous nous sommes assur\u00e9s qu'il conserve pleinement son essence. Cette essence tr\u00e8s particuli\u00e8re, qui lui conf\u00e8re un charme unique gr\u00e2ce \u00e0 l'architecture basque traditionnelle et aux couchers de soleil incomparables que l'on peut appr\u00e9cier depuis le jardin arri\u00e8re, aujourd'hui am\u00e9nag\u00e9 en terrasse du restaurant.\n\nNous prenons soin du moindre d\u00e9tail de tous nos s\u00e9jours. Nous les avons personnellement d\u00e9cor\u00e9s avec un style moderne et minimaliste pour obtenir un environnement de d\u00e9tente parfait qui vous permettra de vous isoler et d'oublier pendant quelques jours l'agitation de la routine quotidienne.\n\nDe m\u00eame, dans notre petit espace gastronomique, vous trouverez des \u00e9laborations aussi traditionnelles que faites maison. Nous travaillons quotidiennement avec des produits de premi\u00e8re qualit\u00e9 ; D\u00e9couvrez-le en go\u00fbtant notre lotte grill\u00e9e, turbot et cabillaud ou notre entrec\u00f4te, avec les meilleurs txakol\u00eds de la r\u00e9gion.\n\n<\/div><\/a><\/div><h4>Contact <\/h4><div class=\"link-tienda\"><strong><a href=\"https:\/\/www.visitgastroh.com\/fr\/store\/berazadi-berri\/\">+ Info<\/a><\/strong><\/div><\/div><\/div><div class=\"store-locator-col-sm-4\"><div class=\"wordpress-store-locator-list-item\"><div class=\"img-listado\"><a href=\"https:\/\/www.visitgastroh.com\/fr\/store\/c7-retraite\/\"><img loading=\"lazy\" decoding=\"async\" width=\"300\" height=\"200\" src=\"https:\/\/www.visitgastroh.com\/wp-content\/uploads\/2022\/02\/c71-300x200.jpg\" class=\"attachment-medium size-medium wp-post-image\" alt=\"\" srcset=\"https:\/\/www.visitgastroh.com\/wp-content\/uploads\/2022\/02\/c71-300x200.jpg 300w, https:\/\/www.visitgastroh.com\/wp-content\/uploads\/2022\/02\/c71-768x512.jpg 768w, https:\/\/www.visitgastroh.com\/wp-content\/uploads\/2022\/02\/c71-900x600.jpg 900w, https:\/\/www.visitgastroh.com\/wp-content\/uploads\/2022\/02\/c71.jpg 1000w\" sizes=\"auto, (max-width: 300px) 100vw, 300px\" \/><\/a><\/div><div class=\"contenido-listado\"><a href=\"https:\/\/www.visitgastroh.com\/fr\/store\/c7-retraite\/\"><div class=\"ficha-defecto\">\n<h2>C7 RETRAITE<\/h2>\n<h3>(Donostia-Saint-S\u00e9bastien)<\/h3>\nC7 * est une pension situ\u00e9e au premier \u00e9tage d'un immeuble r\u00e9nov\u00e9 fin 2011, au centre de San Sebasti\u00e1n, dans le quartier de Gros, \u00e0 seulement 150 m\u00e8tres du centre de conf\u00e9rences Kursaal et de la plage de Zurriola.\n\nIl dispose de 7 chambres modernes con\u00e7ues pour offrir un maximum de confort \u00e0 ses clients.\n\nIl dispose d'un ascenseur et d'une aire de chargement et de d\u00e9chargement dans la rue pour faciliter l'acc\u00e8s \u00e0 la pension. Consultez nos accords tarifaires sp\u00e9ciaux avec un parking dans la zone o\u00f9 ils <strong>vous pr\u00eatent \u00e9galement, si vous le souhaitez, un v\u00e9lo totalement gratuit.<\/strong>\n\n<\/div><\/a><\/div><h4>Contact <\/h4><div class=\"link-tienda\"><strong><a href=\"https:\/\/www.visitgastroh.com\/fr\/store\/c7-retraite\/\">+ Info<\/a><\/strong><\/div><\/div><\/div><div class=\"store-locator-col-sm-4\"><div class=\"wordpress-store-locator-list-item\"><div class=\"img-listado\"><a href=\"https:\/\/www.visitgastroh.com\/fr\/store\/camping-acedo\/\"><img loading=\"lazy\" decoding=\"async\" width=\"300\" height=\"200\" src=\"https:\/\/www.visitgastroh.com\/wp-content\/uploads\/2022\/01\/Camping-Acedo-PISCINA__640x426-300x200.jpg\" class=\"attachment-medium size-medium wp-post-image\" alt=\"\" srcset=\"https:\/\/www.visitgastroh.com\/wp-content\/uploads\/2022\/01\/Camping-Acedo-PISCINA__640x426-300x200.jpg 300w, https:\/\/www.visitgastroh.com\/wp-content\/uploads\/2022\/01\/Camping-Acedo-PISCINA__640x426.jpg 640w\" sizes=\"auto, (max-width: 300px) 100vw, 300px\" \/><\/a><\/div><div class=\"contenido-listado\"><a href=\"https:\/\/www.visitgastroh.com\/fr\/store\/camping-acedo\/\"><div class=\"ficha-defecto\">\n<h2>Camping ACEDO<\/h2>\n<h3>(Acedo)<\/h3>\nLe camping Acedo situ\u00e9 dans la zone centrale de la Navarre, \u00e0 Tierra Estella, un camping 4 \u00e9toiles, dispose de nombreuses parcelles et de 33 bungalows en location, pour un total de 1 500 lits. Restaurant avec un menu et des menus vari\u00e9s, supermarch\u00e9, aires de jeux, 2 piscines, 1 pour adultes et une pour enfants, terrain de sport, court de paddle-tennis, Pendant l'\u00e9t\u00e9, un vaste programme d'animations pour enfants et adultes, Au printemps et en automne, les samedis et les dimanches avec structures gonflables \u00e0 Carp.\n\nNous sommes un centre BTT agr\u00e9\u00e9 par l'IMBA. Au milieu de la voie verte du chemin de fer Vasco-Navarro.\n\nD\u00e9couvrez notre gastronomie en visitant nos caves, conserveries et fromageries Visitez notre riche patrimoine culturel, le Camino de Santiago et les Sierras de Lokiz, Urbasa et Codes.\n\n\u00c0 seulement 10 minutes du circuit de Navarre.\n\n<\/div><\/a><\/div><h4>Contact <\/h4><div class=\"link-tienda\"><strong><a href=\"https:\/\/www.visitgastroh.com\/fr\/store\/camping-acedo\/\">+ Info<\/a><\/strong><\/div><\/div><\/div><\/div><div class=\"store-locator-row\"><div class=\"store-locator-col-sm-4\"><div class=\"wordpress-store-locator-list-item\"><div class=\"img-listado\"><a href=\"https:\/\/www.visitgastroh.com\/fr\/store\/camping-aralar\/\"><img loading=\"lazy\" decoding=\"async\" width=\"300\" height=\"200\" src=\"https:\/\/www.visitgastroh.com\/wp-content\/uploads\/2022\/02\/Camping-aralar-principal-300x200.jpg\" class=\"attachment-medium size-medium wp-post-image\" alt=\"\" srcset=\"https:\/\/www.visitgastroh.com\/wp-content\/uploads\/2022\/02\/Camping-aralar-principal-300x200.jpg 300w, https:\/\/www.visitgastroh.com\/wp-content\/uploads\/2022\/02\/Camping-aralar-principal.jpg 600w\" sizes=\"auto, (max-width: 300px) 100vw, 300px\" \/><\/a><\/div><div class=\"contenido-listado\"><a href=\"https:\/\/www.visitgastroh.com\/fr\/store\/camping-aralar\/\"><div class=\"ficha-defecto\">\n<h2>Camping ARALAR<\/h2>\n<h3>lekunberri<\/h3>\nNous sommes tout ce que nous offrons, et nous offrons tout ce que nous sommes, ni plus ni moins.\n\nVous \u00eates-vous arr\u00eat\u00e9 pour penser que vous avez besoin de quelques jours de repos, en pleine nature, en harmonie et en famille ou entre amis ? Nous vous offrons tout cela et bien plus encore\u2026 Nature, montagne, gastronomie, sp\u00e9l\u00e9ologie, plage, beaucoup d'histoire, d\u00e9cors de cin\u00e9ma et tradition \u00e0 l'\u00e9tat pur\u2026 Oubliez le virus Corona en profitant d'un h\u00e9bergement en pleine nature, \u00e0 seulement 20 minutes de Pampelune. Nous t'attendons!!\n\n<\/div><\/a><\/div><h4>Contact <\/h4><div class=\"link-tienda\"><strong><a href=\"https:\/\/www.visitgastroh.com\/fr\/store\/camping-aralar\/\">+ Info<\/a><\/strong><\/div><\/div><\/div><div class=\"store-locator-col-sm-4\"><div class=\"wordpress-store-locator-list-item\"><div class=\"img-listado\"><a href=\"https:\/\/www.visitgastroh.com\/fr\/store\/camping-arbizu\/\"><img loading=\"lazy\" decoding=\"async\" width=\"300\" height=\"142\" src=\"https:\/\/www.visitgastroh.com\/wp-content\/uploads\/2022\/02\/Camping_arbizu_general-1-300x142.jpg\" class=\"attachment-medium size-medium wp-post-image\" alt=\"\" srcset=\"https:\/\/www.visitgastroh.com\/wp-content\/uploads\/2022\/02\/Camping_arbizu_general-1-300x142.jpg 300w, https:\/\/www.visitgastroh.com\/wp-content\/uploads\/2022\/02\/Camping_arbizu_general-1.jpg 734w\" sizes=\"auto, (max-width: 300px) 100vw, 300px\" \/><\/a><\/div><div class=\"contenido-listado\"><a href=\"https:\/\/www.visitgastroh.com\/fr\/store\/camping-arbizu\/\"><div class=\"ficha-defecto\">\n<h2>ARBIZU Camping<\/h2>\n<h3>Arbizu<\/h3>\nArbizu Eco-camping a bas\u00e9 sa construction sur des concepts de durabilit\u00e9, de bioconstruction, de bioclimatisme et d'application d'\u00e9nergies renouvelables, visant \u00e0 offrir une option touristique durable et respectueuse avec le cadre naturel incomparable dans lequel il se trouve.\n\n<\/div><\/a><\/div><h4>Contact <\/h4><div class=\"link-tienda\"><strong><a href=\"https:\/\/www.visitgastroh.com\/fr\/store\/camping-arbizu\/\">+ Info<\/a><\/strong><\/div><\/div><\/div><div class=\"store-locator-col-sm-4\"><div class=\"wordpress-store-locator-list-item\"><div class=\"img-listado\"><a href=\"https:\/\/www.visitgastroh.com\/fr\/store\/camping-aritzaleku\/\"><img loading=\"lazy\" decoding=\"async\" width=\"300\" height=\"300\" src=\"https:\/\/www.visitgastroh.com\/wp-content\/uploads\/2022\/02\/camping_aritzaleku_general-300x300.jpg\" class=\"attachment-medium size-medium wp-post-image\" alt=\"\" srcset=\"https:\/\/www.visitgastroh.com\/wp-content\/uploads\/2022\/02\/camping_aritzaleku_general-300x300.jpg 300w, https:\/\/www.visitgastroh.com\/wp-content\/uploads\/2022\/02\/camping_aritzaleku_general-150x150.jpg 150w, https:\/\/www.visitgastroh.com\/wp-content\/uploads\/2022\/02\/camping_aritzaleku_general-100x100.jpg 100w, https:\/\/www.visitgastroh.com\/wp-content\/uploads\/2022\/02\/camping_aritzaleku_general-140x140.jpg 140w, https:\/\/www.visitgastroh.com\/wp-content\/uploads\/2022\/02\/camping_aritzaleku_general.jpg 346w\" sizes=\"auto, (max-width: 300px) 100vw, 300px\" \/><\/a><\/div><div class=\"contenido-listado\"><a href=\"https:\/\/www.visitgastroh.com\/fr\/store\/camping-aritzaleku\/\"><div class=\"ficha-defecto\">\n<h2>ARITZALEKU Camping<\/h2>\n<h3>Lerate<\/h3>\nAu Camping de Aritzaleku, nous avons consacr\u00e9 une grande partie de nos efforts \u00e0 couvrir toutes les options d'h\u00e9bergement. Notre volont\u00e9 est d'offrir \u00e0 tous les visiteurs du Camping une solution adapt\u00e9e aux besoins de tous nos clients.\n\nTrois b\u00e2timents de service enti\u00e8rement connect\u00e9s, des parcelles \u00e9quip\u00e9es d'\u00e9lectricit\u00e9 et d'eau pour les caravanes et une grande aire de camping ont \u00e9t\u00e9 con\u00e7us. Nous mettons \u00e0 la disposition de tous, des bungalows en bois de diff\u00e9rentes capacit\u00e9s \u00e9quip\u00e9s de tout ce dont vous avez besoin : cuisine compl\u00e8te, salle de bain avec douche, chauffage et jardin.\n\nL'objectif de toutes nos installations est que vous puissiez profiter d'un s\u00e9jour tranquille aussi bien en \u00e9t\u00e9 que pendant les froides journ\u00e9es d'hiver, sans que cela implique une r\u00e9duction de la qualit\u00e9 de vie.\n\nDe plus, \u00e0 Aritzaleku, vous pouvez \u00e9galement profiter de plusieurs chambres, avec des chambres de grande capacit\u00e9. Ses lits superpos\u00e9s sont la solution id\u00e9ale pour les groupes.\n\n<\/div><\/a><\/div><h4>Contact <\/h4><div class=\"link-tienda\"><strong><a href=\"https:\/\/www.visitgastroh.com\/fr\/store\/camping-aritzaleku\/\">+ Info<\/a><\/strong><\/div><\/div><\/div><\/div><div class=\"store-locator-row\"><div class=\"store-locator-col-sm-4\"><div class=\"wordpress-store-locator-list-item\"><div class=\"img-listado\"><a href=\"https:\/\/www.visitgastroh.com\/fr\/store\/camping-arizona\/\"><img loading=\"lazy\" decoding=\"async\" width=\"300\" height=\"142\" src=\"https:\/\/www.visitgastroh.com\/wp-content\/uploads\/2022\/02\/camping_ariztigain_general-300x142.jpg\" class=\"attachment-medium size-medium wp-post-image\" alt=\"\" srcset=\"https:\/\/www.visitgastroh.com\/wp-content\/uploads\/2022\/02\/camping_ariztigain_general-300x142.jpg 300w, https:\/\/www.visitgastroh.com\/wp-content\/uploads\/2022\/02\/camping_ariztigain_general.jpg 734w\" sizes=\"auto, (max-width: 300px) 100vw, 300px\" \/><\/a><\/div><div class=\"contenido-listado\"><a href=\"https:\/\/www.visitgastroh.com\/fr\/store\/camping-arizona\/\"><div class=\"ficha-defecto\">\n<h2>Camping ARIZTIGAIN<\/h2>\n<h3>r\u00e9sum\u00e9<\/h3>\nLe camping Ariztigain est situ\u00e9 \u00e0 600 m de Sunbilla, Navarre. Cet environnement privil\u00e9gi\u00e9 dans lequel se trouve le camping, entre for\u00eats de ch\u00eanes et vall\u00e9es d'une grande beaut\u00e9, offre aux visiteurs de grandes possibilit\u00e9s de profiter des environs, leur permettant de r\u00e9aliser diff\u00e9rentes activit\u00e9s de loisirs et sportives. Des ch\u00eanes centenaires font que le camping dispose de nombreux emplacements ombrag\u00e9s.\n\n<\/div><\/a><\/div><h4>Contact <\/h4><div class=\"link-tienda\"><strong><a href=\"https:\/\/www.visitgastroh.com\/fr\/store\/camping-arizona\/\">+ Info<\/a><\/strong><\/div><\/div><\/div><div class=\"store-locator-col-sm-4\"><div class=\"wordpress-store-locator-list-item\"><div class=\"img-listado\"><a href=\"https:\/\/www.visitgastroh.com\/fr\/store\/camping-artaza\/\"><img loading=\"lazy\" decoding=\"async\" width=\"300\" height=\"104\" src=\"https:\/\/www.visitgastroh.com\/wp-content\/uploads\/2022\/02\/camping_artaza_general-300x104.jpg\" class=\"attachment-medium size-medium wp-post-image\" alt=\"\" srcset=\"https:\/\/www.visitgastroh.com\/wp-content\/uploads\/2022\/02\/camping_artaza_general-300x104.jpg 300w, https:\/\/www.visitgastroh.com\/wp-content\/uploads\/2022\/02\/camping_artaza_general-1024x353.jpg 1024w, https:\/\/www.visitgastroh.com\/wp-content\/uploads\/2022\/02\/camping_artaza_general-768x265.jpg 768w, https:\/\/www.visitgastroh.com\/wp-content\/uploads\/2022\/02\/camping_artaza_general.jpg 1536w\" sizes=\"auto, (max-width: 300px) 100vw, 300px\" \/><\/a><\/div><div class=\"contenido-listado\"><a href=\"https:\/\/www.visitgastroh.com\/fr\/store\/camping-artaza\/\"><div class=\"ficha-defecto\">\n<h2>Camping ARTAZA<\/h2>\n<h3>Artaza<\/h3>\nLe camping Artaza Urederra est un espace construit \u00e0 la main en bois de m\u00e9l\u00e8ze, un lieu au charme particulier, en pleine nature.\n\nNous sommes entour\u00e9s de for\u00eats magiques de ch\u00eanes et de h\u00eatres, dans un environnement privil\u00e9gi\u00e9, \u00e0 c\u00f4t\u00e9 du parc naturel d'Urbasa et de la source de la rivi\u00e8re Urederra.\n\nEn raison de notre emplacement et de notre construction uniques, le camping est un environnement durable, aliment\u00e9 par l'\u00e9nergie solaire. Id\u00e9al pour d\u00e9connecter, avec un logement sans Wi-Fi et sans t\u00e9l\u00e9vision.\n\nDe plus, nous avons deux saunas finlandais et un bain \u00e0 remous ext\u00e9rieur.\n\nOserez-vous vous d\u00e9connecter avec nous ?\n\n<\/div><\/a><\/div><h4>Contact <\/h4><div class=\"link-tienda\"><strong><a href=\"https:\/\/www.visitgastroh.com\/fr\/store\/camping-artaza\/\">+ Info<\/a><\/strong><\/div><\/div><\/div><div class=\"store-locator-col-sm-4\"><div class=\"wordpress-store-locator-list-item\"><div class=\"img-listado\"><a href=\"https:\/\/www.visitgastroh.com\/fr\/store\/camping-asolaze\/\"><img loading=\"lazy\" decoding=\"async\" width=\"300\" height=\"152\" src=\"https:\/\/www.visitgastroh.com\/wp-content\/uploads\/2022\/02\/Camping_asolaze_general-300x152.jpg\" class=\"attachment-medium size-medium wp-post-image\" alt=\"\" srcset=\"https:\/\/www.visitgastroh.com\/wp-content\/uploads\/2022\/02\/Camping_asolaze_general-300x152.jpg 300w, https:\/\/www.visitgastroh.com\/wp-content\/uploads\/2022\/02\/Camping_asolaze_general-768x389.jpg 768w, https:\/\/www.visitgastroh.com\/wp-content\/uploads\/2022\/02\/Camping_asolaze_general.jpg 1000w\" sizes=\"auto, (max-width: 300px) 100vw, 300px\" \/><\/a><\/div><div class=\"contenido-listado\"><a href=\"https:\/\/www.visitgastroh.com\/fr\/store\/camping-asolaze\/\"><div class=\"ficha-defecto\">\n<h2>Camping ASOLAZE<\/h2>\n<h3>isaba<\/h3>\n<strong>Le camping Asolaze<\/strong> est situ\u00e9 dans les Pyr\u00e9n\u00e9es de Navarre, plus pr\u00e9cis\u00e9ment dans la vall\u00e9e de Belagoa, tout pr\u00e8s d'Isaba.\n\nIl est situ\u00e9 dans un lieu privil\u00e9gi\u00e9, dans une verte prairie entour\u00e9e de pin\u00e8des ; un endroit idyllique et calme, id\u00e9al pour se d\u00e9connecter de la routine quotidienne et revenir \u00e0 la vie quotidienne avec un air renouvel\u00e9.\n\nC'est l'endroit id\u00e9al pour pratiquer l'alpinisme, la randonn\u00e9e, le ski, le v\u00e9lo ou la sp\u00e9l\u00e9ologie ; pour passer des vacances en couple, en groupe ou en famille... Bref, pour tous ceux qui veulent passer un s\u00e9jour en pleine nature \u00e0 l'\u00e9tat pur.\n\nLa diversit\u00e9 des h\u00e9bergements disponibles permet d'\u00eatre accueilli tout au long de l'ann\u00e9e, puisqu'en plus de la traditionnelle aire de camping libre, ce camping est \u00e9quip\u00e9 d'une auberge et de bungalows.\n\nIl propose \u00e9galement un service de bar et de restauration, un lieu pour manger sain et vari\u00e9, socialiser et passer d'agr\u00e9ables moments de repos et de tranquillit\u00e9.\n\n<\/div><\/a><\/div><h4>Contact <\/h4><div class=\"link-tienda\"><strong><a href=\"https:\/\/www.visitgastroh.com\/fr\/store\/camping-asolaze\/\">+ Info<\/a><\/strong><\/div><\/div><\/div><\/div><div class=\"store-locator-row\"><div class=\"store-locator-col-sm-4\"><div class=\"wordpress-store-locator-list-item\"><div class=\"img-listado\"><a href=\"https:\/\/www.visitgastroh.com\/fr\/store\/camping-bardenas\/\"><img loading=\"lazy\" decoding=\"async\" width=\"300\" height=\"199\" src=\"https:\/\/www.visitgastroh.com\/wp-content\/uploads\/2022\/02\/camping_el_bardenas_general-300x199.jpg\" class=\"attachment-medium size-medium wp-post-image\" alt=\"\" srcset=\"https:\/\/www.visitgastroh.com\/wp-content\/uploads\/2022\/02\/camping_el_bardenas_general-300x199.jpg 300w, https:\/\/www.visitgastroh.com\/wp-content\/uploads\/2022\/02\/camping_el_bardenas_general-1024x678.jpg 1024w, https:\/\/www.visitgastroh.com\/wp-content\/uploads\/2022\/02\/camping_el_bardenas_general-768x509.jpg 768w, https:\/\/www.visitgastroh.com\/wp-content\/uploads\/2022\/02\/camping_el_bardenas_general-900x600.jpg 900w, https:\/\/www.visitgastroh.com\/wp-content\/uploads\/2022\/02\/camping_el_bardenas_general.jpg 1200w\" sizes=\"auto, (max-width: 300px) 100vw, 300px\" \/><\/a><\/div><div class=\"contenido-listado\"><a href=\"https:\/\/www.visitgastroh.com\/fr\/store\/camping-bardenas\/\"><div class=\"ficha-defecto\">\n<h2>Camping BARDENAS<\/h2>\n<h3>Villafranca<\/h3>\nLe seul camping du sud de la Navarre, \u00e0 c\u00f4t\u00e9 du magnifique d\u00e9sert des Bardenas Reales et \u00e0 seulement 15 km. de Sendaviva.\n\nNous proposons diff\u00e9rents types d'h\u00e9bergements adapt\u00e9s \u00e0 tous les budgets : bungalows bois, mobil-homes, appartements, auberges...\n\nNous avons \u00e9galement des installations spacieuses et modernes, piscine, salle de gym, court de paddle-tennis, barbecues..., ainsi qu'un excellent restaurant grill.\n\n<\/div><\/a><\/div><h4>Contact <\/h4><div class=\"link-tienda\"><strong><a href=\"https:\/\/www.visitgastroh.com\/fr\/store\/camping-bardenas\/\">+ Info<\/a><\/strong><\/div><\/div><\/div><div class=\"store-locator-col-sm-4\"><div class=\"wordpress-store-locator-list-item\"><div class=\"img-listado\"><a href=\"https:\/\/www.visitgastroh.com\/fr\/store\/camping-baztan\/\"><img loading=\"lazy\" decoding=\"async\" width=\"300\" height=\"300\" src=\"https:\/\/www.visitgastroh.com\/wp-content\/uploads\/2022\/02\/camping_baztan_general-300x300.jpg\" class=\"attachment-medium size-medium wp-post-image\" alt=\"\" srcset=\"https:\/\/www.visitgastroh.com\/wp-content\/uploads\/2022\/02\/camping_baztan_general-300x300.jpg 300w, https:\/\/www.visitgastroh.com\/wp-content\/uploads\/2022\/02\/camping_baztan_general-150x150.jpg 150w, https:\/\/www.visitgastroh.com\/wp-content\/uploads\/2022\/02\/camping_baztan_general-100x100.jpg 100w, https:\/\/www.visitgastroh.com\/wp-content\/uploads\/2022\/02\/camping_baztan_general-140x140.jpg 140w, https:\/\/www.visitgastroh.com\/wp-content\/uploads\/2022\/02\/camping_baztan_general.jpg 346w\" sizes=\"auto, (max-width: 300px) 100vw, 300px\" \/><\/a><\/div><div class=\"contenido-listado\"><a href=\"https:\/\/www.visitgastroh.com\/fr\/store\/camping-baztan\/\"><div class=\"ficha-defecto\">\n<h2>BAZT\u00c1N Camping<\/h2>\n<h3>Erratzu<\/h3>\nCamping 4 \u00e9toiles situ\u00e9 dans la vall\u00e9e de Bazt\u00e1n, la premi\u00e8re vall\u00e9e des Pyr\u00e9n\u00e9es occidentales, entour\u00e9 de nature et de beaux villages.\n\nNous sommes \u00e0 38 km de la plage de San Juan de Luz et \u00e0 50 km des plages d'Hondarribia et d'Hendaye.\n\nNous avons 150 parcelles de 100 m2 chacune avec un sol en herbe, s\u00e9par\u00e9es par des haies et avec beaucoup d'ombre. Branchement \u00e9lectrique et branchement d'eau. Deux piscines (adultes et enfants) pour se rafra\u00eechir lors des journ\u00e9es chaudes ; possibilit\u00e9 de faire du sport et aire de jeux pour que les plus petits s'amusent bien. Nous avons aussi un Bar-Restaurant, Supermarch\u00e9, Blanchisserie, Terrain de Padel, Squash, P\u00e9tanque et Table de Ping-Pong ; service m\u00e9dical \u00e0 Erratzu \u00e0 150 m\u00e8tres du camping.\n\n<\/div><\/a><\/div><h4>Contact <\/h4><div class=\"link-tienda\"><strong><a href=\"https:\/\/www.visitgastroh.com\/fr\/store\/camping-baztan\/\">+ Info<\/a><\/strong><\/div><\/div><\/div><div class=\"store-locator-col-sm-4\"><div class=\"wordpress-store-locator-list-item\"><div class=\"img-listado\"><a href=\"https:\/\/www.visitgastroh.com\/fr\/store\/camping-el-molino\/\"><img loading=\"lazy\" decoding=\"async\" width=\"300\" height=\"142\" src=\"https:\/\/www.visitgastroh.com\/wp-content\/uploads\/2022\/01\/camping_el_molino_general-300x142.jpg\" class=\"attachment-medium size-medium wp-post-image\" alt=\"\" srcset=\"https:\/\/www.visitgastroh.com\/wp-content\/uploads\/2022\/01\/camping_el_molino_general-300x142.jpg 300w, https:\/\/www.visitgastroh.com\/wp-content\/uploads\/2022\/01\/camping_el_molino_general.jpg 734w\" sizes=\"auto, (max-width: 300px) 100vw, 300px\" \/><\/a><\/div><div class=\"contenido-listado\"><a href=\"https:\/\/www.visitgastroh.com\/fr\/store\/camping-el-molino\/\"><div class=\"ficha-defecto\">\n<h2>Camping LE MOULIN<\/h2>\n<h3>(mendicit\u00e9)<\/h3>\nCamping durable avec bungalows, parcelles et chambres avec lits superpos\u00e9s dans la zone centrale de Navarre, sur la route des vins DO Navarre avec un bar-restaurant pour 125 personnes, deux terrasses d'une capacit\u00e9 de 150 personnes et une sc\u00e8ne pour des spectacles. Notre gastronomie est traditionnelle avec des aliments de Navarre, nous proposons une lettre, des menus du jour, ainsi que des plats combin\u00e9s, des portions et des sandwichs.\n\n<\/div><\/a><\/div><h4>Contact <\/h4><div class=\"link-tienda\"><strong><a href=\"https:\/\/www.visitgastroh.com\/fr\/store\/camping-el-molino\/\">+ Info<\/a><\/strong><\/div><\/div><\/div><\/div><div class=\"store-locator-row\"><div class=\"store-locator-col-sm-4\"><div class=\"wordpress-store-locator-list-item\"><div class=\"img-listado\"><a href=\"https:\/\/www.visitgastroh.com\/fr\/store\/camping-etxarri-2\/\"><img loading=\"lazy\" decoding=\"async\" width=\"300\" height=\"200\" src=\"https:\/\/www.visitgastroh.com\/wp-content\/uploads\/2022\/03\/Camping-Etxarri_-8-300x200.jpg\" class=\"attachment-medium size-medium wp-post-image\" alt=\"\" srcset=\"https:\/\/www.visitgastroh.com\/wp-content\/uploads\/2022\/03\/Camping-Etxarri_-8-300x200.jpg 300w, https:\/\/www.visitgastroh.com\/wp-content\/uploads\/2022\/03\/Camping-Etxarri_-8-1024x683.jpg 1024w, https:\/\/www.visitgastroh.com\/wp-content\/uploads\/2022\/03\/Camping-Etxarri_-8-768x512.jpg 768w, https:\/\/www.visitgastroh.com\/wp-content\/uploads\/2022\/03\/Camping-Etxarri_-8-1536x1024.jpg 1536w, https:\/\/www.visitgastroh.com\/wp-content\/uploads\/2022\/03\/Camping-Etxarri_-8-2048x1365.jpg 2048w, https:\/\/www.visitgastroh.com\/wp-content\/uploads\/2022\/03\/Camping-Etxarri_-8-900x600.jpg 900w\" sizes=\"auto, (max-width: 300px) 100vw, 300px\" \/><\/a><\/div><div class=\"contenido-listado\"><a href=\"https:\/\/www.visitgastroh.com\/fr\/store\/camping-etxarri-2\/\"><div class=\"ficha-defecto\">\n<h2>Camping Etxarri<\/h2>\n<h3>Etxarri Aranatz<\/h3>\nCamping situ\u00e9 dans la vall\u00e9e de Sakana, en Navarre, \u00e0 mi-chemin entre les parcs naturels d'Urbasa et d'Aralar. Il existe de nombreuses excursions et itin\u00e9raires dans la nature.\nPoint strat\u00e9gique, en raison de ses communications imbattables, pour visiter des enclaves naturelles telles que la source de l'Urederra, les Sierras de Urbasa et Aralar, Pampelune, Vitoria, Bilbao et les plages de Guip\u00fazcoa.\n\n<\/div><\/a><\/div><h4>Contact <\/h4><div class=\"link-tienda\"><strong><a href=\"https:\/\/www.visitgastroh.com\/fr\/store\/camping-etxarri-2\/\">+ Info<\/a><\/strong><\/div><\/div><\/div><div class=\"store-locator-col-sm-4\"><div class=\"wordpress-store-locator-list-item\"><div class=\"img-listado\"><a href=\"https:\/\/www.visitgastroh.com\/fr\/store\/camping-ezcaba\/\"><img loading=\"lazy\" decoding=\"async\" width=\"300\" height=\"104\" src=\"https:\/\/www.visitgastroh.com\/wp-content\/uploads\/2022\/02\/camping_ezcaba_general-300x104.jpg\" class=\"attachment-medium size-medium wp-post-image\" alt=\"\" srcset=\"https:\/\/www.visitgastroh.com\/wp-content\/uploads\/2022\/02\/camping_ezcaba_general-300x104.jpg 300w, https:\/\/www.visitgastroh.com\/wp-content\/uploads\/2022\/02\/camping_ezcaba_general-1024x353.jpg 1024w, https:\/\/www.visitgastroh.com\/wp-content\/uploads\/2022\/02\/camping_ezcaba_general-768x265.jpg 768w, https:\/\/www.visitgastroh.com\/wp-content\/uploads\/2022\/02\/camping_ezcaba_general.jpg 1536w\" sizes=\"auto, (max-width: 300px) 100vw, 300px\" \/><\/a><\/div><div class=\"contenido-listado\"><a href=\"https:\/\/www.visitgastroh.com\/fr\/store\/camping-ezcaba\/\"><div class=\"ficha-defecto\">\n<h2>Camping EZCABA<\/h2>\n<h3>(Euse)<\/h3>\nLe camping Ezcaba est situ\u00e9 dans une enclave naturelle privil\u00e9gi\u00e9e, \u00e0 c\u00f4t\u00e9 de la rivi\u00e8re Ulzama et dans une r\u00e9gion montagneuse d'une grande beaut\u00e9 situ\u00e9e \u00e0 cinq minutes de Pampelune. Pour cette raison, gr\u00e2ce \u00e0 sa situation g\u00e9ographique privil\u00e9gi\u00e9e, ce camping vous permet de d\u00e9couvrir toute la Navarre, des Bardenas aux Pyr\u00e9n\u00e9es navarraises, sans avoir \u00e0 faire de longs trajets.\n\nDe plus, la nouvelle piste cyclable vous permet de rejoindre Pampelune en suivant le magnifique Paseo Fluvial del Arga, \u00e0 seulement 10 km.\n\n<\/div><\/a><\/div><h4>Contact <\/h4><div class=\"link-tienda\"><strong><a href=\"https:\/\/www.visitgastroh.com\/fr\/store\/camping-ezcaba\/\">+ Info<\/a><\/strong><\/div><\/div><\/div><div class=\"store-locator-col-sm-4\"><div class=\"wordpress-store-locator-list-item\"><div class=\"img-listado\"><a href=\"https:\/\/www.visitgastroh.com\/fr\/store\/camping-iratxe\/\"><img loading=\"lazy\" decoding=\"async\" width=\"300\" height=\"142\" src=\"https:\/\/www.visitgastroh.com\/wp-content\/uploads\/2022\/02\/camping_iratxe_parcelas-300x142.jpg\" class=\"attachment-medium size-medium wp-post-image\" alt=\"\" srcset=\"https:\/\/www.visitgastroh.com\/wp-content\/uploads\/2022\/02\/camping_iratxe_parcelas-300x142.jpg 300w, https:\/\/www.visitgastroh.com\/wp-content\/uploads\/2022\/02\/camping_iratxe_parcelas.jpg 734w\" sizes=\"auto, (max-width: 300px) 100vw, 300px\" \/><\/a><\/div><div class=\"contenido-listado\"><a href=\"https:\/\/www.visitgastroh.com\/fr\/store\/camping-iratxe\/\"><div class=\"ficha-defecto\">\n<h2>Camping IRATXE<\/h2>\n<h3>Ay\u00e9gui<\/h3>\nAu Camping Iratxe de Navarra, nous avons 26 bungalows compos\u00e9s de deux chambres, salle de bain avec lavabo, douche et WC, r\u00e9frig\u00e9rateur, salon-cuisine-salle \u00e0 manger avec canap\u00e9-lit et TV.Chaque bungalow dispose d'une place de parking.\n\nNous disposons de 32 chambres multiples d'une capacit\u00e9 de 2 \u00e0 4 personnes, qui disposent de 2 lits ou 2 lits superpos\u00e9s de 2 lits chacune, et d'une salle d'eau avec WC et lavabo. Les douches se trouvent dans le b\u00e2timent commun pr\u00e8s des chambres.\n\nNous disposons d'une aire de camping pour caravanes, camping-cars, tentes, vans..., avec branchements eau, \u00e9lectricit\u00e9 et t\u00e9l\u00e9vision.\n\nNous sommes un centre d'accueil VTT au sein de l'espace VTT Tierra Estella \u2013 Lizarraldea, et nous mettons notre centre d'accueil \u00e0 la disposition des cyclistes avec nos douches, notre lieu de nettoyage des v\u00e9los, notre caf\u00e9t\u00e9ria, nos h\u00e9bergements et tous les itin\u00e9raires de la r\u00e9gion. .\n\nNous sommes entour\u00e9s par la nature (Montejurra, Monjard\u00edn et les Sierras de Urbasa, Andia et Lokitz sont nos r\u00e9f\u00e9rences). La source Urederra est \u00e0 15 minutes du Camping Iratxe et nous ne sommes qu'\u00e0 10 minutes du Circuit de Vitesse de Navarre (Los Arcos).\n\n<\/div><\/a><\/div><h4>Contact <\/h4><div class=\"link-tienda\"><strong><a href=\"https:\/\/www.visitgastroh.com\/fr\/store\/camping-iratxe\/\">+ Info<\/a><\/strong><\/div><\/div><\/div><\/div><div class=\"store-locator-row\"><div class=\"store-locator-col-sm-4\"><div class=\"wordpress-store-locator-list-item\"><div class=\"img-listado\"><a href=\"https:\/\/www.visitgastroh.com\/fr\/store\/camping-iturbero\/\"><img loading=\"lazy\" decoding=\"async\" width=\"300\" height=\"170\" src=\"https:\/\/www.visitgastroh.com\/wp-content\/uploads\/2022\/02\/camping_iturbero_general-2-300x170.jpg\" class=\"attachment-medium size-medium wp-post-image\" alt=\"\" srcset=\"https:\/\/www.visitgastroh.com\/wp-content\/uploads\/2022\/02\/camping_iturbero_general-2-300x170.jpg 300w, https:\/\/www.visitgastroh.com\/wp-content\/uploads\/2022\/02\/camping_iturbero_general-2-768x434.jpg 768w, https:\/\/www.visitgastroh.com\/wp-content\/uploads\/2022\/02\/camping_iturbero_general-2.jpg 900w\" sizes=\"auto, (max-width: 300px) 100vw, 300px\" \/><\/a><\/div><div class=\"contenido-listado\"><a href=\"https:\/\/www.visitgastroh.com\/fr\/store\/camping-iturbero\/\"><div class=\"ficha-defecto\">\n<h2>Camping ITURBERO<\/h2>\n<h3>lombier<\/h3>\nLe camping Iturbero de Lumbier, Navarre, est situ\u00e9 au COEUR DES PYR\u00c9N\u00c9ES DE NAVARRE, en pleine nature, au pied de la Sierra de Leire, au bord de la rivi\u00e8re Salazar, tout pr\u00e8s de la Foz de Lumbier et de la Foz de Arbay\u00fan et \u00e0 40 kilom\u00e8tres de Pampelune.\n\nSituation id\u00e9ale pour les excursions, les visites culturelles et toutes sortes d'activit\u00e9s sportives de pleine nature : vol ULM, parapente, VTT, randonn\u00e9es, alpinisme,...\n\n&nbsp;\n\n<\/div><\/a><\/div><h4>Contact <\/h4><div class=\"link-tienda\"><strong><a href=\"https:\/\/www.visitgastroh.com\/fr\/store\/camping-iturbero\/\">+ Info<\/a><\/strong><\/div><\/div><\/div><div class=\"store-locator-col-sm-4\"><div class=\"wordpress-store-locator-list-item\"><div class=\"img-listado\"><a href=\"https:\/\/www.visitgastroh.com\/fr\/store\/camping-lizarra\/\"><img loading=\"lazy\" decoding=\"async\" width=\"300\" height=\"133\" src=\"https:\/\/www.visitgastroh.com\/wp-content\/uploads\/2022\/02\/camping_lizarra_general-300x133.png\" class=\"attachment-medium size-medium wp-post-image\" alt=\"\" srcset=\"https:\/\/www.visitgastroh.com\/wp-content\/uploads\/2022\/02\/camping_lizarra_general-300x133.png 300w, https:\/\/www.visitgastroh.com\/wp-content\/uploads\/2022\/02\/camping_lizarra_general-768x341.png 768w, https:\/\/www.visitgastroh.com\/wp-content\/uploads\/2022\/02\/camping_lizarra_general.png 900w\" sizes=\"auto, (max-width: 300px) 100vw, 300px\" \/><\/a><\/div><div class=\"contenido-listado\"><a href=\"https:\/\/www.visitgastroh.com\/fr\/store\/camping-lizarra\/\"><div class=\"ficha-defecto\">\n<h2>Camping LIZARRA<\/h2>\n<h3>Stella<\/h3>\nCamping 4 \u00e9toiles ouvert toute l'ann\u00e9e. Nos services comprennent les suivants : bar, restaurant, trousse de secours, sup\u00e9rette, animations, 2 piscines, journaux, terrain de foot, minigolf, racquetball, volley, basket, p\u00e9tanque, ping-pong, discoth\u00e8que, parcelles de 80 m2, salle de jeux, salle polyvalente avec projecteur, aire de jeux et zones ombrag\u00e9es. Nous avons \u00e9galement une zone WIFI.\n\nCamping situ\u00e9 dans la ville d'Estella-Lizarra, au milieu de la Navarre et au c\u0153ur du Camino de Santiago et abrit\u00e9 par les montagnes Urbasa, Andia et Loquiz.\n\n&nbsp;\n\n<\/div><\/a><\/div><h4>Contact <\/h4><div class=\"link-tienda\"><strong><a href=\"https:\/\/www.visitgastroh.com\/fr\/store\/camping-lizarra\/\">+ Info<\/a><\/strong><\/div><\/div><\/div><div class=\"store-locator-col-sm-4\"><div class=\"wordpress-store-locator-list-item\"><div class=\"img-listado\"><a href=\"https:\/\/www.visitgastroh.com\/fr\/store\/camping-olite\/\"><img loading=\"lazy\" decoding=\"async\" width=\"300\" height=\"104\" src=\"https:\/\/www.visitgastroh.com\/wp-content\/uploads\/2022\/02\/camping_olite_general-300x104.jpg\" class=\"attachment-medium size-medium wp-post-image\" alt=\"\" srcset=\"https:\/\/www.visitgastroh.com\/wp-content\/uploads\/2022\/02\/camping_olite_general-300x104.jpg 300w, https:\/\/www.visitgastroh.com\/wp-content\/uploads\/2022\/02\/camping_olite_general-1024x353.jpg 1024w, https:\/\/www.visitgastroh.com\/wp-content\/uploads\/2022\/02\/camping_olite_general-768x265.jpg 768w, https:\/\/www.visitgastroh.com\/wp-content\/uploads\/2022\/02\/camping_olite_general.jpg 1536w\" sizes=\"auto, (max-width: 300px) 100vw, 300px\" \/><\/a><\/div><div class=\"contenido-listado\"><a href=\"https:\/\/www.visitgastroh.com\/fr\/store\/camping-olite\/\"><div class=\"ficha-defecto\">\n<h2>Camping OLITE<\/h2>\n<h3>Olite<\/h3>\nArt, histoire et plaisir en famille, \u00e0 seulement 20 minutes de Pampelune.\n\nLe camping de Olite dispose d'excellents bungalows enti\u00e8rement \u00e9quip\u00e9s pour 4\/6 personnes, de grandes parcelles avec \u00e9lectricit\u00e9, une chambre avec salle de bain pour deux personnes et une chambre multiple d'une capacit\u00e9 de 20 personnes, un espace appropri\u00e9 pour l'h\u00e9bergement de groupe.\n\nIl dispose d'un bar et d'un restaurant avec deux salles \u00e0 manger pouvant accueillir des groupes. Menu du jour et \u00e0 la carte.\n\nComme dans toute la r\u00e9gion, dans notre restaurant, vous pourrez d\u00e9guster notre excellente cuisine, comme les l\u00e9gumes du jardin de Tudela, les asperges, les poivrons, les artichauts et, bien s\u00fbr, nos excellents vins locaux.\n\nAnimations enfants en \u00e9t\u00e9. Programme d'activit\u00e9s diverses destin\u00e9es aux enfants, aux jeunes et aux adultes.\n\n<\/div><\/a><\/div><h4>Contact <\/h4><div class=\"link-tienda\"><strong><a href=\"https:\/\/www.visitgastroh.com\/fr\/store\/camping-olite\/\">+ Info<\/a><\/strong><\/div><\/div><\/div><\/div><div class=\"store-locator-row\"><div class=\"store-locator-col-sm-4\"><div class=\"wordpress-store-locator-list-item\"><div class=\"img-listado\"><a href=\"https:\/\/www.visitgastroh.com\/fr\/store\/camping-osate\/\"><img loading=\"lazy\" decoding=\"async\" width=\"300\" height=\"192\" src=\"https:\/\/www.visitgastroh.com\/wp-content\/uploads\/2022\/02\/camping_osate_general-300x192.jpg\" class=\"attachment-medium size-medium wp-post-image\" alt=\"\" srcset=\"https:\/\/www.visitgastroh.com\/wp-content\/uploads\/2022\/02\/camping_osate_general-300x192.jpg 300w, https:\/\/www.visitgastroh.com\/wp-content\/uploads\/2022\/02\/camping_osate_general-1024x654.jpg 1024w, https:\/\/www.visitgastroh.com\/wp-content\/uploads\/2022\/02\/camping_osate_general-768x491.jpg 768w, https:\/\/www.visitgastroh.com\/wp-content\/uploads\/2022\/02\/camping_osate_general.jpg 1058w\" sizes=\"auto, (max-width: 300px) 100vw, 300px\" \/><\/a><\/div><div class=\"contenido-listado\"><a href=\"https:\/\/www.visitgastroh.com\/fr\/store\/camping-osate\/\"><div class=\"ficha-defecto\">\n<h2>Camping OSATE<\/h2>\n<h3>Ochagavie<\/h3>\nLe camping Osate est situ\u00e9 \u00e0 300 m d'Ochagavia-Otsagabia dans la vall\u00e9e de Salazar, une ville embl\u00e9matique des Pyr\u00e9n\u00e9es navarraises pour sa beaut\u00e9 et pour \u00eatre \u00e0 l'entr\u00e9e de la for\u00eat d'Irati, l'une des for\u00eats les plus grandes et les mieux conserv\u00e9es d'Europe. .\n\nNous sommes une nouvelle soci\u00e9t\u00e9, avec des gens de la r\u00e9gion, dont nous allons g\u00e9rer le camping dans les ann\u00e9es \u00e0 venir. Nous avons r\u00e9alis\u00e9 d'importantes r\u00e9formes, avec un nouveau pavillon de service pour les salles de bains et les douches, la r\u00e9novation compl\u00e8te de l'auberge, la construction de nouveaux bungalows en bois, l'am\u00e9nagement et l'agrandissement de la zone de camping et du pont d'acc\u00e8s.\n\n<\/div><\/a><\/div><h4>Contact <\/h4><div class=\"link-tienda\"><strong><a href=\"https:\/\/www.visitgastroh.com\/fr\/store\/camping-osate\/\">+ Info<\/a><\/strong><\/div><\/div><\/div><div class=\"store-locator-col-sm-4\"><div class=\"wordpress-store-locator-list-item\"><div class=\"img-listado\"><a href=\"https:\/\/www.visitgastroh.com\/fr\/store\/camping-urbasa-2\/\"><img loading=\"lazy\" decoding=\"async\" width=\"300\" height=\"225\" src=\"https:\/\/www.visitgastroh.com\/wp-content\/uploads\/2022\/01\/camping_urbasa_casa-300x225.jpg\" class=\"attachment-medium size-medium wp-post-image\" alt=\"\" srcset=\"https:\/\/www.visitgastroh.com\/wp-content\/uploads\/2022\/01\/camping_urbasa_casa-300x225.jpg 300w, https:\/\/www.visitgastroh.com\/wp-content\/uploads\/2022\/01\/camping_urbasa_casa-1024x768.jpg 1024w, https:\/\/www.visitgastroh.com\/wp-content\/uploads\/2022\/01\/camping_urbasa_casa-768x576.jpg 768w, https:\/\/www.visitgastroh.com\/wp-content\/uploads\/2022\/01\/camping_urbasa_casa-1536x1152.jpg 1536w, https:\/\/www.visitgastroh.com\/wp-content\/uploads\/2022\/01\/camping_urbasa_casa.jpg 2000w\" sizes=\"auto, (max-width: 300px) 100vw, 300px\" \/><\/a><\/div><div class=\"contenido-listado\"><a href=\"https:\/\/www.visitgastroh.com\/fr\/store\/camping-urbasa-2\/\"><div class=\"ficha-defecto\">\n<h2>Camping URBASA<\/h2>\n<h3>Parc naturel d'Urbasa<\/h3>\nLe camping est situ\u00e9 au c\u0153ur d'Urbasa, une r\u00e9serve de biosph\u00e8re, dans la plus grande for\u00eat de h\u00eatres d'altitude d'Europe.\n\nLes bungalows sont des cabanes en bois \u00e0 deux \u00e9tages \u00e9quip\u00e9es de t\u00e9l\u00e9vision, chauffage et ustensiles de cuisine. Le camping de Urbasa dispose de 14 bungalows de 4 \u00e0 8 personnes, d'une aire de camping, d'une aire de caravanes, de plusieurs chambres, d'un bar, d'un restaurant, d'une connexion Wi-Fi gratuite et d'un centre VTT.\n\n<\/div><\/a><\/div><h4>Contact <\/h4><div class=\"link-tienda\"><strong><a href=\"https:\/\/www.visitgastroh.com\/fr\/store\/camping-urbasa-2\/\">+ Info<\/a><\/strong><\/div><\/div><\/div><div class=\"store-locator-col-sm-4\"><div class=\"wordpress-store-locator-list-item\"><div class=\"img-listado\"><a href=\"https:\/\/www.visitgastroh.com\/fr\/store\/camping-urrobi\/\"><img loading=\"lazy\" decoding=\"async\" width=\"300\" height=\"189\" src=\"https:\/\/www.visitgastroh.com\/wp-content\/uploads\/2022\/02\/camping_urrobi_parcela-300x189.png\" class=\"attachment-medium size-medium wp-post-image\" alt=\"\" srcset=\"https:\/\/www.visitgastroh.com\/wp-content\/uploads\/2022\/02\/camping_urrobi_parcela-300x189.png 300w, https:\/\/www.visitgastroh.com\/wp-content\/uploads\/2022\/02\/camping_urrobi_parcela-768x485.png 768w, https:\/\/www.visitgastroh.com\/wp-content\/uploads\/2022\/02\/camping_urrobi_parcela.png 960w\" sizes=\"auto, (max-width: 300px) 100vw, 300px\" \/><\/a><\/div><div class=\"contenido-listado\"><a href=\"https:\/\/www.visitgastroh.com\/fr\/store\/camping-urrobi\/\"><div class=\"ficha-defecto\">\n<h2>Camping URROBI<\/h2>\n<h3>Aurizberri - Espinal<\/h3>\nSitu\u00e9 au c\u0153ur de la Navarre, au centre des for\u00eats de la Communaut\u00e9 Foral, en plein sur le Camino de Santiago et \u00e0 seulement 20 minutes de la Selva de Irati, le complexe d'installations du Camping Urrobi vous offre un large \u00e9ventail de possibilit\u00e9s pour profiter en pleine nature avec le plus haut degr\u00e9 de confort et de qualit\u00e9 certifi\u00e9e conform\u00e9ment aux exigences de la norme UNE 184001:2007 pour les campings.\n\nLe restaurant du Camping Urrobi a commenc\u00e9 son voyage avec une cuisine enti\u00e8rement faite maison, bas\u00e9e sur la nourriture des m\u00e9nag\u00e8res. Au fil du temps et de l'exp\u00e9rience acquise, le restaurant a gagn\u00e9 en service, en qualit\u00e9 et en innovation, donnant \u00e0 notre cuisine son propre caract\u00e8re et en faisant un standard de la cuisine locale.\n\n&nbsp;\n\n<\/div><\/a><\/div><h4>Contact <\/h4><div class=\"link-tienda\"><strong><a href=\"https:\/\/www.visitgastroh.com\/fr\/store\/camping-urrobi\/\">+ Info<\/a><\/strong><\/div><\/div><\/div><\/div><div class=\"store-locator-row\"><div class=\"store-locator-col-sm-4\"><div class=\"wordpress-store-locator-list-item\"><div class=\"img-listado\"><a href=\"https:\/\/www.visitgastroh.com\/fr\/store\/carre-pau-airport-hotel\/\"><img loading=\"lazy\" decoding=\"async\" width=\"225\" height=\"300\" src=\"https:\/\/www.visitgastroh.com\/wp-content\/uploads\/2022\/04\/37014534_1012180942297405_5704864553716678656_n-225x300.jpg\" class=\"attachment-medium size-medium wp-post-image\" alt=\"\" srcset=\"https:\/\/www.visitgastroh.com\/wp-content\/uploads\/2022\/04\/37014534_1012180942297405_5704864553716678656_n-225x300.jpg 225w, https:\/\/www.visitgastroh.com\/wp-content\/uploads\/2022\/04\/37014534_1012180942297405_5704864553716678656_n.jpg 720w\" sizes=\"auto, (max-width: 225px) 100vw, 225px\" \/><\/a><\/div><div class=\"contenido-listado\"><a href=\"https:\/\/www.visitgastroh.com\/fr\/store\/carre-pau-airport-hotel\/\"><div class=\"ficha-defecto\">\n<h2>Carre Pau Airport H\u00f4tel<\/h2>\n<h3>(Pau)<\/h3>\nL'atmosph\u00e8re spacieuse et chaleureuse du Carr\u00e9 Pau Airport H\u00f4tel*** et sa situation vous s\u00e9duiront ! Situ\u00e9 \u00e0 seulement 3 minutes de l'a\u00e9roport Pau Pyr\u00e9n\u00e9es et \u00e0 10 minutes du centre de Pau, le Carr\u00e9 Pau Airport H\u00f4tel*** et son \u00e9quipe vous accueillent 7j\/7 dans une ambiance industrielle et conviviale. Des boissons fra\u00eeches sont propos\u00e9es, ainsi qu'une salle de 40 m\u00b2 pour les s\u00e9minaires, expositions et \u00e9v\u00e9nements professionnels et priv\u00e9s. Un accueil de qualit\u00e9, une situation id\u00e9ale, venez d\u00e9couvrir le Carr\u00e9 Pau Airport H\u00f4tel *** !\n\n<\/div><\/a><\/div><h4>Contact <\/h4><div class=\"link-tienda\"><strong><a href=\"https:\/\/www.visitgastroh.com\/fr\/store\/carre-pau-airport-hotel\/\">+ Info<\/a><\/strong><\/div><\/div><\/div><div class=\"store-locator-col-sm-4\"><div class=\"wordpress-store-locator-list-item\"><div class=\"img-listado\"><a href=\"https:\/\/www.visitgastroh.com\/fr\/store\/casa-del-agua-la-rioja\/\"><\/a><\/div><div class=\"contenido-listado\"><a href=\"https:\/\/www.visitgastroh.com\/fr\/store\/casa-del-agua-la-rioja\/\"><div class=\"ficha-defecto\">\n<h2>CASA DEL AGUA - LA RIOJA<\/h2>\n<h3>(Santa&nbsp;Coloma)<\/h3>\nTexte descriptif...\n\n<\/div><\/a><\/div><h4>Contact <\/h4><div class=\"link-tienda\"><strong><a href=\"https:\/\/www.visitgastroh.com\/fr\/store\/casa-del-agua-la-rioja\/\">+ Info<\/a><\/strong><\/div><\/div><\/div><div class=\"store-locator-col-sm-4\"><div class=\"wordpress-store-locator-list-item\"><div class=\"img-listado\"><a href=\"https:\/\/www.visitgastroh.com\/fr\/store\/casa-martinberika\/\"><img loading=\"lazy\" decoding=\"async\" width=\"300\" height=\"199\" src=\"https:\/\/www.visitgastroh.com\/wp-content\/uploads\/2022\/03\/dormitorio-5-300x199.jpg\" class=\"attachment-medium size-medium wp-post-image\" alt=\"\" srcset=\"https:\/\/www.visitgastroh.com\/wp-content\/uploads\/2022\/03\/dormitorio-5-300x199.jpg 300w, https:\/\/www.visitgastroh.com\/wp-content\/uploads\/2022\/03\/dormitorio-5-1024x680.jpg 1024w, https:\/\/www.visitgastroh.com\/wp-content\/uploads\/2022\/03\/dormitorio-5-768x510.jpg 768w, https:\/\/www.visitgastroh.com\/wp-content\/uploads\/2022\/03\/dormitorio-5-1536x1020.jpg 1536w, https:\/\/www.visitgastroh.com\/wp-content\/uploads\/2022\/03\/dormitorio-5-900x600.jpg 900w, https:\/\/www.visitgastroh.com\/wp-content\/uploads\/2022\/03\/dormitorio-5.jpg 1600w\" sizes=\"auto, (max-width: 300px) 100vw, 300px\" \/><\/a><\/div><div class=\"contenido-listado\"><a href=\"https:\/\/www.visitgastroh.com\/fr\/store\/casa-martinberika\/\"><div class=\"ficha-defecto\">\n<h2>Casa Martinberika<\/h2>\n<h3>(Hiriberri Arakil)<\/h3>\nMartinberika est une ferme situ\u00e9e \u00e0 Hiriberri\/Villanueva de Arak\u00edl, dans la vall\u00e9e de Sakana, \u00e0 20 minutes de Pampelune.\n\nIl est catalogu\u00e9 par l'institution Pr\u00edncipe de Viana pour son int\u00e9r\u00eat architectural et historique en deuxi\u00e8me cat\u00e9gorie.\n\nAu rez-de-chauss\u00e9e, nous trouvons la cuisine (enti\u00e8rement \u00e9quip\u00e9e), une salle de bain, un salon avec chemin\u00e9e, canap\u00e9s, TV, DVD, cha\u00eene st\u00e9r\u00e9o, une salle avec ping-pong et acc\u00e8s \u00e0 un jardin de 150 m\u00e8tres avec terrasse, barbecue et mobilier.\n\nAu premier \u00e9tage, nous avons 4 chambres et 2 salles de bain compl\u00e8tes, dont une \u00e0 l'int\u00e9rieur d'une pi\u00e8ce.\n\nDeux chambres ont des lits de 1,05, une avec des lits de 1,20 et l'autre avec un lit double de 1,50.\n\nLe deuxi\u00e8me \u00e9tage est mansard\u00e9 et nous avons une salle avec billard, une salle avec baby-foot, TV, canap\u00e9s et home cin\u00e9ma, une chambre double avec un lit de 1,50 et un canap\u00e9-lit de 1,35 et une salle de bain compl\u00e8te \u00e0 c\u00f4t\u00e9 de la chambre.\n\n<\/div><\/a><\/div><h4>Contact <\/h4><div class=\"link-tienda\"><strong><a href=\"https:\/\/www.visitgastroh.com\/fr\/store\/casa-martinberika\/\">+ Info<\/a><\/strong><\/div><\/div><\/div><\/div><div class=\"store-locator-row\"><div class=\"store-locator-col-sm-4\"><div class=\"wordpress-store-locator-list-item\"><div class=\"img-listado\"><a href=\"https:\/\/www.visitgastroh.com\/fr\/store\/casa-masip-hotel\/\"><img loading=\"lazy\" decoding=\"async\" width=\"300\" height=\"163\" src=\"https:\/\/www.visitgastroh.com\/wp-content\/uploads\/2022\/04\/hotel-casa-masip-nombre-300x163.jpg\" class=\"attachment-medium size-medium wp-post-image\" alt=\"\" srcset=\"https:\/\/www.visitgastroh.com\/wp-content\/uploads\/2022\/04\/hotel-casa-masip-nombre-300x163.jpg 300w, https:\/\/www.visitgastroh.com\/wp-content\/uploads\/2022\/04\/hotel-casa-masip-nombre-768x417.jpg 768w, https:\/\/www.visitgastroh.com\/wp-content\/uploads\/2022\/04\/hotel-casa-masip-nombre-1000x547.jpg 1000w, https:\/\/www.visitgastroh.com\/wp-content\/uploads\/2022\/04\/hotel-casa-masip-nombre.jpg 1007w\" sizes=\"auto, (max-width: 300px) 100vw, 300px\" \/><\/a><\/div><div class=\"contenido-listado\"><a href=\"https:\/\/www.visitgastroh.com\/fr\/store\/casa-masip-hotel\/\"><div class=\"ficha-defecto\">\n<h2>Casa Masip Hotel<\/h2>\n<h3>(Ezcaray)<\/h3>\nCasa Masip vous propose un h\u00e9bergement et des restaurants dans le paradis de la Rioja Alta.\n\nDans la charmante Villa de Ezcaray, nous vous proposons un h\u00e9bergement, des restaurants et des collations, en vous dorlotant et en prenant soin de nos \u00e9laborations dans les moindres d\u00e9tails afin que vous puissiez profiter d'un s\u00e9jour unique.\n\nBienvenue \u00e0 la Villa de Ezcaray, bienvenue \u00e0 la Casa Masip.\n\n&nbsp;\n\n<\/div><\/a><\/div><h4>Contact <\/h4><div class=\"link-tienda\"><strong><a href=\"https:\/\/www.visitgastroh.com\/fr\/store\/casa-masip-hotel\/\">+ Info<\/a><\/strong><\/div><\/div><\/div><div class=\"store-locator-col-sm-4\"><div class=\"wordpress-store-locator-list-item\"><div class=\"img-listado\"><a href=\"https:\/\/www.visitgastroh.com\/fr\/store\/casa-rural-entrebosques\/\"><img loading=\"lazy\" decoding=\"async\" width=\"300\" height=\"225\" src=\"https:\/\/www.visitgastroh.com\/wp-content\/uploads\/2022\/03\/photo1624622701-1-300x225.jpeg\" class=\"attachment-medium size-medium wp-post-image\" alt=\"\" srcset=\"https:\/\/www.visitgastroh.com\/wp-content\/uploads\/2022\/03\/photo1624622701-1-300x225.jpeg 300w, https:\/\/www.visitgastroh.com\/wp-content\/uploads\/2022\/03\/photo1624622701-1-1024x768.jpeg 1024w, https:\/\/www.visitgastroh.com\/wp-content\/uploads\/2022\/03\/photo1624622701-1-768x576.jpeg 768w, https:\/\/www.visitgastroh.com\/wp-content\/uploads\/2022\/03\/photo1624622701-1.jpeg 1280w\" sizes=\"auto, (max-width: 300px) 100vw, 300px\" \/><\/a><\/div><div class=\"contenido-listado\"><a href=\"https:\/\/www.visitgastroh.com\/fr\/store\/casa-rural-entrebosques\/\"><div class=\"ficha-defecto\">\n<h2>ENTREBOSQUES Maison Rurale<\/h2>\n<h3>(EL RASILLO DE CAMEROS)<\/h3>\nCasa Rural Entre Bosques, est situ\u00e9e dans la Sierra de Cameros entour\u00e9e de pins et de ch\u00eanes, nos voisins les cerfs et les petits \u00e9cureuils.\n\nLocation maison compl\u00e8te jusqu'\u00e0 30 personnes ou location salle.\n\nClass\u00e9 avec 5 pointes et 5 \u00e9toiles\n\n<\/div><\/a><\/div><h4>Contact <\/h4><div class=\"link-tienda\"><strong><a href=\"https:\/\/www.visitgastroh.com\/fr\/store\/casa-rural-entrebosques\/\">+ Info<\/a><\/strong><\/div><\/div><\/div><div class=\"store-locator-col-sm-4\"><div class=\"wordpress-store-locator-list-item\"><div class=\"img-listado\"><a href=\"https:\/\/www.visitgastroh.com\/fr\/store\/casa-rural-erburu\/\"><img loading=\"lazy\" decoding=\"async\" width=\"300\" height=\"226\" src=\"https:\/\/www.visitgastroh.com\/wp-content\/uploads\/2022\/03\/8-2-300x226.jpg\" class=\"attachment-medium size-medium wp-post-image\" alt=\"\" srcset=\"https:\/\/www.visitgastroh.com\/wp-content\/uploads\/2022\/03\/8-2-300x226.jpg 300w, https:\/\/www.visitgastroh.com\/wp-content\/uploads\/2022\/03\/8-2-1024x771.jpg 1024w, https:\/\/www.visitgastroh.com\/wp-content\/uploads\/2022\/03\/8-2-768x578.jpg 768w, https:\/\/www.visitgastroh.com\/wp-content\/uploads\/2022\/03\/8-2-1536x1157.jpg 1536w, https:\/\/www.visitgastroh.com\/wp-content\/uploads\/2022\/03\/8-2-2048x1542.jpg 2048w\" sizes=\"auto, (max-width: 300px) 100vw, 300px\" \/><\/a><\/div><div class=\"contenido-listado\"><a href=\"https:\/\/www.visitgastroh.com\/fr\/store\/casa-rural-erburu\/\"><div class=\"ficha-defecto\">\n<h2>Erburu I y II Casa rural\/Landetxea<\/h2>\n<h3>(Urdiain)<\/h3>\nLa maison rurale Erburu I se compose de deux chambres doubles avec deux salles de bains, une cuisine enti\u00e8rement \u00e9quip\u00e9e et une chemin\u00e9e dans le salon.\n\nLa maison rurale Erburu II dispose de cinq chambres doubles avec leur propre salle de bain, cuisine et salon avec chemin\u00e9e.\n\nPossibilit\u00e9 de louer les deux maisons ensemble.\n\n<\/div><\/a><\/div><h4>Contact <\/h4><div class=\"link-tienda\"><strong><a href=\"https:\/\/www.visitgastroh.com\/fr\/store\/casa-rural-erburu\/\">+ Info<\/a><\/strong><\/div><\/div><\/div><\/div><div class=\"store-locator-row\"><div class=\"store-locator-col-sm-4\"><div class=\"wordpress-store-locator-list-item\"><div class=\"img-listado\"><a href=\"https:\/\/www.visitgastroh.com\/fr\/store\/casa-rural-muro-de-aguas-valdete\/\"><\/a><\/div><div class=\"contenido-listado\"><a href=\"https:\/\/www.visitgastroh.com\/fr\/store\/casa-rural-muro-de-aguas-valdete\/\"><div class=\"ficha-defecto\">\n<h2>Nombre empresa<\/h2>\n<h3>(Localidad) Muro de aguas La Rioja<\/h3>\nNotre Casa Rural Valdet\u00e9 est une maison de ville enti\u00e8rement restaur\u00e9e. Il est am\u00e9nag\u00e9 sur 3 \u00e9tages accessibles par des escaliers. Les chambres sont situ\u00e9es au premier et au deuxi\u00e8me \u00e9tage, l'acc\u00e8s aux fauteuils roulants n'est donc pas possible. Mais comme ce sont des chambres spacieuses et facilement accessibles, les personnes \u00e0 mobilit\u00e9 r\u00e9duite ne rencontrent plus de difficult\u00e9s. Toutes les salles de bains ont des douches. Toutes les chambres disposent de toilettes et d'espaces pour se reposer et profiter de l'air pur et sec et du silence. Dans les environs de Muro de Aguas, il existe des sentiers de montagne pr\u00e9par\u00e9s pour la marche avec diff\u00e9rentes pentes et difficult\u00e9s. \u00c0 c\u00f4t\u00e9 de la maison, il y a beaucoup d'espace de stationnement.\n\nCe site Web a \u00e9t\u00e9 con\u00e7u pour s'adapter aux appareils mobiles, tablettes et ordinateurs de diff\u00e9rentes tailles. Le contenu a \u00e9t\u00e9 pr\u00e9par\u00e9 pour aider les personnes ayant des probl\u00e8mes de vision ou une mauvaise coordination des mains.\n\nLa maison elle-m\u00eame est pr\u00e9par\u00e9e pour le recyclage des d\u00e9chets afin de pr\u00e9server l'environnement.\nTexte descriptif...\n\n<\/div><\/a><\/div><h4>Contact <\/h4><div class=\"link-tienda\"><strong><a href=\"https:\/\/www.visitgastroh.com\/fr\/store\/casa-rural-muro-de-aguas-valdete\/\">+ Info<\/a><\/strong><\/div><\/div><\/div><div class=\"store-locator-col-sm-4\"><div class=\"wordpress-store-locator-list-item\"><div class=\"img-listado\"><a href=\"https:\/\/www.visitgastroh.com\/fr\/store\/chateau-de-lhotel-javier\/\"><img loading=\"lazy\" decoding=\"async\" width=\"300\" height=\"100\" src=\"https:\/\/www.visitgastroh.com\/wp-content\/uploads\/2022\/02\/hotel_castillo_javier_portada-300x100.jpg\" class=\"attachment-medium size-medium wp-post-image\" alt=\"\" srcset=\"https:\/\/www.visitgastroh.com\/wp-content\/uploads\/2022\/02\/hotel_castillo_javier_portada-300x100.jpg 300w, https:\/\/www.visitgastroh.com\/wp-content\/uploads\/2022\/02\/hotel_castillo_javier_portada-1024x341.jpg 1024w, https:\/\/www.visitgastroh.com\/wp-content\/uploads\/2022\/02\/hotel_castillo_javier_portada-768x256.jpg 768w, https:\/\/www.visitgastroh.com\/wp-content\/uploads\/2022\/02\/hotel_castillo_javier_portada.jpg 1200w\" sizes=\"auto, (max-width: 300px) 100vw, 300px\" \/><\/a><\/div><div class=\"contenido-listado\"><a href=\"https:\/\/www.visitgastroh.com\/fr\/store\/chateau-de-lhotel-javier\/\"><div class=\"ficha-defecto\">\n<h2>CH\u00c2TEAU DE JAVIER H\u00f4tel<\/h2>\n<h3>(Pamplona)<\/h3>\nL'H\u00f4tel Castillo de Javier, qui re\u00e7oit le nom de ce qui \u00e9tait la maison de San Francisco de Javier (saint patron de Navarre), est situ\u00e9 au c\u0153ur de Pampelune, \u00e0 quelques m\u00e8tres du Palacio de Congresos et de l'Auditorium Baluarte, de la route de l'enfermement des Sanfermines et sur la route du Camino de Santiago.\n\nLes 18 chambres garantissent le confort pour pouvoir se reposer et profiter des recoins de la capitale navarraise. En plus d'offrir le wi-fi gratuit dans tout l'\u00e9tablissement.\n\nLes chambres sont \u00e9quip\u00e9es d'une salle de bain compl\u00e8te, baignoire ou douche hydromassante, commodit\u00e9s, s\u00e8che-cheveux, climatisation, chauffage, t\u00e9l\u00e9phone, t\u00e9l\u00e9vision \u00e0 \u00e9cran plat, musique d'ambiance, matelas m\u00e9dical.\n\nAu Bar-Restaurant (ouvert de 7h30 \u00e0 23h00), vous pourrez d\u00e9guster les produits les plus typiques et traditionnels de la r\u00e9gion, tels que la chistorrica de Zubiri, la morue \u00e0 la sauce \u00e0 l'ail ou les pieds de porc.\n\nNous proposons \u00e9galement le stationnement dans un parking public \u00e0 100 m\u00e8tres de l'h\u00f4tel pour 12,00 \u20ac, TVA incluse, 24h\/24.\n\n<\/div><\/a><\/div><h4>Contact <\/h4><div class=\"link-tienda\"><strong><a href=\"https:\/\/www.visitgastroh.com\/fr\/store\/chateau-de-lhotel-javier\/\">+ Info<\/a><\/strong><\/div><\/div><\/div><div class=\"store-locator-col-sm-4\"><div class=\"wordpress-store-locator-list-item\"><div class=\"img-listado\"><a href=\"https:\/\/www.visitgastroh.com\/fr\/store\/cirque-paiement-restaurant\/\"><img loading=\"lazy\" decoding=\"async\" width=\"300\" height=\"225\" src=\"https:\/\/www.visitgastroh.com\/wp-content\/uploads\/2022\/02\/restaurante-pago-cirsus-terraza-1-300x225.jpg\" class=\"attachment-medium size-medium wp-post-image\" alt=\"\" srcset=\"https:\/\/www.visitgastroh.com\/wp-content\/uploads\/2022\/02\/restaurante-pago-cirsus-terraza-1-300x225.jpg 300w, https:\/\/www.visitgastroh.com\/wp-content\/uploads\/2022\/02\/restaurante-pago-cirsus-terraza-1-1024x768.jpg 1024w, https:\/\/www.visitgastroh.com\/wp-content\/uploads\/2022\/02\/restaurante-pago-cirsus-terraza-1-768x576.jpg 768w, https:\/\/www.visitgastroh.com\/wp-content\/uploads\/2022\/02\/restaurante-pago-cirsus-terraza-1-1536x1152.jpg 1536w, https:\/\/www.visitgastroh.com\/wp-content\/uploads\/2022\/02\/restaurante-pago-cirsus-terraza-1.jpg 2048w\" sizes=\"auto, (max-width: 300px) 100vw, 300px\" \/><\/a><\/div><div class=\"contenido-listado\"><a href=\"https:\/\/www.visitgastroh.com\/fr\/store\/cirque-paiement-restaurant\/\"><div class=\"ficha-defecto\">\n<h2>PAIEMENT DU CIRSUS Restaurant<\/h2>\n<h3>(ablitas)<\/h3>\nEntre vignobles et vues spectaculaires sur la Bodega Pago de Cirsus, profitez d'une proposition honn\u00eate, de plats traditionnels renouvel\u00e9s, principalement \u00e0 base de produits biologiques et locaux.\nUne cuisine de march\u00e9 innovante qui pr\u00e9serve les saveurs typiques de notre terroir o\u00f9 l'ingr\u00e9dient principal est le produit de saison.\nPedro Larumbe : Directeur Gastronomique de notre Restaurant, en charge de la pr\u00e9paration des menus, de la supervision des banquets et \u00e9v\u00e9nements, ainsi que du menu du jour.\nBoutique H\u00f4tel avec 12 chambres exclusives est une destination pour vivre des exp\u00e9riences autour du vin, de la gastronomie, de la nature et de l'air pur.\nTerrasse : Du mardi au samedi : de 11h00 \u00e0 13h30 et de 17h00 \u00e0 21h00 Dimanche : 11h00 \u00e0 13h30 et de 17h00 \u00e0 20h00\n\n<\/div><\/a><\/div><h4>Contact <\/h4><div class=\"link-tienda\"><strong><a href=\"https:\/\/www.visitgastroh.com\/fr\/store\/cirque-paiement-restaurant\/\">+ Info<\/a><\/strong><\/div><\/div><\/div><\/div><div class=\"store-locator-row\"><div class=\"store-locator-col-sm-4\"><div class=\"wordpress-store-locator-list-item\"><div class=\"img-listado\"><a href=\"https:\/\/www.visitgastroh.com\/fr\/store\/clos-mirabel\/\"><img loading=\"lazy\" decoding=\"async\" width=\"300\" height=\"193\" src=\"https:\/\/www.visitgastroh.com\/wp-content\/uploads\/2022\/05\/415-300x193.jpg\" class=\"attachment-medium size-medium wp-post-image\" alt=\"\" srcset=\"https:\/\/www.visitgastroh.com\/wp-content\/uploads\/2022\/05\/415-300x193.jpg 300w, https:\/\/www.visitgastroh.com\/wp-content\/uploads\/2022\/05\/415-768x494.jpg 768w, https:\/\/www.visitgastroh.com\/wp-content\/uploads\/2022\/05\/415.jpg 900w\" sizes=\"auto, (max-width: 300px) 100vw, 300px\" \/><\/a><\/div><div class=\"contenido-listado\"><a href=\"https:\/\/www.visitgastroh.com\/fr\/store\/clos-mirabel\/\"><div class=\"ficha-defecto\">\r\n<h2>Clos Mirabel<\/h2>\r\n<h3>Juran\u00e7on<\/h3>\r\nClos Mirabel est un magnifique domaine de 6 ha, entre mer et montagne. Son Manoir du <span class=\"caps\">XVIII<\/span>\u00a0<sup>e<\/sup> si\u00e8cle est situ\u00e9 dans un parc priv\u00e9, au sommet des premiers Coteaux de Juran\u00e7on. L\u2019ensemble du domaine offre une vue majestueuse sur les vignes et toute la cha\u00eene de montagnes des Pyr\u00e9n\u00e9es Atlantiques, c'est un havre de paix \u00e0 quelques minutes du centre de Pau.\r\n\r\nLe domaine est ouvert toute l\u2019ann\u00e9e, y compris \u00e0 P\u00e2ques,\u00a0No\u00ebl et au Nouvel An. Clos Mirabel est situ\u00e9 \u00e0 quelques minutes de Pau et de son Ch\u00e2teau, de ses terrains de golf, de ses pistes de courses et \u00e0 seulement 30 minutes de Lourdes et 1h de la C\u00f4te Basque.\r\n\r\nUn endroit de r\u00eave pour s\u00e9journer dans les Pyr\u00e9n\u00e9es en toute saison.\r\n<\/div><\/a><\/div><h4>Contact <\/h4><div class=\"link-tienda\"><strong><a href=\"https:\/\/www.visitgastroh.com\/fr\/store\/clos-mirabel\/\">+ Info<\/a><\/strong><\/div><\/div><\/div><div class=\"store-locator-col-sm-4\"><div class=\"wordpress-store-locator-list-item\"><div class=\"img-listado\"><a href=\"https:\/\/www.visitgastroh.com\/fr\/store\/complejo-latorre-hotel\/\"><img loading=\"lazy\" decoding=\"async\" width=\"300\" height=\"225\" src=\"https:\/\/www.visitgastroh.com\/wp-content\/uploads\/2022\/03\/hostal-latorre-foto-300x225.jpg\" class=\"attachment-medium size-medium wp-post-image\" alt=\"\" srcset=\"https:\/\/www.visitgastroh.com\/wp-content\/uploads\/2022\/03\/hostal-latorre-foto-300x225.jpg 300w, https:\/\/www.visitgastroh.com\/wp-content\/uploads\/2022\/03\/hostal-latorre-foto-1024x768.jpg 1024w, https:\/\/www.visitgastroh.com\/wp-content\/uploads\/2022\/03\/hostal-latorre-foto-768x576.jpg 768w, https:\/\/www.visitgastroh.com\/wp-content\/uploads\/2022\/03\/hostal-latorre-foto-1536x1152.jpg 1536w, https:\/\/www.visitgastroh.com\/wp-content\/uploads\/2022\/03\/hostal-latorre-foto.jpg 1600w\" sizes=\"auto, (max-width: 300px) 100vw, 300px\" \/><\/a><\/div><div class=\"contenido-listado\"><a href=\"https:\/\/www.visitgastroh.com\/fr\/store\/complejo-latorre-hotel\/\"><div class=\"ficha-defecto\">\n<h2>Complejo Latorre Hotel<\/h2>\n<h2>(Li\u00e9dena)<\/h2>\nNous avons un grand <b>restaurant<\/b> avec deux salles et une grande <b>caf\u00e9t\u00e9ria avec une terrasse int\u00e9rieure<\/b> . Que vous fassiez partie de ceux qui se l\u00e8vent t\u00f4t ou que vous fassiez la vie nocturne vous pourrez profiter de notre \u00e9tablissement de <b>6h15 \u00e0 23h00 tous les jours de la semaine<\/b> (vendredi et samedi soir jusqu'\u00e0 12h00)<b>.<\/b> Nous proposons des petits d\u00e9jeuners, des d\u00e9jeuners, des d\u00e9jeuners, des d\u00eeners, des cazuelicas typiques de la cuisine navarraise, des plats compos\u00e9s, des tapas, des portions, des sandwichs\u2026.\n<b>Mais ce n'est pas tout! <\/b>Lorsque vous arriverez, vous n'aurez pas \u00e0 vous soucier de chercher une place de stationnement. Nous disposons d' <b>un grand parking gratuit<\/b> capable d'accueillir des concentrations de voitures et de motos.\nLiaison directe avec l'A-21 et au c\u0153ur de la r\u00e9gion de Sang\u00fcesa.\n\nParfait pour visiter le ch\u00e2teau de Javier, le monast\u00e8re de Leyre, Foz de Lumbier, Foz de Arbayun, Sos del Rey Cat\u00f3lica, le r\u00e9servoir Yesa...\n\n<\/div><\/a><\/div><h4>Contact <\/h4><div class=\"link-tienda\"><strong><a href=\"https:\/\/www.visitgastroh.com\/fr\/store\/complejo-latorre-hotel\/\">+ Info<\/a><\/strong><\/div><\/div><\/div><div class=\"store-locator-col-sm-4\"><div class=\"wordpress-store-locator-list-item\"><div class=\"img-listado\"><a href=\"https:\/\/www.visitgastroh.com\/fr\/store\/complexe-touristique-rural-villa-liquidambar\/\"><img loading=\"lazy\" decoding=\"async\" width=\"300\" height=\"252\" src=\"https:\/\/www.visitgastroh.com\/wp-content\/uploads\/2022\/03\/FACHADA-NOCTURNA-DESDE-CANAL-300x252.jpg\" class=\"attachment-medium size-medium wp-post-image\" alt=\"\" srcset=\"https:\/\/www.visitgastroh.com\/wp-content\/uploads\/2022\/03\/FACHADA-NOCTURNA-DESDE-CANAL-300x252.jpg 300w, https:\/\/www.visitgastroh.com\/wp-content\/uploads\/2022\/03\/FACHADA-NOCTURNA-DESDE-CANAL-1024x861.jpg 1024w, https:\/\/www.visitgastroh.com\/wp-content\/uploads\/2022\/03\/FACHADA-NOCTURNA-DESDE-CANAL-768x646.jpg 768w, https:\/\/www.visitgastroh.com\/wp-content\/uploads\/2022\/03\/FACHADA-NOCTURNA-DESDE-CANAL-1536x1292.jpg 1536w, https:\/\/www.visitgastroh.com\/wp-content\/uploads\/2022\/03\/FACHADA-NOCTURNA-DESDE-CANAL-2048x1723.jpg 2048w\" sizes=\"auto, (max-width: 300px) 100vw, 300px\" \/><\/a><\/div><div class=\"contenido-listado\"><a href=\"https:\/\/www.visitgastroh.com\/fr\/store\/complexe-touristique-rural-villa-liquidambar\/\"><div class=\"ficha-defecto\">\n<h2>VILLA LIQUID\u00c1MBAR Complejo Tur\u00edstico Rural<\/h2>\n<strong>(TORRECILLA EN CAMEROS)<\/strong>\n\nCe complexe touristique dispose de :\n\n<strong>3 appartements touristiques \u00e0 La Rioja,<\/strong> dont <strong>2 appartements accessibles.<\/strong> \n\nEn 2020, nous avons d\u00e9cid\u00e9 de faire partie du tourisme en tant qu'outil d' <strong>inclusion sociale<\/strong> , car nous savons que chacun a <strong>le droit de se reposer<\/strong> et de profiter de son temps libre. Nous avons lutt\u00e9 contre le vent et la pand\u00e9mie, et \u00e0 l'\u00e9t\u00e9 de la m\u00eame ann\u00e9e, nous avons pu inaugurer les appartements et concr\u00e9tiser ce projet,\n\nEnti\u00e8rement \u00e9quip\u00e9, le logement offre un maximum de confort, de d\u00e9tente et d'ind\u00e9pendance avec sa terrasse-patio ou son jardin privatif. Ils disposent d'un spacieux salon-salle \u00e0 manger, d'une cuisine adapt\u00e9e, d'une chambre spacieuse et d'une salle de bain r\u00e9glement\u00e9e pour l'acc\u00e8s aux fauteuils roulants. Le salon dispose d'un lit double pliant. Deux appartements ont un jardin priv\u00e9 avec barbecue et le troisi\u00e8me a une terrasse patio priv\u00e9e.\n\nL'accessibilit\u00e9 a \u00e9t\u00e9 faite \u00e0 la fois pour les personnes \u00e0 mobilit\u00e9 r\u00e9duite ou en fauteuil roulant, ainsi que pour les personnes n'ayant pas ou peu de visibilit\u00e9 et d'ou\u00efe. Et en \u00e9largissant nos services, <strong>nous pouvons servir les personnes sourdes en LSE.<\/strong> <strong>De plus, \u00e0 c\u00f4t\u00e9 du complexe, ils disposent<\/strong> <strong>d'un parking pour v\u00e9hicules adapt\u00e9s.<\/strong> \n\n<strong><a href=\"https:\/\/www.youtube.com\/watch?v=iGlSFGqvqZE\" target=\"_blank\" rel=\"noopener\">APPARTEMENTS TOURISTIQUES ACCESSIBLES \ud83c\udfe1\u00e0 La Rioja \/ 2020 - YouTube<\/a><\/strong>\n\n<strong>2 maisons rurales<\/strong>\n\n<strong>La Villa Liquid\u00e1mbar I<\/strong> est id\u00e9ale pour les familles avec enfants et les groupes de 10 \u00e0 12 personnes.\n\nLa maison en pierre de deux \u00e9tages, restaur\u00e9e avec tout le caract\u00e8re de la Sierra Camerana, dispose de 5 chambres, 3 salles de bain compl\u00e8tes, une spacieuse cuisine-salle \u00e0 manger de 100m2 avec chemin\u00e9e, jardin priv\u00e9 avec barbecue.\n\n<strong>Villa Liquid\u00e1mbar II,<\/strong> id\u00e9ale pour les couples et les groupes de six, 9 personnes.\n\nAvec une r\u00e9habilitation plus moderne, la Villa Liquid\u00e1mbar II avec deux \u00e9tages, dispose de 3 chambres junior-suite mansard\u00e9es avec des plafonds en bois. Chaque chambre dispose d'une salle de bain priv\u00e9e compl\u00e8te, d'un canap\u00e9-lit pour une place suppl\u00e9mentaire et d'une t\u00e9l\u00e9vision \u00e0 \u00e9cran plasma. Salle \u00e0 manger-cuisine confortable enti\u00e8rement \u00e9quip\u00e9e, salon au deuxi\u00e8me \u00e9tage avec chemin\u00e9e fran\u00e7aise et vue magnifique sur la Sierra, la rivi\u00e8re Iregua et la ville.\n\nCette maison peut \u00eatre lou\u00e9e compl\u00e8te ou par chambres.\n\n<strong>2 espaces \u00e9v\u00e9nementiels<\/strong>\n\n<strong>Le Moulin du Maure<\/strong> C'est un lieu unique, plein de charme et de magie, l'espace d'un ancien moulin \u00e0 farine r\u00e9cup\u00e9r\u00e9 pour des f\u00eates et des \u00e9v\u00e9nements, plus de 1 500 m\u00e8tres de jardin ajoutent la note verte que je t'aime vert \u00e0 toute c\u00e9l\u00e9bration, les \u00e9v\u00e9nements les plus vari\u00e9s ; d'une d\u00e9gustation de vin \u00e0 un d\u00eener unique, en passant par un atelier de boutique de c\u00e9ramique et bien s\u00fbr, le plus important oui que je veux d'un couple.\n\nNous avons voulu aider la nature pour que tous nos <strong>espaces de jardin, de loisirs et de f\u00eate<\/strong> soient <strong>inclusifs<\/strong> , pour tous.\n\n<\/div><\/a><\/div><h4>Contact <\/h4><div class=\"link-tienda\"><strong><a href=\"https:\/\/www.visitgastroh.com\/fr\/store\/complexe-touristique-rural-villa-liquidambar\/\">+ Info<\/a><\/strong><\/div><\/div><\/div><\/div><div class=\"store-locator-row\"><div class=\"store-locator-col-sm-4\"><div class=\"wordpress-store-locator-list-item\"><div class=\"img-listado\"><a href=\"https:\/\/www.visitgastroh.com\/fr\/store\/complexe-ametzagana\/\"><img loading=\"lazy\" decoding=\"async\" width=\"300\" height=\"225\" src=\"https:\/\/www.visitgastroh.com\/wp-content\/uploads\/2022\/02\/298305886-300x225.jpg\" class=\"attachment-medium size-medium wp-post-image\" alt=\"\" srcset=\"https:\/\/www.visitgastroh.com\/wp-content\/uploads\/2022\/02\/298305886-300x225.jpg 300w, https:\/\/www.visitgastroh.com\/wp-content\/uploads\/2022\/02\/298305886-768x576.jpg 768w, https:\/\/www.visitgastroh.com\/wp-content\/uploads\/2022\/02\/298305886.jpg 1024w\" sizes=\"auto, (max-width: 300px) 100vw, 300px\" \/><\/a><\/div><div class=\"contenido-listado\"><a href=\"https:\/\/www.visitgastroh.com\/fr\/store\/complexe-ametzagana\/\"><div class=\"ficha-defecto\">\n<h2>Complexe Ametzagana<\/h2>\n<h3>Saint S\u00e9bastien<\/h3>\nLa Pensi\u00f3n Ametzaga\u00f1a est situ\u00e9e \u00e0 c\u00f4t\u00e9 de l'autoroute A8 et du parc Lau Haizeta de Saint-S\u00e9bastien. Il propose des chambres simples \u00e9quip\u00e9es d'une connexion Wi-Fi gratuite, de la t\u00e9l\u00e9vision par satellite et d'une salle de bains privative.\n\nLe restaurant de la Pensi\u00f3n Ametzaga\u00f1a sert une cuisine basque traditionnelle. Il y a aussi un caf\u00e9-bar avec une terrasse ext\u00e9rieure.\n\nLa Pension Ametzaga\u00f1a est entour\u00e9e par la campagne, \u00e0 4 km de La Concha. De plus, le personnel de la r\u00e9ception pourra vous fournir des informations sur les lieux d'int\u00e9r\u00eat du Pays basque. Si vous pr\u00e9voyez une excursion d'une journ\u00e9e, un panier-repas peut \u00e9galement \u00eatre pr\u00e9par\u00e9 pour vous.\n\n<\/div><\/a><\/div><h4>Contact <\/h4><div class=\"link-tienda\"><strong><a href=\"https:\/\/www.visitgastroh.com\/fr\/store\/complexe-ametzagana\/\">+ Info<\/a><\/strong><\/div><\/div><\/div><div class=\"store-locator-col-sm-4\"><div class=\"wordpress-store-locator-list-item\"><div class=\"img-listado\"><a href=\"https:\/\/www.visitgastroh.com\/fr\/store\/domaine-de-la-carrere\/\"><img loading=\"lazy\" decoding=\"async\" width=\"300\" height=\"225\" src=\"https:\/\/www.visitgastroh.com\/wp-content\/uploads\/2022\/05\/chambre-hote-compostelle-300x225.jpg\" class=\"attachment-medium size-medium wp-post-image\" alt=\"\" srcset=\"https:\/\/www.visitgastroh.com\/wp-content\/uploads\/2022\/05\/chambre-hote-compostelle-300x225.jpg 300w, https:\/\/www.visitgastroh.com\/wp-content\/uploads\/2022\/05\/chambre-hote-compostelle.jpg 640w\" sizes=\"auto, (max-width: 300px) 100vw, 300px\" \/><\/a><\/div><div class=\"contenido-listado\"><a href=\"https:\/\/www.visitgastroh.com\/fr\/store\/domaine-de-la-carrere\/\"><div class=\"ficha-defecto\">\r\n<h2>Domaine de la Carrere<\/h2>\r\n<h3>Arthez de B\u00e9arn<\/h3>\r\nCe manoir du XV \u00e8me si\u00e8cle , d\u00e9nomm\u00e9 Domaine de la Carrere , construit sous Henri IV se situe au coeur du village d'Arthez de B\u00e9arn . Cette demeure historique est entour\u00e9e d'un parc de 2500 m2 environ avec piscine chauff\u00e9e \u00e0 partir du mois de juin . Les cinq chambres d'h\u00f4tes de standing de 35 \u00e0 \u00a0 45 m2 sont \u00e9quip\u00e9es chacune de tout le confort : toilettes , douche baln\u00e9o , serviettes , produits d'hygi\u00e8ne . \u00a0 \u00a0 \u00a0 \u00a0 \u00a0 \u00a0 \u00a0 \u00a0 \u00a0\u00a0 La\u00a0 restauration comporte le petit d\u00e9jeuner inclus dans le prix de la chambre et la possibilit\u00e9 d'un d\u00eener sur r\u00e9servation .\r\n\r\n<\/div><\/a><\/div><h4>Contact <\/h4><div class=\"link-tienda\"><strong><a href=\"https:\/\/www.visitgastroh.com\/fr\/store\/domaine-de-la-carrere\/\">+ Info<\/a><\/strong><\/div><\/div><\/div><div class=\"store-locator-col-sm-4\"><div class=\"wordpress-store-locator-list-item\"><div class=\"img-listado\"><a href=\"https:\/\/www.visitgastroh.com\/fr\/store\/domaine-des-deux-clos\/\"><img loading=\"lazy\" decoding=\"async\" width=\"300\" height=\"225\" src=\"https:\/\/www.visitgastroh.com\/wp-content\/uploads\/2022\/04\/domaine-des-deux-clos-3-300x225-1.jpg\" class=\"attachment-medium size-medium wp-post-image\" alt=\"\" \/><\/a><\/div><div class=\"contenido-listado\"><a href=\"https:\/\/www.visitgastroh.com\/fr\/store\/domaine-des-deux-clos\/\"><div class=\"ficha-defecto\">\r\n<h2>Domaine des deux clos<\/h2>\r\n<strong>Pontiacq-Viellepinte<\/strong>\r\n\r\n&nbsp;\r\n\r\nBienvenue au Domaine des deux clos, propri\u00e9t\u00e9 de charme situ\u00e9e au c\u0153ur de la campagne b\u00e9arnaise. Notre domaine est compos\u00e9e d'une majestueuse b\u00e2tisse datant du 19\u00e8me si\u00e8cle, avec ses deux g\u00eetes class\u00e9s ***, ses trois v\u00e9ritables yourtes mongoles nich\u00e9es dans notre parc arbor\u00e9 de 4500m\u00b2 ainsi qu'une salle de r\u00e9ception de 100m\u00b2.\r\n\r\nPour un s\u00e9jour en mode nature et d\u00e9tente, s\u00e9journez chez nous en toute tranquillit\u00e9 et convivialit\u00e9 en famille, en couple ou entre amis. Nous pouvons accueillir jusqu'\u00e0 31 personnes ! Pr\u00e9parez votre prochaine escapade...\r\n\r\nA tr\u00e8s bient\u00f4t chez nous !\r\n\r\n<\/div><\/a><\/div><h4>Contact <\/h4><div class=\"link-tienda\"><strong><a href=\"https:\/\/www.visitgastroh.com\/fr\/store\/domaine-des-deux-clos\/\">+ Info<\/a><\/strong><\/div><\/div><\/div><\/div><div class=\"store-locator-row\"><div class=\"store-locator-col-sm-4\"><div class=\"wordpress-store-locator-list-item\"><div class=\"img-listado\"><a href=\"https:\/\/www.visitgastroh.com\/fr\/store\/donamariako-benta\/\"><img loading=\"lazy\" decoding=\"async\" width=\"300\" height=\"295\" src=\"https:\/\/www.visitgastroh.com\/wp-content\/uploads\/2022\/05\/donamaria-exterior-300x295.jpg\" class=\"attachment-medium size-medium wp-post-image\" alt=\"\" srcset=\"https:\/\/www.visitgastroh.com\/wp-content\/uploads\/2022\/05\/donamaria-exterior-300x295.jpg 300w, https:\/\/www.visitgastroh.com\/wp-content\/uploads\/2022\/05\/donamaria-exterior-768x755.jpg 768w, https:\/\/www.visitgastroh.com\/wp-content\/uploads\/2022\/05\/donamaria-exterior.jpg 866w\" sizes=\"auto, (max-width: 300px) 100vw, 300px\" \/><\/a><\/div><div class=\"contenido-listado\"><a href=\"https:\/\/www.visitgastroh.com\/fr\/store\/donamariako-benta\/\"><div class=\"ficha-defecto\">\n<h2>Donamariako Benta<\/h2>\n<h3>(Mme Maria)<\/h3>\nNous nous occupons de votre s\u00e9jour avec soin : nous assistons personnellement la famille tant au petit-d\u00e9jeuner que dans la pr\u00e9paration des activit\u00e9s, excursions, visites... et nous pr\u00e9parons et servons \u00e9galement les petits-d\u00e9jeuners et les repas avec vocation.\nLa maison d'h\u00f4tes occupe une maison du XIXe si\u00e8cle restaur\u00e9e et d\u00e9cor\u00e9e avec go\u00fbt.\n\nEspace : Votre espace pour profiter des d\u00e9tails et des saveurs, en compagnie\nLieu : Votre espace pour profiter des d\u00e9tails et des saveurs, en compagnie\nChef cr\u00e9atif Haizea. La passion du fait maison et du naturel.\nD\u00e9taillant professionnel Lorea. La passion d'apprendre.\n\n<\/div><\/a><\/div><h4>Contact <\/h4><div class=\"link-tienda\"><strong><a href=\"https:\/\/www.visitgastroh.com\/fr\/store\/donamariako-benta\/\">+ Info<\/a><\/strong><\/div><\/div><\/div><div class=\"store-locator-col-sm-4\"><div class=\"wordpress-store-locator-list-item\"><div class=\"img-listado\"><a href=\"https:\/\/www.visitgastroh.com\/fr\/store\/eurostars-marques-de-vallejo\/\"><img loading=\"lazy\" decoding=\"async\" width=\"300\" height=\"200\" src=\"https:\/\/www.visitgastroh.com\/wp-content\/uploads\/2022\/04\/Marques-de-Vallejo-014-300x200.jpg\" class=\"attachment-medium size-medium wp-post-image\" alt=\"\" srcset=\"https:\/\/www.visitgastroh.com\/wp-content\/uploads\/2022\/04\/Marques-de-Vallejo-014-300x200.jpg 300w, https:\/\/www.visitgastroh.com\/wp-content\/uploads\/2022\/04\/Marques-de-Vallejo-014-1024x684.jpg 1024w, https:\/\/www.visitgastroh.com\/wp-content\/uploads\/2022\/04\/Marques-de-Vallejo-014-768x513.jpg 768w, https:\/\/www.visitgastroh.com\/wp-content\/uploads\/2022\/04\/Marques-de-Vallejo-014-1536x1025.jpg 1536w, https:\/\/www.visitgastroh.com\/wp-content\/uploads\/2022\/04\/Marques-de-Vallejo-014-2048x1367.jpg 2048w, https:\/\/www.visitgastroh.com\/wp-content\/uploads\/2022\/04\/Marques-de-Vallejo-014-900x600.jpg 900w\" sizes=\"auto, (max-width: 300px) 100vw, 300px\" \/><\/a><\/div><div class=\"contenido-listado\"><a href=\"https:\/\/www.visitgastroh.com\/fr\/store\/eurostars-marques-de-vallejo\/\"><div class=\"ficha-defecto\">\n<h2>EUROSTARS MARQU\u00c9S DE VALLEJO Hotel<\/h2>\n<h3>(LOGRONO)<\/h3>\nUn h\u00f4tel du d\u00e9but du XXe si\u00e8cle au c\u0153ur de Logro\u00f1o.\n\nSitu\u00e9 dans <b>l'un des quartiers les plus exclusifs de la ville<\/b> , l'Eurostars Marqu\u00e9s de Vallejo est devenu une r\u00e9f\u00e9rence dans la ville, car il est devenu un h\u00f4tel avant-gardiste, alliant style et tradition, sans perdre son essence.\n\nL'h\u00f4tel propose 45 chambres qui allient avant-garde, tradition et confort, cr\u00e9ant une atmosph\u00e8re exclusive.\n\n<header>\n<div class=\"sta-serviciosDestacados-eh_title\">\n<h2>Le confort et le repos dont vous avez besoin<\/h2>\n<\/div>\n<\/header><section class=\"sta-serviciosDestacados-eh_text fn-readMore\" data-m=\"\" data-t=\"\" data-d=\"\"><b>Exclusivit\u00e9, espace, design et fonctionnalit\u00e9<\/b> d\u00e9finissent les chambres de l'Eurostars Marqu\u00e9s de Vallejo. Ces espaces sont adapt\u00e9s aux voyageurs, offrant des prestations haut de gamme pour rendre votre s\u00e9jour inoubliable.<\/section><\/div><\/a><\/div><h4>Contact <\/h4><div class=\"link-tienda\"><strong><a href=\"https:\/\/www.visitgastroh.com\/fr\/store\/eurostars-marques-de-vallejo\/\">+ Info<\/a><\/strong><\/div><\/div><\/div><div class=\"store-locator-col-sm-4\"><div class=\"wordpress-store-locator-list-item\"><div class=\"img-listado\"><a href=\"https:\/\/www.visitgastroh.com\/fr\/store\/ferme-des-arandinos\/\"><img loading=\"lazy\" decoding=\"async\" width=\"300\" height=\"200\" src=\"https:\/\/www.visitgastroh.com\/wp-content\/uploads\/2022\/03\/EXT-SPA-Y-VINEDOS-300x200.jpg\" class=\"attachment-medium size-medium wp-post-image\" alt=\"\" srcset=\"https:\/\/www.visitgastroh.com\/wp-content\/uploads\/2022\/03\/EXT-SPA-Y-VINEDOS-300x200.jpg 300w, https:\/\/www.visitgastroh.com\/wp-content\/uploads\/2022\/03\/EXT-SPA-Y-VINEDOS-1024x683.jpg 1024w, https:\/\/www.visitgastroh.com\/wp-content\/uploads\/2022\/03\/EXT-SPA-Y-VINEDOS-768x512.jpg 768w, https:\/\/www.visitgastroh.com\/wp-content\/uploads\/2022\/03\/EXT-SPA-Y-VINEDOS-1536x1024.jpg 1536w, https:\/\/www.visitgastroh.com\/wp-content\/uploads\/2022\/03\/EXT-SPA-Y-VINEDOS-2048x1365.jpg 2048w, https:\/\/www.visitgastroh.com\/wp-content\/uploads\/2022\/03\/EXT-SPA-Y-VINEDOS-900x600.jpg 900w\" sizes=\"auto, (max-width: 300px) 100vw, 300px\" \/><\/a><\/div><div class=\"contenido-listado\"><a href=\"https:\/\/www.visitgastroh.com\/fr\/store\/ferme-des-arandinos\/\"><div class=\"ficha-defecto\">\n<h2>FINCA DE LOS ARANDINOS Hotel Cave<\/h2>\n<h3>(FORMER)<\/h3>\n&nbsp;\n\n<strong>Finca de los Arandinos<\/strong> est un <strong>projet unique \u00e0 La Rioja<\/strong> . C'est le premier <strong>h\u00f4tel quatre \u00e9toiles<\/strong> de la r\u00e9gion avec un <strong>spa<\/strong> et un <strong>restaurant<\/strong> int\u00e9gr\u00e9s <strong>dans un domaine viticole<\/strong> . Un espace suggestif et inspirant <strong>au design int\u00e9rieur sign\u00e9 David Delf\u00edn<\/strong> et entour\u00e9 de vignes, d'oliviers, de vergers et de montagnes.\n\nest <strong>centre touristique, \u0153nologique et gastronomique<\/strong> , qui tr\u00f4ne au sommet d'un domaine de 6 hectares, vous invite \u00e0 profiter de la beaut\u00e9 du paysage qui s'infiltre \u00e0 travers les fen\u00eatres du b\u00e2timent sous forme de tapisseries naturelles. Une architecture qui signe le Riojan <strong>Javier Arizcuren,<\/strong> o\u00f9 des mat\u00e9riaux tels que le b\u00e9ton, le verre et le bois dessinent des lignes droites qui transmettent le calme et contrastent avec le paysage exub\u00e9rant des environs.\n\nDans la <strong>cave<\/strong> Finca de los Arandinos , les raisins des vignobles familiaux sont \u00e9labor\u00e9s. Dans celui-ci, une technologie simple a \u00e9t\u00e9 utilis\u00e9e, qui de mani\u00e8re traditionnelle, permet la production de vins de haute qualit\u00e9, dans le plus grand respect du raisin.\n\nDans la cave, <strong>des visites guid\u00e9es<\/strong> sont organis\u00e9es avec une d\u00e9gustation de vin, o\u00f9 les vignerons accompagnent les visiteurs \u00e0 travers le monde passionnant de la culture du vin.\n\nL' <strong>h\u00f4tel<\/strong> Finca de los Arandinos dispose de <strong>14 chambres<\/strong> , dont quatre au-dessus du hangar \u00e0 barriques et d\u00e9cor\u00e9es par Javier Arizcuren.\n\nDe plus, <strong>David Delfin<\/strong> , en collaboration avec <strong>AKA Estudio<\/strong> , \u00e9tait en charge du design int\u00e9rieur des 10 autres et les d\u00e9finit comme <strong>des pi\u00e8ces transformables qui surprennent<\/strong> le visiteur avec un nouveau d\u00e9tail autant de fois qu'il les occupe.\n\nLe couturier de renom a \u00e9galement d\u00e9ploy\u00e9 son imagination dans diff\u00e9rents espaces tels que <strong>la r\u00e9ception, le belv\u00e9d\u00e8re<\/strong> ou le <strong>restaurant<\/strong> .\n\nDans notre restaurant Tierra, vous pourrez d\u00e9guster nos plats dans un endroit calme, dont le menu est compos\u00e9 de plats \u00e9labor\u00e9s avec <strong>des produits \u00abz\u00e9ro kilom\u00e8tre\u00bb<\/strong> , c'est-\u00e0-dire des producteurs \u00e0 moins de 100 kilom\u00e8tres qui consacrent leur vie \u00e0 tirer le meilleur parti de la Terre de Riojan. .\n\nIl convient \u00e9galement de mentionner un autre espace de l'h\u00f4tel, le <strong>spa au pied du vignoble<\/strong> . Un rinc\u00f3n con espectaculares vistas dedicado a la relajaci\u00f3n, donde el hu\u00e9sped puede disfrutar de sauna seca y h\u00fameda, ducha cicl\u00f3nica y con aromaterapia, pediluvio, piscinas con burbujas caliente y fr\u00eda, sala de masajes con vinoterapia y una terraza - solarium donde contemplar la paz de la nature.\n\nDans un espace attenant se trouve <strong>'La Viner\u00eda'<\/strong> , un <strong>b\u00e2timent multifonctionnel<\/strong> de deux \u00e9tages o\u00f9 vous pouvez organiser des <strong>pr\u00e9sentations d'entreprise<\/strong> avec restauration, <strong>des repas de groupe ou des amis<\/strong> qui se r\u00e9unissent pr\u00e8s de la chemin\u00e9e pour profiter du barbecue typique de Riojan avec des sarments de vigne.\n\n<\/div><\/a><\/div><h4>Contact <\/h4><div class=\"link-tienda\"><strong><a href=\"https:\/\/www.visitgastroh.com\/fr\/store\/ferme-des-arandinos\/\">+ Info<\/a><\/strong><\/div><\/div><\/div><\/div><div class=\"store-locator-row\"><div class=\"store-locator-col-sm-4\"><div class=\"wordpress-store-locator-list-item\"><div class=\"img-listado\"><a href=\"https:\/\/www.visitgastroh.com\/fr\/store\/grand-hotel-la-perla\/\"><img loading=\"lazy\" decoding=\"async\" width=\"300\" height=\"125\" src=\"https:\/\/www.visitgastroh.com\/wp-content\/uploads\/2022\/02\/Hotel-La-Perla-3-300x125.jpg\" class=\"attachment-medium size-medium wp-post-image\" alt=\"\" srcset=\"https:\/\/www.visitgastroh.com\/wp-content\/uploads\/2022\/02\/Hotel-La-Perla-3-300x125.jpg 300w, https:\/\/www.visitgastroh.com\/wp-content\/uploads\/2022\/02\/Hotel-La-Perla-3-1024x427.jpg 1024w, https:\/\/www.visitgastroh.com\/wp-content\/uploads\/2022\/02\/Hotel-La-Perla-3-768x320.jpg 768w, https:\/\/www.visitgastroh.com\/wp-content\/uploads\/2022\/02\/Hotel-La-Perla-3.jpg 1200w\" sizes=\"auto, (max-width: 300px) 100vw, 300px\" \/><\/a><\/div><div class=\"contenido-listado\"><a href=\"https:\/\/www.visitgastroh.com\/fr\/store\/grand-hotel-la-perla\/\"><div class=\"ficha-defecto\">\n<h2>GRAND H\u00d4TEL DE PERLE<\/h2>\n<h3>(Pampelune)<\/h3>\nDepuis 1881, notre histoire s'\u00e9crit. <strong>3 si\u00e8cles, 4 g\u00e9n\u00e9rations et 5 \u00e9toiles<\/strong> nous accompagnent, alliant parfaitement tradition et modernit\u00e9 dans un h\u00f4tel de 44 chambres confortables et personnalis\u00e9es d\u00e9di\u00e9es aux personnages qui ont s\u00e9journ\u00e9 chez nous tels que <strong>Hemingway<\/strong> , \u00ab <strong>Manolete \u00bb<\/strong> , <strong>Orson Welles<\/strong> ou <strong>encore Pablo Sarasate<\/strong> .\n\nLa diff\u00e9renciation de notre h\u00f4tel r\u00e9side dans son <strong>histoire<\/strong> ainsi que dans le <strong>traitement personnalis\u00e9<\/strong> que vous recevrez, sur la base d'un accueil sinc\u00e8re et de tous les services que nous mettons \u00e0 votre disposition : voiturier, gestion des transferts vers les centres hospitaliers, insonorisation (62 d\u00e9cibels), d\u00e9part tardif, wifi gratuit, room service 24h\/24 , biblioth\u00e8que, chambres communicantes avec espaces de vie... Tout pour rendre votre s\u00e9jour inoubliable. Prenons soin de vous.\n\nDe plus, la situation privil\u00e9gi\u00e9e de l'h\u00f4tel sur la <strong>Plaza del Castillo<\/strong> vous permettra de d\u00e9couvrir le charme des rues et des monuments les plus embl\u00e9matiques de la ville.\n\n3 si\u00e8cles, 4 g\u00e9n\u00e9rations et 5 \u00e9toiles vous attendent \u00e0 Pampelune.\n\n<\/div><\/a><\/div><h4>Contact <\/h4><div class=\"link-tienda\"><strong><a href=\"https:\/\/www.visitgastroh.com\/fr\/store\/grand-hotel-la-perla\/\">+ Info<\/a><\/strong><\/div><\/div><\/div><div class=\"store-locator-col-sm-4\"><div class=\"wordpress-store-locator-list-item\"><div class=\"img-listado\"><a href=\"https:\/\/www.visitgastroh.com\/fr\/store\/heart-of-pamplona-apartamentos\/\"><img loading=\"lazy\" decoding=\"async\" width=\"300\" height=\"200\" src=\"https:\/\/www.visitgastroh.com\/wp-content\/uploads\/2022\/03\/DSC3728-300x200.jpg\" class=\"attachment-medium size-medium wp-post-image\" alt=\"\" srcset=\"https:\/\/www.visitgastroh.com\/wp-content\/uploads\/2022\/03\/DSC3728-300x200.jpg 300w, https:\/\/www.visitgastroh.com\/wp-content\/uploads\/2022\/03\/DSC3728-1024x684.jpg 1024w, https:\/\/www.visitgastroh.com\/wp-content\/uploads\/2022\/03\/DSC3728-768x513.jpg 768w, https:\/\/www.visitgastroh.com\/wp-content\/uploads\/2022\/03\/DSC3728-1536x1025.jpg 1536w, https:\/\/www.visitgastroh.com\/wp-content\/uploads\/2022\/03\/DSC3728-900x600.jpg 900w, https:\/\/www.visitgastroh.com\/wp-content\/uploads\/2022\/03\/DSC3728.jpg 1766w\" sizes=\"auto, (max-width: 300px) 100vw, 300px\" \/><\/a><\/div><div class=\"contenido-listado\"><a href=\"https:\/\/www.visitgastroh.com\/fr\/store\/heart-of-pamplona-apartamentos\/\"><div class=\"ficha-defecto\">\n<h2>Heart of Pamplona Apartamentos<\/h2>\n<h3>(Pamplona)<\/h3>\n<p class=\"font_8\">Nous louons des appartements touristiques au c\u0153ur du centre historique de Pampelune, Navarre. Profitez de nos spectaculaires appartements historiques situ\u00e9s au c\u0153ur du centre historique et con\u00e7us pour offrir un maximum de confort. Nous garantissons un service complet d'assistance et d'infrastructure pour que votre visite \u00e0 Pampelune soit exceptionnelle. Utilisez Pampelune comme base de voyage pour d\u00e9couvrir le nord de l'Espagne.<\/p>\n<p class=\"font_8\">Wi-Fi haut d\u00e9bit : travaillez depuis le c\u0153ur de Pampelune !\nCentral : Ils sont au c\u0153ur de Pampelune.\nTechnologique : Nous num\u00e9risons l'enregistrement en ligne.\nPrestations : M\u00e9nage quotidien ou hebdomadaire.\nNous proposons des v\u00e9los pliants : Pour visiter et d\u00e9couvrir Pampelune.\nPampelune et ses environs offrent des opportunit\u00e9s infinies pour vivre des exp\u00e9riences uniques, id\u00e9ales pour les gourmets, les aventuriers et les amoureux de l'histoire et de la culture.<\/p>\n\n<\/div><\/a><\/div><h4>Contact <\/h4><div class=\"link-tienda\"><strong><a href=\"https:\/\/www.visitgastroh.com\/fr\/store\/heart-of-pamplona-apartamentos\/\">+ Info<\/a><\/strong><\/div><\/div><\/div><div class=\"store-locator-col-sm-4\"><div class=\"wordpress-store-locator-list-item\"><div class=\"img-listado\"><a href=\"https:\/\/www.visitgastroh.com\/fr\/store\/hospederia-senorio-de-brinas\/\"><img loading=\"lazy\" decoding=\"async\" width=\"300\" height=\"195\" src=\"https:\/\/www.visitgastroh.com\/wp-content\/uploads\/2022\/02\/Fachada-09-300x195.jpg\" class=\"attachment-medium size-medium wp-post-image\" alt=\"\" srcset=\"https:\/\/www.visitgastroh.com\/wp-content\/uploads\/2022\/02\/Fachada-09-300x195.jpg 300w, https:\/\/www.visitgastroh.com\/wp-content\/uploads\/2022\/02\/Fachada-09-1024x667.jpg 1024w, https:\/\/www.visitgastroh.com\/wp-content\/uploads\/2022\/02\/Fachada-09-768x500.jpg 768w, https:\/\/www.visitgastroh.com\/wp-content\/uploads\/2022\/02\/Fachada-09-1536x1001.jpg 1536w, https:\/\/www.visitgastroh.com\/wp-content\/uploads\/2022\/02\/Fachada-09-2048x1334.jpg 2048w\" sizes=\"auto, (max-width: 300px) 100vw, 300px\" \/><\/a><\/div><div class=\"contenido-listado\"><a href=\"https:\/\/www.visitgastroh.com\/fr\/store\/hospederia-senorio-de-brinas\/\"><div class=\"ficha-defecto\">\n<h2>H\u00f4tel HOSPEDERIA SE\u00d1OR\u00cdO DE BRINAS<\/h2>\n<h3>(BRI\u00d1AS)<\/h3>\nL'h\u00f4tel Hospeder\u00eda Se\u00f1or\u00edo de Bri\u00f1as est un manoir du XVIIIe si\u00e8cle situ\u00e9 dans cette petite ville de La Rioja, adjacente \u00e0 la province d'\u00c1lava et au pass\u00e9 aristocratique. Pendant la guerre civile espagnole, il a \u00e9t\u00e9 donn\u00e9 l'utilisation prosa\u00efque du quartier g\u00e9n\u00e9ral des troupes italiennes, et abrite aujourd'hui un petit h\u00f4tel de charme qui pr\u00e9sente toute la noblesse et la splendeur de ses temps pass\u00e9s. Cet h\u00f4tel est con\u00e7u comme un lieu de rencontre entre l'art, la culture et la d\u00e9tente. Cet h\u00f4tel est sans aucun doute un point de d\u00e9part exceptionnel pour un voyage dans le monde du vin, \u00e0 seulement 3 km de Haro et de son quartier de la gare.\n\n&nbsp;\n\n<\/div><\/a><\/div><h4>Contact <\/h4><div class=\"link-tienda\"><strong><a href=\"https:\/\/www.visitgastroh.com\/fr\/store\/hospederia-senorio-de-brinas\/\">+ Info<\/a><\/strong><\/div><\/div><\/div><\/div><div class=\"store-locator-row\"><div class=\"store-locator-col-sm-4\"><div class=\"wordpress-store-locator-list-item\"><div class=\"img-listado\"><a href=\"https:\/\/www.visitgastroh.com\/fr\/store\/hostal-ciudad-de-najera\/\"><img loading=\"lazy\" decoding=\"async\" width=\"225\" height=\"300\" src=\"https:\/\/www.visitgastroh.com\/wp-content\/uploads\/2022\/02\/Fachada-1-1-225x300.jpg\" class=\"attachment-medium size-medium wp-post-image\" alt=\"\" srcset=\"https:\/\/www.visitgastroh.com\/wp-content\/uploads\/2022\/02\/Fachada-1-1-225x300.jpg 225w, https:\/\/www.visitgastroh.com\/wp-content\/uploads\/2022\/02\/Fachada-1-1-768x1024.jpg 768w, https:\/\/www.visitgastroh.com\/wp-content\/uploads\/2022\/02\/Fachada-1-1-1152x1536.jpg 1152w, https:\/\/www.visitgastroh.com\/wp-content\/uploads\/2022\/02\/Fachada-1-1-1536x2048.jpg 1536w, https:\/\/www.visitgastroh.com\/wp-content\/uploads\/2022\/02\/Fachada-1-1-rotated.jpg 1920w\" sizes=\"auto, (max-width: 225px) 100vw, 225px\" \/><\/a><\/div><div class=\"contenido-listado\"><a href=\"https:\/\/www.visitgastroh.com\/fr\/store\/hostal-ciudad-de-najera\/\"><div class=\"ficha-defecto\">\n<h2>CIUDAD DE N\u00c1JERA Auberge<\/h2>\n<h3>(NAJERA)<\/h3>\nUne auberge deux \u00e9toiles nouvellement construite a ouvert ses portes en 2004. Nous sommes situ\u00e9s de mani\u00e8re privil\u00e9gi\u00e9e dans la vieille ville de N\u00e1jera, au c\u0153ur du Camino de Santiago, sur la Route des Monast\u00e8res.\n\nNotre auberge dispose de 8 chambres, toutes avec air conditionn\u00e9, connexion internet Wi-Fi et t\u00e9l\u00e9vision. Il dispose \u00e9galement d'une chambre pour neuf personnes, ainsi que d'un garage pour motos et v\u00e9los.\n\nL'auberge est situ\u00e9e dans la vieille ville de N\u00e1jera. N\u00e1jera est situ\u00e9e dans la Rioja Alta, sur les rives de la rivi\u00e8re Najerilla, qui la traverse et la divise en deux parties. Les deux rives sont reli\u00e9es par une passerelle pi\u00e9tonne et un pont de pierre, successeur de celui construit par San Juan de Ortega au XIIe si\u00e8cle. Le monast\u00e8re de Santa Mar\u00eda la Real de N\u00e1jera est l'un des lieux les plus embl\u00e9matiques de La Rioja car, en plus de ses valeurs artistiques, il refl\u00e8te fid\u00e8lement l'importance historique de cette r\u00e9gion en tant que germe des royaumes espagnols \u00e0 l'\u00e9poque m\u00e9di\u00e9vale. des si\u00e8cles.\n\nLa Route des Monast\u00e8res autour de San Mill\u00e1n de la Cogolla ou Valvanera est une visite incontournable aux origines de l'espagnol et de l'euskera. Tout aussi indispensables sont les visites des ensembles monumentaux situ\u00e9s autour du Camino de Santiago, comme \u00e0 Ca\u00f1as, Santo Domingo de la Calzada ou N\u00e1jera m\u00eame.\n\n<\/div><\/a><\/div><h4>Contact <\/h4><div class=\"link-tienda\"><strong><a href=\"https:\/\/www.visitgastroh.com\/fr\/store\/hostal-ciudad-de-najera\/\">+ Info<\/a><\/strong><\/div><\/div><\/div><div class=\"store-locator-col-sm-4\"><div class=\"wordpress-store-locator-list-item\"><div class=\"img-listado\"><a href=\"https:\/\/www.visitgastroh.com\/fr\/store\/hostal-labranza\/\"><img loading=\"lazy\" decoding=\"async\" width=\"300\" height=\"122\" src=\"https:\/\/www.visitgastroh.com\/wp-content\/uploads\/2022\/03\/LOGO-2-300x122.jpg\" class=\"attachment-medium size-medium wp-post-image\" alt=\"\" srcset=\"https:\/\/www.visitgastroh.com\/wp-content\/uploads\/2022\/03\/LOGO-2-300x122.jpg 300w, https:\/\/www.visitgastroh.com\/wp-content\/uploads\/2022\/03\/LOGO-2.jpg 750w\" sizes=\"auto, (max-width: 300px) 100vw, 300px\" \/><\/a><\/div><div class=\"contenido-listado\"><a href=\"https:\/\/www.visitgastroh.com\/fr\/store\/hostal-labranza\/\"><div class=\"ficha-defecto\">\n<h2>LABRANZA Hostal<\/h2>\n<h3>(FUENMAYOR)<\/h3>\nPI\u00c8CES\n\nL'auberge de la ferme dispose de 8 chambres, 5 chambres avec un lit double et 3 avec un lit double, chacune d'elles appel\u00e9e par un nom diff\u00e9rent d\u00e9di\u00e9 aux termes des vignobles de la r\u00e9gion, ce sont des chambres tr\u00e8s simples et fonctionnelles, con\u00e7ues de mani\u00e8re \u00e0 que nos clients appr\u00e9cient \u00e0 la fois pour des raisons professionnelles ou de loisirs. Chambres tr\u00e8s simples mais d'un tr\u00e8s bon confort pour le repos, elles sont \u00e9quip\u00e9es d'une salle de bain compl\u00e8te, du chauffage avec contr\u00f4le de la temp\u00e9rature, de la climatisation et d'un bureau.\n\nnous\n\nBonjour, nous sommes Ana et Luis, nous avons d\u00e9marr\u00e9 cette activit\u00e9 en 2005.\n\nAvec plus de 16 ans d'exp\u00e9rience dans le secteur, nous mettons chaque jour tout notre travail et nos connaissances au service de nos clients.\n\nNotre grand amour pour La Rioja nous a fait d\u00e9marrer cette petite auberge familiale.\n\nNous guidons nos clients afin qu'ils soient le plus \u00e0 l'aise possible dans notre pays. Nous guidons et conseillons nos clients pour que leur s\u00e9jour soit le plus agr\u00e9able possible dans notre pays. Profitez de l'\u0153notourisme, de la gastronomie, de la culture et des paysages que vous offre notre terre, c'est pourquoi nous vous encourageons \u00e0 venir nous rendre visite \u00e0 la Villa de Fuenmayor.\n\nFUENMAYOR ET SES ENVIRONS\n\nUne ville situ\u00e9e au kilom\u00e8tre z\u00e9ro de la route des vins, d'o\u00f9 est n\u00e9e l'appellation d'origine du vin de la Rioja.\n\nUne ville qui, de ses habitants \u00e0 ses grands vins, en fait une ville tr\u00e8s accueillante, Fuenmayor est le point de d\u00e9part pour profiter de nos caves, de notre c\u00e9l\u00e8bre gastronomie, de quelques sentiers de randonn\u00e9e, de v\u00e9los, d'\u00e9quitation \u00e0 travers les vignes ou de ses promenades \u00e0 travers la ville en profitant de la culture de ses rues.\n\nFuenmayor est une ville enclav\u00e9e dans la r\u00e9gion de la route des vins puisque nous sommes situ\u00e9s en plein centre de la Rioja Alta, Logro\u00f1o sa capitale est \u00e0 9 kilom\u00e8tres, la Route des vins de la Rioja Alta et la Rioja Alavesa avec ses beaux paysages et villes , berceau du patrimoine castillan de l'humanit\u00e9 , tout cela depuis notre ville de Fuenmayor , vous pouvez le sentir et le vivre en venant nous rendre visite \u00e0 l'Hostal Labranza , allez-y et laissez-vous emporter par cette terre merveilleuse .\n\n<\/div><\/a><\/div><h4>Contact <\/h4><div class=\"link-tienda\"><strong><a href=\"https:\/\/www.visitgastroh.com\/fr\/store\/hostal-labranza\/\">+ Info<\/a><\/strong><\/div><\/div><\/div><div class=\"store-locator-col-sm-4\"><div class=\"wordpress-store-locator-list-item\"><div class=\"img-listado\"><a href=\"https:\/\/www.visitgastroh.com\/fr\/store\/hosteria-san-millan\/\"><img loading=\"lazy\" decoding=\"async\" width=\"300\" height=\"169\" src=\"https:\/\/www.visitgastroh.com\/wp-content\/uploads\/2022\/02\/SAM_2914-300x169.jpg\" class=\"attachment-medium size-medium wp-post-image\" alt=\"\" srcset=\"https:\/\/www.visitgastroh.com\/wp-content\/uploads\/2022\/02\/SAM_2914-300x169.jpg 300w, https:\/\/www.visitgastroh.com\/wp-content\/uploads\/2022\/02\/SAM_2914-1024x576.jpg 1024w, https:\/\/www.visitgastroh.com\/wp-content\/uploads\/2022\/02\/SAM_2914-768x432.jpg 768w, https:\/\/www.visitgastroh.com\/wp-content\/uploads\/2022\/02\/SAM_2914-1536x864.jpg 1536w, https:\/\/www.visitgastroh.com\/wp-content\/uploads\/2022\/02\/SAM_2914-2048x1152.jpg 2048w\" sizes=\"auto, (max-width: 300px) 100vw, 300px\" \/><\/a><\/div><div class=\"contenido-listado\"><a href=\"https:\/\/www.visitgastroh.com\/fr\/store\/hosteria-san-millan\/\"><div class=\"ficha-defecto\">\n<h2>HOSTERIA SAN MILLAN Hotel<\/h2>\n<h3>(SAN MILL\u00c1N DE LA COGOLLA)<\/h3>\n<div class=\"et_pb_module et_pb_text et_pb_text_1 et_pb_text_align_center et_pb_bg_layout_light\">\n<div class=\"et_pb_text_inner\">\n\nPLUS QU'UN H\u00d4TEL DE CHARME \u00c0 LA RIOJA, UNE EXP\u00c9RIENCE INOUBLIABLE\n\nS\u00e9journez entre ces murs charg\u00e9s d'histoire, un site du patrimoine mondial, berceau de la langue castillane, o\u00f9 les premiers mots \u00e9crits en castillan ont \u00e9t\u00e9 trouv\u00e9s \u00e0 San Mill\u00e1n de la Cogolla. Nos h\u00f4tes pourront profiter de sa tranquillit\u00e9, entour\u00e9e par la vall\u00e9e de San Mill\u00e1n, situ\u00e9e au c\u0153ur de La Rioja Alta, dans des installations qui maintiennent le charme d'une d\u00e9coration classique avec tout le confort.\n\n<\/div>\n<\/div>\n<\/div><\/a><\/div><h4>Contact <\/h4><div class=\"link-tienda\"><strong><a href=\"https:\/\/www.visitgastroh.com\/fr\/store\/hosteria-san-millan\/\">+ Info<\/a><\/strong><\/div><\/div><\/div><\/div><div class=\"store-locator-row\"><div class=\"store-locator-col-sm-4\"><div class=\"wordpress-store-locator-list-item\"><div class=\"img-listado\"><a href=\"https:\/\/www.visitgastroh.com\/fr\/store\/hotel\/\"><img loading=\"lazy\" decoding=\"async\" width=\"300\" height=\"125\" src=\"https:\/\/www.visitgastroh.com\/wp-content\/uploads\/2022\/02\/hotel_yoldi_habitacion_triple-300x125.jpg\" class=\"attachment-medium size-medium wp-post-image\" alt=\"\" srcset=\"https:\/\/www.visitgastroh.com\/wp-content\/uploads\/2022\/02\/hotel_yoldi_habitacion_triple-300x125.jpg 300w, https:\/\/www.visitgastroh.com\/wp-content\/uploads\/2022\/02\/hotel_yoldi_habitacion_triple-1024x427.jpg 1024w, https:\/\/www.visitgastroh.com\/wp-content\/uploads\/2022\/02\/hotel_yoldi_habitacion_triple-768x320.jpg 768w, https:\/\/www.visitgastroh.com\/wp-content\/uploads\/2022\/02\/hotel_yoldi_habitacion_triple.jpg 1200w\" sizes=\"auto, (max-width: 300px) 100vw, 300px\" \/><\/a><\/div><div class=\"contenido-listado\"><a href=\"https:\/\/www.visitgastroh.com\/fr\/store\/hotel\/\"><div class=\"ficha-defecto\">\n<h2>H\u00f4tel YOLDI<\/h2>\n<h3>(Pampelune)<\/h3>\nSitu\u00e9 dans le centre commercial et d'affaires de la ville et \u00e0 quelques m\u00e8tres du centre de conf\u00e9rences Baluarte et de la partie ancienne : la cath\u00e9drale, Calle Estafeta...\nAcc\u00e8s facile \u00e0 l'autoroute principale et aux entr\u00e9es\/sorties de l'a\u00e9roport.\nTotalement r\u00e9nov\u00e9.\n50 chambres confortables avec salle de bain compl\u00e8te, TV, minibar, radio, coffre-fort, climatisation, Wi-Fi gratuit. Service en chambre, nous autorisons les animaux de compagnie et r\u00e9ception 24h\/24.\nNous avons un accord avec le parking Plaza del Castillo \u00e0 quelques m\u00e8tres de l'h\u00f4tel avec une grande r\u00e9duction pour nos clients.\n\nPetit-d\u00e9jeuner buffet, caf\u00e9t\u00e9ria et restaurant.\n\n<\/div><\/a><\/div><h4>Contact <\/h4><div class=\"link-tienda\"><strong><a href=\"https:\/\/www.visitgastroh.com\/fr\/store\/hotel\/\">+ Info<\/a><\/strong><\/div><\/div><\/div><div class=\"store-locator-col-sm-4\"><div class=\"wordpress-store-locator-list-item\"><div class=\"img-listado\"><a href=\"https:\/\/www.visitgastroh.com\/fr\/store\/hotel-castillo-de-gorraiz-golf-spa\/\"><img loading=\"lazy\" decoding=\"async\" width=\"300\" height=\"201\" src=\"https:\/\/www.visitgastroh.com\/wp-content\/uploads\/2022\/02\/hotel-castillo-gorraiz-fachada-1-300x201.jpg\" class=\"attachment-medium size-medium wp-post-image\" alt=\"\" srcset=\"https:\/\/www.visitgastroh.com\/wp-content\/uploads\/2022\/02\/hotel-castillo-gorraiz-fachada-1-300x201.jpg 300w, https:\/\/www.visitgastroh.com\/wp-content\/uploads\/2022\/02\/hotel-castillo-gorraiz-fachada-1-1024x686.jpg 1024w, https:\/\/www.visitgastroh.com\/wp-content\/uploads\/2022\/02\/hotel-castillo-gorraiz-fachada-1-768x514.jpg 768w, https:\/\/www.visitgastroh.com\/wp-content\/uploads\/2022\/02\/hotel-castillo-gorraiz-fachada-1-1536x1028.jpg 1536w, https:\/\/www.visitgastroh.com\/wp-content\/uploads\/2022\/02\/hotel-castillo-gorraiz-fachada-1-900x600.jpg 900w, https:\/\/www.visitgastroh.com\/wp-content\/uploads\/2022\/02\/hotel-castillo-gorraiz-fachada-1-600x403.jpg 600w, https:\/\/www.visitgastroh.com\/wp-content\/uploads\/2022\/02\/hotel-castillo-gorraiz-fachada-1-400x269.jpg 400w, https:\/\/www.visitgastroh.com\/wp-content\/uploads\/2022\/02\/hotel-castillo-gorraiz-fachada-1.jpg 2000w\" sizes=\"auto, (max-width: 300px) 100vw, 300px\" \/><\/a><\/div><div class=\"contenido-listado\"><a href=\"https:\/\/www.visitgastroh.com\/fr\/store\/hotel-castillo-de-gorraiz-golf-spa\/\"><div class=\"ficha-defecto\">\n<h2>CASTILLO DE GORRAIZ GOLF Golf &amp; SPA<\/h2>\n<h3>(Gorraiz)<\/h3>\nLe Castillo de Gorraiz Hotel Golf &amp; Spa est un h\u00f4tel-boutique exquis et sophistiqu\u00e9 de 87 chambres, o\u00f9 tradition, histoire et art de vivre se rejoignent. A l'int\u00e9rieur, la fusion de la pierre, du bois, du velours, des \u0153uvres d'art et des meubles design exclusifs cr\u00e9ent une atmosph\u00e8re unique. Un endroit parfait pour profiter de la d\u00e9tente, d'un environnement naturel et d'une merveilleuse tranquillit\u00e9, \u00e0 seulement 5 km de la ville de Pampelune, avec laquelle il a un acc\u00e8s tr\u00e8s facile et direct.\n\n<strong>LE RESTAURANT VERANDA<\/strong>\n\nCette fantastique terrasse nous permet de profiter d'un menu de collations innovant ainsi que d'une vue impressionnante sur le parcours de golf de Gorraiz, avec la ville de Pampelune en arri\u00e8re-plan. Sa situation privil\u00e9gi\u00e9e, sa magnifique d\u00e9coration int\u00e9grant la v\u00e9g\u00e9tation ext\u00e9rieure en elle-m\u00eame, et son am\u00e9nagement avec une partie couverte et une autre \u00e0 ciel ouvert, le rendent id\u00e9al pour un d\u00e9jeuner ou un d\u00eener de travail, ou pour le plus grand plaisir d'une journ\u00e9e de loisirs et relaxation. Son offre originale de caf\u00e9s, milkshakes, cocktails et cocktails, compl\u00e8te un v\u00e9ritable plaisir des sens.\n\n<\/div><\/a><\/div><h4>Contact <\/h4><div class=\"link-tienda\"><strong><a href=\"https:\/\/www.visitgastroh.com\/fr\/store\/hotel-castillo-de-gorraiz-golf-spa\/\">+ Info<\/a><\/strong><\/div><\/div><\/div><div class=\"store-locator-col-sm-4\"><div class=\"wordpress-store-locator-list-item\"><div class=\"img-listado\"><a href=\"https:\/\/www.visitgastroh.com\/fr\/store\/hotel-agorreta\/\"><img loading=\"lazy\" decoding=\"async\" width=\"300\" height=\"125\" src=\"https:\/\/www.visitgastroh.com\/wp-content\/uploads\/2022\/02\/hotel-agorreta-habitacion-300x125.jpg\" class=\"attachment-medium size-medium wp-post-image\" alt=\"\" srcset=\"https:\/\/www.visitgastroh.com\/wp-content\/uploads\/2022\/02\/hotel-agorreta-habitacion-300x125.jpg 300w, https:\/\/www.visitgastroh.com\/wp-content\/uploads\/2022\/02\/hotel-agorreta-habitacion-1024x427.jpg 1024w, https:\/\/www.visitgastroh.com\/wp-content\/uploads\/2022\/02\/hotel-agorreta-habitacion-768x320.jpg 768w, https:\/\/www.visitgastroh.com\/wp-content\/uploads\/2022\/02\/hotel-agorreta-habitacion.jpg 1200w\" sizes=\"auto, (max-width: 300px) 100vw, 300px\" \/><\/a><\/div><div class=\"contenido-listado\"><a href=\"https:\/\/www.visitgastroh.com\/fr\/store\/hotel-agorreta\/\"><div class=\"ficha-defecto\">\n<h2>AGORRETA Hotel<\/h2>\n<h3>(Salinas de Pamplona)<\/h3>\nTranquillit\u00e9 et confort dans un manoir restaur\u00e9 \u00e0 5,4 km de Pampelune.\n\n24 chambres, toutes climatis\u00e9es, avec salle de bain compl\u00e8te, TV, t\u00e9l\u00e9phone, internet, musique d'ambiance, coffre-fort, etc.\n\nId\u00e9al pour rester lors de vos visites \u00e0 Pampelune, ainsi qu'un h\u00f4tel de base pour des excursions vers les diff\u00e9rents points d'int\u00e9r\u00eat de Navarre, gr\u00e2ce \u00e0 ses bonnes communications.\n\n<\/div><\/a><\/div><h4>Contact <\/h4><div class=\"link-tienda\"><strong><a href=\"https:\/\/www.visitgastroh.com\/fr\/store\/hotel-agorreta\/\">+ Info<\/a><\/strong><\/div><\/div><\/div><\/div><div class=\"store-locator-row\"><div class=\"store-locator-col-sm-4\"><div class=\"wordpress-store-locator-list-item\"><div class=\"img-listado\"><a href=\"https:\/\/www.visitgastroh.com\/fr\/store\/hotel-aire-bardenas\/\"><img loading=\"lazy\" decoding=\"async\" width=\"300\" height=\"200\" src=\"https:\/\/www.visitgastroh.com\/wp-content\/uploads\/2022\/02\/Aire-Bardenas-11-300x200.jpg\" class=\"attachment-medium size-medium wp-post-image\" alt=\"\" srcset=\"https:\/\/www.visitgastroh.com\/wp-content\/uploads\/2022\/02\/Aire-Bardenas-11-300x200.jpg 300w, https:\/\/www.visitgastroh.com\/wp-content\/uploads\/2022\/02\/Aire-Bardenas-11-768x512.jpg 768w, https:\/\/www.visitgastroh.com\/wp-content\/uploads\/2022\/02\/Aire-Bardenas-11-900x600.jpg 900w, https:\/\/www.visitgastroh.com\/wp-content\/uploads\/2022\/02\/Aire-Bardenas-11.jpg 1024w\" sizes=\"auto, (max-width: 300px) 100vw, 300px\" \/><\/a><\/div><div class=\"contenido-listado\"><a href=\"https:\/\/www.visitgastroh.com\/fr\/store\/hotel-aire-bardenas\/\"><div class=\"ficha-defecto\">\n<h2>H\u00f4tel BARDENAS AIR<\/h2>\n<h3>(Tudela)<\/h3>\nAu milieu de nulle part, entre Madrid et Barcelone, se trouve l'H\u00d4TEL Aire de Bardenas, diff\u00e9rent de tous les autres que vous avez visit\u00e9s. \u00c0 l'entr\u00e9e du Parc Naturel des Bardenas Reales, en Navarre, au nord de l'Espagne.\n\nVisiter Aire de Bardenas, c'est savourer chaque instant. Arr\u00eatez-vous un instant. \u00c9coutez le bruit des peupliers, des oiseaux, le bruit de l'eau de la fontaine sur la place des m\u00fbriers.\n\nVisitez notre JARDIN et savourez nos produits de la terre issus de l'agriculture biologique afin que leur saveur soit le go\u00fbt authentique des vrais l\u00e9gumes. Des tomates au go\u00fbt de tomates, des c\u0153urs de laitue de Tudela, des asperges en saison...\n\nProfitez dans notre RESTAURANT de produits de haute qualit\u00e9 et z\u00e9ro kilom\u00e8tre, choy\u00e9s par notre chef Consultez les activit\u00e9s \u00e0 faire, offrez une exp\u00e9rience \u00e0 Aire \u00e0 votre famille et vos amis.\n\n<\/div>\n&nbsp;<\/a><\/div><h4>Contact <\/h4><div class=\"link-tienda\"><strong><a href=\"https:\/\/www.visitgastroh.com\/fr\/store\/hotel-aire-bardenas\/\">+ Info<\/a><\/strong><\/div><\/div><\/div><div class=\"store-locator-col-sm-4\"><div class=\"wordpress-store-locator-list-item\"><div class=\"img-listado\"><a href=\"https:\/\/www.visitgastroh.com\/fr\/store\/hotel-alaiz\/\"><img loading=\"lazy\" decoding=\"async\" width=\"300\" height=\"100\" src=\"https:\/\/www.visitgastroh.com\/wp-content\/uploads\/2022\/02\/hotel_alaiz_portada-300x100.jpg\" class=\"attachment-medium size-medium wp-post-image\" alt=\"\" srcset=\"https:\/\/www.visitgastroh.com\/wp-content\/uploads\/2022\/02\/hotel_alaiz_portada-300x100.jpg 300w, https:\/\/www.visitgastroh.com\/wp-content\/uploads\/2022\/02\/hotel_alaiz_portada-1024x341.jpg 1024w, https:\/\/www.visitgastroh.com\/wp-content\/uploads\/2022\/02\/hotel_alaiz_portada-768x256.jpg 768w, https:\/\/www.visitgastroh.com\/wp-content\/uploads\/2022\/02\/hotel_alaiz_portada.jpg 1200w\" sizes=\"auto, (max-width: 300px) 100vw, 300px\" \/><\/a><\/div><div class=\"contenido-listado\"><a href=\"https:\/\/www.visitgastroh.com\/fr\/store\/hotel-alaiz\/\"><div class=\"ficha-defecto\">\n<h2>H\u00f4tel ALAIZ<\/h2>\n<h3>(Pampelune)<\/h3>\n\u00c0 l'H\u00f4tel Alaiz, \u00e0 10 km de Pampelune et \u00e0 proximit\u00e9 des zones commerciales et de loisirs, nous combinons un traitement familial et professionnel pour que vous vous sentiez comme chez vous.\n\nNous avons 71 chambres enti\u00e8rement \u00e9quip\u00e9es, avec salle de bain compl\u00e8te, air conditionn\u00e9, TV, t\u00e9l\u00e9phone et Wi-Fi gratuit.\n\nService de restauration et de caf\u00e9.\n\n<\/div><\/a><\/div><h4>Contact <\/h4><div class=\"link-tienda\"><strong><a href=\"https:\/\/www.visitgastroh.com\/fr\/store\/hotel-alaiz\/\">+ Info<\/a><\/strong><\/div><\/div><\/div><div class=\"store-locator-col-sm-4\"><div class=\"wordpress-store-locator-list-item\"><div class=\"img-listado\"><a href=\"https:\/\/www.visitgastroh.com\/fr\/store\/hotel-albret\/\"><img loading=\"lazy\" decoding=\"async\" width=\"300\" height=\"200\" src=\"https:\/\/www.visitgastroh.com\/wp-content\/uploads\/2022\/01\/MG_4385-300x200.jpg\" class=\"attachment-medium size-medium wp-post-image\" alt=\"\" srcset=\"https:\/\/www.visitgastroh.com\/wp-content\/uploads\/2022\/01\/MG_4385-300x200.jpg 300w, https:\/\/www.visitgastroh.com\/wp-content\/uploads\/2022\/01\/MG_4385-1024x683.jpg 1024w, https:\/\/www.visitgastroh.com\/wp-content\/uploads\/2022\/01\/MG_4385-768x512.jpg 768w, https:\/\/www.visitgastroh.com\/wp-content\/uploads\/2022\/01\/MG_4385-1536x1024.jpg 1536w, https:\/\/www.visitgastroh.com\/wp-content\/uploads\/2022\/01\/MG_4385-900x600.jpg 900w, https:\/\/www.visitgastroh.com\/wp-content\/uploads\/2022\/01\/MG_4385.jpg 1920w\" sizes=\"auto, (max-width: 300px) 100vw, 300px\" \/><\/a><\/div><div class=\"contenido-listado\"><a href=\"https:\/\/www.visitgastroh.com\/fr\/store\/hotel-albret\/\"><div class=\"ficha-defecto\">\n<h2>H\u00f4tel ALBRET<\/h2>\n<h3>(Pampelune)<\/h3>\nL'H\u00f4tel Albret est un h\u00f4tel moderne et confortable en constante \u00e9volution pour vous offrir les meilleurs \u00e9quipements et services lors de votre visite \u00e0 Pampelune. Situ\u00e9 \u00e0 un point strat\u00e9gique de la ville, notre h\u00f4tel est parfait pour votre s\u00e9jour de loisirs et d'affaires. A escasos metros de la Cl\u00ednica Universidad de Navarra, del Conservatorio \"Pablo Sarasate\" y los principales centros industriales y tur\u00edsticos, se encuentra en una avenida que conecta directamente con el Casco Viejo de Pamplona en pocos minutos y con f\u00e1cil acceso desde cualquier entrada de la ville.\n\nNos chambres enti\u00e8rement \u00e9quip\u00e9es, notre large offre gastronomique et, surtout, notre enthousiasme \u00e0 vous offrir la meilleure attention et les meilleurs services, font de notre h\u00f4tel la meilleure option pour visiter la capitale de la Navarre.\n\n<\/div><\/a><\/div><h4>Contact <\/h4><div class=\"link-tienda\"><strong><a href=\"https:\/\/www.visitgastroh.com\/fr\/store\/hotel-albret\/\">+ Info<\/a><\/strong><\/div><\/div><\/div><\/div><div class=\"store-locator-row\"><div class=\"store-locator-col-sm-4\"><div class=\"wordpress-store-locator-list-item\"><div class=\"img-listado\"><a href=\"https:\/\/www.visitgastroh.com\/fr\/store\/hotel-alma-pampelune\/\"><img loading=\"lazy\" decoding=\"async\" width=\"300\" height=\"200\" src=\"https:\/\/www.visitgastroh.com\/wp-content\/uploads\/2022\/02\/alma-pamplona-7-300x200.jpg\" class=\"attachment-medium size-medium wp-post-image\" alt=\"\" srcset=\"https:\/\/www.visitgastroh.com\/wp-content\/uploads\/2022\/02\/alma-pamplona-7-300x200.jpg 300w, https:\/\/www.visitgastroh.com\/wp-content\/uploads\/2022\/02\/alma-pamplona-7-1024x681.jpg 1024w, https:\/\/www.visitgastroh.com\/wp-content\/uploads\/2022\/02\/alma-pamplona-7-768x511.jpg 768w, https:\/\/www.visitgastroh.com\/wp-content\/uploads\/2022\/02\/alma-pamplona-7-900x600.jpg 900w, https:\/\/www.visitgastroh.com\/wp-content\/uploads\/2022\/02\/alma-pamplona-7.jpg 1300w\" sizes=\"auto, (max-width: 300px) 100vw, 300px\" \/><\/a><\/div><div class=\"contenido-listado\"><a href=\"https:\/\/www.visitgastroh.com\/fr\/store\/hotel-alma-pampelune\/\"><div class=\"ficha-defecto\">\n<h2>H\u00f4tel ALMA PAMPELUNE<\/h2>\n<h3>(Pamplona)<\/h3>\n<strong>H\u00d4TEL.<\/strong> Un b\u00e2timent unique situ\u00e9 \u00e0 quelques minutes du centre de la capitale de la Navarre, Pampelune, une ville aux coins embl\u00e9matiques marqu\u00e9s par les Sanfermines et le Camino de Santiago. Le <strong>parc Arga<\/strong> , \u00e0 quelques pas de <strong>l' h\u00f4tel Alma Pamplona<\/strong> , est un espace \u00e9vocateur qui marque l'ancienne fronti\u00e8re entre la ville et la campagne parsem\u00e9e de fermes, d'anciens couvents, cl\u00f4tur\u00e9s avec des chevaux et des for\u00eats galeries qui bordent la rivi\u00e8re.\n\nToutes nos <strong>chambres standard sont ext\u00e9rieures<\/strong> et d'une superficie minimum de 35 m2. Elles sont \u00e9quip\u00e9es de lits King Size sp\u00e9cialement con\u00e7us pour les H\u00f4tels Alma. Il poss\u00e8de \u00e9galement les \u00e9l\u00e9ments technologiques les plus avant-gardistes. L'\u00e9l\u00e9gance et les dimensions de nos <strong>suites ex\u00e9cutives<\/strong> permettent au client d'entrer dans un environnement unique. Elles disposent toutes d'une <strong>grande terrasse privative<\/strong> qui fait office de prolongement du s\u00e9jour et, d'une surface de 60 m2, elles offrent un niveau de confort pens\u00e9 pour les clients les plus exigeants. Il propose un <strong>spa<\/strong> avec sauna sec, hammam, douches contrast\u00e9es... Une parfaite alternative pour les moins press\u00e9s qui souhaitent se d\u00e9tendre en fin de journ\u00e9e.\n\n<strong>RESTAURANT DE L'\u00c2ME. <\/strong>La proposition vise \u00e0 approfondir la tradition culinaire navarraise et \u00e0 l'affiner. Dans ce service, la proposition de Leandro Gil (nomin\u00e9 chef r\u00e9v\u00e9lation \u00e0 Madridfusion 2018) consiste \u00e0 plonger dans la tradition culinaire navarraise et \u00e0 l'affiner. Ax\u00e9 sur trois grands axes : les plats mijot\u00e9s traditionnels, les l\u00e9gumes du bord de la rivi\u00e8re et la grillade telle qu'on l'entend au nord. Un restaurant pour d\u00e9couvrir la Navarre \u00e0 table, avec ses produits et pr\u00e9parations actualis\u00e9s. 1 sol\n\n<\/div><\/a><\/div><h4>Contact <\/h4><div class=\"link-tienda\"><strong><a href=\"https:\/\/www.visitgastroh.com\/fr\/store\/hotel-alma-pampelune\/\">+ Info<\/a><\/strong><\/div><\/div><\/div><div class=\"store-locator-col-sm-4\"><div class=\"wordpress-store-locator-list-item\"><div class=\"img-listado\"><a href=\"https:\/\/www.visitgastroh.com\/fr\/store\/hotel-andia-2\/\"><img loading=\"lazy\" decoding=\"async\" width=\"300\" height=\"193\" src=\"https:\/\/www.visitgastroh.com\/wp-content\/uploads\/2022\/03\/hotelpamplonanavarraorkoeinhotelandiasuitehidromasaje1-300x193.jpg\" class=\"attachment-medium size-medium wp-post-image\" alt=\"\" srcset=\"https:\/\/www.visitgastroh.com\/wp-content\/uploads\/2022\/03\/hotelpamplonanavarraorkoeinhotelandiasuitehidromasaje1-300x193.jpg 300w, https:\/\/www.visitgastroh.com\/wp-content\/uploads\/2022\/03\/hotelpamplonanavarraorkoeinhotelandiasuitehidromasaje1-1024x658.jpg 1024w, https:\/\/www.visitgastroh.com\/wp-content\/uploads\/2022\/03\/hotelpamplonanavarraorkoeinhotelandiasuitehidromasaje1-768x493.jpg 768w, https:\/\/www.visitgastroh.com\/wp-content\/uploads\/2022\/03\/hotelpamplonanavarraorkoeinhotelandiasuitehidromasaje1-1536x987.jpg 1536w, https:\/\/www.visitgastroh.com\/wp-content\/uploads\/2022\/03\/hotelpamplonanavarraorkoeinhotelandiasuitehidromasaje1-2048x1316.jpg 2048w\" sizes=\"auto, (max-width: 300px) 100vw, 300px\" \/><\/a><\/div><div class=\"contenido-listado\"><a href=\"https:\/\/www.visitgastroh.com\/fr\/store\/hotel-andia-2\/\"><div class=\"ficha-defecto\">\n<h2>HOTEL ANDIA<\/h2>\n<h3>ORKOIEN<\/h3>\n<strong>H\u00f4tel 4 \u00e9toiles<\/strong> situ\u00e9 \u00e0 5 km du centre de <strong>Pampelune<\/strong> et \u00e0 3 km de la gare.\n\nToutes les chambres disposent <b>d'une connexion Wi-Fi gratuite<\/b> , de la climatisation, d'une t\u00e9l\u00e9vision \u00e0 \u00e9cran plat avec cha\u00eenes satellite, d'un coffre-fort, d'un bureau et d'une salle de bains avec baignoire, douche, s\u00e8che-cheveux et articles de toilette gratuits.\n\nStationnement <strong>propre<\/strong> stationnement facile avec surveillance vid\u00e9o.\n\nAu restaurant de l' <strong>h\u00f4tel Andia,<\/strong> notre excellente \u00e9quipe de restauration vous propose des menus vari\u00e9s o\u00f9 vous pourrez d\u00e9guster une large gamme de produits locaux \u00e9labor\u00e9s dans le respect de la cuisine traditionnelle.\n\n&nbsp;\n\n<\/div><\/a><\/div><h4>Contact <\/h4><div class=\"link-tienda\"><strong><a href=\"https:\/\/www.visitgastroh.com\/fr\/store\/hotel-andia-2\/\">+ Info<\/a><\/strong><\/div><\/div><\/div><div class=\"store-locator-col-sm-4\"><div class=\"wordpress-store-locator-list-item\"><div class=\"img-listado\"><a href=\"https:\/\/www.visitgastroh.com\/fr\/store\/hotel-arantza\/\"><img loading=\"lazy\" decoding=\"async\" width=\"300\" height=\"169\" src=\"https:\/\/www.visitgastroh.com\/wp-content\/uploads\/2022\/02\/hotel-arantza3-300x169.jpg\" class=\"attachment-medium size-medium wp-post-image\" alt=\"\" srcset=\"https:\/\/www.visitgastroh.com\/wp-content\/uploads\/2022\/02\/hotel-arantza3-300x169.jpg 300w, https:\/\/www.visitgastroh.com\/wp-content\/uploads\/2022\/02\/hotel-arantza3-768x432.jpg 768w, https:\/\/www.visitgastroh.com\/wp-content\/uploads\/2022\/02\/hotel-arantza3.jpg 900w\" sizes=\"auto, (max-width: 300px) 100vw, 300px\" \/><\/a><\/div><div class=\"contenido-listado\"><a href=\"https:\/\/www.visitgastroh.com\/fr\/store\/hotel-arantza\/\"><div class=\"ficha-defecto\">\n<h2>H\u00f4tel ARANZA<\/h2>\n<h3>(Arantza)<\/h3>\nUn h\u00f4tel romantique pour surprendre votre partenaire avec des espaces pleins de lumi\u00e8re, d'art et de design. Nous sommes un 5 \u00e9toiles r\u00e9serv\u00e9 aux adultes en Navarre, situ\u00e9 dans la petite ville d'Arantza. Refuge pour couples cherchant \u00e0 vivre une exp\u00e9rience unique dans une enclave naturelle.\n\n11 chambres de standing spacieuses et lumineuses ouvertes sur la nature par de larges baies vitr\u00e9es. Chacune d'entre elles dispose d'une baignoire au centre cr\u00e9ant un espace exclusif de d\u00e9tente et de bien-\u00eatre. Un cadeau pour tous les sens.\n\nRomantic Art Hotel, con\u00e7u \u00e0 partir d'une histoire d'amour magique que vous d\u00e9couvrirez pendant votre s\u00e9jour.\n\nProduits de notre terroir, naturels, de saison, frais, produits de qualit\u00e9 cuisin\u00e9s de fa\u00e7on saine.\n\nPour nous il est primordial de vous proposer des produits locaux et frais. Pour cela, une personne de notre \u00e9quipe visite les march\u00e9s, les vergers navarrais et le port de Pasaia, en s\u00e9lectionnant avec soin et patience le meilleur de chaque saison ; pour l'apporter \u00e0 l'h\u00f4tel et faire pr\u00e9parer par notre chef les plats exquis qui sont servis dans le restaurant 4 fourchettes.\n\n<\/div><\/a><\/div><h4>Contact <\/h4><div class=\"link-tienda\"><strong><a href=\"https:\/\/www.visitgastroh.com\/fr\/store\/hotel-arantza\/\">+ Info<\/a><\/strong><\/div><\/div><\/div><\/div><div class=\"store-locator-row\"><div class=\"store-locator-col-sm-4\"><div class=\"wordpress-store-locator-list-item\"><div class=\"img-listado\"><a href=\"https:\/\/www.visitgastroh.com\/fr\/store\/hotel-avenida\/\"><img loading=\"lazy\" decoding=\"async\" width=\"300\" height=\"125\" src=\"https:\/\/www.visitgastroh.com\/wp-content\/uploads\/2022\/02\/hotel_avenida_fachada-300x125.jpg\" class=\"attachment-medium size-medium wp-post-image\" alt=\"\" srcset=\"https:\/\/www.visitgastroh.com\/wp-content\/uploads\/2022\/02\/hotel_avenida_fachada-300x125.jpg 300w, https:\/\/www.visitgastroh.com\/wp-content\/uploads\/2022\/02\/hotel_avenida_fachada-1024x427.jpg 1024w, https:\/\/www.visitgastroh.com\/wp-content\/uploads\/2022\/02\/hotel_avenida_fachada-768x320.jpg 768w, https:\/\/www.visitgastroh.com\/wp-content\/uploads\/2022\/02\/hotel_avenida_fachada.jpg 1200w\" sizes=\"auto, (max-width: 300px) 100vw, 300px\" \/><\/a><\/div><div class=\"contenido-listado\"><a href=\"https:\/\/www.visitgastroh.com\/fr\/store\/hotel-avenida\/\"><div class=\"ficha-defecto\">\n<h2>AVENIDA Hotel<\/h2>\n<h3>(Pamplona)<\/h3>\nL'H\u00f4tel Avenida b\u00e9n\u00e9ficie d'un emplacement exceptionnel dans le centre commercial de la ville, \u00e0 quelques m\u00e8tres du centre de conf\u00e9rences Baluarte et de la vieille ville, et avec de bonnes liaisons avec le quartier hospitalier et les universit\u00e9s. Il offre une atmosph\u00e8re chaleureuse et accueillante tr\u00e8s sp\u00e9ciale pour profiter de votre s\u00e9jour avec nous.\n\nLes chambres et les espaces communs ont \u00e9t\u00e9 enti\u00e8rement r\u00e9nov\u00e9s en 2015. Elles disposent toutes d'une terrasse, d'un mini-bar, d'une t\u00e9l\u00e9vision avec canal satellite num\u00e9rique, d'une salle de bain compl\u00e8te avec s\u00e8che-cheveux et t\u00e9l\u00e9phone, de la climatisation et du chauffage.\n\nL'h\u00f4tel sert un petit-d\u00e9jeuner buffet complet. De plus, nos clients peuvent profiter des d\u00e9licieux d\u00e9jeuners et d\u00eeners du restaurant Kabo, r\u00e9compens\u00e9 par un Repsol Sun, situ\u00e9 au premier \u00e9tage.\n\nIl y a une connexion Wi-Fi gratuite et un garage.\n\n<\/div><\/a><\/div><h4>Contact <\/h4><div class=\"link-tienda\"><strong><a href=\"https:\/\/www.visitgastroh.com\/fr\/store\/hotel-avenida\/\">+ Info<\/a><\/strong><\/div><\/div><\/div><div class=\"store-locator-col-sm-4\"><div class=\"wordpress-store-locator-list-item\"><div class=\"img-listado\"><a href=\"https:\/\/www.visitgastroh.com\/fr\/store\/hotel-azkue\/\"><img loading=\"lazy\" decoding=\"async\" width=\"300\" height=\"192\" src=\"https:\/\/www.visitgastroh.com\/wp-content\/uploads\/2022\/02\/azkue-1-300x192.jpg\" class=\"attachment-medium size-medium wp-post-image\" alt=\"\" srcset=\"https:\/\/www.visitgastroh.com\/wp-content\/uploads\/2022\/02\/azkue-1-300x192.jpg 300w, https:\/\/www.visitgastroh.com\/wp-content\/uploads\/2022\/02\/azkue-1.jpg 471w\" sizes=\"auto, (max-width: 300px) 100vw, 300px\" \/><\/a><\/div><div class=\"contenido-listado\"><a href=\"https:\/\/www.visitgastroh.com\/fr\/store\/hotel-azkue\/\"><div class=\"ficha-defecto\">\n<h2>H\u00f4tel Restaurant Azku\u00e9<\/h2>\n<h3>(Getaria)<\/h3>\nH\u00f4tel Restaurant situ\u00e9 dans le giron des montagnes qui entourent le village de p\u00eacheurs de Getaria et \u00e0 l'abri des vents qui bercent les vignobles dont les vignes ponctuellement et, ann\u00e9e apr\u00e8s ann\u00e9e, transformeront leur s\u00e8ve en Txakoli transparent et p\u00e9tillant.\n\nL'h\u00f4tel dispose de :\n\n\u2022 Salle de r\u00e9union pour 14\/16 personnes, \u00e9quip\u00e9e des avanc\u00e9es technologiques.\n\u2022 Salon avec chemin\u00e9e o\u00f9 vous pourrez discuter ou lire des livres de votre biblioth\u00e8que.\n\u2022 Une agr\u00e9able terrasse \u00e0 l'ombre des platanes, ce qui en fait un v\u00e9ritable privil\u00e8ge lors des d\u00eeners des nuits d'Et\u00e9-Automne.\n\u2022 Un jardin relaxant et agr\u00e9able.\n\nQuant aux cuisines du restaurant Azkue, dans sa quatri\u00e8me g\u00e9n\u00e9ration, elles prennent grand soin de leur travail pour pouvoir offrir les ar\u00f4mes et les saveurs de la cuisine basque traditionnelle, bas\u00e9e sur des mati\u00e8res premi\u00e8res de premi\u00e8re qualit\u00e9, ainsi que sur l'amour et le soin lorsqu'il s'agit de les fabriquer.\n\n&nbsp;\n\n<\/div><\/a><\/div><h4>Contact <\/h4><div class=\"link-tienda\"><strong><a href=\"https:\/\/www.visitgastroh.com\/fr\/store\/hotel-azkue\/\">+ Info<\/a><\/strong><\/div><\/div><\/div><div class=\"store-locator-col-sm-4\"><div class=\"wordpress-store-locator-list-item\"><div class=\"img-listado\"><a href=\"https:\/\/www.visitgastroh.com\/fr\/store\/hotel-bed4u-pamplona\/\"><img loading=\"lazy\" decoding=\"async\" width=\"300\" height=\"100\" src=\"https:\/\/www.visitgastroh.com\/wp-content\/uploads\/2022\/02\/hotel_bed4u-habitacion-300x100.jpg\" class=\"attachment-medium size-medium wp-post-image\" alt=\"\" srcset=\"https:\/\/www.visitgastroh.com\/wp-content\/uploads\/2022\/02\/hotel_bed4u-habitacion-300x100.jpg 300w, https:\/\/www.visitgastroh.com\/wp-content\/uploads\/2022\/02\/hotel_bed4u-habitacion-1024x341.jpg 1024w, https:\/\/www.visitgastroh.com\/wp-content\/uploads\/2022\/02\/hotel_bed4u-habitacion-768x256.jpg 768w, https:\/\/www.visitgastroh.com\/wp-content\/uploads\/2022\/02\/hotel_bed4u-habitacion.jpg 1200w\" sizes=\"auto, (max-width: 300px) 100vw, 300px\" \/><\/a><\/div><div class=\"contenido-listado\"><a href=\"https:\/\/www.visitgastroh.com\/fr\/store\/hotel-bed4u-pamplona\/\"><div class=\"ficha-defecto\">\n<h2>BED4U PAMPLONA Hotel<\/h2>\n<h3>(Cordovilla)<\/h3>\nUn h\u00f4tel original et moderne parfaitement situ\u00e9 ! Pouvez-vous imaginer un h\u00f4tel o\u00f9 les murs vous disent bonsoir ? Arr\u00eatez d'imaginer et continuez \u00e0 lire\u2026\n\nNous sommes sur l'Avenida de Zaragoza (la principale voie d'acc\u00e8s \u00e0 la ville). Pour cette raison, l'arriv\u00e9e est tr\u00e8s simple et vous n'aurez aucun probl\u00e8me \u00e0 vous garer dans notre parking ext\u00e9rieur gratuit avec vid\u00e9osurveillance 24h\/24.\n\nNotre emplacement est parfait\u2026 nous sommes tr\u00e8s proches de tout ! De l'a\u00e9roport, de la zone universitaire et hospitali\u00e8re, de la Navarra Arena, du stade de football El Sadar et \u00e0 c\u00f4t\u00e9 du plus grand centre commercial de Navarre (La Morea).\n\nNos chambres au bed4U Pamplona disposent de la climatisation, du chauffage, d'un bureau et d'une salle de bain priv\u00e9e. De plus, le matin, nous servons un petit d\u00e9jeuner buffet avec des produits frais et du jus d'orange naturel, digne d'un quatre \u00e9toiles !\n\n<\/div><\/a><\/div><h4>Contact <\/h4><div class=\"link-tienda\"><strong><a href=\"https:\/\/www.visitgastroh.com\/fr\/store\/hotel-bed4u-pamplona\/\">+ Info<\/a><\/strong><\/div><\/div><\/div><\/div><div class=\"store-locator-row\"><div class=\"store-locator-col-sm-4\"><div class=\"wordpress-store-locator-list-item\"><div class=\"img-listado\"><a href=\"https:\/\/www.visitgastroh.com\/fr\/store\/hotel-blanca-de-navarra-cuatroytres-restaurant-bar\/\"><img loading=\"lazy\" decoding=\"async\" width=\"300\" height=\"259\" src=\"https:\/\/www.visitgastroh.com\/wp-content\/uploads\/2022\/01\/hotel-blanca-navarra-edificio-300x259.jpg\" class=\"attachment-medium size-medium wp-post-image\" alt=\"\" srcset=\"https:\/\/www.visitgastroh.com\/wp-content\/uploads\/2022\/01\/hotel-blanca-navarra-edificio-300x259.jpg 300w, https:\/\/www.visitgastroh.com\/wp-content\/uploads\/2022\/01\/hotel-blanca-navarra-edificio-768x664.jpg 768w, https:\/\/www.visitgastroh.com\/wp-content\/uploads\/2022\/01\/hotel-blanca-navarra-edificio.jpg 834w\" sizes=\"auto, (max-width: 300px) 100vw, 300px\" \/><\/a><\/div><div class=\"contenido-listado\"><a href=\"https:\/\/www.visitgastroh.com\/fr\/store\/hotel-blanca-de-navarra-cuatroytres-restaurant-bar\/\"><div class=\"ficha-defecto\">\n<h2>H\u00f4tel BLANCA DE NAVARRA<\/h2>\n<h3>(Pampelune)<\/h3>\nNous sommes un h\u00f4tel situ\u00e9 \u00e0 Pampelune avec sa propre personnalit\u00e9. Notre priorit\u00e9 et notre raison d'\u00eatre sont toujours les gens, nous adaptons donc toutes nos ressources \u00e0 leurs besoins.\nNotre exp\u00e9rience de plus de 25 ans nous permet de vous offrir la garantie que vous recevrez le traitement le plus professionnel, ainsi qu'une large gamme de services et diff\u00e9rents types de chambres afin que vous puissiez choisir en fonction de vos besoins. <strong>Et le compl\u00e9ment le plus pr\u00e9cieux : nous, l'\u00e9quipe humaine, en attendant de rendre votre s\u00e9jour aussi confortable et confortable que possible.<\/strong>\n\nNous sommes un h\u00f4tel ****, dans lequel nous accordons une grande importance \u00e0 la restauration, tant pour nos propres clients que pour nos voisins et amis. Nous avons notre <strong>BAR-RESTAURANT CUATROYTRES<\/strong> , ainsi que des salles priv\u00e9es o\u00f9 nous pouvons offrir nos services. Pour cela, nous avons notre propre \u00e9quipe de cuisine, privil\u00e9giant les produits locaux et de saison et l'\u00e9quipe de la salle \u00e0 manger qui essaiera toujours d'assurer un d\u00e9jeuner ou un d\u00eener parfait. Nous n'oublions pas le magnifique garde-manger que poss\u00e8de notre Communaut\u00e9 et le magnifique travail que tous les restaurateurs, grands et petits, offrent \u00e0 Pampelune et en Navarre.\n\n<\/div><\/a><\/div><h4>Contact <\/h4><div class=\"link-tienda\"><strong><a href=\"https:\/\/www.visitgastroh.com\/fr\/store\/hotel-blanca-de-navarra-cuatroytres-restaurant-bar\/\">+ Info<\/a><\/strong><\/div><\/div><\/div><div class=\"store-locator-col-sm-4\"><div class=\"wordpress-store-locator-list-item\"><div class=\"img-listado\"><a href=\"https:\/\/www.visitgastroh.com\/fr\/store\/hotel-casa-grande\/\"><img loading=\"lazy\" decoding=\"async\" width=\"300\" height=\"225\" src=\"https:\/\/www.visitgastroh.com\/wp-content\/uploads\/2022\/02\/IMG-20200611-WA0007-300x225.jpg\" class=\"attachment-medium size-medium wp-post-image\" alt=\"\" srcset=\"https:\/\/www.visitgastroh.com\/wp-content\/uploads\/2022\/02\/IMG-20200611-WA0007-300x225.jpg 300w, https:\/\/www.visitgastroh.com\/wp-content\/uploads\/2022\/02\/IMG-20200611-WA0007-768x576.jpg 768w, https:\/\/www.visitgastroh.com\/wp-content\/uploads\/2022\/02\/IMG-20200611-WA0007.jpg 1024w\" sizes=\"auto, (max-width: 300px) 100vw, 300px\" \/><\/a><\/div><div class=\"contenido-listado\"><a href=\"https:\/\/www.visitgastroh.com\/fr\/store\/hotel-casa-grande\/\"><div class=\"ficha-defecto\">\n<h2>GRANDE MAISON H\u00f4tel ****<\/h2>\n<h3>(GROUGE)<\/h3>\nBoutique H\u00f4tel 4 \u00e9toiles, con\u00e7u par Frencesc Rif\u00e9, nous avons 11 chambres et un restaurant.\n\nNous sommes devant la place de l'\u00e9glise, la plus ancienne de Gra\u00f1\u00f3n, une municipalit\u00e9 de La Rioja avec une longue histoire, o\u00f9 toutes sortes d'\u00e9v\u00e9nements culturels, r\u00e9cr\u00e9atifs et gastronomiques sont organis\u00e9s tout au long de l'ann\u00e9e.\n\nL'espace veut offrir un <b>environnement relaxant, contemporain et central<\/b> , dans lequel la vie quotidienne de la ville, les mille et une activit\u00e9s \u00e0 faire dans l'environnement naturel qui nous entoure et la \"touche personnelle\" des propri\u00e9taires, M\u00f3nica et Ra\u00fal, rendront la visite \u00e0 <strong>LA GRANDE MAISON<\/strong> est toujours un<b> exp\u00e9rience personnelle enrichissante.<\/b>\n\n<\/div><\/a><\/div><h4>Contact <\/h4><div class=\"link-tienda\"><strong><a href=\"https:\/\/www.visitgastroh.com\/fr\/store\/hotel-casa-grande\/\">+ Info<\/a><\/strong><\/div><\/div><\/div><div class=\"store-locator-col-sm-4\"><div class=\"wordpress-store-locator-list-item\"><div class=\"img-listado\"><a href=\"https:\/\/www.visitgastroh.com\/fr\/store\/hotel-condes-de-haro\/\"><img loading=\"lazy\" decoding=\"async\" width=\"300\" height=\"199\" src=\"https:\/\/www.visitgastroh.com\/wp-content\/uploads\/2022\/02\/11-con-panel-300x199.jpg\" class=\"attachment-medium size-medium wp-post-image\" alt=\"\" srcset=\"https:\/\/www.visitgastroh.com\/wp-content\/uploads\/2022\/02\/11-con-panel-300x199.jpg 300w, https:\/\/www.visitgastroh.com\/wp-content\/uploads\/2022\/02\/11-con-panel-1024x680.jpg 1024w, https:\/\/www.visitgastroh.com\/wp-content\/uploads\/2022\/02\/11-con-panel-768x510.jpg 768w, https:\/\/www.visitgastroh.com\/wp-content\/uploads\/2022\/02\/11-con-panel-1536x1020.jpg 1536w, https:\/\/www.visitgastroh.com\/wp-content\/uploads\/2022\/02\/11-con-panel-900x600.jpg 900w, https:\/\/www.visitgastroh.com\/wp-content\/uploads\/2022\/02\/11-con-panel.jpg 2000w\" sizes=\"auto, (max-width: 300px) 100vw, 300px\" \/><\/a><\/div><div class=\"contenido-listado\"><a href=\"https:\/\/www.visitgastroh.com\/fr\/store\/hotel-condes-de-haro\/\"><div class=\"ficha-defecto\">\n<h2>COMTES DE HARO H\u00f4tel<\/h2>\n<h3>(LOGRONO)<\/h3>\nH\u00f4tel de construction moderne, situ\u00e9 dans le centre de Logro\u00f1o, \u00e0 quelques m\u00e8tres des zones de loisirs et d'affaires de la ville.\n\nIl dispose de 44 chambres enti\u00e8rement \u00e9quip\u00e9es, d'une connexion Wi-Fi gratuite dans toutes les installations.\n\nL'h\u00f4tel propose des services de chambre d'h\u00f4tes et dispose d'un garage dans le m\u00eame b\u00e2timent.\n\n<\/div><\/a><\/div><h4>Contact <\/h4><div class=\"link-tienda\"><strong><a href=\"https:\/\/www.visitgastroh.com\/fr\/store\/hotel-condes-de-haro\/\">+ Info<\/a><\/strong><\/div><\/div><\/div><\/div><div class=\"store-locator-row\"><div class=\"store-locator-col-sm-4\"><div class=\"wordpress-store-locator-list-item\"><div class=\"img-listado\"><a href=\"https:\/\/www.visitgastroh.com\/fr\/store\/hotel-de-la-riviere-bidassoa\/\"><img loading=\"lazy\" decoding=\"async\" width=\"300\" height=\"200\" src=\"https:\/\/www.visitgastroh.com\/wp-content\/uploads\/2022\/02\/2Q2A9737-HDR-300x200.jpg\" class=\"attachment-medium size-medium wp-post-image\" alt=\"\" srcset=\"https:\/\/www.visitgastroh.com\/wp-content\/uploads\/2022\/02\/2Q2A9737-HDR-300x200.jpg 300w, https:\/\/www.visitgastroh.com\/wp-content\/uploads\/2022\/02\/2Q2A9737-HDR-1024x683.jpg 1024w, https:\/\/www.visitgastroh.com\/wp-content\/uploads\/2022\/02\/2Q2A9737-HDR-768x512.jpg 768w, https:\/\/www.visitgastroh.com\/wp-content\/uploads\/2022\/02\/2Q2A9737-HDR-1536x1025.jpg 1536w, https:\/\/www.visitgastroh.com\/wp-content\/uploads\/2022\/02\/2Q2A9737-HDR-900x600.jpg 900w, https:\/\/www.visitgastroh.com\/wp-content\/uploads\/2022\/02\/2Q2A9737-HDR.jpg 2048w\" sizes=\"auto, (max-width: 300px) 100vw, 300px\" \/><\/a><\/div><div class=\"contenido-listado\"><a href=\"https:\/\/www.visitgastroh.com\/fr\/store\/hotel-de-la-riviere-bidassoa\/\"><div class=\"ficha-defecto\">\n<h2>H\u00f4tel de la rivi\u00e8re Bidassoa<\/h2>\n<h2>Hondarribia<\/h2>\nD\u00e9couvrez l'essence authentique du Pays Basque dans chaque coin de l'h\u00f4tel, ainsi qu'un nouveau concept avant-gardiste et moderne. Nous prenons soin de chaque d\u00e9tail afin que vous puissiez profiter d'un s\u00e9jour s\u00fbr, sain et respectueux de l'environnement.\n\nProfitez de sa situation id\u00e9ale et de son magnifique jardin, qui dispose d'une piscine en \u00e9t\u00e9.\n\nSon restaurant Sugarri est une r\u00e9f\u00e9rence tant pour la client\u00e8le h\u00e9berg\u00e9e que locale.\n\n<\/div><\/a><\/div><h4>Contact <\/h4><div class=\"link-tienda\"><strong><a href=\"https:\/\/www.visitgastroh.com\/fr\/store\/hotel-de-la-riviere-bidassoa\/\">+ Info<\/a><\/strong><\/div><\/div><\/div><div class=\"store-locator-col-sm-4\"><div class=\"wordpress-store-locator-list-item\"><div class=\"img-listado\"><a href=\"https:\/\/www.visitgastroh.com\/fr\/store\/hotel-echaurren\/\"><img loading=\"lazy\" decoding=\"async\" width=\"300\" height=\"157\" src=\"https:\/\/www.visitgastroh.com\/wp-content\/uploads\/2022\/04\/hotel-echaurren-fachada-300x157.jpg\" class=\"attachment-medium size-medium wp-post-image\" alt=\"\" srcset=\"https:\/\/www.visitgastroh.com\/wp-content\/uploads\/2022\/04\/hotel-echaurren-fachada-300x157.jpg 300w, https:\/\/www.visitgastroh.com\/wp-content\/uploads\/2022\/04\/hotel-echaurren-fachada-1024x534.jpg 1024w, https:\/\/www.visitgastroh.com\/wp-content\/uploads\/2022\/04\/hotel-echaurren-fachada-768x401.jpg 768w, https:\/\/www.visitgastroh.com\/wp-content\/uploads\/2022\/04\/hotel-echaurren-fachada-1536x802.jpg 1536w, https:\/\/www.visitgastroh.com\/wp-content\/uploads\/2022\/04\/hotel-echaurren-fachada-2048x1069.jpg 2048w\" sizes=\"auto, (max-width: 300px) 100vw, 300px\" \/><\/a><\/div><div class=\"contenido-listado\"><a href=\"https:\/\/www.visitgastroh.com\/fr\/store\/hotel-echaurren\/\"><div class=\"ficha-defecto\">\n<h2>Hotel Echaurren Relais &amp; Ch\u00e2teaux<\/h2>\n<h3>(Ezcaray)<\/h3>\nUne maison centenaire enti\u00e8rement r\u00e9habilit\u00e9e par le studio d'architecture Picado de Blas \u00e0 Madrid, qui a su transformer cet ancien relais de poste en un bel h\u00f4tel cosy rattach\u00e9 au club de qualit\u00e9 Relais &amp; Ch\u00e2teaux. Les architectes ont su faire une interpr\u00e9tation contemporaine et respectueuse de toute l'histoire que la maison et son environnement privil\u00e9gi\u00e9 ch\u00e9rissaient.\n\nLa r\u00e9habilitation est pleine de clins d'\u0153il actuels et modernes, \u00e0 tout l'h\u00e9ritage re\u00e7u \u00e0 travers les mat\u00e9riaux, les tissus, les meubles et les espaces ouverts sur l'ext\u00e9rieur, \u00e0 la belle place qui abrite l'imposante \u00e9glise-forteresse gothique d'Ezcaray, construite entre les XIIe et XIVe si\u00e8cles. .\n\n<\/div><\/a><\/div><h4>Contact <\/h4><div class=\"link-tienda\"><strong><a href=\"https:\/\/www.visitgastroh.com\/fr\/store\/hotel-echaurren\/\">+ Info<\/a><\/strong><\/div><\/div><\/div><div class=\"store-locator-col-sm-4\"><div class=\"wordpress-store-locator-list-item\"><div class=\"img-listado\"><a href=\"https:\/\/www.visitgastroh.com\/fr\/store\/hotel-europa\/\"><img loading=\"lazy\" decoding=\"async\" width=\"300\" height=\"178\" src=\"https:\/\/www.visitgastroh.com\/wp-content\/uploads\/2022\/02\/hotel-europa-fachada-300x178.jpg\" class=\"attachment-medium size-medium wp-post-image\" alt=\"\" srcset=\"https:\/\/www.visitgastroh.com\/wp-content\/uploads\/2022\/02\/hotel-europa-fachada-300x178.jpg 300w, https:\/\/www.visitgastroh.com\/wp-content\/uploads\/2022\/02\/hotel-europa-fachada.jpg 533w\" sizes=\"auto, (max-width: 300px) 100vw, 300px\" \/><\/a><\/div><div class=\"contenido-listado\"><a href=\"https:\/\/www.visitgastroh.com\/fr\/store\/hotel-europa\/\"><div class=\"ficha-defecto\">\n<h2>EUROPA Hotel<\/h2>\n<h3>(Pampelune)<\/h3>\nNous vous pr\u00e9sentons le Sercotel Hotel Restaurante Europa, un \u00e9tablissement embl\u00e9matique de la ville de Pampelune, qui b\u00e9n\u00e9ficie d'un emplacement privil\u00e9gi\u00e9, dans le centre historique de la ville, \u00e0 c\u00f4t\u00e9 de la Plaza del Castillo et de la c\u00e9l\u00e8bre Calle Estafeta, la rue la plus importante de Pampelune pendant les festivit\u00e9s de San Fermin.\nNotre h\u00f4tel restaurant au centre de Pampelune propose un \u00e9tablissement r\u00e9nov\u00e9, fonctionnel et confortable, avec 25 chambres r\u00e9nov\u00e9es et \u00e9quip\u00e9es en d\u00e9tail pour garantir \u00e0 nos clients un s\u00e9jour fantastique au c\u0153ur de Pampelune.\n\nNous soulignons le <strong>restaurant<\/strong> renomm\u00e9 du Sercotel Hotel Europa, avec <strong>1 \u00e9toile Michelin<\/strong> et <strong>2 soleils Repsol<\/strong> , dirig\u00e9 par le <strong>chef Pilar Idoate<\/strong> , le restaurant propose une cuisine contemporaine inspir\u00e9e de recettes traditionnelles et de produits de saison de qualit\u00e9.\n\n<\/div><\/a><\/div><h4>Contact <\/h4><div class=\"link-tienda\"><strong><a href=\"https:\/\/www.visitgastroh.com\/fr\/store\/hotel-europa\/\">+ Info<\/a><\/strong><\/div><\/div><\/div><\/div><div class=\"store-locator-row\"><div class=\"store-locator-col-sm-4\"><div class=\"wordpress-store-locator-list-item\"><div class=\"img-listado\"><a href=\"https:\/\/www.visitgastroh.com\/fr\/store\/hotel-fg-logrono\/\"><img loading=\"lazy\" decoding=\"async\" width=\"300\" height=\"200\" src=\"https:\/\/www.visitgastroh.com\/wp-content\/uploads\/2022\/02\/IMG_4454-300x200.jpg\" class=\"attachment-medium size-medium wp-post-image\" alt=\"\" srcset=\"https:\/\/www.visitgastroh.com\/wp-content\/uploads\/2022\/02\/IMG_4454-300x200.jpg 300w, https:\/\/www.visitgastroh.com\/wp-content\/uploads\/2022\/02\/IMG_4454-1024x683.jpg 1024w, https:\/\/www.visitgastroh.com\/wp-content\/uploads\/2022\/02\/IMG_4454-768x512.jpg 768w, https:\/\/www.visitgastroh.com\/wp-content\/uploads\/2022\/02\/IMG_4454-1536x1024.jpg 1536w, https:\/\/www.visitgastroh.com\/wp-content\/uploads\/2022\/02\/IMG_4454-2048x1365.jpg 2048w, https:\/\/www.visitgastroh.com\/wp-content\/uploads\/2022\/02\/IMG_4454-900x600.jpg 900w\" sizes=\"auto, (max-width: 300px) 100vw, 300px\" \/><\/a><\/div><div class=\"contenido-listado\"><a href=\"https:\/\/www.visitgastroh.com\/fr\/store\/hotel-fg-logrono\/\"><div class=\"ficha-defecto\">\n<h2>H\u00f4tel FG LOGRO\u00d1O<\/h2>\n<h3>(LOGRONO)<\/h3>\nSitu\u00e9 dans le centre historique de la ville, dans l'une de ses entr\u00e9es principales, El Puente de Piedra. Ses chambres offrent au client une vue magnifique sur l'\u00c8bre et ses magnifiques environs. Il est situ\u00e9 \u00e0 quelques minutes \u00e0 pied de la vieille ville de la typique Calle Laurel, o\u00f9 vous pourrez d\u00e9guster des tapas exquises et des vins renomm\u00e9s de la r\u00e9gion DO Rioja.\n\nSon int\u00e9rieur offre une atmosph\u00e8re exclusive, o\u00f9 il a \u00e9t\u00e9 possible de combiner en parfaite harmonie, la d\u00e9coration la plus raffin\u00e9e, gr\u00e2ce \u00e0 l'int\u00e9gration d'une arcade du XVIe si\u00e8cle, anciens num\u00e9ros impairs de la rue, avec les \u00e9quipements les plus modernes : ascenseurs panoramiques, bois nobles et la lumi\u00e8re naturelle \u00e0 travers la verri\u00e8re de tout le b\u00e2timent.\n\nIl dispose d'un espace d\u00e9tente, pour les clients en s\u00e9jour, \u00e9quip\u00e9 d'un sauna, d'un jacuzzi et d'une salle de sport. L'h\u00f4tel propose \u00e9galement un espace affaires gratuit et une connexion Wi-Fi gratuite dans tout l'h\u00f4tel.\n\nSalles de r\u00e9union, parking surveill\u00e9 payant et parking ext\u00e9rieur.\n\nL'offre est compl\u00e9t\u00e9e par un restaurant o\u00f9 vous pourrez d\u00e9guster des plats typiques de la r\u00e9gion ainsi que des vins DOC Rioja, ou la plus large gamme de pinchos \u00e0 la caf\u00e9t\u00e9ria.\n\n&nbsp;\n\n<\/div><\/a><\/div><h4>Contact <\/h4><div class=\"link-tienda\"><strong><a href=\"https:\/\/www.visitgastroh.com\/fr\/store\/hotel-fg-logrono\/\">+ Info<\/a><\/strong><\/div><\/div><\/div><div class=\"store-locator-col-sm-4\"><div class=\"wordpress-store-locator-list-item\"><div class=\"img-listado\"><a href=\"https:\/\/www.visitgastroh.com\/fr\/store\/hotel-gran-via\/\"><img loading=\"lazy\" decoding=\"async\" width=\"300\" height=\"224\" src=\"https:\/\/www.visitgastroh.com\/wp-content\/uploads\/2022\/02\/IMG_20180130_215600_914-002-300x224.jpg\" class=\"attachment-medium size-medium wp-post-image\" alt=\"\" srcset=\"https:\/\/www.visitgastroh.com\/wp-content\/uploads\/2022\/02\/IMG_20180130_215600_914-002-300x224.jpg 300w, https:\/\/www.visitgastroh.com\/wp-content\/uploads\/2022\/02\/IMG_20180130_215600_914-002-1024x766.jpg 1024w, https:\/\/www.visitgastroh.com\/wp-content\/uploads\/2022\/02\/IMG_20180130_215600_914-002-768x574.jpg 768w, https:\/\/www.visitgastroh.com\/wp-content\/uploads\/2022\/02\/IMG_20180130_215600_914-002-1536x1149.jpg 1536w, https:\/\/www.visitgastroh.com\/wp-content\/uploads\/2022\/02\/IMG_20180130_215600_914-002-2048x1532.jpg 2048w\" sizes=\"auto, (max-width: 300px) 100vw, 300px\" \/><\/a><\/div><div class=\"contenido-listado\"><a href=\"https:\/\/www.visitgastroh.com\/fr\/store\/hotel-gran-via\/\"><div class=\"ficha-defecto\">\n<h2>GRAN VIA **** Hotel<\/h2>\n<h3>(LOGRONO)<\/h3>\nL'H\u00d4TEL GRAN VIA LOGRO\u00d1O **** est situ\u00e9 dans la rue principale de la ville, en passant par le Camino de Santiago \u00e0 travers Tierras Riojanas, \u00e0 proximit\u00e9 du centre historique et \u00e9conomique et \u00e0 seulement 3 minutes de la Calle Laurel - Senda de los Elefantes\n\nNous disposons de 91 chambres r\u00e9am\u00e9nag\u00e9es et r\u00e9nov\u00e9es au style moderne, \u00e9l\u00e9gant et cosy, \u00e9quip\u00e9es de tout le confort de nos jours, Chambres Standard, Chambres Adapt\u00e9es, Chambres Familiales pour 4 et 5 personnes et Chambres Ex\u00e9cutives, avec Coffre-fort, Minibar et WIFI gratuit\n\nLes installations sont compl\u00e9t\u00e9es par la salle San Mill\u00e1n pour bien commencer la journ\u00e9e avec notre petit-d\u00e9jeuner buffet, les salles Cameros I, II et III, modulables entre elles pour tout \u00e9v\u00e9nement, notre Lobby Bar pour ce temps d'attente, Room Service, Professional Outdoor Gym libre \u00e0 1' et garage priv\u00e9 dans l'immeuble m\u00eame avec acc\u00e8s direct aux chambres\n\n&nbsp;\n\n<\/div><\/a><\/div><h4>Contact <\/h4><div class=\"link-tienda\"><strong><a href=\"https:\/\/www.visitgastroh.com\/fr\/store\/hotel-gran-via\/\">+ Info<\/a><\/strong><\/div><\/div><\/div><div class=\"store-locator-col-sm-4\"><div class=\"wordpress-store-locator-list-item\"><div class=\"img-listado\"><a href=\"https:\/\/www.visitgastroh.com\/fr\/store\/hotel-hola-tafalla\/\"><img loading=\"lazy\" decoding=\"async\" width=\"300\" height=\"225\" src=\"https:\/\/www.visitgastroh.com\/wp-content\/uploads\/2022\/02\/03-Hotel-Navarra-Sercotel-Hola-Tafalla-Fachada-300x225.jpg\" class=\"attachment-medium size-medium wp-post-image\" alt=\"\" srcset=\"https:\/\/www.visitgastroh.com\/wp-content\/uploads\/2022\/02\/03-Hotel-Navarra-Sercotel-Hola-Tafalla-Fachada-300x225.jpg 300w, https:\/\/www.visitgastroh.com\/wp-content\/uploads\/2022\/02\/03-Hotel-Navarra-Sercotel-Hola-Tafalla-Fachada-768x576.jpg 768w, https:\/\/www.visitgastroh.com\/wp-content\/uploads\/2022\/02\/03-Hotel-Navarra-Sercotel-Hola-Tafalla-Fachada.jpg 800w\" sizes=\"auto, (max-width: 300px) 100vw, 300px\" \/><\/a><\/div><div class=\"contenido-listado\"><a href=\"https:\/\/www.visitgastroh.com\/fr\/store\/hotel-hola-tafalla\/\"><div class=\"ficha-defecto\">\n<h2>HOLA TAFALLA Hotel<\/h2>\n<h3>(Tafalla)<\/h3>\nLe Sercotel Hola Tafalla est un h\u00f4tel \u00e0 Tafalla avec un style moderne et fonctionnel, situ\u00e9 dans la partie sud de la ville, dans le quartier r\u00e9sidentiel. Le b\u00e2timent est situ\u00e9 en face des installations sportives de la ville et \u00e0 quelques minutes de la ville touristique unique d'Olite et \u00e0 20 minutes de Pampelune.\n\nSercotel Hola Tafalla est un \u00e9tablissement de la plus haute qualit\u00e9, o\u00f9 une construction rigoureuse, un design et une atmosph\u00e8re de grande luminosit\u00e9 et \u00e9l\u00e9gance se rejoignent, ainsi qu'une \u00e9quipe de travail professionnelle.\n\n<\/div><\/a><\/div><h4>Contact <\/h4><div class=\"link-tienda\"><strong><a href=\"https:\/\/www.visitgastroh.com\/fr\/store\/hotel-hola-tafalla\/\">+ Info<\/a><\/strong><\/div><\/div><\/div><\/div><div class=\"store-locator-row\"><div class=\"store-locator-col-sm-4\"><div class=\"wordpress-store-locator-list-item\"><div class=\"img-listado\"><a href=\"https:\/\/www.visitgastroh.com\/fr\/store\/hotel-ibis-styles-arnedo-la-rioja\/\"><img loading=\"lazy\" decoding=\"async\" width=\"300\" height=\"213\" src=\"https:\/\/www.visitgastroh.com\/wp-content\/uploads\/2022\/02\/Hotel-tematico-del-calzado-cama-300x213.jpg\" class=\"attachment-medium size-medium wp-post-image\" alt=\"\" srcset=\"https:\/\/www.visitgastroh.com\/wp-content\/uploads\/2022\/02\/Hotel-tematico-del-calzado-cama-300x213.jpg 300w, https:\/\/www.visitgastroh.com\/wp-content\/uploads\/2022\/02\/Hotel-tematico-del-calzado-cama-1024x726.jpg 1024w, https:\/\/www.visitgastroh.com\/wp-content\/uploads\/2022\/02\/Hotel-tematico-del-calzado-cama-768x545.jpg 768w, https:\/\/www.visitgastroh.com\/wp-content\/uploads\/2022\/02\/Hotel-tematico-del-calzado-cama.jpg 1110w\" sizes=\"auto, (max-width: 300px) 100vw, 300px\" \/><\/a><\/div><div class=\"contenido-listado\"><a href=\"https:\/\/www.visitgastroh.com\/fr\/store\/hotel-ibis-styles-arnedo-la-rioja\/\"><div class=\"ficha-defecto\">\n<h2>H\u00f4tel - Restaurant IBIS STYLES<\/h2>\n<h3>(ARN\u00c9DO)<\/h3>\nNous sommes toujours les m\u00eames : l'h\u00f4tel Victoria. Ceux d'entre nous qui pendant des d\u00e9cennies ont \u00e9t\u00e9 au service d'Arnedanos et ceux qui nous visitent. Au Victoria, nous avons rejoint la multinationale h\u00f4teli\u00e8re Accor, Ibis Styles, pour nous renforcer et vous offrir les meilleurs services, en plus de promouvoir le nom d'Arnedo (City of Footwear) hors de nos fronti\u00e8res.\n\nNous sommes un h\u00f4tel color\u00e9, lumineux et \u00e9nergique, \u00e9tant le \"Footwear Theme Hotel\". Nous diff\u00e9rencions le traitement personnalis\u00e9 et notre grande vari\u00e9t\u00e9 de services.\n\nNous misons sur la gastronomie de notre r\u00e9gion et sur des produits frais et de qualit\u00e9, c'est pourquoi nous disposons de plusieurs espaces gastronomiques o\u00f9 vous pourrez d\u00e9guster les saveurs du territoire : restaurant Victoria, le Gastrobar, l'Azotea,...\n\nNous voulons vous offrir le logement id\u00e9al pour profiter de votre s\u00e9jour \u00e0 La Rioja. Nous nous connaissons? \"\n\n<\/div><\/a><\/div><h4>Contact <\/h4><div class=\"link-tienda\"><strong><a href=\"https:\/\/www.visitgastroh.com\/fr\/store\/hotel-ibis-styles-arnedo-la-rioja\/\">+ Info<\/a><\/strong><\/div><\/div><\/div><div class=\"store-locator-col-sm-4\"><div class=\"wordpress-store-locator-list-item\"><div class=\"img-listado\"><a href=\"https:\/\/www.visitgastroh.com\/fr\/store\/hotel-iriarte-jauregia\/\"><img loading=\"lazy\" decoding=\"async\" width=\"300\" height=\"159\" src=\"https:\/\/www.visitgastroh.com\/wp-content\/uploads\/2022\/02\/031-1-300x159.jpeg\" class=\"attachment-medium size-medium wp-post-image\" alt=\"\" srcset=\"https:\/\/www.visitgastroh.com\/wp-content\/uploads\/2022\/02\/031-1-300x159.jpeg 300w, https:\/\/www.visitgastroh.com\/wp-content\/uploads\/2022\/02\/031-1.jpeg 640w\" sizes=\"auto, (max-width: 300px) 100vw, 300px\" \/><\/a><\/div><div class=\"contenido-listado\"><a href=\"https:\/\/www.visitgastroh.com\/fr\/store\/hotel-iriarte-jauregia\/\"><div class=\"ficha-defecto\">\n<h2>H\u00f4tel Iriarte Jauregia ****<\/h2>\n<h3>Bidania-Goiatz<\/h3>\n\u00c9l\u00e9gant h\u00f4tel 4 \u00e9toiles situ\u00e9 dans une belle vall\u00e9e au c\u0153ur de Gipuzkoa et \u00e0 seulement 30 minutes de la c\u00f4te basque et de la ville de Donostia-San Sebasti\u00e1n.\n\nUn palais du 17\u00e8me si\u00e8cle en pleine nature o\u00f9 tradition et design se conjuguent naturellement pour cr\u00e9er des chambres chaleureuses et accueillantes.\n\n21 chambres avec personnalit\u00e9 et belles vues o\u00f9 les mat\u00e9riaux, les textures, les couleurs et les d\u00e9tails sont con\u00e7us pour favoriser le repos.\n\nLa gastronomie est un \u00e9l\u00e9ment fondamental de l'h\u00f4tel.\n\nDans son restaurant gastronomique Bailara, un menu d\u00e9gustation est servi o\u00f9 le chef Enrique Fleischmann propose une cuisine d'auteur, o\u00f9 les produits locaux et la cr\u00e9ativit\u00e9 sont les protagonistes.\n\nSon restaurant traditionnel Bistr\u00f3 IJH est un espace gastronomique o\u00f9 la cuisine de qualit\u00e9 est valoris\u00e9e, avec des recettes simples, traditionnelles et amusantes qui refl\u00e8tent une cuisine d'exp\u00e9riences.\n\nIl dispose d'un grand jardin avec de belles vues et d'une terrasse o\u00f9 vous pourrez prendre un verre ou d\u00e9guster un d\u00e9licieux petit-d\u00e9jeuner sain en plein air.\n\nDe par sa situation, c'est le point de d\u00e9part id\u00e9al pour visiter le Pays Basque, passer des vacances ou se ressourcer lors d'une escapade.\n\n<\/div><\/a><\/div><h4>Contact <\/h4><div class=\"link-tienda\"><strong><a href=\"https:\/\/www.visitgastroh.com\/fr\/store\/hotel-iriarte-jauregia\/\">+ Info<\/a><\/strong><\/div><\/div><\/div><div class=\"store-locator-col-sm-4\"><div class=\"wordpress-store-locator-list-item\"><div class=\"img-listado\"><a href=\"https:\/\/www.visitgastroh.com\/fr\/store\/hotel-iriguibel\/\"><img loading=\"lazy\" decoding=\"async\" width=\"300\" height=\"100\" src=\"https:\/\/www.visitgastroh.com\/wp-content\/uploads\/2022\/02\/hotel_sercotel_iriguibel_portada-300x100.jpg\" class=\"attachment-medium size-medium wp-post-image\" alt=\"\" srcset=\"https:\/\/www.visitgastroh.com\/wp-content\/uploads\/2022\/02\/hotel_sercotel_iriguibel_portada-300x100.jpg 300w, https:\/\/www.visitgastroh.com\/wp-content\/uploads\/2022\/02\/hotel_sercotel_iriguibel_portada-1024x341.jpg 1024w, https:\/\/www.visitgastroh.com\/wp-content\/uploads\/2022\/02\/hotel_sercotel_iriguibel_portada-768x256.jpg 768w, https:\/\/www.visitgastroh.com\/wp-content\/uploads\/2022\/02\/hotel_sercotel_iriguibel_portada.jpg 1200w\" sizes=\"auto, (max-width: 300px) 100vw, 300px\" \/><\/a><\/div><div class=\"contenido-listado\"><a href=\"https:\/\/www.visitgastroh.com\/fr\/store\/hotel-iriguibel\/\"><div class=\"ficha-defecto\">\n<h2>H\u00f4tel IRIGUIBEL<\/h2>\n<h3>(Huart\u00e9)<\/h3>\nLe <strong>Sercotel Hotel Iriguibel<\/strong> est situ\u00e9 \u00e0 <strong>6 km du centre de Pampelune<\/strong> . \u00c0 quelques m\u00e8tres du <strong>centre commercial et de loisirs d'Itaroa<\/strong> et \u00e0 proximit\u00e9 des zones industrielles Areta et Eg\u00fc\u00e9s. Proche des lieux d'int\u00e9r\u00eat culturel tels que le <strong>mus\u00e9e Oteiza<\/strong> et le <strong>Camino de Santiago<\/strong> .\n\nIl dispose de <strong>37<\/strong> chambres tr\u00e8s confortables, insonoris\u00e9es et climatis\u00e9es, avec salle de bain compl\u00e8te, t\u00e9l\u00e9phone, coffre-fort gratuit, connexion Internet Wi-Fi gratuite et t\u00e9l\u00e9vision LCD 22 pouces avec 10 cha\u00eenes Digital +.\n\n<strong>Petit-d\u00e9jeuner buffet<\/strong> , minibar gratuit avec boissons non alcoolis\u00e9es, coin Internet avec 2 PC avec connexion Internet haut d\u00e9bit, wi-fi gratuit dans toutes les installations de l'h\u00f4tel, biblioth\u00e8que, parking ext\u00e9rieur surveill\u00e9 par vid\u00e9o.\n\n<strong>El Sal\u00f3n de Estar Cafeteria Bar<\/strong> , avec un grand bar \u00e0 pintxos, service de d\u00eener et service en chambre du lundi au jeudi.\n\n<\/div><\/a><\/div><h4>Contact <\/h4><div class=\"link-tienda\"><strong><a href=\"https:\/\/www.visitgastroh.com\/fr\/store\/hotel-iriguibel\/\">+ Info<\/a><\/strong><\/div><\/div><\/div><\/div><div class=\"store-locator-row\"><div class=\"store-locator-col-sm-4\"><div class=\"wordpress-store-locator-list-item\"><div class=\"img-listado\"><a href=\"https:\/\/www.visitgastroh.com\/fr\/store\/hotel-la-galerie\/\"><img loading=\"lazy\" decoding=\"async\" width=\"300\" height=\"201\" src=\"https:\/\/www.visitgastroh.com\/wp-content\/uploads\/2022\/02\/galeria-1-300x201.jpg\" class=\"attachment-medium size-medium wp-post-image\" alt=\"\" srcset=\"https:\/\/www.visitgastroh.com\/wp-content\/uploads\/2022\/02\/galeria-1-300x201.jpg 300w, https:\/\/www.visitgastroh.com\/wp-content\/uploads\/2022\/02\/galeria-1-1024x685.jpg 1024w, https:\/\/www.visitgastroh.com\/wp-content\/uploads\/2022\/02\/galeria-1-768x514.jpg 768w, https:\/\/www.visitgastroh.com\/wp-content\/uploads\/2022\/02\/galeria-1-1536x1028.jpg 1536w, https:\/\/www.visitgastroh.com\/wp-content\/uploads\/2022\/02\/galeria-1-900x600.jpg 900w, https:\/\/www.visitgastroh.com\/wp-content\/uploads\/2022\/02\/galeria-1-600x403.jpg 600w, https:\/\/www.visitgastroh.com\/wp-content\/uploads\/2022\/02\/galeria-1-400x269.jpg 400w, https:\/\/www.visitgastroh.com\/wp-content\/uploads\/2022\/02\/galeria-1.jpg 1744w\" sizes=\"auto, (max-width: 300px) 100vw, 300px\" \/><\/a><\/div><div class=\"contenido-listado\"><a href=\"https:\/\/www.visitgastroh.com\/fr\/store\/hotel-la-galerie\/\"><div class=\"ficha-defecto\">\n<h2>Galerie H\u00f4tel<\/h2>\n<h3>(Donostia-Saint-S\u00e9bastien)<\/h3>\nSitu\u00e9 sur le front de mer d'Ondarreta, il offre une vue magnifique sur la baie de La Concha. Dans l'enclave la plus attrayante de San Sebasti\u00e1n, La Galer\u00eda occupe un bel immeuble de style fran\u00e7ais de la fin du XIXe si\u00e8cle. Renoir, Picasso, Dal\u00ed, Mir\u00f3, Regoyos\u2026 donnent leur nom \u00e0 nos chambres. Une excellente reproduction de l'artiste orne la t\u00eate de lit et les meubles d'\u00e9poque donnent de la personnalit\u00e9 \u00e0 chacun d'eux. Le professionnalisme et la gentillesse de notre personnel contribueront \u00e0 rendre votre s\u00e9jour le plus agr\u00e9able possible.\n\n<\/div><\/a><\/div><h4>Contact <\/h4><div class=\"link-tienda\"><strong><a href=\"https:\/\/www.visitgastroh.com\/fr\/store\/hotel-la-galerie\/\">+ Info<\/a><\/strong><\/div><\/div><\/div><div class=\"store-locator-col-sm-4\"><div class=\"wordpress-store-locator-list-item\"><div class=\"img-listado\"><a href=\"https:\/\/www.visitgastroh.com\/fr\/store\/hotel-le-vieux-logis\/\"><img loading=\"lazy\" decoding=\"async\" width=\"300\" height=\"225\" src=\"https:\/\/www.visitgastroh.com\/wp-content\/uploads\/2022\/04\/hotel-le-vieux-logis-facade-lestelle-betharram-899697-300x225.jpg\" class=\"attachment-medium size-medium wp-post-image\" alt=\"\" srcset=\"https:\/\/www.visitgastroh.com\/wp-content\/uploads\/2022\/04\/hotel-le-vieux-logis-facade-lestelle-betharram-899697-300x225.jpg 300w, https:\/\/www.visitgastroh.com\/wp-content\/uploads\/2022\/04\/hotel-le-vieux-logis-facade-lestelle-betharram-899697-1024x768.jpg 1024w, https:\/\/www.visitgastroh.com\/wp-content\/uploads\/2022\/04\/hotel-le-vieux-logis-facade-lestelle-betharram-899697-768x576.jpg 768w, https:\/\/www.visitgastroh.com\/wp-content\/uploads\/2022\/04\/hotel-le-vieux-logis-facade-lestelle-betharram-899697-1536x1152.jpg 1536w, https:\/\/www.visitgastroh.com\/wp-content\/uploads\/2022\/04\/hotel-le-vieux-logis-facade-lestelle-betharram-899697-2048x1536.jpg 2048w\" sizes=\"auto, (max-width: 300px) 100vw, 300px\" \/><\/a><\/div><div class=\"contenido-listado\"><a href=\"https:\/\/www.visitgastroh.com\/fr\/store\/hotel-le-vieux-logis\/\"><div class=\"ficha-defecto\">\r\n<h2>H\u00f4tel Le Vieux Logis<\/h2>\r\n<h3>(LESTELLE-BETHARRAM)<\/h3>\r\nA deux pas de la\u00a0<strong>vall\u00e9e du Gave de Pau<\/strong>\u00a0et des\u00a0<strong>c\u00e9l\u00e8bres grottes de B\u00e9tharram<\/strong>, \u00e0 20 minutes de\u00a0<strong>Lourdes<\/strong>, l'h\u00f4tel Le Vieux Logis ravit tout autant les familles en vacances que les touristes de passage ou voyageurs d'affaires lors d'une\u00a0<strong>soir\u00e9e-\u00e9tape<\/strong>\u00a0ou d'un\u00a0<strong>s\u00e9minaire<\/strong>.\r\n\r\nDans ce joli d\u00e9cor, quatre g\u00e9n\u00e9rations de la m\u00eame famille se sont succ\u00e9d\u00e9es pour faire de la maison de famille sinc\u00e8re et chaleureuse, un domaine h\u00f4telier au charme et \u00e0 la personnalit\u00e9 tr\u00e8s affirm\u00e9s.\r\n\r\nAujourd'hui, ceux sont Marie-Pierre, Francis et leurs enfants \u00a0qui poursuivent la tradition b\u00e9arnaise et veillent \u00e0 votre bien-\u00eatre en vous proposant <strong>27 chambres<\/strong>,\u00a0<strong>5 chalets\/chambres<\/strong><strong>\u00a0<\/strong><strong>au plus pr\u00e8s de la nature, un restaurant \u00e0 la cuisine reconnue,\u00a0<\/strong>un\u00a0<strong>bar<\/strong>,\u00a0<strong>2 salles de r\u00e9union<\/strong>, une\u00a0<strong>piscine ext\u00e9rieure de saison<\/strong>\u00a0(chauff\u00e9e de mai \u00e0 octobre), un\u00a0<strong>terrain de p\u00e9tanque<\/strong>\u00a0et une\u00a0<strong>aire de jeux<\/strong>.\r\n\r\nLe tout pos\u00e9 au c\u0153ur d'un\u00a0<strong>grand parc<\/strong>, au calme d'un environnement naturel exceptionnel avec vue sur le pi\u00e9mont pyr\u00e9n\u00e9en que vous pourrez appr\u00e9cier selon l'humeur de la m\u00e9t\u00e9o depuis la terrasse du restaurant, de votre chambre ou de votre chalet.\r\n\r\n<\/div><\/a><\/div><h4>Contact <\/h4><div class=\"link-tienda\"><strong><a href=\"https:\/\/www.visitgastroh.com\/fr\/store\/hotel-le-vieux-logis\/\">+ Info<\/a><\/strong><\/div><\/div><\/div><div class=\"store-locator-col-sm-4\"><div class=\"wordpress-store-locator-list-item\"><div class=\"img-listado\"><a href=\"https:\/\/www.visitgastroh.com\/fr\/store\/hotel-leyre\/\"><img loading=\"lazy\" decoding=\"async\" width=\"300\" height=\"100\" src=\"https:\/\/www.visitgastroh.com\/wp-content\/uploads\/2022\/02\/hotel_sercotel_leyre_portada-300x100.jpg\" class=\"attachment-medium size-medium wp-post-image\" alt=\"\" srcset=\"https:\/\/www.visitgastroh.com\/wp-content\/uploads\/2022\/02\/hotel_sercotel_leyre_portada-300x100.jpg 300w, https:\/\/www.visitgastroh.com\/wp-content\/uploads\/2022\/02\/hotel_sercotel_leyre_portada-1024x341.jpg 1024w, https:\/\/www.visitgastroh.com\/wp-content\/uploads\/2022\/02\/hotel_sercotel_leyre_portada-768x256.jpg 768w, https:\/\/www.visitgastroh.com\/wp-content\/uploads\/2022\/02\/hotel_sercotel_leyre_portada.jpg 1200w\" sizes=\"auto, (max-width: 300px) 100vw, 300px\" \/><\/a><\/div><div class=\"contenido-listado\"><a href=\"https:\/\/www.visitgastroh.com\/fr\/store\/hotel-leyre\/\"><div class=\"ficha-defecto\">\n<h2>H\u00f4tel Leyre<\/h2>\n<h3>(Pamplona)<\/h3>\nPerpendiculaire \u00e0 l'avenue principale de Pampelune, Carlos III, \u00e0 c\u00f4t\u00e9 du centre commercial et d'affaires, l'H\u00f4tel Leyre vous offre la possibilit\u00e9 de profiter des charmes de la ville depuis son centre n\u00e9vralgique. La vieille ville, le Palacio de Congresos, la Plaza del Castillo, la Plaza de Toros ou l'embl\u00e9matique rue Estafeta ne sont que quelques exemples.\n\nIl dispose de 55 chambres spacieuses et chaleureuses climatis\u00e9es, TV satellite, internet wi-fi gratuit, minibar, service de blanchisserie-pressing, t\u00e9l\u00e9phone direct, coffre-fort, bureau et salle de bain compl\u00e8te avec s\u00e8che-cheveux. Salle sociale, salle de gym et salle de petit-d\u00e9jeuner buffet. Parking concert\u00e9 \u00e0 un p\u00e2t\u00e9 de maisons.\n\n<\/div><\/a><\/div><h4>Contact <\/h4><div class=\"link-tienda\"><strong><a href=\"https:\/\/www.visitgastroh.com\/fr\/store\/hotel-leyre\/\">+ Info<\/a><\/strong><\/div><\/div><\/div><\/div><div class=\"store-locator-row\"><div class=\"store-locator-col-sm-4\"><div class=\"wordpress-store-locator-list-item\"><div class=\"img-listado\"><a href=\"https:\/\/www.visitgastroh.com\/fr\/store\/hotel-maisonnave\/\"><img loading=\"lazy\" decoding=\"async\" width=\"300\" height=\"200\" src=\"https:\/\/www.visitgastroh.com\/wp-content\/uploads\/2022\/01\/SUPERIOR-300x200.jpg\" class=\"attachment-medium size-medium wp-post-image\" alt=\"\" srcset=\"https:\/\/www.visitgastroh.com\/wp-content\/uploads\/2022\/01\/SUPERIOR-300x200.jpg 300w, https:\/\/www.visitgastroh.com\/wp-content\/uploads\/2022\/01\/SUPERIOR-1024x684.jpg 1024w, https:\/\/www.visitgastroh.com\/wp-content\/uploads\/2022\/01\/SUPERIOR-768x513.jpg 768w, https:\/\/www.visitgastroh.com\/wp-content\/uploads\/2022\/01\/SUPERIOR-1536x1026.jpg 1536w, https:\/\/www.visitgastroh.com\/wp-content\/uploads\/2022\/01\/SUPERIOR-2048x1367.jpg 2048w, https:\/\/www.visitgastroh.com\/wp-content\/uploads\/2022\/01\/SUPERIOR-900x600.jpg 900w\" sizes=\"auto, (max-width: 300px) 100vw, 300px\" \/><\/a><\/div><div class=\"contenido-listado\"><a href=\"https:\/\/www.visitgastroh.com\/fr\/store\/hotel-maisonnave\/\"><div class=\"ficha-defecto\">\n<h2>H\u00f4tel MAISONNAVE<\/h2>\n<h3>(Pampelune)<\/h3>\nL'h\u00f4tel Maisonnave est un \u00e9tablissement situ\u00e9 au centre de Pampelune, \u00e0 50 m\u00e8tres de la mairie. Il propose des chambres \u00e0 la d\u00e9coration moderne, une connexion Wi-Fi gratuite et un acc\u00e8s gratuit \u00e0 la salle de sport et au sauna.\n\nLes chambres du Maisonnave sont lumineuses et d\u00e9cor\u00e9es dans des tons neutres, chaleureux et relaxants. Elles sont toutes \u00e9quip\u00e9es d'une t\u00e9l\u00e9vision par satellite \u00e0 \u00e9cran plat et d'une salle de bains privative.\n\nLe restaurant Maisonnave est un lieu privil\u00e9gi\u00e9 o\u00f9 vous pourrez d\u00e9guster une excellente cuisine navarraise \u00e9labor\u00e9e avec des produits de qualit\u00e9. Un petit-d\u00e9jeuner buffet est servi tous les jours et une machine \u00e0 caf\u00e9 Nespresso est \u00e0 votre disposition.\n\nIl est situ\u00e9 \u00e0 distance de marche de nombreux lieux d'int\u00e9r\u00eat, tels que la cath\u00e9drale, la Plaza del Castillo et le principal quartier de tapas de la ville. Il est \u00e9galement proche des parcs de La Taconera et de La Ciudadela. Le parcours de la course des taureaux de San Ferm\u00edn passe par la place de la ville.\n\n<\/div><\/a><\/div><h4>Contact <\/h4><div class=\"link-tienda\"><strong><a href=\"https:\/\/www.visitgastroh.com\/fr\/store\/hotel-maisonnave\/\">+ Info<\/a><\/strong><\/div><\/div><\/div><div class=\"store-locator-col-sm-4\"><div class=\"wordpress-store-locator-list-item\"><div class=\"img-listado\"><a href=\"https:\/\/www.visitgastroh.com\/fr\/store\/hotel-mercure-monte-igueldo\/\"><img loading=\"lazy\" decoding=\"async\" width=\"300\" height=\"146\" src=\"https:\/\/www.visitgastroh.com\/wp-content\/uploads\/2022\/02\/PISCINA-1-300x146.jpg\" class=\"attachment-medium size-medium wp-post-image\" alt=\"\" srcset=\"https:\/\/www.visitgastroh.com\/wp-content\/uploads\/2022\/02\/PISCINA-1-300x146.jpg 300w, https:\/\/www.visitgastroh.com\/wp-content\/uploads\/2022\/02\/PISCINA-1-1024x498.jpg 1024w, https:\/\/www.visitgastroh.com\/wp-content\/uploads\/2022\/02\/PISCINA-1-768x373.jpg 768w, https:\/\/www.visitgastroh.com\/wp-content\/uploads\/2022\/02\/PISCINA-1-1536x746.jpg 1536w, https:\/\/www.visitgastroh.com\/wp-content\/uploads\/2022\/02\/PISCINA-1-2048x995.jpg 2048w\" sizes=\"auto, (max-width: 300px) 100vw, 300px\" \/><\/a><\/div><div class=\"contenido-listado\"><a href=\"https:\/\/www.visitgastroh.com\/fr\/store\/hotel-mercure-monte-igueldo\/\"><div class=\"ficha-defecto\">\n<h2>H\u00f4tel Mercure Monte Igueldo<\/h2>\n<h3>(Saint S\u00e9bastien)<\/h3>\nUn h\u00f4tel charg\u00e9 d'histoire qui a m\u00e9rit\u00e9 une position d'honneur dans la m\u00e9moire des habitants de Saint-S\u00e9bastien.\n\nUn h\u00f4tel qui s\u00e9duit par la beaut\u00e9 de ses vues et la qualit\u00e9 de son service.\n\nUn h\u00f4tel qui bat dans l'\u00e2me, le c\u0153ur et la vie de la ville.\n\nApprendre a nous connaitre!\n\n<\/div><\/a><\/div><h4>Contact <\/h4><div class=\"link-tienda\"><strong><a href=\"https:\/\/www.visitgastroh.com\/fr\/store\/hotel-mercure-monte-igueldo\/\">+ Info<\/a><\/strong><\/div><\/div><\/div><div class=\"store-locator-col-sm-4\"><div class=\"wordpress-store-locator-list-item\"><div class=\"img-listado\"><a href=\"https:\/\/www.visitgastroh.com\/fr\/store\/hotel-mondragon\/\"><img loading=\"lazy\" decoding=\"async\" width=\"300\" height=\"199\" src=\"https:\/\/www.visitgastroh.com\/wp-content\/uploads\/2022\/02\/foto-pag-web-fachada-300x199.jpg\" class=\"attachment-medium size-medium wp-post-image\" alt=\"\" srcset=\"https:\/\/www.visitgastroh.com\/wp-content\/uploads\/2022\/02\/foto-pag-web-fachada-300x199.jpg 300w, https:\/\/www.visitgastroh.com\/wp-content\/uploads\/2022\/02\/foto-pag-web-fachada-1024x680.jpg 1024w, https:\/\/www.visitgastroh.com\/wp-content\/uploads\/2022\/02\/foto-pag-web-fachada-768x510.jpg 768w, https:\/\/www.visitgastroh.com\/wp-content\/uploads\/2022\/02\/foto-pag-web-fachada-1536x1020.jpg 1536w, https:\/\/www.visitgastroh.com\/wp-content\/uploads\/2022\/02\/foto-pag-web-fachada-2048x1360.jpg 2048w, https:\/\/www.visitgastroh.com\/wp-content\/uploads\/2022\/02\/foto-pag-web-fachada-900x600.jpg 900w\" sizes=\"auto, (max-width: 300px) 100vw, 300px\" \/><\/a><\/div><div class=\"contenido-listado\"><a href=\"https:\/\/www.visitgastroh.com\/fr\/store\/hotel-mondragon\/\"><div class=\"ficha-defecto\">\n<h2>H\u00d4TEL RESTAURANT MONDRAGON ***<\/h2>\n<h3>MONDRAGON<\/h3>\nH\u00f4tel situ\u00e9 dans le centre de Mondrag\u00f3n, situ\u00e9 dans un b\u00e2timent historique qui abritait les bureaux de l'Union Cerrajera.\n\n46 chambres enti\u00e8rement \u00e9quip\u00e9es. Il dispose \u00e9galement de chambres familiales.\n\nIl dispose \u00e9galement d'un restaurant proposant une cuisine traditionnelle.\n\n<\/div><\/a><\/div><h4>Contact <\/h4><div class=\"link-tienda\"><strong><a href=\"https:\/\/www.visitgastroh.com\/fr\/store\/hotel-mondragon\/\">+ Info<\/a><\/strong><\/div><\/div><\/div><\/div><div class=\"store-locator-row\"><div class=\"store-locator-col-sm-4\"><div class=\"wordpress-store-locator-list-item\"><div class=\"img-listado\"><a href=\"https:\/\/www.visitgastroh.com\/fr\/store\/hotel-nh-herencia-rioja\/\"><img loading=\"lazy\" decoding=\"async\" width=\"300\" height=\"191\" src=\"https:\/\/www.visitgastroh.com\/wp-content\/uploads\/2022\/02\/RSPNS_NH_herencia-rioja_187_big1-300x191.jpg\" class=\"attachment-medium size-medium wp-post-image\" alt=\"\" srcset=\"https:\/\/www.visitgastroh.com\/wp-content\/uploads\/2022\/02\/RSPNS_NH_herencia-rioja_187_big1-300x191.jpg 300w, https:\/\/www.visitgastroh.com\/wp-content\/uploads\/2022\/02\/RSPNS_NH_herencia-rioja_187_big1.jpg 330w\" sizes=\"auto, (max-width: 300px) 100vw, 300px\" \/><\/a><\/div><div class=\"contenido-listado\"><a href=\"https:\/\/www.visitgastroh.com\/fr\/store\/hotel-nh-herencia-rioja\/\"><div class=\"ficha-defecto\">\n<h2>H\u00f4tel-Restaurant NH HERENCIA RIOJA<\/h2>\n<h3>(LOGRO\u00d1O)<\/h3>\nL'h\u00f4tel <strong>NH Logro\u00f1o Herencia Rioja<\/strong> est situ\u00e9 au c\u0153ur de Logro\u00f1o, \u00e0 moins de 5 minutes \u00e0 pied de la vieille ville, du quartier commer\u00e7ant et du quartier El Laurel, qui abrite des bars \u00e0 vin et \u00e0 tapas traditionnels. Il a \u00e9t\u00e9 r\u00e9nov\u00e9 en 2019 et est \u00e9galement situ\u00e9 pr\u00e8s de la fontaine Murrieta, l'un des sites touristiques les plus embl\u00e9matiques de la ville.\n\nEmplacement central \u00e0 proximit\u00e9 de la vieille ville \u2022 \u00e0 quelques pas des boutiques, des bars \u00e0 tapas et des bars \u00e0 vin \u2022 \u00e0 proximit\u00e9 de la fontaine Murrieta\n\nL'h\u00f4tel dispose de 83 chambres spacieuses. Elles sont toutes lumineuses et modernes, avec une d\u00e9coration sophistiqu\u00e9e et moderne. Ils disposent d'une t\u00e9l\u00e9vision \u00e0 \u00e9cran plat et d'une connexion Wi-Fi gratuite. Les deux suites comprennent un grand et confortable salon.\n\nChambres modernes et spacieuses baign\u00e9es de lumi\u00e8re naturelle \u2022 Wi-Fi gratuit \u2022 deux suites de luxe\n\nLe restaurant Brasserie Zarcillo est un endroit fantastique pour go\u00fbter la cuisine de la r\u00e9gion, sans oublier les vins fruit\u00e9s de la Rioja, dans un environnement fonctionnel et moderne, qui exalte la r\u00e9gion o\u00f9 il se trouve. Nous avons un bar confortable dans le hall, une chemin\u00e9e devant laquelle vous pourrez vous d\u00e9tendre et un espace de coworking si vous \u00eates ici pour affaires. Parking priv\u00e9 disponible devant l'h\u00f4tel.\n\nRestaurant servant des plats et des vins typiques de La Rioja \u2022 bar du hall \u2022 parking priv\u00e9 \u2022 si vous pr\u00e9voyez de rester avec nous le week-end, r\u00e9servez directement sur nh-hotels.es, inscrivez-vous \u00e0 NH Rewards et profitez des \"dimanche paresseux\" offre qui inclut le d\u00e9part tardif gratuit le dimanche (jusqu'\u00e0 15h00).\n\n<\/div>\n&nbsp;\n\n&nbsp;<\/a><\/div><h4>Contact <\/h4><div class=\"link-tienda\"><strong><a href=\"https:\/\/www.visitgastroh.com\/fr\/store\/hotel-nh-herencia-rioja\/\">+ Info<\/a><\/strong><\/div><\/div><\/div><div class=\"store-locator-col-sm-4\"><div class=\"wordpress-store-locator-list-item\"><div class=\"img-listado\"><a href=\"https:\/\/www.visitgastroh.com\/fr\/store\/hotel-nh-iruna-park\/\"><img loading=\"lazy\" decoding=\"async\" width=\"300\" height=\"125\" src=\"https:\/\/www.visitgastroh.com\/wp-content\/uploads\/2022\/02\/hotel_iruna_park-recepcion-300x125.jpg\" class=\"attachment-medium size-medium wp-post-image\" alt=\"\" srcset=\"https:\/\/www.visitgastroh.com\/wp-content\/uploads\/2022\/02\/hotel_iruna_park-recepcion-300x125.jpg 300w, https:\/\/www.visitgastroh.com\/wp-content\/uploads\/2022\/02\/hotel_iruna_park-recepcion-1024x427.jpg 1024w, https:\/\/www.visitgastroh.com\/wp-content\/uploads\/2022\/02\/hotel_iruna_park-recepcion-768x320.jpg 768w, https:\/\/www.visitgastroh.com\/wp-content\/uploads\/2022\/02\/hotel_iruna_park-recepcion.jpg 1200w\" sizes=\"auto, (max-width: 300px) 100vw, 300px\" \/><\/a><\/div><div class=\"contenido-listado\"><a href=\"https:\/\/www.visitgastroh.com\/fr\/store\/hotel-nh-iruna-park\/\"><div class=\"ficha-defecto\">\n<h2>NH IRU\u00d1A PARK Hotel<\/h2>\n<h3>(Pampelune)<\/h3>\nL'h\u00f4tel NH Pamplona Iru\u00f1a Park, enti\u00e8rement r\u00e9nov\u00e9 en 2016, est situ\u00e9 dans le quartier paisible de Pampelune \u00e0 San Juan, tout pr\u00e8s du parc Yamaguchi sur le th\u00e8me japonais.\n\nSi vous aimez les espaces verts, vous appr\u00e9cierez vraiment la promenade d\u00e9contract\u00e9e vers le centre-ville qui vous m\u00e8nera \u00e0 travers le Parque de la Taconera.\nA 20 minutes \u00e0 pied du centre, o\u00f9 se trouvent les c\u00e9l\u00e8bres ar\u00e8nes, la cath\u00e9drale et les remparts de la vieille ville, \u00e0 proximit\u00e9 des bars \u00e0 tapas, des terrasses et des cin\u00e9mas.\nAcc\u00e8s rapide et facile aux sorties principales et partout dans la ville.\n\nNos 213 chambres ont \u00e9t\u00e9 r\u00e9nov\u00e9es entre 2015-2016.\nNous avons des chambres communicantes, des chambres familiales et des lits simples ou doubles, dont plus de 50% sont King size.\nToutes \u00e9quip\u00e9es de t\u00e9l\u00e9viseurs 40 pouces avec cha\u00eenes internationales.\n\nNous avons des salles de r\u00e9union et tous les services d'assistance dont vous pourriez avoir besoin.\n\nSi vous souhaitez vous d\u00e9tendre, nous disposons d'une caf\u00e9t\u00e9ria et d'un restaurant proposant des sp\u00e9cialit\u00e9s locales.\n\n<\/div><\/a><\/div><h4>Contact <\/h4><div class=\"link-tienda\"><strong><a href=\"https:\/\/www.visitgastroh.com\/fr\/store\/hotel-nh-iruna-park\/\">+ Info<\/a><\/strong><\/div><\/div><\/div><div class=\"store-locator-col-sm-4\"><div class=\"wordpress-store-locator-list-item\"><div class=\"img-listado\"><a href=\"https:\/\/www.visitgastroh.com\/fr\/store\/palacio-azcarate-hotel-appartements-restaurant\/\"><img loading=\"lazy\" decoding=\"async\" width=\"300\" height=\"242\" src=\"https:\/\/www.visitgastroh.com\/wp-content\/uploads\/2022\/03\/PA-05-300x242.jpg\" class=\"attachment-medium size-medium wp-post-image\" alt=\"\" srcset=\"https:\/\/www.visitgastroh.com\/wp-content\/uploads\/2022\/03\/PA-05-300x242.jpg 300w, https:\/\/www.visitgastroh.com\/wp-content\/uploads\/2022\/03\/PA-05.jpg 636w\" sizes=\"auto, (max-width: 300px) 100vw, 300px\" \/><\/a><\/div><div class=\"contenido-listado\"><a href=\"https:\/\/www.visitgastroh.com\/fr\/store\/palacio-azcarate-hotel-appartements-restaurant\/\"><div class=\"ficha-defecto\">\n<h2>H\u00f4tel PALACIO AZCARATE<\/h2>\n<h3>(EZCARAY)<\/h3>\nMaison de ma\u00eetre de charme situ\u00e9e dans une maison de ma\u00eetre r\u00e9habilit\u00e9e et prot\u00e9g\u00e9e par le patrimoine.\n\nDans sa d\u00e9coration, la chaleur des bois nobles, les grandes fen\u00eatres et les points de vue qui cr\u00e9ent des s\u00e9jours agr\u00e9ables dans les salles \u00e0 manger, les salons et les zones nobles se distinguent.\n\nSituado en el centro del municipio de Ezcaray, Primera Villa Tur\u00edstica de la Rioja, est\u00e1 en un lujar clave: las maravillosas vistas de la iglesia Santa Mar\u00eda la Mayor, a pie del centro de bares ya su vez en una zona de calma y tranquilidad para la pause.\n\nDe grands jardins situ\u00e9s \u00e0 ses extr\u00e9mit\u00e9s offrent un service de caf\u00e9t\u00e9ria, des repas et des c\u00e9l\u00e9brations de mariages et d'\u00e9v\u00e9nements.\n\nRestaurant int\u00e9rieur pour le service quotidien et les grandes r\u00e9unions.\n\n20 chambres, suite, chambres familiales et appartements constituent la large gamme d'h\u00e9bergements pour r\u00e9pondre aux besoins des couples, des enfants ou des groupes.\n\n&nbsp;\n\n<\/div><\/a><\/div><h4>Contact <\/h4><div class=\"link-tienda\"><strong><a href=\"https:\/\/www.visitgastroh.com\/fr\/store\/palacio-azcarate-hotel-appartements-restaurant\/\">+ Info<\/a><\/strong><\/div><\/div><\/div><\/div><div class=\"store-locator-row\"><div class=\"store-locator-col-sm-4\"><div class=\"wordpress-store-locator-list-item\"><div class=\"img-listado\"><a href=\"https:\/\/www.visitgastroh.com\/fr\/store\/hotel-palacios-rioja\/\"><img loading=\"lazy\" decoding=\"async\" width=\"300\" height=\"200\" src=\"https:\/\/www.visitgastroh.com\/wp-content\/uploads\/2022\/03\/29_HotelPalacios_Exterior-300x200.jpg\" class=\"attachment-medium size-medium wp-post-image\" alt=\"\" srcset=\"https:\/\/www.visitgastroh.com\/wp-content\/uploads\/2022\/03\/29_HotelPalacios_Exterior-300x200.jpg 300w, https:\/\/www.visitgastroh.com\/wp-content\/uploads\/2022\/03\/29_HotelPalacios_Exterior-1024x683.jpg 1024w, https:\/\/www.visitgastroh.com\/wp-content\/uploads\/2022\/03\/29_HotelPalacios_Exterior-768x512.jpg 768w, https:\/\/www.visitgastroh.com\/wp-content\/uploads\/2022\/03\/29_HotelPalacios_Exterior-900x600.jpg 900w, https:\/\/www.visitgastroh.com\/wp-content\/uploads\/2022\/03\/29_HotelPalacios_Exterior.jpg 1500w\" sizes=\"auto, (max-width: 300px) 100vw, 300px\" \/><\/a><\/div><div class=\"contenido-listado\"><a href=\"https:\/\/www.visitgastroh.com\/fr\/store\/hotel-palacios-rioja\/\"><div class=\"ficha-defecto\">\n<h2>HOTEL PALACIOS RIOJA H\u00f4tel<\/h2>\n<strong>(ALFARO)<\/strong>\n<h2><\/h2>\nL'h\u00f4tel Palacios Rioja est situ\u00e9 \u00e0 Alfaro, \u00e0 c\u00f4t\u00e9 de l'autoroute AP-68, \u00e0 proximit\u00e9 de Senda Viva, du parc \u00e0 th\u00e8me pour enfants et du parc naturel des Bardenas Reales. Il dispose de 63 chambres ext\u00e9rieures spacieuses et confortables \u00e9quip\u00e9es de connexion Wi-Fi gratuite, climatisation et chauffage individuels, TV et t\u00e9l\u00e9phone direct.\n\nNich\u00e9 dans la Route Orientale des Vins de La Rioja, il propose des visites des caves qui l'entourent et fournit des informations sur les diff\u00e9rentes ressources touristiques de cette r\u00e9gion de La Rioja: Sotos del Ebro, point de vue des cigognes, promenade parmi les vignes, promenade \u00e0 cheval, centres thermaux, etc.\n\nSi vous venez avec des enfants, vous voudrez visiter le Barranco Perdido ou Tierra Rapaz, ainsi que la grotte des 100 piliers \u00e0 Arnedo.\n\nIl est \u00e9galement possible d'organiser des \u00e9v\u00e9nements et des r\u00e9unions dans les salles, il y a diff\u00e9rentes capacit\u00e9s, et vous pouvez les accompagner de pauses caf\u00e9, d'un ap\u00e9ritif ou de ce qui vous convient le mieux.\n\nDe plus, l'h\u00f4tel dispose d'un parking gratuit pour tous ses clients.\n\nLes animaux domestiques sont admis dans certains types de chambres moyennant un petit suppl\u00e9ment. V\u00e9rifiez toujours la disponibilit\u00e9.\n\nL'h\u00f4tel est ouvert 24h\/24. Il est toujours conseill\u00e9 d'appeler pour r\u00e9server une chambre.\n\n<\/div><\/a><\/div><h4>Contact <\/h4><div class=\"link-tienda\"><strong><a href=\"https:\/\/www.visitgastroh.com\/fr\/store\/hotel-palacios-rioja\/\">+ Info<\/a><\/strong><\/div><\/div><\/div><div class=\"store-locator-col-sm-4\"><div class=\"wordpress-store-locator-list-item\"><div class=\"img-listado\"><a href=\"https:\/\/www.visitgastroh.com\/fr\/store\/hotel-pamplona-catedral\/\"><img loading=\"lazy\" decoding=\"async\" width=\"300\" height=\"125\" src=\"https:\/\/www.visitgastroh.com\/wp-content\/uploads\/2022\/02\/hotel_pamplona_catedral_fachada-300x125.jpg\" class=\"attachment-medium size-medium wp-post-image\" alt=\"\" srcset=\"https:\/\/www.visitgastroh.com\/wp-content\/uploads\/2022\/02\/hotel_pamplona_catedral_fachada-300x125.jpg 300w, https:\/\/www.visitgastroh.com\/wp-content\/uploads\/2022\/02\/hotel_pamplona_catedral_fachada-1024x427.jpg 1024w, https:\/\/www.visitgastroh.com\/wp-content\/uploads\/2022\/02\/hotel_pamplona_catedral_fachada-768x320.jpg 768w, https:\/\/www.visitgastroh.com\/wp-content\/uploads\/2022\/02\/hotel_pamplona_catedral_fachada.jpg 1200w\" sizes=\"auto, (max-width: 300px) 100vw, 300px\" \/><\/a><\/div><div class=\"contenido-listado\"><a href=\"https:\/\/www.visitgastroh.com\/fr\/store\/hotel-pamplona-catedral\/\"><div class=\"ficha-defecto\">\n<h2>PAMPLONA CATEDRAL Hotel<\/h2>\n<h3>(Pampelune)<\/h3>\nUn ancien couvent transform\u00e9 en h\u00f4tel quatre \u00e9toiles moderne. Situ\u00e9 dans le plus beau coin du centre historique et monumental de la ville. \u00c0 c\u00f4t\u00e9 du Portal de Francia, une entr\u00e9e naturelle pour les p\u00e8lerins du Camino de Santiago, entour\u00e9e des murs de Pampelune et \u00e0 quelques m\u00e8tres de la cath\u00e9drale, des archives g\u00e9n\u00e9rales, de la mairie, du mus\u00e9e ou de la Plaza del Castillo.\n\n59 chambres (4 suites, 5 junior suites et 50 doubles), toutes ext\u00e9rieures et tr\u00e8s lumineuses. \u00c9quip\u00e9es de TV \u00e0 \u00e9cran plat, Canal Plus, minibar, coffre-fort, bureau, t\u00e9l\u00e9phone, Internet Wi-Fi gratuit et climatisation. Salles de bains compl\u00e8tes avec douche ou baignoire, s\u00e8che-cheveux, produits d'accueil\u2026. Spa et salle de sport concert\u00e9s. Service chambre froide 24h\/24.\n\nL'ancienne chapelle du couvent restaur\u00e9e en restaurant. La combinaison parfaite de l'ancien et du moderne fait de notre restaurant l'endroit id\u00e9al pour profiter de notre gastronomie. Profitez d'un bon petit d\u00e9jeuner buffet et de notre cuisine exquise dans un lieu exclusif avec un excellent rapport qualit\u00e9 \/ prix.\n\nSalles pour accueillir toutes sortes d'\u00e9v\u00e9nements : r\u00e9unions, conventions, conf\u00e9rences, etc. Pouvant accueillir jusqu'\u00e0 250 personnes, l'h\u00f4tel offre la possibilit\u00e9 d'organiser toutes sortes de banquets : mariages, communions, repas d'affaires, etc. Notre offre de menus est large et vari\u00e9e dans la salle \u00e0 manger, compl\u00e9t\u00e9e par notre terrasse ext\u00e9rieure pour ap\u00e9ritifs, cocktails... Parking priv\u00e9, service de chambre 24h\/24, fumoirs, service de blanchisserie, service concert\u00e9 de fitness et de spa.\n\n<\/div><\/a><\/div><h4>Contact <\/h4><div class=\"link-tienda\"><strong><a href=\"https:\/\/www.visitgastroh.com\/fr\/store\/hotel-pamplona-catedral\/\">+ Info<\/a><\/strong><\/div><\/div><\/div><div class=\"store-locator-col-sm-4\"><div class=\"wordpress-store-locator-list-item\"><div class=\"img-listado\"><a href=\"https:\/\/www.visitgastroh.com\/fr\/store\/hotel-pamplona-plaza\/\"><img loading=\"lazy\" decoding=\"async\" width=\"300\" height=\"125\" src=\"https:\/\/www.visitgastroh.com\/wp-content\/uploads\/2022\/02\/hotel_pamplona_plaza_habitacion_doble-300x125.jpg\" class=\"attachment-medium size-medium wp-post-image\" alt=\"\" srcset=\"https:\/\/www.visitgastroh.com\/wp-content\/uploads\/2022\/02\/hotel_pamplona_plaza_habitacion_doble-300x125.jpg 300w, https:\/\/www.visitgastroh.com\/wp-content\/uploads\/2022\/02\/hotel_pamplona_plaza_habitacion_doble-1024x427.jpg 1024w, https:\/\/www.visitgastroh.com\/wp-content\/uploads\/2022\/02\/hotel_pamplona_plaza_habitacion_doble-768x320.jpg 768w, https:\/\/www.visitgastroh.com\/wp-content\/uploads\/2022\/02\/hotel_pamplona_plaza_habitacion_doble.jpg 1200w\" sizes=\"auto, (max-width: 300px) 100vw, 300px\" \/><\/a><\/div><div class=\"contenido-listado\"><a href=\"https:\/\/www.visitgastroh.com\/fr\/store\/hotel-pamplona-plaza\/\"><div class=\"ficha-defecto\">\n<h2>PAMPLONA PLAZA Hotel<\/h2>\n<h3>(Pampelune)<\/h3>\nL'H\u00f4tel Pamplona Plaza, de cat\u00e9gorie trois \u00e9toiles, b\u00e9n\u00e9ficie d'un excellent emplacement \u00e0 seulement 1 km de la vieille ville et du d\u00e9but de la route du populaire San Ferm\u00edn Encierros et \u00e0 500 m. de la gare.\n\nNos chambres, con\u00e7ues avec les derni\u00e8res tendances d\u00e9co, ont \u00e9t\u00e9 enti\u00e8rement r\u00e9nov\u00e9es en 2018. Toutes disposent d'une salle de bain au design avant-gardiste avec une grande douche ou baignoire, des \u00e9quipements, une t\u00e9l\u00e9vision \u00e0 \u00e9cran plat, la climatisation\/chauffage et une r\u00e9ception ouverte 24h\/24. De plus, l'H\u00f4tel Pamplona Plaza offre un parking souterrain gratuit \u00e0 ses clients.\n\nLes clients disposent de la caf\u00e9t\u00e9ria de l'h\u00f4tel, avec des horaires \u00e9tendus, pour rendre leur s\u00e9jour plus complet et agr\u00e9able. Des suites avec salon, chambres s\u00e9par\u00e9es et cuisine enti\u00e8rement \u00e9quip\u00e9e sont \u00e9galement propos\u00e9es, id\u00e9ales pour les familles et les longs s\u00e9jours.\n\n<\/div><\/a><\/div><h4>Contact <\/h4><div class=\"link-tienda\"><strong><a href=\"https:\/\/www.visitgastroh.com\/fr\/store\/hotel-pamplona-plaza\/\">+ Info<\/a><\/strong><\/div><\/div><\/div><\/div><div class=\"store-locator-row\"><div class=\"store-locator-col-sm-4\"><div class=\"wordpress-store-locator-list-item\"><div class=\"img-listado\"><a href=\"https:\/\/www.visitgastroh.com\/fr\/store\/hotel-parc-beaumont-spa-pau-mgallery\/\"><img loading=\"lazy\" decoding=\"async\" width=\"300\" height=\"211\" src=\"https:\/\/www.visitgastroh.com\/wp-content\/uploads\/2022\/04\/suites-0237-D-2-R2-rec-300x211.jpg\" class=\"attachment-medium size-medium wp-post-image\" alt=\"\" srcset=\"https:\/\/www.visitgastroh.com\/wp-content\/uploads\/2022\/04\/suites-0237-D-2-R2-rec-300x211.jpg 300w, https:\/\/www.visitgastroh.com\/wp-content\/uploads\/2022\/04\/suites-0237-D-2-R2-rec-1024x722.jpg 1024w, https:\/\/www.visitgastroh.com\/wp-content\/uploads\/2022\/04\/suites-0237-D-2-R2-rec-768x541.jpg 768w, https:\/\/www.visitgastroh.com\/wp-content\/uploads\/2022\/04\/suites-0237-D-2-R2-rec-1536x1083.jpg 1536w, https:\/\/www.visitgastroh.com\/wp-content\/uploads\/2022\/04\/suites-0237-D-2-R2-rec-2048x1443.jpg 2048w\" sizes=\"auto, (max-width: 300px) 100vw, 300px\" \/><\/a><\/div><div class=\"contenido-listado\"><a href=\"https:\/\/www.visitgastroh.com\/fr\/store\/hotel-parc-beaumont-spa-pau-mgallery\/\"><div class=\"ficha-defecto\">\r\n<h2>Hotel Parc Beaumont &amp; Spa Pau - MGallery<\/h2>\r\n<h3>(Pau)<\/h3>\r\nVous recherchez un h\u00f4tel \u00e0 Pau ? L\u2019H\u00f4tel Parc Beaumont &amp; Spa, est situ\u00e9 en bordure du Parc Beaumont. Cet \u00e9tablissement contemporain de la Collection MGallery jouit d\u2019un emplacement id\u00e9al pour d\u00e9couvrir la ville, son centre historique et sa gastronomie.\r\nAvec une vue \u00e0 couper le souffle sur la cha\u00eene des Pyr\u00e9n\u00e9es, et \u00e0 seulement quelques kilom\u00e8tres de Lourdes, de Biarritz et de l\u2019Espagne.\r\n\r\n<\/div><\/a><\/div><h4>Contact <\/h4><div class=\"link-tienda\"><strong><a href=\"https:\/\/www.visitgastroh.com\/fr\/store\/hotel-parc-beaumont-spa-pau-mgallery\/\">+ Info<\/a><\/strong><\/div><\/div><\/div><div class=\"store-locator-col-sm-4\"><div class=\"wordpress-store-locator-list-item\"><div class=\"img-listado\"><a href=\"https:\/\/www.visitgastroh.com\/fr\/store\/hotel-posada-de-sajazarra\/\"><img loading=\"lazy\" decoding=\"async\" width=\"300\" height=\"200\" src=\"https:\/\/www.visitgastroh.com\/wp-content\/uploads\/2022\/02\/05LaSuite-300x200.jpg\" class=\"attachment-medium size-medium wp-post-image\" alt=\"\" srcset=\"https:\/\/www.visitgastroh.com\/wp-content\/uploads\/2022\/02\/05LaSuite-300x200.jpg 300w, https:\/\/www.visitgastroh.com\/wp-content\/uploads\/2022\/02\/05LaSuite-1024x683.jpg 1024w, https:\/\/www.visitgastroh.com\/wp-content\/uploads\/2022\/02\/05LaSuite-768x512.jpg 768w, https:\/\/www.visitgastroh.com\/wp-content\/uploads\/2022\/02\/05LaSuite-1536x1024.jpg 1536w, https:\/\/www.visitgastroh.com\/wp-content\/uploads\/2022\/02\/05LaSuite-2048x1365.jpg 2048w, https:\/\/www.visitgastroh.com\/wp-content\/uploads\/2022\/02\/05LaSuite-900x600.jpg 900w\" sizes=\"auto, (max-width: 300px) 100vw, 300px\" \/><\/a><\/div><div class=\"contenido-listado\"><a href=\"https:\/\/www.visitgastroh.com\/fr\/store\/hotel-posada-de-sajazarra\/\"><div class=\"ficha-defecto\">\n<h2>H\u00d4TEL POSADA DE SAJAZARRA H\u00f4tel<\/h2>\n<h3>(SAJAZARRA)<\/h3>\nL'Hotel Boutique Posada de Sajazarra est un ancien manoir du XIXe si\u00e8cle, qui servait autrefois d'auberge. Elle a \u00e9t\u00e9 restaur\u00e9e en pr\u00e9servant au maximum l'esth\u00e9tique d'origine de la maison, avec ses murs en pierre, ses mangeoires, ses poutres en bois...\n\nIl dispose de neuf chambres doubles, toutes avec salle de bain priv\u00e9e, TV et Wi-Fi gratuit. La d\u00e9coration de chaque chambre est diff\u00e9rente, utilisant des meubles uniques, vintage, chin\u00e9s..., qui en font des chambres au charme bien particulier.\n\nIl dispose d'un patio int\u00e9rieur exclusif pour ses h\u00f4tes.\n\nSajazarra est une charmante ville de La Rioja, qui figure sur la liste officielle des \"Plus belles villes d'Espagne\". Il a un ch\u00e2teau m\u00e9di\u00e9val du 15\u00e8me si\u00e8cle. Nous sommes au c\u0153ur de la r\u00e9gion de la Rioja Alta, \u00e0 seulement 9 kilom\u00e8tres de Haro, capitale du vin de Rioja.\n\nDans cette r\u00e9gion, vous pouvez r\u00e9aliser diverses activit\u00e9s li\u00e9es au vin, telles que des visites de caves, des cours de d\u00e9gustation, un mus\u00e9e du vin... La r\u00e9gion est \u00e9galement riche en patrimoine culturel, visites de monast\u00e8res, route romane...\n\n<\/div><\/a><\/div><h4>Contact <\/h4><div class=\"link-tienda\"><strong><a href=\"https:\/\/www.visitgastroh.com\/fr\/store\/hotel-posada-de-sajazarra\/\">+ Info<\/a><\/strong><\/div><\/div><\/div><div class=\"store-locator-col-sm-4\"><div class=\"wordpress-store-locator-list-item\"><div class=\"img-listado\"><a href=\"https:\/\/www.visitgastroh.com\/fr\/store\/hotel-remigio\/\"><img loading=\"lazy\" decoding=\"async\" width=\"300\" height=\"216\" src=\"https:\/\/www.visitgastroh.com\/wp-content\/uploads\/2022\/02\/hotel-remigio-300x216.jpg\" class=\"attachment-medium size-medium wp-post-image\" alt=\"\" srcset=\"https:\/\/www.visitgastroh.com\/wp-content\/uploads\/2022\/02\/hotel-remigio-300x216.jpg 300w, https:\/\/www.visitgastroh.com\/wp-content\/uploads\/2022\/02\/hotel-remigio-1024x737.jpg 1024w, https:\/\/www.visitgastroh.com\/wp-content\/uploads\/2022\/02\/hotel-remigio-768x552.jpg 768w, https:\/\/www.visitgastroh.com\/wp-content\/uploads\/2022\/02\/hotel-remigio-1536x1105.jpg 1536w, https:\/\/www.visitgastroh.com\/wp-content\/uploads\/2022\/02\/hotel-remigio.jpg 1600w\" sizes=\"auto, (max-width: 300px) 100vw, 300px\" \/><\/a><\/div><div class=\"contenido-listado\"><a href=\"https:\/\/www.visitgastroh.com\/fr\/store\/hotel-remigio\/\"><div class=\"ficha-defecto\">\n<h2>H\u00f4tel REMIGIO<\/h2>\n<h3>(Tudela)<\/h3>\nR\u00e9cemment <strong>r\u00e9nov\u00e9 en 2021<\/strong> , l'H\u00f4tel Remigio est situ\u00e9 sur la Plaza de los Fueros, au <strong>c\u0153ur de Tudela<\/strong> (Navarre). Il dispose de plus de 40 chambres (simples, doubles, doubles sup\u00e9rieures, familiales et junior suite) et de tous les services pour faire de votre s\u00e9jour une exp\u00e9rience inoubliable.\n\nDe plus, notre <strong>restaurant<\/strong> propose un petit-d\u00e9jeuner complet, un menu du jour, des menus d\u00e9gustation de saison et un menu complet pour d\u00e9guster la meilleure gastronomie navarraise.\n\n<\/div><\/a><\/div><h4>Contact <\/h4><div class=\"link-tienda\"><strong><a href=\"https:\/\/www.visitgastroh.com\/fr\/store\/hotel-remigio\/\">+ Info<\/a><\/strong><\/div><\/div><\/div><\/div><div class=\"store-locator-row\"><div class=\"store-locator-col-sm-4\"><div class=\"wordpress-store-locator-list-item\"><div class=\"img-listado\"><a href=\"https:\/\/www.visitgastroh.com\/fr\/store\/hotel-restaurant-atxega-jauregia\/\"><img loading=\"lazy\" decoding=\"async\" width=\"300\" height=\"225\" src=\"https:\/\/www.visitgastroh.com\/wp-content\/uploads\/2022\/02\/principal-atxega-300x225.jpg\" class=\"attachment-medium size-medium wp-post-image\" alt=\"\" srcset=\"https:\/\/www.visitgastroh.com\/wp-content\/uploads\/2022\/02\/principal-atxega-300x225.jpg 300w, https:\/\/www.visitgastroh.com\/wp-content\/uploads\/2022\/02\/principal-atxega-768x576.jpg 768w, https:\/\/www.visitgastroh.com\/wp-content\/uploads\/2022\/02\/principal-atxega.jpg 800w\" sizes=\"auto, (max-width: 300px) 100vw, 300px\" \/><\/a><\/div><div class=\"contenido-listado\"><a href=\"https:\/\/www.visitgastroh.com\/fr\/store\/hotel-restaurant-atxega-jauregia\/\"><div class=\"ficha-defecto\">\n<h2>H\u00f4tel Restaurant Atxega Jauregia<\/h2>\n<h3>(usurbile)<\/h3>\nSitu\u00e9 \u00e0 Usurbil, \u00e0 seulement 11 kilom\u00e8tres de San Sebasti\u00e1n, se trouve ce charmant h\u00f4tel-restaurant, \u00e0 l'int\u00e9rieur d'un b\u00e2timent baroque du XVIIIe si\u00e8cle, construit sur un b\u00e2timent pr\u00e9existant du XVIe si\u00e8cle. Son emplacement, \u00e0 c\u00f4t\u00e9 de San Sebasti\u00e1n et tr\u00e8s proche des principales villes de charme de la r\u00e9gion, en fait un point de d\u00e9part id\u00e9al pour vos visites.\n\nL'H\u00f4tel dispose de 12 chambres enti\u00e8rement \u00e9quip\u00e9es avec toutes les modernit\u00e9s pour offrir au client un s\u00e9jour confortable et agr\u00e9able.\n\nDe plus, \u00e0 Atxega Jauregia, vous pourrez profiter de son restaurant qui propose une cuisine traditionnelle pr\u00e9par\u00e9e avec des produits de qualit\u00e9, avec quelques touches de cuisine avant-gardiste.\n\nDe plus, Atxega Jaruegia a un charme particulier pour les mariages, les banquets et les c\u00e9l\u00e9brations avec un total de 170 places. Notre excellente cuisine, nos chambres spacieuses et un environnement id\u00e9al pour terminer la f\u00eate sur une terrasse ext\u00e9rieure rendront votre exp\u00e9rience inoubliable.\n<\/div><\/a><\/div><h4>Contact <\/h4><div class=\"link-tienda\"><strong><a href=\"https:\/\/www.visitgastroh.com\/fr\/store\/hotel-restaurant-atxega-jauregia\/\">+ Info<\/a><\/strong><\/div><\/div><\/div><div class=\"store-locator-col-sm-4\"><div class=\"wordpress-store-locator-list-item\"><div class=\"img-listado\"><a href=\"https:\/\/www.visitgastroh.com\/fr\/store\/hotel-restaurant-chez-germaine-2\/\"><img loading=\"lazy\" decoding=\"async\" width=\"300\" height=\"169\" src=\"https:\/\/www.visitgastroh.com\/wp-content\/uploads\/2022\/04\/facade-1536x867-1-300x169.jpg\" class=\"attachment-medium size-medium wp-post-image\" alt=\"\" srcset=\"https:\/\/www.visitgastroh.com\/wp-content\/uploads\/2022\/04\/facade-1536x867-1-300x169.jpg 300w, https:\/\/www.visitgastroh.com\/wp-content\/uploads\/2022\/04\/facade-1536x867-1-1024x578.jpg 1024w, https:\/\/www.visitgastroh.com\/wp-content\/uploads\/2022\/04\/facade-1536x867-1-768x434.jpg 768w, https:\/\/www.visitgastroh.com\/wp-content\/uploads\/2022\/04\/facade-1536x867-1.jpg 1536w\" sizes=\"auto, (max-width: 300px) 100vw, 300px\" \/><\/a><\/div><div class=\"contenido-listado\"><a href=\"https:\/\/www.visitgastroh.com\/fr\/store\/hotel-restaurant-chez-germaine-2\/\"><div class=\"ficha-defecto\">\r\n<h2>H\u00f4tel Restaurant Chez Germaine<\/h2>\r\n<h3>Geus d'Oloron<\/h3>\r\nL\u2019h\u00f4tel restaurant Chez Germaine, \u00e0 G\u00e9\u00fcs-d\u2019Oloron, est situ\u00e9 au c\u0153ur du village traditionnel b\u00e9arnais. A mi-chemin entre Oloron Sainte-Marie et Navarrenx, dans les Pyr\u00e9n\u00e9es Atlantiques, notre \u00e9tablissement est id\u00e9al si vous souhaitez rallier les pistes de ski ou la C\u00f4te Basque.\r\n\r\nChez Germaine, nous travaillons en famille. Pierre, Gis\u00e8le, Val\u00e9rie et Caroline (3\u00b0et 4\u00b0 g\u00e9n\u00e9ration) et toute l\u2019\u00e9quipe vous accueillent dans cette maison b\u00e9arnaise de 1909. Enti\u00e8rement r\u00e9nov\u00e9e en 2015, Chez Germaine vous re\u00e7oit dans le confort pour un s\u00e9jour r\u00e9ussi au gout de tradition et modernit\u00e9.\r\n\r\nNotre restaurant allie gastronomie et terroir. Notre cuisine, compos\u00e9e de produits locaux de saison, est aussi color\u00e9e que gourmande. Vous pourrez d\u00e9couvrir nos cr\u00e9ations au coin de la chemin\u00e9e en hiver ou en terrasse en \u00e9t\u00e9.\r\n\r\nBienvenue Chez Germaine !\r\n\r\n<\/div><\/a><\/div><h4>Contact <\/h4><div class=\"link-tienda\"><strong><a href=\"https:\/\/www.visitgastroh.com\/fr\/store\/hotel-restaurant-chez-germaine-2\/\">+ Info<\/a><\/strong><\/div><\/div><\/div><div class=\"store-locator-col-sm-4\"><div class=\"wordpress-store-locator-list-item\"><div class=\"img-listado\"><a href=\"https:\/\/www.visitgastroh.com\/fr\/store\/hotel-restaurant-ezeiza\/\"><img loading=\"lazy\" decoding=\"async\" width=\"300\" height=\"225\" src=\"https:\/\/www.visitgastroh.com\/wp-content\/uploads\/2022\/02\/ezeiza-1-300x225.jpg\" class=\"attachment-medium size-medium wp-post-image\" alt=\"\" srcset=\"https:\/\/www.visitgastroh.com\/wp-content\/uploads\/2022\/02\/ezeiza-1-300x225.jpg 300w, https:\/\/www.visitgastroh.com\/wp-content\/uploads\/2022\/02\/ezeiza-1-1024x768.jpg 1024w, https:\/\/www.visitgastroh.com\/wp-content\/uploads\/2022\/02\/ezeiza-1-768x576.jpg 768w, https:\/\/www.visitgastroh.com\/wp-content\/uploads\/2022\/02\/ezeiza-1-1536x1152.jpg 1536w, https:\/\/www.visitgastroh.com\/wp-content\/uploads\/2022\/02\/ezeiza-1.jpg 2048w\" sizes=\"auto, (max-width: 300px) 100vw, 300px\" \/><\/a><\/div><div class=\"contenido-listado\"><a href=\"https:\/\/www.visitgastroh.com\/fr\/store\/hotel-restaurant-ezeiza\/\"><div class=\"ficha-defecto\">\n<h2>H\u00f4tel Restaurant Ezeiza<\/h2>\n<h3>(Saint-S\u00e9bastien)<\/h3>\nL'H\u00f4tel Restaurante Ezeiza** est situ\u00e9 <strong>sur le front de mer de la plage d'Ondarreta<\/strong> \u00e0 San Sebasti\u00e1n \u2013 Donostia, un quartier tr\u00e8s calme de la ville avec une vie propre. Il b\u00e9n\u00e9ficie d'un emplacement fantastique <strong>dans un environnement calme et \u00e0 deux pas du centre.<\/strong> En face, la plage d'Ondarreta, \u00e0 l'extr\u00e9mit\u00e9 ouest de la Bah\u00eda de la Concha, et l'\u00eele de Santa Clara.\n\nL'h\u00f4tel dispose de <strong>30 chambres, toutes ext\u00e9rieures<\/strong> , et d'une s\u00e9rie de services pour que vous puissiez profiter de la ville comme une autre de Saint-S\u00e9bastien.\n\n<strong>Le Restaurant, fond\u00e9 en<\/strong> 1904, est devenu <strong>une r\u00e9f\u00e9rence et un lieu de rencontre<\/strong> pour tous : locaux et visiteurs. Un lieu moderne avec une grande terrasse. Notre offre gastronomique est bas\u00e9e sur <strong>la cuisine basque traditionnelle<\/strong> , celle qui a conquis les estomacs des locaux et des visiteurs.\n\n<\/div><\/a><\/div><h4>Contact <\/h4><div class=\"link-tienda\"><strong><a href=\"https:\/\/www.visitgastroh.com\/fr\/store\/hotel-restaurant-ezeiza\/\">+ Info<\/a><\/strong><\/div><\/div><\/div><\/div><div class=\"store-locator-row\"><div class=\"store-locator-col-sm-4\"><div class=\"wordpress-store-locator-list-item\"><div class=\"img-listado\"><a href=\"https:\/\/www.visitgastroh.com\/fr\/store\/hotel-restaurant-layguelade\/\"><img loading=\"lazy\" decoding=\"async\" width=\"300\" height=\"300\" src=\"https:\/\/www.visitgastroh.com\/wp-content\/uploads\/2022\/05\/IMG_20200721_164432_677-300x300.jpg\" class=\"attachment-medium size-medium wp-post-image\" alt=\"\" srcset=\"https:\/\/www.visitgastroh.com\/wp-content\/uploads\/2022\/05\/IMG_20200721_164432_677-300x300.jpg 300w, https:\/\/www.visitgastroh.com\/wp-content\/uploads\/2022\/05\/IMG_20200721_164432_677-1024x1024.jpg 1024w, https:\/\/www.visitgastroh.com\/wp-content\/uploads\/2022\/05\/IMG_20200721_164432_677-150x150.jpg 150w, https:\/\/www.visitgastroh.com\/wp-content\/uploads\/2022\/05\/IMG_20200721_164432_677-768x768.jpg 768w, https:\/\/www.visitgastroh.com\/wp-content\/uploads\/2022\/05\/IMG_20200721_164432_677-100x100.jpg 100w, https:\/\/www.visitgastroh.com\/wp-content\/uploads\/2022\/05\/IMG_20200721_164432_677-140x140.jpg 140w, https:\/\/www.visitgastroh.com\/wp-content\/uploads\/2022\/05\/IMG_20200721_164432_677-500x500.jpg 500w, https:\/\/www.visitgastroh.com\/wp-content\/uploads\/2022\/05\/IMG_20200721_164432_677-350x350.jpg 350w, https:\/\/www.visitgastroh.com\/wp-content\/uploads\/2022\/05\/IMG_20200721_164432_677-1000x1000.jpg 1000w, https:\/\/www.visitgastroh.com\/wp-content\/uploads\/2022\/05\/IMG_20200721_164432_677-800x800.jpg 800w, https:\/\/www.visitgastroh.com\/wp-content\/uploads\/2022\/05\/IMG_20200721_164432_677.jpg 1440w\" sizes=\"auto, (max-width: 300px) 100vw, 300px\" \/><\/a><\/div><div class=\"contenido-listado\"><a href=\"https:\/\/www.visitgastroh.com\/fr\/store\/hotel-restaurant-layguelade\/\"><div class=\"ficha-defecto\">\r\n<h2>H\u00f4tel Restaurant L'Ayguelade<\/h2>\r\n<h3>(Bielle)<\/h3>\r\nLa famille Lartigau vous accueille toute l\u2019ann\u00e9e \u00e0 Bielle, aux portes du parc national des Pyr\u00e9n\u00e9es, dans une atmosph\u00e8re chaleureuse et conviviale.\r\n\r\nCuisine gourmande r\u00e9alis\u00e9e par Baptiste Lartigau autour des produits frais de saison.\r\nA d\u00e9couvrir dans la salle du restaurant ou dans le Patio.\r\n\r\nA l\u2019h\u00f4tel les chambres modernes et confortables accueillent de deux \u00e0 quatre personnes.\r\nPetit d\u00e9jeuner vitamin\u00e9 pour un s\u00e9jour r\u00e9ussi.\r\n\r\nMoments de d\u00e9tente en journ\u00e9e dans le grand parc fleuri au pied des montagnes.\r\n\r\n<\/div><\/a><\/div><h4>Contact <\/h4><div class=\"link-tienda\"><strong><a href=\"https:\/\/www.visitgastroh.com\/fr\/store\/hotel-restaurant-layguelade\/\">+ Info<\/a><\/strong><\/div><\/div><\/div><div class=\"store-locator-col-sm-4\"><div class=\"wordpress-store-locator-list-item\"><div class=\"img-listado\"><a href=\"https:\/\/www.visitgastroh.com\/fr\/store\/hotel-restaurant-mondragon\/\"><img loading=\"lazy\" decoding=\"async\" width=\"300\" height=\"199\" src=\"https:\/\/www.visitgastroh.com\/wp-content\/uploads\/2022\/03\/Mondra1-300x199.jpg\" class=\"attachment-medium size-medium wp-post-image\" alt=\"\" srcset=\"https:\/\/www.visitgastroh.com\/wp-content\/uploads\/2022\/03\/Mondra1-300x199.jpg 300w, https:\/\/www.visitgastroh.com\/wp-content\/uploads\/2022\/03\/Mondra1-1024x680.jpg 1024w, https:\/\/www.visitgastroh.com\/wp-content\/uploads\/2022\/03\/Mondra1-768x510.jpg 768w, https:\/\/www.visitgastroh.com\/wp-content\/uploads\/2022\/03\/Mondra1-1536x1020.jpg 1536w, https:\/\/www.visitgastroh.com\/wp-content\/uploads\/2022\/03\/Mondra1-900x600.jpg 900w, https:\/\/www.visitgastroh.com\/wp-content\/uploads\/2022\/03\/Mondra1.jpg 2048w\" sizes=\"auto, (max-width: 300px) 100vw, 300px\" \/><\/a><\/div><div class=\"contenido-listado\"><a href=\"https:\/\/www.visitgastroh.com\/fr\/store\/hotel-restaurant-mondragon\/\"><div class=\"ficha-defecto\">\n<h2>H\u00d4TEL RESTAURANT MONDRAGON***<\/h2>\n<h3>(Mondragon)<\/h3>\n<div class=\"store_locator_single_description store-locator-col-12\">\n<div class=\"ficha-defecto\">\n\n<b>Le Mondrag\u00f3n Hotel Restaurant<\/b> est situ\u00e9 dans la ville basque d'Arrasate, \u00e0 seulement 20 minutes en voiture de Vitoria et 50 de Donostia-San Sebasti\u00e1n ou Bilbao.\n\nL'H\u00f4tel dispose de 46 chambres confortables et modernes con\u00e7ues pour rendre votre s\u00e9jour aussi relaxant et agr\u00e9able que possible.\n\nL'h\u00f4tel dispose d'un restaurant avec un menu \u00e9labor\u00e9 de cuisine traditionnelle avec un air innovant. Consultez nos diff\u00e9rents menus du jour, menus de groupe, etc. Nous avons \u00e9galement une caf\u00e9t\u00e9ria avec une grande vari\u00e9t\u00e9 de pintxos et de collations, ainsi qu'une vaste cave \u00e0 vin, un magasin d'alcools et une grande terrasse o\u00f9 vous pourrez vous d\u00e9tendre apr\u00e8s une journ\u00e9e de travail ou de visites.\n\n<\/div>\n<\/div>\n<\/div><\/a><\/div><h4>Contact <\/h4><div class=\"link-tienda\"><strong><a href=\"https:\/\/www.visitgastroh.com\/fr\/store\/hotel-restaurant-mondragon\/\">+ Info<\/a><\/strong><\/div><\/div><\/div><div class=\"store-locator-col-sm-4\"><div class=\"wordpress-store-locator-list-item\"><div class=\"img-listado\"><a href=\"https:\/\/www.visitgastroh.com\/fr\/store\/hotel-restaurant-mondragon-2\/\"><img loading=\"lazy\" decoding=\"async\" width=\"300\" height=\"199\" src=\"https:\/\/www.visitgastroh.com\/wp-content\/uploads\/2022\/02\/foto-pag-web-fachada-1-300x199.jpg\" class=\"attachment-medium size-medium wp-post-image\" alt=\"\" srcset=\"https:\/\/www.visitgastroh.com\/wp-content\/uploads\/2022\/02\/foto-pag-web-fachada-1-300x199.jpg 300w, https:\/\/www.visitgastroh.com\/wp-content\/uploads\/2022\/02\/foto-pag-web-fachada-1-1024x680.jpg 1024w, https:\/\/www.visitgastroh.com\/wp-content\/uploads\/2022\/02\/foto-pag-web-fachada-1-768x510.jpg 768w, https:\/\/www.visitgastroh.com\/wp-content\/uploads\/2022\/02\/foto-pag-web-fachada-1-1536x1020.jpg 1536w, https:\/\/www.visitgastroh.com\/wp-content\/uploads\/2022\/02\/foto-pag-web-fachada-1-2048x1360.jpg 2048w, https:\/\/www.visitgastroh.com\/wp-content\/uploads\/2022\/02\/foto-pag-web-fachada-1-900x600.jpg 900w\" sizes=\"auto, (max-width: 300px) 100vw, 300px\" \/><\/a><\/div><div class=\"contenido-listado\"><a href=\"https:\/\/www.visitgastroh.com\/fr\/store\/hotel-restaurant-mondragon-2\/\"><div class=\"ficha-defecto\">\n<h2>H\u00d4TEL RESTAURANT MONDRAGON ***<\/h2>\n<h3>MONDRAGON<\/h3>\nH\u00f4tel Restaurant situ\u00e9 dans le centre de Mondrag\u00f3n. Il dispose de 46 chambres enti\u00e8rement \u00e9quip\u00e9es. Il dispose de chambres simples, doubles, familiales, etc.\n\nIl dispose \u00e9galement d'un restaurant proposant une cuisine traditionnelle avec des touches modernes.\n\n<\/div><\/a><\/div><h4>Contact <\/h4><div class=\"link-tienda\"><strong><a href=\"https:\/\/www.visitgastroh.com\/fr\/store\/hotel-restaurant-mondragon-2\/\">+ Info<\/a><\/strong><\/div><\/div><\/div><\/div><div class=\"store-locator-row\"><div class=\"store-locator-col-sm-4\"><div class=\"wordpress-store-locator-list-item\"><div class=\"img-listado\"><a href=\"https:\/\/www.visitgastroh.com\/fr\/store\/hotel-txarriduna\/\"><img loading=\"lazy\" decoding=\"async\" width=\"300\" height=\"200\" src=\"https:\/\/www.visitgastroh.com\/wp-content\/uploads\/2022\/02\/hotel3grande-300x200.jpg\" class=\"attachment-medium size-medium wp-post-image\" alt=\"\" srcset=\"https:\/\/www.visitgastroh.com\/wp-content\/uploads\/2022\/02\/hotel3grande-300x200.jpg 300w, https:\/\/www.visitgastroh.com\/wp-content\/uploads\/2022\/02\/hotel3grande.jpg 600w\" sizes=\"auto, (max-width: 300px) 100vw, 300px\" \/><\/a><\/div><div class=\"contenido-listado\"><a href=\"https:\/\/www.visitgastroh.com\/fr\/store\/hotel-txarriduna\/\"><div class=\"ficha-defecto\">\n<h2>H\u00d4TEL RESTAURANT TXARRIDUNA<\/h2>\n<h3>ELGOIBAR<\/h3>\nL'H\u00f4tel Txarriduna est un H\u00f4tel avec une histoire, un H\u00f4tel familial. Ouvert en novembre 2006, c'est un \u00e9tablissement chaleureux dont les d\u00e9tails nous distinguent. L'h\u00f4tel est compl\u00e9t\u00e9 par une caf\u00e9t\u00e9ria et un restaurant, pouvant offrir toutes sortes de services. Il est situ\u00e9 \u00e0 Elgoibar (Gipuzkoa) \u00e0 \u00e9gale distance des 3 capitales basques, \u00e9tant ainsi un lieu strat\u00e9gique pour visiter tout le Pays Basque et aussi la Navarre et La Rioja. Il est situ\u00e9 au centre-ville et dispose des services essentiels tr\u00e8s proches, ainsi que d'un acc\u00e8s par la route (N-634) et l'autoroute (A-8).\n\nAu restaurant de l'H\u00f4tel, vous pourrez manger \u00e0 la carte et sous forme de menu (du jour ou sur mesure), dans un espace dot\u00e9 d'une terrasse vitr\u00e9e. Des pintxos et des portions sont \u00e9galement servis.<strong><em> <\/em><\/strong>\n\n<\/div><\/a><\/div><h4>Contact <\/h4><div class=\"link-tienda\"><strong><a href=\"https:\/\/www.visitgastroh.com\/fr\/store\/hotel-txarriduna\/\">+ Info<\/a><\/strong><\/div><\/div><\/div><div class=\"store-locator-col-sm-4\"><div class=\"wordpress-store-locator-list-item\"><div class=\"img-listado\"><a href=\"https:\/\/www.visitgastroh.com\/fr\/store\/hotel-restaurant-usategieta\/\"><img loading=\"lazy\" decoding=\"async\" width=\"300\" height=\"200\" src=\"https:\/\/www.visitgastroh.com\/wp-content\/uploads\/2022\/02\/HOTEL-RESTAURANTE-300x200.jpg\" class=\"attachment-medium size-medium wp-post-image\" alt=\"\" srcset=\"https:\/\/www.visitgastroh.com\/wp-content\/uploads\/2022\/02\/HOTEL-RESTAURANTE-300x200.jpg 300w, https:\/\/www.visitgastroh.com\/wp-content\/uploads\/2022\/02\/HOTEL-RESTAURANTE-1024x683.jpg 1024w, https:\/\/www.visitgastroh.com\/wp-content\/uploads\/2022\/02\/HOTEL-RESTAURANTE-768x512.jpg 768w, https:\/\/www.visitgastroh.com\/wp-content\/uploads\/2022\/02\/HOTEL-RESTAURANTE-1536x1024.jpg 1536w, https:\/\/www.visitgastroh.com\/wp-content\/uploads\/2022\/02\/HOTEL-RESTAURANTE-2048x1366.jpg 2048w, https:\/\/www.visitgastroh.com\/wp-content\/uploads\/2022\/02\/HOTEL-RESTAURANTE-900x600.jpg 900w\" sizes=\"auto, (max-width: 300px) 100vw, 300px\" \/><\/a><\/div><div class=\"contenido-listado\"><a href=\"https:\/\/www.visitgastroh.com\/fr\/store\/hotel-restaurant-usategieta\/\"><div class=\"ficha-defecto\">\n<h2>H\u00d4TEL RESTAURANT USATEGIETA****<\/h2>\n<h3>OIARTZUN<\/h3>\nLa premi\u00e8re impression qui reste en voyant la zone qui entoure l'H\u00f4tel Restaurant Usategieta est celle d'\u00eatre devant une image d'une beaut\u00e9 maximale. Entre le mont Jaizkibel et le parc naturel d'Aiako Harria.\n\nToutes les chambres de l'h\u00f4tel sont con\u00e7ues pour que les clients se sentent chez eux. Dans l'Usategieta Hotel Restaurant, il y a 13 chambres entour\u00e9es de lumi\u00e8re naturelle, de bois vieilli et d'une d\u00e9coration qui accorde une attention particuli\u00e8re aux petits d\u00e9tails.\n\nIl dispose \u00e9galement d'un restaurant, pr\u00e9par\u00e9 pour accueillir des soir\u00e9es romantiques, des r\u00e9unions intimes et familiales, des banquets de mariage et des repas d'affaires.\n\n<\/div><\/a><\/div><h4>Contact <\/h4><div class=\"link-tienda\"><strong><a href=\"https:\/\/www.visitgastroh.com\/fr\/store\/hotel-restaurant-usategieta\/\">+ Info<\/a><\/strong><\/div><\/div><\/div><div class=\"store-locator-col-sm-4\"><div class=\"wordpress-store-locator-list-item\"><div class=\"img-listado\"><a href=\"https:\/\/www.visitgastroh.com\/fr\/store\/hotel-restaurante-maher\/\"><img loading=\"lazy\" decoding=\"async\" width=\"300\" height=\"200\" src=\"https:\/\/www.visitgastroh.com\/wp-content\/uploads\/2022\/02\/hotel-maher-bodas-y-eventos-enrique2-300x200.jpg\" class=\"attachment-medium size-medium wp-post-image\" alt=\"\" srcset=\"https:\/\/www.visitgastroh.com\/wp-content\/uploads\/2022\/02\/hotel-maher-bodas-y-eventos-enrique2-300x200.jpg 300w, https:\/\/www.visitgastroh.com\/wp-content\/uploads\/2022\/02\/hotel-maher-bodas-y-eventos-enrique2-768x512.jpg 768w, https:\/\/www.visitgastroh.com\/wp-content\/uploads\/2022\/02\/hotel-maher-bodas-y-eventos-enrique2-900x600.jpg 900w, https:\/\/www.visitgastroh.com\/wp-content\/uploads\/2022\/02\/hotel-maher-bodas-y-eventos-enrique2.jpg 990w\" sizes=\"auto, (max-width: 300px) 100vw, 300px\" \/><\/a><\/div><div class=\"contenido-listado\"><a href=\"https:\/\/www.visitgastroh.com\/fr\/store\/hotel-restaurante-maher\/\"><div class=\"ficha-defecto\">\n<h2>MAHER Restaurante-Hotel<\/h2>\n<h3>(Cintru\u00e9nigo)<\/h3>\nRESTAURANT : Se d\u00e9finir, c'est se limiter. Apr\u00e8s 50 ans, nous avons d\u00e9cid\u00e9 de d\u00e9sapprendre, de nous remettre en question et de ne rester qu'avec ce qui maintient l'essence de ce que nous SOMMES. 3 concepts, bas\u00e9s sur la temporalit\u00e9, une histoire culinaire qui brise les habitudes monotones :\n\n<strong>- Mahercooks :<\/strong> Nous vous proposons de go\u00fbter, partager et exp\u00e9rimenter.\n<strong>- Martin\u00e954 :<\/strong> Pour les voyageurs nomades, nous proposons ce que l'on aimerait trouver dans un restaurant sur la route.\n<strong>- La T3rcera V\u00eda :<\/strong> Un dialogue \u00e0 double sens entre vous et notre \u00e9quipe de cuisine.\n\nH\u00d4TEL : Maher accueille les voyageurs avec le m\u00eame esprit avec lequel il est n\u00e9 il y a plus de 50 ans. Offrir un style d'h\u00e9bergement proche et familier.\nTechnologie appliqu\u00e9e \u00e0 la gestion durable, design et mobilier selon le service d'un h\u00f4tel contemporain, et une atmosph\u00e8re chaleureuse et accueillante bas\u00e9e sur de petits d\u00e9tails.\n\n<\/div><\/a><\/div><h4>Contact <\/h4><div class=\"link-tienda\"><strong><a href=\"https:\/\/www.visitgastroh.com\/fr\/store\/hotel-restaurante-maher\/\">+ Info<\/a><\/strong><\/div><\/div><\/div><\/div><div class=\"store-locator-row\"><div class=\"store-locator-col-sm-4\"><div class=\"wordpress-store-locator-list-item\"><div class=\"img-listado\"><a href=\"https:\/\/www.visitgastroh.com\/fr\/store\/hotel-sancho-ramirez\/\"><img loading=\"lazy\" decoding=\"async\" width=\"200\" height=\"300\" src=\"https:\/\/www.visitgastroh.com\/wp-content\/uploads\/2022\/02\/ALD0045-200x300.jpg\" class=\"attachment-medium size-medium wp-post-image\" alt=\"\" srcset=\"https:\/\/www.visitgastroh.com\/wp-content\/uploads\/2022\/02\/ALD0045-200x300.jpg 200w, https:\/\/www.visitgastroh.com\/wp-content\/uploads\/2022\/02\/ALD0045-683x1024.jpg 683w, https:\/\/www.visitgastroh.com\/wp-content\/uploads\/2022\/02\/ALD0045-768x1152.jpg 768w, https:\/\/www.visitgastroh.com\/wp-content\/uploads\/2022\/02\/ALD0045-1024x1536.jpg 1024w, https:\/\/www.visitgastroh.com\/wp-content\/uploads\/2022\/02\/ALD0045-1366x2048.jpg 1366w, https:\/\/www.visitgastroh.com\/wp-content\/uploads\/2022\/02\/ALD0045-scaled.jpg 1707w\" sizes=\"auto, (max-width: 200px) 100vw, 200px\" \/><\/a><\/div><div class=\"contenido-listado\"><a href=\"https:\/\/www.visitgastroh.com\/fr\/store\/hotel-sancho-ramirez\/\"><div class=\"ficha-defecto\">\n<h2>H\u00f4tel SANCHO RAMIREZ<\/h2>\n<h3>Pampelune<\/h3>\nAvec 38 ans d'exp\u00e9rience, nous sommes un h\u00f4tel <strong>urbain<\/strong> 3 \u00e9toiles orient\u00e9 vers les besoins des clients d'affaires, de sant\u00e9 ou de loisirs d'aujourd'hui.\n\nNous sommes situ\u00e9s en face du <strong>Parc Yamaguchi<\/strong> <strong>Pampelune<\/strong> , \u00e0 c\u00f4t\u00e9 de la <strong>Cl\u00ednica Universidad de Navarra<\/strong> , une zone qui se distingue par sa tranquillit\u00e9 et sa vari\u00e9t\u00e9 de services, mais sans s'\u00e9loigner de l'agitation du centre historique de la ville, dont nous ne sommes qu'\u00e0 15 minutes \u00e0 pied et 9 minutes en transports urbains , \u00e0 c\u00f4t\u00e9 de l'h\u00f4tel.\n\nSi vous venez en voiture, nous avons un parking priv\u00e9 et notre emplacement est tr\u00e8s bien reli\u00e9 aux principales autoroutes (A15, A21 et A12) de Pampelune.\n\nNous avons 85 chambres r\u00e9cemment r\u00e9nov\u00e9es et nos services incluent le Caf\u00e9 Bar \"La Barrica del Sancho\" et l'acc\u00e8s gratuit aux chambres et aux activit\u00e9s de la salle de sport professionnelle Sparta Sport Center, \u00e0 seulement 2 minutes de notre h\u00f4tel.\n\nNous avons beaucoup d'espace pour travailler ou se reposer \u00e0 notre rez-de-chauss\u00e9e ainsi que des salles priv\u00e9es pour des r\u00e9unions et des c\u00e9l\u00e9brations de toutes sortes.\n\nD\u00e8s votre entr\u00e9e dans l'h\u00f4tel, notre \u00e9quipe se chargera de vous faire sentir comme chez vous et de profiter d'un s\u00e9jour unique avec le meilleur service personnalis\u00e9.\n\n<\/div><\/a><\/div><h4>Contact <\/h4><div class=\"link-tienda\"><strong><a href=\"https:\/\/www.visitgastroh.com\/fr\/store\/hotel-sancho-ramirez\/\">+ Info<\/a><\/strong><\/div><\/div><\/div><div class=\"store-locator-col-sm-4\"><div class=\"wordpress-store-locator-list-item\"><div class=\"img-listado\"><a href=\"https:\/\/www.visitgastroh.com\/fr\/store\/hotel-santa-maria-briones\/\"><img loading=\"lazy\" decoding=\"async\" width=\"300\" height=\"279\" src=\"https:\/\/www.visitgastroh.com\/wp-content\/uploads\/2022\/03\/SANTAMARIABRIONES-ARCHIVOSDEMARCA-LOGOTIPO_Positivo-300x279.jpg\" class=\"attachment-medium size-medium wp-post-image\" alt=\"\" srcset=\"https:\/\/www.visitgastroh.com\/wp-content\/uploads\/2022\/03\/SANTAMARIABRIONES-ARCHIVOSDEMARCA-LOGOTIPO_Positivo-300x279.jpg 300w, https:\/\/www.visitgastroh.com\/wp-content\/uploads\/2022\/03\/SANTAMARIABRIONES-ARCHIVOSDEMARCA-LOGOTIPO_Positivo-1024x953.jpg 1024w, https:\/\/www.visitgastroh.com\/wp-content\/uploads\/2022\/03\/SANTAMARIABRIONES-ARCHIVOSDEMARCA-LOGOTIPO_Positivo-768x715.jpg 768w, https:\/\/www.visitgastroh.com\/wp-content\/uploads\/2022\/03\/SANTAMARIABRIONES-ARCHIVOSDEMARCA-LOGOTIPO_Positivo.jpg 1530w\" sizes=\"auto, (max-width: 300px) 100vw, 300px\" \/><\/a><\/div><div class=\"contenido-listado\"><a href=\"https:\/\/www.visitgastroh.com\/fr\/store\/hotel-santa-maria-briones\/\"><div class=\"ficha-defecto\">\n<h2>H\u00f4tel SANTA MARIA BRIONES<\/h2>\n<strong>(BRIONS)<\/strong>\n<h2><\/h2>\nSanta Mar\u00eda Briones est un projet vital, un retour aux origines, une proposition authentique qui tourne autour du mode de vie de notre terre et de la culture du vin. Un h\u00f4tel-boutique sp\u00e9cialement con\u00e7u pour les adultes, abrit\u00e9 par un manoir civil du XVIe si\u00e8cle adjacent aux remparts de Torre\u00f3n et de Cuarenta de la ville m\u00e9di\u00e9vale de Briones.\n\nChambres avec vue sur les vignobles et l'\u00c8bre ou sur la muraille d\u00e9fensive de la ville et les Briones m\u00e9di\u00e9vaux. Ils ont toutes sortes de services pour faire de notre s\u00e9jour une exp\u00e9rience sensorielle et inoubliable. Chambres con\u00e7ues pour g\u00e9n\u00e9rer un espace intime dans lequel se rassembler, se reposer et regarder \u00e0 l'int\u00e9rieur pour profiter de plus d'intimit\u00e9, de tranquillit\u00e9 et de calme.\n\nNos racines riojanaises, la qualit\u00e9 et la simplicit\u00e9 caract\u00e9riseront la cuisine de Santa Mar\u00eda Briones. Une honn\u00eate combinaison de tradition et de cr\u00e9ativit\u00e9 en cuisine, de raffinement \u00e0 table et surtout une proposition pour profiter pleinement de la g\u00e9n\u00e9rosit\u00e9 de notre terroir et de la richesse des nuances et des saveurs de ses produits gr\u00e2ce \u00e0 notre restaurant.\n\nSanta Mar\u00eda Briones est un lieu de vie tranquille, un lieu pour d\u00e9couvrir la grande offre historique et culturelle de La Rioja.\n\nNotre Calado est un espace unique sp\u00e9cialement con\u00e7u pour partager une bouteille de vin, des c\u00f4telettes d'agneau et une bonne conversation. Une cave originale du 16\u00e8me si\u00e8cle, autrefois utilis\u00e9e pour la conservation du vin et une salle priv\u00e9e avec des vues spectaculaires sur les vignes. Un endroit isol\u00e9, id\u00e9al pour c\u00e9l\u00e9brer des repas sp\u00e9ciaux, des d\u00e9gustations et toutes sortes de r\u00e9unions qui n\u00e9cessitent un peu plus d'intimit\u00e9.\n\n<\/div>\n&nbsp;<\/a><\/div><h4>Contact <\/h4><div class=\"link-tienda\"><strong><a href=\"https:\/\/www.visitgastroh.com\/fr\/store\/hotel-santa-maria-briones\/\">+ Info<\/a><\/strong><\/div><\/div><\/div><div class=\"store-locator-col-sm-4\"><div class=\"wordpress-store-locator-list-item\"><div class=\"img-listado\"><a href=\"https:\/\/www.visitgastroh.com\/fr\/store\/hotel-tres-reyes\/\"><img loading=\"lazy\" decoding=\"async\" width=\"300\" height=\"125\" src=\"https:\/\/www.visitgastroh.com\/wp-content\/uploads\/2022\/02\/hotel_tres_reyes_fachada-300x125.jpg\" class=\"attachment-medium size-medium wp-post-image\" alt=\"\" srcset=\"https:\/\/www.visitgastroh.com\/wp-content\/uploads\/2022\/02\/hotel_tres_reyes_fachada-300x125.jpg 300w, https:\/\/www.visitgastroh.com\/wp-content\/uploads\/2022\/02\/hotel_tres_reyes_fachada-1024x427.jpg 1024w, https:\/\/www.visitgastroh.com\/wp-content\/uploads\/2022\/02\/hotel_tres_reyes_fachada-768x320.jpg 768w, https:\/\/www.visitgastroh.com\/wp-content\/uploads\/2022\/02\/hotel_tres_reyes_fachada.jpg 1200w\" sizes=\"auto, (max-width: 300px) 100vw, 300px\" \/><\/a><\/div><div class=\"contenido-listado\"><a href=\"https:\/\/www.visitgastroh.com\/fr\/store\/hotel-tres-reyes\/\"><div class=\"ficha-defecto\">\n<h2>TRES REYES Hotel<\/h2>\n<h3>(Pampelune)<\/h3>\nSitu\u00e9 au centre de Pampelune et entour\u00e9 de parcs. \u00c0 c\u00f4t\u00e9 du Palacio de Congresos et de l'auditorium Baluarte, et devant la chapelle San Ferm\u00edn, avec 159 chambres spacieuses de diff\u00e9rentes cat\u00e9gories.\n\nToutes les chambres donnent sur l'ext\u00e9rieur, avec vue sur la vieille ville de Pampelune ou sur le Parque de la Taconera, avec la Sierra de El Perd\u00f3n en arri\u00e8re-plan. Climatisation individuelle, chambres sp\u00e9ciales pour les familles. Possibilit\u00e9 de chambres pour fumeurs. Connexion internet wi-fi gratuite par fibre optique dans tout l'h\u00f4tel et coffres-forts individuels.\n\nT\u00e9l\u00e9vision par satellite avec \u00e9crans plats Sony haute d\u00e9finition. Plus de 60 cha\u00eenes internationales en 9 langues.\n\nService en chambre, bar du hall, caf\u00e9t\u00e9ria. Restaurant avec une carte large et vari\u00e9e et une s\u00e9lection de Menu du Jour.\n\n9 salles, toutes avec lumi\u00e8re naturelle, pour la tenue d'\u00e9v\u00e9nements sociaux, de conf\u00e9rences et de congr\u00e8s d'une capacit\u00e9 maximale de 1 800 personnes. centre d'affaires.\n\nServices de blanchisserie et de nettoyage \u00e0 sec, portier, piscine (ouverte en juillet et ao\u00fbt), transport gratuit vers la clinique universitaire de Navarre (sous r\u00e9serve de disponibilit\u00e9), massages et physioth\u00e9rapie, bo\u00eete aux lettres, bureau de change, coiffeurs pour hommes et femmes , gymnase, jardin, parking priv\u00e9, parking handicap\u00e9s, agence de voyage et location de voiture.\n\n<\/div><\/a><\/div><h4>Contact <\/h4><div class=\"link-tienda\"><strong><a href=\"https:\/\/www.visitgastroh.com\/fr\/store\/hotel-tres-reyes\/\">+ Info<\/a><\/strong><\/div><\/div><\/div><\/div><div class=\"store-locator-row\"><div class=\"store-locator-col-sm-4\"><div class=\"wordpress-store-locator-list-item\"><div class=\"img-listado\"><a href=\"https:\/\/www.visitgastroh.com\/fr\/store\/hotel-venta-de-ulzama\/\"><img loading=\"lazy\" decoding=\"async\" width=\"300\" height=\"199\" src=\"https:\/\/www.visitgastroh.com\/wp-content\/uploads\/2022\/02\/hotel-venta-ulzama-edificio-300x199.jpg\" class=\"attachment-medium size-medium wp-post-image\" alt=\"\" srcset=\"https:\/\/www.visitgastroh.com\/wp-content\/uploads\/2022\/02\/hotel-venta-ulzama-edificio-300x199.jpg 300w, https:\/\/www.visitgastroh.com\/wp-content\/uploads\/2022\/02\/hotel-venta-ulzama-edificio-768x509.jpg 768w, https:\/\/www.visitgastroh.com\/wp-content\/uploads\/2022\/02\/hotel-venta-ulzama-edificio-900x600.jpg 900w, https:\/\/www.visitgastroh.com\/wp-content\/uploads\/2022\/02\/hotel-venta-ulzama-edificio.jpg 1022w\" sizes=\"auto, (max-width: 300px) 100vw, 300px\" \/><\/a><\/div><div class=\"contenido-listado\"><a href=\"https:\/\/www.visitgastroh.com\/fr\/store\/hotel-venta-de-ulzama\/\"><div class=\"ficha-defecto\">\n<h2>VENTA ULZAMA Hotel<\/h2>\n<h3>(Arraitz)<\/h3>\nLa vall\u00e9e d'Ulzama offre un environnement d'une beaut\u00e9 spectaculaire qui surprend le visiteur par sa verdure et le charme de ses petites villes d'\u00e9levage. Si vous recherchez la tranquillit\u00e9, la nature pr\u00e9serv\u00e9e et le contact avec la culture traditionnelle, c'est l'endroit id\u00e9al pour profiter d'une grande vari\u00e9t\u00e9 d'activit\u00e9s.\n\nDepuis 1896, un petit h\u00f4tel familial \u00e0 la montagne. Tr\u00e8s bien communiqu\u00e9 qu'il a un restaurant de niveau o\u00f9 la qualit\u00e9 et le d\u00e9tail pr\u00e9valent. 14 chambres doubles - dont beaucoup sont mansard\u00e9es - spacieuses et confortables \u00e0 la d\u00e9coration soign\u00e9e.\n\n<\/div><\/a><\/div><h4>Contact <\/h4><div class=\"link-tienda\"><strong><a href=\"https:\/\/www.visitgastroh.com\/fr\/store\/hotel-venta-de-ulzama\/\">+ Info<\/a><\/strong><\/div><\/div><\/div><div class=\"store-locator-col-sm-4\"><div class=\"wordpress-store-locator-list-item\"><div class=\"img-listado\"><a href=\"https:\/\/www.visitgastroh.com\/fr\/store\/hotel-villa-de-abalos\/\"><img loading=\"lazy\" decoding=\"async\" width=\"300\" height=\"199\" src=\"https:\/\/www.visitgastroh.com\/wp-content\/uploads\/2022\/03\/889-300x199.jpg\" class=\"attachment-medium size-medium wp-post-image\" alt=\"\" srcset=\"https:\/\/www.visitgastroh.com\/wp-content\/uploads\/2022\/03\/889-300x199.jpg 300w, https:\/\/www.visitgastroh.com\/wp-content\/uploads\/2022\/03\/889.jpg 532w\" sizes=\"auto, (max-width: 300px) 100vw, 300px\" \/><\/a><\/div><div class=\"contenido-listado\"><a href=\"https:\/\/www.visitgastroh.com\/fr\/store\/hotel-villa-de-abalos\/\"><div class=\"ficha-defecto\">\n<h2>HOTEL VILLA DE \u00c1BALOS Hotel<\/h2>\n<h3>(\u00c1BALOS)<\/h3>\nL'H\u00f4tel Villa de \u00c1balos est le r\u00e9sultat de la r\u00e9habilitation d'un manoir \u00e0 l'architecture civile typique de la fin du XVIIe si\u00e8cle, o\u00f9 la pierre, le bois et le fer forg\u00e9 allient modernit\u00e9 et tradition.\n\nL'H\u00f4tel dispose de 12 chambres doubles avec leur propre nom et qui repr\u00e9sentent le travail de la vigne et de la cave.\n\nAu rez-de-chauss\u00e9e se trouvent les espaces communs, la r\u00e9ception, les salons, la terrasse, le jardin et le parking. Tout exclusivement pour les invit\u00e9s\n\n<strong>Mention sp\u00e9ciale a notre offre gastronomique avec la Merche Kitchen comme cadre principal<\/strong>\n\nA noter \u00e9galement notre offre d'activit\u00e9s \u0153notouristiques, des exp\u00e9riences en cuisine avec des cours de cuisine traditionnelle dispens\u00e9s par Merche et des exp\u00e9riences dans le vignoble et des d\u00e9gustations de vin anim\u00e9es par Jos\u00e9 Luis, expert universitaire en viticulture et \u0153nologie.\n\n<\/div><\/a><\/div><h4>Contact <\/h4><div class=\"link-tienda\"><strong><a href=\"https:\/\/www.visitgastroh.com\/fr\/store\/hotel-villa-de-abalos\/\">+ Info<\/a><\/strong><\/div><\/div><\/div><div class=\"store-locator-col-sm-4\"><div class=\"wordpress-store-locator-list-item\"><div class=\"img-listado\"><a href=\"https:\/\/www.visitgastroh.com\/fr\/store\/hotel-villava\/\"><img loading=\"lazy\" decoding=\"async\" width=\"300\" height=\"125\" src=\"https:\/\/www.visitgastroh.com\/wp-content\/uploads\/2022\/02\/hotel_villava_habitacion-300x125.jpg\" class=\"attachment-medium size-medium wp-post-image\" alt=\"\" srcset=\"https:\/\/www.visitgastroh.com\/wp-content\/uploads\/2022\/02\/hotel_villava_habitacion-300x125.jpg 300w, https:\/\/www.visitgastroh.com\/wp-content\/uploads\/2022\/02\/hotel_villava_habitacion-1024x427.jpg 1024w, https:\/\/www.visitgastroh.com\/wp-content\/uploads\/2022\/02\/hotel_villava_habitacion-768x320.jpg 768w, https:\/\/www.visitgastroh.com\/wp-content\/uploads\/2022\/02\/hotel_villava_habitacion.jpg 1200w\" sizes=\"auto, (max-width: 300px) 100vw, 300px\" \/><\/a><\/div><div class=\"contenido-listado\"><a href=\"https:\/\/www.visitgastroh.com\/fr\/store\/hotel-villava\/\"><div class=\"ficha-defecto\">\n<h2>H\u00f4tel VILLAVA<\/h2>\n<h3>(Villava)<\/h3>\nL'h\u00f4tel Villava, avec son restaurant Amatxi, a ouvert ses portes en avril 2005. Situ\u00e9 \u00e0 Villava, \u00e0 3 km du centre de Pampelune, avec tous les avantages des transports urbains.\n\nCet h\u00f4tel dispose de 62 chambres dont 57 doubles, 2 suites et 2 junior suites. Ses chambres sont ext\u00e9rieures et \u00e9quip\u00e9es de tout le confort : salle de bain compl\u00e8te avec s\u00e8che-cheveux, t\u00e9l\u00e9phone direct, connexion Internet, TV, climatisation, coffre-fort pour ordinateurs portables, Wi-Fi gratuit.\n\nLes clients peuvent profiter du petit-d\u00e9jeuner buffet, du bar, de la caf\u00e9t\u00e9ria, de grandes salles pour toutes sortes d'\u00e9v\u00e9nements (r\u00e9unions, mariages, d\u00e9jeuners d'affaires,...), parking et garage priv\u00e9.\n\nLocal sp\u00e9cial pour ranger les v\u00e9los, avec cadenas pour v\u00e9los et cam\u00e9ras de s\u00e9curit\u00e9.\n\nA 5 minutes \u00e0 pied de Trinidad de Arre.\n\n<\/div><\/a><\/div><h4>Contact <\/h4><div class=\"link-tienda\"><strong><a href=\"https:\/\/www.visitgastroh.com\/fr\/store\/hotel-villava\/\">+ Info<\/a><\/strong><\/div><\/div><\/div><\/div><div class=\"store-locator-row\"><div class=\"store-locator-col-sm-4\"><div class=\"wordpress-store-locator-list-item\"><div class=\"img-listado\"><a href=\"https:\/\/www.visitgastroh.com\/fr\/store\/hotel-zelai-thalassotherapie\/\"><img loading=\"lazy\" decoding=\"async\" width=\"300\" height=\"201\" src=\"https:\/\/www.visitgastroh.com\/wp-content\/uploads\/2022\/03\/01.entorno-300x201.jpg\" class=\"attachment-medium size-medium wp-post-image\" alt=\"\" srcset=\"https:\/\/www.visitgastroh.com\/wp-content\/uploads\/2022\/03\/01.entorno-300x201.jpg 300w, https:\/\/www.visitgastroh.com\/wp-content\/uploads\/2022\/03\/01.entorno-1024x685.jpg 1024w, https:\/\/www.visitgastroh.com\/wp-content\/uploads\/2022\/03\/01.entorno-768x514.jpg 768w, https:\/\/www.visitgastroh.com\/wp-content\/uploads\/2022\/03\/01.entorno-900x600.jpg 900w, https:\/\/www.visitgastroh.com\/wp-content\/uploads\/2022\/03\/01.entorno-600x403.jpg 600w, https:\/\/www.visitgastroh.com\/wp-content\/uploads\/2022\/03\/01.entorno-400x269.jpg 400w, https:\/\/www.visitgastroh.com\/wp-content\/uploads\/2022\/03\/01.entorno.jpg 1300w\" sizes=\"auto, (max-width: 300px) 100vw, 300px\" \/><\/a><\/div><div class=\"contenido-listado\"><a href=\"https:\/\/www.visitgastroh.com\/fr\/store\/hotel-zelai-thalassotherapie\/\"><div class=\"ficha-defecto\">\n<h2>H\u00f4tel de thalassoth\u00e9rapie Zelai<\/h2>\n<h3>(Zuma\u00efa)<\/h3>\nThermalisme et bien-\u00eatre dans un h\u00f4tel dot\u00e9 d'un centre de thalassoth\u00e9rapie, d'une grande richesse g\u00e9ologique, et d'un restaurant avec vue imprenable sur la mer.\n\nL'H\u00f4tel Talasoterapia Zelaia dispose de 26 chambres \u00e0 la d\u00e9coration simple et minimaliste. Certaines d'entre elles avec vue sur la mer.\n\nLa propri\u00e9t\u00e9 dispose d'une grande piscine int\u00e9rieure, d'une piscine d'eau de mer, de douches \u00e0 col de cygne, de jets d'eau, de bains turcs et de bains \u00e0 remous.\n\nDe m\u00eame, nous vous offrons la meilleure gastronomie dans un restaurant avec des vues spectaculaires sur la mer et les falaises.\n\n<\/div><\/a><\/div><h4>Contact <\/h4><div class=\"link-tienda\"><strong><a href=\"https:\/\/www.visitgastroh.com\/fr\/store\/hotel-zelai-thalassotherapie\/\">+ Info<\/a><\/strong><\/div><\/div><\/div><div class=\"store-locator-col-sm-4\"><div class=\"wordpress-store-locator-list-item\"><div class=\"img-listado\"><a href=\"https:\/\/www.visitgastroh.com\/fr\/store\/hotel-cave-la-casa-del-cofrade\/\"><img loading=\"lazy\" decoding=\"async\" width=\"300\" height=\"176\" src=\"https:\/\/www.visitgastroh.com\/wp-content\/uploads\/2022\/03\/Entrada-Recepcion-300x176.jpg\" class=\"attachment-medium size-medium wp-post-image\" alt=\"\" srcset=\"https:\/\/www.visitgastroh.com\/wp-content\/uploads\/2022\/03\/Entrada-Recepcion-300x176.jpg 300w, https:\/\/www.visitgastroh.com\/wp-content\/uploads\/2022\/03\/Entrada-Recepcion-1024x601.jpg 1024w, https:\/\/www.visitgastroh.com\/wp-content\/uploads\/2022\/03\/Entrada-Recepcion-768x451.jpg 768w, https:\/\/www.visitgastroh.com\/wp-content\/uploads\/2022\/03\/Entrada-Recepcion-1536x902.jpg 1536w, https:\/\/www.visitgastroh.com\/wp-content\/uploads\/2022\/03\/Entrada-Recepcion-2048x1202.jpg 2048w\" sizes=\"auto, (max-width: 300px) 100vw, 300px\" \/><\/a><\/div><div class=\"contenido-listado\"><a href=\"https:\/\/www.visitgastroh.com\/fr\/store\/hotel-cave-la-casa-del-cofrade\/\"><div class=\"ficha-defecto\">\n<h2>H\u00f4tel LA CASA DEL COFRADE - Domaine viticole<\/h2>\n<strong>(ALBELDA DE IREGUA)<\/strong>\n\nBienvenue \u00e0 l'h\u00f4tel de la cave La Casa del Cofrade, un lieu unique et accueillant dans la DOC Rioja, o\u00f9 vous pourrez s\u00e9journer et d\u00e9guster les vins de la prestigieuse cave Vin\u00edcola Real.\n\nR\u00e9f\u00e9rence en mati\u00e8re d'oenotourisme, fond\u00e9e en 2004 en tant que premier h\u00f4tel sur le th\u00e8me du vin de La Rioja, elle a re\u00e7u, entre autres r\u00e9compenses, le prix international \"Best of Wine Tourism\", qui r\u00e9compense la qualit\u00e9 et l'offre oenotouristique de nos \u00e9tablissements.\n\nDans le cadre du complexe viticole dans lequel il est int\u00e9gr\u00e9, dans cet h\u00f4tel de charme, vous pourrez d\u00e9guster certains des vins les plus reconnus et appr\u00e9ci\u00e9s par la critique et le public, parmi lesquels notre marque embl\u00e9matique \"200 Monges\".\n\nNotre offre comprend, en plus du s\u00e9jour et de la visite de la cave, un grand nombre d'activit\u00e9s et d'exp\u00e9riences li\u00e9es au monde du vin, de la gastronomie et de la culture dans lesquelles vous pourrez d\u00e9couvrir et profiter de l'esprit de la Rioja tout en vous relaxant dans cet h\u00f4tel de charme. .\n<\/div><\/a><\/div><h4>Contact <\/h4><div class=\"link-tienda\"><strong><a href=\"https:\/\/www.visitgastroh.com\/fr\/store\/hotel-cave-la-casa-del-cofrade\/\">+ Info<\/a><\/strong><\/div><\/div><\/div><div class=\"store-locator-col-sm-4\"><div class=\"wordpress-store-locator-list-item\"><div class=\"img-listado\"><a href=\"https:\/\/www.visitgastroh.com\/fr\/store\/ibis-pau-centre\/\"><img loading=\"lazy\" decoding=\"async\" width=\"300\" height=\"159\" src=\"https:\/\/www.visitgastroh.com\/wp-content\/uploads\/2022\/04\/IBIS-PAU-CENTRE-LOBBY-300x159.jpg\" class=\"attachment-medium size-medium wp-post-image\" alt=\"\" srcset=\"https:\/\/www.visitgastroh.com\/wp-content\/uploads\/2022\/04\/IBIS-PAU-CENTRE-LOBBY-300x159.jpg 300w, https:\/\/www.visitgastroh.com\/wp-content\/uploads\/2022\/04\/IBIS-PAU-CENTRE-LOBBY-768x407.jpg 768w, https:\/\/www.visitgastroh.com\/wp-content\/uploads\/2022\/04\/IBIS-PAU-CENTRE-LOBBY.jpg 832w\" sizes=\"auto, (max-width: 300px) 100vw, 300px\" \/><\/a><\/div><div class=\"contenido-listado\"><a href=\"https:\/\/www.visitgastroh.com\/fr\/store\/ibis-pau-centre\/\"><div class=\"ficha-defecto\">\r\n<h2>Ibis Pau Centre<\/h2>\r\n<h3>(Pau)<\/h3>\r\nL'H\u00f4tel ibis Pau Centre vous accueille au coeur historique de la ville, \u00e0 proximit\u00e9 du ch\u00e2teau royal de Pau, du centre-ville palois dynamique et tout pr\u00e8s du Centre des Congr\u00e8s de Pau. Pour le travail ou pour le loisir, la pleine r\u00e9ussite de votre s\u00e9jour dans notre h\u00f4tel \u00e0 Pau, r\u00e9nov\u00e9 en 2020, sera notre priorit\u00e9.\r\n\r\n\u00c0 5 minutes du Palais Beaumont, le Centre des Congr\u00e8s de Pau \u00e0 l'est, et du ch\u00e2teau de Pau \u00e0 l'ouest, notre h\u00f4tel \u00e0 Pau vous invite \u00e0 vous balader en centre-ville tels des rois modernes le long du Boulevard des Pyr\u00e9n\u00e9es. \u00c0 l'H\u00f4tel ibis Pau Centre, nous vous attendons avec impatience pour vous faire d\u00e9couvrir notre h\u00f4tel r\u00e9cemment r\u00e9nov\u00e9, mais aussi toutes les activit\u00e9s de Pau : le Parc Aquasports, le Parc Beaumont, le Mus\u00e9e national de Pau, le Circuit Pau-Arnos...\r\n\r\n<\/div><\/a><\/div><h4>Contact <\/h4><div class=\"link-tienda\"><strong><a href=\"https:\/\/www.visitgastroh.com\/fr\/store\/ibis-pau-centre\/\">+ Info<\/a><\/strong><\/div><\/div><\/div><\/div><div class=\"store-locator-row\"><div class=\"store-locator-col-sm-4\"><div class=\"wordpress-store-locator-list-item\"><div class=\"img-listado\"><a href=\"https:\/\/www.visitgastroh.com\/fr\/store\/immobilier-arinzano-logement\/\"><img loading=\"lazy\" decoding=\"async\" width=\"300\" height=\"212\" src=\"https:\/\/www.visitgastroh.com\/wp-content\/uploads\/2022\/02\/propiedad-arinzano-habitacion-1-300x212.jpg\" class=\"attachment-medium size-medium wp-post-image\" alt=\"\" srcset=\"https:\/\/www.visitgastroh.com\/wp-content\/uploads\/2022\/02\/propiedad-arinzano-habitacion-1-300x212.jpg 300w, https:\/\/www.visitgastroh.com\/wp-content\/uploads\/2022\/02\/propiedad-arinzano-habitacion-1.jpg 675w\" sizes=\"auto, (max-width: 300px) 100vw, 300px\" \/><\/a><\/div><div class=\"contenido-listado\"><a href=\"https:\/\/www.visitgastroh.com\/fr\/store\/immobilier-arinzano-logement\/\"><div class=\"ficha-defecto\">\n<h2>PROPRI\u00c9T\u00c9 AR\u00cdNZANO H\u00f4tel<\/h2>\n<h3>(Aber\u00edn)<\/h3>\nS\u00e9jours exclusifs. Nous mettons \u00e0 votre disposition 8 chambres doubles exclusives, dans deux b\u00e2timents uniques, o\u00f9 vous pourrez vivre une exp\u00e9rience unique, dans un environnement des plus exclusifs.\n\nLa Casona : Un s\u00e9jour \u00e0 La Casona est un luxe pour les sens et un souvenir ind\u00e9l\u00e9bile. Se reposer dans une chambre au charme d'une b\u00e2tisse du 18\u00e8me si\u00e8cle, avec les derniers d\u00e9tails et confort, est une exp\u00e9rience inoubliable. Il dispose de 4 chambres de luxe ainsi que d'espaces intimes et confortables pour profiter d'un merveilleux s\u00e9jour parmi les vignes de la mani\u00e8re la plus exclusive. Chaque chambre a une vue exclusive sur le vignoble, une d\u00e9coration contemporaine, un lit double et une salle de bain. Service Wi-Fi.\n\nLa Villa : Profitez d'un merveilleux s\u00e9jour au c\u0153ur de la Navarre. La Villa vous offre la chance de profiter d'une ambiance familiale, intime et privil\u00e9gi\u00e9e. La Villa dispose de 4 chambres doubles pour profiter d'un s\u00e9jour de charme. Chaque chambre est \u00e9quip\u00e9e d'une d\u00e9coration contemporaine, d'un lit double et d'une salle de bain compl\u00e8te. Service Wi-Fi.\n\n<\/div>\n&nbsp;<\/a><\/div><h4>Contact <\/h4><div class=\"link-tienda\"><strong><a href=\"https:\/\/www.visitgastroh.com\/fr\/store\/immobilier-arinzano-logement\/\">+ Info<\/a><\/strong><\/div><\/div><\/div><div class=\"store-locator-col-sm-4\"><div class=\"wordpress-store-locator-list-item\"><div class=\"img-listado\"><a href=\"https:\/\/www.visitgastroh.com\/fr\/store\/la-pata-de-oca-albergue\/\"><img loading=\"lazy\" decoding=\"async\" width=\"300\" height=\"225\" src=\"https:\/\/www.visitgastroh.com\/wp-content\/uploads\/2022\/04\/albergue-pata-oca-entrada-300x225.jpg\" class=\"attachment-medium size-medium wp-post-image\" alt=\"\" srcset=\"https:\/\/www.visitgastroh.com\/wp-content\/uploads\/2022\/04\/albergue-pata-oca-entrada-300x225.jpg 300w, https:\/\/www.visitgastroh.com\/wp-content\/uploads\/2022\/04\/albergue-pata-oca-entrada-1024x768.jpg 1024w, https:\/\/www.visitgastroh.com\/wp-content\/uploads\/2022\/04\/albergue-pata-oca-entrada-768x576.jpg 768w, https:\/\/www.visitgastroh.com\/wp-content\/uploads\/2022\/04\/albergue-pata-oca-entrada-1536x1152.jpg 1536w, https:\/\/www.visitgastroh.com\/wp-content\/uploads\/2022\/04\/albergue-pata-oca-entrada.jpg 1600w\" sizes=\"auto, (max-width: 300px) 100vw, 300px\" \/><\/a><\/div><div class=\"contenido-listado\"><a href=\"https:\/\/www.visitgastroh.com\/fr\/store\/la-pata-de-oca-albergue\/\"><div class=\"ficha-defecto\">\n<h2>La Pata de Oca<\/h2>\n<h3>(Torres del R\u00edo)<\/h3>\nG\u00ceTE ET H\u00d4TEL RURAL\n\nPremi\u00e8re auberge templi\u00e8re, situ\u00e9e dans la ville de Navarre TORRES DEL RIO, incontournable pour les p\u00e8lerins et les visiteurs, nich\u00e9e dans un cadre naturel d'une grande beaut\u00e9, face au SAINT S\u00c9PULCRE, une visite d'une grande richesse spirituelle pour les promeneurs.\n\n<\/div><\/a><\/div><h4>Contact <\/h4><div class=\"link-tienda\"><strong><a href=\"https:\/\/www.visitgastroh.com\/fr\/store\/la-pata-de-oca-albergue\/\">+ Info<\/a><\/strong><\/div><\/div><\/div><div class=\"store-locator-col-sm-4\"><div class=\"wordpress-store-locator-list-item\"><div class=\"img-listado\"><a href=\"https:\/\/www.visitgastroh.com\/fr\/store\/le-castel-du-pont-doly\/\"><img loading=\"lazy\" decoding=\"async\" width=\"300\" height=\"200\" src=\"https:\/\/www.visitgastroh.com\/wp-content\/uploads\/2022\/05\/Castel-du-Pont-dOly-Hotel-3-etoiles-et-restaurant-gastronomique-a-Jurancon-1-300x200.jpg\" class=\"attachment-medium size-medium wp-post-image\" alt=\"\" srcset=\"https:\/\/www.visitgastroh.com\/wp-content\/uploads\/2022\/05\/Castel-du-Pont-dOly-Hotel-3-etoiles-et-restaurant-gastronomique-a-Jurancon-1-300x200.jpg 300w, https:\/\/www.visitgastroh.com\/wp-content\/uploads\/2022\/05\/Castel-du-Pont-dOly-Hotel-3-etoiles-et-restaurant-gastronomique-a-Jurancon-1-768x512.jpg 768w, https:\/\/www.visitgastroh.com\/wp-content\/uploads\/2022\/05\/Castel-du-Pont-dOly-Hotel-3-etoiles-et-restaurant-gastronomique-a-Jurancon-1-900x600.jpg 900w, https:\/\/www.visitgastroh.com\/wp-content\/uploads\/2022\/05\/Castel-du-Pont-dOly-Hotel-3-etoiles-et-restaurant-gastronomique-a-Jurancon-1.jpg 1020w\" sizes=\"auto, (max-width: 300px) 100vw, 300px\" \/><\/a><\/div><div class=\"contenido-listado\"><a href=\"https:\/\/www.visitgastroh.com\/fr\/store\/le-castel-du-pont-doly\/\"><div class=\"ficha-defecto\">\r\n<h2>Le Castel du Pont d'Oly<\/h2>\r\n<h3>(Juran\u00e7on)<\/h3>\r\nIl existe dans le\u00a0<strong>B\u00e9arn<\/strong>, un endroit rare et vrai o\u00f9 il fait bon manger et dormir\u2026\u00a0!\r\n\r\nC\u2019est \u00e0\u00a0<strong>Juran\u00e7on<\/strong>, aux portes de\u00a0<strong>Pau<\/strong>\u00a0et \u00e0 5 mn du centre, que se situe ce havre de paix.\r\n\r\nExistant depuis de nombreuses ann\u00e9es, l'<strong>h\u00f4tel-restaurant Castel du Pont d'Oly<\/strong>\u00a0est devenu\u00a0le rendez-vous incontournable<strong>\u00a0<\/strong>des \u00e9picuriens de la r\u00e9gion.\r\n\r\nCet \u00e9tablissement de charme\u00a0<strong>dans les Pyr\u00e9n\u00e9es-Atlantiques. <\/strong>Le Chef Christian Marcoux vous propose une\u00a0<strong>cuisine<\/strong>\u00a0<strong>r\u00e9invent\u00e9e chaque jour<\/strong>,\u00a0\u00e9labor\u00e9e \u00e0 base des meilleurs\u00a0<strong>produits<\/strong>.\r\n\r\n<\/div><\/a><\/div><h4>Contact <\/h4><div class=\"link-tienda\"><strong><a href=\"https:\/\/www.visitgastroh.com\/fr\/store\/le-castel-du-pont-doly\/\">+ Info<\/a><\/strong><\/div><\/div><\/div><\/div><div class=\"store-locator-row\"><div class=\"store-locator-col-sm-4\"><div class=\"wordpress-store-locator-list-item\"><div class=\"img-listado\"><a href=\"https:\/\/www.visitgastroh.com\/fr\/store\/le-gardien-du-vignoble\/\"><img loading=\"lazy\" decoding=\"async\" width=\"300\" height=\"240\" src=\"https:\/\/www.visitgastroh.com\/wp-content\/uploads\/2022\/02\/Collage-anuncios-300x240.jpg\" class=\"attachment-medium size-medium wp-post-image\" alt=\"\" srcset=\"https:\/\/www.visitgastroh.com\/wp-content\/uploads\/2022\/02\/Collage-anuncios-300x240.jpg 300w, https:\/\/www.visitgastroh.com\/wp-content\/uploads\/2022\/02\/Collage-anuncios-1024x819.jpg 1024w, https:\/\/www.visitgastroh.com\/wp-content\/uploads\/2022\/02\/Collage-anuncios-768x614.jpg 768w, https:\/\/www.visitgastroh.com\/wp-content\/uploads\/2022\/02\/Collage-anuncios-1536x1229.jpg 1536w, https:\/\/www.visitgastroh.com\/wp-content\/uploads\/2022\/02\/Collage-anuncios.jpg 2000w\" sizes=\"auto, (max-width: 300px) 100vw, 300px\" \/><\/a><\/div><div class=\"contenido-listado\"><a href=\"https:\/\/www.visitgastroh.com\/fr\/store\/le-gardien-du-vignoble\/\"><div class=\"ficha-defecto\">\n<h2>LES GUARDAVI\u00d1AS Maison Rurale<\/h2>\n<h3>(Laisse-les tomber)<\/h3>\nBienvenue \u00e0 El Guardavinas ! un endroit pour se d\u00e9connecter du stress de la vie quotidienne et se connecter avec la nature.\n\nFermez un instant les yeux et imaginez, vous vous r\u00e9veillez en sentant le caf\u00e9 frais, le soleil entre par la fen\u00eatre, vous entendez les oiseaux chanter. Au loin, le son des cloches annonce l'heure et un calme parfait vous entoure. Vous souriez, vous \u00eates en vacances, vous \u00eates \u00e0 El Guardavi\u00f1as.\n\nC'est un refuge parfait pour une escapade romantique, mais aussi pour ceux qui aiment profiter d'un environnement de montagnes et de vignobles, en couple, en famille ou entre amis.\n\nNous avons des g\u00eetes pour 2 ou 4 personnes. Tous sont \u00e9quip\u00e9s d'une cuisine compl\u00e8te, Wi-Fi, chauffage, parking priv\u00e9 et disposent d'espaces communs tels que El Patio (\u00e0 l'ext\u00e9rieur) ou La Bodega (souterrain, sous le complexe). Vous pouvez venir en couple ou entre amis, c'est vous qui choisissez ! Capacit\u00e9 maximale 12 personnes.\n\nChaque h\u00e9bergement a son propre style, mais tous sont agenc\u00e9s et d\u00e9cor\u00e9s avec des objets artisanaux pour offrir cette atmosph\u00e8re rurale, qui encourage la d\u00e9connexion et la d\u00e9tente.\n\n<\/div><\/a><\/div><h4>Contact <\/h4><div class=\"link-tienda\"><strong><a href=\"https:\/\/www.visitgastroh.com\/fr\/store\/le-gardien-du-vignoble\/\">+ Info<\/a><\/strong><\/div><\/div><\/div><div class=\"store-locator-col-sm-4\"><div class=\"wordpress-store-locator-list-item\"><div class=\"img-listado\"><a href=\"https:\/\/www.visitgastroh.com\/fr\/store\/legazpi-12-chambres-et-suites\/\"><img loading=\"lazy\" decoding=\"async\" width=\"300\" height=\"200\" src=\"https:\/\/www.visitgastroh.com\/wp-content\/uploads\/2022\/02\/Legazpi-1-300x200.jpg\" class=\"attachment-medium size-medium wp-post-image\" alt=\"\" srcset=\"https:\/\/www.visitgastroh.com\/wp-content\/uploads\/2022\/02\/Legazpi-1-300x200.jpg 300w, https:\/\/www.visitgastroh.com\/wp-content\/uploads\/2022\/02\/Legazpi-1-1024x683.jpg 1024w, https:\/\/www.visitgastroh.com\/wp-content\/uploads\/2022\/02\/Legazpi-1-768x512.jpg 768w, https:\/\/www.visitgastroh.com\/wp-content\/uploads\/2022\/02\/Legazpi-1-1536x1024.jpg 1536w, https:\/\/www.visitgastroh.com\/wp-content\/uploads\/2022\/02\/Legazpi-1-900x600.jpg 900w, https:\/\/www.visitgastroh.com\/wp-content\/uploads\/2022\/02\/Legazpi-1.jpg 1600w\" sizes=\"auto, (max-width: 300px) 100vw, 300px\" \/><\/a><\/div><div class=\"contenido-listado\"><a href=\"https:\/\/www.visitgastroh.com\/fr\/store\/legazpi-12-chambres-et-suites\/\"><div class=\"ficha-defecto\">\n<h2>LEGAZPI 12 CHAMBRES &amp; SUITES<\/h2>\n<h3>(Donostia-Saint-S\u00e9bastien)<\/h3>\nLegazpi Doce Rooms &amp; Suites dispose de 11 chambres confortables avec salle de bain priv\u00e9e r\u00e9parties aux premier et deuxi\u00e8me \u00e9tages de ce b\u00e2timent romantique de la fin du XIXe si\u00e8cle. Toutes \u00e9quip\u00e9es d'un lit 5 \u00e9toiles, d'une t\u00e9l\u00e9vision \u00e0 \u00e9cran plat et d'un coffre-fort num\u00e9rique promettent de vous offrir le plus grand confort et un repos au meilleur endroit.\n\nIl dispose \u00e9galement de 6 appartements touristiques pouvant accueillir jusqu'\u00e0 8 personnes. Tous \u00e9quip\u00e9s d'une cuisine et situ\u00e9s aux troisi\u00e8me, quatri\u00e8me et cinqui\u00e8me \u00e9tages du m\u00eame b\u00e2timent.\n\nAvec des orientations diff\u00e9rentes, toutes nos chambres sont d\u00e9cor\u00e9es avec des d\u00e9tails gastronomiques et des couleurs comme le rouge et le vert, m\u00e9lang\u00e9es avec des nuances de lin brut et de bois de noyer.\n\n&nbsp;\n\n<\/div><\/a><\/div><h4>Contact <\/h4><div class=\"link-tienda\"><strong><a href=\"https:\/\/www.visitgastroh.com\/fr\/store\/legazpi-12-chambres-et-suites\/\">+ Info<\/a><\/strong><\/div><\/div><\/div><div class=\"store-locator-col-sm-4\"><div class=\"wordpress-store-locator-list-item\"><div class=\"img-listado\"><a href=\"https:\/\/www.visitgastroh.com\/fr\/store\/location-chateau-de-porthos\/\"><img loading=\"lazy\" decoding=\"async\" width=\"300\" height=\"169\" src=\"https:\/\/www.visitgastroh.com\/wp-content\/uploads\/2022\/04\/01-Le-Chateau-de-Porthos-Lannes-en-Baretous-300x169.jpg\" class=\"attachment-medium size-medium wp-post-image\" alt=\"\" srcset=\"https:\/\/www.visitgastroh.com\/wp-content\/uploads\/2022\/04\/01-Le-Chateau-de-Porthos-Lannes-en-Baretous-300x169.jpg 300w, https:\/\/www.visitgastroh.com\/wp-content\/uploads\/2022\/04\/01-Le-Chateau-de-Porthos-Lannes-en-Baretous-1024x578.jpg 1024w, https:\/\/www.visitgastroh.com\/wp-content\/uploads\/2022\/04\/01-Le-Chateau-de-Porthos-Lannes-en-Baretous-768x434.jpg 768w, https:\/\/www.visitgastroh.com\/wp-content\/uploads\/2022\/04\/01-Le-Chateau-de-Porthos-Lannes-en-Baretous-1536x867.jpg 1536w, https:\/\/www.visitgastroh.com\/wp-content\/uploads\/2022\/04\/01-Le-Chateau-de-Porthos-Lannes-en-Baretous.jpg 2000w\" sizes=\"auto, (max-width: 300px) 100vw, 300px\" \/><\/a><\/div><div class=\"contenido-listado\"><a href=\"https:\/\/www.visitgastroh.com\/fr\/store\/location-chateau-de-porthos\/\"><div class=\"ficha-defecto\">\r\n<h2>CHATEAU-DE- PORTHOS<\/h2>\r\n<h3>(Vall\u00e9e des mousquetaires)<\/h3>\r\nArette, Aramitz, Lanne en baretous\r\n\r\nLOUER ET PRIVATISER\u00a0 Tout le domaine. Le ch\u00e2teau de porthos 5 \u00e9toiles. Capacit\u00e9 de 14 personnes, 6 chambres avec 6\u00a0 salles de bain .\r\n\r\nPour week-end, vacances, retrouvailles en famille ou entre amis.\r\nRetraites pour se ressourcer. Possibilit\u00e9 d'organiser des stages et s\u00e9minaires dans un lieu de d\u00e9tente et de spiritualit\u00e9.\r\n\r\nEntre B\u00e9arn et Pays-Basque, sur la route des fromages Ossau Irraty\r\nGarbure m\u00e9morable. Juran\u00e7on et Irrouleguy.\r\nUn s\u00e9jour inoubliable au pays de Navarre et d'Henri IV, dans un lieu d'exception.\r\n\r\nLa campagne, la montagne et l'Oc\u00e9an atlantique sont sur ce territoire.\r\nIci, vous pourrez marcher, randonner, skier, surfer, faire du v\u00e9lo et VTT .\r\n\r\nD\u00e9couvrir une culture exceptionnelle : celle du B\u00e9arn et du Pays Basque!\r\n\r\n<\/div><\/a><\/div><h4>Contact <\/h4><div class=\"link-tienda\"><strong><a href=\"https:\/\/www.visitgastroh.com\/fr\/store\/location-chateau-de-porthos\/\">+ Info<\/a><\/strong><\/div><\/div><\/div><\/div><div class=\"store-locator-row\"><div class=\"store-locator-col-sm-4\"><div class=\"wordpress-store-locator-list-item\"><div class=\"img-listado\"><a href=\"https:\/\/www.visitgastroh.com\/fr\/store\/logrono-hotel-avda-de-madrid-25\/\"><img loading=\"lazy\" decoding=\"async\" width=\"300\" height=\"200\" src=\"https:\/\/www.visitgastroh.com\/wp-content\/uploads\/2022\/03\/2022T_00983-300x200.jpg\" class=\"attachment-medium size-medium wp-post-image\" alt=\"\" srcset=\"https:\/\/www.visitgastroh.com\/wp-content\/uploads\/2022\/03\/2022T_00983-300x200.jpg 300w, https:\/\/www.visitgastroh.com\/wp-content\/uploads\/2022\/03\/2022T_00983-1024x683.jpg 1024w, https:\/\/www.visitgastroh.com\/wp-content\/uploads\/2022\/03\/2022T_00983-768x512.jpg 768w, https:\/\/www.visitgastroh.com\/wp-content\/uploads\/2022\/03\/2022T_00983-1536x1024.jpg 1536w, https:\/\/www.visitgastroh.com\/wp-content\/uploads\/2022\/03\/2022T_00983-2048x1365.jpg 2048w, https:\/\/www.visitgastroh.com\/wp-content\/uploads\/2022\/03\/2022T_00983-900x600.jpg 900w\" sizes=\"auto, (max-width: 300px) 100vw, 300px\" \/><\/a><\/div><div class=\"contenido-listado\"><a href=\"https:\/\/www.visitgastroh.com\/fr\/store\/logrono-hotel-avda-de-madrid-25\/\"><div class=\"ficha-defecto\">\n<h2>LOGRO\u00d1O AVDA DE MADRID 25 Hotel<\/h2>\n<h3>(LOGRONO)<\/h3>\n\u00c0 700 m\u00e8tres du centre de Logro\u00f1o et \u00e0 450 m\u00e8tres du stade de football Las Gaunas. Il propose des chambres attrayantes dot\u00e9es de la climatisation et de la t\u00e9l\u00e9vision par satellite.\n\nL'h\u00f4tel dispose d'un restaurant et d'un bar.\n\nL'H\u00f4tel Logro\u00f1o Avda Madrid 25 est \u00e9galement id\u00e9al pour ceux qui visitent la ville pour affaires, \u00e9quip\u00e9 d'un espace avec connexion Internet sans fil.\n\n<\/div><\/a><\/div><h4>Contact <\/h4><div class=\"link-tienda\"><strong><a href=\"https:\/\/www.visitgastroh.com\/fr\/store\/logrono-hotel-avda-de-madrid-25\/\">+ Info<\/a><\/strong><\/div><\/div><\/div><div class=\"store-locator-col-sm-4\"><div class=\"wordpress-store-locator-list-item\"><div class=\"img-listado\"><a href=\"https:\/\/www.visitgastroh.com\/fr\/store\/los-colmenares-miguel-colmenares-planas\/\"><img loading=\"lazy\" decoding=\"async\" width=\"300\" height=\"200\" src=\"https:\/\/www.visitgastroh.com\/wp-content\/uploads\/2022\/03\/colmenares-casacompleta-galeria-30-300x200.jpg\" class=\"attachment-medium size-medium wp-post-image\" alt=\"\" srcset=\"https:\/\/www.visitgastroh.com\/wp-content\/uploads\/2022\/03\/colmenares-casacompleta-galeria-30-300x200.jpg 300w, https:\/\/www.visitgastroh.com\/wp-content\/uploads\/2022\/03\/colmenares-casacompleta-galeria-30-1024x683.jpg 1024w, https:\/\/www.visitgastroh.com\/wp-content\/uploads\/2022\/03\/colmenares-casacompleta-galeria-30-768x512.jpg 768w, https:\/\/www.visitgastroh.com\/wp-content\/uploads\/2022\/03\/colmenares-casacompleta-galeria-30-900x600.jpg 900w, https:\/\/www.visitgastroh.com\/wp-content\/uploads\/2022\/03\/colmenares-casacompleta-galeria-30.jpg 1200w\" sizes=\"auto, (max-width: 300px) 100vw, 300px\" \/><\/a><\/div><div class=\"contenido-listado\"><a href=\"https:\/\/www.visitgastroh.com\/fr\/store\/los-colmenares-miguel-colmenares-planas\/\"><div class=\"ficha-defecto\">\n<h2>LOS COLMENARES Casa Rural<\/h2>\n<h3>(CUZCURRITA DEL R\u00cdO TIR\u00d3N)<\/h3>\nLa maison \"Los Colmenares\" tire son nom du patronyme familial, cette propri\u00e9t\u00e9 a toujours \u00e9t\u00e9 transmise dans la famille par h\u00e9ritage, on consid\u00e8re qu'elle peut avoir plus de trois cents ans, li\u00e9e au travail du champ et \u00e0 la production du vin dans son essence la plus ancienne. Au fil des ans, il y a eu des changements, des reconstructions, des extensions et des am\u00e9liorations pour l'adapter aux besoins de chaque \u00e9poque. L'intention lors de l'ouverture des portes en tant qu'h\u00e9bergement touristique \u00e9tait de pouvoir maintenir la maison avec toute son essence et d'offrir aux voyageurs de profiter d'une maison authentique dans sa structure, sa distribution, ses mat\u00e9riaux et son mobilier et pour cela sa r\u00e9forme a \u00e9t\u00e9 r\u00e9alis\u00e9e par les propri\u00e9taires Fait main. La maison se compose de deux b\u00e2timents reli\u00e9s par une galerie qui sert de salle \u00e0 manger aux voyageurs.\n\n&nbsp;\n\n<\/div><\/a><\/div><h4>Contact <\/h4><div class=\"link-tienda\"><strong><a href=\"https:\/\/www.visitgastroh.com\/fr\/store\/los-colmenares-miguel-colmenares-planas\/\">+ Info<\/a><\/strong><\/div><\/div><\/div><div class=\"store-locator-col-sm-4\"><div class=\"wordpress-store-locator-list-item\"><div class=\"img-listado\"><a href=\"https:\/\/www.visitgastroh.com\/fr\/store\/maison-dhotes-ubeda\/\"><img loading=\"lazy\" decoding=\"async\" width=\"300\" height=\"300\" src=\"https:\/\/www.visitgastroh.com\/wp-content\/uploads\/2022\/02\/hall-tercero-2022-300x300.jpg\" class=\"attachment-medium size-medium wp-post-image\" alt=\"\" srcset=\"https:\/\/www.visitgastroh.com\/wp-content\/uploads\/2022\/02\/hall-tercero-2022-300x300.jpg 300w, https:\/\/www.visitgastroh.com\/wp-content\/uploads\/2022\/02\/hall-tercero-2022-1024x1024.jpg 1024w, https:\/\/www.visitgastroh.com\/wp-content\/uploads\/2022\/02\/hall-tercero-2022-150x150.jpg 150w, https:\/\/www.visitgastroh.com\/wp-content\/uploads\/2022\/02\/hall-tercero-2022-768x768.jpg 768w, https:\/\/www.visitgastroh.com\/wp-content\/uploads\/2022\/02\/hall-tercero-2022-1536x1536.jpg 1536w, https:\/\/www.visitgastroh.com\/wp-content\/uploads\/2022\/02\/hall-tercero-2022-2048x2048.jpg 2048w, https:\/\/www.visitgastroh.com\/wp-content\/uploads\/2022\/02\/hall-tercero-2022-100x100.jpg 100w, https:\/\/www.visitgastroh.com\/wp-content\/uploads\/2022\/02\/hall-tercero-2022-140x140.jpg 140w, https:\/\/www.visitgastroh.com\/wp-content\/uploads\/2022\/02\/hall-tercero-2022-500x500.jpg 500w, https:\/\/www.visitgastroh.com\/wp-content\/uploads\/2022\/02\/hall-tercero-2022-350x350.jpg 350w, https:\/\/www.visitgastroh.com\/wp-content\/uploads\/2022\/02\/hall-tercero-2022-1000x1000.jpg 1000w, https:\/\/www.visitgastroh.com\/wp-content\/uploads\/2022\/02\/hall-tercero-2022-800x800.jpg 800w\" sizes=\"auto, (max-width: 300px) 100vw, 300px\" \/><\/a><\/div><div class=\"contenido-listado\"><a href=\"https:\/\/www.visitgastroh.com\/fr\/store\/maison-dhotes-ubeda\/\"><div class=\"ficha-defecto\">\n<h2>PENSION \u00daBEDA Pension<\/h2>\n<h3>(FUEN MAIRE)<\/h3>\n\nUne conception diff\u00e9rente du tourisme \u00e0 La Rioja\n\nLa Pensi\u00f3n \u00dabeda dispose de 10 chambres doubles, sup\u00e9rieures et familiales avec petit-d\u00e9jeuner artisanal, sur le th\u00e8me du vin de La Rioja. S\u00e9jour avec cave \u00e0 vin, cafeti\u00e8re et eau filtr\u00e9e gratuite.\n\nNous avons notre propre service de location de v\u00e9los \u00e9lectriques avec un pique-nique Riojan.\n\nAu centre de Fuenmayor, \u00e0 11 km de Logro\u00f1o et \u00e0 4 km du Camino de Santiago. \u00c0 Fuenmayor, il y a jusqu'\u00e0 25 caves d'Appellation d'Origine Qualifi\u00e9e Rioja. Avec plusieurs restaurants et caf\u00e9s \u00e0 proximit\u00e9.\n\n<\/div><\/a><\/div><h4>Contact <\/h4><div class=\"link-tienda\"><strong><a href=\"https:\/\/www.visitgastroh.com\/fr\/store\/maison-dhotes-ubeda\/\">+ Info<\/a><\/strong><\/div><\/div><\/div><\/div><div class=\"store-locator-row\"><div class=\"store-locator-col-sm-4\"><div class=\"wordpress-store-locator-list-item\"><div class=\"img-listado\"><a href=\"https:\/\/www.visitgastroh.com\/fr\/store\/maison-de-la-comtesse\/\"><img loading=\"lazy\" decoding=\"async\" width=\"300\" height=\"225\" src=\"https:\/\/www.visitgastroh.com\/wp-content\/uploads\/2022\/03\/1-FOTO-FACHADA-CASA-IMG_7052-300x225.jpg\" class=\"attachment-medium size-medium wp-post-image\" alt=\"\" srcset=\"https:\/\/www.visitgastroh.com\/wp-content\/uploads\/2022\/03\/1-FOTO-FACHADA-CASA-IMG_7052-300x225.jpg 300w, https:\/\/www.visitgastroh.com\/wp-content\/uploads\/2022\/03\/1-FOTO-FACHADA-CASA-IMG_7052-1024x768.jpg 1024w, https:\/\/www.visitgastroh.com\/wp-content\/uploads\/2022\/03\/1-FOTO-FACHADA-CASA-IMG_7052-768x576.jpg 768w, https:\/\/www.visitgastroh.com\/wp-content\/uploads\/2022\/03\/1-FOTO-FACHADA-CASA-IMG_7052-1536x1152.jpg 1536w, https:\/\/www.visitgastroh.com\/wp-content\/uploads\/2022\/03\/1-FOTO-FACHADA-CASA-IMG_7052-2048x1536.jpg 2048w\" sizes=\"auto, (max-width: 300px) 100vw, 300px\" \/><\/a><\/div><div class=\"contenido-listado\"><a href=\"https:\/\/www.visitgastroh.com\/fr\/store\/maison-de-la-comtesse\/\"><div class=\"ficha-defecto\">\n<h2>MAISON DE LA COMTESSE Maison rurale<\/h2>\n<h3>(LE R\u00c9SEAU)<\/h3>\nLa \"Casa de la Condesa\" est un b\u00e2timent historique avec un jardin romantique. La fa\u00e7ade du manoir est de composition classique, avec des balcons, une base en pierre et un beau portail d'entr\u00e9e catalogu\u00e9 taill\u00e9 dans la pierre avec un arc \u00e9toil\u00e9. Situ\u00e9e \u00e0 c\u00f4t\u00e9 de l'\u00e9glise paroissiale de N\u00aa Se\u00f1ora de las Virtudes, commenc\u00e9e au XVIe si\u00e8cle, la maison est l'un des plus anciens b\u00e2timents d'El Redal, sinon le plus ancien. A l'abri de ses larges murs, le repos est infini. Il dispose de neuf chambres spacieuses avec leur propre salle de bain. Chacun d'eux est d\u00e9di\u00e9 \u00e0 un personnage historique li\u00e9 au lieu, \u00e0 la famille et inscrit dans son \u00e9poque.\n\nColocation ou location compl\u00e8te de 27 couchages maximum avec une grande salle \u00e0 manger, salle de petit-d\u00e9jeuner, barbecue dans le jardin, cuisine professionnelle, biblioth\u00e8que-salle de jeux, puits historique et cave \u00e0 vin. Toutes sortes d'activit\u00e9s peuvent \u00eatre r\u00e9alis\u00e9es : en plus des activit\u00e9s classiques de gastronomie et d'oenotourisme, des randonn\u00e9es, des pistes cyclables, du racquetball et une piscine municipale gratuite sont pratiqu\u00e9es pour les h\u00f4tes en \u00e9t\u00e9.\n\nInventez votre propre aventure ou d\u00e9tendez-vous au coin du feu en savourant un bon vin. Observez les oiseaux depuis la fen\u00eatre de votre chambre. Profitez de la cuisine vari\u00e9e de Rioja dans le cadre incomparable de Tierras de Oc\u00f3n, plein d'amandiers, de vignes et d'oliviers; il peint la terre rouge des ravins\u2026 El Redal est la porte d'une vall\u00e9e cach\u00e9e et enchant\u00e9e, la vall\u00e9e d'Oc\u00f3n, une r\u00e9serve de biosph\u00e8re, \u00e0 d\u00e9couvrir.\n\n<\/div><\/a><\/div><h4>Contact <\/h4><div class=\"link-tienda\"><strong><a href=\"https:\/\/www.visitgastroh.com\/fr\/store\/maison-de-la-comtesse\/\">+ Info<\/a><\/strong><\/div><\/div><\/div><div class=\"store-locator-col-sm-4\"><div class=\"wordpress-store-locator-list-item\"><div class=\"img-listado\"><a href=\"https:\/\/www.visitgastroh.com\/fr\/store\/maison-rurale-pedrolas\/\"><img loading=\"lazy\" decoding=\"async\" width=\"300\" height=\"199\" src=\"https:\/\/www.visitgastroh.com\/wp-content\/uploads\/2022\/03\/casa-1H-300x199.jpg\" class=\"attachment-medium size-medium wp-post-image\" alt=\"\" srcset=\"https:\/\/www.visitgastroh.com\/wp-content\/uploads\/2022\/03\/casa-1H-300x199.jpg 300w, https:\/\/www.visitgastroh.com\/wp-content\/uploads\/2022\/03\/casa-1H-1024x678.jpg 1024w, https:\/\/www.visitgastroh.com\/wp-content\/uploads\/2022\/03\/casa-1H-768x509.jpg 768w, https:\/\/www.visitgastroh.com\/wp-content\/uploads\/2022\/03\/casa-1H-900x600.jpg 900w, https:\/\/www.visitgastroh.com\/wp-content\/uploads\/2022\/03\/casa-1H.jpg 1200w\" sizes=\"auto, (max-width: 300px) 100vw, 300px\" \/><\/a><\/div><div class=\"contenido-listado\"><a href=\"https:\/\/www.visitgastroh.com\/fr\/store\/maison-rurale-pedrolas\/\"><div class=\"ficha-defecto\">\n<h2>MAISON RURALE LAS PEDROLAS Maison Rurale<\/h2>\n<h3>(CARR\u00c9)<\/h3>\nLas Pedrolas est un manoir de 1760 avec le blason h\u00e9raldique de la famille Gonz\u00e1lez mis en \u00e9vidence sur sa fa\u00e7ade principale.\n\nIl est situ\u00e9 sur la Plaza de la villa realenga de Arnedillo (La Rioja), \u00e0 c\u00f4t\u00e9 de la mairie et de l'\u00e9glise de San Servando et San Germ\u00e1n, \u00e0 seulement 500 m\u00e8tres des piscines thermales et du c\u00e9l\u00e8bre Spa.\n\nEn 2002, une r\u00e9habilitation compl\u00e8te du b\u00e2timent a \u00e9t\u00e9 entreprise pour en faire un h\u00f4tel de charme, respectant la personnalit\u00e9 majestueuse et l'\u00e9l\u00e9gance des b\u00e2timents de l'\u00e9poque, mais en le dotant en m\u00eame temps de toute la technologie actuelle pour offrir un maximum de confort.\n\nEn 2016, sous une nouvelle direction, il a rouvert en tant que Maison Rurale offrant la possibilit\u00e9 de r\u00e9server des chambres (doubles et doubles sp\u00e9ciales) ou de louer toute la maison. Un salon chaleureux avec un foyer au bois et un patio-jardin int\u00e9rieur relaxant avec une fontaine en marbre font partie des espaces communs au rez-de-chauss\u00e9e.\n\n<\/div><\/a><\/div><h4>Contact <\/h4><div class=\"link-tienda\"><strong><a href=\"https:\/\/www.visitgastroh.com\/fr\/store\/maison-rurale-pedrolas\/\">+ Info<\/a><\/strong><\/div><\/div><\/div><div class=\"store-locator-col-sm-4\"><div class=\"wordpress-store-locator-list-item\"><div class=\"img-listado\"><a href=\"https:\/\/www.visitgastroh.com\/fr\/store\/maison-rurale-zaldierna\/\"><img loading=\"lazy\" decoding=\"async\" width=\"300\" height=\"200\" src=\"https:\/\/www.visitgastroh.com\/wp-content\/uploads\/2022\/02\/ZALDIERNA-JR05-300x200.jpg\" class=\"attachment-medium size-medium wp-post-image\" alt=\"\" srcset=\"https:\/\/www.visitgastroh.com\/wp-content\/uploads\/2022\/02\/ZALDIERNA-JR05-300x200.jpg 300w, https:\/\/www.visitgastroh.com\/wp-content\/uploads\/2022\/02\/ZALDIERNA-JR05-1024x683.jpg 1024w, https:\/\/www.visitgastroh.com\/wp-content\/uploads\/2022\/02\/ZALDIERNA-JR05-768x512.jpg 768w, https:\/\/www.visitgastroh.com\/wp-content\/uploads\/2022\/02\/ZALDIERNA-JR05-1536x1024.jpg 1536w, https:\/\/www.visitgastroh.com\/wp-content\/uploads\/2022\/02\/ZALDIERNA-JR05-2048x1365.jpg 2048w, https:\/\/www.visitgastroh.com\/wp-content\/uploads\/2022\/02\/ZALDIERNA-JR05-900x600.jpg 900w\" sizes=\"auto, (max-width: 300px) 100vw, 300px\" \/><\/a><\/div><div class=\"contenido-listado\"><a href=\"https:\/\/www.visitgastroh.com\/fr\/store\/maison-rurale-zaldierna\/\"><div class=\"ficha-defecto\">\n<h2>MAISON RURALE ZALDIERNA<\/h2>\n<h3>(ZALDIERNA)<\/h3>\nLa maison rurale Zaldierna est situ\u00e9e dans le village de Zaldierna, un environnement rural dans un lieu privil\u00e9gi\u00e9, une enclave naturelle et pittoresque au c\u0153ur de la vall\u00e9e d'Oja.\nEntour\u00e9 par la nature, c'est l'une des premi\u00e8res maisons rurales de La Rioja, un havre de paix o\u00f9 vous pourrez profiter d'un bon repos et d'une meilleure gastronomie.\n\u00c0 seulement 5 minutes d'Ezcaray, la premi\u00e8re ville touristique de La Rioja et \u00e0 seulement 25 minutes de la station de ski de Valdezcaray.\nIl est tr\u00e8s proche de villes embl\u00e9matiques telles que Haro \"Capitale du Vin\" ou Logro\u00f1o.\nUne maison rurale \u00e0 deux \u00e9tages, avec terrasse, salle \u00e0 manger et grill bistronomique.\nUn endroit o\u00f9 vous pourrez profiter en famille, entre amis ou en couple...\n\n<\/div><\/a><\/div><h4>Contact <\/h4><div class=\"link-tienda\"><strong><a href=\"https:\/\/www.visitgastroh.com\/fr\/store\/maison-rurale-zaldierna\/\">+ Info<\/a><\/strong><\/div><\/div><\/div><\/div><div class=\"store-locator-row\"><div class=\"store-locator-col-sm-4\"><div class=\"wordpress-store-locator-list-item\"><div class=\"img-listado\"><a href=\"https:\/\/www.visitgastroh.com\/fr\/store\/maisons-de-trevijano\/\"><img loading=\"lazy\" decoding=\"async\" width=\"300\" height=\"199\" src=\"https:\/\/www.visitgastroh.com\/wp-content\/uploads\/2022\/02\/salon-3a-planta-300x199.jpg\" class=\"attachment-medium size-medium wp-post-image\" alt=\"\" srcset=\"https:\/\/www.visitgastroh.com\/wp-content\/uploads\/2022\/02\/salon-3a-planta-300x199.jpg 300w, https:\/\/www.visitgastroh.com\/wp-content\/uploads\/2022\/02\/salon-3a-planta-1024x680.jpg 1024w, https:\/\/www.visitgastroh.com\/wp-content\/uploads\/2022\/02\/salon-3a-planta-768x510.jpg 768w, https:\/\/www.visitgastroh.com\/wp-content\/uploads\/2022\/02\/salon-3a-planta-1536x1020.jpg 1536w, https:\/\/www.visitgastroh.com\/wp-content\/uploads\/2022\/02\/salon-3a-planta-2048x1361.jpg 2048w, https:\/\/www.visitgastroh.com\/wp-content\/uploads\/2022\/02\/salon-3a-planta-900x600.jpg 900w\" sizes=\"auto, (max-width: 300px) 100vw, 300px\" \/><\/a><\/div><div class=\"contenido-listado\"><a href=\"https:\/\/www.visitgastroh.com\/fr\/store\/maisons-de-trevijano\/\"><div class=\"ficha-defecto\">\n<h2>MAISONS TREVIJANO Maison rurale<\/h2>\n<h3>(TREVIJANO DE CAMEROS - SOTO DE CAMEROS)<\/h3>\nLogement complet et totalement priv\u00e9 pour votre famille ou vos amis. Dans un village calme, \u00e0 c\u00f4t\u00e9 de la campagne avec de nombreuses activit\u00e9s \u00e0 faire, randonn\u00e9es, beaux villages....\n\nDans cette maison, vous ne manquerez que de plus de jours pour en profiter.\n\nMaison de location compl\u00e8te avec une capacit\u00e9 de 6 personnes + 2 sur un canap\u00e9-lit double.\n<ul>\n \t<li>Foyer, salon-salle \u00e0 manger et cuisine compl\u00e8te au premier \u00e9tage.<\/li>\n \t<li>2 chambres et 1 salle de bain compl\u00e8te au deuxi\u00e8me.<\/li>\n \t<li>1 chambre de type suite, avec salon et salle de bain au troisi\u00e8me \u00e9tage.<\/li>\n<\/ul>\nJardin avec salon de jardin et barbecue\nDisponibilit\u00e9 du berceau\nAnimaux accept\u00e9s\n<\/div><\/a><\/div><h4>Contact <\/h4><div class=\"link-tienda\"><strong><a href=\"https:\/\/www.visitgastroh.com\/fr\/store\/maisons-de-trevijano\/\">+ Info<\/a><\/strong><\/div><\/div><\/div><div class=\"store-locator-col-sm-4\"><div class=\"wordpress-store-locator-list-item\"><div class=\"img-listado\"><a href=\"https:\/\/www.visitgastroh.com\/fr\/store\/mur-des-eaux-maison-rurale-loisirs-et-tourisme-ruralaguas-sl\/\"><img loading=\"lazy\" decoding=\"async\" width=\"199\" height=\"300\" src=\"https:\/\/www.visitgastroh.com\/wp-content\/uploads\/2022\/02\/Casa-rural-Muro-de-aguas-parte-delantera-199x300.jpg\" class=\"attachment-medium size-medium wp-post-image\" alt=\"\" srcset=\"https:\/\/www.visitgastroh.com\/wp-content\/uploads\/2022\/02\/Casa-rural-Muro-de-aguas-parte-delantera-199x300.jpg 199w, https:\/\/www.visitgastroh.com\/wp-content\/uploads\/2022\/02\/Casa-rural-Muro-de-aguas-parte-delantera-680x1024.jpg 680w, https:\/\/www.visitgastroh.com\/wp-content\/uploads\/2022\/02\/Casa-rural-Muro-de-aguas-parte-delantera-768x1156.jpg 768w, https:\/\/www.visitgastroh.com\/wp-content\/uploads\/2022\/02\/Casa-rural-Muro-de-aguas-parte-delantera-1020x1536.jpg 1020w, https:\/\/www.visitgastroh.com\/wp-content\/uploads\/2022\/02\/Casa-rural-Muro-de-aguas-parte-delantera-1360x2048.jpg 1360w, https:\/\/www.visitgastroh.com\/wp-content\/uploads\/2022\/02\/Casa-rural-Muro-de-aguas-parte-delantera-scaled.jpg 1700w\" sizes=\"auto, (max-width: 199px) 100vw, 199px\" \/><\/a><\/div><div class=\"contenido-listado\"><a href=\"https:\/\/www.visitgastroh.com\/fr\/store\/mur-des-eaux-maison-rurale-loisirs-et-tourisme-ruralaguas-sl\/\"><div class=\"ficha-defecto\">\n<h2>MUR D'EAU Maison Rurale<\/h2>\n<h3>(MUR D'EAU)<\/h3>\n&nbsp;\n\nNotre maison rurale Muro de Aguas est une ancienne maison pastorale avec la structure traditionnelle typique. Il est am\u00e9nag\u00e9 sur 3 \u00e9tages accessibles par des escaliers. Les chambres sont situ\u00e9es au premier et au deuxi\u00e8me \u00e9tage, l'acc\u00e8s aux fauteuils roulants n'est donc pas possible. Mais comme ce sont des chambres spacieuses et facilement accessibles, les personnes \u00e0 mobilit\u00e9 r\u00e9duite ne rencontrent plus de difficult\u00e9s. Toutes les salles de bains ont des douches. Tous les \u00e9tages disposent de toilettes et d'espaces et de terrasses o\u00f9 vous pourrez vous reposer et profiter de l'air pur et sec et du silence. Dans les environs de Muro de Aguas, il existe des sentiers de montagne pr\u00e9par\u00e9s pour la marche avec diff\u00e9rentes pentes et difficult\u00e9s. \u00c0 c\u00f4t\u00e9 de la maison, il y a beaucoup d'espace de stationnement et d'espace pour vos v\u00e9los dans l'all\u00e9e.\n\nLa maison elle-m\u00eame est pr\u00e9par\u00e9e pour le recyclage des d\u00e9chets et dispose d'une chaudi\u00e8re \u00e0 biomasse pour pr\u00e9server l'environnement.\n\n<\/div><\/a><\/div><h4>Contact <\/h4><div class=\"link-tienda\"><strong><a href=\"https:\/\/www.visitgastroh.com\/fr\/store\/mur-des-eaux-maison-rurale-loisirs-et-tourisme-ruralaguas-sl\/\">+ Info<\/a><\/strong><\/div><\/div><\/div><div class=\"store-locator-col-sm-4\"><div class=\"wordpress-store-locator-list-item\"><div class=\"img-listado\"><a href=\"https:\/\/www.visitgastroh.com\/fr\/store\/natura-resorts-rioja\/\"><img loading=\"lazy\" decoding=\"async\" width=\"300\" height=\"132\" src=\"https:\/\/www.visitgastroh.com\/wp-content\/uploads\/2022\/03\/Captura-de-pantalla-2021-10-28-a-las-13.01.47-300x132.png\" class=\"attachment-medium size-medium wp-post-image\" alt=\"\" srcset=\"https:\/\/www.visitgastroh.com\/wp-content\/uploads\/2022\/03\/Captura-de-pantalla-2021-10-28-a-las-13.01.47-300x132.png 300w, https:\/\/www.visitgastroh.com\/wp-content\/uploads\/2022\/03\/Captura-de-pantalla-2021-10-28-a-las-13.01.47-1024x452.png 1024w, https:\/\/www.visitgastroh.com\/wp-content\/uploads\/2022\/03\/Captura-de-pantalla-2021-10-28-a-las-13.01.47-768x339.png 768w, https:\/\/www.visitgastroh.com\/wp-content\/uploads\/2022\/03\/Captura-de-pantalla-2021-10-28-a-las-13.01.47.png 1356w\" sizes=\"auto, (max-width: 300px) 100vw, 300px\" \/><\/a><\/div><div class=\"contenido-listado\"><a href=\"https:\/\/www.visitgastroh.com\/fr\/store\/natura-resorts-rioja\/\"><div class=\"ficha-defecto\">\n<h2>NATURA Resorts Rioja<\/h2>\n<h3>(CASALARREINA)<\/h3>\nNATURA Resort fait partie d'un projet global qui favorise l'int\u00e9gration sociale, l'\u00e9limination des barri\u00e8res et l'\u00e9radication des st\u00e9r\u00e9otypes sur le handicap \u00e0 travers des projets touristiques, rapprochant ainsi les loisirs de tous. Le premier des complexes touristiques enti\u00e8rement accessibles sera situ\u00e9 \u00e0 La Rioja, l'une des destinations les plus recherch\u00e9es et les plus demand\u00e9es du nord de l'Espagne. Un large \u00e9ventail de tourisme rural, de tourisme gastronomique, d'oenotourisme et de tourisme culturel ne sont que quelques-uns des attraits d'une destination int\u00e9ressante que nous voulons rendre accessible \u00e0 100 %.\n\n<\/div><\/a><\/div><h4>Contact <\/h4><div class=\"link-tienda\"><strong><a href=\"https:\/\/www.visitgastroh.com\/fr\/store\/natura-resorts-rioja\/\">+ Info<\/a><\/strong><\/div><\/div><\/div><\/div><div class=\"store-locator-row\"><div class=\"store-locator-col-sm-4\"><div class=\"wordpress-store-locator-list-item\"><div class=\"img-listado\"><a href=\"https:\/\/www.visitgastroh.com\/fr\/store\/pamplona-el-toro-hotel-spa\/\"><img loading=\"lazy\" decoding=\"async\" width=\"300\" height=\"125\" src=\"https:\/\/www.visitgastroh.com\/wp-content\/uploads\/2022\/02\/hotel_toro_habitacion_azul-300x125.jpg\" class=\"attachment-medium size-medium wp-post-image\" alt=\"\" srcset=\"https:\/\/www.visitgastroh.com\/wp-content\/uploads\/2022\/02\/hotel_toro_habitacion_azul-300x125.jpg 300w, https:\/\/www.visitgastroh.com\/wp-content\/uploads\/2022\/02\/hotel_toro_habitacion_azul-1024x427.jpg 1024w, https:\/\/www.visitgastroh.com\/wp-content\/uploads\/2022\/02\/hotel_toro_habitacion_azul-768x320.jpg 768w, https:\/\/www.visitgastroh.com\/wp-content\/uploads\/2022\/02\/hotel_toro_habitacion_azul.jpg 1200w\" sizes=\"auto, (max-width: 300px) 100vw, 300px\" \/><\/a><\/div><div class=\"contenido-listado\"><a href=\"https:\/\/www.visitgastroh.com\/fr\/store\/pamplona-el-toro-hotel-spa\/\"><div class=\"ficha-defecto\">\n<h2>PAMPLONA EL TORO Hotel &amp; Spa<\/h2>\n<h3>(Berrioplano)<\/h3>\nUne b\u00e2tisse rustique-proven\u00e7ale qui allie histoire et modernit\u00e9 dans un cadre champ\u00eatre, o\u00f9 vous pourrez vous laisser embrasser par la nature et profiter des vues incroyables sur la Ville R\u00e9gion.\n\nCe confortable h\u00f4tel quatre \u00e9toiles, id\u00e9alement situ\u00e9 \u00e0 seulement 5 km. du centre de Pampelune, c'est le choix id\u00e9al pour une escapade d'un week-end, un voyage d'affaires ou la c\u00e9l\u00e9bration de votre mariage ou congr\u00e8s. Nos installations, enti\u00e8rement r\u00e9nov\u00e9es et modernis\u00e9es en 2017, sont compos\u00e9es de 62 chambres, d'un restaurant (conseill\u00e9 par le prestigieux chef navarrais et \u00e9toil\u00e9 Michelin, David Yarn\u00f3z), d'un espace bien-\u00eatre (avec salle de sport, sauna humide, sauna sec) et d'un spa et service de massages. .\n\nToutes les chambres disposent d'une connexion Wi-Fi gratuite. L'h\u00f4tel propose un parking gratuit, des terrasses de jardin, des salles de r\u00e9union et de banquet, une aire de jeux pour enfants, un bar\/caf\u00e9t\u00e9ria et un restaurant. Espaces communs d\u00e9sormais accessibles aux personnes \u00e0 mobilit\u00e9 r\u00e9duite.\n\nLes chambres conservent le design rustique et proven\u00e7al d'origine, mais avec une touche moderne et \u00e9l\u00e9gante. Toutes sont \u00e9quip\u00e9es de TV \u00e9cran plat 55' et Satellite, Climatisation\/Chauffage, Insonorisation, Salle de bain compl\u00e8te (produits et s\u00e8che-cheveux), T\u00e9l\u00e9phone direct, Minibar et Room service. Nous avons des chambres sup\u00e9rieures et des suites, certaines avec une terrasse priv\u00e9e.\n\n<\/div><\/a><\/div><h4>Contact <\/h4><div class=\"link-tienda\"><strong><a href=\"https:\/\/www.visitgastroh.com\/fr\/store\/pamplona-el-toro-hotel-spa\/\">+ Info<\/a><\/strong><\/div><\/div><\/div><div class=\"store-locator-col-sm-4\"><div class=\"wordpress-store-locator-list-item\"><div class=\"img-listado\"><a href=\"https:\/\/www.visitgastroh.com\/fr\/store\/pura-vida-hotel\/\"><img loading=\"lazy\" decoding=\"async\" width=\"300\" height=\"151\" src=\"https:\/\/www.visitgastroh.com\/wp-content\/uploads\/2022\/04\/hotel-pura-vida-edificio-300x151.jpg\" class=\"attachment-medium size-medium wp-post-image\" alt=\"\" srcset=\"https:\/\/www.visitgastroh.com\/wp-content\/uploads\/2022\/04\/hotel-pura-vida-edificio-300x151.jpg 300w, https:\/\/www.visitgastroh.com\/wp-content\/uploads\/2022\/04\/hotel-pura-vida-edificio-1024x517.jpg 1024w, https:\/\/www.visitgastroh.com\/wp-content\/uploads\/2022\/04\/hotel-pura-vida-edificio-768x387.jpg 768w, https:\/\/www.visitgastroh.com\/wp-content\/uploads\/2022\/04\/hotel-pura-vida-edificio-1536x775.jpg 1536w, https:\/\/www.visitgastroh.com\/wp-content\/uploads\/2022\/04\/hotel-pura-vida-edificio-1000x500.jpg 1000w, https:\/\/www.visitgastroh.com\/wp-content\/uploads\/2022\/04\/hotel-pura-vida-edificio-670x335.jpg 670w, https:\/\/www.visitgastroh.com\/wp-content\/uploads\/2022\/04\/hotel-pura-vida-edificio.jpg 1568w\" sizes=\"auto, (max-width: 300px) 100vw, 300px\" \/><\/a><\/div><div class=\"contenido-listado\"><a href=\"https:\/\/www.visitgastroh.com\/fr\/store\/pura-vida-hotel\/\"><div class=\"ficha-defecto\">\n<h2>Pura Vida Hotel<\/h2>\n<h3>(Valga\u00f1\u00f3n)<\/h3>\nPura Vida est un charmant h\u00f4tel situ\u00e9 \u00e0 Valga\u00f1\u00f3n, La Rioja. Le b\u00e2timent a \u00e9t\u00e9 r\u00e9habilit\u00e9 par ses propri\u00e9taires en 2014. Ascensi\u00f3n et Javier sont architectes d'int\u00e9rieur et responsables du projet, dans lequel ils ont mis tout leur professionnalisme et leur amour dans la cr\u00e9ation et la d\u00e9coration de ce logement situ\u00e9 tout pr\u00e8s d'Ezcaray et de la station de ski de Valdezcaray.\n\nLe r\u00e9sultat est une combinaison d'architecture et de design int\u00e9rieur exclusif qui offre au visiteur des environnements diff\u00e9rents et accueillants pour se reposer et se d\u00e9tendre.\n\nNous sommes ravis de vous accueillir chez nous, votre bien-\u00eatre sera l'un des objectifs de l'H\u00f4tel Pura Vida.\n\n<\/div><\/a><\/div><h4>Contact <\/h4><div class=\"link-tienda\"><strong><a href=\"https:\/\/www.visitgastroh.com\/fr\/store\/pura-vida-hotel\/\">+ Info<\/a><\/strong><\/div><\/div><\/div><div class=\"store-locator-col-sm-4\"><div class=\"wordpress-store-locator-list-item\"><div class=\"img-listado\"><a href=\"https:\/\/www.visitgastroh.com\/fr\/store\/restaurant-beti-jai\/\"><img loading=\"lazy\" decoding=\"async\" width=\"300\" height=\"193\" src=\"https:\/\/www.visitgastroh.com\/wp-content\/uploads\/2022\/02\/restaurante-betijai-comedor-1-300x193.jpg\" class=\"attachment-medium size-medium wp-post-image\" alt=\"\" srcset=\"https:\/\/www.visitgastroh.com\/wp-content\/uploads\/2022\/02\/restaurante-betijai-comedor-1-300x193.jpg 300w, https:\/\/www.visitgastroh.com\/wp-content\/uploads\/2022\/02\/restaurante-betijai-comedor-1.jpg 446w\" sizes=\"auto, (max-width: 300px) 100vw, 300px\" \/><\/a><\/div><div class=\"contenido-listado\"><a href=\"https:\/\/www.visitgastroh.com\/fr\/store\/restaurant-beti-jai\/\"><div class=\"ficha-defecto\">\n<h2>Restaurant BETI-JAI<\/h2>\n<h3>(Aoiz)<\/h3>\nLe Beti-Jai est un H\u00f4tel Rural Gastronomique fond\u00e9 en 1941 par la famille Iturri-Huerta. Depuis sa cr\u00e9ation, c'est une entreprise familiale qui, gr\u00e2ce \u00e0 un effort et \u00e0 un d\u00e9vouement continus, a r\u00e9ussi \u00e0 devenir un \u00e9tablissement h\u00f4telier exceptionnel au sein de la Communaut\u00e9 autonome.\n\nDepuis sa cr\u00e9ation, le Beti-Jai s'est efforc\u00e9 de proposer une excellente carte gastronomique. Une cuisine traditionnelle, mais qui depuis sa cr\u00e9ation a su s'adapter aux nouvelles tendances et saveurs.\n\n<\/div><\/a><\/div><h4>Contact <\/h4><div class=\"link-tienda\"><strong><a href=\"https:\/\/www.visitgastroh.com\/fr\/store\/restaurant-beti-jai\/\">+ Info<\/a><\/strong><\/div><\/div><\/div><\/div><div class=\"store-locator-row\"><div class=\"store-locator-col-sm-4\"><div class=\"wordpress-store-locator-list-item\"><div class=\"img-listado\"><a href=\"https:\/\/www.visitgastroh.com\/fr\/store\/restaurant-de-lhotel-de-la-tour-zumeltzegi\/\"><img loading=\"lazy\" decoding=\"async\" width=\"300\" height=\"199\" src=\"https:\/\/www.visitgastroh.com\/wp-content\/uploads\/2022\/02\/T.Zumeltzegi-00170-300x199.jpg\" class=\"attachment-medium size-medium wp-post-image\" alt=\"\" srcset=\"https:\/\/www.visitgastroh.com\/wp-content\/uploads\/2022\/02\/T.Zumeltzegi-00170-300x199.jpg 300w, https:\/\/www.visitgastroh.com\/wp-content\/uploads\/2022\/02\/T.Zumeltzegi-00170-1024x680.jpg 1024w, https:\/\/www.visitgastroh.com\/wp-content\/uploads\/2022\/02\/T.Zumeltzegi-00170-768x510.jpg 768w, https:\/\/www.visitgastroh.com\/wp-content\/uploads\/2022\/02\/T.Zumeltzegi-00170-1536x1020.jpg 1536w, https:\/\/www.visitgastroh.com\/wp-content\/uploads\/2022\/02\/T.Zumeltzegi-00170-2048x1360.jpg 2048w, https:\/\/www.visitgastroh.com\/wp-content\/uploads\/2022\/02\/T.Zumeltzegi-00170-900x600.jpg 900w\" sizes=\"auto, (max-width: 300px) 100vw, 300px\" \/><\/a><\/div><div class=\"contenido-listado\"><a href=\"https:\/\/www.visitgastroh.com\/fr\/store\/restaurant-de-lhotel-de-la-tour-zumeltzegi\/\"><div class=\"ficha-defecto\">\n<h2>ZUMELTZEGI TOUR H\u00d4TEL RESTAURANT ***<\/h2>\n<h3>ONATE<\/h3>\nH\u00f4tel m\u00e9di\u00e9val du 13\u00e8me si\u00e8cle transform\u00e9 en h\u00f4tel, en conservant l'essence m\u00e9di\u00e9vale et le confort du 21\u00e8me si\u00e8cle. Il dispose de 12 chambres et d'un restaurant d'une capacit\u00e9 de 45 personnes.\n\nIl se distingue par son emplacement au sommet de la ville avec d'excellentes vues sur toute la vall\u00e9e d'O\u00f1ate\n\n<\/div><\/a><\/div><h4>Contact <\/h4><div class=\"link-tienda\"><strong><a href=\"https:\/\/www.visitgastroh.com\/fr\/store\/restaurant-de-lhotel-de-la-tour-zumeltzegi\/\">+ Info<\/a><\/strong><\/div><\/div><\/div><div class=\"store-locator-col-sm-4\"><div class=\"wordpress-store-locator-list-item\"><div class=\"img-listado\"><a href=\"https:\/\/www.visitgastroh.com\/fr\/store\/restaurant-don-carlos\/\"><img loading=\"lazy\" decoding=\"async\" width=\"300\" height=\"200\" src=\"https:\/\/www.visitgastroh.com\/wp-content\/uploads\/2022\/01\/2012-07-26-14-30-14-300x200.jpg\" class=\"attachment-medium size-medium wp-post-image\" alt=\"\" srcset=\"https:\/\/www.visitgastroh.com\/wp-content\/uploads\/2022\/01\/2012-07-26-14-30-14-300x200.jpg 300w, https:\/\/www.visitgastroh.com\/wp-content\/uploads\/2022\/01\/2012-07-26-14-30-14-1024x683.jpg 1024w, https:\/\/www.visitgastroh.com\/wp-content\/uploads\/2022\/01\/2012-07-26-14-30-14-768x512.jpg 768w, https:\/\/www.visitgastroh.com\/wp-content\/uploads\/2022\/01\/2012-07-26-14-30-14-1536x1024.jpg 1536w, https:\/\/www.visitgastroh.com\/wp-content\/uploads\/2022\/01\/2012-07-26-14-30-14-2048x1365.jpg 2048w, https:\/\/www.visitgastroh.com\/wp-content\/uploads\/2022\/01\/2012-07-26-14-30-14-900x600.jpg 900w\" sizes=\"auto, (max-width: 300px) 100vw, 300px\" \/><\/a><\/div><div class=\"contenido-listado\"><a href=\"https:\/\/www.visitgastroh.com\/fr\/store\/restaurant-don-carlos\/\"><div class=\"ficha-defecto\">\n<h2>Restaurant DON CARLOS<\/h2>\n<h3>(Huarte - Pampelune)<\/h3>\n<div class=\"et_pb_module et_pb_text et_pb_text_13 et_pb_text_align_left et_pb_bg_layout_light\">\n<div class=\"et_pb_text_inner\">\n<h4>Trois g\u00e9n\u00e9rations, une philosophie<\/h4>\n<\/div>\n<\/div>\n<div class=\"et_pb_module et_pb_text et_pb_text_14 et_pb_text_align_justified et_pb_bg_layout_light\">\n<div class=\"et_pb_text_inner\">\n\nDans le pass\u00e9, les m\u00e9decins recevaient des soins de Don et c'est pr\u00e9cis\u00e9ment M. Don Carlos, m\u00e9decin de Huarte dans les ann\u00e9es 1940 et notre grand-p\u00e8re, qui a fond\u00e9 cet <strong>h\u00f4tel restaurant familial<\/strong> . Aujourd'hui, nous sommes la troisi\u00e8me g\u00e9n\u00e9ration d'une famille enti\u00e8rement d\u00e9di\u00e9e \u00e0 l'industrie h\u00f4teli\u00e8re, qui maintient la m\u00eame philosophie du premier jour : \u00eatre constant et passionn\u00e9 pour faire en sorte que <strong>toutes les personnes qui nous visitent vivent une exp\u00e9rience incomparable<\/strong> .\n\nLe restaurant de l'H\u00f4tel Don Carlos est une r\u00e9f\u00e9rence en Navarre pour <strong>les mariages, les communions, les \u00e9v\u00e9nements d'entreprise et les f\u00eates de famille.<\/strong>\n\nNos installations se distinguent par <strong>la beaut\u00e9 de nos jardins et<\/strong> par les <strong>diff\u00e9rentes salles ind\u00e9pendantes<\/strong> , id\u00e9ales pour organiser des \u00e9v\u00e9nements.\n\nNous sommes <strong>des amoureux de la gastronomie et appr\u00e9cions en bonne compagnie<\/strong> . Nous d\u00e9fendons le respect du produit et une cuisine qui fusionne avec coh\u00e9rence tradition et avant-garde.\n\n<strong>Le vin est notre faiblesse<\/strong> , c'est pourquoi nous ne cessons de go\u00fbter de nouvelles r\u00e9f\u00e9rences et de les partager dans nos c\u00e9l\u00e8bres accords, nos d\u00e9gustations et dans notre carte des vins soign\u00e9e.\n\n<\/div>\n<\/div>\n<\/div><\/a><\/div><h4>Contact <\/h4><div class=\"link-tienda\"><strong><a href=\"https:\/\/www.visitgastroh.com\/fr\/store\/restaurant-don-carlos\/\">+ Info<\/a><\/strong><\/div><\/div><\/div><div class=\"store-locator-col-sm-4\"><div class=\"wordpress-store-locator-list-item\"><div class=\"img-listado\"><a href=\"https:\/\/www.visitgastroh.com\/fr\/store\/restaurante-castillo-de-gorraiz\/\"><img loading=\"lazy\" decoding=\"async\" width=\"300\" height=\"200\" src=\"https:\/\/www.visitgastroh.com\/wp-content\/uploads\/2022\/02\/restaurnte-castillo-gorraiz-panoramica-300x200.jpg\" class=\"attachment-medium size-medium wp-post-image\" alt=\"\" srcset=\"https:\/\/www.visitgastroh.com\/wp-content\/uploads\/2022\/02\/restaurnte-castillo-gorraiz-panoramica-300x200.jpg 300w, https:\/\/www.visitgastroh.com\/wp-content\/uploads\/2022\/02\/restaurnte-castillo-gorraiz-panoramica-1024x682.jpg 1024w, https:\/\/www.visitgastroh.com\/wp-content\/uploads\/2022\/02\/restaurnte-castillo-gorraiz-panoramica-768x512.jpg 768w, https:\/\/www.visitgastroh.com\/wp-content\/uploads\/2022\/02\/restaurnte-castillo-gorraiz-panoramica-1536x1023.jpg 1536w, https:\/\/www.visitgastroh.com\/wp-content\/uploads\/2022\/02\/restaurnte-castillo-gorraiz-panoramica-900x600.jpg 900w, https:\/\/www.visitgastroh.com\/wp-content\/uploads\/2022\/02\/restaurnte-castillo-gorraiz-panoramica.jpg 1920w\" sizes=\"auto, (max-width: 300px) 100vw, 300px\" \/><\/a><\/div><div class=\"contenido-listado\"><a href=\"https:\/\/www.visitgastroh.com\/fr\/store\/restaurante-castillo-de-gorraiz\/\"><div class=\"ficha-defecto\">\n<h2>CASTILLO DE GORRAIZ Restaurante<\/h2>\n<h3>(Gorraiz)<\/h3>\n<strong>TRADITION ET MODERNIT\u00c9<\/strong>\n\nNotre philosophie est celle du respect absolu des produits de notre terroir, du verger navarrais qui nous offre chaque saison des mets si nombreux et si savoureux, de notre montagne avec ses c\u00e8pes et champignons, de nos viandes d'une qualit\u00e9 extraordinaire, des poissons et fruits de mer qui nous vient chaque jour de la mer Cantabrique toute proche, et nos confiseries artisanales et artisanales, une explosion de saveurs pour notre palais.\n\nC'est la cuisine o\u00f9 Patxi et Jose Ignacio D\u00edez de Ulzurrun Go\u00f1i combinent de bonnes mati\u00e8res premi\u00e8res avec leur exp\u00e9rience, ainsi qu'avec leur souci permanent d'innover, en maintenant toujours l'essence et les valeurs du meilleur service.\n\nPr\u00e9parez-vous \u00e0 c\u00e9l\u00e9brer votre mariage dans un palais du XVIe si\u00e8cle, un lieu incomparable pr\u00e8s de Pampelune, entour\u00e9 de jardins et d'espaces verts, dans lequel chaque espace est con\u00e7u pour transformer ce jour en un jour inoubliable.\n\n&nbsp;\n\n<\/div><\/a><\/div><h4>Contact <\/h4><div class=\"link-tienda\"><strong><a href=\"https:\/\/www.visitgastroh.com\/fr\/store\/restaurante-castillo-de-gorraiz\/\">+ Info<\/a><\/strong><\/div><\/div><\/div><\/div><div class=\"store-locator-row\"><div class=\"store-locator-col-sm-4\"><div class=\"wordpress-store-locator-list-item\"><div class=\"img-listado\"><a href=\"https:\/\/www.visitgastroh.com\/fr\/store\/tour-forte-s-xiii\/\"><img loading=\"lazy\" decoding=\"async\" width=\"252\" height=\"300\" src=\"https:\/\/www.visitgastroh.com\/wp-content\/uploads\/2022\/02\/Poternaa-252x300.jpg\" class=\"attachment-medium size-medium wp-post-image\" alt=\"\" srcset=\"https:\/\/www.visitgastroh.com\/wp-content\/uploads\/2022\/02\/Poternaa-252x300.jpg 252w, https:\/\/www.visitgastroh.com\/wp-content\/uploads\/2022\/02\/Poternaa-859x1024.jpg 859w, https:\/\/www.visitgastroh.com\/wp-content\/uploads\/2022\/02\/Poternaa-768x915.jpg 768w, https:\/\/www.visitgastroh.com\/wp-content\/uploads\/2022\/02\/Poternaa-1289x1536.jpg 1289w, https:\/\/www.visitgastroh.com\/wp-content\/uploads\/2022\/02\/Poternaa-1718x2048.jpg 1718w\" sizes=\"auto, (max-width: 252px) 100vw, 252px\" \/><\/a><\/div><div class=\"contenido-listado\"><a href=\"https:\/\/www.visitgastroh.com\/fr\/store\/tour-forte-s-xiii\/\"><div class=\"ficha-defecto\">\n<h2>FORT TOUR S.XIII Maison Rurale<\/h2>\n<h3>(BAINS DE LA RIOJA)<\/h3>\nLa Torre Fuerte de Ba\u00f1os de Rioja, est une tour d'hommage du XIIIe si\u00e8cle, et faisait partie d'une forteresse que la famille L\u00f3pez de Haro, (Seigneurs de Vizcaya), a ordonn\u00e9 de construire \u00e0 la fin de l'ann\u00e9e 1200, c'\u00e9tait D .Diego L\u00f3pez III de Haro (fondateur de la ville de Bilbao). \u00c0 l'origine, il avait deux tours, un mur avec des bastions d\u00e9fensifs, un foss\u00e9 et il \u00e9tait compl\u00e9t\u00e9 par des cr\u00e9neaux. Cette Tour Forte est d\u00e9clar\u00e9e Patrimoine Historique.\n\nLa tour a quatre \u00e9tages. Un ascenseur confortable acc\u00e8de directement \u00e0 chacune de ses quatre belles et spacieuses suites de 35m2, situ\u00e9es une \u00e0 chaque \u00e9tage, elles sont \u00e9galement accessibles par un escalier \u00e0 vis en fer forg\u00e9.\n\nElles sont toutes d\u00e9cor\u00e9es et am\u00e9nag\u00e9es dans un style m\u00e9di\u00e9val marqu\u00e9, en prenant grand soin de chaque d\u00e9tail et de chaque ornement. Elles sont \u00e9quip\u00e9es de lits King-size, qui peuvent \u00eatre convertis en deux lits, disposent de chauffage, TV, bureau, Wi-Fi, \u00e9quiper. musique, minibar, bouilloire avec service th\u00e9 et caf\u00e9, lit suppl\u00e9mentaire et salles de bain compl\u00e8tes avec s\u00e8che-cheveux et produits d'accueil. Le rez-de-chauss\u00e9e, ou \"\u00e9tage noble\", est utilis\u00e9 comme salle de s\u00e9jour, o\u00f9 le petit-d\u00e9jeuner est servi. Et au sommet de la tour, on trouve une belle terrasse-solarium, pour profiter des vues impressionnantes sur la vall\u00e9e d'Oja.\n\n<\/div><\/a><\/div><h4>Contact <\/h4><div class=\"link-tienda\"><strong><a href=\"https:\/\/www.visitgastroh.com\/fr\/store\/tour-forte-s-xiii\/\">+ Info<\/a><\/strong><\/div><\/div><\/div><div class=\"store-locator-col-sm-4\"><div class=\"wordpress-store-locator-list-item\"><div class=\"img-listado\"><a href=\"https:\/\/www.visitgastroh.com\/fr\/store\/villa-magalean\/\"><img loading=\"lazy\" decoding=\"async\" width=\"300\" height=\"200\" src=\"https:\/\/www.visitgastroh.com\/wp-content\/uploads\/2022\/03\/villa-magalean-reception-29076-810-500-original-300x200.jpeg\" class=\"attachment-medium size-medium wp-post-image\" alt=\"\" srcset=\"https:\/\/www.visitgastroh.com\/wp-content\/uploads\/2022\/03\/villa-magalean-reception-29076-810-500-original-300x200.jpeg 300w, https:\/\/www.visitgastroh.com\/wp-content\/uploads\/2022\/03\/villa-magalean-reception-29076-810-500-original-1024x684.jpeg 1024w, https:\/\/www.visitgastroh.com\/wp-content\/uploads\/2022\/03\/villa-magalean-reception-29076-810-500-original-768x513.jpeg 768w, https:\/\/www.visitgastroh.com\/wp-content\/uploads\/2022\/03\/villa-magalean-reception-29076-810-500-original-1536x1026.jpeg 1536w, https:\/\/www.visitgastroh.com\/wp-content\/uploads\/2022\/03\/villa-magalean-reception-29076-810-500-original-900x600.jpeg 900w, https:\/\/www.visitgastroh.com\/wp-content\/uploads\/2022\/03\/villa-magalean-reception-29076-810-500-original.jpeg 1900w\" sizes=\"auto, (max-width: 300px) 100vw, 300px\" \/><\/a><\/div><div class=\"contenido-listado\"><a href=\"https:\/\/www.visitgastroh.com\/fr\/store\/villa-magalean\/\"><div class=\"ficha-defecto\">\n<h2>Villa Magalean H\u00f4tel &amp; Spa<\/h2>\n<h3>(Hondarribie)<\/h3>\nH\u00f4tel-boutique de luxe avec spa, situ\u00e9 au pied de la vieille ville d'Hondarribia. Il dispose d'une \u00e9quipe de professionnels qui vous accueilleront en toute discr\u00e9tion et vous prodigueront des soins exquis dans un cadre raffin\u00e9 pour vous offrir des moments de bien-\u00eatre et de confort absolus.\n\nA la Villa Magalean, vous retrouverez la chaleur d'une grande maison familiale avec des prestations h\u00f4teli\u00e8res haut de gamme.\n\nSa situation g\u00e9ographique privil\u00e9gi\u00e9e sur la c\u00f4te cantabrique, juste \u00e0 l'embouchure de la rivi\u00e8re Bidasoa, sur les pentes du mont Jaizkibel et \u00e0 proximit\u00e9 des Pyr\u00e9n\u00e9es, fait de Villa Magalean Hotel &amp; Spa le \"camp de base\" id\u00e9al pour tous ceux qui souhaitent profiter de la Pays basque fran\u00e7ais et espagnol, ses traditions et son environnement naturel prot\u00e9g\u00e9 d'exception.\n\nSon restaurant Vinoteca Mahasti Gastronomic Wine propose des sp\u00e9cialit\u00e9s \u00e0 la carte et un menu d\u00e9gustation, une ode authentique aux produits locaux de la mer et de la terre, qui change selon la saison. Un d\u00e9licieux voyage au c\u0153ur des traditions culinaires du Pays Basque aux mains du Chef Juan Carlos Ferrando.\n\n<\/div><\/a><\/div><h4>Contact <\/h4><div class=\"link-tienda\"><strong><a href=\"https:\/\/www.visitgastroh.com\/fr\/store\/villa-magalean\/\">+ Info<\/a><\/strong><\/div><\/div><\/div><\/div>[\/vc_column_text][\/vc_column][\/vc_row]\n","protected":false},"excerpt":{"rendered":"<p>[vc_row type=&#8221;full_width_background&#8221; full_screen_row_position=&#8221;middle&#8221; column_margin=&#8221;default&#8221; equal_height=&#8221;yes&#8221; content_placement=&#8221;middle&#8221; column_direction=&#8221;default&#8221; column_direction_tablet=&#8221;default&#8221; column_direction_phone=&#8221;default&#8221; bg_image=&#8221;39117&#8243; bg_position=&#8221;left center&#8221; background_image_loading=&#8221;default&#8221; bg_repeat=&#8221;no-repeat&#8221; scene_position=&#8221;center&#8221; top_padding=&#8221;5%&#8221; bottom_padding=&#8221;5%&#8221; text_color=&#8221;light&#8221; text_align=&#8221;left&#8221; row_border_radius=&#8221;none&#8221; row_border_radius_applies=&#8221;bg&#8221; color_overlay=&#8221;#000000&#8243; overlay_strength=&#8221;0.5&#8243; gradient_direction=&#8221;left_to_right&#8221; shape_divider_position=&#8221;bottom&#8221; bg_image_animation=&#8221;none&#8221; shape_type=&#8221;&#8221;][vc_column column_padding=&#8221;no-extra-padding&#8221; column_padding_tablet=&#8221;inherit&#8221; column_padding_phone=&#8221;inherit&#8221;&#8230;<\/p>\n","protected":false},"author":1,"featured_media":0,"parent":0,"menu_order":0,"comment_status":"closed","ping_status":"closed","template":"","meta":{"footnotes":""},"class_list":["post-27694","page","type-page","status-publish"],"_links":{"self":[{"href":"https:\/\/www.visitgastroh.com\/fr\/wp-json\/wp\/v2\/pages\/27694","targetHints":{"allow":["GET"]}}],"collection":[{"href":"https:\/\/www.visitgastroh.com\/fr\/wp-json\/wp\/v2\/pages"}],"about":[{"href":"https:\/\/www.visitgastroh.com\/fr\/wp-json\/wp\/v2\/types\/page"}],"author":[{"embeddable":true,"href":"https:\/\/www.visitgastroh.com\/fr\/wp-json\/wp\/v2\/users\/1"}],"replies":[{"embeddable":true,"href":"https:\/\/www.visitgastroh.com\/fr\/wp-json\/wp\/v2\/comments?post=27694"}],"version-history":[{"count":0,"href":"https:\/\/www.visitgastroh.com\/fr\/wp-json\/wp\/v2\/pages\/27694\/revisions"}],"wp:attachment":[{"href":"https:\/\/www.visitgastroh.com\/fr\/wp-json\/wp\/v2\/media?parent=27694"}],"curies":[{"name":"wp","href":"https:\/\/api.w.org\/{rel}","templated":true}]}}