{"id":27691,"date":"2022-02-17T19:06:57","date_gmt":"2022-02-17T18:06:57","guid":{"rendered":"https:\/\/www.visitgastroh.com\/la-rioja\/"},"modified":"2022-05-24T07:59:00","modified_gmt":"2022-05-24T05:59:00","slug":"la-rioja","status":"publish","type":"page","link":"https:\/\/www.visitgastroh.com\/fr\/dormir\/la-rioja\/","title":{"rendered":"La Rioja"},"content":{"rendered":"[vc_row type=&#8221;full_width_background&#8221; full_screen_row_position=&#8221;middle&#8221; column_margin=&#8221;default&#8221; equal_height=&#8221;yes&#8221; content_placement=&#8221;middle&#8221; column_direction=&#8221;default&#8221; column_direction_tablet=&#8221;default&#8221; column_direction_phone=&#8221;default&#8221; bg_image=&#8221;39117&#8243; bg_position=&#8221;center center&#8221; background_image_loading=&#8221;default&#8221; bg_repeat=&#8221;no-repeat&#8221; scene_position=&#8221;center&#8221; top_padding=&#8221;5%&#8221; bottom_padding=&#8221;5%&#8221; text_color=&#8221;light&#8221; text_align=&#8221;left&#8221; row_border_radius=&#8221;none&#8221; row_border_radius_applies=&#8221;bg&#8221; color_overlay=&#8221;#000000&#8243; overlay_strength=&#8221;0.5&#8243; gradient_direction=&#8221;left_to_right&#8221; shape_divider_position=&#8221;bottom&#8221; bg_image_animation=&#8221;none&#8221; shape_type=&#8221;&#8221;][vc_column column_padding=&#8221;no-extra-padding&#8221; column_padding_tablet=&#8221;inherit&#8221; column_padding_phone=&#8221;inherit&#8221; column_padding_position=&#8221;all&#8221; column_element_spacing=&#8221;default&#8221; background_color_opacity=&#8221;1&#8243; background_hover_color_opacity=&#8221;1&#8243; column_shadow=&#8221;none&#8221; column_border_radius=&#8221;none&#8221; column_link_target=&#8221;_self&#8221; gradient_direction=&#8221;left_to_right&#8221; overlay_strength=&#8221;0.3&#8243; width=&#8221;1\/1&#8243; tablet_width_inherit=&#8221;default&#8221; tablet_text_alignment=&#8221;default&#8221; phone_text_alignment=&#8221;default&#8221; bg_image_animation=&#8221;none&#8221; border_type=&#8221;simple&#8221; column_border_width=&#8221;none&#8221; column_border_style=&#8221;solid&#8221;][split_line_heading animation_type=&#8221;default&#8221;]\n<h1 style=\"font-size: 75px;\">O\u00f9 dormir !<\/h1>\n[\/split_line_heading][split_line_heading animation_type=&#8221;default&#8221;]\n<h3 style=\"font-size: 36px;\"><strong>LA RIOJA<br \/>\n<\/strong><\/h3>\n[\/split_line_heading][image_with_animation image_url=&#8221;6394&#8243; animation=&#8221;Fade In&#8221; hover_animation=&#8221;none&#8221; alignment=&#8221;&#8221; border_radius=&#8221;none&#8221; box_shadow=&#8221;none&#8221; image_loading=&#8221;default&#8221; max_width=&#8221;100%&#8221; max_width_mobile=&#8221;default&#8221;][\/vc_column][\/vc_row][vc_row type=&#8221;in_container&#8221; full_screen_row_position=&#8221;middle&#8221; column_margin=&#8221;default&#8221; column_direction=&#8221;default&#8221; column_direction_tablet=&#8221;default&#8221; column_direction_phone=&#8221;default&#8221; scene_position=&#8221;center&#8221; text_color=&#8221;dark&#8221; text_align=&#8221;left&#8221; row_border_radius=&#8221;none&#8221; row_border_radius_applies=&#8221;bg&#8221; overlay_strength=&#8221;0.3&#8243; gradient_direction=&#8221;left_to_right&#8221; shape_divider_position=&#8221;bottom&#8221; bg_image_animation=&#8221;none&#8221;][vc_column column_padding=&#8221;no-extra-padding&#8221; column_padding_tablet=&#8221;inherit&#8221; column_padding_phone=&#8221;inherit&#8221; column_padding_position=&#8221;all&#8221; column_element_spacing=&#8221;default&#8221; background_color_opacity=&#8221;1&#8243; background_hover_color_opacity=&#8221;1&#8243; column_shadow=&#8221;none&#8221; column_border_radius=&#8221;none&#8221; column_link_target=&#8221;_self&#8221; gradient_direction=&#8221;left_to_right&#8221; overlay_strength=&#8221;0.3&#8243; width=&#8221;1\/1&#8243; tablet_width_inherit=&#8221;default&#8221; tablet_text_alignment=&#8221;default&#8221; phone_text_alignment=&#8221;default&#8221; bg_image_animation=&#8221;none&#8221; border_type=&#8221;simple&#8221; column_border_width=&#8221;none&#8221; column_border_style=&#8221;solid&#8221;][vc_column_text]<button id=\"menuaGorde\"><i class=\"fa fa-filter\"><\/i><\/button><\/p>\n<p><script>\ndocument.getElementById(\"menuaGorde\").addEventListener(\"click\", menuaezkutatu)\nfunction menuaezkutatu() {\n  var zerrenda = document.getElementsByClassName(\"menu-izda\");\n  x = zerrenda[0];\n  if (x.style.display === \"none\") {\n    x.style.display = \"block\";\n  } else {\n    x.style.display = \"none\";\n  }\n}\n<\/script>[\/vc_column_text][\/vc_column][\/vc_row][vc_row type=&#8221;in_container&#8221; full_screen_row_position=&#8221;middle&#8221; column_margin=&#8221;default&#8221; column_direction=&#8221;default&#8221; column_direction_tablet=&#8221;default&#8221; column_direction_phone=&#8221;default&#8221; scene_position=&#8221;center&#8221; top_padding=&#8221;3%&#8221; bottom_padding=&#8221;5%&#8221; text_color=&#8221;dark&#8221; text_align=&#8221;left&#8221; row_border_radius=&#8221;none&#8221; row_border_radius_applies=&#8221;bg&#8221; overlay_strength=&#8221;0.3&#8243; gradient_direction=&#8221;left_to_right&#8221; shape_divider_position=&#8221;bottom&#8221; bg_image_animation=&#8221;none&#8221; shape_type=&#8221;&#8221;][vc_column column_padding=&#8221;no-extra-padding&#8221; column_padding_tablet=&#8221;inherit&#8221; column_padding_phone=&#8221;inherit&#8221; column_padding_position=&#8221;all&#8221; column_element_spacing=&#8221;default&#8221; background_color_opacity=&#8221;1&#8243; background_hover_color_opacity=&#8221;1&#8243; column_shadow=&#8221;none&#8221; column_border_radius=&#8221;none&#8221; column_link_target=&#8221;_self&#8221; el_class=&#8221;menu-izda&#8221; gradient_direction=&#8221;left_to_right&#8221; overlay_strength=&#8221;0.3&#8243; width=&#8221;1\/4&#8243; tablet_width_inherit=&#8221;default&#8221; tablet_text_alignment=&#8221;default&#8221; phone_text_alignment=&#8221;default&#8221; bg_image_animation=&#8221;none&#8221; border_type=&#8221;simple&#8221; column_border_width=&#8221;none&#8221; column_border_style=&#8221;solid&#8221;][vc_column_text]<img loading=\"lazy\" decoding=\"async\" class=\"size-full wp-image-7132 alignleft\" src=\"https:\/\/www.visitgastroh.com\/wp-content\/uploads\/2022\/01\/mapa-destinos-euskadi-mini.png\" alt=\"\" width=\"45\" height=\"31\" \/><a style=\"color: #61a54d;\" href=\"https:\/\/www.visitgastroh.com\/fr\/dormir\/euskadi\/\"><strong>EUSKADI<\/strong><\/a><\/p>\n<p><img loading=\"lazy\" decoding=\"async\" class=\"size-full alignleft\" src=\"https:\/\/www.visitgastroh.com\/wp-content\/uploads\/2022\/01\/mapa-destinos-navarra-mini.png\" alt=\"\" width=\"45\" height=\"31\" \/><a style=\"color: #c5273b;\" href=\"https:\/\/www.visitgastroh.com\/fr\/dormir\/navarre\/\"><strong>NAVARRE<\/strong><\/a><\/p>\n<p><img loading=\"lazy\" decoding=\"async\" class=\"size-full alignleft\" src=\"https:\/\/www.visitgastroh.com\/wp-content\/uploads\/2022\/01\/mapa-destinos-la-rioja-mini.png\" alt=\"\" width=\"45\" height=\"31\" \/><a style=\"color: #9f2653;\" href=\"https:\/\/www.visitgastroh.com\/fr\/dormir\/la-rioja\/\"><strong>LA RIOJA<\/strong><\/a><\/p>\n<p><img loading=\"lazy\" decoding=\"async\" class=\"size-full alignleft\" src=\"https:\/\/www.visitgastroh.com\/wp-content\/uploads\/2022\/01\/mapa-destinos-pays-basque-mini.png\" alt=\"\" width=\"45\" height=\"31\" \/><a style=\"color: #8bc3e7;\" href=\"https:\/\/www.visitgastroh.com\/fr\/dormir\/pays-basque\/\"><strong>PAYS BASQUE<\/strong><\/a><\/p>\n<p><img loading=\"lazy\" decoding=\"async\" class=\"size-full alignleft\" src=\"https:\/\/www.visitgastroh.com\/wp-content\/uploads\/2022\/01\/mapa-destinos-bearn-mini.png\" alt=\"\" width=\"45\" height=\"31\" \/><a style=\"color: #e7b32d;\" href=\"https:\/\/www.visitgastroh.com\/fr\/dormir\/bearn\/\"><strong>B\u00c9ARN<\/strong><\/a>[\/vc_column_text][vc_column_text]        <form id=\"store_locator_embedded_search\" class=\"store_locator_embedded_search\" action=\"https:\/\/www.visitgastroh.com\/fr\/dormir\/la-rioja\/\" method=\"GET\">            <div id=\"store_locator_search_box\" class=\"store_locator store_locator_search_box store-locator-col-12 store-locator-col-sm-12\">                                            <div id=\"store_locator_filter\" class=\"store_locator_filter\">            <div id=\"store_locator_filter_content\" class=\"store-locator-row store_locator_filter_content\">                <div id=\"filter211\" class=\"store-locator-col-12 single_filter\"><h5 class=\"collapsible-visit filtroa-itxita\">Cat\u00e9gorie<\/h5><div class=\"filtroa\" style=\"display: none;\"><label class=\"single_filter_checkbox control control--checkbox\"><input  name=\"filter211[]\" type=\"checkbox\" class=\"store_locator_filter_checkbox\" value=\"212\">1 \u00c9toile<div class=\"control__indicator\"><\/div><\/label><label class=\"single_filter_checkbox control control--checkbox\"><input  name=\"filter211[]\" type=\"checkbox\" class=\"store_locator_filter_checkbox\" value=\"215\">2 cl\u00e9s<div class=\"control__indicator\"><\/div><\/label><label class=\"single_filter_checkbox control control--checkbox\"><input  name=\"filter211[]\" type=\"checkbox\" class=\"store_locator_filter_checkbox\" value=\"213\">2 \u00c9toiles<div class=\"control__indicator\"><\/div><\/label><label class=\"single_filter_checkbox control control--checkbox\"><input  name=\"filter211[]\" type=\"checkbox\" class=\"store_locator_filter_checkbox\" value=\"216\">3 cl\u00e9s<div class=\"control__indicator\"><\/div><\/label><label class=\"single_filter_checkbox control control--checkbox\"><input  name=\"filter211[]\" type=\"checkbox\" class=\"store_locator_filter_checkbox\" value=\"218\">3 \u00c9toiles<div class=\"control__indicator\"><\/div><\/label><label class=\"single_filter_checkbox control control--checkbox\"><input  name=\"filter211[]\" type=\"checkbox\" class=\"store_locator_filter_checkbox\" value=\"217\">4 cl\u00e9s<div class=\"control__indicator\"><\/div><\/label><label class=\"single_filter_checkbox control control--checkbox\"><input  name=\"filter211[]\" type=\"checkbox\" class=\"store_locator_filter_checkbox\" value=\"219\">4 \u00c9toiles<div class=\"control__indicator\"><\/div><\/label><label class=\"single_filter_checkbox control control--checkbox\"><input  name=\"filter211[]\" type=\"checkbox\" class=\"store_locator_filter_checkbox\" value=\"220\">5 \u00c9toiles<div class=\"control__indicator\"><\/div><\/label><\/div><\/div><div id=\"filter247\" class=\"store-locator-col-12 single_filter\"><h5 class=\"collapsible-visit filtroa-itxita\">Installations d'h\u00e9bergement<\/h5><div class=\"filtroa\" style=\"display: none;\"><label class=\"single_filter_checkbox control control--checkbox\"><input  name=\"filter247[]\" type=\"checkbox\" class=\"store_locator_filter_checkbox\" value=\"268\">Adapt\u00e9 aux personnes \u00e0 mobilit\u00e9 r\u00e9duite<div class=\"control__indicator\"><\/div><\/label><label class=\"single_filter_checkbox control control--checkbox\"><input  name=\"filter247[]\" type=\"checkbox\" class=\"store_locator_filter_checkbox\" value=\"251\">Air conditionn\u00e9<div class=\"control__indicator\"><\/div><\/label><label class=\"single_filter_checkbox control control--checkbox\"><input  name=\"filter247[]\" type=\"checkbox\" class=\"store_locator_filter_checkbox\" value=\"269\">Animaux de compagnie accept\u00e9s<div class=\"control__indicator\"><\/div><\/label><label class=\"single_filter_checkbox control control--checkbox\"><input  name=\"filter247[]\" type=\"checkbox\" class=\"store_locator_filter_checkbox\" value=\"270\">Borne de recharge pour v\u00e9hicules \u00e9lectriques<div class=\"control__indicator\"><\/div><\/label><label class=\"single_filter_checkbox control control--checkbox\"><input  name=\"filter247[]\" type=\"checkbox\" class=\"store_locator_filter_checkbox\" value=\"249\">Caf\u00e9-bar<div class=\"control__indicator\"><\/div><\/label><label class=\"single_filter_checkbox control control--checkbox\"><input  name=\"filter247[]\" type=\"checkbox\" class=\"store_locator_filter_checkbox\" value=\"271\">Parking<div class=\"control__indicator\"><\/div><\/label><label class=\"single_filter_checkbox control control--checkbox\"><input  name=\"filter247[]\" type=\"checkbox\" class=\"store_locator_filter_checkbox\" value=\"248\">Restaurant<div class=\"control__indicator\"><\/div><\/label><label class=\"single_filter_checkbox control control--checkbox\"><input  name=\"filter247[]\" type=\"checkbox\" class=\"store_locator_filter_checkbox\" value=\"272\">Service de location et\/ou abri de v\u00e9los<div class=\"control__indicator\"><\/div><\/label><label class=\"single_filter_checkbox control control--checkbox\"><input  name=\"filter247[]\" type=\"checkbox\" class=\"store_locator_filter_checkbox\" value=\"250\">Wifi gratuit<div class=\"control__indicator\"><\/div><\/label><\/div><\/div><div id=\"filter245\" class=\"store-locator-col-12 single_filter\"><h5 class=\"collapsible-visit filtroa-itxita\">Type d'h\u00e9bergement<\/h5><div class=\"filtroa\" style=\"display: none;\"><label class=\"single_filter_checkbox control control--checkbox\"><input  name=\"filter245[]\" type=\"checkbox\" class=\"store_locator_filter_checkbox\" value=\"306\">Appartement touristique<div class=\"control__indicator\"><\/div><\/label><label class=\"single_filter_checkbox control control--checkbox\"><input  name=\"filter245[]\" type=\"checkbox\" class=\"store_locator_filter_checkbox\" value=\"307\">Baln\u00e9aire \/ Thermal<div class=\"control__indicator\"><\/div><\/label><label class=\"single_filter_checkbox control control--checkbox\"><input  name=\"filter245[]\" type=\"checkbox\" class=\"store_locator_filter_checkbox\" value=\"308\">Camping<div class=\"control__indicator\"><\/div><\/label><label class=\"single_filter_checkbox control control--checkbox\"><input  name=\"filter245[]\" type=\"checkbox\" class=\"store_locator_filter_checkbox\" value=\"309\">G\u00eete rural<div class=\"control__indicator\"><\/div><\/label><label class=\"single_filter_checkbox control control--checkbox\"><input  name=\"filter245[]\" type=\"checkbox\" class=\"store_locator_filter_checkbox\" value=\"305\">H\u00e9bergements collectifs \/ Auberges de jeunesse<div class=\"control__indicator\"><\/div><\/label><label class=\"single_filter_checkbox control control--checkbox\"><input  name=\"filter245[]\" type=\"checkbox\" class=\"store_locator_filter_checkbox\" value=\"310\">H\u00f4tel<div class=\"control__indicator\"><\/div><\/label><label class=\"single_filter_checkbox control control--checkbox\"><input  name=\"filter245[]\" type=\"checkbox\" class=\"store_locator_filter_checkbox\" value=\"246\">Logement chez l\u2019habitant<div class=\"control__indicator\"><\/div><\/label><\/div><\/div>            <\/div>        <\/div>        <script>        var coll = document.getElementsByClassName(\"collapsible-visit\");        var i;        for (i = 0; i < coll.length; i++) {          coll[i].addEventListener(\"click\", function() {            this.classList.toggle(\"active\");            var content = this.nextElementSibling;            if (content.style.display === \"block\") {              content.style.display = \"none\";              this.classList.remove('filtroa-irekita');              this.classList.add(\"filtroa-itxita\");            } else {              content.style.display = \"block\";              this.classList.remove('filtroa-itxita');              this.classList.add(\"filtroa-irekita\");            }          });        }        <\/script>                                                        <div class=\"store-locator-row bilaketa-botoia\">                    <div class=\"store-locator-col-12 store-locator-col-sm-12\">                        <button id=\"store_locator_find_stores_button\" type=\"submit\" class=\"store_locator_find_stores_button btn button et_pb_button btn-primary btn-lg\">Rechercher                        <\/button>                    <\/div>                <\/div>            <\/div>        <\/form>        [\/vc_column_text][\/vc_column][vc_column column_padding=&#8221;no-extra-padding&#8221; column_padding_tablet=&#8221;inherit&#8221; column_padding_phone=&#8221;inherit&#8221; column_padding_position=&#8221;all&#8221; column_element_spacing=&#8221;default&#8221; background_color_opacity=&#8221;1&#8243; background_hover_color_opacity=&#8221;1&#8243; column_shadow=&#8221;none&#8221; column_border_radius=&#8221;none&#8221; column_link_target=&#8221;_self&#8221; gradient_direction=&#8221;left_to_right&#8221; overlay_strength=&#8221;0.3&#8243; width=&#8221;3\/4&#8243; tablet_width_inherit=&#8221;default&#8221; tablet_text_alignment=&#8221;default&#8221; phone_text_alignment=&#8221;default&#8221; bg_image_animation=&#8221;none&#8221; border_type=&#8221;simple&#8221; column_border_width=&#8221;none&#8221; column_border_style=&#8221;solid&#8221;][vc_column_text]<div class=\"wordpress-store-locator-list-container\"><h2 class=\"wordpress-store-locator-list-title\">LA RIOJA<\/h2><div class=\"wordpress-store-locator-list-content\"><p>Choisissez un \u00e9tablissement<\/p>\n<\/div><div class=\"store-locator-row\"><div class=\"store-locator-col-sm-4\"><div class=\"wordpress-store-locator-list-item\"><div class=\"img-listado\"><a href=\"https:\/\/www.visitgastroh.com\/fr\/store\/apartamentos-ezcaray\/\"><img loading=\"lazy\" decoding=\"async\" width=\"300\" height=\"198\" src=\"https:\/\/www.visitgastroh.com\/wp-content\/uploads\/2022\/04\/apartamentos-ezcaray-fachada-300x198.jpg\" class=\"attachment-medium size-medium wp-post-image\" alt=\"\" srcset=\"https:\/\/www.visitgastroh.com\/wp-content\/uploads\/2022\/04\/apartamentos-ezcaray-fachada-300x198.jpg 300w, https:\/\/www.visitgastroh.com\/wp-content\/uploads\/2022\/04\/apartamentos-ezcaray-fachada.jpg 700w\" sizes=\"auto, (max-width: 300px) 100vw, 300px\" \/><\/a><\/div><div class=\"contenido-listado\"><a href=\"https:\/\/www.visitgastroh.com\/fr\/store\/apartamentos-ezcaray\/\"><div class=\"ficha-defecto\">\n<h2>Appartements EZCARAY<\/h2>\n<h3>(EZCARAY)<\/h3>\nApartamentos Tur\u00edsticos Ezcaray est un bel ensemble d'appartements touristiques, d\u00e9di\u00e9 au tourisme rural \u00e0 La Rioja.\n\nImmeuble moderne \u00e0 l'architecture traditionnelle et \u00e0 la d\u00e9coration int\u00e9rieure soign\u00e9e. Au centre d'Ezcaray, en face d'une place large et calme, ensoleill\u00e9e et avec de magnifiques vues sur les montagnes. Avec l'expansion et la r\u00e9forme totale inaugur\u00e9e en 2017.\n\nWIFI gratuit dans tout le b\u00e2timent\n\nCaf\u00e9t\u00e9ria pour les clients. P\u00e2tisserie maison. Petits d\u00e9jeuners, douceurs, portions, toasts, tartines, tartines.\n\nAppartements de haute qualit\u00e9 avec facilit\u00e9s, avec tous les services et conforts de la maison, pour profiter de vos week-ends et vacances rurales \u00e0 La Rioja. Tr\u00e8s proche de la station de ski de Valdezcaray.\n\nVenez vous ressourcer au pays de l'oenotourisme.\n\n<\/div><\/a><\/div><h4>Contact <\/h4><div class=\"link-tienda\"><strong><a href=\"https:\/\/www.visitgastroh.com\/fr\/store\/apartamentos-ezcaray\/\">+ Info<\/a><\/strong><\/div><\/div><\/div><div class=\"store-locator-col-sm-4\"><div class=\"wordpress-store-locator-list-item\"><div class=\"img-listado\"><a href=\"https:\/\/www.visitgastroh.com\/fr\/store\/casa-del-agua-la-rioja\/\"><\/a><\/div><div class=\"contenido-listado\"><a href=\"https:\/\/www.visitgastroh.com\/fr\/store\/casa-del-agua-la-rioja\/\"><div class=\"ficha-defecto\">\n<h2>CASA DEL AGUA - LA RIOJA<\/h2>\n<h3>(Santa&nbsp;Coloma)<\/h3>\nTexte descriptif...\n\n<\/div><\/a><\/div><h4>Contact <\/h4><div class=\"link-tienda\"><strong><a href=\"https:\/\/www.visitgastroh.com\/fr\/store\/casa-del-agua-la-rioja\/\">+ Info<\/a><\/strong><\/div><\/div><\/div><div class=\"store-locator-col-sm-4\"><div class=\"wordpress-store-locator-list-item\"><div class=\"img-listado\"><a href=\"https:\/\/www.visitgastroh.com\/fr\/store\/casa-masip-hotel\/\"><img loading=\"lazy\" decoding=\"async\" width=\"300\" height=\"163\" src=\"https:\/\/www.visitgastroh.com\/wp-content\/uploads\/2022\/04\/hotel-casa-masip-nombre-300x163.jpg\" class=\"attachment-medium size-medium wp-post-image\" alt=\"\" srcset=\"https:\/\/www.visitgastroh.com\/wp-content\/uploads\/2022\/04\/hotel-casa-masip-nombre-300x163.jpg 300w, https:\/\/www.visitgastroh.com\/wp-content\/uploads\/2022\/04\/hotel-casa-masip-nombre-768x417.jpg 768w, https:\/\/www.visitgastroh.com\/wp-content\/uploads\/2022\/04\/hotel-casa-masip-nombre-1000x547.jpg 1000w, https:\/\/www.visitgastroh.com\/wp-content\/uploads\/2022\/04\/hotel-casa-masip-nombre.jpg 1007w\" sizes=\"auto, (max-width: 300px) 100vw, 300px\" \/><\/a><\/div><div class=\"contenido-listado\"><a href=\"https:\/\/www.visitgastroh.com\/fr\/store\/casa-masip-hotel\/\"><div class=\"ficha-defecto\">\n<h2>Casa Masip Hotel<\/h2>\n<h3>(Ezcaray)<\/h3>\nCasa Masip vous propose un h\u00e9bergement et des restaurants dans le paradis de la Rioja Alta.\n\nDans la charmante Villa de Ezcaray, nous vous proposons un h\u00e9bergement, des restaurants et des collations, en vous dorlotant et en prenant soin de nos \u00e9laborations dans les moindres d\u00e9tails afin que vous puissiez profiter d'un s\u00e9jour unique.\n\nBienvenue \u00e0 la Villa de Ezcaray, bienvenue \u00e0 la Casa Masip.\n\n&nbsp;\n\n<\/div><\/a><\/div><h4>Contact <\/h4><div class=\"link-tienda\"><strong><a href=\"https:\/\/www.visitgastroh.com\/fr\/store\/casa-masip-hotel\/\">+ Info<\/a><\/strong><\/div><\/div><\/div><\/div><div class=\"store-locator-row\"><div class=\"store-locator-col-sm-4\"><div class=\"wordpress-store-locator-list-item\"><div class=\"img-listado\"><a href=\"https:\/\/www.visitgastroh.com\/fr\/store\/casa-rural-entrebosques\/\"><img loading=\"lazy\" decoding=\"async\" width=\"300\" height=\"225\" src=\"https:\/\/www.visitgastroh.com\/wp-content\/uploads\/2022\/03\/photo1624622701-1-300x225.jpeg\" class=\"attachment-medium size-medium wp-post-image\" alt=\"\" srcset=\"https:\/\/www.visitgastroh.com\/wp-content\/uploads\/2022\/03\/photo1624622701-1-300x225.jpeg 300w, https:\/\/www.visitgastroh.com\/wp-content\/uploads\/2022\/03\/photo1624622701-1-1024x768.jpeg 1024w, https:\/\/www.visitgastroh.com\/wp-content\/uploads\/2022\/03\/photo1624622701-1-768x576.jpeg 768w, https:\/\/www.visitgastroh.com\/wp-content\/uploads\/2022\/03\/photo1624622701-1.jpeg 1280w\" sizes=\"auto, (max-width: 300px) 100vw, 300px\" \/><\/a><\/div><div class=\"contenido-listado\"><a href=\"https:\/\/www.visitgastroh.com\/fr\/store\/casa-rural-entrebosques\/\"><div class=\"ficha-defecto\">\n<h2>ENTREBOSQUES Maison Rurale<\/h2>\n<h3>(EL RASILLO DE CAMEROS)<\/h3>\nCasa Rural Entre Bosques, est situ\u00e9e dans la Sierra de Cameros entour\u00e9e de pins et de ch\u00eanes, nos voisins les cerfs et les petits \u00e9cureuils.\n\nLocation maison compl\u00e8te jusqu'\u00e0 30 personnes ou location salle.\n\nClass\u00e9 avec 5 pointes et 5 \u00e9toiles\n\n<\/div><\/a><\/div><h4>Contact <\/h4><div class=\"link-tienda\"><strong><a href=\"https:\/\/www.visitgastroh.com\/fr\/store\/casa-rural-entrebosques\/\">+ Info<\/a><\/strong><\/div><\/div><\/div><div class=\"store-locator-col-sm-4\"><div class=\"wordpress-store-locator-list-item\"><div class=\"img-listado\"><a href=\"https:\/\/www.visitgastroh.com\/fr\/store\/casa-rural-muro-de-aguas-valdete\/\"><\/a><\/div><div class=\"contenido-listado\"><a href=\"https:\/\/www.visitgastroh.com\/fr\/store\/casa-rural-muro-de-aguas-valdete\/\"><div class=\"ficha-defecto\">\n<h2>Nombre empresa<\/h2>\n<h3>(Localidad) Muro de aguas La Rioja<\/h3>\nNotre Casa Rural Valdet\u00e9 est une maison de ville enti\u00e8rement restaur\u00e9e. Il est am\u00e9nag\u00e9 sur 3 \u00e9tages accessibles par des escaliers. Les chambres sont situ\u00e9es au premier et au deuxi\u00e8me \u00e9tage, l'acc\u00e8s aux fauteuils roulants n'est donc pas possible. Mais comme ce sont des chambres spacieuses et facilement accessibles, les personnes \u00e0 mobilit\u00e9 r\u00e9duite ne rencontrent plus de difficult\u00e9s. Toutes les salles de bains ont des douches. Toutes les chambres disposent de toilettes et d'espaces pour se reposer et profiter de l'air pur et sec et du silence. Dans les environs de Muro de Aguas, il existe des sentiers de montagne pr\u00e9par\u00e9s pour la marche avec diff\u00e9rentes pentes et difficult\u00e9s. \u00c0 c\u00f4t\u00e9 de la maison, il y a beaucoup d'espace de stationnement.\n\nCe site Web a \u00e9t\u00e9 con\u00e7u pour s'adapter aux appareils mobiles, tablettes et ordinateurs de diff\u00e9rentes tailles. Le contenu a \u00e9t\u00e9 pr\u00e9par\u00e9 pour aider les personnes ayant des probl\u00e8mes de vision ou une mauvaise coordination des mains.\n\nLa maison elle-m\u00eame est pr\u00e9par\u00e9e pour le recyclage des d\u00e9chets afin de pr\u00e9server l'environnement.\nTexte descriptif...\n\n<\/div><\/a><\/div><h4>Contact <\/h4><div class=\"link-tienda\"><strong><a href=\"https:\/\/www.visitgastroh.com\/fr\/store\/casa-rural-muro-de-aguas-valdete\/\">+ Info<\/a><\/strong><\/div><\/div><\/div><div class=\"store-locator-col-sm-4\"><div class=\"wordpress-store-locator-list-item\"><div class=\"img-listado\"><a href=\"https:\/\/www.visitgastroh.com\/fr\/store\/complexe-touristique-rural-villa-liquidambar\/\"><img loading=\"lazy\" decoding=\"async\" width=\"300\" height=\"252\" src=\"https:\/\/www.visitgastroh.com\/wp-content\/uploads\/2022\/03\/FACHADA-NOCTURNA-DESDE-CANAL-300x252.jpg\" class=\"attachment-medium size-medium wp-post-image\" alt=\"\" srcset=\"https:\/\/www.visitgastroh.com\/wp-content\/uploads\/2022\/03\/FACHADA-NOCTURNA-DESDE-CANAL-300x252.jpg 300w, https:\/\/www.visitgastroh.com\/wp-content\/uploads\/2022\/03\/FACHADA-NOCTURNA-DESDE-CANAL-1024x861.jpg 1024w, https:\/\/www.visitgastroh.com\/wp-content\/uploads\/2022\/03\/FACHADA-NOCTURNA-DESDE-CANAL-768x646.jpg 768w, https:\/\/www.visitgastroh.com\/wp-content\/uploads\/2022\/03\/FACHADA-NOCTURNA-DESDE-CANAL-1536x1292.jpg 1536w, https:\/\/www.visitgastroh.com\/wp-content\/uploads\/2022\/03\/FACHADA-NOCTURNA-DESDE-CANAL-2048x1723.jpg 2048w\" sizes=\"auto, (max-width: 300px) 100vw, 300px\" \/><\/a><\/div><div class=\"contenido-listado\"><a href=\"https:\/\/www.visitgastroh.com\/fr\/store\/complexe-touristique-rural-villa-liquidambar\/\"><div class=\"ficha-defecto\">\n<h2>VILLA LIQUID\u00c1MBAR Complejo Tur\u00edstico Rural<\/h2>\n<strong>(TORRECILLA EN CAMEROS)<\/strong>\n\nCe complexe touristique dispose de :\n\n<strong>3 appartements touristiques \u00e0 La Rioja,<\/strong> dont <strong>2 appartements accessibles.<\/strong> \n\nEn 2020, nous avons d\u00e9cid\u00e9 de faire partie du tourisme en tant qu'outil d' <strong>inclusion sociale<\/strong> , car nous savons que chacun a <strong>le droit de se reposer<\/strong> et de profiter de son temps libre. Nous avons lutt\u00e9 contre le vent et la pand\u00e9mie, et \u00e0 l'\u00e9t\u00e9 de la m\u00eame ann\u00e9e, nous avons pu inaugurer les appartements et concr\u00e9tiser ce projet,\n\nEnti\u00e8rement \u00e9quip\u00e9, le logement offre un maximum de confort, de d\u00e9tente et d'ind\u00e9pendance avec sa terrasse-patio ou son jardin privatif. Ils disposent d'un spacieux salon-salle \u00e0 manger, d'une cuisine adapt\u00e9e, d'une chambre spacieuse et d'une salle de bain r\u00e9glement\u00e9e pour l'acc\u00e8s aux fauteuils roulants. Le salon dispose d'un lit double pliant. Deux appartements ont un jardin priv\u00e9 avec barbecue et le troisi\u00e8me a une terrasse patio priv\u00e9e.\n\nL'accessibilit\u00e9 a \u00e9t\u00e9 faite \u00e0 la fois pour les personnes \u00e0 mobilit\u00e9 r\u00e9duite ou en fauteuil roulant, ainsi que pour les personnes n'ayant pas ou peu de visibilit\u00e9 et d'ou\u00efe. Et en \u00e9largissant nos services, <strong>nous pouvons servir les personnes sourdes en LSE.<\/strong> <strong>De plus, \u00e0 c\u00f4t\u00e9 du complexe, ils disposent<\/strong> <strong>d'un parking pour v\u00e9hicules adapt\u00e9s.<\/strong> \n\n<strong><a href=\"https:\/\/www.youtube.com\/watch?v=iGlSFGqvqZE\" target=\"_blank\" rel=\"noopener\">APPARTEMENTS TOURISTIQUES ACCESSIBLES \ud83c\udfe1\u00e0 La Rioja \/ 2020 - YouTube<\/a><\/strong>\n\n<strong>2 maisons rurales<\/strong>\n\n<strong>La Villa Liquid\u00e1mbar I<\/strong> est id\u00e9ale pour les familles avec enfants et les groupes de 10 \u00e0 12 personnes.\n\nLa maison en pierre de deux \u00e9tages, restaur\u00e9e avec tout le caract\u00e8re de la Sierra Camerana, dispose de 5 chambres, 3 salles de bain compl\u00e8tes, une spacieuse cuisine-salle \u00e0 manger de 100m2 avec chemin\u00e9e, jardin priv\u00e9 avec barbecue.\n\n<strong>Villa Liquid\u00e1mbar II,<\/strong> id\u00e9ale pour les couples et les groupes de six, 9 personnes.\n\nAvec une r\u00e9habilitation plus moderne, la Villa Liquid\u00e1mbar II avec deux \u00e9tages, dispose de 3 chambres junior-suite mansard\u00e9es avec des plafonds en bois. Chaque chambre dispose d'une salle de bain priv\u00e9e compl\u00e8te, d'un canap\u00e9-lit pour une place suppl\u00e9mentaire et d'une t\u00e9l\u00e9vision \u00e0 \u00e9cran plasma. Salle \u00e0 manger-cuisine confortable enti\u00e8rement \u00e9quip\u00e9e, salon au deuxi\u00e8me \u00e9tage avec chemin\u00e9e fran\u00e7aise et vue magnifique sur la Sierra, la rivi\u00e8re Iregua et la ville.\n\nCette maison peut \u00eatre lou\u00e9e compl\u00e8te ou par chambres.\n\n<strong>2 espaces \u00e9v\u00e9nementiels<\/strong>\n\n<strong>Le Moulin du Maure<\/strong> C'est un lieu unique, plein de charme et de magie, l'espace d'un ancien moulin \u00e0 farine r\u00e9cup\u00e9r\u00e9 pour des f\u00eates et des \u00e9v\u00e9nements, plus de 1 500 m\u00e8tres de jardin ajoutent la note verte que je t'aime vert \u00e0 toute c\u00e9l\u00e9bration, les \u00e9v\u00e9nements les plus vari\u00e9s ; d'une d\u00e9gustation de vin \u00e0 un d\u00eener unique, en passant par un atelier de boutique de c\u00e9ramique et bien s\u00fbr, le plus important oui que je veux d'un couple.\n\nNous avons voulu aider la nature pour que tous nos <strong>espaces de jardin, de loisirs et de f\u00eate<\/strong> soient <strong>inclusifs<\/strong> , pour tous.\n\n<\/div><\/a><\/div><h4>Contact <\/h4><div class=\"link-tienda\"><strong><a href=\"https:\/\/www.visitgastroh.com\/fr\/store\/complexe-touristique-rural-villa-liquidambar\/\">+ Info<\/a><\/strong><\/div><\/div><\/div><\/div><div class=\"store-locator-row\"><div class=\"store-locator-col-sm-4\"><div class=\"wordpress-store-locator-list-item\"><div class=\"img-listado\"><a href=\"https:\/\/www.visitgastroh.com\/fr\/store\/eurostars-marques-de-vallejo\/\"><img loading=\"lazy\" decoding=\"async\" width=\"300\" height=\"200\" src=\"https:\/\/www.visitgastroh.com\/wp-content\/uploads\/2022\/04\/Marques-de-Vallejo-014-300x200.jpg\" class=\"attachment-medium size-medium wp-post-image\" alt=\"\" srcset=\"https:\/\/www.visitgastroh.com\/wp-content\/uploads\/2022\/04\/Marques-de-Vallejo-014-300x200.jpg 300w, https:\/\/www.visitgastroh.com\/wp-content\/uploads\/2022\/04\/Marques-de-Vallejo-014-1024x684.jpg 1024w, https:\/\/www.visitgastroh.com\/wp-content\/uploads\/2022\/04\/Marques-de-Vallejo-014-768x513.jpg 768w, https:\/\/www.visitgastroh.com\/wp-content\/uploads\/2022\/04\/Marques-de-Vallejo-014-1536x1025.jpg 1536w, https:\/\/www.visitgastroh.com\/wp-content\/uploads\/2022\/04\/Marques-de-Vallejo-014-2048x1367.jpg 2048w, https:\/\/www.visitgastroh.com\/wp-content\/uploads\/2022\/04\/Marques-de-Vallejo-014-900x600.jpg 900w\" sizes=\"auto, (max-width: 300px) 100vw, 300px\" \/><\/a><\/div><div class=\"contenido-listado\"><a href=\"https:\/\/www.visitgastroh.com\/fr\/store\/eurostars-marques-de-vallejo\/\"><div class=\"ficha-defecto\">\n<h2>EUROSTARS MARQU\u00c9S DE VALLEJO Hotel<\/h2>\n<h3>(LOGRONO)<\/h3>\nUn h\u00f4tel du d\u00e9but du XXe si\u00e8cle au c\u0153ur de Logro\u00f1o.\n\nSitu\u00e9 dans <b>l'un des quartiers les plus exclusifs de la ville<\/b> , l'Eurostars Marqu\u00e9s de Vallejo est devenu une r\u00e9f\u00e9rence dans la ville, car il est devenu un h\u00f4tel avant-gardiste, alliant style et tradition, sans perdre son essence.\n\nL'h\u00f4tel propose 45 chambres qui allient avant-garde, tradition et confort, cr\u00e9ant une atmosph\u00e8re exclusive.\n\n<header>\n<div class=\"sta-serviciosDestacados-eh_title\">\n<h2>Le confort et le repos dont vous avez besoin<\/h2>\n<\/div>\n<\/header><section class=\"sta-serviciosDestacados-eh_text fn-readMore\" data-m=\"\" data-t=\"\" data-d=\"\"><b>Exclusivit\u00e9, espace, design et fonctionnalit\u00e9<\/b> d\u00e9finissent les chambres de l'Eurostars Marqu\u00e9s de Vallejo. Ces espaces sont adapt\u00e9s aux voyageurs, offrant des prestations haut de gamme pour rendre votre s\u00e9jour inoubliable.<\/section><\/div><\/a><\/div><h4>Contact <\/h4><div class=\"link-tienda\"><strong><a href=\"https:\/\/www.visitgastroh.com\/fr\/store\/eurostars-marques-de-vallejo\/\">+ Info<\/a><\/strong><\/div><\/div><\/div><div class=\"store-locator-col-sm-4\"><div class=\"wordpress-store-locator-list-item\"><div class=\"img-listado\"><a href=\"https:\/\/www.visitgastroh.com\/fr\/store\/ferme-des-arandinos\/\"><img loading=\"lazy\" decoding=\"async\" width=\"300\" height=\"200\" src=\"https:\/\/www.visitgastroh.com\/wp-content\/uploads\/2022\/03\/EXT-SPA-Y-VINEDOS-300x200.jpg\" class=\"attachment-medium size-medium wp-post-image\" alt=\"\" srcset=\"https:\/\/www.visitgastroh.com\/wp-content\/uploads\/2022\/03\/EXT-SPA-Y-VINEDOS-300x200.jpg 300w, https:\/\/www.visitgastroh.com\/wp-content\/uploads\/2022\/03\/EXT-SPA-Y-VINEDOS-1024x683.jpg 1024w, https:\/\/www.visitgastroh.com\/wp-content\/uploads\/2022\/03\/EXT-SPA-Y-VINEDOS-768x512.jpg 768w, https:\/\/www.visitgastroh.com\/wp-content\/uploads\/2022\/03\/EXT-SPA-Y-VINEDOS-1536x1024.jpg 1536w, https:\/\/www.visitgastroh.com\/wp-content\/uploads\/2022\/03\/EXT-SPA-Y-VINEDOS-2048x1365.jpg 2048w, https:\/\/www.visitgastroh.com\/wp-content\/uploads\/2022\/03\/EXT-SPA-Y-VINEDOS-900x600.jpg 900w\" sizes=\"auto, (max-width: 300px) 100vw, 300px\" \/><\/a><\/div><div class=\"contenido-listado\"><a href=\"https:\/\/www.visitgastroh.com\/fr\/store\/ferme-des-arandinos\/\"><div class=\"ficha-defecto\">\n<h2>FINCA DE LOS ARANDINOS Hotel Cave<\/h2>\n<h3>(FORMER)<\/h3>\n&nbsp;\n\n<strong>Finca de los Arandinos<\/strong> est un <strong>projet unique \u00e0 La Rioja<\/strong> . C'est le premier <strong>h\u00f4tel quatre \u00e9toiles<\/strong> de la r\u00e9gion avec un <strong>spa<\/strong> et un <strong>restaurant<\/strong> int\u00e9gr\u00e9s <strong>dans un domaine viticole<\/strong> . Un espace suggestif et inspirant <strong>au design int\u00e9rieur sign\u00e9 David Delf\u00edn<\/strong> et entour\u00e9 de vignes, d'oliviers, de vergers et de montagnes.\n\nest <strong>centre touristique, \u0153nologique et gastronomique<\/strong> , qui tr\u00f4ne au sommet d'un domaine de 6 hectares, vous invite \u00e0 profiter de la beaut\u00e9 du paysage qui s'infiltre \u00e0 travers les fen\u00eatres du b\u00e2timent sous forme de tapisseries naturelles. Une architecture qui signe le Riojan <strong>Javier Arizcuren,<\/strong> o\u00f9 des mat\u00e9riaux tels que le b\u00e9ton, le verre et le bois dessinent des lignes droites qui transmettent le calme et contrastent avec le paysage exub\u00e9rant des environs.\n\nDans la <strong>cave<\/strong> Finca de los Arandinos , les raisins des vignobles familiaux sont \u00e9labor\u00e9s. Dans celui-ci, une technologie simple a \u00e9t\u00e9 utilis\u00e9e, qui de mani\u00e8re traditionnelle, permet la production de vins de haute qualit\u00e9, dans le plus grand respect du raisin.\n\nDans la cave, <strong>des visites guid\u00e9es<\/strong> sont organis\u00e9es avec une d\u00e9gustation de vin, o\u00f9 les vignerons accompagnent les visiteurs \u00e0 travers le monde passionnant de la culture du vin.\n\nL' <strong>h\u00f4tel<\/strong> Finca de los Arandinos dispose de <strong>14 chambres<\/strong> , dont quatre au-dessus du hangar \u00e0 barriques et d\u00e9cor\u00e9es par Javier Arizcuren.\n\nDe plus, <strong>David Delfin<\/strong> , en collaboration avec <strong>AKA Estudio<\/strong> , \u00e9tait en charge du design int\u00e9rieur des 10 autres et les d\u00e9finit comme <strong>des pi\u00e8ces transformables qui surprennent<\/strong> le visiteur avec un nouveau d\u00e9tail autant de fois qu'il les occupe.\n\nLe couturier de renom a \u00e9galement d\u00e9ploy\u00e9 son imagination dans diff\u00e9rents espaces tels que <strong>la r\u00e9ception, le belv\u00e9d\u00e8re<\/strong> ou le <strong>restaurant<\/strong> .\n\nDans notre restaurant Tierra, vous pourrez d\u00e9guster nos plats dans un endroit calme, dont le menu est compos\u00e9 de plats \u00e9labor\u00e9s avec <strong>des produits \u00abz\u00e9ro kilom\u00e8tre\u00bb<\/strong> , c'est-\u00e0-dire des producteurs \u00e0 moins de 100 kilom\u00e8tres qui consacrent leur vie \u00e0 tirer le meilleur parti de la Terre de Riojan. .\n\nIl convient \u00e9galement de mentionner un autre espace de l'h\u00f4tel, le <strong>spa au pied du vignoble<\/strong> . Un rinc\u00f3n con espectaculares vistas dedicado a la relajaci\u00f3n, donde el hu\u00e9sped puede disfrutar de sauna seca y h\u00fameda, ducha cicl\u00f3nica y con aromaterapia, pediluvio, piscinas con burbujas caliente y fr\u00eda, sala de masajes con vinoterapia y una terraza - solarium donde contemplar la paz de la nature.\n\nDans un espace attenant se trouve <strong>'La Viner\u00eda'<\/strong> , un <strong>b\u00e2timent multifonctionnel<\/strong> de deux \u00e9tages o\u00f9 vous pouvez organiser des <strong>pr\u00e9sentations d'entreprise<\/strong> avec restauration, <strong>des repas de groupe ou des amis<\/strong> qui se r\u00e9unissent pr\u00e8s de la chemin\u00e9e pour profiter du barbecue typique de Riojan avec des sarments de vigne.\n\n<\/div><\/a><\/div><h4>Contact <\/h4><div class=\"link-tienda\"><strong><a href=\"https:\/\/www.visitgastroh.com\/fr\/store\/ferme-des-arandinos\/\">+ Info<\/a><\/strong><\/div><\/div><\/div><div class=\"store-locator-col-sm-4\"><div class=\"wordpress-store-locator-list-item\"><div class=\"img-listado\"><a href=\"https:\/\/www.visitgastroh.com\/fr\/store\/hospederia-senorio-de-brinas\/\"><img loading=\"lazy\" decoding=\"async\" width=\"300\" height=\"195\" src=\"https:\/\/www.visitgastroh.com\/wp-content\/uploads\/2022\/02\/Fachada-09-300x195.jpg\" class=\"attachment-medium size-medium wp-post-image\" alt=\"\" srcset=\"https:\/\/www.visitgastroh.com\/wp-content\/uploads\/2022\/02\/Fachada-09-300x195.jpg 300w, https:\/\/www.visitgastroh.com\/wp-content\/uploads\/2022\/02\/Fachada-09-1024x667.jpg 1024w, https:\/\/www.visitgastroh.com\/wp-content\/uploads\/2022\/02\/Fachada-09-768x500.jpg 768w, https:\/\/www.visitgastroh.com\/wp-content\/uploads\/2022\/02\/Fachada-09-1536x1001.jpg 1536w, https:\/\/www.visitgastroh.com\/wp-content\/uploads\/2022\/02\/Fachada-09-2048x1334.jpg 2048w\" sizes=\"auto, (max-width: 300px) 100vw, 300px\" \/><\/a><\/div><div class=\"contenido-listado\"><a href=\"https:\/\/www.visitgastroh.com\/fr\/store\/hospederia-senorio-de-brinas\/\"><div class=\"ficha-defecto\">\n<h2>H\u00f4tel HOSPEDERIA SE\u00d1OR\u00cdO DE BRINAS<\/h2>\n<h3>(BRI\u00d1AS)<\/h3>\nL'h\u00f4tel Hospeder\u00eda Se\u00f1or\u00edo de Bri\u00f1as est un manoir du XVIIIe si\u00e8cle situ\u00e9 dans cette petite ville de La Rioja, adjacente \u00e0 la province d'\u00c1lava et au pass\u00e9 aristocratique. Pendant la guerre civile espagnole, il a \u00e9t\u00e9 donn\u00e9 l'utilisation prosa\u00efque du quartier g\u00e9n\u00e9ral des troupes italiennes, et abrite aujourd'hui un petit h\u00f4tel de charme qui pr\u00e9sente toute la noblesse et la splendeur de ses temps pass\u00e9s. Cet h\u00f4tel est con\u00e7u comme un lieu de rencontre entre l'art, la culture et la d\u00e9tente. Cet h\u00f4tel est sans aucun doute un point de d\u00e9part exceptionnel pour un voyage dans le monde du vin, \u00e0 seulement 3 km de Haro et de son quartier de la gare.\n\n&nbsp;\n\n<\/div><\/a><\/div><h4>Contact <\/h4><div class=\"link-tienda\"><strong><a href=\"https:\/\/www.visitgastroh.com\/fr\/store\/hospederia-senorio-de-brinas\/\">+ Info<\/a><\/strong><\/div><\/div><\/div><\/div><div class=\"store-locator-row\"><div class=\"store-locator-col-sm-4\"><div class=\"wordpress-store-locator-list-item\"><div class=\"img-listado\"><a href=\"https:\/\/www.visitgastroh.com\/fr\/store\/hostal-ciudad-de-najera\/\"><img loading=\"lazy\" decoding=\"async\" width=\"225\" height=\"300\" src=\"https:\/\/www.visitgastroh.com\/wp-content\/uploads\/2022\/02\/Fachada-1-1-225x300.jpg\" class=\"attachment-medium size-medium wp-post-image\" alt=\"\" srcset=\"https:\/\/www.visitgastroh.com\/wp-content\/uploads\/2022\/02\/Fachada-1-1-225x300.jpg 225w, https:\/\/www.visitgastroh.com\/wp-content\/uploads\/2022\/02\/Fachada-1-1-768x1024.jpg 768w, https:\/\/www.visitgastroh.com\/wp-content\/uploads\/2022\/02\/Fachada-1-1-1152x1536.jpg 1152w, https:\/\/www.visitgastroh.com\/wp-content\/uploads\/2022\/02\/Fachada-1-1-1536x2048.jpg 1536w, https:\/\/www.visitgastroh.com\/wp-content\/uploads\/2022\/02\/Fachada-1-1-rotated.jpg 1920w\" sizes=\"auto, (max-width: 225px) 100vw, 225px\" \/><\/a><\/div><div class=\"contenido-listado\"><a href=\"https:\/\/www.visitgastroh.com\/fr\/store\/hostal-ciudad-de-najera\/\"><div class=\"ficha-defecto\">\n<h2>CIUDAD DE N\u00c1JERA Auberge<\/h2>\n<h3>(NAJERA)<\/h3>\nUne auberge deux \u00e9toiles nouvellement construite a ouvert ses portes en 2004. Nous sommes situ\u00e9s de mani\u00e8re privil\u00e9gi\u00e9e dans la vieille ville de N\u00e1jera, au c\u0153ur du Camino de Santiago, sur la Route des Monast\u00e8res.\n\nNotre auberge dispose de 8 chambres, toutes avec air conditionn\u00e9, connexion internet Wi-Fi et t\u00e9l\u00e9vision. Il dispose \u00e9galement d'une chambre pour neuf personnes, ainsi que d'un garage pour motos et v\u00e9los.\n\nL'auberge est situ\u00e9e dans la vieille ville de N\u00e1jera. N\u00e1jera est situ\u00e9e dans la Rioja Alta, sur les rives de la rivi\u00e8re Najerilla, qui la traverse et la divise en deux parties. Les deux rives sont reli\u00e9es par une passerelle pi\u00e9tonne et un pont de pierre, successeur de celui construit par San Juan de Ortega au XIIe si\u00e8cle. Le monast\u00e8re de Santa Mar\u00eda la Real de N\u00e1jera est l'un des lieux les plus embl\u00e9matiques de La Rioja car, en plus de ses valeurs artistiques, il refl\u00e8te fid\u00e8lement l'importance historique de cette r\u00e9gion en tant que germe des royaumes espagnols \u00e0 l'\u00e9poque m\u00e9di\u00e9vale. des si\u00e8cles.\n\nLa Route des Monast\u00e8res autour de San Mill\u00e1n de la Cogolla ou Valvanera est une visite incontournable aux origines de l'espagnol et de l'euskera. Tout aussi indispensables sont les visites des ensembles monumentaux situ\u00e9s autour du Camino de Santiago, comme \u00e0 Ca\u00f1as, Santo Domingo de la Calzada ou N\u00e1jera m\u00eame.\n\n<\/div><\/a><\/div><h4>Contact <\/h4><div class=\"link-tienda\"><strong><a href=\"https:\/\/www.visitgastroh.com\/fr\/store\/hostal-ciudad-de-najera\/\">+ Info<\/a><\/strong><\/div><\/div><\/div><div class=\"store-locator-col-sm-4\"><div class=\"wordpress-store-locator-list-item\"><div class=\"img-listado\"><a href=\"https:\/\/www.visitgastroh.com\/fr\/store\/hostal-labranza\/\"><img loading=\"lazy\" decoding=\"async\" width=\"300\" height=\"122\" src=\"https:\/\/www.visitgastroh.com\/wp-content\/uploads\/2022\/03\/LOGO-2-300x122.jpg\" class=\"attachment-medium size-medium wp-post-image\" alt=\"\" srcset=\"https:\/\/www.visitgastroh.com\/wp-content\/uploads\/2022\/03\/LOGO-2-300x122.jpg 300w, https:\/\/www.visitgastroh.com\/wp-content\/uploads\/2022\/03\/LOGO-2.jpg 750w\" sizes=\"auto, (max-width: 300px) 100vw, 300px\" \/><\/a><\/div><div class=\"contenido-listado\"><a href=\"https:\/\/www.visitgastroh.com\/fr\/store\/hostal-labranza\/\"><div class=\"ficha-defecto\">\n<h2>LABRANZA Hostal<\/h2>\n<h3>(FUENMAYOR)<\/h3>\nPI\u00c8CES\n\nL'auberge de la ferme dispose de 8 chambres, 5 chambres avec un lit double et 3 avec un lit double, chacune d'elles appel\u00e9e par un nom diff\u00e9rent d\u00e9di\u00e9 aux termes des vignobles de la r\u00e9gion, ce sont des chambres tr\u00e8s simples et fonctionnelles, con\u00e7ues de mani\u00e8re \u00e0 que nos clients appr\u00e9cient \u00e0 la fois pour des raisons professionnelles ou de loisirs. Chambres tr\u00e8s simples mais d'un tr\u00e8s bon confort pour le repos, elles sont \u00e9quip\u00e9es d'une salle de bain compl\u00e8te, du chauffage avec contr\u00f4le de la temp\u00e9rature, de la climatisation et d'un bureau.\n\nnous\n\nBonjour, nous sommes Ana et Luis, nous avons d\u00e9marr\u00e9 cette activit\u00e9 en 2005.\n\nAvec plus de 16 ans d'exp\u00e9rience dans le secteur, nous mettons chaque jour tout notre travail et nos connaissances au service de nos clients.\n\nNotre grand amour pour La Rioja nous a fait d\u00e9marrer cette petite auberge familiale.\n\nNous guidons nos clients afin qu'ils soient le plus \u00e0 l'aise possible dans notre pays. Nous guidons et conseillons nos clients pour que leur s\u00e9jour soit le plus agr\u00e9able possible dans notre pays. Profitez de l'\u0153notourisme, de la gastronomie, de la culture et des paysages que vous offre notre terre, c'est pourquoi nous vous encourageons \u00e0 venir nous rendre visite \u00e0 la Villa de Fuenmayor.\n\nFUENMAYOR ET SES ENVIRONS\n\nUne ville situ\u00e9e au kilom\u00e8tre z\u00e9ro de la route des vins, d'o\u00f9 est n\u00e9e l'appellation d'origine du vin de la Rioja.\n\nUne ville qui, de ses habitants \u00e0 ses grands vins, en fait une ville tr\u00e8s accueillante, Fuenmayor est le point de d\u00e9part pour profiter de nos caves, de notre c\u00e9l\u00e8bre gastronomie, de quelques sentiers de randonn\u00e9e, de v\u00e9los, d'\u00e9quitation \u00e0 travers les vignes ou de ses promenades \u00e0 travers la ville en profitant de la culture de ses rues.\n\nFuenmayor est une ville enclav\u00e9e dans la r\u00e9gion de la route des vins puisque nous sommes situ\u00e9s en plein centre de la Rioja Alta, Logro\u00f1o sa capitale est \u00e0 9 kilom\u00e8tres, la Route des vins de la Rioja Alta et la Rioja Alavesa avec ses beaux paysages et villes , berceau du patrimoine castillan de l'humanit\u00e9 , tout cela depuis notre ville de Fuenmayor , vous pouvez le sentir et le vivre en venant nous rendre visite \u00e0 l'Hostal Labranza , allez-y et laissez-vous emporter par cette terre merveilleuse .\n\n<\/div><\/a><\/div><h4>Contact <\/h4><div class=\"link-tienda\"><strong><a href=\"https:\/\/www.visitgastroh.com\/fr\/store\/hostal-labranza\/\">+ Info<\/a><\/strong><\/div><\/div><\/div><div class=\"store-locator-col-sm-4\"><div class=\"wordpress-store-locator-list-item\"><div class=\"img-listado\"><a href=\"https:\/\/www.visitgastroh.com\/fr\/store\/hosteria-san-millan\/\"><img loading=\"lazy\" decoding=\"async\" width=\"300\" height=\"169\" src=\"https:\/\/www.visitgastroh.com\/wp-content\/uploads\/2022\/02\/SAM_2914-300x169.jpg\" class=\"attachment-medium size-medium wp-post-image\" alt=\"\" srcset=\"https:\/\/www.visitgastroh.com\/wp-content\/uploads\/2022\/02\/SAM_2914-300x169.jpg 300w, https:\/\/www.visitgastroh.com\/wp-content\/uploads\/2022\/02\/SAM_2914-1024x576.jpg 1024w, https:\/\/www.visitgastroh.com\/wp-content\/uploads\/2022\/02\/SAM_2914-768x432.jpg 768w, https:\/\/www.visitgastroh.com\/wp-content\/uploads\/2022\/02\/SAM_2914-1536x864.jpg 1536w, https:\/\/www.visitgastroh.com\/wp-content\/uploads\/2022\/02\/SAM_2914-2048x1152.jpg 2048w\" sizes=\"auto, (max-width: 300px) 100vw, 300px\" \/><\/a><\/div><div class=\"contenido-listado\"><a href=\"https:\/\/www.visitgastroh.com\/fr\/store\/hosteria-san-millan\/\"><div class=\"ficha-defecto\">\n<h2>HOSTERIA SAN MILLAN Hotel<\/h2>\n<h3>(SAN MILL\u00c1N DE LA COGOLLA)<\/h3>\n<div class=\"et_pb_module et_pb_text et_pb_text_1 et_pb_text_align_center et_pb_bg_layout_light\">\n<div class=\"et_pb_text_inner\">\n\nPLUS QU'UN H\u00d4TEL DE CHARME \u00c0 LA RIOJA, UNE EXP\u00c9RIENCE INOUBLIABLE\n\nS\u00e9journez entre ces murs charg\u00e9s d'histoire, un site du patrimoine mondial, berceau de la langue castillane, o\u00f9 les premiers mots \u00e9crits en castillan ont \u00e9t\u00e9 trouv\u00e9s \u00e0 San Mill\u00e1n de la Cogolla. Nos h\u00f4tes pourront profiter de sa tranquillit\u00e9, entour\u00e9e par la vall\u00e9e de San Mill\u00e1n, situ\u00e9e au c\u0153ur de La Rioja Alta, dans des installations qui maintiennent le charme d'une d\u00e9coration classique avec tout le confort.\n\n<\/div>\n<\/div>\n<\/div><\/a><\/div><h4>Contact <\/h4><div class=\"link-tienda\"><strong><a href=\"https:\/\/www.visitgastroh.com\/fr\/store\/hosteria-san-millan\/\">+ Info<\/a><\/strong><\/div><\/div><\/div><\/div><div class=\"store-locator-row\"><div class=\"store-locator-col-sm-4\"><div class=\"wordpress-store-locator-list-item\"><div class=\"img-listado\"><a href=\"https:\/\/www.visitgastroh.com\/fr\/store\/hotel-casa-grande\/\"><img loading=\"lazy\" decoding=\"async\" width=\"300\" height=\"225\" src=\"https:\/\/www.visitgastroh.com\/wp-content\/uploads\/2022\/02\/IMG-20200611-WA0007-300x225.jpg\" class=\"attachment-medium size-medium wp-post-image\" alt=\"\" srcset=\"https:\/\/www.visitgastroh.com\/wp-content\/uploads\/2022\/02\/IMG-20200611-WA0007-300x225.jpg 300w, https:\/\/www.visitgastroh.com\/wp-content\/uploads\/2022\/02\/IMG-20200611-WA0007-768x576.jpg 768w, https:\/\/www.visitgastroh.com\/wp-content\/uploads\/2022\/02\/IMG-20200611-WA0007.jpg 1024w\" sizes=\"auto, (max-width: 300px) 100vw, 300px\" \/><\/a><\/div><div class=\"contenido-listado\"><a href=\"https:\/\/www.visitgastroh.com\/fr\/store\/hotel-casa-grande\/\"><div class=\"ficha-defecto\">\n<h2>GRANDE MAISON H\u00f4tel ****<\/h2>\n<h3>(GROUGE)<\/h3>\nBoutique H\u00f4tel 4 \u00e9toiles, con\u00e7u par Frencesc Rif\u00e9, nous avons 11 chambres et un restaurant.\n\nNous sommes devant la place de l'\u00e9glise, la plus ancienne de Gra\u00f1\u00f3n, une municipalit\u00e9 de La Rioja avec une longue histoire, o\u00f9 toutes sortes d'\u00e9v\u00e9nements culturels, r\u00e9cr\u00e9atifs et gastronomiques sont organis\u00e9s tout au long de l'ann\u00e9e.\n\nL'espace veut offrir un <b>environnement relaxant, contemporain et central<\/b> , dans lequel la vie quotidienne de la ville, les mille et une activit\u00e9s \u00e0 faire dans l'environnement naturel qui nous entoure et la \"touche personnelle\" des propri\u00e9taires, M\u00f3nica et Ra\u00fal, rendront la visite \u00e0 <strong>LA GRANDE MAISON<\/strong> est toujours un<b> exp\u00e9rience personnelle enrichissante.<\/b>\n\n<\/div><\/a><\/div><h4>Contact <\/h4><div class=\"link-tienda\"><strong><a href=\"https:\/\/www.visitgastroh.com\/fr\/store\/hotel-casa-grande\/\">+ Info<\/a><\/strong><\/div><\/div><\/div><div class=\"store-locator-col-sm-4\"><div class=\"wordpress-store-locator-list-item\"><div class=\"img-listado\"><a href=\"https:\/\/www.visitgastroh.com\/fr\/store\/hotel-condes-de-haro\/\"><img loading=\"lazy\" decoding=\"async\" width=\"300\" height=\"199\" src=\"https:\/\/www.visitgastroh.com\/wp-content\/uploads\/2022\/02\/11-con-panel-300x199.jpg\" class=\"attachment-medium size-medium wp-post-image\" alt=\"\" srcset=\"https:\/\/www.visitgastroh.com\/wp-content\/uploads\/2022\/02\/11-con-panel-300x199.jpg 300w, https:\/\/www.visitgastroh.com\/wp-content\/uploads\/2022\/02\/11-con-panel-1024x680.jpg 1024w, https:\/\/www.visitgastroh.com\/wp-content\/uploads\/2022\/02\/11-con-panel-768x510.jpg 768w, https:\/\/www.visitgastroh.com\/wp-content\/uploads\/2022\/02\/11-con-panel-1536x1020.jpg 1536w, https:\/\/www.visitgastroh.com\/wp-content\/uploads\/2022\/02\/11-con-panel-900x600.jpg 900w, https:\/\/www.visitgastroh.com\/wp-content\/uploads\/2022\/02\/11-con-panel.jpg 2000w\" sizes=\"auto, (max-width: 300px) 100vw, 300px\" \/><\/a><\/div><div class=\"contenido-listado\"><a href=\"https:\/\/www.visitgastroh.com\/fr\/store\/hotel-condes-de-haro\/\"><div class=\"ficha-defecto\">\n<h2>COMTES DE HARO H\u00f4tel<\/h2>\n<h3>(LOGRONO)<\/h3>\nH\u00f4tel de construction moderne, situ\u00e9 dans le centre de Logro\u00f1o, \u00e0 quelques m\u00e8tres des zones de loisirs et d'affaires de la ville.\n\nIl dispose de 44 chambres enti\u00e8rement \u00e9quip\u00e9es, d'une connexion Wi-Fi gratuite dans toutes les installations.\n\nL'h\u00f4tel propose des services de chambre d'h\u00f4tes et dispose d'un garage dans le m\u00eame b\u00e2timent.\n\n<\/div><\/a><\/div><h4>Contact <\/h4><div class=\"link-tienda\"><strong><a href=\"https:\/\/www.visitgastroh.com\/fr\/store\/hotel-condes-de-haro\/\">+ Info<\/a><\/strong><\/div><\/div><\/div><div class=\"store-locator-col-sm-4\"><div class=\"wordpress-store-locator-list-item\"><div class=\"img-listado\"><a href=\"https:\/\/www.visitgastroh.com\/fr\/store\/hotel-echaurren\/\"><img loading=\"lazy\" decoding=\"async\" width=\"300\" height=\"157\" src=\"https:\/\/www.visitgastroh.com\/wp-content\/uploads\/2022\/04\/hotel-echaurren-fachada-300x157.jpg\" class=\"attachment-medium size-medium wp-post-image\" alt=\"\" srcset=\"https:\/\/www.visitgastroh.com\/wp-content\/uploads\/2022\/04\/hotel-echaurren-fachada-300x157.jpg 300w, https:\/\/www.visitgastroh.com\/wp-content\/uploads\/2022\/04\/hotel-echaurren-fachada-1024x534.jpg 1024w, https:\/\/www.visitgastroh.com\/wp-content\/uploads\/2022\/04\/hotel-echaurren-fachada-768x401.jpg 768w, https:\/\/www.visitgastroh.com\/wp-content\/uploads\/2022\/04\/hotel-echaurren-fachada-1536x802.jpg 1536w, https:\/\/www.visitgastroh.com\/wp-content\/uploads\/2022\/04\/hotel-echaurren-fachada-2048x1069.jpg 2048w\" sizes=\"auto, (max-width: 300px) 100vw, 300px\" \/><\/a><\/div><div class=\"contenido-listado\"><a href=\"https:\/\/www.visitgastroh.com\/fr\/store\/hotel-echaurren\/\"><div class=\"ficha-defecto\">\n<h2>Hotel Echaurren Relais &amp; Ch\u00e2teaux<\/h2>\n<h3>(Ezcaray)<\/h3>\nUne maison centenaire enti\u00e8rement r\u00e9habilit\u00e9e par le studio d'architecture Picado de Blas \u00e0 Madrid, qui a su transformer cet ancien relais de poste en un bel h\u00f4tel cosy rattach\u00e9 au club de qualit\u00e9 Relais &amp; Ch\u00e2teaux. Les architectes ont su faire une interpr\u00e9tation contemporaine et respectueuse de toute l'histoire que la maison et son environnement privil\u00e9gi\u00e9 ch\u00e9rissaient.\n\nLa r\u00e9habilitation est pleine de clins d'\u0153il actuels et modernes, \u00e0 tout l'h\u00e9ritage re\u00e7u \u00e0 travers les mat\u00e9riaux, les tissus, les meubles et les espaces ouverts sur l'ext\u00e9rieur, \u00e0 la belle place qui abrite l'imposante \u00e9glise-forteresse gothique d'Ezcaray, construite entre les XIIe et XIVe si\u00e8cles. .\n\n<\/div><\/a><\/div><h4>Contact <\/h4><div class=\"link-tienda\"><strong><a href=\"https:\/\/www.visitgastroh.com\/fr\/store\/hotel-echaurren\/\">+ Info<\/a><\/strong><\/div><\/div><\/div><\/div><div class=\"store-locator-row\"><div class=\"store-locator-col-sm-4\"><div class=\"wordpress-store-locator-list-item\"><div class=\"img-listado\"><a href=\"https:\/\/www.visitgastroh.com\/fr\/store\/hotel-fg-logrono\/\"><img loading=\"lazy\" decoding=\"async\" width=\"300\" height=\"200\" src=\"https:\/\/www.visitgastroh.com\/wp-content\/uploads\/2022\/02\/IMG_4454-300x200.jpg\" class=\"attachment-medium size-medium wp-post-image\" alt=\"\" srcset=\"https:\/\/www.visitgastroh.com\/wp-content\/uploads\/2022\/02\/IMG_4454-300x200.jpg 300w, https:\/\/www.visitgastroh.com\/wp-content\/uploads\/2022\/02\/IMG_4454-1024x683.jpg 1024w, https:\/\/www.visitgastroh.com\/wp-content\/uploads\/2022\/02\/IMG_4454-768x512.jpg 768w, https:\/\/www.visitgastroh.com\/wp-content\/uploads\/2022\/02\/IMG_4454-1536x1024.jpg 1536w, https:\/\/www.visitgastroh.com\/wp-content\/uploads\/2022\/02\/IMG_4454-2048x1365.jpg 2048w, https:\/\/www.visitgastroh.com\/wp-content\/uploads\/2022\/02\/IMG_4454-900x600.jpg 900w\" sizes=\"auto, (max-width: 300px) 100vw, 300px\" \/><\/a><\/div><div class=\"contenido-listado\"><a href=\"https:\/\/www.visitgastroh.com\/fr\/store\/hotel-fg-logrono\/\"><div class=\"ficha-defecto\">\n<h2>H\u00f4tel FG LOGRO\u00d1O<\/h2>\n<h3>(LOGRONO)<\/h3>\nSitu\u00e9 dans le centre historique de la ville, dans l'une de ses entr\u00e9es principales, El Puente de Piedra. Ses chambres offrent au client une vue magnifique sur l'\u00c8bre et ses magnifiques environs. Il est situ\u00e9 \u00e0 quelques minutes \u00e0 pied de la vieille ville de la typique Calle Laurel, o\u00f9 vous pourrez d\u00e9guster des tapas exquises et des vins renomm\u00e9s de la r\u00e9gion DO Rioja.\n\nSon int\u00e9rieur offre une atmosph\u00e8re exclusive, o\u00f9 il a \u00e9t\u00e9 possible de combiner en parfaite harmonie, la d\u00e9coration la plus raffin\u00e9e, gr\u00e2ce \u00e0 l'int\u00e9gration d'une arcade du XVIe si\u00e8cle, anciens num\u00e9ros impairs de la rue, avec les \u00e9quipements les plus modernes : ascenseurs panoramiques, bois nobles et la lumi\u00e8re naturelle \u00e0 travers la verri\u00e8re de tout le b\u00e2timent.\n\nIl dispose d'un espace d\u00e9tente, pour les clients en s\u00e9jour, \u00e9quip\u00e9 d'un sauna, d'un jacuzzi et d'une salle de sport. L'h\u00f4tel propose \u00e9galement un espace affaires gratuit et une connexion Wi-Fi gratuite dans tout l'h\u00f4tel.\n\nSalles de r\u00e9union, parking surveill\u00e9 payant et parking ext\u00e9rieur.\n\nL'offre est compl\u00e9t\u00e9e par un restaurant o\u00f9 vous pourrez d\u00e9guster des plats typiques de la r\u00e9gion ainsi que des vins DOC Rioja, ou la plus large gamme de pinchos \u00e0 la caf\u00e9t\u00e9ria.\n\n&nbsp;\n\n<\/div><\/a><\/div><h4>Contact <\/h4><div class=\"link-tienda\"><strong><a href=\"https:\/\/www.visitgastroh.com\/fr\/store\/hotel-fg-logrono\/\">+ Info<\/a><\/strong><\/div><\/div><\/div><div class=\"store-locator-col-sm-4\"><div class=\"wordpress-store-locator-list-item\"><div class=\"img-listado\"><a href=\"https:\/\/www.visitgastroh.com\/fr\/store\/hotel-gran-via\/\"><img loading=\"lazy\" decoding=\"async\" width=\"300\" height=\"224\" src=\"https:\/\/www.visitgastroh.com\/wp-content\/uploads\/2022\/02\/IMG_20180130_215600_914-002-300x224.jpg\" class=\"attachment-medium size-medium wp-post-image\" alt=\"\" srcset=\"https:\/\/www.visitgastroh.com\/wp-content\/uploads\/2022\/02\/IMG_20180130_215600_914-002-300x224.jpg 300w, https:\/\/www.visitgastroh.com\/wp-content\/uploads\/2022\/02\/IMG_20180130_215600_914-002-1024x766.jpg 1024w, https:\/\/www.visitgastroh.com\/wp-content\/uploads\/2022\/02\/IMG_20180130_215600_914-002-768x574.jpg 768w, https:\/\/www.visitgastroh.com\/wp-content\/uploads\/2022\/02\/IMG_20180130_215600_914-002-1536x1149.jpg 1536w, https:\/\/www.visitgastroh.com\/wp-content\/uploads\/2022\/02\/IMG_20180130_215600_914-002-2048x1532.jpg 2048w\" sizes=\"auto, (max-width: 300px) 100vw, 300px\" \/><\/a><\/div><div class=\"contenido-listado\"><a href=\"https:\/\/www.visitgastroh.com\/fr\/store\/hotel-gran-via\/\"><div class=\"ficha-defecto\">\n<h2>GRAN VIA **** Hotel<\/h2>\n<h3>(LOGRONO)<\/h3>\nL'H\u00d4TEL GRAN VIA LOGRO\u00d1O **** est situ\u00e9 dans la rue principale de la ville, en passant par le Camino de Santiago \u00e0 travers Tierras Riojanas, \u00e0 proximit\u00e9 du centre historique et \u00e9conomique et \u00e0 seulement 3 minutes de la Calle Laurel - Senda de los Elefantes\n\nNous disposons de 91 chambres r\u00e9am\u00e9nag\u00e9es et r\u00e9nov\u00e9es au style moderne, \u00e9l\u00e9gant et cosy, \u00e9quip\u00e9es de tout le confort de nos jours, Chambres Standard, Chambres Adapt\u00e9es, Chambres Familiales pour 4 et 5 personnes et Chambres Ex\u00e9cutives, avec Coffre-fort, Minibar et WIFI gratuit\n\nLes installations sont compl\u00e9t\u00e9es par la salle San Mill\u00e1n pour bien commencer la journ\u00e9e avec notre petit-d\u00e9jeuner buffet, les salles Cameros I, II et III, modulables entre elles pour tout \u00e9v\u00e9nement, notre Lobby Bar pour ce temps d'attente, Room Service, Professional Outdoor Gym libre \u00e0 1' et garage priv\u00e9 dans l'immeuble m\u00eame avec acc\u00e8s direct aux chambres\n\n&nbsp;\n\n<\/div><\/a><\/div><h4>Contact <\/h4><div class=\"link-tienda\"><strong><a href=\"https:\/\/www.visitgastroh.com\/fr\/store\/hotel-gran-via\/\">+ Info<\/a><\/strong><\/div><\/div><\/div><div class=\"store-locator-col-sm-4\"><div class=\"wordpress-store-locator-list-item\"><div class=\"img-listado\"><a href=\"https:\/\/www.visitgastroh.com\/fr\/store\/hotel-ibis-styles-arnedo-la-rioja\/\"><img loading=\"lazy\" decoding=\"async\" width=\"300\" height=\"213\" src=\"https:\/\/www.visitgastroh.com\/wp-content\/uploads\/2022\/02\/Hotel-tematico-del-calzado-cama-300x213.jpg\" class=\"attachment-medium size-medium wp-post-image\" alt=\"\" srcset=\"https:\/\/www.visitgastroh.com\/wp-content\/uploads\/2022\/02\/Hotel-tematico-del-calzado-cama-300x213.jpg 300w, https:\/\/www.visitgastroh.com\/wp-content\/uploads\/2022\/02\/Hotel-tematico-del-calzado-cama-1024x726.jpg 1024w, https:\/\/www.visitgastroh.com\/wp-content\/uploads\/2022\/02\/Hotel-tematico-del-calzado-cama-768x545.jpg 768w, https:\/\/www.visitgastroh.com\/wp-content\/uploads\/2022\/02\/Hotel-tematico-del-calzado-cama.jpg 1110w\" sizes=\"auto, (max-width: 300px) 100vw, 300px\" \/><\/a><\/div><div class=\"contenido-listado\"><a href=\"https:\/\/www.visitgastroh.com\/fr\/store\/hotel-ibis-styles-arnedo-la-rioja\/\"><div class=\"ficha-defecto\">\n<h2>H\u00f4tel - Restaurant IBIS STYLES<\/h2>\n<h3>(ARN\u00c9DO)<\/h3>\nNous sommes toujours les m\u00eames : l'h\u00f4tel Victoria. Ceux d'entre nous qui pendant des d\u00e9cennies ont \u00e9t\u00e9 au service d'Arnedanos et ceux qui nous visitent. Au Victoria, nous avons rejoint la multinationale h\u00f4teli\u00e8re Accor, Ibis Styles, pour nous renforcer et vous offrir les meilleurs services, en plus de promouvoir le nom d'Arnedo (City of Footwear) hors de nos fronti\u00e8res.\n\nNous sommes un h\u00f4tel color\u00e9, lumineux et \u00e9nergique, \u00e9tant le \"Footwear Theme Hotel\". Nous diff\u00e9rencions le traitement personnalis\u00e9 et notre grande vari\u00e9t\u00e9 de services.\n\nNous misons sur la gastronomie de notre r\u00e9gion et sur des produits frais et de qualit\u00e9, c'est pourquoi nous disposons de plusieurs espaces gastronomiques o\u00f9 vous pourrez d\u00e9guster les saveurs du territoire : restaurant Victoria, le Gastrobar, l'Azotea,...\n\nNous voulons vous offrir le logement id\u00e9al pour profiter de votre s\u00e9jour \u00e0 La Rioja. Nous nous connaissons? \"\n\n<\/div><\/a><\/div><h4>Contact <\/h4><div class=\"link-tienda\"><strong><a href=\"https:\/\/www.visitgastroh.com\/fr\/store\/hotel-ibis-styles-arnedo-la-rioja\/\">+ Info<\/a><\/strong><\/div><\/div><\/div><\/div><div class=\"store-locator-row\"><div class=\"store-locator-col-sm-4\"><div class=\"wordpress-store-locator-list-item\"><div class=\"img-listado\"><a href=\"https:\/\/www.visitgastroh.com\/fr\/store\/hotel-nh-herencia-rioja\/\"><img loading=\"lazy\" decoding=\"async\" width=\"300\" height=\"191\" src=\"https:\/\/www.visitgastroh.com\/wp-content\/uploads\/2022\/02\/RSPNS_NH_herencia-rioja_187_big1-300x191.jpg\" class=\"attachment-medium size-medium wp-post-image\" alt=\"\" srcset=\"https:\/\/www.visitgastroh.com\/wp-content\/uploads\/2022\/02\/RSPNS_NH_herencia-rioja_187_big1-300x191.jpg 300w, https:\/\/www.visitgastroh.com\/wp-content\/uploads\/2022\/02\/RSPNS_NH_herencia-rioja_187_big1.jpg 330w\" sizes=\"auto, (max-width: 300px) 100vw, 300px\" \/><\/a><\/div><div class=\"contenido-listado\"><a href=\"https:\/\/www.visitgastroh.com\/fr\/store\/hotel-nh-herencia-rioja\/\"><div class=\"ficha-defecto\">\n<h2>H\u00f4tel-Restaurant NH HERENCIA RIOJA<\/h2>\n<h3>(LOGRO\u00d1O)<\/h3>\nL'h\u00f4tel <strong>NH Logro\u00f1o Herencia Rioja<\/strong> est situ\u00e9 au c\u0153ur de Logro\u00f1o, \u00e0 moins de 5 minutes \u00e0 pied de la vieille ville, du quartier commer\u00e7ant et du quartier El Laurel, qui abrite des bars \u00e0 vin et \u00e0 tapas traditionnels. Il a \u00e9t\u00e9 r\u00e9nov\u00e9 en 2019 et est \u00e9galement situ\u00e9 pr\u00e8s de la fontaine Murrieta, l'un des sites touristiques les plus embl\u00e9matiques de la ville.\n\nEmplacement central \u00e0 proximit\u00e9 de la vieille ville \u2022 \u00e0 quelques pas des boutiques, des bars \u00e0 tapas et des bars \u00e0 vin \u2022 \u00e0 proximit\u00e9 de la fontaine Murrieta\n\nL'h\u00f4tel dispose de 83 chambres spacieuses. Elles sont toutes lumineuses et modernes, avec une d\u00e9coration sophistiqu\u00e9e et moderne. Ils disposent d'une t\u00e9l\u00e9vision \u00e0 \u00e9cran plat et d'une connexion Wi-Fi gratuite. Les deux suites comprennent un grand et confortable salon.\n\nChambres modernes et spacieuses baign\u00e9es de lumi\u00e8re naturelle \u2022 Wi-Fi gratuit \u2022 deux suites de luxe\n\nLe restaurant Brasserie Zarcillo est un endroit fantastique pour go\u00fbter la cuisine de la r\u00e9gion, sans oublier les vins fruit\u00e9s de la Rioja, dans un environnement fonctionnel et moderne, qui exalte la r\u00e9gion o\u00f9 il se trouve. Nous avons un bar confortable dans le hall, une chemin\u00e9e devant laquelle vous pourrez vous d\u00e9tendre et un espace de coworking si vous \u00eates ici pour affaires. Parking priv\u00e9 disponible devant l'h\u00f4tel.\n\nRestaurant servant des plats et des vins typiques de La Rioja \u2022 bar du hall \u2022 parking priv\u00e9 \u2022 si vous pr\u00e9voyez de rester avec nous le week-end, r\u00e9servez directement sur nh-hotels.es, inscrivez-vous \u00e0 NH Rewards et profitez des \"dimanche paresseux\" offre qui inclut le d\u00e9part tardif gratuit le dimanche (jusqu'\u00e0 15h00).\n\n<\/div>\n&nbsp;\n\n&nbsp;<\/a><\/div><h4>Contact <\/h4><div class=\"link-tienda\"><strong><a href=\"https:\/\/www.visitgastroh.com\/fr\/store\/hotel-nh-herencia-rioja\/\">+ Info<\/a><\/strong><\/div><\/div><\/div><div class=\"store-locator-col-sm-4\"><div class=\"wordpress-store-locator-list-item\"><div class=\"img-listado\"><a href=\"https:\/\/www.visitgastroh.com\/fr\/store\/palacio-azcarate-hotel-appartements-restaurant\/\"><img loading=\"lazy\" decoding=\"async\" width=\"300\" height=\"242\" src=\"https:\/\/www.visitgastroh.com\/wp-content\/uploads\/2022\/03\/PA-05-300x242.jpg\" class=\"attachment-medium size-medium wp-post-image\" alt=\"\" srcset=\"https:\/\/www.visitgastroh.com\/wp-content\/uploads\/2022\/03\/PA-05-300x242.jpg 300w, https:\/\/www.visitgastroh.com\/wp-content\/uploads\/2022\/03\/PA-05.jpg 636w\" sizes=\"auto, (max-width: 300px) 100vw, 300px\" \/><\/a><\/div><div class=\"contenido-listado\"><a href=\"https:\/\/www.visitgastroh.com\/fr\/store\/palacio-azcarate-hotel-appartements-restaurant\/\"><div class=\"ficha-defecto\">\n<h2>H\u00f4tel PALACIO AZCARATE<\/h2>\n<h3>(EZCARAY)<\/h3>\nMaison de ma\u00eetre de charme situ\u00e9e dans une maison de ma\u00eetre r\u00e9habilit\u00e9e et prot\u00e9g\u00e9e par le patrimoine.\n\nDans sa d\u00e9coration, la chaleur des bois nobles, les grandes fen\u00eatres et les points de vue qui cr\u00e9ent des s\u00e9jours agr\u00e9ables dans les salles \u00e0 manger, les salons et les zones nobles se distinguent.\n\nSituado en el centro del municipio de Ezcaray, Primera Villa Tur\u00edstica de la Rioja, est\u00e1 en un lujar clave: las maravillosas vistas de la iglesia Santa Mar\u00eda la Mayor, a pie del centro de bares ya su vez en una zona de calma y tranquilidad para la pause.\n\nDe grands jardins situ\u00e9s \u00e0 ses extr\u00e9mit\u00e9s offrent un service de caf\u00e9t\u00e9ria, des repas et des c\u00e9l\u00e9brations de mariages et d'\u00e9v\u00e9nements.\n\nRestaurant int\u00e9rieur pour le service quotidien et les grandes r\u00e9unions.\n\n20 chambres, suite, chambres familiales et appartements constituent la large gamme d'h\u00e9bergements pour r\u00e9pondre aux besoins des couples, des enfants ou des groupes.\n\n&nbsp;\n\n<\/div><\/a><\/div><h4>Contact <\/h4><div class=\"link-tienda\"><strong><a href=\"https:\/\/www.visitgastroh.com\/fr\/store\/palacio-azcarate-hotel-appartements-restaurant\/\">+ Info<\/a><\/strong><\/div><\/div><\/div><div class=\"store-locator-col-sm-4\"><div class=\"wordpress-store-locator-list-item\"><div class=\"img-listado\"><a href=\"https:\/\/www.visitgastroh.com\/fr\/store\/hotel-palacios-rioja\/\"><img loading=\"lazy\" decoding=\"async\" width=\"300\" height=\"200\" src=\"https:\/\/www.visitgastroh.com\/wp-content\/uploads\/2022\/03\/29_HotelPalacios_Exterior-300x200.jpg\" class=\"attachment-medium size-medium wp-post-image\" alt=\"\" srcset=\"https:\/\/www.visitgastroh.com\/wp-content\/uploads\/2022\/03\/29_HotelPalacios_Exterior-300x200.jpg 300w, https:\/\/www.visitgastroh.com\/wp-content\/uploads\/2022\/03\/29_HotelPalacios_Exterior-1024x683.jpg 1024w, https:\/\/www.visitgastroh.com\/wp-content\/uploads\/2022\/03\/29_HotelPalacios_Exterior-768x512.jpg 768w, https:\/\/www.visitgastroh.com\/wp-content\/uploads\/2022\/03\/29_HotelPalacios_Exterior-900x600.jpg 900w, https:\/\/www.visitgastroh.com\/wp-content\/uploads\/2022\/03\/29_HotelPalacios_Exterior.jpg 1500w\" sizes=\"auto, (max-width: 300px) 100vw, 300px\" \/><\/a><\/div><div class=\"contenido-listado\"><a href=\"https:\/\/www.visitgastroh.com\/fr\/store\/hotel-palacios-rioja\/\"><div class=\"ficha-defecto\">\n<h2>HOTEL PALACIOS RIOJA H\u00f4tel<\/h2>\n<strong>(ALFARO)<\/strong>\n<h2><\/h2>\nL'h\u00f4tel Palacios Rioja est situ\u00e9 \u00e0 Alfaro, \u00e0 c\u00f4t\u00e9 de l'autoroute AP-68, \u00e0 proximit\u00e9 de Senda Viva, du parc \u00e0 th\u00e8me pour enfants et du parc naturel des Bardenas Reales. Il dispose de 63 chambres ext\u00e9rieures spacieuses et confortables \u00e9quip\u00e9es de connexion Wi-Fi gratuite, climatisation et chauffage individuels, TV et t\u00e9l\u00e9phone direct.\n\nNich\u00e9 dans la Route Orientale des Vins de La Rioja, il propose des visites des caves qui l'entourent et fournit des informations sur les diff\u00e9rentes ressources touristiques de cette r\u00e9gion de La Rioja: Sotos del Ebro, point de vue des cigognes, promenade parmi les vignes, promenade \u00e0 cheval, centres thermaux, etc.\n\nSi vous venez avec des enfants, vous voudrez visiter le Barranco Perdido ou Tierra Rapaz, ainsi que la grotte des 100 piliers \u00e0 Arnedo.\n\nIl est \u00e9galement possible d'organiser des \u00e9v\u00e9nements et des r\u00e9unions dans les salles, il y a diff\u00e9rentes capacit\u00e9s, et vous pouvez les accompagner de pauses caf\u00e9, d'un ap\u00e9ritif ou de ce qui vous convient le mieux.\n\nDe plus, l'h\u00f4tel dispose d'un parking gratuit pour tous ses clients.\n\nLes animaux domestiques sont admis dans certains types de chambres moyennant un petit suppl\u00e9ment. V\u00e9rifiez toujours la disponibilit\u00e9.\n\nL'h\u00f4tel est ouvert 24h\/24. Il est toujours conseill\u00e9 d'appeler pour r\u00e9server une chambre.\n\n<\/div><\/a><\/div><h4>Contact <\/h4><div class=\"link-tienda\"><strong><a href=\"https:\/\/www.visitgastroh.com\/fr\/store\/hotel-palacios-rioja\/\">+ Info<\/a><\/strong><\/div><\/div><\/div><\/div><div class=\"store-locator-row\"><div class=\"store-locator-col-sm-4\"><div class=\"wordpress-store-locator-list-item\"><div class=\"img-listado\"><a href=\"https:\/\/www.visitgastroh.com\/fr\/store\/hotel-posada-de-sajazarra\/\"><img loading=\"lazy\" decoding=\"async\" width=\"300\" height=\"200\" src=\"https:\/\/www.visitgastroh.com\/wp-content\/uploads\/2022\/02\/05LaSuite-300x200.jpg\" class=\"attachment-medium size-medium wp-post-image\" alt=\"\" srcset=\"https:\/\/www.visitgastroh.com\/wp-content\/uploads\/2022\/02\/05LaSuite-300x200.jpg 300w, https:\/\/www.visitgastroh.com\/wp-content\/uploads\/2022\/02\/05LaSuite-1024x683.jpg 1024w, https:\/\/www.visitgastroh.com\/wp-content\/uploads\/2022\/02\/05LaSuite-768x512.jpg 768w, https:\/\/www.visitgastroh.com\/wp-content\/uploads\/2022\/02\/05LaSuite-1536x1024.jpg 1536w, https:\/\/www.visitgastroh.com\/wp-content\/uploads\/2022\/02\/05LaSuite-2048x1365.jpg 2048w, https:\/\/www.visitgastroh.com\/wp-content\/uploads\/2022\/02\/05LaSuite-900x600.jpg 900w\" sizes=\"auto, (max-width: 300px) 100vw, 300px\" \/><\/a><\/div><div class=\"contenido-listado\"><a href=\"https:\/\/www.visitgastroh.com\/fr\/store\/hotel-posada-de-sajazarra\/\"><div class=\"ficha-defecto\">\n<h2>H\u00d4TEL POSADA DE SAJAZARRA H\u00f4tel<\/h2>\n<h3>(SAJAZARRA)<\/h3>\nL'Hotel Boutique Posada de Sajazarra est un ancien manoir du XIXe si\u00e8cle, qui servait autrefois d'auberge. Elle a \u00e9t\u00e9 restaur\u00e9e en pr\u00e9servant au maximum l'esth\u00e9tique d'origine de la maison, avec ses murs en pierre, ses mangeoires, ses poutres en bois...\n\nIl dispose de neuf chambres doubles, toutes avec salle de bain priv\u00e9e, TV et Wi-Fi gratuit. La d\u00e9coration de chaque chambre est diff\u00e9rente, utilisant des meubles uniques, vintage, chin\u00e9s..., qui en font des chambres au charme bien particulier.\n\nIl dispose d'un patio int\u00e9rieur exclusif pour ses h\u00f4tes.\n\nSajazarra est une charmante ville de La Rioja, qui figure sur la liste officielle des \"Plus belles villes d'Espagne\". Il a un ch\u00e2teau m\u00e9di\u00e9val du 15\u00e8me si\u00e8cle. Nous sommes au c\u0153ur de la r\u00e9gion de la Rioja Alta, \u00e0 seulement 9 kilom\u00e8tres de Haro, capitale du vin de Rioja.\n\nDans cette r\u00e9gion, vous pouvez r\u00e9aliser diverses activit\u00e9s li\u00e9es au vin, telles que des visites de caves, des cours de d\u00e9gustation, un mus\u00e9e du vin... La r\u00e9gion est \u00e9galement riche en patrimoine culturel, visites de monast\u00e8res, route romane...\n\n<\/div><\/a><\/div><h4>Contact <\/h4><div class=\"link-tienda\"><strong><a href=\"https:\/\/www.visitgastroh.com\/fr\/store\/hotel-posada-de-sajazarra\/\">+ Info<\/a><\/strong><\/div><\/div><\/div><div class=\"store-locator-col-sm-4\"><div class=\"wordpress-store-locator-list-item\"><div class=\"img-listado\"><a href=\"https:\/\/www.visitgastroh.com\/fr\/store\/hotel-santa-maria-briones\/\"><img loading=\"lazy\" decoding=\"async\" width=\"300\" height=\"279\" src=\"https:\/\/www.visitgastroh.com\/wp-content\/uploads\/2022\/03\/SANTAMARIABRIONES-ARCHIVOSDEMARCA-LOGOTIPO_Positivo-300x279.jpg\" class=\"attachment-medium size-medium wp-post-image\" alt=\"\" srcset=\"https:\/\/www.visitgastroh.com\/wp-content\/uploads\/2022\/03\/SANTAMARIABRIONES-ARCHIVOSDEMARCA-LOGOTIPO_Positivo-300x279.jpg 300w, https:\/\/www.visitgastroh.com\/wp-content\/uploads\/2022\/03\/SANTAMARIABRIONES-ARCHIVOSDEMARCA-LOGOTIPO_Positivo-1024x953.jpg 1024w, https:\/\/www.visitgastroh.com\/wp-content\/uploads\/2022\/03\/SANTAMARIABRIONES-ARCHIVOSDEMARCA-LOGOTIPO_Positivo-768x715.jpg 768w, https:\/\/www.visitgastroh.com\/wp-content\/uploads\/2022\/03\/SANTAMARIABRIONES-ARCHIVOSDEMARCA-LOGOTIPO_Positivo.jpg 1530w\" sizes=\"auto, (max-width: 300px) 100vw, 300px\" \/><\/a><\/div><div class=\"contenido-listado\"><a href=\"https:\/\/www.visitgastroh.com\/fr\/store\/hotel-santa-maria-briones\/\"><div class=\"ficha-defecto\">\n<h2>H\u00f4tel SANTA MARIA BRIONES<\/h2>\n<strong>(BRIONS)<\/strong>\n<h2><\/h2>\nSanta Mar\u00eda Briones est un projet vital, un retour aux origines, une proposition authentique qui tourne autour du mode de vie de notre terre et de la culture du vin. Un h\u00f4tel-boutique sp\u00e9cialement con\u00e7u pour les adultes, abrit\u00e9 par un manoir civil du XVIe si\u00e8cle adjacent aux remparts de Torre\u00f3n et de Cuarenta de la ville m\u00e9di\u00e9vale de Briones.\n\nChambres avec vue sur les vignobles et l'\u00c8bre ou sur la muraille d\u00e9fensive de la ville et les Briones m\u00e9di\u00e9vaux. Ils ont toutes sortes de services pour faire de notre s\u00e9jour une exp\u00e9rience sensorielle et inoubliable. Chambres con\u00e7ues pour g\u00e9n\u00e9rer un espace intime dans lequel se rassembler, se reposer et regarder \u00e0 l'int\u00e9rieur pour profiter de plus d'intimit\u00e9, de tranquillit\u00e9 et de calme.\n\nNos racines riojanaises, la qualit\u00e9 et la simplicit\u00e9 caract\u00e9riseront la cuisine de Santa Mar\u00eda Briones. Une honn\u00eate combinaison de tradition et de cr\u00e9ativit\u00e9 en cuisine, de raffinement \u00e0 table et surtout une proposition pour profiter pleinement de la g\u00e9n\u00e9rosit\u00e9 de notre terroir et de la richesse des nuances et des saveurs de ses produits gr\u00e2ce \u00e0 notre restaurant.\n\nSanta Mar\u00eda Briones est un lieu de vie tranquille, un lieu pour d\u00e9couvrir la grande offre historique et culturelle de La Rioja.\n\nNotre Calado est un espace unique sp\u00e9cialement con\u00e7u pour partager une bouteille de vin, des c\u00f4telettes d'agneau et une bonne conversation. Une cave originale du 16\u00e8me si\u00e8cle, autrefois utilis\u00e9e pour la conservation du vin et une salle priv\u00e9e avec des vues spectaculaires sur les vignes. Un endroit isol\u00e9, id\u00e9al pour c\u00e9l\u00e9brer des repas sp\u00e9ciaux, des d\u00e9gustations et toutes sortes de r\u00e9unions qui n\u00e9cessitent un peu plus d'intimit\u00e9.\n\n<\/div>\n&nbsp;<\/a><\/div><h4>Contact <\/h4><div class=\"link-tienda\"><strong><a href=\"https:\/\/www.visitgastroh.com\/fr\/store\/hotel-santa-maria-briones\/\">+ Info<\/a><\/strong><\/div><\/div><\/div><div class=\"store-locator-col-sm-4\"><div class=\"wordpress-store-locator-list-item\"><div class=\"img-listado\"><a href=\"https:\/\/www.visitgastroh.com\/fr\/store\/hotel-villa-de-abalos\/\"><img loading=\"lazy\" decoding=\"async\" width=\"300\" height=\"199\" src=\"https:\/\/www.visitgastroh.com\/wp-content\/uploads\/2022\/03\/889-300x199.jpg\" class=\"attachment-medium size-medium wp-post-image\" alt=\"\" srcset=\"https:\/\/www.visitgastroh.com\/wp-content\/uploads\/2022\/03\/889-300x199.jpg 300w, https:\/\/www.visitgastroh.com\/wp-content\/uploads\/2022\/03\/889.jpg 532w\" sizes=\"auto, (max-width: 300px) 100vw, 300px\" \/><\/a><\/div><div class=\"contenido-listado\"><a href=\"https:\/\/www.visitgastroh.com\/fr\/store\/hotel-villa-de-abalos\/\"><div class=\"ficha-defecto\">\n<h2>HOTEL VILLA DE \u00c1BALOS Hotel<\/h2>\n<h3>(\u00c1BALOS)<\/h3>\nL'H\u00f4tel Villa de \u00c1balos est le r\u00e9sultat de la r\u00e9habilitation d'un manoir \u00e0 l'architecture civile typique de la fin du XVIIe si\u00e8cle, o\u00f9 la pierre, le bois et le fer forg\u00e9 allient modernit\u00e9 et tradition.\n\nL'H\u00f4tel dispose de 12 chambres doubles avec leur propre nom et qui repr\u00e9sentent le travail de la vigne et de la cave.\n\nAu rez-de-chauss\u00e9e se trouvent les espaces communs, la r\u00e9ception, les salons, la terrasse, le jardin et le parking. Tout exclusivement pour les invit\u00e9s\n\n<strong>Mention sp\u00e9ciale a notre offre gastronomique avec la Merche Kitchen comme cadre principal<\/strong>\n\nA noter \u00e9galement notre offre d'activit\u00e9s \u0153notouristiques, des exp\u00e9riences en cuisine avec des cours de cuisine traditionnelle dispens\u00e9s par Merche et des exp\u00e9riences dans le vignoble et des d\u00e9gustations de vin anim\u00e9es par Jos\u00e9 Luis, expert universitaire en viticulture et \u0153nologie.\n\n<\/div><\/a><\/div><h4>Contact <\/h4><div class=\"link-tienda\"><strong><a href=\"https:\/\/www.visitgastroh.com\/fr\/store\/hotel-villa-de-abalos\/\">+ Info<\/a><\/strong><\/div><\/div><\/div><\/div><div class=\"store-locator-row\"><div class=\"store-locator-col-sm-4\"><div class=\"wordpress-store-locator-list-item\"><div class=\"img-listado\"><a href=\"https:\/\/www.visitgastroh.com\/fr\/store\/hotel-cave-la-casa-del-cofrade\/\"><img loading=\"lazy\" decoding=\"async\" width=\"300\" height=\"176\" src=\"https:\/\/www.visitgastroh.com\/wp-content\/uploads\/2022\/03\/Entrada-Recepcion-300x176.jpg\" class=\"attachment-medium size-medium wp-post-image\" alt=\"\" srcset=\"https:\/\/www.visitgastroh.com\/wp-content\/uploads\/2022\/03\/Entrada-Recepcion-300x176.jpg 300w, https:\/\/www.visitgastroh.com\/wp-content\/uploads\/2022\/03\/Entrada-Recepcion-1024x601.jpg 1024w, https:\/\/www.visitgastroh.com\/wp-content\/uploads\/2022\/03\/Entrada-Recepcion-768x451.jpg 768w, https:\/\/www.visitgastroh.com\/wp-content\/uploads\/2022\/03\/Entrada-Recepcion-1536x902.jpg 1536w, https:\/\/www.visitgastroh.com\/wp-content\/uploads\/2022\/03\/Entrada-Recepcion-2048x1202.jpg 2048w\" sizes=\"auto, (max-width: 300px) 100vw, 300px\" \/><\/a><\/div><div class=\"contenido-listado\"><a href=\"https:\/\/www.visitgastroh.com\/fr\/store\/hotel-cave-la-casa-del-cofrade\/\"><div class=\"ficha-defecto\">\n<h2>H\u00f4tel LA CASA DEL COFRADE - Domaine viticole<\/h2>\n<strong>(ALBELDA DE IREGUA)<\/strong>\n\nBienvenue \u00e0 l'h\u00f4tel de la cave La Casa del Cofrade, un lieu unique et accueillant dans la DOC Rioja, o\u00f9 vous pourrez s\u00e9journer et d\u00e9guster les vins de la prestigieuse cave Vin\u00edcola Real.\n\nR\u00e9f\u00e9rence en mati\u00e8re d'oenotourisme, fond\u00e9e en 2004 en tant que premier h\u00f4tel sur le th\u00e8me du vin de La Rioja, elle a re\u00e7u, entre autres r\u00e9compenses, le prix international \"Best of Wine Tourism\", qui r\u00e9compense la qualit\u00e9 et l'offre oenotouristique de nos \u00e9tablissements.\n\nDans le cadre du complexe viticole dans lequel il est int\u00e9gr\u00e9, dans cet h\u00f4tel de charme, vous pourrez d\u00e9guster certains des vins les plus reconnus et appr\u00e9ci\u00e9s par la critique et le public, parmi lesquels notre marque embl\u00e9matique \"200 Monges\".\n\nNotre offre comprend, en plus du s\u00e9jour et de la visite de la cave, un grand nombre d'activit\u00e9s et d'exp\u00e9riences li\u00e9es au monde du vin, de la gastronomie et de la culture dans lesquelles vous pourrez d\u00e9couvrir et profiter de l'esprit de la Rioja tout en vous relaxant dans cet h\u00f4tel de charme. .\n<\/div><\/a><\/div><h4>Contact <\/h4><div class=\"link-tienda\"><strong><a href=\"https:\/\/www.visitgastroh.com\/fr\/store\/hotel-cave-la-casa-del-cofrade\/\">+ Info<\/a><\/strong><\/div><\/div><\/div><div class=\"store-locator-col-sm-4\"><div class=\"wordpress-store-locator-list-item\"><div class=\"img-listado\"><a href=\"https:\/\/www.visitgastroh.com\/fr\/store\/le-gardien-du-vignoble\/\"><img loading=\"lazy\" decoding=\"async\" width=\"300\" height=\"240\" src=\"https:\/\/www.visitgastroh.com\/wp-content\/uploads\/2022\/02\/Collage-anuncios-300x240.jpg\" class=\"attachment-medium size-medium wp-post-image\" alt=\"\" srcset=\"https:\/\/www.visitgastroh.com\/wp-content\/uploads\/2022\/02\/Collage-anuncios-300x240.jpg 300w, https:\/\/www.visitgastroh.com\/wp-content\/uploads\/2022\/02\/Collage-anuncios-1024x819.jpg 1024w, https:\/\/www.visitgastroh.com\/wp-content\/uploads\/2022\/02\/Collage-anuncios-768x614.jpg 768w, https:\/\/www.visitgastroh.com\/wp-content\/uploads\/2022\/02\/Collage-anuncios-1536x1229.jpg 1536w, https:\/\/www.visitgastroh.com\/wp-content\/uploads\/2022\/02\/Collage-anuncios.jpg 2000w\" sizes=\"auto, (max-width: 300px) 100vw, 300px\" \/><\/a><\/div><div class=\"contenido-listado\"><a href=\"https:\/\/www.visitgastroh.com\/fr\/store\/le-gardien-du-vignoble\/\"><div class=\"ficha-defecto\">\n<h2>LES GUARDAVI\u00d1AS Maison Rurale<\/h2>\n<h3>(Laisse-les tomber)<\/h3>\nBienvenue \u00e0 El Guardavinas ! un endroit pour se d\u00e9connecter du stress de la vie quotidienne et se connecter avec la nature.\n\nFermez un instant les yeux et imaginez, vous vous r\u00e9veillez en sentant le caf\u00e9 frais, le soleil entre par la fen\u00eatre, vous entendez les oiseaux chanter. Au loin, le son des cloches annonce l'heure et un calme parfait vous entoure. Vous souriez, vous \u00eates en vacances, vous \u00eates \u00e0 El Guardavi\u00f1as.\n\nC'est un refuge parfait pour une escapade romantique, mais aussi pour ceux qui aiment profiter d'un environnement de montagnes et de vignobles, en couple, en famille ou entre amis.\n\nNous avons des g\u00eetes pour 2 ou 4 personnes. Tous sont \u00e9quip\u00e9s d'une cuisine compl\u00e8te, Wi-Fi, chauffage, parking priv\u00e9 et disposent d'espaces communs tels que El Patio (\u00e0 l'ext\u00e9rieur) ou La Bodega (souterrain, sous le complexe). Vous pouvez venir en couple ou entre amis, c'est vous qui choisissez ! Capacit\u00e9 maximale 12 personnes.\n\nChaque h\u00e9bergement a son propre style, mais tous sont agenc\u00e9s et d\u00e9cor\u00e9s avec des objets artisanaux pour offrir cette atmosph\u00e8re rurale, qui encourage la d\u00e9connexion et la d\u00e9tente.\n\n<\/div><\/a><\/div><h4>Contact <\/h4><div class=\"link-tienda\"><strong><a href=\"https:\/\/www.visitgastroh.com\/fr\/store\/le-gardien-du-vignoble\/\">+ Info<\/a><\/strong><\/div><\/div><\/div><div class=\"store-locator-col-sm-4\"><div class=\"wordpress-store-locator-list-item\"><div class=\"img-listado\"><a href=\"https:\/\/www.visitgastroh.com\/fr\/store\/logrono-hotel-avda-de-madrid-25\/\"><img loading=\"lazy\" decoding=\"async\" width=\"300\" height=\"200\" src=\"https:\/\/www.visitgastroh.com\/wp-content\/uploads\/2022\/03\/2022T_00983-300x200.jpg\" class=\"attachment-medium size-medium wp-post-image\" alt=\"\" srcset=\"https:\/\/www.visitgastroh.com\/wp-content\/uploads\/2022\/03\/2022T_00983-300x200.jpg 300w, https:\/\/www.visitgastroh.com\/wp-content\/uploads\/2022\/03\/2022T_00983-1024x683.jpg 1024w, https:\/\/www.visitgastroh.com\/wp-content\/uploads\/2022\/03\/2022T_00983-768x512.jpg 768w, https:\/\/www.visitgastroh.com\/wp-content\/uploads\/2022\/03\/2022T_00983-1536x1024.jpg 1536w, https:\/\/www.visitgastroh.com\/wp-content\/uploads\/2022\/03\/2022T_00983-2048x1365.jpg 2048w, https:\/\/www.visitgastroh.com\/wp-content\/uploads\/2022\/03\/2022T_00983-900x600.jpg 900w\" sizes=\"auto, (max-width: 300px) 100vw, 300px\" \/><\/a><\/div><div class=\"contenido-listado\"><a href=\"https:\/\/www.visitgastroh.com\/fr\/store\/logrono-hotel-avda-de-madrid-25\/\"><div class=\"ficha-defecto\">\n<h2>LOGRO\u00d1O AVDA DE MADRID 25 Hotel<\/h2>\n<h3>(LOGRONO)<\/h3>\n\u00c0 700 m\u00e8tres du centre de Logro\u00f1o et \u00e0 450 m\u00e8tres du stade de football Las Gaunas. Il propose des chambres attrayantes dot\u00e9es de la climatisation et de la t\u00e9l\u00e9vision par satellite.\n\nL'h\u00f4tel dispose d'un restaurant et d'un bar.\n\nL'H\u00f4tel Logro\u00f1o Avda Madrid 25 est \u00e9galement id\u00e9al pour ceux qui visitent la ville pour affaires, \u00e9quip\u00e9 d'un espace avec connexion Internet sans fil.\n\n<\/div><\/a><\/div><h4>Contact <\/h4><div class=\"link-tienda\"><strong><a href=\"https:\/\/www.visitgastroh.com\/fr\/store\/logrono-hotel-avda-de-madrid-25\/\">+ Info<\/a><\/strong><\/div><\/div><\/div><\/div><div class=\"store-locator-row\"><div class=\"store-locator-col-sm-4\"><div class=\"wordpress-store-locator-list-item\"><div class=\"img-listado\"><a href=\"https:\/\/www.visitgastroh.com\/fr\/store\/los-colmenares-miguel-colmenares-planas\/\"><img loading=\"lazy\" decoding=\"async\" width=\"300\" height=\"200\" src=\"https:\/\/www.visitgastroh.com\/wp-content\/uploads\/2022\/03\/colmenares-casacompleta-galeria-30-300x200.jpg\" class=\"attachment-medium size-medium wp-post-image\" alt=\"\" srcset=\"https:\/\/www.visitgastroh.com\/wp-content\/uploads\/2022\/03\/colmenares-casacompleta-galeria-30-300x200.jpg 300w, https:\/\/www.visitgastroh.com\/wp-content\/uploads\/2022\/03\/colmenares-casacompleta-galeria-30-1024x683.jpg 1024w, https:\/\/www.visitgastroh.com\/wp-content\/uploads\/2022\/03\/colmenares-casacompleta-galeria-30-768x512.jpg 768w, https:\/\/www.visitgastroh.com\/wp-content\/uploads\/2022\/03\/colmenares-casacompleta-galeria-30-900x600.jpg 900w, https:\/\/www.visitgastroh.com\/wp-content\/uploads\/2022\/03\/colmenares-casacompleta-galeria-30.jpg 1200w\" sizes=\"auto, (max-width: 300px) 100vw, 300px\" \/><\/a><\/div><div class=\"contenido-listado\"><a href=\"https:\/\/www.visitgastroh.com\/fr\/store\/los-colmenares-miguel-colmenares-planas\/\"><div class=\"ficha-defecto\">\n<h2>LOS COLMENARES Casa Rural<\/h2>\n<h3>(CUZCURRITA DEL R\u00cdO TIR\u00d3N)<\/h3>\nLa maison \"Los Colmenares\" tire son nom du patronyme familial, cette propri\u00e9t\u00e9 a toujours \u00e9t\u00e9 transmise dans la famille par h\u00e9ritage, on consid\u00e8re qu'elle peut avoir plus de trois cents ans, li\u00e9e au travail du champ et \u00e0 la production du vin dans son essence la plus ancienne. Au fil des ans, il y a eu des changements, des reconstructions, des extensions et des am\u00e9liorations pour l'adapter aux besoins de chaque \u00e9poque. L'intention lors de l'ouverture des portes en tant qu'h\u00e9bergement touristique \u00e9tait de pouvoir maintenir la maison avec toute son essence et d'offrir aux voyageurs de profiter d'une maison authentique dans sa structure, sa distribution, ses mat\u00e9riaux et son mobilier et pour cela sa r\u00e9forme a \u00e9t\u00e9 r\u00e9alis\u00e9e par les propri\u00e9taires Fait main. La maison se compose de deux b\u00e2timents reli\u00e9s par une galerie qui sert de salle \u00e0 manger aux voyageurs.\n\n&nbsp;\n\n<\/div><\/a><\/div><h4>Contact <\/h4><div class=\"link-tienda\"><strong><a href=\"https:\/\/www.visitgastroh.com\/fr\/store\/los-colmenares-miguel-colmenares-planas\/\">+ Info<\/a><\/strong><\/div><\/div><\/div><div class=\"store-locator-col-sm-4\"><div class=\"wordpress-store-locator-list-item\"><div class=\"img-listado\"><a href=\"https:\/\/www.visitgastroh.com\/fr\/store\/maison-dhotes-ubeda\/\"><img loading=\"lazy\" decoding=\"async\" width=\"300\" height=\"300\" src=\"https:\/\/www.visitgastroh.com\/wp-content\/uploads\/2022\/02\/hall-tercero-2022-300x300.jpg\" class=\"attachment-medium size-medium wp-post-image\" alt=\"\" srcset=\"https:\/\/www.visitgastroh.com\/wp-content\/uploads\/2022\/02\/hall-tercero-2022-300x300.jpg 300w, https:\/\/www.visitgastroh.com\/wp-content\/uploads\/2022\/02\/hall-tercero-2022-1024x1024.jpg 1024w, https:\/\/www.visitgastroh.com\/wp-content\/uploads\/2022\/02\/hall-tercero-2022-150x150.jpg 150w, https:\/\/www.visitgastroh.com\/wp-content\/uploads\/2022\/02\/hall-tercero-2022-768x768.jpg 768w, https:\/\/www.visitgastroh.com\/wp-content\/uploads\/2022\/02\/hall-tercero-2022-1536x1536.jpg 1536w, https:\/\/www.visitgastroh.com\/wp-content\/uploads\/2022\/02\/hall-tercero-2022-2048x2048.jpg 2048w, https:\/\/www.visitgastroh.com\/wp-content\/uploads\/2022\/02\/hall-tercero-2022-100x100.jpg 100w, https:\/\/www.visitgastroh.com\/wp-content\/uploads\/2022\/02\/hall-tercero-2022-140x140.jpg 140w, https:\/\/www.visitgastroh.com\/wp-content\/uploads\/2022\/02\/hall-tercero-2022-500x500.jpg 500w, https:\/\/www.visitgastroh.com\/wp-content\/uploads\/2022\/02\/hall-tercero-2022-350x350.jpg 350w, https:\/\/www.visitgastroh.com\/wp-content\/uploads\/2022\/02\/hall-tercero-2022-1000x1000.jpg 1000w, https:\/\/www.visitgastroh.com\/wp-content\/uploads\/2022\/02\/hall-tercero-2022-800x800.jpg 800w\" sizes=\"auto, (max-width: 300px) 100vw, 300px\" \/><\/a><\/div><div class=\"contenido-listado\"><a href=\"https:\/\/www.visitgastroh.com\/fr\/store\/maison-dhotes-ubeda\/\"><div class=\"ficha-defecto\">\n<h2>PENSION \u00daBEDA Pension<\/h2>\n<h3>(FUEN MAIRE)<\/h3>\n\nUne conception diff\u00e9rente du tourisme \u00e0 La Rioja\n\nLa Pensi\u00f3n \u00dabeda dispose de 10 chambres doubles, sup\u00e9rieures et familiales avec petit-d\u00e9jeuner artisanal, sur le th\u00e8me du vin de La Rioja. S\u00e9jour avec cave \u00e0 vin, cafeti\u00e8re et eau filtr\u00e9e gratuite.\n\nNous avons notre propre service de location de v\u00e9los \u00e9lectriques avec un pique-nique Riojan.\n\nAu centre de Fuenmayor, \u00e0 11 km de Logro\u00f1o et \u00e0 4 km du Camino de Santiago. \u00c0 Fuenmayor, il y a jusqu'\u00e0 25 caves d'Appellation d'Origine Qualifi\u00e9e Rioja. Avec plusieurs restaurants et caf\u00e9s \u00e0 proximit\u00e9.\n\n<\/div><\/a><\/div><h4>Contact <\/h4><div class=\"link-tienda\"><strong><a href=\"https:\/\/www.visitgastroh.com\/fr\/store\/maison-dhotes-ubeda\/\">+ Info<\/a><\/strong><\/div><\/div><\/div><div class=\"store-locator-col-sm-4\"><div class=\"wordpress-store-locator-list-item\"><div class=\"img-listado\"><a href=\"https:\/\/www.visitgastroh.com\/fr\/store\/maison-de-la-comtesse\/\"><img loading=\"lazy\" decoding=\"async\" width=\"300\" height=\"225\" src=\"https:\/\/www.visitgastroh.com\/wp-content\/uploads\/2022\/03\/1-FOTO-FACHADA-CASA-IMG_7052-300x225.jpg\" class=\"attachment-medium size-medium wp-post-image\" alt=\"\" srcset=\"https:\/\/www.visitgastroh.com\/wp-content\/uploads\/2022\/03\/1-FOTO-FACHADA-CASA-IMG_7052-300x225.jpg 300w, https:\/\/www.visitgastroh.com\/wp-content\/uploads\/2022\/03\/1-FOTO-FACHADA-CASA-IMG_7052-1024x768.jpg 1024w, https:\/\/www.visitgastroh.com\/wp-content\/uploads\/2022\/03\/1-FOTO-FACHADA-CASA-IMG_7052-768x576.jpg 768w, https:\/\/www.visitgastroh.com\/wp-content\/uploads\/2022\/03\/1-FOTO-FACHADA-CASA-IMG_7052-1536x1152.jpg 1536w, https:\/\/www.visitgastroh.com\/wp-content\/uploads\/2022\/03\/1-FOTO-FACHADA-CASA-IMG_7052-2048x1536.jpg 2048w\" sizes=\"auto, (max-width: 300px) 100vw, 300px\" \/><\/a><\/div><div class=\"contenido-listado\"><a href=\"https:\/\/www.visitgastroh.com\/fr\/store\/maison-de-la-comtesse\/\"><div class=\"ficha-defecto\">\n<h2>MAISON DE LA COMTESSE Maison rurale<\/h2>\n<h3>(LE R\u00c9SEAU)<\/h3>\nLa \"Casa de la Condesa\" est un b\u00e2timent historique avec un jardin romantique. La fa\u00e7ade du manoir est de composition classique, avec des balcons, une base en pierre et un beau portail d'entr\u00e9e catalogu\u00e9 taill\u00e9 dans la pierre avec un arc \u00e9toil\u00e9. Situ\u00e9e \u00e0 c\u00f4t\u00e9 de l'\u00e9glise paroissiale de N\u00aa Se\u00f1ora de las Virtudes, commenc\u00e9e au XVIe si\u00e8cle, la maison est l'un des plus anciens b\u00e2timents d'El Redal, sinon le plus ancien. A l'abri de ses larges murs, le repos est infini. Il dispose de neuf chambres spacieuses avec leur propre salle de bain. Chacun d'eux est d\u00e9di\u00e9 \u00e0 un personnage historique li\u00e9 au lieu, \u00e0 la famille et inscrit dans son \u00e9poque.\n\nColocation ou location compl\u00e8te de 27 couchages maximum avec une grande salle \u00e0 manger, salle de petit-d\u00e9jeuner, barbecue dans le jardin, cuisine professionnelle, biblioth\u00e8que-salle de jeux, puits historique et cave \u00e0 vin. Toutes sortes d'activit\u00e9s peuvent \u00eatre r\u00e9alis\u00e9es : en plus des activit\u00e9s classiques de gastronomie et d'oenotourisme, des randonn\u00e9es, des pistes cyclables, du racquetball et une piscine municipale gratuite sont pratiqu\u00e9es pour les h\u00f4tes en \u00e9t\u00e9.\n\nInventez votre propre aventure ou d\u00e9tendez-vous au coin du feu en savourant un bon vin. Observez les oiseaux depuis la fen\u00eatre de votre chambre. Profitez de la cuisine vari\u00e9e de Rioja dans le cadre incomparable de Tierras de Oc\u00f3n, plein d'amandiers, de vignes et d'oliviers; il peint la terre rouge des ravins\u2026 El Redal est la porte d'une vall\u00e9e cach\u00e9e et enchant\u00e9e, la vall\u00e9e d'Oc\u00f3n, une r\u00e9serve de biosph\u00e8re, \u00e0 d\u00e9couvrir.\n\n<\/div><\/a><\/div><h4>Contact <\/h4><div class=\"link-tienda\"><strong><a href=\"https:\/\/www.visitgastroh.com\/fr\/store\/maison-de-la-comtesse\/\">+ Info<\/a><\/strong><\/div><\/div><\/div><\/div><div class=\"store-locator-row\"><div class=\"store-locator-col-sm-4\"><div class=\"wordpress-store-locator-list-item\"><div class=\"img-listado\"><a href=\"https:\/\/www.visitgastroh.com\/fr\/store\/maison-rurale-pedrolas\/\"><img loading=\"lazy\" decoding=\"async\" width=\"300\" height=\"199\" src=\"https:\/\/www.visitgastroh.com\/wp-content\/uploads\/2022\/03\/casa-1H-300x199.jpg\" class=\"attachment-medium size-medium wp-post-image\" alt=\"\" srcset=\"https:\/\/www.visitgastroh.com\/wp-content\/uploads\/2022\/03\/casa-1H-300x199.jpg 300w, https:\/\/www.visitgastroh.com\/wp-content\/uploads\/2022\/03\/casa-1H-1024x678.jpg 1024w, https:\/\/www.visitgastroh.com\/wp-content\/uploads\/2022\/03\/casa-1H-768x509.jpg 768w, https:\/\/www.visitgastroh.com\/wp-content\/uploads\/2022\/03\/casa-1H-900x600.jpg 900w, https:\/\/www.visitgastroh.com\/wp-content\/uploads\/2022\/03\/casa-1H.jpg 1200w\" sizes=\"auto, (max-width: 300px) 100vw, 300px\" \/><\/a><\/div><div class=\"contenido-listado\"><a href=\"https:\/\/www.visitgastroh.com\/fr\/store\/maison-rurale-pedrolas\/\"><div class=\"ficha-defecto\">\n<h2>MAISON RURALE LAS PEDROLAS Maison Rurale<\/h2>\n<h3>(CARR\u00c9)<\/h3>\nLas Pedrolas est un manoir de 1760 avec le blason h\u00e9raldique de la famille Gonz\u00e1lez mis en \u00e9vidence sur sa fa\u00e7ade principale.\n\nIl est situ\u00e9 sur la Plaza de la villa realenga de Arnedillo (La Rioja), \u00e0 c\u00f4t\u00e9 de la mairie et de l'\u00e9glise de San Servando et San Germ\u00e1n, \u00e0 seulement 500 m\u00e8tres des piscines thermales et du c\u00e9l\u00e8bre Spa.\n\nEn 2002, une r\u00e9habilitation compl\u00e8te du b\u00e2timent a \u00e9t\u00e9 entreprise pour en faire un h\u00f4tel de charme, respectant la personnalit\u00e9 majestueuse et l'\u00e9l\u00e9gance des b\u00e2timents de l'\u00e9poque, mais en le dotant en m\u00eame temps de toute la technologie actuelle pour offrir un maximum de confort.\n\nEn 2016, sous une nouvelle direction, il a rouvert en tant que Maison Rurale offrant la possibilit\u00e9 de r\u00e9server des chambres (doubles et doubles sp\u00e9ciales) ou de louer toute la maison. Un salon chaleureux avec un foyer au bois et un patio-jardin int\u00e9rieur relaxant avec une fontaine en marbre font partie des espaces communs au rez-de-chauss\u00e9e.\n\n<\/div><\/a><\/div><h4>Contact <\/h4><div class=\"link-tienda\"><strong><a href=\"https:\/\/www.visitgastroh.com\/fr\/store\/maison-rurale-pedrolas\/\">+ Info<\/a><\/strong><\/div><\/div><\/div><div class=\"store-locator-col-sm-4\"><div class=\"wordpress-store-locator-list-item\"><div class=\"img-listado\"><a href=\"https:\/\/www.visitgastroh.com\/fr\/store\/maison-rurale-zaldierna\/\"><img loading=\"lazy\" decoding=\"async\" width=\"300\" height=\"200\" src=\"https:\/\/www.visitgastroh.com\/wp-content\/uploads\/2022\/02\/ZALDIERNA-JR05-300x200.jpg\" class=\"attachment-medium size-medium wp-post-image\" alt=\"\" srcset=\"https:\/\/www.visitgastroh.com\/wp-content\/uploads\/2022\/02\/ZALDIERNA-JR05-300x200.jpg 300w, https:\/\/www.visitgastroh.com\/wp-content\/uploads\/2022\/02\/ZALDIERNA-JR05-1024x683.jpg 1024w, https:\/\/www.visitgastroh.com\/wp-content\/uploads\/2022\/02\/ZALDIERNA-JR05-768x512.jpg 768w, https:\/\/www.visitgastroh.com\/wp-content\/uploads\/2022\/02\/ZALDIERNA-JR05-1536x1024.jpg 1536w, https:\/\/www.visitgastroh.com\/wp-content\/uploads\/2022\/02\/ZALDIERNA-JR05-2048x1365.jpg 2048w, https:\/\/www.visitgastroh.com\/wp-content\/uploads\/2022\/02\/ZALDIERNA-JR05-900x600.jpg 900w\" sizes=\"auto, (max-width: 300px) 100vw, 300px\" \/><\/a><\/div><div class=\"contenido-listado\"><a href=\"https:\/\/www.visitgastroh.com\/fr\/store\/maison-rurale-zaldierna\/\"><div class=\"ficha-defecto\">\n<h2>MAISON RURALE ZALDIERNA<\/h2>\n<h3>(ZALDIERNA)<\/h3>\nLa maison rurale Zaldierna est situ\u00e9e dans le village de Zaldierna, un environnement rural dans un lieu privil\u00e9gi\u00e9, une enclave naturelle et pittoresque au c\u0153ur de la vall\u00e9e d'Oja.\nEntour\u00e9 par la nature, c'est l'une des premi\u00e8res maisons rurales de La Rioja, un havre de paix o\u00f9 vous pourrez profiter d'un bon repos et d'une meilleure gastronomie.\n\u00c0 seulement 5 minutes d'Ezcaray, la premi\u00e8re ville touristique de La Rioja et \u00e0 seulement 25 minutes de la station de ski de Valdezcaray.\nIl est tr\u00e8s proche de villes embl\u00e9matiques telles que Haro \"Capitale du Vin\" ou Logro\u00f1o.\nUne maison rurale \u00e0 deux \u00e9tages, avec terrasse, salle \u00e0 manger et grill bistronomique.\nUn endroit o\u00f9 vous pourrez profiter en famille, entre amis ou en couple...\n\n<\/div><\/a><\/div><h4>Contact <\/h4><div class=\"link-tienda\"><strong><a href=\"https:\/\/www.visitgastroh.com\/fr\/store\/maison-rurale-zaldierna\/\">+ Info<\/a><\/strong><\/div><\/div><\/div><div class=\"store-locator-col-sm-4\"><div class=\"wordpress-store-locator-list-item\"><div class=\"img-listado\"><a href=\"https:\/\/www.visitgastroh.com\/fr\/store\/maisons-de-trevijano\/\"><img loading=\"lazy\" decoding=\"async\" width=\"300\" height=\"199\" src=\"https:\/\/www.visitgastroh.com\/wp-content\/uploads\/2022\/02\/salon-3a-planta-300x199.jpg\" class=\"attachment-medium size-medium wp-post-image\" alt=\"\" srcset=\"https:\/\/www.visitgastroh.com\/wp-content\/uploads\/2022\/02\/salon-3a-planta-300x199.jpg 300w, https:\/\/www.visitgastroh.com\/wp-content\/uploads\/2022\/02\/salon-3a-planta-1024x680.jpg 1024w, https:\/\/www.visitgastroh.com\/wp-content\/uploads\/2022\/02\/salon-3a-planta-768x510.jpg 768w, https:\/\/www.visitgastroh.com\/wp-content\/uploads\/2022\/02\/salon-3a-planta-1536x1020.jpg 1536w, https:\/\/www.visitgastroh.com\/wp-content\/uploads\/2022\/02\/salon-3a-planta-2048x1361.jpg 2048w, https:\/\/www.visitgastroh.com\/wp-content\/uploads\/2022\/02\/salon-3a-planta-900x600.jpg 900w\" sizes=\"auto, (max-width: 300px) 100vw, 300px\" \/><\/a><\/div><div class=\"contenido-listado\"><a href=\"https:\/\/www.visitgastroh.com\/fr\/store\/maisons-de-trevijano\/\"><div class=\"ficha-defecto\">\n<h2>MAISONS TREVIJANO Maison rurale<\/h2>\n<h3>(TREVIJANO DE CAMEROS - SOTO DE CAMEROS)<\/h3>\nLogement complet et totalement priv\u00e9 pour votre famille ou vos amis. Dans un village calme, \u00e0 c\u00f4t\u00e9 de la campagne avec de nombreuses activit\u00e9s \u00e0 faire, randonn\u00e9es, beaux villages....\n\nDans cette maison, vous ne manquerez que de plus de jours pour en profiter.\n\nMaison de location compl\u00e8te avec une capacit\u00e9 de 6 personnes + 2 sur un canap\u00e9-lit double.\n<ul>\n \t<li>Foyer, salon-salle \u00e0 manger et cuisine compl\u00e8te au premier \u00e9tage.<\/li>\n \t<li>2 chambres et 1 salle de bain compl\u00e8te au deuxi\u00e8me.<\/li>\n \t<li>1 chambre de type suite, avec salon et salle de bain au troisi\u00e8me \u00e9tage.<\/li>\n<\/ul>\nJardin avec salon de jardin et barbecue\nDisponibilit\u00e9 du berceau\nAnimaux accept\u00e9s\n<\/div><\/a><\/div><h4>Contact <\/h4><div class=\"link-tienda\"><strong><a href=\"https:\/\/www.visitgastroh.com\/fr\/store\/maisons-de-trevijano\/\">+ Info<\/a><\/strong><\/div><\/div><\/div><\/div><div class=\"store-locator-row\"><div class=\"store-locator-col-sm-4\"><div class=\"wordpress-store-locator-list-item\"><div class=\"img-listado\"><a href=\"https:\/\/www.visitgastroh.com\/fr\/store\/mur-des-eaux-maison-rurale-loisirs-et-tourisme-ruralaguas-sl\/\"><img loading=\"lazy\" decoding=\"async\" width=\"199\" height=\"300\" src=\"https:\/\/www.visitgastroh.com\/wp-content\/uploads\/2022\/02\/Casa-rural-Muro-de-aguas-parte-delantera-199x300.jpg\" class=\"attachment-medium size-medium wp-post-image\" alt=\"\" srcset=\"https:\/\/www.visitgastroh.com\/wp-content\/uploads\/2022\/02\/Casa-rural-Muro-de-aguas-parte-delantera-199x300.jpg 199w, https:\/\/www.visitgastroh.com\/wp-content\/uploads\/2022\/02\/Casa-rural-Muro-de-aguas-parte-delantera-680x1024.jpg 680w, https:\/\/www.visitgastroh.com\/wp-content\/uploads\/2022\/02\/Casa-rural-Muro-de-aguas-parte-delantera-768x1156.jpg 768w, https:\/\/www.visitgastroh.com\/wp-content\/uploads\/2022\/02\/Casa-rural-Muro-de-aguas-parte-delantera-1020x1536.jpg 1020w, https:\/\/www.visitgastroh.com\/wp-content\/uploads\/2022\/02\/Casa-rural-Muro-de-aguas-parte-delantera-1360x2048.jpg 1360w, https:\/\/www.visitgastroh.com\/wp-content\/uploads\/2022\/02\/Casa-rural-Muro-de-aguas-parte-delantera-scaled.jpg 1700w\" sizes=\"auto, (max-width: 199px) 100vw, 199px\" \/><\/a><\/div><div class=\"contenido-listado\"><a href=\"https:\/\/www.visitgastroh.com\/fr\/store\/mur-des-eaux-maison-rurale-loisirs-et-tourisme-ruralaguas-sl\/\"><div class=\"ficha-defecto\">\n<h2>MUR D'EAU Maison Rurale<\/h2>\n<h3>(MUR D'EAU)<\/h3>\n&nbsp;\n\nNotre maison rurale Muro de Aguas est une ancienne maison pastorale avec la structure traditionnelle typique. Il est am\u00e9nag\u00e9 sur 3 \u00e9tages accessibles par des escaliers. Les chambres sont situ\u00e9es au premier et au deuxi\u00e8me \u00e9tage, l'acc\u00e8s aux fauteuils roulants n'est donc pas possible. Mais comme ce sont des chambres spacieuses et facilement accessibles, les personnes \u00e0 mobilit\u00e9 r\u00e9duite ne rencontrent plus de difficult\u00e9s. Toutes les salles de bains ont des douches. Tous les \u00e9tages disposent de toilettes et d'espaces et de terrasses o\u00f9 vous pourrez vous reposer et profiter de l'air pur et sec et du silence. Dans les environs de Muro de Aguas, il existe des sentiers de montagne pr\u00e9par\u00e9s pour la marche avec diff\u00e9rentes pentes et difficult\u00e9s. \u00c0 c\u00f4t\u00e9 de la maison, il y a beaucoup d'espace de stationnement et d'espace pour vos v\u00e9los dans l'all\u00e9e.\n\nLa maison elle-m\u00eame est pr\u00e9par\u00e9e pour le recyclage des d\u00e9chets et dispose d'une chaudi\u00e8re \u00e0 biomasse pour pr\u00e9server l'environnement.\n\n<\/div><\/a><\/div><h4>Contact <\/h4><div class=\"link-tienda\"><strong><a href=\"https:\/\/www.visitgastroh.com\/fr\/store\/mur-des-eaux-maison-rurale-loisirs-et-tourisme-ruralaguas-sl\/\">+ Info<\/a><\/strong><\/div><\/div><\/div><div class=\"store-locator-col-sm-4\"><div class=\"wordpress-store-locator-list-item\"><div class=\"img-listado\"><a href=\"https:\/\/www.visitgastroh.com\/fr\/store\/natura-resorts-rioja\/\"><img loading=\"lazy\" decoding=\"async\" width=\"300\" height=\"132\" src=\"https:\/\/www.visitgastroh.com\/wp-content\/uploads\/2022\/03\/Captura-de-pantalla-2021-10-28-a-las-13.01.47-300x132.png\" class=\"attachment-medium size-medium wp-post-image\" alt=\"\" srcset=\"https:\/\/www.visitgastroh.com\/wp-content\/uploads\/2022\/03\/Captura-de-pantalla-2021-10-28-a-las-13.01.47-300x132.png 300w, https:\/\/www.visitgastroh.com\/wp-content\/uploads\/2022\/03\/Captura-de-pantalla-2021-10-28-a-las-13.01.47-1024x452.png 1024w, https:\/\/www.visitgastroh.com\/wp-content\/uploads\/2022\/03\/Captura-de-pantalla-2021-10-28-a-las-13.01.47-768x339.png 768w, https:\/\/www.visitgastroh.com\/wp-content\/uploads\/2022\/03\/Captura-de-pantalla-2021-10-28-a-las-13.01.47.png 1356w\" sizes=\"auto, (max-width: 300px) 100vw, 300px\" \/><\/a><\/div><div class=\"contenido-listado\"><a href=\"https:\/\/www.visitgastroh.com\/fr\/store\/natura-resorts-rioja\/\"><div class=\"ficha-defecto\">\n<h2>NATURA Resorts Rioja<\/h2>\n<h3>(CASALARREINA)<\/h3>\nNATURA Resort fait partie d'un projet global qui favorise l'int\u00e9gration sociale, l'\u00e9limination des barri\u00e8res et l'\u00e9radication des st\u00e9r\u00e9otypes sur le handicap \u00e0 travers des projets touristiques, rapprochant ainsi les loisirs de tous. Le premier des complexes touristiques enti\u00e8rement accessibles sera situ\u00e9 \u00e0 La Rioja, l'une des destinations les plus recherch\u00e9es et les plus demand\u00e9es du nord de l'Espagne. Un large \u00e9ventail de tourisme rural, de tourisme gastronomique, d'oenotourisme et de tourisme culturel ne sont que quelques-uns des attraits d'une destination int\u00e9ressante que nous voulons rendre accessible \u00e0 100 %.\n\n<\/div><\/a><\/div><h4>Contact <\/h4><div class=\"link-tienda\"><strong><a href=\"https:\/\/www.visitgastroh.com\/fr\/store\/natura-resorts-rioja\/\">+ Info<\/a><\/strong><\/div><\/div><\/div><div class=\"store-locator-col-sm-4\"><div class=\"wordpress-store-locator-list-item\"><div class=\"img-listado\"><a href=\"https:\/\/www.visitgastroh.com\/fr\/store\/pura-vida-hotel\/\"><img loading=\"lazy\" decoding=\"async\" width=\"300\" height=\"151\" src=\"https:\/\/www.visitgastroh.com\/wp-content\/uploads\/2022\/04\/hotel-pura-vida-edificio-300x151.jpg\" class=\"attachment-medium size-medium wp-post-image\" alt=\"\" srcset=\"https:\/\/www.visitgastroh.com\/wp-content\/uploads\/2022\/04\/hotel-pura-vida-edificio-300x151.jpg 300w, https:\/\/www.visitgastroh.com\/wp-content\/uploads\/2022\/04\/hotel-pura-vida-edificio-1024x517.jpg 1024w, https:\/\/www.visitgastroh.com\/wp-content\/uploads\/2022\/04\/hotel-pura-vida-edificio-768x387.jpg 768w, https:\/\/www.visitgastroh.com\/wp-content\/uploads\/2022\/04\/hotel-pura-vida-edificio-1536x775.jpg 1536w, https:\/\/www.visitgastroh.com\/wp-content\/uploads\/2022\/04\/hotel-pura-vida-edificio-1000x500.jpg 1000w, https:\/\/www.visitgastroh.com\/wp-content\/uploads\/2022\/04\/hotel-pura-vida-edificio-670x335.jpg 670w, https:\/\/www.visitgastroh.com\/wp-content\/uploads\/2022\/04\/hotel-pura-vida-edificio.jpg 1568w\" sizes=\"auto, (max-width: 300px) 100vw, 300px\" \/><\/a><\/div><div class=\"contenido-listado\"><a href=\"https:\/\/www.visitgastroh.com\/fr\/store\/pura-vida-hotel\/\"><div class=\"ficha-defecto\">\n<h2>Pura Vida Hotel<\/h2>\n<h3>(Valga\u00f1\u00f3n)<\/h3>\nPura Vida est un charmant h\u00f4tel situ\u00e9 \u00e0 Valga\u00f1\u00f3n, La Rioja. Le b\u00e2timent a \u00e9t\u00e9 r\u00e9habilit\u00e9 par ses propri\u00e9taires en 2014. Ascensi\u00f3n et Javier sont architectes d'int\u00e9rieur et responsables du projet, dans lequel ils ont mis tout leur professionnalisme et leur amour dans la cr\u00e9ation et la d\u00e9coration de ce logement situ\u00e9 tout pr\u00e8s d'Ezcaray et de la station de ski de Valdezcaray.\n\nLe r\u00e9sultat est une combinaison d'architecture et de design int\u00e9rieur exclusif qui offre au visiteur des environnements diff\u00e9rents et accueillants pour se reposer et se d\u00e9tendre.\n\nNous sommes ravis de vous accueillir chez nous, votre bien-\u00eatre sera l'un des objectifs de l'H\u00f4tel Pura Vida.\n\n<\/div><\/a><\/div><h4>Contact <\/h4><div class=\"link-tienda\"><strong><a href=\"https:\/\/www.visitgastroh.com\/fr\/store\/pura-vida-hotel\/\">+ Info<\/a><\/strong><\/div><\/div><\/div><\/div><div class=\"store-locator-row\"><div class=\"store-locator-col-sm-4\"><div class=\"wordpress-store-locator-list-item\"><div class=\"img-listado\"><a href=\"https:\/\/www.visitgastroh.com\/fr\/store\/tour-forte-s-xiii\/\"><img loading=\"lazy\" decoding=\"async\" width=\"252\" height=\"300\" src=\"https:\/\/www.visitgastroh.com\/wp-content\/uploads\/2022\/02\/Poternaa-252x300.jpg\" class=\"attachment-medium size-medium wp-post-image\" alt=\"\" srcset=\"https:\/\/www.visitgastroh.com\/wp-content\/uploads\/2022\/02\/Poternaa-252x300.jpg 252w, https:\/\/www.visitgastroh.com\/wp-content\/uploads\/2022\/02\/Poternaa-859x1024.jpg 859w, https:\/\/www.visitgastroh.com\/wp-content\/uploads\/2022\/02\/Poternaa-768x915.jpg 768w, https:\/\/www.visitgastroh.com\/wp-content\/uploads\/2022\/02\/Poternaa-1289x1536.jpg 1289w, https:\/\/www.visitgastroh.com\/wp-content\/uploads\/2022\/02\/Poternaa-1718x2048.jpg 1718w\" sizes=\"auto, (max-width: 252px) 100vw, 252px\" \/><\/a><\/div><div class=\"contenido-listado\"><a href=\"https:\/\/www.visitgastroh.com\/fr\/store\/tour-forte-s-xiii\/\"><div class=\"ficha-defecto\">\n<h2>FORT TOUR S.XIII Maison Rurale<\/h2>\n<h3>(BAINS DE LA RIOJA)<\/h3>\nLa Torre Fuerte de Ba\u00f1os de Rioja, est une tour d'hommage du XIIIe si\u00e8cle, et faisait partie d'une forteresse que la famille L\u00f3pez de Haro, (Seigneurs de Vizcaya), a ordonn\u00e9 de construire \u00e0 la fin de l'ann\u00e9e 1200, c'\u00e9tait D .Diego L\u00f3pez III de Haro (fondateur de la ville de Bilbao). \u00c0 l'origine, il avait deux tours, un mur avec des bastions d\u00e9fensifs, un foss\u00e9 et il \u00e9tait compl\u00e9t\u00e9 par des cr\u00e9neaux. Cette Tour Forte est d\u00e9clar\u00e9e Patrimoine Historique.\n\nLa tour a quatre \u00e9tages. Un ascenseur confortable acc\u00e8de directement \u00e0 chacune de ses quatre belles et spacieuses suites de 35m2, situ\u00e9es une \u00e0 chaque \u00e9tage, elles sont \u00e9galement accessibles par un escalier \u00e0 vis en fer forg\u00e9.\n\nElles sont toutes d\u00e9cor\u00e9es et am\u00e9nag\u00e9es dans un style m\u00e9di\u00e9val marqu\u00e9, en prenant grand soin de chaque d\u00e9tail et de chaque ornement. Elles sont \u00e9quip\u00e9es de lits King-size, qui peuvent \u00eatre convertis en deux lits, disposent de chauffage, TV, bureau, Wi-Fi, \u00e9quiper. musique, minibar, bouilloire avec service th\u00e9 et caf\u00e9, lit suppl\u00e9mentaire et salles de bain compl\u00e8tes avec s\u00e8che-cheveux et produits d'accueil. Le rez-de-chauss\u00e9e, ou \"\u00e9tage noble\", est utilis\u00e9 comme salle de s\u00e9jour, o\u00f9 le petit-d\u00e9jeuner est servi. Et au sommet de la tour, on trouve une belle terrasse-solarium, pour profiter des vues impressionnantes sur la vall\u00e9e d'Oja.\n\n<\/div><\/a><\/div><h4>Contact <\/h4><div class=\"link-tienda\"><strong><a href=\"https:\/\/www.visitgastroh.com\/fr\/store\/tour-forte-s-xiii\/\">+ Info<\/a><\/strong><\/div><\/div><\/div><\/div>[\/vc_column_text][\/vc_column][\/vc_row]\n","protected":false},"excerpt":{"rendered":"<p>[vc_row type=&#8221;full_width_background&#8221; full_screen_row_position=&#8221;middle&#8221; column_margin=&#8221;default&#8221; equal_height=&#8221;yes&#8221; content_placement=&#8221;middle&#8221; column_direction=&#8221;default&#8221; column_direction_tablet=&#8221;default&#8221; column_direction_phone=&#8221;default&#8221; bg_image=&#8221;39117&#8243; bg_position=&#8221;center center&#8221; background_image_loading=&#8221;default&#8221; bg_repeat=&#8221;no-repeat&#8221; scene_position=&#8221;center&#8221; top_padding=&#8221;5%&#8221; bottom_padding=&#8221;5%&#8221; text_color=&#8221;light&#8221; text_align=&#8221;left&#8221; row_border_radius=&#8221;none&#8221; row_border_radius_applies=&#8221;bg&#8221; color_overlay=&#8221;#000000&#8243; overlay_strength=&#8221;0.5&#8243; gradient_direction=&#8221;left_to_right&#8221; shape_divider_position=&#8221;bottom&#8221; bg_image_animation=&#8221;none&#8221; shape_type=&#8221;&#8221;][vc_column column_padding=&#8221;no-extra-padding&#8221; column_padding_tablet=&#8221;inherit&#8221; column_padding_phone=&#8221;inherit&#8221;&#8230;<\/p>\n","protected":false},"author":1,"featured_media":0,"parent":27694,"menu_order":0,"comment_status":"closed","ping_status":"closed","template":"","meta":{"footnotes":""},"class_list":["post-27691","page","type-page","status-publish"],"_links":{"self":[{"href":"https:\/\/www.visitgastroh.com\/fr\/wp-json\/wp\/v2\/pages\/27691","targetHints":{"allow":["GET"]}}],"collection":[{"href":"https:\/\/www.visitgastroh.com\/fr\/wp-json\/wp\/v2\/pages"}],"about":[{"href":"https:\/\/www.visitgastroh.com\/fr\/wp-json\/wp\/v2\/types\/page"}],"author":[{"embeddable":true,"href":"https:\/\/www.visitgastroh.com\/fr\/wp-json\/wp\/v2\/users\/1"}],"replies":[{"embeddable":true,"href":"https:\/\/www.visitgastroh.com\/fr\/wp-json\/wp\/v2\/comments?post=27691"}],"version-history":[{"count":0,"href":"https:\/\/www.visitgastroh.com\/fr\/wp-json\/wp\/v2\/pages\/27691\/revisions"}],"up":[{"embeddable":true,"href":"https:\/\/www.visitgastroh.com\/fr\/wp-json\/wp\/v2\/pages\/27694"}],"wp:attachment":[{"href":"https:\/\/www.visitgastroh.com\/fr\/wp-json\/wp\/v2\/media?parent=27691"}],"curies":[{"name":"wp","href":"https:\/\/api.w.org\/{rel}","templated":true}]}}