{"id":31263,"date":"2022-03-29T08:17:29","date_gmt":"2022-03-29T06:17:29","guid":{"rendered":"https:\/\/www.visitgastroh.com\/?page_id=31263"},"modified":"2022-05-24T08:26:25","modified_gmt":"2022-05-24T06:26:25","slug":"to-sleep","status":"publish","type":"page","link":"https:\/\/www.visitgastroh.com\/en\/map\/la-rioja\/to-sleep\/","title":{"rendered":"To sleep"},"content":{"rendered":"[vc_row type=&#8221;full_width_background&#8221; full_screen_row_position=&#8221;middle&#8221; column_margin=&#8221;default&#8221; equal_height=&#8221;yes&#8221; content_placement=&#8221;middle&#8221; column_direction=&#8221;default&#8221; column_direction_tablet=&#8221;default&#8221; column_direction_phone=&#8221;default&#8221; bg_image=&#8221;16971&#8243; bg_position=&#8221;center center&#8221; background_image_loading=&#8221;default&#8221; bg_repeat=&#8221;no-repeat&#8221; scene_position=&#8221;center&#8221; top_padding=&#8221;5%&#8221; bottom_padding=&#8221;5%&#8221; text_color=&#8221;light&#8221; text_align=&#8221;left&#8221; row_border_radius=&#8221;none&#8221; row_border_radius_applies=&#8221;bg&#8221; color_overlay=&#8221;#000000&#8243; overlay_strength=&#8221;0.5&#8243; gradient_direction=&#8221;left_to_right&#8221; shape_divider_position=&#8221;bottom&#8221; bg_image_animation=&#8221;none&#8221; shape_type=&#8221;&#8221;][vc_column column_padding=&#8221;no-extra-padding&#8221; column_padding_tablet=&#8221;inherit&#8221; column_padding_phone=&#8221;inherit&#8221; column_padding_position=&#8221;all&#8221; column_element_spacing=&#8221;default&#8221; background_color_opacity=&#8221;1&#8243; background_hover_color_opacity=&#8221;1&#8243; column_shadow=&#8221;none&#8221; column_border_radius=&#8221;none&#8221; column_link_target=&#8221;_self&#8221; gradient_direction=&#8221;left_to_right&#8221; overlay_strength=&#8221;0.3&#8243; width=&#8221;1\/1&#8243; tablet_width_inherit=&#8221;default&#8221; tablet_text_alignment=&#8221;default&#8221; phone_text_alignment=&#8221;default&#8221; bg_image_animation=&#8221;none&#8221; border_type=&#8221;simple&#8221; column_border_width=&#8221;none&#8221; column_border_style=&#8221;solid&#8221;][split_line_heading animation_type=&#8221;default&#8221;]\n<h1 style=\"font-size: 75px;\">Where to sleep!<\/h1>\n[\/split_line_heading][split_line_heading animation_type=&#8221;default&#8221;]\n<h3 style=\"font-size: 36px;\"><strong>LA RIOJA<br \/>\n<\/strong><\/h3>\n[\/split_line_heading][image_with_animation image_url=&#8221;6394&#8243; animation=&#8221;Fade In&#8221; hover_animation=&#8221;none&#8221; alignment=&#8221;&#8221; border_radius=&#8221;none&#8221; box_shadow=&#8221;none&#8221; image_loading=&#8221;default&#8221; max_width=&#8221;100%&#8221; max_width_mobile=&#8221;default&#8221;][\/vc_column][\/vc_row][vc_row type=&#8221;in_container&#8221; full_screen_row_position=&#8221;middle&#8221; column_margin=&#8221;default&#8221; column_direction=&#8221;default&#8221; column_direction_tablet=&#8221;default&#8221; column_direction_phone=&#8221;default&#8221; scene_position=&#8221;center&#8221; text_color=&#8221;dark&#8221; text_align=&#8221;left&#8221; row_border_radius=&#8221;none&#8221; row_border_radius_applies=&#8221;bg&#8221; overlay_strength=&#8221;0.3&#8243; gradient_direction=&#8221;left_to_right&#8221; shape_divider_position=&#8221;bottom&#8221; bg_image_animation=&#8221;none&#8221;][vc_column column_padding=&#8221;no-extra-padding&#8221; column_padding_tablet=&#8221;inherit&#8221; column_padding_phone=&#8221;inherit&#8221; column_padding_position=&#8221;all&#8221; column_element_spacing=&#8221;default&#8221; background_color_opacity=&#8221;1&#8243; background_hover_color_opacity=&#8221;1&#8243; column_shadow=&#8221;none&#8221; column_border_radius=&#8221;none&#8221; column_link_target=&#8221;_self&#8221; gradient_direction=&#8221;left_to_right&#8221; overlay_strength=&#8221;0.3&#8243; width=&#8221;1\/1&#8243; tablet_width_inherit=&#8221;default&#8221; tablet_text_alignment=&#8221;default&#8221; phone_text_alignment=&#8221;default&#8221; bg_image_animation=&#8221;none&#8221; border_type=&#8221;simple&#8221; column_border_width=&#8221;none&#8221; column_border_style=&#8221;solid&#8221;][vc_column_text]<button id=\"menuaGorde\" title=\"Show \/ Hide Filters\"><i class=\"fa fa-filter\"><\/i><\/button><\/p>\n<p><script>\ndocument.getElementById(\"menuaGorde\").addEventListener(\"click\", menuaezkutatu)\nfunction menuaezkutatu() {\n  var zerrenda = document.getElementsByClassName(\"menu-izda\");\n  x = zerrenda[0];\n  if (x.style.display === \"none\") {\n    x.style.display = \"block\";\n  } else {\n    x.style.display = \"none\";\n  }\n}\n<\/script>[\/vc_column_text][\/vc_column][\/vc_row][vc_row type=&#8221;in_container&#8221; full_screen_row_position=&#8221;middle&#8221; column_margin=&#8221;default&#8221; column_direction=&#8221;default&#8221; column_direction_tablet=&#8221;default&#8221; column_direction_phone=&#8221;default&#8221; scene_position=&#8221;center&#8221; top_padding=&#8221;3%&#8221; bottom_padding=&#8221;5%&#8221; text_color=&#8221;dark&#8221; text_align=&#8221;left&#8221; row_border_radius=&#8221;none&#8221; row_border_radius_applies=&#8221;bg&#8221; overlay_strength=&#8221;0.3&#8243; gradient_direction=&#8221;left_to_right&#8221; shape_divider_position=&#8221;bottom&#8221; bg_image_animation=&#8221;none&#8221; shape_type=&#8221;&#8221;][vc_column column_padding=&#8221;no-extra-padding&#8221; column_padding_tablet=&#8221;inherit&#8221; column_padding_phone=&#8221;inherit&#8221; column_padding_position=&#8221;all&#8221; column_element_spacing=&#8221;default&#8221; background_color_opacity=&#8221;1&#8243; background_hover_color_opacity=&#8221;1&#8243; column_shadow=&#8221;none&#8221; column_border_radius=&#8221;none&#8221; column_link_target=&#8221;_self&#8221; el_class=&#8221;menu-izda&#8221; gradient_direction=&#8221;left_to_right&#8221; overlay_strength=&#8221;0.3&#8243; width=&#8221;1\/4&#8243; tablet_width_inherit=&#8221;default&#8221; tablet_text_alignment=&#8221;default&#8221; phone_text_alignment=&#8221;default&#8221; bg_image_animation=&#8221;none&#8221; border_type=&#8221;simple&#8221; column_border_width=&#8221;none&#8221; column_border_style=&#8221;solid&#8221;][vc_column_text]\n<h4>Choose a region:<\/h4>\n[\/vc_column_text][vc_column_text]<img loading=\"lazy\" decoding=\"async\" class=\"size-full wp-image-7132 alignleft\" src=\"https:\/\/www.visitgastroh.com\/wp-content\/uploads\/2022\/01\/mapa-destinos-euskadi-mini.png\" alt=\"\" width=\"45\" height=\"31\" \/><a style=\"color: #61a54d;\" href=\"https:\/\/www.visitgastroh.com\/en\/map\/euskadi\/\"><strong>EUSKADI<\/strong><\/a><\/p>\n<ul class=\"mapa-euskadi\">\n<li><a href=\"https:\/\/www.visitgastroh.com\/en\/map\/euskadi\/eat\/\">Eat<\/a><\/li>\n<li><a href=\"https:\/\/www.visitgastroh.com\/en\/map\/euskadi\/to-sleep\/\">To sleep<\/a><\/li>\n<li><a href=\"https:\/\/www.visitgastroh.com\/en\/map\/euskadi\/to-buy\/\">To buy<\/a><\/li>\n<li><a href=\"https:\/\/www.visitgastroh.com\/en\/map\/euskadi\/to-visit\/\">To visit<\/a><\/li>\n<\/ul>\n<p><img loading=\"lazy\" decoding=\"async\" class=\"size-full alignleft\" src=\"https:\/\/www.visitgastroh.com\/wp-content\/uploads\/2022\/01\/mapa-destinos-navarra-mini.png\" alt=\"\" width=\"45\" height=\"31\" \/><a style=\"color: #c5273b;\" href=\"https:\/\/www.visitgastroh.com\/en\/map\/navarre\/\"><strong>NAVARRE<\/strong><\/a><\/p>\n<ul class=\"mapa-navarra\">\n<li><a href=\"https:\/\/www.visitgastroh.com\/en\/map\/navarre\/eat\/\">Eat<\/a><\/li>\n<li><a href=\"https:\/\/www.visitgastroh.com\/en\/map\/navarre\/to-sleep\/\">To sleep<\/a><\/li>\n<li><a href=\"https:\/\/www.visitgastroh.com\/en\/map\/navarre\/to-buy\/\">To buy<\/a><\/li>\n<li><a href=\"https:\/\/www.visitgastroh.com\/en\/map\/navarre\/to-visit\/\">To visit<\/a><\/li>\n<\/ul>\n<p><img loading=\"lazy\" decoding=\"async\" class=\"size-full alignleft\" src=\"https:\/\/www.visitgastroh.com\/wp-content\/uploads\/2022\/01\/mapa-destinos-la-rioja-mini.png\" alt=\"\" width=\"45\" height=\"31\" \/><a style=\"color: #9f2653;\" href=\"https:\/\/www.visitgastroh.com\/en\/map\/la-rioja\/\"><strong>LA RIOJA<\/strong><\/a><\/p>\n<ul class=\"mapa-la-rioja\">\n<li><a href=\"https:\/\/www.visitgastroh.com\/en\/map\/la-rioja\/eat\/\">Eat<\/a><\/li>\n<li><a href=\"https:\/\/www.visitgastroh.com\/en\/map\/la-rioja\/to-sleep\/\">To sleep<\/a><\/li>\n<li><a href=\"https:\/\/www.visitgastroh.com\/en\/map\/la-rioja\/to-buy\/\">To buy<\/a><\/li>\n<li><a href=\"https:\/\/www.visitgastroh.com\/en\/map\/la-rioja\/to-visit\/\">To visit<\/a><\/li>\n<\/ul>\n<p><img loading=\"lazy\" decoding=\"async\" class=\"size-full alignleft\" src=\"https:\/\/www.visitgastroh.com\/wp-content\/uploads\/2022\/01\/mapa-destinos-pays-basque-mini.png\" alt=\"\" width=\"45\" height=\"31\" \/><a style=\"color: #8bc3e7;\" href=\"https:\/\/www.visitgastroh.com\/en\/map\/pays-basque\/\"><strong>PAYS BASQUE<\/strong><\/a><\/p>\n<ul class=\"mapa-pays-basque\">\n<li><a href=\"https:\/\/www.visitgastroh.com\/en\/map\/pays-basque\/eat\/\">Eat<\/a><\/li>\n<li><a href=\"https:\/\/www.visitgastroh.com\/en\/map\/pays-basque\/to-sleep\/\">To sleep<\/a><\/li>\n<li><a href=\"https:\/\/www.visitgastroh.com\/en\/map\/pays-basque\/to-buy\/\">To buy<\/a><\/li>\n<li><a href=\"https:\/\/www.visitgastroh.com\/en\/map\/pays-basque\/to-visit\/\">To visit<\/a><\/li>\n<\/ul>\n<p><img loading=\"lazy\" decoding=\"async\" class=\"size-full alignleft\" src=\"https:\/\/www.visitgastroh.com\/wp-content\/uploads\/2022\/01\/mapa-destinos-bearn-mini.png\" alt=\"\" width=\"45\" height=\"31\" \/><a style=\"color: #e7b32d;\" href=\"https:\/\/www.visitgastroh.com\/en\/map\/bearn\/\"><strong>BEARN<\/strong><\/a><\/p>\n<ul class=\"mapa-bearn\">\n<li><a href=\"https:\/\/www.visitgastroh.com\/en\/map\/bearn\/eat\/\">Eat<\/a><\/li>\n<li><a href=\"https:\/\/www.visitgastroh.com\/en\/map\/bearn\/to-sleep\/\">To sleep<\/a><\/li>\n<li><a href=\"https:\/\/www.visitgastroh.com\/en\/map\/bearn\/to-buy\/\">To buy<\/a><\/li>\n<li><a href=\"https:\/\/www.visitgastroh.com\/en\/map\/bearn\/to-visit\/\">To visit<\/a><\/li>\n<\/ul>\n[\/vc_column_text][vc_column_text]        <form id=\"store_locator_embedded_search\" class=\"store_locator_embedded_search\" action=\"https:\/\/www.visitgastroh.com\/en\/map\/la-rioja\/to-sleep\/\" method=\"GET\">            <div id=\"store_locator_search_box\" class=\"store_locator store_locator_search_box store-locator-col-12 store-locator-col-sm-12\">                                            <div id=\"store_locator_filter\" class=\"store_locator_filter\">            <div id=\"store_locator_filter_content\" class=\"store-locator-row store_locator_filter_content\">                <div id=\"filter395\" class=\"store-locator-col-12 single_filter\"><h5 class=\"collapsible-visit filtroa-itxita\">Accommodation facilities<\/h5><div class=\"filtroa\" style=\"display: none;\"><label class=\"single_filter_checkbox control control--checkbox\"><input  name=\"filter395[]\" type=\"checkbox\" class=\"store_locator_filter_checkbox\" value=\"398\">Air conditioning<div class=\"control__indicator\"><\/div><\/label><label class=\"single_filter_checkbox control control--checkbox\"><input  name=\"filter395[]\" type=\"checkbox\" class=\"store_locator_filter_checkbox\" value=\"399\">Bar \/ cafeteria<div class=\"control__indicator\"><\/div><\/label><label class=\"single_filter_checkbox control control--checkbox\"><input  name=\"filter395[]\" type=\"checkbox\" class=\"store_locator_filter_checkbox\" value=\"403\">Bike rental and\/or storage service<div class=\"control__indicator\"><\/div><\/label><label class=\"single_filter_checkbox control control--checkbox\"><input  name=\"filter395[]\" type=\"checkbox\" class=\"store_locator_filter_checkbox\" value=\"401\">Car park<div class=\"control__indicator\"><\/div><\/label><label class=\"single_filter_checkbox control control--checkbox\"><input  name=\"filter395[]\" type=\"checkbox\" class=\"store_locator_filter_checkbox\" value=\"396\">Disabled-friendly<div class=\"control__indicator\"><\/div><\/label><label class=\"single_filter_checkbox control control--checkbox\"><input  name=\"filter395[]\" type=\"checkbox\" class=\"store_locator_filter_checkbox\" value=\"400\">E-vehicle charging station<div class=\"control__indicator\"><\/div><\/label><label class=\"single_filter_checkbox control control--checkbox\"><input  name=\"filter395[]\" type=\"checkbox\" class=\"store_locator_filter_checkbox\" value=\"404\">Free WIFI<div class=\"control__indicator\"><\/div><\/label><label class=\"single_filter_checkbox control control--checkbox\"><input  name=\"filter395[]\" type=\"checkbox\" class=\"store_locator_filter_checkbox\" value=\"397\">Pets allowed<div class=\"control__indicator\"><\/div><\/label><label class=\"single_filter_checkbox control control--checkbox\"><input  name=\"filter395[]\" type=\"checkbox\" class=\"store_locator_filter_checkbox\" value=\"402\">Restaurant<div class=\"control__indicator\"><\/div><\/label><\/div><\/div><div id=\"filter375\" class=\"store-locator-col-12 single_filter\"><h5 class=\"collapsible-visit filtroa-itxita\">Category<\/h5><div class=\"filtroa\" style=\"display: none;\"><label class=\"single_filter_checkbox control control--checkbox\"><input  name=\"filter375[]\" type=\"checkbox\" class=\"store_locator_filter_checkbox\" value=\"376\">1 star<div class=\"control__indicator\"><\/div><\/label><label class=\"single_filter_checkbox control control--checkbox\"><input  name=\"filter375[]\" type=\"checkbox\" class=\"store_locator_filter_checkbox\" value=\"379\">2 keys<div class=\"control__indicator\"><\/div><\/label><label class=\"single_filter_checkbox control control--checkbox\"><input  name=\"filter375[]\" type=\"checkbox\" class=\"store_locator_filter_checkbox\" value=\"378\">2 stars<div class=\"control__indicator\"><\/div><\/label><label class=\"single_filter_checkbox control control--checkbox\"><input  name=\"filter375[]\" type=\"checkbox\" class=\"store_locator_filter_checkbox\" value=\"381\">3 keys<div class=\"control__indicator\"><\/div><\/label><label class=\"single_filter_checkbox control control--checkbox\"><input  name=\"filter375[]\" type=\"checkbox\" class=\"store_locator_filter_checkbox\" value=\"380\">3 stars<div class=\"control__indicator\"><\/div><\/label><label class=\"single_filter_checkbox control control--checkbox\"><input  name=\"filter375[]\" type=\"checkbox\" class=\"store_locator_filter_checkbox\" value=\"383\">4 keys<div class=\"control__indicator\"><\/div><\/label><label class=\"single_filter_checkbox control control--checkbox\"><input  name=\"filter375[]\" type=\"checkbox\" class=\"store_locator_filter_checkbox\" value=\"382\">4 stars<div class=\"control__indicator\"><\/div><\/label><label class=\"single_filter_checkbox control control--checkbox\"><input  name=\"filter375[]\" type=\"checkbox\" class=\"store_locator_filter_checkbox\" value=\"384\">5 stars<div class=\"control__indicator\"><\/div><\/label><\/div><\/div><div id=\"filter437\" class=\"store-locator-col-12 single_filter\"><h5 class=\"collapsible-visit filtroa-itxita\">Type of accommodation<\/h5><div class=\"filtroa\" style=\"display: none;\"><label class=\"single_filter_checkbox control control--checkbox\"><input  name=\"filter437[]\" type=\"checkbox\" class=\"store_locator_filter_checkbox\" value=\"441\">Campsites<div class=\"control__indicator\"><\/div><\/label><label class=\"single_filter_checkbox control control--checkbox\"><input  name=\"filter437[]\" type=\"checkbox\" class=\"store_locator_filter_checkbox\" value=\"442\">Country holiday homes<div class=\"control__indicator\"><\/div><\/label><label class=\"single_filter_checkbox control control--checkbox\"><input  name=\"filter437[]\" type=\"checkbox\" class=\"store_locator_filter_checkbox\" value=\"438\">Group accommodation \/ Hostels<div class=\"control__indicator\"><\/div><\/label><label class=\"single_filter_checkbox control control--checkbox\"><input  name=\"filter437[]\" type=\"checkbox\" class=\"store_locator_filter_checkbox\" value=\"443\">Guest house<div class=\"control__indicator\"><\/div><\/label><label class=\"single_filter_checkbox control control--checkbox\"><input  name=\"filter437[]\" type=\"checkbox\" class=\"store_locator_filter_checkbox\" value=\"444\">Hotel<div class=\"control__indicator\"><\/div><\/label><label class=\"single_filter_checkbox control control--checkbox\"><input  name=\"filter437[]\" type=\"checkbox\" class=\"store_locator_filter_checkbox\" value=\"440\">Spa \/ Hot springs<div class=\"control__indicator\"><\/div><\/label><label class=\"single_filter_checkbox control control--checkbox\"><input  name=\"filter437[]\" type=\"checkbox\" class=\"store_locator_filter_checkbox\" value=\"439\">Tourist apartment<div class=\"control__indicator\"><\/div><\/label><\/div><\/div>            <\/div>        <\/div>        <script>        var coll = document.getElementsByClassName(\"collapsible-visit\");        var i;        for (i = 0; i < coll.length; i++) {          coll[i].addEventListener(\"click\", function() {            this.classList.toggle(\"active\");            var content = this.nextElementSibling;            if (content.style.display === \"block\") {              content.style.display = \"none\";              this.classList.remove('filtroa-irekita');              this.classList.add(\"filtroa-itxita\");            } else {              content.style.display = \"block\";              this.classList.remove('filtroa-itxita');              this.classList.add(\"filtroa-irekita\");            }          });        }        <\/script>                                                        <div class=\"store-locator-row bilaketa-botoia\">                    <div class=\"store-locator-col-12 store-locator-col-sm-12\">                        <button id=\"store_locator_find_stores_button\" type=\"submit\" class=\"store_locator_find_stores_button btn button et_pb_button btn-primary btn-lg\">Search                        <\/button>                    <\/div>                <\/div>            <\/div>        <\/form>        [\/vc_column_text][\/vc_column][vc_column column_padding=&#8221;no-extra-padding&#8221; column_padding_tablet=&#8221;inherit&#8221; column_padding_phone=&#8221;inherit&#8221; column_padding_position=&#8221;all&#8221; column_element_spacing=&#8221;default&#8221; background_color_opacity=&#8221;1&#8243; background_hover_color_opacity=&#8221;1&#8243; column_shadow=&#8221;none&#8221; column_border_radius=&#8221;none&#8221; column_link_target=&#8221;_self&#8221; gradient_direction=&#8221;left_to_right&#8221; overlay_strength=&#8221;0.3&#8243; width=&#8221;3\/4&#8243; tablet_width_inherit=&#8221;default&#8221; tablet_text_alignment=&#8221;default&#8221; phone_text_alignment=&#8221;default&#8221; bg_image_animation=&#8221;none&#8221; border_type=&#8221;simple&#8221; column_border_width=&#8221;none&#8221; column_border_style=&#8221;solid&#8221;][vc_column_text]<div class=\"wordpress-store-locator-list-container\"><h2 class=\"wordpress-store-locator-list-title\">LA RIOJA<\/h2><div class=\"wordpress-store-locator-list-content\"><p>Choose an establishment<\/p>\n<\/div><script src=\"https:\/\/unpkg.com\/@googlemaps\/markerclusterer\/dist\/index.min.js\"><\/script>\n<div class=\"store-locator-row\">\n    <div id=\"visitMap\" class=\"store-locator-col-12\"><\/div>\n<\/div>\n\n<script>\n    function initMapa() {\n      const myLatLng = { lat: 42.81687, lng: -1.64323 };\n      \/\/ const myLatLng = { lat: -25.363, lng: 131.044 };\n      const map = new google.maps.Map(document.getElementById(\"visitMap\"), {\n        zoom: 8,\n        mapTypeControl: false,\n        center: myLatLng,\n      });\n      const markers = [];marker0 = new google.maps.Marker({position: {lat: 42.3252841, lng: -3.0148706},map,title: \"Apartamentos Ezcaray\",});\n    markers.push(marker0);\n    const infowindow0 = new google.maps.InfoWindow({\n        content: `<div id=\"store_locator_infowindow_35083\" class=\"store_locator_infowindow\"><div class=\"store-locator-col-sm-12 store_locator_details\"><h3 class=\"store_locator_name\"><a href=\"https:\/\/www.visitgastroh.com\/en\/store\/apartamentos-ezcaray\/\">Apartamentos Ezcaray<\/a><\/h3><p><a href=\"https:\/\/www.visitgastroh.com\/en\/store\/apartamentos-ezcaray\/\"><img loading=\"lazy\" decoding=\"async\" width=\"700\" height=\"462\" src=\"https:\/\/www.visitgastroh.com\/wp-content\/uploads\/2022\/04\/apartamentos-ezcaray-fachada.jpg\" class=\"attachment-post-thumbnail size-post-thumbnail wp-post-image\" alt=\"\" srcset=\"https:\/\/www.visitgastroh.com\/wp-content\/uploads\/2022\/04\/apartamentos-ezcaray-fachada.jpg 700w, https:\/\/www.visitgastroh.com\/wp-content\/uploads\/2022\/04\/apartamentos-ezcaray-fachada-300x198.jpg 300w\" sizes=\"auto, (max-width: 700px) 100vw, 700px\" \/><\/a><\/p><p class=\"store_locator_excerpt\">EZCARAY Apartments (EZCARAY) Apartamentos Tur\u00edsticos Ezcaray is a beautiful set of Tourist Apartments, dedicated to rural tourism in La Rioja. Modern Building with traditional architecture and careful interior decoration. In...<\/p><p class=\"store_locator_address\"><span class=\"store_locator_street\">Calle Del Fuero n\u00ba7<br\/><\/span> <span class=\"store_locator_zip\">26280 <\/span> <span class=\"store_locator_city\">Ezcaray<br\/><\/span> <span class=\"store_locator_region\">The Rioja<\/span> <\/p><p class=\"store_locator_contact\"><span class=\"store_locator_tel\">Tel.: <a href=\"tel:+34618708585\">+34618708585<\/a><br\/><\/span><span class=\"store_locator_email\">Email: <a href=\"mailto:info@apartamentosezcaray.com\">info@apartamentosezcaray.com<\/a><br\/><\/span><span class=\"store_locator_website\">Website: <a href=\"https:\/\/www.apartamentosezcaray.com\/\">https:\/\/www.apartamentosezcaray.com\/<\/a><br\/><\/span><\/p><\/div>`,\n      });\n\n    marker0.addListener(\"click\", () => {\n        infowindow0.open({\n          anchor: marker0,\n          map,\n          shouldFocus: false,\n        });\n    });marker1 = new google.maps.Marker({position: {lat: 42.33752512437599, lng: -2.2014705261810286},map,title: \"CASA DE LA CONDESA\",});\n    markers.push(marker1);\n    const infowindow1 = new google.maps.InfoWindow({\n        content: `<div id=\"store_locator_infowindow_32404\" class=\"store_locator_infowindow\"><div class=\"store-locator-col-sm-12 store_locator_details\"><h3 class=\"store_locator_name\"><a href=\"https:\/\/www.visitgastroh.com\/en\/store\/casa-de-la-condesa\/\">CASA DE LA CONDESA<\/a><\/h3><p><a href=\"https:\/\/www.visitgastroh.com\/en\/store\/casa-de-la-condesa\/\"><img loading=\"lazy\" decoding=\"async\" width=\"2560\" height=\"1920\" src=\"https:\/\/www.visitgastroh.com\/wp-content\/uploads\/2022\/03\/1-FOTO-FACHADA-CASA-IMG_7052-scaled.jpg\" class=\"attachment-post-thumbnail size-post-thumbnail wp-post-image\" alt=\"\" srcset=\"https:\/\/www.visitgastroh.com\/wp-content\/uploads\/2022\/03\/1-FOTO-FACHADA-CASA-IMG_7052-scaled.jpg 2560w, https:\/\/www.visitgastroh.com\/wp-content\/uploads\/2022\/03\/1-FOTO-FACHADA-CASA-IMG_7052-300x225.jpg 300w, https:\/\/www.visitgastroh.com\/wp-content\/uploads\/2022\/03\/1-FOTO-FACHADA-CASA-IMG_7052-1024x768.jpg 1024w, https:\/\/www.visitgastroh.com\/wp-content\/uploads\/2022\/03\/1-FOTO-FACHADA-CASA-IMG_7052-768x576.jpg 768w, https:\/\/www.visitgastroh.com\/wp-content\/uploads\/2022\/03\/1-FOTO-FACHADA-CASA-IMG_7052-1536x1152.jpg 1536w, https:\/\/www.visitgastroh.com\/wp-content\/uploads\/2022\/03\/1-FOTO-FACHADA-CASA-IMG_7052-2048x1536.jpg 2048w\" sizes=\"auto, (max-width: 2560px) 100vw, 2560px\" \/><\/a><\/p><p class=\"store_locator_excerpt\">CASA DE LA CONDESA Casa Rural (EL REDAL) The &#8220;Casa de la Condesa&#8221; is a historic building with a romantic garden. The fa\u00e7ade of the manor house is classical in...<\/p><p class=\"store_locator_address\"><span class=\"store_locator_street\">Calle Jazm\u00edn n\u00ba2<br\/><\/span> <span class=\"store_locator_zip\">26146<\/span> <span class=\"store_locator_city\">El Redal<br\/><\/span> <span class=\"store_locator_region\">La Rioja<\/span> <\/p><p class=\"store_locator_contact\"><span class=\"store_locator_tel\">Tel.: <a href=\"tel:+34 609466509\">+34 609466509<\/a><br\/><\/span><span class=\"store_locator_email\">Email: <a href=\"mailto:elredalcasadelacondesa@gmail.com\">elredalcasadelacondesa@gmail.com<\/a><br\/><\/span><span class=\"store_locator_mobile\">M\u00f3vil: <a href=\"tel:+34 609466509- +34 660423129\">+34 609466509- +34 660423129<\/a><br\/><\/span><span class=\"store_locator_website\">Website: <a href=\"https:\/\/www.casaruraldelacondesa.com\/\">https:\/\/www.casaruraldelacondesa.com\/<\/a><br\/><\/span><\/p><\/div>`,\n      });\n\n    marker1.addListener(\"click\", () => {\n        infowindow1.open({\n          anchor: marker1,\n          map,\n          shouldFocus: false,\n        });\n    });marker2 = new google.maps.Marker({position: {lat: 42.3686584, lng: -2.6570436},map,title: \"CASA DEL AGUA - LA RIOJA\",});\n    markers.push(marker2);\n    const infowindow2 = new google.maps.InfoWindow({\n        content: `<div id=\"store_locator_infowindow_34657\" class=\"store_locator_infowindow\"><div class=\"store-locator-col-sm-12 store_locator_details\"><h3 class=\"store_locator_name\"><a href=\"https:\/\/www.visitgastroh.com\/en\/store\/casa-del-agua-la-rioja\/\">CASA DEL AGUA - LA RIOJA<\/a><\/h3><p><a href=\"https:\/\/www.visitgastroh.com\/en\/store\/casa-del-agua-la-rioja\/\"><\/a><\/p><p class=\"store_locator_excerpt\">CASA DEL AGUA &#8211; LA RIOJA (Santa Coloma) Description text&#8230;<\/p><p class=\"store_locator_address\"><span class=\"store_locator_street\">Camino a Bezares s\/n<br\/><\/span> <span class=\"store_locator_zip\">26315<\/span> <span class=\"store_locator_city\">Santa Coloma<br\/><\/span> <span class=\"store_locator_region\">La Rioja<\/span> <\/p><p class=\"store_locator_contact\"><span class=\"store_locator_tel\">Tel.: <a href=\"tel:+34 647 602 353\">+34 647 602 353<\/a><br\/><\/span><span class=\"store_locator_email\">Email: <a href=\"mailto:info@casadelagualarioja.com\">info@casadelagualarioja.com<\/a><br\/><\/span><span class=\"store_locator_mobile\">M\u00f3vil: <a href=\"tel:+34 647 602 353\">+34 647 602 353<\/a><br\/><\/span><span class=\"store_locator_website\">Website: <a href=\"http:\/\/www.casadelagualarioja.com\">http:\/\/www.casadelagualarioja.com<\/a><br\/><\/span><\/p><\/div>`,\n      });\n\n    marker2.addListener(\"click\", () => {\n        infowindow2.open({\n          anchor: marker2,\n          map,\n          shouldFocus: false,\n        });\n    });marker3 = new google.maps.Marker({position: {lat: 42.450080497349916, lng: -3.0266676158691475},map,title: \"Casa Grande Hotel\",});\n    markers.push(marker3);\n    const infowindow3 = new google.maps.InfoWindow({\n        content: `<div id=\"store_locator_infowindow_32389\" class=\"store_locator_infowindow\"><div class=\"store-locator-col-sm-12 store_locator_details\"><h3 class=\"store_locator_name\"><a href=\"https:\/\/www.visitgastroh.com\/en\/store\/casa-grande-hotel\/\">Casa Grande Hotel<\/a><\/h3><p><a href=\"https:\/\/www.visitgastroh.com\/en\/store\/casa-grande-hotel\/\"><img loading=\"lazy\" decoding=\"async\" width=\"1024\" height=\"768\" src=\"https:\/\/www.visitgastroh.com\/wp-content\/uploads\/2022\/02\/IMG-20200611-WA0007.jpg\" class=\"attachment-post-thumbnail size-post-thumbnail wp-post-image\" alt=\"\" srcset=\"https:\/\/www.visitgastroh.com\/wp-content\/uploads\/2022\/02\/IMG-20200611-WA0007.jpg 1024w, https:\/\/www.visitgastroh.com\/wp-content\/uploads\/2022\/02\/IMG-20200611-WA0007-300x225.jpg 300w, https:\/\/www.visitgastroh.com\/wp-content\/uploads\/2022\/02\/IMG-20200611-WA0007-768x576.jpg 768w\" sizes=\"auto, (max-width: 1024px) 100vw, 1024px\" \/><\/a><\/p><p class=\"store_locator_excerpt\">CASA GRANDE Hotel **** (GRA\u00d1\u00d3N) Boutique Hotel 4 stars, designed by Frencesc Rif\u00e9, we have 11 rooms and a restaurant. We are in front of the church square, the oldest...<\/p><p class=\"store_locator_address\"><span class=\"store_locator_street\">Calle El Ca\u00f1o n\u00ba13<br\/><\/span> <span class=\"store_locator_zip\">26259<\/span> <span class=\"store_locator_city\">Gra\u00f1\u00f3n<br\/><\/span> <span class=\"store_locator_region\">La Rioja<\/span> <\/p><p class=\"store_locator_contact\"><span class=\"store_locator_tel\">Tel.: <a href=\"tel:+34 605982303  \">+34 605982303  <\/a><br\/><\/span><span class=\"store_locator_email\">Email: <a href=\"mailto:info@casagrandehotel.net \">info@casagrandehotel.net <\/a><br\/><\/span><span class=\"store_locator_mobile\">M\u00f3vil: <a href=\"tel:+34 605982303  \">+34 605982303  <\/a><br\/><\/span><span class=\"store_locator_website\">Website: <a href=\"https:\/\/casagrandehotel.net\/\">https:\/\/casagrandehotel.net\/<\/a><br\/><\/span><\/p><\/div>`,\n      });\n\n    marker3.addListener(\"click\", () => {\n        infowindow3.open({\n          anchor: marker3,\n          map,\n          shouldFocus: false,\n        });\n    });marker4 = new google.maps.Marker({position: {lat: 42.3260738, lng: -3.0138183},map,title: \"Casa Masip Hotel\",});\n    markers.push(marker4);\n    const infowindow4 = new google.maps.InfoWindow({\n        content: `<div id=\"store_locator_infowindow_35087\" class=\"store_locator_infowindow\"><div class=\"store-locator-col-sm-12 store_locator_details\"><h3 class=\"store_locator_name\"><a href=\"https:\/\/www.visitgastroh.com\/en\/store\/casa-masip-hotel\/\">Casa Masip Hotel<\/a><\/h3><p><a href=\"https:\/\/www.visitgastroh.com\/en\/store\/casa-masip-hotel\/\"><img loading=\"lazy\" decoding=\"async\" width=\"1007\" height=\"547\" src=\"https:\/\/www.visitgastroh.com\/wp-content\/uploads\/2022\/04\/hotel-casa-masip-nombre.jpg\" class=\"attachment-post-thumbnail size-post-thumbnail wp-post-image\" alt=\"\" srcset=\"https:\/\/www.visitgastroh.com\/wp-content\/uploads\/2022\/04\/hotel-casa-masip-nombre.jpg 1007w, https:\/\/www.visitgastroh.com\/wp-content\/uploads\/2022\/04\/hotel-casa-masip-nombre-300x163.jpg 300w, https:\/\/www.visitgastroh.com\/wp-content\/uploads\/2022\/04\/hotel-casa-masip-nombre-768x417.jpg 768w\" sizes=\"auto, (max-width: 1007px) 100vw, 1007px\" \/><\/a><\/p><p class=\"store_locator_excerpt\">Casa Masip Hotel (Ezcaray) Casa Masip offers you accommodation and restaurants in the paradise of Rioja Alta. In the charming Villa de Ezcaray, we offer you accommodation, restaurants and snacks,...<\/p><p class=\"store_locator_address\"><span class=\"store_locator_street\">Avda. Academia Militar 4 y 6<br\/><\/span> <span class=\"store_locator_zip\">26280 <\/span> <span class=\"store_locator_city\">Ezcaray<br\/><\/span> <span class=\"store_locator_region\">La Rioja<\/span> <\/p><p class=\"store_locator_contact\"><span class=\"store_locator_tel\">Tel.: <a href=\"tel:+34 941 35 43 27\">+34 941 35 43 27<\/a><br\/><\/span><span class=\"store_locator_email\">Email: <a href=\"mailto:info@casamasip.com\">info@casamasip.com<\/a><br\/><\/span><span class=\"store_locator_website\">Website: <a href=\"https:\/\/www.casamasip.com\/\">https:\/\/www.casamasip.com\/<\/a><br\/><\/span><\/p><\/div>`,\n      });\n\n    marker4.addListener(\"click\", () => {\n        infowindow4.open({\n          anchor: marker4,\n          map,\n          shouldFocus: false,\n        });\n    });marker5 = new google.maps.Marker({position: {lat: 42.19600870000001, lng: -2.6971442},map,title: \"CASA RURAL ENTREBOSQUES\",});\n    markers.push(marker5);\n    const infowindow5 = new google.maps.InfoWindow({\n        content: `<div id=\"store_locator_infowindow_34488\" class=\"store_locator_infowindow\"><div class=\"store-locator-col-sm-12 store_locator_details\"><h3 class=\"store_locator_name\"><a href=\"https:\/\/www.visitgastroh.com\/en\/store\/casa-rural-entrebosques\/\">CASA RURAL ENTREBOSQUES<\/a><\/h3><p><a href=\"https:\/\/www.visitgastroh.com\/en\/store\/casa-rural-entrebosques\/\"><img loading=\"lazy\" decoding=\"async\" width=\"1280\" height=\"960\" src=\"https:\/\/www.visitgastroh.com\/wp-content\/uploads\/2022\/03\/photo1624622701-1.jpeg\" class=\"attachment-post-thumbnail size-post-thumbnail wp-post-image\" alt=\"\" srcset=\"https:\/\/www.visitgastroh.com\/wp-content\/uploads\/2022\/03\/photo1624622701-1.jpeg 1280w, https:\/\/www.visitgastroh.com\/wp-content\/uploads\/2022\/03\/photo1624622701-1-300x225.jpeg 300w, https:\/\/www.visitgastroh.com\/wp-content\/uploads\/2022\/03\/photo1624622701-1-1024x768.jpeg 1024w, https:\/\/www.visitgastroh.com\/wp-content\/uploads\/2022\/03\/photo1624622701-1-768x576.jpeg 768w\" sizes=\"auto, (max-width: 1280px) 100vw, 1280px\" \/><\/a><\/p><p class=\"store_locator_excerpt\">ENTREBOSQUES Rural House (EL RASILLO DE CAMEROS) Casa Rural Entre Bosques, is located in the Sierra de Cameros surrounded by pines and oaks, our neighbors the deer and small squirrels....<\/p><p class=\"store_locator_address\"><span class=\"store_locator_street\">Becolar Street, 7 <br\/><\/span> <span class=\"store_locator_zip\">26124<\/span> <span class=\"store_locator_city\">El Rasillo de Cameros <br\/><\/span> <span class=\"store_locator_region\">Rioja<\/span> <\/p><p class=\"store_locator_contact\"><span class=\"store_locator_tel\">Tel.: <a href=\"tel:+34 616 412 769\">+34 616 412 769<\/a><br\/><\/span><span class=\"store_locator_email\">Email: <a href=\"mailto:info@casaentrebosques.com \">info@casaentrebosques.com <\/a><br\/><\/span><span class=\"store_locator_mobile\">M\u00f3vil: <a href=\"tel:+34616412769\">+34616412769<\/a><br\/><\/span><span class=\"store_locator_website\">Website: <a href=\"www.casaentrebosques.com \">www.casaentrebosques.com <\/a><br\/><\/span><\/p><\/div>`,\n      });\n\n    marker5.addListener(\"click\", () => {\n        infowindow5.open({\n          anchor: marker5,\n          map,\n          shouldFocus: false,\n        });\n    });marker6 = new google.maps.Marker({position: {lat: 42.21199421824291, lng: -2.2352056478504223},map,title: \"CASA RURAL LAS PEDROLAS\",});\n    markers.push(marker6);\n    const infowindow6 = new google.maps.InfoWindow({\n        content: `<div id=\"store_locator_infowindow_32403\" class=\"store_locator_infowindow\"><div class=\"store-locator-col-sm-12 store_locator_details\"><h3 class=\"store_locator_name\"><a href=\"https:\/\/www.visitgastroh.com\/en\/store\/casa-rural-las-pedrolas\/\">CASA RURAL LAS PEDROLAS<\/a><\/h3><p><a href=\"https:\/\/www.visitgastroh.com\/en\/store\/casa-rural-las-pedrolas\/\"><img loading=\"lazy\" decoding=\"async\" width=\"1200\" height=\"795\" src=\"https:\/\/www.visitgastroh.com\/wp-content\/uploads\/2022\/03\/casa-1H.jpg\" class=\"attachment-post-thumbnail size-post-thumbnail wp-post-image\" alt=\"\" srcset=\"https:\/\/www.visitgastroh.com\/wp-content\/uploads\/2022\/03\/casa-1H.jpg 1200w, https:\/\/www.visitgastroh.com\/wp-content\/uploads\/2022\/03\/casa-1H-300x199.jpg 300w, https:\/\/www.visitgastroh.com\/wp-content\/uploads\/2022\/03\/casa-1H-1024x678.jpg 1024w, https:\/\/www.visitgastroh.com\/wp-content\/uploads\/2022\/03\/casa-1H-768x509.jpg 768w\" sizes=\"auto, (max-width: 1200px) 100vw, 1200px\" \/><\/a><\/p><p class=\"store_locator_excerpt\">CASA RURAL LAS PEDROLAS Casa Rural (ARNEDILLO) Las Pedrolas is a manor house from 1760 with the heraldic shield of the Gonz\u00e1lez family highlighted on its main fa\u00e7ade. It is...<\/p><p class=\"store_locator_address\"><span class=\"store_locator_street\">Plaza F\u00e9lix Merino<br\/><\/span> <span class=\"store_locator_zip\">26589<\/span> <span class=\"store_locator_city\">Arnedillo<br\/><\/span> <span class=\"store_locator_region\">La Rioja<\/span> <\/p><p class=\"store_locator_contact\"><span class=\"store_locator_tel\">Tel.: <a href=\"tel:+34 941 39 44 01\">+34 941 39 44 01<\/a><br\/><\/span><span class=\"store_locator_email\">Email: <a href=\"mailto:casarurallaspedrolas@gmail.com\">casarurallaspedrolas@gmail.com<\/a><br\/><\/span><span class=\"store_locator_mobile\">M\u00f3vil: <a href=\"tel:+34 666 315 278\">+34 666 315 278<\/a><br\/><\/span><span class=\"store_locator_website\">Website: <a href=\"https:\/\/laspedrolas.es\">https:\/\/laspedrolas.es<\/a><br\/><\/span><\/p><\/div>`,\n      });\n\n    marker6.addListener(\"click\", () => {\n        infowindow6.open({\n          anchor: marker6,\n          map,\n          shouldFocus: false,\n        });\n    });marker7 = new google.maps.Marker({position: {lat: 42.13399020000001, lng: -2.1095802},map,title: \"casa rural muro de aguas-valdete\",});\n    markers.push(marker7);\n    const infowindow7 = new google.maps.InfoWindow({\n        content: `<div id=\"store_locator_infowindow_34661\" class=\"store_locator_infowindow\"><div class=\"store-locator-col-sm-12 store_locator_details\"><h3 class=\"store_locator_name\"><a href=\"https:\/\/www.visitgastroh.com\/en\/store\/casa-rural-muro-de-aguas-valdete\/\">casa rural muro de aguas-valdete<\/a><\/h3><p><a href=\"https:\/\/www.visitgastroh.com\/en\/store\/casa-rural-muro-de-aguas-valdete\/\"><\/a><\/p><p class=\"store_locator_excerpt\">Nombre empresa (Localidad) Muro de aguas La Rioja Our Casa Rural Valdet\u00e9 is a fully restored town house. It is arranged on 3 floors which are accessed by stairs. The...<\/p><p class=\"store_locator_address\"><span class=\"store_locator_street\">Calle Castillo 7 <br\/><\/span> <span class=\"store_locator_zip\">26587<\/span> <span class=\"store_locator_city\">Muro de Aguas<br\/><\/span> <span class=\"store_locator_region\">La Rioja<\/span> <\/p><p class=\"store_locator_contact\"><span class=\"store_locator_tel\">Tel.: <a href=\"tel:+34 680 880 068\">+34 680 880 068<\/a><br\/><\/span><span class=\"store_locator_website\">Website: <a href=\"https:\/\/www.murodeaguas-valdete.com\/\">https:\/\/www.murodeaguas-valdete.com\/<\/a><br\/><\/span><\/p><\/div>`,\n      });\n\n    marker7.addListener(\"click\", () => {\n        infowindow7.open({\n          anchor: marker7,\n          map,\n          shouldFocus: false,\n        });\n    });marker8 = new google.maps.Marker({position: {lat: 42.28153648660978, lng: -3.02649157381897},map,title: \"Casa Rural Zaldierna\",});\n    markers.push(marker8);\n    const infowindow8 = new google.maps.InfoWindow({\n        content: `<div id=\"store_locator_infowindow_32398\" class=\"store_locator_infowindow\"><div class=\"store-locator-col-sm-12 store_locator_details\"><h3 class=\"store_locator_name\"><a href=\"https:\/\/www.visitgastroh.com\/en\/store\/casa-rural-zaldierna\/\">Casa Rural Zaldierna<\/a><\/h3><p><a href=\"https:\/\/www.visitgastroh.com\/en\/store\/casa-rural-zaldierna\/\"><img loading=\"lazy\" decoding=\"async\" width=\"2560\" height=\"1707\" src=\"https:\/\/www.visitgastroh.com\/wp-content\/uploads\/2022\/02\/ZALDIERNA-JR05-scaled.jpg\" class=\"attachment-post-thumbnail size-post-thumbnail wp-post-image\" alt=\"\" srcset=\"https:\/\/www.visitgastroh.com\/wp-content\/uploads\/2022\/02\/ZALDIERNA-JR05-scaled.jpg 2560w, https:\/\/www.visitgastroh.com\/wp-content\/uploads\/2022\/02\/ZALDIERNA-JR05-300x200.jpg 300w, https:\/\/www.visitgastroh.com\/wp-content\/uploads\/2022\/02\/ZALDIERNA-JR05-1024x683.jpg 1024w, https:\/\/www.visitgastroh.com\/wp-content\/uploads\/2022\/02\/ZALDIERNA-JR05-768x512.jpg 768w, https:\/\/www.visitgastroh.com\/wp-content\/uploads\/2022\/02\/ZALDIERNA-JR05-1536x1024.jpg 1536w, https:\/\/www.visitgastroh.com\/wp-content\/uploads\/2022\/02\/ZALDIERNA-JR05-2048x1365.jpg 2048w, https:\/\/www.visitgastroh.com\/wp-content\/uploads\/2022\/02\/ZALDIERNA-JR05-900x600.jpg 900w\" sizes=\"auto, (max-width: 2560px) 100vw, 2560px\" \/><\/a><\/p><p class=\"store_locator_excerpt\">CASA RURAL ZALDIERNA (ZALDIERNA) Rural house Zaldierna is located in the village of Zaldierna, a rural environment in a privileged place, a natural and scenic enclave in the heart of...<\/p><p class=\"store_locator_address\"><span class=\"store_locator_street\">Calle Aldea Zaldierna n\u00ba82<br\/><\/span> <span class=\"store_locator_zip\">26289<\/span> <span class=\"store_locator_city\">Zaldierna<br\/><\/span> <span class=\"store_locator_region\">La Rioja<\/span> <\/p><p class=\"store_locator_contact\"><span class=\"store_locator_tel\">Tel.: <a href=\"tel:+34 941 42 71 53\">+34 941 42 71 53<\/a><br\/><\/span><span class=\"store_locator_email\">Email: <a href=\"mailto:info@casaruralzaldierna.com\">info@casaruralzaldierna.com<\/a><br\/><\/span><span class=\"store_locator_mobile\">M\u00f3vil: <a href=\"tel:+34 670 644 994\">+34 670 644 994<\/a><br\/><\/span><span class=\"store_locator_website\">Website: <a href=\"https:\/\/www.casaruralzaldierna.com\/inicio.html\">https:\/\/www.casaruralzaldierna.com\/inicio.html<\/a><br\/><\/span><\/p><\/div>`,\n      });\n\n    marker8.addListener(\"click\", () => {\n        infowindow8.open({\n          anchor: marker8,\n          map,\n          shouldFocus: false,\n        });\n    });marker9 = new google.maps.Marker({position: {lat: 42.3002019, lng: -2.427128},map,title: \"Casas de Trevijano\",});\n    markers.push(marker9);\n    const infowindow9 = new google.maps.InfoWindow({\n        content: `<div id=\"store_locator_infowindow_32417\" class=\"store_locator_infowindow\"><div class=\"store-locator-col-sm-12 store_locator_details\"><h3 class=\"store_locator_name\"><a href=\"https:\/\/www.visitgastroh.com\/en\/store\/casas-de-trevijano\/\">Casas de Trevijano<\/a><\/h3><p><a href=\"https:\/\/www.visitgastroh.com\/en\/store\/casas-de-trevijano\/\"><img loading=\"lazy\" decoding=\"async\" width=\"2288\" height=\"1520\" src=\"https:\/\/www.visitgastroh.com\/wp-content\/uploads\/2022\/02\/salon-3a-planta.jpg\" class=\"attachment-post-thumbnail size-post-thumbnail wp-post-image\" alt=\"\" srcset=\"https:\/\/www.visitgastroh.com\/wp-content\/uploads\/2022\/02\/salon-3a-planta.jpg 2288w, https:\/\/www.visitgastroh.com\/wp-content\/uploads\/2022\/02\/salon-3a-planta-300x199.jpg 300w, https:\/\/www.visitgastroh.com\/wp-content\/uploads\/2022\/02\/salon-3a-planta-1024x680.jpg 1024w, https:\/\/www.visitgastroh.com\/wp-content\/uploads\/2022\/02\/salon-3a-planta-768x510.jpg 768w, https:\/\/www.visitgastroh.com\/wp-content\/uploads\/2022\/02\/salon-3a-planta-1536x1020.jpg 1536w, https:\/\/www.visitgastroh.com\/wp-content\/uploads\/2022\/02\/salon-3a-planta-2048x1361.jpg 2048w\" sizes=\"auto, (max-width: 2288px) 100vw, 2288px\" \/><\/a><\/p><p class=\"store_locator_excerpt\">CASAS DE TREVIJANO Casa Rural (TREVIJANO DE CAMEROS &#8211; SOTO DE CAMEROS) Complete and totally private accommodation for your family or friends. In a quiet village, next to the countryside...<\/p><p class=\"store_locator_address\"><span class=\"store_locator_street\">Calle Fontena n\u00ba4<br\/><\/span> <span class=\"store_locator_zip\">26132<\/span> <span class=\"store_locator_city\">Soto en cameros<br\/><\/span> <span class=\"store_locator_region\">LA Rioja<\/span> <\/p><p class=\"store_locator_contact\"><span class=\"store_locator_tel\">Tel.: <a href=\"tel:+34 639 180 418\">+34 639 180 418<\/a><br\/><\/span><span class=\"store_locator_email\">Email: <a href=\"mailto:chemiglez@gmail.com\">chemiglez@gmail.com<\/a><br\/><\/span><span class=\"store_locator_mobile\">M\u00f3vil: <a href=\"tel:+34 639180418\">+34 639180418<\/a><br\/><\/span><span class=\"store_locator_website\">Website: <a href=\"https:\/\/casasdetrevijano.com\">https:\/\/casasdetrevijano.com<\/a><br\/><\/span><\/p><\/div>`,\n      });\n\n    marker9.addListener(\"click\", () => {\n        infowindow9.open({\n          anchor: marker9,\n          map,\n          shouldFocus: false,\n        });\n    });marker10 = new google.maps.Marker({position: {lat: 42.25453412889642, lng: -2.6283917779098442},map,title: \"Complejo Turistico rural Villa Liquid\u00e1mbar\",});\n    markers.push(marker10);\n    const infowindow10 = new google.maps.InfoWindow({\n        content: `<div id=\"store_locator_infowindow_32354\" class=\"store_locator_infowindow\"><div class=\"store-locator-col-sm-12 store_locator_details\"><h3 class=\"store_locator_name\"><a href=\"https:\/\/www.visitgastroh.com\/en\/store\/complejo-turistico-rural-villa-liquidambar\/\">Complejo Turistico rural Villa Liquid\u00e1mbar<\/a><\/h3><p><a href=\"https:\/\/www.visitgastroh.com\/en\/store\/complejo-turistico-rural-villa-liquidambar\/\"><img loading=\"lazy\" decoding=\"async\" width=\"2560\" height=\"2154\" src=\"https:\/\/www.visitgastroh.com\/wp-content\/uploads\/2022\/03\/FACHADA-NOCTURNA-DESDE-CANAL-scaled.jpg\" class=\"attachment-post-thumbnail size-post-thumbnail wp-post-image\" alt=\"\" srcset=\"https:\/\/www.visitgastroh.com\/wp-content\/uploads\/2022\/03\/FACHADA-NOCTURNA-DESDE-CANAL-scaled.jpg 2560w, https:\/\/www.visitgastroh.com\/wp-content\/uploads\/2022\/03\/FACHADA-NOCTURNA-DESDE-CANAL-300x252.jpg 300w, https:\/\/www.visitgastroh.com\/wp-content\/uploads\/2022\/03\/FACHADA-NOCTURNA-DESDE-CANAL-1024x861.jpg 1024w, https:\/\/www.visitgastroh.com\/wp-content\/uploads\/2022\/03\/FACHADA-NOCTURNA-DESDE-CANAL-768x646.jpg 768w, https:\/\/www.visitgastroh.com\/wp-content\/uploads\/2022\/03\/FACHADA-NOCTURNA-DESDE-CANAL-1536x1292.jpg 1536w, https:\/\/www.visitgastroh.com\/wp-content\/uploads\/2022\/03\/FACHADA-NOCTURNA-DESDE-CANAL-2048x1723.jpg 2048w\" sizes=\"auto, (max-width: 2560px) 100vw, 2560px\" \/><\/a><\/p><p class=\"store_locator_excerpt\">VILLA LIQUID\u00c1MBAR Complejo Tur\u00edstico Rural (TORRECILLA EN CAMEROS) This tourist complex has: 3 tourist apartments in La Rioja, of which 2 apartments are accessible. In 2020, we set out to...<\/p><p class=\"store_locator_address\"><span class=\"store_locator_street\">Plaza San Blas n\u00ba10<br\/><\/span> <span class=\"store_locator_zip\">26100<\/span> <span class=\"store_locator_city\">Torrecilla en Cameros<br\/><\/span> <span class=\"store_locator_region\">La Rioja<\/span> <\/p><p class=\"store_locator_contact\"><span class=\"store_locator_tel\">Tel.: <a href=\"tel:+34 689 305 336\">+34 689 305 336<\/a><br\/><\/span><span class=\"store_locator_email\">Email: <a href=\"mailto:info@villaliquidambar.com\">info@villaliquidambar.com<\/a><br\/><\/span><span class=\"store_locator_mobile\">M\u00f3vil: <a href=\"tel:+34 620 248 366\">+34 620 248 366<\/a><br\/><\/span><span class=\"store_locator_website\">Website: <a href=\"https:\/\/www.villaliquidambar.com\/\">https:\/\/www.villaliquidambar.com\/<\/a><br\/><\/span><\/p><\/div>`,\n      });\n\n    marker10.addListener(\"click\", () => {\n        infowindow10.open({\n          anchor: marker10,\n          map,\n          shouldFocus: false,\n        });\n    });marker11 = new google.maps.Marker({position: {lat: 42.57109116880594, lng: -2.7106897505401517},map,title: \"El Guardavi\u00f1as\",});\n    markers.push(marker11);\n    const infowindow11 = new google.maps.InfoWindow({\n        content: `<div id=\"store_locator_infowindow_32379\" class=\"store_locator_infowindow\"><div class=\"store-locator-col-sm-12 store_locator_details\"><h3 class=\"store_locator_name\"><a href=\"https:\/\/www.visitgastroh.com\/en\/store\/el-guardavinas\/\">El Guardavi\u00f1as<\/a><\/h3><p><a href=\"https:\/\/www.visitgastroh.com\/en\/store\/el-guardavinas\/\"><img loading=\"lazy\" decoding=\"async\" width=\"2000\" height=\"1600\" src=\"https:\/\/www.visitgastroh.com\/wp-content\/uploads\/2022\/02\/Collage-anuncios.jpg\" class=\"attachment-post-thumbnail size-post-thumbnail wp-post-image\" alt=\"\" srcset=\"https:\/\/www.visitgastroh.com\/wp-content\/uploads\/2022\/02\/Collage-anuncios.jpg 2000w, https:\/\/www.visitgastroh.com\/wp-content\/uploads\/2022\/02\/Collage-anuncios-300x240.jpg 300w, https:\/\/www.visitgastroh.com\/wp-content\/uploads\/2022\/02\/Collage-anuncios-1024x819.jpg 1024w, https:\/\/www.visitgastroh.com\/wp-content\/uploads\/2022\/02\/Collage-anuncios-768x614.jpg 768w, https:\/\/www.visitgastroh.com\/wp-content\/uploads\/2022\/02\/Collage-anuncios-1536x1229.jpg 1536w\" sizes=\"auto, (max-width: 2000px) 100vw, 2000px\" \/><\/a><\/p><p class=\"store_locator_excerpt\">EL GUARDAVI\u00d1AS Casa Rural (\u00c1BALOS) Welcome to El Guardavinas! a place to disconnect from the stresses of everyday life and connect with nature. For a moment close your eyes and...<\/p><p class=\"store_locator_address\"><span class=\"store_locator_street\">Avenida de La Rioja n\u00ba20<br\/><\/span> <span class=\"store_locator_zip\">26339<\/span> <span class=\"store_locator_city\">\u00c1balos<br\/><\/span> <span class=\"store_locator_region\">La Rioja<\/span> <\/p><p class=\"store_locator_contact\"><span class=\"store_locator_tel\">Tel.: <a href=\"tel:+34 676715352\">+34 676715352<\/a><br\/><\/span><span class=\"store_locator_email\">Email: <a href=\"mailto:info@elguardavinas.com\">info@elguardavinas.com<\/a><br\/><\/span><span class=\"store_locator_mobile\">M\u00f3vil: <a href=\"tel:+34 676715352\">+34 676715352<\/a><br\/><\/span><span class=\"store_locator_website\">Website: <a href=\"https:\/\/www.elguardavinas.com\">https:\/\/www.elguardavinas.com<\/a><br\/><\/span><\/p><\/div>`,\n      });\n\n    marker11.addListener(\"click\", () => {\n        infowindow11.open({\n          anchor: marker11,\n          map,\n          shouldFocus: false,\n        });\n    });marker12 = new google.maps.Marker({position: {lat: 42.46578596300713, lng: -2.445698195700845},map,title: \"EUROSTARS MARQU\u00c9S DE VALLEJO\",});\n    markers.push(marker12);\n    const infowindow12 = new google.maps.InfoWindow({\n        content: `<div id=\"store_locator_infowindow_38678\" class=\"store_locator_infowindow\"><div class=\"store-locator-col-sm-12 store_locator_details\"><h3 class=\"store_locator_name\"><a href=\"https:\/\/www.visitgastroh.com\/en\/store\/eurostars-marques-de-vallejo\/\">EUROSTARS MARQU\u00c9S DE VALLEJO<\/a><\/h3><p><a href=\"https:\/\/www.visitgastroh.com\/en\/store\/eurostars-marques-de-vallejo\/\"><img loading=\"lazy\" decoding=\"async\" width=\"2560\" height=\"1709\" src=\"https:\/\/www.visitgastroh.com\/wp-content\/uploads\/2022\/04\/Marques-de-Vallejo-014-scaled.jpg\" class=\"attachment-post-thumbnail size-post-thumbnail wp-post-image\" alt=\"\" srcset=\"https:\/\/www.visitgastroh.com\/wp-content\/uploads\/2022\/04\/Marques-de-Vallejo-014-scaled.jpg 2560w, https:\/\/www.visitgastroh.com\/wp-content\/uploads\/2022\/04\/Marques-de-Vallejo-014-300x200.jpg 300w, https:\/\/www.visitgastroh.com\/wp-content\/uploads\/2022\/04\/Marques-de-Vallejo-014-1024x684.jpg 1024w, https:\/\/www.visitgastroh.com\/wp-content\/uploads\/2022\/04\/Marques-de-Vallejo-014-768x513.jpg 768w, https:\/\/www.visitgastroh.com\/wp-content\/uploads\/2022\/04\/Marques-de-Vallejo-014-1536x1025.jpg 1536w, https:\/\/www.visitgastroh.com\/wp-content\/uploads\/2022\/04\/Marques-de-Vallejo-014-2048x1367.jpg 2048w, https:\/\/www.visitgastroh.com\/wp-content\/uploads\/2022\/04\/Marques-de-Vallejo-014-900x600.jpg 900w\" sizes=\"auto, (max-width: 2560px) 100vw, 2560px\" \/><\/a><\/p><p class=\"store_locator_excerpt\">EUROSTARS MARQU\u00c9S DE VALLEJO Hotel (LOGRO\u00d1O) A hotel from the beginning of the 20th century in the heart of Logro\u00f1o. Located in one of the most exclusive areas of the...<\/p><p class=\"store_locator_address\"><span class=\"store_locator_street\">Calle Marques de Vallejo n\u00ba8<br\/><\/span> <span class=\"store_locator_zip\">26001<\/span> <span class=\"store_locator_city\">Logrono<br\/><\/span> <span class=\"store_locator_region\">La Rioja<\/span> <\/p><p class=\"store_locator_contact\"><span class=\"store_locator_tel\">Tel.: <a href=\"tel:+34 941 248333\">+34 941 248333<\/a><br\/><\/span><span class=\"store_locator_email\">Email: <a href=\"mailto:reservas@eurostarsmarquesdevallejo.com\">reservas@eurostarsmarquesdevallejo.com<\/a><br\/><\/span><span class=\"store_locator_website\">Website: <a href=\"https:\/\/www.eurostarshotels.com\/eurostars-marques-de-vallejo.html?id_referer=GMB\">https:\/\/www.eurostarshotels.com\/eurostars-marques-de-vallejo.html?id_referer=GMB<\/a><br\/><\/span><\/p><\/div>`,\n      });\n\n    marker12.addListener(\"click\", () => {\n        infowindow12.open({\n          anchor: marker12,\n          map,\n          shouldFocus: false,\n        });\n    });marker13 = new google.maps.Marker({position: {lat: 42.46852195198962, lng: -2.443095083605966},map,title: \"FG LOGRO\u00d1O HOTEL\",});\n    markers.push(marker13);\n    const infowindow13 = new google.maps.InfoWindow({\n        content: `<div id=\"store_locator_infowindow_32375\" class=\"store_locator_infowindow\"><div class=\"store-locator-col-sm-12 store_locator_details\"><h3 class=\"store_locator_name\"><a href=\"https:\/\/www.visitgastroh.com\/en\/store\/fg-logrono-hotel\/\">FG LOGRO\u00d1O HOTEL<\/a><\/h3><p><a href=\"https:\/\/www.visitgastroh.com\/en\/store\/fg-logrono-hotel\/\"><img loading=\"lazy\" decoding=\"async\" width=\"2560\" height=\"1707\" src=\"https:\/\/www.visitgastroh.com\/wp-content\/uploads\/2022\/02\/IMG_4454-scaled.jpg\" class=\"attachment-post-thumbnail size-post-thumbnail wp-post-image\" alt=\"\" srcset=\"https:\/\/www.visitgastroh.com\/wp-content\/uploads\/2022\/02\/IMG_4454-scaled.jpg 2560w, https:\/\/www.visitgastroh.com\/wp-content\/uploads\/2022\/02\/IMG_4454-300x200.jpg 300w, https:\/\/www.visitgastroh.com\/wp-content\/uploads\/2022\/02\/IMG_4454-1024x683.jpg 1024w, https:\/\/www.visitgastroh.com\/wp-content\/uploads\/2022\/02\/IMG_4454-768x512.jpg 768w, https:\/\/www.visitgastroh.com\/wp-content\/uploads\/2022\/02\/IMG_4454-1536x1024.jpg 1536w, https:\/\/www.visitgastroh.com\/wp-content\/uploads\/2022\/02\/IMG_4454-2048x1365.jpg 2048w, https:\/\/www.visitgastroh.com\/wp-content\/uploads\/2022\/02\/IMG_4454-900x600.jpg 900w\" sizes=\"auto, (max-width: 2560px) 100vw, 2560px\" \/><\/a><\/p><p class=\"store_locator_excerpt\">FG LOGRO\u00d1O Hotel (LOGRO\u00d1O) Located in the historic center of the city, in one of its main entrances, El Puente de Piedra. Its rooms offer the client magnificent views of...<\/p><p class=\"store_locator_address\"><span class=\"store_locator_street\">Avenida de Viana N\u00ba2-4<br\/><\/span> <span class=\"store_locator_zip\">26001<\/span> <span class=\"store_locator_city\">Logro\u00f1o<br\/><\/span> <span class=\"store_locator_region\">La Rioja<\/span> <\/p><p class=\"store_locator_contact\"><span class=\"store_locator_tel\">Tel.: <a href=\"tel:+34 941008900\">+34 941008900<\/a><br\/><\/span><span class=\"store_locator_email\">Email: <a href=\"mailto:reservas.logrono@fghotels.com\">reservas.logrono@fghotels.com<\/a><br\/><\/span><span class=\"store_locator_mobile\">M\u00f3vil: <a href=\"tel:+34 658956245\">+34 658956245<\/a><br\/><\/span><span class=\"store_locator_website\">Website: <a href=\"https:\/\/www.fglogrono-hotel.com\/es\/\">https:\/\/www.fglogrono-hotel.com\/es\/<\/a><br\/><\/span><\/p><\/div>`,\n      });\n\n    marker13.addListener(\"click\", () => {\n        infowindow13.open({\n          anchor: marker13,\n          map,\n          shouldFocus: false,\n        });\n    });marker14 = new google.maps.Marker({position: {lat: 42.37642736965864, lng: -2.5228083898437603},map,title: \"FINCA DE LOS ARANDINOS\",});\n    markers.push(marker14);\n    const infowindow14 = new google.maps.InfoWindow({\n        content: `<div id=\"store_locator_infowindow_32352\" class=\"store_locator_infowindow\"><div class=\"store-locator-col-sm-12 store_locator_details\"><h3 class=\"store_locator_name\"><a href=\"https:\/\/www.visitgastroh.com\/en\/store\/finca-de-los-arandinos\/\">FINCA DE LOS ARANDINOS<\/a><\/h3><p><a href=\"https:\/\/www.visitgastroh.com\/en\/store\/finca-de-los-arandinos\/\"><img loading=\"lazy\" decoding=\"async\" width=\"2560\" height=\"1707\" src=\"https:\/\/www.visitgastroh.com\/wp-content\/uploads\/2022\/03\/EXT-SPA-Y-VINEDOS-scaled.jpg\" class=\"attachment-post-thumbnail size-post-thumbnail wp-post-image\" alt=\"\" srcset=\"https:\/\/www.visitgastroh.com\/wp-content\/uploads\/2022\/03\/EXT-SPA-Y-VINEDOS-scaled.jpg 2560w, https:\/\/www.visitgastroh.com\/wp-content\/uploads\/2022\/03\/EXT-SPA-Y-VINEDOS-300x200.jpg 300w, https:\/\/www.visitgastroh.com\/wp-content\/uploads\/2022\/03\/EXT-SPA-Y-VINEDOS-1024x683.jpg 1024w, https:\/\/www.visitgastroh.com\/wp-content\/uploads\/2022\/03\/EXT-SPA-Y-VINEDOS-768x512.jpg 768w, https:\/\/www.visitgastroh.com\/wp-content\/uploads\/2022\/03\/EXT-SPA-Y-VINEDOS-1536x1024.jpg 1536w, https:\/\/www.visitgastroh.com\/wp-content\/uploads\/2022\/03\/EXT-SPA-Y-VINEDOS-2048x1365.jpg 2048w, https:\/\/www.visitgastroh.com\/wp-content\/uploads\/2022\/03\/EXT-SPA-Y-VINEDOS-900x600.jpg 900w\" sizes=\"auto, (max-width: 2560px) 100vw, 2560px\" \/><\/a><\/p><p class=\"store_locator_excerpt\">FINCA DE LOS ARANDINOS Hotel Bodega (ENTRENA) &nbsp; Finca de los Arandinos is a unique project in La Rioja . It is the first four &#8211; star hotel in the...<\/p><p class=\"store_locator_address\"><span class=\"store_locator_street\">CARRETERA LR 137 KM 4,6<br\/><\/span> <span class=\"store_locator_zip\">26375<\/span> <span class=\"store_locator_city\">Entrena<br\/><\/span> <span class=\"store_locator_region\">La Rioja<\/span> <\/p><p class=\"store_locator_contact\"><span class=\"store_locator_tel\">Tel.: <a href=\"tel:+34 941446126\">+34 941446126<\/a><br\/><\/span><span class=\"store_locator_email\">Email: <a href=\"mailto:welcome@fincadelosarandinos.com\">welcome@fincadelosarandinos.com<\/a><br\/><\/span><span class=\"store_locator_website\">Website: <a href=\"https:\/\/www.fincadelosarandinos.com\/\">https:\/\/www.fincadelosarandinos.com\/<\/a><br\/><\/span><\/p><\/div>`,\n      });\n\n    marker14.addListener(\"click\", () => {\n        infowindow14.open({\n          anchor: marker14,\n          map,\n          shouldFocus: false,\n        });\n    });marker15 = new google.maps.Marker({position: {lat: 42.6012073, lng: -2.8331329},map,title: \"HOSPEDER\u00cdA SE\u00d1OR\u00cdO DE BRI\u00d1AS\",});\n    markers.push(marker15);\n    const infowindow15 = new google.maps.InfoWindow({\n        content: `<div id=\"store_locator_infowindow_32385\" class=\"store_locator_infowindow\"><div class=\"store-locator-col-sm-12 store_locator_details\"><h3 class=\"store_locator_name\"><a href=\"https:\/\/www.visitgastroh.com\/en\/store\/hospederia-senorio-de-brinas\/\">HOSPEDER\u00cdA SE\u00d1OR\u00cdO DE BRI\u00d1AS<\/a><\/h3><p><a href=\"https:\/\/www.visitgastroh.com\/en\/store\/hospederia-senorio-de-brinas\/\"><img loading=\"lazy\" decoding=\"async\" width=\"2362\" height=\"1539\" src=\"https:\/\/www.visitgastroh.com\/wp-content\/uploads\/2022\/02\/Fachada-09.jpg\" class=\"attachment-post-thumbnail size-post-thumbnail wp-post-image\" alt=\"\" srcset=\"https:\/\/www.visitgastroh.com\/wp-content\/uploads\/2022\/02\/Fachada-09.jpg 2362w, https:\/\/www.visitgastroh.com\/wp-content\/uploads\/2022\/02\/Fachada-09-300x195.jpg 300w, https:\/\/www.visitgastroh.com\/wp-content\/uploads\/2022\/02\/Fachada-09-1024x667.jpg 1024w, https:\/\/www.visitgastroh.com\/wp-content\/uploads\/2022\/02\/Fachada-09-768x500.jpg 768w, https:\/\/www.visitgastroh.com\/wp-content\/uploads\/2022\/02\/Fachada-09-1536x1001.jpg 1536w, https:\/\/www.visitgastroh.com\/wp-content\/uploads\/2022\/02\/Fachada-09-2048x1334.jpg 2048w\" sizes=\"auto, (max-width: 2362px) 100vw, 2362px\" \/><\/a><\/p><p class=\"store_locator_excerpt\">HOSPEDER\u00cdA SE\u00d1OR\u00cdO DE BRI\u00d1AS Hotel (BRI\u00d1AS) The Hospeder\u00eda Se\u00f1or\u00edo de Bri\u00f1as hotel is an 18th-century mansion located in this small town in La Rioja, adjacent to the province of \u00c1lava...<\/p><p class=\"store_locator_address\"><span class=\"store_locator_street\">Calle Se\u00f1or\u00edo de Bri\u00f1as n\u00ba5<br\/><\/span> <span class=\"store_locator_zip\">26290<\/span> <span class=\"store_locator_city\">Bri\u00f1as<br\/><\/span> <span class=\"store_locator_region\">La Rioja<\/span> <\/p><p class=\"store_locator_contact\"><span class=\"store_locator_tel\">Tel.: <a href=\"tel:+34 941304224\">+34 941304224<\/a><br\/><\/span><span class=\"store_locator_email\">Email: <a href=\"mailto:info@hotelesconencantodelarioja.com\">info@hotelesconencantodelarioja.com<\/a><br\/><\/span><span class=\"store_locator_website\">Website: <a href=\"https:\/\/hospederiadebrinas.com\/\">https:\/\/hospederiadebrinas.com\/<\/a><br\/><\/span><\/p><\/div>`,\n      });\n\n    marker15.addListener(\"click\", () => {\n        infowindow15.open({\n          anchor: marker15,\n          map,\n          shouldFocus: false,\n        });\n    });marker16 = new google.maps.Marker({position: {lat: 42.41807867200163, lng: -2.7353037128974833},map,title: \"Hostal Ciudad de N\u00e1jera\",});\n    markers.push(marker16);\n    const infowindow16 = new google.maps.InfoWindow({\n        content: `<div id=\"store_locator_infowindow_32401\" class=\"store_locator_infowindow\"><div class=\"store-locator-col-sm-12 store_locator_details\"><h3 class=\"store_locator_name\"><a href=\"https:\/\/www.visitgastroh.com\/en\/store\/hostal-ciudad-de-najera\/\">Hostal Ciudad de N\u00e1jera<\/a><\/h3><p><a href=\"https:\/\/www.visitgastroh.com\/en\/store\/hostal-ciudad-de-najera\/\"><img loading=\"lazy\" decoding=\"async\" width=\"1920\" height=\"2560\" src=\"https:\/\/www.visitgastroh.com\/wp-content\/uploads\/2022\/02\/Fachada-1-1-rotated.jpg\" class=\"attachment-post-thumbnail size-post-thumbnail wp-post-image\" alt=\"\" srcset=\"https:\/\/www.visitgastroh.com\/wp-content\/uploads\/2022\/02\/Fachada-1-1-rotated.jpg 1920w, https:\/\/www.visitgastroh.com\/wp-content\/uploads\/2022\/02\/Fachada-1-1-225x300.jpg 225w, https:\/\/www.visitgastroh.com\/wp-content\/uploads\/2022\/02\/Fachada-1-1-768x1024.jpg 768w, https:\/\/www.visitgastroh.com\/wp-content\/uploads\/2022\/02\/Fachada-1-1-1152x1536.jpg 1152w, https:\/\/www.visitgastroh.com\/wp-content\/uploads\/2022\/02\/Fachada-1-1-1536x2048.jpg 1536w\" sizes=\"auto, (max-width: 1920px) 100vw, 1920px\" \/><\/a><\/p><p class=\"store_locator_excerpt\">CIUDAD DE N\u00c1JERA Hostal (N\u00c1JERA) Newly built two-star hostel opened in 2004. We are located in a privileged way in the old town of N\u00e1jera, in the heart of the...<\/p><p class=\"store_locator_address\"><span class=\"store_locator_street\">Calleja Cuarta de San Miguel n\u00ba14<br\/><\/span> <span class=\"store_locator_zip\">26300<\/span> <span class=\"store_locator_city\">N\u00e1jera<br\/><\/span> <span class=\"store_locator_region\">La Rioja<\/span> <\/p><p class=\"store_locator_contact\"><span class=\"store_locator_tel\">Tel.: <a href=\"tel:+34 941 360 660\">+34 941 360 660<\/a><br\/><\/span><span class=\"store_locator_email\">Email: <a href=\"mailto:ciudaddenajera@gmail.com\">ciudaddenajera@gmail.com<\/a><br\/><\/span><span class=\"store_locator_website\">Website: <a href=\"https:\/\/www.ciudaddenajera.com\/\">https:\/\/www.ciudaddenajera.com\/<\/a><br\/><\/span><\/p><\/div>`,\n      });\n\n    marker16.addListener(\"click\", () => {\n        infowindow16.open({\n          anchor: marker16,\n          map,\n          shouldFocus: false,\n        });\n    });marker17 = new google.maps.Marker({position: {lat: 42.46814740689208, lng: -2.5615134037048404},map,title: \"HOSTAL LABRANZA\",});\n    markers.push(marker17);\n    const infowindow17 = new google.maps.InfoWindow({\n        content: `<div id=\"store_locator_infowindow_32216\" class=\"store_locator_infowindow\"><div class=\"store-locator-col-sm-12 store_locator_details\"><h3 class=\"store_locator_name\"><a href=\"https:\/\/www.visitgastroh.com\/en\/store\/hostal-labranza\/\">HOSTAL LABRANZA<\/a><\/h3><p><a href=\"https:\/\/www.visitgastroh.com\/en\/store\/hostal-labranza\/\"><img loading=\"lazy\" decoding=\"async\" width=\"750\" height=\"304\" src=\"https:\/\/www.visitgastroh.com\/wp-content\/uploads\/2022\/03\/LOGO-2.jpg\" class=\"attachment-post-thumbnail size-post-thumbnail wp-post-image\" alt=\"\" srcset=\"https:\/\/www.visitgastroh.com\/wp-content\/uploads\/2022\/03\/LOGO-2.jpg 750w, https:\/\/www.visitgastroh.com\/wp-content\/uploads\/2022\/03\/LOGO-2-300x122.jpg 300w\" sizes=\"auto, (max-width: 750px) 100vw, 750px\" \/><\/a><\/p><p class=\"store_locator_excerpt\">LABRANZA Hostal (FUENMAYOR) ROOMS The farmhouse hostel has 8 rooms, 5 rooms with a double bed and 3 with a double bed, each one of them called by a different...<\/p><p class=\"store_locator_address\"><span class=\"store_locator_street\">Avenida Estaci\u00f3n n\u00ba1<br\/><\/span> <span class=\"store_locator_zip\">26360<\/span> <span class=\"store_locator_city\">Fuenmayor<br\/><\/span> <span class=\"store_locator_region\">La Rioja<\/span> <\/p><p class=\"store_locator_contact\"><span class=\"store_locator_tel\">Tel.: <a href=\"tel:+34 941451028\">+34 941451028<\/a><br\/><\/span><span class=\"store_locator_email\">Email: <a href=\"mailto:info@hostal-labranza.com\">info@hostal-labranza.com<\/a><br\/><\/span><span class=\"store_locator_mobile\">M\u00f3vil: <a href=\"tel:+34 636410497\">+34 636410497<\/a><br\/><\/span><span class=\"store_locator_website\">Website: <a href=\"https:\/\/www.hostal-labranza.com\/\">https:\/\/www.hostal-labranza.com\/<\/a><br\/><\/span><\/p><\/div>`,\n      });\n\n    marker17.addListener(\"click\", () => {\n        infowindow17.open({\n          anchor: marker17,\n          map,\n          shouldFocus: false,\n        });\n    });marker18 = new google.maps.Marker({position: {lat: 42.32541699966567, lng: -2.8645204243286093},map,title: \"HOSTERIA SAN MILLAN\",});\n    markers.push(marker18);\n    const infowindow18 = new google.maps.InfoWindow({\n        content: `<div id=\"store_locator_infowindow_34490\" class=\"store_locator_infowindow\"><div class=\"store-locator-col-sm-12 store_locator_details\"><h3 class=\"store_locator_name\"><a href=\"https:\/\/www.visitgastroh.com\/en\/store\/hosteria-san-millan\/\">HOSTERIA SAN MILLAN<\/a><\/h3><p><a href=\"https:\/\/www.visitgastroh.com\/en\/store\/hosteria-san-millan\/\"><img loading=\"lazy\" decoding=\"async\" width=\"2560\" height=\"1440\" src=\"https:\/\/www.visitgastroh.com\/wp-content\/uploads\/2022\/02\/SAM_2914-scaled.jpg\" class=\"attachment-post-thumbnail size-post-thumbnail wp-post-image\" alt=\"\" srcset=\"https:\/\/www.visitgastroh.com\/wp-content\/uploads\/2022\/02\/SAM_2914-scaled.jpg 2560w, https:\/\/www.visitgastroh.com\/wp-content\/uploads\/2022\/02\/SAM_2914-300x169.jpg 300w, https:\/\/www.visitgastroh.com\/wp-content\/uploads\/2022\/02\/SAM_2914-1024x576.jpg 1024w, https:\/\/www.visitgastroh.com\/wp-content\/uploads\/2022\/02\/SAM_2914-768x432.jpg 768w, https:\/\/www.visitgastroh.com\/wp-content\/uploads\/2022\/02\/SAM_2914-1536x864.jpg 1536w, https:\/\/www.visitgastroh.com\/wp-content\/uploads\/2022\/02\/SAM_2914-2048x1152.jpg 2048w\" sizes=\"auto, (max-width: 2560px) 100vw, 2560px\" \/><\/a><\/p><p class=\"store_locator_excerpt\">HOSTERIA SAN MILLAN Hotel (SAN MILL\u00c1N DE LA COGOLLA) MORE THAN A CHARMING HOTEL IN LA RIOJA, AN UNFORGETTABLE EXPERIENCE Stay between these walls full of history, a World Heritage...<\/p><p class=\"store_locator_address\"><span class=\"store_locator_street\">Plaza de Yuso (Monasterio de Yuso)<br\/><\/span> <span class=\"store_locator_zip\">26326<\/span> <span class=\"store_locator_city\">San Mill\u00e1n de la Cogolla<br\/><\/span> <span class=\"store_locator_region\">La Rioja<\/span> <\/p><p class=\"store_locator_contact\"><span class=\"store_locator_tel\">Tel.: <a href=\"tel:+34941373277\">+34941373277<\/a><br\/><\/span><span class=\"store_locator_email\">Email: <a href=\"mailto:info@hosteriasanmillan.com\">info@hosteriasanmillan.com<\/a><br\/><\/span><span class=\"store_locator_website\">Website: <a href=\"https:\/\/hosteriasanmillan.com\/\">https:\/\/hosteriasanmillan.com\/<\/a><br\/><\/span><\/p><\/div>`,\n      });\n\n    marker18.addListener(\"click\", () => {\n        infowindow18.open({\n          anchor: marker18,\n          map,\n          shouldFocus: false,\n        });\n    });marker19 = new google.maps.Marker({position: {lat: 42.46535488870243, lng: -2.4516768767211827},map,title: \"Hotel Condes de Haro\",});\n    markers.push(marker19);\n    const infowindow19 = new google.maps.InfoWindow({\n        content: `<div id=\"store_locator_infowindow_32371\" class=\"store_locator_infowindow\"><div class=\"store-locator-col-sm-12 store_locator_details\"><h3 class=\"store_locator_name\"><a href=\"https:\/\/www.visitgastroh.com\/en\/store\/hotel-condes-de-haro\/\">Hotel Condes de Haro<\/a><\/h3><p><a href=\"https:\/\/www.visitgastroh.com\/en\/store\/hotel-condes-de-haro\/\"><img loading=\"lazy\" decoding=\"async\" width=\"2000\" height=\"1328\" src=\"https:\/\/www.visitgastroh.com\/wp-content\/uploads\/2022\/02\/11-con-panel.jpg\" class=\"attachment-post-thumbnail size-post-thumbnail wp-post-image\" alt=\"\" srcset=\"https:\/\/www.visitgastroh.com\/wp-content\/uploads\/2022\/02\/11-con-panel.jpg 2000w, https:\/\/www.visitgastroh.com\/wp-content\/uploads\/2022\/02\/11-con-panel-300x199.jpg 300w, https:\/\/www.visitgastroh.com\/wp-content\/uploads\/2022\/02\/11-con-panel-1024x680.jpg 1024w, https:\/\/www.visitgastroh.com\/wp-content\/uploads\/2022\/02\/11-con-panel-768x510.jpg 768w, https:\/\/www.visitgastroh.com\/wp-content\/uploads\/2022\/02\/11-con-panel-1536x1020.jpg 1536w\" sizes=\"auto, (max-width: 2000px) 100vw, 2000px\" \/><\/a><\/p><p class=\"store_locator_excerpt\">CONDES DE HARO Hotel (LOGRO\u00d1O) Hotel of modern construction, located in the center of Logro\u00f1o, a few meters from the leisure and business areas of the city. It has 44...<\/p><p class=\"store_locator_address\"><span class=\"store_locator_street\">Calle Saturnino Ulargui n\u00ba6<br\/><\/span> <span class=\"store_locator_zip\">26001<\/span> <span class=\"store_locator_city\">Logro\u00f1o<br\/><\/span> <span class=\"store_locator_region\">La Rioja<\/span> <\/p><p class=\"store_locator_contact\"><span class=\"store_locator_tel\">Tel.: <a href=\"tel:+34 941208500\">+34 941208500<\/a><br\/><\/span><span class=\"store_locator_email\">Email: <a href=\"mailto:reservas@hotelcondesdeharo.com\">reservas@hotelcondesdeharo.com<\/a><br\/><\/span><span class=\"store_locator_mobile\">M\u00f3vil: <a href=\"tel:+34 648207104\">+34 648207104<\/a><br\/><\/span><span class=\"store_locator_website\">Website: <a href=\"https:\/\/hotelcondesdeharo.com\/es\/\">https:\/\/hotelcondesdeharo.com\/es\/<\/a><br\/><\/span><\/p><\/div>`,\n      });\n\n    marker19.addListener(\"click\", () => {\n        infowindow19.open({\n          anchor: marker19,\n          map,\n          shouldFocus: false,\n        });\n    });marker20 = new google.maps.Marker({position: {lat: 42.3255114, lng: -3.0146367},map,title: \"Hotel Echaurren\",});\n    markers.push(marker20);\n    const infowindow20 = new google.maps.InfoWindow({\n        content: `<div id=\"store_locator_infowindow_35098\" class=\"store_locator_infowindow\"><div class=\"store-locator-col-sm-12 store_locator_details\"><h3 class=\"store_locator_name\"><a href=\"https:\/\/www.visitgastroh.com\/en\/store\/hotel-echaurren\/\">Hotel Echaurren<\/a><\/h3><p><a href=\"https:\/\/www.visitgastroh.com\/en\/store\/hotel-echaurren\/\"><img loading=\"lazy\" decoding=\"async\" width=\"2200\" height=\"1148\" src=\"https:\/\/www.visitgastroh.com\/wp-content\/uploads\/2022\/04\/hotel-echaurren-fachada.jpg\" class=\"attachment-post-thumbnail size-post-thumbnail wp-post-image\" alt=\"\" srcset=\"https:\/\/www.visitgastroh.com\/wp-content\/uploads\/2022\/04\/hotel-echaurren-fachada.jpg 2200w, https:\/\/www.visitgastroh.com\/wp-content\/uploads\/2022\/04\/hotel-echaurren-fachada-300x157.jpg 300w, https:\/\/www.visitgastroh.com\/wp-content\/uploads\/2022\/04\/hotel-echaurren-fachada-1024x534.jpg 1024w, https:\/\/www.visitgastroh.com\/wp-content\/uploads\/2022\/04\/hotel-echaurren-fachada-768x401.jpg 768w, https:\/\/www.visitgastroh.com\/wp-content\/uploads\/2022\/04\/hotel-echaurren-fachada-1536x802.jpg 1536w, https:\/\/www.visitgastroh.com\/wp-content\/uploads\/2022\/04\/hotel-echaurren-fachada-2048x1069.jpg 2048w\" sizes=\"auto, (max-width: 2200px) 100vw, 2200px\" \/><\/a><\/p><p class=\"store_locator_excerpt\">Hotel Echaurren Relais &amp; Ch\u00e2teaux (Ezcaray) A century-old house completely rehabilitated by the Picado de Blas architecture studio in Madrid, who have managed to transform this old post house into...<\/p><p class=\"store_locator_address\"><span class=\"store_locator_street\">Padre Jos\u00e9 Garc\u00eda, 19<br\/><\/span> <span class=\"store_locator_zip\">26280 <\/span> <span class=\"store_locator_city\">Ezcaray<br\/><\/span> <span class=\"store_locator_region\">La Rioja<\/span> <\/p><p class=\"store_locator_contact\"><span class=\"store_locator_tel\">Tel.: <a href=\"tel:+34 941 35 40 47\">+34 941 35 40 47<\/a><br\/><\/span><span class=\"store_locator_email\">Email: <a href=\"mailto:info@echaurren.com\">info@echaurren.com<\/a><br\/><\/span><span class=\"store_locator_website\">Website: <a href=\"https:\/\/echaurren.com\/\">https:\/\/echaurren.com\/<\/a><br\/><\/span><\/p><\/div>`,\n      });\n\n    marker20.addListener(\"click\", () => {\n        infowindow20.open({\n          anchor: marker20,\n          map,\n          shouldFocus: false,\n        });\n    });marker21 = new google.maps.Marker({position: {lat: 42.464794, lng: -2.4542723},map,title: \"HOTEL GRAN VIA\",});\n    markers.push(marker21);\n    const infowindow21 = new google.maps.InfoWindow({\n        content: `<div id=\"store_locator_infowindow_32416\" class=\"store_locator_infowindow\"><div class=\"store-locator-col-sm-12 store_locator_details\"><h3 class=\"store_locator_name\"><a href=\"https:\/\/www.visitgastroh.com\/en\/store\/hotel-gran-via\/\">HOTEL GRAN VIA<\/a><\/h3><p><a href=\"https:\/\/www.visitgastroh.com\/en\/store\/hotel-gran-via\/\"><img loading=\"lazy\" decoding=\"async\" width=\"2560\" height=\"1915\" src=\"https:\/\/www.visitgastroh.com\/wp-content\/uploads\/2022\/02\/IMG_20180130_215600_914-002-scaled.jpg\" class=\"attachment-post-thumbnail size-post-thumbnail wp-post-image\" alt=\"\" srcset=\"https:\/\/www.visitgastroh.com\/wp-content\/uploads\/2022\/02\/IMG_20180130_215600_914-002-scaled.jpg 2560w, https:\/\/www.visitgastroh.com\/wp-content\/uploads\/2022\/02\/IMG_20180130_215600_914-002-300x224.jpg 300w, https:\/\/www.visitgastroh.com\/wp-content\/uploads\/2022\/02\/IMG_20180130_215600_914-002-1024x766.jpg 1024w, https:\/\/www.visitgastroh.com\/wp-content\/uploads\/2022\/02\/IMG_20180130_215600_914-002-768x574.jpg 768w, https:\/\/www.visitgastroh.com\/wp-content\/uploads\/2022\/02\/IMG_20180130_215600_914-002-1536x1149.jpg 1536w, https:\/\/www.visitgastroh.com\/wp-content\/uploads\/2022\/02\/IMG_20180130_215600_914-002-2048x1532.jpg 2048w\" sizes=\"auto, (max-width: 2560px) 100vw, 2560px\" \/><\/a><\/p><p class=\"store_locator_excerpt\">GRAN VIA **** Hotel (LOGRO\u00d1O) The HOTEL GRAN VIA LOGRO\u00d1O **** is located on the main street of the city, passing the Camino de Santiago through Tierras Riojanas, close to...<\/p><p class=\"store_locator_address\"><span class=\"store_locator_street\">Av. Gran V\u00eda Juan Carlos I, 71<br\/><\/span> <span class=\"store_locator_zip\">26005<\/span> <span class=\"store_locator_city\">Logro\u00f1o<br\/><\/span> <span class=\"store_locator_region\">La Rioja<\/span> <\/p><p class=\"store_locator_contact\"><span class=\"store_locator_tel\">Tel.: <a href=\"tel:+34 941 287 850\">+34 941 287 850<\/a><br\/><\/span><span class=\"store_locator_email\">Email: <a href=\"mailto:granvia@hotelgranvialogrono.com\">granvia@hotelgranvialogrono.com<\/a><br\/><\/span><span class=\"store_locator_website\">Website: <a href=\"www.hotelgranvialogrono.com\">www.hotelgranvialogrono.com<\/a><br\/><\/span><\/p><\/div>`,\n      });\n\n    marker21.addListener(\"click\", () => {\n        infowindow21.open({\n          anchor: marker21,\n          map,\n          shouldFocus: false,\n        });\n    });marker22 = new google.maps.Marker({position: {lat: 42.2245205, lng: -2.1085533},map,title: \"Hotel Ibis Styles Arnedo la rioja\",});\n    markers.push(marker22);\n    const infowindow22 = new google.maps.InfoWindow({\n        content: `<div id=\"store_locator_infowindow_32426\" class=\"store_locator_infowindow\"><div class=\"store-locator-col-sm-12 store_locator_details\"><h3 class=\"store_locator_name\"><a href=\"https:\/\/www.visitgastroh.com\/en\/store\/hotel-ibis-styles-arnedo-la-rioja\/\">Hotel Ibis Styles Arnedo la rioja<\/a><\/h3><p><a href=\"https:\/\/www.visitgastroh.com\/en\/store\/hotel-ibis-styles-arnedo-la-rioja\/\"><img loading=\"lazy\" decoding=\"async\" width=\"1110\" height=\"787\" src=\"https:\/\/www.visitgastroh.com\/wp-content\/uploads\/2022\/02\/Hotel-tematico-del-calzado-cama.jpg\" class=\"attachment-post-thumbnail size-post-thumbnail wp-post-image\" alt=\"\" srcset=\"https:\/\/www.visitgastroh.com\/wp-content\/uploads\/2022\/02\/Hotel-tematico-del-calzado-cama.jpg 1110w, https:\/\/www.visitgastroh.com\/wp-content\/uploads\/2022\/02\/Hotel-tematico-del-calzado-cama-300x213.jpg 300w, https:\/\/www.visitgastroh.com\/wp-content\/uploads\/2022\/02\/Hotel-tematico-del-calzado-cama-1024x726.jpg 1024w, https:\/\/www.visitgastroh.com\/wp-content\/uploads\/2022\/02\/Hotel-tematico-del-calzado-cama-768x545.jpg 768w\" sizes=\"auto, (max-width: 1110px) 100vw, 1110px\" \/><\/a><\/p><p class=\"store_locator_excerpt\">IBIS STYLES Hotel &#8211; Restaurante (ARNEDO) We are the same as always: the Victoria Hotel. Those of us who for decades have been at the service of Arnedanos and those...<\/p><p class=\"store_locator_address\"><span class=\"store_locator_street\">Paseo de la constituci\u00f3n n\u00ba 97<br\/><\/span> <span class=\"store_locator_zip\">26580<\/span> <span class=\"store_locator_city\">Arnedo<br\/><\/span> <span class=\"store_locator_region\">The Rioja<\/span> <\/p><p class=\"store_locator_contact\"><span class=\"store_locator_tel\">Tel.: <a href=\"tel:+34 941 380 100\">+34 941 380 100<\/a><br\/><\/span><span class=\"store_locator_email\">Email: <a href=\"mailto:reservas@victoriarestauracion.es\">reservas@victoriarestauracion.es<\/a><br\/><\/span><span class=\"store_locator_website\">Website: <a href=\"https:\/\/victoriarestauracion.es\">https:\/\/victoriarestauracion.es<\/a><br\/><\/span><\/p><\/div>`,\n      });\n\n    marker22.addListener(\"click\", () => {\n        infowindow22.open({\n          anchor: marker22,\n          map,\n          shouldFocus: false,\n        });\n    });marker23 = new google.maps.Marker({position: {lat: 42.465772359705014, lng: -2.452466362149055},map,title: \"HOTEL NH HERENCIA RIOJA\",});\n    markers.push(marker23);\n    const infowindow23 = new google.maps.InfoWindow({\n        content: `<div id=\"store_locator_infowindow_32421\" class=\"store_locator_infowindow\"><div class=\"store-locator-col-sm-12 store_locator_details\"><h3 class=\"store_locator_name\"><a href=\"https:\/\/www.visitgastroh.com\/en\/store\/hotel-nh-herencia-rioja\/\">HOTEL NH HERENCIA RIOJA<\/a><\/h3><p><a href=\"https:\/\/www.visitgastroh.com\/en\/store\/hotel-nh-herencia-rioja\/\"><img loading=\"lazy\" decoding=\"async\" width=\"330\" height=\"210\" src=\"https:\/\/www.visitgastroh.com\/wp-content\/uploads\/2022\/02\/RSPNS_NH_herencia-rioja_187_big1.jpg\" class=\"attachment-post-thumbnail size-post-thumbnail wp-post-image\" alt=\"\" srcset=\"https:\/\/www.visitgastroh.com\/wp-content\/uploads\/2022\/02\/RSPNS_NH_herencia-rioja_187_big1.jpg 330w, https:\/\/www.visitgastroh.com\/wp-content\/uploads\/2022\/02\/RSPNS_NH_herencia-rioja_187_big1-300x191.jpg 300w\" sizes=\"auto, (max-width: 330px) 100vw, 330px\" \/><\/a><\/p><p class=\"store_locator_excerpt\">NH HERENCIA RIOJA Hotel &#8211; Restaurant (LOGRO\u00d1O) The NH Logro\u00f1o Herencia Rioja hotel is located in the heart of Logro\u00f1o, less than 5 minutes&#8217; walk from the old town, the...<\/p><p class=\"store_locator_address\"><span class=\"store_locator_street\">Calle Marqu\u00e9s de Murrieta n\u00ba14<br\/><\/span> <span class=\"store_locator_zip\">26005<\/span> <span class=\"store_locator_city\">LOGRO\u00d1O<br\/><\/span> <span class=\"store_locator_region\">LA RIOJA<\/span> <\/p><p class=\"store_locator_contact\"><span class=\"store_locator_tel\">Tel.: <a href=\"tel:+34 941210222\">+34 941210222<\/a><br\/><\/span><span class=\"store_locator_email\">Email: <a href=\"mailto:nhherenciarioja@nh-hotels.com\">nhherenciarioja@nh-hotels.com<\/a><br\/><\/span><span class=\"store_locator_website\">Website: <a href=\"https:\/\/www.nh-hotels.com\/\">https:\/\/www.nh-hotels.com\/<\/a><br\/><\/span><\/p><\/div>`,\n      });\n\n    marker23.addListener(\"click\", () => {\n        infowindow23.open({\n          anchor: marker23,\n          map,\n          shouldFocus: false,\n        });\n    });marker24 = new google.maps.Marker({position: {lat: 42.174536, lng: -1.7500463},map,title: \"HOTEL PALACIOS RIOJA\",});\n    markers.push(marker24);\n    const infowindow24 = new google.maps.InfoWindow({\n        content: `<div id=\"store_locator_infowindow_32388\" class=\"store_locator_infowindow\"><div class=\"store-locator-col-sm-12 store_locator_details\"><h3 class=\"store_locator_name\"><a href=\"https:\/\/www.visitgastroh.com\/en\/store\/hotel-palacios-rioja\/\">HOTEL PALACIOS RIOJA<\/a><\/h3><p><a href=\"https:\/\/www.visitgastroh.com\/en\/store\/hotel-palacios-rioja\/\"><img loading=\"lazy\" decoding=\"async\" width=\"1500\" height=\"1000\" src=\"https:\/\/www.visitgastroh.com\/wp-content\/uploads\/2022\/03\/29_HotelPalacios_Exterior.jpg\" class=\"attachment-post-thumbnail size-post-thumbnail wp-post-image\" alt=\"\" srcset=\"https:\/\/www.visitgastroh.com\/wp-content\/uploads\/2022\/03\/29_HotelPalacios_Exterior.jpg 1500w, https:\/\/www.visitgastroh.com\/wp-content\/uploads\/2022\/03\/29_HotelPalacios_Exterior-300x200.jpg 300w, https:\/\/www.visitgastroh.com\/wp-content\/uploads\/2022\/03\/29_HotelPalacios_Exterior-1024x683.jpg 1024w, https:\/\/www.visitgastroh.com\/wp-content\/uploads\/2022\/03\/29_HotelPalacios_Exterior-768x512.jpg 768w, https:\/\/www.visitgastroh.com\/wp-content\/uploads\/2022\/03\/29_HotelPalacios_Exterior-900x600.jpg 900w\" sizes=\"auto, (max-width: 1500px) 100vw, 1500px\" \/><\/a><\/p><p class=\"store_locator_excerpt\">HOTEL PALACIOS RIOJA Hotel (ALFARO) The Palacios Rioja Hotel is located in Alfaro, next to the AP-68 motorway, close to Senda Viva, the Children&#8217;s Theme Park and the Bardenas Reales...<\/p><p class=\"store_locator_address\"><span class=\"store_locator_street\">Avda. de Zaragoza n\u00ba6<br\/><\/span> <span class=\"store_locator_zip\">26540<\/span> <span class=\"store_locator_city\">Alfaro<br\/><\/span> <span class=\"store_locator_region\">La Rioja<\/span> <\/p><p class=\"store_locator_contact\"><span class=\"store_locator_tel\">Tel.: <a href=\"tel:+34 941180100\">+34 941180100<\/a><br\/><\/span><span class=\"store_locator_email\">Email: <a href=\"mailto:info@palacioshotel.com\">info@palacioshotel.com<\/a><br\/><\/span><span class=\"store_locator_website\">Website: <a href=\"https:\/\/www.palacioshotel.com\/es\/\">https:\/\/www.palacioshotel.com\/es\/<\/a><br\/><\/span><\/p><\/div>`,\n      });\n\n    marker24.addListener(\"click\", () => {\n        infowindow24.open({\n          anchor: marker24,\n          map,\n          shouldFocus: false,\n        });\n    });marker25 = new google.maps.Marker({position: {lat: 42.5882735, lng: -2.9605089},map,title: \"HOTEL POSADA DE SAJAZARRA\",});\n    markers.push(marker25);\n    const infowindow25 = new google.maps.InfoWindow({\n        content: `<div id=\"store_locator_infowindow_32425\" class=\"store_locator_infowindow\"><div class=\"store-locator-col-sm-12 store_locator_details\"><h3 class=\"store_locator_name\"><a href=\"https:\/\/www.visitgastroh.com\/en\/store\/hotel-posada-de-sajazarra\/\">HOTEL POSADA DE SAJAZARRA<\/a><\/h3><p><a href=\"https:\/\/www.visitgastroh.com\/en\/store\/hotel-posada-de-sajazarra\/\"><img loading=\"lazy\" decoding=\"async\" width=\"2560\" height=\"1707\" src=\"https:\/\/www.visitgastroh.com\/wp-content\/uploads\/2022\/02\/05LaSuite-scaled.jpg\" class=\"attachment-post-thumbnail size-post-thumbnail wp-post-image\" alt=\"\" srcset=\"https:\/\/www.visitgastroh.com\/wp-content\/uploads\/2022\/02\/05LaSuite-scaled.jpg 2560w, https:\/\/www.visitgastroh.com\/wp-content\/uploads\/2022\/02\/05LaSuite-300x200.jpg 300w, https:\/\/www.visitgastroh.com\/wp-content\/uploads\/2022\/02\/05LaSuite-1024x683.jpg 1024w, https:\/\/www.visitgastroh.com\/wp-content\/uploads\/2022\/02\/05LaSuite-768x512.jpg 768w, https:\/\/www.visitgastroh.com\/wp-content\/uploads\/2022\/02\/05LaSuite-1536x1024.jpg 1536w, https:\/\/www.visitgastroh.com\/wp-content\/uploads\/2022\/02\/05LaSuite-2048x1365.jpg 2048w, https:\/\/www.visitgastroh.com\/wp-content\/uploads\/2022\/02\/05LaSuite-900x600.jpg 900w\" sizes=\"auto, (max-width: 2560px) 100vw, 2560px\" \/><\/a><\/p><p class=\"store_locator_excerpt\">HOTEL POSADA DE SAJAZARRA Hotel (SAJAZARRA) Hotel Boutique Posada de Sajazarra is an old mansion from the 19th century, which once functioned as an inn. It has been restored preserving...<\/p><p class=\"store_locator_address\"><span class=\"store_locator_street\">Calle Duro, n\u00ba 3 Bajo<br\/><\/span> <span class=\"store_locator_zip\">26212<\/span> <span class=\"store_locator_city\">Sajazarra<br\/><\/span> <span class=\"store_locator_region\">La Rioja<\/span> <\/p><p class=\"store_locator_contact\"><span class=\"store_locator_tel\">Tel.: <a href=\"tel:+34 626 083 596\">+34 626 083 596<\/a><br\/><\/span><span class=\"store_locator_email\">Email: <a href=\"mailto:posada@posadadesajazarra.com\">posada@posadadesajazarra.com<\/a><br\/><\/span><span class=\"store_locator_mobile\">M\u00f3vil: <a href=\"tel:+34 626 083 596\">+34 626 083 596<\/a><br\/><\/span><span class=\"store_locator_website\">Website: <a href=\"https:\/\/posadadesajazarra.com\/\">https:\/\/posadadesajazarra.com\/<\/a><br\/><\/span><\/p><\/div>`,\n      });\n\n    marker25.addListener(\"click\", () => {\n        infowindow25.open({\n          anchor: marker25,\n          map,\n          shouldFocus: false,\n        });\n    });marker26 = new google.maps.Marker({position: {lat: 42.54444264508013, lng: -2.786037342327876},map,title: \"Hotel Santa Mar\u00eda Briones\",});\n    markers.push(marker26);\n    const infowindow26 = new google.maps.InfoWindow({\n        content: `<div id=\"store_locator_infowindow_32343\" class=\"store_locator_infowindow\"><div class=\"store-locator-col-sm-12 store_locator_details\"><h3 class=\"store_locator_name\"><a href=\"https:\/\/www.visitgastroh.com\/en\/store\/hotel-santa-maria-briones\/\">Hotel Santa Mar\u00eda Briones<\/a><\/h3><p><a href=\"https:\/\/www.visitgastroh.com\/en\/store\/hotel-santa-maria-briones\/\"><img loading=\"lazy\" decoding=\"async\" width=\"1530\" height=\"1424\" src=\"https:\/\/www.visitgastroh.com\/wp-content\/uploads\/2022\/03\/SANTAMARIABRIONES-ARCHIVOSDEMARCA-LOGOTIPO_Positivo.jpg\" class=\"attachment-post-thumbnail size-post-thumbnail wp-post-image\" alt=\"\" srcset=\"https:\/\/www.visitgastroh.com\/wp-content\/uploads\/2022\/03\/SANTAMARIABRIONES-ARCHIVOSDEMARCA-LOGOTIPO_Positivo.jpg 1530w, https:\/\/www.visitgastroh.com\/wp-content\/uploads\/2022\/03\/SANTAMARIABRIONES-ARCHIVOSDEMARCA-LOGOTIPO_Positivo-300x279.jpg 300w, https:\/\/www.visitgastroh.com\/wp-content\/uploads\/2022\/03\/SANTAMARIABRIONES-ARCHIVOSDEMARCA-LOGOTIPO_Positivo-1024x953.jpg 1024w, https:\/\/www.visitgastroh.com\/wp-content\/uploads\/2022\/03\/SANTAMARIABRIONES-ARCHIVOSDEMARCA-LOGOTIPO_Positivo-768x715.jpg 768w\" sizes=\"auto, (max-width: 1530px) 100vw, 1530px\" \/><\/a><\/p><p class=\"store_locator_excerpt\">SANTA MARIA BRIONES Hotel (BRIONES) Santa Mar\u00eda Briones is a vital project, a return to the origins, an authentic proposal that revolves around the lifestyle of our land and the...<\/p><p class=\"store_locator_address\"><span class=\"store_locator_street\">Calle Concepci\u00f3n n\u00ba37<br\/><\/span> <span class=\"store_locator_zip\">26330<\/span> <span class=\"store_locator_city\">Briones<br\/><\/span> <span class=\"store_locator_region\">La Rioja<\/span> <\/p><p class=\"store_locator_contact\"><span class=\"store_locator_tel\">Tel.: <a href=\"tel:+34 941991599\">+34 941991599<\/a><br\/><\/span><span class=\"store_locator_email\">Email: <a href=\"mailto:reservas@santamariabriones.com\">reservas@santamariabriones.com<\/a><br\/><\/span><span class=\"store_locator_website\">Website: <a href=\"https:\/\/santamariabriones.com\/\">https:\/\/santamariabriones.com\/<\/a><br\/><\/span><\/p><\/div>`,\n      });\n\n    marker26.addListener(\"click\", () => {\n        infowindow26.open({\n          anchor: marker26,\n          map,\n          shouldFocus: false,\n        });\n    });marker27 = new google.maps.Marker({position: {lat: 42.5730992, lng: -2.7096839},map,title: \"hotel villa de \u00e1balos\",});\n    markers.push(marker27);\n    const infowindow27 = new google.maps.InfoWindow({\n        content: `<div id=\"store_locator_infowindow_34480\" class=\"store_locator_infowindow\"><div class=\"store-locator-col-sm-12 store_locator_details\"><h3 class=\"store_locator_name\"><a href=\"https:\/\/www.visitgastroh.com\/en\/store\/hotel-villa-de-abalos\/\">hotel villa de \u00e1balos<\/a><\/h3><p><a href=\"https:\/\/www.visitgastroh.com\/en\/store\/hotel-villa-de-abalos\/\"><img loading=\"lazy\" decoding=\"async\" width=\"532\" height=\"353\" src=\"https:\/\/www.visitgastroh.com\/wp-content\/uploads\/2022\/03\/889.jpg\" class=\"attachment-post-thumbnail size-post-thumbnail wp-post-image\" alt=\"\" srcset=\"https:\/\/www.visitgastroh.com\/wp-content\/uploads\/2022\/03\/889.jpg 532w, https:\/\/www.visitgastroh.com\/wp-content\/uploads\/2022\/03\/889-300x199.jpg 300w\" sizes=\"auto, (max-width: 532px) 100vw, 532px\" \/><\/a><\/p><p class=\"store_locator_excerpt\">HOTEL VILLA DE ABALOS Hotel (\u00c1BALOS) The Hotel Villa de \u00c1balos is the result of the rehabilitation of a Manor House with typical civil architecture from the end of the...<\/p><p class=\"store_locator_address\"><span class=\"store_locator_street\">Plaza Ferm\u00edn Gurbindo n\u00ba2<br\/><\/span> <span class=\"store_locator_zip\">26339<\/span> <span class=\"store_locator_city\">\u00c1balos<br\/><\/span> <span class=\"store_locator_region\">La Rioja<\/span> <\/p><p class=\"store_locator_contact\"><span class=\"store_locator_tel\">Tel.: <a href=\"tel:+34941334302\">+34941334302<\/a><br\/><\/span><span class=\"store_locator_email\">Email: <a href=\"mailto:hotel@hotelvilladeabalos.com\">hotel@hotelvilladeabalos.com<\/a><br\/><\/span><span class=\"store_locator_mobile\">M\u00f3vil: <a href=\"tel:+34649841746\">+34649841746<\/a><br\/><\/span><span class=\"store_locator_website\">Website: <a href=\"https:\/\/hotelvilladeabalos.com\/\">https:\/\/hotelvilladeabalos.com\/<\/a><br\/><\/span><\/p><\/div>`,\n      });\n\n    marker27.addListener(\"click\", () => {\n        infowindow27.open({\n          anchor: marker27,\n          map,\n          shouldFocus: false,\n        });\n    });marker28 = new google.maps.Marker({position: {lat: 42.353835935511825, lng: -2.4757870306884677},map,title: \"HOTEL-BODEGA LA CASA DEL COFRADE\",});\n    markers.push(marker28);\n    const infowindow28 = new google.maps.InfoWindow({\n        content: `<div id=\"store_locator_infowindow_32344\" class=\"store_locator_infowindow\"><div class=\"store-locator-col-sm-12 store_locator_details\"><h3 class=\"store_locator_name\"><a href=\"https:\/\/www.visitgastroh.com\/en\/store\/hotel-bodega-la-casa-del-cofrade\/\">HOTEL-BODEGA LA CASA DEL COFRADE<\/a><\/h3><p><a href=\"https:\/\/www.visitgastroh.com\/en\/store\/hotel-bodega-la-casa-del-cofrade\/\"><img loading=\"lazy\" decoding=\"async\" width=\"2487\" height=\"1460\" src=\"https:\/\/www.visitgastroh.com\/wp-content\/uploads\/2022\/03\/Entrada-Recepcion.jpg\" class=\"attachment-post-thumbnail size-post-thumbnail wp-post-image\" alt=\"\" srcset=\"https:\/\/www.visitgastroh.com\/wp-content\/uploads\/2022\/03\/Entrada-Recepcion.jpg 2487w, https:\/\/www.visitgastroh.com\/wp-content\/uploads\/2022\/03\/Entrada-Recepcion-300x176.jpg 300w, https:\/\/www.visitgastroh.com\/wp-content\/uploads\/2022\/03\/Entrada-Recepcion-1024x601.jpg 1024w, https:\/\/www.visitgastroh.com\/wp-content\/uploads\/2022\/03\/Entrada-Recepcion-768x451.jpg 768w, https:\/\/www.visitgastroh.com\/wp-content\/uploads\/2022\/03\/Entrada-Recepcion-1536x902.jpg 1536w, https:\/\/www.visitgastroh.com\/wp-content\/uploads\/2022\/03\/Entrada-Recepcion-2048x1202.jpg 2048w\" sizes=\"auto, (max-width: 2487px) 100vw, 2487px\" \/><\/a><\/p><p class=\"store_locator_excerpt\">LA CASA DEL COFRADE Hotel &#8211; Bodega (ALBELDA DE IREGUA) Welcome to the La Casa del Cofrade winery hotel, a unique and welcoming place in the DOC Rioja, where you...<\/p><p class=\"store_locator_address\"><span class=\"store_locator_street\">Carretera Nalda Km 9<br\/><\/span> <span class=\"store_locator_zip\">26120<\/span> <span class=\"store_locator_city\">Albelda de Iregua<br\/><\/span> <span class=\"store_locator_region\">La Rioja<\/span> <\/p><p class=\"store_locator_contact\"><span class=\"store_locator_tel\">Tel.: <a href=\"tel:+34 941444426\">+34 941444426<\/a><br\/><\/span><span class=\"store_locator_email\">Email: <a href=\"mailto:reservas@lacasadelcofrade.com\">reservas@lacasadelcofrade.com<\/a><br\/><\/span><span class=\"store_locator_website\">Website: <a href=\"https:\/\/www.lacasadelcofrade.com\/\">https:\/\/www.lacasadelcofrade.com\/<\/a><br\/><\/span><\/p><\/div>`,\n      });\n\n    marker28.addListener(\"click\", () => {\n        infowindow28.open({\n          anchor: marker28,\n          map,\n          shouldFocus: false,\n        });\n    });marker29 = new google.maps.Marker({position: {lat: 42.45267259390092, lng: -2.4479866772155745},map,title: \"Logrono Hotel Avda de Madrid 25\",});\n    markers.push(marker29);\n    const infowindow29 = new google.maps.InfoWindow({\n        content: `<div id=\"store_locator_infowindow_32342\" class=\"store_locator_infowindow\"><div class=\"store-locator-col-sm-12 store_locator_details\"><h3 class=\"store_locator_name\"><a href=\"https:\/\/www.visitgastroh.com\/en\/store\/logrono-hotel-avda-de-madrid-25\/\">Logrono Hotel Avda de Madrid 25<\/a><\/h3><p><a href=\"https:\/\/www.visitgastroh.com\/en\/store\/logrono-hotel-avda-de-madrid-25\/\"><img loading=\"lazy\" decoding=\"async\" width=\"2560\" height=\"1707\" src=\"https:\/\/www.visitgastroh.com\/wp-content\/uploads\/2022\/03\/2022T_00983-scaled.jpg\" class=\"attachment-post-thumbnail size-post-thumbnail wp-post-image\" alt=\"\" srcset=\"https:\/\/www.visitgastroh.com\/wp-content\/uploads\/2022\/03\/2022T_00983-scaled.jpg 2560w, https:\/\/www.visitgastroh.com\/wp-content\/uploads\/2022\/03\/2022T_00983-300x200.jpg 300w, https:\/\/www.visitgastroh.com\/wp-content\/uploads\/2022\/03\/2022T_00983-1024x683.jpg 1024w, https:\/\/www.visitgastroh.com\/wp-content\/uploads\/2022\/03\/2022T_00983-768x512.jpg 768w, https:\/\/www.visitgastroh.com\/wp-content\/uploads\/2022\/03\/2022T_00983-1536x1024.jpg 1536w, https:\/\/www.visitgastroh.com\/wp-content\/uploads\/2022\/03\/2022T_00983-2048x1365.jpg 2048w, https:\/\/www.visitgastroh.com\/wp-content\/uploads\/2022\/03\/2022T_00983-900x600.jpg 900w\" sizes=\"auto, (max-width: 2560px) 100vw, 2560px\" \/><\/a><\/p><p class=\"store_locator_excerpt\">LOGRO\u00d1O AVDA DE MADRID 25 Hotel (LOGRO\u00d1O) 700 meters from the center of Logro\u00f1o and 450 meters from Las Gaunas football stadium. It offers attractive rooms with air conditioning and...<\/p><p class=\"store_locator_address\"><span class=\"store_locator_street\">Avda de Madrid n\u00ba25<br\/><\/span> <span class=\"store_locator_zip\">26007<\/span> <span class=\"store_locator_city\">Logro\u00f1o<br\/><\/span> <span class=\"store_locator_region\">La Rioja <\/span> <\/p><p class=\"store_locator_contact\"><span class=\"store_locator_tel\">Tel.: <a href=\"tel:+34 941870001\">+34 941870001<\/a><br\/><\/span><span class=\"store_locator_email\">Email: <a href=\"mailto:reservas@hotellogrono.com\">reservas@hotellogrono.com<\/a><br\/><\/span><span class=\"store_locator_website\">Website: <a href=\"http:\/\/www.hotellogrono.com\/\">http:\/\/www.hotellogrono.com\/<\/a><br\/><\/span><\/p><\/div>`,\n      });\n\n    marker29.addListener(\"click\", () => {\n        infowindow29.open({\n          anchor: marker29,\n          map,\n          shouldFocus: false,\n        });\n    });marker30 = new google.maps.Marker({position: {lat: 42.54188329999999, lng: -2.9634763},map,title: \"LOS COLMENARES Miguel Colmenares Planas\",});\n    markers.push(marker30);\n    const infowindow30 = new google.maps.InfoWindow({\n        content: `<div id=\"store_locator_infowindow_38727\" class=\"store_locator_infowindow\"><div class=\"store-locator-col-sm-12 store_locator_details\"><h3 class=\"store_locator_name\"><a href=\"https:\/\/www.visitgastroh.com\/en\/store\/los-colmenares-miguel-colmenares-planas\/\">LOS COLMENARES Miguel Colmenares Planas<\/a><\/h3><p><a href=\"https:\/\/www.visitgastroh.com\/en\/store\/los-colmenares-miguel-colmenares-planas\/\"><img loading=\"lazy\" decoding=\"async\" width=\"1200\" height=\"800\" src=\"https:\/\/www.visitgastroh.com\/wp-content\/uploads\/2022\/03\/colmenares-casacompleta-galeria-30.jpg\" class=\"attachment-post-thumbnail size-post-thumbnail wp-post-image\" alt=\"\" srcset=\"https:\/\/www.visitgastroh.com\/wp-content\/uploads\/2022\/03\/colmenares-casacompleta-galeria-30.jpg 1200w, https:\/\/www.visitgastroh.com\/wp-content\/uploads\/2022\/03\/colmenares-casacompleta-galeria-30-300x200.jpg 300w, https:\/\/www.visitgastroh.com\/wp-content\/uploads\/2022\/03\/colmenares-casacompleta-galeria-30-1024x683.jpg 1024w, https:\/\/www.visitgastroh.com\/wp-content\/uploads\/2022\/03\/colmenares-casacompleta-galeria-30-768x512.jpg 768w, https:\/\/www.visitgastroh.com\/wp-content\/uploads\/2022\/03\/colmenares-casacompleta-galeria-30-900x600.jpg 900w\" sizes=\"auto, (max-width: 1200px) 100vw, 1200px\" \/><\/a><\/p><p class=\"store_locator_excerpt\">LOS COLMENARES Casa Rural (CUZCURRITA DEL R\u00cdO TIR\u00d3N) The house &#8220;Los Colmenares&#8221; receives its name from the family surname, this property has always been transmitted in the family by inheritance,...<\/p><p class=\"store_locator_address\"><span class=\"store_locator_street\">Plaza Mayor, 9<br\/><\/span> <span class=\"store_locator_zip\">26214<\/span> <span class=\"store_locator_city\">Cuzcurrita de R\u00edo Tir\u00f3n<br\/><\/span> <span class=\"store_locator_region\">La Rioja<\/span> <\/p><p class=\"store_locator_contact\"><span class=\"store_locator_tel\">Tel.: <a href=\"tel:+34 941 301 821\">+34 941 301 821<\/a><br\/><\/span><span class=\"store_locator_email\">Email: <a href=\"mailto:casa@loscolmenares.com\">casa@loscolmenares.com<\/a><br\/><\/span><span class=\"store_locator_mobile\">M\u00f3vil: <a href=\"tel:+34 637 963 836\">+34 637 963 836<\/a><br\/><\/span><span class=\"store_locator_website\">Website: <a href=\"https:\/\/www.loscolmenares.com\/\">https:\/\/www.loscolmenares.com\/<\/a><br\/><\/span><\/p><\/div>`,\n      });\n\n    marker30.addListener(\"click\", () => {\n        infowindow30.open({\n          anchor: marker30,\n          map,\n          shouldFocus: false,\n        });\n    });marker31 = new google.maps.Marker({position: {lat: 42.13360871166612, lng: -2.1110295325408934},map,title: \"MURO DE AGUAS Casa Rural ocio y turismo ruralaguas sl\",});\n    markers.push(marker31);\n    const infowindow31 = new google.maps.InfoWindow({\n        content: `<div id=\"store_locator_infowindow_32400\" class=\"store_locator_infowindow\"><div class=\"store-locator-col-sm-12 store_locator_details\"><h3 class=\"store_locator_name\"><a href=\"https:\/\/www.visitgastroh.com\/en\/store\/muro-de-aguas-casa-rural-ocio-y-turismo-ruralaguas-sl\/\">MURO DE AGUAS Casa Rural ocio y turismo ruralaguas sl<\/a><\/h3><p><a href=\"https:\/\/www.visitgastroh.com\/en\/store\/muro-de-aguas-casa-rural-ocio-y-turismo-ruralaguas-sl\/\"><img loading=\"lazy\" decoding=\"async\" width=\"1700\" height=\"2560\" src=\"https:\/\/www.visitgastroh.com\/wp-content\/uploads\/2022\/02\/Casa-rural-Muro-de-aguas-parte-delantera-scaled.jpg\" class=\"attachment-post-thumbnail size-post-thumbnail wp-post-image\" alt=\"\" srcset=\"https:\/\/www.visitgastroh.com\/wp-content\/uploads\/2022\/02\/Casa-rural-Muro-de-aguas-parte-delantera-scaled.jpg 1700w, https:\/\/www.visitgastroh.com\/wp-content\/uploads\/2022\/02\/Casa-rural-Muro-de-aguas-parte-delantera-199x300.jpg 199w, https:\/\/www.visitgastroh.com\/wp-content\/uploads\/2022\/02\/Casa-rural-Muro-de-aguas-parte-delantera-680x1024.jpg 680w, https:\/\/www.visitgastroh.com\/wp-content\/uploads\/2022\/02\/Casa-rural-Muro-de-aguas-parte-delantera-768x1156.jpg 768w, https:\/\/www.visitgastroh.com\/wp-content\/uploads\/2022\/02\/Casa-rural-Muro-de-aguas-parte-delantera-1020x1536.jpg 1020w, https:\/\/www.visitgastroh.com\/wp-content\/uploads\/2022\/02\/Casa-rural-Muro-de-aguas-parte-delantera-1360x2048.jpg 1360w\" sizes=\"auto, (max-width: 1700px) 100vw, 1700px\" \/><\/a><\/p><p class=\"store_locator_excerpt\">MURO DE AGUAS Casa Rural (MURO DE AGUAS) &nbsp; Our Muro de Aguas rural house is an old pastoral house with the typical traditional structure. It is arranged on 3...<\/p><p class=\"store_locator_address\"><span class=\"store_locator_street\">Calle Ancha n\u00ba12<br\/><\/span> <span class=\"store_locator_zip\">26587<\/span> <span class=\"store_locator_city\">Muro de Aguas<br\/><\/span> <span class=\"store_locator_region\">La Rioja<\/span> <\/p><p class=\"store_locator_contact\"><span class=\"store_locator_tel\">Tel.: <a href=\"tel:+34680880068\">+34680880068<\/a><br\/><\/span><span class=\"store_locator_email\">Email: <a href=\"mailto:info@murodeaguas.com\">info@murodeaguas.com<\/a><br\/><\/span><span class=\"store_locator_mobile\">M\u00f3vil: <a href=\"tel:+34680880068\">+34680880068<\/a><br\/><\/span><span class=\"store_locator_website\">Website: <a href=\"https:\/\/www.murodeaguas.com\/\">https:\/\/www.murodeaguas.com\/<\/a><br\/><\/span><\/p><\/div>`,\n      });\n\n    marker31.addListener(\"click\", () => {\n        infowindow31.open({\n          anchor: marker31,\n          map,\n          shouldFocus: false,\n        });\n    });marker32 = new google.maps.Marker({position: {lat: 42.5363114, lng: -2.9138676},map,title: \"Natura Resorts Rioja\",});\n    markers.push(marker32);\n    const infowindow32 = new google.maps.InfoWindow({\n        content: `<div id=\"store_locator_infowindow_32346\" class=\"store_locator_infowindow\"><div class=\"store-locator-col-sm-12 store_locator_details\"><h3 class=\"store_locator_name\"><a href=\"https:\/\/www.visitgastroh.com\/en\/store\/natura-resorts-rioja\/\">Natura Resorts Rioja<\/a><\/h3><p><a href=\"https:\/\/www.visitgastroh.com\/en\/store\/natura-resorts-rioja\/\"><img loading=\"lazy\" decoding=\"async\" width=\"1356\" height=\"598\" src=\"https:\/\/www.visitgastroh.com\/wp-content\/uploads\/2022\/03\/Captura-de-pantalla-2021-10-28-a-las-13.01.47.png\" class=\"attachment-post-thumbnail size-post-thumbnail wp-post-image\" alt=\"\" srcset=\"https:\/\/www.visitgastroh.com\/wp-content\/uploads\/2022\/03\/Captura-de-pantalla-2021-10-28-a-las-13.01.47.png 1356w, https:\/\/www.visitgastroh.com\/wp-content\/uploads\/2022\/03\/Captura-de-pantalla-2021-10-28-a-las-13.01.47-300x132.png 300w, https:\/\/www.visitgastroh.com\/wp-content\/uploads\/2022\/03\/Captura-de-pantalla-2021-10-28-a-las-13.01.47-1024x452.png 1024w, https:\/\/www.visitgastroh.com\/wp-content\/uploads\/2022\/03\/Captura-de-pantalla-2021-10-28-a-las-13.01.47-768x339.png 768w\" sizes=\"auto, (max-width: 1356px) 100vw, 1356px\" \/><\/a><\/p><p class=\"store_locator_excerpt\">NATURA Resorts Rioja (CASALARREINA) NATURA Resort is part of a global project that promotes social integration, the elimination of barriers and the eradication of stereotypes about disability through tourism projects,...<\/p><p class=\"store_locator_address\"><span class=\"store_locator_street\">Carretera LR-111, Km 36<br\/><\/span> <span class=\"store_locator_zip\">26230<\/span> <span class=\"store_locator_city\">Casalarreina<br\/><\/span> <span class=\"store_locator_region\">La Rioja<\/span> <\/p><p class=\"store_locator_contact\"><span class=\"store_locator_tel\">Tel.: <a href=\"tel:+34 662002780\">+34 662002780<\/a><br\/><\/span><span class=\"store_locator_email\">Email: <a href=\"mailto:direccioncomercial@natura-resorts.com\">direccioncomercial@natura-resorts.com<\/a><br\/><\/span><span class=\"store_locator_website\">Website: <a href=\"https:\/\/natura-resorts.com\">https:\/\/natura-resorts.com<\/a><br\/><\/span><\/p><\/div>`,\n      });\n\n    marker32.addListener(\"click\", () => {\n        infowindow32.open({\n          anchor: marker32,\n          map,\n          shouldFocus: false,\n        });\n    });marker33 = new google.maps.Marker({position: {lat: 42.32584, lng: -3.014094},map,title: \"Palacio Azcarate Hotel\",});\n    markers.push(marker33);\n    const infowindow33 = new google.maps.InfoWindow({\n        content: `<div id=\"store_locator_infowindow_32345\" class=\"store_locator_infowindow\"><div class=\"store-locator-col-sm-12 store_locator_details\"><h3 class=\"store_locator_name\"><a href=\"https:\/\/www.visitgastroh.com\/en\/store\/palacio-azcarate-hotel-apartamentos-restaurante\/\">Palacio Azcarate Hotel<\/a><\/h3><p><a href=\"https:\/\/www.visitgastroh.com\/en\/store\/palacio-azcarate-hotel-apartamentos-restaurante\/\"><img loading=\"lazy\" decoding=\"async\" width=\"636\" height=\"513\" src=\"https:\/\/www.visitgastroh.com\/wp-content\/uploads\/2022\/03\/PA-05.jpg\" class=\"attachment-post-thumbnail size-post-thumbnail wp-post-image\" alt=\"\" srcset=\"https:\/\/www.visitgastroh.com\/wp-content\/uploads\/2022\/03\/PA-05.jpg 636w, https:\/\/www.visitgastroh.com\/wp-content\/uploads\/2022\/03\/PA-05-300x242.jpg 300w\" sizes=\"auto, (max-width: 636px) 100vw, 636px\" \/><\/a><\/p><p class=\"store_locator_excerpt\">PALACIO AZCARATE Hotel (EZCARAY) Charming mansion located in a rehabilitated mansion protected by heritage. In its decoration, the warmth of the noble woods, the large windows and viewpoints that create...<\/p><p class=\"store_locator_address\"><span class=\"store_locator_street\">Calle Padre Jos\u00e9 Garc\u00eda n\u00ba 17<br\/><\/span> <span class=\"store_locator_zip\">26280<\/span> <span class=\"store_locator_city\">Ezcaray<br\/><\/span> <span class=\"store_locator_region\">The Rioja<\/span> <\/p><p class=\"store_locator_contact\"><span class=\"store_locator_tel\">Tel.: <a href=\"tel:+34 941427282\">+34 941427282<\/a><br\/><\/span><span class=\"store_locator_email\">Email: <a href=\"mailto:info@palacioazcarate.com\">info@palacioazcarate.com<\/a><br\/><\/span><span class=\"store_locator_website\">Website: <a href=\"https:\/\/www.palacioazcarate.com\/\">https:\/\/www.palacioazcarate.com\/<\/a><br\/><\/span><\/p><\/div>`,\n      });\n\n    marker33.addListener(\"click\", () => {\n        infowindow33.open({\n          anchor: marker33,\n          map,\n          shouldFocus: false,\n        });\n    });marker34 = new google.maps.Marker({position: {lat: 42.466277797405326, lng: -2.5610455153442446},map,title: \"Pensi\u00f3n \u00dabeda\",});\n    markers.push(marker34);\n    const infowindow34 = new google.maps.InfoWindow({\n        content: `<div id=\"store_locator_infowindow_32436\" class=\"store_locator_infowindow\"><div class=\"store-locator-col-sm-12 store_locator_details\"><h3 class=\"store_locator_name\"><a href=\"https:\/\/www.visitgastroh.com\/en\/store\/pension-ubeda\/\">Pensi\u00f3n \u00dabeda<\/a><\/h3><p><a href=\"https:\/\/www.visitgastroh.com\/en\/store\/pension-ubeda\/\"><img loading=\"lazy\" decoding=\"async\" width=\"2560\" height=\"2560\" src=\"https:\/\/www.visitgastroh.com\/wp-content\/uploads\/2022\/02\/hall-tercero-2022-scaled.jpg\" class=\"attachment-post-thumbnail size-post-thumbnail wp-post-image\" alt=\"\" srcset=\"https:\/\/www.visitgastroh.com\/wp-content\/uploads\/2022\/02\/hall-tercero-2022-scaled.jpg 2560w, https:\/\/www.visitgastroh.com\/wp-content\/uploads\/2022\/02\/hall-tercero-2022-300x300.jpg 300w, https:\/\/www.visitgastroh.com\/wp-content\/uploads\/2022\/02\/hall-tercero-2022-1024x1024.jpg 1024w, https:\/\/www.visitgastroh.com\/wp-content\/uploads\/2022\/02\/hall-tercero-2022-150x150.jpg 150w, https:\/\/www.visitgastroh.com\/wp-content\/uploads\/2022\/02\/hall-tercero-2022-768x768.jpg 768w, https:\/\/www.visitgastroh.com\/wp-content\/uploads\/2022\/02\/hall-tercero-2022-1536x1536.jpg 1536w, https:\/\/www.visitgastroh.com\/wp-content\/uploads\/2022\/02\/hall-tercero-2022-2048x2048.jpg 2048w, https:\/\/www.visitgastroh.com\/wp-content\/uploads\/2022\/02\/hall-tercero-2022-100x100.jpg 100w, https:\/\/www.visitgastroh.com\/wp-content\/uploads\/2022\/02\/hall-tercero-2022-140x140.jpg 140w, https:\/\/www.visitgastroh.com\/wp-content\/uploads\/2022\/02\/hall-tercero-2022-500x500.jpg 500w, https:\/\/www.visitgastroh.com\/wp-content\/uploads\/2022\/02\/hall-tercero-2022-350x350.jpg 350w, https:\/\/www.visitgastroh.com\/wp-content\/uploads\/2022\/02\/hall-tercero-2022-1000x1000.jpg 1000w, https:\/\/www.visitgastroh.com\/wp-content\/uploads\/2022\/02\/hall-tercero-2022-800x800.jpg 800w\" sizes=\"auto, (max-width: 2560px) 100vw, 2560px\" \/><\/a><\/p><p class=\"store_locator_excerpt\">PENSI\u00d3N \u00daBEDA Pensi\u00f3n (FUENMAYOR) A different concept of tourism in La Rioja Pensi\u00f3n \u00dabeda has 10 double, superior and family rooms with artisan breakfast, themed around La Rioja wine. Living...<\/p><p class=\"store_locator_address\"><span class=\"store_locator_street\">Calle \u00dabeda n\u00ba15<br\/><\/span> <span class=\"store_locator_zip\">26360<\/span> <span class=\"store_locator_city\">Fuenmayor <br\/><\/span> <span class=\"store_locator_region\">La Rioja <\/span> <\/p><p class=\"store_locator_contact\"><span class=\"store_locator_tel\">Tel.: <a href=\"tel:+34663779629\">+34663779629<\/a><br\/><\/span><span class=\"store_locator_email\">Email: <a href=\"mailto:info@pensionubeda.org\">info@pensionubeda.org<\/a><br\/><\/span><span class=\"store_locator_mobile\">M\u00f3vil: <a href=\"tel:+34663779629\">+34663779629<\/a><br\/><\/span><span class=\"store_locator_website\">Website: <a href=\"https:\/\/www.pensionubeda.com \">https:\/\/www.pensionubeda.com <\/a><br\/><\/span><\/p><\/div>`,\n      });\n\n    marker34.addListener(\"click\", () => {\n        infowindow34.open({\n          anchor: marker34,\n          map,\n          shouldFocus: false,\n        });\n    });marker35 = new google.maps.Marker({position: {lat: 42.3178673, lng: -3.0668938},map,title: \"Pura Vida Hotel\",});\n    markers.push(marker35);\n    const infowindow35 = new google.maps.InfoWindow({\n        content: `<div id=\"store_locator_infowindow_35085\" class=\"store_locator_infowindow\"><div class=\"store-locator-col-sm-12 store_locator_details\"><h3 class=\"store_locator_name\"><a href=\"https:\/\/www.visitgastroh.com\/en\/store\/pura-vida-hotel\/\">Pura Vida Hotel<\/a><\/h3><p><a href=\"https:\/\/www.visitgastroh.com\/en\/store\/pura-vida-hotel\/\"><img loading=\"lazy\" decoding=\"async\" width=\"1568\" height=\"791\" src=\"https:\/\/www.visitgastroh.com\/wp-content\/uploads\/2022\/04\/hotel-pura-vida-edificio.jpg\" class=\"attachment-post-thumbnail size-post-thumbnail wp-post-image\" alt=\"\" srcset=\"https:\/\/www.visitgastroh.com\/wp-content\/uploads\/2022\/04\/hotel-pura-vida-edificio.jpg 1568w, https:\/\/www.visitgastroh.com\/wp-content\/uploads\/2022\/04\/hotel-pura-vida-edificio-300x151.jpg 300w, https:\/\/www.visitgastroh.com\/wp-content\/uploads\/2022\/04\/hotel-pura-vida-edificio-1024x517.jpg 1024w, https:\/\/www.visitgastroh.com\/wp-content\/uploads\/2022\/04\/hotel-pura-vida-edificio-768x387.jpg 768w, https:\/\/www.visitgastroh.com\/wp-content\/uploads\/2022\/04\/hotel-pura-vida-edificio-1536x775.jpg 1536w\" sizes=\"auto, (max-width: 1568px) 100vw, 1568px\" \/><\/a><\/p><p class=\"store_locator_excerpt\">Pura Vida Hotel (Valga\u00f1\u00f3n) Pura Vida is a charming hotel located in Valga\u00f1\u00f3n, La Rioja. The building was rehabilitated by its owners in 2014. Ascensi\u00f3n and Javier are interior designers...<\/p><p class=\"store_locator_address\"><span class=\"store_locator_street\">Calle Real, 7<br\/><\/span> <span class=\"store_locator_zip\">26288<\/span> <span class=\"store_locator_city\">Valga\u00f1\u00f3n<br\/><\/span> <span class=\"store_locator_region\">La Rioja<\/span> <\/p><p class=\"store_locator_contact\"><span class=\"store_locator_tel\">Tel.: <a href=\"tel:+34 941 42 75 30\">+34 941 42 75 30<\/a><br\/><\/span><span class=\"store_locator_email\">Email: <a href=\"mailto:info@hotelpuravida.es\">info@hotelpuravida.es<\/a><br\/><\/span><span class=\"store_locator_mobile\">M\u00f3vil: <a href=\"tel:+34 649 78 61 59\">+34 649 78 61 59<\/a><br\/><\/span><span class=\"store_locator_website\">Website: <a href=\"https:\/\/hotelpuravida.es\/\">https:\/\/hotelpuravida.es\/<\/a><br\/><\/span><\/p><\/div>`,\n      });\n\n    marker35.addListener(\"click\", () => {\n        infowindow35.open({\n          anchor: marker35,\n          map,\n          shouldFocus: false,\n        });\n    });marker36 = new google.maps.Marker({position: {lat: 42.511883013264146, lng: -2.94538332911376},map,title: \"TORRE FUERTE S.XIII\",});\n    markers.push(marker36);\n    const infowindow36 = new google.maps.InfoWindow({\n        content: `<div id=\"store_locator_infowindow_32395\" class=\"store_locator_infowindow\"><div class=\"store-locator-col-sm-12 store_locator_details\"><h3 class=\"store_locator_name\"><a href=\"https:\/\/www.visitgastroh.com\/en\/store\/torre-fuerte-s-xiii\/\">TORRE FUERTE S.XIII<\/a><\/h3><p><a href=\"https:\/\/www.visitgastroh.com\/en\/store\/torre-fuerte-s-xiii\/\"><img loading=\"lazy\" decoding=\"async\" width=\"2148\" height=\"2560\" src=\"https:\/\/www.visitgastroh.com\/wp-content\/uploads\/2022\/02\/Poternaa-scaled.jpg\" class=\"attachment-post-thumbnail size-post-thumbnail wp-post-image\" alt=\"\" srcset=\"https:\/\/www.visitgastroh.com\/wp-content\/uploads\/2022\/02\/Poternaa-scaled.jpg 2148w, https:\/\/www.visitgastroh.com\/wp-content\/uploads\/2022\/02\/Poternaa-252x300.jpg 252w, https:\/\/www.visitgastroh.com\/wp-content\/uploads\/2022\/02\/Poternaa-859x1024.jpg 859w, https:\/\/www.visitgastroh.com\/wp-content\/uploads\/2022\/02\/Poternaa-768x915.jpg 768w, https:\/\/www.visitgastroh.com\/wp-content\/uploads\/2022\/02\/Poternaa-1289x1536.jpg 1289w, https:\/\/www.visitgastroh.com\/wp-content\/uploads\/2022\/02\/Poternaa-1718x2048.jpg 1718w\" sizes=\"auto, (max-width: 2148px) 100vw, 2148px\" \/><\/a><\/p><p class=\"store_locator_excerpt\">TORRE FUERTE S.XIII Casa Rural (BA\u00d1OS DE RIOJA) The Torre Fuerte de Ba\u00f1os de Rioja, is a homage tower from the 13th century, and was part of a fortress that...<\/p><p class=\"store_locator_address\"><span class=\"store_locator_street\">Calle Mayor n\u00ba8<br\/><\/span> <span class=\"store_locator_zip\">26241<\/span> <span class=\"store_locator_city\">Ba\u00f1os de Rioja<br\/><\/span> <span class=\"store_locator_region\">La Rioja<\/span> <\/p><p class=\"store_locator_contact\"><span class=\"store_locator_tel\">Tel.: <a href=\"tel:+34 941300193\">+34 941300193<\/a><br\/><\/span><span class=\"store_locator_email\">Email: <a href=\"mailto:info@torrefuerterural.com \">info@torrefuerterural.com <\/a><br\/><\/span><span class=\"store_locator_mobile\">M\u00f3vil: <a href=\"tel:+34 615765885\">+34 615765885<\/a><br\/><\/span><span class=\"store_locator_website\">Website: <a href=\"https:\/\/www.torrefuerterural.com\">https:\/\/www.torrefuerterural.com<\/a><br\/><\/span><\/p><\/div>`,\n      });\n\n    marker36.addListener(\"click\", () => {\n        infowindow36.open({\n          anchor: marker36,\n          map,\n          shouldFocus: false,\n        });\n    });    new markerClusterer.MarkerClusterer( {map, markers} );\n}\ndocument.addEventListener(\"DOMContentLoaded\", function(event) {\n    \/\/c\u00f3digo a ejecutar cuando el DOM est\u00e1 listo para recibir acciones\n    initMapa();\n});\n<\/script>\n<\/div>[\/vc_column_text][\/vc_column][\/vc_row]\n","protected":false},"excerpt":{"rendered":"<p>[vc_row type=&#8221;full_width_background&#8221; full_screen_row_position=&#8221;middle&#8221; column_margin=&#8221;default&#8221; equal_height=&#8221;yes&#8221; content_placement=&#8221;middle&#8221; column_direction=&#8221;default&#8221; column_direction_tablet=&#8221;default&#8221; column_direction_phone=&#8221;default&#8221; bg_image=&#8221;16971&#8243; bg_position=&#8221;center center&#8221; background_image_loading=&#8221;default&#8221; bg_repeat=&#8221;no-repeat&#8221; scene_position=&#8221;center&#8221; top_padding=&#8221;5%&#8221; bottom_padding=&#8221;5%&#8221; text_color=&#8221;light&#8221; text_align=&#8221;left&#8221; row_border_radius=&#8221;none&#8221; row_border_radius_applies=&#8221;bg&#8221; color_overlay=&#8221;#000000&#8243; overlay_strength=&#8221;0.5&#8243; gradient_direction=&#8221;left_to_right&#8221; shape_divider_position=&#8221;bottom&#8221; bg_image_animation=&#8221;none&#8221; shape_type=&#8221;&#8221;][vc_column column_padding=&#8221;no-extra-padding&#8221; column_padding_tablet=&#8221;inherit&#8221; column_padding_phone=&#8221;inherit&#8221;&#8230;<\/p>\n","protected":false},"author":1,"featured_media":0,"parent":31157,"menu_order":0,"comment_status":"closed","ping_status":"closed","template":"","meta":{"footnotes":""},"class_list":["post-31263","page","type-page","status-publish"],"_links":{"self":[{"href":"https:\/\/www.visitgastroh.com\/en\/wp-json\/wp\/v2\/pages\/31263","targetHints":{"allow":["GET"]}}],"collection":[{"href":"https:\/\/www.visitgastroh.com\/en\/wp-json\/wp\/v2\/pages"}],"about":[{"href":"https:\/\/www.visitgastroh.com\/en\/wp-json\/wp\/v2\/types\/page"}],"author":[{"embeddable":true,"href":"https:\/\/www.visitgastroh.com\/en\/wp-json\/wp\/v2\/users\/1"}],"replies":[{"embeddable":true,"href":"https:\/\/www.visitgastroh.com\/en\/wp-json\/wp\/v2\/comments?post=31263"}],"version-history":[{"count":0,"href":"https:\/\/www.visitgastroh.com\/en\/wp-json\/wp\/v2\/pages\/31263\/revisions"}],"up":[{"embeddable":true,"href":"https:\/\/www.visitgastroh.com\/en\/wp-json\/wp\/v2\/pages\/31157"}],"wp:attachment":[{"href":"https:\/\/www.visitgastroh.com\/en\/wp-json\/wp\/v2\/media?parent=31263"}],"curies":[{"name":"wp","href":"https:\/\/api.w.org\/{rel}","templated":true}]}}