{"id":27467,"date":"2022-01-04T15:05:44","date_gmt":"2022-01-04T14:05:44","guid":{"rendered":"https:\/\/www.visitgastroh.com\/destinations\/euskadi\/vitoria-gasteiz\/"},"modified":"2022-06-03T11:31:49","modified_gmt":"2022-06-03T09:31:49","slug":"vitoria-gasteiz","status":"publish","type":"page","link":"https:\/\/www.visitgastroh.com\/en\/destinations\/euskadi\/vitoria-gasteiz\/","title":{"rendered":"Vitoria-Gasteiz"},"content":{"rendered":"[vc_row type=&#8221;full_width_background&#8221; full_screen_row_position=&#8221;middle&#8221; column_margin=&#8221;default&#8221; column_direction=&#8221;default&#8221; column_direction_tablet=&#8221;default&#8221; column_direction_phone=&#8221;default&#8221; bg_image=&#8221;6826&#8243; bg_position=&#8221;center center&#8221; background_image_loading=&#8221;default&#8221; bg_repeat=&#8221;no-repeat&#8221; scene_position=&#8221;center&#8221; top_padding=&#8221;10%&#8221; bottom_padding=&#8221;10%&#8221; text_color=&#8221;light&#8221; text_align=&#8221;left&#8221; row_border_radius=&#8221;none&#8221; row_border_radius_applies=&#8221;bg&#8221; color_overlay=&#8221;#000000&#8243; overlay_strength=&#8221;0.5&#8243; gradient_direction=&#8221;left_to_right&#8221; shape_divider_position=&#8221;bottom&#8221; bg_image_animation=&#8221;none&#8221; shape_type=&#8221;&#8221;][vc_column column_padding=&#8221;no-extra-padding&#8221; column_padding_tablet=&#8221;inherit&#8221; column_padding_phone=&#8221;inherit&#8221; column_padding_position=&#8221;all&#8221; column_element_spacing=&#8221;default&#8221; background_color_opacity=&#8221;1&#8243; background_hover_color_opacity=&#8221;1&#8243; column_shadow=&#8221;none&#8221; column_border_radius=&#8221;none&#8221; column_link_target=&#8221;_self&#8221; gradient_direction=&#8221;left_to_right&#8221; overlay_strength=&#8221;0.3&#8243; width=&#8221;1\/1&#8243; tablet_width_inherit=&#8221;default&#8221; tablet_text_alignment=&#8221;default&#8221; phone_text_alignment=&#8221;default&#8221; bg_image_animation=&#8221;none&#8221; border_type=&#8221;simple&#8221; column_border_width=&#8221;none&#8221; column_border_style=&#8221;solid&#8221;][split_line_heading animation_type=&#8221;default&#8221;]\n<div class=\"favoritos-pag\"><div class=\"ccc-favorite-post-toggle\" data-ccc_my_favorites-select_button-style=\"1\"><a href=\"#\" class=\"ccc-favorite-post-toggle-button\" data-post_id-ccc_favorite=\"27467\"><span class=\"text\">Favorite<\/span><\/a><\/div><\/div>\n<h1 style=\"font-size: 75px;\">Vitoria-Gasteiz!<\/h1>\n[\/split_line_heading][split_line_heading animation_type=&#8221;default&#8221;]\n<h3 style=\"font-size: 36px;\">EUSKADI<\/h3>\n[\/split_line_heading][image_with_animation image_url=&#8221;6393&#8243; animation=&#8221;Fade In&#8221; hover_animation=&#8221;none&#8221; alignment=&#8221;&#8221; border_radius=&#8221;none&#8221; box_shadow=&#8221;none&#8221; image_loading=&#8221;default&#8221; max_width=&#8221;100%&#8221; max_width_mobile=&#8221;default&#8221;][\/vc_column][\/vc_row][vc_row type=&#8221;in_container&#8221; full_screen_row_position=&#8221;middle&#8221; column_margin=&#8221;default&#8221; column_direction=&#8221;default&#8221; column_direction_tablet=&#8221;default&#8221; column_direction_phone=&#8221;default&#8221; scene_position=&#8221;center&#8221; top_padding=&#8221;5%&#8221; bottom_padding=&#8221;5%&#8221; text_color=&#8221;dark&#8221; text_align=&#8221;left&#8221; row_border_radius=&#8221;none&#8221; row_border_radius_applies=&#8221;bg&#8221; overlay_strength=&#8221;0.3&#8243; gradient_direction=&#8221;left_to_right&#8221; shape_divider_position=&#8221;bottom&#8221; bg_image_animation=&#8221;none&#8221; shape_type=&#8221;&#8221;][vc_column column_padding=&#8221;no-extra-padding&#8221; column_padding_tablet=&#8221;inherit&#8221; column_padding_phone=&#8221;inherit&#8221; column_padding_position=&#8221;all&#8221; column_element_spacing=&#8221;default&#8221; background_color_opacity=&#8221;1&#8243; background_hover_color_opacity=&#8221;1&#8243; column_shadow=&#8221;none&#8221; column_border_radius=&#8221;none&#8221; column_link_target=&#8221;_self&#8221; gradient_direction=&#8221;left_to_right&#8221; overlay_strength=&#8221;0.3&#8243; width=&#8221;2\/5&#8243; tablet_width_inherit=&#8221;default&#8221; tablet_text_alignment=&#8221;default&#8221; phone_text_alignment=&#8221;default&#8221; bg_image_animation=&#8221;none&#8221; border_type=&#8221;simple&#8221; column_border_width=&#8221;none&#8221; column_border_style=&#8221;solid&#8221;][vc_column_text]\n<h3><strong>The seat of the Basque Parliament and the capital of Euskadi, Vitoria-Gasteiz is a green city, European Green Capital 2012, packed with natural spaces and a step away from the area of Rioja Alavesa, a global wine tourism destination.<\/strong><\/h3>\n[\/vc_column_text][\/vc_column][vc_column column_padding=&#8221;no-extra-padding&#8221; column_padding_tablet=&#8221;inherit&#8221; column_padding_phone=&#8221;inherit&#8221; column_padding_position=&#8221;all&#8221; column_element_spacing=&#8221;default&#8221; background_color_opacity=&#8221;1&#8243; background_hover_color_opacity=&#8221;1&#8243; column_shadow=&#8221;none&#8221; column_border_radius=&#8221;none&#8221; column_link_target=&#8221;_self&#8221; gradient_direction=&#8221;left_to_right&#8221; overlay_strength=&#8221;0.3&#8243; width=&#8221;3\/5&#8243; tablet_width_inherit=&#8221;default&#8221; tablet_text_alignment=&#8221;default&#8221; phone_text_alignment=&#8221;default&#8221; bg_image_animation=&#8221;none&#8221; border_type=&#8221;simple&#8221; column_border_width=&#8221;none&#8221; column_border_style=&#8221;solid&#8221;][vc_column_text]You&#8217;ll feel it as soon as you arrive, Vitoria-Gasteiz\u00a0is friendly, convenient and designed for life. Everything is within easy reach, including what is known as the\u00a0<a href=\"https:\/\/turismo.euskadi.eus\/es\/rutas\/vuelta-al-anillo-verde-de-vitoria-gasteiz\/aa30-12375\/es\/\" target=\"_blank\" rel=\"noopener\"><strong>Anillo Verde<\/strong><\/a>or green ring, comprising six large parks on the outskirts of the city, that are good for walking or biking. In one of these parks, Salburua, you can enjoy views of a number of lagoons which, thanks to their exceptional location as a migratory stopover area, a large variety of birds can be sportted. Vitoria-Gasteiz has obtained the\u00a0Biosphere Responsible Tourism\u00a0international certification as a sustainable tourism destination.<\/p>\n<p>Another of the city&#8217;s gems is the <a href=\"https:\/\/turismo.euskadi.eus\/es\/patrimonio-cultural\/casco-antiguo-de-vitoria-gasteiz\/aa30-12375\/es\/\" target=\"_blank\" rel=\"noopener\"><strong>Almendra Medieval<\/strong><\/a> or medieval almond, so called due to its oval shape. This is one of the most iconic historic city centres of Euskadi.[\/vc_column_text][\/vc_column][\/vc_row][vc_row type=&#8221;full_width_background&#8221; full_screen_row_position=&#8221;middle&#8221; column_margin=&#8221;default&#8221; equal_height=&#8221;yes&#8221; column_direction=&#8221;default&#8221; column_direction_tablet=&#8221;default&#8221; column_direction_phone=&#8221;default&#8221; bg_color=&#8221;#f2f2f2&#8243; scene_position=&#8221;center&#8221; top_padding=&#8221;5%&#8221; bottom_padding=&#8221;5%&#8221; text_color=&#8221;dark&#8221; text_align=&#8221;left&#8221; row_border_radius=&#8221;none&#8221; row_border_radius_applies=&#8221;bg&#8221; overlay_strength=&#8221;0.3&#8243; gradient_direction=&#8221;left_to_right&#8221; shape_divider_position=&#8221;bottom&#8221; bg_image_animation=&#8221;none&#8221; shape_type=&#8221;&#8221;][vc_column column_padding=&#8221;no-extra-padding&#8221; column_padding_tablet=&#8221;inherit&#8221; column_padding_phone=&#8221;inherit&#8221; column_padding_position=&#8221;all&#8221; column_element_spacing=&#8221;default&#8221; background_color_opacity=&#8221;1&#8243; background_hover_color_opacity=&#8221;1&#8243; column_shadow=&#8221;none&#8221; column_border_radius=&#8221;none&#8221; column_link_target=&#8221;_self&#8221; gradient_direction=&#8221;left_to_right&#8221; overlay_strength=&#8221;0.3&#8243; width=&#8221;1\/2&#8243; tablet_width_inherit=&#8221;default&#8221; tablet_text_alignment=&#8221;default&#8221; phone_text_alignment=&#8221;default&#8221; bg_image_animation=&#8221;none&#8221; border_type=&#8221;simple&#8221; column_border_width=&#8221;none&#8221; column_border_style=&#8221;solid&#8221;][vc_column_text]\n<h3><strong>The Cathedral, Gothic at its most literary<\/strong><\/h3>\n<p>Make the\u00a0<a href=\"https:\/\/turismo.euskadi.eus\/es\/patrimonio-cultural\/catedral-de-santa-maria\/aa30-12375\/es\/\" target=\"_blank\" rel=\"noopener\"><strong>Gothic Cathedral of Santa Mar\u00eda<\/strong><\/a>, your first goal. Someone came up with the idea of making the most of the long restoration work of this Cathedral by allowing tourists and history lovers to better appreciate how it was constructed. A brilliant idea! More than one million visitors have now explored its naves, atrium and walls. Novelists such as Ken Follett and Toti Mart\u00ednez de Lezea took their inspiration from the Cathedral to write their books. The Old Quarter of Gasteiz also enjoys the status of Historical Complex.\u00a0The names of its streets\u00a0 \u2013Cuchiller\u00eda, Herrer\u00eda, Pintorer\u00eda, Correr\u00eda, etc. (cutlery, ironwork, painting, leather) \u2013 serve as a reminder of the activities of the different professions working there.[\/vc_column_text][\/vc_column][vc_column column_padding=&#8221;no-extra-padding&#8221; column_padding_tablet=&#8221;inherit&#8221; column_padding_phone=&#8221;inherit&#8221; column_padding_position=&#8221;all&#8221; column_element_spacing=&#8221;default&#8221; background_color_opacity=&#8221;1&#8243; background_hover_color_opacity=&#8221;1&#8243; column_shadow=&#8221;none&#8221; column_border_radius=&#8221;none&#8221; column_link_target=&#8221;_self&#8221; gradient_direction=&#8221;left_to_right&#8221; overlay_strength=&#8221;0.3&#8243; width=&#8221;1\/2&#8243; tablet_width_inherit=&#8221;default&#8221; tablet_text_alignment=&#8221;default&#8221; phone_text_alignment=&#8221;default&#8221; bg_image_animation=&#8221;none&#8221; border_type=&#8221;simple&#8221; column_border_width=&#8221;none&#8221; column_border_style=&#8221;solid&#8221;][image_with_animation image_url=&#8221;6817&#8243; animation=&#8221;Fade In&#8221; hover_animation=&#8221;none&#8221; alignment=&#8221;&#8221; border_radius=&#8221;none&#8221; box_shadow=&#8221;none&#8221; image_loading=&#8221;default&#8221; max_width=&#8221;100%&#8221; max_width_mobile=&#8221;default&#8221;][\/vc_column][\/vc_row][vc_row type=&#8221;full_width_background&#8221; full_screen_row_position=&#8221;middle&#8221; column_margin=&#8221;default&#8221; equal_height=&#8221;yes&#8221; column_direction=&#8221;default&#8221; column_direction_tablet=&#8221;default&#8221; column_direction_phone=&#8221;default&#8221; scene_position=&#8221;center&#8221; top_padding=&#8221;5%&#8221; bottom_padding=&#8221;5%&#8221; text_color=&#8221;dark&#8221; text_align=&#8221;left&#8221; row_border_radius=&#8221;none&#8221; row_border_radius_applies=&#8221;bg&#8221; overlay_strength=&#8221;0.3&#8243; gradient_direction=&#8221;left_to_right&#8221; shape_divider_position=&#8221;bottom&#8221; bg_image_animation=&#8221;none&#8221; shape_type=&#8221;&#8221;][vc_column column_padding=&#8221;no-extra-padding&#8221; column_padding_tablet=&#8221;inherit&#8221; column_padding_phone=&#8221;inherit&#8221; column_padding_position=&#8221;all&#8221; column_element_spacing=&#8221;default&#8221; background_color_opacity=&#8221;1&#8243; background_hover_color_opacity=&#8221;1&#8243; column_shadow=&#8221;none&#8221; column_border_radius=&#8221;none&#8221; column_link_target=&#8221;_self&#8221; gradient_direction=&#8221;left_to_right&#8221; overlay_strength=&#8221;0.3&#8243; width=&#8221;1\/2&#8243; tablet_width_inherit=&#8221;default&#8221; tablet_text_alignment=&#8221;default&#8221; phone_text_alignment=&#8221;default&#8221; bg_image_animation=&#8221;none&#8221; border_type=&#8221;simple&#8221; column_border_width=&#8221;none&#8221; column_border_style=&#8221;solid&#8221;][image_with_animation image_url=&#8221;6421&#8243; animation=&#8221;Fade In&#8221; hover_animation=&#8221;none&#8221; alignment=&#8221;&#8221; border_radius=&#8221;none&#8221; box_shadow=&#8221;none&#8221; image_loading=&#8221;default&#8221; max_width=&#8221;100%&#8221; max_width_mobile=&#8221;default&#8221;][\/vc_column][vc_column column_padding=&#8221;no-extra-padding&#8221; column_padding_tablet=&#8221;inherit&#8221; column_padding_phone=&#8221;inherit&#8221; column_padding_position=&#8221;all&#8221; column_element_spacing=&#8221;default&#8221; background_color_opacity=&#8221;1&#8243; background_hover_color_opacity=&#8221;1&#8243; column_shadow=&#8221;none&#8221; column_border_radius=&#8221;none&#8221; column_link_target=&#8221;_self&#8221; gradient_direction=&#8221;left_to_right&#8221; overlay_strength=&#8221;0.3&#8243; width=&#8221;1\/2&#8243; tablet_width_inherit=&#8221;default&#8221; tablet_text_alignment=&#8221;default&#8221; phone_text_alignment=&#8221;default&#8221; bg_image_animation=&#8221;none&#8221; border_type=&#8221;simple&#8221; column_border_width=&#8221;none&#8221; column_border_style=&#8221;solid&#8221;][vc_column_text]\n<h3>One step away from Rioja Alavesa<\/h3>\n<p>Vitoria-Gasteiz is just a step away from\u00a0<a href=\"https:\/\/www.visitgastroh.com\/en\/destinations\/euskadi\/rioja-alavesa\/\" target=\"_blank\" rel=\"noopener\"><strong>Rioja Alavesa<\/strong><\/a><u>,<\/u> so that you can easily combine your visit to the city with the pleasure of getting to know some of its famous wineries. The capital city loves all aspects of cuisine and gastronomy.[\/vc_column_text][\/vc_column][\/vc_row][vc_row type=&#8221;full_width_background&#8221; full_screen_row_position=&#8221;middle&#8221; column_margin=&#8221;default&#8221; equal_height=&#8221;yes&#8221; column_direction=&#8221;default&#8221; column_direction_tablet=&#8221;default&#8221; column_direction_phone=&#8221;default&#8221; bg_color=&#8221;#f2f2f2&#8243; scene_position=&#8221;center&#8221; top_padding=&#8221;5%&#8221; bottom_padding=&#8221;5%&#8221; text_color=&#8221;dark&#8221; text_align=&#8221;left&#8221; row_border_radius=&#8221;none&#8221; row_border_radius_applies=&#8221;bg&#8221; overlay_strength=&#8221;0.3&#8243; gradient_direction=&#8221;left_to_right&#8221; shape_divider_position=&#8221;bottom&#8221; bg_image_animation=&#8221;none&#8221; shape_type=&#8221;&#8221;][vc_column column_padding=&#8221;no-extra-padding&#8221; column_padding_tablet=&#8221;inherit&#8221; column_padding_phone=&#8221;inherit&#8221; column_padding_position=&#8221;all&#8221; column_element_spacing=&#8221;default&#8221; background_color_opacity=&#8221;1&#8243; background_hover_color_opacity=&#8221;1&#8243; column_shadow=&#8221;none&#8221; column_border_radius=&#8221;none&#8221; column_link_target=&#8221;_self&#8221; gradient_direction=&#8221;left_to_right&#8221; overlay_strength=&#8221;0.3&#8243; width=&#8221;1\/2&#8243; tablet_width_inherit=&#8221;default&#8221; tablet_text_alignment=&#8221;default&#8221; phone_text_alignment=&#8221;default&#8221; bg_image_animation=&#8221;none&#8221; border_type=&#8221;simple&#8221; column_border_width=&#8221;none&#8221; column_border_style=&#8221;solid&#8221;][vc_column_text]\n<h3><strong>A city with its own taste<br \/>\n<\/strong><\/h3>\n<p>Seasonal produce are the very essence of the culinary culture of the city. Potatoes, Alava-grown pinto beans, broad beans, <strong>perretxikos <\/strong>(spring mushrooms), Gorbea honey, and Id\u00edazabal cheese (from the &#8220;Latxa&#8221; sheep, an autochthonous breed) are the basis of exquisite traditional recipes.[\/vc_column_text][\/vc_column][vc_column column_padding=&#8221;no-extra-padding&#8221; column_padding_tablet=&#8221;inherit&#8221; column_padding_phone=&#8221;inherit&#8221; column_padding_position=&#8221;all&#8221; column_element_spacing=&#8221;default&#8221; background_color_opacity=&#8221;1&#8243; background_hover_color_opacity=&#8221;1&#8243; column_shadow=&#8221;none&#8221; column_border_radius=&#8221;none&#8221; column_link_target=&#8221;_self&#8221; gradient_direction=&#8221;left_to_right&#8221; overlay_strength=&#8221;0.3&#8243; width=&#8221;1\/2&#8243; tablet_width_inherit=&#8221;default&#8221; tablet_text_alignment=&#8221;default&#8221; phone_text_alignment=&#8221;default&#8221; bg_image_animation=&#8221;none&#8221; border_type=&#8221;simple&#8221; column_border_width=&#8221;none&#8221; column_border_style=&#8221;solid&#8221;][image_with_animation image_url=&#8221;6420&#8243; animation=&#8221;Fade In&#8221; hover_animation=&#8221;none&#8221; alignment=&#8221;&#8221; border_radius=&#8221;none&#8221; box_shadow=&#8221;none&#8221; image_loading=&#8221;default&#8221; max_width=&#8221;100%&#8221; max_width_mobile=&#8221;default&#8221;][\/vc_column][\/vc_row][vc_row type=&#8221;in_container&#8221; full_screen_row_position=&#8221;middle&#8221; column_margin=&#8221;default&#8221; column_direction=&#8221;default&#8221; column_direction_tablet=&#8221;default&#8221; column_direction_phone=&#8221;default&#8221; scene_position=&#8221;center&#8221; text_color=&#8221;dark&#8221; text_align=&#8221;left&#8221; row_border_radius=&#8221;none&#8221; row_border_radius_applies=&#8221;bg&#8221; overlay_strength=&#8221;0.3&#8243; gradient_direction=&#8221;left_to_right&#8221; shape_divider_position=&#8221;bottom&#8221; bg_image_animation=&#8221;none&#8221; shape_type=&#8221;&#8221;][vc_column column_padding=&#8221;no-extra-padding&#8221; column_padding_tablet=&#8221;inherit&#8221; column_padding_phone=&#8221;inherit&#8221; column_padding_position=&#8221;all&#8221; column_element_spacing=&#8221;default&#8221; background_color_opacity=&#8221;1&#8243; background_hover_color_opacity=&#8221;1&#8243; column_shadow=&#8221;none&#8221; column_border_radius=&#8221;none&#8221; column_link_target=&#8221;_self&#8221; gradient_direction=&#8221;left_to_right&#8221; overlay_strength=&#8221;0.3&#8243; width=&#8221;1\/1&#8243; tablet_width_inherit=&#8221;default&#8221; tablet_text_alignment=&#8221;default&#8221; phone_text_alignment=&#8221;default&#8221; bg_image_animation=&#8221;none&#8221; border_type=&#8221;simple&#8221; column_border_width=&#8221;none&#8221; column_border_style=&#8221;solid&#8221;][vc_gallery type=&#8221;flickity_style&#8221; images=&#8221;6417,6416,6816,6825,6824,6823,6822,6821,6820,6420&#8243; flickity_spacing=&#8221;default&#8221; flickity_controls=&#8221;material_pagination&#8221; flickity_overflow=&#8221;hidden&#8221; flickity_wrap_around=&#8221;wrap&#8221; flickity_desktop_columns=&#8221;4&#8243; flickity_small_desktop_columns=&#8221;4&#8243; flickity_tablet_columns=&#8221;4&#8243; flickity_autoplay=&#8221;true&#8221; flickity_box_shadow=&#8221;none&#8221; image_loading=&#8221;default&#8221; onclick=&#8221;link_image&#8221; img_size=&#8221;320xauto&#8221;][\/vc_column][\/vc_row][vc_row type=&#8221;full_width_background&#8221; full_screen_row_position=&#8221;middle&#8221; column_margin=&#8221;default&#8221; column_direction=&#8221;default&#8221; column_direction_tablet=&#8221;default&#8221; column_direction_phone=&#8221;default&#8221; scene_position=&#8221;center&#8221; top_padding=&#8221;3%&#8221; bottom_padding=&#8221;3%&#8221; text_color=&#8221;dark&#8221; text_align=&#8221;left&#8221; row_border_radius=&#8221;none&#8221; row_border_radius_applies=&#8221;bg&#8221; overlay_strength=&#8221;0.3&#8243; gradient_direction=&#8221;left_to_right&#8221; shape_divider_position=&#8221;bottom&#8221; bg_image_animation=&#8221;none&#8221; shape_type=&#8221;&#8221;][vc_column column_padding=&#8221;no-extra-padding&#8221; column_padding_tablet=&#8221;inherit&#8221; column_padding_phone=&#8221;inherit&#8221; column_padding_position=&#8221;all&#8221; column_element_spacing=&#8221;default&#8221; background_color_opacity=&#8221;1&#8243; background_hover_color_opacity=&#8221;1&#8243; column_shadow=&#8221;none&#8221; column_border_radius=&#8221;none&#8221; column_link_target=&#8221;_self&#8221; gradient_direction=&#8221;left_to_right&#8221; overlay_strength=&#8221;0.3&#8243; width=&#8221;1\/1&#8243; tablet_width_inherit=&#8221;default&#8221; tablet_text_alignment=&#8221;default&#8221; phone_text_alignment=&#8221;default&#8221; bg_image_animation=&#8221;none&#8221; border_type=&#8221;simple&#8221; column_border_width=&#8221;none&#8221; column_border_style=&#8221;solid&#8221;][vc_column_text]<strong style=\"font-size: 36px;\"><img loading=\"lazy\" decoding=\"async\" class=\"size-full wp-image-7113 alignleft\" src=\"https:\/\/www.visitgastroh.com\/wp-content\/uploads\/2022\/01\/icono-selector-destinos.png\" alt=\"\" width=\"81\" height=\"54\" \/>International Gastronomic Tourist Destination<\/strong><br \/>\n<span style=\"font-size: 24px; text-transform: uppercase;\">DISCOVER THE FIVE REGIONS OF DESTINATION<\/span>[\/vc_column_text][vc_row_inner column_margin=&#8221;20px&#8221; column_direction=&#8221;default&#8221; column_direction_tablet=&#8221;default&#8221; column_direction_phone=&#8221;default&#8221; text_align=&#8221;left&#8221; el_id=&#8221;selector-destinos&#8221;][vc_column_inner column_padding=&#8221;no-extra-padding&#8221; column_padding_tablet=&#8221;inherit&#8221; column_padding_phone=&#8221;inherit&#8221; column_padding_position=&#8221;all&#8221; column_element_spacing=&#8221;default&#8221; background_color_opacity=&#8221;1&#8243; background_hover_color_opacity=&#8221;1&#8243; column_shadow=&#8221;none&#8221; column_border_radius=&#8221;none&#8221; column_link_target=&#8221;_self&#8221; el_class=&#8221;euskadi&#8221; gradient_direction=&#8221;left_to_right&#8221; overlay_strength=&#8221;0.3&#8243; width=&#8221;1\/5&#8243; tablet_width_inherit=&#8221;default&#8221; bg_image_animation=&#8221;none&#8221; border_type=&#8221;simple&#8221; column_border_width=&#8221;none&#8221; column_border_style=&#8221;solid&#8221;][image_with_animation image_url=&#8221;7108&#8243; animation=&#8221;Fade In&#8221; hover_animation=&#8221;none&#8221; alignment=&#8221;&#8221; border_radius=&#8221;none&#8221; box_shadow=&#8221;none&#8221; image_loading=&#8221;default&#8221; max_width=&#8221;100%&#8221; max_width_mobile=&#8221;default&#8221;][vc_column_text]<strong>Euskadi<\/strong><\/p>\n<ul>\n<li><a href=\"https:\/\/www.visitgastroh.com\/en\/destinations\/euskadi\/donostia-san-sebastian\/\">Donostia &#8211; San Sebastian<\/a><\/li>\n<li><a href=\"https:\/\/www.visitgastroh.com\/en\/destinations\/euskadi\/bilbao\/\">Bilbao<\/a><\/li>\n<li><a href=\"https:\/\/www.visitgastroh.com\/en\/destinations\/euskadi\/vitoria-gasteiz\/\">Vitoria &#8211; Gasteiz<\/a><\/li>\n<li><a href=\"https:\/\/www.visitgastroh.com\/en\/destinations\/euskadi\/tolosa-tolosaldea\/\">Tolosa &#8211; Tolosaldea<\/a><\/li>\n<li><a href=\"https:\/\/www.visitgastroh.com\/en\/destinations\/euskadi\/rioja-alavesa\/\">Rioja Alavesa<\/a><\/li>\n<li><a href=\"https:\/\/www.visitgastroh.com\/en\/destinations\/euskadi\/goierri\/\">Goierri<\/a><\/li>\n<li><a href=\"https:\/\/www.visitgastroh.com\/en\/destinations\/euskadi\/astigarraga\/\">Astigarraga<\/a><\/li>\n<li><a href=\"https:\/\/www.visitgastroh.com\/en\/destinations\/euskadi\/basque-coast\/\">Basque Coast<\/a><\/li>\n<\/ul>\n[\/vc_column_text][\/vc_column_inner][vc_column_inner column_padding=&#8221;no-extra-padding&#8221; column_padding_tablet=&#8221;inherit&#8221; column_padding_phone=&#8221;inherit&#8221; column_padding_position=&#8221;all&#8221; column_element_spacing=&#8221;default&#8221; background_color_opacity=&#8221;1&#8243; background_hover_color_opacity=&#8221;1&#8243; column_shadow=&#8221;none&#8221; column_border_radius=&#8221;none&#8221; column_link_target=&#8221;_self&#8221; el_class=&#8221;navarra&#8221; gradient_direction=&#8221;left_to_right&#8221; overlay_strength=&#8221;0.3&#8243; width=&#8221;1\/5&#8243; tablet_width_inherit=&#8221;default&#8221; bg_image_animation=&#8221;none&#8221; border_type=&#8221;simple&#8221; column_border_width=&#8221;none&#8221; column_border_style=&#8221;solid&#8221;][image_with_animation image_url=&#8221;7110&#8243; animation=&#8221;Fade In&#8221; hover_animation=&#8221;none&#8221; alignment=&#8221;&#8221; border_radius=&#8221;none&#8221; box_shadow=&#8221;none&#8221; image_loading=&#8221;default&#8221; max_width=&#8221;100%&#8221; max_width_mobile=&#8221;default&#8221;][vc_column_text]<strong>Navarre<\/strong><\/p>\n<ul>\n<li><a href=\"https:\/\/www.visitgastroh.com\/en\/destinations\/navarre\/pamplona\/\">Pamplona<\/a><\/li>\n<li><a href=\"https:\/\/www.visitgastroh.com\/en\/destinations\/navarre\/tudela-and-the-ribera-de-navarra\/\">Tudela and Rivera<\/a><\/li>\n<li><a href=\"https:\/\/www.visitgastroh.com\/en\/destinations\/navarre\/tierra-estella\/\">Tierra Estella<\/a><\/li>\n<li><a href=\"https:\/\/www.visitgastroh.com\/en\/destinations\/navarre\/roncal-valley\/\">Roncal Valley<\/a><\/li>\n<li><a href=\"https:\/\/www.visitgastroh.com\/en\/destinations\/navarre\/lodosa-mendavia\/\">Lodosa &#8211; Mendavia<\/a><\/li>\n<li><a href=\"https:\/\/www.visitgastroh.com\/en\/destinations\/navarre\/olite-middle-zone\/\">Olite and Navarre\u2019s Central Zone<\/a><\/li>\n<li><a href=\"https:\/\/www.visitgastroh.com\/en\/destinations\/navarre\/baztan-bidasoa\/\">Baztan &#8211; Bidasoa<\/a><\/li>\n<\/ul>\n[\/vc_column_text][\/vc_column_inner][vc_column_inner column_padding=&#8221;no-extra-padding&#8221; column_padding_tablet=&#8221;inherit&#8221; column_padding_phone=&#8221;inherit&#8221; column_padding_position=&#8221;all&#8221; column_element_spacing=&#8221;default&#8221; background_color_opacity=&#8221;1&#8243; background_hover_color_opacity=&#8221;1&#8243; column_shadow=&#8221;none&#8221; column_border_radius=&#8221;none&#8221; column_link_target=&#8221;_self&#8221; el_class=&#8221;la-rioja&#8221; gradient_direction=&#8221;left_to_right&#8221; overlay_strength=&#8221;0.3&#8243; width=&#8221;1\/5&#8243; tablet_width_inherit=&#8221;default&#8221; bg_image_animation=&#8221;none&#8221; border_type=&#8221;simple&#8221; column_border_width=&#8221;none&#8221; column_border_style=&#8221;solid&#8221;][image_with_animation image_url=&#8221;7109&#8243; animation=&#8221;Fade In&#8221; hover_animation=&#8221;none&#8221; alignment=&#8221;&#8221; border_radius=&#8221;none&#8221; box_shadow=&#8221;none&#8221; image_loading=&#8221;default&#8221; max_width=&#8221;100%&#8221; max_width_mobile=&#8221;default&#8221;][vc_column_text]<strong>La Rioja<\/strong><\/p>\n<ul>\n<li><a href=\"https:\/\/www.visitgastroh.com\/en\/destinations\/la-rioja\/logrono\/\">Logro\u00f1o<\/a><\/li>\n<li><a href=\"https:\/\/www.visitgastroh.com\/en\/destinations\/la-rioja\/haro\/\">Haro<\/a><\/li>\n<li><a href=\"https:\/\/www.visitgastroh.com\/en\/destinations\/la-rioja\/ezcaray\/\">Ezcaray<\/a><\/li>\n<li><a href=\"https:\/\/www.visitgastroh.com\/en\/destinations\/la-rioja\/calahorra\/\">Calahorra<\/a><\/li>\n<li><a href=\"https:\/\/www.visitgastroh.com\/en\/destinations\/la-rioja\/high-rioja\/\">High Rioja<\/a><\/li>\n<li><a href=\"https:\/\/www.visitgastroh.com\/en\/destinations\/la-rioja\/sierra-de-cameros\/\">Sierra de Cameros<\/a><\/li>\n<li><a href=\"https:\/\/www.visitgastroh.com\/en\/destinations\/la-rioja\/eastern-rioja\/\">East La Rioja<\/a><\/li>\n<li><a href=\"https:\/\/www.visitgastroh.com\/en\/destinations\/la-rioja\/ocon-valley\/\">Ocon Valley<\/a><\/li>\n<\/ul>\n[\/vc_column_text][\/vc_column_inner][vc_column_inner column_padding=&#8221;no-extra-padding&#8221; column_padding_tablet=&#8221;inherit&#8221; column_padding_phone=&#8221;inherit&#8221; column_padding_position=&#8221;all&#8221; column_element_spacing=&#8221;default&#8221; background_color_opacity=&#8221;1&#8243; background_hover_color_opacity=&#8221;1&#8243; column_shadow=&#8221;none&#8221; column_border_radius=&#8221;none&#8221; column_link_target=&#8221;_self&#8221; el_class=&#8221;pays-basque&#8221; gradient_direction=&#8221;left_to_right&#8221; overlay_strength=&#8221;0.3&#8243; width=&#8221;1\/5&#8243; tablet_width_inherit=&#8221;default&#8221; bg_image_animation=&#8221;none&#8221; border_type=&#8221;simple&#8221; column_border_width=&#8221;none&#8221; column_border_style=&#8221;solid&#8221;][image_with_animation image_url=&#8221;7111&#8243; animation=&#8221;Fade In&#8221; hover_animation=&#8221;none&#8221; alignment=&#8221;&#8221; border_radius=&#8221;none&#8221; box_shadow=&#8221;none&#8221; image_loading=&#8221;default&#8221; max_width=&#8221;100%&#8221; max_width_mobile=&#8221;default&#8221;][vc_column_text]<strong>Pays Basque<br \/>\n<\/strong><\/p>\n<ul>\n<li><a href=\"https:\/\/www.visitgastroh.com\/en\/destinations\/pays-basque\/bayonne\/\">Bayonne<\/a><\/li>\n<li><a href=\"https:\/\/www.visitgastroh.com\/en\/destinations\/pays-basque\/espelette\/\">Espelette<\/a><\/li>\n<li><a href=\"https:\/\/www.visitgastroh.com\/en\/destinations\/pays-basque\/saint-jean-de-luz\/\">Saint-Jean-de-Luz<\/a><\/li>\n<li><a href=\"https:\/\/www.visitgastroh.com\/en\/destinations\/pays-basque\/vignoble-dirouleguy\/\">Vignoble d&#8217;Iroul\u00e9guy<\/a><\/li>\n<li><a href=\"https:\/\/www.visitgastroh.com\/en\/destinations\/pays-basque\/baigorry-valley-and-aldudes\/\">Ba\u00efgorry and Aldudes Valley<\/a><\/li>\n<\/ul>\n[\/vc_column_text][\/vc_column_inner][vc_column_inner column_padding=&#8221;no-extra-padding&#8221; column_padding_tablet=&#8221;inherit&#8221; column_padding_phone=&#8221;inherit&#8221; column_padding_position=&#8221;all&#8221; column_element_spacing=&#8221;default&#8221; background_color_opacity=&#8221;1&#8243; background_hover_color_opacity=&#8221;1&#8243; column_shadow=&#8221;none&#8221; column_border_radius=&#8221;none&#8221; column_link_target=&#8221;_self&#8221; el_class=&#8221;bearn&#8221; gradient_direction=&#8221;left_to_right&#8221; overlay_strength=&#8221;0.3&#8243; width=&#8221;1\/5&#8243; tablet_width_inherit=&#8221;default&#8221; bg_image_animation=&#8221;none&#8221; border_type=&#8221;simple&#8221; column_border_width=&#8221;none&#8221; column_border_style=&#8221;solid&#8221;][image_with_animation image_url=&#8221;7107&#8243; animation=&#8221;Fade In&#8221; hover_animation=&#8221;none&#8221; alignment=&#8221;&#8221; border_radius=&#8221;none&#8221; box_shadow=&#8221;none&#8221; image_loading=&#8221;default&#8221; max_width=&#8221;100%&#8221; max_width_mobile=&#8221;default&#8221;][vc_column_text]<strong>B\u00e9arn<\/strong><\/p>\n<ul>\n<li><a href=\"https:\/\/www.visitgastroh.com\/en\/destinations\/bearn\/pau\/\">Pau<br \/>\n<\/a><\/li>\n<li><a href=\"https:\/\/www.visitgastroh.com\/en\/destinations\/bearn\/ossau-valley\/\">Ossau Valley<br \/>\n<\/a><\/li>\n<li><a href=\"https:\/\/www.visitgastroh.com\/en\/destinations\/bearn\/jurancon\/\">Juran\u00e7on<br \/>\n<\/a><\/li>\n<li><a href=\"https:\/\/www.visitgastroh.com\/en\/destinations\/bearn\/madiran\/\">Madiran<br \/>\n<\/a><\/li>\n<li><a href=\"https:\/\/www.visitgastroh.com\/en\/destinations\/bearn\/salies-de-bearn\/\">Salies-de-B\u00e9arn<\/a><\/li>\n<\/ul>\n[\/vc_column_text][\/vc_column_inner][\/vc_row_inner][\/vc_column][\/vc_row][vc_row type=&#8221;in_container&#8221; full_screen_row_position=&#8221;middle&#8221; column_margin=&#8221;default&#8221; column_direction=&#8221;default&#8221; column_direction_tablet=&#8221;default&#8221; column_direction_phone=&#8221;default&#8221; scene_position=&#8221;center&#8221; text_color=&#8221;dark&#8221; text_align=&#8221;left&#8221; row_border_radius=&#8221;none&#8221; row_border_radius_applies=&#8221;bg&#8221; overlay_strength=&#8221;0.3&#8243; gradient_direction=&#8221;left_to_right&#8221; shape_divider_position=&#8221;bottom&#8221; bg_image_animation=&#8221;none&#8221;][vc_column column_padding=&#8221;no-extra-padding&#8221; column_padding_tablet=&#8221;inherit&#8221; column_padding_phone=&#8221;inherit&#8221; column_padding_position=&#8221;all&#8221; column_element_spacing=&#8221;default&#8221; background_color_opacity=&#8221;1&#8243; background_hover_color_opacity=&#8221;1&#8243; column_shadow=&#8221;none&#8221; column_border_radius=&#8221;none&#8221; column_link_target=&#8221;_self&#8221; gradient_direction=&#8221;left_to_right&#8221; overlay_strength=&#8221;0.3&#8243; width=&#8221;1\/1&#8243; tablet_width_inherit=&#8221;default&#8221; tablet_text_alignment=&#8221;default&#8221; phone_text_alignment=&#8221;default&#8221; bg_image_animation=&#8221;none&#8221; border_type=&#8221;simple&#8221; column_border_width=&#8221;none&#8221; column_border_style=&#8221;solid&#8221;][vc_column_text]\n<h1 class=\"western\"><span style=\"color: #222a35;\"><span style=\"font-family: Cambria, serif;\"><span style=\"font-size: x-large;\"><b>What to see in Vitoria<\/b><\/span><\/span><\/span><\/h1>\n<p align=\"justify\"><span style=\"font-size: medium;\">Overshadowed by the beauty of San Sebasti\u00e1n, and the proximity of Bilbao, <\/span><span style=\"font-size: medium;\"><b>Vitoria<\/b><\/span><span style=\"font-size: medium;\"> is like that little brother that nobody pays attention to but is, at the end, the smarter one. <\/span><\/p>\n<p align=\"justify\"><span style=\"font-size: medium;\">A small city; a lot of green and full of historical and cultural monuments that the <\/span><span style=\"font-size: medium;\"><b>Basque capital<\/b><\/span><span style=\"font-size: medium;\"> has been living off in terms of recognition and being a voice, not only in Spain, but the whole of Europe.<\/span><\/p>\n<p align=\"justify\"><span style=\"font-size: medium;\">Small, coquettish, very green and more monumental than expected,<\/span><span style=\"font-size: medium;\"><b> the Basque capital <\/b><\/span><span style=\"font-size: medium;\">has been boasting of years of being one of the cities with the best quality of life in Spain. <\/span><\/p>\n<p align=\"justify\"><span style=\"font-size: medium;\">Less than an hour from Bilbao, the Basque city, seat of<\/span><span style=\"font-size: medium;\"><b> the autonomous institutions<\/b><\/span><span style=\"font-size: medium;\">, is a real architectural and monumental jewel. With a well-kept historic center surrounded by large parks and gardens, Vitoria boasts an imposing cathedral, a lively main square and a full range of museums. <\/span><\/p>\n<h3 class=\"western\" align=\"justify\"><span style=\"color: #222a35;\"><span style=\"font-family: Cambria, serif;\"><span style=\"font-size: large;\">Plaza de la Virgen Blanca<\/span><\/span><\/span><\/h3>\n<p align=\"justify\"><span style=\"font-size: medium;\">The Plaza de la Virgen Blanca is one of the most important squares in all the city. For some, it is <\/span><span style=\"font-size: medium;\"><b>the most beautiful square<\/b><\/span><span style=\"font-size: medium;\"> in Vitoria. It&#8217;s a seventeenth century square that is the nerve center of the basque capital, finding here the most colorful buildings that Vitoria has to offer, together with other corners that attract much attention.<\/span><\/p>\n<p align=\"justify\"><span style=\"font-size: medium;\">What would a Spanish city be without its letrons? There is no doubt that this new fashion <\/span><span style=\"font-size: medium;\"><b>comes stomping through all the cities<\/b><\/span><span style=\"font-size: medium;\"> and towns of Spain. It&#8217;s a tourist attraction that has become a significant part of the overall experience. So, without a doubt, you must visit it when you are there.<\/span><\/p>\n<p align=\"justify\"><span style=\"font-size: medium;\">Just behind the <\/span><span style=\"font-size: medium;\"><b>Vitoria&#8217;s green letronas <\/b><\/span><span style=\"font-size: medium;\">you can find the Monument to the Battle of Vitoria, fought during the <\/span><span style=\"font-size: medium;\"><b>Peninsular War<\/b><\/span><span style=\"font-size: medium;\"> between Portugal, Spain, and the UK against the First French Empire. But if there is something that characterizes this square, it is that the txupinazo takes place here. <\/span><\/p>\n<p align=\"justify\"><span style=\"font-size: medium;\">On August 4, this square is the starting signal for the festivities of the Virgen Blanca, one of the best festivals in the Basque Country and part of the <\/span><span style=\"font-size: medium;\"><b>universal folklore<\/b><\/span><span style=\"font-size: medium;\"> that rages through all Euskadi.<\/span><\/p>\n<h3 class=\"western\" align=\"justify\"><span style=\"color: #222a35;\"><span style=\"font-family: Cambria, serif;\"><span style=\"font-size: large;\">The Green Ring of Vitoria<\/span><\/span><\/span><\/h3>\n<p align=\"justify\"><span style=\"font-size: medium;\">In recent years, Bilbao and San Sebasti\u00e1n <\/span><span style=\"font-size: medium;\"><b>have taken all the credit<\/b><\/span><span style=\"font-size: medium;\"> and praise for the urban transformation that the former has undergone, and for the indisputable beauty of the latter. <\/span><\/p>\n<p align=\"justify\"><span style=\"font-size: medium;\">However, quietly and unobtrusively, but doing things well, Vitoria has been also working towards a <\/span><span style=\"font-size: medium;\"><b>recognized reputation<\/b><\/span><span style=\"font-size: medium;\"> as a green, lush, and clean city, having, for a lot of people, <\/span><span style=\"font-size: medium;\"><b>the best quality of life in Europe<\/b><\/span><span style=\"font-size: medium;\">. <\/span><\/p>\n<p align=\"justify\"><span style=\"font-size: medium;\">Part of the blame lies in <\/span><span style=\"font-size: medium;\"><b>its commitment to green areas<\/b><\/span><span style=\"font-size: medium;\"> and local parks, replacing what was boring and gray with places full of life. <\/span><\/p>\n<p align=\"justify\"><span style=\"font-size: medium;\">The most obvious proof of this renovation is <\/span><span style=\"font-size: medium;\"><b>the Green Ring of Vitoria<\/b><\/span><span style=\"font-size: medium;\">, a set of parks that surround the city limits to its fullest. The aim was to transform what were once degraded areas into sustainable spaces. There are more than 6 different spaces, although the best known of them all is Salburua Park, which houses a famous wetland.<\/span><\/p>\n<h3 class=\"western\" align=\"justify\"><span style=\"color: #222a35;\"><span style=\"font-family: Cambria, serif;\"><span style=\"font-size: large;\">The Cathedral of Santa Maria<\/span><\/span><\/span><\/h3>\n<p align=\"justify\"><span style=\"font-size: medium;\"><b>The Cathedral of Santa Maria<\/b><\/span><span style=\"font-size: medium;\">, also known as the Old Cathedral, is a Gothic church from the 14th century and was declared a <\/span><span style=\"font-size: medium;\"><b>World Heritage Site<\/b><\/span><span style=\"font-size: medium;\"> within the context of the Camino de Santiago. They say that Ken Follet was inspired by this cathedral to write the second part of Pilates of the Earth, although nothing is confirmed by the author.<\/span><\/p>\n<p align=\"justify\"><span style=\"font-size: medium;\">One of the things that characterizes this church is that it is <\/span><span style=\"font-size: medium;\"><b>eternally under construction<\/b><\/span><span style=\"font-size: medium;\">. It had certain architectural problems, even in the first days of its life, and even the same architects who once studied the Tower of Pisa came to analyze it. <\/span><\/p>\n<p align=\"justify\"><span style=\"font-size: medium;\">Although it is<\/span><span style=\"font-size: medium;\"><b> still under construction<\/b><\/span><span style=\"font-size: medium;\">, it can still be fully visited without issue, although you will have to take some security measures. <\/span><\/p>\n<h3 class=\"western\" align=\"justify\"><span style=\"color: #222a35;\"><span style=\"font-family: Cambria, serif;\"><span style=\"font-size: large;\">Artium museum<\/span><\/span><\/span><\/h3>\n<p align=\"justify\"><span style=\"font-size: medium;\">As the capital of Euskadi, the city of Vitoria not only houses the main governmental institutions of the region, but also <\/span><span style=\"font-size: medium;\"><b>the most complete and interesting museum collection<\/b><\/span><span style=\"font-size: medium;\"> in all the Basque Country. <\/span><\/p>\n<p align=\"justify\"><span style=\"font-size: medium;\">Among these, one of the most important is <\/span><span style=\"font-size: medium;\"><b>the Artium museum<\/b><\/span><span style=\"font-size: medium;\">, a fantastic museum inaugurated in 2002 that houses one of the most extensive collections of contemporary art in northern Spain. Among its more than 1,500 works, it\u2019s the Basque authors and artists from the mid-1950s onwards that have the main protagonism between those walls.<\/span><\/p>\n<p align=\"justify\"><span style=\"font-size: medium;\">That asaide, the museum gathers also works of art by artists of the stature of<\/span><span style=\"font-size: medium;\"><b> Salvador Dal\u00ed, Pablo Picasso and Joan Miro<\/b><\/span><span style=\"font-size: medium;\">. Undoubtedly, if you like modern and contemporary art, you can not miss it.<\/span><\/p>\n<p align=\"justify\"><span style=\"font-size: medium;\">The <\/span><span style=\"font-size: medium;\"><b>Artium Museum<\/b><\/span><span style=\"font-size: medium;\"> is open from Tuesday to Friday from 11:00 to 14:00 and from 17:00 to 20:00 and on Saturdays and Sundays from 11:00 to 20:00. <\/span><\/p>\n<p align=\"justify\"><span style=\"font-size: medium;\">The entrance fee is 5 euros.<\/span><\/p>\n<h3 class=\"western\" align=\"justify\"><span style=\"color: #222a35;\"><span style=\"font-family: Cambria, serif;\"><span style=\"font-size: large;\">Other vitorian museums<\/span><\/span><\/span><\/h3>\n<p align=\"justify\"><span style=\"font-size: medium;\">In Vitoria, besides the <\/span><span style=\"font-size: medium;\"><b>Artium museum<\/b><\/span><span style=\"font-size: medium;\">, you also have plenty of other ones to choose from. These are the best museums to see in Vitoria:<\/span><\/p>\n<ul>\n<li>\n<p align=\"justify\"><span style=\"font-size: medium;\"><b>BIBAT Museum:<\/b><\/span><span style=\"font-size: medium;\"> this is the museum of Archaeology and Fournier de Naipes. Here are the most important<\/span><span style=\"font-size: medium;\"><b> ancient archaeological pieces of the city<\/b><\/span><span style=\"font-size: medium;\">. On the other hand, there are 250 decks of playing cards on display. A mix that leaves no one indifferent.<\/span><\/p>\n<\/li>\n<li>\n<p align=\"justify\"><span style=\"font-size: medium;\"><b>Museum of Fine Arts: <\/b><\/span><span style=\"font-size: medium;\">it is located in an old palace of the Paseo de Fray Francisco. Just seeing the building from the outside is worthwhile. Admission is free, and it has exhibits of pieces on loan from the Prado Museum.<\/span><\/p>\n<\/li>\n<li>\n<p align=\"justify\"><span style=\"font-size: medium;\"><b>Museo de Armer\u00eda: <\/b><\/span><span style=\"font-size: medium;\">this consist of an exhibition on armor and weapons from medieval times, the Battle of Vitoria and Arab weapons, among others. Admission is free.<\/span><\/p>\n<\/li>\n<\/ul>\n[\/vc_column_text][\/vc_column][\/vc_row]\n","protected":false},"excerpt":{"rendered":"<p>You will feel it as soon as you arrive, Vitoria-Gasteiz is friendly and comfortable and designed for living, everything is close by, including the so-called Green Belt, the perimeter of the city made up of six large parks that you can explore on foot or by bicycle.<\/p>\n","protected":false},"author":1,"featured_media":0,"parent":27429,"menu_order":0,"comment_status":"closed","ping_status":"closed","template":"","meta":{"footnotes":""},"class_list":["post-27467","page","type-page","status-publish"],"_links":{"self":[{"href":"https:\/\/www.visitgastroh.com\/en\/wp-json\/wp\/v2\/pages\/27467","targetHints":{"allow":["GET"]}}],"collection":[{"href":"https:\/\/www.visitgastroh.com\/en\/wp-json\/wp\/v2\/pages"}],"about":[{"href":"https:\/\/www.visitgastroh.com\/en\/wp-json\/wp\/v2\/types\/page"}],"author":[{"embeddable":true,"href":"https:\/\/www.visitgastroh.com\/en\/wp-json\/wp\/v2\/users\/1"}],"replies":[{"embeddable":true,"href":"https:\/\/www.visitgastroh.com\/en\/wp-json\/wp\/v2\/comments?post=27467"}],"version-history":[{"count":0,"href":"https:\/\/www.visitgastroh.com\/en\/wp-json\/wp\/v2\/pages\/27467\/revisions"}],"up":[{"embeddable":true,"href":"https:\/\/www.visitgastroh.com\/en\/wp-json\/wp\/v2\/pages\/27429"}],"wp:attachment":[{"href":"https:\/\/www.visitgastroh.com\/en\/wp-json\/wp\/v2\/media?parent=27467"}],"curies":[{"name":"wp","href":"https:\/\/api.w.org\/{rel}","templated":true}]}}